{"id":80529,"date":"2025-09-05T09:37:54","date_gmt":"2025-09-05T08:37:54","guid":{"rendered":"https:\/\/museum-mb.si\/?post_type=razstave&#038;p=80529"},"modified":"2025-09-05T11:58:49","modified_gmt":"2025-09-05T10:58:49","slug":"es-a-tortenette-templom","status":"publish","type":"razstave","link":"https:\/\/museum-mb.si\/hu\/kiallitasok\/es-a-tortenette-templom\/","title":{"rendered":"A KEMSEI TEMPLOM T\u00d6RT\u00c9NETE"},"content":{"rendered":"<div data-elementor-type=\"wp-post\" data-elementor-id=\"80529\" class=\"elementor elementor-80529\" data-elementor-post-type=\"razstave\">\n\t\t\t\t\t\t<section class=\"elementor-section elementor-top-section elementor-element elementor-element-2e5c37d elementor-section-height-min-height elementor-section-stretched elementor-section-boxed elementor-section-height-default elementor-section-items-middle\" data-id=\"2e5c37d\" data-element_type=\"section\" data-settings=\"{&quot;stretch_section&quot;:&quot;section-stretched&quot;,&quot;jet_parallax_layout_list&quot;:[],&quot;background_background&quot;:&quot;classic&quot;}\">\n\t\t\t\t\t\t\t<div class=\"elementor-background-overlay\"><\/div>\n\t\t\t\t\t\t\t<div class=\"elementor-container elementor-column-gap-default\">\n\t\t\t\t\t<div class=\"elementor-column elementor-col-100 elementor-top-column elementor-element elementor-element-66c61bf\" data-id=\"66c61bf\" data-element_type=\"column\">\n\t\t\t<div class=\"elementor-widget-wrap elementor-element-populated\">\n\t\t\t\t\t\t<div class=\"elementor-element elementor-element-5f97942 elementor-widget elementor-widget-text-editor\" data-id=\"5f97942\" data-element_type=\"widget\" data-widget_type=\"text-editor.default\">\n\t\t\t\t<div class=\"elementor-widget-container\">\n\t\t\t\t\t\t\t\t\t<p>FELFEDEZ\u00c9S<\/p>\t\t\t\t\t\t\t\t<\/div>\n\t\t\t\t<\/div>\n\t\t\t\t<div class=\"elementor-element elementor-element-9bbae94 elementor-widget__width-initial elementor-widget elementor-widget-heading\" data-id=\"9bbae94\" data-element_type=\"widget\" data-widget_type=\"heading.default\">\n\t\t\t\t<div class=\"elementor-widget-container\">\n\t\t\t\t\t<h2 class=\"elementor-heading-title elementor-size-default\">REFORM\u00c1CI\u00d3 A D\u00c9L-DUN\u00c1NT\u00daLON <\/h2>\t\t\t\t<\/div>\n\t\t\t\t<\/div>\n\t\t\t\t<div class=\"elementor-element elementor-element-b0ad32e elementor-widget__width-initial elementor-widget elementor-widget-text-editor\" data-id=\"b0ad32e\" data-element_type=\"widget\" data-widget_type=\"text-editor.default\">\n\t\t\t\t<div class=\"elementor-widget-container\">\n\t\t\t\t\t\t\t\t\t<p>\u00a0<\/p><p><strong>HISZEK, TEH\u00c1T VAGYOK! <\/strong><\/p><p>Ez a ki\u00e1ll\u00edt\u00e1s olyan emberek \u00e9s gy\u00fclekezetek t\u00f6rt\u00e9neteit mutatja be, akik hittek k\u00f6z\u00f6ss\u00e9g\u00fck \u00e9rt\u00e9keiben, \u00e9s er\u0151s volt az Istenbe vetett hit\u00fck.<\/p>\t\t\t\t\t\t\t\t<\/div>\n\t\t\t\t<\/div>\n\t\t\t\t\t<\/div>\n\t\t<\/div>\n\t\t\t\t\t<\/div>\n\t\t<\/section>\n\t\t\t\t<section class=\"elementor-section elementor-top-section elementor-element elementor-element-528244f elementor-section-boxed elementor-section-height-default elementor-section-height-default\" data-id=\"528244f\" data-element_type=\"section\" data-settings=\"{&quot;jet_parallax_layout_list&quot;:[]}\">\n\t\t\t\t\t\t<div class=\"elementor-container elementor-column-gap-default\">\n\t\t\t\t\t<div class=\"elementor-column elementor-col-100 elementor-top-column elementor-element elementor-element-81f8f9f\" data-id=\"81f8f9f\" data-element_type=\"column\">\n\t\t\t<div class=\"elementor-widget-wrap\">\n\t\t\t\t\t\t\t<\/div>\n\t\t<\/div>\n\t\t\t\t\t<\/div>\n\t\t<\/section>\n\t\t<div class=\"elementor-element elementor-element-47da77c e-flex e-con-boxed e-con e-parent\" data-id=\"47da77c\" data-element_type=\"container\" data-settings=\"{&quot;jet_parallax_layout_list&quot;:[]}\">\n\t\t\t\t\t<div class=\"e-con-inner\">\n\t\t\t\t<div class=\"elementor-element elementor-element-db13beb elementor-widget__width-initial elementor-widget elementor-widget-spacer\" data-id=\"db13beb\" data-element_type=\"widget\" data-widget_type=\"spacer.default\">\n\t\t\t\t<div class=\"elementor-widget-container\">\n\t\t\t\t\t\t\t<div class=\"elementor-spacer\">\n\t\t\t<div class=\"elementor-spacer-inner\"><\/div>\n\t\t<\/div>\n\t\t\t\t\t\t<\/div>\n\t\t\t\t<\/div>\n\t\t\t\t\t<\/div>\n\t\t\t\t<\/div>\n\t\t\t\t<section class=\"elementor-section elementor-top-section elementor-element elementor-element-30e94bb elementor-section-boxed elementor-section-height-default elementor-section-height-default\" data-id=\"30e94bb\" data-element_type=\"section\" data-settings=\"{&quot;jet_parallax_layout_list&quot;:[]}\">\n\t\t\t\t\t\t<div class=\"elementor-container elementor-column-gap-default\">\n\t\t\t\t\t<div class=\"elementor-column elementor-col-100 elementor-top-column elementor-element elementor-element-c6da0f8\" data-id=\"c6da0f8\" data-element_type=\"column\">\n\t\t\t<div class=\"elementor-widget-wrap elementor-element-populated\">\n\t\t\t\t<div class=\"elementor-element elementor-element-4cf50b7 e-flex e-con-boxed e-con e-parent\" data-id=\"4cf50b7\" data-element_type=\"container\" data-settings=\"{&quot;jet_parallax_layout_list&quot;:[]}\">\n\t\t\t\t\t<div class=\"e-con-inner\">\n\t\t\t\t<div class=\"elementor-element elementor-element-90639e3 elementor-widget elementor-widget-heading\" data-id=\"90639e3\" data-element_type=\"widget\" data-widget_type=\"heading.default\">\n\t\t\t\t<div class=\"elementor-widget-container\">\n\t\t\t\t\t<h2 class=\"elementor-heading-title elementor-size-default\">A KEMSEI TEMPLOM T\u00d6RT\u00c9NETE<\/h2>\t\t\t\t<\/div>\n\t\t\t\t<\/div>\n\t\t\t\t\t<\/div>\n\t\t\t\t<\/div>\n\t\t\t\t\t<\/div>\n\t\t<\/div>\n\t\t\t\t\t<\/div>\n\t\t<\/section>\n\t\t<div class=\"elementor-element elementor-element-5b57b24 e-flex e-con-boxed e-con e-parent\" data-id=\"5b57b24\" data-element_type=\"container\" data-settings=\"{&quot;jet_parallax_layout_list&quot;:[]}\">\n\t\t\t\t\t<div class=\"e-con-inner\">\n\t\t\t\t<div class=\"elementor-element elementor-element-33a4b28 elementor-widget elementor-widget-jet-carousel\" data-id=\"33a4b28\" data-element_type=\"widget\" data-settings=\"{&quot;slides_to_show&quot;:&quot;1&quot;,&quot;slides_to_scroll&quot;:&quot;1&quot;}\" data-widget_type=\"jet-carousel.default\">\n\t\t\t\t<div class=\"elementor-widget-container\">\n\t\t\t\t\t<div class=\"elementor-jet-carousel jet-elements\"><div class=\"jet-carousel-wrap jet-equal-cols\">\n\t<div class=\"jet-carousel\" data-slider_options=\"{&quot;autoplaySpeed&quot;:5000,&quot;autoplay&quot;:true,&quot;infinite&quot;:true,&quot;centerMode&quot;:false,&quot;centerPadding&quot;:&quot;50px&quot;,&quot;pauseOnHover&quot;:false,&quot;speed&quot;:500,&quot;arrows&quot;:true,&quot;dots&quot;:false,&quot;variableWidth&quot;:false,&quot;prevArrow&quot;:&quot;.jet-carousel__prev-arrow-33a4b28&quot;,&quot;nextArrow&quot;:&quot;.jet-carousel__next-arrow-33a4b28&quot;,&quot;rtl&quot;:false,&quot;fractionNav&quot;:false,&quot;fade&quot;:false}\" dir=\"ltr\">\n\t<div class=\"elementor-slick-slider\">\n\n<div class=\"jet-carousel__item\">\n\t<div class=\"jet-carousel__item-inner\"><div class=\"jet-carousel__content\">\t\t<div data-elementor-type=\"section\" data-elementor-id=\"80523\" class=\"elementor elementor-80523\" data-elementor-post-type=\"elementor_library\">\n\t\t\t\t\t<section class=\"elementor-section elementor-top-section elementor-element elementor-element-56f165d0 elementor-section-boxed elementor-section-height-default elementor-section-height-default\" data-id=\"56f165d0\" data-element_type=\"section\" data-settings=\"{&quot;jet_parallax_layout_list&quot;:[]}\">\n\t\t\t\t\t\t<div class=\"elementor-container elementor-column-gap-default\">\n\t\t\t\t\t<div class=\"elementor-column elementor-col-50 elementor-top-column elementor-element elementor-element-30a8d6ac\" data-id=\"30a8d6ac\" data-element_type=\"column\">\n\t\t\t<div class=\"elementor-widget-wrap elementor-element-populated\">\n\t\t\t\t\t\t<div class=\"elementor-element elementor-element-350ed6da elementor-widget elementor-widget-image\" data-id=\"350ed6da\" data-element_type=\"widget\" data-widget_type=\"image.default\">\n\t\t\t\t<div class=\"elementor-widget-container\">\n\t\t\t\t\t\t\t\t\t\t\t\t\t\t\t<img fetchpriority=\"high\" decoding=\"async\" width=\"773\" height=\"1024\" src=\"https:\/\/museum-mb.si\/wp-content\/uploads\/2025\/09\/12-min-773x1024.jpg\" class=\"attachment-large size-large wp-image-80397\" alt=\"\" srcset=\"https:\/\/museum-mb.si\/wp-content\/uploads\/2025\/09\/12-min-773x1024.jpg.webp 773w, https:\/\/museum-mb.si\/wp-content\/uploads\/2025\/09\/12-min-226x300.jpg.webp 226w, https:\/\/museum-mb.si\/wp-content\/uploads\/2025\/09\/12-min-768x1017.jpg.webp 768w, https:\/\/museum-mb.si\/wp-content\/uploads\/2025\/09\/12-min-1159x1536.jpg 1159w, https:\/\/museum-mb.si\/wp-content\/uploads\/2025\/09\/12-min-1546x2048.jpg 1546w, https:\/\/museum-mb.si\/wp-content\/uploads\/2025\/09\/12-min-9x12.jpg 9w, https:\/\/museum-mb.si\/wp-content\/uploads\/2025\/09\/12-min-scaled.jpg.webp 1932w\" sizes=\"(max-width: 773px) 100vw, 773px\" \/>\t\t\t\t\t\t\t\t\t\t\t\t\t\t\t<\/div>\n\t\t\t\t<\/div>\n\t\t\t\t\t<\/div>\n\t\t<\/div>\n\t\t\t\t<div class=\"elementor-column elementor-col-50 elementor-top-column elementor-element elementor-element-3fb2dc2\" data-id=\"3fb2dc2\" data-element_type=\"column\">\n\t\t\t<div class=\"elementor-widget-wrap elementor-element-populated\">\n\t\t\t\t\t\t<div class=\"elementor-element elementor-element-627f6dac elementor-widget__width-initial elementor-widget-tablet__width-inherit elementor-widget elementor-widget-text-editor\" data-id=\"627f6dac\" data-element_type=\"widget\" data-widget_type=\"text-editor.default\">\n\t\t\t\t<div class=\"elementor-widget-container\">\n\t\t\t\t\t\t\t\t\t<p>A t\u00f6r\u00f6k h\u00f3dolts\u00e1g sok kis templomot \u201efelem\u00e9sztett\u201d, ak\u00e1r 20-30 kilom\u00e9terre is elhordt\u00e1k \u00e9s felhaszn\u00e1lt\u00e1k a k\u0151templomok \u00e9p\u00edt\u0151anyag\u00e1t. \u00c9p\u00edtett h\u00e1t az orm\u00e1ns\u00e1gi n\u00e9p \u00fajakat a maga m\u00f3dja szerint hatalmas fa talpgerend\u00e1kra, oldal\u00e1t s\u00f6v\u00e9nnyel befonva, s\u00e1rral betapasztva, feh\u00e9rre meszelve, bel\u00fcl mennyezet\u00e9t \u00e9s b\u00fatorait sz\u00e9pen kiping\u00e1lva.<\/p><p>Az 1830-as \u00e9vekben a Kemsei templom maradt meg utols\u00f3nak e hagyom\u00e1nyos technik\u00e1val k\u00e9sz\u00fclt templomok k\u00f6z\u00fcl. 1913-ban azonban a gy\u00fclekezet hite jel\u00e9\u00fcl lebontotta talpas templom\u00e1t, hogy t\u00e9gla\u00e9p\u00fcletet emeljen hely\u00e9be. A fot\u00f3n m\u00e1r az \u00e9p\u00edtkez\u00e9shez sz\u00fcks\u00e9ges k\u0151 alapanyag is l\u00e1that\u00f3...<\/p>\t\t\t\t\t\t\t\t<\/div>\n\t\t\t\t<\/div>\n\t\t\t\t<div class=\"elementor-element elementor-element-11898208 elementor-widget__width-initial elementor-widget-tablet__width-inherit elementor-widget elementor-widget-text-editor\" data-id=\"11898208\" data-element_type=\"widget\" data-widget_type=\"text-editor.default\">\n\t\t\t\t<div class=\"elementor-widget-container\">\n\t\t\t\t\t\t\t\t\t<p><a name=\"_Toc199871738\"><\/a>Kemse r\u00e9gi fav\u00e1zas temploma, 1913 (JPM NO 374).<\/p>\t\t\t\t\t\t\t\t<\/div>\n\t\t\t\t<\/div>\n\t\t\t\t\t<\/div>\n\t\t<\/div>\n\t\t\t\t\t<\/div>\n\t\t<\/section>\n\t\t\t\t<\/div>\n\t\t<\/div><\/div>\n<\/div>\n\n<div class=\"jet-carousel__item\">\n\t<div class=\"jet-carousel__item-inner\"><div class=\"jet-carousel__content\">\t\t<div data-elementor-type=\"section\" data-elementor-id=\"80526\" class=\"elementor elementor-80526\" data-elementor-post-type=\"elementor_library\">\n\t\t\t\t\t<section class=\"elementor-section elementor-top-section elementor-element elementor-element-362d6059 elementor-section-boxed elementor-section-height-default elementor-section-height-default\" data-id=\"362d6059\" data-element_type=\"section\" data-settings=\"{&quot;jet_parallax_layout_list&quot;:[]}\">\n\t\t\t\t\t\t<div class=\"elementor-container elementor-column-gap-default\">\n\t\t\t\t\t<div class=\"elementor-column elementor-col-50 elementor-top-column elementor-element elementor-element-7420eea9\" data-id=\"7420eea9\" data-element_type=\"column\">\n\t\t\t<div class=\"elementor-widget-wrap elementor-element-populated\">\n\t\t\t\t\t\t<div class=\"elementor-element elementor-element-218b168e elementor-widget elementor-widget-image\" data-id=\"218b168e\" data-element_type=\"widget\" data-widget_type=\"image.default\">\n\t\t\t\t<div class=\"elementor-widget-container\">\n\t\t\t\t\t\t\t\t\t\t\t\t\t\t\t<img decoding=\"async\" width=\"800\" height=\"533\" src=\"https:\/\/museum-mb.si\/wp-content\/uploads\/2025\/09\/13-min-1024x682.jpg\" class=\"attachment-large size-large wp-image-80395\" alt=\"\" srcset=\"https:\/\/museum-mb.si\/wp-content\/uploads\/2025\/09\/13-min-1024x682.jpg.webp 1024w, https:\/\/museum-mb.si\/wp-content\/uploads\/2025\/09\/13-min-300x200.jpg.webp 300w, https:\/\/museum-mb.si\/wp-content\/uploads\/2025\/09\/13-min-768x512.jpg.webp 768w, https:\/\/museum-mb.si\/wp-content\/uploads\/2025\/09\/13-min-1536x1023.jpg.webp 1536w, https:\/\/museum-mb.si\/wp-content\/uploads\/2025\/09\/13-min-2048x1364.jpg.webp 2048w, https:\/\/museum-mb.si\/wp-content\/uploads\/2025\/09\/13-min-18x12.jpg.webp 18w\" sizes=\"(max-width: 800px) 100vw, 800px\" \/>\t\t\t\t\t\t\t\t\t\t\t\t\t\t\t<\/div>\n\t\t\t\t<\/div>\n\t\t\t\t\t<\/div>\n\t\t<\/div>\n\t\t\t\t<div class=\"elementor-column elementor-col-50 elementor-top-column elementor-element elementor-element-1dcbaf6d\" data-id=\"1dcbaf6d\" data-element_type=\"column\">\n\t\t\t<div class=\"elementor-widget-wrap elementor-element-populated\">\n\t\t\t\t\t\t<div class=\"elementor-element elementor-element-6a1a911b elementor-widget__width-initial elementor-widget-tablet__width-inherit elementor-widget elementor-widget-text-editor\" data-id=\"6a1a911b\" data-element_type=\"widget\" data-widget_type=\"text-editor.default\">\n\t\t\t\t<div class=\"elementor-widget-container\">\n\t\t\t\t\t\t\t\t\t<p>A maig \u00e1ll\u00f3 k\u0151templom e kis reform\u00e1tus gy\u00fclekezet Istenbe \u00e9s j\u00f6v\u0151be vetett hit\u00e9nek erej\u00e9t szimboliz\u00e1lja.<\/p>\t\t\t\t\t\t\t\t<\/div>\n\t\t\t\t<\/div>\n\t\t\t\t<div class=\"elementor-element elementor-element-64e35c96 elementor-widget__width-initial elementor-widget-tablet__width-inherit elementor-widget elementor-widget-text-editor\" data-id=\"64e35c96\" data-element_type=\"widget\" data-widget_type=\"text-editor.default\">\n\t\t\t\t<div class=\"elementor-widget-container\">\n\t\t\t\t\t\t\t\t\t<p>Kemse telep\u00fcl\u00e9s l\u00e9gi fot\u00f3ja, k\u00f6z\u00e9pen a k\u0151templommal (fot\u00f3: Br\u00e9m Zsolt, 2020).<\/p>\t\t\t\t\t\t\t\t<\/div>\n\t\t\t\t<\/div>\n\t\t\t\t\t<\/div>\n\t\t<\/div>\n\t\t\t\t\t<\/div>\n\t\t<\/section>\n\t\t\t\t<\/div>\n\t\t<\/div><\/div>\n<\/div>\n<\/div><div class=\"jet-carousel__prev-arrow-33a4b28 jet-arrow prev-arrow\"><i aria-hidden=\"true\" class=\"fas fa-angle-left\"><\/i><\/div><div class=\"jet-carousel__next-arrow-33a4b28 jet-arrow next-arrow\"><i aria-hidden=\"true\" class=\"fas fa-angle-right\"><\/i><\/div><\/div>\n<\/div>\n<\/div>\t\t\t\t<\/div>\n\t\t\t\t<\/div>\n\t\t\t\t\t<\/div>\n\t\t\t\t<\/div>\n\t\t\t\t<\/div>","protected":false},"featured_media":80395,"template":"","vrsta":[55],"class_list":["post-80529","razstave","type-razstave","status-publish","has-post-thumbnail","hentry","vrsta-reformation"],"yoast_head":"<!-- This site is optimized with the Yoast SEO plugin v27.5 - https:\/\/yoast.com\/product\/yoast-seo-wordpress\/ -->\n<title>A KEMSEI TEMPLOM T\u00d6RT\u00c9NETE &#8211; Pokrajinski muzej Maribor<\/title>\n<meta name=\"robots\" content=\"index, follow, max-snippet:-1, max-image-preview:large, max-video-preview:-1\" \/>\n<link rel=\"canonical\" href=\"https:\/\/museum-mb.si\/hu\/kiallitasok\/es-a-tortenette-templom\/\" \/>\n<meta property=\"og:locale\" content=\"hu_HU\" \/>\n<meta property=\"og:type\" content=\"article\" \/>\n<meta property=\"og:title\" content=\"A KEMSEI TEMPLOM T\u00d6RT\u00c9NETE &#8211; Pokrajinski muzej Maribor\" \/>\n<meta property=\"og:description\" content=\"RAZISKUJ REFORM\u00c1CI\u00d3 A D\u00c9L-DUN\u00c1NT\u00daLON \u00a0 HISZEK, TEH\u00c1T VAGYOK! Ez a ki\u00e1ll\u00edt\u00e1s olyan emberek \u00e9s gy\u00fclekezetek t\u00f6rt\u00e9neteit mutatja be, akik hittek k\u00f6z\u00f6ss\u00e9g\u00fck \u00e9rt\u00e9keiben, \u00e9s er\u0151s volt az Istenbe vetett hit\u00fck. A t\u00f6r\u00f6k h\u00f3dolts\u00e1g sok kis templomot \u201efelem\u00e9sztett\u201d, ak\u00e1r 20\u201330 kilom\u00e9terre is elhordt\u00e1k \u00e9s felhaszn\u00e1lt\u00e1k a k\u0151templomok \u00e9p\u00edt\u0151anyag\u00e1t. \u00c9p\u00edtett h\u00e1t az orm\u00e1ns\u00e1gi n\u00e9p \u00fajakat a maga m\u00f3dja [&hellip;]\" \/>\n<meta property=\"og:url\" content=\"https:\/\/museum-mb.si\/hu\/kiallitasok\/es-a-tortenette-templom\/\" \/>\n<meta property=\"og:site_name\" content=\"Pokrajinski muzej Maribor\" \/>\n<meta property=\"article:publisher\" content=\"https:\/\/www.facebook.com\/pomum123\" \/>\n<meta property=\"article:modified_time\" content=\"2025-09-05T10:58:49+00:00\" \/>\n<meta property=\"og:image\" content=\"https:\/\/museum-mb.si\/wp-content\/uploads\/2025\/09\/13-min-scaled.jpg\" \/>\n\t<meta property=\"og:image:width\" content=\"2560\" \/>\n\t<meta property=\"og:image:height\" content=\"1705\" \/>\n\t<meta property=\"og:image:type\" content=\"image\/jpeg\" \/>\n<meta name=\"twitter:card\" content=\"summary_large_image\" \/>\n<meta name=\"twitter:label1\" content=\"Becs\u00fclt olvas\u00e1si id\u0151\" \/>\n\t<meta name=\"twitter:data1\" content=\"1 perc\" \/>\n<script type=\"application\/ld+json\" class=\"yoast-schema-graph\">{\"@context\":\"https:\\\/\\\/schema.org\",\"@graph\":[{\"@type\":\"WebPage\",\"@id\":\"https:\\\/\\\/museum-mb.si\\\/razstave\\\/a-kemsei-templom-tortenete\\\/\",\"url\":\"https:\\\/\\\/museum-mb.si\\\/razstave\\\/a-kemsei-templom-tortenete\\\/\",\"name\":\"A KEMSEI TEMPLOM T\u00d6RT\u00c9NETE &#8211; Pokrajinski muzej Maribor\",\"isPartOf\":{\"@id\":\"https:\\\/\\\/museum-mb.si\\\/#website\"},\"primaryImageOfPage\":{\"@id\":\"https:\\\/\\\/museum-mb.si\\\/razstave\\\/a-kemsei-templom-tortenete\\\/#primaryimage\"},\"image\":{\"@id\":\"https:\\\/\\\/museum-mb.si\\\/razstave\\\/a-kemsei-templom-tortenete\\\/#primaryimage\"},\"thumbnailUrl\":\"https:\\\/\\\/museum-mb.si\\\/wp-content\\\/uploads\\\/2025\\\/09\\\/13-min-scaled.jpg\",\"datePublished\":\"2025-09-05T08:37:54+00:00\",\"dateModified\":\"2025-09-05T10:58:49+00:00\",\"breadcrumb\":{\"@id\":\"https:\\\/\\\/museum-mb.si\\\/razstave\\\/a-kemsei-templom-tortenete\\\/#breadcrumb\"},\"inLanguage\":\"hu\",\"potentialAction\":[{\"@type\":\"ReadAction\",\"target\":[\"https:\\\/\\\/museum-mb.si\\\/razstave\\\/a-kemsei-templom-tortenete\\\/\"]}]},{\"@type\":\"ImageObject\",\"inLanguage\":\"hu\",\"@id\":\"https:\\\/\\\/museum-mb.si\\\/razstave\\\/a-kemsei-templom-tortenete\\\/#primaryimage\",\"url\":\"https:\\\/\\\/museum-mb.si\\\/wp-content\\\/uploads\\\/2025\\\/09\\\/13-min-scaled.jpg\",\"contentUrl\":\"https:\\\/\\\/museum-mb.si\\\/wp-content\\\/uploads\\\/2025\\\/09\\\/13-min-scaled.jpg\",\"width\":2560,\"height\":1705},{\"@type\":\"BreadcrumbList\",\"@id\":\"https:\\\/\\\/museum-mb.si\\\/razstave\\\/a-kemsei-templom-tortenete\\\/#breadcrumb\",\"itemListElement\":[{\"@type\":\"ListItem\",\"position\":1,\"name\":\"Domov\",\"item\":\"https:\\\/\\\/museum-mb.si\\\/\"},{\"@type\":\"ListItem\",\"position\":2,\"name\":\"Razstave\",\"item\":\"https:\\\/\\\/museum-mb.si\\\/razstave\\\/\"},{\"@type\":\"ListItem\",\"position\":3,\"name\":\"A KEMSEI TEMPLOM T\u00d6RT\u00c9NETE\"}]},{\"@type\":\"WebSite\",\"@id\":\"https:\\\/\\\/museum-mb.si\\\/#website\",\"url\":\"https:\\\/\\\/museum-mb.si\\\/\",\"name\":\"Pokrajinski muzej Maribor\",\"description\":\"\",\"publisher\":{\"@id\":\"https:\\\/\\\/museum-mb.si\\\/#organization\"},\"potentialAction\":[{\"@type\":\"SearchAction\",\"target\":{\"@type\":\"EntryPoint\",\"urlTemplate\":\"https:\\\/\\\/museum-mb.si\\\/?s={search_term_string}\"},\"query-input\":{\"@type\":\"PropertyValueSpecification\",\"valueRequired\":true,\"valueName\":\"search_term_string\"}}],\"inLanguage\":\"hu\"},{\"@type\":\"Organization\",\"@id\":\"https:\\\/\\\/museum-mb.si\\\/#organization\",\"name\":\"Pokrajinski muzej Maribor\",\"url\":\"https:\\\/\\\/museum-mb.si\\\/\",\"logo\":{\"@type\":\"ImageObject\",\"inLanguage\":\"hu\",\"@id\":\"https:\\\/\\\/museum-mb.si\\\/#\\\/schema\\\/logo\\\/image\\\/\",\"url\":\"https:\\\/\\\/museum-mb.si\\\/wp-content\\\/uploads\\\/2024\\\/12\\\/pmm_logo_barvni_jpeg.jpg\",\"contentUrl\":\"https:\\\/\\\/museum-mb.si\\\/wp-content\\\/uploads\\\/2024\\\/12\\\/pmm_logo_barvni_jpeg.jpg\",\"width\":758,\"height\":754,\"caption\":\"Pokrajinski muzej Maribor\"},\"image\":{\"@id\":\"https:\\\/\\\/museum-mb.si\\\/#\\\/schema\\\/logo\\\/image\\\/\"},\"sameAs\":[\"https:\\\/\\\/www.facebook.com\\\/pomum123\",\"https:\\\/\\\/www.instagram.com\\\/maribor_museum\\\/\",\"https:\\\/\\\/www.youtube.com\\\/channel\\\/UCdshtCrun841Oc-35tYLBGQ\"]}]}<\/script>\n<!-- \/ Yoast SEO plugin. -->","yoast_head_json":{"title":"A KEMSEI TEMPLOM T\u00d6RT\u00c9NETE &#8211; Pokrajinski muzej Maribor","robots":{"index":"index","follow":"follow","max-snippet":"max-snippet:-1","max-image-preview":"max-image-preview:large","max-video-preview":"max-video-preview:-1"},"canonical":"https:\/\/museum-mb.si\/hu\/kiallitasok\/es-a-tortenette-templom\/","og_locale":"hu_HU","og_type":"article","og_title":"A KEMSEI TEMPLOM T\u00d6RT\u00c9NETE &#8211; Pokrajinski muzej Maribor","og_description":"RAZISKUJ REFORM\u00c1CI\u00d3 A D\u00c9L-DUN\u00c1NT\u00daLON \u00a0 HISZEK, TEH\u00c1T VAGYOK! Ez a ki\u00e1ll\u00edt\u00e1s olyan emberek \u00e9s gy\u00fclekezetek t\u00f6rt\u00e9neteit mutatja be, akik hittek k\u00f6z\u00f6ss\u00e9g\u00fck \u00e9rt\u00e9keiben, \u00e9s er\u0151s volt az Istenbe vetett hit\u00fck. A t\u00f6r\u00f6k h\u00f3dolts\u00e1g sok kis templomot \u201efelem\u00e9sztett\u201d, ak\u00e1r 20\u201330 kilom\u00e9terre is elhordt\u00e1k \u00e9s felhaszn\u00e1lt\u00e1k a k\u0151templomok \u00e9p\u00edt\u0151anyag\u00e1t. \u00c9p\u00edtett h\u00e1t az orm\u00e1ns\u00e1gi n\u00e9p \u00fajakat a maga m\u00f3dja [&hellip;]","og_url":"https:\/\/museum-mb.si\/hu\/kiallitasok\/es-a-tortenette-templom\/","og_site_name":"Pokrajinski muzej Maribor","article_publisher":"https:\/\/www.facebook.com\/pomum123","article_modified_time":"2025-09-05T10:58:49+00:00","og_image":[{"width":2560,"height":1705,"url":"https:\/\/museum-mb.si\/wp-content\/uploads\/2025\/09\/13-min-scaled.jpg","type":"image\/jpeg"}],"twitter_card":"summary_large_image","twitter_misc":{"Becs\u00fclt olvas\u00e1si id\u0151":"1 perc"},"schema":{"@context":"https:\/\/schema.org","@graph":[{"@type":"WebPage","@id":"https:\/\/museum-mb.si\/razstave\/a-kemsei-templom-tortenete\/","url":"https:\/\/museum-mb.si\/razstave\/a-kemsei-templom-tortenete\/","name":"A KEMSEI TEMPLOM T\u00d6RT\u00c9NETE &#8211; Pokrajinski muzej Maribor","isPartOf":{"@id":"https:\/\/museum-mb.si\/#website"},"primaryImageOfPage":{"@id":"https:\/\/museum-mb.si\/razstave\/a-kemsei-templom-tortenete\/#primaryimage"},"image":{"@id":"https:\/\/museum-mb.si\/razstave\/a-kemsei-templom-tortenete\/#primaryimage"},"thumbnailUrl":"https:\/\/museum-mb.si\/wp-content\/uploads\/2025\/09\/13-min-scaled.jpg","datePublished":"2025-09-05T08:37:54+00:00","dateModified":"2025-09-05T10:58:49+00:00","breadcrumb":{"@id":"https:\/\/museum-mb.si\/razstave\/a-kemsei-templom-tortenete\/#breadcrumb"},"inLanguage":"hu","potentialAction":[{"@type":"ReadAction","target":["https:\/\/museum-mb.si\/razstave\/a-kemsei-templom-tortenete\/"]}]},{"@type":"ImageObject","inLanguage":"hu","@id":"https:\/\/museum-mb.si\/razstave\/a-kemsei-templom-tortenete\/#primaryimage","url":"https:\/\/museum-mb.si\/wp-content\/uploads\/2025\/09\/13-min-scaled.jpg","contentUrl":"https:\/\/museum-mb.si\/wp-content\/uploads\/2025\/09\/13-min-scaled.jpg","width":2560,"height":1705},{"@type":"BreadcrumbList","@id":"https:\/\/museum-mb.si\/razstave\/a-kemsei-templom-tortenete\/#breadcrumb","itemListElement":[{"@type":"ListItem","position":1,"name":"Domov","item":"https:\/\/museum-mb.si\/"},{"@type":"ListItem","position":2,"name":"Razstave","item":"https:\/\/museum-mb.si\/razstave\/"},{"@type":"ListItem","position":3,"name":"A KEMSEI TEMPLOM T\u00d6RT\u00c9NETE"}]},{"@type":"WebSite","@id":"https:\/\/museum-mb.si\/#website","url":"https:\/\/museum-mb.si\/","name":"Maribori Region\u00e1lis M\u00fazeum","description":"","publisher":{"@id":"https:\/\/museum-mb.si\/#organization"},"potentialAction":[{"@type":"SearchAction","target":{"@type":"EntryPoint","urlTemplate":"https:\/\/museum-mb.si\/?s={search_term_string}"},"query-input":{"@type":"PropertyValueSpecification","valueRequired":true,"valueName":"search_term_string"}}],"inLanguage":"hu"},{"@type":"Organization","@id":"https:\/\/museum-mb.si\/#organization","name":"Maribori Region\u00e1lis M\u00fazeum","url":"https:\/\/museum-mb.si\/","logo":{"@type":"ImageObject","inLanguage":"hu","@id":"https:\/\/museum-mb.si\/#\/schema\/logo\/image\/","url":"https:\/\/museum-mb.si\/wp-content\/uploads\/2024\/12\/pmm_logo_barvni_jpeg.jpg","contentUrl":"https:\/\/museum-mb.si\/wp-content\/uploads\/2024\/12\/pmm_logo_barvni_jpeg.jpg","width":758,"height":754,"caption":"Pokrajinski muzej Maribor"},"image":{"@id":"https:\/\/museum-mb.si\/#\/schema\/logo\/image\/"},"sameAs":["https:\/\/www.facebook.com\/pomum123","https:\/\/www.instagram.com\/maribor_museum\/","https:\/\/www.youtube.com\/channel\/UCdshtCrun841Oc-35tYLBGQ"]}]}},"_links":{"self":[{"href":"https:\/\/museum-mb.si\/hu\/wp-json\/wp\/v2\/razstave\/80529","targetHints":{"allow":["GET"]}}],"collection":[{"href":"https:\/\/museum-mb.si\/hu\/wp-json\/wp\/v2\/razstave"}],"about":[{"href":"https:\/\/museum-mb.si\/hu\/wp-json\/wp\/v2\/types\/razstave"}],"version-history":[{"count":25,"href":"https:\/\/museum-mb.si\/hu\/wp-json\/wp\/v2\/razstave\/80529\/revisions"}],"predecessor-version":[{"id":80600,"href":"https:\/\/museum-mb.si\/hu\/wp-json\/wp\/v2\/razstave\/80529\/revisions\/80600"}],"wp:featuredmedia":[{"embeddable":true,"href":"https:\/\/museum-mb.si\/hu\/wp-json\/wp\/v2\/media\/80395"}],"wp:attachment":[{"href":"https:\/\/museum-mb.si\/hu\/wp-json\/wp\/v2\/media?parent=80529"}],"wp:term":[{"taxonomy":"vrsta","embeddable":true,"href":"https:\/\/museum-mb.si\/hu\/wp-json\/wp\/v2\/vrsta?post=80529"}],"curies":[{"name":"wp","href":"https:\/\/api.w.org\/{rel}","templated":true}]}}