{"id":76534,"date":"2023-11-14T20:49:56","date_gmt":"2023-11-14T19:49:56","guid":{"rendered":"https:\/\/museum-mb.si\/?post_type=razstave&#038;p=76534"},"modified":"2023-11-14T22:25:37","modified_gmt":"2023-11-14T21:25:37","slug":"kis-jezus-kuszok","status":"publish","type":"razstave","link":"https:\/\/museum-mb.si\/hu\/kiallitasok\/kis-jezus-kuszok\/","title":{"rendered":"KIS FEKV\u0150 GY\u00cdKOK"},"content":{"rendered":"<div data-elementor-type=\"wp-post\" data-elementor-id=\"76534\" class=\"elementor elementor-76534\" data-elementor-post-type=\"razstave\">\n\t\t\t\t\t\t<section class=\"elementor-section elementor-top-section elementor-element elementor-element-d9e1e71 elementor-section-height-min-height elementor-section-stretched elementor-section-boxed elementor-section-height-default elementor-section-items-middle\" data-id=\"d9e1e71\" data-element_type=\"section\" data-settings=\"{&quot;stretch_section&quot;:&quot;section-stretched&quot;,&quot;jet_parallax_layout_list&quot;:[],&quot;background_background&quot;:&quot;classic&quot;}\">\n\t\t\t\t\t\t\t<div class=\"elementor-background-overlay\"><\/div>\n\t\t\t\t\t\t\t<div class=\"elementor-container elementor-column-gap-default\">\n\t\t\t\t\t<div class=\"elementor-column elementor-col-100 elementor-top-column elementor-element elementor-element-284332e\" data-id=\"284332e\" data-element_type=\"column\">\n\t\t\t<div class=\"elementor-widget-wrap elementor-element-populated\">\n\t\t\t\t\t\t<div class=\"elementor-element elementor-element-ef7d43c elementor-widget elementor-widget-text-editor\" data-id=\"ef7d43c\" data-element_type=\"widget\" data-widget_type=\"text-editor.default\">\n\t\t\t\t<div class=\"elementor-widget-container\">\n\t\t\t\t\t\t\t\t\t<p>FELFEDEZ\u00c9S<\/p>\t\t\t\t\t\t\t\t<\/div>\n\t\t\t\t<\/div>\n\t\t\t\t<div class=\"elementor-element elementor-element-f131303 elementor-widget__width-initial elementor-widget elementor-widget-heading\" data-id=\"f131303\" data-element_type=\"widget\" data-widget_type=\"heading.default\">\n\t\t\t\t<div class=\"elementor-widget-container\">\n\t\t\t\t\t<h2 class=\"elementor-heading-title elementor-size-default\">JESULUS PRAGENSIS: <br>A PR\u00c1GAI KIS J\u00c9ZUS \u00c9S M\u00c1S VIASZFIGUR\u00c1K A SZLOV\u00c9NIAI KERESZT\u00c9NYS\u00c9G M\u00daZEUM\u00c1B\u00d3L <\/h2>\t\t\t\t<\/div>\n\t\t\t\t<\/div>\n\t\t\t\t<div class=\"elementor-element elementor-element-06d52f4 elementor-widget__width-initial elementor-widget elementor-widget-text-editor\" data-id=\"06d52f4\" data-element_type=\"widget\" data-widget_type=\"text-editor.default\">\n\t\t\t\t<div class=\"elementor-widget-container\">\n\t\t\t\t\t\t\t\t\t<b>J\u00e9zus \u00e1ld\u00e1s\u00e1t k\u00e9rve<\/b><br>\n\u00bb\u00d3 dr\u00e1ga, kegyelmes J\u00e9zus, aki bal kezedben tartod az eg\u00e9sz vil\u00e1got, \u00e9s jobb kezeddel \u00e1ldod, \u00e1ldj meg engem is, \u00e1ldj meg mindent, \u00e9s k\u00fcl\u00f6n\u00f6sen ezt..., amit k\u00fcl\u00f6n\u00f6sen k\u00e9rek t\u0151led. H\u00e1l\u00e1s vagyok neked ez\u00e9rt, \u00e9s h\u0171s\u00e9get fogadok neked utols\u00f3 leheletemig. \u00c1men.\n<br><b>\nMegjelent a k\u00f6vetkez\u0151 internetes kiadv\u00e1nyban:<\/b> P. Herman Koneberg, A kegyelmes kisded J\u00e9zus a pr\u00e1gai Gy\u0151zelmes Sz\u0171zanya templom\u00e1ban \u00e9s im\u00e1d\u00e1sa, gy\u00e1szjelent\u00e9s P. Hyacint \u0160ega, Ljubljana: Ferences kolostor, 1898, 125. o.\t\t\t\t\t\t\t\t<\/div>\n\t\t\t\t<\/div>\n\t\t\t\t\t<\/div>\n\t\t<\/div>\n\t\t\t\t\t<\/div>\n\t\t<\/section>\n\t\t\t\t<section class=\"elementor-section elementor-top-section elementor-element elementor-element-4b4db44 elementor-section-boxed elementor-section-height-default elementor-section-height-default\" data-id=\"4b4db44\" data-element_type=\"section\" data-settings=\"{&quot;jet_parallax_layout_list&quot;:[]}\">\n\t\t\t\t\t\t<div class=\"elementor-container elementor-column-gap-default\">\n\t\t\t\t\t<div class=\"elementor-column elementor-col-100 elementor-top-column elementor-element elementor-element-6b4681f\" data-id=\"6b4681f\" data-element_type=\"column\">\n\t\t\t<div class=\"elementor-widget-wrap elementor-element-populated\">\n\t\t\t\t\t\t<div class=\"elementor-element elementor-element-401297e elementor-widget__width-initial elementor-widget elementor-widget-spacer\" data-id=\"401297e\" data-element_type=\"widget\" data-widget_type=\"spacer.default\">\n\t\t\t\t<div class=\"elementor-widget-container\">\n\t\t\t\t\t\t\t<div class=\"elementor-spacer\">\n\t\t\t<div class=\"elementor-spacer-inner\"><\/div>\n\t\t<\/div>\n\t\t\t\t\t\t<\/div>\n\t\t\t\t<\/div>\n\t\t\t\t\t<\/div>\n\t\t<\/div>\n\t\t\t\t\t<\/div>\n\t\t<\/section>\n\t\t\t\t<section class=\"elementor-section elementor-top-section elementor-element elementor-element-928b1d1 elementor-section-boxed elementor-section-height-default elementor-section-height-default\" data-id=\"928b1d1\" data-element_type=\"section\" data-settings=\"{&quot;jet_parallax_layout_list&quot;:[]}\">\n\t\t\t\t\t\t<div class=\"elementor-container elementor-column-gap-default\">\n\t\t\t\t\t<div class=\"elementor-column elementor-col-100 elementor-top-column elementor-element elementor-element-cc61f6e\" data-id=\"cc61f6e\" data-element_type=\"column\">\n\t\t\t<div class=\"elementor-widget-wrap elementor-element-populated\">\n\t\t\t\t\t\t<div class=\"elementor-element elementor-element-cc28c3d elementor-widget elementor-widget-heading\" data-id=\"cc28c3d\" data-element_type=\"widget\" data-widget_type=\"heading.default\">\n\t\t\t\t<div class=\"elementor-widget-container\">\n\t\t\t\t\t<h2 class=\"elementor-heading-title elementor-size-default\">Kis hazug j\u00e9zusok<\/h2>\t\t\t\t<\/div>\n\t\t\t\t<\/div>\n\t\t\t\t\t<\/div>\n\t\t<\/div>\n\t\t\t\t\t<\/div>\n\t\t<\/section>\n\t\t\t\t<section class=\"elementor-section elementor-top-section elementor-element elementor-element-856f41a elementor-section-boxed elementor-section-height-default elementor-section-height-default\" data-id=\"856f41a\" data-element_type=\"section\" data-settings=\"{&quot;jet_parallax_layout_list&quot;:[]}\">\n\t\t\t\t\t\t<div class=\"elementor-container elementor-column-gap-default\">\n\t\t\t\t\t<div class=\"elementor-column elementor-col-100 elementor-top-column elementor-element elementor-element-2779c12\" data-id=\"2779c12\" data-element_type=\"column\">\n\t\t\t<div class=\"elementor-widget-wrap elementor-element-populated\">\n\t\t\t\t\t\t<div class=\"elementor-element elementor-element-7e58817 elementor-widget elementor-widget-jet-carousel\" data-id=\"7e58817\" data-element_type=\"widget\" data-settings=\"{&quot;slides_to_show&quot;:&quot;1&quot;,&quot;slides_to_show_mobile&quot;:&quot;1&quot;,&quot;slides_to_scroll_mobile&quot;:&quot;1&quot;,&quot;slides_to_scroll&quot;:&quot;1&quot;}\" data-widget_type=\"jet-carousel.default\">\n\t\t\t\t<div class=\"elementor-widget-container\">\n\t\t\t\t\t<div class=\"elementor-jet-carousel jet-elements\"><div class=\"jet-carousel-wrap\">\n\t<div class=\"jet-carousel\" data-slider_options=\"{&quot;autoplaySpeed&quot;:5000,&quot;autoplay&quot;:false,&quot;infinite&quot;:true,&quot;centerMode&quot;:false,&quot;centerPadding&quot;:&quot;50px&quot;,&quot;pauseOnHover&quot;:false,&quot;speed&quot;:500,&quot;arrows&quot;:true,&quot;dots&quot;:false,&quot;variableWidth&quot;:false,&quot;prevArrow&quot;:&quot;.jet-carousel__prev-arrow-7e58817&quot;,&quot;nextArrow&quot;:&quot;.jet-carousel__next-arrow-7e58817&quot;,&quot;rtl&quot;:false,&quot;fractionNav&quot;:false,&quot;fade&quot;:false}\" dir=\"ltr\">\n\t<div class=\"elementor-slick-slider\">\n\n<div class=\"jet-carousel__item\">\n\t<div class=\"jet-carousel__item-inner\"><div class=\"jet-carousel__content\">\t\t<div data-elementor-type=\"section\" data-elementor-id=\"76642\" class=\"elementor elementor-76642\" data-elementor-post-type=\"elementor_library\">\n\t\t\t\t\t<section class=\"elementor-section elementor-top-section elementor-element elementor-element-255e5096 elementor-section-boxed elementor-section-height-default elementor-section-height-default\" data-id=\"255e5096\" data-element_type=\"section\" data-settings=\"{&quot;jet_parallax_layout_list&quot;:[]}\">\n\t\t\t\t\t\t<div class=\"elementor-container elementor-column-gap-default\">\n\t\t\t\t\t<div class=\"elementor-column elementor-col-50 elementor-top-column elementor-element elementor-element-749e670a\" data-id=\"749e670a\" data-element_type=\"column\">\n\t\t\t<div class=\"elementor-widget-wrap elementor-element-populated\">\n\t\t\t\t\t\t<div class=\"elementor-element elementor-element-58a176c3 elementor-widget elementor-widget-image\" data-id=\"58a176c3\" data-element_type=\"widget\" data-widget_type=\"image.default\">\n\t\t\t\t<div class=\"elementor-widget-container\">\n\t\t\t\t\t\t\t\t\t\t\t\t\t\t\t<img fetchpriority=\"high\" decoding=\"async\" width=\"709\" height=\"1024\" src=\"https:\/\/museum-mb.si\/wp-content\/uploads\/2023\/11\/5.-sklop-foto-1-709x1024.jpg\" class=\"attachment-large size-large wp-image-76498\" alt=\"\" srcset=\"https:\/\/museum-mb.si\/wp-content\/uploads\/2023\/11\/5.-sklop-foto-1-709x1024.jpg.webp 709w, https:\/\/museum-mb.si\/wp-content\/uploads\/2023\/11\/5.-sklop-foto-1-208x300.jpg.webp 208w, https:\/\/museum-mb.si\/wp-content\/uploads\/2023\/11\/5.-sklop-foto-1-768x1109.jpg.webp 768w, https:\/\/museum-mb.si\/wp-content\/uploads\/2023\/11\/5.-sklop-foto-1-1064x1536.jpg.webp 1064w, https:\/\/museum-mb.si\/wp-content\/uploads\/2023\/11\/5.-sklop-foto-1-8x12.jpg.webp 8w, https:\/\/museum-mb.si\/wp-content\/uploads\/2023\/11\/5.-sklop-foto-1.jpg.webp 1316w\" sizes=\"(max-width: 709px) 100vw, 709px\" \/>\t\t\t\t\t\t\t\t\t\t\t\t\t\t\t<\/div>\n\t\t\t\t<\/div>\n\t\t\t\t<div class=\"elementor-element elementor-element-4197859c elementor-widget__width-initial elementor-widget elementor-widget-text-editor\" data-id=\"4197859c\" data-element_type=\"widget\" data-widget_type=\"text-editor.default\">\n\t\t\t\t<div class=\"elementor-widget-container\">\n\t\t\t\t\t\t\t\t\tFekv\u0151 J\u00e9zuska nimbusszal, 20. sz\u00e1zad els\u0151 fele, viasz, sz\u00f6vet, fa, \u00fcveg, a figura hossza. <br>Proveniencia: a \u0161kofja loka-i ursulinkolostor.\t\t\t\t\t\t\t\t<\/div>\n\t\t\t\t<\/div>\n\t\t\t\t\t<\/div>\n\t\t<\/div>\n\t\t\t\t<div class=\"elementor-column elementor-col-50 elementor-top-column elementor-element elementor-element-69ed9dec\" data-id=\"69ed9dec\" data-element_type=\"column\">\n\t\t\t<div class=\"elementor-widget-wrap elementor-element-populated\">\n\t\t\t\t\t\t<div class=\"elementor-element elementor-element-22193728 elementor-widget__width-initial elementor-widget elementor-widget-text-editor\" data-id=\"22193728\" data-element_type=\"widget\" data-widget_type=\"text-editor.default\">\n\t\t\t\t<div class=\"elementor-widget-container\">\n\t\t\t\t\t\t\t\t\t<p>Az ap\u00e1c\u00e1k kis fekv\u0151 J\u00e9zusk\u00e1kat is k\u00e9sz\u00edtettek, amelyeket kar\u00e1csonykor a szob\u00e1jukban k\u00e9sz\u00edtett j\u00e1szolba helyeztek. A Sti\u010dn\u00e1ban tal\u00e1lhat\u00f3 Szlov\u00e9n Kereszt\u00e9nys\u00e9g M\u00fazeuma a 20. sz\u00e1zad els\u0151 fel\u00e9b\u0151l n\u00e9h\u00e1ny fiatalabb \u0160kofja Loka-i alkot\u00e1st \u0151riz. Az ap\u00e1c\u00e1k a m\u00e1sodik vil\u00e1gh\u00e1bor\u00fa ut\u00e1n n\u00e9h\u00e1ny \u00e9vig a ljubljanai kolostorban is k\u00e9sz\u00edtettek ilyen kis viaszj\u00e9zusokat elad\u00e1sra.<span class=\"Apple-converted-space\">\u00a0<\/span><\/p>\t\t\t\t\t\t\t\t<\/div>\n\t\t\t\t<\/div>\n\t\t\t\t\t<\/div>\n\t\t<\/div>\n\t\t\t\t\t<\/div>\n\t\t<\/section>\n\t\t\t\t<\/div>\n\t\t<\/div><\/div>\n<\/div>\n\n<div class=\"jet-carousel__item\">\n\t<div class=\"jet-carousel__item-inner\"><div class=\"jet-carousel__content\">\t\t<div data-elementor-type=\"section\" data-elementor-id=\"76645\" class=\"elementor elementor-76645\" data-elementor-post-type=\"elementor_library\">\n\t\t\t\t\t<section class=\"elementor-section elementor-top-section elementor-element elementor-element-7661b5ec elementor-section-boxed elementor-section-height-default elementor-section-height-default\" data-id=\"7661b5ec\" data-element_type=\"section\" data-settings=\"{&quot;jet_parallax_layout_list&quot;:[]}\">\n\t\t\t\t\t\t<div class=\"elementor-container elementor-column-gap-default\">\n\t\t\t\t\t<div class=\"elementor-column elementor-col-50 elementor-top-column elementor-element elementor-element-241069db\" data-id=\"241069db\" data-element_type=\"column\">\n\t\t\t<div class=\"elementor-widget-wrap elementor-element-populated\">\n\t\t\t\t\t\t<div class=\"elementor-element elementor-element-7c5d5db2 elementor-widget elementor-widget-image\" data-id=\"7c5d5db2\" data-element_type=\"widget\" data-widget_type=\"image.default\">\n\t\t\t\t<div class=\"elementor-widget-container\">\n\t\t\t\t\t\t\t\t\t\t\t\t\t\t\t<img decoding=\"async\" width=\"800\" height=\"531\" src=\"https:\/\/museum-mb.si\/wp-content\/uploads\/2023\/11\/5.-sklop-foto-2-1024x680.jpg\" class=\"attachment-large size-large wp-image-76499\" alt=\"\" srcset=\"https:\/\/museum-mb.si\/wp-content\/uploads\/2023\/11\/5.-sklop-foto-2-1024x680.jpg.webp 1024w, https:\/\/museum-mb.si\/wp-content\/uploads\/2023\/11\/5.-sklop-foto-2-300x199.jpg.webp 300w, https:\/\/museum-mb.si\/wp-content\/uploads\/2023\/11\/5.-sklop-foto-2-768x510.jpg.webp 768w, https:\/\/museum-mb.si\/wp-content\/uploads\/2023\/11\/5.-sklop-foto-2-1536x1020.jpg.webp 1536w, https:\/\/museum-mb.si\/wp-content\/uploads\/2023\/11\/5.-sklop-foto-2-2048x1360.jpg.webp 2048w, https:\/\/museum-mb.si\/wp-content\/uploads\/2023\/11\/5.-sklop-foto-2-18x12.jpg.webp 18w\" sizes=\"(max-width: 800px) 100vw, 800px\" \/>\t\t\t\t\t\t\t\t\t\t\t\t\t\t\t<\/div>\n\t\t\t\t<\/div>\n\t\t\t\t<div class=\"elementor-element elementor-element-58cbaac2 elementor-widget__width-initial elementor-widget elementor-widget-text-editor\" data-id=\"58cbaac2\" data-element_type=\"widget\" data-widget_type=\"text-editor.default\">\n\t\t\t\t<div class=\"elementor-widget-container\">\n\t\t\t\t\t\t\t\t\tFekv\u0151 J\u00e9zuska nimbusszal, 20. sz\u00e1zad els\u0151 fele, viasz, sz\u00f6vet, fa, \u00fcveg, hossza 17 cm, Acc. No 2009-14-5.<br> Proveniencia: a \u0161kofja loka-i ursulinkolostor.\t\t\t\t\t\t\t\t<\/div>\n\t\t\t\t<\/div>\n\t\t\t\t\t<\/div>\n\t\t<\/div>\n\t\t\t\t<div class=\"elementor-column elementor-col-50 elementor-top-column elementor-element elementor-element-5b4b93c4\" data-id=\"5b4b93c4\" data-element_type=\"column\">\n\t\t\t<div class=\"elementor-widget-wrap elementor-element-populated\">\n\t\t\t\t\t\t<div class=\"elementor-element elementor-element-17e5038b elementor-widget__width-initial elementor-widget elementor-widget-text-editor\" data-id=\"17e5038b\" data-element_type=\"widget\" data-widget_type=\"text-editor.default\">\n\t\t\t\t<div class=\"elementor-widget-container\">\n\t\t\t\t\t\t\t\t\t<p>A baba baba teljes eg\u00e9sz\u00e9ben viaszb\u00f3l k\u00e9sz\u00fclt. A jobb kez\u00e9r\u0151l hi\u00e1nyoznak az ujjak. Feh\u00e9r selyemmel van k\u00f6rbetekerve az \u00e1gy\u00e9ka k\u00f6r\u00fcl. Szemei festettek, a feje k\u00f6r\u00fcl pedig aranyozott dr\u00f3tb\u00f3l k\u00e9sz\u00fclt nimbusza van. Feh\u00e9r leped\u0151n \u00e9s faforg\u00e1cson fekszik.<span class=\"Apple-converted-space\">\u00a0<\/span><\/p>\t\t\t\t\t\t\t\t<\/div>\n\t\t\t\t<\/div>\n\t\t\t\t\t<\/div>\n\t\t<\/div>\n\t\t\t\t\t<\/div>\n\t\t<\/section>\n\t\t\t\t<\/div>\n\t\t<\/div><\/div>\n<\/div>\n\n<div class=\"jet-carousel__item\">\n\t<div class=\"jet-carousel__item-inner\"><div class=\"jet-carousel__content\">\t\t<div data-elementor-type=\"section\" data-elementor-id=\"76648\" class=\"elementor elementor-76648\" data-elementor-post-type=\"elementor_library\">\n\t\t\t\t\t<section class=\"elementor-section elementor-top-section elementor-element elementor-element-42dd642b elementor-section-boxed elementor-section-height-default elementor-section-height-default\" data-id=\"42dd642b\" data-element_type=\"section\" data-settings=\"{&quot;jet_parallax_layout_list&quot;:[]}\">\n\t\t\t\t\t\t<div class=\"elementor-container elementor-column-gap-default\">\n\t\t\t\t\t<div class=\"elementor-column elementor-col-50 elementor-top-column elementor-element elementor-element-46746430\" data-id=\"46746430\" data-element_type=\"column\">\n\t\t\t<div class=\"elementor-widget-wrap elementor-element-populated\">\n\t\t\t\t\t\t<div class=\"elementor-element elementor-element-839cf86 elementor-widget elementor-widget-image\" data-id=\"839cf86\" data-element_type=\"widget\" data-widget_type=\"image.default\">\n\t\t\t\t<div class=\"elementor-widget-container\">\n\t\t\t\t\t\t\t\t\t\t\t\t\t\t\t<img decoding=\"async\" width=\"800\" height=\"720\" src=\"https:\/\/museum-mb.si\/wp-content\/uploads\/2023\/11\/5.-sklop-foto-3-1024x921.jpg\" class=\"attachment-large size-large wp-image-76500\" alt=\"\" srcset=\"https:\/\/museum-mb.si\/wp-content\/uploads\/2023\/11\/5.-sklop-foto-3-1024x921.jpg.webp 1024w, https:\/\/museum-mb.si\/wp-content\/uploads\/2023\/11\/5.-sklop-foto-3-300x270.jpg.webp 300w, https:\/\/museum-mb.si\/wp-content\/uploads\/2023\/11\/5.-sklop-foto-3-768x691.jpg.webp 768w, https:\/\/museum-mb.si\/wp-content\/uploads\/2023\/11\/5.-sklop-foto-3-13x12.jpg.webp 13w, https:\/\/museum-mb.si\/wp-content\/uploads\/2023\/11\/5.-sklop-foto-3.jpg.webp 1171w\" sizes=\"(max-width: 800px) 100vw, 800px\" \/>\t\t\t\t\t\t\t\t\t\t\t\t\t\t\t<\/div>\n\t\t\t\t<\/div>\n\t\t\t\t<div class=\"elementor-element elementor-element-3507661 elementor-widget__width-initial elementor-widget elementor-widget-text-editor\" data-id=\"3507661\" data-element_type=\"widget\" data-widget_type=\"text-editor.default\">\n\t\t\t\t<div class=\"elementor-widget-container\">\n\t\t\t\t\t\t\t\t\tMiniat\u0171r<span class=\"Apple-converted-space\">\u00a0 <\/span>Fekv\u0151 J\u00e9zuska, 20. sz\u00e1zad els\u0151 fele, viasz, sz\u00f6vet, figura hossza 2,8 cm, acc. no. 2009-15-1. <br>Proveniencia: a \u0161kofja loka-i ursulinkolostor.\t\t\t\t\t\t\t\t<\/div>\n\t\t\t\t<\/div>\n\t\t\t\t\t<\/div>\n\t\t<\/div>\n\t\t\t\t<div class=\"elementor-column elementor-col-50 elementor-top-column elementor-element elementor-element-12c19630\" data-id=\"12c19630\" data-element_type=\"column\">\n\t\t\t<div class=\"elementor-widget-wrap elementor-element-populated\">\n\t\t\t\t\t\t<div class=\"elementor-element elementor-element-13407397 elementor-widget__width-initial elementor-widget elementor-widget-text-editor\" data-id=\"13407397\" data-element_type=\"widget\" data-widget_type=\"text-editor.default\">\n\t\t\t\t<div class=\"elementor-widget-container\">\n\t\t\t\t\t\t\t\t\t<p>Ezeknek a fekv\u0151 J\u00e9zusk\u00e1knak a k\u00fcl\u00f6nlegess\u00e9ge minden bizonnyal a miniat\u0171r J\u00e9zuska, amely mind\u00f6ssze 2,8 cm-es. A miniat\u0171r J\u00e9zuska teljes eg\u00e9sz\u00e9ben viaszb\u00f3l k\u00e9sz\u00fclt. Az \u00e1gy\u00e9k k\u00f6r\u00e9 egy ruhadarabot tekernek. D\u00edszes pap\u00edrb\u00f3l k\u00e9sz\u00fclt aranysz\u00edn\u0171 gerend\u00e1kon nyugszik, egy s\u00e1rga viaszos pap\u00edrral b\u00e9lelt kerek dobozban.<span class=\"Apple-converted-space\">\u00a0<\/span><\/p>\t\t\t\t\t\t\t\t<\/div>\n\t\t\t\t<\/div>\n\t\t\t\t\t<\/div>\n\t\t<\/div>\n\t\t\t\t\t<\/div>\n\t\t<\/section>\n\t\t\t\t<\/div>\n\t\t<\/div><\/div>\n<\/div>\n<\/div><div class=\"jet-carousel__prev-arrow-7e58817 jet-arrow prev-arrow\"><i aria-hidden=\"true\" class=\"fas fa-angle-left\"><\/i><\/div><div class=\"jet-carousel__next-arrow-7e58817 jet-arrow next-arrow\"><i aria-hidden=\"true\" class=\"fas fa-angle-right\"><\/i><\/div><\/div>\n<\/div>\n<\/div>\t\t\t\t<\/div>\n\t\t\t\t<\/div>\n\t\t\t\t\t<\/div>\n\t\t<\/div>\n\t\t\t\t\t<\/div>\n\t\t<\/section>\n\t\t\t\t<\/div>","protected":false},"featured_media":76498,"template":"","vrsta":[45],"class_list":["post-76534","razstave","type-razstave","status-publish","has-post-thumbnail","hentry","vrsta-jesulus"],"yoast_head":"<!-- This site is optimized with the Yoast SEO plugin v27.5 - https:\/\/yoast.com\/product\/yoast-seo-wordpress\/ -->\n<title>MALI LE\u017dE\u010cI JEZU\u0160\u010cKI &#8211; Pokrajinski muzej Maribor<\/title>\n<meta name=\"robots\" content=\"index, follow, max-snippet:-1, max-image-preview:large, max-video-preview:-1\" \/>\n<link rel=\"canonical\" href=\"https:\/\/museum-mb.si\/hu\/kiallitasok\/kis-jezus-kuszok\/\" \/>\n<meta property=\"og:locale\" content=\"hu_HU\" \/>\n<meta property=\"og:type\" content=\"article\" \/>\n<meta property=\"og:title\" content=\"MALI LE\u017dE\u010cI JEZU\u0160\u010cKI &#8211; Pokrajinski muzej Maribor\" \/>\n<meta property=\"og:description\" content=\"RAZISKUJ JESULUS PRAGENSIS: PRA\u0160KI JEZU\u0160\u010cEK IN DRUGE VO\u0160\u010cENE FIGURE IZ MUZEJA KR\u0160\u010cANSTVA NA SLOVENSKEM Pro\u0161nja za Jezu\u0161\u010dkov blagoslov \u00bbO, ljubi, milostni Jezu\u0161\u010dek, ki v levici dr\u017ei\u0161 celi svet, z desnico pa blagoslavlja\u0161, blagoslovi tudi mene, blagoslovi vse, zlasti pa to \u2026, za kar te posebno prosim. Hvale\u017een ti bom za to in ti obljubim zvestobo [&hellip;]\" \/>\n<meta property=\"og:url\" content=\"https:\/\/museum-mb.si\/hu\/kiallitasok\/kis-jezus-kuszok\/\" \/>\n<meta property=\"og:site_name\" content=\"Pokrajinski muzej Maribor\" \/>\n<meta property=\"article:publisher\" content=\"https:\/\/www.facebook.com\/pomum123\" \/>\n<meta property=\"article:modified_time\" content=\"2023-11-14T21:25:37+00:00\" \/>\n<meta property=\"og:image\" content=\"https:\/\/museum-mb.si\/wp-content\/uploads\/2023\/11\/5.-sklop-foto-1.jpg\" \/>\n\t<meta property=\"og:image:width\" content=\"1316\" \/>\n\t<meta property=\"og:image:height\" content=\"1900\" \/>\n\t<meta property=\"og:image:type\" content=\"image\/jpeg\" \/>\n<meta name=\"twitter:card\" content=\"summary_large_image\" \/>\n<meta name=\"twitter:label1\" content=\"Becs\u00fclt olvas\u00e1si id\u0151\" \/>\n\t<meta name=\"twitter:data1\" content=\"2 perc\" \/>\n<script type=\"application\/ld+json\" class=\"yoast-schema-graph\">{\"@context\":\"https:\\\/\\\/schema.org\",\"@graph\":[{\"@type\":\"WebPage\",\"@id\":\"https:\\\/\\\/museum-mb.si\\\/razstave\\\/mali-lezeci-jezuscki\\\/\",\"url\":\"https:\\\/\\\/museum-mb.si\\\/razstave\\\/mali-lezeci-jezuscki\\\/\",\"name\":\"MALI LE\u017dE\u010cI JEZU\u0160\u010cKI &#8211; Pokrajinski muzej Maribor\",\"isPartOf\":{\"@id\":\"https:\\\/\\\/museum-mb.si\\\/#website\"},\"primaryImageOfPage\":{\"@id\":\"https:\\\/\\\/museum-mb.si\\\/razstave\\\/mali-lezeci-jezuscki\\\/#primaryimage\"},\"image\":{\"@id\":\"https:\\\/\\\/museum-mb.si\\\/razstave\\\/mali-lezeci-jezuscki\\\/#primaryimage\"},\"thumbnailUrl\":\"https:\\\/\\\/museum-mb.si\\\/wp-content\\\/uploads\\\/2023\\\/11\\\/5.-sklop-foto-1.jpg\",\"datePublished\":\"2023-11-14T19:49:56+00:00\",\"dateModified\":\"2023-11-14T21:25:37+00:00\",\"breadcrumb\":{\"@id\":\"https:\\\/\\\/museum-mb.si\\\/razstave\\\/mali-lezeci-jezuscki\\\/#breadcrumb\"},\"inLanguage\":\"hu\",\"potentialAction\":[{\"@type\":\"ReadAction\",\"target\":[\"https:\\\/\\\/museum-mb.si\\\/razstave\\\/mali-lezeci-jezuscki\\\/\"]}]},{\"@type\":\"ImageObject\",\"inLanguage\":\"hu\",\"@id\":\"https:\\\/\\\/museum-mb.si\\\/razstave\\\/mali-lezeci-jezuscki\\\/#primaryimage\",\"url\":\"https:\\\/\\\/museum-mb.si\\\/wp-content\\\/uploads\\\/2023\\\/11\\\/5.-sklop-foto-1.jpg\",\"contentUrl\":\"https:\\\/\\\/museum-mb.si\\\/wp-content\\\/uploads\\\/2023\\\/11\\\/5.-sklop-foto-1.jpg\",\"width\":1316,\"height\":1900},{\"@type\":\"BreadcrumbList\",\"@id\":\"https:\\\/\\\/museum-mb.si\\\/razstave\\\/mali-lezeci-jezuscki\\\/#breadcrumb\",\"itemListElement\":[{\"@type\":\"ListItem\",\"position\":1,\"name\":\"Domov\",\"item\":\"https:\\\/\\\/museum-mb.si\\\/\"},{\"@type\":\"ListItem\",\"position\":2,\"name\":\"Razstave\",\"item\":\"https:\\\/\\\/museum-mb.si\\\/razstave\\\/\"},{\"@type\":\"ListItem\",\"position\":3,\"name\":\"MALI LE\u017dE\u010cI JEZU\u0160\u010cKI\"}]},{\"@type\":\"WebSite\",\"@id\":\"https:\\\/\\\/museum-mb.si\\\/#website\",\"url\":\"https:\\\/\\\/museum-mb.si\\\/\",\"name\":\"Pokrajinski muzej Maribor\",\"description\":\"\",\"publisher\":{\"@id\":\"https:\\\/\\\/museum-mb.si\\\/#organization\"},\"potentialAction\":[{\"@type\":\"SearchAction\",\"target\":{\"@type\":\"EntryPoint\",\"urlTemplate\":\"https:\\\/\\\/museum-mb.si\\\/?s={search_term_string}\"},\"query-input\":{\"@type\":\"PropertyValueSpecification\",\"valueRequired\":true,\"valueName\":\"search_term_string\"}}],\"inLanguage\":\"hu\"},{\"@type\":\"Organization\",\"@id\":\"https:\\\/\\\/museum-mb.si\\\/#organization\",\"name\":\"Pokrajinski muzej Maribor\",\"url\":\"https:\\\/\\\/museum-mb.si\\\/\",\"logo\":{\"@type\":\"ImageObject\",\"inLanguage\":\"hu\",\"@id\":\"https:\\\/\\\/museum-mb.si\\\/#\\\/schema\\\/logo\\\/image\\\/\",\"url\":\"https:\\\/\\\/museum-mb.si\\\/wp-content\\\/uploads\\\/2024\\\/12\\\/pmm_logo_barvni_jpeg.jpg\",\"contentUrl\":\"https:\\\/\\\/museum-mb.si\\\/wp-content\\\/uploads\\\/2024\\\/12\\\/pmm_logo_barvni_jpeg.jpg\",\"width\":758,\"height\":754,\"caption\":\"Pokrajinski muzej Maribor\"},\"image\":{\"@id\":\"https:\\\/\\\/museum-mb.si\\\/#\\\/schema\\\/logo\\\/image\\\/\"},\"sameAs\":[\"https:\\\/\\\/www.facebook.com\\\/pomum123\",\"https:\\\/\\\/www.instagram.com\\\/maribor_museum\\\/\",\"https:\\\/\\\/www.youtube.com\\\/channel\\\/UCdshtCrun841Oc-35tYLBGQ\"]}]}<\/script>\n<!-- \/ Yoast SEO plugin. -->","yoast_head_json":{"title":"MALI LE\u017dE\u010cI JEZU\u0160\u010cKI &#8211; Pokrajinski muzej Maribor","robots":{"index":"index","follow":"follow","max-snippet":"max-snippet:-1","max-image-preview":"max-image-preview:large","max-video-preview":"max-video-preview:-1"},"canonical":"https:\/\/museum-mb.si\/hu\/kiallitasok\/kis-jezus-kuszok\/","og_locale":"hu_HU","og_type":"article","og_title":"MALI LE\u017dE\u010cI JEZU\u0160\u010cKI &#8211; Pokrajinski muzej Maribor","og_description":"RAZISKUJ JESULUS PRAGENSIS: PRA\u0160KI JEZU\u0160\u010cEK IN DRUGE VO\u0160\u010cENE FIGURE IZ MUZEJA KR\u0160\u010cANSTVA NA SLOVENSKEM Pro\u0161nja za Jezu\u0161\u010dkov blagoslov \u00bbO, ljubi, milostni Jezu\u0161\u010dek, ki v levici dr\u017ei\u0161 celi svet, z desnico pa blagoslavlja\u0161, blagoslovi tudi mene, blagoslovi vse, zlasti pa to \u2026, za kar te posebno prosim. Hvale\u017een ti bom za to in ti obljubim zvestobo [&hellip;]","og_url":"https:\/\/museum-mb.si\/hu\/kiallitasok\/kis-jezus-kuszok\/","og_site_name":"Pokrajinski muzej Maribor","article_publisher":"https:\/\/www.facebook.com\/pomum123","article_modified_time":"2023-11-14T21:25:37+00:00","og_image":[{"width":1316,"height":1900,"url":"https:\/\/museum-mb.si\/wp-content\/uploads\/2023\/11\/5.-sklop-foto-1.jpg","type":"image\/jpeg"}],"twitter_card":"summary_large_image","twitter_misc":{"Becs\u00fclt olvas\u00e1si id\u0151":"2 perc"},"schema":{"@context":"https:\/\/schema.org","@graph":[{"@type":"WebPage","@id":"https:\/\/museum-mb.si\/razstave\/mali-lezeci-jezuscki\/","url":"https:\/\/museum-mb.si\/razstave\/mali-lezeci-jezuscki\/","name":"MALI LE\u017dE\u010cI JEZU\u0160\u010cKI &#8211; Pokrajinski muzej Maribor","isPartOf":{"@id":"https:\/\/museum-mb.si\/#website"},"primaryImageOfPage":{"@id":"https:\/\/museum-mb.si\/razstave\/mali-lezeci-jezuscki\/#primaryimage"},"image":{"@id":"https:\/\/museum-mb.si\/razstave\/mali-lezeci-jezuscki\/#primaryimage"},"thumbnailUrl":"https:\/\/museum-mb.si\/wp-content\/uploads\/2023\/11\/5.-sklop-foto-1.jpg","datePublished":"2023-11-14T19:49:56+00:00","dateModified":"2023-11-14T21:25:37+00:00","breadcrumb":{"@id":"https:\/\/museum-mb.si\/razstave\/mali-lezeci-jezuscki\/#breadcrumb"},"inLanguage":"hu","potentialAction":[{"@type":"ReadAction","target":["https:\/\/museum-mb.si\/razstave\/mali-lezeci-jezuscki\/"]}]},{"@type":"ImageObject","inLanguage":"hu","@id":"https:\/\/museum-mb.si\/razstave\/mali-lezeci-jezuscki\/#primaryimage","url":"https:\/\/museum-mb.si\/wp-content\/uploads\/2023\/11\/5.-sklop-foto-1.jpg","contentUrl":"https:\/\/museum-mb.si\/wp-content\/uploads\/2023\/11\/5.-sklop-foto-1.jpg","width":1316,"height":1900},{"@type":"BreadcrumbList","@id":"https:\/\/museum-mb.si\/razstave\/mali-lezeci-jezuscki\/#breadcrumb","itemListElement":[{"@type":"ListItem","position":1,"name":"Domov","item":"https:\/\/museum-mb.si\/"},{"@type":"ListItem","position":2,"name":"Razstave","item":"https:\/\/museum-mb.si\/razstave\/"},{"@type":"ListItem","position":3,"name":"MALI LE\u017dE\u010cI JEZU\u0160\u010cKI"}]},{"@type":"WebSite","@id":"https:\/\/museum-mb.si\/#website","url":"https:\/\/museum-mb.si\/","name":"Maribori Region\u00e1lis M\u00fazeum","description":"","publisher":{"@id":"https:\/\/museum-mb.si\/#organization"},"potentialAction":[{"@type":"SearchAction","target":{"@type":"EntryPoint","urlTemplate":"https:\/\/museum-mb.si\/?s={search_term_string}"},"query-input":{"@type":"PropertyValueSpecification","valueRequired":true,"valueName":"search_term_string"}}],"inLanguage":"hu"},{"@type":"Organization","@id":"https:\/\/museum-mb.si\/#organization","name":"Maribori Region\u00e1lis M\u00fazeum","url":"https:\/\/museum-mb.si\/","logo":{"@type":"ImageObject","inLanguage":"hu","@id":"https:\/\/museum-mb.si\/#\/schema\/logo\/image\/","url":"https:\/\/museum-mb.si\/wp-content\/uploads\/2024\/12\/pmm_logo_barvni_jpeg.jpg","contentUrl":"https:\/\/museum-mb.si\/wp-content\/uploads\/2024\/12\/pmm_logo_barvni_jpeg.jpg","width":758,"height":754,"caption":"Pokrajinski muzej Maribor"},"image":{"@id":"https:\/\/museum-mb.si\/#\/schema\/logo\/image\/"},"sameAs":["https:\/\/www.facebook.com\/pomum123","https:\/\/www.instagram.com\/maribor_museum\/","https:\/\/www.youtube.com\/channel\/UCdshtCrun841Oc-35tYLBGQ"]}]}},"_links":{"self":[{"href":"https:\/\/museum-mb.si\/hu\/wp-json\/wp\/v2\/razstave\/76534","targetHints":{"allow":["GET"]}}],"collection":[{"href":"https:\/\/museum-mb.si\/hu\/wp-json\/wp\/v2\/razstave"}],"about":[{"href":"https:\/\/museum-mb.si\/hu\/wp-json\/wp\/v2\/types\/razstave"}],"version-history":[{"count":10,"href":"https:\/\/museum-mb.si\/hu\/wp-json\/wp\/v2\/razstave\/76534\/revisions"}],"predecessor-version":[{"id":76683,"href":"https:\/\/museum-mb.si\/hu\/wp-json\/wp\/v2\/razstave\/76534\/revisions\/76683"}],"wp:featuredmedia":[{"embeddable":true,"href":"https:\/\/museum-mb.si\/hu\/wp-json\/wp\/v2\/media\/76498"}],"wp:attachment":[{"href":"https:\/\/museum-mb.si\/hu\/wp-json\/wp\/v2\/media?parent=76534"}],"wp:term":[{"taxonomy":"vrsta","embeddable":true,"href":"https:\/\/museum-mb.si\/hu\/wp-json\/wp\/v2\/vrsta?post=76534"}],"curies":[{"name":"wp","href":"https:\/\/api.w.org\/{rel}","templated":true}]}}