{"id":76519,"date":"2023-11-14T20:42:46","date_gmt":"2023-11-14T19:42:46","guid":{"rendered":"https:\/\/museum-mb.si\/?post_type=razstave&#038;p=76519"},"modified":"2023-11-14T21:44:42","modified_gmt":"2023-11-14T20:44:42","slug":"beszamolo-a-gyermek-jezus-atlenyeguleserol","status":"publish","type":"razstave","link":"https:\/\/museum-mb.si\/hu\/kiallitasok\/beszamolo-a-gyermek-jezus-atlenyeguleserol\/","title":{"rendered":"\u00c1LTAL\u00c1NOS A GYERMEK J\u00c9ZUS IM\u00c1D\u00c1S\u00c1R\u00d3L"},"content":{"rendered":"<div data-elementor-type=\"wp-post\" data-elementor-id=\"76519\" class=\"elementor elementor-76519\" data-elementor-post-type=\"razstave\">\n\t\t\t\t\t\t<section class=\"elementor-section elementor-top-section elementor-element elementor-element-b440a5d elementor-section-height-min-height elementor-section-stretched elementor-section-boxed elementor-section-height-default elementor-section-items-middle\" data-id=\"b440a5d\" data-element_type=\"section\" data-settings=\"{&quot;stretch_section&quot;:&quot;section-stretched&quot;,&quot;jet_parallax_layout_list&quot;:[],&quot;background_background&quot;:&quot;classic&quot;}\">\n\t\t\t\t\t\t\t<div class=\"elementor-background-overlay\"><\/div>\n\t\t\t\t\t\t\t<div class=\"elementor-container elementor-column-gap-default\">\n\t\t\t\t\t<div class=\"elementor-column elementor-col-100 elementor-top-column elementor-element elementor-element-fc074a0\" data-id=\"fc074a0\" data-element_type=\"column\">\n\t\t\t<div class=\"elementor-widget-wrap elementor-element-populated\">\n\t\t\t\t\t\t<div class=\"elementor-element elementor-element-754ec86 elementor-widget elementor-widget-text-editor\" data-id=\"754ec86\" data-element_type=\"widget\" data-widget_type=\"text-editor.default\">\n\t\t\t\t<div class=\"elementor-widget-container\">\n\t\t\t\t\t\t\t\t\t<p>FELFEDEZ\u00c9S<\/p>\t\t\t\t\t\t\t\t<\/div>\n\t\t\t\t<\/div>\n\t\t\t\t<div class=\"elementor-element elementor-element-9e28ec0 elementor-widget__width-initial elementor-widget elementor-widget-heading\" data-id=\"9e28ec0\" data-element_type=\"widget\" data-widget_type=\"heading.default\">\n\t\t\t\t<div class=\"elementor-widget-container\">\n\t\t\t\t\t<h2 class=\"elementor-heading-title elementor-size-default\">JESULUS PRAGENSIS: <br>A PR\u00c1GAI KIS J\u00c9ZUS \u00c9S M\u00c1S VIASZFIGUR\u00c1K A SZLOV\u00c9NIAI KERESZT\u00c9NYS\u00c9G M\u00daZEUM\u00c1B\u00d3L <\/h2>\t\t\t\t<\/div>\n\t\t\t\t<\/div>\n\t\t\t\t<div class=\"elementor-element elementor-element-3cb03e7 elementor-widget__width-initial elementor-widget elementor-widget-text-editor\" data-id=\"3cb03e7\" data-element_type=\"widget\" data-widget_type=\"text-editor.default\">\n\t\t\t\t<div class=\"elementor-widget-container\">\n\t\t\t\t\t\t\t\t\t<b>J\u00e9zus \u00e1ld\u00e1s\u00e1t k\u00e9rve<\/b><br>\n\u00bb\u00d3 dr\u00e1ga, kegyelmes J\u00e9zus, aki bal kezedben tartod az eg\u00e9sz vil\u00e1got, \u00e9s jobb kezeddel \u00e1ldod, \u00e1ldj meg engem is, \u00e1ldj meg mindent, \u00e9s k\u00fcl\u00f6n\u00f6sen ezt..., amit k\u00fcl\u00f6n\u00f6sen k\u00e9rek t\u0151led. H\u00e1l\u00e1s vagyok neked ez\u00e9rt, \u00e9s h\u0171s\u00e9get fogadok neked utols\u00f3 leheletemig. \u00c1men.\n<br><b>\nMegjelent a k\u00f6vetkez\u0151 internetes kiadv\u00e1nyban:<\/b> P. Herman Koneberg, A kegyelmes kisded J\u00e9zus a pr\u00e1gai Gy\u0151zelmes Sz\u0171zanya templom\u00e1ban \u00e9s im\u00e1d\u00e1sa, gy\u00e1szjelent\u00e9s P. Hyacint \u0160ega, Ljubljana: Ferences kolostor, 1898, 125. o.\t\t\t\t\t\t\t\t<\/div>\n\t\t\t\t<\/div>\n\t\t\t\t\t<\/div>\n\t\t<\/div>\n\t\t\t\t\t<\/div>\n\t\t<\/section>\n\t\t\t\t<section class=\"elementor-section elementor-top-section elementor-element elementor-element-396fbc3 elementor-section-boxed elementor-section-height-default elementor-section-height-default\" data-id=\"396fbc3\" data-element_type=\"section\" data-settings=\"{&quot;jet_parallax_layout_list&quot;:[]}\">\n\t\t\t\t\t\t<div class=\"elementor-container elementor-column-gap-default\">\n\t\t\t\t\t<div class=\"elementor-column elementor-col-100 elementor-top-column elementor-element elementor-element-3fab4ef\" data-id=\"3fab4ef\" data-element_type=\"column\">\n\t\t\t<div class=\"elementor-widget-wrap elementor-element-populated\">\n\t\t\t\t\t\t<div class=\"elementor-element elementor-element-b944965 elementor-widget__width-initial elementor-widget elementor-widget-spacer\" data-id=\"b944965\" data-element_type=\"widget\" data-widget_type=\"spacer.default\">\n\t\t\t\t<div class=\"elementor-widget-container\">\n\t\t\t\t\t\t\t<div class=\"elementor-spacer\">\n\t\t\t<div class=\"elementor-spacer-inner\"><\/div>\n\t\t<\/div>\n\t\t\t\t\t\t<\/div>\n\t\t\t\t<\/div>\n\t\t\t\t\t<\/div>\n\t\t<\/div>\n\t\t\t\t\t<\/div>\n\t\t<\/section>\n\t\t\t\t<section class=\"elementor-section elementor-top-section elementor-element elementor-element-f0bbddb elementor-section-boxed elementor-section-height-default elementor-section-height-default\" data-id=\"f0bbddb\" data-element_type=\"section\" data-settings=\"{&quot;jet_parallax_layout_list&quot;:[]}\">\n\t\t\t\t\t\t<div class=\"elementor-container elementor-column-gap-default\">\n\t\t\t\t\t<div class=\"elementor-column elementor-col-100 elementor-top-column elementor-element elementor-element-22a0370\" data-id=\"22a0370\" data-element_type=\"column\">\n\t\t\t<div class=\"elementor-widget-wrap elementor-element-populated\">\n\t\t\t\t\t\t<div class=\"elementor-element elementor-element-10c6e5f elementor-widget elementor-widget-heading\" data-id=\"10c6e5f\" data-element_type=\"widget\" data-widget_type=\"heading.default\">\n\t\t\t\t<div class=\"elementor-widget-container\">\n\t\t\t\t\t<h2 class=\"elementor-heading-title elementor-size-default\">\u00c1ltal\u00e1nos a Gyermek J\u00e9zus im\u00e1d\u00e1s\u00e1r\u00f3l<\/h2>\t\t\t\t<\/div>\n\t\t\t\t<\/div>\n\t\t\t\t\t<\/div>\n\t\t<\/div>\n\t\t\t\t\t<\/div>\n\t\t<\/section>\n\t\t\t\t<section class=\"elementor-section elementor-top-section elementor-element elementor-element-ee0b81e elementor-section-boxed elementor-section-height-default elementor-section-height-default\" data-id=\"ee0b81e\" data-element_type=\"section\" data-settings=\"{&quot;jet_parallax_layout_list&quot;:[]}\">\n\t\t\t\t\t\t<div class=\"elementor-container elementor-column-gap-default\">\n\t\t\t\t\t<div class=\"elementor-column elementor-col-100 elementor-top-column elementor-element elementor-element-12711f0\" data-id=\"12711f0\" data-element_type=\"column\">\n\t\t\t<div class=\"elementor-widget-wrap elementor-element-populated\">\n\t\t\t\t\t\t<div class=\"elementor-element elementor-element-b392c2a elementor-widget elementor-widget-jet-carousel\" data-id=\"b392c2a\" data-element_type=\"widget\" data-settings=\"{&quot;slides_to_show&quot;:&quot;1&quot;,&quot;slides_to_show_mobile&quot;:&quot;1&quot;,&quot;slides_to_scroll_mobile&quot;:&quot;1&quot;,&quot;slides_to_scroll&quot;:&quot;1&quot;}\" data-widget_type=\"jet-carousel.default\">\n\t\t\t\t<div class=\"elementor-widget-container\">\n\t\t\t\t\t<div class=\"elementor-jet-carousel jet-elements\"><div class=\"jet-carousel-wrap jet-equal-cols\">\n\t<div class=\"jet-carousel\" data-slider_options=\"{&quot;autoplaySpeed&quot;:5000,&quot;autoplay&quot;:false,&quot;infinite&quot;:true,&quot;centerMode&quot;:false,&quot;centerPadding&quot;:&quot;50px&quot;,&quot;pauseOnHover&quot;:false,&quot;speed&quot;:500,&quot;arrows&quot;:true,&quot;dots&quot;:false,&quot;variableWidth&quot;:false,&quot;prevArrow&quot;:&quot;.jet-carousel__prev-arrow-b392c2a&quot;,&quot;nextArrow&quot;:&quot;.jet-carousel__next-arrow-b392c2a&quot;,&quot;rtl&quot;:false,&quot;fractionNav&quot;:false,&quot;fade&quot;:false}\" dir=\"ltr\">\n\t<div class=\"elementor-slick-slider\">\n\n<div class=\"jet-carousel__item\">\n\t<div class=\"jet-carousel__item-inner\"><div class=\"jet-carousel__content\">\t\t<div data-elementor-type=\"section\" data-elementor-id=\"76561\" class=\"elementor elementor-76561\" data-elementor-post-type=\"elementor_library\">\n\t\t\t\t\t<section class=\"elementor-section elementor-top-section elementor-element elementor-element-310766b6 elementor-section-boxed elementor-section-height-default elementor-section-height-default\" data-id=\"310766b6\" data-element_type=\"section\" data-settings=\"{&quot;jet_parallax_layout_list&quot;:[]}\">\n\t\t\t\t\t\t<div class=\"elementor-container elementor-column-gap-default\">\n\t\t\t\t\t<div class=\"elementor-column elementor-col-50 elementor-top-column elementor-element elementor-element-3fb3e38c\" data-id=\"3fb3e38c\" data-element_type=\"column\">\n\t\t\t<div class=\"elementor-widget-wrap elementor-element-populated\">\n\t\t\t\t\t\t<div class=\"elementor-element elementor-element-29ac359e elementor-widget elementor-widget-image\" data-id=\"29ac359e\" data-element_type=\"widget\" data-widget_type=\"image.default\">\n\t\t\t\t<div class=\"elementor-widget-container\">\n\t\t\t\t\t\t\t\t\t\t\t\t\t\t\t<img fetchpriority=\"high\" decoding=\"async\" width=\"780\" height=\"1024\" src=\"https:\/\/museum-mb.si\/wp-content\/uploads\/2023\/11\/jezuscek-ret-780x1024.jpg\" class=\"attachment-large size-large wp-image-76467\" alt=\"\" srcset=\"https:\/\/museum-mb.si\/wp-content\/uploads\/2023\/11\/jezuscek-ret-780x1024.jpg 780w, https:\/\/museum-mb.si\/wp-content\/uploads\/2023\/11\/jezuscek-ret-229x300.jpg 229w, https:\/\/museum-mb.si\/wp-content\/uploads\/2023\/11\/jezuscek-ret-768x1008.jpg 768w, https:\/\/museum-mb.si\/wp-content\/uploads\/2023\/11\/jezuscek-ret-1170x1536.jpg 1170w, https:\/\/museum-mb.si\/wp-content\/uploads\/2023\/11\/jezuscek-ret-1560x2048.jpg 1560w, https:\/\/museum-mb.si\/wp-content\/uploads\/2023\/11\/jezuscek-ret-9x12.jpg 9w, https:\/\/museum-mb.si\/wp-content\/uploads\/2023\/11\/jezuscek-ret.jpg 1571w\" sizes=\"(max-width: 780px) 100vw, 780px\" \/>\t\t\t\t\t\t\t\t\t\t\t\t\t\t\t<\/div>\n\t\t\t\t<\/div>\n\t\t\t\t\t<\/div>\n\t\t<\/div>\n\t\t\t\t<div class=\"elementor-column elementor-col-50 elementor-top-column elementor-element elementor-element-5e1f5fde\" data-id=\"5e1f5fde\" data-element_type=\"column\">\n\t\t\t<div class=\"elementor-widget-wrap elementor-element-populated\">\n\t\t\t\t\t\t<div class=\"elementor-element elementor-element-6bc9de17 elementor-widget__width-initial elementor-widget elementor-widget-text-editor\" data-id=\"6bc9de17\" data-element_type=\"widget\" data-widget_type=\"text-editor.default\">\n\t\t\t\t<div class=\"elementor-widget-container\">\n\t\t\t\t\t\t\t\t\t<p class=\"p1\">Az \u00e1ll\u00f3 vagy fekv\u0151, eg\u00e9sz alakos figurak\u00e9nt \u00e1br\u00e1zolt gyermek J\u00e9zus tisztelete m\u00e1r a k\u00e9s\u0151 k\u00f6z\u00e9pkorban ismert volt, \u00e9s szellemi gy\u00f6kerei els\u0151sorban a d\u00e9l-n\u00e9metorsz\u00e1gi, ausztriai \u00e9s sv\u00e1jci n\u0151i szeml\u00e9l\u0151d\u0151 rendekb\u0151l erednek. A n\u00e9met nyelvter\u00fcleten a domonkos \u00e9s ciszterci n\u0151k j\u00e1tszott\u00e1k a kisded J\u00e9zus im\u00e1d\u00e1s\u00e1nak terjeszt\u0151i \u00e9s f\u00e1radhatatlan n\u00e9pszer\u0171s\u00edt\u0151i szerep\u00e9t. N\u00e9h\u00e1ny k\u00fcl\u00f6nleges hajlam\u00fa ap\u00e1c\u00e1nak m\u00e9g misztikus l\u00e1tom\u00e1sai is voltak.<span class=\"Apple-converted-space\">\u00a0<\/span><\/p><p>\u00a0<\/p>\t\t\t\t\t\t\t\t<\/div>\n\t\t\t\t<\/div>\n\t\t\t\t\t<\/div>\n\t\t<\/div>\n\t\t\t\t\t<\/div>\n\t\t<\/section>\n\t\t\t\t<\/div>\n\t\t<\/div><\/div>\n<\/div>\n\n<div class=\"jet-carousel__item\">\n\t<div class=\"jet-carousel__item-inner\"><div class=\"jet-carousel__content\">\t\t<div data-elementor-type=\"section\" data-elementor-id=\"76574\" class=\"elementor elementor-76574\" data-elementor-post-type=\"elementor_library\">\n\t\t\t\t\t<section class=\"elementor-section elementor-top-section elementor-element elementor-element-63c85415 elementor-section-boxed elementor-section-height-default elementor-section-height-default\" data-id=\"63c85415\" data-element_type=\"section\" data-settings=\"{&quot;jet_parallax_layout_list&quot;:[]}\">\n\t\t\t\t\t\t<div class=\"elementor-container elementor-column-gap-default\">\n\t\t\t\t\t<div class=\"elementor-column elementor-col-50 elementor-top-column elementor-element elementor-element-5f7b8cd0\" data-id=\"5f7b8cd0\" data-element_type=\"column\">\n\t\t\t<div class=\"elementor-widget-wrap elementor-element-populated\">\n\t\t\t\t\t\t<div class=\"elementor-element elementor-element-2bf043af elementor-widget elementor-widget-image\" data-id=\"2bf043af\" data-element_type=\"widget\" data-widget_type=\"image.default\">\n\t\t\t\t<div class=\"elementor-widget-container\">\n\t\t\t\t\t\t\t\t\t\t\t\t\t\t\t<img decoding=\"async\" width=\"800\" height=\"519\" src=\"https:\/\/museum-mb.si\/wp-content\/uploads\/2023\/11\/1.-sklop-foto-2-1024x664.jpg\" class=\"attachment-large size-large wp-image-76469\" alt=\"\" srcset=\"https:\/\/museum-mb.si\/wp-content\/uploads\/2023\/11\/1.-sklop-foto-2-1024x664.jpg 1024w, https:\/\/museum-mb.si\/wp-content\/uploads\/2023\/11\/1.-sklop-foto-2-300x195.jpg 300w, https:\/\/museum-mb.si\/wp-content\/uploads\/2023\/11\/1.-sklop-foto-2-768x498.jpg 768w, https:\/\/museum-mb.si\/wp-content\/uploads\/2023\/11\/1.-sklop-foto-2-1536x996.jpg 1536w, https:\/\/museum-mb.si\/wp-content\/uploads\/2023\/11\/1.-sklop-foto-2-2048x1328.jpg 2048w, https:\/\/museum-mb.si\/wp-content\/uploads\/2023\/11\/1.-sklop-foto-2-18x12.jpg 18w\" sizes=\"(max-width: 800px) 100vw, 800px\" \/>\t\t\t\t\t\t\t\t\t\t\t\t\t\t\t<\/div>\n\t\t\t\t<\/div>\n\t\t\t\t<div class=\"elementor-element elementor-element-11f6a15c elementor-widget__width-initial elementor-widget elementor-widget-text-editor\" data-id=\"11f6a15c\" data-element_type=\"widget\" data-widget_type=\"text-editor.default\">\n\t\t\t\t<div class=\"elementor-widget-container\">\n\t\t\t\t\t\t\t\t\t<p>Fekv\u0151 J\u00e9zuska (Fatschenkind, Bambino di Aracoeli t\u00edpus), 19. sz\u00e1zad eleje, viasz, sz\u00f6vet, haj, f\u00e9m, fa, \u00fcveg, hossza 40 cm, inv. no. SVM 3066.<\/p>\t\t\t\t\t\t\t\t<\/div>\n\t\t\t\t<\/div>\n\t\t\t\t\t<\/div>\n\t\t<\/div>\n\t\t\t\t<div class=\"elementor-column elementor-col-50 elementor-top-column elementor-element elementor-element-6c23f97f\" data-id=\"6c23f97f\" data-element_type=\"column\">\n\t\t\t<div class=\"elementor-widget-wrap elementor-element-populated\">\n\t\t\t\t\t\t<div class=\"elementor-element elementor-element-801a858 elementor-widget__width-initial elementor-widget elementor-widget-text-editor\" data-id=\"801a858\" data-element_type=\"widget\" data-widget_type=\"text-editor.default\">\n\t\t\t\t<div class=\"elementor-widget-container\">\n\t\t\t\t\t\t\t\t\t<p class=\"p1\">Annak \u00e9rdek\u00e9ben, hogy a h\u00edv\u0151kh\u00f6z k\u00f6zelebb hozz\u00e1k a Gyermek J\u00e9zus im\u00e1dat\u00e1t, egyre t\u00f6bb gyermekszobrot helyeztek el az olt\u00e1rokon - p\u00e9ld\u00e1ul a kolostortemplomokban kar\u00e1csonykor a fekv\u0151 helyzetben l\u00e9v\u0151 Kisj\u00e9zust. A renesz\u00e1nsz vir\u00e1gz\u00e1s\u00e1val a Kisded J\u00e9zust \u00e1br\u00e1zol\u00f3 szobrok sz\u00e1ma egyre n\u0151tt: nemcsak f\u00e1b\u00f3l \u00e9s festve, hanem k\u00e9s\u0151bb bronzb\u00f3l, viaszb\u00f3l \u00f6nt\u00f6tt\u00e9k, elef\u00e1ntcsontb\u00f3l, porcel\u00e1nb\u00f3l, pap\u00edrmas\u00e9b\u00f3l (papier-mache) vagy szorosan \u00f6sszetekert sz\u00f6vetb\u0151l form\u00e1lt\u00e1k \u0151ket. A figurak\u00e9sz\u00edt\u00e9s k\u00f6zpontja Hollandi\u00e1b\u00f3l Olaszorsz\u00e1gba, Spanyolorsz\u00e1gba \u00e9s Portug\u00e1li\u00e1ba ker\u00fclt, ahonnan a legt\u00f6bb kisebb-nagyobb figura ma is sz\u00e1rmazik.<span class=\"Apple-converted-space\">\u00a0<\/span><\/p><p class=\"p1\">Olaszorsz\u00e1gban a legh\u00edresebb szobor a \u00bbBambino di Aracoeli\u00ab, amelyet az azonos nev\u0171 r\u00f3mai templomban tisztelnek, \u00e9s amely a kis J\u00e9zust p\u00f3ly\u00e1ba bugyol\u00e1lt csecsem\u0151k\u00e9nt \u00e1br\u00e1zolja, nem fekve, hanem \u00e1llva. A szobor f\u00e1b\u00f3l k\u00e9sz\u00fclt.<span class=\"Apple-converted-space\">\u00a0<\/span><\/p>\t\t\t\t\t\t\t\t<\/div>\n\t\t\t\t<\/div>\n\t\t\t\t\t<\/div>\n\t\t<\/div>\n\t\t\t\t\t<\/div>\n\t\t<\/section>\n\t\t\t\t<\/div>\n\t\t<\/div><\/div>\n<\/div>\n\n<div class=\"jet-carousel__item\">\n\t<div class=\"jet-carousel__item-inner\"><div class=\"jet-carousel__content\">\t\t<div data-elementor-type=\"section\" data-elementor-id=\"76590\" class=\"elementor elementor-76590\" data-elementor-post-type=\"elementor_library\">\n\t\t\t\t\t<section class=\"elementor-section elementor-top-section elementor-element elementor-element-4b4fe34c elementor-section-boxed elementor-section-height-default elementor-section-height-default\" data-id=\"4b4fe34c\" data-element_type=\"section\" data-settings=\"{&quot;jet_parallax_layout_list&quot;:[]}\">\n\t\t\t\t\t\t<div class=\"elementor-container elementor-column-gap-default\">\n\t\t\t\t\t<div class=\"elementor-column elementor-col-50 elementor-top-column elementor-element elementor-element-3aa1430c\" data-id=\"3aa1430c\" data-element_type=\"column\">\n\t\t\t<div class=\"elementor-widget-wrap elementor-element-populated\">\n\t\t\t\t\t\t<div class=\"elementor-element elementor-element-4b8fb8c9 elementor-widget elementor-widget-image\" data-id=\"4b8fb8c9\" data-element_type=\"widget\" data-widget_type=\"image.default\">\n\t\t\t\t<div class=\"elementor-widget-container\">\n\t\t\t\t\t\t\t\t\t\t\t\t\t\t\t<img decoding=\"async\" width=\"768\" height=\"1024\" src=\"https:\/\/museum-mb.si\/wp-content\/uploads\/2023\/11\/1.-sklop-foto-3-768x1024.jpg\" class=\"attachment-large size-large wp-image-76470\" alt=\"\" srcset=\"https:\/\/museum-mb.si\/wp-content\/uploads\/2023\/11\/1.-sklop-foto-3-768x1024.jpg 768w, https:\/\/museum-mb.si\/wp-content\/uploads\/2023\/11\/1.-sklop-foto-3-225x300.jpg 225w, https:\/\/museum-mb.si\/wp-content\/uploads\/2023\/11\/1.-sklop-foto-3-1152x1536.jpg 1152w, https:\/\/museum-mb.si\/wp-content\/uploads\/2023\/11\/1.-sklop-foto-3-1536x2048.jpg 1536w, https:\/\/museum-mb.si\/wp-content\/uploads\/2023\/11\/1.-sklop-foto-3-9x12.jpg 9w, https:\/\/museum-mb.si\/wp-content\/uploads\/2023\/11\/1.-sklop-foto-3.jpg 1704w\" sizes=\"(max-width: 768px) 100vw, 768px\" \/>\t\t\t\t\t\t\t\t\t\t\t\t\t\t\t<\/div>\n\t\t\t\t<\/div>\n\t\t\t\t<div class=\"elementor-element elementor-element-1eae40e6 elementor-widget__width-initial elementor-widget elementor-widget-text-editor\" data-id=\"1eae40e6\" data-element_type=\"widget\" data-widget_type=\"text-editor.default\">\n\t\t\t\t<div class=\"elementor-widget-container\">\n\t\t\t\t\t\t\t\t\t<p class=\"p1\">A pr\u00e1gai Kis J\u00e9zus a pr\u00e1gai karmelita templom olt\u00e1r\u00e1n, fot\u00f3: Marko Frelih<\/p>\t\t\t\t\t\t\t\t<\/div>\n\t\t\t\t<\/div>\n\t\t\t\t\t<\/div>\n\t\t<\/div>\n\t\t\t\t<div class=\"elementor-column elementor-col-50 elementor-top-column elementor-element elementor-element-3d797734\" data-id=\"3d797734\" data-element_type=\"column\">\n\t\t\t<div class=\"elementor-widget-wrap elementor-element-populated\">\n\t\t\t\t\t\t<div class=\"elementor-element elementor-element-35a15da5 elementor-widget__width-initial elementor-widget elementor-widget-text-editor\" data-id=\"35a15da5\" data-element_type=\"widget\" data-widget_type=\"text-editor.default\">\n\t\t\t\t<div class=\"elementor-widget-container\">\n\t\t\t\t\t\t\t\t\t<p class=\"p1\">A 17. \u00e9s 18. sz\u00e1zadban a kis J\u00e9zus tisztelete szinte minden k\u00f6z\u00e9p-eur\u00f3pai orsz\u00e1gban elterjedt volt, m\u00e9g a kolostorokon k\u00edv\u00fcl is. Sz\u00e1mos zar\u00e1ndokk\u00f6zpontban sok h\u00edv\u0151 fordult a Gyermek k\u00fcl\u00f6nb\u00f6z\u0151 \u00e1br\u00e1zol\u00e1saihoz seg\u00edts\u00e9g\u00e9rt, \u00e9s m\u00e9g az eur\u00f3pai uralkod\u00f3k is a Kegyelem Kisj\u00e9zusa el\u00e9 helyezt\u00e9k rem\u00e9nyeiket \u00e9s aj\u00e1nd\u00e9kaikat, amelyet a 17. sz\u00e1zadt\u00f3l kezdve a pr\u00e1gai karmelit\u00e1k \u0151riztek.<span class=\"Apple-converted-space\">\u00a0<\/span><\/p>\t\t\t\t\t\t\t\t<\/div>\n\t\t\t\t<\/div>\n\t\t\t\t\t<\/div>\n\t\t<\/div>\n\t\t\t\t\t<\/div>\n\t\t<\/section>\n\t\t\t\t<\/div>\n\t\t<\/div><\/div>\n<\/div>\n\n<div class=\"jet-carousel__item\">\n\t<div class=\"jet-carousel__item-inner\"><div class=\"jet-carousel__content\">\t\t<div data-elementor-type=\"section\" data-elementor-id=\"76603\" class=\"elementor elementor-76603\" data-elementor-post-type=\"elementor_library\">\n\t\t\t\t\t<section class=\"elementor-section elementor-top-section elementor-element elementor-element-1ede730f elementor-section-boxed elementor-section-height-default elementor-section-height-default\" data-id=\"1ede730f\" data-element_type=\"section\" data-settings=\"{&quot;jet_parallax_layout_list&quot;:[]}\">\n\t\t\t\t\t\t<div class=\"elementor-container elementor-column-gap-default\">\n\t\t\t\t\t<div class=\"elementor-column elementor-col-100 elementor-top-column elementor-element elementor-element-3de45ef3\" data-id=\"3de45ef3\" data-element_type=\"column\">\n\t\t\t<div class=\"elementor-widget-wrap elementor-element-populated\">\n\t\t\t\t\t\t<div class=\"elementor-element elementor-element-24408ae elementor-widget elementor-widget-image\" data-id=\"24408ae\" data-element_type=\"widget\" data-widget_type=\"image.default\">\n\t\t\t\t<div class=\"elementor-widget-container\">\n\t\t\t\t\t\t\t\t\t\t\t\t\t\t\t<img loading=\"lazy\" decoding=\"async\" width=\"768\" height=\"1024\" src=\"https:\/\/museum-mb.si\/wp-content\/uploads\/2023\/11\/1.-sklop-foto-4-768x1024.jpg\" class=\"attachment-large size-large wp-image-76471\" alt=\"\" srcset=\"https:\/\/museum-mb.si\/wp-content\/uploads\/2023\/11\/1.-sklop-foto-4-768x1024.jpg 768w, https:\/\/museum-mb.si\/wp-content\/uploads\/2023\/11\/1.-sklop-foto-4-225x300.jpg 225w, https:\/\/museum-mb.si\/wp-content\/uploads\/2023\/11\/1.-sklop-foto-4-1152x1536.jpg 1152w, https:\/\/museum-mb.si\/wp-content\/uploads\/2023\/11\/1.-sklop-foto-4-1536x2048.jpg 1536w, https:\/\/museum-mb.si\/wp-content\/uploads\/2023\/11\/1.-sklop-foto-4-9x12.jpg 9w, https:\/\/museum-mb.si\/wp-content\/uploads\/2023\/11\/1.-sklop-foto-4.jpg 1704w\" sizes=\"(max-width: 768px) 100vw, 768px\" \/>\t\t\t\t\t\t\t\t\t\t\t\t\t\t\t<\/div>\n\t\t\t\t<\/div>\n\t\t\t\t<div class=\"elementor-element elementor-element-2f8cf638 elementor-widget__width-initial elementor-widget elementor-widget-text-editor\" data-id=\"2f8cf638\" data-element_type=\"widget\" data-widget_type=\"text-editor.default\">\n\t\t\t\t<div class=\"elementor-widget-container\">\n\t\t\t\t\t\t\t\t\t<p class=\"p1\">A pr\u00e1gai Kis J\u00e9zus az olt\u00e1ron a pr\u00e1gai karmelita templomban, r\u00e9szlet, fot\u00f3 Marko Frelih<\/p>\t\t\t\t\t\t\t\t<\/div>\n\t\t\t\t<\/div>\n\t\t\t\t\t<\/div>\n\t\t<\/div>\n\t\t\t\t\t<\/div>\n\t\t<\/section>\n\t\t\t\t<\/div>\n\t\t<\/div><\/div>\n<\/div>\n<\/div><div class=\"jet-carousel__prev-arrow-b392c2a jet-arrow prev-arrow\"><i aria-hidden=\"true\" class=\"fas fa-angle-left\"><\/i><\/div><div class=\"jet-carousel__next-arrow-b392c2a jet-arrow next-arrow\"><i aria-hidden=\"true\" class=\"fas fa-angle-right\"><\/i><\/div><\/div>\n<\/div>\n<\/div>\t\t\t\t<\/div>\n\t\t\t\t<\/div>\n\t\t\t\t\t<\/div>\n\t\t<\/div>\n\t\t\t\t\t<\/div>\n\t\t<\/section>\n\t\t\t\t<\/div>","protected":false},"featured_media":76467,"template":"","vrsta":[45],"class_list":["post-76519","razstave","type-razstave","status-publish","has-post-thumbnail","hentry","vrsta-jesulus"],"yoast_head":"<!-- This site is optimized with the Yoast SEO plugin v27.5 - https:\/\/yoast.com\/product\/yoast-seo-wordpress\/ -->\n<title>SPLO\u0160NO O \u010cE\u0160\u010cENJU DETETA JEZUSA &#8211; Pokrajinski muzej Maribor<\/title>\n<meta name=\"robots\" content=\"index, follow, max-snippet:-1, max-image-preview:large, max-video-preview:-1\" \/>\n<link rel=\"canonical\" href=\"https:\/\/museum-mb.si\/hu\/kiallitasok\/beszamolo-a-gyermek-jezus-atlenyeguleserol\/\" \/>\n<meta property=\"og:locale\" content=\"hu_HU\" \/>\n<meta property=\"og:type\" content=\"article\" \/>\n<meta property=\"og:title\" content=\"SPLO\u0160NO O \u010cE\u0160\u010cENJU DETETA JEZUSA &#8211; Pokrajinski muzej Maribor\" \/>\n<meta property=\"og:description\" content=\"RAZISKUJ JESULUS PRAGENSIS: PRA\u0160KI JEZU\u0160\u010cEK IN DRUGE VO\u0160\u010cENE FIGURE IZ MUZEJA KR\u0160\u010cANSTVA NA SLOVENSKEM Pro\u0161nja za Jezu\u0161\u010dkov blagoslov \u00bbO, ljubi, milostni Jezu\u0161\u010dek, ki v levici dr\u017ei\u0161 celi svet, z desnico pa blagoslavlja\u0161, blagoslovi tudi mene, blagoslovi vse, zlasti pa to \u2026, za kar te posebno prosim. Hvale\u017een ti bom za to in ti obljubim zvestobo [&hellip;]\" \/>\n<meta property=\"og:url\" content=\"https:\/\/museum-mb.si\/hu\/kiallitasok\/beszamolo-a-gyermek-jezus-atlenyeguleserol\/\" \/>\n<meta property=\"og:site_name\" content=\"Pokrajinski muzej Maribor\" \/>\n<meta property=\"article:publisher\" content=\"https:\/\/www.facebook.com\/pomum123\" \/>\n<meta property=\"article:modified_time\" content=\"2023-11-14T20:44:42+00:00\" \/>\n<meta property=\"og:image\" content=\"https:\/\/museum-mb.si\/wp-content\/uploads\/2023\/11\/jezuscek-ret.jpg\" \/>\n\t<meta property=\"og:image:width\" content=\"1571\" \/>\n\t<meta property=\"og:image:height\" content=\"2062\" \/>\n\t<meta property=\"og:image:type\" content=\"image\/jpeg\" \/>\n<meta name=\"twitter:card\" content=\"summary_large_image\" \/>\n<meta name=\"twitter:label1\" content=\"Becs\u00fclt olvas\u00e1si id\u0151\" \/>\n\t<meta name=\"twitter:data1\" content=\"2 perc\" \/>\n<script type=\"application\/ld+json\" class=\"yoast-schema-graph\">{\"@context\":\"https:\\\/\\\/schema.org\",\"@graph\":[{\"@type\":\"WebPage\",\"@id\":\"https:\\\/\\\/museum-mb.si\\\/razstave\\\/splosno-o-cescenju-deteta-jezusa\\\/\",\"url\":\"https:\\\/\\\/museum-mb.si\\\/razstave\\\/splosno-o-cescenju-deteta-jezusa\\\/\",\"name\":\"SPLO\u0160NO O \u010cE\u0160\u010cENJU DETETA JEZUSA &#8211; Pokrajinski muzej Maribor\",\"isPartOf\":{\"@id\":\"https:\\\/\\\/museum-mb.si\\\/#website\"},\"primaryImageOfPage\":{\"@id\":\"https:\\\/\\\/museum-mb.si\\\/razstave\\\/splosno-o-cescenju-deteta-jezusa\\\/#primaryimage\"},\"image\":{\"@id\":\"https:\\\/\\\/museum-mb.si\\\/razstave\\\/splosno-o-cescenju-deteta-jezusa\\\/#primaryimage\"},\"thumbnailUrl\":\"https:\\\/\\\/museum-mb.si\\\/wp-content\\\/uploads\\\/2023\\\/11\\\/jezuscek-ret.jpg\",\"datePublished\":\"2023-11-14T19:42:46+00:00\",\"dateModified\":\"2023-11-14T20:44:42+00:00\",\"breadcrumb\":{\"@id\":\"https:\\\/\\\/museum-mb.si\\\/razstave\\\/splosno-o-cescenju-deteta-jezusa\\\/#breadcrumb\"},\"inLanguage\":\"hu\",\"potentialAction\":[{\"@type\":\"ReadAction\",\"target\":[\"https:\\\/\\\/museum-mb.si\\\/razstave\\\/splosno-o-cescenju-deteta-jezusa\\\/\"]}]},{\"@type\":\"ImageObject\",\"inLanguage\":\"hu\",\"@id\":\"https:\\\/\\\/museum-mb.si\\\/razstave\\\/splosno-o-cescenju-deteta-jezusa\\\/#primaryimage\",\"url\":\"https:\\\/\\\/museum-mb.si\\\/wp-content\\\/uploads\\\/2023\\\/11\\\/jezuscek-ret.jpg\",\"contentUrl\":\"https:\\\/\\\/museum-mb.si\\\/wp-content\\\/uploads\\\/2023\\\/11\\\/jezuscek-ret.jpg\",\"width\":1571,\"height\":2062},{\"@type\":\"BreadcrumbList\",\"@id\":\"https:\\\/\\\/museum-mb.si\\\/razstave\\\/splosno-o-cescenju-deteta-jezusa\\\/#breadcrumb\",\"itemListElement\":[{\"@type\":\"ListItem\",\"position\":1,\"name\":\"Domov\",\"item\":\"https:\\\/\\\/museum-mb.si\\\/\"},{\"@type\":\"ListItem\",\"position\":2,\"name\":\"Razstave\",\"item\":\"https:\\\/\\\/museum-mb.si\\\/razstave\\\/\"},{\"@type\":\"ListItem\",\"position\":3,\"name\":\"SPLO\u0160NO O \u010cE\u0160\u010cENJU DETETA JEZUSA\"}]},{\"@type\":\"WebSite\",\"@id\":\"https:\\\/\\\/museum-mb.si\\\/#website\",\"url\":\"https:\\\/\\\/museum-mb.si\\\/\",\"name\":\"Pokrajinski muzej Maribor\",\"description\":\"\",\"publisher\":{\"@id\":\"https:\\\/\\\/museum-mb.si\\\/#organization\"},\"potentialAction\":[{\"@type\":\"SearchAction\",\"target\":{\"@type\":\"EntryPoint\",\"urlTemplate\":\"https:\\\/\\\/museum-mb.si\\\/?s={search_term_string}\"},\"query-input\":{\"@type\":\"PropertyValueSpecification\",\"valueRequired\":true,\"valueName\":\"search_term_string\"}}],\"inLanguage\":\"hu\"},{\"@type\":\"Organization\",\"@id\":\"https:\\\/\\\/museum-mb.si\\\/#organization\",\"name\":\"Pokrajinski muzej Maribor\",\"url\":\"https:\\\/\\\/museum-mb.si\\\/\",\"logo\":{\"@type\":\"ImageObject\",\"inLanguage\":\"hu\",\"@id\":\"https:\\\/\\\/museum-mb.si\\\/#\\\/schema\\\/logo\\\/image\\\/\",\"url\":\"https:\\\/\\\/museum-mb.si\\\/wp-content\\\/uploads\\\/2024\\\/12\\\/pmm_logo_barvni_jpeg.jpg\",\"contentUrl\":\"https:\\\/\\\/museum-mb.si\\\/wp-content\\\/uploads\\\/2024\\\/12\\\/pmm_logo_barvni_jpeg.jpg\",\"width\":758,\"height\":754,\"caption\":\"Pokrajinski muzej Maribor\"},\"image\":{\"@id\":\"https:\\\/\\\/museum-mb.si\\\/#\\\/schema\\\/logo\\\/image\\\/\"},\"sameAs\":[\"https:\\\/\\\/www.facebook.com\\\/pomum123\",\"https:\\\/\\\/www.instagram.com\\\/maribor_museum\\\/\",\"https:\\\/\\\/www.youtube.com\\\/channel\\\/UCdshtCrun841Oc-35tYLBGQ\"]}]}<\/script>\n<!-- \/ Yoast SEO plugin. -->","yoast_head_json":{"title":"SPLO\u0160NO O \u010cE\u0160\u010cENJU DETETA JEZUSA &#8211; Pokrajinski muzej Maribor","robots":{"index":"index","follow":"follow","max-snippet":"max-snippet:-1","max-image-preview":"max-image-preview:large","max-video-preview":"max-video-preview:-1"},"canonical":"https:\/\/museum-mb.si\/hu\/kiallitasok\/beszamolo-a-gyermek-jezus-atlenyeguleserol\/","og_locale":"hu_HU","og_type":"article","og_title":"SPLO\u0160NO O \u010cE\u0160\u010cENJU DETETA JEZUSA &#8211; Pokrajinski muzej Maribor","og_description":"RAZISKUJ JESULUS PRAGENSIS: PRA\u0160KI JEZU\u0160\u010cEK IN DRUGE VO\u0160\u010cENE FIGURE IZ MUZEJA KR\u0160\u010cANSTVA NA SLOVENSKEM Pro\u0161nja za Jezu\u0161\u010dkov blagoslov \u00bbO, ljubi, milostni Jezu\u0161\u010dek, ki v levici dr\u017ei\u0161 celi svet, z desnico pa blagoslavlja\u0161, blagoslovi tudi mene, blagoslovi vse, zlasti pa to \u2026, za kar te posebno prosim. Hvale\u017een ti bom za to in ti obljubim zvestobo [&hellip;]","og_url":"https:\/\/museum-mb.si\/hu\/kiallitasok\/beszamolo-a-gyermek-jezus-atlenyeguleserol\/","og_site_name":"Pokrajinski muzej Maribor","article_publisher":"https:\/\/www.facebook.com\/pomum123","article_modified_time":"2023-11-14T20:44:42+00:00","og_image":[{"width":1571,"height":2062,"url":"https:\/\/museum-mb.si\/wp-content\/uploads\/2023\/11\/jezuscek-ret.jpg","type":"image\/jpeg"}],"twitter_card":"summary_large_image","twitter_misc":{"Becs\u00fclt olvas\u00e1si id\u0151":"2 perc"},"schema":{"@context":"https:\/\/schema.org","@graph":[{"@type":"WebPage","@id":"https:\/\/museum-mb.si\/razstave\/splosno-o-cescenju-deteta-jezusa\/","url":"https:\/\/museum-mb.si\/razstave\/splosno-o-cescenju-deteta-jezusa\/","name":"SPLO\u0160NO O \u010cE\u0160\u010cENJU DETETA JEZUSA &#8211; Pokrajinski muzej Maribor","isPartOf":{"@id":"https:\/\/museum-mb.si\/#website"},"primaryImageOfPage":{"@id":"https:\/\/museum-mb.si\/razstave\/splosno-o-cescenju-deteta-jezusa\/#primaryimage"},"image":{"@id":"https:\/\/museum-mb.si\/razstave\/splosno-o-cescenju-deteta-jezusa\/#primaryimage"},"thumbnailUrl":"https:\/\/museum-mb.si\/wp-content\/uploads\/2023\/11\/jezuscek-ret.jpg","datePublished":"2023-11-14T19:42:46+00:00","dateModified":"2023-11-14T20:44:42+00:00","breadcrumb":{"@id":"https:\/\/museum-mb.si\/razstave\/splosno-o-cescenju-deteta-jezusa\/#breadcrumb"},"inLanguage":"hu","potentialAction":[{"@type":"ReadAction","target":["https:\/\/museum-mb.si\/razstave\/splosno-o-cescenju-deteta-jezusa\/"]}]},{"@type":"ImageObject","inLanguage":"hu","@id":"https:\/\/museum-mb.si\/razstave\/splosno-o-cescenju-deteta-jezusa\/#primaryimage","url":"https:\/\/museum-mb.si\/wp-content\/uploads\/2023\/11\/jezuscek-ret.jpg","contentUrl":"https:\/\/museum-mb.si\/wp-content\/uploads\/2023\/11\/jezuscek-ret.jpg","width":1571,"height":2062},{"@type":"BreadcrumbList","@id":"https:\/\/museum-mb.si\/razstave\/splosno-o-cescenju-deteta-jezusa\/#breadcrumb","itemListElement":[{"@type":"ListItem","position":1,"name":"Domov","item":"https:\/\/museum-mb.si\/"},{"@type":"ListItem","position":2,"name":"Razstave","item":"https:\/\/museum-mb.si\/razstave\/"},{"@type":"ListItem","position":3,"name":"SPLO\u0160NO O \u010cE\u0160\u010cENJU DETETA JEZUSA"}]},{"@type":"WebSite","@id":"https:\/\/museum-mb.si\/#website","url":"https:\/\/museum-mb.si\/","name":"Maribori Region\u00e1lis M\u00fazeum","description":"","publisher":{"@id":"https:\/\/museum-mb.si\/#organization"},"potentialAction":[{"@type":"SearchAction","target":{"@type":"EntryPoint","urlTemplate":"https:\/\/museum-mb.si\/?s={search_term_string}"},"query-input":{"@type":"PropertyValueSpecification","valueRequired":true,"valueName":"search_term_string"}}],"inLanguage":"hu"},{"@type":"Organization","@id":"https:\/\/museum-mb.si\/#organization","name":"Maribori Region\u00e1lis M\u00fazeum","url":"https:\/\/museum-mb.si\/","logo":{"@type":"ImageObject","inLanguage":"hu","@id":"https:\/\/museum-mb.si\/#\/schema\/logo\/image\/","url":"https:\/\/museum-mb.si\/wp-content\/uploads\/2024\/12\/pmm_logo_barvni_jpeg.jpg","contentUrl":"https:\/\/museum-mb.si\/wp-content\/uploads\/2024\/12\/pmm_logo_barvni_jpeg.jpg","width":758,"height":754,"caption":"Pokrajinski muzej Maribor"},"image":{"@id":"https:\/\/museum-mb.si\/#\/schema\/logo\/image\/"},"sameAs":["https:\/\/www.facebook.com\/pomum123","https:\/\/www.instagram.com\/maribor_museum\/","https:\/\/www.youtube.com\/channel\/UCdshtCrun841Oc-35tYLBGQ"]}]}},"_links":{"self":[{"href":"https:\/\/museum-mb.si\/hu\/wp-json\/wp\/v2\/razstave\/76519","targetHints":{"allow":["GET"]}}],"collection":[{"href":"https:\/\/museum-mb.si\/hu\/wp-json\/wp\/v2\/razstave"}],"about":[{"href":"https:\/\/museum-mb.si\/hu\/wp-json\/wp\/v2\/types\/razstave"}],"version-history":[{"count":17,"href":"https:\/\/museum-mb.si\/hu\/wp-json\/wp\/v2\/razstave\/76519\/revisions"}],"predecessor-version":[{"id":76758,"href":"https:\/\/museum-mb.si\/hu\/wp-json\/wp\/v2\/razstave\/76519\/revisions\/76758"}],"wp:featuredmedia":[{"embeddable":true,"href":"https:\/\/museum-mb.si\/hu\/wp-json\/wp\/v2\/media\/76467"}],"wp:attachment":[{"href":"https:\/\/museum-mb.si\/hu\/wp-json\/wp\/v2\/media?parent=76519"}],"wp:term":[{"taxonomy":"vrsta","embeddable":true,"href":"https:\/\/museum-mb.si\/hu\/wp-json\/wp\/v2\/vrsta?post=76519"}],"curies":[{"name":"wp","href":"https:\/\/api.w.org\/{rel}","templated":true}]}}