{"id":76165,"date":"2023-09-12T11:28:32","date_gmt":"2023-09-12T10:28:32","guid":{"rendered":"https:\/\/museum-mb.si\/?post_type=razstave&#038;p=76165"},"modified":"2023-09-14T08:02:19","modified_gmt":"2023-09-14T07:02:19","slug":"egyetemi-konyvtar-maribor","status":"publish","type":"razstave","link":"https:\/\/museum-mb.si\/hu\/kiallitasok\/egyetemi-konyvtar-maribor\/","title":{"rendered":"MARIBORI EGYETEMI K\u00d6NYVT\u00c1R"},"content":{"rendered":"<div data-elementor-type=\"wp-post\" data-elementor-id=\"76165\" class=\"elementor elementor-76165\" data-elementor-post-type=\"razstave\">\n\t\t\t\t\t\t<section class=\"elementor-section elementor-top-section elementor-element elementor-element-22437b3 elementor-section-height-min-height elementor-section-stretched elementor-section-boxed elementor-section-height-default elementor-section-items-middle\" data-id=\"22437b3\" data-element_type=\"section\" data-settings=\"{&quot;stretch_section&quot;:&quot;section-stretched&quot;,&quot;jet_parallax_layout_list&quot;:[],&quot;background_background&quot;:&quot;classic&quot;}\">\n\t\t\t\t\t\t\t<div class=\"elementor-background-overlay\"><\/div>\n\t\t\t\t\t\t\t<div class=\"elementor-container elementor-column-gap-default\">\n\t\t\t\t\t<div class=\"elementor-column elementor-col-100 elementor-top-column elementor-element elementor-element-44960ac\" data-id=\"44960ac\" data-element_type=\"column\">\n\t\t\t<div class=\"elementor-widget-wrap elementor-element-populated\">\n\t\t\t\t\t\t<div class=\"elementor-element elementor-element-e6b3e10 elementor-widget elementor-widget-text-editor\" data-id=\"e6b3e10\" data-element_type=\"widget\" data-widget_type=\"text-editor.default\">\n\t\t\t\t<div class=\"elementor-widget-container\">\n\t\t\t\t\t\t\t\t\t<p>FELFEDEZ\u00c9S<\/p>\t\t\t\t\t\t\t\t<\/div>\n\t\t\t\t<\/div>\n\t\t\t\t<div class=\"elementor-element elementor-element-05fb2b4 elementor-widget elementor-widget-heading\" data-id=\"05fb2b4\" data-element_type=\"widget\" data-widget_type=\"heading.default\">\n\t\t\t\t<div class=\"elementor-widget-container\">\n\t\t\t\t\t<h2 class=\"elementor-heading-title elementor-size-default\">MAGUNKRA VAGYUNK UTALVA.<\/h2>\t\t\t\t<\/div>\n\t\t\t\t<\/div>\n\t\t\t\t<div class=\"elementor-element elementor-element-f9e0d63 elementor-widget__width-initial elementor-widget elementor-widget-text-editor\" data-id=\"f9e0d63\" data-element_type=\"widget\" data-widget_type=\"text-editor.default\">\n\t\t\t\t<div class=\"elementor-widget-container\">\n\t\t\t\t\t\t\t\t\t<p>Virtu\u00e1lis ki\u00e1ll\u00edt\u00e1ssal <strong>Egyed\u00fcl vagyunk. <\/strong>h\u00e9t olyan f\u00fcggetlen maribori kultur\u00e1lis int\u00e9zm\u00e9nyt mutat be, amelyek gy\u00f6kerei k\u00f6z\u00f6s kezdetekben gy\u00f6kereznek, \u00e9s ma Maribor int\u00e9zm\u00e9nyes kultur\u00e1lis tev\u00e9kenys\u00e9g\u00e9nek gerinc\u00e9t alkotj\u00e1k. A ki\u00e1ll\u00edt\u00e1s a Maribori Region\u00e1lis M\u00fazeum mellett bemutatja a Maribori Egyetemi K\u00f6nyvt\u00e1rat, a Maribori Region\u00e1lis Arch\u00edvumot, a Maribori M\u0171v\u00e9szeti Gal\u00e9ri\u00e1t, a Maribori Nemzeti Felszabad\u00edt\u00e1si M\u00fazeumot, a Maribori Zsinag\u00f3g\u00e1t \u00e9s a Kultur\u00e1lis \u00d6r\u00f6ks\u00e9gv\u00e9delmi Int\u00e9zet Maribori Region\u00e1lis Egys\u00e9g\u00e9t.<\/p>\n<p>A Mi magunk megy\u00fcnk c\u00edm\u0171 ki\u00e1ll\u00edt\u00e1s a Maribori Region\u00e1lis M\u00fazeum 120. \u00e9vfordul\u00f3j\u00e1nak meg\u00fcnnepl\u00e9s\u00e9re j\u00f6tt l\u00e9tre az azonos nev\u0171 projekt r\u00e9szek\u00e9nt.<\/p>\n<gwmw style=\"display:none;\"><\/gwmw>\t\t\t\t\t\t\t\t<\/div>\n\t\t\t\t<\/div>\n\t\t\t\t\t<\/div>\n\t\t<\/div>\n\t\t\t\t\t<\/div>\n\t\t<\/section>\n\t\t\t\t<section class=\"elementor-section elementor-top-section elementor-element elementor-element-6f0ebb7 elementor-section-boxed elementor-section-height-default elementor-section-height-default\" data-id=\"6f0ebb7\" data-element_type=\"section\" data-settings=\"{&quot;jet_parallax_layout_list&quot;:[]}\">\n\t\t\t\t\t\t<div class=\"elementor-container elementor-column-gap-default\">\n\t\t\t\t\t<div class=\"elementor-column elementor-col-100 elementor-top-column elementor-element elementor-element-064f188\" data-id=\"064f188\" data-element_type=\"column\">\n\t\t\t<div class=\"elementor-widget-wrap elementor-element-populated\">\n\t\t\t\t\t\t<div class=\"elementor-element elementor-element-67a7e61 elementor-widget__width-initial elementor-widget elementor-widget-spacer\" data-id=\"67a7e61\" data-element_type=\"widget\" data-widget_type=\"spacer.default\">\n\t\t\t\t<div class=\"elementor-widget-container\">\n\t\t\t\t\t\t\t<div class=\"elementor-spacer\">\n\t\t\t<div class=\"elementor-spacer-inner\"><\/div>\n\t\t<\/div>\n\t\t\t\t\t\t<\/div>\n\t\t\t\t<\/div>\n\t\t\t\t\t<\/div>\n\t\t<\/div>\n\t\t\t\t\t<\/div>\n\t\t<\/section>\n\t\t\t\t<section class=\"elementor-section elementor-top-section elementor-element elementor-element-4aa99a1 elementor-section-boxed elementor-section-height-default elementor-section-height-default\" data-id=\"4aa99a1\" data-element_type=\"section\" data-settings=\"{&quot;jet_parallax_layout_list&quot;:[]}\">\n\t\t\t\t\t\t<div class=\"elementor-container elementor-column-gap-default\">\n\t\t\t\t\t<div class=\"elementor-column elementor-col-100 elementor-top-column elementor-element elementor-element-6ab73e0\" data-id=\"6ab73e0\" data-element_type=\"column\">\n\t\t\t<div class=\"elementor-widget-wrap elementor-element-populated\">\n\t\t\t\t\t\t<div class=\"elementor-element elementor-element-786d5eb elementor-widget elementor-widget-heading\" data-id=\"786d5eb\" data-element_type=\"widget\" data-widget_type=\"heading.default\">\n\t\t\t\t<div class=\"elementor-widget-container\">\n\t\t\t\t\t<h2 class=\"elementor-heading-title elementor-size-default\">Egyetemi K\u00f6nyvt\u00e1r Maribor<\/h2>\t\t\t\t<\/div>\n\t\t\t\t<\/div>\n\t\t\t\t\t<\/div>\n\t\t<\/div>\n\t\t\t\t\t<\/div>\n\t\t<\/section>\n\t\t\t\t<section class=\"elementor-section elementor-top-section elementor-element elementor-element-1affdb6 elementor-section-boxed elementor-section-height-default elementor-section-height-default\" data-id=\"1affdb6\" data-element_type=\"section\" data-settings=\"{&quot;jet_parallax_layout_list&quot;:[]}\">\n\t\t\t\t\t\t<div class=\"elementor-container elementor-column-gap-default\">\n\t\t\t\t\t<div class=\"elementor-column elementor-col-100 elementor-top-column elementor-element elementor-element-0375a19\" data-id=\"0375a19\" data-element_type=\"column\">\n\t\t\t<div class=\"elementor-widget-wrap elementor-element-populated\">\n\t\t\t\t\t\t<div class=\"elementor-element elementor-element-497e40a elementor-widget elementor-widget-jet-carousel\" data-id=\"497e40a\" data-element_type=\"widget\" data-settings=\"{&quot;slides_to_show&quot;:&quot;1&quot;,&quot;slides_to_show_mobile&quot;:&quot;1&quot;,&quot;slides_to_scroll_mobile&quot;:&quot;1&quot;,&quot;slides_to_scroll&quot;:&quot;1&quot;}\" data-widget_type=\"jet-carousel.default\">\n\t\t\t\t<div class=\"elementor-widget-container\">\n\t\t\t\t\t<div class=\"elementor-jet-carousel jet-elements\"><div class=\"jet-carousel-wrap\">\n\t<div class=\"jet-carousel\" data-slider_options=\"{&quot;autoplaySpeed&quot;:5000,&quot;autoplay&quot;:false,&quot;infinite&quot;:true,&quot;centerMode&quot;:false,&quot;centerPadding&quot;:&quot;50px&quot;,&quot;pauseOnHover&quot;:false,&quot;speed&quot;:500,&quot;arrows&quot;:true,&quot;dots&quot;:false,&quot;variableWidth&quot;:false,&quot;prevArrow&quot;:&quot;.jet-carousel__prev-arrow-497e40a&quot;,&quot;nextArrow&quot;:&quot;.jet-carousel__next-arrow-497e40a&quot;,&quot;rtl&quot;:false,&quot;fractionNav&quot;:false,&quot;fade&quot;:false}\" dir=\"ltr\">\n\t<div class=\"elementor-slick-slider\">\n\n<div class=\"jet-carousel__item\">\n\t<div class=\"jet-carousel__item-inner\"><div class=\"jet-carousel__content\">\t\t<div data-elementor-type=\"section\" data-elementor-id=\"76198\" class=\"elementor elementor-76198\" data-elementor-post-type=\"elementor_library\">\n\t\t\t\t\t<section class=\"elementor-section elementor-top-section elementor-element elementor-element-5212c619 elementor-section-boxed elementor-section-height-default elementor-section-height-default\" data-id=\"5212c619\" data-element_type=\"section\" data-settings=\"{&quot;jet_parallax_layout_list&quot;:[]}\">\n\t\t\t\t\t\t<div class=\"elementor-container elementor-column-gap-default\">\n\t\t\t\t\t<div class=\"elementor-column elementor-col-50 elementor-top-column elementor-element elementor-element-6d7a5416\" data-id=\"6d7a5416\" data-element_type=\"column\">\n\t\t\t<div class=\"elementor-widget-wrap elementor-element-populated\">\n\t\t\t\t\t\t<div class=\"elementor-element elementor-element-7b3b33ed elementor-widget elementor-widget-image\" data-id=\"7b3b33ed\" data-element_type=\"widget\" data-widget_type=\"image.default\">\n\t\t\t\t<div class=\"elementor-widget-container\">\n\t\t\t\t\t\t\t\t\t\t\t\t\t\t\t<img fetchpriority=\"high\" decoding=\"async\" width=\"785\" height=\"768\" src=\"https:\/\/museum-mb.si\/wp-content\/uploads\/2023\/09\/Sklop-2-foto-1.jpg\" class=\"attachment-large size-large wp-image-76166\" alt=\"\" srcset=\"https:\/\/museum-mb.si\/wp-content\/uploads\/2023\/09\/Sklop-2-foto-1.jpg.webp 785w, https:\/\/museum-mb.si\/wp-content\/uploads\/2023\/09\/Sklop-2-foto-1-300x294.jpg.webp 300w, https:\/\/museum-mb.si\/wp-content\/uploads\/2023\/09\/Sklop-2-foto-1-768x751.jpg.webp 768w, https:\/\/museum-mb.si\/wp-content\/uploads\/2023\/09\/Sklop-2-foto-1-12x12.jpg.webp 12w\" sizes=\"(max-width: 785px) 100vw, 785px\" \/>\t\t\t\t\t\t\t\t\t\t\t\t\t\t\t<\/div>\n\t\t\t\t<\/div>\n\t\t\t\t<div class=\"elementor-element elementor-element-65355990 elementor-widget__width-initial elementor-widget elementor-widget-text-editor\" data-id=\"65355990\" data-element_type=\"widget\" data-widget_type=\"text-editor.default\">\n\t\t\t\t<div class=\"elementor-widget-container\">\n\t\t\t\t\t\t\t\t\tA Maribori Egyetem k\u00f6nyvt\u00e1r\u00e1nak \u00e9p\u00fclete, fot\u00f3 Branimir Ritonja\t\t\t\t\t\t\t\t<\/div>\n\t\t\t\t<\/div>\n\t\t\t\t\t<\/div>\n\t\t<\/div>\n\t\t\t\t<div class=\"elementor-column elementor-col-50 elementor-top-column elementor-element elementor-element-2e9ad917\" data-id=\"2e9ad917\" data-element_type=\"column\">\n\t\t\t<div class=\"elementor-widget-wrap elementor-element-populated\">\n\t\t\t\t\t\t<div class=\"elementor-element elementor-element-fa273cb elementor-widget__width-initial elementor-widget elementor-widget-text-editor\" data-id=\"fa273cb\" data-element_type=\"widget\" data-widget_type=\"text-editor.default\">\n\t\t\t\t<div class=\"elementor-widget-container\">\n\t\t\t\t\t\t\t\t\tA maribori egyetemi k\u00f6nyvt\u00e1r kultur\u00e1lis \u00f6r\u00f6ks\u00e9g\u00e9nek meg\u0151rz\u00e9se \u00e9s meg\u0151rz\u00e9se 120 \u00e9ves m\u00faltra tekint vissza, mivel m\u00e1r 1903-ban a St\u00e1jerorsz\u00e1gi Szlov\u00e9n T\u00f6rt\u00e9nelmi T\u00e1rsas\u00e1g alap\u00edt\u00f3inak egyik k\u00f6zponti feladata volt. A k\u00f6nyvt\u00e1rban az\u00f3ta felhalmoz\u00f3dott k\u00e9ziratok, hagyat\u00e9kok \u00e9s ritkas\u00e1gok gazdag gy\u0171jtem\u00e9nye bizony\u00edtja ennek sikeres megval\u00f3s\u00edt\u00e1s\u00e1t.\nMa az UKM a Maribori Egyetem k\u00f6zponti k\u00f6nyvt\u00e1ra, Maribor \u00e9s azon k\u00edv\u00fcl Maribor kutat\u00f3k\u00f6nyvt\u00e1ra, a Szlov\u00e9n K\u00f6zt\u00e1rsas\u00e1gban keletkezett \u00f6sszes k\u00f6nyvt\u00e1ri anyag arch\u00edv k\u00f6nyvt\u00e1ra, valamint Maribor \u00e9s \u00c9szakkelet-Szlov\u00e9nia region\u00e1lis honismereti k\u00f6nyvt\u00e1ra. \n\t\t\t\t\t\t\t\t<\/div>\n\t\t\t\t<\/div>\n\t\t\t\t\t<\/div>\n\t\t<\/div>\n\t\t\t\t\t<\/div>\n\t\t<\/section>\n\t\t\t\t<\/div>\n\t\t<\/div><\/div>\n<\/div>\n\n<div class=\"jet-carousel__item\">\n\t<div class=\"jet-carousel__item-inner\"><div class=\"jet-carousel__content\">\t\t<div data-elementor-type=\"section\" data-elementor-id=\"76201\" class=\"elementor elementor-76201\" data-elementor-post-type=\"elementor_library\">\n\t\t\t\t\t<section class=\"elementor-section elementor-top-section elementor-element elementor-element-23dcbcc5 elementor-section-boxed elementor-section-height-default elementor-section-height-default\" data-id=\"23dcbcc5\" data-element_type=\"section\" data-settings=\"{&quot;jet_parallax_layout_list&quot;:[]}\">\n\t\t\t\t\t\t<div class=\"elementor-container elementor-column-gap-default\">\n\t\t\t\t\t<div class=\"elementor-column elementor-col-50 elementor-top-column elementor-element elementor-element-3c73d7ac\" data-id=\"3c73d7ac\" data-element_type=\"column\">\n\t\t\t<div class=\"elementor-widget-wrap elementor-element-populated\">\n\t\t\t\t\t\t<div class=\"elementor-element elementor-element-2634c85f elementor-widget elementor-widget-image\" data-id=\"2634c85f\" data-element_type=\"widget\" data-widget_type=\"image.default\">\n\t\t\t\t<div class=\"elementor-widget-container\">\n\t\t\t\t\t\t\t\t\t\t\t\t\t\t\t<img decoding=\"async\" width=\"800\" height=\"534\" src=\"https:\/\/museum-mb.si\/wp-content\/uploads\/2023\/09\/Sklop-2-foto-2.jpg\" class=\"attachment-large size-large wp-image-76167\" alt=\"\" srcset=\"https:\/\/museum-mb.si\/wp-content\/uploads\/2023\/09\/Sklop-2-foto-2.jpg.webp 1024w, https:\/\/museum-mb.si\/wp-content\/uploads\/2023\/09\/Sklop-2-foto-2-300x200.jpg.webp 300w, https:\/\/museum-mb.si\/wp-content\/uploads\/2023\/09\/Sklop-2-foto-2-768x512.jpg.webp 768w, https:\/\/museum-mb.si\/wp-content\/uploads\/2023\/09\/Sklop-2-foto-2-18x12.jpg.webp 18w\" sizes=\"(max-width: 800px) 100vw, 800px\" \/>\t\t\t\t\t\t\t\t\t\t\t\t\t\t\t<\/div>\n\t\t\t\t<\/div>\n\t\t\t\t<div class=\"elementor-element elementor-element-514d9c42 elementor-widget__width-initial elementor-widget elementor-widget-text-editor\" data-id=\"514d9c42\" data-element_type=\"widget\" data-widget_type=\"text-editor.default\">\n\t\t\t\t<div class=\"elementor-widget-container\">\n\t\t\t\t\t\t\t\t\tA Maribori Egyetemi K\u00f6nyvt\u00e1r olvas\u00f3terme, fot\u00f3 Branimir Ritonja\t\t\t\t\t\t\t\t<\/div>\n\t\t\t\t<\/div>\n\t\t\t\t\t<\/div>\n\t\t<\/div>\n\t\t\t\t<div class=\"elementor-column elementor-col-50 elementor-top-column elementor-element elementor-element-2127b326\" data-id=\"2127b326\" data-element_type=\"column\">\n\t\t\t<div class=\"elementor-widget-wrap elementor-element-populated\">\n\t\t\t\t\t\t<div class=\"elementor-element elementor-element-70ea46e4 elementor-widget__width-initial elementor-widget elementor-widget-text-editor\" data-id=\"70ea46e4\" data-element_type=\"widget\" data-widget_type=\"text-editor.default\">\n\t\t\t\t<div class=\"elementor-widget-container\">\n\t\t\t\t\t\t\t\t\tT\u00f6bb mint egymilli\u00f3 t\u00e9telnyi anyagot \u0151riz let\u00e9tem\u00e9nyeseiben, amelyek nagy r\u00e9sze r\u00e9gebbi \u00e9s \u00e9rt\u00e9kes, t\u00f6bb okb\u00f3l is egyedi \u00e9s eredeti anyag. A helyi k\u00f6z\u00f6ss\u00e9g sz\u00e1m\u00e1ra \u00e9rdekes lehet a k\u00fcldet\u00e9se, az otthona, vagy \u00e1ltal\u00e1ban a fizikai vagy vizu\u00e1lis form\u00e1ja miatt. Ezek azok a ritkas\u00e1gok, amelyek a Maribori Egyetemi K\u00f6nyvt\u00e1rat megk\u00fcl\u00f6nb\u00f6ztetik m\u00e1s k\u00f6nyvt\u00e1rakt\u00f3l. Tartalmi szempontb\u00f3l az anyag e t\u00e9r sz\u00e9lesk\u00f6r\u0171 kultur\u00e1lis komponens\u00e9re h\u00edvja fel a figyelmet. Ezek k\u00f6z\u00f6tt van a legr\u00e9gebbi m\u0171, amelyet az UKM a K\u00e9ziratt\u00e1rban \u0151riz. \t\t\t\t\t\t\t\t<\/div>\n\t\t\t\t<\/div>\n\t\t\t\t\t<\/div>\n\t\t<\/div>\n\t\t\t\t\t<\/div>\n\t\t<\/section>\n\t\t\t\t<\/div>\n\t\t<\/div><\/div>\n<\/div>\n\n<div class=\"jet-carousel__item\">\n\t<div class=\"jet-carousel__item-inner\"><div class=\"jet-carousel__content\">\t\t<div data-elementor-type=\"section\" data-elementor-id=\"76204\" class=\"elementor elementor-76204\" data-elementor-post-type=\"elementor_library\">\n\t\t\t\t\t<section class=\"elementor-section elementor-top-section elementor-element elementor-element-723286a elementor-section-boxed elementor-section-height-default elementor-section-height-default\" data-id=\"723286a\" data-element_type=\"section\" data-settings=\"{&quot;jet_parallax_layout_list&quot;:[]}\">\n\t\t\t\t\t\t<div class=\"elementor-container elementor-column-gap-default\">\n\t\t\t\t\t<div class=\"elementor-column elementor-col-50 elementor-top-column elementor-element elementor-element-77089726\" data-id=\"77089726\" data-element_type=\"column\">\n\t\t\t<div class=\"elementor-widget-wrap elementor-element-populated\">\n\t\t\t\t\t\t<div class=\"elementor-element elementor-element-33df5c00 elementor-widget elementor-widget-image\" data-id=\"33df5c00\" data-element_type=\"widget\" data-widget_type=\"image.default\">\n\t\t\t\t<div class=\"elementor-widget-container\">\n\t\t\t\t\t\t\t\t\t\t\t\t\t\t\t<img decoding=\"async\" width=\"800\" height=\"599\" src=\"https:\/\/museum-mb.si\/wp-content\/uploads\/2023\/09\/Sklop-2-foto-3-1024x767.jpg\" class=\"attachment-large size-large wp-image-76168\" alt=\"\" srcset=\"https:\/\/museum-mb.si\/wp-content\/uploads\/2023\/09\/Sklop-2-foto-3-1024x767.jpg.webp 1024w, https:\/\/museum-mb.si\/wp-content\/uploads\/2023\/09\/Sklop-2-foto-3-300x225.jpg.webp 300w, https:\/\/museum-mb.si\/wp-content\/uploads\/2023\/09\/Sklop-2-foto-3-768x575.jpg.webp 768w, https:\/\/museum-mb.si\/wp-content\/uploads\/2023\/09\/Sklop-2-foto-3-1536x1150.jpg.webp 1536w, https:\/\/museum-mb.si\/wp-content\/uploads\/2023\/09\/Sklop-2-foto-3-2048x1533.jpg.webp 2048w, https:\/\/museum-mb.si\/wp-content\/uploads\/2023\/09\/Sklop-2-foto-3-16x12.jpg.webp 16w\" sizes=\"(max-width: 800px) 100vw, 800px\" \/>\t\t\t\t\t\t\t\t\t\t\t\t\t\t\t<\/div>\n\t\t\t\t<\/div>\n\t\t\t\t<div class=\"elementor-element elementor-element-54005838 elementor-widget__width-initial elementor-widget elementor-widget-text-editor\" data-id=\"54005838\" data-element_type=\"widget\" data-widget_type=\"text-editor.default\">\n\t\t\t\t<div class=\"elementor-widget-container\">\n\t\t\t\t\t\t\t\t\tAz UKM k\u00e9ziratgy\u0171jtem\u00e9ny\u00e9ben tal\u00e1lhat\u00f3 legr\u00e9gebbi m\u0171.\t\t\t\t\t\t\t\t<\/div>\n\t\t\t\t<\/div>\n\t\t\t\t\t<\/div>\n\t\t<\/div>\n\t\t\t\t<div class=\"elementor-column elementor-col-50 elementor-top-column elementor-element elementor-element-4c068620\" data-id=\"4c068620\" data-element_type=\"column\">\n\t\t\t<div class=\"elementor-widget-wrap elementor-element-populated\">\n\t\t\t\t\t\t<div class=\"elementor-element elementor-element-4e042a38 elementor-widget__width-initial elementor-widget elementor-widget-text-editor\" data-id=\"4e042a38\" data-element_type=\"widget\" data-widget_type=\"text-editor.default\">\n\t\t\t\t<div class=\"elementor-widget-container\">\n\t\t\t\t\t\t\t\t\t<p>Az UKM k\u00e9ziratt\u00e1r\u00e1ban tal\u00e1lhat\u00f3 legr\u00e9gebbi m\u0171 a N\u00e9gy mondat k\u00f6nyve m\u00e1solata, amely Lombard eredeti m\u0171v\u00e9nek 12. sz\u00e1zadi \u00e1tirata. A m\u0171vet a 12. sz\u00e1zad m\u00e1sodik fel\u00e9ben m\u00e1solt\u00e1k. Egy bevezet\u0151b\u0151l \u00e9s n\u00e9gy k\u00f6nyvb\u0151l \u00e1ll, amelyeket \u00f6t t\u00f6bbsz\u00edn\u0171, ornamentik\u00e1val \u00e9s sz\u00e1mokkal d\u00edsz\u00edtett inici\u00e1l\u00e9 vezet be. A 210 pergamenlapb\u00f3l \u00e1ll\u00f3 m\u0171 gazdagon illumin\u00e1lt.<br \/>A k\u00e9ziratos k\u00f6nyvet a maribori m\u00fazeum 1931-ben adom\u00e1nyozta a k\u00f6nyvt\u00e1rnak. Prof. Dr. Edvard Kovac szlov\u00e9n teol\u00f3gus \u00e9s filoz\u00f3fus szerint a latin nyelv\u0171 k\u00e9ziratos k\u00f6nyv val\u00f3j\u00e1ban az els\u0151 egyetemi tank\u00f6nyv komment\u00e1rokkal \u00e9s glossz\u00e1kkal, \u00e9s a Maribori Egyetem szimbolikus kezdet\u00e9t \u00e9s korai forr\u00e1s\u00e1t jelenti.<br \/>Az anyagot digitaliz\u00e1lt\u00e1k, \u00e9s el\u00e9rhet\u0151 az UKM Digit\u00e1lis T\u00e1r\u00e1ban, a From the UKM Treasury gy\u0171jtem\u00e9nyben.<\/p>\t\t\t\t\t\t\t\t<\/div>\n\t\t\t\t<\/div>\n\t\t\t\t\t<\/div>\n\t\t<\/div>\n\t\t\t\t\t<\/div>\n\t\t<\/section>\n\t\t\t\t<\/div>\n\t\t<\/div><\/div>\n<\/div>\n<\/div><div class=\"jet-carousel__prev-arrow-497e40a jet-arrow prev-arrow\"><i aria-hidden=\"true\" class=\"fas fa-angle-left\"><\/i><\/div><div class=\"jet-carousel__next-arrow-497e40a jet-arrow next-arrow\"><i aria-hidden=\"true\" class=\"fas fa-angle-right\"><\/i><\/div><\/div>\n<\/div>\n<\/div>\t\t\t\t<\/div>\n\t\t\t\t<\/div>\n\t\t\t\t\t<\/div>\n\t\t<\/div>\n\t\t\t\t\t<\/div>\n\t\t<\/section>\n\t\t\t\t<\/div>","protected":false},"featured_media":76166,"template":"","vrsta":[44],"class_list":["post-76165","razstave","type-razstave","status-publish","has-post-thumbnail","hentry","vrsta-gremo-mi-na-svoje"],"yoast_head":"<!-- This site is optimized with the Yoast SEO plugin v27.5 - https:\/\/yoast.com\/product\/yoast-seo-wordpress\/ -->\n<title>UNIVERZITETNA KNJI\u017dNICA MARIBOR &#8211; Pokrajinski muzej Maribor<\/title>\n<meta name=\"robots\" content=\"index, follow, max-snippet:-1, max-image-preview:large, max-video-preview:-1\" \/>\n<link rel=\"canonical\" href=\"https:\/\/museum-mb.si\/hu\/kiallitasok\/egyetemi-konyvtar-maribor\/\" \/>\n<meta property=\"og:locale\" content=\"hu_HU\" \/>\n<meta property=\"og:type\" content=\"article\" \/>\n<meta property=\"og:title\" content=\"UNIVERZITETNA KNJI\u017dNICA MARIBOR &#8211; Pokrajinski muzej Maribor\" \/>\n<meta property=\"og:description\" content=\"RAZISKUJ GREMO MI NA SVOJE Z virtualno razstavo Gremo mi na svoje se predstavlja sedem samostojnih kulturnih ustanov Maribora, ki izhajajo iz skupnih za\u010detkov, danes pa tvorijo hrbtenico mariborskega institucionalnega kulturnega delovanja. Na razstavi se poleg Pokrajinskega muzeja Maribor predstavljajo \u0161e Univerzitetna knji\u017enica Maribor, Pokrajinski arhiv Maribor, Umetnostna galerija Maribor, Muzej narodne osvoboditve Maribor, Sinagoga [&hellip;]\" \/>\n<meta property=\"og:url\" content=\"https:\/\/museum-mb.si\/hu\/kiallitasok\/egyetemi-konyvtar-maribor\/\" \/>\n<meta property=\"og:site_name\" content=\"Pokrajinski muzej Maribor\" \/>\n<meta property=\"article:publisher\" content=\"https:\/\/www.facebook.com\/pomum123\" \/>\n<meta property=\"article:modified_time\" content=\"2023-09-14T07:02:19+00:00\" \/>\n<meta property=\"og:image\" content=\"https:\/\/museum-mb.si\/wp-content\/uploads\/2023\/09\/Sklop-2-foto-1.jpg\" \/>\n\t<meta property=\"og:image:width\" content=\"785\" \/>\n\t<meta property=\"og:image:height\" content=\"768\" \/>\n\t<meta property=\"og:image:type\" content=\"image\/jpeg\" \/>\n<meta name=\"twitter:card\" content=\"summary_large_image\" \/>\n<meta name=\"twitter:label1\" content=\"Becs\u00fclt olvas\u00e1si id\u0151\" \/>\n\t<meta name=\"twitter:data1\" content=\"2 perc\" \/>\n<script type=\"application\/ld+json\" class=\"yoast-schema-graph\">{\"@context\":\"https:\\\/\\\/schema.org\",\"@graph\":[{\"@type\":\"WebPage\",\"@id\":\"https:\\\/\\\/museum-mb.si\\\/razstave\\\/univerzitetna-knjiznica-maribor\\\/\",\"url\":\"https:\\\/\\\/museum-mb.si\\\/razstave\\\/univerzitetna-knjiznica-maribor\\\/\",\"name\":\"UNIVERZITETNA KNJI\u017dNICA MARIBOR &#8211; Pokrajinski muzej Maribor\",\"isPartOf\":{\"@id\":\"https:\\\/\\\/museum-mb.si\\\/#website\"},\"primaryImageOfPage\":{\"@id\":\"https:\\\/\\\/museum-mb.si\\\/razstave\\\/univerzitetna-knjiznica-maribor\\\/#primaryimage\"},\"image\":{\"@id\":\"https:\\\/\\\/museum-mb.si\\\/razstave\\\/univerzitetna-knjiznica-maribor\\\/#primaryimage\"},\"thumbnailUrl\":\"https:\\\/\\\/museum-mb.si\\\/wp-content\\\/uploads\\\/2023\\\/09\\\/Sklop-2-foto-1.jpg\",\"datePublished\":\"2023-09-12T10:28:32+00:00\",\"dateModified\":\"2023-09-14T07:02:19+00:00\",\"breadcrumb\":{\"@id\":\"https:\\\/\\\/museum-mb.si\\\/razstave\\\/univerzitetna-knjiznica-maribor\\\/#breadcrumb\"},\"inLanguage\":\"hu\",\"potentialAction\":[{\"@type\":\"ReadAction\",\"target\":[\"https:\\\/\\\/museum-mb.si\\\/razstave\\\/univerzitetna-knjiznica-maribor\\\/\"]}]},{\"@type\":\"ImageObject\",\"inLanguage\":\"hu\",\"@id\":\"https:\\\/\\\/museum-mb.si\\\/razstave\\\/univerzitetna-knjiznica-maribor\\\/#primaryimage\",\"url\":\"https:\\\/\\\/museum-mb.si\\\/wp-content\\\/uploads\\\/2023\\\/09\\\/Sklop-2-foto-1.jpg\",\"contentUrl\":\"https:\\\/\\\/museum-mb.si\\\/wp-content\\\/uploads\\\/2023\\\/09\\\/Sklop-2-foto-1.jpg\",\"width\":785,\"height\":768},{\"@type\":\"BreadcrumbList\",\"@id\":\"https:\\\/\\\/museum-mb.si\\\/razstave\\\/univerzitetna-knjiznica-maribor\\\/#breadcrumb\",\"itemListElement\":[{\"@type\":\"ListItem\",\"position\":1,\"name\":\"Domov\",\"item\":\"https:\\\/\\\/museum-mb.si\\\/\"},{\"@type\":\"ListItem\",\"position\":2,\"name\":\"Razstave\",\"item\":\"https:\\\/\\\/museum-mb.si\\\/razstave\\\/\"},{\"@type\":\"ListItem\",\"position\":3,\"name\":\"UNIVERZITETNA KNJI\u017dNICA MARIBOR\"}]},{\"@type\":\"WebSite\",\"@id\":\"https:\\\/\\\/museum-mb.si\\\/#website\",\"url\":\"https:\\\/\\\/museum-mb.si\\\/\",\"name\":\"Pokrajinski muzej Maribor\",\"description\":\"\",\"publisher\":{\"@id\":\"https:\\\/\\\/museum-mb.si\\\/#organization\"},\"potentialAction\":[{\"@type\":\"SearchAction\",\"target\":{\"@type\":\"EntryPoint\",\"urlTemplate\":\"https:\\\/\\\/museum-mb.si\\\/?s={search_term_string}\"},\"query-input\":{\"@type\":\"PropertyValueSpecification\",\"valueRequired\":true,\"valueName\":\"search_term_string\"}}],\"inLanguage\":\"hu\"},{\"@type\":\"Organization\",\"@id\":\"https:\\\/\\\/museum-mb.si\\\/#organization\",\"name\":\"Pokrajinski muzej Maribor\",\"url\":\"https:\\\/\\\/museum-mb.si\\\/\",\"logo\":{\"@type\":\"ImageObject\",\"inLanguage\":\"hu\",\"@id\":\"https:\\\/\\\/museum-mb.si\\\/#\\\/schema\\\/logo\\\/image\\\/\",\"url\":\"https:\\\/\\\/museum-mb.si\\\/wp-content\\\/uploads\\\/2024\\\/12\\\/pmm_logo_barvni_jpeg.jpg\",\"contentUrl\":\"https:\\\/\\\/museum-mb.si\\\/wp-content\\\/uploads\\\/2024\\\/12\\\/pmm_logo_barvni_jpeg.jpg\",\"width\":758,\"height\":754,\"caption\":\"Pokrajinski muzej Maribor\"},\"image\":{\"@id\":\"https:\\\/\\\/museum-mb.si\\\/#\\\/schema\\\/logo\\\/image\\\/\"},\"sameAs\":[\"https:\\\/\\\/www.facebook.com\\\/pomum123\",\"https:\\\/\\\/www.instagram.com\\\/maribor_museum\\\/\",\"https:\\\/\\\/www.youtube.com\\\/channel\\\/UCdshtCrun841Oc-35tYLBGQ\"]}]}<\/script>\n<!-- \/ Yoast SEO plugin. -->","yoast_head_json":{"title":"UNIVERZITETNA KNJI\u017dNICA MARIBOR &#8211; Pokrajinski muzej Maribor","robots":{"index":"index","follow":"follow","max-snippet":"max-snippet:-1","max-image-preview":"max-image-preview:large","max-video-preview":"max-video-preview:-1"},"canonical":"https:\/\/museum-mb.si\/hu\/kiallitasok\/egyetemi-konyvtar-maribor\/","og_locale":"hu_HU","og_type":"article","og_title":"UNIVERZITETNA KNJI\u017dNICA MARIBOR &#8211; Pokrajinski muzej Maribor","og_description":"RAZISKUJ GREMO MI NA SVOJE Z virtualno razstavo Gremo mi na svoje se predstavlja sedem samostojnih kulturnih ustanov Maribora, ki izhajajo iz skupnih za\u010detkov, danes pa tvorijo hrbtenico mariborskega institucionalnega kulturnega delovanja. Na razstavi se poleg Pokrajinskega muzeja Maribor predstavljajo \u0161e Univerzitetna knji\u017enica Maribor, Pokrajinski arhiv Maribor, Umetnostna galerija Maribor, Muzej narodne osvoboditve Maribor, Sinagoga [&hellip;]","og_url":"https:\/\/museum-mb.si\/hu\/kiallitasok\/egyetemi-konyvtar-maribor\/","og_site_name":"Pokrajinski muzej Maribor","article_publisher":"https:\/\/www.facebook.com\/pomum123","article_modified_time":"2023-09-14T07:02:19+00:00","og_image":[{"width":785,"height":768,"url":"https:\/\/museum-mb.si\/wp-content\/uploads\/2023\/09\/Sklop-2-foto-1.jpg","type":"image\/jpeg"}],"twitter_card":"summary_large_image","twitter_misc":{"Becs\u00fclt olvas\u00e1si id\u0151":"2 perc"},"schema":{"@context":"https:\/\/schema.org","@graph":[{"@type":"WebPage","@id":"https:\/\/museum-mb.si\/razstave\/univerzitetna-knjiznica-maribor\/","url":"https:\/\/museum-mb.si\/razstave\/univerzitetna-knjiznica-maribor\/","name":"UNIVERZITETNA KNJI\u017dNICA MARIBOR &#8211; Pokrajinski muzej Maribor","isPartOf":{"@id":"https:\/\/museum-mb.si\/#website"},"primaryImageOfPage":{"@id":"https:\/\/museum-mb.si\/razstave\/univerzitetna-knjiznica-maribor\/#primaryimage"},"image":{"@id":"https:\/\/museum-mb.si\/razstave\/univerzitetna-knjiznica-maribor\/#primaryimage"},"thumbnailUrl":"https:\/\/museum-mb.si\/wp-content\/uploads\/2023\/09\/Sklop-2-foto-1.jpg","datePublished":"2023-09-12T10:28:32+00:00","dateModified":"2023-09-14T07:02:19+00:00","breadcrumb":{"@id":"https:\/\/museum-mb.si\/razstave\/univerzitetna-knjiznica-maribor\/#breadcrumb"},"inLanguage":"hu","potentialAction":[{"@type":"ReadAction","target":["https:\/\/museum-mb.si\/razstave\/univerzitetna-knjiznica-maribor\/"]}]},{"@type":"ImageObject","inLanguage":"hu","@id":"https:\/\/museum-mb.si\/razstave\/univerzitetna-knjiznica-maribor\/#primaryimage","url":"https:\/\/museum-mb.si\/wp-content\/uploads\/2023\/09\/Sklop-2-foto-1.jpg","contentUrl":"https:\/\/museum-mb.si\/wp-content\/uploads\/2023\/09\/Sklop-2-foto-1.jpg","width":785,"height":768},{"@type":"BreadcrumbList","@id":"https:\/\/museum-mb.si\/razstave\/univerzitetna-knjiznica-maribor\/#breadcrumb","itemListElement":[{"@type":"ListItem","position":1,"name":"Domov","item":"https:\/\/museum-mb.si\/"},{"@type":"ListItem","position":2,"name":"Razstave","item":"https:\/\/museum-mb.si\/razstave\/"},{"@type":"ListItem","position":3,"name":"UNIVERZITETNA KNJI\u017dNICA MARIBOR"}]},{"@type":"WebSite","@id":"https:\/\/museum-mb.si\/#website","url":"https:\/\/museum-mb.si\/","name":"Maribori Region\u00e1lis M\u00fazeum","description":"","publisher":{"@id":"https:\/\/museum-mb.si\/#organization"},"potentialAction":[{"@type":"SearchAction","target":{"@type":"EntryPoint","urlTemplate":"https:\/\/museum-mb.si\/?s={search_term_string}"},"query-input":{"@type":"PropertyValueSpecification","valueRequired":true,"valueName":"search_term_string"}}],"inLanguage":"hu"},{"@type":"Organization","@id":"https:\/\/museum-mb.si\/#organization","name":"Maribori Region\u00e1lis M\u00fazeum","url":"https:\/\/museum-mb.si\/","logo":{"@type":"ImageObject","inLanguage":"hu","@id":"https:\/\/museum-mb.si\/#\/schema\/logo\/image\/","url":"https:\/\/museum-mb.si\/wp-content\/uploads\/2024\/12\/pmm_logo_barvni_jpeg.jpg","contentUrl":"https:\/\/museum-mb.si\/wp-content\/uploads\/2024\/12\/pmm_logo_barvni_jpeg.jpg","width":758,"height":754,"caption":"Pokrajinski muzej Maribor"},"image":{"@id":"https:\/\/museum-mb.si\/#\/schema\/logo\/image\/"},"sameAs":["https:\/\/www.facebook.com\/pomum123","https:\/\/www.instagram.com\/maribor_museum\/","https:\/\/www.youtube.com\/channel\/UCdshtCrun841Oc-35tYLBGQ"]}]}},"_links":{"self":[{"href":"https:\/\/museum-mb.si\/hu\/wp-json\/wp\/v2\/razstave\/76165","targetHints":{"allow":["GET"]}}],"collection":[{"href":"https:\/\/museum-mb.si\/hu\/wp-json\/wp\/v2\/razstave"}],"about":[{"href":"https:\/\/museum-mb.si\/hu\/wp-json\/wp\/v2\/types\/razstave"}],"version-history":[{"count":8,"href":"https:\/\/museum-mb.si\/hu\/wp-json\/wp\/v2\/razstave\/76165\/revisions"}],"predecessor-version":[{"id":76320,"href":"https:\/\/museum-mb.si\/hu\/wp-json\/wp\/v2\/razstave\/76165\/revisions\/76320"}],"wp:featuredmedia":[{"embeddable":true,"href":"https:\/\/museum-mb.si\/hu\/wp-json\/wp\/v2\/media\/76166"}],"wp:attachment":[{"href":"https:\/\/museum-mb.si\/hu\/wp-json\/wp\/v2\/media?parent=76165"}],"wp:term":[{"taxonomy":"vrsta","embeddable":true,"href":"https:\/\/museum-mb.si\/hu\/wp-json\/wp\/v2\/vrsta?post=76165"}],"curies":[{"name":"wp","href":"https:\/\/api.w.org\/{rel}","templated":true}]}}