{"id":72978,"date":"2022-09-18T19:26:44","date_gmt":"2022-09-18T19:26:44","guid":{"rendered":"https:\/\/nova.museum-mb.si\/?post_type=razstave&#038;p=72978"},"modified":"2022-11-09T12:06:29","modified_gmt":"2022-11-09T11:06:29","slug":"ii-resz","status":"publish","type":"razstave","link":"https:\/\/museum-mb.si\/hu\/kiallitasok\/ii-resz\/","title":{"rendered":"II. R\u00c9SZ"},"content":{"rendered":"<div data-elementor-type=\"wp-post\" data-elementor-id=\"72978\" class=\"elementor elementor-72978\" data-elementor-post-type=\"razstave\">\n\t\t\t\t\t\t<section class=\"elementor-section elementor-top-section elementor-element elementor-element-4ba5f047 elementor-section-height-min-height elementor-section-boxed elementor-section-height-default elementor-section-items-middle\" data-id=\"4ba5f047\" data-element_type=\"section\" data-settings=\"{&quot;background_background&quot;:&quot;classic&quot;,&quot;jet_parallax_layout_list&quot;:[]}\">\n\t\t\t\t\t\t\t<div class=\"elementor-background-overlay\"><\/div>\n\t\t\t\t\t\t\t<div class=\"elementor-container elementor-column-gap-no\">\n\t\t\t\t\t<div class=\"elementor-column elementor-col-50 elementor-top-column elementor-element elementor-element-6336e5d8\" data-id=\"6336e5d8\" data-element_type=\"column\">\n\t\t\t<div class=\"elementor-widget-wrap elementor-element-populated\">\n\t\t\t\t\t\t<div class=\"elementor-element elementor-element-bf7cdc7 elementor-widget elementor-widget-heading\" data-id=\"bf7cdc7\" data-element_type=\"widget\" data-widget_type=\"heading.default\">\n\t\t\t\t<div class=\"elementor-widget-container\">\n\t\t\t\t\t<h2 class=\"elementor-heading-title elementor-size-default\">HISZEM. \u00cdGY VAN.\n\n<\/h2>\t\t\t\t<\/div>\n\t\t\t\t<\/div>\n\t\t\t\t<div class=\"elementor-element elementor-element-89ab5ec elementor-widget elementor-widget-heading\" data-id=\"89ab5ec\" data-element_type=\"widget\" data-widget_type=\"heading.default\">\n\t\t\t\t<div class=\"elementor-widget-container\">\n\t\t\t\t\t<h2 class=\"elementor-heading-title elementor-size-default\">STAZAMA ERICHA VON BRANDISA<\/h2>\t\t\t\t<\/div>\n\t\t\t\t<\/div>\n\t\t\t\t\t<\/div>\n\t\t<\/div>\n\t\t\t\t<div class=\"elementor-column elementor-col-50 elementor-top-column elementor-element elementor-element-1ecc7a09\" data-id=\"1ecc7a09\" data-element_type=\"column\">\n\t\t\t<div class=\"elementor-widget-wrap elementor-element-populated\">\n\t\t\t\t\t\t<div class=\"elementor-element elementor-element-630ddfef elementor-widget elementor-widget-text-editor\" data-id=\"630ddfef\" data-element_type=\"widget\" data-widget_type=\"text-editor.default\">\n\t\t\t\t<div class=\"elementor-widget-container\">\n\t\t\t\t\t\t\t\t\t<p>Erich von Brandis \u00far b\u00e1sty\u00e1ja Travnik \u00e9s Bosznia-Hercegovina sz\u00e1m\u00e1ra nagy jelent\u0151s\u00e9ggel b\u00edr. Ennek a nagyszer\u0171 embernek a szellem\u00e9t az Isten, az ember, a tudom\u00e1ny \u00e9s a term\u00e9szet ir\u00e1nti szeretet jellemzi. A term\u00e9szetben l\u00e1tta, hogy az \u00e1ltala gy\u0171jt\u00f6tt \u00e9s tanulm\u00e1nyozott Isten teremt\u00e9s\u00e9nek k\u00f6lt\u00e9szet\u00e9t. A Maribor melletti Betnav\u00e1ban j\u00f6tt a vil\u00e1gra, emberek, zaj \u00e9s v\u00edz vette k\u00f6r\u00fcl. Gyermekkor\u00e1nak szeme azon a hegyen f\u00fcgg\u00f6tt, \u00e9s hasonl\u00f3 t\u00e1jak foglalt\u00e1k el a sz\u00edv\u00e9t a La\u0161va foly\u00f3 v\u00f6lgy\u00e9ben, Travnikban, majd a Vla\u0161i\u0107-hegyen, a Vilenic\u00e1n \u00e9s m\u00e9g t\u00e1volabb. Pater Brandis a legkedvesebb kapocs e k\u00e9t t\u00e1j k\u00f6z\u00f6tt, kicsi, vagy l\u00e9lekben gazdag \u00e9s l\u00e1tom\u00e1st\u00f3l t\u00falcsordul\u00f3.<\/p>\t\t\t\t\t\t\t\t<\/div>\n\t\t\t\t<\/div>\n\t\t\t\t\t<\/div>\n\t\t<\/div>\n\t\t\t\t\t<\/div>\n\t\t<\/section>\n\t\t\t\t<section class=\"elementor-section elementor-top-section elementor-element elementor-element-2a9b43ca elementor-hidden-mobile elementor-section-boxed elementor-section-height-default elementor-section-height-default\" data-id=\"2a9b43ca\" data-element_type=\"section\" data-settings=\"{&quot;jet_parallax_layout_list&quot;:[]}\">\n\t\t\t\t\t\t<div class=\"elementor-container elementor-column-gap-default\">\n\t\t\t\t\t<div class=\"make-column-clickable-elementor elementor-column elementor-col-100 elementor-top-column elementor-element elementor-element-3467adc9\" style=\"cursor: pointer;\" data-column-clickable=\"#Zbirke\" data-column-clickable-blank=\"_self\" data-id=\"3467adc9\" data-element_type=\"column\" data-settings=\"{&quot;background_background&quot;:&quot;classic&quot;}\">\n\t\t\t<div class=\"elementor-widget-wrap elementor-element-populated\">\n\t\t\t\t\t\t<div class=\"elementor-element elementor-element-7dadf1e0 elementor-widget__width-auto elementor-widget elementor-widget-jet-inline-svg\" data-id=\"7dadf1e0\" data-element_type=\"widget\" data-widget_type=\"jet-inline-svg.default\">\n\t\t\t\t<div class=\"elementor-widget-container\">\n\t\t\t\t\t<div class=\"elementor-jet-inline-svg jet-elements\"><div class=\"jet-inline-svg__wrapper\"><a class=\"jet-inline-svg jet-inline-svg--custom-width jet-inline-svg--custom-color\" href=\"#Virtualnevsebine\" aria-label=\"SVG link\"><img decoding=\"async\" src=\"https:\/\/museum-mb.si\/wp-content\/uploads\/2022\/08\/arrow-down-sign-to-navigate.svg\" alt=\"\" class=\"jet-inline-svg__inner\"><\/a><\/div><\/div>\t\t\t\t<\/div>\n\t\t\t\t<\/div>\n\t\t\t\t\t<\/div>\n\t\t<\/div>\n\t\t\t\t\t<\/div>\n\t\t<\/section>\n\t\t\t\t<section class=\"elementor-section elementor-top-section elementor-element elementor-element-73bf09ae elementor-section-boxed elementor-section-height-default elementor-section-height-default\" data-id=\"73bf09ae\" data-element_type=\"section\" data-settings=\"{&quot;jet_parallax_layout_list&quot;:[]}\">\n\t\t\t\t\t\t<div class=\"elementor-container elementor-column-gap-default\">\n\t\t\t\t\t<div class=\"elementor-column elementor-col-100 elementor-top-column elementor-element elementor-element-6cd6963\" data-id=\"6cd6963\" data-element_type=\"column\">\n\t\t\t<div class=\"elementor-widget-wrap elementor-element-populated\">\n\t\t\t\t\t\t<div class=\"elementor-element elementor-element-50f476a7 elementor-widget elementor-widget-menu-anchor\" data-id=\"50f476a7\" data-element_type=\"widget\" data-widget_type=\"menu-anchor.default\">\n\t\t\t\t<div class=\"elementor-widget-container\">\n\t\t\t\t\t\t\t<div class=\"elementor-menu-anchor\" id=\"Virtualnevsebine\"><\/div>\n\t\t\t\t\t\t<\/div>\n\t\t\t\t<\/div>\n\t\t\t\t\t<\/div>\n\t\t<\/div>\n\t\t\t\t\t<\/div>\n\t\t<\/section>\n\t\t\t\t<section class=\"elementor-section elementor-top-section elementor-element elementor-element-7d7e8bc elementor-section-boxed elementor-section-height-default elementor-section-height-default\" data-id=\"7d7e8bc\" data-element_type=\"section\" data-settings=\"{&quot;jet_parallax_layout_list&quot;:[]}\">\n\t\t\t\t\t\t<div class=\"elementor-container elementor-column-gap-default\">\n\t\t\t\t\t<div class=\"elementor-column elementor-col-100 elementor-top-column elementor-element elementor-element-7281f50\" data-id=\"7281f50\" data-element_type=\"column\">\n\t\t\t<div class=\"elementor-widget-wrap elementor-element-populated\">\n\t\t\t\t\t\t<div class=\"elementor-element elementor-element-fa9181e elementor-widget elementor-widget-heading\" data-id=\"fa9181e\" data-element_type=\"widget\" data-widget_type=\"heading.default\">\n\t\t\t\t<div class=\"elementor-widget-container\">\n\t\t\t\t\t<h2 class=\"elementor-heading-title elementor-size-default\">II. r\u00e9sz<\/h2>\t\t\t\t<\/div>\n\t\t\t\t<\/div>\n\t\t\t\t\t<\/div>\n\t\t<\/div>\n\t\t\t\t\t<\/div>\n\t\t<\/section>\n\t\t\t\t<section class=\"elementor-section elementor-top-section elementor-element elementor-element-2f0d9e2d elementor-section-boxed elementor-section-height-default elementor-section-height-default\" data-id=\"2f0d9e2d\" data-element_type=\"section\" data-settings=\"{&quot;jet_parallax_layout_list&quot;:[]}\">\n\t\t\t\t\t\t<div class=\"elementor-container elementor-column-gap-default\">\n\t\t\t\t\t<div class=\"elementor-column elementor-col-100 elementor-top-column elementor-element elementor-element-74e995be\" data-id=\"74e995be\" data-element_type=\"column\">\n\t\t\t<div class=\"elementor-widget-wrap elementor-element-populated\">\n\t\t\t\t\t\t<div class=\"elementor-element elementor-element-6837a320 elementor-widget elementor-widget-jet-carousel\" data-id=\"6837a320\" data-element_type=\"widget\" data-settings=\"{&quot;slides_to_show&quot;:&quot;1&quot;,&quot;slides_to_show_mobile&quot;:&quot;1&quot;,&quot;slides_to_scroll_mobile&quot;:&quot;1&quot;,&quot;slides_to_scroll&quot;:&quot;1&quot;}\" data-widget_type=\"jet-carousel.default\">\n\t\t\t\t<div class=\"elementor-widget-container\">\n\t\t\t\t\t<div class=\"elementor-jet-carousel jet-elements\"><div class=\"jet-carousel-wrap\">\n\t<div class=\"jet-carousel\" data-slider_options=\"{&quot;autoplaySpeed&quot;:5000,&quot;autoplay&quot;:false,&quot;infinite&quot;:true,&quot;centerMode&quot;:false,&quot;centerPadding&quot;:&quot;50px&quot;,&quot;pauseOnHover&quot;:false,&quot;speed&quot;:500,&quot;arrows&quot;:true,&quot;dots&quot;:true,&quot;variableWidth&quot;:false,&quot;prevArrow&quot;:&quot;.jet-carousel__prev-arrow-6837a320&quot;,&quot;nextArrow&quot;:&quot;.jet-carousel__next-arrow-6837a320&quot;,&quot;rtl&quot;:false,&quot;fractionNav&quot;:false,&quot;fade&quot;:false}\" dir=\"ltr\">\n\t<div class=\"elementor-slick-slider\">\n\n<div class=\"jet-carousel__item\">\n\t<div class=\"jet-carousel__item-inner\"><div class=\"jet-carousel__content\">\t\t<div data-elementor-type=\"section\" data-elementor-id=\"73151\" class=\"elementor elementor-73151\" data-elementor-post-type=\"elementor_library\">\n\t\t\t\t\t<section class=\"elementor-section elementor-top-section elementor-element elementor-element-5f2d926a elementor-section-boxed elementor-section-height-default elementor-section-height-default\" data-id=\"5f2d926a\" data-element_type=\"section\" data-settings=\"{&quot;jet_parallax_layout_list&quot;:[]}\">\n\t\t\t\t\t\t<div class=\"elementor-container elementor-column-gap-default\">\n\t\t\t\t\t<div class=\"elementor-column elementor-col-50 elementor-top-column elementor-element elementor-element-4989082\" data-id=\"4989082\" data-element_type=\"column\">\n\t\t\t<div class=\"elementor-widget-wrap elementor-element-populated\">\n\t\t\t\t\t\t<div class=\"elementor-element elementor-element-afaaf51 elementor-widget elementor-widget-image\" data-id=\"afaaf51\" data-element_type=\"widget\" data-widget_type=\"image.default\">\n\t\t\t\t<div class=\"elementor-widget-container\">\n\t\t\t\t\t\t\t\t\t\t\t\t\t\t\t<img fetchpriority=\"high\" decoding=\"async\" width=\"720\" height=\"509\" src=\"https:\/\/museum-mb.si\/wp-content\/uploads\/2022\/09\/Brandis-4-uai-720x509-1.jpg\" class=\"attachment-large size-large wp-image-73149\" alt=\"\" srcset=\"https:\/\/museum-mb.si\/wp-content\/uploads\/2022\/09\/Brandis-4-uai-720x509-1.jpg 720w, https:\/\/museum-mb.si\/wp-content\/uploads\/2022\/09\/Brandis-4-uai-720x509-1-300x212.jpg 300w, https:\/\/museum-mb.si\/wp-content\/uploads\/2022\/09\/Brandis-4-uai-720x509-1-18x12.jpg 18w\" sizes=\"(max-width: 720px) 100vw, 720px\" \/>\t\t\t\t\t\t\t\t\t\t\t\t\t\t\t<\/div>\n\t\t\t\t<\/div>\n\t\t\t\t\t<\/div>\n\t\t<\/div>\n\t\t\t\t<div class=\"elementor-column elementor-col-50 elementor-top-column elementor-element elementor-element-421e638\" data-id=\"421e638\" data-element_type=\"column\">\n\t\t\t<div class=\"elementor-widget-wrap elementor-element-populated\">\n\t\t\t\t\t\t<div class=\"elementor-element elementor-element-59ae1c7 elementor-widget__width-initial elementor-widget elementor-widget-text-editor\" data-id=\"59ae1c7\" data-element_type=\"widget\" data-widget_type=\"text-editor.default\">\n\t\t\t\t<div class=\"elementor-widget-container\">\n\t\t\t\t\t\t\t\t\t<p>Az Osztr\u00e1k-Magyar Monarchi\u00e1val (1878), amellyel Bosznia beker\u00fclt az eur\u00f3pai kult\u00fark\u00f6rbe, kialakult a vall\u00e1si hierarchia Bosznia-Hercegovin\u00e1ban. Olyan int\u00e9zm\u00e9nyek \u00e9s iskol\u00e1k \u00e9p\u00fclnek, az eur\u00f3paiakkal \u00f6sszhangban, amelyek min\u0151s\u00e9gi oktat\u00e1st \u00e9s k\u00e9pz\u00e9st biztos\u00edtanak. Az \u00e9rseki gimn\u00e1zium \u00e9p\u00edt\u00e9se 1882-ben kezd\u0151d\u00f6tt. Akkoriban ez volt a legnagyobb \u00e9p\u00fclet Bosznia-Hercegovin\u00e1ban. Ma az \u00e9p\u00fclet a \u201cPetar Barbaric\u201d Katolikus Iskolak\u00f6zpont r\u00e9sze, amely Eur\u00f3pa egyik legnagyobb katolikus iskol\u00e1ja. Nev\u00e9t az \u00e9rseki gimn\u00e1zium egyik di\u00e1kj\u00e1r\u00f3l, Boldog Peter Barbaricr\u00f3l kapta, aki 1897-ben halt meg. Egyik tan\u00e1ra Erich von Brandis volt.<\/p>\n<gwmw style=\"display:none;\"><\/gwmw>\t\t\t\t\t\t\t\t<\/div>\n\t\t\t\t<\/div>\n\t\t\t\t\t<\/div>\n\t\t<\/div>\n\t\t\t\t\t<\/div>\n\t\t<\/section>\n\t\t\t\t<\/div>\n\t\t<\/div><\/div>\n<\/div>\n\n<div class=\"jet-carousel__item\">\n\t<div class=\"jet-carousel__item-inner\"><div class=\"jet-carousel__content\">\t\t<div data-elementor-type=\"section\" data-elementor-id=\"73156\" class=\"elementor elementor-73156\" data-elementor-post-type=\"elementor_library\">\n\t\t\t\t\t<section class=\"elementor-section elementor-top-section elementor-element elementor-element-54972c5a elementor-section-boxed elementor-section-height-default elementor-section-height-default\" data-id=\"54972c5a\" data-element_type=\"section\" data-settings=\"{&quot;jet_parallax_layout_list&quot;:[]}\">\n\t\t\t\t\t\t<div class=\"elementor-container elementor-column-gap-default\">\n\t\t\t\t\t<div class=\"elementor-column elementor-col-50 elementor-top-column elementor-element elementor-element-38ca3860\" data-id=\"38ca3860\" data-element_type=\"column\">\n\t\t\t<div class=\"elementor-widget-wrap elementor-element-populated\">\n\t\t\t\t\t\t<div class=\"elementor-element elementor-element-79ba22d5 elementor-widget elementor-widget-image\" data-id=\"79ba22d5\" data-element_type=\"widget\" data-widget_type=\"image.default\">\n\t\t\t\t<div class=\"elementor-widget-container\">\n\t\t\t\t\t\t\t\t\t\t\t\t\t\t\t<img decoding=\"async\" width=\"720\" height=\"425\" src=\"https:\/\/museum-mb.si\/wp-content\/uploads\/2022\/09\/Brandis-5-uai-720x425-1.jpg\" class=\"attachment-large size-large wp-image-73154\" alt=\"\" srcset=\"https:\/\/museum-mb.si\/wp-content\/uploads\/2022\/09\/Brandis-5-uai-720x425-1.jpg 720w, https:\/\/museum-mb.si\/wp-content\/uploads\/2022\/09\/Brandis-5-uai-720x425-1-300x177.jpg 300w, https:\/\/museum-mb.si\/wp-content\/uploads\/2022\/09\/Brandis-5-uai-720x425-1-18x12.jpg 18w\" sizes=\"(max-width: 720px) 100vw, 720px\" \/>\t\t\t\t\t\t\t\t\t\t\t\t\t\t\t<\/div>\n\t\t\t\t<\/div>\n\t\t\t\t\t<\/div>\n\t\t<\/div>\n\t\t\t\t<div class=\"elementor-column elementor-col-50 elementor-top-column elementor-element elementor-element-298cbfa6\" data-id=\"298cbfa6\" data-element_type=\"column\">\n\t\t\t<div class=\"elementor-widget-wrap elementor-element-populated\">\n\t\t\t\t\t\t<div class=\"elementor-element elementor-element-637cbf4c elementor-widget__width-initial elementor-widget elementor-widget-text-editor\" data-id=\"637cbf4c\" data-element_type=\"widget\" data-widget_type=\"text-editor.default\">\n\t\t\t\t<div class=\"elementor-widget-container\">\n\t\t\t\t\t\t\t\t\t<p>P. Brandis 1882-ben Travnikban, ahol be\u00edratta az els\u0151 tanul\u00f3kat a gimn\u00e1ziumba, amely az 1882\/83-as tan\u00e9vvel indult. Itt 30 \u00e9vet t\u00f6lt\u00f6tt tan\u00e1rk\u00e9nt. Keresett tan\u00e1r volt, avagy tudta, hogyan kell az emberekkel dolgozni. \u201eA \u201cTravni\u010dka spomenica', amelyet az iskola alap\u00edt\u00e1s\u00e1nak 50. \u00e9vfordul\u00f3j\u00e1ra nyomtattak ki, tele van humoros anekdot\u00e1kkal Pater Brandis \u00e9let\u00e9b\u0151l. Term\u00e9szetrajzot \u00e9s fizik\u00e1t, k\u00e9mi\u00e1t, matematik\u00e1t \u00e9s f\u00f6ldrajzot tan\u00edtott. Gyakran tartott kir\u00e1ndul\u00e1sokat \u00e9s tanulm\u00e1nyozta a term\u00e9szetet. Sz\u00edvesen k\u00e9sz\u00edtett \u00e9letrajzokat, herb\u00e1ri\u00e1kat, \u00e9s alkalmazta a kor \u00f6sszes tudom\u00e1nyos m\u00f3dszer\u00e9t. Az \u00e1ltala gy\u0171jt\u00f6tt vagy aj\u00e1nd\u00e9kba kapott t\u00e1rgyakb\u00f3l hatalmas term\u00e9szettudom\u00e1nyi gy\u0171jtem\u00e9nyt siker\u00fclt \u00f6ssze\u00e1ll\u00edtania. Minden r\u00e1di\u00f3munk\u00e1t maga v\u00e9gzett, seg\u00edts\u00e9g n\u00e9lk\u00fcl, ami nagy \u00e1ldozatokkal j\u00e1rt.<\/p><p>Mint egy gyertyatart\u00f3, fel van sz\u00e1ntva. Szeg\u00e9nys\u00e9gben \u00e9s al\u00e1zatban \u00e9lt utols\u00f3 napj\u00e1ig. A r\u00e1di\u00f3ban is pr\u00f3f\u00e9t\u00e1lt az \u00dar dics\u0151s\u00e9g\u00e9re. Nem aludt a f\u00f6ld\u00f6n, \u00e9s nem kellett gyalogolnia, amikor lovagolhatott...<\/p>\t\t\t\t\t\t\t\t<\/div>\n\t\t\t\t<\/div>\n\t\t\t\t\t<\/div>\n\t\t<\/div>\n\t\t\t\t\t<\/div>\n\t\t<\/section>\n\t\t\t\t<\/div>\n\t\t<\/div><\/div>\n<\/div>\n\n<div class=\"jet-carousel__item\">\n\t<div class=\"jet-carousel__item-inner\"><div class=\"jet-carousel__content\">\t\t<div data-elementor-type=\"section\" data-elementor-id=\"73161\" class=\"elementor elementor-73161\" data-elementor-post-type=\"elementor_library\">\n\t\t\t\t\t<section class=\"elementor-section elementor-top-section elementor-element elementor-element-3279a99c elementor-section-boxed elementor-section-height-default elementor-section-height-default\" data-id=\"3279a99c\" data-element_type=\"section\" data-settings=\"{&quot;jet_parallax_layout_list&quot;:[]}\">\n\t\t\t\t\t\t<div class=\"elementor-container elementor-column-gap-default\">\n\t\t\t\t\t<div class=\"elementor-column elementor-col-50 elementor-top-column elementor-element elementor-element-3bbbd335\" data-id=\"3bbbd335\" data-element_type=\"column\">\n\t\t\t<div class=\"elementor-widget-wrap elementor-element-populated\">\n\t\t\t\t\t\t<div class=\"elementor-element elementor-element-55559825 elementor-widget elementor-widget-image\" data-id=\"55559825\" data-element_type=\"widget\" data-widget_type=\"image.default\">\n\t\t\t\t<div class=\"elementor-widget-container\">\n\t\t\t\t\t\t\t\t\t\t\t\t\t\t\t<img decoding=\"async\" width=\"720\" height=\"480\" src=\"https:\/\/museum-mb.si\/wp-content\/uploads\/2022\/09\/Brandis-6-uai-720x480-1.jpg\" class=\"attachment-large size-large wp-image-73159\" alt=\"\" srcset=\"https:\/\/museum-mb.si\/wp-content\/uploads\/2022\/09\/Brandis-6-uai-720x480-1.jpg 720w, https:\/\/museum-mb.si\/wp-content\/uploads\/2022\/09\/Brandis-6-uai-720x480-1-300x200.jpg 300w, https:\/\/museum-mb.si\/wp-content\/uploads\/2022\/09\/Brandis-6-uai-720x480-1-18x12.jpg 18w\" sizes=\"(max-width: 720px) 100vw, 720px\" \/>\t\t\t\t\t\t\t\t\t\t\t\t\t\t\t<\/div>\n\t\t\t\t<\/div>\n\t\t\t\t\t<\/div>\n\t\t<\/div>\n\t\t\t\t<div class=\"elementor-column elementor-col-50 elementor-top-column elementor-element elementor-element-88cfc4c\" data-id=\"88cfc4c\" data-element_type=\"column\">\n\t\t\t<div class=\"elementor-widget-wrap elementor-element-populated\">\n\t\t\t\t\t\t<div class=\"elementor-element elementor-element-fc402dd elementor-widget__width-initial elementor-widget elementor-widget-text-editor\" data-id=\"fc402dd\" data-element_type=\"widget\" data-widget_type=\"text-editor.default\">\n\t\t\t\t<div class=\"elementor-widget-container\">\n\t\t\t\t\t\t\t\t\t<p>Erich von Brandisnak k\u00f6sz\u00f6nhet\u0151en ma a Travnik M\u00fazeumban zool\u00f3giai gy\u0171jtem\u00e9ny, lapid\u00e1rium \u00e9s paleontol\u00f3giai gy\u0171jtem\u00e9ny tal\u00e1lhat\u00f3. Az egyik legnagyobb herb\u00e1riumot is \u0151 szerkesztette, 13 000 bili\u00e1rddal, amelyek k\u00f6z\u00fcl 180-at el\u0151sz\u00f6r \u00f6ltek meg. Brandis herb\u00e1rium\u00e1t a szarajev\u00f3i Zemaljski M\u00fazeumban \u0151rzik.<\/p>\t\t\t\t\t\t\t\t<\/div>\n\t\t\t\t<\/div>\n\t\t\t\t\t<\/div>\n\t\t<\/div>\n\t\t\t\t\t<\/div>\n\t\t<\/section>\n\t\t\t\t<\/div>\n\t\t<\/div><\/div>\n<\/div>\n\n<div class=\"jet-carousel__item\">\n\t<div class=\"jet-carousel__item-inner\"><div class=\"jet-carousel__content\">\t\t<div data-elementor-type=\"section\" data-elementor-id=\"73165\" class=\"elementor elementor-73165\" data-elementor-post-type=\"elementor_library\">\n\t\t\t\t\t<section class=\"elementor-section elementor-top-section elementor-element elementor-element-1df5a997 elementor-section-boxed elementor-section-height-default elementor-section-height-default\" data-id=\"1df5a997\" data-element_type=\"section\" data-settings=\"{&quot;jet_parallax_layout_list&quot;:[]}\">\n\t\t\t\t\t\t<div class=\"elementor-container elementor-column-gap-default\">\n\t\t\t\t\t<div class=\"elementor-column elementor-col-50 elementor-top-column elementor-element elementor-element-4d6fe3e4\" data-id=\"4d6fe3e4\" data-element_type=\"column\">\n\t\t\t<div class=\"elementor-widget-wrap elementor-element-populated\">\n\t\t\t\t\t\t<div class=\"elementor-element elementor-element-79c5476 elementor-widget elementor-widget-image\" data-id=\"79c5476\" data-element_type=\"widget\" data-widget_type=\"image.default\">\n\t\t\t\t<div class=\"elementor-widget-container\">\n\t\t\t\t\t\t\t\t\t\t\t\t\t\t\t<img loading=\"lazy\" decoding=\"async\" width=\"720\" height=\"481\" src=\"https:\/\/museum-mb.si\/wp-content\/uploads\/2022\/09\/Brandis-7-uai-720x481-1.jpg\" class=\"attachment-large size-large wp-image-73164\" alt=\"\" srcset=\"https:\/\/museum-mb.si\/wp-content\/uploads\/2022\/09\/Brandis-7-uai-720x481-1.jpg 720w, https:\/\/museum-mb.si\/wp-content\/uploads\/2022\/09\/Brandis-7-uai-720x481-1-300x200.jpg 300w, https:\/\/museum-mb.si\/wp-content\/uploads\/2022\/09\/Brandis-7-uai-720x481-1-18x12.jpg 18w\" sizes=\"(max-width: 720px) 100vw, 720px\" \/>\t\t\t\t\t\t\t\t\t\t\t\t\t\t\t<\/div>\n\t\t\t\t<\/div>\n\t\t\t\t\t<\/div>\n\t\t<\/div>\n\t\t\t\t<div class=\"elementor-column elementor-col-50 elementor-top-column elementor-element elementor-element-77453471\" data-id=\"77453471\" data-element_type=\"column\">\n\t\t\t<div class=\"elementor-widget-wrap elementor-element-populated\">\n\t\t\t\t\t\t<div class=\"elementor-element elementor-element-20fc53b0 elementor-widget__width-initial elementor-widget elementor-widget-text-editor\" data-id=\"20fc53b0\" data-element_type=\"widget\" data-widget_type=\"text-editor.default\">\n\t\t\t\t<div class=\"elementor-widget-container\">\n\t\t\t\t\t\t\t\t\t<p>A szarajev\u00f3i Zemaljski muzej, mint egyetlen megfelel\u0151 helyis\u00e9g, a Rosa Brandisnak, egy ritka vlasic-i r\u00f3zsafajt\u00e1nak is otthont ad. Nev\u00e9t Erich von Brandisr\u00f3l kapta, aki herb\u00e1rium\u00e1ban fel is fedezte \u00e9s le is \u00edrta.<\/p>\n<gwmw style=\"display:none;\"><\/gwmw>\t\t\t\t\t\t\t\t<\/div>\n\t\t\t\t<\/div>\n\t\t\t\t\t<\/div>\n\t\t<\/div>\n\t\t\t\t\t<\/div>\n\t\t<\/section>\n\t\t\t\t<\/div>\n\t\t<\/div><\/div>\n<\/div>\n\n<div class=\"jet-carousel__item\">\n\t<div class=\"jet-carousel__item-inner\"><div class=\"jet-carousel__content\">\t\t<div data-elementor-type=\"section\" data-elementor-id=\"73169\" class=\"elementor elementor-73169\" data-elementor-post-type=\"elementor_library\">\n\t\t\t\t\t<section class=\"elementor-section elementor-top-section elementor-element elementor-element-2b548ad elementor-section-boxed elementor-section-height-default elementor-section-height-default\" data-id=\"2b548ad\" data-element_type=\"section\" data-settings=\"{&quot;jet_parallax_layout_list&quot;:[]}\">\n\t\t\t\t\t\t<div class=\"elementor-container elementor-column-gap-default\">\n\t\t\t\t\t<div class=\"elementor-column elementor-col-50 elementor-top-column elementor-element elementor-element-7bf85e63\" data-id=\"7bf85e63\" data-element_type=\"column\">\n\t\t\t<div class=\"elementor-widget-wrap elementor-element-populated\">\n\t\t\t\t\t\t<div class=\"elementor-element elementor-element-2d8a1552 elementor-widget elementor-widget-image\" data-id=\"2d8a1552\" data-element_type=\"widget\" data-widget_type=\"image.default\">\n\t\t\t\t<div class=\"elementor-widget-container\">\n\t\t\t\t\t\t\t\t\t\t\t\t\t\t\t<img loading=\"lazy\" decoding=\"async\" width=\"720\" height=\"480\" src=\"https:\/\/museum-mb.si\/wp-content\/uploads\/2022\/09\/Brandis-8-uai-720x480-1.jpg\" class=\"attachment-large size-large wp-image-73168\" alt=\"\" srcset=\"https:\/\/museum-mb.si\/wp-content\/uploads\/2022\/09\/Brandis-8-uai-720x480-1.jpg 720w, https:\/\/museum-mb.si\/wp-content\/uploads\/2022\/09\/Brandis-8-uai-720x480-1-300x200.jpg 300w, https:\/\/museum-mb.si\/wp-content\/uploads\/2022\/09\/Brandis-8-uai-720x480-1-18x12.jpg 18w\" sizes=\"(max-width: 720px) 100vw, 720px\" \/>\t\t\t\t\t\t\t\t\t\t\t\t\t\t\t<\/div>\n\t\t\t\t<\/div>\n\t\t\t\t\t<\/div>\n\t\t<\/div>\n\t\t\t\t<div class=\"elementor-column elementor-col-50 elementor-top-column elementor-element elementor-element-1ff9d40\" data-id=\"1ff9d40\" data-element_type=\"column\">\n\t\t\t<div class=\"elementor-widget-wrap elementor-element-populated\">\n\t\t\t\t\t\t<div class=\"elementor-element elementor-element-a95369 elementor-widget__width-initial elementor-widget elementor-widget-text-editor\" data-id=\"a95369\" data-element_type=\"widget\" data-widget_type=\"text-editor.default\">\n\t\t\t\t<div class=\"elementor-widget-container\">\n\t\t\t\t\t\t\t\t\t<p>Erich von Brandis \u00far s\u00edrja a Bojna nad Travnika iskolas\u00edrban tal\u00e1lhat\u00f3, ahol a gimn\u00e1zium m\u00e1s professzorai \u00e9s di\u00e1kjai is nyugszanak. Erich von Brandis 1921. sije\u010dnja 3-\u00e1n halt meg.<\/p>\t\t\t\t\t\t\t\t<\/div>\n\t\t\t\t<\/div>\n\t\t\t\t\t<\/div>\n\t\t<\/div>\n\t\t\t\t\t<\/div>\n\t\t<\/section>\n\t\t\t\t<\/div>\n\t\t<\/div><\/div>\n<\/div>\n<\/div><div class=\"jet-carousel__prev-arrow-6837a320 jet-arrow prev-arrow\"><i aria-hidden=\"true\" class=\"fas fa-angle-left\"><\/i><\/div><div class=\"jet-carousel__next-arrow-6837a320 jet-arrow next-arrow\"><i aria-hidden=\"true\" class=\"fas fa-angle-right\"><\/i><\/div><\/div>\n<\/div>\n<\/div>\t\t\t\t<\/div>\n\t\t\t\t<\/div>\n\t\t\t\t\t<\/div>\n\t\t<\/div>\n\t\t\t\t\t<\/div>\n\t\t<\/section>\n\t\t\t\t<\/div>","protected":false},"featured_media":72980,"template":"","vrsta":[26],"class_list":["post-72978","razstave","type-razstave","status-publish","has-post-thumbnail","hentry","vrsta-stazama"],"yoast_head":"<!-- This site is optimized with the Yoast SEO plugin v27.5 - https:\/\/yoast.com\/product\/yoast-seo-wordpress\/ -->\n<title>II. DEL &#8211; Pokrajinski muzej Maribor<\/title>\n<meta name=\"robots\" content=\"index, follow, max-snippet:-1, max-image-preview:large, max-video-preview:-1\" \/>\n<link rel=\"canonical\" href=\"https:\/\/museum-mb.si\/hu\/kiallitasok\/ii-resz\/\" \/>\n<meta property=\"og:locale\" content=\"hu_HU\" \/>\n<meta property=\"og:type\" content=\"article\" \/>\n<meta property=\"og:title\" content=\"II. DEL &#8211; Pokrajinski muzej Maribor\" \/>\n<meta property=\"og:description\" content=\"VERJAMEM. TOREJ SEM. STAZAMA ERICHA VON BRANDISA Ba\u0161tina p. Ericha von Brandisa za Travnik i Bosnu i Hercegovinu od velike je va\u017enosti. Duh ovog velikog \u010dovjeka objedinjuje ljubav prema Bogu, \u010dovjeku, znanosti i prirodi. U prirodninama koje je skupljao i prou\u010davao vidio je ljepotu Bo\u017ejeg stvaranja. Na svijet je do\u0161ao u Betnavi kod Maribora, okru\u017een [&hellip;]\" \/>\n<meta property=\"og:url\" content=\"https:\/\/museum-mb.si\/hu\/kiallitasok\/ii-resz\/\" \/>\n<meta property=\"og:site_name\" content=\"Pokrajinski muzej Maribor\" \/>\n<meta property=\"article:publisher\" content=\"https:\/\/www.facebook.com\/pomum123\" \/>\n<meta property=\"article:modified_time\" content=\"2022-11-09T11:06:29+00:00\" \/>\n<meta property=\"og:image\" content=\"https:\/\/museum-mb.si\/wp-content\/uploads\/2022\/09\/Brandis-4-uai-1032x1032-1.jpg\" \/>\n\t<meta property=\"og:image:width\" content=\"1032\" \/>\n\t<meta property=\"og:image:height\" content=\"1032\" \/>\n\t<meta property=\"og:image:type\" content=\"image\/jpeg\" \/>\n<meta name=\"twitter:card\" content=\"summary_large_image\" \/>\n<meta name=\"twitter:label1\" content=\"Becs\u00fclt olvas\u00e1si id\u0151\" \/>\n\t<meta name=\"twitter:data1\" content=\"2 perc\" \/>\n<script type=\"application\/ld+json\" class=\"yoast-schema-graph\">{\"@context\":\"https:\\\/\\\/schema.org\",\"@graph\":[{\"@type\":\"WebPage\",\"@id\":\"https:\\\/\\\/museum-mb.si\\\/razstave\\\/ii-del\\\/\",\"url\":\"https:\\\/\\\/museum-mb.si\\\/razstave\\\/ii-del\\\/\",\"name\":\"II. DEL &#8211; Pokrajinski muzej Maribor\",\"isPartOf\":{\"@id\":\"https:\\\/\\\/museum-mb.si\\\/#website\"},\"primaryImageOfPage\":{\"@id\":\"https:\\\/\\\/museum-mb.si\\\/razstave\\\/ii-del\\\/#primaryimage\"},\"image\":{\"@id\":\"https:\\\/\\\/museum-mb.si\\\/razstave\\\/ii-del\\\/#primaryimage\"},\"thumbnailUrl\":\"https:\\\/\\\/museum-mb.si\\\/wp-content\\\/uploads\\\/2022\\\/09\\\/Brandis-4-uai-1032x1032-1.jpg\",\"datePublished\":\"2022-09-18T19:26:44+00:00\",\"dateModified\":\"2022-11-09T11:06:29+00:00\",\"breadcrumb\":{\"@id\":\"https:\\\/\\\/museum-mb.si\\\/razstave\\\/ii-del\\\/#breadcrumb\"},\"inLanguage\":\"hu\",\"potentialAction\":[{\"@type\":\"ReadAction\",\"target\":[\"https:\\\/\\\/museum-mb.si\\\/razstave\\\/ii-del\\\/\"]}]},{\"@type\":\"ImageObject\",\"inLanguage\":\"hu\",\"@id\":\"https:\\\/\\\/museum-mb.si\\\/razstave\\\/ii-del\\\/#primaryimage\",\"url\":\"https:\\\/\\\/museum-mb.si\\\/wp-content\\\/uploads\\\/2022\\\/09\\\/Brandis-4-uai-1032x1032-1.jpg\",\"contentUrl\":\"https:\\\/\\\/museum-mb.si\\\/wp-content\\\/uploads\\\/2022\\\/09\\\/Brandis-4-uai-1032x1032-1.jpg\",\"width\":1032,\"height\":1032},{\"@type\":\"BreadcrumbList\",\"@id\":\"https:\\\/\\\/museum-mb.si\\\/razstave\\\/ii-del\\\/#breadcrumb\",\"itemListElement\":[{\"@type\":\"ListItem\",\"position\":1,\"name\":\"Domov\",\"item\":\"https:\\\/\\\/museum-mb.si\\\/\"},{\"@type\":\"ListItem\",\"position\":2,\"name\":\"Razstave\",\"item\":\"https:\\\/\\\/museum-mb.si\\\/razstave\\\/\"},{\"@type\":\"ListItem\",\"position\":3,\"name\":\"II. DEL\"}]},{\"@type\":\"WebSite\",\"@id\":\"https:\\\/\\\/museum-mb.si\\\/#website\",\"url\":\"https:\\\/\\\/museum-mb.si\\\/\",\"name\":\"Pokrajinski muzej Maribor\",\"description\":\"\",\"publisher\":{\"@id\":\"https:\\\/\\\/museum-mb.si\\\/#organization\"},\"potentialAction\":[{\"@type\":\"SearchAction\",\"target\":{\"@type\":\"EntryPoint\",\"urlTemplate\":\"https:\\\/\\\/museum-mb.si\\\/?s={search_term_string}\"},\"query-input\":{\"@type\":\"PropertyValueSpecification\",\"valueRequired\":true,\"valueName\":\"search_term_string\"}}],\"inLanguage\":\"hu\"},{\"@type\":\"Organization\",\"@id\":\"https:\\\/\\\/museum-mb.si\\\/#organization\",\"name\":\"Pokrajinski muzej Maribor\",\"url\":\"https:\\\/\\\/museum-mb.si\\\/\",\"logo\":{\"@type\":\"ImageObject\",\"inLanguage\":\"hu\",\"@id\":\"https:\\\/\\\/museum-mb.si\\\/#\\\/schema\\\/logo\\\/image\\\/\",\"url\":\"https:\\\/\\\/museum-mb.si\\\/wp-content\\\/uploads\\\/2024\\\/12\\\/pmm_logo_barvni_jpeg.jpg\",\"contentUrl\":\"https:\\\/\\\/museum-mb.si\\\/wp-content\\\/uploads\\\/2024\\\/12\\\/pmm_logo_barvni_jpeg.jpg\",\"width\":758,\"height\":754,\"caption\":\"Pokrajinski muzej Maribor\"},\"image\":{\"@id\":\"https:\\\/\\\/museum-mb.si\\\/#\\\/schema\\\/logo\\\/image\\\/\"},\"sameAs\":[\"https:\\\/\\\/www.facebook.com\\\/pomum123\",\"https:\\\/\\\/www.instagram.com\\\/maribor_museum\\\/\",\"https:\\\/\\\/www.youtube.com\\\/channel\\\/UCdshtCrun841Oc-35tYLBGQ\"]}]}<\/script>\n<!-- \/ Yoast SEO plugin. -->","yoast_head_json":{"title":"II. DEL &#8211; Pokrajinski muzej Maribor","robots":{"index":"index","follow":"follow","max-snippet":"max-snippet:-1","max-image-preview":"max-image-preview:large","max-video-preview":"max-video-preview:-1"},"canonical":"https:\/\/museum-mb.si\/hu\/kiallitasok\/ii-resz\/","og_locale":"hu_HU","og_type":"article","og_title":"II. DEL &#8211; Pokrajinski muzej Maribor","og_description":"VERJAMEM. TOREJ SEM. STAZAMA ERICHA VON BRANDISA Ba\u0161tina p. Ericha von Brandisa za Travnik i Bosnu i Hercegovinu od velike je va\u017enosti. Duh ovog velikog \u010dovjeka objedinjuje ljubav prema Bogu, \u010dovjeku, znanosti i prirodi. U prirodninama koje je skupljao i prou\u010davao vidio je ljepotu Bo\u017ejeg stvaranja. Na svijet je do\u0161ao u Betnavi kod Maribora, okru\u017een [&hellip;]","og_url":"https:\/\/museum-mb.si\/hu\/kiallitasok\/ii-resz\/","og_site_name":"Pokrajinski muzej Maribor","article_publisher":"https:\/\/www.facebook.com\/pomum123","article_modified_time":"2022-11-09T11:06:29+00:00","og_image":[{"width":1032,"height":1032,"url":"https:\/\/museum-mb.si\/wp-content\/uploads\/2022\/09\/Brandis-4-uai-1032x1032-1.jpg","type":"image\/jpeg"}],"twitter_card":"summary_large_image","twitter_misc":{"Becs\u00fclt olvas\u00e1si id\u0151":"2 perc"},"schema":{"@context":"https:\/\/schema.org","@graph":[{"@type":"WebPage","@id":"https:\/\/museum-mb.si\/razstave\/ii-del\/","url":"https:\/\/museum-mb.si\/razstave\/ii-del\/","name":"II. DEL &#8211; Pokrajinski muzej Maribor","isPartOf":{"@id":"https:\/\/museum-mb.si\/#website"},"primaryImageOfPage":{"@id":"https:\/\/museum-mb.si\/razstave\/ii-del\/#primaryimage"},"image":{"@id":"https:\/\/museum-mb.si\/razstave\/ii-del\/#primaryimage"},"thumbnailUrl":"https:\/\/museum-mb.si\/wp-content\/uploads\/2022\/09\/Brandis-4-uai-1032x1032-1.jpg","datePublished":"2022-09-18T19:26:44+00:00","dateModified":"2022-11-09T11:06:29+00:00","breadcrumb":{"@id":"https:\/\/museum-mb.si\/razstave\/ii-del\/#breadcrumb"},"inLanguage":"hu","potentialAction":[{"@type":"ReadAction","target":["https:\/\/museum-mb.si\/razstave\/ii-del\/"]}]},{"@type":"ImageObject","inLanguage":"hu","@id":"https:\/\/museum-mb.si\/razstave\/ii-del\/#primaryimage","url":"https:\/\/museum-mb.si\/wp-content\/uploads\/2022\/09\/Brandis-4-uai-1032x1032-1.jpg","contentUrl":"https:\/\/museum-mb.si\/wp-content\/uploads\/2022\/09\/Brandis-4-uai-1032x1032-1.jpg","width":1032,"height":1032},{"@type":"BreadcrumbList","@id":"https:\/\/museum-mb.si\/razstave\/ii-del\/#breadcrumb","itemListElement":[{"@type":"ListItem","position":1,"name":"Domov","item":"https:\/\/museum-mb.si\/"},{"@type":"ListItem","position":2,"name":"Razstave","item":"https:\/\/museum-mb.si\/razstave\/"},{"@type":"ListItem","position":3,"name":"II. DEL"}]},{"@type":"WebSite","@id":"https:\/\/museum-mb.si\/#website","url":"https:\/\/museum-mb.si\/","name":"Maribori Region\u00e1lis M\u00fazeum","description":"","publisher":{"@id":"https:\/\/museum-mb.si\/#organization"},"potentialAction":[{"@type":"SearchAction","target":{"@type":"EntryPoint","urlTemplate":"https:\/\/museum-mb.si\/?s={search_term_string}"},"query-input":{"@type":"PropertyValueSpecification","valueRequired":true,"valueName":"search_term_string"}}],"inLanguage":"hu"},{"@type":"Organization","@id":"https:\/\/museum-mb.si\/#organization","name":"Maribori Region\u00e1lis M\u00fazeum","url":"https:\/\/museum-mb.si\/","logo":{"@type":"ImageObject","inLanguage":"hu","@id":"https:\/\/museum-mb.si\/#\/schema\/logo\/image\/","url":"https:\/\/museum-mb.si\/wp-content\/uploads\/2024\/12\/pmm_logo_barvni_jpeg.jpg","contentUrl":"https:\/\/museum-mb.si\/wp-content\/uploads\/2024\/12\/pmm_logo_barvni_jpeg.jpg","width":758,"height":754,"caption":"Pokrajinski muzej Maribor"},"image":{"@id":"https:\/\/museum-mb.si\/#\/schema\/logo\/image\/"},"sameAs":["https:\/\/www.facebook.com\/pomum123","https:\/\/www.instagram.com\/maribor_museum\/","https:\/\/www.youtube.com\/channel\/UCdshtCrun841Oc-35tYLBGQ"]}]}},"_links":{"self":[{"href":"https:\/\/museum-mb.si\/hu\/wp-json\/wp\/v2\/razstave\/72978","targetHints":{"allow":["GET"]}}],"collection":[{"href":"https:\/\/museum-mb.si\/hu\/wp-json\/wp\/v2\/razstave"}],"about":[{"href":"https:\/\/museum-mb.si\/hu\/wp-json\/wp\/v2\/types\/razstave"}],"version-history":[{"count":7,"href":"https:\/\/museum-mb.si\/hu\/wp-json\/wp\/v2\/razstave\/72978\/revisions"}],"predecessor-version":[{"id":74635,"href":"https:\/\/museum-mb.si\/hu\/wp-json\/wp\/v2\/razstave\/72978\/revisions\/74635"}],"wp:featuredmedia":[{"embeddable":true,"href":"https:\/\/museum-mb.si\/hu\/wp-json\/wp\/v2\/media\/72980"}],"wp:attachment":[{"href":"https:\/\/museum-mb.si\/hu\/wp-json\/wp\/v2\/media?parent=72978"}],"wp:term":[{"taxonomy":"vrsta","embeddable":true,"href":"https:\/\/museum-mb.si\/hu\/wp-json\/wp\/v2\/vrsta?post=72978"}],"curies":[{"name":"wp","href":"https:\/\/api.w.org\/{rel}","templated":true}]}}