{"id":72208,"date":"2022-09-18T15:39:28","date_gmt":"2022-09-18T15:39:28","guid":{"rendered":"https:\/\/nova.museum-mb.si\/?post_type=razstave&#038;p=72208"},"modified":"2023-08-28T21:30:47","modified_gmt":"2023-08-28T20:30:47","slug":"impresum-6","status":"publish","type":"razstave","link":"https:\/\/museum-mb.si\/hu\/kiallitasok\/impresum-6\/","title":{"rendered":"Impresszum"},"content":{"rendered":"<div data-elementor-type=\"wp-post\" data-elementor-id=\"72208\" class=\"elementor elementor-72208\" data-elementor-post-type=\"razstave\">\n\t\t\t\t\t\t<section class=\"elementor-section elementor-top-section elementor-element elementor-element-30b26b1d elementor-section-height-min-height elementor-section-boxed elementor-section-height-default elementor-section-items-middle\" data-id=\"30b26b1d\" data-element_type=\"section\" data-settings=\"{&quot;background_background&quot;:&quot;classic&quot;,&quot;jet_parallax_layout_list&quot;:[]}\">\n\t\t\t\t\t\t\t<div class=\"elementor-background-overlay\"><\/div>\n\t\t\t\t\t\t\t<div class=\"elementor-container elementor-column-gap-no\">\n\t\t\t\t\t<div class=\"elementor-column elementor-col-50 elementor-top-column elementor-element elementor-element-518eab69\" data-id=\"518eab69\" data-element_type=\"column\">\n\t\t\t<div class=\"elementor-widget-wrap elementor-element-populated\">\n\t\t\t\t\t\t<div class=\"elementor-element elementor-element-1a620b5e elementor-widget elementor-widget-heading\" data-id=\"1a620b5e\" data-element_type=\"widget\" data-widget_type=\"heading.default\">\n\t\t\t\t<div class=\"elementor-widget-container\">\n\t\t\t\t\t<h2 class=\"elementor-heading-title elementor-size-default\">A SZENTH\u00c1ROMS\u00c1G<\/h2>\t\t\t\t<\/div>\n\t\t\t\t<\/div>\n\t\t\t\t<div class=\"elementor-element elementor-element-6103aafe elementor-widget elementor-widget-heading\" data-id=\"6103aafe\" data-element_type=\"widget\" data-widget_type=\"heading.default\">\n\t\t\t\t<div class=\"elementor-widget-container\">\n\t\t\t\t\t<h2 class=\"elementor-heading-title elementor-size-default\">A SZENTH\u00c1ROMS\u00c1G\nOSIJEK<\/h2>\t\t\t\t<\/div>\n\t\t\t\t<\/div>\n\t\t\t\t\t<\/div>\n\t\t<\/div>\n\t\t\t\t<div class=\"elementor-column elementor-col-50 elementor-top-column elementor-element elementor-element-fdd6e2d\" data-id=\"fdd6e2d\" data-element_type=\"column\">\n\t\t\t<div class=\"elementor-widget-wrap elementor-element-populated\">\n\t\t\t\t\t\t<div class=\"elementor-element elementor-element-14eebce1 elementor-widget elementor-widget-text-editor\" data-id=\"14eebce1\" data-element_type=\"widget\" data-widget_type=\"text-editor.default\">\n\t\t\t\t<div class=\"elementor-widget-container\">\n\t\t\t\t\t\t\t\t\t<p>A barokk fontos \u00f6sszek\u00f6t\u0151 kapocs Maribor \u00e9s Esz\u00e9k, a Dr\u00e1va k\u00e9t legnagyobb \u00e9s legbar\u00e1ts\u00e1gosabb v\u00e1ra k\u00f6z\u00f6tt.<\/p>\n<p>A Szenth\u00e1roms\u00e1g virtu\u00e1lis megjelen\u00edt\u00e9se Horv\u00e1torsz\u00e1g legnagyobb barokk szobr\u00e1t mutatja be, amelyet 1729-ben \u00e1ll\u00edtottak fel Tvr\u0111e v\u00e1ros k\u00f6zponti ter\u00e9n. Az eml\u00e9km\u0171vet Ana Marija Petra\u0161 b\u00e1r\u00f3n\u0151, Beckers t\u00e1bornok l\u00e1nya \u00e9s Maximilian Petra\u0161 t\u00e1bornok \u00e9s az Osjecka er\u0151d parancsnoka \u00f6zvegye, Ana Marija Petra\u0161 b\u00e1r\u00f3n\u0151 rendelte meg. A pestis elleni v\u00e9dekez\u00e9s\u00fcl emelt eml\u00e9km\u0171vet Szent Sebesty\u00e9n, Szent R\u00f3kus, Szent Roz\u00e1lia, Xav\u00e9ri Szent Franja, Boromeai Szent K\u00e1roly \u00e9s a Szenth\u00e1roms\u00e1g oltalmaz\u00f3 szentek szobrai d\u00edsz\u00edtik, az eml\u00e9km\u0171 l\u00e1b\u00e1n\u00e1l pedig a Szepl\u0151telen Fogantat\u00e1s, Szent J\u00f3zsef, Nepomuki Szent Iv\u00e1n \u00e9s Szent Katalin szobrai \u00e1llnak.<\/p>\n<gwmw style=\"display:none;\"><\/gwmw>\t\t\t\t\t\t\t\t<\/div>\n\t\t\t\t<\/div>\n\t\t\t\t\t<\/div>\n\t\t<\/div>\n\t\t\t\t\t<\/div>\n\t\t<\/section>\n\t\t\t\t<section class=\"elementor-section elementor-top-section elementor-element elementor-element-4677a5ff elementor-hidden-mobile elementor-section-boxed elementor-section-height-default elementor-section-height-default\" data-id=\"4677a5ff\" data-element_type=\"section\" data-settings=\"{&quot;jet_parallax_layout_list&quot;:[]}\">\n\t\t\t\t\t\t<div class=\"elementor-container elementor-column-gap-default\">\n\t\t\t\t\t<div class=\"make-column-clickable-elementor elementor-column elementor-col-100 elementor-top-column elementor-element elementor-element-7392ee8c\" style=\"cursor: pointer;\" data-column-clickable=\"#Zbirke\" data-column-clickable-blank=\"_self\" data-id=\"7392ee8c\" data-element_type=\"column\" data-settings=\"{&quot;background_background&quot;:&quot;classic&quot;}\">\n\t\t\t<div class=\"elementor-widget-wrap elementor-element-populated\">\n\t\t\t\t\t\t<div class=\"elementor-element elementor-element-612dd73e elementor-widget__width-auto elementor-widget elementor-widget-jet-inline-svg\" data-id=\"612dd73e\" data-element_type=\"widget\" data-widget_type=\"jet-inline-svg.default\">\n\t\t\t\t<div class=\"elementor-widget-container\">\n\t\t\t\t\t<div class=\"elementor-jet-inline-svg jet-elements\"><div class=\"jet-inline-svg__wrapper\"><a class=\"jet-inline-svg jet-inline-svg--custom-width jet-inline-svg--custom-color\" href=\"#Virtualnevsebine\" aria-label=\"SVG link\"><div class=\"jet-inline-svg__inner\"><?xml version=\"1.0\" encoding=\"UTF-8\" standalone=\"no\"?>\n<svg xmlns=\"http:\/\/www.w3.org\/2000\/svg\" version=\"1.0\" width=\"512.000000pt\" height=\"512.000000pt\" viewbox=\"0 0 512.000000 512.000000\" preserveaspectratio=\"xMidYMid meet\">\n  <g transform=\"translate(0.000000,512.000000) scale(0.100000,-0.100000)\" fill=\"currentColor\" stroke=\"none\">\n    <path d=\"M277 4009 c-103 -24 -197 -103 -244 -204 -23 -51 -28 -73 -27 -145 0 -160 -96 -52 1192 -1342 777 -778 1160 -1155 1191 -1172 73 -39 158 -53 234 -37 34 7 83 24 108 37 31 17 414 394 1191 1172 1288 1290 1192 1182 1192 1342 0 72 -4 94 -28 147 -84 184 -308 262 -491 171 -26 -13 -388 -368 -1037 -1016 l-998 -997 -998 997 c-652 651 -1011 1003 -1037 1016 -76 37 -170 49 -248 31z\"><\/path>\n  <\/g>\n<\/svg>\n<\/div><\/a><\/div><\/div>\t\t\t\t<\/div>\n\t\t\t\t<\/div>\n\t\t\t\t\t<\/div>\n\t\t<\/div>\n\t\t\t\t\t<\/div>\n\t\t<\/section>\n\t\t\t\t<section class=\"elementor-section elementor-top-section elementor-element elementor-element-4118cfbc elementor-section-boxed elementor-section-height-default elementor-section-height-default\" data-id=\"4118cfbc\" data-element_type=\"section\" data-settings=\"{&quot;jet_parallax_layout_list&quot;:[]}\">\n\t\t\t\t\t\t<div class=\"elementor-container elementor-column-gap-default\">\n\t\t\t\t\t<div class=\"elementor-column elementor-col-100 elementor-top-column elementor-element elementor-element-78516812\" data-id=\"78516812\" data-element_type=\"column\">\n\t\t\t<div class=\"elementor-widget-wrap elementor-element-populated\">\n\t\t\t\t\t\t<div class=\"elementor-element elementor-element-35a6e679 elementor-widget elementor-widget-menu-anchor\" data-id=\"35a6e679\" data-element_type=\"widget\" data-widget_type=\"menu-anchor.default\">\n\t\t\t\t<div class=\"elementor-widget-container\">\n\t\t\t\t\t\t\t<div class=\"elementor-menu-anchor\" id=\"Virtualnevsebine\"><\/div>\n\t\t\t\t\t\t<\/div>\n\t\t\t\t<\/div>\n\t\t\t\t\t<\/div>\n\t\t<\/div>\n\t\t\t\t\t<\/div>\n\t\t<\/section>\n\t\t\t\t<section class=\"elementor-section elementor-top-section elementor-element elementor-element-b884c05 elementor-section-boxed elementor-section-height-default elementor-section-height-default\" data-id=\"b884c05\" data-element_type=\"section\" data-settings=\"{&quot;jet_parallax_layout_list&quot;:[]}\">\n\t\t\t\t\t\t<div class=\"elementor-container elementor-column-gap-default\">\n\t\t\t\t\t<div class=\"elementor-column elementor-col-100 elementor-top-column elementor-element elementor-element-492846a\" data-id=\"492846a\" data-element_type=\"column\">\n\t\t\t<div class=\"elementor-widget-wrap elementor-element-populated\">\n\t\t\t\t\t\t<div class=\"elementor-element elementor-element-668ee92 elementor-widget elementor-widget-heading\" data-id=\"668ee92\" data-element_type=\"widget\" data-widget_type=\"heading.default\">\n\t\t\t\t<div class=\"elementor-widget-container\">\n\t\t\t\t\t<h5 class=\"elementor-heading-title elementor-size-default\">Projekt<\/h5>\t\t\t\t<\/div>\n\t\t\t\t<\/div>\n\t\t\t\t<div class=\"elementor-element elementor-element-c3e0b7d elementor-widget elementor-widget-heading\" data-id=\"c3e0b7d\" data-element_type=\"widget\" data-widget_type=\"heading.default\">\n\t\t\t\t<div class=\"elementor-widget-container\">\n\t\t\t\t\t<h5 class=\"elementor-heading-title elementor-size-default\">Azt hiszem. \u00cdgy van. \/ Hiszek. Ez\u00e9rt vagyok. <\/h5>\t\t\t\t<\/div>\n\t\t\t\t<\/div>\n\t\t\t\t<div class=\"elementor-element elementor-element-bc3ce65 elementor-widget elementor-widget-heading\" data-id=\"bc3ce65\" data-element_type=\"widget\" data-widget_type=\"heading.default\">\n\t\t\t\t<div class=\"elementor-widget-container\">\n\t\t\t\t\t<h5 class=\"elementor-heading-title elementor-size-default\">Ki\u00e1ll\u00edt\u00e1s \/ Ki\u00e1ll\u00edt\u00e1s<\/h5>\t\t\t\t<\/div>\n\t\t\t\t<\/div>\n\t\t\t\t<div class=\"elementor-element elementor-element-e81f242 elementor-widget elementor-widget-heading\" data-id=\"e81f242\" data-element_type=\"widget\" data-widget_type=\"heading.default\">\n\t\t\t\t<div class=\"elementor-widget-container\">\n\t\t\t\t\t<h5 class=\"elementor-heading-title elementor-size-default\">Szenth\u00e1roms\u00e1g \/ A Szenth\u00e1roms\u00e1g<\/h5>\t\t\t\t<\/div>\n\t\t\t\t<\/div>\n\t\t\t\t<div class=\"elementor-element elementor-element-d7c09d0 elementor-widget elementor-widget-heading\" data-id=\"d7c09d0\" data-element_type=\"widget\" data-widget_type=\"heading.default\">\n\t\t\t\t<div class=\"elementor-widget-container\">\n\t\t\t\t\t<h5 class=\"elementor-heading-title elementor-size-default\">Szerz\u0151 \/ Szerz\u0151<\/h5>\t\t\t\t<\/div>\n\t\t\t\t<\/div>\n\t\t\t\t<div class=\"elementor-element elementor-element-b956490 elementor-widget elementor-widget-heading\" data-id=\"b956490\" data-element_type=\"widget\" data-widget_type=\"heading.default\">\n\t\t\t\t<div class=\"elementor-widget-container\">\n\t\t\t\t\t<h5 class=\"elementor-heading-title elementor-size-default\">Grgur Marko Ivankovi\u0107<\/h5>\t\t\t\t<\/div>\n\t\t\t\t<\/div>\n\t\t\t\t<div class=\"elementor-element elementor-element-e14fab1 elementor-widget elementor-widget-heading\" data-id=\"e14fab1\" data-element_type=\"widget\" data-widget_type=\"heading.default\">\n\t\t\t\t<div class=\"elementor-widget-container\">\n\t\t\t\t\t<h5 class=\"elementor-heading-title elementor-size-default\">F\u00e9nyk\u00e9pek \/ F\u00e9nyk\u00e9pek<\/h5>\t\t\t\t<\/div>\n\t\t\t\t<\/div>\n\t\t\t\t<div class=\"elementor-element elementor-element-f931154 elementor-widget elementor-widget-heading\" data-id=\"f931154\" data-element_type=\"widget\" data-widget_type=\"heading.default\">\n\t\t\t\t<div class=\"elementor-widget-container\">\n\t\t\t\t\t<h5 class=\"elementor-heading-title elementor-size-default\">Grgur Marko Ivankovi\u0107<\/h5>\t\t\t\t<\/div>\n\t\t\t\t<\/div>\n\t\t\t\t<div class=\"elementor-element elementor-element-76ead4d elementor-widget elementor-widget-heading\" data-id=\"76ead4d\" data-element_type=\"widget\" data-widget_type=\"heading.default\">\n\t\t\t\t<div class=\"elementor-widget-container\">\n\t\t\t\t\t<h5 class=\"elementor-heading-title elementor-size-default\">IT t\u00e1mogat\u00e1s<\/h5>\t\t\t\t<\/div>\n\t\t\t\t<\/div>\n\t\t\t\t<div class=\"elementor-element elementor-element-e75b3ad elementor-widget elementor-widget-heading\" data-id=\"e75b3ad\" data-element_type=\"widget\" data-widget_type=\"heading.default\">\n\t\t\t\t<div class=\"elementor-widget-container\">\n\t\t\t\t\t<h5 class=\"elementor-heading-title elementor-size-default\">Jesenka Ricl, Domagoj Tominac<\/h5>\t\t\t\t<\/div>\n\t\t\t\t<\/div>\n\t\t\t\t<div class=\"elementor-element elementor-element-00dde90 elementor-widget elementor-widget-heading\" data-id=\"00dde90\" data-element_type=\"widget\" data-widget_type=\"heading.default\">\n\t\t\t\t<div class=\"elementor-widget-container\">\n\t\t\t\t\t<h5 class=\"elementor-heading-title elementor-size-default\">Prevod v ang\u0161\u010dino \/ Ford\u00edt\u00e1s angolra<\/h5>\t\t\t\t<\/div>\n\t\t\t\t<\/div>\n\t\t\t\t<div class=\"elementor-element elementor-element-dbcfc75 elementor-widget elementor-widget-heading\" data-id=\"dbcfc75\" data-element_type=\"widget\" data-widget_type=\"heading.default\">\n\t\t\t\t<div class=\"elementor-widget-container\">\n\t\t\t\t\t<h5 class=\"elementor-heading-title elementor-size-default\">Lingua Osijek<\/h5>\t\t\t\t<\/div>\n\t\t\t\t<\/div>\n\t\t\t\t<div class=\"elementor-element elementor-element-a55a5ef elementor-widget elementor-widget-heading\" data-id=\"a55a5ef\" data-element_type=\"widget\" data-widget_type=\"heading.default\">\n\t\t\t\t<div class=\"elementor-widget-container\">\n\t\t\t\t\t<h5 class=\"elementor-heading-title elementor-size-default\">2018<\/h5>\t\t\t\t<\/div>\n\t\t\t\t<\/div>\n\t\t\t\t<div class=\"elementor-element elementor-element-223420b elementor-widget elementor-widget-image\" data-id=\"223420b\" data-element_type=\"widget\" data-widget_type=\"image.default\">\n\t\t\t\t<div class=\"elementor-widget-container\">\n\t\t\t\t\t\t\t\t\t\t\t\t\t\t\t<img decoding=\"async\" width=\"140\" height=\"140\" src=\"https:\/\/museum-mb.si\/wp-content\/uploads\/2022\/09\/mso.hr_.png\" class=\"attachment-thumbnail size-thumbnail wp-image-75973\" alt=\"\" srcset=\"https:\/\/museum-mb.si\/wp-content\/uploads\/2022\/09\/mso.hr_.png 140w, https:\/\/museum-mb.si\/wp-content\/uploads\/2022\/09\/mso.hr_-12x12.png 12w\" sizes=\"(max-width: 140px) 100vw, 140px\" \/>\t\t\t\t\t\t\t\t\t\t\t\t\t\t\t<\/div>\n\t\t\t\t<\/div>\n\t\t\t\t<div class=\"elementor-element elementor-element-8eb39c1 elementor-widget elementor-widget-heading\" data-id=\"8eb39c1\" data-element_type=\"widget\" data-widget_type=\"heading.default\">\n\t\t\t\t<div class=\"elementor-widget-container\">\n\t\t\t\t\t<h5 class=\"elementor-heading-title elementor-size-default\"><a href=\"https:\/\/mso.hr\/\">www.mso.hr<\/a><\/h5>\t\t\t\t<\/div>\n\t\t\t\t<\/div>\n\t\t\t\t\t<\/div>\n\t\t<\/div>\n\t\t\t\t\t<\/div>\n\t\t<\/section>\n\t\t\t\t<\/div>","protected":false},"featured_media":72209,"template":"","vrsta":[21],"class_list":["post-72208","razstave","type-razstave","status-publish","has-post-thumbnail","hentry","vrsta-trojstvo"],"yoast_head":"<!-- This site is optimized with the Yoast SEO plugin v27.5 - https:\/\/yoast.com\/product\/yoast-seo-wordpress\/ -->\n<title>Impresum &#8211; Pokrajinski muzej Maribor<\/title>\n<meta name=\"robots\" content=\"index, follow, max-snippet:-1, max-image-preview:large, max-video-preview:-1\" \/>\n<link rel=\"canonical\" href=\"https:\/\/museum-mb.si\/hu\/kiallitasok\/impresum-6\/\" \/>\n<meta property=\"og:locale\" content=\"hu_HU\" \/>\n<meta property=\"og:type\" content=\"article\" \/>\n<meta property=\"og:title\" content=\"Impresum &#8211; Pokrajinski muzej Maribor\" \/>\n<meta property=\"og:description\" content=\"SVETO TROJSTVO SVETO TROJSTVO OSIJEK Barok je sna\u017ena poveznica Maribora i Osijeka, dvaju najve\u0107ih i ujedno prijateljskih gradova, smje\u0161tenih na rijeci Dravi. Virtualnom izlo\u017ebom Sveto Trojstvo predstavljamo najve\u0107u baroknu skulpturu u Hrvatskoj podignutu 1729. godine na sredi\u0161njem trgu osje\u010dke Tvr\u0111e. Spomenik je dala podi\u0107i barunica Ana Marija Petra\u0161, k\u0107i generala Beckersa i udovica generala i [&hellip;]\" \/>\n<meta property=\"og:url\" content=\"https:\/\/museum-mb.si\/hu\/kiallitasok\/impresum-6\/\" \/>\n<meta property=\"og:site_name\" content=\"Pokrajinski muzej Maribor\" \/>\n<meta property=\"article:publisher\" content=\"https:\/\/www.facebook.com\/pomum123\" \/>\n<meta property=\"article:modified_time\" content=\"2023-08-28T20:30:47+00:00\" \/>\n<meta property=\"og:image\" content=\"https:\/\/museum-mb.si\/wp-content\/uploads\/2022\/09\/Muz-Slavonije-LOGO-uai-302x302-1.png\" \/>\n\t<meta property=\"og:image:width\" content=\"302\" \/>\n\t<meta property=\"og:image:height\" content=\"302\" \/>\n\t<meta property=\"og:image:type\" content=\"image\/png\" \/>\n<meta name=\"twitter:card\" content=\"summary_large_image\" \/>\n<meta name=\"twitter:label1\" content=\"Becs\u00fclt olvas\u00e1si id\u0151\" \/>\n\t<meta name=\"twitter:data1\" content=\"1 perc\" \/>\n<script type=\"application\/ld+json\" class=\"yoast-schema-graph\">{\"@context\":\"https:\\\/\\\/schema.org\",\"@graph\":[{\"@type\":\"WebPage\",\"@id\":\"https:\\\/\\\/museum-mb.si\\\/razstave\\\/impresum-6\\\/\",\"url\":\"https:\\\/\\\/museum-mb.si\\\/razstave\\\/impresum-6\\\/\",\"name\":\"Impresum &#8211; Pokrajinski muzej Maribor\",\"isPartOf\":{\"@id\":\"https:\\\/\\\/museum-mb.si\\\/#website\"},\"primaryImageOfPage\":{\"@id\":\"https:\\\/\\\/museum-mb.si\\\/razstave\\\/impresum-6\\\/#primaryimage\"},\"image\":{\"@id\":\"https:\\\/\\\/museum-mb.si\\\/razstave\\\/impresum-6\\\/#primaryimage\"},\"thumbnailUrl\":\"https:\\\/\\\/museum-mb.si\\\/wp-content\\\/uploads\\\/2022\\\/09\\\/Muz-Slavonije-LOGO-uai-302x302-1.png\",\"datePublished\":\"2022-09-18T15:39:28+00:00\",\"dateModified\":\"2023-08-28T20:30:47+00:00\",\"breadcrumb\":{\"@id\":\"https:\\\/\\\/museum-mb.si\\\/razstave\\\/impresum-6\\\/#breadcrumb\"},\"inLanguage\":\"hu\",\"potentialAction\":[{\"@type\":\"ReadAction\",\"target\":[\"https:\\\/\\\/museum-mb.si\\\/razstave\\\/impresum-6\\\/\"]}]},{\"@type\":\"ImageObject\",\"inLanguage\":\"hu\",\"@id\":\"https:\\\/\\\/museum-mb.si\\\/razstave\\\/impresum-6\\\/#primaryimage\",\"url\":\"https:\\\/\\\/museum-mb.si\\\/wp-content\\\/uploads\\\/2022\\\/09\\\/Muz-Slavonije-LOGO-uai-302x302-1.png\",\"contentUrl\":\"https:\\\/\\\/museum-mb.si\\\/wp-content\\\/uploads\\\/2022\\\/09\\\/Muz-Slavonije-LOGO-uai-302x302-1.png\",\"width\":302,\"height\":302},{\"@type\":\"BreadcrumbList\",\"@id\":\"https:\\\/\\\/museum-mb.si\\\/razstave\\\/impresum-6\\\/#breadcrumb\",\"itemListElement\":[{\"@type\":\"ListItem\",\"position\":1,\"name\":\"Domov\",\"item\":\"https:\\\/\\\/museum-mb.si\\\/\"},{\"@type\":\"ListItem\",\"position\":2,\"name\":\"Razstave\",\"item\":\"https:\\\/\\\/museum-mb.si\\\/razstave\\\/\"},{\"@type\":\"ListItem\",\"position\":3,\"name\":\"Impresum\"}]},{\"@type\":\"WebSite\",\"@id\":\"https:\\\/\\\/museum-mb.si\\\/#website\",\"url\":\"https:\\\/\\\/museum-mb.si\\\/\",\"name\":\"Pokrajinski muzej Maribor\",\"description\":\"\",\"publisher\":{\"@id\":\"https:\\\/\\\/museum-mb.si\\\/#organization\"},\"potentialAction\":[{\"@type\":\"SearchAction\",\"target\":{\"@type\":\"EntryPoint\",\"urlTemplate\":\"https:\\\/\\\/museum-mb.si\\\/?s={search_term_string}\"},\"query-input\":{\"@type\":\"PropertyValueSpecification\",\"valueRequired\":true,\"valueName\":\"search_term_string\"}}],\"inLanguage\":\"hu\"},{\"@type\":\"Organization\",\"@id\":\"https:\\\/\\\/museum-mb.si\\\/#organization\",\"name\":\"Pokrajinski muzej Maribor\",\"url\":\"https:\\\/\\\/museum-mb.si\\\/\",\"logo\":{\"@type\":\"ImageObject\",\"inLanguage\":\"hu\",\"@id\":\"https:\\\/\\\/museum-mb.si\\\/#\\\/schema\\\/logo\\\/image\\\/\",\"url\":\"https:\\\/\\\/museum-mb.si\\\/wp-content\\\/uploads\\\/2024\\\/12\\\/pmm_logo_barvni_jpeg.jpg\",\"contentUrl\":\"https:\\\/\\\/museum-mb.si\\\/wp-content\\\/uploads\\\/2024\\\/12\\\/pmm_logo_barvni_jpeg.jpg\",\"width\":758,\"height\":754,\"caption\":\"Pokrajinski muzej Maribor\"},\"image\":{\"@id\":\"https:\\\/\\\/museum-mb.si\\\/#\\\/schema\\\/logo\\\/image\\\/\"},\"sameAs\":[\"https:\\\/\\\/www.facebook.com\\\/pomum123\",\"https:\\\/\\\/www.instagram.com\\\/maribor_museum\\\/\",\"https:\\\/\\\/www.youtube.com\\\/channel\\\/UCdshtCrun841Oc-35tYLBGQ\"]}]}<\/script>\n<!-- \/ Yoast SEO plugin. -->","yoast_head_json":{"title":"Impresum &#8211; Pokrajinski muzej Maribor","robots":{"index":"index","follow":"follow","max-snippet":"max-snippet:-1","max-image-preview":"max-image-preview:large","max-video-preview":"max-video-preview:-1"},"canonical":"https:\/\/museum-mb.si\/hu\/kiallitasok\/impresum-6\/","og_locale":"hu_HU","og_type":"article","og_title":"Impresum &#8211; Pokrajinski muzej Maribor","og_description":"SVETO TROJSTVO SVETO TROJSTVO OSIJEK Barok je sna\u017ena poveznica Maribora i Osijeka, dvaju najve\u0107ih i ujedno prijateljskih gradova, smje\u0161tenih na rijeci Dravi. Virtualnom izlo\u017ebom Sveto Trojstvo predstavljamo najve\u0107u baroknu skulpturu u Hrvatskoj podignutu 1729. godine na sredi\u0161njem trgu osje\u010dke Tvr\u0111e. Spomenik je dala podi\u0107i barunica Ana Marija Petra\u0161, k\u0107i generala Beckersa i udovica generala i [&hellip;]","og_url":"https:\/\/museum-mb.si\/hu\/kiallitasok\/impresum-6\/","og_site_name":"Pokrajinski muzej Maribor","article_publisher":"https:\/\/www.facebook.com\/pomum123","article_modified_time":"2023-08-28T20:30:47+00:00","og_image":[{"width":302,"height":302,"url":"https:\/\/museum-mb.si\/wp-content\/uploads\/2022\/09\/Muz-Slavonije-LOGO-uai-302x302-1.png","type":"image\/png"}],"twitter_card":"summary_large_image","twitter_misc":{"Becs\u00fclt olvas\u00e1si id\u0151":"1 perc"},"schema":{"@context":"https:\/\/schema.org","@graph":[{"@type":"WebPage","@id":"https:\/\/museum-mb.si\/razstave\/impresum-6\/","url":"https:\/\/museum-mb.si\/razstave\/impresum-6\/","name":"Impresum &#8211; Pokrajinski muzej Maribor","isPartOf":{"@id":"https:\/\/museum-mb.si\/#website"},"primaryImageOfPage":{"@id":"https:\/\/museum-mb.si\/razstave\/impresum-6\/#primaryimage"},"image":{"@id":"https:\/\/museum-mb.si\/razstave\/impresum-6\/#primaryimage"},"thumbnailUrl":"https:\/\/museum-mb.si\/wp-content\/uploads\/2022\/09\/Muz-Slavonije-LOGO-uai-302x302-1.png","datePublished":"2022-09-18T15:39:28+00:00","dateModified":"2023-08-28T20:30:47+00:00","breadcrumb":{"@id":"https:\/\/museum-mb.si\/razstave\/impresum-6\/#breadcrumb"},"inLanguage":"hu","potentialAction":[{"@type":"ReadAction","target":["https:\/\/museum-mb.si\/razstave\/impresum-6\/"]}]},{"@type":"ImageObject","inLanguage":"hu","@id":"https:\/\/museum-mb.si\/razstave\/impresum-6\/#primaryimage","url":"https:\/\/museum-mb.si\/wp-content\/uploads\/2022\/09\/Muz-Slavonije-LOGO-uai-302x302-1.png","contentUrl":"https:\/\/museum-mb.si\/wp-content\/uploads\/2022\/09\/Muz-Slavonije-LOGO-uai-302x302-1.png","width":302,"height":302},{"@type":"BreadcrumbList","@id":"https:\/\/museum-mb.si\/razstave\/impresum-6\/#breadcrumb","itemListElement":[{"@type":"ListItem","position":1,"name":"Domov","item":"https:\/\/museum-mb.si\/"},{"@type":"ListItem","position":2,"name":"Razstave","item":"https:\/\/museum-mb.si\/razstave\/"},{"@type":"ListItem","position":3,"name":"Impresum"}]},{"@type":"WebSite","@id":"https:\/\/museum-mb.si\/#website","url":"https:\/\/museum-mb.si\/","name":"Maribori Region\u00e1lis M\u00fazeum","description":"","publisher":{"@id":"https:\/\/museum-mb.si\/#organization"},"potentialAction":[{"@type":"SearchAction","target":{"@type":"EntryPoint","urlTemplate":"https:\/\/museum-mb.si\/?s={search_term_string}"},"query-input":{"@type":"PropertyValueSpecification","valueRequired":true,"valueName":"search_term_string"}}],"inLanguage":"hu"},{"@type":"Organization","@id":"https:\/\/museum-mb.si\/#organization","name":"Maribori Region\u00e1lis M\u00fazeum","url":"https:\/\/museum-mb.si\/","logo":{"@type":"ImageObject","inLanguage":"hu","@id":"https:\/\/museum-mb.si\/#\/schema\/logo\/image\/","url":"https:\/\/museum-mb.si\/wp-content\/uploads\/2024\/12\/pmm_logo_barvni_jpeg.jpg","contentUrl":"https:\/\/museum-mb.si\/wp-content\/uploads\/2024\/12\/pmm_logo_barvni_jpeg.jpg","width":758,"height":754,"caption":"Pokrajinski muzej Maribor"},"image":{"@id":"https:\/\/museum-mb.si\/#\/schema\/logo\/image\/"},"sameAs":["https:\/\/www.facebook.com\/pomum123","https:\/\/www.instagram.com\/maribor_museum\/","https:\/\/www.youtube.com\/channel\/UCdshtCrun841Oc-35tYLBGQ"]}]}},"_links":{"self":[{"href":"https:\/\/museum-mb.si\/hu\/wp-json\/wp\/v2\/razstave\/72208","targetHints":{"allow":["GET"]}}],"collection":[{"href":"https:\/\/museum-mb.si\/hu\/wp-json\/wp\/v2\/razstave"}],"about":[{"href":"https:\/\/museum-mb.si\/hu\/wp-json\/wp\/v2\/types\/razstave"}],"version-history":[{"count":16,"href":"https:\/\/museum-mb.si\/hu\/wp-json\/wp\/v2\/razstave\/72208\/revisions"}],"predecessor-version":[{"id":76008,"href":"https:\/\/museum-mb.si\/hu\/wp-json\/wp\/v2\/razstave\/72208\/revisions\/76008"}],"wp:featuredmedia":[{"embeddable":true,"href":"https:\/\/museum-mb.si\/hu\/wp-json\/wp\/v2\/media\/72209"}],"wp:attachment":[{"href":"https:\/\/museum-mb.si\/hu\/wp-json\/wp\/v2\/media?parent=72208"}],"wp:term":[{"taxonomy":"vrsta","embeddable":true,"href":"https:\/\/museum-mb.si\/hu\/wp-json\/wp\/v2\/vrsta?post=72208"}],"curies":[{"name":"wp","href":"https:\/\/api.w.org\/{rel}","templated":true}]}}