{"id":72188,"date":"2022-09-18T15:38:01","date_gmt":"2022-09-18T15:38:01","guid":{"rendered":"https:\/\/nova.museum-mb.si\/?post_type=razstave&#038;p=72188"},"modified":"2022-09-18T16:19:08","modified_gmt":"2022-09-18T16:19:08","slug":"a-tovisek-szentharomsaga-2","status":"publish","type":"razstave","link":"https:\/\/museum-mb.si\/hu\/kiallitasok\/a-tovisek-szentharomsaga-2\/","title":{"rendered":"A GY\u0170SZ\u0170VIR\u00c1GOK SZENTH\u00c1ROMS\u00c1GA"},"content":{"rendered":"<div data-elementor-type=\"wp-post\" data-elementor-id=\"72188\" class=\"elementor elementor-72188\" data-elementor-post-type=\"razstave\">\n\t\t\t\t\t\t<section class=\"elementor-section elementor-top-section elementor-element elementor-element-5db77560 elementor-section-height-min-height elementor-section-boxed elementor-section-height-default elementor-section-items-middle\" data-id=\"5db77560\" data-element_type=\"section\" data-settings=\"{&quot;background_background&quot;:&quot;classic&quot;,&quot;jet_parallax_layout_list&quot;:[]}\">\n\t\t\t\t\t\t\t<div class=\"elementor-background-overlay\"><\/div>\n\t\t\t\t\t\t\t<div class=\"elementor-container elementor-column-gap-no\">\n\t\t\t\t\t<div class=\"elementor-column elementor-col-50 elementor-top-column elementor-element elementor-element-44eef852\" data-id=\"44eef852\" data-element_type=\"column\">\n\t\t\t<div class=\"elementor-widget-wrap elementor-element-populated\">\n\t\t\t\t\t\t<div class=\"elementor-element elementor-element-76deb70e elementor-widget elementor-widget-heading\" data-id=\"76deb70e\" data-element_type=\"widget\" data-widget_type=\"heading.default\">\n\t\t\t\t<div class=\"elementor-widget-container\">\n\t\t\t\t\t<h2 class=\"elementor-heading-title elementor-size-default\">A SZENTH\u00c1ROMS\u00c1G<\/h2>\t\t\t\t<\/div>\n\t\t\t\t<\/div>\n\t\t\t\t<div class=\"elementor-element elementor-element-1725603c elementor-widget elementor-widget-heading\" data-id=\"1725603c\" data-element_type=\"widget\" data-widget_type=\"heading.default\">\n\t\t\t\t<div class=\"elementor-widget-container\">\n\t\t\t\t\t<h2 class=\"elementor-heading-title elementor-size-default\">A SZENTH\u00c1ROMS\u00c1G\nOSIJEK<\/h2>\t\t\t\t<\/div>\n\t\t\t\t<\/div>\n\t\t\t\t\t<\/div>\n\t\t<\/div>\n\t\t\t\t<div class=\"elementor-column elementor-col-50 elementor-top-column elementor-element elementor-element-54de46c5\" data-id=\"54de46c5\" data-element_type=\"column\">\n\t\t\t<div class=\"elementor-widget-wrap elementor-element-populated\">\n\t\t\t\t\t\t<div class=\"elementor-element elementor-element-5238ac29 elementor-widget elementor-widget-text-editor\" data-id=\"5238ac29\" data-element_type=\"widget\" data-widget_type=\"text-editor.default\">\n\t\t\t\t<div class=\"elementor-widget-container\">\n\t\t\t\t\t\t\t\t\t<p>A barokk fontos \u00f6sszek\u00f6t\u0151 kapocs Maribor \u00e9s Esz\u00e9k, a Dr\u00e1va k\u00e9t legnagyobb \u00e9s legbar\u00e1ts\u00e1gosabb v\u00e1ra k\u00f6z\u00f6tt.<\/p>\n<p>A Szenth\u00e1roms\u00e1g virtu\u00e1lis megjelen\u00edt\u00e9se Horv\u00e1torsz\u00e1g legnagyobb barokk szobr\u00e1t mutatja be, amelyet 1729-ben \u00e1ll\u00edtottak fel Tvr\u0111e v\u00e1ros k\u00f6zponti ter\u00e9n. Az eml\u00e9km\u0171vet Ana Marija Petra\u0161 b\u00e1r\u00f3n\u0151, Beckers t\u00e1bornok l\u00e1nya \u00e9s Maximilian Petra\u0161 t\u00e1bornok \u00e9s az Osjecka er\u0151d parancsnoka \u00f6zvegye, Ana Marija Petra\u0161 b\u00e1r\u00f3n\u0151 rendelte meg. A pestis elleni v\u00e9dekez\u00e9s\u00fcl emelt eml\u00e9km\u0171vet Szent Sebesty\u00e9n, Szent R\u00f3kus, Szent Roz\u00e1lia, Xav\u00e9ri Szent Franja, Boromeai Szent K\u00e1roly \u00e9s a Szenth\u00e1roms\u00e1g oltalmaz\u00f3 szentek szobrai d\u00edsz\u00edtik, az eml\u00e9km\u0171 l\u00e1b\u00e1n\u00e1l pedig a Szepl\u0151telen Fogantat\u00e1s, Szent J\u00f3zsef, Nepomuki Szent Iv\u00e1n \u00e9s Szent Katalin szobrai \u00e1llnak.<\/p>\n<p><gwmw style=\"display:none;\"><\/gwmw><\/p>\n<gwmw style=\"display:none;\"><\/gwmw>\t\t\t\t\t\t\t\t<\/div>\n\t\t\t\t<\/div>\n\t\t\t\t\t<\/div>\n\t\t<\/div>\n\t\t\t\t\t<\/div>\n\t\t<\/section>\n\t\t\t\t<section class=\"elementor-section elementor-top-section elementor-element elementor-element-73aac212 elementor-hidden-mobile elementor-section-boxed elementor-section-height-default elementor-section-height-default\" data-id=\"73aac212\" data-element_type=\"section\" data-settings=\"{&quot;jet_parallax_layout_list&quot;:[]}\">\n\t\t\t\t\t\t<div class=\"elementor-container elementor-column-gap-default\">\n\t\t\t\t\t<div class=\"make-column-clickable-elementor elementor-column elementor-col-100 elementor-top-column elementor-element elementor-element-3ffceba1\" style=\"cursor: pointer;\" data-column-clickable=\"#Zbirke\" data-column-clickable-blank=\"_self\" data-id=\"3ffceba1\" data-element_type=\"column\" data-settings=\"{&quot;background_background&quot;:&quot;classic&quot;}\">\n\t\t\t<div class=\"elementor-widget-wrap elementor-element-populated\">\n\t\t\t\t\t\t<div class=\"elementor-element elementor-element-53cb836a elementor-widget__width-auto elementor-widget elementor-widget-jet-inline-svg\" data-id=\"53cb836a\" data-element_type=\"widget\" data-widget_type=\"jet-inline-svg.default\">\n\t\t\t\t<div class=\"elementor-widget-container\">\n\t\t\t\t\t<div class=\"elementor-jet-inline-svg jet-elements\"><div class=\"jet-inline-svg__wrapper\"><a class=\"jet-inline-svg jet-inline-svg--custom-width jet-inline-svg--custom-color\" href=\"#Virtualnevsebine\" aria-label=\"SVG link\"><img decoding=\"async\" src=\"https:\/\/museum-mb.si\/wp-content\/uploads\/2022\/08\/arrow-down-sign-to-navigate.svg\" alt=\"\" class=\"jet-inline-svg__inner\"><\/a><\/div><\/div>\t\t\t\t<\/div>\n\t\t\t\t<\/div>\n\t\t\t\t\t<\/div>\n\t\t<\/div>\n\t\t\t\t\t<\/div>\n\t\t<\/section>\n\t\t\t\t<section class=\"elementor-section elementor-top-section elementor-element elementor-element-7d969756 elementor-section-boxed elementor-section-height-default elementor-section-height-default\" data-id=\"7d969756\" data-element_type=\"section\" data-settings=\"{&quot;jet_parallax_layout_list&quot;:[]}\">\n\t\t\t\t\t\t<div class=\"elementor-container elementor-column-gap-default\">\n\t\t\t\t\t<div class=\"elementor-column elementor-col-100 elementor-top-column elementor-element elementor-element-35fc54e2\" data-id=\"35fc54e2\" data-element_type=\"column\">\n\t\t\t<div class=\"elementor-widget-wrap elementor-element-populated\">\n\t\t\t\t\t\t<div class=\"elementor-element elementor-element-56289bd7 elementor-widget elementor-widget-menu-anchor\" data-id=\"56289bd7\" data-element_type=\"widget\" data-widget_type=\"menu-anchor.default\">\n\t\t\t\t<div class=\"elementor-widget-container\">\n\t\t\t\t\t\t\t<div class=\"elementor-menu-anchor\" id=\"Virtualnevsebine\"><\/div>\n\t\t\t\t\t\t<\/div>\n\t\t\t\t<\/div>\n\t\t\t\t\t<\/div>\n\t\t<\/div>\n\t\t\t\t\t<\/div>\n\t\t<\/section>\n\t\t\t\t<section class=\"elementor-section elementor-top-section elementor-element elementor-element-2e097652 elementor-section-boxed elementor-section-height-default elementor-section-height-default\" data-id=\"2e097652\" data-element_type=\"section\" data-settings=\"{&quot;jet_parallax_layout_list&quot;:[]}\">\n\t\t\t\t\t\t<div class=\"elementor-container elementor-column-gap-default\">\n\t\t\t\t\t<div class=\"elementor-column elementor-col-100 elementor-top-column elementor-element elementor-element-41a7bc1f\" data-id=\"41a7bc1f\" data-element_type=\"column\">\n\t\t\t<div class=\"elementor-widget-wrap elementor-element-populated\">\n\t\t\t\t\t\t<div class=\"elementor-element elementor-element-64c17c7f elementor-widget elementor-widget-jet-carousel\" data-id=\"64c17c7f\" data-element_type=\"widget\" data-settings=\"{&quot;slides_to_show&quot;:&quot;1&quot;,&quot;slides_to_show_mobile&quot;:&quot;1&quot;,&quot;slides_to_scroll_mobile&quot;:&quot;1&quot;,&quot;slides_to_scroll&quot;:&quot;1&quot;}\" data-widget_type=\"jet-carousel.default\">\n\t\t\t\t<div class=\"elementor-widget-container\">\n\t\t\t\t\t<div class=\"elementor-jet-carousel jet-elements\"><div class=\"jet-carousel-wrap\">\n\t<div class=\"jet-carousel\" data-slider_options=\"{&quot;autoplaySpeed&quot;:5000,&quot;autoplay&quot;:false,&quot;infinite&quot;:true,&quot;centerMode&quot;:false,&quot;centerPadding&quot;:&quot;50px&quot;,&quot;pauseOnHover&quot;:false,&quot;speed&quot;:500,&quot;arrows&quot;:true,&quot;dots&quot;:true,&quot;variableWidth&quot;:false,&quot;prevArrow&quot;:&quot;.jet-carousel__prev-arrow-64c17c7f&quot;,&quot;nextArrow&quot;:&quot;.jet-carousel__next-arrow-64c17c7f&quot;,&quot;rtl&quot;:false,&quot;fractionNav&quot;:false,&quot;fade&quot;:false}\" dir=\"ltr\">\n\t<div class=\"elementor-slick-slider\">\n\n<div class=\"jet-carousel__item\">\n\t<div class=\"jet-carousel__item-inner\"><div class=\"jet-carousel__content\">\t\t<div data-elementor-type=\"section\" data-elementor-id=\"72332\" class=\"elementor elementor-72332\" data-elementor-post-type=\"elementor_library\">\n\t\t\t\t\t<section class=\"elementor-section elementor-top-section elementor-element elementor-element-1a8d73c9 elementor-section-boxed elementor-section-height-default elementor-section-height-default\" data-id=\"1a8d73c9\" data-element_type=\"section\" data-settings=\"{&quot;jet_parallax_layout_list&quot;:[]}\">\n\t\t\t\t\t\t<div class=\"elementor-container elementor-column-gap-default\">\n\t\t\t\t\t<div class=\"elementor-column elementor-col-50 elementor-top-column elementor-element elementor-element-7dd492d2\" data-id=\"7dd492d2\" data-element_type=\"column\">\n\t\t\t<div class=\"elementor-widget-wrap elementor-element-populated\">\n\t\t\t\t\t\t<div class=\"elementor-element elementor-element-4901199d elementor-widget elementor-widget-image\" data-id=\"4901199d\" data-element_type=\"widget\" data-widget_type=\"image.default\">\n\t\t\t\t<div class=\"elementor-widget-container\">\n\t\t\t\t\t\t\t\t\t\t\t\t\t\t\t<img fetchpriority=\"high\" decoding=\"async\" width=\"550\" height=\"799\" src=\"https:\/\/museum-mb.si\/wp-content\/uploads\/2022\/08\/SV-TROJ-2-1.jpg\" class=\"attachment-large size-large wp-image-72331\" alt=\"\" srcset=\"https:\/\/museum-mb.si\/wp-content\/uploads\/2022\/08\/SV-TROJ-2-1.jpg 550w, https:\/\/museum-mb.si\/wp-content\/uploads\/2022\/08\/SV-TROJ-2-1-207x300.jpg 207w, https:\/\/museum-mb.si\/wp-content\/uploads\/2022\/08\/SV-TROJ-2-1-8x12.jpg 8w\" sizes=\"(max-width: 550px) 100vw, 550px\" \/>\t\t\t\t\t\t\t\t\t\t\t\t\t\t\t<\/div>\n\t\t\t\t<\/div>\n\t\t\t\t\t<\/div>\n\t\t<\/div>\n\t\t\t\t<div class=\"elementor-column elementor-col-50 elementor-top-column elementor-element elementor-element-1a5d3aba\" data-id=\"1a5d3aba\" data-element_type=\"column\">\n\t\t\t<div class=\"elementor-widget-wrap elementor-element-populated\">\n\t\t\t\t\t\t<div class=\"elementor-element elementor-element-471cec7a elementor-widget__width-initial elementor-widget elementor-widget-text-editor\" data-id=\"471cec7a\" data-element_type=\"widget\" data-widget_type=\"text-editor.default\">\n\t\t\t\t<div class=\"elementor-widget-container\">\n\t\t\t\t\t\t\t\t\tA m\u0171eml\u00e9k karbantart\u00e1sa nem volt a legmagasabb szint\u0171, ami a barokk \u00e9s historiz\u00e1l\u00f3 szobrok k\u00f6z\u00fcl soknak a roml\u00e1s\u00e1hoz vezetett, amelyek a m\u00faltban Esz\u00e9k utc\u00e1it \u00e9s tereit d\u00edsz\u00edtett\u00e9k. A Szenth\u00e1roms\u00e1g eml\u00e9km\u0171 \u00e1llapota 1966 k\u00f6r\u00fcl (MSO-183062).\t\t\t\t\t\t\t\t<\/div>\n\t\t\t\t<\/div>\n\t\t\t\t\t<\/div>\n\t\t<\/div>\n\t\t\t\t\t<\/div>\n\t\t<\/section>\n\t\t\t\t<\/div>\n\t\t<\/div><\/div>\n<\/div>\n\n<div class=\"jet-carousel__item\">\n\t<div class=\"jet-carousel__item-inner\"><div class=\"jet-carousel__content\">\t\t<div data-elementor-type=\"section\" data-elementor-id=\"72336\" class=\"elementor elementor-72336\" data-elementor-post-type=\"elementor_library\">\n\t\t\t\t\t<section class=\"elementor-section elementor-top-section elementor-element elementor-element-18e034b3 elementor-section-boxed elementor-section-height-default elementor-section-height-default\" data-id=\"18e034b3\" data-element_type=\"section\" data-settings=\"{&quot;jet_parallax_layout_list&quot;:[]}\">\n\t\t\t\t\t\t<div class=\"elementor-container elementor-column-gap-default\">\n\t\t\t\t\t<div class=\"elementor-column elementor-col-50 elementor-top-column elementor-element elementor-element-3edd8487\" data-id=\"3edd8487\" data-element_type=\"column\">\n\t\t\t<div class=\"elementor-widget-wrap elementor-element-populated\">\n\t\t\t\t\t\t<div class=\"elementor-element elementor-element-2ee95603 elementor-widget elementor-widget-image\" data-id=\"2ee95603\" data-element_type=\"widget\" data-widget_type=\"image.default\">\n\t\t\t\t<div class=\"elementor-widget-container\">\n\t\t\t\t\t\t\t\t\t\t\t\t\t\t\t<img decoding=\"async\" width=\"800\" height=\"533\" src=\"https:\/\/museum-mb.si\/wp-content\/uploads\/2022\/08\/SV-TROJ-2-2-1024x682.jpg\" class=\"attachment-large size-large wp-image-72335\" alt=\"\" srcset=\"https:\/\/museum-mb.si\/wp-content\/uploads\/2022\/08\/SV-TROJ-2-2-1024x682.jpg 1024w, https:\/\/museum-mb.si\/wp-content\/uploads\/2022\/08\/SV-TROJ-2-2-300x200.jpg 300w, https:\/\/museum-mb.si\/wp-content\/uploads\/2022\/08\/SV-TROJ-2-2-768x512.jpg 768w, https:\/\/museum-mb.si\/wp-content\/uploads\/2022\/08\/SV-TROJ-2-2-18x12.jpg 18w, https:\/\/museum-mb.si\/wp-content\/uploads\/2022\/08\/SV-TROJ-2-2.jpg 1387w\" sizes=\"(max-width: 800px) 100vw, 800px\" \/>\t\t\t\t\t\t\t\t\t\t\t\t\t\t\t<\/div>\n\t\t\t\t<\/div>\n\t\t\t\t\t<\/div>\n\t\t<\/div>\n\t\t\t\t<div class=\"elementor-column elementor-col-50 elementor-top-column elementor-element elementor-element-5ce8bc60\" data-id=\"5ce8bc60\" data-element_type=\"column\">\n\t\t\t<div class=\"elementor-widget-wrap elementor-element-populated\">\n\t\t\t\t\t\t<div class=\"elementor-element elementor-element-685a38e0 elementor-widget__width-initial elementor-widget elementor-widget-text-editor\" data-id=\"685a38e0\" data-element_type=\"widget\" data-widget_type=\"text-editor.default\">\n\t\t\t\t<div class=\"elementor-widget-container\">\n\t\t\t\t\t\t\t\t\tA Szentl\u00e9lek galambja 1729-t\u0151l 1975-ig d\u00edsz\u00edtette a Szenth\u00e1roms\u00e1g-szobor tetej\u00e9t, amikor elavults\u00e1ga miatt a Szlav\u00f3niai M\u00fazeumban t\u00e1rolt\u00e1k, \u00e9s egy m\u00e1solatot helyeztek el a hely\u00e9n (MSO-P-2414).\t\t\t\t\t\t\t\t<\/div>\n\t\t\t\t<\/div>\n\t\t\t\t\t<\/div>\n\t\t<\/div>\n\t\t\t\t\t<\/div>\n\t\t<\/section>\n\t\t\t\t<\/div>\n\t\t<\/div><\/div>\n<\/div>\n\n<div class=\"jet-carousel__item\">\n\t<div class=\"jet-carousel__item-inner\"><div class=\"jet-carousel__content\">\t\t<div data-elementor-type=\"section\" data-elementor-id=\"72344\" class=\"elementor elementor-72344\" data-elementor-post-type=\"elementor_library\">\n\t\t\t\t\t<section class=\"elementor-section elementor-top-section elementor-element elementor-element-557b75e7 elementor-section-boxed elementor-section-height-default elementor-section-height-default\" data-id=\"557b75e7\" data-element_type=\"section\" data-settings=\"{&quot;jet_parallax_layout_list&quot;:[]}\">\n\t\t\t\t\t\t<div class=\"elementor-container elementor-column-gap-default\">\n\t\t\t\t\t<div class=\"elementor-column elementor-col-50 elementor-top-column elementor-element elementor-element-6772f61\" data-id=\"6772f61\" data-element_type=\"column\">\n\t\t\t<div class=\"elementor-widget-wrap elementor-element-populated\">\n\t\t\t\t\t\t<div class=\"elementor-element elementor-element-45e1fb23 elementor-widget elementor-widget-image\" data-id=\"45e1fb23\" data-element_type=\"widget\" data-widget_type=\"image.default\">\n\t\t\t\t<div class=\"elementor-widget-container\">\n\t\t\t\t\t\t\t\t\t\t\t\t\t\t\t<img decoding=\"async\" width=\"800\" height=\"534\" src=\"https:\/\/museum-mb.si\/wp-content\/uploads\/2022\/08\/SV-TROJ-2-3-1024x683.jpg\" class=\"attachment-large size-large wp-image-72343\" alt=\"\" srcset=\"https:\/\/museum-mb.si\/wp-content\/uploads\/2022\/08\/SV-TROJ-2-3-1024x683.jpg 1024w, https:\/\/museum-mb.si\/wp-content\/uploads\/2022\/08\/SV-TROJ-2-3-300x200.jpg 300w, https:\/\/museum-mb.si\/wp-content\/uploads\/2022\/08\/SV-TROJ-2-3-768x513.jpg 768w, https:\/\/museum-mb.si\/wp-content\/uploads\/2022\/08\/SV-TROJ-2-3-18x12.jpg 18w, https:\/\/museum-mb.si\/wp-content\/uploads\/2022\/08\/SV-TROJ-2-3.jpg 1233w\" sizes=\"(max-width: 800px) 100vw, 800px\" \/>\t\t\t\t\t\t\t\t\t\t\t\t\t\t\t<\/div>\n\t\t\t\t<\/div>\n\t\t\t\t\t<\/div>\n\t\t<\/div>\n\t\t\t\t<div class=\"elementor-column elementor-col-50 elementor-top-column elementor-element elementor-element-676102cc\" data-id=\"676102cc\" data-element_type=\"column\">\n\t\t\t<div class=\"elementor-widget-wrap elementor-element-populated\">\n\t\t\t\t\t\t<div class=\"elementor-element elementor-element-f84a7ec elementor-widget__width-initial elementor-widget elementor-widget-text-editor\" data-id=\"f84a7ec\" data-element_type=\"widget\" data-widget_type=\"text-editor.default\">\n\t\t\t\t<div class=\"elementor-widget-container\">\n\t\t\t\t\t\t\t\t\tA Szentl\u00e9lek galambj\u00e1nak eredeti f\u00e9mszobr\u00e1t Valentina Ljubi\u0107 akad\u00e9mikus restaur\u00e1tor restaur\u00e1lta a b\u00e9csi Iparm\u0171v\u00e9szeti Egyetem szakir\u00e1ny\u00fa k\u00e9pz\u00e9se keret\u00e9ben 2002-ben.\t\t\t\t\t\t\t\t<\/div>\n\t\t\t\t<\/div>\n\t\t\t\t\t<\/div>\n\t\t<\/div>\n\t\t\t\t\t<\/div>\n\t\t<\/section>\n\t\t\t\t<\/div>\n\t\t<\/div><\/div>\n<\/div>\n\n<div class=\"jet-carousel__item\">\n\t<div class=\"jet-carousel__item-inner\"><div class=\"jet-carousel__content\">\t\t<div data-elementor-type=\"section\" data-elementor-id=\"72351\" class=\"elementor elementor-72351\" data-elementor-post-type=\"elementor_library\">\n\t\t\t\t\t<section class=\"elementor-section elementor-top-section elementor-element elementor-element-1c5eb1f7 elementor-section-boxed elementor-section-height-default elementor-section-height-default\" data-id=\"1c5eb1f7\" data-element_type=\"section\" data-settings=\"{&quot;jet_parallax_layout_list&quot;:[]}\">\n\t\t\t\t\t\t<div class=\"elementor-container elementor-column-gap-default\">\n\t\t\t\t\t<div class=\"elementor-column elementor-col-50 elementor-top-column elementor-element elementor-element-4fd33bae\" data-id=\"4fd33bae\" data-element_type=\"column\">\n\t\t\t<div class=\"elementor-widget-wrap elementor-element-populated\">\n\t\t\t\t\t\t<div class=\"elementor-element elementor-element-46453d2a elementor-widget elementor-widget-image\" data-id=\"46453d2a\" data-element_type=\"widget\" data-widget_type=\"image.default\">\n\t\t\t\t<div class=\"elementor-widget-container\">\n\t\t\t\t\t\t\t\t\t\t\t\t\t\t\t<img loading=\"lazy\" decoding=\"async\" width=\"800\" height=\"487\" src=\"https:\/\/museum-mb.si\/wp-content\/uploads\/2022\/08\/SV-TROJ-2-4.jpg\" class=\"attachment-large size-large wp-image-72350\" alt=\"\" srcset=\"https:\/\/museum-mb.si\/wp-content\/uploads\/2022\/08\/SV-TROJ-2-4.jpg 931w, https:\/\/museum-mb.si\/wp-content\/uploads\/2022\/08\/SV-TROJ-2-4-300x183.jpg 300w, https:\/\/museum-mb.si\/wp-content\/uploads\/2022\/08\/SV-TROJ-2-4-768x468.jpg 768w, https:\/\/museum-mb.si\/wp-content\/uploads\/2022\/08\/SV-TROJ-2-4-18x12.jpg 18w\" sizes=\"(max-width: 800px) 100vw, 800px\" \/>\t\t\t\t\t\t\t\t\t\t\t\t\t\t\t<\/div>\n\t\t\t\t<\/div>\n\t\t\t\t\t<\/div>\n\t\t<\/div>\n\t\t\t\t<div class=\"elementor-column elementor-col-50 elementor-top-column elementor-element elementor-element-6fcb0dd9\" data-id=\"6fcb0dd9\" data-element_type=\"column\">\n\t\t\t<div class=\"elementor-widget-wrap elementor-element-populated\">\n\t\t\t\t\t\t<div class=\"elementor-element elementor-element-2dc58014 elementor-widget__width-initial elementor-widget elementor-widget-text-editor\" data-id=\"2dc58014\" data-element_type=\"widget\" data-widget_type=\"text-editor.default\">\n\t\t\t\t<div class=\"elementor-widget-container\">\n\t\t\t\t\t\t\t\t\tA helyre\u00e1ll\u00edt\u00e1s fontos premodern kutat\u00e1sokat foglal mag\u00e1ban, bele\u00e9rtve a becsi Osztr\u00e1k R\u00e9g\u00e9szeti Int\u00e9zetben (\u00d6sterreischisches Archeologisches Institut Wien) v\u00e9gzett rendgeni felm\u00e9r\u00e9st.\t\t\t\t\t\t\t\t<\/div>\n\t\t\t\t<\/div>\n\t\t\t\t\t<\/div>\n\t\t<\/div>\n\t\t\t\t\t<\/div>\n\t\t<\/section>\n\t\t\t\t<\/div>\n\t\t<\/div><\/div>\n<\/div>\n\n<div class=\"jet-carousel__item\">\n\t<div class=\"jet-carousel__item-inner\"><div class=\"jet-carousel__content\">\t\t<div data-elementor-type=\"section\" data-elementor-id=\"72357\" class=\"elementor elementor-72357\" data-elementor-post-type=\"elementor_library\">\n\t\t\t\t\t<section class=\"elementor-section elementor-top-section elementor-element elementor-element-2a9f98a4 elementor-section-boxed elementor-section-height-default elementor-section-height-default\" data-id=\"2a9f98a4\" data-element_type=\"section\" data-settings=\"{&quot;jet_parallax_layout_list&quot;:[]}\">\n\t\t\t\t\t\t<div class=\"elementor-container elementor-column-gap-default\">\n\t\t\t\t\t<div class=\"elementor-column elementor-col-50 elementor-top-column elementor-element elementor-element-670b51e5\" data-id=\"670b51e5\" data-element_type=\"column\">\n\t\t\t<div class=\"elementor-widget-wrap elementor-element-populated\">\n\t\t\t\t\t\t<div class=\"elementor-element elementor-element-4f422aab elementor-widget elementor-widget-image\" data-id=\"4f422aab\" data-element_type=\"widget\" data-widget_type=\"image.default\">\n\t\t\t\t<div class=\"elementor-widget-container\">\n\t\t\t\t\t\t\t\t\t\t\t\t\t\t\t<img loading=\"lazy\" decoding=\"async\" width=\"395\" height=\"924\" src=\"https:\/\/museum-mb.si\/wp-content\/uploads\/2022\/08\/SV-TROJ-2-5.jpg\" class=\"attachment-large size-large wp-image-72355\" alt=\"\" srcset=\"https:\/\/museum-mb.si\/wp-content\/uploads\/2022\/08\/SV-TROJ-2-5.jpg 395w, https:\/\/museum-mb.si\/wp-content\/uploads\/2022\/08\/SV-TROJ-2-5-128x300.jpg 128w, https:\/\/museum-mb.si\/wp-content\/uploads\/2022\/08\/SV-TROJ-2-5-5x12.jpg 5w\" sizes=\"(max-width: 395px) 100vw, 395px\" \/>\t\t\t\t\t\t\t\t\t\t\t\t\t\t\t<\/div>\n\t\t\t\t<\/div>\n\t\t\t\t\t<\/div>\n\t\t<\/div>\n\t\t\t\t<div class=\"elementor-column elementor-col-50 elementor-top-column elementor-element elementor-element-4acb39ec\" data-id=\"4acb39ec\" data-element_type=\"column\">\n\t\t\t<div class=\"elementor-widget-wrap elementor-element-populated\">\n\t\t\t\t\t\t<div class=\"elementor-element elementor-element-3977a956 elementor-widget__width-initial elementor-widget elementor-widget-text-editor\" data-id=\"3977a956\" data-element_type=\"widget\" data-widget_type=\"text-editor.default\">\n\t\t\t\t<div class=\"elementor-widget-container\">\n\t\t\t\t\t\t\t\t\tA Rendgeni-festm\u00e9nyek az eredeti rendk\u00edv\u00fcl rossz \u00e1llapot\u00e1t mutatt\u00e1k, ami meger\u0151s\u00edtette azokat a felt\u00e9telez\u00e9seket, hogy az eredetit tov\u00e1bbra is a m\u00fazeumi gy\u0171jtem\u00e9nyben kell tartani.\t\t\t\t\t\t\t\t<\/div>\n\t\t\t\t<\/div>\n\t\t\t\t\t<\/div>\n\t\t<\/div>\n\t\t\t\t\t<\/div>\n\t\t<\/section>\n\t\t\t\t<\/div>\n\t\t<\/div><\/div>\n<\/div>\n\n<div class=\"jet-carousel__item\">\n\t<div class=\"jet-carousel__item-inner\"><div class=\"jet-carousel__content\">\t\t<div data-elementor-type=\"section\" data-elementor-id=\"72361\" class=\"elementor elementor-72361\" data-elementor-post-type=\"elementor_library\">\n\t\t\t\t\t<section class=\"elementor-section elementor-top-section elementor-element elementor-element-63b05da9 elementor-section-boxed elementor-section-height-default elementor-section-height-default\" data-id=\"63b05da9\" data-element_type=\"section\" data-settings=\"{&quot;jet_parallax_layout_list&quot;:[]}\">\n\t\t\t\t\t\t<div class=\"elementor-container elementor-column-gap-default\">\n\t\t\t\t\t<div class=\"elementor-column elementor-col-50 elementor-top-column elementor-element elementor-element-cbd8a4e\" data-id=\"cbd8a4e\" data-element_type=\"column\">\n\t\t\t<div class=\"elementor-widget-wrap elementor-element-populated\">\n\t\t\t\t\t\t<div class=\"elementor-element elementor-element-4ccf5548 elementor-widget elementor-widget-image\" data-id=\"4ccf5548\" data-element_type=\"widget\" data-widget_type=\"image.default\">\n\t\t\t\t<div class=\"elementor-widget-container\">\n\t\t\t\t\t\t\t\t\t\t\t\t\t\t\t<img loading=\"lazy\" decoding=\"async\" width=\"800\" height=\"600\" src=\"https:\/\/museum-mb.si\/wp-content\/uploads\/2022\/08\/SV-TROJ-2-6-1024x768.jpg\" class=\"attachment-large size-large wp-image-72360\" alt=\"\" srcset=\"https:\/\/museum-mb.si\/wp-content\/uploads\/2022\/08\/SV-TROJ-2-6-1024x768.jpg 1024w, https:\/\/museum-mb.si\/wp-content\/uploads\/2022\/08\/SV-TROJ-2-6-300x225.jpg 300w, https:\/\/museum-mb.si\/wp-content\/uploads\/2022\/08\/SV-TROJ-2-6-768x576.jpg 768w, https:\/\/museum-mb.si\/wp-content\/uploads\/2022\/08\/SV-TROJ-2-6-16x12.jpg 16w, https:\/\/museum-mb.si\/wp-content\/uploads\/2022\/08\/SV-TROJ-2-6.jpg 1093w\" sizes=\"(max-width: 800px) 100vw, 800px\" \/>\t\t\t\t\t\t\t\t\t\t\t\t\t\t\t<\/div>\n\t\t\t\t<\/div>\n\t\t\t\t\t<\/div>\n\t\t<\/div>\n\t\t\t\t<div class=\"elementor-column elementor-col-50 elementor-top-column elementor-element elementor-element-67b14554\" data-id=\"67b14554\" data-element_type=\"column\">\n\t\t\t<div class=\"elementor-widget-wrap elementor-element-populated\">\n\t\t\t\t\t\t<div class=\"elementor-element elementor-element-1e14ee8e elementor-widget__width-initial elementor-widget elementor-widget-text-editor\" data-id=\"1e14ee8e\" data-element_type=\"widget\" data-widget_type=\"text-editor.default\">\n\t\t\t\t<div class=\"elementor-widget-container\">\n\t\t\t\t\t\t\t\t\tMa egy h\u0171 m\u00e1solat \u00e1ll az eredeti galamb hely\u00e9n.\t\t\t\t\t\t\t\t<\/div>\n\t\t\t\t<\/div>\n\t\t\t\t\t<\/div>\n\t\t<\/div>\n\t\t\t\t\t<\/div>\n\t\t<\/section>\n\t\t\t\t<\/div>\n\t\t<\/div><\/div>\n<\/div>\n<\/div><div class=\"jet-carousel__prev-arrow-64c17c7f jet-arrow prev-arrow\"><i aria-hidden=\"true\" class=\"fas fa-angle-left\"><\/i><\/div><div class=\"jet-carousel__next-arrow-64c17c7f jet-arrow next-arrow\"><i aria-hidden=\"true\" class=\"fas fa-angle-right\"><\/i><\/div><\/div>\n<\/div>\n<\/div>\t\t\t\t<\/div>\n\t\t\t\t<\/div>\n\t\t\t\t\t<\/div>\n\t\t<\/div>\n\t\t\t\t\t<\/div>\n\t\t<\/section>\n\t\t\t\t<\/div>","protected":false},"featured_media":72190,"template":"","vrsta":[21],"class_list":["post-72188","razstave","type-razstave","status-publish","has-post-thumbnail","hentry","vrsta-trojstvo"],"yoast_head":"<!-- This site is optimized with the Yoast SEO plugin v27.5 - https:\/\/yoast.com\/product\/yoast-seo-wordpress\/ -->\n<title>SVETO TROJSTVO OSIJEK &#8211; Pokrajinski muzej Maribor<\/title>\n<meta name=\"robots\" content=\"index, follow, max-snippet:-1, max-image-preview:large, max-video-preview:-1\" \/>\n<link rel=\"canonical\" href=\"https:\/\/museum-mb.si\/hu\/kiallitasok\/a-tovisek-szentharomsaga-2\/\" \/>\n<meta property=\"og:locale\" content=\"hu_HU\" \/>\n<meta property=\"og:type\" content=\"article\" \/>\n<meta property=\"og:title\" content=\"SVETO TROJSTVO OSIJEK &#8211; Pokrajinski muzej Maribor\" \/>\n<meta property=\"og:description\" content=\"SVETO TROJSTVO SVETO TROJSTVO OSIJEK Barok je sna\u017ena poveznica Maribora i Osijeka, dvaju najve\u0107ih i ujedno prijateljskih gradova, smje\u0161tenih na rijeci Dravi. Virtualnom izlo\u017ebom Sveto Trojstvo predstavljamo najve\u0107u baroknu skulpturu u Hrvatskoj podignutu 1729. godine na sredi\u0161njem trgu osje\u010dke Tvr\u0111e. Spomenik je dala podi\u0107i barunica Ana Marija Petra\u0161, k\u0107i generala Beckersa i udovica generala i [&hellip;]\" \/>\n<meta property=\"og:url\" content=\"https:\/\/museum-mb.si\/hu\/kiallitasok\/a-tovisek-szentharomsaga-2\/\" \/>\n<meta property=\"og:site_name\" content=\"Pokrajinski muzej Maribor\" \/>\n<meta property=\"article:publisher\" content=\"https:\/\/www.facebook.com\/pomum123\" \/>\n<meta property=\"article:modified_time\" content=\"2022-09-18T16:19:08+00:00\" \/>\n<meta property=\"og:image\" content=\"https:\/\/museum-mb.si\/wp-content\/uploads\/2022\/09\/SV-TROJ-2-6-uai-820x820-1.jpg\" \/>\n\t<meta property=\"og:image:width\" content=\"820\" \/>\n\t<meta property=\"og:image:height\" content=\"820\" \/>\n\t<meta property=\"og:image:type\" content=\"image\/jpeg\" \/>\n<meta name=\"twitter:card\" content=\"summary_large_image\" \/>\n<meta name=\"twitter:label1\" content=\"Becs\u00fclt olvas\u00e1si id\u0151\" \/>\n\t<meta name=\"twitter:data1\" content=\"1 perc\" \/>\n<script type=\"application\/ld+json\" class=\"yoast-schema-graph\">{\"@context\":\"https:\\\/\\\/schema.org\",\"@graph\":[{\"@type\":\"WebPage\",\"@id\":\"https:\\\/\\\/museum-mb.si\\\/razstave\\\/sveto-trojstvo-osijek-2\\\/\",\"url\":\"https:\\\/\\\/museum-mb.si\\\/razstave\\\/sveto-trojstvo-osijek-2\\\/\",\"name\":\"SVETO TROJSTVO OSIJEK &#8211; Pokrajinski muzej Maribor\",\"isPartOf\":{\"@id\":\"https:\\\/\\\/museum-mb.si\\\/#website\"},\"primaryImageOfPage\":{\"@id\":\"https:\\\/\\\/museum-mb.si\\\/razstave\\\/sveto-trojstvo-osijek-2\\\/#primaryimage\"},\"image\":{\"@id\":\"https:\\\/\\\/museum-mb.si\\\/razstave\\\/sveto-trojstvo-osijek-2\\\/#primaryimage\"},\"thumbnailUrl\":\"https:\\\/\\\/museum-mb.si\\\/wp-content\\\/uploads\\\/2022\\\/09\\\/SV-TROJ-2-6-uai-820x820-1.jpg\",\"datePublished\":\"2022-09-18T15:38:01+00:00\",\"dateModified\":\"2022-09-18T16:19:08+00:00\",\"breadcrumb\":{\"@id\":\"https:\\\/\\\/museum-mb.si\\\/razstave\\\/sveto-trojstvo-osijek-2\\\/#breadcrumb\"},\"inLanguage\":\"hu\",\"potentialAction\":[{\"@type\":\"ReadAction\",\"target\":[\"https:\\\/\\\/museum-mb.si\\\/razstave\\\/sveto-trojstvo-osijek-2\\\/\"]}]},{\"@type\":\"ImageObject\",\"inLanguage\":\"hu\",\"@id\":\"https:\\\/\\\/museum-mb.si\\\/razstave\\\/sveto-trojstvo-osijek-2\\\/#primaryimage\",\"url\":\"https:\\\/\\\/museum-mb.si\\\/wp-content\\\/uploads\\\/2022\\\/09\\\/SV-TROJ-2-6-uai-820x820-1.jpg\",\"contentUrl\":\"https:\\\/\\\/museum-mb.si\\\/wp-content\\\/uploads\\\/2022\\\/09\\\/SV-TROJ-2-6-uai-820x820-1.jpg\",\"width\":820,\"height\":820},{\"@type\":\"BreadcrumbList\",\"@id\":\"https:\\\/\\\/museum-mb.si\\\/razstave\\\/sveto-trojstvo-osijek-2\\\/#breadcrumb\",\"itemListElement\":[{\"@type\":\"ListItem\",\"position\":1,\"name\":\"Domov\",\"item\":\"https:\\\/\\\/museum-mb.si\\\/\"},{\"@type\":\"ListItem\",\"position\":2,\"name\":\"Razstave\",\"item\":\"https:\\\/\\\/museum-mb.si\\\/razstave\\\/\"},{\"@type\":\"ListItem\",\"position\":3,\"name\":\"SVETO TROJSTVO OSIJEK\"}]},{\"@type\":\"WebSite\",\"@id\":\"https:\\\/\\\/museum-mb.si\\\/#website\",\"url\":\"https:\\\/\\\/museum-mb.si\\\/\",\"name\":\"Pokrajinski muzej Maribor\",\"description\":\"\",\"publisher\":{\"@id\":\"https:\\\/\\\/museum-mb.si\\\/#organization\"},\"potentialAction\":[{\"@type\":\"SearchAction\",\"target\":{\"@type\":\"EntryPoint\",\"urlTemplate\":\"https:\\\/\\\/museum-mb.si\\\/?s={search_term_string}\"},\"query-input\":{\"@type\":\"PropertyValueSpecification\",\"valueRequired\":true,\"valueName\":\"search_term_string\"}}],\"inLanguage\":\"hu\"},{\"@type\":\"Organization\",\"@id\":\"https:\\\/\\\/museum-mb.si\\\/#organization\",\"name\":\"Pokrajinski muzej Maribor\",\"url\":\"https:\\\/\\\/museum-mb.si\\\/\",\"logo\":{\"@type\":\"ImageObject\",\"inLanguage\":\"hu\",\"@id\":\"https:\\\/\\\/museum-mb.si\\\/#\\\/schema\\\/logo\\\/image\\\/\",\"url\":\"https:\\\/\\\/museum-mb.si\\\/wp-content\\\/uploads\\\/2024\\\/12\\\/pmm_logo_barvni_jpeg.jpg\",\"contentUrl\":\"https:\\\/\\\/museum-mb.si\\\/wp-content\\\/uploads\\\/2024\\\/12\\\/pmm_logo_barvni_jpeg.jpg\",\"width\":758,\"height\":754,\"caption\":\"Pokrajinski muzej Maribor\"},\"image\":{\"@id\":\"https:\\\/\\\/museum-mb.si\\\/#\\\/schema\\\/logo\\\/image\\\/\"},\"sameAs\":[\"https:\\\/\\\/www.facebook.com\\\/pomum123\",\"https:\\\/\\\/www.instagram.com\\\/maribor_museum\\\/\",\"https:\\\/\\\/www.youtube.com\\\/channel\\\/UCdshtCrun841Oc-35tYLBGQ\"]}]}<\/script>\n<!-- \/ Yoast SEO plugin. -->","yoast_head_json":{"title":"SVETO TROJSTVO OSIJEK &#8211; Pokrajinski muzej Maribor","robots":{"index":"index","follow":"follow","max-snippet":"max-snippet:-1","max-image-preview":"max-image-preview:large","max-video-preview":"max-video-preview:-1"},"canonical":"https:\/\/museum-mb.si\/hu\/kiallitasok\/a-tovisek-szentharomsaga-2\/","og_locale":"hu_HU","og_type":"article","og_title":"SVETO TROJSTVO OSIJEK &#8211; Pokrajinski muzej Maribor","og_description":"SVETO TROJSTVO SVETO TROJSTVO OSIJEK Barok je sna\u017ena poveznica Maribora i Osijeka, dvaju najve\u0107ih i ujedno prijateljskih gradova, smje\u0161tenih na rijeci Dravi. Virtualnom izlo\u017ebom Sveto Trojstvo predstavljamo najve\u0107u baroknu skulpturu u Hrvatskoj podignutu 1729. godine na sredi\u0161njem trgu osje\u010dke Tvr\u0111e. Spomenik je dala podi\u0107i barunica Ana Marija Petra\u0161, k\u0107i generala Beckersa i udovica generala i [&hellip;]","og_url":"https:\/\/museum-mb.si\/hu\/kiallitasok\/a-tovisek-szentharomsaga-2\/","og_site_name":"Pokrajinski muzej Maribor","article_publisher":"https:\/\/www.facebook.com\/pomum123","article_modified_time":"2022-09-18T16:19:08+00:00","og_image":[{"width":820,"height":820,"url":"https:\/\/museum-mb.si\/wp-content\/uploads\/2022\/09\/SV-TROJ-2-6-uai-820x820-1.jpg","type":"image\/jpeg"}],"twitter_card":"summary_large_image","twitter_misc":{"Becs\u00fclt olvas\u00e1si id\u0151":"1 perc"},"schema":{"@context":"https:\/\/schema.org","@graph":[{"@type":"WebPage","@id":"https:\/\/museum-mb.si\/razstave\/sveto-trojstvo-osijek-2\/","url":"https:\/\/museum-mb.si\/razstave\/sveto-trojstvo-osijek-2\/","name":"SVETO TROJSTVO OSIJEK &#8211; Pokrajinski muzej Maribor","isPartOf":{"@id":"https:\/\/museum-mb.si\/#website"},"primaryImageOfPage":{"@id":"https:\/\/museum-mb.si\/razstave\/sveto-trojstvo-osijek-2\/#primaryimage"},"image":{"@id":"https:\/\/museum-mb.si\/razstave\/sveto-trojstvo-osijek-2\/#primaryimage"},"thumbnailUrl":"https:\/\/museum-mb.si\/wp-content\/uploads\/2022\/09\/SV-TROJ-2-6-uai-820x820-1.jpg","datePublished":"2022-09-18T15:38:01+00:00","dateModified":"2022-09-18T16:19:08+00:00","breadcrumb":{"@id":"https:\/\/museum-mb.si\/razstave\/sveto-trojstvo-osijek-2\/#breadcrumb"},"inLanguage":"hu","potentialAction":[{"@type":"ReadAction","target":["https:\/\/museum-mb.si\/razstave\/sveto-trojstvo-osijek-2\/"]}]},{"@type":"ImageObject","inLanguage":"hu","@id":"https:\/\/museum-mb.si\/razstave\/sveto-trojstvo-osijek-2\/#primaryimage","url":"https:\/\/museum-mb.si\/wp-content\/uploads\/2022\/09\/SV-TROJ-2-6-uai-820x820-1.jpg","contentUrl":"https:\/\/museum-mb.si\/wp-content\/uploads\/2022\/09\/SV-TROJ-2-6-uai-820x820-1.jpg","width":820,"height":820},{"@type":"BreadcrumbList","@id":"https:\/\/museum-mb.si\/razstave\/sveto-trojstvo-osijek-2\/#breadcrumb","itemListElement":[{"@type":"ListItem","position":1,"name":"Domov","item":"https:\/\/museum-mb.si\/"},{"@type":"ListItem","position":2,"name":"Razstave","item":"https:\/\/museum-mb.si\/razstave\/"},{"@type":"ListItem","position":3,"name":"SVETO TROJSTVO OSIJEK"}]},{"@type":"WebSite","@id":"https:\/\/museum-mb.si\/#website","url":"https:\/\/museum-mb.si\/","name":"Maribori Region\u00e1lis M\u00fazeum","description":"","publisher":{"@id":"https:\/\/museum-mb.si\/#organization"},"potentialAction":[{"@type":"SearchAction","target":{"@type":"EntryPoint","urlTemplate":"https:\/\/museum-mb.si\/?s={search_term_string}"},"query-input":{"@type":"PropertyValueSpecification","valueRequired":true,"valueName":"search_term_string"}}],"inLanguage":"hu"},{"@type":"Organization","@id":"https:\/\/museum-mb.si\/#organization","name":"Maribori Region\u00e1lis M\u00fazeum","url":"https:\/\/museum-mb.si\/","logo":{"@type":"ImageObject","inLanguage":"hu","@id":"https:\/\/museum-mb.si\/#\/schema\/logo\/image\/","url":"https:\/\/museum-mb.si\/wp-content\/uploads\/2024\/12\/pmm_logo_barvni_jpeg.jpg","contentUrl":"https:\/\/museum-mb.si\/wp-content\/uploads\/2024\/12\/pmm_logo_barvni_jpeg.jpg","width":758,"height":754,"caption":"Pokrajinski muzej Maribor"},"image":{"@id":"https:\/\/museum-mb.si\/#\/schema\/logo\/image\/"},"sameAs":["https:\/\/www.facebook.com\/pomum123","https:\/\/www.instagram.com\/maribor_museum\/","https:\/\/www.youtube.com\/channel\/UCdshtCrun841Oc-35tYLBGQ"]}]}},"_links":{"self":[{"href":"https:\/\/museum-mb.si\/hu\/wp-json\/wp\/v2\/razstave\/72188","targetHints":{"allow":["GET"]}}],"collection":[{"href":"https:\/\/museum-mb.si\/hu\/wp-json\/wp\/v2\/razstave"}],"about":[{"href":"https:\/\/museum-mb.si\/hu\/wp-json\/wp\/v2\/types\/razstave"}],"version-history":[{"count":11,"href":"https:\/\/museum-mb.si\/hu\/wp-json\/wp\/v2\/razstave\/72188\/revisions"}],"predecessor-version":[{"id":76137,"href":"https:\/\/museum-mb.si\/hu\/wp-json\/wp\/v2\/razstave\/72188\/revisions\/76137"}],"wp:featuredmedia":[{"embeddable":true,"href":"https:\/\/museum-mb.si\/hu\/wp-json\/wp\/v2\/media\/72190"}],"wp:attachment":[{"href":"https:\/\/museum-mb.si\/hu\/wp-json\/wp\/v2\/media?parent=72188"}],"wp:term":[{"taxonomy":"vrsta","embeddable":true,"href":"https:\/\/museum-mb.si\/hu\/wp-json\/wp\/v2\/vrsta?post=72188"}],"curies":[{"name":"wp","href":"https:\/\/api.w.org\/{rel}","templated":true}]}}