{"id":69152,"date":"2023-07-25T07:05:10","date_gmt":"2023-07-25T06:05:10","guid":{"rendered":"https:\/\/nova.museum-mb.si\/?post_type=razstave&#038;p=69152"},"modified":"2024-09-11T08:12:03","modified_gmt":"2024-09-11T07:12:03","slug":"a-bator-kis-dudas","status":"publish","type":"razstave","link":"https:\/\/museum-mb.si\/hu\/kiallitasok\/a-bator-kis-dudas\/","title":{"rendered":"B\u00c1TOR KIS CIP\u0150"},"content":{"rendered":"<div data-elementor-type=\"wp-post\" data-elementor-id=\"69152\" class=\"elementor elementor-69152\" data-elementor-post-type=\"razstave\">\n\t\t\t\t\t\t<section class=\"elementor-section elementor-top-section elementor-element elementor-element-d3d9b68 elementor-section-boxed elementor-section-height-default elementor-section-height-default\" data-id=\"d3d9b68\" data-element_type=\"section\" data-settings=\"{&quot;jet_parallax_layout_list&quot;:[]}\">\n\t\t\t\t\t\t<div class=\"elementor-container elementor-column-gap-default\">\n\t\t\t\t\t<div class=\"elementor-column elementor-col-100 elementor-top-column elementor-element elementor-element-f3e8723\" data-id=\"f3e8723\" data-element_type=\"column\">\n\t\t\t<div class=\"elementor-widget-wrap elementor-element-populated\">\n\t\t\t\t\t\t<div class=\"elementor-element elementor-element-61949a8 elementor-widget elementor-widget-heading\" data-id=\"61949a8\" data-element_type=\"widget\" data-widget_type=\"heading.default\">\n\t\t\t\t<div class=\"elementor-widget-container\">\n\t\t\t\t\t<h2 class=\"elementor-heading-title elementor-size-default\">A B\u00c1TOR KIS CIP\u0150M\u00daZEUM\n<\/h2>\t\t\t\t<\/div>\n\t\t\t\t<\/div>\n\t\t\t\t<div class=\"elementor-element elementor-element-f0c50cc elementor-widget elementor-widget-heading\" data-id=\"f0c50cc\" data-element_type=\"widget\" data-widget_type=\"heading.default\">\n\t\t\t\t<div class=\"elementor-widget-container\">\n\t\t\t\t\t<h2 class=\"elementor-heading-title elementor-size-default\">T\u00e1rlatvezet\u00e9s a ki\u00e1ll\u00edt\u00e1son, m\u0171helymunk\u00e1val<\/h2>\t\t\t\t<\/div>\n\t\t\t\t<\/div>\n\t\t\t\t<div class=\"elementor-element elementor-element-c9ec68b elementor-widget elementor-widget-text-editor\" data-id=\"c9ec68b\" data-element_type=\"widget\" data-widget_type=\"text-editor.default\">\n\t\t\t\t<div class=\"elementor-widget-container\">\n\t\t\t\t\t\t\t\t\t<p>A gyerekek 500 \u00e9vet utaznak a m\u00faltba, abba az id\u0151be, amikor Maribort hatalmas, sz\u00e9les \u00e9s er\u0151s falak vett\u00e9k k\u00f6r\u00fcl. \u00c9rtelmez\u0151 felolvas\u00e1sok \u00e9s k\u00e9preg\u00e9nyes k\u00e9pek seg\u00edts\u00e9g\u00e9vel \u00e1t\u00e9lik a b\u00e1tor cip\u00e9sz t\u00f6rt\u00e9net\u00e9t, aki megmentette a v\u00e1rost a t\u00f6r\u00f6k hadseregt\u0151l. Megtanulj\u00e1k megtal\u00e1lni a v\u00e1rosk\u00f6zpont legfontosabb \u00e9p\u00fcleteit, felfedezik a k\u00f6zeli dombokat, \u00e9s a r\u00e9gi Maribor nagy kirak\u00f3s j\u00e1t\u00e9k\u00e1n felfedezik a b\u00f6jti id\u0151 leg\u00f6regebb sz\u0151l\u0151j\u00e9t. A v\u00e1rb\u00e1sty\u00e1n felm\u00e1sznak egy fah\u00eddra, \u00e9s \u00fajra \u00e1t\u00e9lik, hogyan v\u00e9dt\u00e9k a katon\u00e1k \u00e9s a v\u00e1roslak\u00f3k a <br \/>a v\u00e1rosunk. V\u00e9gigs\u00e9t\u00e1lnak a v\u00e1r \u00e1rk\u00e1dos folyos\u00f3j\u00e1n, \u00e9s felfedezik, hogy a falak egykor val\u00f3ban pomp\u00e1sak voltak.<\/p><p>Bejelentkez\u00e9s: muzejnica@museum-mb.si<\/p><p>Ha szeretne, r\u00e9szt vehet hat m\u00fazeumgal\u00e9ria el\u0151fizet\u00e9s\u00e9n, amelyet a nyolc m\u00fazeum k\u00edn\u00e1lat\u00e1b\u00f3l v\u00e1laszthat, vagy v\u00e1laszthat egy-egy m\u00fazeum l\u00e1togat\u00e1s\u00e1t is. Az egyszeri m\u00fazeuml\u00e1togat\u00e1s \u00e1ra gyermekenk\u00e9nt 3 \u20ac, a hat m\u00fazeuml\u00e1togat\u00e1sra sz\u00f3l\u00f3 b\u00e9rlet \u00e1ra pedig 15 \u20ac gyermekenk\u00e9nt. A 10 f\u0151n\u00e9l kisebb csoportok sz\u00e1m\u00e1ra a program \u00e1ra egys\u00e9ges, \u00e9s az eg\u00e9sz csoportra 30 \u20ac.<\/p><p>Tov\u00e1bbi inform\u00e1ci\u00f3k\u00e9rt \u00e9s a m\u00fazeumi szolg\u00e1ltat\u00e1sok teljes sk\u00e1l\u00e1j\u00e1\u00e9rt k\u00e9rj\u00fck, l\u00e1togasson el a k\u00f6vetkez\u0151 weboldalra\u00a0<a href=\"https:\/\/museum-mb.si\/wp-content\/uploads\/2024\/09\/Muzejnice-2024-2025.pdf\" target=\"_blank\" rel=\"noopener\">ITT<\/a>.\u00a0<\/p><p>Tov\u00e1bbi inform\u00e1ci\u00f3 a 02 228 35 58 \u00e9s a 02 228 35 58-as telefonsz\u00e1mon k\u00e9rhet\u0151 (h\u00e9tf\u0151t\u0151l p\u00e9ntekig, 8.00-15.00 \u00f3r\u00e1ig).<\/p>\t\t\t\t\t\t\t\t<\/div>\n\t\t\t\t<\/div>\n\t\t\t\t<div class=\"elementor-element elementor-element-1dc11a4 elementor-widget elementor-widget-image\" data-id=\"1dc11a4\" data-element_type=\"widget\" data-widget_type=\"image.default\">\n\t\t\t\t<div class=\"elementor-widget-container\">\n\t\t\t\t\t\t\t\t\t\t\t\t\t\t\t<img fetchpriority=\"high\" decoding=\"async\" width=\"768\" height=\"512\" src=\"https:\/\/museum-mb.si\/wp-content\/uploads\/2023\/07\/image00026-768x512.jpeg\" class=\"attachment-medium_large size-medium_large wp-image-75827\" alt=\"\" srcset=\"https:\/\/museum-mb.si\/wp-content\/uploads\/2023\/07\/image00026-768x512.jpeg.webp 768w, https:\/\/museum-mb.si\/wp-content\/uploads\/2023\/07\/image00026-300x200.jpeg.webp 300w, https:\/\/museum-mb.si\/wp-content\/uploads\/2023\/07\/image00026-1024x683.jpeg.webp 1024w, https:\/\/museum-mb.si\/wp-content\/uploads\/2023\/07\/image00026-1536x1024.jpeg.webp 1536w, https:\/\/museum-mb.si\/wp-content\/uploads\/2023\/07\/image00026-2048x1366.jpeg.webp 2048w, https:\/\/museum-mb.si\/wp-content\/uploads\/2023\/07\/image00026-18x12.jpeg.webp 18w\" sizes=\"(max-width: 768px) 100vw, 768px\" \/>\t\t\t\t\t\t\t\t\t\t\t\t\t\t\t<\/div>\n\t\t\t\t<\/div>\n\t\t\t\t\t<\/div>\n\t\t<\/div>\n\t\t\t\t\t<\/div>\n\t\t<\/section>\n\t\t\t\t<\/div>","protected":false},"featured_media":77820,"template":"","vrsta":[16],"class_list":["post-69152","razstave","type-razstave","status-publish","has-post-thumbnail","hentry","vrsta-muzejnice"],"yoast_head":"<!-- This site is optimized with the Yoast SEO plugin v27.5 - https:\/\/yoast.com\/product\/yoast-seo-wordpress\/ -->\n<title>POGUMNI \u010cEVLJAR\u010cEK &#8211; Pokrajinski muzej Maribor<\/title>\n<meta name=\"robots\" content=\"index, follow, max-snippet:-1, max-image-preview:large, max-video-preview:-1\" \/>\n<link rel=\"canonical\" href=\"https:\/\/museum-mb.si\/hu\/kiallitasok\/a-bator-kis-dudas\/\" \/>\n<meta property=\"og:locale\" content=\"hu_HU\" \/>\n<meta property=\"og:type\" content=\"article\" \/>\n<meta property=\"og:title\" content=\"POGUMNI \u010cEVLJAR\u010cEK &#8211; Pokrajinski muzej Maribor\" \/>\n<meta property=\"og:description\" content=\"MUZEJNICA POGUMNI \u010cEVLJAR\u010cEK Vodeni ogled razstave z delavnico Otroci se podajo 500 let v preteklost, v \u010das, ko je Maribor obdajalo mogo\u010dno, \u0161iroko in trdno obzidje. Ob interpretativnem branju in stripovskih podobah do\u017eivijo zgodbo o pogumnem \u010devljar\u010dku, ki je mesto re\u0161il pred tur\u0161ko vojsko. Na veliki sestavljanki starega Maribora se nau\u010dijo locirati najpomembnej\u0161e stavbe v [&hellip;]\" \/>\n<meta property=\"og:url\" content=\"https:\/\/museum-mb.si\/hu\/kiallitasok\/a-bator-kis-dudas\/\" \/>\n<meta property=\"og:site_name\" content=\"Pokrajinski muzej Maribor\" \/>\n<meta property=\"article:publisher\" content=\"https:\/\/www.facebook.com\/pomum123\" \/>\n<meta property=\"article:modified_time\" content=\"2024-09-11T07:12:03+00:00\" \/>\n<meta property=\"og:image\" content=\"https:\/\/museum-mb.si\/wp-content\/uploads\/2023\/07\/cevljarcek.jpg\" \/>\n\t<meta property=\"og:image:width\" content=\"800\" \/>\n\t<meta property=\"og:image:height\" content=\"800\" \/>\n\t<meta property=\"og:image:type\" content=\"image\/jpeg\" \/>\n<meta name=\"twitter:card\" content=\"summary_large_image\" \/>\n<meta name=\"twitter:label1\" content=\"Becs\u00fclt olvas\u00e1si id\u0151\" \/>\n\t<meta name=\"twitter:data1\" content=\"1 perc\" \/>\n<script type=\"application\/ld+json\" class=\"yoast-schema-graph\">{\"@context\":\"https:\\\/\\\/schema.org\",\"@graph\":[{\"@type\":\"WebPage\",\"@id\":\"https:\\\/\\\/museum-mb.si\\\/razstave\\\/pogumni-cevljarcek\\\/\",\"url\":\"https:\\\/\\\/museum-mb.si\\\/razstave\\\/pogumni-cevljarcek\\\/\",\"name\":\"POGUMNI \u010cEVLJAR\u010cEK &#8211; Pokrajinski muzej Maribor\",\"isPartOf\":{\"@id\":\"https:\\\/\\\/museum-mb.si\\\/#website\"},\"primaryImageOfPage\":{\"@id\":\"https:\\\/\\\/museum-mb.si\\\/razstave\\\/pogumni-cevljarcek\\\/#primaryimage\"},\"image\":{\"@id\":\"https:\\\/\\\/museum-mb.si\\\/razstave\\\/pogumni-cevljarcek\\\/#primaryimage\"},\"thumbnailUrl\":\"https:\\\/\\\/museum-mb.si\\\/wp-content\\\/uploads\\\/2023\\\/07\\\/cevljarcek.jpg\",\"datePublished\":\"2023-07-25T06:05:10+00:00\",\"dateModified\":\"2024-09-11T07:12:03+00:00\",\"breadcrumb\":{\"@id\":\"https:\\\/\\\/museum-mb.si\\\/razstave\\\/pogumni-cevljarcek\\\/#breadcrumb\"},\"inLanguage\":\"hu\",\"potentialAction\":[{\"@type\":\"ReadAction\",\"target\":[\"https:\\\/\\\/museum-mb.si\\\/razstave\\\/pogumni-cevljarcek\\\/\"]}]},{\"@type\":\"ImageObject\",\"inLanguage\":\"hu\",\"@id\":\"https:\\\/\\\/museum-mb.si\\\/razstave\\\/pogumni-cevljarcek\\\/#primaryimage\",\"url\":\"https:\\\/\\\/museum-mb.si\\\/wp-content\\\/uploads\\\/2023\\\/07\\\/cevljarcek.jpg\",\"contentUrl\":\"https:\\\/\\\/museum-mb.si\\\/wp-content\\\/uploads\\\/2023\\\/07\\\/cevljarcek.jpg\",\"width\":800,\"height\":800},{\"@type\":\"BreadcrumbList\",\"@id\":\"https:\\\/\\\/museum-mb.si\\\/razstave\\\/pogumni-cevljarcek\\\/#breadcrumb\",\"itemListElement\":[{\"@type\":\"ListItem\",\"position\":1,\"name\":\"Domov\",\"item\":\"https:\\\/\\\/museum-mb.si\\\/\"},{\"@type\":\"ListItem\",\"position\":2,\"name\":\"Razstave\",\"item\":\"https:\\\/\\\/museum-mb.si\\\/razstave\\\/\"},{\"@type\":\"ListItem\",\"position\":3,\"name\":\"POGUMNI \u010cEVLJAR\u010cEK\"}]},{\"@type\":\"WebSite\",\"@id\":\"https:\\\/\\\/museum-mb.si\\\/#website\",\"url\":\"https:\\\/\\\/museum-mb.si\\\/\",\"name\":\"Pokrajinski muzej Maribor\",\"description\":\"\",\"publisher\":{\"@id\":\"https:\\\/\\\/museum-mb.si\\\/#organization\"},\"potentialAction\":[{\"@type\":\"SearchAction\",\"target\":{\"@type\":\"EntryPoint\",\"urlTemplate\":\"https:\\\/\\\/museum-mb.si\\\/?s={search_term_string}\"},\"query-input\":{\"@type\":\"PropertyValueSpecification\",\"valueRequired\":true,\"valueName\":\"search_term_string\"}}],\"inLanguage\":\"hu\"},{\"@type\":\"Organization\",\"@id\":\"https:\\\/\\\/museum-mb.si\\\/#organization\",\"name\":\"Pokrajinski muzej Maribor\",\"url\":\"https:\\\/\\\/museum-mb.si\\\/\",\"logo\":{\"@type\":\"ImageObject\",\"inLanguage\":\"hu\",\"@id\":\"https:\\\/\\\/museum-mb.si\\\/#\\\/schema\\\/logo\\\/image\\\/\",\"url\":\"https:\\\/\\\/museum-mb.si\\\/wp-content\\\/uploads\\\/2024\\\/12\\\/pmm_logo_barvni_jpeg.jpg\",\"contentUrl\":\"https:\\\/\\\/museum-mb.si\\\/wp-content\\\/uploads\\\/2024\\\/12\\\/pmm_logo_barvni_jpeg.jpg\",\"width\":758,\"height\":754,\"caption\":\"Pokrajinski muzej Maribor\"},\"image\":{\"@id\":\"https:\\\/\\\/museum-mb.si\\\/#\\\/schema\\\/logo\\\/image\\\/\"},\"sameAs\":[\"https:\\\/\\\/www.facebook.com\\\/pomum123\",\"https:\\\/\\\/www.instagram.com\\\/maribor_museum\\\/\",\"https:\\\/\\\/www.youtube.com\\\/channel\\\/UCdshtCrun841Oc-35tYLBGQ\"]}]}<\/script>\n<!-- \/ Yoast SEO plugin. -->","yoast_head_json":{"title":"POGUMNI \u010cEVLJAR\u010cEK &#8211; Pokrajinski muzej Maribor","robots":{"index":"index","follow":"follow","max-snippet":"max-snippet:-1","max-image-preview":"max-image-preview:large","max-video-preview":"max-video-preview:-1"},"canonical":"https:\/\/museum-mb.si\/hu\/kiallitasok\/a-bator-kis-dudas\/","og_locale":"hu_HU","og_type":"article","og_title":"POGUMNI \u010cEVLJAR\u010cEK &#8211; Pokrajinski muzej Maribor","og_description":"MUZEJNICA POGUMNI \u010cEVLJAR\u010cEK Vodeni ogled razstave z delavnico Otroci se podajo 500 let v preteklost, v \u010das, ko je Maribor obdajalo mogo\u010dno, \u0161iroko in trdno obzidje. Ob interpretativnem branju in stripovskih podobah do\u017eivijo zgodbo o pogumnem \u010devljar\u010dku, ki je mesto re\u0161il pred tur\u0161ko vojsko. Na veliki sestavljanki starega Maribora se nau\u010dijo locirati najpomembnej\u0161e stavbe v [&hellip;]","og_url":"https:\/\/museum-mb.si\/hu\/kiallitasok\/a-bator-kis-dudas\/","og_site_name":"Pokrajinski muzej Maribor","article_publisher":"https:\/\/www.facebook.com\/pomum123","article_modified_time":"2024-09-11T07:12:03+00:00","og_image":[{"width":800,"height":800,"url":"https:\/\/museum-mb.si\/wp-content\/uploads\/2023\/07\/cevljarcek.jpg","type":"image\/jpeg"}],"twitter_card":"summary_large_image","twitter_misc":{"Becs\u00fclt olvas\u00e1si id\u0151":"1 perc"},"schema":{"@context":"https:\/\/schema.org","@graph":[{"@type":"WebPage","@id":"https:\/\/museum-mb.si\/razstave\/pogumni-cevljarcek\/","url":"https:\/\/museum-mb.si\/razstave\/pogumni-cevljarcek\/","name":"POGUMNI \u010cEVLJAR\u010cEK &#8211; Pokrajinski muzej Maribor","isPartOf":{"@id":"https:\/\/museum-mb.si\/#website"},"primaryImageOfPage":{"@id":"https:\/\/museum-mb.si\/razstave\/pogumni-cevljarcek\/#primaryimage"},"image":{"@id":"https:\/\/museum-mb.si\/razstave\/pogumni-cevljarcek\/#primaryimage"},"thumbnailUrl":"https:\/\/museum-mb.si\/wp-content\/uploads\/2023\/07\/cevljarcek.jpg","datePublished":"2023-07-25T06:05:10+00:00","dateModified":"2024-09-11T07:12:03+00:00","breadcrumb":{"@id":"https:\/\/museum-mb.si\/razstave\/pogumni-cevljarcek\/#breadcrumb"},"inLanguage":"hu","potentialAction":[{"@type":"ReadAction","target":["https:\/\/museum-mb.si\/razstave\/pogumni-cevljarcek\/"]}]},{"@type":"ImageObject","inLanguage":"hu","@id":"https:\/\/museum-mb.si\/razstave\/pogumni-cevljarcek\/#primaryimage","url":"https:\/\/museum-mb.si\/wp-content\/uploads\/2023\/07\/cevljarcek.jpg","contentUrl":"https:\/\/museum-mb.si\/wp-content\/uploads\/2023\/07\/cevljarcek.jpg","width":800,"height":800},{"@type":"BreadcrumbList","@id":"https:\/\/museum-mb.si\/razstave\/pogumni-cevljarcek\/#breadcrumb","itemListElement":[{"@type":"ListItem","position":1,"name":"Domov","item":"https:\/\/museum-mb.si\/"},{"@type":"ListItem","position":2,"name":"Razstave","item":"https:\/\/museum-mb.si\/razstave\/"},{"@type":"ListItem","position":3,"name":"POGUMNI \u010cEVLJAR\u010cEK"}]},{"@type":"WebSite","@id":"https:\/\/museum-mb.si\/#website","url":"https:\/\/museum-mb.si\/","name":"Maribori Region\u00e1lis M\u00fazeum","description":"","publisher":{"@id":"https:\/\/museum-mb.si\/#organization"},"potentialAction":[{"@type":"SearchAction","target":{"@type":"EntryPoint","urlTemplate":"https:\/\/museum-mb.si\/?s={search_term_string}"},"query-input":{"@type":"PropertyValueSpecification","valueRequired":true,"valueName":"search_term_string"}}],"inLanguage":"hu"},{"@type":"Organization","@id":"https:\/\/museum-mb.si\/#organization","name":"Maribori Region\u00e1lis M\u00fazeum","url":"https:\/\/museum-mb.si\/","logo":{"@type":"ImageObject","inLanguage":"hu","@id":"https:\/\/museum-mb.si\/#\/schema\/logo\/image\/","url":"https:\/\/museum-mb.si\/wp-content\/uploads\/2024\/12\/pmm_logo_barvni_jpeg.jpg","contentUrl":"https:\/\/museum-mb.si\/wp-content\/uploads\/2024\/12\/pmm_logo_barvni_jpeg.jpg","width":758,"height":754,"caption":"Pokrajinski muzej Maribor"},"image":{"@id":"https:\/\/museum-mb.si\/#\/schema\/logo\/image\/"},"sameAs":["https:\/\/www.facebook.com\/pomum123","https:\/\/www.instagram.com\/maribor_museum\/","https:\/\/www.youtube.com\/channel\/UCdshtCrun841Oc-35tYLBGQ"]}]}},"_links":{"self":[{"href":"https:\/\/museum-mb.si\/hu\/wp-json\/wp\/v2\/razstave\/69152","targetHints":{"allow":["GET"]}}],"collection":[{"href":"https:\/\/museum-mb.si\/hu\/wp-json\/wp\/v2\/razstave"}],"about":[{"href":"https:\/\/museum-mb.si\/hu\/wp-json\/wp\/v2\/types\/razstave"}],"version-history":[{"count":42,"href":"https:\/\/museum-mb.si\/hu\/wp-json\/wp\/v2\/razstave\/69152\/revisions"}],"predecessor-version":[{"id":77823,"href":"https:\/\/museum-mb.si\/hu\/wp-json\/wp\/v2\/razstave\/69152\/revisions\/77823"}],"wp:featuredmedia":[{"embeddable":true,"href":"https:\/\/museum-mb.si\/hu\/wp-json\/wp\/v2\/media\/77820"}],"wp:attachment":[{"href":"https:\/\/museum-mb.si\/hu\/wp-json\/wp\/v2\/media?parent=69152"}],"wp:term":[{"taxonomy":"vrsta","embeddable":true,"href":"https:\/\/museum-mb.si\/hu\/wp-json\/wp\/v2\/vrsta?post=69152"}],"curies":[{"name":"wp","href":"https:\/\/api.w.org\/{rel}","templated":true}]}}