{"id":69143,"date":"2023-07-25T07:04:38","date_gmt":"2023-07-25T06:04:38","guid":{"rendered":"https:\/\/nova.museum-mb.si\/?post_type=razstave&#038;p=69143"},"modified":"2024-09-11T08:14:31","modified_gmt":"2024-09-11T07:14:31","slug":"tigi-a-kastely-cica","status":"publish","type":"razstave","link":"https:\/\/museum-mb.si\/hu\/kiallitasok\/tigi-a-kastely-cica\/","title":{"rendered":"TIGI A KAST\u00c9LY CICA"},"content":{"rendered":"<div data-elementor-type=\"wp-post\" data-elementor-id=\"69143\" class=\"elementor elementor-69143\" data-elementor-post-type=\"razstave\">\n\t\t\t\t\t\t<section class=\"elementor-section elementor-top-section elementor-element elementor-element-816cfec elementor-section-boxed elementor-section-height-default elementor-section-height-default\" data-id=\"816cfec\" data-element_type=\"section\" data-settings=\"{&quot;jet_parallax_layout_list&quot;:[]}\">\n\t\t\t\t\t\t<div class=\"elementor-container elementor-column-gap-default\">\n\t\t\t\t\t<div class=\"elementor-column elementor-col-100 elementor-top-column elementor-element elementor-element-c7a6cac\" data-id=\"c7a6cac\" data-element_type=\"column\">\n\t\t\t<div class=\"elementor-widget-wrap elementor-element-populated\">\n\t\t\t\t\t\t<div class=\"elementor-element elementor-element-2626f6c elementor-widget elementor-widget-heading\" data-id=\"2626f6c\" data-element_type=\"widget\" data-widget_type=\"heading.default\">\n\t\t\t\t<div class=\"elementor-widget-container\">\n\t\t\t\t\t<h2 class=\"elementor-heading-title elementor-size-default\">TIGI A KAST\u00c9LY CICA\n<\/h2>\t\t\t\t<\/div>\n\t\t\t\t<\/div>\n\t\t\t\t<div class=\"elementor-element elementor-element-717ea12 elementor-widget elementor-widget-heading\" data-id=\"717ea12\" data-element_type=\"widget\" data-widget_type=\"heading.default\">\n\t\t\t\t<div class=\"elementor-widget-container\">\n\t\t\t\t\t<h2 class=\"elementor-heading-title elementor-size-default\">T\u00e1rlatvezet\u00e9s a ki\u00e1ll\u00edt\u00e1son egy \u00e9lm\u00e9nyalap\u00fa workshop keret\u00e9ben<\/h2>\t\t\t\t<\/div>\n\t\t\t\t<\/div>\n\t\t\t\t<div class=\"elementor-element elementor-element-5eebb01 elementor-widget elementor-widget-text-editor\" data-id=\"5eebb01\" data-element_type=\"widget\" data-widget_type=\"text-editor.default\">\n\t\t\t\t<div class=\"elementor-widget-container\">\n\t\t\t\t\t\t\t\t\t<p>Tigi, a v\u00e1rcica b\u00e1bj\u00e1t\u00e9kban ismerteti meg a gyerekeket a v\u00e1ros szimb\u00f3lumaival \u00e9s k\u00e9zm\u0171ves l\u00e1d\u00e1ival, megtan\u00edtja \u0151ket a m\u0171v\u00e9szetre, \u00e9s gondolkod\u00e1sra, interakci\u00f3ra \u00f6szt\u00f6nzi \u0151ket. S\u00e9ta a ki\u00e1ll\u00edt\u00e1son <br \/>megismerkedhet\u00fcnk az igazs\u00e1gszolg\u00e1ltat\u00e1s kez\u00e9vel, t\u00f6rt\u00e9netekkel a v\u00e1ros k\u00fcl\u00f6nb\u00f6z\u0151 term\u00e9keit k\u00e9sz\u00edt\u0151 mesteremberekr\u0151l, megtanulhatjuk a mesterek helyes nev\u00e9t (lakatos, nem lakatos, fazekas, nem fazekas stb.), \u00e9s meg\u00e9rinthetj\u00fck egy lovag p\u00e1nc\u00e9lj\u00e1t. A m\u00fazeumot a pergamen alak\u00fa pap\u00edrra val\u00f3 \u00edr\u00e1s m\u0171helye \u00e9s a v\u00e1rosi pecs\u00e9t k\u00e9sz\u00edt\u00e9se z\u00e1rja, amelyen a v\u00e1rosfalak \u00e9s egy galamb k\u00e9pe l\u00e1that\u00f3. A kisebb gyerekek sz\u00e1m\u00e1ra, akik m\u00e9g nem tudnak \u00edrni, Tigi egy vid\u00e1m zen\u00e9s j\u00e1t\u00e9kkal k\u00e9sz\u00fclt. <br \/>egy olyan j\u00e1t\u00e9k, amelyben a gyerekek megsz\u00e1molj\u00e1k a kast\u00e9ly udvar\u00e1n l\u00e9v\u0151 \u00e1llatok csapjait.<\/p><p>Bejelentkez\u00e9s: muzejnica@museum-mb.si<\/p><p>Ha szeretne, r\u00e9szt vehet hat m\u00fazeumgal\u00e9ria el\u0151fizet\u00e9s\u00e9n, amelyet a nyolc m\u00fazeum k\u00edn\u00e1lat\u00e1b\u00f3l v\u00e1laszthat, vagy v\u00e1laszthat egy-egy m\u00fazeum l\u00e1togat\u00e1s\u00e1t is. Az egyszeri m\u00fazeuml\u00e1togat\u00e1s \u00e1ra gyermekenk\u00e9nt 3 \u20ac, a hat m\u00fazeuml\u00e1togat\u00e1sra sz\u00f3l\u00f3 b\u00e9rlet \u00e1ra pedig 15 \u20ac gyermekenk\u00e9nt. A 10 f\u0151n\u00e9l kisebb csoportok sz\u00e1m\u00e1ra a program \u00e1ra egys\u00e9ges, \u00e9s az eg\u00e9sz csoportra 30 \u20ac.<\/p><p>Tov\u00e1bbi inform\u00e1ci\u00f3k\u00e9rt \u00e9s a m\u00fazeumi szolg\u00e1ltat\u00e1sok teljes sk\u00e1l\u00e1j\u00e1\u00e9rt k\u00e9rj\u00fck, l\u00e1togasson el a k\u00f6vetkez\u0151 weboldalra\u00a0<a href=\"https:\/\/museum-mb.si\/wp-content\/uploads\/2024\/09\/Muzejnice-2024-2025.pdf\" target=\"_blank\" rel=\"noopener\">ITT<\/a>.\u00a0<\/p><p>Tov\u00e1bbi inform\u00e1ci\u00f3 a 02 228 35 58 \u00e9s a 02 228 35 58-as telefonsz\u00e1mon k\u00e9rhet\u0151 (h\u00e9tf\u0151t\u0151l p\u00e9ntekig, 8.00-15.00 \u00f3r\u00e1ig).<\/p>\t\t\t\t\t\t\t\t<\/div>\n\t\t\t\t<\/div>\n\t\t\t\t<div class=\"elementor-element elementor-element-7a87aaa elementor-widget elementor-widget-image\" data-id=\"7a87aaa\" data-element_type=\"widget\" data-widget_type=\"image.default\">\n\t\t\t\t<div class=\"elementor-widget-container\">\n\t\t\t\t\t\t\t\t\t\t\t\t\t\t\t<img fetchpriority=\"high\" decoding=\"async\" width=\"768\" height=\"512\" src=\"https:\/\/museum-mb.si\/wp-content\/uploads\/2023\/07\/DSC02943-768x512.jpg\" class=\"attachment-medium_large size-medium_large wp-image-75826\" alt=\"\" srcset=\"https:\/\/museum-mb.si\/wp-content\/uploads\/2023\/07\/DSC02943-768x512.jpg 768w, https:\/\/museum-mb.si\/wp-content\/uploads\/2023\/07\/DSC02943-300x200.jpg 300w, https:\/\/museum-mb.si\/wp-content\/uploads\/2023\/07\/DSC02943-1024x683.jpg 1024w, https:\/\/museum-mb.si\/wp-content\/uploads\/2023\/07\/DSC02943-1536x1024.jpg 1536w, https:\/\/museum-mb.si\/wp-content\/uploads\/2023\/07\/DSC02943-2048x1365.jpg 2048w, https:\/\/museum-mb.si\/wp-content\/uploads\/2023\/07\/DSC02943-18x12.jpg 18w\" sizes=\"(max-width: 768px) 100vw, 768px\" \/>\t\t\t\t\t\t\t\t\t\t\t\t\t\t\t<\/div>\n\t\t\t\t<\/div>\n\t\t\t\t\t<\/div>\n\t\t<\/div>\n\t\t\t\t\t<\/div>\n\t\t<\/section>\n\t\t\t\t<\/div>","protected":false},"featured_media":77828,"template":"","vrsta":[16],"class_list":["post-69143","razstave","type-razstave","status-publish","has-post-thumbnail","hentry","vrsta-muzejnice"],"yoast_head":"<!-- This site is optimized with the Yoast SEO plugin v27.5 - https:\/\/yoast.com\/product\/yoast-seo-wordpress\/ -->\n<title>GRAJSKI MUC TIGI &#8211; Pokrajinski muzej Maribor<\/title>\n<meta name=\"robots\" content=\"index, follow, max-snippet:-1, max-image-preview:large, max-video-preview:-1\" \/>\n<link rel=\"canonical\" href=\"https:\/\/museum-mb.si\/hu\/kiallitasok\/tigi-a-kastely-cica\/\" \/>\n<meta property=\"og:locale\" content=\"hu_HU\" \/>\n<meta property=\"og:type\" content=\"article\" \/>\n<meta property=\"og:title\" content=\"GRAJSKI MUC TIGI &#8211; Pokrajinski muzej Maribor\" \/>\n<meta property=\"og:description\" content=\"MUZEJNICA GRAJSKI MUC TIGI Vodeni ogled razstave z do\u017eivljajsko delavnico Grajski muc Tigi otrokom v lutkovni igri predstavi mestne simbole in obrtni\u0161ke skrinje, jih u\u010di olike in spodbuja k razmi\u0161ljanju in interakciji. Na sprehodu po razstavi spoznajo \u0161e roko pravice, zgodbe o mojstrih, ki so v mestu izdelovali razli\u010dne izdelke, nau\u010dijo se pravilno poimenovati posamezne [&hellip;]\" \/>\n<meta property=\"og:url\" content=\"https:\/\/museum-mb.si\/hu\/kiallitasok\/tigi-a-kastely-cica\/\" \/>\n<meta property=\"og:site_name\" content=\"Pokrajinski muzej Maribor\" \/>\n<meta property=\"article:publisher\" content=\"https:\/\/www.facebook.com\/pomum123\" \/>\n<meta property=\"article:modified_time\" content=\"2024-09-11T07:14:31+00:00\" \/>\n<meta property=\"og:image\" content=\"https:\/\/museum-mb.si\/wp-content\/uploads\/2023\/07\/grajski-muc.jpg\" \/>\n\t<meta property=\"og:image:width\" content=\"800\" \/>\n\t<meta property=\"og:image:height\" content=\"800\" \/>\n\t<meta property=\"og:image:type\" content=\"image\/jpeg\" \/>\n<meta name=\"twitter:card\" content=\"summary_large_image\" \/>\n<meta name=\"twitter:label1\" content=\"Becs\u00fclt olvas\u00e1si id\u0151\" \/>\n\t<meta name=\"twitter:data1\" content=\"1 perc\" \/>\n<script type=\"application\/ld+json\" class=\"yoast-schema-graph\">{\"@context\":\"https:\\\/\\\/schema.org\",\"@graph\":[{\"@type\":\"WebPage\",\"@id\":\"https:\\\/\\\/museum-mb.si\\\/razstave\\\/grajski-muc-tigi\\\/\",\"url\":\"https:\\\/\\\/museum-mb.si\\\/razstave\\\/grajski-muc-tigi\\\/\",\"name\":\"GRAJSKI MUC TIGI &#8211; Pokrajinski muzej Maribor\",\"isPartOf\":{\"@id\":\"https:\\\/\\\/museum-mb.si\\\/#website\"},\"primaryImageOfPage\":{\"@id\":\"https:\\\/\\\/museum-mb.si\\\/razstave\\\/grajski-muc-tigi\\\/#primaryimage\"},\"image\":{\"@id\":\"https:\\\/\\\/museum-mb.si\\\/razstave\\\/grajski-muc-tigi\\\/#primaryimage\"},\"thumbnailUrl\":\"https:\\\/\\\/museum-mb.si\\\/wp-content\\\/uploads\\\/2023\\\/07\\\/grajski-muc.jpg\",\"datePublished\":\"2023-07-25T06:04:38+00:00\",\"dateModified\":\"2024-09-11T07:14:31+00:00\",\"breadcrumb\":{\"@id\":\"https:\\\/\\\/museum-mb.si\\\/razstave\\\/grajski-muc-tigi\\\/#breadcrumb\"},\"inLanguage\":\"hu\",\"potentialAction\":[{\"@type\":\"ReadAction\",\"target\":[\"https:\\\/\\\/museum-mb.si\\\/razstave\\\/grajski-muc-tigi\\\/\"]}]},{\"@type\":\"ImageObject\",\"inLanguage\":\"hu\",\"@id\":\"https:\\\/\\\/museum-mb.si\\\/razstave\\\/grajski-muc-tigi\\\/#primaryimage\",\"url\":\"https:\\\/\\\/museum-mb.si\\\/wp-content\\\/uploads\\\/2023\\\/07\\\/grajski-muc.jpg\",\"contentUrl\":\"https:\\\/\\\/museum-mb.si\\\/wp-content\\\/uploads\\\/2023\\\/07\\\/grajski-muc.jpg\",\"width\":800,\"height\":800},{\"@type\":\"BreadcrumbList\",\"@id\":\"https:\\\/\\\/museum-mb.si\\\/razstave\\\/grajski-muc-tigi\\\/#breadcrumb\",\"itemListElement\":[{\"@type\":\"ListItem\",\"position\":1,\"name\":\"Domov\",\"item\":\"https:\\\/\\\/museum-mb.si\\\/\"},{\"@type\":\"ListItem\",\"position\":2,\"name\":\"Razstave\",\"item\":\"https:\\\/\\\/museum-mb.si\\\/razstave\\\/\"},{\"@type\":\"ListItem\",\"position\":3,\"name\":\"GRAJSKI MUC TIGI\"}]},{\"@type\":\"WebSite\",\"@id\":\"https:\\\/\\\/museum-mb.si\\\/#website\",\"url\":\"https:\\\/\\\/museum-mb.si\\\/\",\"name\":\"Pokrajinski muzej Maribor\",\"description\":\"\",\"publisher\":{\"@id\":\"https:\\\/\\\/museum-mb.si\\\/#organization\"},\"potentialAction\":[{\"@type\":\"SearchAction\",\"target\":{\"@type\":\"EntryPoint\",\"urlTemplate\":\"https:\\\/\\\/museum-mb.si\\\/?s={search_term_string}\"},\"query-input\":{\"@type\":\"PropertyValueSpecification\",\"valueRequired\":true,\"valueName\":\"search_term_string\"}}],\"inLanguage\":\"hu\"},{\"@type\":\"Organization\",\"@id\":\"https:\\\/\\\/museum-mb.si\\\/#organization\",\"name\":\"Pokrajinski muzej Maribor\",\"url\":\"https:\\\/\\\/museum-mb.si\\\/\",\"logo\":{\"@type\":\"ImageObject\",\"inLanguage\":\"hu\",\"@id\":\"https:\\\/\\\/museum-mb.si\\\/#\\\/schema\\\/logo\\\/image\\\/\",\"url\":\"https:\\\/\\\/museum-mb.si\\\/wp-content\\\/uploads\\\/2024\\\/12\\\/pmm_logo_barvni_jpeg.jpg\",\"contentUrl\":\"https:\\\/\\\/museum-mb.si\\\/wp-content\\\/uploads\\\/2024\\\/12\\\/pmm_logo_barvni_jpeg.jpg\",\"width\":758,\"height\":754,\"caption\":\"Pokrajinski muzej Maribor\"},\"image\":{\"@id\":\"https:\\\/\\\/museum-mb.si\\\/#\\\/schema\\\/logo\\\/image\\\/\"},\"sameAs\":[\"https:\\\/\\\/www.facebook.com\\\/pomum123\",\"https:\\\/\\\/www.instagram.com\\\/maribor_museum\\\/\",\"https:\\\/\\\/www.youtube.com\\\/channel\\\/UCdshtCrun841Oc-35tYLBGQ\"]}]}<\/script>\n<!-- \/ Yoast SEO plugin. -->","yoast_head_json":{"title":"GRAJSKI MUC TIGI &#8211; Pokrajinski muzej Maribor","robots":{"index":"index","follow":"follow","max-snippet":"max-snippet:-1","max-image-preview":"max-image-preview:large","max-video-preview":"max-video-preview:-1"},"canonical":"https:\/\/museum-mb.si\/hu\/kiallitasok\/tigi-a-kastely-cica\/","og_locale":"hu_HU","og_type":"article","og_title":"GRAJSKI MUC TIGI &#8211; Pokrajinski muzej Maribor","og_description":"MUZEJNICA GRAJSKI MUC TIGI Vodeni ogled razstave z do\u017eivljajsko delavnico Grajski muc Tigi otrokom v lutkovni igri predstavi mestne simbole in obrtni\u0161ke skrinje, jih u\u010di olike in spodbuja k razmi\u0161ljanju in interakciji. Na sprehodu po razstavi spoznajo \u0161e roko pravice, zgodbe o mojstrih, ki so v mestu izdelovali razli\u010dne izdelke, nau\u010dijo se pravilno poimenovati posamezne [&hellip;]","og_url":"https:\/\/museum-mb.si\/hu\/kiallitasok\/tigi-a-kastely-cica\/","og_site_name":"Pokrajinski muzej Maribor","article_publisher":"https:\/\/www.facebook.com\/pomum123","article_modified_time":"2024-09-11T07:14:31+00:00","og_image":[{"width":800,"height":800,"url":"https:\/\/museum-mb.si\/wp-content\/uploads\/2023\/07\/grajski-muc.jpg","type":"image\/jpeg"}],"twitter_card":"summary_large_image","twitter_misc":{"Becs\u00fclt olvas\u00e1si id\u0151":"1 perc"},"schema":{"@context":"https:\/\/schema.org","@graph":[{"@type":"WebPage","@id":"https:\/\/museum-mb.si\/razstave\/grajski-muc-tigi\/","url":"https:\/\/museum-mb.si\/razstave\/grajski-muc-tigi\/","name":"GRAJSKI MUC TIGI &#8211; Pokrajinski muzej Maribor","isPartOf":{"@id":"https:\/\/museum-mb.si\/#website"},"primaryImageOfPage":{"@id":"https:\/\/museum-mb.si\/razstave\/grajski-muc-tigi\/#primaryimage"},"image":{"@id":"https:\/\/museum-mb.si\/razstave\/grajski-muc-tigi\/#primaryimage"},"thumbnailUrl":"https:\/\/museum-mb.si\/wp-content\/uploads\/2023\/07\/grajski-muc.jpg","datePublished":"2023-07-25T06:04:38+00:00","dateModified":"2024-09-11T07:14:31+00:00","breadcrumb":{"@id":"https:\/\/museum-mb.si\/razstave\/grajski-muc-tigi\/#breadcrumb"},"inLanguage":"hu","potentialAction":[{"@type":"ReadAction","target":["https:\/\/museum-mb.si\/razstave\/grajski-muc-tigi\/"]}]},{"@type":"ImageObject","inLanguage":"hu","@id":"https:\/\/museum-mb.si\/razstave\/grajski-muc-tigi\/#primaryimage","url":"https:\/\/museum-mb.si\/wp-content\/uploads\/2023\/07\/grajski-muc.jpg","contentUrl":"https:\/\/museum-mb.si\/wp-content\/uploads\/2023\/07\/grajski-muc.jpg","width":800,"height":800},{"@type":"BreadcrumbList","@id":"https:\/\/museum-mb.si\/razstave\/grajski-muc-tigi\/#breadcrumb","itemListElement":[{"@type":"ListItem","position":1,"name":"Domov","item":"https:\/\/museum-mb.si\/"},{"@type":"ListItem","position":2,"name":"Razstave","item":"https:\/\/museum-mb.si\/razstave\/"},{"@type":"ListItem","position":3,"name":"GRAJSKI MUC TIGI"}]},{"@type":"WebSite","@id":"https:\/\/museum-mb.si\/#website","url":"https:\/\/museum-mb.si\/","name":"Maribori Region\u00e1lis M\u00fazeum","description":"","publisher":{"@id":"https:\/\/museum-mb.si\/#organization"},"potentialAction":[{"@type":"SearchAction","target":{"@type":"EntryPoint","urlTemplate":"https:\/\/museum-mb.si\/?s={search_term_string}"},"query-input":{"@type":"PropertyValueSpecification","valueRequired":true,"valueName":"search_term_string"}}],"inLanguage":"hu"},{"@type":"Organization","@id":"https:\/\/museum-mb.si\/#organization","name":"Maribori Region\u00e1lis M\u00fazeum","url":"https:\/\/museum-mb.si\/","logo":{"@type":"ImageObject","inLanguage":"hu","@id":"https:\/\/museum-mb.si\/#\/schema\/logo\/image\/","url":"https:\/\/museum-mb.si\/wp-content\/uploads\/2024\/12\/pmm_logo_barvni_jpeg.jpg","contentUrl":"https:\/\/museum-mb.si\/wp-content\/uploads\/2024\/12\/pmm_logo_barvni_jpeg.jpg","width":758,"height":754,"caption":"Pokrajinski muzej Maribor"},"image":{"@id":"https:\/\/museum-mb.si\/#\/schema\/logo\/image\/"},"sameAs":["https:\/\/www.facebook.com\/pomum123","https:\/\/www.instagram.com\/maribor_museum\/","https:\/\/www.youtube.com\/channel\/UCdshtCrun841Oc-35tYLBGQ"]}]}},"_links":{"self":[{"href":"https:\/\/museum-mb.si\/hu\/wp-json\/wp\/v2\/razstave\/69143","targetHints":{"allow":["GET"]}}],"collection":[{"href":"https:\/\/museum-mb.si\/hu\/wp-json\/wp\/v2\/razstave"}],"about":[{"href":"https:\/\/museum-mb.si\/hu\/wp-json\/wp\/v2\/types\/razstave"}],"version-history":[{"count":51,"href":"https:\/\/museum-mb.si\/hu\/wp-json\/wp\/v2\/razstave\/69143\/revisions"}],"predecessor-version":[{"id":77831,"href":"https:\/\/museum-mb.si\/hu\/wp-json\/wp\/v2\/razstave\/69143\/revisions\/77831"}],"wp:featuredmedia":[{"embeddable":true,"href":"https:\/\/museum-mb.si\/hu\/wp-json\/wp\/v2\/media\/77828"}],"wp:attachment":[{"href":"https:\/\/museum-mb.si\/hu\/wp-json\/wp\/v2\/media?parent=69143"}],"wp:term":[{"taxonomy":"vrsta","embeddable":true,"href":"https:\/\/museum-mb.si\/hu\/wp-json\/wp\/v2\/vrsta?post=69143"}],"curies":[{"name":"wp","href":"https:\/\/api.w.org\/{rel}","templated":true}]}}