{"id":67521,"date":"2022-08-22T12:31:59","date_gmt":"2022-08-22T12:31:59","guid":{"rendered":"https:\/\/nova.museum-mb.si\/?page_id=67521"},"modified":"2022-10-28T07:20:41","modified_gmt":"2022-10-28T06:20:41","slug":"a-show-az-utolso-maribori-uriember-franc-minarik-nyomaban-jar","status":"publish","type":"page","link":"https:\/\/museum-mb.si\/hu\/a-show-az-utolso-maribori-uriember-franc-minarik-nyomaban-jar\/","title":{"rendered":"Oddaja SLEDI: Poslednji mariborski gospod Franc Minarik"},"content":{"rendered":"<div data-elementor-type=\"wp-page\" data-elementor-id=\"67521\" class=\"elementor elementor-67521\" data-elementor-post-type=\"page\">\n\t\t\t\t\t\t<section class=\"elementor-section elementor-top-section elementor-element elementor-element-529a509 elementor-section-height-min-height elementor-section-boxed elementor-section-height-default elementor-section-items-middle\" data-id=\"529a509\" data-element_type=\"section\" data-settings=\"{&quot;background_background&quot;:&quot;classic&quot;,&quot;jet_parallax_layout_list&quot;:[]}\">\n\t\t\t\t\t\t\t<div class=\"elementor-background-overlay\"><\/div>\n\t\t\t\t\t\t\t<div class=\"elementor-container elementor-column-gap-default\">\n\t\t\t\t\t<div class=\"elementor-column elementor-col-50 elementor-top-column elementor-element elementor-element-f4d4d97\" data-id=\"f4d4d97\" data-element_type=\"column\">\n\t\t\t<div class=\"elementor-widget-wrap elementor-element-populated\">\n\t\t\t\t\t\t<div class=\"elementor-element elementor-element-ce1f90d elementor-widget elementor-widget-heading\" data-id=\"ce1f90d\" data-element_type=\"widget\" data-widget_type=\"heading.default\">\n\t\t\t\t<div class=\"elementor-widget-container\">\n\t\t\t\t\t<h2 class=\"elementor-heading-title elementor-size-default\">FELFEDEZ\u00c9S<\/h2>\t\t\t\t<\/div>\n\t\t\t\t<\/div>\n\t\t\t\t<div class=\"elementor-element elementor-element-350c441 elementor-widget elementor-widget-heading\" data-id=\"350c441\" data-element_type=\"widget\" data-widget_type=\"heading.default\">\n\t\t\t\t<div class=\"elementor-widget-container\">\n\t\t\t\t\t<h2 class=\"elementor-heading-title elementor-size-default\">SLEDI:<br>\nAz utols\u00f3 maribori \u00fariember, Franc Minarik \u00far.<\/h2>\t\t\t\t<\/div>\n\t\t\t\t<\/div>\n\t\t\t\t\t<\/div>\n\t\t<\/div>\n\t\t\t\t<div class=\"elementor-column elementor-col-50 elementor-top-column elementor-element elementor-element-08e1e9e\" data-id=\"08e1e9e\" data-element_type=\"column\">\n\t\t\t<div class=\"elementor-widget-wrap elementor-element-populated\">\n\t\t\t\t\t\t<div class=\"elementor-element elementor-element-90309d5 elementor-widget elementor-widget-text-editor\" data-id=\"90309d5\" data-element_type=\"widget\" data-widget_type=\"text-editor.default\">\n\t\t\t\t<div class=\"elementor-widget-container\">\n\t\t\t\t\t\t\t\t\t<p>Franec Mina\u0159ik gy\u00f3gyszer\u00e9szre sok maribori polg\u00e1r eml\u00e9kszik, \u00e9s szakmai k\u00f6r\u00f6kben \u00f6r\u00f6k helye van. Gy\u00f3gyszer\u00e9szt\u00f6rt\u00e9neti k\u00f6nyve ma is hasznos tank\u00f6nyv a gy\u00f3gyszer\u00e9szhallgat\u00f3k sz\u00e1m\u00e1ra, gy\u0171jt\u0151munk\u00e1ja pedig felbecs\u00fclhetetlen \u00e9rt\u00e9k\u0171 napjainkban.<\/p><p>\u0150 az atyja annak a kiv\u00e9telesen sz\u00e9p \u00e9s gazdag gy\u00f3gyszert\u00e1ri gy\u0171jtem\u00e9nynek, amelyet a maribori Region\u00e1lis M\u00fazeumban \u0151riznek, \u00e9s amelyet a m\u00fazeum kur\u00e1tora, Dr. Valentina Bevc Varl gondoz \u00e9s gazdag\u00edt. A maribori gy\u00f3gyszert\u00e1rak egykori igazgat\u00f3j\u00e1val, mag. Lovro Dermota, visszavitt benn\u00fcnket az id\u0151ben.<\/p><p>Megl\u00e1togattunk egy olyan id\u0151szakot, amikor a mariboriak egy kalapos \u00farral tal\u00e1lkoztak, aki mindenkit bar\u00e1ts\u00e1gosan k\u00f6sz\u00f6nt. Sre\u010dko Niedorfer, a Ve\u010der egykori \u00fajs\u00e1g\u00edr\u00f3ja m\u00e1ig meg van gy\u0151z\u0151dve arr\u00f3l, hogy Franc Mina\u0159ik val\u00f3ban \u201cMaribor utols\u00f3 \u00fariembere\u201d.<\/p>\t\t\t\t\t\t\t\t<\/div>\n\t\t\t\t<\/div>\n\t\t\t\t\t<\/div>\n\t\t<\/div>\n\t\t\t\t\t<\/div>\n\t\t<\/section>\n\t\t\t\t<section class=\"elementor-section elementor-top-section elementor-element elementor-element-ef78327 elementor-hidden-mobile elementor-section-boxed elementor-section-height-default elementor-section-height-default\" data-id=\"ef78327\" data-element_type=\"section\" data-settings=\"{&quot;jet_parallax_layout_list&quot;:[]}\">\n\t\t\t\t\t\t<div class=\"elementor-container elementor-column-gap-default\">\n\t\t\t\t\t<div class=\"make-column-clickable-elementor elementor-column elementor-col-100 elementor-top-column elementor-element elementor-element-dbdf68a\" style=\"cursor: pointer;\" data-column-clickable=\"#Zbirke\" data-column-clickable-blank=\"_self\" data-id=\"dbdf68a\" data-element_type=\"column\" data-settings=\"{&quot;background_background&quot;:&quot;classic&quot;}\">\n\t\t\t<div class=\"elementor-widget-wrap elementor-element-populated\">\n\t\t\t\t\t\t<div class=\"elementor-element elementor-element-8343ef6 elementor-widget__width-auto elementor-widget elementor-widget-jet-inline-svg\" data-id=\"8343ef6\" data-element_type=\"widget\" data-widget_type=\"jet-inline-svg.default\">\n\t\t\t\t<div class=\"elementor-widget-container\">\n\t\t\t\t\t<div class=\"elementor-jet-inline-svg jet-elements\"><div class=\"jet-inline-svg__wrapper\"><a class=\"jet-inline-svg jet-inline-svg--custom-width jet-inline-svg--custom-color\" href=\"#Virtualnevsebine\" aria-label=\"SVG link\"><div class=\"jet-inline-svg__inner\"><?xml version=\"1.0\" encoding=\"UTF-8\" standalone=\"no\"?>\n<svg xmlns=\"http:\/\/www.w3.org\/2000\/svg\" version=\"1.0\" width=\"512.000000pt\" height=\"512.000000pt\" viewbox=\"0 0 512.000000 512.000000\" preserveaspectratio=\"xMidYMid meet\">\n  <g transform=\"translate(0.000000,512.000000) scale(0.100000,-0.100000)\" fill=\"currentColor\" stroke=\"none\">\n    <path d=\"M277 4009 c-103 -24 -197 -103 -244 -204 -23 -51 -28 -73 -27 -145 0 -160 -96 -52 1192 -1342 777 -778 1160 -1155 1191 -1172 73 -39 158 -53 234 -37 34 7 83 24 108 37 31 17 414 394 1191 1172 1288 1290 1192 1182 1192 1342 0 72 -4 94 -28 147 -84 184 -308 262 -491 171 -26 -13 -388 -368 -1037 -1016 l-998 -997 -998 997 c-652 651 -1011 1003 -1037 1016 -76 37 -170 49 -248 31z\"><\/path>\n  <\/g>\n<\/svg>\n<\/div><\/a><\/div><\/div>\t\t\t\t<\/div>\n\t\t\t\t<\/div>\n\t\t\t\t\t<\/div>\n\t\t<\/div>\n\t\t\t\t\t<\/div>\n\t\t<\/section>\n\t\t\t\t<section class=\"elementor-section elementor-top-section elementor-element elementor-element-c27245a elementor-section-boxed elementor-section-height-default elementor-section-height-default\" data-id=\"c27245a\" data-element_type=\"section\" data-settings=\"{&quot;jet_parallax_layout_list&quot;:[]}\">\n\t\t\t\t\t\t<div class=\"elementor-container elementor-column-gap-default\">\n\t\t\t\t\t<div class=\"elementor-column elementor-col-100 elementor-top-column elementor-element elementor-element-ee052b7\" data-id=\"ee052b7\" data-element_type=\"column\">\n\t\t\t<div class=\"elementor-widget-wrap elementor-element-populated\">\n\t\t\t\t\t\t<div class=\"elementor-element elementor-element-ef964f8 elementor-widget elementor-widget-menu-anchor\" data-id=\"ef964f8\" data-element_type=\"widget\" data-widget_type=\"menu-anchor.default\">\n\t\t\t\t<div class=\"elementor-widget-container\">\n\t\t\t\t\t\t\t<div class=\"elementor-menu-anchor\" id=\"Virtualnevsebine\"><\/div>\n\t\t\t\t\t\t<\/div>\n\t\t\t\t<\/div>\n\t\t\t\t\t<\/div>\n\t\t<\/div>\n\t\t\t\t\t<\/div>\n\t\t<\/section>\n\t\t\t\t<section class=\"elementor-section elementor-top-section elementor-element elementor-element-c848e81 elementor-section-boxed elementor-section-height-default elementor-section-height-default\" data-id=\"c848e81\" data-element_type=\"section\" data-settings=\"{&quot;jet_parallax_layout_list&quot;:[],&quot;background_background&quot;:&quot;classic&quot;}\">\n\t\t\t\t\t\t<div class=\"elementor-container elementor-column-gap-default\">\n\t\t\t\t\t<div class=\"elementor-column elementor-col-100 elementor-top-column elementor-element elementor-element-44eda5b\" data-id=\"44eda5b\" data-element_type=\"column\">\n\t\t\t<div class=\"elementor-widget-wrap elementor-element-populated\">\n\t\t\t\t\t\t<div class=\"elementor-element elementor-element-1fa8d12 elementor-widget elementor-widget-image\" data-id=\"1fa8d12\" data-element_type=\"widget\" data-widget_type=\"image.default\">\n\t\t\t\t<div class=\"elementor-widget-container\">\n\t\t\t\t\t\t\t\t\t\t\t\t\t\t\t\t<a href=\"https:\/\/www.rtvslo.si\/rtv365\/arhiv\/174455870?s=tv\" target=\"_blank\">\n\t\t\t\t\t\t\t<img fetchpriority=\"high\" decoding=\"async\" width=\"2560\" height=\"1344\" src=\"https:\/\/museum-mb.si\/wp-content\/uploads\/2022\/08\/franc-minarik-scaled.jpg\" class=\"attachment-full size-full wp-image-67374\" alt=\"\" srcset=\"https:\/\/museum-mb.si\/wp-content\/uploads\/2022\/08\/franc-minarik-scaled.jpg 2560w, https:\/\/museum-mb.si\/wp-content\/uploads\/2022\/08\/franc-minarik-300x157.jpg 300w, https:\/\/museum-mb.si\/wp-content\/uploads\/2022\/08\/franc-minarik-1024x538.jpg 1024w, https:\/\/museum-mb.si\/wp-content\/uploads\/2022\/08\/franc-minarik-768x403.jpg 768w, https:\/\/museum-mb.si\/wp-content\/uploads\/2022\/08\/franc-minarik-1536x806.jpg 1536w, https:\/\/museum-mb.si\/wp-content\/uploads\/2022\/08\/franc-minarik-2048x1075.jpg 2048w\" sizes=\"(max-width: 2560px) 100vw, 2560px\" \/>\t\t\t\t\t\t\t\t<\/a>\n\t\t\t\t\t\t\t\t\t\t\t\t\t\t\t<\/div>\n\t\t\t\t<\/div>\n\t\t\t\t<div class=\"elementor-element elementor-element-e7ef2f7 elementor-view-stacked elementor-shape-circle elementor-widget elementor-widget-icon\" data-id=\"e7ef2f7\" data-element_type=\"widget\" data-widget_type=\"icon.default\">\n\t\t\t\t<div class=\"elementor-widget-container\">\n\t\t\t\t\t\t\t<div class=\"elementor-icon-wrapper\">\n\t\t\t<a class=\"elementor-icon\" href=\"https:\/\/www.rtvslo.si\/rtv365\/arhiv\/174455870?s=tv\" target=\"_blank\">\n\t\t\t<i aria-hidden=\"true\" class=\"fas fa-play-circle\"><\/i>\t\t\t<\/a>\n\t\t<\/div>\n\t\t\t\t\t\t<\/div>\n\t\t\t\t<\/div>\n\t\t\t\t\t<\/div>\n\t\t<\/div>\n\t\t\t\t\t<\/div>\n\t\t<\/section>\n\t\t\t\t<\/div>","protected":false},"excerpt":{"rendered":"<p>TEKINT\u00c9S Az utols\u00f3 maribori Franc Minarik \u00far Franc Minarik gy\u00f3gyszer\u00e9szre sok maribori polg\u00e1r eml\u00e9kszik, de szakmai k\u00f6r\u00f6kben \u00f6r\u00f6kk\u00e9val\u00f3 a helye. Gy\u00f3gyszer\u00e9szt\u00f6rt\u00e9neti k\u00f6nyve ma is hasznos tank\u00f6nyv a gy\u00f3gyszer\u00e9szhallgat\u00f3k sz\u00e1m\u00e1ra, gy\u0171jt\u0151munk\u00e1ja pedig felbecs\u00fclhetetlen \u00e9rt\u00e9k\u0171 napjainkban. \u0150 az atyja egy [...]<\/p>","protected":false},"author":9,"featured_media":0,"parent":0,"menu_order":0,"comment_status":"closed","ping_status":"closed","template":"","meta":{"inline_featured_image":false,"footnotes":""},"class_list":["post-67521","page","type-page","status-publish","hentry"],"yoast_head":"<!-- This site is optimized with the Yoast SEO plugin v27.5 - https:\/\/yoast.com\/product\/yoast-seo-wordpress\/ -->\n<title>Oddaja SLEDI: Poslednji mariborski gospod Franc Minarik &#8211; Pokrajinski muzej Maribor<\/title>\n<meta name=\"robots\" content=\"index, follow, max-snippet:-1, max-image-preview:large, max-video-preview:-1\" \/>\n<link rel=\"canonical\" href=\"https:\/\/museum-mb.si\/hu\/a-show-az-utolso-maribori-uriember-franc-minarik-nyomaban-jar\/\" \/>\n<meta property=\"og:locale\" content=\"hu_HU\" \/>\n<meta property=\"og:type\" content=\"article\" \/>\n<meta property=\"og:title\" content=\"Oddaja SLEDI: Poslednji mariborski gospod Franc Minarik &#8211; Pokrajinski muzej Maribor\" \/>\n<meta property=\"og:description\" content=\"RAZISKUJ Oddaja SLEDI: Poslednji mariborski gospod Franc Minarik Lekarnarja Franca Mina\u0159ika se spominjajo mnogi Maribor\u010dani, v strokovnih krogih pa je njegovo mesto ve\u010dno. Njegova knjiga o zgodovini lekarni\u0161tva je \u0161e danes uporaben u\u010dbenik za \u0161tudente farmacije, neprecenljiva za dana\u0161nji \u010das pa je tudi njegova zbirateljska \u017eilica. Je o\u010de izjemno lepe in bogate lekarni\u0161ke zbirke, ki [&hellip;]\" \/>\n<meta property=\"og:url\" content=\"https:\/\/museum-mb.si\/hu\/a-show-az-utolso-maribori-uriember-franc-minarik-nyomaban-jar\/\" \/>\n<meta property=\"og:site_name\" content=\"Pokrajinski muzej Maribor\" \/>\n<meta property=\"article:publisher\" content=\"https:\/\/www.facebook.com\/pomum123\" \/>\n<meta property=\"article:modified_time\" content=\"2022-10-28T06:20:41+00:00\" \/>\n<meta property=\"og:image\" content=\"https:\/\/museum-mb.si\/wp-content\/uploads\/2022\/08\/franc-minarik-scaled.jpg\" \/>\n\t<meta property=\"og:image:width\" content=\"2560\" \/>\n\t<meta property=\"og:image:height\" content=\"1344\" \/>\n\t<meta property=\"og:image:type\" content=\"image\/jpeg\" \/>\n<meta name=\"twitter:card\" content=\"summary_large_image\" \/>\n<meta name=\"twitter:label1\" content=\"Becs\u00fclt olvas\u00e1si id\u0151\" \/>\n\t<meta name=\"twitter:data1\" content=\"1 perc\" \/>\n<script type=\"application\/ld+json\" class=\"yoast-schema-graph\">{\"@context\":\"https:\\\/\\\/schema.org\",\"@graph\":[{\"@type\":\"WebPage\",\"@id\":\"https:\\\/\\\/museum-mb.si\\\/oddaja-sledi-poslednji-mariborski-gospod-franc-minarik\\\/\",\"url\":\"https:\\\/\\\/museum-mb.si\\\/oddaja-sledi-poslednji-mariborski-gospod-franc-minarik\\\/\",\"name\":\"Oddaja SLEDI: Poslednji mariborski gospod Franc Minarik &#8211; Pokrajinski muzej Maribor\",\"isPartOf\":{\"@id\":\"https:\\\/\\\/museum-mb.si\\\/#website\"},\"primaryImageOfPage\":{\"@id\":\"https:\\\/\\\/museum-mb.si\\\/oddaja-sledi-poslednji-mariborski-gospod-franc-minarik\\\/#primaryimage\"},\"image\":{\"@id\":\"https:\\\/\\\/museum-mb.si\\\/oddaja-sledi-poslednji-mariborski-gospod-franc-minarik\\\/#primaryimage\"},\"thumbnailUrl\":\"https:\\\/\\\/museum-mb.si\\\/wp-content\\\/uploads\\\/2022\\\/08\\\/franc-minarik-scaled.jpg\",\"datePublished\":\"2022-08-22T12:31:59+00:00\",\"dateModified\":\"2022-10-28T06:20:41+00:00\",\"breadcrumb\":{\"@id\":\"https:\\\/\\\/museum-mb.si\\\/oddaja-sledi-poslednji-mariborski-gospod-franc-minarik\\\/#breadcrumb\"},\"inLanguage\":\"hu\",\"potentialAction\":[{\"@type\":\"ReadAction\",\"target\":[\"https:\\\/\\\/museum-mb.si\\\/oddaja-sledi-poslednji-mariborski-gospod-franc-minarik\\\/\"]}]},{\"@type\":\"ImageObject\",\"inLanguage\":\"hu\",\"@id\":\"https:\\\/\\\/museum-mb.si\\\/oddaja-sledi-poslednji-mariborski-gospod-franc-minarik\\\/#primaryimage\",\"url\":\"https:\\\/\\\/museum-mb.si\\\/wp-content\\\/uploads\\\/2022\\\/08\\\/franc-minarik-scaled.jpg\",\"contentUrl\":\"https:\\\/\\\/museum-mb.si\\\/wp-content\\\/uploads\\\/2022\\\/08\\\/franc-minarik-scaled.jpg\"},{\"@type\":\"BreadcrumbList\",\"@id\":\"https:\\\/\\\/museum-mb.si\\\/oddaja-sledi-poslednji-mariborski-gospod-franc-minarik\\\/#breadcrumb\",\"itemListElement\":[{\"@type\":\"ListItem\",\"position\":1,\"name\":\"Domov\",\"item\":\"https:\\\/\\\/museum-mb.si\\\/\"},{\"@type\":\"ListItem\",\"position\":2,\"name\":\"Oddaja SLEDI: Poslednji mariborski gospod Franc Minarik\"}]},{\"@type\":\"WebSite\",\"@id\":\"https:\\\/\\\/museum-mb.si\\\/#website\",\"url\":\"https:\\\/\\\/museum-mb.si\\\/\",\"name\":\"Pokrajinski muzej Maribor\",\"description\":\"\",\"publisher\":{\"@id\":\"https:\\\/\\\/museum-mb.si\\\/#organization\"},\"potentialAction\":[{\"@type\":\"SearchAction\",\"target\":{\"@type\":\"EntryPoint\",\"urlTemplate\":\"https:\\\/\\\/museum-mb.si\\\/?s={search_term_string}\"},\"query-input\":{\"@type\":\"PropertyValueSpecification\",\"valueRequired\":true,\"valueName\":\"search_term_string\"}}],\"inLanguage\":\"hu\"},{\"@type\":\"Organization\",\"@id\":\"https:\\\/\\\/museum-mb.si\\\/#organization\",\"name\":\"Pokrajinski muzej Maribor\",\"url\":\"https:\\\/\\\/museum-mb.si\\\/\",\"logo\":{\"@type\":\"ImageObject\",\"inLanguage\":\"hu\",\"@id\":\"https:\\\/\\\/museum-mb.si\\\/#\\\/schema\\\/logo\\\/image\\\/\",\"url\":\"https:\\\/\\\/museum-mb.si\\\/wp-content\\\/uploads\\\/2024\\\/12\\\/pmm_logo_barvni_jpeg.jpg\",\"contentUrl\":\"https:\\\/\\\/museum-mb.si\\\/wp-content\\\/uploads\\\/2024\\\/12\\\/pmm_logo_barvni_jpeg.jpg\",\"width\":758,\"height\":754,\"caption\":\"Pokrajinski muzej Maribor\"},\"image\":{\"@id\":\"https:\\\/\\\/museum-mb.si\\\/#\\\/schema\\\/logo\\\/image\\\/\"},\"sameAs\":[\"https:\\\/\\\/www.facebook.com\\\/pomum123\",\"https:\\\/\\\/www.instagram.com\\\/maribor_museum\\\/\",\"https:\\\/\\\/www.youtube.com\\\/channel\\\/UCdshtCrun841Oc-35tYLBGQ\"]}]}<\/script>\n<!-- \/ Yoast SEO plugin. -->","yoast_head_json":{"title":"Oddaja SLEDI: Poslednji mariborski gospod Franc Minarik &#8211; Pokrajinski muzej Maribor","robots":{"index":"index","follow":"follow","max-snippet":"max-snippet:-1","max-image-preview":"max-image-preview:large","max-video-preview":"max-video-preview:-1"},"canonical":"https:\/\/museum-mb.si\/hu\/a-show-az-utolso-maribori-uriember-franc-minarik-nyomaban-jar\/","og_locale":"hu_HU","og_type":"article","og_title":"Oddaja SLEDI: Poslednji mariborski gospod Franc Minarik &#8211; Pokrajinski muzej Maribor","og_description":"RAZISKUJ Oddaja SLEDI: Poslednji mariborski gospod Franc Minarik Lekarnarja Franca Mina\u0159ika se spominjajo mnogi Maribor\u010dani, v strokovnih krogih pa je njegovo mesto ve\u010dno. Njegova knjiga o zgodovini lekarni\u0161tva je \u0161e danes uporaben u\u010dbenik za \u0161tudente farmacije, neprecenljiva za dana\u0161nji \u010das pa je tudi njegova zbirateljska \u017eilica. Je o\u010de izjemno lepe in bogate lekarni\u0161ke zbirke, ki [&hellip;]","og_url":"https:\/\/museum-mb.si\/hu\/a-show-az-utolso-maribori-uriember-franc-minarik-nyomaban-jar\/","og_site_name":"Pokrajinski muzej Maribor","article_publisher":"https:\/\/www.facebook.com\/pomum123","article_modified_time":"2022-10-28T06:20:41+00:00","og_image":[{"width":2560,"height":1344,"url":"https:\/\/museum-mb.si\/wp-content\/uploads\/2022\/08\/franc-minarik-scaled.jpg","type":"image\/jpeg"}],"twitter_card":"summary_large_image","twitter_misc":{"Becs\u00fclt olvas\u00e1si id\u0151":"1 perc"},"schema":{"@context":"https:\/\/schema.org","@graph":[{"@type":"WebPage","@id":"https:\/\/museum-mb.si\/oddaja-sledi-poslednji-mariborski-gospod-franc-minarik\/","url":"https:\/\/museum-mb.si\/oddaja-sledi-poslednji-mariborski-gospod-franc-minarik\/","name":"Oddaja SLEDI: Poslednji mariborski gospod Franc Minarik &#8211; Pokrajinski muzej Maribor","isPartOf":{"@id":"https:\/\/museum-mb.si\/#website"},"primaryImageOfPage":{"@id":"https:\/\/museum-mb.si\/oddaja-sledi-poslednji-mariborski-gospod-franc-minarik\/#primaryimage"},"image":{"@id":"https:\/\/museum-mb.si\/oddaja-sledi-poslednji-mariborski-gospod-franc-minarik\/#primaryimage"},"thumbnailUrl":"https:\/\/museum-mb.si\/wp-content\/uploads\/2022\/08\/franc-minarik-scaled.jpg","datePublished":"2022-08-22T12:31:59+00:00","dateModified":"2022-10-28T06:20:41+00:00","breadcrumb":{"@id":"https:\/\/museum-mb.si\/oddaja-sledi-poslednji-mariborski-gospod-franc-minarik\/#breadcrumb"},"inLanguage":"hu","potentialAction":[{"@type":"ReadAction","target":["https:\/\/museum-mb.si\/oddaja-sledi-poslednji-mariborski-gospod-franc-minarik\/"]}]},{"@type":"ImageObject","inLanguage":"hu","@id":"https:\/\/museum-mb.si\/oddaja-sledi-poslednji-mariborski-gospod-franc-minarik\/#primaryimage","url":"https:\/\/museum-mb.si\/wp-content\/uploads\/2022\/08\/franc-minarik-scaled.jpg","contentUrl":"https:\/\/museum-mb.si\/wp-content\/uploads\/2022\/08\/franc-minarik-scaled.jpg"},{"@type":"BreadcrumbList","@id":"https:\/\/museum-mb.si\/oddaja-sledi-poslednji-mariborski-gospod-franc-minarik\/#breadcrumb","itemListElement":[{"@type":"ListItem","position":1,"name":"Domov","item":"https:\/\/museum-mb.si\/"},{"@type":"ListItem","position":2,"name":"Oddaja SLEDI: Poslednji mariborski gospod Franc Minarik"}]},{"@type":"WebSite","@id":"https:\/\/museum-mb.si\/#website","url":"https:\/\/museum-mb.si\/","name":"Maribori Region\u00e1lis M\u00fazeum","description":"","publisher":{"@id":"https:\/\/museum-mb.si\/#organization"},"potentialAction":[{"@type":"SearchAction","target":{"@type":"EntryPoint","urlTemplate":"https:\/\/museum-mb.si\/?s={search_term_string}"},"query-input":{"@type":"PropertyValueSpecification","valueRequired":true,"valueName":"search_term_string"}}],"inLanguage":"hu"},{"@type":"Organization","@id":"https:\/\/museum-mb.si\/#organization","name":"Maribori Region\u00e1lis M\u00fazeum","url":"https:\/\/museum-mb.si\/","logo":{"@type":"ImageObject","inLanguage":"hu","@id":"https:\/\/museum-mb.si\/#\/schema\/logo\/image\/","url":"https:\/\/museum-mb.si\/wp-content\/uploads\/2024\/12\/pmm_logo_barvni_jpeg.jpg","contentUrl":"https:\/\/museum-mb.si\/wp-content\/uploads\/2024\/12\/pmm_logo_barvni_jpeg.jpg","width":758,"height":754,"caption":"Pokrajinski muzej Maribor"},"image":{"@id":"https:\/\/museum-mb.si\/#\/schema\/logo\/image\/"},"sameAs":["https:\/\/www.facebook.com\/pomum123","https:\/\/www.instagram.com\/maribor_museum\/","https:\/\/www.youtube.com\/channel\/UCdshtCrun841Oc-35tYLBGQ"]}]}},"_links":{"self":[{"href":"https:\/\/museum-mb.si\/hu\/wp-json\/wp\/v2\/pages\/67521","targetHints":{"allow":["GET"]}}],"collection":[{"href":"https:\/\/museum-mb.si\/hu\/wp-json\/wp\/v2\/pages"}],"about":[{"href":"https:\/\/museum-mb.si\/hu\/wp-json\/wp\/v2\/types\/page"}],"author":[{"embeddable":true,"href":"https:\/\/museum-mb.si\/hu\/wp-json\/wp\/v2\/users\/9"}],"replies":[{"embeddable":true,"href":"https:\/\/museum-mb.si\/hu\/wp-json\/wp\/v2\/comments?post=67521"}],"version-history":[{"count":31,"href":"https:\/\/museum-mb.si\/hu\/wp-json\/wp\/v2\/pages\/67521\/revisions"}],"predecessor-version":[{"id":74600,"href":"https:\/\/museum-mb.si\/hu\/wp-json\/wp\/v2\/pages\/67521\/revisions\/74600"}],"wp:attachment":[{"href":"https:\/\/museum-mb.si\/hu\/wp-json\/wp\/v2\/media?parent=67521"}],"curies":[{"name":"wp","href":"https:\/\/api.w.org\/{rel}","templated":true}]}}