{"id":66831,"date":"2022-08-19T15:50:34","date_gmt":"2022-08-19T15:50:34","guid":{"rendered":"https:\/\/nova.museum-mb.si\/?page_id=66831"},"modified":"2022-12-06T10:48:04","modified_gmt":"2022-12-06T09:48:04","slug":"variaciok-egy-hommage-franco-lisztnek","status":"publish","type":"page","link":"https:\/\/museum-mb.si\/hu\/variaciok-egy-hommage-franco-lisztnek\/","title":{"rendered":"Vari\u00e1ci\u00f3k - Hommage Liszt Ferencnek"},"content":{"rendered":"<div data-elementor-type=\"wp-page\" data-elementor-id=\"66831\" class=\"elementor elementor-66831\" data-elementor-post-type=\"page\">\n\t\t\t\t\t\t<section class=\"elementor-section elementor-top-section elementor-element elementor-element-2b0f385 elementor-section-height-min-height elementor-section-boxed elementor-section-height-default elementor-section-items-middle\" data-id=\"2b0f385\" data-element_type=\"section\" data-settings=\"{&quot;background_background&quot;:&quot;classic&quot;,&quot;jet_parallax_layout_list&quot;:[]}\">\n\t\t\t\t\t\t\t<div class=\"elementor-background-overlay\"><\/div>\n\t\t\t\t\t\t\t<div class=\"elementor-container elementor-column-gap-no\">\n\t\t\t\t\t<div class=\"elementor-column elementor-col-50 elementor-top-column elementor-element elementor-element-685878f\" data-id=\"685878f\" data-element_type=\"column\">\n\t\t\t<div class=\"elementor-widget-wrap elementor-element-populated\">\n\t\t\t\t\t\t<div class=\"elementor-element elementor-element-0423fc8 elementor-widget elementor-widget-heading\" data-id=\"0423fc8\" data-element_type=\"widget\" data-widget_type=\"heading.default\">\n\t\t\t\t<div class=\"elementor-widget-container\">\n\t\t\t\t\t<h2 class=\"elementor-heading-title elementor-size-default\">\u00c9L\u0150<\/h2>\t\t\t\t<\/div>\n\t\t\t\t<\/div>\n\t\t\t\t<div class=\"elementor-element elementor-element-fb250b2 elementor-widget elementor-widget-heading\" data-id=\"fb250b2\" data-element_type=\"widget\" data-widget_type=\"heading.default\">\n\t\t\t\t<div class=\"elementor-widget-container\">\n\t\t\t\t\t<h2 class=\"elementor-heading-title elementor-size-default\">VARI\u00c1CI\u00d3K -\nHOMMAGE\nFRANZ LIZSTU<\/h2>\t\t\t\t<\/div>\n\t\t\t\t<\/div>\n\t\t\t\t\t<\/div>\n\t\t<\/div>\n\t\t\t\t<div class=\"elementor-column elementor-col-50 elementor-top-column elementor-element elementor-element-80df8af\" data-id=\"80df8af\" data-element_type=\"column\">\n\t\t\t<div class=\"elementor-widget-wrap elementor-element-populated\">\n\t\t\t\t\t\t<div class=\"elementor-element elementor-element-9b0e75c elementor-widget elementor-widget-text-editor\" data-id=\"9b0e75c\" data-element_type=\"widget\" data-widget_type=\"text-editor.default\">\n\t\t\t\t<div class=\"elementor-widget-container\">\n\t\t\t\t\t\t\t\t\t<p>\u201cAz ember er\u0151fesz\u00edt\u00e9seinek legnagyobb jutalma nem az, amit kap \u00e9rte, hanem az, amiv\u00e9 v\u00e1lik.\u201d<br \/><em>John Ruskin<\/em><\/p>\t\t\t\t\t\t\t\t<\/div>\n\t\t\t\t<\/div>\n\t\t\t\t\t<\/div>\n\t\t<\/div>\n\t\t\t\t\t<\/div>\n\t\t<\/section>\n\t\t\t\t<section class=\"elementor-section elementor-top-section elementor-element elementor-element-178c205 elementor-hidden-mobile elementor-section-boxed elementor-section-height-default elementor-section-height-default\" data-id=\"178c205\" data-element_type=\"section\" data-settings=\"{&quot;jet_parallax_layout_list&quot;:[]}\">\n\t\t\t\t\t\t<div class=\"elementor-container elementor-column-gap-default\">\n\t\t\t\t\t<div class=\"make-column-clickable-elementor elementor-column elementor-col-100 elementor-top-column elementor-element elementor-element-30dc310\" style=\"cursor: pointer;\" data-column-clickable=\"#Zbirke\" data-column-clickable-blank=\"_self\" data-id=\"30dc310\" data-element_type=\"column\" data-settings=\"{&quot;background_background&quot;:&quot;classic&quot;}\">\n\t\t\t<div class=\"elementor-widget-wrap elementor-element-populated\">\n\t\t\t\t\t\t<div class=\"elementor-element elementor-element-69cf7a9 elementor-widget__width-auto elementor-widget elementor-widget-jet-inline-svg\" data-id=\"69cf7a9\" data-element_type=\"widget\" data-widget_type=\"jet-inline-svg.default\">\n\t\t\t\t<div class=\"elementor-widget-container\">\n\t\t\t\t\t<div class=\"elementor-jet-inline-svg jet-elements\"><div class=\"jet-inline-svg__wrapper\"><a class=\"jet-inline-svg jet-inline-svg--custom-width jet-inline-svg--custom-color\" href=\"#Virtualnevsebine\" aria-label=\"SVG link\"><div class=\"jet-inline-svg__inner\"><?xml version=\"1.0\" encoding=\"UTF-8\" standalone=\"no\"?>\n<svg xmlns=\"http:\/\/www.w3.org\/2000\/svg\" version=\"1.0\" width=\"512.000000pt\" height=\"512.000000pt\" viewbox=\"0 0 512.000000 512.000000\" preserveaspectratio=\"xMidYMid meet\">\n  <g transform=\"translate(0.000000,512.000000) scale(0.100000,-0.100000)\" fill=\"currentColor\" stroke=\"none\">\n    <path d=\"M277 4009 c-103 -24 -197 -103 -244 -204 -23 -51 -28 -73 -27 -145 0 -160 -96 -52 1192 -1342 777 -778 1160 -1155 1191 -1172 73 -39 158 -53 234 -37 34 7 83 24 108 37 31 17 414 394 1191 1172 1288 1290 1192 1182 1192 1342 0 72 -4 94 -28 147 -84 184 -308 262 -491 171 -26 -13 -388 -368 -1037 -1016 l-998 -997 -998 997 c-652 651 -1011 1003 -1037 1016 -76 37 -170 49 -248 31z\"><\/path>\n  <\/g>\n<\/svg>\n<\/div><\/a><\/div><\/div>\t\t\t\t<\/div>\n\t\t\t\t<\/div>\n\t\t\t\t\t<\/div>\n\t\t<\/div>\n\t\t\t\t\t<\/div>\n\t\t<\/section>\n\t\t\t\t<section class=\"elementor-section elementor-top-section elementor-element elementor-element-161fc74 elementor-section-boxed elementor-section-height-default elementor-section-height-default\" data-id=\"161fc74\" data-element_type=\"section\" data-settings=\"{&quot;jet_parallax_layout_list&quot;:[]}\">\n\t\t\t\t\t\t<div class=\"elementor-container elementor-column-gap-default\">\n\t\t\t\t\t<div class=\"elementor-column elementor-col-100 elementor-top-column elementor-element elementor-element-b29c6e4\" data-id=\"b29c6e4\" data-element_type=\"column\">\n\t\t\t<div class=\"elementor-widget-wrap elementor-element-populated\">\n\t\t\t\t\t\t<div class=\"elementor-element elementor-element-536b77e elementor-widget elementor-widget-menu-anchor\" data-id=\"536b77e\" data-element_type=\"widget\" data-widget_type=\"menu-anchor.default\">\n\t\t\t\t<div class=\"elementor-widget-container\">\n\t\t\t\t\t\t\t<div class=\"elementor-menu-anchor\" id=\"Virtualnevsebine\"><\/div>\n\t\t\t\t\t\t<\/div>\n\t\t\t\t<\/div>\n\t\t\t\t\t<\/div>\n\t\t<\/div>\n\t\t\t\t\t<\/div>\n\t\t<\/section>\n\t\t\t\t<section class=\"elementor-section elementor-top-section elementor-element elementor-element-20b3754 elementor-section-boxed elementor-section-height-default elementor-section-height-default\" data-id=\"20b3754\" data-element_type=\"section\" data-settings=\"{&quot;jet_parallax_layout_list&quot;:[]}\">\n\t\t\t\t\t\t<div class=\"elementor-container elementor-column-gap-default\">\n\t\t\t\t\t<div class=\"elementor-column elementor-col-50 elementor-top-column elementor-element elementor-element-fa04124\" data-id=\"fa04124\" data-element_type=\"column\">\n\t\t\t<div class=\"elementor-widget-wrap elementor-element-populated\">\n\t\t\t\t\t\t<div class=\"elementor-element elementor-element-18590ee elementor-widget elementor-widget-heading\" data-id=\"18590ee\" data-element_type=\"widget\" data-widget_type=\"heading.default\">\n\t\t\t\t<div class=\"elementor-widget-container\">\n\t\t\t\t\t<h2 class=\"elementor-heading-title elementor-size-default\">2018<\/h2>\t\t\t\t<\/div>\n\t\t\t\t<\/div>\n\t\t\t\t<div class=\"elementor-element elementor-element-1d13f2c elementor-widget elementor-widget-text-editor\" data-id=\"1d13f2c\" data-element_type=\"widget\" data-widget_type=\"text-editor.default\">\n\t\t\t\t<div class=\"elementor-widget-container\">\n\t\t\t\t\t\t\t\t\tA VARIATIONS - HOMMAGE TO FRANZ LISZT projekttel a zenei \u00f6r\u00f6ks\u00e9ghez val\u00f3 pozit\u00edv hozz\u00e1\u00e1ll\u00e1st seg\u00edtj\u00fck el\u0151. A projekt kiindul\u00f3pontja a maribori kast\u00e9ly H\u00edress\u00e9gek Csarnok\u00e1nak t\u00f6rt\u00e9nelmi tere, ahol 1846. j\u00fanius 16-\u00e1n Liszt Ferenc, a neves eur\u00f3pai zongoram\u0171v\u00e9sz koncertet adott. A projekttel a maribori kast\u00e9ly H\u00edress\u00e9gek Csarnok\u00e1t a fiatal m\u0171v\u00e9szek zenei helysz\u00edn\u00e9v\u00e9 tessz\u00fck. Az el\u0151ad\u00f3k k\u00f6z\u00f6tt szerepelnek a Maribori Zene- \u00e9s Balettkonzervat\u00f3rium hallgat\u00f3i \u00e9s v\u00e9gz\u0151sei, a Ljubljanai Zeneakad\u00e9mia hallgat\u00f3i \u00e9s m\u00e1s, k\u00fclf\u00f6ld\u00f6n tanul\u00f3 sikeres zen\u00e9szek.\n<br><br>\n<span style=\"color:#303133\"><strong>Program:<\/strong><\/span>\n<br><br>\n<span style=\"color:#303133\"><strong>A Maribori Zenei \u00e9s Balett Konzervat\u00f3rium n\u00f6vend\u00e9keinek \u00e9retts\u00e9gi el\u0151tti hangversenyei:<\/strong><\/span>\n<br><br>\n<span style=\"color:#303133\"><strong>2018. \u00e1prilis 11.<\/strong><\/span>\n<br><br>\nVid Jelenc, trombita \u00e9s Jure Jozi\u010d, euf\u00f3nium\n<br><br>\n<span style=\"color:#303133\"><strong>2018. \u00e1prilis 12.<\/strong><\/span>\n<br><br>\nNika Levani\u010d, fuvola \u00e9s Jana Rumpf, fuvola\n<br><br>\n<span style=\"color:#303133\"><strong>2018. \u00e1prilis 17.<\/strong><\/span>\n<br><br>\nJaka \u0160koberne, git\u00e1r \u00e9s Julijan \u0160kraban, harmonika\n<br><br>\n<span style=\"color:#303133\"><strong>2018. \u00e1prilis 18.<\/strong><\/span>\n<br><br>\nSandra Harb, szopr\u00e1n \u00e9s Katarina Marko, zongora\n<br><br>\n<span style=\"color:#303133\"><strong>2018. \u00e1prilis 24.<\/strong><\/span>\n<br><br>\nLara \u0160ijanec, fuvola \u00e9s Vanessa Hvalec, zongora\n<br><br><br>\n<span style=\"color:#303133\"><strong>Hangversenyek, koncertek \u00e9s el\u0151ad\u00e1sok:<\/strong><\/span>\n<br><br>\n<span style=\"color:#303133\"><strong>2018. j\u00fanius 14.<\/strong><\/span>\n<br><br>\nBrin Bernatovic, h\u00e1rfa, Sta\u0161 \u010cak\u0161, git\u00e1r \u00e9s Rok Fi\u0161er, harmonika.\n<br><br>\n<span style=\"color:#303133\"><strong>2018. j\u00fanius 14.<\/strong><\/span>\n<br><br>\nDoc el\u0151ad\u00e1sa. Toma\u017e Sev\u0161ek \u0160ramel.\n<br><br>\n<span style=\"color:#303133\"><strong>2018. j\u00fanius 16.<\/strong><\/span>\n<br><br>\nMusica cubicularis koncert: PASSAGGI - 16. \u00e9s 17. sz\u00e1zadi madrig\u00e1lok \u00e9s sanzonok virtu\u00f3z hangszerel\u00e9sben (Anne Freitag, renesz\u00e1nsz keresztfuvola, Domen Marin\u010di\u010d, viola da gamba, Toma\u017e Sev\u0161ek, orgonapozit\u00edv, csembal\u00f3).\t\t\t\t\t\t\t\t<\/div>\n\t\t\t\t<\/div>\n\t\t\t\t\t<\/div>\n\t\t<\/div>\n\t\t\t\t<div class=\"elementor-column elementor-col-50 elementor-top-column elementor-element elementor-element-f18d1bc\" data-id=\"f18d1bc\" data-element_type=\"column\">\n\t\t\t<div class=\"elementor-widget-wrap elementor-element-populated\">\n\t\t\t\t\t\t<div class=\"elementor-element elementor-element-8734ad1 elementor-widget elementor-widget-gallery\" data-id=\"8734ad1\" data-element_type=\"widget\" data-settings=\"{&quot;columns&quot;:1,&quot;lazyload&quot;:&quot;yes&quot;,&quot;gallery_layout&quot;:&quot;grid&quot;,&quot;columns_tablet&quot;:2,&quot;columns_mobile&quot;:1,&quot;gap&quot;:{&quot;unit&quot;:&quot;px&quot;,&quot;size&quot;:10,&quot;sizes&quot;:[]},&quot;gap_tablet&quot;:{&quot;unit&quot;:&quot;px&quot;,&quot;size&quot;:10,&quot;sizes&quot;:[]},&quot;gap_mobile&quot;:{&quot;unit&quot;:&quot;px&quot;,&quot;size&quot;:10,&quot;sizes&quot;:[]},&quot;link_to&quot;:&quot;file&quot;,&quot;aspect_ratio&quot;:&quot;3:2&quot;,&quot;overlay_background&quot;:&quot;yes&quot;,&quot;content_hover_animation&quot;:&quot;fade-in&quot;}\" data-widget_type=\"gallery.default\">\n\t\t\t\t<div class=\"elementor-widget-container\">\n\t\t\t\t\t\t\t<div class=\"elementor-gallery__container\">\n\t\t\t\t\t\t\t<a class=\"e-gallery-item elementor-gallery-item elementor-animated-content\" href=\"https:\/\/museum-mb.si\/wp-content\/uploads\/2022\/09\/IMG_5919.jpg\" data-elementor-open-lightbox=\"yes\" data-elementor-lightbox-slideshow=\"8734ad1\" data-elementor-lightbox-title=\"IMG_5919\" data-e-action-hash=\"#elementor-action%3Aaction%3Dlightbox%26settings%3DeyJpZCI6NzE1NDMsInVybCI6Imh0dHBzOlwvXC9tdXNldW0tbWIuc2lcL3dwLWNvbnRlbnRcL3VwbG9hZHNcLzIwMjJcLzA5XC9JTUdfNTkxOS5qcGciLCJzbGlkZXNob3ciOiI4NzM0YWQxIn0%3D\">\n\t\t\t\t\t<div class=\"e-gallery-image elementor-gallery-item__image\" data-thumbnail=\"https:\/\/museum-mb.si\/wp-content\/uploads\/2022\/09\/IMG_5919.jpg\" data-width=\"1080\" data-height=\"1080\" aria-label=\"\" role=\"img\" ><\/div>\n\t\t\t\t\t\t\t\t\t\t\t<div class=\"elementor-gallery-item__overlay\"><\/div>\n\t\t\t\t\t\t\t\t\t\t\t\t\t\t<\/a>\n\t\t\t\t\t\t\t<a class=\"e-gallery-item elementor-gallery-item elementor-animated-content\" href=\"https:\/\/museum-mb.si\/wp-content\/uploads\/2022\/09\/DSCN9693-uai-2880x2160-1-scaled.jpg\" data-elementor-open-lightbox=\"yes\" data-elementor-lightbox-slideshow=\"8734ad1\" data-elementor-lightbox-title=\"DSCN9693-uai-2880x2160\" data-e-action-hash=\"#elementor-action%3Aaction%3Dlightbox%26settings%3DeyJpZCI6NzE1NDIsInVybCI6Imh0dHBzOlwvXC9tdXNldW0tbWIuc2lcL3dwLWNvbnRlbnRcL3VwbG9hZHNcLzIwMjJcLzA5XC9EU0NOOTY5My11YWktMjg4MHgyMTYwLTEtc2NhbGVkLmpwZyIsInNsaWRlc2hvdyI6Ijg3MzRhZDEifQ%3D%3D\">\n\t\t\t\t\t<div class=\"e-gallery-image elementor-gallery-item__image\" data-thumbnail=\"https:\/\/museum-mb.si\/wp-content\/uploads\/2022\/09\/DSCN9693-uai-2880x2160-1-scaled.jpg\" data-width=\"2560\" data-height=\"1920\" aria-label=\"\" role=\"img\" ><\/div>\n\t\t\t\t\t\t\t\t\t\t\t<div class=\"elementor-gallery-item__overlay\"><\/div>\n\t\t\t\t\t\t\t\t\t\t\t\t\t\t<\/a>\n\t\t\t\t\t\t\t<a class=\"e-gallery-item elementor-gallery-item elementor-animated-content\" href=\"https:\/\/museum-mb.si\/wp-content\/uploads\/2022\/09\/DSCN9697-uai-2880x2160-1-scaled.jpg\" data-elementor-open-lightbox=\"yes\" data-elementor-lightbox-slideshow=\"8734ad1\" data-elementor-lightbox-title=\"DSCN9697-uai-2880x2160\" data-e-action-hash=\"#elementor-action%3Aaction%3Dlightbox%26settings%3DeyJpZCI6NzE1NDEsInVybCI6Imh0dHBzOlwvXC9tdXNldW0tbWIuc2lcL3dwLWNvbnRlbnRcL3VwbG9hZHNcLzIwMjJcLzA5XC9EU0NOOTY5Ny11YWktMjg4MHgyMTYwLTEtc2NhbGVkLmpwZyIsInNsaWRlc2hvdyI6Ijg3MzRhZDEifQ%3D%3D\">\n\t\t\t\t\t<div class=\"e-gallery-image elementor-gallery-item__image\" data-thumbnail=\"https:\/\/museum-mb.si\/wp-content\/uploads\/2022\/09\/DSCN9697-uai-2880x2160-1-scaled.jpg\" data-width=\"2560\" data-height=\"1920\" aria-label=\"\" role=\"img\" ><\/div>\n\t\t\t\t\t\t\t\t\t\t\t<div class=\"elementor-gallery-item__overlay\"><\/div>\n\t\t\t\t\t\t\t\t\t\t\t\t\t\t<\/a>\n\t\t\t\t\t<\/div>\n\t\t\t\t\t<\/div>\n\t\t\t\t<\/div>\n\t\t\t\t\t<\/div>\n\t\t<\/div>\n\t\t\t\t\t<\/div>\n\t\t<\/section>\n\t\t\t\t<section class=\"elementor-section elementor-top-section elementor-element elementor-element-cf29bab elementor-reverse-tablet elementor-reverse-mobile elementor-section-boxed elementor-section-height-default elementor-section-height-default\" data-id=\"cf29bab\" data-element_type=\"section\" data-settings=\"{&quot;jet_parallax_layout_list&quot;:[]}\">\n\t\t\t\t\t\t<div class=\"elementor-container elementor-column-gap-default\">\n\t\t\t\t\t<div class=\"elementor-column elementor-col-50 elementor-top-column elementor-element elementor-element-c7687f6\" data-id=\"c7687f6\" data-element_type=\"column\">\n\t\t\t<div class=\"elementor-widget-wrap elementor-element-populated\">\n\t\t\t\t\t\t<div class=\"elementor-element elementor-element-78f41f8 elementor-widget elementor-widget-gallery\" data-id=\"78f41f8\" data-element_type=\"widget\" data-settings=\"{&quot;columns&quot;:1,&quot;lazyload&quot;:&quot;yes&quot;,&quot;gallery_layout&quot;:&quot;grid&quot;,&quot;columns_tablet&quot;:2,&quot;columns_mobile&quot;:1,&quot;gap&quot;:{&quot;unit&quot;:&quot;px&quot;,&quot;size&quot;:10,&quot;sizes&quot;:[]},&quot;gap_tablet&quot;:{&quot;unit&quot;:&quot;px&quot;,&quot;size&quot;:10,&quot;sizes&quot;:[]},&quot;gap_mobile&quot;:{&quot;unit&quot;:&quot;px&quot;,&quot;size&quot;:10,&quot;sizes&quot;:[]},&quot;link_to&quot;:&quot;file&quot;,&quot;aspect_ratio&quot;:&quot;3:2&quot;,&quot;overlay_background&quot;:&quot;yes&quot;,&quot;content_hover_animation&quot;:&quot;fade-in&quot;}\" data-widget_type=\"gallery.default\">\n\t\t\t\t<div class=\"elementor-widget-container\">\n\t\t\t\t\t\t\t<div class=\"elementor-gallery__container\">\n\t\t\t\t\t\t\t<a class=\"e-gallery-item elementor-gallery-item elementor-animated-content\" href=\"https:\/\/museum-mb.si\/wp-content\/uploads\/2022\/09\/DSCN2910-uai-2880x2160-1-scaled.jpg\" data-elementor-open-lightbox=\"yes\" data-elementor-lightbox-slideshow=\"78f41f8\" data-elementor-lightbox-title=\"DSCN2910-uai-2880x2160\" data-e-action-hash=\"#elementor-action%3Aaction%3Dlightbox%26settings%3DeyJpZCI6NzE1NDgsInVybCI6Imh0dHBzOlwvXC9tdXNldW0tbWIuc2lcL3dwLWNvbnRlbnRcL3VwbG9hZHNcLzIwMjJcLzA5XC9EU0NOMjkxMC11YWktMjg4MHgyMTYwLTEtc2NhbGVkLmpwZyIsInNsaWRlc2hvdyI6Ijc4ZjQxZjgifQ%3D%3D\">\n\t\t\t\t\t<div class=\"e-gallery-image elementor-gallery-item__image\" data-thumbnail=\"https:\/\/museum-mb.si\/wp-content\/uploads\/2022\/09\/DSCN2910-uai-2880x2160-1-scaled.jpg\" data-width=\"2560\" data-height=\"1920\" aria-label=\"\" role=\"img\" ><\/div>\n\t\t\t\t\t\t\t\t\t\t\t<div class=\"elementor-gallery-item__overlay\"><\/div>\n\t\t\t\t\t\t\t\t\t\t\t\t\t\t<\/a>\n\t\t\t\t\t\t\t<a class=\"e-gallery-item elementor-gallery-item elementor-animated-content\" href=\"https:\/\/museum-mb.si\/wp-content\/uploads\/2022\/09\/DSCN2904-uai-2880x2160-1-scaled.jpg\" data-elementor-open-lightbox=\"yes\" data-elementor-lightbox-slideshow=\"78f41f8\" data-elementor-lightbox-title=\"DSCN2904-uai-2880x2160\" data-e-action-hash=\"#elementor-action%3Aaction%3Dlightbox%26settings%3DeyJpZCI6NzE1NDcsInVybCI6Imh0dHBzOlwvXC9tdXNldW0tbWIuc2lcL3dwLWNvbnRlbnRcL3VwbG9hZHNcLzIwMjJcLzA5XC9EU0NOMjkwNC11YWktMjg4MHgyMTYwLTEtc2NhbGVkLmpwZyIsInNsaWRlc2hvdyI6Ijc4ZjQxZjgifQ%3D%3D\">\n\t\t\t\t\t<div class=\"e-gallery-image elementor-gallery-item__image\" data-thumbnail=\"https:\/\/museum-mb.si\/wp-content\/uploads\/2022\/09\/DSCN2904-uai-2880x2160-1-scaled.jpg\" data-width=\"2560\" data-height=\"1920\" aria-label=\"\" role=\"img\" ><\/div>\n\t\t\t\t\t\t\t\t\t\t\t<div class=\"elementor-gallery-item__overlay\"><\/div>\n\t\t\t\t\t\t\t\t\t\t\t\t\t\t<\/a>\n\t\t\t\t\t<\/div>\n\t\t\t\t\t<\/div>\n\t\t\t\t<\/div>\n\t\t\t\t\t<\/div>\n\t\t<\/div>\n\t\t\t\t<div class=\"elementor-column elementor-col-50 elementor-top-column elementor-element elementor-element-b2ba76b\" data-id=\"b2ba76b\" data-element_type=\"column\">\n\t\t\t<div class=\"elementor-widget-wrap elementor-element-populated\">\n\t\t\t\t\t\t<div class=\"elementor-element elementor-element-171302d elementor-widget elementor-widget-heading\" data-id=\"171302d\" data-element_type=\"widget\" data-widget_type=\"heading.default\">\n\t\t\t\t<div class=\"elementor-widget-container\">\n\t\t\t\t\t<h2 class=\"elementor-heading-title elementor-size-default\">2017<\/h2>\t\t\t\t<\/div>\n\t\t\t\t<\/div>\n\t\t\t\t<div class=\"elementor-element elementor-element-60170d8 elementor-widget elementor-widget-text-editor\" data-id=\"60170d8\" data-element_type=\"widget\" data-widget_type=\"text-editor.default\">\n\t\t\t\t<div class=\"elementor-widget-container\">\n\t\t\t\t\t\t\t\t\tA VARIATIONS - HOMMAGE TO FRANZ LISZT projekttel a zenei \u00f6r\u00f6ks\u00e9ghez val\u00f3 pozit\u00edv hozz\u00e1\u00e1ll\u00e1st seg\u00edtj\u00fck el\u0151. A projekt kiindul\u00f3pontja a maribori kast\u00e9ly H\u00edress\u00e9gek Csarnok\u00e1nak t\u00f6rt\u00e9nelmi tere, ahol 1846. j\u00fanius 16-\u00e1n Liszt Ferenc, a neves eur\u00f3pai zongoram\u0171v\u00e9sz koncertet adott. A projekttel a maribori kast\u00e9ly H\u00edress\u00e9gek Csarnok\u00e1t a fiatal m\u0171v\u00e9szek zenei helysz\u00edn\u00e9v\u00e9 tessz\u00fck. Az el\u0151ad\u00f3k k\u00f6z\u00f6tt szerepelnek a Maribori Zene- \u00e9s Balettkonzervat\u00f3rium hallgat\u00f3i \u00e9s v\u00e9gz\u0151sei, a Ljubljanai Zeneakad\u00e9mia hallgat\u00f3i \u00e9s m\u00e1s, k\u00fclf\u00f6ld\u00f6n tanul\u00f3 sikeres zen\u00e9szek.\n<br><br>\n<span style=\"color: #303133;\"><strong>Program:<\/strong><\/span>\n<br><br>\n<span style=\"color: #303133;\"><strong>A Maribori Zenei \u00e9s Balett Konzervat\u00f3rium n\u00f6vend\u00e9keinek \u00e9retts\u00e9gi el\u0151tti hangversenyei:<\/strong><\/span>\n<br><br>\n<strong>2017. \u00e1prilis 19.<\/strong>\n<br><br>\nSara K\u00f6ve\u0161 (zongora) \u00e9s Ma\u0161a Kuhar (fuvola)\n<br><br>\n<strong>2017. \u00e1prilis 21.<\/strong>\n<br><br>\nJernej Cigler (k\u00fcrt) \u00e9s Ga\u0161per Valek (trombita)\n<br><br>\n<strong>2017. \u00e1prilis 26.<\/strong>\n<br><br>\nJernej Bedekovi\u010d (zongora) \u00e9s vend\u00e9gei\n<br><br>\n<strong>2017. m\u00e1jus 3.<\/strong>\n<br><br>\nAnastazija Krenn (br\u00e1csa) \u00e9s Dora Vidovi\u010d (fuvola)\n<br><br>\n<strong>2017. m\u00e1jus 4.<\/strong>\n<br><br>\nVid Hom\u0161ak (zongora), Nika Levani\u010d (fuvola, pikol\u00f3), Jana Rumpf (fuvola) \u00e9s Veronika Hudournik (fuvola).\n<br><br>\n<strong>2017. m\u00e1jus 5.<\/strong>\n<br><br>\nSara Miti\u0107 (heged\u0171) \u00e9s Brina Slekovec (fuvola)\n<br><br>\n<strong>Koncertek, hangversenyek \u00e9s el\u0151ad\u00e1sok:<\/strong>\n<br><br>\n<strong>2017. m\u00e1jus 9.<\/strong>\n<br><br>\nA 3. Maribori Gimn\u00e1zium k\u00f3rusainak koncertje\n<br><br>\n<strong>2017. m\u00e1jus 12.<\/strong>\n<br><br>\nDorothea Senica (fuvola) \u00e9s Ivan Fer\u010di\u010d (zongora) hangversenye\n<br><br>\n<strong>2017. m\u00e1jus 19.<\/strong>\n<br><br>\nStas \u010caks (git\u00e1r) \u00e9s Rok Fi\u0161er (harmonika) el\u0151ad\u00e1sa.\n<br><br>\n<strong>2017. j\u00fanius 13.<\/strong>\n<br><br>\nA Nyugd\u00edjasok Egyes\u00fclete Maribor-Center Kamarak\u00f3rus\u00e1nak koncertje\n<br><br>\n<strong>2017. j\u00fanius 16.<\/strong>\n<br><br>\nTim Jan\u010dar (zongora) eg\u00e9sz est\u00e9s hangversenye, Zeneakad\u00e9mia, Ljubljanai Egyetem\n<br><br>\n<strong>2017. j\u00fanius 20.<\/strong>\n<br><br>\nEl\u0151ad\u00e1st tart mag. Liszt Ferenc \u00e9s Eduard Lannoy St\u00e1jerorsz\u00e1gban\n<br><br>\n<strong>2017. j\u00fanius 21.<\/strong><br><br>\n\nA Maribori Zenei \u00e9s Balett Konzervat\u00f3rium di\u00e1kjainak, n\u00f6vend\u00e9keinek \u00e9s tan\u00e1rainak koncertje\n\t\t\t\t\t\t\t\t<\/div>\n\t\t\t\t<\/div>\n\t\t\t\t\t<\/div>\n\t\t<\/div>\n\t\t\t\t\t<\/div>\n\t\t<\/section>\n\t\t\t\t<\/div>","protected":false},"excerpt":{"rendered":"<p>\u00c9LJENEK A VARI\u00c1CI\u00d3K - HOMMAGE TO FRANZ LISZT \u201cAz ember er\u0151fesz\u00edt\u00e9sei\u00e9rt nem az a legnagyobb jutalom, amit kap \u00e9rte, hanem az, amiv\u00e9 v\u00e1lik.\u201d John Ruskin 2018 A VARI\u00c1CI\u00d3K - HOMMAGE TO FRANZ LISZT projekttel a zenei \u00f6r\u00f6ks\u00e9ghez val\u00f3 pozit\u00edv hozz\u00e1\u00e1ll\u00e1st \u00f6szt\u00f6n\u00f6zz\u00fck. A projekt kiindul\u00f3pontja a maribori v\u00e1r d\u00edszterm\u00e9nek t\u00f6rt\u00e9nelmi tere, ahol 1846. j\u00fanius 16-\u00e1n a h\u00edres [...]<\/p>","protected":false},"author":9,"featured_media":0,"parent":0,"menu_order":0,"comment_status":"closed","ping_status":"closed","template":"","meta":{"inline_featured_image":false,"footnotes":""},"class_list":["post-66831","page","type-page","status-publish","hentry"],"yoast_head":"<!-- This site is optimized with the Yoast SEO plugin v27.5 - https:\/\/yoast.com\/product\/yoast-seo-wordpress\/ -->\n<title>Variacije - Hommage Francu Lisztu &#8211; Pokrajinski muzej Maribor<\/title>\n<meta name=\"robots\" content=\"index, follow, max-snippet:-1, max-image-preview:large, max-video-preview:-1\" \/>\n<link rel=\"canonical\" href=\"https:\/\/museum-mb.si\/hu\/variaciok-egy-hommage-franco-lisztnek\/\" \/>\n<meta property=\"og:locale\" content=\"hu_HU\" \/>\n<meta property=\"og:type\" content=\"article\" \/>\n<meta property=\"og:title\" content=\"Variacije - Hommage Francu Lisztu &#8211; Pokrajinski muzej Maribor\" \/>\n<meta property=\"og:description\" content=\"DO\u017dIVI VARIACIJE &#8211; HOMMAGE FRANZU LIZSTU \u201cNajve\u010dja nagrada za \u010dlovekov trud ni tisto, kar bo zanj dobil, temve\u010d tisto, kar bo postal.\u201dJohn Ruskin 2018 S projektom VARIACIJE \u2013 HOMMAGE FRANZU LISZTU spodbujamo pozitiven odnos do glasbene dedi\u0161\u010dine. Vsebinsko izhodi\u0161\u010de projekta je histori\u010den prostor slavnostne dvorane mariborskega gradu, kjer je 16. 6. 1846 imel koncert priznani [&hellip;]\" \/>\n<meta property=\"og:url\" content=\"https:\/\/museum-mb.si\/hu\/variaciok-egy-hommage-franco-lisztnek\/\" \/>\n<meta property=\"og:site_name\" content=\"Pokrajinski muzej Maribor\" \/>\n<meta property=\"article:publisher\" content=\"https:\/\/www.facebook.com\/pomum123\" \/>\n<meta property=\"article:modified_time\" content=\"2022-12-06T09:48:04+00:00\" \/>\n<meta property=\"og:image\" content=\"https:\/\/museum-mb.si\/wp-content\/uploads\/2024\/12\/pmm_logo_barvni.jpg\" \/>\n\t<meta property=\"og:image:width\" content=\"790\" \/>\n\t<meta property=\"og:image:height\" content=\"790\" \/>\n\t<meta property=\"og:image:type\" content=\"image\/jpeg\" \/>\n<meta name=\"twitter:card\" content=\"summary_large_image\" \/>\n<meta name=\"twitter:label1\" content=\"Becs\u00fclt olvas\u00e1si id\u0151\" \/>\n\t<meta name=\"twitter:data1\" content=\"2 perc\" \/>\n<script type=\"application\/ld+json\" class=\"yoast-schema-graph\">{\"@context\":\"https:\\\/\\\/schema.org\",\"@graph\":[{\"@type\":\"WebPage\",\"@id\":\"https:\\\/\\\/museum-mb.si\\\/variacije-hommage-francu-lisztu\\\/\",\"url\":\"https:\\\/\\\/museum-mb.si\\\/variacije-hommage-francu-lisztu\\\/\",\"name\":\"Variacije - Hommage Francu Lisztu &#8211; Pokrajinski muzej Maribor\",\"isPartOf\":{\"@id\":\"https:\\\/\\\/museum-mb.si\\\/#website\"},\"datePublished\":\"2022-08-19T15:50:34+00:00\",\"dateModified\":\"2022-12-06T09:48:04+00:00\",\"breadcrumb\":{\"@id\":\"https:\\\/\\\/museum-mb.si\\\/variacije-hommage-francu-lisztu\\\/#breadcrumb\"},\"inLanguage\":\"hu\",\"potentialAction\":[{\"@type\":\"ReadAction\",\"target\":[\"https:\\\/\\\/museum-mb.si\\\/variacije-hommage-francu-lisztu\\\/\"]}]},{\"@type\":\"BreadcrumbList\",\"@id\":\"https:\\\/\\\/museum-mb.si\\\/variacije-hommage-francu-lisztu\\\/#breadcrumb\",\"itemListElement\":[{\"@type\":\"ListItem\",\"position\":1,\"name\":\"Domov\",\"item\":\"https:\\\/\\\/museum-mb.si\\\/\"},{\"@type\":\"ListItem\",\"position\":2,\"name\":\"Variacije &#8211; Hommage Francu Lisztu\"}]},{\"@type\":\"WebSite\",\"@id\":\"https:\\\/\\\/museum-mb.si\\\/#website\",\"url\":\"https:\\\/\\\/museum-mb.si\\\/\",\"name\":\"Pokrajinski muzej Maribor\",\"description\":\"\",\"publisher\":{\"@id\":\"https:\\\/\\\/museum-mb.si\\\/#organization\"},\"potentialAction\":[{\"@type\":\"SearchAction\",\"target\":{\"@type\":\"EntryPoint\",\"urlTemplate\":\"https:\\\/\\\/museum-mb.si\\\/?s={search_term_string}\"},\"query-input\":{\"@type\":\"PropertyValueSpecification\",\"valueRequired\":true,\"valueName\":\"search_term_string\"}}],\"inLanguage\":\"hu\"},{\"@type\":\"Organization\",\"@id\":\"https:\\\/\\\/museum-mb.si\\\/#organization\",\"name\":\"Pokrajinski muzej Maribor\",\"url\":\"https:\\\/\\\/museum-mb.si\\\/\",\"logo\":{\"@type\":\"ImageObject\",\"inLanguage\":\"hu\",\"@id\":\"https:\\\/\\\/museum-mb.si\\\/#\\\/schema\\\/logo\\\/image\\\/\",\"url\":\"https:\\\/\\\/museum-mb.si\\\/wp-content\\\/uploads\\\/2024\\\/12\\\/pmm_logo_barvni_jpeg.jpg\",\"contentUrl\":\"https:\\\/\\\/museum-mb.si\\\/wp-content\\\/uploads\\\/2024\\\/12\\\/pmm_logo_barvni_jpeg.jpg\",\"width\":758,\"height\":754,\"caption\":\"Pokrajinski muzej Maribor\"},\"image\":{\"@id\":\"https:\\\/\\\/museum-mb.si\\\/#\\\/schema\\\/logo\\\/image\\\/\"},\"sameAs\":[\"https:\\\/\\\/www.facebook.com\\\/pomum123\",\"https:\\\/\\\/www.instagram.com\\\/maribor_museum\\\/\",\"https:\\\/\\\/www.youtube.com\\\/channel\\\/UCdshtCrun841Oc-35tYLBGQ\"]}]}<\/script>\n<!-- \/ Yoast SEO plugin. -->","yoast_head_json":{"title":"Vari\u00e1ci\u00f3k - Hommage to Franz Liszt - Maribori Region\u00e1lis M\u00fazeum","robots":{"index":"index","follow":"follow","max-snippet":"max-snippet:-1","max-image-preview":"max-image-preview:large","max-video-preview":"max-video-preview:-1"},"canonical":"https:\/\/museum-mb.si\/hu\/variaciok-egy-hommage-franco-lisztnek\/","og_locale":"hu_HU","og_type":"article","og_title":"Variacije - Hommage Francu Lisztu &#8211; Pokrajinski muzej Maribor","og_description":"DO\u017dIVI VARIACIJE &#8211; HOMMAGE FRANZU LIZSTU \u201cNajve\u010dja nagrada za \u010dlovekov trud ni tisto, kar bo zanj dobil, temve\u010d tisto, kar bo postal.\u201dJohn Ruskin 2018 S projektom VARIACIJE \u2013 HOMMAGE FRANZU LISZTU spodbujamo pozitiven odnos do glasbene dedi\u0161\u010dine. Vsebinsko izhodi\u0161\u010de projekta je histori\u010den prostor slavnostne dvorane mariborskega gradu, kjer je 16. 6. 1846 imel koncert priznani [&hellip;]","og_url":"https:\/\/museum-mb.si\/hu\/variaciok-egy-hommage-franco-lisztnek\/","og_site_name":"Pokrajinski muzej Maribor","article_publisher":"https:\/\/www.facebook.com\/pomum123","article_modified_time":"2022-12-06T09:48:04+00:00","og_image":[{"width":790,"height":790,"url":"https:\/\/museum-mb.si\/wp-content\/uploads\/2024\/12\/pmm_logo_barvni.jpg","type":"image\/jpeg"}],"twitter_card":"summary_large_image","twitter_misc":{"Becs\u00fclt olvas\u00e1si id\u0151":"2 perc"},"schema":{"@context":"https:\/\/schema.org","@graph":[{"@type":"WebPage","@id":"https:\/\/museum-mb.si\/variacije-hommage-francu-lisztu\/","url":"https:\/\/museum-mb.si\/variacije-hommage-francu-lisztu\/","name":"Vari\u00e1ci\u00f3k - Hommage to Franz Liszt - Maribori Region\u00e1lis M\u00fazeum","isPartOf":{"@id":"https:\/\/museum-mb.si\/#website"},"datePublished":"2022-08-19T15:50:34+00:00","dateModified":"2022-12-06T09:48:04+00:00","breadcrumb":{"@id":"https:\/\/museum-mb.si\/variacije-hommage-francu-lisztu\/#breadcrumb"},"inLanguage":"hu","potentialAction":[{"@type":"ReadAction","target":["https:\/\/museum-mb.si\/variacije-hommage-francu-lisztu\/"]}]},{"@type":"BreadcrumbList","@id":"https:\/\/museum-mb.si\/variacije-hommage-francu-lisztu\/#breadcrumb","itemListElement":[{"@type":"ListItem","position":1,"name":"Domov","item":"https:\/\/museum-mb.si\/"},{"@type":"ListItem","position":2,"name":"Variacije &#8211; Hommage Francu Lisztu"}]},{"@type":"WebSite","@id":"https:\/\/museum-mb.si\/#website","url":"https:\/\/museum-mb.si\/","name":"Maribori Region\u00e1lis M\u00fazeum","description":"","publisher":{"@id":"https:\/\/museum-mb.si\/#organization"},"potentialAction":[{"@type":"SearchAction","target":{"@type":"EntryPoint","urlTemplate":"https:\/\/museum-mb.si\/?s={search_term_string}"},"query-input":{"@type":"PropertyValueSpecification","valueRequired":true,"valueName":"search_term_string"}}],"inLanguage":"hu"},{"@type":"Organization","@id":"https:\/\/museum-mb.si\/#organization","name":"Maribori Region\u00e1lis M\u00fazeum","url":"https:\/\/museum-mb.si\/","logo":{"@type":"ImageObject","inLanguage":"hu","@id":"https:\/\/museum-mb.si\/#\/schema\/logo\/image\/","url":"https:\/\/museum-mb.si\/wp-content\/uploads\/2024\/12\/pmm_logo_barvni_jpeg.jpg","contentUrl":"https:\/\/museum-mb.si\/wp-content\/uploads\/2024\/12\/pmm_logo_barvni_jpeg.jpg","width":758,"height":754,"caption":"Pokrajinski muzej Maribor"},"image":{"@id":"https:\/\/museum-mb.si\/#\/schema\/logo\/image\/"},"sameAs":["https:\/\/www.facebook.com\/pomum123","https:\/\/www.instagram.com\/maribor_museum\/","https:\/\/www.youtube.com\/channel\/UCdshtCrun841Oc-35tYLBGQ"]}]}},"_links":{"self":[{"href":"https:\/\/museum-mb.si\/hu\/wp-json\/wp\/v2\/pages\/66831","targetHints":{"allow":["GET"]}}],"collection":[{"href":"https:\/\/museum-mb.si\/hu\/wp-json\/wp\/v2\/pages"}],"about":[{"href":"https:\/\/museum-mb.si\/hu\/wp-json\/wp\/v2\/types\/page"}],"author":[{"embeddable":true,"href":"https:\/\/museum-mb.si\/hu\/wp-json\/wp\/v2\/users\/9"}],"replies":[{"embeddable":true,"href":"https:\/\/museum-mb.si\/hu\/wp-json\/wp\/v2\/comments?post=66831"}],"version-history":[{"count":29,"href":"https:\/\/museum-mb.si\/hu\/wp-json\/wp\/v2\/pages\/66831\/revisions"}],"predecessor-version":[{"id":74944,"href":"https:\/\/museum-mb.si\/hu\/wp-json\/wp\/v2\/pages\/66831\/revisions\/74944"}],"wp:attachment":[{"href":"https:\/\/museum-mb.si\/hu\/wp-json\/wp\/v2\/media?parent=66831"}],"curies":[{"name":"wp","href":"https:\/\/api.w.org\/{rel}","templated":true}]}}