{"id":77098,"date":"2024-03-08T08:55:56","date_gmt":"2024-03-08T07:55:56","guid":{"rendered":"https:\/\/museum-mb.si\/?post_type=dogodki&#038;p=77098"},"modified":"2024-11-07T09:25:09","modified_gmt":"2024-11-07T08:25:09","slug":"tavaszi-udvozlet","status":"publish","type":"dogodki","link":"https:\/\/museum-mb.si\/hu\/esemenyek\/tavaszi-udvozlet\/","title":{"rendered":"TAVASZI \u00dcDV\u00d6ZLET"},"content":{"rendered":"<p style=\"text-align: center;\"><img fetchpriority=\"high\" decoding=\"async\" class=\"alignnone size-medium wp-image-77089\" src=\"https:\/\/museum-mb.si\/wp-content\/uploads\/2022\/08\/20240307_133632-IZREZ-196x300.jpg\" alt=\"\" width=\"196\" height=\"300\" srcset=\"https:\/\/museum-mb.si\/wp-content\/uploads\/2022\/08\/20240307_133632-IZREZ-196x300.jpg 196w, https:\/\/museum-mb.si\/wp-content\/uploads\/2022\/08\/20240307_133632-IZREZ-670x1024.jpg 670w, https:\/\/museum-mb.si\/wp-content\/uploads\/2022\/08\/20240307_133632-IZREZ-768x1174.jpg 768w, https:\/\/museum-mb.si\/wp-content\/uploads\/2022\/08\/20240307_133632-IZREZ-1005x1536.jpg 1005w, https:\/\/museum-mb.si\/wp-content\/uploads\/2022\/08\/20240307_133632-IZREZ-1340x2048.jpg 1340w, https:\/\/museum-mb.si\/wp-content\/uploads\/2022\/08\/20240307_133632-IZREZ-8x12.jpg 8w, https:\/\/museum-mb.si\/wp-content\/uploads\/2022\/08\/20240307_133632-IZREZ-scaled.jpg 1674w\" sizes=\"(max-width: 196px) 100vw, 196px\" \/><\/p>\n<p style=\"text-align: center;\"><span style=\"font-weight: 400;\">Maribori Region\u00e1lis M\u00fazeum<\/span><\/p>\n<p style=\"text-align: center;\"><span style=\"font-weight: 400;\">sz\u00edv\u00e9lyesen megh\u00edvja \u00d6nt<\/span><\/p>\n<p style=\"text-align: center;\"><b>eszt\u00e9tikai - hangz\u00e1sbeli - gasztron\u00f3miai \u00e9lm\u00e9ny\u00a0<\/b><\/p>\n<p style=\"text-align: center; color: #b41627;\"><b>TAVASZI \u00dcDV\u00d6ZLET*<\/b><\/p>\n<p style=\"text-align: center;\"><b>2024. m\u00e1rcius 21., cs\u00fct\u00f6rt\u00f6k, 19.00 \u00f3ra<\/b><\/p>\n<p style=\"text-align: center;\"><span style=\"font-weight: 400;\">(bej\u00e1rat a Grajska utca 2 fel\u0151l)<\/span><\/p>\n<p style=\"text-align: center;\"><span style=\"font-weight: 400;\">\u00c9lje \u00e1t a tavasz els\u0151 napj\u00e1t mind az \u00f6t \u00e9rz\u00e9kszerv\u00e9vel!<\/span><\/p>\n<p style=\"text-align: center;\"><span style=\"font-weight: 400;\">A n\u00e9gy \u00e9vszak alleg\u00f3ri\u00e1inak szobr\u00e1szati \u00e9s k\u00e9pi \u00e1br\u00e1zol\u00e1sain kereszt\u00fcl. <\/span><span style=\"font-weight: 400;\"><br \/>\n<\/span><span style=\"font-weight: 400;\">a kast\u00e9ly l\u00e9pcs\u0151h\u00e1z\u00e1ban \u00e9s a lovagteremben a f\u00e9nyek f\u00e9ny\u00e9ben \u00e9s zen\u00e9vel k\u00eds\u00e9rt eszt\u00e9tikai m\u0171v\u00e9szeti \u00e9lm\u00e9nyt \u00e9rdekes kulin\u00e1ris \u00e9lm\u00e9nyek eg\u00e9sz\u00edtik ki.\u00a0<\/span><\/p>\n<p style=\"text-align: center;\"><span style=\"font-weight: 400;\">Nives Cvikl \u00e9s Maja Hren Brvar kur\u00e1torok elk\u00eds\u00e9rik \u00d6nt a tavasz \u00fcnnep\u00e9n.<\/span><\/p>\n<p style=\"text-align: center;\"><span style=\"font-weight: 400;\">Szeretettel v\u00e1rjuk \u00d6nt!<\/span><\/p>\n<p>&nbsp;<\/p>\n<p style=\"text-align: center;\"><b style=\"color: #b41627;\">* fizet\u0151s program<\/b><b>, az \u00e9lm\u00e9ny \u00e1ra 25,00 \u20ac r\u00e9sztvev\u0151nk\u00e9nt, el\u0151zetes regisztr\u00e1ci\u00f3 a k\u00f6vetkez\u0151 c\u00edmen: <\/b><a href=\"mailto:museum@museum-mb.si\"><b>museum@museum-mb.si<\/b><\/a><b> vagy\u00a0<\/b><\/p>\n<p style=\"text-align: center;\"><b>02 228 35 51, korl\u00e1tozott sz\u00e1m\u00fa r\u00e9sztvev\u0151, jelentkez\u00e9sek 2024. m\u00e1rcius 18-ig vagy a helyek betelt\u00e9ig.<\/b><\/p>","protected":false},"featured_media":77109,"template":"","vrsta-dogodka":[39],"class_list":["post-77098","dogodki","type-dogodki","status-publish","has-post-thumbnail","hentry","vrsta-dogodka-prihajajoci-dogodki"],"yoast_head":"<!-- This site is optimized with the Yoast SEO plugin v27.5 - https:\/\/yoast.com\/product\/yoast-seo-wordpress\/ -->\n<title>POZDRAV POMLADI &#8211; Pokrajinski muzej Maribor<\/title>\n<meta name=\"robots\" content=\"index, follow, max-snippet:-1, max-image-preview:large, max-video-preview:-1\" \/>\n<link rel=\"canonical\" href=\"https:\/\/museum-mb.si\/hu\/esemenyek\/tavaszi-udvozlet\/\" \/>\n<meta property=\"og:locale\" content=\"hu_HU\" \/>\n<meta property=\"og:type\" content=\"article\" \/>\n<meta property=\"og:title\" content=\"POZDRAV POMLADI &#8211; Pokrajinski muzej Maribor\" \/>\n<meta property=\"og:description\" content=\"Pokrajinski muzej Maribor Vas vljudno vabi na estetsko \u2013 zvo\u010dno \u2013 gastronomsko do\u017eivetje\u00a0 POZDRAV POMLADI* v \u010detrtek, 21. marca 2024 ob 19.00 (vhod iz Grajske ulice 2) Do\u017eivite prvi pomladni dan z vsemi petimi \u010duti! Skozi predstavitve kiparskih in slikarskih upodobitev alegorij \u0161tirih letnih \u010dasov na grajskem stopni\u0161\u010du in v Vite\u0161ki dvorani bo estetsko umetni\u0161ko [&hellip;]\" \/>\n<meta property=\"og:url\" content=\"https:\/\/museum-mb.si\/hu\/esemenyek\/tavaszi-udvozlet\/\" \/>\n<meta property=\"og:site_name\" content=\"Pokrajinski muzej Maribor\" \/>\n<meta property=\"article:publisher\" content=\"https:\/\/www.facebook.com\/pomum123\" \/>\n<meta property=\"article:modified_time\" content=\"2024-11-07T08:25:09+00:00\" \/>\n<meta property=\"og:image\" content=\"https:\/\/museum-mb.si\/wp-content\/uploads\/2024\/03\/20240308_092827-1-e1709891646622.jpg\" \/>\n\t<meta property=\"og:image:width\" content=\"1500\" \/>\n\t<meta property=\"og:image:height\" content=\"755\" \/>\n\t<meta property=\"og:image:type\" content=\"image\/jpeg\" \/>\n<meta name=\"twitter:card\" content=\"summary_large_image\" \/>\n<meta name=\"twitter:label1\" content=\"Becs\u00fclt olvas\u00e1si id\u0151\" \/>\n\t<meta name=\"twitter:data1\" content=\"1 perc\" \/>\n<script type=\"application\/ld+json\" class=\"yoast-schema-graph\">{\"@context\":\"https:\\\/\\\/schema.org\",\"@graph\":[{\"@type\":\"WebPage\",\"@id\":\"https:\\\/\\\/museum-mb.si\\\/dogodki\\\/pozdrav-pomladi\\\/\",\"url\":\"https:\\\/\\\/museum-mb.si\\\/dogodki\\\/pozdrav-pomladi\\\/\",\"name\":\"POZDRAV POMLADI &#8211; Pokrajinski muzej Maribor\",\"isPartOf\":{\"@id\":\"https:\\\/\\\/museum-mb.si\\\/#website\"},\"primaryImageOfPage\":{\"@id\":\"https:\\\/\\\/museum-mb.si\\\/dogodki\\\/pozdrav-pomladi\\\/#primaryimage\"},\"image\":{\"@id\":\"https:\\\/\\\/museum-mb.si\\\/dogodki\\\/pozdrav-pomladi\\\/#primaryimage\"},\"thumbnailUrl\":\"https:\\\/\\\/museum-mb.si\\\/wp-content\\\/uploads\\\/2024\\\/03\\\/20240308_092827-1-e1709891646622.jpg\",\"datePublished\":\"2024-03-08T07:55:56+00:00\",\"dateModified\":\"2024-11-07T08:25:09+00:00\",\"breadcrumb\":{\"@id\":\"https:\\\/\\\/museum-mb.si\\\/dogodki\\\/pozdrav-pomladi\\\/#breadcrumb\"},\"inLanguage\":\"hu\",\"potentialAction\":[{\"@type\":\"ReadAction\",\"target\":[\"https:\\\/\\\/museum-mb.si\\\/dogodki\\\/pozdrav-pomladi\\\/\"]}]},{\"@type\":\"ImageObject\",\"inLanguage\":\"hu\",\"@id\":\"https:\\\/\\\/museum-mb.si\\\/dogodki\\\/pozdrav-pomladi\\\/#primaryimage\",\"url\":\"https:\\\/\\\/museum-mb.si\\\/wp-content\\\/uploads\\\/2024\\\/03\\\/20240308_092827-1-e1709891646622.jpg\",\"contentUrl\":\"https:\\\/\\\/museum-mb.si\\\/wp-content\\\/uploads\\\/2024\\\/03\\\/20240308_092827-1-e1709891646622.jpg\",\"width\":1500,\"height\":755},{\"@type\":\"BreadcrumbList\",\"@id\":\"https:\\\/\\\/museum-mb.si\\\/dogodki\\\/pozdrav-pomladi\\\/#breadcrumb\",\"itemListElement\":[{\"@type\":\"ListItem\",\"position\":1,\"name\":\"Domov\",\"item\":\"https:\\\/\\\/museum-mb.si\\\/\"},{\"@type\":\"ListItem\",\"position\":2,\"name\":\"Dogodki\",\"item\":\"https:\\\/\\\/museum-mb.si\\\/dogodki\\\/\"},{\"@type\":\"ListItem\",\"position\":3,\"name\":\"POZDRAV POMLADI\"}]},{\"@type\":\"WebSite\",\"@id\":\"https:\\\/\\\/museum-mb.si\\\/#website\",\"url\":\"https:\\\/\\\/museum-mb.si\\\/\",\"name\":\"Pokrajinski muzej Maribor\",\"description\":\"\",\"publisher\":{\"@id\":\"https:\\\/\\\/museum-mb.si\\\/#organization\"},\"potentialAction\":[{\"@type\":\"SearchAction\",\"target\":{\"@type\":\"EntryPoint\",\"urlTemplate\":\"https:\\\/\\\/museum-mb.si\\\/?s={search_term_string}\"},\"query-input\":{\"@type\":\"PropertyValueSpecification\",\"valueRequired\":true,\"valueName\":\"search_term_string\"}}],\"inLanguage\":\"hu\"},{\"@type\":\"Organization\",\"@id\":\"https:\\\/\\\/museum-mb.si\\\/#organization\",\"name\":\"Pokrajinski muzej Maribor\",\"url\":\"https:\\\/\\\/museum-mb.si\\\/\",\"logo\":{\"@type\":\"ImageObject\",\"inLanguage\":\"hu\",\"@id\":\"https:\\\/\\\/museum-mb.si\\\/#\\\/schema\\\/logo\\\/image\\\/\",\"url\":\"https:\\\/\\\/museum-mb.si\\\/wp-content\\\/uploads\\\/2024\\\/12\\\/pmm_logo_barvni_jpeg.jpg\",\"contentUrl\":\"https:\\\/\\\/museum-mb.si\\\/wp-content\\\/uploads\\\/2024\\\/12\\\/pmm_logo_barvni_jpeg.jpg\",\"width\":758,\"height\":754,\"caption\":\"Pokrajinski muzej Maribor\"},\"image\":{\"@id\":\"https:\\\/\\\/museum-mb.si\\\/#\\\/schema\\\/logo\\\/image\\\/\"},\"sameAs\":[\"https:\\\/\\\/www.facebook.com\\\/pomum123\",\"https:\\\/\\\/www.instagram.com\\\/maribor_museum\\\/\",\"https:\\\/\\\/www.youtube.com\\\/channel\\\/UCdshtCrun841Oc-35tYLBGQ\"]}]}<\/script>\n<!-- \/ Yoast SEO plugin. -->","yoast_head_json":{"title":"POZDRAV POMLADI &#8211; Pokrajinski muzej Maribor","robots":{"index":"index","follow":"follow","max-snippet":"max-snippet:-1","max-image-preview":"max-image-preview:large","max-video-preview":"max-video-preview:-1"},"canonical":"https:\/\/museum-mb.si\/hu\/esemenyek\/tavaszi-udvozlet\/","og_locale":"hu_HU","og_type":"article","og_title":"POZDRAV POMLADI &#8211; Pokrajinski muzej Maribor","og_description":"Pokrajinski muzej Maribor Vas vljudno vabi na estetsko \u2013 zvo\u010dno \u2013 gastronomsko do\u017eivetje\u00a0 POZDRAV POMLADI* v \u010detrtek, 21. marca 2024 ob 19.00 (vhod iz Grajske ulice 2) Do\u017eivite prvi pomladni dan z vsemi petimi \u010duti! Skozi predstavitve kiparskih in slikarskih upodobitev alegorij \u0161tirih letnih \u010dasov na grajskem stopni\u0161\u010du in v Vite\u0161ki dvorani bo estetsko umetni\u0161ko [&hellip;]","og_url":"https:\/\/museum-mb.si\/hu\/esemenyek\/tavaszi-udvozlet\/","og_site_name":"Pokrajinski muzej Maribor","article_publisher":"https:\/\/www.facebook.com\/pomum123","article_modified_time":"2024-11-07T08:25:09+00:00","og_image":[{"width":1500,"height":755,"url":"https:\/\/museum-mb.si\/wp-content\/uploads\/2024\/03\/20240308_092827-1-e1709891646622.jpg","type":"image\/jpeg"}],"twitter_card":"summary_large_image","twitter_misc":{"Becs\u00fclt olvas\u00e1si id\u0151":"1 perc"},"schema":{"@context":"https:\/\/schema.org","@graph":[{"@type":"WebPage","@id":"https:\/\/museum-mb.si\/dogodki\/pozdrav-pomladi\/","url":"https:\/\/museum-mb.si\/dogodki\/pozdrav-pomladi\/","name":"POZDRAV POMLADI &#8211; Pokrajinski muzej Maribor","isPartOf":{"@id":"https:\/\/museum-mb.si\/#website"},"primaryImageOfPage":{"@id":"https:\/\/museum-mb.si\/dogodki\/pozdrav-pomladi\/#primaryimage"},"image":{"@id":"https:\/\/museum-mb.si\/dogodki\/pozdrav-pomladi\/#primaryimage"},"thumbnailUrl":"https:\/\/museum-mb.si\/wp-content\/uploads\/2024\/03\/20240308_092827-1-e1709891646622.jpg","datePublished":"2024-03-08T07:55:56+00:00","dateModified":"2024-11-07T08:25:09+00:00","breadcrumb":{"@id":"https:\/\/museum-mb.si\/dogodki\/pozdrav-pomladi\/#breadcrumb"},"inLanguage":"hu","potentialAction":[{"@type":"ReadAction","target":["https:\/\/museum-mb.si\/dogodki\/pozdrav-pomladi\/"]}]},{"@type":"ImageObject","inLanguage":"hu","@id":"https:\/\/museum-mb.si\/dogodki\/pozdrav-pomladi\/#primaryimage","url":"https:\/\/museum-mb.si\/wp-content\/uploads\/2024\/03\/20240308_092827-1-e1709891646622.jpg","contentUrl":"https:\/\/museum-mb.si\/wp-content\/uploads\/2024\/03\/20240308_092827-1-e1709891646622.jpg","width":1500,"height":755},{"@type":"BreadcrumbList","@id":"https:\/\/museum-mb.si\/dogodki\/pozdrav-pomladi\/#breadcrumb","itemListElement":[{"@type":"ListItem","position":1,"name":"Domov","item":"https:\/\/museum-mb.si\/"},{"@type":"ListItem","position":2,"name":"Dogodki","item":"https:\/\/museum-mb.si\/dogodki\/"},{"@type":"ListItem","position":3,"name":"POZDRAV POMLADI"}]},{"@type":"WebSite","@id":"https:\/\/museum-mb.si\/#website","url":"https:\/\/museum-mb.si\/","name":"Maribori Region\u00e1lis M\u00fazeum","description":"","publisher":{"@id":"https:\/\/museum-mb.si\/#organization"},"potentialAction":[{"@type":"SearchAction","target":{"@type":"EntryPoint","urlTemplate":"https:\/\/museum-mb.si\/?s={search_term_string}"},"query-input":{"@type":"PropertyValueSpecification","valueRequired":true,"valueName":"search_term_string"}}],"inLanguage":"hu"},{"@type":"Organization","@id":"https:\/\/museum-mb.si\/#organization","name":"Maribori Region\u00e1lis M\u00fazeum","url":"https:\/\/museum-mb.si\/","logo":{"@type":"ImageObject","inLanguage":"hu","@id":"https:\/\/museum-mb.si\/#\/schema\/logo\/image\/","url":"https:\/\/museum-mb.si\/wp-content\/uploads\/2024\/12\/pmm_logo_barvni_jpeg.jpg","contentUrl":"https:\/\/museum-mb.si\/wp-content\/uploads\/2024\/12\/pmm_logo_barvni_jpeg.jpg","width":758,"height":754,"caption":"Pokrajinski muzej Maribor"},"image":{"@id":"https:\/\/museum-mb.si\/#\/schema\/logo\/image\/"},"sameAs":["https:\/\/www.facebook.com\/pomum123","https:\/\/www.instagram.com\/maribor_museum\/","https:\/\/www.youtube.com\/channel\/UCdshtCrun841Oc-35tYLBGQ"]}]}},"_links":{"self":[{"href":"https:\/\/museum-mb.si\/hu\/wp-json\/wp\/v2\/dogodki\/77098","targetHints":{"allow":["GET"]}}],"collection":[{"href":"https:\/\/museum-mb.si\/hu\/wp-json\/wp\/v2\/dogodki"}],"about":[{"href":"https:\/\/museum-mb.si\/hu\/wp-json\/wp\/v2\/types\/dogodki"}],"version-history":[{"count":2,"href":"https:\/\/museum-mb.si\/hu\/wp-json\/wp\/v2\/dogodki\/77098\/revisions"}],"predecessor-version":[{"id":78099,"href":"https:\/\/museum-mb.si\/hu\/wp-json\/wp\/v2\/dogodki\/77098\/revisions\/78099"}],"wp:featuredmedia":[{"embeddable":true,"href":"https:\/\/museum-mb.si\/hu\/wp-json\/wp\/v2\/media\/77109"}],"wp:attachment":[{"href":"https:\/\/museum-mb.si\/hu\/wp-json\/wp\/v2\/media?parent=77098"}],"wp:term":[{"taxonomy":"vrsta-dogodka","embeddable":true,"href":"https:\/\/museum-mb.si\/hu\/wp-json\/wp\/v2\/vrsta-dogodka?post=77098"}],"curies":[{"name":"wp","href":"https:\/\/api.w.org\/{rel}","templated":true}]}}