{"id":76369,"date":"2023-10-11T09:21:19","date_gmt":"2023-10-11T08:21:19","guid":{"rendered":"https:\/\/museum-mb.si\/?post_type=dogodki&#038;p=76369"},"modified":"2024-04-12T11:52:09","modified_gmt":"2024-04-12T10:52:09","slug":"museoeurope-2023","status":"publish","type":"dogodki","link":"https:\/\/museum-mb.si\/hu\/esemenyek\/museoeurope-2023\/","title":{"rendered":"MUSEOEUROPE 2023"},"content":{"rendered":"<p><strong>Okt\u00f3ber 19., cs\u00fct\u00f6rt\u00f6k 8.30-t\u00f3l 17.00-ig<\/strong><\/p>\n<p><strong>MUSEOEUROPE 2023 - AZ \u00c9VEZREDEK TAL\u00c1LKOZ\u00c1SA<\/strong><\/p>\n<p>Nemzetk\u00f6zi szimp\u00f3zium<\/p>\n<p>Nemzetk\u00f6zi szimp\u00f3zium megnyit\u00e1sa \u00e9s eur\u00f3pai kutat\u00f3k hozz\u00e1sz\u00f3l\u00e1sainak bemutat\u00e1sa a tudom\u00e1ny\u00e1gak interdiszciplin\u00e1ris integr\u00e1ci\u00f3ja ter\u00e9n a kultur\u00e1lis \u00f6r\u00f6ks\u00e9g kutat\u00e1s\u00e1nak folyamat\u00e1ban \u00e9s a modern technol\u00f3gi\u00e1kban. A nem invaz\u00edv kutat\u00e1s, valamint a k\u00eds\u00e9rleti, oktat\u00e1si \u00e9s tapasztalati r\u00e9g\u00e9szet m\u00f3dszerei ker\u00fclnek bemutat\u00e1sra.<\/p>\n<p>A szimp\u00f3zium szlov\u00e9n \u00e9s angol nyelven ker\u00fcl megrendez\u00e9sre.<\/p>\n<p>(Lovagterem, bej\u00e1rat a Grajska utca 2. fel\u0151l)<\/p>\n<p><a href=\"https:\/\/museum-mb.si\/wp-content\/uploads\/2023\/10\/bilten_ME2023_spigl.pdf\" target=\"_blank\" rel=\"noopener\"><strong><i class=\"far fa-file-pdf\" ><\/i>\u00a0A MUZEOEUR\u00d3PAI SZIMP\u00d3ZIUM PROGRAMJA<\/strong><\/a><\/p>\n<p><strong>\u00a0<\/strong><\/p>\n<p><strong>Okt\u00f3ber 20., p\u00e9ntek 8.30-t\u00f3l 16.30-ig<\/strong><\/p>\n<p><strong>MUSEOEUROPE 2023 - AZ \u00c9VEZREDEK TAL\u00c1LKOZ\u00c1SA<\/strong><\/p>\n<p>Nemzetk\u00f6zi szimp\u00f3zium<\/p>\n<p>Az \u00f6r\u00f6ks\u00e9gv\u00e9delmi \u00fatvonalak \u00e9s parkok ter\u00fclet\u00e9n v\u00e9gzett nemzetk\u00f6zi kutat\u00e1si hozz\u00e1j\u00e1rul\u00e1sok bemutat\u00e1sa,<\/p>\n<p>t\u00e1jk\u00e9pek \u00e9s szabadt\u00e9ri m\u00fazeumok, valamint a kultur\u00e1lis \u00f6r\u00f6ks\u00e9g \u00e9rtelmez\u00e9se.<\/p>\n<p>(Lovagterem, bej\u00e1rat a Grajska utca 2. fel\u0151l)<\/p>\n<p>&nbsp;<\/p>\n<p>Szok\u00e1s szerint az idei szimp\u00f3ziumon is lesz egy vend\u00e9gt\u00e1rgy egy bar\u00e1ti eur\u00f3pai m\u00fazeumb\u00f3l. Ez\u00fattal <strong>az ikonikus Strettweg szek\u00e9r m\u00e1solata<\/strong><strong> 1979-ben k\u00e9sz\u00fclt a mainzi R\u00f3mai-Germ\u00e1n K\u00f6zponti M\u00fazeumban, \u00e9s a grazi Universalmuseum Joanneum \u0151rzi. <\/strong>\u00a0A m\u00fazeumokban tal\u00e1lhat\u00f3 m\u00e1solatok c\u00e9lja ma els\u0151sorban az eredeti t\u00e1rgy v\u00e9delme, valamint a ment\u00e9shez, a meg\u0151rz\u00e9shez, az \u00f6r\u00f6ks\u00e9gv\u00e9delemhez vagy az oktat\u00e1shoz val\u00f3 hozz\u00e1j\u00e1rul\u00e1s. Azzal, hogy egy s\u00e9r\u00fclt, s\u00e9r\u00fcl\u00e9keny t\u00e1rgyat az eredeti technik\u00e1val \u00e9s anyagokkal m\u00e1solnak le, sikeresen p\u00f3tolj\u00e1k az eredetit, \u00e9s hozz\u00e1f\u00e9rhet\u0151v\u00e9 teszik a k\u00f6z\u00f6ns\u00e9g sz\u00e1m\u00e1ra.<\/p>\n<p>Az eredeti kultikus szekeret a 19. sz\u00e1zad k\u00f6zep\u00e9n tal\u00e1lt\u00e1k meg a kor\u00e1bbi vaskorb\u00f3l sz\u00e1rmaz\u00f3, gazdagon berendezett fejedelmi s\u00edrban az ausztriai Judenburg melletti Strettwegben. A grazi Joanneum M\u00fazeum \u0151rzi, \u00e9s Eur\u00f3pa egyik legjelent\u0151sebb r\u00e9g\u00e9szeti lelet\u00e9t k\u00e9pviseli. A vend\u00e9gt\u00e1rgy t\u00f6rt\u00e9net\u00e9t a szimp\u00f3zium nyit\u00f3el\u0151ad\u00e1s\u00e1ban MSc. Daniel Modl, a grazi Joanneum Egyetemes M\u00fazeum R\u00e9g\u00e9szeti Oszt\u00e1ly\u00e1nak \u00e9s Numizmatikai Kabinetj\u00e9nek \u0151st\u00f6rt\u00e9neti \u00e9s kora k\u00f6z\u00e9pkori f\u0151restaur\u00e1tora tartotta.<\/p>\n<p><strong><a href=\"https:\/\/museum-mb.si\/wp-content\/uploads\/2023\/10\/bilten_ME2023_spigl.pdf\" target=\"_blank\" rel=\"noopener\"><i class=\"far fa-file-pdf\" ><\/i>\u00a0A MUZEOEUR\u00d3PAI SZIMP\u00d3ZIUM PROGRAMJA<\/a><\/strong><\/p>","protected":false},"featured_media":76382,"template":"","vrsta-dogodka":[39],"class_list":["post-76369","dogodki","type-dogodki","status-publish","has-post-thumbnail","hentry","vrsta-dogodka-prihajajoci-dogodki"],"yoast_head":"<!-- This site is optimized with the Yoast SEO plugin v27.5 - https:\/\/yoast.com\/product\/yoast-seo-wordpress\/ -->\n<title>MUSEOEUROPE 2023 &#8211; Pokrajinski muzej Maribor<\/title>\n<meta name=\"robots\" content=\"index, follow, max-snippet:-1, max-image-preview:large, max-video-preview:-1\" \/>\n<link rel=\"canonical\" href=\"https:\/\/museum-mb.si\/hu\/esemenyek\/museoeurope-2023\/\" \/>\n<meta property=\"og:locale\" content=\"hu_HU\" \/>\n<meta property=\"og:type\" content=\"article\" \/>\n<meta property=\"og:title\" content=\"MUSEOEUROPE 2023 &#8211; Pokrajinski muzej Maribor\" \/>\n<meta property=\"og:description\" content=\"\u010detrtek, 19. oktober od 8.30 do 17.00 MUSEOEUROPE 2023 \u2013 SRE\u010cANJA TISO\u010cLETIJ Mednarodni simpozij Otvoritev mednarodnega simpozija in predstavitev prispevkov evropskih raziskovalcev s podro\u010dja interdisciplinarnega povezovanja strok v procesih raziskovanja kulturne dedi\u0161\u010dine in sodobnih tehnologij. Predstavljene bodo metode neinvazivnega raziskovanja ter eksperimentalna, edukativna in izkustvena arheologija. Simpozij bo potekal v slovenskem in angle\u0161kem jeziku. (Vite\u0161ka [&hellip;]\" \/>\n<meta property=\"og:url\" content=\"https:\/\/museum-mb.si\/hu\/esemenyek\/museoeurope-2023\/\" \/>\n<meta property=\"og:site_name\" content=\"Pokrajinski muzej Maribor\" \/>\n<meta property=\"article:publisher\" content=\"https:\/\/www.facebook.com\/pomum123\" \/>\n<meta property=\"article:modified_time\" content=\"2024-04-12T10:52:09+00:00\" \/>\n<meta property=\"og:image\" content=\"https:\/\/museum-mb.si\/wp-content\/uploads\/2023\/10\/Copy-1979.jpg\" \/>\n\t<meta property=\"og:image:width\" content=\"1949\" \/>\n\t<meta property=\"og:image:height\" content=\"1564\" \/>\n\t<meta property=\"og:image:type\" content=\"image\/jpeg\" \/>\n<meta name=\"twitter:card\" content=\"summary_large_image\" \/>\n<meta name=\"twitter:label1\" content=\"Becs\u00fclt olvas\u00e1si id\u0151\" \/>\n\t<meta name=\"twitter:data1\" content=\"1 perc\" \/>\n<script type=\"application\/ld+json\" class=\"yoast-schema-graph\">{\"@context\":\"https:\\\/\\\/schema.org\",\"@graph\":[{\"@type\":\"WebPage\",\"@id\":\"https:\\\/\\\/museum-mb.si\\\/dogodki\\\/museoeurope-2023\\\/\",\"url\":\"https:\\\/\\\/museum-mb.si\\\/dogodki\\\/museoeurope-2023\\\/\",\"name\":\"MUSEOEUROPE 2023 &#8211; Pokrajinski muzej Maribor\",\"isPartOf\":{\"@id\":\"https:\\\/\\\/museum-mb.si\\\/#website\"},\"primaryImageOfPage\":{\"@id\":\"https:\\\/\\\/museum-mb.si\\\/dogodki\\\/museoeurope-2023\\\/#primaryimage\"},\"image\":{\"@id\":\"https:\\\/\\\/museum-mb.si\\\/dogodki\\\/museoeurope-2023\\\/#primaryimage\"},\"thumbnailUrl\":\"https:\\\/\\\/museum-mb.si\\\/wp-content\\\/uploads\\\/2023\\\/10\\\/Copy-1979.jpg\",\"datePublished\":\"2023-10-11T08:21:19+00:00\",\"dateModified\":\"2024-04-12T10:52:09+00:00\",\"breadcrumb\":{\"@id\":\"https:\\\/\\\/museum-mb.si\\\/dogodki\\\/museoeurope-2023\\\/#breadcrumb\"},\"inLanguage\":\"hu\",\"potentialAction\":[{\"@type\":\"ReadAction\",\"target\":[\"https:\\\/\\\/museum-mb.si\\\/dogodki\\\/museoeurope-2023\\\/\"]}]},{\"@type\":\"ImageObject\",\"inLanguage\":\"hu\",\"@id\":\"https:\\\/\\\/museum-mb.si\\\/dogodki\\\/museoeurope-2023\\\/#primaryimage\",\"url\":\"https:\\\/\\\/museum-mb.si\\\/wp-content\\\/uploads\\\/2023\\\/10\\\/Copy-1979.jpg\",\"contentUrl\":\"https:\\\/\\\/museum-mb.si\\\/wp-content\\\/uploads\\\/2023\\\/10\\\/Copy-1979.jpg\",\"width\":1949,\"height\":1564},{\"@type\":\"BreadcrumbList\",\"@id\":\"https:\\\/\\\/museum-mb.si\\\/dogodki\\\/museoeurope-2023\\\/#breadcrumb\",\"itemListElement\":[{\"@type\":\"ListItem\",\"position\":1,\"name\":\"Domov\",\"item\":\"https:\\\/\\\/museum-mb.si\\\/\"},{\"@type\":\"ListItem\",\"position\":2,\"name\":\"Dogodki\",\"item\":\"https:\\\/\\\/museum-mb.si\\\/dogodki\\\/\"},{\"@type\":\"ListItem\",\"position\":3,\"name\":\"MUSEOEUROPE 2023\"}]},{\"@type\":\"WebSite\",\"@id\":\"https:\\\/\\\/museum-mb.si\\\/#website\",\"url\":\"https:\\\/\\\/museum-mb.si\\\/\",\"name\":\"Pokrajinski muzej Maribor\",\"description\":\"\",\"publisher\":{\"@id\":\"https:\\\/\\\/museum-mb.si\\\/#organization\"},\"potentialAction\":[{\"@type\":\"SearchAction\",\"target\":{\"@type\":\"EntryPoint\",\"urlTemplate\":\"https:\\\/\\\/museum-mb.si\\\/?s={search_term_string}\"},\"query-input\":{\"@type\":\"PropertyValueSpecification\",\"valueRequired\":true,\"valueName\":\"search_term_string\"}}],\"inLanguage\":\"hu\"},{\"@type\":\"Organization\",\"@id\":\"https:\\\/\\\/museum-mb.si\\\/#organization\",\"name\":\"Pokrajinski muzej Maribor\",\"url\":\"https:\\\/\\\/museum-mb.si\\\/\",\"logo\":{\"@type\":\"ImageObject\",\"inLanguage\":\"hu\",\"@id\":\"https:\\\/\\\/museum-mb.si\\\/#\\\/schema\\\/logo\\\/image\\\/\",\"url\":\"https:\\\/\\\/museum-mb.si\\\/wp-content\\\/uploads\\\/2024\\\/12\\\/pmm_logo_barvni_jpeg.jpg\",\"contentUrl\":\"https:\\\/\\\/museum-mb.si\\\/wp-content\\\/uploads\\\/2024\\\/12\\\/pmm_logo_barvni_jpeg.jpg\",\"width\":758,\"height\":754,\"caption\":\"Pokrajinski muzej Maribor\"},\"image\":{\"@id\":\"https:\\\/\\\/museum-mb.si\\\/#\\\/schema\\\/logo\\\/image\\\/\"},\"sameAs\":[\"https:\\\/\\\/www.facebook.com\\\/pomum123\",\"https:\\\/\\\/www.instagram.com\\\/maribor_museum\\\/\",\"https:\\\/\\\/www.youtube.com\\\/channel\\\/UCdshtCrun841Oc-35tYLBGQ\"]}]}<\/script>\n<!-- \/ Yoast SEO plugin. -->","yoast_head_json":{"title":"MUSEOEUROPE 2023 &#8211; Pokrajinski muzej Maribor","robots":{"index":"index","follow":"follow","max-snippet":"max-snippet:-1","max-image-preview":"max-image-preview:large","max-video-preview":"max-video-preview:-1"},"canonical":"https:\/\/museum-mb.si\/hu\/esemenyek\/museoeurope-2023\/","og_locale":"hu_HU","og_type":"article","og_title":"MUSEOEUROPE 2023 &#8211; Pokrajinski muzej Maribor","og_description":"\u010detrtek, 19. oktober od 8.30 do 17.00 MUSEOEUROPE 2023 \u2013 SRE\u010cANJA TISO\u010cLETIJ Mednarodni simpozij Otvoritev mednarodnega simpozija in predstavitev prispevkov evropskih raziskovalcev s podro\u010dja interdisciplinarnega povezovanja strok v procesih raziskovanja kulturne dedi\u0161\u010dine in sodobnih tehnologij. Predstavljene bodo metode neinvazivnega raziskovanja ter eksperimentalna, edukativna in izkustvena arheologija. Simpozij bo potekal v slovenskem in angle\u0161kem jeziku. (Vite\u0161ka [&hellip;]","og_url":"https:\/\/museum-mb.si\/hu\/esemenyek\/museoeurope-2023\/","og_site_name":"Pokrajinski muzej Maribor","article_publisher":"https:\/\/www.facebook.com\/pomum123","article_modified_time":"2024-04-12T10:52:09+00:00","og_image":[{"width":1949,"height":1564,"url":"https:\/\/museum-mb.si\/wp-content\/uploads\/2023\/10\/Copy-1979.jpg","type":"image\/jpeg"}],"twitter_card":"summary_large_image","twitter_misc":{"Becs\u00fclt olvas\u00e1si id\u0151":"1 perc"},"schema":{"@context":"https:\/\/schema.org","@graph":[{"@type":"WebPage","@id":"https:\/\/museum-mb.si\/dogodki\/museoeurope-2023\/","url":"https:\/\/museum-mb.si\/dogodki\/museoeurope-2023\/","name":"MUSEOEUROPE 2023 &#8211; Pokrajinski muzej Maribor","isPartOf":{"@id":"https:\/\/museum-mb.si\/#website"},"primaryImageOfPage":{"@id":"https:\/\/museum-mb.si\/dogodki\/museoeurope-2023\/#primaryimage"},"image":{"@id":"https:\/\/museum-mb.si\/dogodki\/museoeurope-2023\/#primaryimage"},"thumbnailUrl":"https:\/\/museum-mb.si\/wp-content\/uploads\/2023\/10\/Copy-1979.jpg","datePublished":"2023-10-11T08:21:19+00:00","dateModified":"2024-04-12T10:52:09+00:00","breadcrumb":{"@id":"https:\/\/museum-mb.si\/dogodki\/museoeurope-2023\/#breadcrumb"},"inLanguage":"hu","potentialAction":[{"@type":"ReadAction","target":["https:\/\/museum-mb.si\/dogodki\/museoeurope-2023\/"]}]},{"@type":"ImageObject","inLanguage":"hu","@id":"https:\/\/museum-mb.si\/dogodki\/museoeurope-2023\/#primaryimage","url":"https:\/\/museum-mb.si\/wp-content\/uploads\/2023\/10\/Copy-1979.jpg","contentUrl":"https:\/\/museum-mb.si\/wp-content\/uploads\/2023\/10\/Copy-1979.jpg","width":1949,"height":1564},{"@type":"BreadcrumbList","@id":"https:\/\/museum-mb.si\/dogodki\/museoeurope-2023\/#breadcrumb","itemListElement":[{"@type":"ListItem","position":1,"name":"Domov","item":"https:\/\/museum-mb.si\/"},{"@type":"ListItem","position":2,"name":"Dogodki","item":"https:\/\/museum-mb.si\/dogodki\/"},{"@type":"ListItem","position":3,"name":"MUSEOEUROPE 2023"}]},{"@type":"WebSite","@id":"https:\/\/museum-mb.si\/#website","url":"https:\/\/museum-mb.si\/","name":"Maribori Region\u00e1lis M\u00fazeum","description":"","publisher":{"@id":"https:\/\/museum-mb.si\/#organization"},"potentialAction":[{"@type":"SearchAction","target":{"@type":"EntryPoint","urlTemplate":"https:\/\/museum-mb.si\/?s={search_term_string}"},"query-input":{"@type":"PropertyValueSpecification","valueRequired":true,"valueName":"search_term_string"}}],"inLanguage":"hu"},{"@type":"Organization","@id":"https:\/\/museum-mb.si\/#organization","name":"Maribori Region\u00e1lis M\u00fazeum","url":"https:\/\/museum-mb.si\/","logo":{"@type":"ImageObject","inLanguage":"hu","@id":"https:\/\/museum-mb.si\/#\/schema\/logo\/image\/","url":"https:\/\/museum-mb.si\/wp-content\/uploads\/2024\/12\/pmm_logo_barvni_jpeg.jpg","contentUrl":"https:\/\/museum-mb.si\/wp-content\/uploads\/2024\/12\/pmm_logo_barvni_jpeg.jpg","width":758,"height":754,"caption":"Pokrajinski muzej Maribor"},"image":{"@id":"https:\/\/museum-mb.si\/#\/schema\/logo\/image\/"},"sameAs":["https:\/\/www.facebook.com\/pomum123","https:\/\/www.instagram.com\/maribor_museum\/","https:\/\/www.youtube.com\/channel\/UCdshtCrun841Oc-35tYLBGQ"]}]}},"_links":{"self":[{"href":"https:\/\/museum-mb.si\/hu\/wp-json\/wp\/v2\/dogodki\/76369","targetHints":{"allow":["GET"]}}],"collection":[{"href":"https:\/\/museum-mb.si\/hu\/wp-json\/wp\/v2\/dogodki"}],"about":[{"href":"https:\/\/museum-mb.si\/hu\/wp-json\/wp\/v2\/types\/dogodki"}],"version-history":[{"count":2,"href":"https:\/\/museum-mb.si\/hu\/wp-json\/wp\/v2\/dogodki\/76369\/revisions"}],"predecessor-version":[{"id":76400,"href":"https:\/\/museum-mb.si\/hu\/wp-json\/wp\/v2\/dogodki\/76369\/revisions\/76400"}],"wp:featuredmedia":[{"embeddable":true,"href":"https:\/\/museum-mb.si\/hu\/wp-json\/wp\/v2\/media\/76382"}],"wp:attachment":[{"href":"https:\/\/museum-mb.si\/hu\/wp-json\/wp\/v2\/media?parent=76369"}],"wp:term":[{"taxonomy":"vrsta-dogodka","embeddable":true,"href":"https:\/\/museum-mb.si\/hu\/wp-json\/wp\/v2\/vrsta-dogodka?post=76369"}],"curies":[{"name":"wp","href":"https:\/\/api.w.org\/{rel}","templated":true}]}}