{"id":75338,"date":"2023-01-31T13:00:57","date_gmt":"2023-01-31T12:00:57","guid":{"rendered":"https:\/\/museum-mb.si\/?post_type=dogodki&#038;p=75338"},"modified":"2024-04-12T11:59:41","modified_gmt":"2024-04-12T10:59:41","slug":"kastely-falu-orseg","status":"publish","type":"dogodki","link":"https:\/\/museum-mb.si\/hu\/esemenyek\/kastely-falu-orseg\/","title":{"rendered":"V\u00c1RFALU \u0150RS\u00c9G"},"content":{"rendered":"<p>A Maribori Region\u00e1lis M\u00fazeum 2023-ban \u00fcnnepli 120 \u00e9ves fenn\u00e1ll\u00e1s\u00e1t.  A v\u00e1ltozatos program a V\u00e1rfalu figyel\u00e9se c\u00edm\u0171 install\u00e1ci\u00f3val kezd\u0151d\u00f6tt, amely a ruh\u00e1zati kult\u00fara gy\u0171jtem\u00e9ny\u00e9nek szentelt, \u00e9s a v\u00e1rosi v\u00e1r nyugati oldal\u00e1n tal\u00e1lhat\u00f3 fest\u0151i rokok\u00f3 l\u00e9pcs\u0151h\u00e1zban kapott helyet. Ha a V\u00e1r utc\u00e1ban s\u00e9t\u00e1l, mindenk\u00e9ppen n\u00e9zze meg a l\u00e9pcs\u0151h\u00e1z ablakait! H\u00e9t baba k\u00e9pviseli a 19-20. sz\u00e1zad k\u00fcl\u00f6nb\u00f6z\u0151 korszakait \u00e9s \u00f6lt\u00f6zk\u00f6d\u00e9si st\u00edlusait. A ki\u00e1ll\u00edt\u00e1son szakszer\u0171 t\u00e1rlatvezet\u00e9st \u00e9s el\u0151ad\u00e1st tart Maja Hren Brvar, az \u00d6lt\u00f6zk\u00f6d\u00e9skult\u00fara gy\u0171jtem\u00e9nyeinek vezet\u0151 kur\u00e1tora 2023. febru\u00e1r 2-\u00e1n, 18:00 \u00f3rakor.<strong> Az els\u0151 rendezv\u00e9ny els\u00f6pr\u0151 visszhangja miatt megism\u00e9telj\u00fck az esem\u00e9nyt! A febru\u00e1r 14-\u00e9n 18:00 \u00f3rakor tartand\u00f3 V\u00e1rs\u00e9t\u00e1ra is megh\u00edvjuk \u00d6n\u00f6ket.<\/strong><\/p>\n<p>Nyit\u00f3k\u00e9p:<\/p>\n<p><strong>N\u0151i ruha<\/strong><\/p>\n<p><strong>1880s<\/strong><\/p>\n<p>K\u00e9tr\u00e9szes n\u0151i ruha lila \u00e9s fekete moire selyem kombin\u00e1ci\u00f3j\u00e1b\u00f3l, a jellegzetes \u201ctournure\u201d szab\u00e1ssal - a n\u0151i ruh\u00e1k h\u00e1ts\u00f3 r\u00e9sz\u00e9n a drap\u00e9ri\u00e1t kieg\u00e9sz\u00edt\u0151 vagy al\u00e1t\u00e1maszt\u00f3, p\u00e1rn\u00e1zott als\u00f3ruh\u00e1zat. A korabeli ruh\u00e1k m\u00eddere szorosan illeszkedett, hossz\u00fa ujjai pedig sz\u0171kek voltak, \u00e9s a csukl\u00f3t gyakran fodorral vagy csipk\u00e9vel d\u00edsz\u00edtett\u00e9k.<\/p>\n<p>Az \u00e1ltal\u00e1nos megjelen\u00e9s nagyon sz\u0171k\u00f6s volt, \u00e9s megnehez\u00edtette a mozg\u00e1st. A h\u00f6lgyek csak apr\u00f3 \u00e9s ebb\u0151l k\u00f6vetkez\u0151en rendk\u00edv\u00fcl k\u00e9nyelmetlen l\u00e9p\u00e9seket tudtak tenni ezzel a sziluettel. A ruha ki\u00e9rdemelte a \u201cspancel\u00ab becenevet (olyan eszk\u00f6z, amely egy vagy t\u00f6bb l\u00e1b\u00e1nak \u00f6sszek\u00f6t\u00e9s\u00e9vel megakad\u00e1lyozza vagy korl\u00e1tozza egy \u00e1llat mozg\u00e1s\u00e1t).<\/p>\n<p>Ennek eredm\u00e9nyek\u00e9ppen az 1880-as \u00e9vek divatja el\u0151k\u00e9sz\u00edtette az utat a k\u00f6vetkez\u0151 \u00e9vtizedek drasztikus divatv\u00e1lt\u00e1sai el\u0151tt, amelyek ink\u00e1bb a funkci\u00f3ra \u00e9s a k\u00e9nyelemre \u00f6sszpontos\u00edtottak.<\/p>","protected":false},"featured_media":75317,"template":"","vrsta-dogodka":[39],"class_list":["post-75338","dogodki","type-dogodki","status-publish","has-post-thumbnail","hentry","vrsta-dogodka-prihajajoci-dogodki"],"yoast_head":"<!-- This site is optimized with the Yoast SEO plugin v27.5 - https:\/\/yoast.com\/product\/yoast-seo-wordpress\/ -->\n<title>GRAJSKI VAS GLEDAJO &#8211; Pokrajinski muzej Maribor<\/title>\n<meta name=\"robots\" content=\"index, follow, max-snippet:-1, max-image-preview:large, max-video-preview:-1\" \/>\n<link rel=\"canonical\" href=\"https:\/\/museum-mb.si\/hu\/esemenyek\/kastely-falu-orseg\/\" \/>\n<meta property=\"og:locale\" content=\"hu_HU\" \/>\n<meta property=\"og:type\" content=\"article\" \/>\n<meta property=\"og:title\" content=\"GRAJSKI VAS GLEDAJO &#8211; Pokrajinski muzej Maribor\" \/>\n<meta property=\"og:description\" content=\"Pokrajinski muzej Maribor v letu 2023 praznuje 120 let.\u00a0 Pester program smo za\u010deli z instalacijo Grajski vas gledajo, ki je posve\u010dena zbirki obla\u010dilne kulture in je postavljena v slikovito rokokojsko stopni\u0161\u010de na zahodni strani mestnega gradu. \u010ce se sprehajate po Grajski ulici, se obvezno ozrite na stopni\u0161\u010dna okna! Sedem lutk predstavlja razli\u010dna obdobja in stile [&hellip;]\" \/>\n<meta property=\"og:url\" content=\"https:\/\/museum-mb.si\/hu\/esemenyek\/kastely-falu-orseg\/\" \/>\n<meta property=\"og:site_name\" content=\"Pokrajinski muzej Maribor\" \/>\n<meta property=\"article:publisher\" content=\"https:\/\/www.facebook.com\/pomum123\" \/>\n<meta property=\"article:modified_time\" content=\"2024-04-12T10:59:41+00:00\" \/>\n<meta property=\"og:image\" content=\"https:\/\/museum-mb.si\/wp-content\/uploads\/2023\/01\/N1387-scaled.jpg\" \/>\n\t<meta property=\"og:image:width\" content=\"2048\" \/>\n\t<meta property=\"og:image:height\" content=\"2560\" \/>\n\t<meta property=\"og:image:type\" content=\"image\/jpeg\" \/>\n<meta name=\"twitter:card\" content=\"summary_large_image\" \/>\n<meta name=\"twitter:label1\" content=\"Becs\u00fclt olvas\u00e1si id\u0151\" \/>\n\t<meta name=\"twitter:data1\" content=\"1 perc\" \/>\n<script type=\"application\/ld+json\" class=\"yoast-schema-graph\">{\"@context\":\"https:\\\/\\\/schema.org\",\"@graph\":[{\"@type\":\"WebPage\",\"@id\":\"https:\\\/\\\/museum-mb.si\\\/dogodki\\\/grajski-vas-gledajo\\\/\",\"url\":\"https:\\\/\\\/museum-mb.si\\\/dogodki\\\/grajski-vas-gledajo\\\/\",\"name\":\"GRAJSKI VAS GLEDAJO &#8211; Pokrajinski muzej Maribor\",\"isPartOf\":{\"@id\":\"https:\\\/\\\/museum-mb.si\\\/#website\"},\"primaryImageOfPage\":{\"@id\":\"https:\\\/\\\/museum-mb.si\\\/dogodki\\\/grajski-vas-gledajo\\\/#primaryimage\"},\"image\":{\"@id\":\"https:\\\/\\\/museum-mb.si\\\/dogodki\\\/grajski-vas-gledajo\\\/#primaryimage\"},\"thumbnailUrl\":\"https:\\\/\\\/museum-mb.si\\\/wp-content\\\/uploads\\\/2023\\\/01\\\/N1387-scaled.jpg\",\"datePublished\":\"2023-01-31T12:00:57+00:00\",\"dateModified\":\"2024-04-12T10:59:41+00:00\",\"breadcrumb\":{\"@id\":\"https:\\\/\\\/museum-mb.si\\\/dogodki\\\/grajski-vas-gledajo\\\/#breadcrumb\"},\"inLanguage\":\"hu\",\"potentialAction\":[{\"@type\":\"ReadAction\",\"target\":[\"https:\\\/\\\/museum-mb.si\\\/dogodki\\\/grajski-vas-gledajo\\\/\"]}]},{\"@type\":\"ImageObject\",\"inLanguage\":\"hu\",\"@id\":\"https:\\\/\\\/museum-mb.si\\\/dogodki\\\/grajski-vas-gledajo\\\/#primaryimage\",\"url\":\"https:\\\/\\\/museum-mb.si\\\/wp-content\\\/uploads\\\/2023\\\/01\\\/N1387-scaled.jpg\",\"contentUrl\":\"https:\\\/\\\/museum-mb.si\\\/wp-content\\\/uploads\\\/2023\\\/01\\\/N1387-scaled.jpg\",\"width\":2048,\"height\":2560},{\"@type\":\"BreadcrumbList\",\"@id\":\"https:\\\/\\\/museum-mb.si\\\/dogodki\\\/grajski-vas-gledajo\\\/#breadcrumb\",\"itemListElement\":[{\"@type\":\"ListItem\",\"position\":1,\"name\":\"Domov\",\"item\":\"https:\\\/\\\/museum-mb.si\\\/\"},{\"@type\":\"ListItem\",\"position\":2,\"name\":\"Dogodki\",\"item\":\"https:\\\/\\\/museum-mb.si\\\/dogodki\\\/\"},{\"@type\":\"ListItem\",\"position\":3,\"name\":\"GRAJSKI VAS GLEDAJO\"}]},{\"@type\":\"WebSite\",\"@id\":\"https:\\\/\\\/museum-mb.si\\\/#website\",\"url\":\"https:\\\/\\\/museum-mb.si\\\/\",\"name\":\"Pokrajinski muzej Maribor\",\"description\":\"\",\"publisher\":{\"@id\":\"https:\\\/\\\/museum-mb.si\\\/#organization\"},\"potentialAction\":[{\"@type\":\"SearchAction\",\"target\":{\"@type\":\"EntryPoint\",\"urlTemplate\":\"https:\\\/\\\/museum-mb.si\\\/?s={search_term_string}\"},\"query-input\":{\"@type\":\"PropertyValueSpecification\",\"valueRequired\":true,\"valueName\":\"search_term_string\"}}],\"inLanguage\":\"hu\"},{\"@type\":\"Organization\",\"@id\":\"https:\\\/\\\/museum-mb.si\\\/#organization\",\"name\":\"Pokrajinski muzej Maribor\",\"url\":\"https:\\\/\\\/museum-mb.si\\\/\",\"logo\":{\"@type\":\"ImageObject\",\"inLanguage\":\"hu\",\"@id\":\"https:\\\/\\\/museum-mb.si\\\/#\\\/schema\\\/logo\\\/image\\\/\",\"url\":\"https:\\\/\\\/museum-mb.si\\\/wp-content\\\/uploads\\\/2024\\\/12\\\/pmm_logo_barvni_jpeg.jpg\",\"contentUrl\":\"https:\\\/\\\/museum-mb.si\\\/wp-content\\\/uploads\\\/2024\\\/12\\\/pmm_logo_barvni_jpeg.jpg\",\"width\":758,\"height\":754,\"caption\":\"Pokrajinski muzej Maribor\"},\"image\":{\"@id\":\"https:\\\/\\\/museum-mb.si\\\/#\\\/schema\\\/logo\\\/image\\\/\"},\"sameAs\":[\"https:\\\/\\\/www.facebook.com\\\/pomum123\",\"https:\\\/\\\/www.instagram.com\\\/maribor_museum\\\/\",\"https:\\\/\\\/www.youtube.com\\\/channel\\\/UCdshtCrun841Oc-35tYLBGQ\"]}]}<\/script>\n<!-- \/ Yoast SEO plugin. -->","yoast_head_json":{"title":"GRAJSKI VAS GLEDAJO &#8211; Pokrajinski muzej Maribor","robots":{"index":"index","follow":"follow","max-snippet":"max-snippet:-1","max-image-preview":"max-image-preview:large","max-video-preview":"max-video-preview:-1"},"canonical":"https:\/\/museum-mb.si\/hu\/esemenyek\/kastely-falu-orseg\/","og_locale":"hu_HU","og_type":"article","og_title":"GRAJSKI VAS GLEDAJO &#8211; Pokrajinski muzej Maribor","og_description":"Pokrajinski muzej Maribor v letu 2023 praznuje 120 let.\u00a0 Pester program smo za\u010deli z instalacijo Grajski vas gledajo, ki je posve\u010dena zbirki obla\u010dilne kulture in je postavljena v slikovito rokokojsko stopni\u0161\u010de na zahodni strani mestnega gradu. \u010ce se sprehajate po Grajski ulici, se obvezno ozrite na stopni\u0161\u010dna okna! Sedem lutk predstavlja razli\u010dna obdobja in stile [&hellip;]","og_url":"https:\/\/museum-mb.si\/hu\/esemenyek\/kastely-falu-orseg\/","og_site_name":"Pokrajinski muzej Maribor","article_publisher":"https:\/\/www.facebook.com\/pomum123","article_modified_time":"2024-04-12T10:59:41+00:00","og_image":[{"width":2048,"height":2560,"url":"https:\/\/museum-mb.si\/wp-content\/uploads\/2023\/01\/N1387-scaled.jpg","type":"image\/jpeg"}],"twitter_card":"summary_large_image","twitter_misc":{"Becs\u00fclt olvas\u00e1si id\u0151":"1 perc"},"schema":{"@context":"https:\/\/schema.org","@graph":[{"@type":"WebPage","@id":"https:\/\/museum-mb.si\/dogodki\/grajski-vas-gledajo\/","url":"https:\/\/museum-mb.si\/dogodki\/grajski-vas-gledajo\/","name":"GRAJSKI VAS GLEDAJO &#8211; Pokrajinski muzej Maribor","isPartOf":{"@id":"https:\/\/museum-mb.si\/#website"},"primaryImageOfPage":{"@id":"https:\/\/museum-mb.si\/dogodki\/grajski-vas-gledajo\/#primaryimage"},"image":{"@id":"https:\/\/museum-mb.si\/dogodki\/grajski-vas-gledajo\/#primaryimage"},"thumbnailUrl":"https:\/\/museum-mb.si\/wp-content\/uploads\/2023\/01\/N1387-scaled.jpg","datePublished":"2023-01-31T12:00:57+00:00","dateModified":"2024-04-12T10:59:41+00:00","breadcrumb":{"@id":"https:\/\/museum-mb.si\/dogodki\/grajski-vas-gledajo\/#breadcrumb"},"inLanguage":"hu","potentialAction":[{"@type":"ReadAction","target":["https:\/\/museum-mb.si\/dogodki\/grajski-vas-gledajo\/"]}]},{"@type":"ImageObject","inLanguage":"hu","@id":"https:\/\/museum-mb.si\/dogodki\/grajski-vas-gledajo\/#primaryimage","url":"https:\/\/museum-mb.si\/wp-content\/uploads\/2023\/01\/N1387-scaled.jpg","contentUrl":"https:\/\/museum-mb.si\/wp-content\/uploads\/2023\/01\/N1387-scaled.jpg","width":2048,"height":2560},{"@type":"BreadcrumbList","@id":"https:\/\/museum-mb.si\/dogodki\/grajski-vas-gledajo\/#breadcrumb","itemListElement":[{"@type":"ListItem","position":1,"name":"Domov","item":"https:\/\/museum-mb.si\/"},{"@type":"ListItem","position":2,"name":"Dogodki","item":"https:\/\/museum-mb.si\/dogodki\/"},{"@type":"ListItem","position":3,"name":"GRAJSKI VAS GLEDAJO"}]},{"@type":"WebSite","@id":"https:\/\/museum-mb.si\/#website","url":"https:\/\/museum-mb.si\/","name":"Maribori Region\u00e1lis M\u00fazeum","description":"","publisher":{"@id":"https:\/\/museum-mb.si\/#organization"},"potentialAction":[{"@type":"SearchAction","target":{"@type":"EntryPoint","urlTemplate":"https:\/\/museum-mb.si\/?s={search_term_string}"},"query-input":{"@type":"PropertyValueSpecification","valueRequired":true,"valueName":"search_term_string"}}],"inLanguage":"hu"},{"@type":"Organization","@id":"https:\/\/museum-mb.si\/#organization","name":"Maribori Region\u00e1lis M\u00fazeum","url":"https:\/\/museum-mb.si\/","logo":{"@type":"ImageObject","inLanguage":"hu","@id":"https:\/\/museum-mb.si\/#\/schema\/logo\/image\/","url":"https:\/\/museum-mb.si\/wp-content\/uploads\/2024\/12\/pmm_logo_barvni_jpeg.jpg","contentUrl":"https:\/\/museum-mb.si\/wp-content\/uploads\/2024\/12\/pmm_logo_barvni_jpeg.jpg","width":758,"height":754,"caption":"Pokrajinski muzej Maribor"},"image":{"@id":"https:\/\/museum-mb.si\/#\/schema\/logo\/image\/"},"sameAs":["https:\/\/www.facebook.com\/pomum123","https:\/\/www.instagram.com\/maribor_museum\/","https:\/\/www.youtube.com\/channel\/UCdshtCrun841Oc-35tYLBGQ"]}]}},"_links":{"self":[{"href":"https:\/\/museum-mb.si\/hu\/wp-json\/wp\/v2\/dogodki\/75338","targetHints":{"allow":["GET"]}}],"collection":[{"href":"https:\/\/museum-mb.si\/hu\/wp-json\/wp\/v2\/dogodki"}],"about":[{"href":"https:\/\/museum-mb.si\/hu\/wp-json\/wp\/v2\/types\/dogodki"}],"version-history":[{"count":1,"href":"https:\/\/museum-mb.si\/hu\/wp-json\/wp\/v2\/dogodki\/75338\/revisions"}],"predecessor-version":[{"id":75346,"href":"https:\/\/museum-mb.si\/hu\/wp-json\/wp\/v2\/dogodki\/75338\/revisions\/75346"}],"wp:featuredmedia":[{"embeddable":true,"href":"https:\/\/museum-mb.si\/hu\/wp-json\/wp\/v2\/media\/75317"}],"wp:attachment":[{"href":"https:\/\/museum-mb.si\/hu\/wp-json\/wp\/v2\/media?parent=75338"}],"wp:term":[{"taxonomy":"vrsta-dogodka","embeddable":true,"href":"https:\/\/museum-mb.si\/hu\/wp-json\/wp\/v2\/vrsta-dogodka?post=75338"}],"curies":[{"name":"wp","href":"https:\/\/api.w.org\/{rel}","templated":true}]}}