{"id":74138,"date":"2022-09-29T16:35:11","date_gmt":"2022-09-29T15:35:11","guid":{"rendered":"https:\/\/museum-mb.si\/?post_type=dogodki&#038;p=74138"},"modified":"2024-04-12T12:19:29","modified_gmt":"2024-04-12T11:19:29","slug":"divathonap-a-muzeumban-2018","status":"publish","type":"dogodki","link":"https:\/\/museum-mb.si\/hu\/esemenyek\/divathonap-a-muzeumban-2018\/","title":{"rendered":"DIVATH\u00d3NAP A M\u00daZEUMBAN 2018"},"content":{"rendered":"<p><strong>M\u00e1jus 18., p\u00e9ntek, <\/strong><strong>19 \u00f3ra<\/strong><\/p>\n<p>Egyenruh\u00e1k - ki\u00e1ll\u00edt\u00e1smegnyit\u00f3<\/p>\n<p>A Divath\u00f3nap projekt \u00fcnnep\u00e9lyes megnyit\u00f3ja a m\u00fazeumban<\/p>\n<p>\u00e9s a m\u00fazeum egyenruhagy\u0171jtem\u00e9ny\u00e9nek \u00e1lland\u00f3 ki\u00e1ll\u00edt\u00e1s\u00e1nak megnyit\u00f3ja<\/p>\n<p>programmal (a szlov\u00e9n hadsereg g\u00e1rd\u00e1j\u00e1nak bemutat\u00f3programja)<\/p>\n<p>\u00e9s a Szlov\u00e9n Fegyveres Er\u0151k Zenekar\u00e1nak kamaraegy\u00fcttese).<\/p>\n<p>V\u00e1r utca \u00e9s a lovagterem (bej\u00e1rat a v\u00e1r l\u00e9pcs\u0151j\u00e9n kereszt\u00fcl)<\/p>\n<p>&nbsp;<\/p>\n<p><strong>M\u00e1jus 24., cs\u00fct\u00f6rt\u00f6k,\u00a0<\/strong><strong>19 \u00f3ra<\/strong><\/p>\n<p>Egyenruh\u00e1k - Egyenruh\u00e1k \u00e9s divat<\/p>\n<p>El\u0151ad\u00e1sok az egyenruh\u00e1s szolg\u00e1latok k\u00fcl\u00f6nb\u00f6z\u0151 ter\u00fcleteir\u0151l<\/p>\n<p>(Lea Pisani, Bo\u0161tjan Marolt, mag. Vesna Vrane\u0161i\u010d, Dr. Sonja \u0160terman, Branko Ro\u017eman,<\/p>\n<p>Mag. Nata\u0161a Dolej\u0161i, Marijan Ojster\u0161ek).<\/p>\n<p>(Lovagterem, bej\u00e1rat a kast\u00e9ly l\u00e9pcs\u0151h\u00e1z\u00e1n kereszt\u00fcl)<\/p>\n<p>&nbsp;<\/p>\n<p><strong>M\u00e1jus 31., cs\u00fct\u00f6rt\u00f6k,\u00a0<\/strong><strong>19 \u00f3ra<\/strong><\/p>\n<p>Egyenruh\u00e1k - Divat &amp; Ifj\u00fas\u00e1g<\/p>\n<p>A Maribori Design Szakk\u00f6z\u00e9piskola di\u00e1kjainak divatbemutat\u00f3ja,<\/p>\n<p>a Maribori Egyetem G\u00e9p\u00e9szm\u00e9rn\u00f6ki Kar\u00e1nak hallgat\u00f3i, a Term\u00e9szettudom\u00e1nyi \u00e9s M\u0171szaki Kar hallgat\u00f3i<\/p>\n<p>Ljubljanai Egyetem \u00e9s a Primorjai Egyetem t\u00e1rsult tagjak\u00e9nt m\u0171k\u00f6d\u0151 Design Kar hallgat\u00f3i.<\/p>\n<p>(v\u00e1r\u00e1rk\u00e1dok, bej\u00e1rat a v\u00e1rl\u00e9pcs\u0151n kereszt\u00fcl)<\/p>\n<p>&nbsp;<\/p>","protected":false},"featured_media":69258,"template":"","vrsta-dogodka":[38],"class_list":["post-74138","dogodki","type-dogodki","status-publish","has-post-thumbnail","hentry","vrsta-dogodka-pretekli-dogodki"],"yoast_head":"<!-- This site is optimized with the Yoast SEO plugin v27.5 - https:\/\/yoast.com\/product\/yoast-seo-wordpress\/ -->\n<title>MESEC MODE V MUZEJU 2018 &#8211; Pokrajinski muzej Maribor<\/title>\n<meta name=\"robots\" content=\"index, follow, max-snippet:-1, max-image-preview:large, max-video-preview:-1\" \/>\n<link rel=\"canonical\" href=\"https:\/\/museum-mb.si\/hu\/esemenyek\/divathonap-a-muzeumban-2018\/\" \/>\n<meta property=\"og:locale\" content=\"hu_HU\" \/>\n<meta property=\"og:type\" content=\"article\" \/>\n<meta property=\"og:title\" content=\"MESEC MODE V MUZEJU 2018 &#8211; Pokrajinski muzej Maribor\" \/>\n<meta property=\"og:description\" content=\"Petek, 18. maj, ob 19. uri Uniforme \u2013 otvoritev razstave Sve\u010dana otvoritev projekta Mesec mode v muzeju in otvoritev stalne postavitve muzejske zbirke uniform s programom (predstavitveni program garde slovenske vojske ter komorna zasedba orkestra slovenske vojske). Grajska ulica in vite\u0161ka dvorana (vhod preko grajskega stopni\u0161\u010da) &nbsp; \u010cetrtek, 24. maj,\u00a0ob 19. uri Uniforme &#8211; Uniforme [&hellip;]\" \/>\n<meta property=\"og:url\" content=\"https:\/\/museum-mb.si\/hu\/esemenyek\/divathonap-a-muzeumban-2018\/\" \/>\n<meta property=\"og:site_name\" content=\"Pokrajinski muzej Maribor\" \/>\n<meta property=\"article:publisher\" content=\"https:\/\/www.facebook.com\/pomum123\" \/>\n<meta property=\"article:modified_time\" content=\"2024-04-12T11:19:29+00:00\" \/>\n<meta property=\"og:image\" content=\"https:\/\/museum-mb.si\/wp-content\/uploads\/2022\/08\/01_TRGOVINANAJEM_header.jpg\" \/>\n\t<meta property=\"og:image:width\" content=\"1920\" \/>\n\t<meta property=\"og:image:height\" content=\"646\" \/>\n\t<meta property=\"og:image:type\" content=\"image\/jpeg\" \/>\n<meta name=\"twitter:card\" content=\"summary_large_image\" \/>\n<meta name=\"twitter:label1\" content=\"Becs\u00fclt olvas\u00e1si id\u0151\" \/>\n\t<meta name=\"twitter:data1\" content=\"1 perc\" \/>\n<script type=\"application\/ld+json\" class=\"yoast-schema-graph\">{\"@context\":\"https:\\\/\\\/schema.org\",\"@graph\":[{\"@type\":\"WebPage\",\"@id\":\"https:\\\/\\\/museum-mb.si\\\/dogodki\\\/mesec-mode-v-muzeju-2018\\\/\",\"url\":\"https:\\\/\\\/museum-mb.si\\\/dogodki\\\/mesec-mode-v-muzeju-2018\\\/\",\"name\":\"MESEC MODE V MUZEJU 2018 &#8211; Pokrajinski muzej Maribor\",\"isPartOf\":{\"@id\":\"https:\\\/\\\/museum-mb.si\\\/#website\"},\"primaryImageOfPage\":{\"@id\":\"https:\\\/\\\/museum-mb.si\\\/dogodki\\\/mesec-mode-v-muzeju-2018\\\/#primaryimage\"},\"image\":{\"@id\":\"https:\\\/\\\/museum-mb.si\\\/dogodki\\\/mesec-mode-v-muzeju-2018\\\/#primaryimage\"},\"thumbnailUrl\":\"https:\\\/\\\/museum-mb.si\\\/wp-content\\\/uploads\\\/2022\\\/08\\\/01_TRGOVINANAJEM_header.jpg\",\"datePublished\":\"2022-09-29T15:35:11+00:00\",\"dateModified\":\"2024-04-12T11:19:29+00:00\",\"breadcrumb\":{\"@id\":\"https:\\\/\\\/museum-mb.si\\\/dogodki\\\/mesec-mode-v-muzeju-2018\\\/#breadcrumb\"},\"inLanguage\":\"hu\",\"potentialAction\":[{\"@type\":\"ReadAction\",\"target\":[\"https:\\\/\\\/museum-mb.si\\\/dogodki\\\/mesec-mode-v-muzeju-2018\\\/\"]}]},{\"@type\":\"ImageObject\",\"inLanguage\":\"hu\",\"@id\":\"https:\\\/\\\/museum-mb.si\\\/dogodki\\\/mesec-mode-v-muzeju-2018\\\/#primaryimage\",\"url\":\"https:\\\/\\\/museum-mb.si\\\/wp-content\\\/uploads\\\/2022\\\/08\\\/01_TRGOVINANAJEM_header.jpg\",\"contentUrl\":\"https:\\\/\\\/museum-mb.si\\\/wp-content\\\/uploads\\\/2022\\\/08\\\/01_TRGOVINANAJEM_header.jpg\",\"width\":1920,\"height\":646},{\"@type\":\"BreadcrumbList\",\"@id\":\"https:\\\/\\\/museum-mb.si\\\/dogodki\\\/mesec-mode-v-muzeju-2018\\\/#breadcrumb\",\"itemListElement\":[{\"@type\":\"ListItem\",\"position\":1,\"name\":\"Domov\",\"item\":\"https:\\\/\\\/museum-mb.si\\\/\"},{\"@type\":\"ListItem\",\"position\":2,\"name\":\"Dogodki\",\"item\":\"https:\\\/\\\/museum-mb.si\\\/dogodki\\\/\"},{\"@type\":\"ListItem\",\"position\":3,\"name\":\"MESEC MODE V MUZEJU 2018\"}]},{\"@type\":\"WebSite\",\"@id\":\"https:\\\/\\\/museum-mb.si\\\/#website\",\"url\":\"https:\\\/\\\/museum-mb.si\\\/\",\"name\":\"Pokrajinski muzej Maribor\",\"description\":\"\",\"publisher\":{\"@id\":\"https:\\\/\\\/museum-mb.si\\\/#organization\"},\"potentialAction\":[{\"@type\":\"SearchAction\",\"target\":{\"@type\":\"EntryPoint\",\"urlTemplate\":\"https:\\\/\\\/museum-mb.si\\\/?s={search_term_string}\"},\"query-input\":{\"@type\":\"PropertyValueSpecification\",\"valueRequired\":true,\"valueName\":\"search_term_string\"}}],\"inLanguage\":\"hu\"},{\"@type\":\"Organization\",\"@id\":\"https:\\\/\\\/museum-mb.si\\\/#organization\",\"name\":\"Pokrajinski muzej Maribor\",\"url\":\"https:\\\/\\\/museum-mb.si\\\/\",\"logo\":{\"@type\":\"ImageObject\",\"inLanguage\":\"hu\",\"@id\":\"https:\\\/\\\/museum-mb.si\\\/#\\\/schema\\\/logo\\\/image\\\/\",\"url\":\"https:\\\/\\\/museum-mb.si\\\/wp-content\\\/uploads\\\/2024\\\/12\\\/pmm_logo_barvni_jpeg.jpg\",\"contentUrl\":\"https:\\\/\\\/museum-mb.si\\\/wp-content\\\/uploads\\\/2024\\\/12\\\/pmm_logo_barvni_jpeg.jpg\",\"width\":758,\"height\":754,\"caption\":\"Pokrajinski muzej Maribor\"},\"image\":{\"@id\":\"https:\\\/\\\/museum-mb.si\\\/#\\\/schema\\\/logo\\\/image\\\/\"},\"sameAs\":[\"https:\\\/\\\/www.facebook.com\\\/pomum123\",\"https:\\\/\\\/www.instagram.com\\\/maribor_museum\\\/\",\"https:\\\/\\\/www.youtube.com\\\/channel\\\/UCdshtCrun841Oc-35tYLBGQ\"]}]}<\/script>\n<!-- \/ Yoast SEO plugin. -->","yoast_head_json":{"title":"MESEC MODE V MUZEJU 2018 &#8211; Pokrajinski muzej Maribor","robots":{"index":"index","follow":"follow","max-snippet":"max-snippet:-1","max-image-preview":"max-image-preview:large","max-video-preview":"max-video-preview:-1"},"canonical":"https:\/\/museum-mb.si\/hu\/esemenyek\/divathonap-a-muzeumban-2018\/","og_locale":"hu_HU","og_type":"article","og_title":"MESEC MODE V MUZEJU 2018 &#8211; Pokrajinski muzej Maribor","og_description":"Petek, 18. maj, ob 19. uri Uniforme \u2013 otvoritev razstave Sve\u010dana otvoritev projekta Mesec mode v muzeju in otvoritev stalne postavitve muzejske zbirke uniform s programom (predstavitveni program garde slovenske vojske ter komorna zasedba orkestra slovenske vojske). Grajska ulica in vite\u0161ka dvorana (vhod preko grajskega stopni\u0161\u010da) &nbsp; \u010cetrtek, 24. maj,\u00a0ob 19. uri Uniforme &#8211; Uniforme [&hellip;]","og_url":"https:\/\/museum-mb.si\/hu\/esemenyek\/divathonap-a-muzeumban-2018\/","og_site_name":"Pokrajinski muzej Maribor","article_publisher":"https:\/\/www.facebook.com\/pomum123","article_modified_time":"2024-04-12T11:19:29+00:00","og_image":[{"width":1920,"height":646,"url":"https:\/\/museum-mb.si\/wp-content\/uploads\/2022\/08\/01_TRGOVINANAJEM_header.jpg","type":"image\/jpeg"}],"twitter_card":"summary_large_image","twitter_misc":{"Becs\u00fclt olvas\u00e1si id\u0151":"1 perc"},"schema":{"@context":"https:\/\/schema.org","@graph":[{"@type":"WebPage","@id":"https:\/\/museum-mb.si\/dogodki\/mesec-mode-v-muzeju-2018\/","url":"https:\/\/museum-mb.si\/dogodki\/mesec-mode-v-muzeju-2018\/","name":"MESEC MODE V MUZEJU 2018 &#8211; Pokrajinski muzej Maribor","isPartOf":{"@id":"https:\/\/museum-mb.si\/#website"},"primaryImageOfPage":{"@id":"https:\/\/museum-mb.si\/dogodki\/mesec-mode-v-muzeju-2018\/#primaryimage"},"image":{"@id":"https:\/\/museum-mb.si\/dogodki\/mesec-mode-v-muzeju-2018\/#primaryimage"},"thumbnailUrl":"https:\/\/museum-mb.si\/wp-content\/uploads\/2022\/08\/01_TRGOVINANAJEM_header.jpg","datePublished":"2022-09-29T15:35:11+00:00","dateModified":"2024-04-12T11:19:29+00:00","breadcrumb":{"@id":"https:\/\/museum-mb.si\/dogodki\/mesec-mode-v-muzeju-2018\/#breadcrumb"},"inLanguage":"hu","potentialAction":[{"@type":"ReadAction","target":["https:\/\/museum-mb.si\/dogodki\/mesec-mode-v-muzeju-2018\/"]}]},{"@type":"ImageObject","inLanguage":"hu","@id":"https:\/\/museum-mb.si\/dogodki\/mesec-mode-v-muzeju-2018\/#primaryimage","url":"https:\/\/museum-mb.si\/wp-content\/uploads\/2022\/08\/01_TRGOVINANAJEM_header.jpg","contentUrl":"https:\/\/museum-mb.si\/wp-content\/uploads\/2022\/08\/01_TRGOVINANAJEM_header.jpg","width":1920,"height":646},{"@type":"BreadcrumbList","@id":"https:\/\/museum-mb.si\/dogodki\/mesec-mode-v-muzeju-2018\/#breadcrumb","itemListElement":[{"@type":"ListItem","position":1,"name":"Domov","item":"https:\/\/museum-mb.si\/"},{"@type":"ListItem","position":2,"name":"Dogodki","item":"https:\/\/museum-mb.si\/dogodki\/"},{"@type":"ListItem","position":3,"name":"MESEC MODE V MUZEJU 2018"}]},{"@type":"WebSite","@id":"https:\/\/museum-mb.si\/#website","url":"https:\/\/museum-mb.si\/","name":"Maribori Region\u00e1lis M\u00fazeum","description":"","publisher":{"@id":"https:\/\/museum-mb.si\/#organization"},"potentialAction":[{"@type":"SearchAction","target":{"@type":"EntryPoint","urlTemplate":"https:\/\/museum-mb.si\/?s={search_term_string}"},"query-input":{"@type":"PropertyValueSpecification","valueRequired":true,"valueName":"search_term_string"}}],"inLanguage":"hu"},{"@type":"Organization","@id":"https:\/\/museum-mb.si\/#organization","name":"Maribori Region\u00e1lis M\u00fazeum","url":"https:\/\/museum-mb.si\/","logo":{"@type":"ImageObject","inLanguage":"hu","@id":"https:\/\/museum-mb.si\/#\/schema\/logo\/image\/","url":"https:\/\/museum-mb.si\/wp-content\/uploads\/2024\/12\/pmm_logo_barvni_jpeg.jpg","contentUrl":"https:\/\/museum-mb.si\/wp-content\/uploads\/2024\/12\/pmm_logo_barvni_jpeg.jpg","width":758,"height":754,"caption":"Pokrajinski muzej Maribor"},"image":{"@id":"https:\/\/museum-mb.si\/#\/schema\/logo\/image\/"},"sameAs":["https:\/\/www.facebook.com\/pomum123","https:\/\/www.instagram.com\/maribor_museum\/","https:\/\/www.youtube.com\/channel\/UCdshtCrun841Oc-35tYLBGQ"]}]}},"_links":{"self":[{"href":"https:\/\/museum-mb.si\/hu\/wp-json\/wp\/v2\/dogodki\/74138","targetHints":{"allow":["GET"]}}],"collection":[{"href":"https:\/\/museum-mb.si\/hu\/wp-json\/wp\/v2\/dogodki"}],"about":[{"href":"https:\/\/museum-mb.si\/hu\/wp-json\/wp\/v2\/types\/dogodki"}],"version-history":[{"count":0,"href":"https:\/\/museum-mb.si\/hu\/wp-json\/wp\/v2\/dogodki\/74138\/revisions"}],"wp:featuredmedia":[{"embeddable":true,"href":"https:\/\/museum-mb.si\/hu\/wp-json\/wp\/v2\/media\/69258"}],"wp:attachment":[{"href":"https:\/\/museum-mb.si\/hu\/wp-json\/wp\/v2\/media?parent=74138"}],"wp:term":[{"taxonomy":"vrsta-dogodka","embeddable":true,"href":"https:\/\/museum-mb.si\/hu\/wp-json\/wp\/v2\/vrsta-dogodka?post=74138"}],"curies":[{"name":"wp","href":"https:\/\/api.w.org\/{rel}","templated":true}]}}