{"id":74132,"date":"2022-09-29T16:26:53","date_gmt":"2022-09-29T15:26:53","guid":{"rendered":"https:\/\/museum-mb.si\/?post_type=dogodki&#038;p=74132"},"modified":"2024-11-07T10:50:49","modified_gmt":"2024-11-07T09:50:49","slug":"a-szloveniai-regionalis-konyha","status":"publish","type":"dogodki","link":"https:\/\/museum-mb.si\/hu\/esemenyek\/a-szloveniai-regionalis-konyha\/","title":{"rendered":"A SZLOV\u00c9NIAI REGION\u00c1LIS KONYHA"},"content":{"rendered":"<p><span style=\"font-family: tahoma;\">Szlov\u00e9nia 2006-ban kapott gasztron\u00f3miai strat\u00e9gi\u00e1t. Ez nem csak egy volt a miniszt\u00e9riumok \u00e9s v\u00e1llalatok szekr\u00e9nyeiben felhalmoz\u00f3d\u00f3 sz\u00e1mtalan dokumentum k\u00f6z\u00fcl, hanem egy k\u00f6telez\u0151 \u00e9rv\u00e9ny\u0171 szakmai sz\u00f6veg, amelyet szisztematikusan elkezdt\u00fcnk v\u00e9grehajtani.\u00a0<\/span><\/p>\n<p><span style=\"font-family: tahoma;\">B\u00e1r n\u00e9h\u00e1ny korm\u00e1nyhivatal m\u00e9g h\u00e1rom-n\u00e9gy \u00e9vvel a strat\u00e9gia fel\u00e1ll\u00edt\u00e1sa ut\u00e1n sem volt tiszt\u00e1ban a strat\u00e9gi\u00e1val, az \u00fcgyet \u00e9vr\u0151l \u00e9vre v\u00e9grehajtott\u00e1k. K\u00fcl\u00f6n \u00f6r\u00f6m sz\u00e1munkra, hogy 2018-ban bel\u00e9pt\u00fcnk az \u00bbEur\u00f3pai gasztron\u00f3miai r\u00e9gi\u00f3k\u00ab programba, ahol 2021-ig sz\u00e1mos, egyes miniszt\u00e9riumok \u00e9s m\u00e1s \u00e9rdekeltek \u00e1ltal javasolt projektet kell megval\u00f3s\u00edtani.\u00a0<\/span><\/p>\n<p><span style=\"font-family: tahoma;\">Napjainkban a helyi \u00e9s region\u00e1lis konyha nagy hangs\u00falyt kap a vil\u00e1g gasztron\u00f3mi\u00e1j\u00e1ban. Ez tulajdonk\u00e9ppen az emberis\u00e9g logikus v\u00e1lasza a glob\u00e1lis \u00e9lelmiszersivatagosod\u00e1s agresszivit\u00e1s\u00e1ra.\u00a0<\/span><\/p>\n<p><span style=\"font-family: tahoma;\">Szlov\u00e9nia most az egyszer m\u00e9g mindig b\u00fcszk\u00e9lkedhet nagyszer\u0171 \u00edzekkel, min\u0151s\u00e9gi \u00e9lelmiszerekkel, a n\u00e9gy \u00e9vszak \u00e9trendj\u00e9nek ismeret\u00e9vel \u00e9s egy olyan \u00e9tkez\u00e9si kult\u00far\u00e1hoz val\u00f3 k\u00f6t\u0151d\u00e9ssel, amely nem csak a t\u00f6rt\u00e9nelmi eml\u00e9kezet k\u00e9rd\u00e9se. M\u00e1sfel\u0151l azonban agg\u00f3dhatunk bizonyos jelens\u00e9gek miatt, amelyek a k\u00f6zelj\u00f6v\u0151ben t\u00f6nkretehetik ezt a megk\u00fcl\u00f6nb\u00f6ztet\u0151 gazdags\u00e1got, \u00e9s a glob\u00e1lis \u00e9lelmiszerb\u0151s\u00e9g \u00e1radat\u00e1ban kezdhet\u00fcnk el egyetlen pat\u00e1val fuldokolni!<\/span><\/p>\n<p><span style=\"font-family: tahoma;\">Az el\u0151ad\u00e1sra 2018. m\u00e1jus 15-\u00e9n, kedden 18:00 \u00f3rakor ker\u00fcl sor a V\u00e1rk\u00e1v\u00e9z\u00f3ban.<\/span><\/p>\n<p>Sz\u00edv\u00e9lyesen megh\u00edvjuk \u00d6nt.<\/p>","protected":false},"featured_media":69258,"template":"","vrsta-dogodka":[38],"class_list":["post-74132","dogodki","type-dogodki","status-publish","has-post-thumbnail","hentry","vrsta-dogodka-pretekli-dogodki"],"yoast_head":"<!-- This site is optimized with the Yoast SEO plugin v27.5 - https:\/\/yoast.com\/product\/yoast-seo-wordpress\/ -->\n<title>REGIONALNA KUHINJA SLOVENIJE &#8211; Pokrajinski muzej Maribor<\/title>\n<meta name=\"robots\" content=\"index, follow, max-snippet:-1, max-image-preview:large, max-video-preview:-1\" \/>\n<link rel=\"canonical\" href=\"https:\/\/museum-mb.si\/hu\/esemenyek\/a-szloveniai-regionalis-konyha\/\" \/>\n<meta property=\"og:locale\" content=\"hu_HU\" \/>\n<meta property=\"og:type\" content=\"article\" \/>\n<meta property=\"og:title\" content=\"REGIONALNA KUHINJA SLOVENIJE &#8211; Pokrajinski muzej Maribor\" \/>\n<meta property=\"og:description\" content=\"\u200bV Sloveniji smo leta 2006 dobili gastronomsko strategijo. To ni bil le \u0161e eden od brez\u0161tevilnih dokumentov, ki se nabirajo v omarah ministrstev in podjetij ampak obvezujo\u010de strokovno besedilo, ki smo ga za\u010deli sistemati\u010dno uresni\u010devati.\u00a0 \u010ceprav nekateri dr\u017eavni uradi \u0161e po treh, \u0161tirih letih od postavitve strategije niso vedeli za njo, \u00a0je zadeva dobivala iz [&hellip;]\" \/>\n<meta property=\"og:url\" content=\"https:\/\/museum-mb.si\/hu\/esemenyek\/a-szloveniai-regionalis-konyha\/\" \/>\n<meta property=\"og:site_name\" content=\"Pokrajinski muzej Maribor\" \/>\n<meta property=\"article:publisher\" content=\"https:\/\/www.facebook.com\/pomum123\" \/>\n<meta property=\"article:modified_time\" content=\"2024-11-07T09:50:49+00:00\" \/>\n<meta property=\"og:image\" content=\"https:\/\/museum-mb.si\/wp-content\/uploads\/2022\/08\/01_TRGOVINANAJEM_header.jpg\" \/>\n\t<meta property=\"og:image:width\" content=\"1920\" \/>\n\t<meta property=\"og:image:height\" content=\"646\" \/>\n\t<meta property=\"og:image:type\" content=\"image\/jpeg\" \/>\n<meta name=\"twitter:card\" content=\"summary_large_image\" \/>\n<meta name=\"twitter:label1\" content=\"Becs\u00fclt olvas\u00e1si id\u0151\" \/>\n\t<meta name=\"twitter:data1\" content=\"1 perc\" \/>\n<script type=\"application\/ld+json\" class=\"yoast-schema-graph\">{\"@context\":\"https:\\\/\\\/schema.org\",\"@graph\":[{\"@type\":\"WebPage\",\"@id\":\"https:\\\/\\\/museum-mb.si\\\/dogodki\\\/regionalna-kuhinja-slovenije\\\/\",\"url\":\"https:\\\/\\\/museum-mb.si\\\/dogodki\\\/regionalna-kuhinja-slovenije\\\/\",\"name\":\"REGIONALNA KUHINJA SLOVENIJE &#8211; Pokrajinski muzej Maribor\",\"isPartOf\":{\"@id\":\"https:\\\/\\\/museum-mb.si\\\/#website\"},\"primaryImageOfPage\":{\"@id\":\"https:\\\/\\\/museum-mb.si\\\/dogodki\\\/regionalna-kuhinja-slovenije\\\/#primaryimage\"},\"image\":{\"@id\":\"https:\\\/\\\/museum-mb.si\\\/dogodki\\\/regionalna-kuhinja-slovenije\\\/#primaryimage\"},\"thumbnailUrl\":\"https:\\\/\\\/museum-mb.si\\\/wp-content\\\/uploads\\\/2022\\\/08\\\/01_TRGOVINANAJEM_header.jpg\",\"datePublished\":\"2022-09-29T15:26:53+00:00\",\"dateModified\":\"2024-11-07T09:50:49+00:00\",\"breadcrumb\":{\"@id\":\"https:\\\/\\\/museum-mb.si\\\/dogodki\\\/regionalna-kuhinja-slovenije\\\/#breadcrumb\"},\"inLanguage\":\"hu\",\"potentialAction\":[{\"@type\":\"ReadAction\",\"target\":[\"https:\\\/\\\/museum-mb.si\\\/dogodki\\\/regionalna-kuhinja-slovenije\\\/\"]}]},{\"@type\":\"ImageObject\",\"inLanguage\":\"hu\",\"@id\":\"https:\\\/\\\/museum-mb.si\\\/dogodki\\\/regionalna-kuhinja-slovenije\\\/#primaryimage\",\"url\":\"https:\\\/\\\/museum-mb.si\\\/wp-content\\\/uploads\\\/2022\\\/08\\\/01_TRGOVINANAJEM_header.jpg\",\"contentUrl\":\"https:\\\/\\\/museum-mb.si\\\/wp-content\\\/uploads\\\/2022\\\/08\\\/01_TRGOVINANAJEM_header.jpg\",\"width\":1920,\"height\":646},{\"@type\":\"BreadcrumbList\",\"@id\":\"https:\\\/\\\/museum-mb.si\\\/dogodki\\\/regionalna-kuhinja-slovenije\\\/#breadcrumb\",\"itemListElement\":[{\"@type\":\"ListItem\",\"position\":1,\"name\":\"Domov\",\"item\":\"https:\\\/\\\/museum-mb.si\\\/\"},{\"@type\":\"ListItem\",\"position\":2,\"name\":\"Dogodki\",\"item\":\"https:\\\/\\\/museum-mb.si\\\/dogodki\\\/\"},{\"@type\":\"ListItem\",\"position\":3,\"name\":\"REGIONALNA KUHINJA SLOVENIJE\"}]},{\"@type\":\"WebSite\",\"@id\":\"https:\\\/\\\/museum-mb.si\\\/#website\",\"url\":\"https:\\\/\\\/museum-mb.si\\\/\",\"name\":\"Pokrajinski muzej Maribor\",\"description\":\"\",\"publisher\":{\"@id\":\"https:\\\/\\\/museum-mb.si\\\/#organization\"},\"potentialAction\":[{\"@type\":\"SearchAction\",\"target\":{\"@type\":\"EntryPoint\",\"urlTemplate\":\"https:\\\/\\\/museum-mb.si\\\/?s={search_term_string}\"},\"query-input\":{\"@type\":\"PropertyValueSpecification\",\"valueRequired\":true,\"valueName\":\"search_term_string\"}}],\"inLanguage\":\"hu\"},{\"@type\":\"Organization\",\"@id\":\"https:\\\/\\\/museum-mb.si\\\/#organization\",\"name\":\"Pokrajinski muzej Maribor\",\"url\":\"https:\\\/\\\/museum-mb.si\\\/\",\"logo\":{\"@type\":\"ImageObject\",\"inLanguage\":\"hu\",\"@id\":\"https:\\\/\\\/museum-mb.si\\\/#\\\/schema\\\/logo\\\/image\\\/\",\"url\":\"https:\\\/\\\/museum-mb.si\\\/wp-content\\\/uploads\\\/2024\\\/12\\\/pmm_logo_barvni_jpeg.jpg\",\"contentUrl\":\"https:\\\/\\\/museum-mb.si\\\/wp-content\\\/uploads\\\/2024\\\/12\\\/pmm_logo_barvni_jpeg.jpg\",\"width\":758,\"height\":754,\"caption\":\"Pokrajinski muzej Maribor\"},\"image\":{\"@id\":\"https:\\\/\\\/museum-mb.si\\\/#\\\/schema\\\/logo\\\/image\\\/\"},\"sameAs\":[\"https:\\\/\\\/www.facebook.com\\\/pomum123\",\"https:\\\/\\\/www.instagram.com\\\/maribor_museum\\\/\",\"https:\\\/\\\/www.youtube.com\\\/channel\\\/UCdshtCrun841Oc-35tYLBGQ\"]}]}<\/script>\n<!-- \/ Yoast SEO plugin. -->","yoast_head_json":{"title":"REGIONALNA KUHINJA SLOVENIJE &#8211; Pokrajinski muzej Maribor","robots":{"index":"index","follow":"follow","max-snippet":"max-snippet:-1","max-image-preview":"max-image-preview:large","max-video-preview":"max-video-preview:-1"},"canonical":"https:\/\/museum-mb.si\/hu\/esemenyek\/a-szloveniai-regionalis-konyha\/","og_locale":"hu_HU","og_type":"article","og_title":"REGIONALNA KUHINJA SLOVENIJE &#8211; Pokrajinski muzej Maribor","og_description":"\u200bV Sloveniji smo leta 2006 dobili gastronomsko strategijo. To ni bil le \u0161e eden od brez\u0161tevilnih dokumentov, ki se nabirajo v omarah ministrstev in podjetij ampak obvezujo\u010de strokovno besedilo, ki smo ga za\u010deli sistemati\u010dno uresni\u010devati.\u00a0 \u010ceprav nekateri dr\u017eavni uradi \u0161e po treh, \u0161tirih letih od postavitve strategije niso vedeli za njo, \u00a0je zadeva dobivala iz [&hellip;]","og_url":"https:\/\/museum-mb.si\/hu\/esemenyek\/a-szloveniai-regionalis-konyha\/","og_site_name":"Pokrajinski muzej Maribor","article_publisher":"https:\/\/www.facebook.com\/pomum123","article_modified_time":"2024-11-07T09:50:49+00:00","og_image":[{"width":1920,"height":646,"url":"https:\/\/museum-mb.si\/wp-content\/uploads\/2022\/08\/01_TRGOVINANAJEM_header.jpg","type":"image\/jpeg"}],"twitter_card":"summary_large_image","twitter_misc":{"Becs\u00fclt olvas\u00e1si id\u0151":"1 perc"},"schema":{"@context":"https:\/\/schema.org","@graph":[{"@type":"WebPage","@id":"https:\/\/museum-mb.si\/dogodki\/regionalna-kuhinja-slovenije\/","url":"https:\/\/museum-mb.si\/dogodki\/regionalna-kuhinja-slovenije\/","name":"REGIONALNA KUHINJA SLOVENIJE &#8211; Pokrajinski muzej Maribor","isPartOf":{"@id":"https:\/\/museum-mb.si\/#website"},"primaryImageOfPage":{"@id":"https:\/\/museum-mb.si\/dogodki\/regionalna-kuhinja-slovenije\/#primaryimage"},"image":{"@id":"https:\/\/museum-mb.si\/dogodki\/regionalna-kuhinja-slovenije\/#primaryimage"},"thumbnailUrl":"https:\/\/museum-mb.si\/wp-content\/uploads\/2022\/08\/01_TRGOVINANAJEM_header.jpg","datePublished":"2022-09-29T15:26:53+00:00","dateModified":"2024-11-07T09:50:49+00:00","breadcrumb":{"@id":"https:\/\/museum-mb.si\/dogodki\/regionalna-kuhinja-slovenije\/#breadcrumb"},"inLanguage":"hu","potentialAction":[{"@type":"ReadAction","target":["https:\/\/museum-mb.si\/dogodki\/regionalna-kuhinja-slovenije\/"]}]},{"@type":"ImageObject","inLanguage":"hu","@id":"https:\/\/museum-mb.si\/dogodki\/regionalna-kuhinja-slovenije\/#primaryimage","url":"https:\/\/museum-mb.si\/wp-content\/uploads\/2022\/08\/01_TRGOVINANAJEM_header.jpg","contentUrl":"https:\/\/museum-mb.si\/wp-content\/uploads\/2022\/08\/01_TRGOVINANAJEM_header.jpg","width":1920,"height":646},{"@type":"BreadcrumbList","@id":"https:\/\/museum-mb.si\/dogodki\/regionalna-kuhinja-slovenije\/#breadcrumb","itemListElement":[{"@type":"ListItem","position":1,"name":"Domov","item":"https:\/\/museum-mb.si\/"},{"@type":"ListItem","position":2,"name":"Dogodki","item":"https:\/\/museum-mb.si\/dogodki\/"},{"@type":"ListItem","position":3,"name":"REGIONALNA KUHINJA SLOVENIJE"}]},{"@type":"WebSite","@id":"https:\/\/museum-mb.si\/#website","url":"https:\/\/museum-mb.si\/","name":"Maribori Region\u00e1lis M\u00fazeum","description":"","publisher":{"@id":"https:\/\/museum-mb.si\/#organization"},"potentialAction":[{"@type":"SearchAction","target":{"@type":"EntryPoint","urlTemplate":"https:\/\/museum-mb.si\/?s={search_term_string}"},"query-input":{"@type":"PropertyValueSpecification","valueRequired":true,"valueName":"search_term_string"}}],"inLanguage":"hu"},{"@type":"Organization","@id":"https:\/\/museum-mb.si\/#organization","name":"Maribori Region\u00e1lis M\u00fazeum","url":"https:\/\/museum-mb.si\/","logo":{"@type":"ImageObject","inLanguage":"hu","@id":"https:\/\/museum-mb.si\/#\/schema\/logo\/image\/","url":"https:\/\/museum-mb.si\/wp-content\/uploads\/2024\/12\/pmm_logo_barvni_jpeg.jpg","contentUrl":"https:\/\/museum-mb.si\/wp-content\/uploads\/2024\/12\/pmm_logo_barvni_jpeg.jpg","width":758,"height":754,"caption":"Pokrajinski muzej Maribor"},"image":{"@id":"https:\/\/museum-mb.si\/#\/schema\/logo\/image\/"},"sameAs":["https:\/\/www.facebook.com\/pomum123","https:\/\/www.instagram.com\/maribor_museum\/","https:\/\/www.youtube.com\/channel\/UCdshtCrun841Oc-35tYLBGQ"]}]}},"_links":{"self":[{"href":"https:\/\/museum-mb.si\/hu\/wp-json\/wp\/v2\/dogodki\/74132","targetHints":{"allow":["GET"]}}],"collection":[{"href":"https:\/\/museum-mb.si\/hu\/wp-json\/wp\/v2\/dogodki"}],"about":[{"href":"https:\/\/museum-mb.si\/hu\/wp-json\/wp\/v2\/types\/dogodki"}],"version-history":[{"count":1,"href":"https:\/\/museum-mb.si\/hu\/wp-json\/wp\/v2\/dogodki\/74132\/revisions"}],"predecessor-version":[{"id":78149,"href":"https:\/\/museum-mb.si\/hu\/wp-json\/wp\/v2\/dogodki\/74132\/revisions\/78149"}],"wp:featuredmedia":[{"embeddable":true,"href":"https:\/\/museum-mb.si\/hu\/wp-json\/wp\/v2\/media\/69258"}],"wp:attachment":[{"href":"https:\/\/museum-mb.si\/hu\/wp-json\/wp\/v2\/media?parent=74132"}],"wp:term":[{"taxonomy":"vrsta-dogodka","embeddable":true,"href":"https:\/\/museum-mb.si\/hu\/wp-json\/wp\/v2\/vrsta-dogodka?post=74132"}],"curies":[{"name":"wp","href":"https:\/\/api.w.org\/{rel}","templated":true}]}}