{"id":76817,"date":"2023-11-15T19:15:21","date_gmt":"2023-11-15T18:15:21","guid":{"rendered":"https:\/\/museum-mb.si\/?post_type=razstave&#038;p=76817"},"modified":"2023-11-15T20:05:48","modified_gmt":"2023-11-15T19:05:48","slug":"no-fiction-no-memory","status":"publish","type":"razstave","link":"https:\/\/museum-mb.si\/en\/exhibitions\/no-fiction-no-memory\/","title":{"rendered":"BREZ FIKCIJE NI SPOMINA"},"content":{"rendered":"<div data-elementor-type=\"wp-post\" data-elementor-id=\"76817\" class=\"elementor elementor-76817\" data-elementor-post-type=\"razstave\">\n\t\t\t\t\t\t<section class=\"elementor-section elementor-top-section elementor-element elementor-element-6dae9d0 elementor-section-height-min-height elementor-section-boxed elementor-section-height-default elementor-section-items-middle\" data-id=\"6dae9d0\" data-element_type=\"section\" data-settings=\"{&quot;background_background&quot;:&quot;classic&quot;,&quot;jet_parallax_layout_list&quot;:[]}\">\n\t\t\t\t\t\t\t<div class=\"elementor-background-overlay\"><\/div>\n\t\t\t\t\t\t\t<div class=\"elementor-container elementor-column-gap-no\">\n\t\t\t\t\t<div class=\"elementor-column elementor-col-50 elementor-top-column elementor-element elementor-element-b40ef28\" data-id=\"b40ef28\" data-element_type=\"column\">\n\t\t\t<div class=\"elementor-widget-wrap elementor-element-populated\">\n\t\t\t\t\t\t<div class=\"elementor-element elementor-element-203c01f elementor-widget elementor-widget-heading\" data-id=\"203c01f\" data-element_type=\"widget\" data-widget_type=\"heading.default\">\n\t\t\t\t<div class=\"elementor-widget-container\">\n\t\t\t\t\t<h2 class=\"elementor-heading-title elementor-size-default\">ROCKER OF IDEAS<\/h2>\t\t\t\t<\/div>\n\t\t\t\t<\/div>\n\t\t\t\t<div class=\"elementor-element elementor-element-b35a0a4 elementor-widget elementor-widget-heading\" data-id=\"b35a0a4\" data-element_type=\"widget\" data-widget_type=\"heading.default\">\n\t\t\t\t<div class=\"elementor-widget-container\">\n\t\t\t\t\t<h2 class=\"elementor-heading-title elementor-size-default\">BREZ FIKCIJE NI SPOMINA<\/h2>\t\t\t\t<\/div>\n\t\t\t\t<\/div>\n\t\t\t\t\t<\/div>\n\t\t<\/div>\n\t\t\t\t<div class=\"elementor-column elementor-col-50 elementor-top-column elementor-element elementor-element-b1cfba4\" data-id=\"b1cfba4\" data-element_type=\"column\">\n\t\t\t<div class=\"elementor-widget-wrap elementor-element-populated\">\n\t\t\t\t\t\t<div class=\"elementor-element elementor-element-122e162 elementor-widget elementor-widget-text-editor\" data-id=\"122e162\" data-element_type=\"widget\" data-widget_type=\"text-editor.default\">\n\t\t\t\t<div class=\"elementor-widget-container\">\n\t\t\t\t\t\t\t\t\t<p><em>2022<\/em><\/p>\t\t\t\t\t\t\t\t<\/div>\n\t\t\t\t<\/div>\n\t\t\t\t\t<\/div>\n\t\t<\/div>\n\t\t\t\t\t<\/div>\n\t\t<\/section>\n\t\t\t\t<section class=\"elementor-section elementor-top-section elementor-element elementor-element-39cee57 elementor-hidden-mobile elementor-section-boxed elementor-section-height-default elementor-section-height-default\" data-id=\"39cee57\" data-element_type=\"section\" data-settings=\"{&quot;jet_parallax_layout_list&quot;:[]}\">\n\t\t\t\t\t\t<div class=\"elementor-container elementor-column-gap-default\">\n\t\t\t\t\t<div class=\"make-column-clickable-elementor elementor-column elementor-col-100 elementor-top-column elementor-element elementor-element-418895d\" style=\"cursor: pointer;\" data-column-clickable=\"#Zbirke\" data-column-clickable-blank=\"_self\" data-id=\"418895d\" data-element_type=\"column\" data-settings=\"{&quot;background_background&quot;:&quot;classic&quot;}\">\n\t\t\t<div class=\"elementor-widget-wrap elementor-element-populated\">\n\t\t\t\t\t\t<div class=\"elementor-element elementor-element-fdf66d0 elementor-widget__width-auto elementor-widget elementor-widget-jet-inline-svg\" data-id=\"fdf66d0\" data-element_type=\"widget\" data-widget_type=\"jet-inline-svg.default\">\n\t\t\t\t<div class=\"elementor-widget-container\">\n\t\t\t\t\t<div class=\"elementor-jet-inline-svg jet-elements\"><div class=\"jet-inline-svg__wrapper\"><a class=\"jet-inline-svg jet-inline-svg--custom-width jet-inline-svg--custom-color\" href=\"#Virtualnevsebine\" aria-label=\"SVG link\"><div class=\"jet-inline-svg__inner\"><?xml version=\"1.0\" encoding=\"UTF-8\" standalone=\"no\"?>\n<svg xmlns=\"http:\/\/www.w3.org\/2000\/svg\" version=\"1.0\" width=\"512.000000pt\" height=\"512.000000pt\" viewbox=\"0 0 512.000000 512.000000\" preserveaspectratio=\"xMidYMid meet\">\n  <g transform=\"translate(0.000000,512.000000) scale(0.100000,-0.100000)\" fill=\"currentColor\" stroke=\"none\">\n    <path d=\"M277 4009 c-103 -24 -197 -103 -244 -204 -23 -51 -28 -73 -27 -145 0 -160 -96 -52 1192 -1342 777 -778 1160 -1155 1191 -1172 73 -39 158 -53 234 -37 34 7 83 24 108 37 31 17 414 394 1191 1172 1288 1290 1192 1182 1192 1342 0 72 -4 94 -28 147 -84 184 -308 262 -491 171 -26 -13 -388 -368 -1037 -1016 l-998 -997 -998 997 c-652 651 -1011 1003 -1037 1016 -76 37 -170 49 -248 31z\"><\/path>\n  <\/g>\n<\/svg>\n<\/div><\/a><\/div><\/div>\t\t\t\t<\/div>\n\t\t\t\t<\/div>\n\t\t\t\t\t<\/div>\n\t\t<\/div>\n\t\t\t\t\t<\/div>\n\t\t<\/section>\n\t\t\t\t<section class=\"elementor-section elementor-top-section elementor-element elementor-element-debc250 elementor-section-boxed elementor-section-height-default elementor-section-height-default\" data-id=\"debc250\" data-element_type=\"section\" data-settings=\"{&quot;jet_parallax_layout_list&quot;:[]}\">\n\t\t\t\t\t\t<div class=\"elementor-container elementor-column-gap-default\">\n\t\t\t\t\t<div class=\"elementor-column elementor-col-100 elementor-top-column elementor-element elementor-element-f576151\" data-id=\"f576151\" data-element_type=\"column\">\n\t\t\t<div class=\"elementor-widget-wrap elementor-element-populated\">\n\t\t\t\t\t\t<div class=\"elementor-element elementor-element-66c9fc9 elementor-widget elementor-widget-menu-anchor\" data-id=\"66c9fc9\" data-element_type=\"widget\" data-widget_type=\"menu-anchor.default\">\n\t\t\t\t<div class=\"elementor-widget-container\">\n\t\t\t\t\t\t\t<div class=\"elementor-menu-anchor\" id=\"Virtualnevsebine\"><\/div>\n\t\t\t\t\t\t<\/div>\n\t\t\t\t<\/div>\n\t\t\t\t\t<\/div>\n\t\t<\/div>\n\t\t\t\t\t<\/div>\n\t\t<\/section>\n\t\t\t\t<section class=\"elementor-section elementor-top-section elementor-element elementor-element-389302a elementor-section-boxed elementor-section-height-default elementor-section-height-default\" data-id=\"389302a\" data-element_type=\"section\" data-settings=\"{&quot;jet_parallax_layout_list&quot;:[]}\">\n\t\t\t\t\t\t<div class=\"elementor-container elementor-column-gap-default\">\n\t\t\t\t\t<div class=\"elementor-column elementor-col-50 elementor-top-column elementor-element elementor-element-d3b729c\" data-id=\"d3b729c\" data-element_type=\"column\">\n\t\t\t<div class=\"elementor-widget-wrap elementor-element-populated\">\n\t\t\t\t\t\t<div class=\"elementor-element elementor-element-a867f28 elementor-widget elementor-widget-image\" data-id=\"a867f28\" data-element_type=\"widget\" data-widget_type=\"image.default\">\n\t\t\t\t<div class=\"elementor-widget-container\">\n\t\t\t\t\t\t\t\t\t\t\t\t\t\t\t<img fetchpriority=\"high\" decoding=\"async\" width=\"800\" height=\"450\" src=\"https:\/\/museum-mb.si\/wp-content\/uploads\/2023\/11\/2022_NASLOVNA-1024x576.jpg\" class=\"attachment-large size-large wp-image-76787\" alt=\"\" srcset=\"https:\/\/museum-mb.si\/wp-content\/uploads\/2023\/11\/2022_NASLOVNA-1024x576.jpg 1024w, https:\/\/museum-mb.si\/wp-content\/uploads\/2023\/11\/2022_NASLOVNA-300x169.jpg 300w, https:\/\/museum-mb.si\/wp-content\/uploads\/2023\/11\/2022_NASLOVNA-768x432.jpg 768w, https:\/\/museum-mb.si\/wp-content\/uploads\/2023\/11\/2022_NASLOVNA-1536x864.jpg 1536w, https:\/\/museum-mb.si\/wp-content\/uploads\/2023\/11\/2022_NASLOVNA-2048x1152.jpg 2048w, https:\/\/museum-mb.si\/wp-content\/uploads\/2023\/11\/2022_NASLOVNA-18x10.jpg 18w\" sizes=\"(max-width: 800px) 100vw, 800px\" \/>\t\t\t\t\t\t\t\t\t\t\t\t\t\t\t<\/div>\n\t\t\t\t<\/div>\n\t\t\t\t\t<\/div>\n\t\t<\/div>\n\t\t\t\t<div class=\"elementor-column elementor-col-50 elementor-top-column elementor-element elementor-element-6e13a02\" data-id=\"6e13a02\" data-element_type=\"column\">\n\t\t\t<div class=\"elementor-widget-wrap elementor-element-populated\">\n\t\t\t\t\t\t<div class=\"elementor-element elementor-element-e0a20c4 elementor-widget__width-initial elementor-widget elementor-widget-text-editor\" data-id=\"e0a20c4\" data-element_type=\"widget\" data-widget_type=\"text-editor.default\">\n\t\t\t\t<div class=\"elementor-widget-container\">\n\t\t\t\t\t\t\t\t\t14. 06.-13. 08. 2022 <br>\nTemporary exhibition<br>\nOpen storage, Kino Partizan<br><br>\t\t\t\t\t\t\t\t<\/div>\n\t\t\t\t<\/div>\n\t\t\t\t<div class=\"elementor-element elementor-element-a3b5105 elementor-widget__width-initial elementor-widget elementor-widget-text-editor\" data-id=\"a3b5105\" data-element_type=\"widget\" data-widget_type=\"text-editor.default\">\n\t\t\t\t<div class=\"elementor-widget-container\">\n\t\t\t\t\t\t\t\t\tBREZ FIKCIJE NI SPOMINA\t\t\t\t\t\t\t\t<\/div>\n\t\t\t\t<\/div>\n\t\t\t\t<div class=\"elementor-element elementor-element-48f9341 elementor-widget__width-initial elementor-widget elementor-widget-text-editor\" data-id=\"48f9341\" data-element_type=\"widget\" data-widget_type=\"text-editor.default\">\n\t\t\t\t<div class=\"elementor-widget-container\">\n\t\t\t\t\t\t\t\t\tIn the two-channel video installation, the authors deal with the role of museums, traditions, and heritage in the everyday experience of an individual. The furniture depot of the Maribor Regional Museum is used by the authors to question their own experience of the past, search for visual metaphors, and to experiment with the narrative structure of an art video.\n<br><br>\nThe presented poetic essay leads the viewer into a cinematic experience of a river landscape that metaphorically represents the flow of time and historical events and is a response to depictions of the past in museums and collections, such as the furniture collection in the Maribor Regional Museum.\t\t\t\t\t\t\t\t<\/div>\n\t\t\t\t<\/div>\n\t\t\t\t\t<\/div>\n\t\t<\/div>\n\t\t\t\t\t<\/div>\n\t\t<\/section>\n\t\t\t\t<section class=\"elementor-section elementor-top-section elementor-element elementor-element-9248e7a elementor-section-boxed elementor-section-height-default elementor-section-height-default\" data-id=\"9248e7a\" data-element_type=\"section\" data-settings=\"{&quot;jet_parallax_layout_list&quot;:[]}\">\n\t\t\t\t\t\t<div class=\"elementor-container elementor-column-gap-default\">\n\t\t\t\t\t<div class=\"elementor-column elementor-col-100 elementor-top-column elementor-element elementor-element-e60cebe\" data-id=\"e60cebe\" data-element_type=\"column\">\n\t\t\t<div class=\"elementor-widget-wrap elementor-element-populated\">\n\t\t\t\t\t\t<div class=\"elementor-element elementor-element-6ee92a3 elementor-widget elementor-widget-text-editor\" data-id=\"6ee92a3\" data-element_type=\"widget\" data-widget_type=\"text-editor.default\">\n\t\t\t\t<div class=\"elementor-widget-container\">\n\t\t\t\t\t\t\t\t\tThe key dilemma highlighted by the authors in the video is the rift between a romantic-harmonious view of the past and their own inability to have such an experience in everyday life filled with violent outbursts of chaos and unforeseen catastrophes. The cause-and-effect relationships between the past and the present are often deliberately blurred due to specific ways of representing the past as a model for what exists today. Their chaotic experience of the present can be a complex generator of ideas that they use to construct representations of the past outside of prevailing museology and history. They use the ideas of three great philosophers and a great geophysicist - Karel Marx, Walter Benjamin, Henri Bergson, and Vladimir Ivanovich Vernadsky.\n\n<br><br>\nFor the purposes of making the video, the authors visited landscapes marked by the heritage of rafting. Rafting was an important economic activity of transporting wood along rivers, for the needs of which rafters tied sawn and cut wood into rafts and floated it on rivers in Slovenia, along the Sava river even to Belgrade. Maribor and other places along the Drava river were also strongly marked by the heritage of rafting. For the purposes of preparing the video installation, the authors visited and documented places in the upper Savinja Valley where their ancestors worked as rafters.\n\n<br><br>\nIn the video, the two authors are directly confronted with the inability to vividly experience the past and the roots of their ancestors in the way they are presented by official history, heritage, and tradition. The river and its surroundings thus become a metaphor for time\/ for constant change with humanity\u2019s perpetual interventions, while the river responds with its wild, unpredictable nature.\t\t\t\t\t\t\t\t<\/div>\n\t\t\t\t<\/div>\n\t\t\t\t\t<\/div>\n\t\t<\/div>\n\t\t\t\t\t<\/div>\n\t\t<\/section>\n\t\t\t\t<\/div>","protected":false},"featured_media":76787,"template":"","vrsta":[47],"class_list":["post-76817","razstave","type-razstave","status-publish","has-post-thumbnail","hentry","vrsta-brez-funkcije-spomina"],"yoast_head":"<!-- This site is optimized with the Yoast SEO plugin v27.5 - https:\/\/yoast.com\/product\/yoast-seo-wordpress\/ -->\n<title>BREZ FIKCIJE NI SPOMINA &#8211; Pokrajinski muzej Maribor<\/title>\n<meta name=\"robots\" content=\"index, follow, max-snippet:-1, max-image-preview:large, max-video-preview:-1\" \/>\n<link rel=\"canonical\" href=\"https:\/\/museum-mb.si\/en\/exhibitions\/no-fiction-no-memory\/\" \/>\n<meta property=\"og:locale\" content=\"en_GB\" \/>\n<meta property=\"og:type\" content=\"article\" \/>\n<meta property=\"og:title\" content=\"BREZ FIKCIJE NI SPOMINA &#8211; Pokrajinski muzej Maribor\" \/>\n<meta property=\"og:description\" content=\"GUGALNIK IDEJ BREZ FIKCIJE NI SPOMINA 2022 14. 06.\u201313. 08. 2022 Ob\u010dasna razstava Ogledni depo pohi\u0161tva, Kino Partizan BREZ FIKCIJE NI SPOMINAV dvokanalni video instalaciji se avtorja ukvarjata z vlogo muzejev, izro\u010dila in dedi\u0161\u010dine v vsakdanjih izku\u0161njah posameznika. Depo pohi\u0161tva Pokrajinskega muzeja Maribor jima slu\u017ei kot povod za preizpra\u0161evanje lastne izku\u0161nje preteklosti in iskanje vizualnih [&hellip;]\" \/>\n<meta property=\"og:url\" content=\"https:\/\/museum-mb.si\/en\/exhibitions\/no-fiction-no-memory\/\" \/>\n<meta property=\"og:site_name\" content=\"Pokrajinski muzej Maribor\" \/>\n<meta property=\"article:publisher\" content=\"https:\/\/www.facebook.com\/pomum123\" \/>\n<meta property=\"article:modified_time\" content=\"2023-11-15T19:05:48+00:00\" \/>\n<meta property=\"og:image\" content=\"https:\/\/museum-mb.si\/wp-content\/uploads\/2023\/11\/2022_NASLOVNA-scaled.jpg\" \/>\n\t<meta property=\"og:image:width\" content=\"2560\" \/>\n\t<meta property=\"og:image:height\" content=\"1440\" \/>\n\t<meta property=\"og:image:type\" content=\"image\/jpeg\" \/>\n<meta name=\"twitter:card\" content=\"summary_large_image\" \/>\n<meta name=\"twitter:label1\" content=\"Estimated reading time\" \/>\n\t<meta name=\"twitter:data1\" content=\"2 minutes\" \/>\n<script type=\"application\/ld+json\" class=\"yoast-schema-graph\">{\"@context\":\"https:\\\/\\\/schema.org\",\"@graph\":[{\"@type\":\"WebPage\",\"@id\":\"https:\\\/\\\/museum-mb.si\\\/razstave\\\/brez-fikcije-ni-spomina\\\/\",\"url\":\"https:\\\/\\\/museum-mb.si\\\/razstave\\\/brez-fikcije-ni-spomina\\\/\",\"name\":\"BREZ FIKCIJE NI SPOMINA &#8211; Pokrajinski muzej Maribor\",\"isPartOf\":{\"@id\":\"https:\\\/\\\/museum-mb.si\\\/#website\"},\"primaryImageOfPage\":{\"@id\":\"https:\\\/\\\/museum-mb.si\\\/razstave\\\/brez-fikcije-ni-spomina\\\/#primaryimage\"},\"image\":{\"@id\":\"https:\\\/\\\/museum-mb.si\\\/razstave\\\/brez-fikcije-ni-spomina\\\/#primaryimage\"},\"thumbnailUrl\":\"https:\\\/\\\/museum-mb.si\\\/wp-content\\\/uploads\\\/2023\\\/11\\\/2022_NASLOVNA-scaled.jpg\",\"datePublished\":\"2023-11-15T18:15:21+00:00\",\"dateModified\":\"2023-11-15T19:05:48+00:00\",\"breadcrumb\":{\"@id\":\"https:\\\/\\\/museum-mb.si\\\/razstave\\\/brez-fikcije-ni-spomina\\\/#breadcrumb\"},\"inLanguage\":\"en-GB\",\"potentialAction\":[{\"@type\":\"ReadAction\",\"target\":[\"https:\\\/\\\/museum-mb.si\\\/razstave\\\/brez-fikcije-ni-spomina\\\/\"]}]},{\"@type\":\"ImageObject\",\"inLanguage\":\"en-GB\",\"@id\":\"https:\\\/\\\/museum-mb.si\\\/razstave\\\/brez-fikcije-ni-spomina\\\/#primaryimage\",\"url\":\"https:\\\/\\\/museum-mb.si\\\/wp-content\\\/uploads\\\/2023\\\/11\\\/2022_NASLOVNA-scaled.jpg\",\"contentUrl\":\"https:\\\/\\\/museum-mb.si\\\/wp-content\\\/uploads\\\/2023\\\/11\\\/2022_NASLOVNA-scaled.jpg\",\"width\":2560,\"height\":1440},{\"@type\":\"BreadcrumbList\",\"@id\":\"https:\\\/\\\/museum-mb.si\\\/razstave\\\/brez-fikcije-ni-spomina\\\/#breadcrumb\",\"itemListElement\":[{\"@type\":\"ListItem\",\"position\":1,\"name\":\"Domov\",\"item\":\"https:\\\/\\\/museum-mb.si\\\/\"},{\"@type\":\"ListItem\",\"position\":2,\"name\":\"Razstave\",\"item\":\"https:\\\/\\\/museum-mb.si\\\/razstave\\\/\"},{\"@type\":\"ListItem\",\"position\":3,\"name\":\"BREZ FIKCIJE NI SPOMINA\"}]},{\"@type\":\"WebSite\",\"@id\":\"https:\\\/\\\/museum-mb.si\\\/#website\",\"url\":\"https:\\\/\\\/museum-mb.si\\\/\",\"name\":\"Pokrajinski muzej Maribor\",\"description\":\"\",\"publisher\":{\"@id\":\"https:\\\/\\\/museum-mb.si\\\/#organization\"},\"potentialAction\":[{\"@type\":\"SearchAction\",\"target\":{\"@type\":\"EntryPoint\",\"urlTemplate\":\"https:\\\/\\\/museum-mb.si\\\/?s={search_term_string}\"},\"query-input\":{\"@type\":\"PropertyValueSpecification\",\"valueRequired\":true,\"valueName\":\"search_term_string\"}}],\"inLanguage\":\"en-GB\"},{\"@type\":\"Organization\",\"@id\":\"https:\\\/\\\/museum-mb.si\\\/#organization\",\"name\":\"Pokrajinski muzej Maribor\",\"url\":\"https:\\\/\\\/museum-mb.si\\\/\",\"logo\":{\"@type\":\"ImageObject\",\"inLanguage\":\"en-GB\",\"@id\":\"https:\\\/\\\/museum-mb.si\\\/#\\\/schema\\\/logo\\\/image\\\/\",\"url\":\"https:\\\/\\\/museum-mb.si\\\/wp-content\\\/uploads\\\/2024\\\/12\\\/pmm_logo_barvni_jpeg.jpg\",\"contentUrl\":\"https:\\\/\\\/museum-mb.si\\\/wp-content\\\/uploads\\\/2024\\\/12\\\/pmm_logo_barvni_jpeg.jpg\",\"width\":758,\"height\":754,\"caption\":\"Pokrajinski muzej Maribor\"},\"image\":{\"@id\":\"https:\\\/\\\/museum-mb.si\\\/#\\\/schema\\\/logo\\\/image\\\/\"},\"sameAs\":[\"https:\\\/\\\/www.facebook.com\\\/pomum123\",\"https:\\\/\\\/www.instagram.com\\\/maribor_museum\\\/\",\"https:\\\/\\\/www.youtube.com\\\/channel\\\/UCdshtCrun841Oc-35tYLBGQ\"]}]}<\/script>\n<!-- \/ Yoast SEO plugin. -->","yoast_head_json":{"title":"NO MEMORY WITHOUT FICTION - Maribor Regional Museum","robots":{"index":"index","follow":"follow","max-snippet":"max-snippet:-1","max-image-preview":"max-image-preview:large","max-video-preview":"max-video-preview:-1"},"canonical":"https:\/\/museum-mb.si\/en\/exhibitions\/no-fiction-no-memory\/","og_locale":"en_GB","og_type":"article","og_title":"BREZ FIKCIJE NI SPOMINA &#8211; Pokrajinski muzej Maribor","og_description":"GUGALNIK IDEJ BREZ FIKCIJE NI SPOMINA 2022 14. 06.\u201313. 08. 2022 Ob\u010dasna razstava Ogledni depo pohi\u0161tva, Kino Partizan BREZ FIKCIJE NI SPOMINAV dvokanalni video instalaciji se avtorja ukvarjata z vlogo muzejev, izro\u010dila in dedi\u0161\u010dine v vsakdanjih izku\u0161njah posameznika. Depo pohi\u0161tva Pokrajinskega muzeja Maribor jima slu\u017ei kot povod za preizpra\u0161evanje lastne izku\u0161nje preteklosti in iskanje vizualnih [&hellip;]","og_url":"https:\/\/museum-mb.si\/en\/exhibitions\/no-fiction-no-memory\/","og_site_name":"Pokrajinski muzej Maribor","article_publisher":"https:\/\/www.facebook.com\/pomum123","article_modified_time":"2023-11-15T19:05:48+00:00","og_image":[{"width":2560,"height":1440,"url":"https:\/\/museum-mb.si\/wp-content\/uploads\/2023\/11\/2022_NASLOVNA-scaled.jpg","type":"image\/jpeg"}],"twitter_card":"summary_large_image","twitter_misc":{"Estimated reading time":"2 minutes"},"schema":{"@context":"https:\/\/schema.org","@graph":[{"@type":"WebPage","@id":"https:\/\/museum-mb.si\/razstave\/brez-fikcije-ni-spomina\/","url":"https:\/\/museum-mb.si\/razstave\/brez-fikcije-ni-spomina\/","name":"NO MEMORY WITHOUT FICTION - Maribor Regional Museum","isPartOf":{"@id":"https:\/\/museum-mb.si\/#website"},"primaryImageOfPage":{"@id":"https:\/\/museum-mb.si\/razstave\/brez-fikcije-ni-spomina\/#primaryimage"},"image":{"@id":"https:\/\/museum-mb.si\/razstave\/brez-fikcije-ni-spomina\/#primaryimage"},"thumbnailUrl":"https:\/\/museum-mb.si\/wp-content\/uploads\/2023\/11\/2022_NASLOVNA-scaled.jpg","datePublished":"2023-11-15T18:15:21+00:00","dateModified":"2023-11-15T19:05:48+00:00","breadcrumb":{"@id":"https:\/\/museum-mb.si\/razstave\/brez-fikcije-ni-spomina\/#breadcrumb"},"inLanguage":"en-GB","potentialAction":[{"@type":"ReadAction","target":["https:\/\/museum-mb.si\/razstave\/brez-fikcije-ni-spomina\/"]}]},{"@type":"ImageObject","inLanguage":"en-GB","@id":"https:\/\/museum-mb.si\/razstave\/brez-fikcije-ni-spomina\/#primaryimage","url":"https:\/\/museum-mb.si\/wp-content\/uploads\/2023\/11\/2022_NASLOVNA-scaled.jpg","contentUrl":"https:\/\/museum-mb.si\/wp-content\/uploads\/2023\/11\/2022_NASLOVNA-scaled.jpg","width":2560,"height":1440},{"@type":"BreadcrumbList","@id":"https:\/\/museum-mb.si\/razstave\/brez-fikcije-ni-spomina\/#breadcrumb","itemListElement":[{"@type":"ListItem","position":1,"name":"Domov","item":"https:\/\/museum-mb.si\/"},{"@type":"ListItem","position":2,"name":"Razstave","item":"https:\/\/museum-mb.si\/razstave\/"},{"@type":"ListItem","position":3,"name":"BREZ FIKCIJE NI SPOMINA"}]},{"@type":"WebSite","@id":"https:\/\/museum-mb.si\/#website","url":"https:\/\/museum-mb.si\/","name":"Maribor Regional Museum","description":"","publisher":{"@id":"https:\/\/museum-mb.si\/#organization"},"potentialAction":[{"@type":"SearchAction","target":{"@type":"EntryPoint","urlTemplate":"https:\/\/museum-mb.si\/?s={search_term_string}"},"query-input":{"@type":"PropertyValueSpecification","valueRequired":true,"valueName":"search_term_string"}}],"inLanguage":"en-GB"},{"@type":"Organization","@id":"https:\/\/museum-mb.si\/#organization","name":"Maribor Regional Museum","url":"https:\/\/museum-mb.si\/","logo":{"@type":"ImageObject","inLanguage":"en-GB","@id":"https:\/\/museum-mb.si\/#\/schema\/logo\/image\/","url":"https:\/\/museum-mb.si\/wp-content\/uploads\/2024\/12\/pmm_logo_barvni_jpeg.jpg","contentUrl":"https:\/\/museum-mb.si\/wp-content\/uploads\/2024\/12\/pmm_logo_barvni_jpeg.jpg","width":758,"height":754,"caption":"Pokrajinski muzej Maribor"},"image":{"@id":"https:\/\/museum-mb.si\/#\/schema\/logo\/image\/"},"sameAs":["https:\/\/www.facebook.com\/pomum123","https:\/\/www.instagram.com\/maribor_museum\/","https:\/\/www.youtube.com\/channel\/UCdshtCrun841Oc-35tYLBGQ"]}]}},"_links":{"self":[{"href":"https:\/\/museum-mb.si\/en\/wp-json\/wp\/v2\/razstave\/76817","targetHints":{"allow":["GET"]}}],"collection":[{"href":"https:\/\/museum-mb.si\/en\/wp-json\/wp\/v2\/razstave"}],"about":[{"href":"https:\/\/museum-mb.si\/en\/wp-json\/wp\/v2\/types\/razstave"}],"version-history":[{"count":14,"href":"https:\/\/museum-mb.si\/en\/wp-json\/wp\/v2\/razstave\/76817\/revisions"}],"predecessor-version":[{"id":81143,"href":"https:\/\/museum-mb.si\/en\/wp-json\/wp\/v2\/razstave\/76817\/revisions\/81143"}],"wp:featuredmedia":[{"embeddable":true,"href":"https:\/\/museum-mb.si\/en\/wp-json\/wp\/v2\/media\/76787"}],"wp:attachment":[{"href":"https:\/\/museum-mb.si\/en\/wp-json\/wp\/v2\/media?parent=76817"}],"wp:term":[{"taxonomy":"vrsta","embeddable":true,"href":"https:\/\/museum-mb.si\/en\/wp-json\/wp\/v2\/vrsta?post=76817"}],"curies":[{"name":"wp","href":"https:\/\/api.w.org\/{rel}","templated":true}]}}