{"id":71494,"date":"2022-09-15T18:24:47","date_gmt":"2022-09-15T18:24:47","guid":{"rendered":"https:\/\/nova.museum-mb.si\/?post_type=razstave&#038;p=71494"},"modified":"2022-09-18T15:31:00","modified_gmt":"2022-09-18T15:31:00","slug":"too-much-like-my-father-prays-to-god-for-us","status":"publish","type":"razstave","link":"https:\/\/museum-mb.si\/en\/exhibitions\/too-much-like-my-father-prays-to-god-for-us\/","title":{"rendered":"Venerable Mother Petka, Pray to God for Us"},"content":{"rendered":"<div data-elementor-type=\"wp-post\" data-elementor-id=\"71494\" class=\"elementor elementor-71494\" data-elementor-post-type=\"razstave\">\n\t\t\t\t\t\t<section class=\"elementor-section elementor-top-section elementor-element elementor-element-20d1ca52 elementor-section-height-min-height elementor-section-boxed elementor-section-height-default elementor-section-items-middle\" data-id=\"20d1ca52\" data-element_type=\"section\" data-settings=\"{&quot;background_background&quot;:&quot;classic&quot;,&quot;jet_parallax_layout_list&quot;:[]}\">\n\t\t\t\t\t\t\t<div class=\"elementor-background-overlay\"><\/div>\n\t\t\t\t\t\t\t<div class=\"elementor-container elementor-column-gap-no\">\n\t\t\t\t\t<div class=\"elementor-column elementor-col-50 elementor-top-column elementor-element elementor-element-10d88335\" data-id=\"10d88335\" data-element_type=\"column\">\n\t\t\t<div class=\"elementor-widget-wrap elementor-element-populated\">\n\t\t\t\t\t\t<div class=\"elementor-element elementor-element-30825e62 elementor-widget elementor-widget-heading\" data-id=\"30825e62\" data-element_type=\"widget\" data-widget_type=\"heading.default\">\n\t\t\t\t<div class=\"elementor-widget-container\">\n\t\t\t\t\t<h2 class=\"elementor-heading-title elementor-size-default\">HOLY MOTHER PETKA<\/h2>\t\t\t\t<\/div>\n\t\t\t\t<\/div>\n\t\t\t\t<div class=\"elementor-element elementor-element-b7a751b elementor-widget elementor-widget-heading\" data-id=\"b7a751b\" data-element_type=\"widget\" data-widget_type=\"heading.default\">\n\t\t\t\t<div class=\"elementor-widget-container\">\n\t\t\t\t\t<h2 class=\"elementor-heading-title elementor-size-default\">VENERABLE MOTHER PETKA,\nPRAY TO \nGOD\nFOR US<\/h2>\t\t\t\t<\/div>\n\t\t\t\t<\/div>\n\t\t\t\t\t<\/div>\n\t\t<\/div>\n\t\t\t\t<div class=\"elementor-column elementor-col-50 elementor-top-column elementor-element elementor-element-c60cbcf\" data-id=\"c60cbcf\" data-element_type=\"column\">\n\t\t\t<div class=\"elementor-widget-wrap elementor-element-populated\">\n\t\t\t\t\t\t<div class=\"elementor-element elementor-element-197e9f63 elementor-widget elementor-widget-text-editor\" data-id=\"197e9f63\" data-element_type=\"widget\" data-widget_type=\"text-editor.default\">\n\t\t\t\t<div class=\"elementor-widget-container\">\n\t\t\t\t\t\t\t\t\t<p><em><strong>The Lord wants a pure heart<\/strong><\/em><\/p><p>(Bishop Nikolaj Velimirovic, a poem to Saint Petka, 20th century)<\/p>\t\t\t\t\t\t\t\t<\/div>\n\t\t\t\t<\/div>\n\t\t\t\t\t<\/div>\n\t\t<\/div>\n\t\t\t\t\t<\/div>\n\t\t<\/section>\n\t\t\t\t<section class=\"elementor-section elementor-top-section elementor-element elementor-element-9def729 elementor-hidden-mobile elementor-section-boxed elementor-section-height-default elementor-section-height-default\" data-id=\"9def729\" data-element_type=\"section\" data-settings=\"{&quot;jet_parallax_layout_list&quot;:[]}\">\n\t\t\t\t\t\t<div class=\"elementor-container elementor-column-gap-default\">\n\t\t\t\t\t<div class=\"make-column-clickable-elementor elementor-column elementor-col-100 elementor-top-column elementor-element elementor-element-11be5599\" style=\"cursor: pointer;\" data-column-clickable=\"#Zbirke\" data-column-clickable-blank=\"_self\" data-id=\"11be5599\" data-element_type=\"column\" data-settings=\"{&quot;background_background&quot;:&quot;classic&quot;}\">\n\t\t\t<div class=\"elementor-widget-wrap elementor-element-populated\">\n\t\t\t\t\t\t<div class=\"elementor-element elementor-element-113064f1 elementor-widget__width-auto elementor-widget elementor-widget-jet-inline-svg\" data-id=\"113064f1\" data-element_type=\"widget\" data-widget_type=\"jet-inline-svg.default\">\n\t\t\t\t<div class=\"elementor-widget-container\">\n\t\t\t\t\t<div class=\"elementor-jet-inline-svg jet-elements\"><div class=\"jet-inline-svg__wrapper\"><a class=\"jet-inline-svg jet-inline-svg--custom-width jet-inline-svg--custom-color\" href=\"#Virtualnevsebine\" aria-label=\"SVG link\"><img decoding=\"async\" src=\"https:\/\/museum-mb.si\/wp-content\/uploads\/2022\/08\/arrow-down-sign-to-navigate.svg\" alt=\"\" class=\"jet-inline-svg__inner\"><\/a><\/div><\/div>\t\t\t\t<\/div>\n\t\t\t\t<\/div>\n\t\t\t\t\t<\/div>\n\t\t<\/div>\n\t\t\t\t\t<\/div>\n\t\t<\/section>\n\t\t\t\t<section class=\"elementor-section elementor-top-section elementor-element elementor-element-52840a96 elementor-section-boxed elementor-section-height-default elementor-section-height-default\" data-id=\"52840a96\" data-element_type=\"section\" data-settings=\"{&quot;jet_parallax_layout_list&quot;:[]}\">\n\t\t\t\t\t\t<div class=\"elementor-container elementor-column-gap-default\">\n\t\t\t\t\t<div class=\"elementor-column elementor-col-100 elementor-top-column elementor-element elementor-element-667a891a\" data-id=\"667a891a\" data-element_type=\"column\">\n\t\t\t<div class=\"elementor-widget-wrap elementor-element-populated\">\n\t\t\t\t\t\t<div class=\"elementor-element elementor-element-36d68435 elementor-widget elementor-widget-menu-anchor\" data-id=\"36d68435\" data-element_type=\"widget\" data-widget_type=\"menu-anchor.default\">\n\t\t\t\t<div class=\"elementor-widget-container\">\n\t\t\t\t\t\t\t<div class=\"elementor-menu-anchor\" id=\"Virtualnevsebine\"><\/div>\n\t\t\t\t\t\t<\/div>\n\t\t\t\t<\/div>\n\t\t\t\t\t<\/div>\n\t\t<\/div>\n\t\t\t\t\t<\/div>\n\t\t<\/section>\n\t\t\t\t<section class=\"elementor-section elementor-top-section elementor-element elementor-element-27dc8b74 elementor-section-boxed elementor-section-height-default elementor-section-height-default\" data-id=\"27dc8b74\" data-element_type=\"section\" data-settings=\"{&quot;jet_parallax_layout_list&quot;:[]}\">\n\t\t\t\t\t\t<div class=\"elementor-container elementor-column-gap-default\">\n\t\t\t\t\t<div class=\"elementor-column elementor-col-100 elementor-top-column elementor-element elementor-element-45c892c0\" data-id=\"45c892c0\" data-element_type=\"column\">\n\t\t\t<div class=\"elementor-widget-wrap elementor-element-populated\">\n\t\t\t\t\t\t<div class=\"elementor-element elementor-element-8846be1 elementor-widget elementor-widget-jet-carousel\" data-id=\"8846be1\" data-element_type=\"widget\" data-settings=\"{&quot;slides_to_show&quot;:&quot;1&quot;,&quot;slides_to_show_mobile&quot;:&quot;1&quot;,&quot;slides_to_scroll_mobile&quot;:&quot;1&quot;,&quot;slides_to_scroll&quot;:&quot;1&quot;}\" data-widget_type=\"jet-carousel.default\">\n\t\t\t\t<div class=\"elementor-widget-container\">\n\t\t\t\t\t<div class=\"elementor-jet-carousel jet-elements\"><div class=\"jet-carousel-wrap\">\n\t<div class=\"jet-carousel\" data-slider_options=\"{&quot;autoplaySpeed&quot;:5000,&quot;autoplay&quot;:false,&quot;infinite&quot;:true,&quot;centerMode&quot;:false,&quot;centerPadding&quot;:&quot;50px&quot;,&quot;pauseOnHover&quot;:false,&quot;speed&quot;:500,&quot;arrows&quot;:true,&quot;dots&quot;:true,&quot;variableWidth&quot;:false,&quot;prevArrow&quot;:&quot;.jet-carousel__prev-arrow-8846be1&quot;,&quot;nextArrow&quot;:&quot;.jet-carousel__next-arrow-8846be1&quot;,&quot;rtl&quot;:false,&quot;fractionNav&quot;:false,&quot;fade&quot;:false}\" dir=\"ltr\">\n\t<div class=\"elementor-slick-slider\">\n\n<div class=\"jet-carousel__item\">\n\t<div class=\"jet-carousel__item-inner\"><div class=\"jet-carousel__content\">\t\t<div data-elementor-type=\"section\" data-elementor-id=\"72156\" class=\"elementor elementor-72156\" data-elementor-post-type=\"elementor_library\">\n\t\t\t\t\t<section class=\"elementor-section elementor-top-section elementor-element elementor-element-a6209fa elementor-section-boxed elementor-section-height-default elementor-section-height-default\" data-id=\"a6209fa\" data-element_type=\"section\" data-settings=\"{&quot;jet_parallax_layout_list&quot;:[]}\">\n\t\t\t\t\t\t<div class=\"elementor-container elementor-column-gap-default\">\n\t\t\t\t\t<div class=\"elementor-column elementor-col-50 elementor-top-column elementor-element elementor-element-3f6d0beb\" data-id=\"3f6d0beb\" data-element_type=\"column\">\n\t\t\t<div class=\"elementor-widget-wrap elementor-element-populated\">\n\t\t\t\t\t\t<div class=\"elementor-element elementor-element-3ce2f4ef elementor-widget elementor-widget-image\" data-id=\"3ce2f4ef\" data-element_type=\"widget\" data-widget_type=\"image.default\">\n\t\t\t\t<div class=\"elementor-widget-container\">\n\t\t\t\t\t\t\t\t\t\t\t\t\t\t\t<img fetchpriority=\"high\" decoding=\"async\" width=\"800\" height=\"534\" src=\"https:\/\/museum-mb.si\/wp-content\/uploads\/2022\/08\/Svpetka-Page-5_Photo-1_Sinobad-uai-1440x960-1-1024x683.jpg\" class=\"attachment-large size-large wp-image-72155\" alt=\"\" srcset=\"https:\/\/museum-mb.si\/wp-content\/uploads\/2022\/08\/Svpetka-Page-5_Photo-1_Sinobad-uai-1440x960-1-1024x683.jpg.webp 1024w, https:\/\/museum-mb.si\/wp-content\/uploads\/2022\/08\/Svpetka-Page-5_Photo-1_Sinobad-uai-1440x960-1-300x200.jpg.webp 300w, https:\/\/museum-mb.si\/wp-content\/uploads\/2022\/08\/Svpetka-Page-5_Photo-1_Sinobad-uai-1440x960-1-768x512.jpg.webp 768w, https:\/\/museum-mb.si\/wp-content\/uploads\/2022\/08\/Svpetka-Page-5_Photo-1_Sinobad-uai-1440x960-1-18x12.jpg.webp 18w, https:\/\/museum-mb.si\/wp-content\/uploads\/2022\/08\/Svpetka-Page-5_Photo-1_Sinobad-uai-1440x960-1.jpg.webp 1440w\" sizes=\"(max-width: 800px) 100vw, 800px\" \/>\t\t\t\t\t\t\t\t\t\t\t\t\t\t\t<\/div>\n\t\t\t\t<\/div>\n\t\t\t\t\t<\/div>\n\t\t<\/div>\n\t\t\t\t<div class=\"elementor-column elementor-col-50 elementor-top-column elementor-element elementor-element-1911cf19\" data-id=\"1911cf19\" data-element_type=\"column\">\n\t\t\t<div class=\"elementor-widget-wrap elementor-element-populated\">\n\t\t\t\t\t\t<div class=\"elementor-element elementor-element-63b2008d elementor-widget__width-initial elementor-widget elementor-widget-text-editor\" data-id=\"63b2008d\" data-element_type=\"widget\" data-widget_type=\"text-editor.default\">\n\t\t\t\t<div class=\"elementor-widget-container\">\n\t\t\t\t\t\t\t\t\tSlava \u2013 a Patron Saint\u2019s Day, is a tradition found among Serbian Orthodox Christians. This traditional celebration of a family\u2019s saint protector was inscribed in the UNESCO Representative List of the intangible cultural heritage of humanity in 2014. ''Slava'' is characterized by the gathering of families and friends around a festive table, and its symbols are the icon of the saint being celebrated, an especially decorated ''slava'' cake, a candle, wheat with sugar, walnuts and nutmeg, called ''\u017eito'', and wine. It is the day for gathering, forgiveness and love because Orthodox Serbs know that the Lord wants a pure heart.\t\t\t\t\t\t\t\t<\/div>\n\t\t\t\t<\/div>\n\t\t\t\t\t<\/div>\n\t\t<\/div>\n\t\t\t\t\t<\/div>\n\t\t<\/section>\n\t\t\t\t<\/div>\n\t\t<\/div><\/div>\n<\/div>\n\n<div class=\"jet-carousel__item\">\n\t<div class=\"jet-carousel__item-inner\"><div class=\"jet-carousel__content\">\t\t<div data-elementor-type=\"section\" data-elementor-id=\"72169\" class=\"elementor elementor-72169\" data-elementor-post-type=\"elementor_library\">\n\t\t\t\t\t<section class=\"elementor-section elementor-top-section elementor-element elementor-element-16023d67 elementor-section-boxed elementor-section-height-default elementor-section-height-default\" data-id=\"16023d67\" data-element_type=\"section\" data-settings=\"{&quot;jet_parallax_layout_list&quot;:[]}\">\n\t\t\t\t\t\t<div class=\"elementor-container elementor-column-gap-default\">\n\t\t\t\t\t<div class=\"elementor-column elementor-col-50 elementor-top-column elementor-element elementor-element-629757e4\" data-id=\"629757e4\" data-element_type=\"column\">\n\t\t\t<div class=\"elementor-widget-wrap elementor-element-populated\">\n\t\t\t\t\t\t<div class=\"elementor-element elementor-element-162f0f1e elementor-widget elementor-widget-image\" data-id=\"162f0f1e\" data-element_type=\"widget\" data-widget_type=\"image.default\">\n\t\t\t\t<div class=\"elementor-widget-container\">\n\t\t\t\t\t\t\t\t\t\t\t\t\t\t\t<img decoding=\"async\" width=\"683\" height=\"1024\" src=\"https:\/\/museum-mb.si\/wp-content\/uploads\/2022\/08\/Svpetka-Page-5_Photo-2_Sinobad-uai-720x1080-1-683x1024.jpg\" class=\"attachment-large size-large wp-image-72168\" alt=\"\" srcset=\"https:\/\/museum-mb.si\/wp-content\/uploads\/2022\/08\/Svpetka-Page-5_Photo-2_Sinobad-uai-720x1080-1-683x1024.jpg.webp 683w, https:\/\/museum-mb.si\/wp-content\/uploads\/2022\/08\/Svpetka-Page-5_Photo-2_Sinobad-uai-720x1080-1-200x300.jpg.webp 200w, https:\/\/museum-mb.si\/wp-content\/uploads\/2022\/08\/Svpetka-Page-5_Photo-2_Sinobad-uai-720x1080-1-8x12.jpg.webp 8w, https:\/\/museum-mb.si\/wp-content\/uploads\/2022\/08\/Svpetka-Page-5_Photo-2_Sinobad-uai-720x1080-1.jpg.webp 720w\" sizes=\"(max-width: 683px) 100vw, 683px\" \/>\t\t\t\t\t\t\t\t\t\t\t\t\t\t\t<\/div>\n\t\t\t\t<\/div>\n\t\t\t\t\t<\/div>\n\t\t<\/div>\n\t\t\t\t<div class=\"elementor-column elementor-col-50 elementor-top-column elementor-element elementor-element-1726d1a0\" data-id=\"1726d1a0\" data-element_type=\"column\">\n\t\t\t<div class=\"elementor-widget-wrap elementor-element-populated\">\n\t\t\t\t\t\t<div class=\"elementor-element elementor-element-4d1117fc elementor-widget__width-initial elementor-widget elementor-widget-text-editor\" data-id=\"4d1117fc\" data-element_type=\"widget\" data-widget_type=\"text-editor.default\">\n\t\t\t\t<div class=\"elementor-widget-container\">\n\t\t\t\t\t\t\t\t\t<p>''Slava'' is celebrated on the day when the Serbian Orthodox Church commemorates a specific saint, which is the 27th of October in the case of Saint Petka. Among the Serbs, Saint Nicholas (the 19th of December), Saint John the Baptist (the 20th of January), Saint Michael the Archangel (the 21st of November), Saint George (the 6th of May) and Saint Petka are most often celebrated. As a rule ''slava'' is passed down from father to eldest son, and it rarely happens that someone changes the patron saint. Saint Petka is an exception from this rule because she is mostly celebrated by those whom she has helped. It often happens that Saint Petka is the second saint of a family that already has one, but because she helped a family member, she is also celebrated as a sign of gratitude.<\/p><p><em>Worshipers of Holy Petka always fast on Fridays, because they consider that to be her day. Fasting ends with Holy Communion, which has a special significance when received on Petka's Day - the 27th of October.<\/em><\/p>\t\t\t\t\t\t\t\t<\/div>\n\t\t\t\t<\/div>\n\t\t\t\t\t<\/div>\n\t\t<\/div>\n\t\t\t\t\t<\/div>\n\t\t<\/section>\n\t\t\t\t<\/div>\n\t\t<\/div><\/div>\n<\/div>\n\n<div class=\"jet-carousel__item\">\n\t<div class=\"jet-carousel__item-inner\"><div class=\"jet-carousel__content\">\t\t<div data-elementor-type=\"section\" data-elementor-id=\"72160\" class=\"elementor elementor-72160\" data-elementor-post-type=\"elementor_library\">\n\t\t\t\t\t<section class=\"elementor-section elementor-top-section elementor-element elementor-element-5a697f85 elementor-section-boxed elementor-section-height-default elementor-section-height-default\" data-id=\"5a697f85\" data-element_type=\"section\" data-settings=\"{&quot;jet_parallax_layout_list&quot;:[]}\">\n\t\t\t\t\t\t<div class=\"elementor-container elementor-column-gap-default\">\n\t\t\t\t\t<div class=\"elementor-column elementor-col-50 elementor-top-column elementor-element elementor-element-22adeece\" data-id=\"22adeece\" data-element_type=\"column\">\n\t\t\t<div class=\"elementor-widget-wrap elementor-element-populated\">\n\t\t\t\t\t\t<div class=\"elementor-element elementor-element-649b31de elementor-widget elementor-widget-image\" data-id=\"649b31de\" data-element_type=\"widget\" data-widget_type=\"image.default\">\n\t\t\t\t<div class=\"elementor-widget-container\">\n\t\t\t\t\t\t\t\t\t\t\t\t\t\t\t<img decoding=\"async\" width=\"800\" height=\"534\" src=\"https:\/\/museum-mb.si\/wp-content\/uploads\/2022\/08\/Svpetka-Page-5_Photo-3_Sinobad-uai-1440x960-1-1024x683.jpg\" class=\"attachment-large size-large wp-image-72159\" alt=\"\" srcset=\"https:\/\/museum-mb.si\/wp-content\/uploads\/2022\/08\/Svpetka-Page-5_Photo-3_Sinobad-uai-1440x960-1-1024x683.jpg.webp 1024w, https:\/\/museum-mb.si\/wp-content\/uploads\/2022\/08\/Svpetka-Page-5_Photo-3_Sinobad-uai-1440x960-1-300x200.jpg.webp 300w, https:\/\/museum-mb.si\/wp-content\/uploads\/2022\/08\/Svpetka-Page-5_Photo-3_Sinobad-uai-1440x960-1-768x512.jpg.webp 768w, https:\/\/museum-mb.si\/wp-content\/uploads\/2022\/08\/Svpetka-Page-5_Photo-3_Sinobad-uai-1440x960-1-18x12.jpg.webp 18w, https:\/\/museum-mb.si\/wp-content\/uploads\/2022\/08\/Svpetka-Page-5_Photo-3_Sinobad-uai-1440x960-1.jpg.webp 1440w\" sizes=\"(max-width: 800px) 100vw, 800px\" \/>\t\t\t\t\t\t\t\t\t\t\t\t\t\t\t<\/div>\n\t\t\t\t<\/div>\n\t\t\t\t\t<\/div>\n\t\t<\/div>\n\t\t\t\t<div class=\"elementor-column elementor-col-50 elementor-top-column elementor-element elementor-element-ebcd172\" data-id=\"ebcd172\" data-element_type=\"column\">\n\t\t\t<div class=\"elementor-widget-wrap elementor-element-populated\">\n\t\t\t\t\t\t<div class=\"elementor-element elementor-element-417a10e2 elementor-widget__width-initial elementor-widget elementor-widget-text-editor\" data-id=\"417a10e2\" data-element_type=\"widget\" data-widget_type=\"text-editor.default\">\n\t\t\t\t<div class=\"elementor-widget-container\">\n\t\t\t\t\t\t\t\t\t<p>''Slava'' is also celebrated in the temples of the Serbian Orthodox Church. More precisely, they celebrate the saint to whom the church is dedicated. Thus, on October 27, thousands of people gather at the Chapel of Saint Petka at the Belgrade Fortress. They come to pray together, receive Holy Communion and ''break'' the ''Slava'' cake. Even though the spring and its water are accessible every day in the Chapel of Saint Petka, worshipers of the Saint believe that its special power is exuded particularly on the 27th of October. Everyone waits patiently for their piece of prosphoron, for a sip of consecrated wine and a spoonful of Slava wheat \u2013 \u017eito.  The prayer can be heard from everyone\u2019s mouth: Venerable Mother Petka, pray to God for us.<\/p>\n<p><em>The celebration of Holy Petka - the consecration of wine and wheat - ''\u017eito'' is an important moment of the celebratory ritual, inscribed in the UNESCO Intangible Cultural Heritage Lists  in 2014.<\/em><\/p>\n<p><\/p>\n<gwmw style=\"display:none;\"><\/gwmw>\t\t\t\t\t\t\t\t<\/div>\n\t\t\t\t<\/div>\n\t\t\t\t\t<\/div>\n\t\t<\/div>\n\t\t\t\t\t<\/div>\n\t\t<\/section>\n\t\t\t\t<\/div>\n\t\t<\/div><\/div>\n<\/div>\n\n<div class=\"jet-carousel__item\">\n\t<div class=\"jet-carousel__item-inner\"><div class=\"jet-carousel__content\">\t\t<div data-elementor-type=\"section\" data-elementor-id=\"72164\" class=\"elementor elementor-72164\" data-elementor-post-type=\"elementor_library\">\n\t\t\t\t\t<section class=\"elementor-section elementor-top-section elementor-element elementor-element-28be977a elementor-section-boxed elementor-section-height-default elementor-section-height-default\" data-id=\"28be977a\" data-element_type=\"section\" data-settings=\"{&quot;jet_parallax_layout_list&quot;:[]}\">\n\t\t\t\t\t\t<div class=\"elementor-container elementor-column-gap-default\">\n\t\t\t\t\t<div class=\"elementor-column elementor-col-50 elementor-top-column elementor-element elementor-element-48f7584f\" data-id=\"48f7584f\" data-element_type=\"column\">\n\t\t\t<div class=\"elementor-widget-wrap elementor-element-populated\">\n\t\t\t\t\t\t<div class=\"elementor-element elementor-element-6692150b elementor-widget elementor-widget-image\" data-id=\"6692150b\" data-element_type=\"widget\" data-widget_type=\"image.default\">\n\t\t\t\t<div class=\"elementor-widget-container\">\n\t\t\t\t\t\t\t\t\t\t\t\t\t\t\t<img loading=\"lazy\" decoding=\"async\" width=\"800\" height=\"534\" src=\"https:\/\/museum-mb.si\/wp-content\/uploads\/2022\/08\/Svpetka-Page-5_Photo-4_Sinobad-uai-1440x960-1-1024x683.jpg\" class=\"attachment-large size-large wp-image-72163\" alt=\"\" srcset=\"https:\/\/museum-mb.si\/wp-content\/uploads\/2022\/08\/Svpetka-Page-5_Photo-4_Sinobad-uai-1440x960-1-1024x683.jpg.webp 1024w, https:\/\/museum-mb.si\/wp-content\/uploads\/2022\/08\/Svpetka-Page-5_Photo-4_Sinobad-uai-1440x960-1-300x200.jpg.webp 300w, https:\/\/museum-mb.si\/wp-content\/uploads\/2022\/08\/Svpetka-Page-5_Photo-4_Sinobad-uai-1440x960-1-768x512.jpg.webp 768w, https:\/\/museum-mb.si\/wp-content\/uploads\/2022\/08\/Svpetka-Page-5_Photo-4_Sinobad-uai-1440x960-1-18x12.jpg.webp 18w, https:\/\/museum-mb.si\/wp-content\/uploads\/2022\/08\/Svpetka-Page-5_Photo-4_Sinobad-uai-1440x960-1.jpg.webp 1440w\" sizes=\"(max-width: 800px) 100vw, 800px\" \/>\t\t\t\t\t\t\t\t\t\t\t\t\t\t\t<\/div>\n\t\t\t\t<\/div>\n\t\t\t\t\t<\/div>\n\t\t<\/div>\n\t\t\t\t<div class=\"elementor-column elementor-col-50 elementor-top-column elementor-element elementor-element-415efa84\" data-id=\"415efa84\" data-element_type=\"column\">\n\t\t\t<div class=\"elementor-widget-wrap elementor-element-populated\">\n\t\t\t\t\t\t<div class=\"elementor-element elementor-element-29804621 elementor-widget__width-initial elementor-widget elementor-widget-text-editor\" data-id=\"29804621\" data-element_type=\"widget\" data-widget_type=\"text-editor.default\">\n\t\t\t\t<div class=\"elementor-widget-container\">\n\t\t\t\t\t\t\t\t\t<p><em>The breaking of the ''Slava'' cake is the highlight of the festivities and gathers all the participants. The Chapel of St. Petka in Belgrade, October 27th, 2018.<\/em><\/p>\t\t\t\t\t\t\t\t<\/div>\n\t\t\t\t<\/div>\n\t\t\t\t\t<\/div>\n\t\t<\/div>\n\t\t\t\t\t<\/div>\n\t\t<\/section>\n\t\t\t\t<\/div>\n\t\t<\/div><\/div>\n<\/div>\n<\/div><div class=\"jet-carousel__prev-arrow-8846be1 jet-arrow prev-arrow\"><i aria-hidden=\"true\" class=\"fas fa-angle-left\"><\/i><\/div><div class=\"jet-carousel__next-arrow-8846be1 jet-arrow next-arrow\"><i aria-hidden=\"true\" class=\"fas fa-angle-right\"><\/i><\/div><\/div>\n<\/div>\n<\/div>\t\t\t\t<\/div>\n\t\t\t\t<\/div>\n\t\t\t\t\t<\/div>\n\t\t<\/div>\n\t\t\t\t\t<\/div>\n\t\t<\/section>\n\t\t\t\t<\/div>","protected":false},"featured_media":71495,"template":"elementor_header_footer","vrsta":[20],"class_list":["post-71494","razstave","type-razstave","status-publish","has-post-thumbnail","hentry","vrsta-prepodobna-mati-petko"],"yoast_head":"<!-- This site is optimized with the Yoast SEO plugin v27.5 - https:\/\/yoast.com\/product\/yoast-seo-wordpress\/ -->\n<title>Prepodobna Mati Petko, moli Boga za nas &#8211; Pokrajinski muzej Maribor<\/title>\n<meta name=\"robots\" content=\"index, follow, max-snippet:-1, max-image-preview:large, max-video-preview:-1\" \/>\n<link rel=\"canonical\" href=\"https:\/\/museum-mb.si\/en\/exhibitions\/too-much-like-my-father-prays-to-god-for-us\/\" \/>\n<meta property=\"og:locale\" content=\"en_GB\" \/>\n<meta property=\"og:type\" content=\"article\" \/>\n<meta property=\"og:title\" content=\"Prepodobna Mati Petko, moli Boga za nas &#8211; Pokrajinski muzej Maribor\" \/>\n<meta property=\"og:description\" content=\"PREPODOBNA MATI PETKO PREPODOBNA MATI PETKO, MOLI BOGA ZA NAS \u010cisto srce Gospod \u017eeli (Vladika Nikolaj Velimirovi\u0107, Pesma Svetoj Petki, 20. vek) Krsna slava je tradicija karakteristi\u010dna za Srbe. Ovo tradicionalno proslavljanje izabranog svetitelja za\u0161titnika doma i porodice nalazi se od 2014. godine na UNESCO-voj Reprezentativnoj listi nematerijalnog kulturnog nasle\u0111a \u010dove\u010danstva. Slava podrazumeva okupljanje porodice [&hellip;]\" \/>\n<meta property=\"og:url\" content=\"https:\/\/museum-mb.si\/en\/exhibitions\/too-much-like-my-father-prays-to-god-for-us\/\" \/>\n<meta property=\"og:site_name\" content=\"Pokrajinski muzej Maribor\" \/>\n<meta property=\"article:publisher\" content=\"https:\/\/www.facebook.com\/pomum123\" \/>\n<meta property=\"article:modified_time\" content=\"2022-09-18T15:31:00+00:00\" \/>\n<meta property=\"og:image\" content=\"https:\/\/museum-mb.si\/wp-content\/uploads\/2022\/09\/Svpetka-Page-5_Photo-1_Sinobad-uai-720x720-1.jpg\" \/>\n\t<meta property=\"og:image:width\" content=\"720\" \/>\n\t<meta property=\"og:image:height\" content=\"720\" \/>\n\t<meta property=\"og:image:type\" content=\"image\/jpeg\" \/>\n<meta name=\"twitter:card\" content=\"summary_large_image\" \/>\n<meta name=\"twitter:label1\" content=\"Estimated reading time\" \/>\n\t<meta name=\"twitter:data1\" content=\"2 minutes\" \/>\n<script type=\"application\/ld+json\" class=\"yoast-schema-graph\">{\"@context\":\"https:\\\/\\\/schema.org\",\"@graph\":[{\"@type\":\"WebPage\",\"@id\":\"https:\\\/\\\/museum-mb.si\\\/razstave\\\/prepodobna-mati-petko-moli-boga-za-nas\\\/\",\"url\":\"https:\\\/\\\/museum-mb.si\\\/razstave\\\/prepodobna-mati-petko-moli-boga-za-nas\\\/\",\"name\":\"Prepodobna Mati Petko, moli Boga za nas &#8211; Pokrajinski muzej Maribor\",\"isPartOf\":{\"@id\":\"https:\\\/\\\/museum-mb.si\\\/#website\"},\"primaryImageOfPage\":{\"@id\":\"https:\\\/\\\/museum-mb.si\\\/razstave\\\/prepodobna-mati-petko-moli-boga-za-nas\\\/#primaryimage\"},\"image\":{\"@id\":\"https:\\\/\\\/museum-mb.si\\\/razstave\\\/prepodobna-mati-petko-moli-boga-za-nas\\\/#primaryimage\"},\"thumbnailUrl\":\"https:\\\/\\\/museum-mb.si\\\/wp-content\\\/uploads\\\/2022\\\/09\\\/Svpetka-Page-5_Photo-1_Sinobad-uai-720x720-1.jpg\",\"datePublished\":\"2022-09-15T18:24:47+00:00\",\"dateModified\":\"2022-09-18T15:31:00+00:00\",\"breadcrumb\":{\"@id\":\"https:\\\/\\\/museum-mb.si\\\/razstave\\\/prepodobna-mati-petko-moli-boga-za-nas\\\/#breadcrumb\"},\"inLanguage\":\"en-GB\",\"potentialAction\":[{\"@type\":\"ReadAction\",\"target\":[\"https:\\\/\\\/museum-mb.si\\\/razstave\\\/prepodobna-mati-petko-moli-boga-za-nas\\\/\"]}]},{\"@type\":\"ImageObject\",\"inLanguage\":\"en-GB\",\"@id\":\"https:\\\/\\\/museum-mb.si\\\/razstave\\\/prepodobna-mati-petko-moli-boga-za-nas\\\/#primaryimage\",\"url\":\"https:\\\/\\\/museum-mb.si\\\/wp-content\\\/uploads\\\/2022\\\/09\\\/Svpetka-Page-5_Photo-1_Sinobad-uai-720x720-1.jpg\",\"contentUrl\":\"https:\\\/\\\/museum-mb.si\\\/wp-content\\\/uploads\\\/2022\\\/09\\\/Svpetka-Page-5_Photo-1_Sinobad-uai-720x720-1.jpg\",\"width\":720,\"height\":720},{\"@type\":\"BreadcrumbList\",\"@id\":\"https:\\\/\\\/museum-mb.si\\\/razstave\\\/prepodobna-mati-petko-moli-boga-za-nas\\\/#breadcrumb\",\"itemListElement\":[{\"@type\":\"ListItem\",\"position\":1,\"name\":\"Domov\",\"item\":\"https:\\\/\\\/museum-mb.si\\\/\"},{\"@type\":\"ListItem\",\"position\":2,\"name\":\"Razstave\",\"item\":\"https:\\\/\\\/museum-mb.si\\\/razstave\\\/\"},{\"@type\":\"ListItem\",\"position\":3,\"name\":\"Prepodobna Mati Petko, moli Boga za nas\"}]},{\"@type\":\"WebSite\",\"@id\":\"https:\\\/\\\/museum-mb.si\\\/#website\",\"url\":\"https:\\\/\\\/museum-mb.si\\\/\",\"name\":\"Pokrajinski muzej Maribor\",\"description\":\"\",\"publisher\":{\"@id\":\"https:\\\/\\\/museum-mb.si\\\/#organization\"},\"potentialAction\":[{\"@type\":\"SearchAction\",\"target\":{\"@type\":\"EntryPoint\",\"urlTemplate\":\"https:\\\/\\\/museum-mb.si\\\/?s={search_term_string}\"},\"query-input\":{\"@type\":\"PropertyValueSpecification\",\"valueRequired\":true,\"valueName\":\"search_term_string\"}}],\"inLanguage\":\"en-GB\"},{\"@type\":\"Organization\",\"@id\":\"https:\\\/\\\/museum-mb.si\\\/#organization\",\"name\":\"Pokrajinski muzej Maribor\",\"url\":\"https:\\\/\\\/museum-mb.si\\\/\",\"logo\":{\"@type\":\"ImageObject\",\"inLanguage\":\"en-GB\",\"@id\":\"https:\\\/\\\/museum-mb.si\\\/#\\\/schema\\\/logo\\\/image\\\/\",\"url\":\"https:\\\/\\\/museum-mb.si\\\/wp-content\\\/uploads\\\/2024\\\/12\\\/pmm_logo_barvni_jpeg.jpg\",\"contentUrl\":\"https:\\\/\\\/museum-mb.si\\\/wp-content\\\/uploads\\\/2024\\\/12\\\/pmm_logo_barvni_jpeg.jpg\",\"width\":758,\"height\":754,\"caption\":\"Pokrajinski muzej Maribor\"},\"image\":{\"@id\":\"https:\\\/\\\/museum-mb.si\\\/#\\\/schema\\\/logo\\\/image\\\/\"},\"sameAs\":[\"https:\\\/\\\/www.facebook.com\\\/pomum123\",\"https:\\\/\\\/www.instagram.com\\\/maribor_museum\\\/\",\"https:\\\/\\\/www.youtube.com\\\/channel\\\/UCdshtCrun841Oc-35tYLBGQ\"]}]}<\/script>\n<!-- \/ Yoast SEO plugin. -->","yoast_head_json":{"title":"Immaculate Mother Petko, pray God for us - Regional Museum Maribor","robots":{"index":"index","follow":"follow","max-snippet":"max-snippet:-1","max-image-preview":"max-image-preview:large","max-video-preview":"max-video-preview:-1"},"canonical":"https:\/\/museum-mb.si\/en\/exhibitions\/too-much-like-my-father-prays-to-god-for-us\/","og_locale":"en_GB","og_type":"article","og_title":"Prepodobna Mati Petko, moli Boga za nas &#8211; Pokrajinski muzej Maribor","og_description":"PREPODOBNA MATI PETKO PREPODOBNA MATI PETKO, MOLI BOGA ZA NAS \u010cisto srce Gospod \u017eeli (Vladika Nikolaj Velimirovi\u0107, Pesma Svetoj Petki, 20. vek) Krsna slava je tradicija karakteristi\u010dna za Srbe. Ovo tradicionalno proslavljanje izabranog svetitelja za\u0161titnika doma i porodice nalazi se od 2014. godine na UNESCO-voj Reprezentativnoj listi nematerijalnog kulturnog nasle\u0111a \u010dove\u010danstva. Slava podrazumeva okupljanje porodice [&hellip;]","og_url":"https:\/\/museum-mb.si\/en\/exhibitions\/too-much-like-my-father-prays-to-god-for-us\/","og_site_name":"Pokrajinski muzej Maribor","article_publisher":"https:\/\/www.facebook.com\/pomum123","article_modified_time":"2022-09-18T15:31:00+00:00","og_image":[{"width":720,"height":720,"url":"https:\/\/museum-mb.si\/wp-content\/uploads\/2022\/09\/Svpetka-Page-5_Photo-1_Sinobad-uai-720x720-1.jpg","type":"image\/jpeg"}],"twitter_card":"summary_large_image","twitter_misc":{"Estimated reading time":"2 minutes"},"schema":{"@context":"https:\/\/schema.org","@graph":[{"@type":"WebPage","@id":"https:\/\/museum-mb.si\/razstave\/prepodobna-mati-petko-moli-boga-za-nas\/","url":"https:\/\/museum-mb.si\/razstave\/prepodobna-mati-petko-moli-boga-za-nas\/","name":"Immaculate Mother Petko, pray God for us - Regional Museum Maribor","isPartOf":{"@id":"https:\/\/museum-mb.si\/#website"},"primaryImageOfPage":{"@id":"https:\/\/museum-mb.si\/razstave\/prepodobna-mati-petko-moli-boga-za-nas\/#primaryimage"},"image":{"@id":"https:\/\/museum-mb.si\/razstave\/prepodobna-mati-petko-moli-boga-za-nas\/#primaryimage"},"thumbnailUrl":"https:\/\/museum-mb.si\/wp-content\/uploads\/2022\/09\/Svpetka-Page-5_Photo-1_Sinobad-uai-720x720-1.jpg","datePublished":"2022-09-15T18:24:47+00:00","dateModified":"2022-09-18T15:31:00+00:00","breadcrumb":{"@id":"https:\/\/museum-mb.si\/razstave\/prepodobna-mati-petko-moli-boga-za-nas\/#breadcrumb"},"inLanguage":"en-GB","potentialAction":[{"@type":"ReadAction","target":["https:\/\/museum-mb.si\/razstave\/prepodobna-mati-petko-moli-boga-za-nas\/"]}]},{"@type":"ImageObject","inLanguage":"en-GB","@id":"https:\/\/museum-mb.si\/razstave\/prepodobna-mati-petko-moli-boga-za-nas\/#primaryimage","url":"https:\/\/museum-mb.si\/wp-content\/uploads\/2022\/09\/Svpetka-Page-5_Photo-1_Sinobad-uai-720x720-1.jpg","contentUrl":"https:\/\/museum-mb.si\/wp-content\/uploads\/2022\/09\/Svpetka-Page-5_Photo-1_Sinobad-uai-720x720-1.jpg","width":720,"height":720},{"@type":"BreadcrumbList","@id":"https:\/\/museum-mb.si\/razstave\/prepodobna-mati-petko-moli-boga-za-nas\/#breadcrumb","itemListElement":[{"@type":"ListItem","position":1,"name":"Domov","item":"https:\/\/museum-mb.si\/"},{"@type":"ListItem","position":2,"name":"Razstave","item":"https:\/\/museum-mb.si\/razstave\/"},{"@type":"ListItem","position":3,"name":"Prepodobna Mati Petko, moli Boga za nas"}]},{"@type":"WebSite","@id":"https:\/\/museum-mb.si\/#website","url":"https:\/\/museum-mb.si\/","name":"Maribor Regional Museum","description":"","publisher":{"@id":"https:\/\/museum-mb.si\/#organization"},"potentialAction":[{"@type":"SearchAction","target":{"@type":"EntryPoint","urlTemplate":"https:\/\/museum-mb.si\/?s={search_term_string}"},"query-input":{"@type":"PropertyValueSpecification","valueRequired":true,"valueName":"search_term_string"}}],"inLanguage":"en-GB"},{"@type":"Organization","@id":"https:\/\/museum-mb.si\/#organization","name":"Maribor Regional Museum","url":"https:\/\/museum-mb.si\/","logo":{"@type":"ImageObject","inLanguage":"en-GB","@id":"https:\/\/museum-mb.si\/#\/schema\/logo\/image\/","url":"https:\/\/museum-mb.si\/wp-content\/uploads\/2024\/12\/pmm_logo_barvni_jpeg.jpg","contentUrl":"https:\/\/museum-mb.si\/wp-content\/uploads\/2024\/12\/pmm_logo_barvni_jpeg.jpg","width":758,"height":754,"caption":"Pokrajinski muzej Maribor"},"image":{"@id":"https:\/\/museum-mb.si\/#\/schema\/logo\/image\/"},"sameAs":["https:\/\/www.facebook.com\/pomum123","https:\/\/www.instagram.com\/maribor_museum\/","https:\/\/www.youtube.com\/channel\/UCdshtCrun841Oc-35tYLBGQ"]}]}},"_links":{"self":[{"href":"https:\/\/museum-mb.si\/en\/wp-json\/wp\/v2\/razstave\/71494","targetHints":{"allow":["GET"]}}],"collection":[{"href":"https:\/\/museum-mb.si\/en\/wp-json\/wp\/v2\/razstave"}],"about":[{"href":"https:\/\/museum-mb.si\/en\/wp-json\/wp\/v2\/types\/razstave"}],"version-history":[{"count":10,"href":"https:\/\/museum-mb.si\/en\/wp-json\/wp\/v2\/razstave\/71494\/revisions"}],"predecessor-version":[{"id":72184,"href":"https:\/\/museum-mb.si\/en\/wp-json\/wp\/v2\/razstave\/71494\/revisions\/72184"}],"wp:featuredmedia":[{"embeddable":true,"href":"https:\/\/museum-mb.si\/en\/wp-json\/wp\/v2\/media\/71495"}],"wp:attachment":[{"href":"https:\/\/museum-mb.si\/en\/wp-json\/wp\/v2\/media?parent=71494"}],"wp:term":[{"taxonomy":"vrsta","embeddable":true,"href":"https:\/\/museum-mb.si\/en\/wp-json\/wp\/v2\/vrsta?post=71494"}],"curies":[{"name":"wp","href":"https:\/\/api.w.org\/{rel}","templated":true}]}}