{"id":70020,"date":"2022-09-06T14:01:22","date_gmt":"2022-09-06T14:01:22","guid":{"rendered":"https:\/\/nova.museum-mb.si\/?post_type=razstave&#038;p=70020"},"modified":"2022-09-15T15:21:24","modified_gmt":"2022-09-15T15:21:24","slug":"painting-works-in-the-museum-collection","status":"publish","type":"razstave","link":"https:\/\/museum-mb.si\/en\/exhibitions\/painting-works-in-the-museum-collection\/","title":{"rendered":"PAINTINGS IN THE COLLECTION OF THE MUSEUM SOCIETY"},"content":{"rendered":"<div data-elementor-type=\"wp-post\" data-elementor-id=\"70020\" class=\"elementor elementor-70020\" data-elementor-post-type=\"razstave\">\n\t\t\t\t\t\t<section class=\"elementor-section elementor-top-section elementor-element elementor-element-2289d55f elementor-section-height-min-height elementor-section-stretched elementor-section-boxed elementor-section-height-default elementor-section-items-middle\" data-id=\"2289d55f\" data-element_type=\"section\" data-settings=\"{&quot;stretch_section&quot;:&quot;section-stretched&quot;,&quot;jet_parallax_layout_list&quot;:[],&quot;background_background&quot;:&quot;classic&quot;}\">\n\t\t\t\t\t\t\t<div class=\"elementor-background-overlay\"><\/div>\n\t\t\t\t\t\t\t<div class=\"elementor-container elementor-column-gap-default\">\n\t\t\t\t\t<div class=\"elementor-column elementor-col-100 elementor-top-column elementor-element elementor-element-4d958585\" data-id=\"4d958585\" data-element_type=\"column\">\n\t\t\t<div class=\"elementor-widget-wrap elementor-element-populated\">\n\t\t\t\t\t\t<div class=\"elementor-element elementor-element-1dae0226 elementor-widget elementor-widget-text-editor\" data-id=\"1dae0226\" data-element_type=\"widget\" data-widget_type=\"text-editor.default\">\n\t\t\t\t<div class=\"elementor-widget-container\">\n\t\t\t\t\t\t\t\t\t<p>EXPLORE<\/p>\n<p><gwmw style=\"display:none;\"><\/gwmw><\/p>\n<gwmw style=\"display:none;\"><\/gwmw>\t\t\t\t\t\t\t\t<\/div>\n\t\t\t\t<\/div>\n\t\t\t\t<div class=\"elementor-element elementor-element-7067ea63 elementor-widget elementor-widget-heading\" data-id=\"7067ea63\" data-element_type=\"widget\" data-widget_type=\"heading.default\">\n\t\t\t\t<div class=\"elementor-widget-container\">\n\t\t\t\t\t<h2 class=\"elementor-heading-title elementor-size-default\">INVENTORY NUMBER 1<\/h2>\t\t\t\t<\/div>\n\t\t\t\t<\/div>\n\t\t\t\t<div class=\"elementor-element elementor-element-7292aa6a elementor-widget__width-initial elementor-widget elementor-widget-text-editor\" data-id=\"7292aa6a\" data-element_type=\"widget\" data-widget_type=\"text-editor.default\">\n\t\t\t\t<div class=\"elementor-widget-container\">\n\t\t\t\t\t\t\t\t\t<p><i>Paintings have power, they can replace words and open up views into completely unknown worlds.<\/i><\/p>\n<p>In a joint project with<b> Maribor Art Gallery <\/b>in 2020, we are launching a series of activities dedicated to the study of the creation of the first collections of paintings and the centenary of organised artistic activity in Maribor.<\/p>\n<p>The exhibition of the Maribor Regional Museum entitled <b>INVENTORY NUMBER 1<\/b>  presents paintings that came into the museum collection as a result of the work of the predecessors of the present museum - the Museum Society in Maribor, the Historical Society for Slovene Styria and the Diocesan Museum.<\/p>\n<p>In the past decades we were mainly interested in the object as a work of art and as a document of a particular artistic style, environment and period. However in the context of the project<b> INVENTORY NUMBER 1<\/b> we have also taken an interest in the donor or the collector, who for certain reason donated or acquired the object for his or her own or the museum's collection. The material is closely linked to Maribor and its inhabitants, and to the spirit of reflection and national identity at the turn of the 20th century.<\/p>\n<p>We are convinced that these stories can be appealing to modern-day museum visitors.<\/p>\n<p>You are kindly invited to delve into our virtual exhibition!<\/p>\n<p><\/p>\n<gwmw style=\"display:none;\"><\/gwmw>\t\t\t\t\t\t\t\t<\/div>\n\t\t\t\t<\/div>\n\t\t\t\t\t<\/div>\n\t\t<\/div>\n\t\t\t\t\t<\/div>\n\t\t<\/section>\n\t\t\t\t<section class=\"elementor-section elementor-top-section elementor-element elementor-element-7d9ff9d4 elementor-section-boxed elementor-section-height-default elementor-section-height-default\" data-id=\"7d9ff9d4\" data-element_type=\"section\" data-settings=\"{&quot;jet_parallax_layout_list&quot;:[]}\">\n\t\t\t\t\t\t<div class=\"elementor-container elementor-column-gap-default\">\n\t\t\t\t\t<div class=\"elementor-column elementor-col-100 elementor-top-column elementor-element elementor-element-5d99675c\" data-id=\"5d99675c\" data-element_type=\"column\">\n\t\t\t<div class=\"elementor-widget-wrap elementor-element-populated\">\n\t\t\t\t\t\t<div class=\"elementor-element elementor-element-363c01e8 elementor-widget__width-initial elementor-widget elementor-widget-spacer\" data-id=\"363c01e8\" data-element_type=\"widget\" data-widget_type=\"spacer.default\">\n\t\t\t\t<div class=\"elementor-widget-container\">\n\t\t\t\t\t\t\t<div class=\"elementor-spacer\">\n\t\t\t<div class=\"elementor-spacer-inner\"><\/div>\n\t\t<\/div>\n\t\t\t\t\t\t<\/div>\n\t\t\t\t<\/div>\n\t\t\t\t\t<\/div>\n\t\t<\/div>\n\t\t\t\t\t<\/div>\n\t\t<\/section>\n\t\t\t\t<section class=\"elementor-section elementor-top-section elementor-element elementor-element-389c20b elementor-section-boxed elementor-section-height-default elementor-section-height-default\" data-id=\"389c20b\" data-element_type=\"section\" data-settings=\"{&quot;jet_parallax_layout_list&quot;:[]}\">\n\t\t\t\t\t\t<div class=\"elementor-container elementor-column-gap-default\">\n\t\t\t\t\t<div class=\"elementor-column elementor-col-100 elementor-top-column elementor-element elementor-element-ae7c13f\" data-id=\"ae7c13f\" data-element_type=\"column\">\n\t\t\t<div class=\"elementor-widget-wrap elementor-element-populated\">\n\t\t\t\t\t\t<div class=\"elementor-element elementor-element-83db162 elementor-widget elementor-widget-heading\" data-id=\"83db162\" data-element_type=\"widget\" data-widget_type=\"heading.default\">\n\t\t\t\t<div class=\"elementor-widget-container\">\n\t\t\t\t\t<h2 class=\"elementor-heading-title elementor-size-default\"><h3 style=\"font-weight: 600;font-family: ButlerRegular;font-size: 34px;margin-right: 0px;margin-bottom: 0px;margin-left: 0px;white-space: normal;margin-top: 0px !important\">PAINTINGS IN THE COLLECTION OF THE MUSEUM SOCIETY<\/h3><\/h2>\t\t\t\t<\/div>\n\t\t\t\t<\/div>\n\t\t\t\t\t<\/div>\n\t\t<\/div>\n\t\t\t\t\t<\/div>\n\t\t<\/section>\n\t\t\t\t<section class=\"elementor-section elementor-top-section elementor-element elementor-element-60bbe027 elementor-section-boxed elementor-section-height-default elementor-section-height-default\" data-id=\"60bbe027\" data-element_type=\"section\" data-settings=\"{&quot;jet_parallax_layout_list&quot;:[]}\">\n\t\t\t\t\t\t<div class=\"elementor-container elementor-column-gap-default\">\n\t\t\t\t\t<div class=\"elementor-column elementor-col-100 elementor-top-column elementor-element elementor-element-2de4461d\" data-id=\"2de4461d\" data-element_type=\"column\">\n\t\t\t<div class=\"elementor-widget-wrap elementor-element-populated\">\n\t\t\t\t\t\t<div class=\"elementor-element elementor-element-3684c3ea elementor-widget elementor-widget-jet-carousel\" data-id=\"3684c3ea\" data-element_type=\"widget\" data-settings=\"{&quot;slides_to_show&quot;:&quot;1&quot;,&quot;slides_to_show_mobile&quot;:&quot;1&quot;,&quot;slides_to_scroll_mobile&quot;:&quot;1&quot;,&quot;slides_to_scroll&quot;:&quot;1&quot;}\" data-widget_type=\"jet-carousel.default\">\n\t\t\t\t<div class=\"elementor-widget-container\">\n\t\t\t\t\t<div class=\"elementor-jet-carousel jet-elements\"><div class=\"jet-carousel-wrap\">\n\t<div class=\"jet-carousel\" data-slider_options=\"{&quot;autoplaySpeed&quot;:5000,&quot;autoplay&quot;:false,&quot;infinite&quot;:true,&quot;centerMode&quot;:false,&quot;centerPadding&quot;:&quot;50px&quot;,&quot;pauseOnHover&quot;:false,&quot;speed&quot;:500,&quot;arrows&quot;:true,&quot;dots&quot;:true,&quot;variableWidth&quot;:false,&quot;prevArrow&quot;:&quot;.jet-carousel__prev-arrow-3684c3ea&quot;,&quot;nextArrow&quot;:&quot;.jet-carousel__next-arrow-3684c3ea&quot;,&quot;rtl&quot;:false,&quot;fractionNav&quot;:false,&quot;fade&quot;:false}\" dir=\"ltr\">\n\t<div class=\"elementor-slick-slider\">\n\n<div class=\"jet-carousel__item\">\n\t<div class=\"jet-carousel__item-inner\"><div class=\"jet-carousel__content\">\t\t<div data-elementor-type=\"section\" data-elementor-id=\"70574\" class=\"elementor elementor-70574\" data-elementor-post-type=\"elementor_library\">\n\t\t\t\t\t<section class=\"elementor-section elementor-top-section elementor-element elementor-element-54ac1d34 elementor-section-boxed elementor-section-height-default elementor-section-height-default\" data-id=\"54ac1d34\" data-element_type=\"section\" data-settings=\"{&quot;jet_parallax_layout_list&quot;:[]}\">\n\t\t\t\t\t\t<div class=\"elementor-container elementor-column-gap-default\">\n\t\t\t\t\t<div class=\"elementor-column elementor-col-50 elementor-top-column elementor-element elementor-element-3c31249d\" data-id=\"3c31249d\" data-element_type=\"column\">\n\t\t\t<div class=\"elementor-widget-wrap elementor-element-populated\">\n\t\t\t\t\t\t<div class=\"elementor-element elementor-element-260e61b5 elementor-widget elementor-widget-image\" data-id=\"260e61b5\" data-element_type=\"widget\" data-widget_type=\"image.default\">\n\t\t\t\t<div class=\"elementor-widget-container\">\n\t\t\t\t\t\t\t\t\t\t\t\t\t\t\t<img fetchpriority=\"high\" decoding=\"async\" width=\"794\" height=\"1024\" src=\"https:\/\/museum-mb.si\/wp-content\/uploads\/2022\/09\/07_01-1-e1592562973750-uai-1440x1857-1-794x1024.jpg\" class=\"attachment-large size-large wp-image-70573\" alt=\"\" srcset=\"https:\/\/museum-mb.si\/wp-content\/uploads\/2022\/09\/07_01-1-e1592562973750-uai-1440x1857-1-794x1024.jpg.webp 794w, https:\/\/museum-mb.si\/wp-content\/uploads\/2022\/09\/07_01-1-e1592562973750-uai-1440x1857-1-233x300.jpg.webp 233w, https:\/\/museum-mb.si\/wp-content\/uploads\/2022\/09\/07_01-1-e1592562973750-uai-1440x1857-1-768x990.jpg.webp 768w, https:\/\/museum-mb.si\/wp-content\/uploads\/2022\/09\/07_01-1-e1592562973750-uai-1440x1857-1-1191x1536.jpg.webp 1191w, https:\/\/museum-mb.si\/wp-content\/uploads\/2022\/09\/07_01-1-e1592562973750-uai-1440x1857-1-9x12.jpg.webp 9w, https:\/\/museum-mb.si\/wp-content\/uploads\/2022\/09\/07_01-1-e1592562973750-uai-1440x1857-1.jpg.webp 1440w\" sizes=\"(max-width: 794px) 100vw, 794px\" \/>\t\t\t\t\t\t\t\t\t\t\t\t\t\t\t<\/div>\n\t\t\t\t<\/div>\n\t\t\t\t<div class=\"elementor-element elementor-element-5fd444d2 elementor-widget__width-initial elementor-widget elementor-widget-text-editor\" data-id=\"5fd444d2\" data-element_type=\"widget\" data-widget_type=\"text-editor.default\">\n\t\t\t\t<div class=\"elementor-widget-container\">\n\t\t\t\t\t\t\t\t\tUnknown painter, Andrej Fleiss, Maribor leatherworker, late 18th century.\t\t\t\t\t\t\t\t<\/div>\n\t\t\t\t<\/div>\n\t\t\t\t\t<\/div>\n\t\t<\/div>\n\t\t\t\t<div class=\"elementor-column elementor-col-50 elementor-top-column elementor-element elementor-element-acbbb98\" data-id=\"acbbb98\" data-element_type=\"column\">\n\t\t\t<div class=\"elementor-widget-wrap elementor-element-populated\">\n\t\t\t\t\t\t<div class=\"elementor-element elementor-element-47b1d740 elementor-widget__width-initial elementor-widget elementor-widget-text-editor\" data-id=\"47b1d740\" data-element_type=\"widget\" data-widget_type=\"text-editor.default\">\n\t\t\t\t<div class=\"elementor-widget-container\">\n\t\t\t\t\t\t\t\t\t<p>The association Museumverein in Marburg was founded in 1902 to support and accelerate the preparations for the establishment of the planned city museum, which would prevent valuable objects from being sent off to other museums. It focused its activities on collecting objects, as can be seen from the advertisements in the Marburger Zeitung, which were very frequent, especially in the early years of the association's existence. Appeals to the townspeople show that the association was also interested in paintings.<\/p><p>The museum was inaugurated on the 6th of December 1903 in the premises of the town's continuation school on the corner of today's Razlagova and Cankarjeva Streets. From 1902 to 1922, the Museum Society kept a record of the objects collected in an inventory book. The first entry is dated the 13th of September 1902. The first painting that can be identified with certainty in today's collection is a portrait of the Maribor leatherworker Andreas Fleiss. Donations were received from several citizens, but information on the pieces is scarce. As early as 1903, the Society  approached the Maribor painters Lind, Moser, Hackel and others, in hopes to receive some paintings or copies and photographs for the museum.<\/p><p>From the entries in the inventory book, we can see that the donations from painters were not very numerous. The fact is, however, that the appeal of the Museum Society to the painters of Maribor can be regarded as the first known documented initiative to collect works by contemporary artists in the area of Maribor. The objective of the initiative was to supplement the museum collection. From this record we can also see which painters associated with Maribor at the beginning of the 20th century were important enough that the German-oriented Museum Society wanted to preserve their works for future generations.<\/p><p>After the First World War, the national structure of the Board and the membership of the Museum Society changed, as the majority of the members were of Slovene nationality. After 1924, the collected objects were partly entered in the inventory book of the Historical Society for Slovenian Styria.<\/p>\t\t\t\t\t\t\t\t<\/div>\n\t\t\t\t<\/div>\n\t\t\t\t\t<\/div>\n\t\t<\/div>\n\t\t\t\t\t<\/div>\n\t\t<\/section>\n\t\t\t\t<\/div>\n\t\t<\/div><\/div>\n<\/div>\n\n<div class=\"jet-carousel__item\">\n\t<div class=\"jet-carousel__item-inner\"><div class=\"jet-carousel__content\">\t\t<div data-elementor-type=\"section\" data-elementor-id=\"70578\" class=\"elementor elementor-70578\" data-elementor-post-type=\"elementor_library\">\n\t\t\t\t\t<section class=\"elementor-section elementor-top-section elementor-element elementor-element-5a0c3247 elementor-section-boxed elementor-section-height-default elementor-section-height-default\" data-id=\"5a0c3247\" data-element_type=\"section\" data-settings=\"{&quot;jet_parallax_layout_list&quot;:[]}\">\n\t\t\t\t\t\t<div class=\"elementor-container elementor-column-gap-default\">\n\t\t\t\t\t<div class=\"elementor-column elementor-col-100 elementor-top-column elementor-element elementor-element-b9314a4\" data-id=\"b9314a4\" data-element_type=\"column\">\n\t\t\t<div class=\"elementor-widget-wrap elementor-element-populated\">\n\t\t\t\t\t\t<div class=\"elementor-element elementor-element-70ba8ef8 elementor-widget elementor-widget-image\" data-id=\"70ba8ef8\" data-element_type=\"widget\" data-widget_type=\"image.default\">\n\t\t\t\t<div class=\"elementor-widget-container\">\n\t\t\t\t\t\t\t\t\t\t\t\t\t\t\t<img decoding=\"async\" width=\"516\" height=\"663\" src=\"https:\/\/museum-mb.si\/wp-content\/uploads\/2022\/08\/07_02-1-e1592563016607-uai-516x663-1.jpg\" class=\"attachment-large size-large wp-image-70577\" alt=\"\" srcset=\"https:\/\/museum-mb.si\/wp-content\/uploads\/2022\/08\/07_02-1-e1592563016607-uai-516x663-1.jpg.webp 516w, https:\/\/museum-mb.si\/wp-content\/uploads\/2022\/08\/07_02-1-e1592563016607-uai-516x663-1-233x300.jpg.webp 233w, https:\/\/museum-mb.si\/wp-content\/uploads\/2022\/08\/07_02-1-e1592563016607-uai-516x663-1-9x12.jpg.webp 9w\" sizes=\"(max-width: 516px) 100vw, 516px\" \/>\t\t\t\t\t\t\t\t\t\t\t\t\t\t\t<\/div>\n\t\t\t\t<\/div>\n\t\t\t\t<div class=\"elementor-element elementor-element-18dd713b elementor-widget__width-initial elementor-widget elementor-widget-text-editor\" data-id=\"18dd713b\" data-element_type=\"widget\" data-widget_type=\"text-editor.default\">\n\t\t\t\t<div class=\"elementor-widget-container\">\n\t\t\t\t\t\t\t\t\tUnknown painter, Anton (?) Fleiss, early 19th century.\t\t\t\t\t\t\t\t<\/div>\n\t\t\t\t<\/div>\n\t\t\t\t\t<\/div>\n\t\t<\/div>\n\t\t\t\t\t<\/div>\n\t\t<\/section>\n\t\t\t\t<\/div>\n\t\t<\/div><\/div>\n<\/div>\n\n<div class=\"jet-carousel__item\">\n\t<div class=\"jet-carousel__item-inner\"><div class=\"jet-carousel__content\">\t\t<div data-elementor-type=\"section\" data-elementor-id=\"70584\" class=\"elementor elementor-70584\" data-elementor-post-type=\"elementor_library\">\n\t\t\t\t\t<section class=\"elementor-section elementor-top-section elementor-element elementor-element-486e0c53 elementor-section-boxed elementor-section-height-default elementor-section-height-default\" data-id=\"486e0c53\" data-element_type=\"section\" data-settings=\"{&quot;jet_parallax_layout_list&quot;:[]}\">\n\t\t\t\t\t\t<div class=\"elementor-container elementor-column-gap-default\">\n\t\t\t\t\t<div class=\"elementor-column elementor-col-100 elementor-top-column elementor-element elementor-element-ee5bf74\" data-id=\"ee5bf74\" data-element_type=\"column\">\n\t\t\t<div class=\"elementor-widget-wrap elementor-element-populated\">\n\t\t\t\t\t\t<div class=\"elementor-element elementor-element-a6d6435 elementor-widget elementor-widget-image\" data-id=\"a6d6435\" data-element_type=\"widget\" data-widget_type=\"image.default\">\n\t\t\t\t<div class=\"elementor-widget-container\">\n\t\t\t\t\t\t\t\t\t\t\t\t\t\t\t<img decoding=\"async\" width=\"516\" height=\"646\" src=\"https:\/\/museum-mb.si\/wp-content\/uploads\/2022\/08\/07_03-1-uai-516x646-1.jpg\" class=\"attachment-large size-large wp-image-70581\" alt=\"\" srcset=\"https:\/\/museum-mb.si\/wp-content\/uploads\/2022\/08\/07_03-1-uai-516x646-1.jpg.webp 516w, https:\/\/museum-mb.si\/wp-content\/uploads\/2022\/08\/07_03-1-uai-516x646-1-240x300.jpg.webp 240w, https:\/\/museum-mb.si\/wp-content\/uploads\/2022\/08\/07_03-1-uai-516x646-1-10x12.jpg.webp 10w\" sizes=\"(max-width: 516px) 100vw, 516px\" \/>\t\t\t\t\t\t\t\t\t\t\t\t\t\t\t<\/div>\n\t\t\t\t<\/div>\n\t\t\t\t<div class=\"elementor-element elementor-element-330e3789 elementor-widget__width-initial elementor-widget elementor-widget-text-editor\" data-id=\"330e3789\" data-element_type=\"widget\" data-widget_type=\"text-editor.default\">\n\t\t\t\t<div class=\"elementor-widget-container\">\n\t\t\t\t\t\t\t\t\tUnknown painter, Alojzija Fleiss, widow of the master leatherworker A. Fleiss, 1st half of the 19th century.\t\t\t\t\t\t\t\t<\/div>\n\t\t\t\t<\/div>\n\t\t\t\t\t<\/div>\n\t\t<\/div>\n\t\t\t\t\t<\/div>\n\t\t<\/section>\n\t\t\t\t<\/div>\n\t\t<\/div><\/div>\n<\/div>\n\n<div class=\"jet-carousel__item\">\n\t<div class=\"jet-carousel__item-inner\"><div class=\"jet-carousel__content\">\t\t<div data-elementor-type=\"section\" data-elementor-id=\"70588\" class=\"elementor elementor-70588\" data-elementor-post-type=\"elementor_library\">\n\t\t\t\t\t<section class=\"elementor-section elementor-top-section elementor-element elementor-element-1b280094 elementor-section-boxed elementor-section-height-default elementor-section-height-default\" data-id=\"1b280094\" data-element_type=\"section\" data-settings=\"{&quot;jet_parallax_layout_list&quot;:[]}\">\n\t\t\t\t\t\t<div class=\"elementor-container elementor-column-gap-default\">\n\t\t\t\t\t<div class=\"elementor-column elementor-col-100 elementor-top-column elementor-element elementor-element-42548b62\" data-id=\"42548b62\" data-element_type=\"column\">\n\t\t\t<div class=\"elementor-widget-wrap elementor-element-populated\">\n\t\t\t\t\t\t<div class=\"elementor-element elementor-element-3b88ac3c elementor-widget elementor-widget-image\" data-id=\"3b88ac3c\" data-element_type=\"widget\" data-widget_type=\"image.default\">\n\t\t\t\t<div class=\"elementor-widget-container\">\n\t\t\t\t\t\t\t\t\t\t\t\t\t\t\t<img loading=\"lazy\" decoding=\"async\" width=\"516\" height=\"684\" src=\"https:\/\/museum-mb.si\/wp-content\/uploads\/2022\/08\/07_04-uai-516x684-1.jpg\" class=\"attachment-large size-large wp-image-70587\" alt=\"\" srcset=\"https:\/\/museum-mb.si\/wp-content\/uploads\/2022\/08\/07_04-uai-516x684-1.jpg.webp 516w, https:\/\/museum-mb.si\/wp-content\/uploads\/2022\/08\/07_04-uai-516x684-1-226x300.jpg.webp 226w, https:\/\/museum-mb.si\/wp-content\/uploads\/2022\/08\/07_04-uai-516x684-1-9x12.jpg.webp 9w\" sizes=\"(max-width: 516px) 100vw, 516px\" \/>\t\t\t\t\t\t\t\t\t\t\t\t\t\t\t<\/div>\n\t\t\t\t<\/div>\n\t\t\t\t<div class=\"elementor-element elementor-element-4c94a4a8 elementor-widget__width-initial elementor-widget elementor-widget-text-editor\" data-id=\"4c94a4a8\" data-element_type=\"widget\" data-widget_type=\"text-editor.default\">\n\t\t\t\t<div class=\"elementor-widget-container\">\n\t\t\t\t\t\t\t\t\tJo\u017eef Ziegler, Kajetan Herzog, Maribor leatherworker, 1846\t\t\t\t\t\t\t\t<\/div>\n\t\t\t\t<\/div>\n\t\t\t\t\t<\/div>\n\t\t<\/div>\n\t\t\t\t\t<\/div>\n\t\t<\/section>\n\t\t\t\t<\/div>\n\t\t<\/div><\/div>\n<\/div>\n\n<div class=\"jet-carousel__item\">\n\t<div class=\"jet-carousel__item-inner\"><div class=\"jet-carousel__content\">\t\t<div data-elementor-type=\"section\" data-elementor-id=\"70592\" class=\"elementor elementor-70592\" data-elementor-post-type=\"elementor_library\">\n\t\t\t\t\t<section class=\"elementor-section elementor-top-section elementor-element elementor-element-234be4da elementor-section-boxed elementor-section-height-default elementor-section-height-default\" data-id=\"234be4da\" data-element_type=\"section\" data-settings=\"{&quot;jet_parallax_layout_list&quot;:[]}\">\n\t\t\t\t\t\t<div class=\"elementor-container elementor-column-gap-default\">\n\t\t\t\t\t<div class=\"elementor-column elementor-col-100 elementor-top-column elementor-element elementor-element-277af891\" data-id=\"277af891\" data-element_type=\"column\">\n\t\t\t<div class=\"elementor-widget-wrap elementor-element-populated\">\n\t\t\t\t\t\t<div class=\"elementor-element elementor-element-4b5c837e elementor-widget elementor-widget-image\" data-id=\"4b5c837e\" data-element_type=\"widget\" data-widget_type=\"image.default\">\n\t\t\t\t<div class=\"elementor-widget-container\">\n\t\t\t\t\t\t\t\t\t\t\t\t\t\t\t<img loading=\"lazy\" decoding=\"async\" width=\"516\" height=\"718\" src=\"https:\/\/museum-mb.si\/wp-content\/uploads\/2022\/08\/07_05-1-uai-516x718-1.jpg\" class=\"attachment-large size-large wp-image-70591\" alt=\"\" srcset=\"https:\/\/museum-mb.si\/wp-content\/uploads\/2022\/08\/07_05-1-uai-516x718-1.jpg.webp 516w, https:\/\/museum-mb.si\/wp-content\/uploads\/2022\/08\/07_05-1-uai-516x718-1-216x300.jpg.webp 216w, https:\/\/museum-mb.si\/wp-content\/uploads\/2022\/08\/07_05-1-uai-516x718-1-9x12.jpg.webp 9w\" sizes=\"(max-width: 516px) 100vw, 516px\" \/>\t\t\t\t\t\t\t\t\t\t\t\t\t\t\t<\/div>\n\t\t\t\t<\/div>\n\t\t\t\t<div class=\"elementor-element elementor-element-3b399082 elementor-widget__width-initial elementor-widget elementor-widget-text-editor\" data-id=\"3b399082\" data-element_type=\"widget\" data-widget_type=\"text-editor.default\">\n\t\t\t\t<div class=\"elementor-widget-container\">\n\t\t\t\t\t\t\t\t\tUnknown painter, Anna Herzog, mother of the leatherworker Kajetan Herzog, early 19th century\t\t\t\t\t\t\t\t<\/div>\n\t\t\t\t<\/div>\n\t\t\t\t\t<\/div>\n\t\t<\/div>\n\t\t\t\t\t<\/div>\n\t\t<\/section>\n\t\t\t\t<\/div>\n\t\t<\/div><\/div>\n<\/div>\n\n<div class=\"jet-carousel__item\">\n\t<div class=\"jet-carousel__item-inner\"><div class=\"jet-carousel__content\">\t\t<div data-elementor-type=\"section\" data-elementor-id=\"70596\" class=\"elementor elementor-70596\" data-elementor-post-type=\"elementor_library\">\n\t\t\t\t\t<section class=\"elementor-section elementor-top-section elementor-element elementor-element-462c626d elementor-section-boxed elementor-section-height-default elementor-section-height-default\" data-id=\"462c626d\" data-element_type=\"section\" data-settings=\"{&quot;jet_parallax_layout_list&quot;:[]}\">\n\t\t\t\t\t\t<div class=\"elementor-container elementor-column-gap-default\">\n\t\t\t\t\t<div class=\"elementor-column elementor-col-100 elementor-top-column elementor-element elementor-element-394d0178\" data-id=\"394d0178\" data-element_type=\"column\">\n\t\t\t<div class=\"elementor-widget-wrap elementor-element-populated\">\n\t\t\t\t\t\t<div class=\"elementor-element elementor-element-1fa82700 elementor-widget elementor-widget-image\" data-id=\"1fa82700\" data-element_type=\"widget\" data-widget_type=\"image.default\">\n\t\t\t\t<div class=\"elementor-widget-container\">\n\t\t\t\t\t\t\t\t\t\t\t\t\t\t\t<img loading=\"lazy\" decoding=\"async\" width=\"516\" height=\"654\" src=\"https:\/\/museum-mb.si\/wp-content\/uploads\/2022\/08\/07_06-1-uai-516x654-1.jpg\" class=\"attachment-large size-large wp-image-70595\" alt=\"\" srcset=\"https:\/\/museum-mb.si\/wp-content\/uploads\/2022\/08\/07_06-1-uai-516x654-1.jpg.webp 516w, https:\/\/museum-mb.si\/wp-content\/uploads\/2022\/08\/07_06-1-uai-516x654-1-237x300.jpg.webp 237w, https:\/\/museum-mb.si\/wp-content\/uploads\/2022\/08\/07_06-1-uai-516x654-1-9x12.jpg.webp 9w\" sizes=\"(max-width: 516px) 100vw, 516px\" \/>\t\t\t\t\t\t\t\t\t\t\t\t\t\t\t<\/div>\n\t\t\t\t<\/div>\n\t\t\t\t<div class=\"elementor-element elementor-element-2cda5ce5 elementor-widget__width-initial elementor-widget elementor-widget-text-editor\" data-id=\"2cda5ce5\" data-element_type=\"widget\" data-widget_type=\"text-editor.default\">\n\t\t\t\t<div class=\"elementor-widget-container\">\n\t\t\t\t\t\t\t\t\tUnknown painter, Franz Tappeiner, mid-19th century\t\t\t\t\t\t\t\t<\/div>\n\t\t\t\t<\/div>\n\t\t\t\t\t<\/div>\n\t\t<\/div>\n\t\t\t\t\t<\/div>\n\t\t<\/section>\n\t\t\t\t<\/div>\n\t\t<\/div><\/div>\n<\/div>\n\n<div class=\"jet-carousel__item\">\n\t<div class=\"jet-carousel__item-inner\"><div class=\"jet-carousel__content\">\t\t<div data-elementor-type=\"section\" data-elementor-id=\"70600\" class=\"elementor elementor-70600\" data-elementor-post-type=\"elementor_library\">\n\t\t\t\t\t<section class=\"elementor-section elementor-top-section elementor-element elementor-element-1c321ce6 elementor-section-boxed elementor-section-height-default elementor-section-height-default\" data-id=\"1c321ce6\" data-element_type=\"section\" data-settings=\"{&quot;jet_parallax_layout_list&quot;:[]}\">\n\t\t\t\t\t\t<div class=\"elementor-container elementor-column-gap-default\">\n\t\t\t\t\t<div class=\"elementor-column elementor-col-100 elementor-top-column elementor-element elementor-element-febfa06\" data-id=\"febfa06\" data-element_type=\"column\">\n\t\t\t<div class=\"elementor-widget-wrap elementor-element-populated\">\n\t\t\t\t\t\t<div class=\"elementor-element elementor-element-22384191 elementor-widget elementor-widget-image\" data-id=\"22384191\" data-element_type=\"widget\" data-widget_type=\"image.default\">\n\t\t\t\t<div class=\"elementor-widget-container\">\n\t\t\t\t\t\t\t\t\t\t\t\t\t\t\t<img loading=\"lazy\" decoding=\"async\" width=\"516\" height=\"651\" src=\"https:\/\/museum-mb.si\/wp-content\/uploads\/2022\/08\/07_07-1-uai-516x651-1.jpg\" class=\"attachment-large size-large wp-image-70599\" alt=\"\" srcset=\"https:\/\/museum-mb.si\/wp-content\/uploads\/2022\/08\/07_07-1-uai-516x651-1.jpg.webp 516w, https:\/\/museum-mb.si\/wp-content\/uploads\/2022\/08\/07_07-1-uai-516x651-1-238x300.jpg.webp 238w, https:\/\/museum-mb.si\/wp-content\/uploads\/2022\/08\/07_07-1-uai-516x651-1-10x12.jpg.webp 10w\" sizes=\"(max-width: 516px) 100vw, 516px\" \/>\t\t\t\t\t\t\t\t\t\t\t\t\t\t\t<\/div>\n\t\t\t\t<\/div>\n\t\t\t\t<div class=\"elementor-element elementor-element-7b0359bb elementor-widget__width-initial elementor-widget elementor-widget-text-editor\" data-id=\"7b0359bb\" data-element_type=\"widget\" data-widget_type=\"text-editor.default\">\n\t\t\t\t<div class=\"elementor-widget-container\">\n\t\t\t\t\t\t\t\t\tUnknown painter, Constance Tappeiner, mid-19th century\t\t\t\t\t\t\t\t<\/div>\n\t\t\t\t<\/div>\n\t\t\t\t\t<\/div>\n\t\t<\/div>\n\t\t\t\t\t<\/div>\n\t\t<\/section>\n\t\t\t\t<\/div>\n\t\t<\/div><\/div>\n<\/div>\n\n<div class=\"jet-carousel__item\">\n\t<div class=\"jet-carousel__item-inner\"><div class=\"jet-carousel__content\">\t\t<div data-elementor-type=\"section\" data-elementor-id=\"70604\" class=\"elementor elementor-70604\" data-elementor-post-type=\"elementor_library\">\n\t\t\t\t\t<section class=\"elementor-section elementor-top-section elementor-element elementor-element-773a4825 elementor-section-boxed elementor-section-height-default elementor-section-height-default\" data-id=\"773a4825\" data-element_type=\"section\" data-settings=\"{&quot;jet_parallax_layout_list&quot;:[]}\">\n\t\t\t\t\t\t<div class=\"elementor-container elementor-column-gap-default\">\n\t\t\t\t\t<div class=\"elementor-column elementor-col-100 elementor-top-column elementor-element elementor-element-592c85a\" data-id=\"592c85a\" data-element_type=\"column\">\n\t\t\t<div class=\"elementor-widget-wrap elementor-element-populated\">\n\t\t\t\t\t\t<div class=\"elementor-element elementor-element-122b5c61 elementor-widget elementor-widget-image\" data-id=\"122b5c61\" data-element_type=\"widget\" data-widget_type=\"image.default\">\n\t\t\t\t<div class=\"elementor-widget-container\">\n\t\t\t\t\t\t\t\t\t\t\t\t\t\t\t<img loading=\"lazy\" decoding=\"async\" width=\"516\" height=\"609\" src=\"https:\/\/museum-mb.si\/wp-content\/uploads\/2022\/08\/07_08-1-uai-516x609-1.jpg\" class=\"attachment-large size-large wp-image-70603\" alt=\"\" srcset=\"https:\/\/museum-mb.si\/wp-content\/uploads\/2022\/08\/07_08-1-uai-516x609-1.jpg.webp 516w, https:\/\/museum-mb.si\/wp-content\/uploads\/2022\/08\/07_08-1-uai-516x609-1-254x300.jpg.webp 254w, https:\/\/museum-mb.si\/wp-content\/uploads\/2022\/08\/07_08-1-uai-516x609-1-10x12.jpg.webp 10w\" sizes=\"(max-width: 516px) 100vw, 516px\" \/>\t\t\t\t\t\t\t\t\t\t\t\t\t\t\t<\/div>\n\t\t\t\t<\/div>\n\t\t\t\t<div class=\"elementor-element elementor-element-7836ba9 elementor-widget__width-initial elementor-widget elementor-widget-text-editor\" data-id=\"7836ba9\" data-element_type=\"widget\" data-widget_type=\"text-editor.default\">\n\t\t\t\t<div class=\"elementor-widget-container\">\n\t\t\t\t\t\t\t\t\tAnton Keller, Citizen of Maribor, 1802\t\t\t\t\t\t\t\t<\/div>\n\t\t\t\t<\/div>\n\t\t\t\t\t<\/div>\n\t\t<\/div>\n\t\t\t\t\t<\/div>\n\t\t<\/section>\n\t\t\t\t<\/div>\n\t\t<\/div><\/div>\n<\/div>\n\n<div class=\"jet-carousel__item\">\n\t<div class=\"jet-carousel__item-inner\"><div class=\"jet-carousel__content\">\t\t<div data-elementor-type=\"section\" data-elementor-id=\"70608\" class=\"elementor elementor-70608\" data-elementor-post-type=\"elementor_library\">\n\t\t\t\t\t<section class=\"elementor-section elementor-top-section elementor-element elementor-element-2d3a9434 elementor-section-boxed elementor-section-height-default elementor-section-height-default\" data-id=\"2d3a9434\" data-element_type=\"section\" data-settings=\"{&quot;jet_parallax_layout_list&quot;:[]}\">\n\t\t\t\t\t\t<div class=\"elementor-container elementor-column-gap-default\">\n\t\t\t\t\t<div class=\"elementor-column elementor-col-100 elementor-top-column elementor-element elementor-element-6746edca\" data-id=\"6746edca\" data-element_type=\"column\">\n\t\t\t<div class=\"elementor-widget-wrap elementor-element-populated\">\n\t\t\t\t\t\t<div class=\"elementor-element elementor-element-699421fe elementor-widget elementor-widget-image\" data-id=\"699421fe\" data-element_type=\"widget\" data-widget_type=\"image.default\">\n\t\t\t\t<div class=\"elementor-widget-container\">\n\t\t\t\t\t\t\t\t\t\t\t\t\t\t\t<img loading=\"lazy\" decoding=\"async\" width=\"516\" height=\"617\" src=\"https:\/\/museum-mb.si\/wp-content\/uploads\/2022\/08\/07_09-1-uai-516x617-1.jpg\" class=\"attachment-large size-large wp-image-70607\" alt=\"\" srcset=\"https:\/\/museum-mb.si\/wp-content\/uploads\/2022\/08\/07_09-1-uai-516x617-1.jpg.webp 516w, https:\/\/museum-mb.si\/wp-content\/uploads\/2022\/08\/07_09-1-uai-516x617-1-251x300.jpg 251w, https:\/\/museum-mb.si\/wp-content\/uploads\/2022\/08\/07_09-1-uai-516x617-1-10x12.jpg.webp 10w\" sizes=\"(max-width: 516px) 100vw, 516px\" \/>\t\t\t\t\t\t\t\t\t\t\t\t\t\t\t<\/div>\n\t\t\t\t<\/div>\n\t\t\t\t<div class=\"elementor-element elementor-element-57a3d48b elementor-widget__width-initial elementor-widget elementor-widget-text-editor\" data-id=\"57a3d48b\" data-element_type=\"widget\" data-widget_type=\"text-editor.default\">\n\t\t\t\t<div class=\"elementor-widget-container\">\n\t\t\t\t\t\t\t\t\tAnton Keller, Maribor townswoman, 1802\t\t\t\t\t\t\t\t<\/div>\n\t\t\t\t<\/div>\n\t\t\t\t\t<\/div>\n\t\t<\/div>\n\t\t\t\t\t<\/div>\n\t\t<\/section>\n\t\t\t\t<\/div>\n\t\t<\/div><\/div>\n<\/div>\n\n<div class=\"jet-carousel__item\">\n\t<div class=\"jet-carousel__item-inner\"><div class=\"jet-carousel__content\">\t\t<div data-elementor-type=\"section\" data-elementor-id=\"70612\" class=\"elementor elementor-70612\" data-elementor-post-type=\"elementor_library\">\n\t\t\t\t\t<section class=\"elementor-section elementor-top-section elementor-element elementor-element-74e430ee elementor-section-boxed elementor-section-height-default elementor-section-height-default\" data-id=\"74e430ee\" data-element_type=\"section\" data-settings=\"{&quot;jet_parallax_layout_list&quot;:[]}\">\n\t\t\t\t\t\t<div class=\"elementor-container elementor-column-gap-default\">\n\t\t\t\t\t<div class=\"elementor-column elementor-col-100 elementor-top-column elementor-element elementor-element-620fab9c\" data-id=\"620fab9c\" data-element_type=\"column\">\n\t\t\t<div class=\"elementor-widget-wrap elementor-element-populated\">\n\t\t\t\t\t\t<div class=\"elementor-element elementor-element-554cbf10 elementor-widget elementor-widget-image\" data-id=\"554cbf10\" data-element_type=\"widget\" data-widget_type=\"image.default\">\n\t\t\t\t<div class=\"elementor-widget-container\">\n\t\t\t\t\t\t\t\t\t\t\t\t\t\t\t<img loading=\"lazy\" decoding=\"async\" width=\"516\" height=\"676\" src=\"https:\/\/museum-mb.si\/wp-content\/uploads\/2022\/08\/07_10-1-uai-516x676-1.jpg\" class=\"attachment-large size-large wp-image-70611\" alt=\"\" srcset=\"https:\/\/museum-mb.si\/wp-content\/uploads\/2022\/08\/07_10-1-uai-516x676-1.jpg.webp 516w, https:\/\/museum-mb.si\/wp-content\/uploads\/2022\/08\/07_10-1-uai-516x676-1-229x300.jpg 229w, https:\/\/museum-mb.si\/wp-content\/uploads\/2022\/08\/07_10-1-uai-516x676-1-9x12.jpg 9w\" sizes=\"(max-width: 516px) 100vw, 516px\" \/>\t\t\t\t\t\t\t\t\t\t\t\t\t\t\t<\/div>\n\t\t\t\t<\/div>\n\t\t\t\t<div class=\"elementor-element elementor-element-7cbc37f9 elementor-widget__width-initial elementor-widget elementor-widget-text-editor\" data-id=\"7cbc37f9\" data-element_type=\"widget\" data-widget_type=\"text-editor.default\">\n\t\t\t\t<div class=\"elementor-widget-container\">\n\t\t\t\t\t\t\t\t\tEduard Lind, Ignaz Staudinger, 2nd half of the 19th century.\t\t\t\t\t\t\t\t<\/div>\n\t\t\t\t<\/div>\n\t\t\t\t\t<\/div>\n\t\t<\/div>\n\t\t\t\t\t<\/div>\n\t\t<\/section>\n\t\t\t\t<\/div>\n\t\t<\/div><\/div>\n<\/div>\n\n<div class=\"jet-carousel__item\">\n\t<div class=\"jet-carousel__item-inner\"><div class=\"jet-carousel__content\">\t\t<div data-elementor-type=\"section\" data-elementor-id=\"71045\" class=\"elementor elementor-71045\" data-elementor-post-type=\"elementor_library\">\n\t\t\t\t\t<section class=\"elementor-section elementor-top-section elementor-element elementor-element-6b897f4e elementor-section-boxed elementor-section-height-default elementor-section-height-default\" data-id=\"6b897f4e\" data-element_type=\"section\" data-settings=\"{&quot;jet_parallax_layout_list&quot;:[]}\">\n\t\t\t\t\t\t<div class=\"elementor-container elementor-column-gap-default\">\n\t\t\t\t\t<div class=\"elementor-column elementor-col-100 elementor-top-column elementor-element elementor-element-4d81120f\" data-id=\"4d81120f\" data-element_type=\"column\">\n\t\t\t<div class=\"elementor-widget-wrap elementor-element-populated\">\n\t\t\t\t\t\t<div class=\"elementor-element elementor-element-69dbed39 elementor-widget elementor-widget-image\" data-id=\"69dbed39\" data-element_type=\"widget\" data-widget_type=\"image.default\">\n\t\t\t\t<div class=\"elementor-widget-container\">\n\t\t\t\t\t\t\t\t\t\t\t\t\t\t\t<img loading=\"lazy\" decoding=\"async\" width=\"516\" height=\"672\" src=\"https:\/\/museum-mb.si\/wp-content\/uploads\/2022\/09\/07_11-1-uai-516x672-1.jpg\" class=\"attachment-large size-large wp-image-71041\" alt=\"\" srcset=\"https:\/\/museum-mb.si\/wp-content\/uploads\/2022\/09\/07_11-1-uai-516x672-1.jpg.webp 516w, https:\/\/museum-mb.si\/wp-content\/uploads\/2022\/09\/07_11-1-uai-516x672-1-230x300.jpg.webp 230w, https:\/\/museum-mb.si\/wp-content\/uploads\/2022\/09\/07_11-1-uai-516x672-1-9x12.jpg.webp 9w\" sizes=\"(max-width: 516px) 100vw, 516px\" \/>\t\t\t\t\t\t\t\t\t\t\t\t\t\t\t<\/div>\n\t\t\t\t<\/div>\n\t\t\t\t<div class=\"elementor-element elementor-element-7764309e elementor-widget__width-initial elementor-widget elementor-widget-text-editor\" data-id=\"7764309e\" data-element_type=\"widget\" data-widget_type=\"text-editor.default\">\n\t\t\t\t<div class=\"elementor-widget-container\">\n\t\t\t\t\t\t\t\t\tEduard Lind, Marija Staudinger, 2nd half of the 19th century.\t\t\t\t\t\t\t\t<\/div>\n\t\t\t\t<\/div>\n\t\t\t\t\t<\/div>\n\t\t<\/div>\n\t\t\t\t\t<\/div>\n\t\t<\/section>\n\t\t\t\t<\/div>\n\t\t<\/div><\/div>\n<\/div>\n\n<div class=\"jet-carousel__item\">\n\t<div class=\"jet-carousel__item-inner\"><div class=\"jet-carousel__content\">\t\t<div data-elementor-type=\"section\" data-elementor-id=\"71051\" class=\"elementor elementor-71051\" data-elementor-post-type=\"elementor_library\">\n\t\t\t\t\t<section class=\"elementor-section elementor-top-section elementor-element elementor-element-6b55145e elementor-section-boxed elementor-section-height-default elementor-section-height-default\" data-id=\"6b55145e\" data-element_type=\"section\" data-settings=\"{&quot;jet_parallax_layout_list&quot;:[]}\">\n\t\t\t\t\t\t<div class=\"elementor-container elementor-column-gap-default\">\n\t\t\t\t\t<div class=\"elementor-column elementor-col-100 elementor-top-column elementor-element elementor-element-130a95dd\" data-id=\"130a95dd\" data-element_type=\"column\">\n\t\t\t<div class=\"elementor-widget-wrap elementor-element-populated\">\n\t\t\t\t\t\t<div class=\"elementor-element elementor-element-307cdc68 elementor-widget elementor-widget-image\" data-id=\"307cdc68\" data-element_type=\"widget\" data-widget_type=\"image.default\">\n\t\t\t\t<div class=\"elementor-widget-container\">\n\t\t\t\t\t\t\t\t\t\t\t\t\t\t\t<img loading=\"lazy\" decoding=\"async\" width=\"516\" height=\"285\" src=\"https:\/\/museum-mb.si\/wp-content\/uploads\/2022\/08\/07_12-1-uai-516x285-1.jpg\" class=\"attachment-large size-large wp-image-71048\" alt=\"\" srcset=\"https:\/\/museum-mb.si\/wp-content\/uploads\/2022\/08\/07_12-1-uai-516x285-1.jpg.webp 516w, https:\/\/museum-mb.si\/wp-content\/uploads\/2022\/08\/07_12-1-uai-516x285-1-300x166.jpg.webp 300w, https:\/\/museum-mb.si\/wp-content\/uploads\/2022\/08\/07_12-1-uai-516x285-1-18x10.jpg 18w\" sizes=\"(max-width: 516px) 100vw, 516px\" \/>\t\t\t\t\t\t\t\t\t\t\t\t\t\t\t<\/div>\n\t\t\t\t<\/div>\n\t\t\t\t<div class=\"elementor-element elementor-element-1e636558 elementor-widget__width-initial elementor-widget elementor-widget-text-editor\" data-id=\"1e636558\" data-element_type=\"widget\" data-widget_type=\"text-editor.default\">\n\t\t\t\t<div class=\"elementor-widget-container\">\n\t\t\t\t\t\t\t\t\tAnton Gvajc, Maribor around 1861, copy after a votive painting from Ruse, 1928\t\t\t\t\t\t\t\t<\/div>\n\t\t\t\t<\/div>\n\t\t\t\t\t<\/div>\n\t\t<\/div>\n\t\t\t\t\t<\/div>\n\t\t<\/section>\n\t\t\t\t<\/div>\n\t\t<\/div><\/div>\n<\/div>\n\n<div class=\"jet-carousel__item\">\n\t<div class=\"jet-carousel__item-inner\"><div class=\"jet-carousel__content\">\t\t<div data-elementor-type=\"section\" data-elementor-id=\"71056\" class=\"elementor elementor-71056\" data-elementor-post-type=\"elementor_library\">\n\t\t\t\t\t<section class=\"elementor-section elementor-top-section elementor-element elementor-element-f96c572 elementor-section-boxed elementor-section-height-default elementor-section-height-default\" data-id=\"f96c572\" data-element_type=\"section\" data-settings=\"{&quot;jet_parallax_layout_list&quot;:[]}\">\n\t\t\t\t\t\t<div class=\"elementor-container elementor-column-gap-default\">\n\t\t\t\t\t<div class=\"elementor-column elementor-col-100 elementor-top-column elementor-element elementor-element-3d915e9d\" data-id=\"3d915e9d\" data-element_type=\"column\">\n\t\t\t<div class=\"elementor-widget-wrap elementor-element-populated\">\n\t\t\t\t\t\t<div class=\"elementor-element elementor-element-744cc9ad elementor-widget elementor-widget-image\" data-id=\"744cc9ad\" data-element_type=\"widget\" data-widget_type=\"image.default\">\n\t\t\t\t<div class=\"elementor-widget-container\">\n\t\t\t\t\t\t\t\t\t\t\t\t\t\t\t<img loading=\"lazy\" decoding=\"async\" width=\"516\" height=\"417\" src=\"https:\/\/museum-mb.si\/wp-content\/uploads\/2022\/08\/07_13-1-uai-516x417-1.jpg\" class=\"attachment-large size-large wp-image-71054\" alt=\"\" srcset=\"https:\/\/museum-mb.si\/wp-content\/uploads\/2022\/08\/07_13-1-uai-516x417-1.jpg.webp 516w, https:\/\/museum-mb.si\/wp-content\/uploads\/2022\/08\/07_13-1-uai-516x417-1-300x242.jpg.webp 300w, https:\/\/museum-mb.si\/wp-content\/uploads\/2022\/08\/07_13-1-uai-516x417-1-15x12.jpg.webp 15w\" sizes=\"(max-width: 516px) 100vw, 516px\" \/>\t\t\t\t\t\t\t\t\t\t\t\t\t\t\t<\/div>\n\t\t\t\t<\/div>\n\t\t\t\t<div class=\"elementor-element elementor-element-17f8a6fa elementor-widget__width-initial elementor-widget elementor-widget-text-editor\" data-id=\"17f8a6fa\" data-element_type=\"widget\" data-widget_type=\"text-editor.default\">\n\t\t\t\t<div class=\"elementor-widget-container\">\n\t\t\t\t\t\t\t\t\tVinzenz Moser, Main Square in Maribor, around 1883\t\t\t\t\t\t\t\t<\/div>\n\t\t\t\t<\/div>\n\t\t\t\t\t<\/div>\n\t\t<\/div>\n\t\t\t\t\t<\/div>\n\t\t<\/section>\n\t\t\t\t<\/div>\n\t\t<\/div><\/div>\n<\/div>\n\n<div class=\"jet-carousel__item\">\n\t<div class=\"jet-carousel__item-inner\"><div class=\"jet-carousel__content\">\t\t<div data-elementor-type=\"section\" data-elementor-id=\"71063\" class=\"elementor elementor-71063\" data-elementor-post-type=\"elementor_library\">\n\t\t\t\t\t<section class=\"elementor-section elementor-top-section elementor-element elementor-element-a390ec5 elementor-section-boxed elementor-section-height-default elementor-section-height-default\" data-id=\"a390ec5\" data-element_type=\"section\" data-settings=\"{&quot;jet_parallax_layout_list&quot;:[]}\">\n\t\t\t\t\t\t<div class=\"elementor-container elementor-column-gap-default\">\n\t\t\t\t\t<div class=\"elementor-column elementor-col-100 elementor-top-column elementor-element elementor-element-4ed509ba\" data-id=\"4ed509ba\" data-element_type=\"column\">\n\t\t\t<div class=\"elementor-widget-wrap elementor-element-populated\">\n\t\t\t\t\t\t<div class=\"elementor-element elementor-element-166fc8c6 elementor-widget elementor-widget-image\" data-id=\"166fc8c6\" data-element_type=\"widget\" data-widget_type=\"image.default\">\n\t\t\t\t<div class=\"elementor-widget-container\">\n\t\t\t\t\t\t\t\t\t\t\t\t\t\t\t<img loading=\"lazy\" decoding=\"async\" width=\"516\" height=\"711\" src=\"https:\/\/museum-mb.si\/wp-content\/uploads\/2022\/08\/07_15-1-uai-516x711-1.jpg\" class=\"attachment-large size-large wp-image-71059\" alt=\"\" srcset=\"https:\/\/museum-mb.si\/wp-content\/uploads\/2022\/08\/07_15-1-uai-516x711-1.jpg.webp 516w, https:\/\/museum-mb.si\/wp-content\/uploads\/2022\/08\/07_15-1-uai-516x711-1-218x300.jpg.webp 218w, https:\/\/museum-mb.si\/wp-content\/uploads\/2022\/08\/07_15-1-uai-516x711-1-9x12.jpg.webp 9w\" sizes=\"(max-width: 516px) 100vw, 516px\" \/>\t\t\t\t\t\t\t\t\t\t\t\t\t\t\t<\/div>\n\t\t\t\t<\/div>\n\t\t\t\t<div class=\"elementor-element elementor-element-2546e787 elementor-widget__width-initial elementor-widget elementor-widget-text-editor\" data-id=\"2546e787\" data-element_type=\"widget\" data-widget_type=\"text-editor.default\">\n\t\t\t\t<div class=\"elementor-widget-container\">\n\t\t\t\t\t\t\t\t\tEduard Lind, Mayor of Maribor Matth\u00e4us Reisser, 1883\t\t\t\t\t\t\t\t<\/div>\n\t\t\t\t<\/div>\n\t\t\t\t\t<\/div>\n\t\t<\/div>\n\t\t\t\t\t<\/div>\n\t\t<\/section>\n\t\t\t\t<\/div>\n\t\t<\/div><\/div>\n<\/div>\n\n<div class=\"jet-carousel__item\">\n\t<div class=\"jet-carousel__item-inner\"><div class=\"jet-carousel__content\">\t\t<div data-elementor-type=\"section\" data-elementor-id=\"71067\" class=\"elementor elementor-71067\" data-elementor-post-type=\"elementor_library\">\n\t\t\t\t\t<section class=\"elementor-section elementor-top-section elementor-element elementor-element-614c7714 elementor-section-boxed elementor-section-height-default elementor-section-height-default\" data-id=\"614c7714\" data-element_type=\"section\" data-settings=\"{&quot;jet_parallax_layout_list&quot;:[]}\">\n\t\t\t\t\t\t<div class=\"elementor-container elementor-column-gap-default\">\n\t\t\t\t\t<div class=\"elementor-column elementor-col-100 elementor-top-column elementor-element elementor-element-a327c63\" data-id=\"a327c63\" data-element_type=\"column\">\n\t\t\t<div class=\"elementor-widget-wrap elementor-element-populated\">\n\t\t\t\t\t\t<div class=\"elementor-element elementor-element-6e1c8e77 elementor-widget elementor-widget-image\" data-id=\"6e1c8e77\" data-element_type=\"widget\" data-widget_type=\"image.default\">\n\t\t\t\t<div class=\"elementor-widget-container\">\n\t\t\t\t\t\t\t\t\t\t\t\t\t\t\t<img loading=\"lazy\" decoding=\"async\" width=\"516\" height=\"423\" src=\"https:\/\/museum-mb.si\/wp-content\/uploads\/2022\/08\/07_16-1-uai-516x423-1.jpg\" class=\"attachment-large size-large wp-image-71066\" alt=\"\" srcset=\"https:\/\/museum-mb.si\/wp-content\/uploads\/2022\/08\/07_16-1-uai-516x423-1.jpg.webp 516w, https:\/\/museum-mb.si\/wp-content\/uploads\/2022\/08\/07_16-1-uai-516x423-1-300x246.jpg.webp 300w, https:\/\/museum-mb.si\/wp-content\/uploads\/2022\/08\/07_16-1-uai-516x423-1-15x12.jpg.webp 15w\" sizes=\"(max-width: 516px) 100vw, 516px\" \/>\t\t\t\t\t\t\t\t\t\t\t\t\t\t\t<\/div>\n\t\t\t\t<\/div>\n\t\t\t\t<div class=\"elementor-element elementor-element-290f894 elementor-widget__width-initial elementor-widget elementor-widget-text-editor\" data-id=\"290f894\" data-element_type=\"widget\" data-widget_type=\"text-editor.default\">\n\t\t\t\t<div class=\"elementor-widget-container\">\n\t\t\t\t\t\t\t\t\tRoman Pachner Jr., House of the Pachner family on Castle Square, before 1908\t\t\t\t\t\t\t\t<\/div>\n\t\t\t\t<\/div>\n\t\t\t\t\t<\/div>\n\t\t<\/div>\n\t\t\t\t\t<\/div>\n\t\t<\/section>\n\t\t\t\t<\/div>\n\t\t<\/div><\/div>\n<\/div>\n\n<div class=\"jet-carousel__item\">\n\t<div class=\"jet-carousel__item-inner\"><div class=\"jet-carousel__content\">\t\t<div data-elementor-type=\"section\" data-elementor-id=\"71071\" class=\"elementor elementor-71071\" data-elementor-post-type=\"elementor_library\">\n\t\t\t\t\t<section class=\"elementor-section elementor-top-section elementor-element elementor-element-5b88595a elementor-section-boxed elementor-section-height-default elementor-section-height-default\" data-id=\"5b88595a\" data-element_type=\"section\" data-settings=\"{&quot;jet_parallax_layout_list&quot;:[]}\">\n\t\t\t\t\t\t<div class=\"elementor-container elementor-column-gap-default\">\n\t\t\t\t\t<div class=\"elementor-column elementor-col-100 elementor-top-column elementor-element elementor-element-61aaf943\" data-id=\"61aaf943\" data-element_type=\"column\">\n\t\t\t<div class=\"elementor-widget-wrap elementor-element-populated\">\n\t\t\t\t\t\t<div class=\"elementor-element elementor-element-6a00c63c elementor-widget elementor-widget-image\" data-id=\"6a00c63c\" data-element_type=\"widget\" data-widget_type=\"image.default\">\n\t\t\t\t<div class=\"elementor-widget-container\">\n\t\t\t\t\t\t\t\t\t\t\t\t\t\t\t<img loading=\"lazy\" decoding=\"async\" width=\"516\" height=\"424\" src=\"https:\/\/museum-mb.si\/wp-content\/uploads\/2022\/08\/07_17-1-uai-516x424-1.jpg\" class=\"attachment-large size-large wp-image-71070\" alt=\"\" srcset=\"https:\/\/museum-mb.si\/wp-content\/uploads\/2022\/08\/07_17-1-uai-516x424-1.jpg.webp 516w, https:\/\/museum-mb.si\/wp-content\/uploads\/2022\/08\/07_17-1-uai-516x424-1-300x247.jpg.webp 300w, https:\/\/museum-mb.si\/wp-content\/uploads\/2022\/08\/07_17-1-uai-516x424-1-15x12.jpg.webp 15w\" sizes=\"(max-width: 516px) 100vw, 516px\" \/>\t\t\t\t\t\t\t\t\t\t\t\t\t\t\t<\/div>\n\t\t\t\t<\/div>\n\t\t\t\t<div class=\"elementor-element elementor-element-7f08a32a elementor-widget__width-initial elementor-widget elementor-widget-text-editor\" data-id=\"7f08a32a\" data-element_type=\"widget\" data-widget_type=\"text-editor.default\">\n\t\t\t\t<div class=\"elementor-widget-container\">\n\t\t\t\t\t\t\t\t\tRoman Pachner Jr., Maribor shooting range around 1700, before 1908\t\t\t\t\t\t\t\t<\/div>\n\t\t\t\t<\/div>\n\t\t\t\t\t<\/div>\n\t\t<\/div>\n\t\t\t\t\t<\/div>\n\t\t<\/section>\n\t\t\t\t<\/div>\n\t\t<\/div><\/div>\n<\/div>\n\n<div class=\"jet-carousel__item\">\n\t<div class=\"jet-carousel__item-inner\"><div class=\"jet-carousel__content\">\t\t<div data-elementor-type=\"section\" data-elementor-id=\"71076\" class=\"elementor elementor-71076\" data-elementor-post-type=\"elementor_library\">\n\t\t\t\t\t<section class=\"elementor-section elementor-top-section elementor-element elementor-element-4fefea63 elementor-section-boxed elementor-section-height-default elementor-section-height-default\" data-id=\"4fefea63\" data-element_type=\"section\" data-settings=\"{&quot;jet_parallax_layout_list&quot;:[]}\">\n\t\t\t\t\t\t<div class=\"elementor-container elementor-column-gap-default\">\n\t\t\t\t\t<div class=\"elementor-column elementor-col-100 elementor-top-column elementor-element elementor-element-4454ef5b\" data-id=\"4454ef5b\" data-element_type=\"column\">\n\t\t\t<div class=\"elementor-widget-wrap elementor-element-populated\">\n\t\t\t\t\t\t<div class=\"elementor-element elementor-element-2d53dec6 elementor-widget elementor-widget-image\" data-id=\"2d53dec6\" data-element_type=\"widget\" data-widget_type=\"image.default\">\n\t\t\t\t<div class=\"elementor-widget-container\">\n\t\t\t\t\t\t\t\t\t\t\t\t\t\t\t<img loading=\"lazy\" decoding=\"async\" width=\"516\" height=\"691\" src=\"https:\/\/museum-mb.si\/wp-content\/uploads\/2022\/08\/07_18-1-uai-516x691-1.jpg\" class=\"attachment-large size-large wp-image-71074\" alt=\"\" srcset=\"https:\/\/museum-mb.si\/wp-content\/uploads\/2022\/08\/07_18-1-uai-516x691-1.jpg 516w, https:\/\/museum-mb.si\/wp-content\/uploads\/2022\/08\/07_18-1-uai-516x691-1-224x300.jpg.webp 224w, https:\/\/museum-mb.si\/wp-content\/uploads\/2022\/08\/07_18-1-uai-516x691-1-9x12.jpg.webp 9w\" sizes=\"(max-width: 516px) 100vw, 516px\" \/>\t\t\t\t\t\t\t\t\t\t\t\t\t\t\t<\/div>\n\t\t\t\t<\/div>\n\t\t\t\t<div class=\"elementor-element elementor-element-6917d93e elementor-widget__width-initial elementor-widget elementor-widget-text-editor\" data-id=\"6917d93e\" data-element_type=\"widget\" data-widget_type=\"text-editor.default\">\n\t\t\t\t<div class=\"elementor-widget-container\">\n\t\t\t\t\t\t\t\t\tIvan Kos, Maribor Mayor Dr. Josip Leskovar, 1936\t\t\t\t\t\t\t\t<\/div>\n\t\t\t\t<\/div>\n\t\t\t\t\t<\/div>\n\t\t<\/div>\n\t\t\t\t\t<\/div>\n\t\t<\/section>\n\t\t\t\t<\/div>\n\t\t<\/div><\/div>\n<\/div>\n\n<div class=\"jet-carousel__item\">\n\t<div class=\"jet-carousel__item-inner\"><div class=\"jet-carousel__content\">\t\t<div data-elementor-type=\"section\" data-elementor-id=\"71081\" class=\"elementor elementor-71081\" data-elementor-post-type=\"elementor_library\">\n\t\t\t\t\t<section class=\"elementor-section elementor-top-section elementor-element elementor-element-50acee04 elementor-section-boxed elementor-section-height-default elementor-section-height-default\" data-id=\"50acee04\" data-element_type=\"section\" data-settings=\"{&quot;jet_parallax_layout_list&quot;:[]}\">\n\t\t\t\t\t\t<div class=\"elementor-container elementor-column-gap-default\">\n\t\t\t\t\t<div class=\"elementor-column elementor-col-100 elementor-top-column elementor-element elementor-element-ea7f855\" data-id=\"ea7f855\" data-element_type=\"column\">\n\t\t\t<div class=\"elementor-widget-wrap elementor-element-populated\">\n\t\t\t\t\t\t<div class=\"elementor-element elementor-element-fb1d9f5 elementor-widget elementor-widget-image\" data-id=\"fb1d9f5\" data-element_type=\"widget\" data-widget_type=\"image.default\">\n\t\t\t\t<div class=\"elementor-widget-container\">\n\t\t\t\t\t\t\t\t\t\t\t\t\t\t\t<img loading=\"lazy\" decoding=\"async\" width=\"516\" height=\"662\" src=\"https:\/\/museum-mb.si\/wp-content\/uploads\/2022\/08\/07_19-1-uai-516x662-1.jpg\" class=\"attachment-large size-large wp-image-71079\" alt=\"\" srcset=\"https:\/\/museum-mb.si\/wp-content\/uploads\/2022\/08\/07_19-1-uai-516x662-1.jpg.webp 516w, https:\/\/museum-mb.si\/wp-content\/uploads\/2022\/08\/07_19-1-uai-516x662-1-234x300.jpg.webp 234w, https:\/\/museum-mb.si\/wp-content\/uploads\/2022\/08\/07_19-1-uai-516x662-1-9x12.jpg.webp 9w\" sizes=\"(max-width: 516px) 100vw, 516px\" \/>\t\t\t\t\t\t\t\t\t\t\t\t\t\t\t<\/div>\n\t\t\t\t<\/div>\n\t\t\t\t<div class=\"elementor-element elementor-element-2eb0b1b1 elementor-widget__width-initial elementor-widget elementor-widget-text-editor\" data-id=\"2eb0b1b1\" data-element_type=\"widget\" data-widget_type=\"text-editor.default\">\n\t\t\t\t<div class=\"elementor-widget-container\">\n\t\t\t\t\t\t\t\t\tMatej Sternen, Maribor Mayor Dr. Alojz Juvan, 1940\t\t\t\t\t\t\t\t<\/div>\n\t\t\t\t<\/div>\n\t\t\t\t\t<\/div>\n\t\t<\/div>\n\t\t\t\t\t<\/div>\n\t\t<\/section>\n\t\t\t\t<\/div>\n\t\t<\/div><\/div>\n<\/div>\n\n<div class=\"jet-carousel__item\">\n\t<div class=\"jet-carousel__item-inner\"><div class=\"jet-carousel__content\">\t\t<div data-elementor-type=\"section\" data-elementor-id=\"71086\" class=\"elementor elementor-71086\" data-elementor-post-type=\"elementor_library\">\n\t\t\t\t\t<section class=\"elementor-section elementor-top-section elementor-element elementor-element-1ef7667b elementor-section-boxed elementor-section-height-default elementor-section-height-default\" data-id=\"1ef7667b\" data-element_type=\"section\" data-settings=\"{&quot;jet_parallax_layout_list&quot;:[]}\">\n\t\t\t\t\t\t<div class=\"elementor-container elementor-column-gap-default\">\n\t\t\t\t\t<div class=\"elementor-column elementor-col-100 elementor-top-column elementor-element elementor-element-27841ccc\" data-id=\"27841ccc\" data-element_type=\"column\">\n\t\t\t<div class=\"elementor-widget-wrap elementor-element-populated\">\n\t\t\t\t\t\t<div class=\"elementor-element elementor-element-385a2afa elementor-widget elementor-widget-image\" data-id=\"385a2afa\" data-element_type=\"widget\" data-widget_type=\"image.default\">\n\t\t\t\t<div class=\"elementor-widget-container\">\n\t\t\t\t\t\t\t\t\t\t\t\t\t\t\t<img loading=\"lazy\" decoding=\"async\" width=\"516\" height=\"679\" src=\"https:\/\/museum-mb.si\/wp-content\/uploads\/2022\/08\/07_20-1-uai-516x679-1.jpg\" class=\"attachment-large size-large wp-image-71084\" alt=\"\" srcset=\"https:\/\/museum-mb.si\/wp-content\/uploads\/2022\/08\/07_20-1-uai-516x679-1.jpg.webp 516w, https:\/\/museum-mb.si\/wp-content\/uploads\/2022\/08\/07_20-1-uai-516x679-1-228x300.jpg 228w, https:\/\/museum-mb.si\/wp-content\/uploads\/2022\/08\/07_20-1-uai-516x679-1-9x12.jpg.webp 9w\" sizes=\"(max-width: 516px) 100vw, 516px\" \/>\t\t\t\t\t\t\t\t\t\t\t\t\t\t\t<\/div>\n\t\t\t\t<\/div>\n\t\t\t\t<div class=\"elementor-element elementor-element-39affb0e elementor-widget__width-initial elementor-widget elementor-widget-text-editor\" data-id=\"39affb0e\" data-element_type=\"widget\" data-widget_type=\"text-editor.default\">\n\t\t\t\t<div class=\"elementor-widget-container\">\n\t\t\t\t\t\t\t\t\tUnknown painter, Judith with the Head of Holofernes, 18th century.\t\t\t\t\t\t\t\t<\/div>\n\t\t\t\t<\/div>\n\t\t\t\t\t<\/div>\n\t\t<\/div>\n\t\t\t\t\t<\/div>\n\t\t<\/section>\n\t\t\t\t<\/div>\n\t\t<\/div><\/div>\n<\/div>\n<\/div><div class=\"jet-carousel__prev-arrow-3684c3ea jet-arrow prev-arrow\"><i aria-hidden=\"true\" class=\"fas fa-angle-left\"><\/i><\/div><div class=\"jet-carousel__next-arrow-3684c3ea jet-arrow next-arrow\"><i aria-hidden=\"true\" class=\"fas fa-angle-right\"><\/i><\/div><\/div>\n<\/div>\n<\/div>\t\t\t\t<\/div>\n\t\t\t\t<\/div>\n\t\t\t\t\t<\/div>\n\t\t<\/div>\n\t\t\t\t\t<\/div>\n\t\t<\/section>\n\t\t\t\t<\/div>","protected":false},"featured_media":70021,"template":"","vrsta":[15],"class_list":["post-70020","razstave","type-razstave","status-publish","has-post-thumbnail","hentry","vrsta-inventarna-stevilka-1"],"yoast_head":"<!-- This site is optimized with the Yoast SEO plugin v27.5 - https:\/\/yoast.com\/product\/yoast-seo-wordpress\/ -->\n<title>SLIKARSKA DELA V ZBIRKI MUZEJSKEGA DRU\u0160TVA &#8211; Pokrajinski muzej Maribor<\/title>\n<meta name=\"robots\" content=\"index, follow, max-snippet:-1, max-image-preview:large, max-video-preview:-1\" \/>\n<link rel=\"canonical\" href=\"https:\/\/museum-mb.si\/en\/exhibitions\/painting-works-in-the-museum-collection\/\" \/>\n<meta property=\"og:locale\" content=\"en_GB\" \/>\n<meta property=\"og:type\" content=\"article\" \/>\n<meta property=\"og:title\" content=\"SLIKARSKA DELA V ZBIRKI MUZEJSKEGA DRU\u0160TVA &#8211; Pokrajinski muzej Maribor\" \/>\n<meta property=\"og:description\" content=\"RAZISKUJ INVENTARNA \u0160TEVILKA 1 Slike imajo mo\u010d, nadomestijo lahko besede in odprejo pogled v popolnoma neznane svetove. V skupnem projektu z Umetnostno galerijo Maribor v letu 2020 za\u010denjamo niz aktivnosti, posve\u010denih prou\u010devanju nastanka prvih slikarskih zbirk in stoti obletnici organizirane likovne dejavnosti v Mariboru. Razstava Pokrajinskega muzeja Maribor z naslovom INVENTARNA \u0160TEVILKA 1 predstavlja slikarska [&hellip;]\" \/>\n<meta property=\"og:url\" content=\"https:\/\/museum-mb.si\/en\/exhibitions\/painting-works-in-the-museum-collection\/\" \/>\n<meta property=\"og:site_name\" content=\"Pokrajinski muzej Maribor\" \/>\n<meta property=\"article:publisher\" content=\"https:\/\/www.facebook.com\/pomum123\" \/>\n<meta property=\"article:modified_time\" content=\"2022-09-15T15:21:24+00:00\" \/>\n<meta property=\"og:image\" content=\"https:\/\/museum-mb.si\/wp-content\/uploads\/2022\/09\/Foto-Inventarna-st.-1.pomanjsana-uai-720x720-1.jpg\" \/>\n\t<meta property=\"og:image:width\" content=\"720\" \/>\n\t<meta property=\"og:image:height\" content=\"720\" \/>\n\t<meta property=\"og:image:type\" content=\"image\/jpeg\" \/>\n<meta name=\"twitter:card\" content=\"summary_large_image\" \/>\n<meta name=\"twitter:label1\" content=\"Estimated reading time\" \/>\n\t<meta name=\"twitter:data1\" content=\"3 minutes\" \/>\n<script type=\"application\/ld+json\" class=\"yoast-schema-graph\">{\"@context\":\"https:\\\/\\\/schema.org\",\"@graph\":[{\"@type\":\"WebPage\",\"@id\":\"https:\\\/\\\/museum-mb.si\\\/razstave\\\/slikarska-dela-v-zbirki-muzejskega-drustva\\\/\",\"url\":\"https:\\\/\\\/museum-mb.si\\\/razstave\\\/slikarska-dela-v-zbirki-muzejskega-drustva\\\/\",\"name\":\"SLIKARSKA DELA V ZBIRKI MUZEJSKEGA DRU\u0160TVA &#8211; Pokrajinski muzej Maribor\",\"isPartOf\":{\"@id\":\"https:\\\/\\\/museum-mb.si\\\/#website\"},\"primaryImageOfPage\":{\"@id\":\"https:\\\/\\\/museum-mb.si\\\/razstave\\\/slikarska-dela-v-zbirki-muzejskega-drustva\\\/#primaryimage\"},\"image\":{\"@id\":\"https:\\\/\\\/museum-mb.si\\\/razstave\\\/slikarska-dela-v-zbirki-muzejskega-drustva\\\/#primaryimage\"},\"thumbnailUrl\":\"https:\\\/\\\/museum-mb.si\\\/wp-content\\\/uploads\\\/2022\\\/09\\\/Foto-Inventarna-st.-1.pomanjsana-uai-720x720-1.jpg\",\"datePublished\":\"2022-09-06T14:01:22+00:00\",\"dateModified\":\"2022-09-15T15:21:24+00:00\",\"breadcrumb\":{\"@id\":\"https:\\\/\\\/museum-mb.si\\\/razstave\\\/slikarska-dela-v-zbirki-muzejskega-drustva\\\/#breadcrumb\"},\"inLanguage\":\"en-GB\",\"potentialAction\":[{\"@type\":\"ReadAction\",\"target\":[\"https:\\\/\\\/museum-mb.si\\\/razstave\\\/slikarska-dela-v-zbirki-muzejskega-drustva\\\/\"]}]},{\"@type\":\"ImageObject\",\"inLanguage\":\"en-GB\",\"@id\":\"https:\\\/\\\/museum-mb.si\\\/razstave\\\/slikarska-dela-v-zbirki-muzejskega-drustva\\\/#primaryimage\",\"url\":\"https:\\\/\\\/museum-mb.si\\\/wp-content\\\/uploads\\\/2022\\\/09\\\/Foto-Inventarna-st.-1.pomanjsana-uai-720x720-1.jpg\",\"contentUrl\":\"https:\\\/\\\/museum-mb.si\\\/wp-content\\\/uploads\\\/2022\\\/09\\\/Foto-Inventarna-st.-1.pomanjsana-uai-720x720-1.jpg\",\"width\":720,\"height\":720},{\"@type\":\"BreadcrumbList\",\"@id\":\"https:\\\/\\\/museum-mb.si\\\/razstave\\\/slikarska-dela-v-zbirki-muzejskega-drustva\\\/#breadcrumb\",\"itemListElement\":[{\"@type\":\"ListItem\",\"position\":1,\"name\":\"Domov\",\"item\":\"https:\\\/\\\/museum-mb.si\\\/\"},{\"@type\":\"ListItem\",\"position\":2,\"name\":\"Razstave\",\"item\":\"https:\\\/\\\/museum-mb.si\\\/razstave\\\/\"},{\"@type\":\"ListItem\",\"position\":3,\"name\":\"SLIKARSKA DELA V ZBIRKI MUZEJSKEGA DRU\u0160TVA\"}]},{\"@type\":\"WebSite\",\"@id\":\"https:\\\/\\\/museum-mb.si\\\/#website\",\"url\":\"https:\\\/\\\/museum-mb.si\\\/\",\"name\":\"Pokrajinski muzej Maribor\",\"description\":\"\",\"publisher\":{\"@id\":\"https:\\\/\\\/museum-mb.si\\\/#organization\"},\"potentialAction\":[{\"@type\":\"SearchAction\",\"target\":{\"@type\":\"EntryPoint\",\"urlTemplate\":\"https:\\\/\\\/museum-mb.si\\\/?s={search_term_string}\"},\"query-input\":{\"@type\":\"PropertyValueSpecification\",\"valueRequired\":true,\"valueName\":\"search_term_string\"}}],\"inLanguage\":\"en-GB\"},{\"@type\":\"Organization\",\"@id\":\"https:\\\/\\\/museum-mb.si\\\/#organization\",\"name\":\"Pokrajinski muzej Maribor\",\"url\":\"https:\\\/\\\/museum-mb.si\\\/\",\"logo\":{\"@type\":\"ImageObject\",\"inLanguage\":\"en-GB\",\"@id\":\"https:\\\/\\\/museum-mb.si\\\/#\\\/schema\\\/logo\\\/image\\\/\",\"url\":\"https:\\\/\\\/museum-mb.si\\\/wp-content\\\/uploads\\\/2024\\\/12\\\/pmm_logo_barvni_jpeg.jpg\",\"contentUrl\":\"https:\\\/\\\/museum-mb.si\\\/wp-content\\\/uploads\\\/2024\\\/12\\\/pmm_logo_barvni_jpeg.jpg\",\"width\":758,\"height\":754,\"caption\":\"Pokrajinski muzej Maribor\"},\"image\":{\"@id\":\"https:\\\/\\\/museum-mb.si\\\/#\\\/schema\\\/logo\\\/image\\\/\"},\"sameAs\":[\"https:\\\/\\\/www.facebook.com\\\/pomum123\",\"https:\\\/\\\/www.instagram.com\\\/maribor_museum\\\/\",\"https:\\\/\\\/www.youtube.com\\\/channel\\\/UCdshtCrun841Oc-35tYLBGQ\"]}]}<\/script>\n<!-- \/ Yoast SEO plugin. -->","yoast_head_json":{"title":"SLIKARSKA DELA V ZBIRKI MUZEJSKEGA DRU\u0160TVA &#8211; Pokrajinski muzej Maribor","robots":{"index":"index","follow":"follow","max-snippet":"max-snippet:-1","max-image-preview":"max-image-preview:large","max-video-preview":"max-video-preview:-1"},"canonical":"https:\/\/museum-mb.si\/en\/exhibitions\/painting-works-in-the-museum-collection\/","og_locale":"en_GB","og_type":"article","og_title":"SLIKARSKA DELA V ZBIRKI MUZEJSKEGA DRU\u0160TVA &#8211; Pokrajinski muzej Maribor","og_description":"RAZISKUJ INVENTARNA \u0160TEVILKA 1 Slike imajo mo\u010d, nadomestijo lahko besede in odprejo pogled v popolnoma neznane svetove. V skupnem projektu z Umetnostno galerijo Maribor v letu 2020 za\u010denjamo niz aktivnosti, posve\u010denih prou\u010devanju nastanka prvih slikarskih zbirk in stoti obletnici organizirane likovne dejavnosti v Mariboru. Razstava Pokrajinskega muzeja Maribor z naslovom INVENTARNA \u0160TEVILKA 1 predstavlja slikarska [&hellip;]","og_url":"https:\/\/museum-mb.si\/en\/exhibitions\/painting-works-in-the-museum-collection\/","og_site_name":"Pokrajinski muzej Maribor","article_publisher":"https:\/\/www.facebook.com\/pomum123","article_modified_time":"2022-09-15T15:21:24+00:00","og_image":[{"width":720,"height":720,"url":"https:\/\/museum-mb.si\/wp-content\/uploads\/2022\/09\/Foto-Inventarna-st.-1.pomanjsana-uai-720x720-1.jpg","type":"image\/jpeg"}],"twitter_card":"summary_large_image","twitter_misc":{"Estimated reading time":"3 minutes"},"schema":{"@context":"https:\/\/schema.org","@graph":[{"@type":"WebPage","@id":"https:\/\/museum-mb.si\/razstave\/slikarska-dela-v-zbirki-muzejskega-drustva\/","url":"https:\/\/museum-mb.si\/razstave\/slikarska-dela-v-zbirki-muzejskega-drustva\/","name":"SLIKARSKA DELA V ZBIRKI MUZEJSKEGA DRU\u0160TVA &#8211; Pokrajinski muzej Maribor","isPartOf":{"@id":"https:\/\/museum-mb.si\/#website"},"primaryImageOfPage":{"@id":"https:\/\/museum-mb.si\/razstave\/slikarska-dela-v-zbirki-muzejskega-drustva\/#primaryimage"},"image":{"@id":"https:\/\/museum-mb.si\/razstave\/slikarska-dela-v-zbirki-muzejskega-drustva\/#primaryimage"},"thumbnailUrl":"https:\/\/museum-mb.si\/wp-content\/uploads\/2022\/09\/Foto-Inventarna-st.-1.pomanjsana-uai-720x720-1.jpg","datePublished":"2022-09-06T14:01:22+00:00","dateModified":"2022-09-15T15:21:24+00:00","breadcrumb":{"@id":"https:\/\/museum-mb.si\/razstave\/slikarska-dela-v-zbirki-muzejskega-drustva\/#breadcrumb"},"inLanguage":"en-GB","potentialAction":[{"@type":"ReadAction","target":["https:\/\/museum-mb.si\/razstave\/slikarska-dela-v-zbirki-muzejskega-drustva\/"]}]},{"@type":"ImageObject","inLanguage":"en-GB","@id":"https:\/\/museum-mb.si\/razstave\/slikarska-dela-v-zbirki-muzejskega-drustva\/#primaryimage","url":"https:\/\/museum-mb.si\/wp-content\/uploads\/2022\/09\/Foto-Inventarna-st.-1.pomanjsana-uai-720x720-1.jpg","contentUrl":"https:\/\/museum-mb.si\/wp-content\/uploads\/2022\/09\/Foto-Inventarna-st.-1.pomanjsana-uai-720x720-1.jpg","width":720,"height":720},{"@type":"BreadcrumbList","@id":"https:\/\/museum-mb.si\/razstave\/slikarska-dela-v-zbirki-muzejskega-drustva\/#breadcrumb","itemListElement":[{"@type":"ListItem","position":1,"name":"Domov","item":"https:\/\/museum-mb.si\/"},{"@type":"ListItem","position":2,"name":"Razstave","item":"https:\/\/museum-mb.si\/razstave\/"},{"@type":"ListItem","position":3,"name":"SLIKARSKA DELA V ZBIRKI MUZEJSKEGA DRU\u0160TVA"}]},{"@type":"WebSite","@id":"https:\/\/museum-mb.si\/#website","url":"https:\/\/museum-mb.si\/","name":"Maribor Regional Museum","description":"","publisher":{"@id":"https:\/\/museum-mb.si\/#organization"},"potentialAction":[{"@type":"SearchAction","target":{"@type":"EntryPoint","urlTemplate":"https:\/\/museum-mb.si\/?s={search_term_string}"},"query-input":{"@type":"PropertyValueSpecification","valueRequired":true,"valueName":"search_term_string"}}],"inLanguage":"en-GB"},{"@type":"Organization","@id":"https:\/\/museum-mb.si\/#organization","name":"Maribor Regional Museum","url":"https:\/\/museum-mb.si\/","logo":{"@type":"ImageObject","inLanguage":"en-GB","@id":"https:\/\/museum-mb.si\/#\/schema\/logo\/image\/","url":"https:\/\/museum-mb.si\/wp-content\/uploads\/2024\/12\/pmm_logo_barvni_jpeg.jpg","contentUrl":"https:\/\/museum-mb.si\/wp-content\/uploads\/2024\/12\/pmm_logo_barvni_jpeg.jpg","width":758,"height":754,"caption":"Pokrajinski muzej Maribor"},"image":{"@id":"https:\/\/museum-mb.si\/#\/schema\/logo\/image\/"},"sameAs":["https:\/\/www.facebook.com\/pomum123","https:\/\/www.instagram.com\/maribor_museum\/","https:\/\/www.youtube.com\/channel\/UCdshtCrun841Oc-35tYLBGQ"]}]}},"_links":{"self":[{"href":"https:\/\/museum-mb.si\/en\/wp-json\/wp\/v2\/razstave\/70020","targetHints":{"allow":["GET"]}}],"collection":[{"href":"https:\/\/museum-mb.si\/en\/wp-json\/wp\/v2\/razstave"}],"about":[{"href":"https:\/\/museum-mb.si\/en\/wp-json\/wp\/v2\/types\/razstave"}],"version-history":[{"count":4,"href":"https:\/\/museum-mb.si\/en\/wp-json\/wp\/v2\/razstave\/70020\/revisions"}],"predecessor-version":[{"id":71091,"href":"https:\/\/museum-mb.si\/en\/wp-json\/wp\/v2\/razstave\/70020\/revisions\/71091"}],"wp:featuredmedia":[{"embeddable":true,"href":"https:\/\/museum-mb.si\/en\/wp-json\/wp\/v2\/media\/70021"}],"wp:attachment":[{"href":"https:\/\/museum-mb.si\/en\/wp-json\/wp\/v2\/media?parent=70020"}],"wp:term":[{"taxonomy":"vrsta","embeddable":true,"href":"https:\/\/museum-mb.si\/en\/wp-json\/wp\/v2\/vrsta?post=70020"}],"curies":[{"name":"wp","href":"https:\/\/api.w.org\/{rel}","templated":true}]}}