{"id":69152,"date":"2023-07-25T07:05:10","date_gmt":"2023-07-25T06:05:10","guid":{"rendered":"https:\/\/nova.museum-mb.si\/?post_type=razstave&#038;p=69152"},"modified":"2024-09-11T08:12:03","modified_gmt":"2024-09-11T07:12:03","slug":"brave-tuberculler","status":"publish","type":"razstave","link":"https:\/\/museum-mb.si\/en\/exhibitions\/brave-tuberculler\/","title":{"rendered":"BRAVE LITTLE SHOEMAKER"},"content":{"rendered":"<div data-elementor-type=\"wp-post\" data-elementor-id=\"69152\" class=\"elementor elementor-69152\" data-elementor-post-type=\"razstave\">\n\t\t\t\t\t\t<section class=\"elementor-section elementor-top-section elementor-element elementor-element-d3d9b68 elementor-section-boxed elementor-section-height-default elementor-section-height-default\" data-id=\"d3d9b68\" data-element_type=\"section\" data-settings=\"{&quot;jet_parallax_layout_list&quot;:[]}\">\n\t\t\t\t\t\t<div class=\"elementor-container elementor-column-gap-default\">\n\t\t\t\t\t<div class=\"elementor-column elementor-col-100 elementor-top-column elementor-element elementor-element-f3e8723\" data-id=\"f3e8723\" data-element_type=\"column\">\n\t\t\t<div class=\"elementor-widget-wrap elementor-element-populated\">\n\t\t\t\t\t\t<div class=\"elementor-element elementor-element-61949a8 elementor-widget elementor-widget-heading\" data-id=\"61949a8\" data-element_type=\"widget\" data-widget_type=\"heading.default\">\n\t\t\t\t<div class=\"elementor-widget-container\">\n\t\t\t\t\t<h2 class=\"elementor-heading-title elementor-size-default\">THE BRAVE LITTLE SHOEMAKER\n<\/h2>\t\t\t\t<\/div>\n\t\t\t\t<\/div>\n\t\t\t\t<div class=\"elementor-element elementor-element-f0c50cc elementor-widget elementor-widget-heading\" data-id=\"f0c50cc\" data-element_type=\"widget\" data-widget_type=\"heading.default\">\n\t\t\t\t<div class=\"elementor-widget-container\">\n\t\t\t\t\t<h2 class=\"elementor-heading-title elementor-size-default\">Guided tour of the exhibition with workshop<\/h2>\t\t\t\t<\/div>\n\t\t\t\t<\/div>\n\t\t\t\t<div class=\"elementor-element elementor-element-c9ec68b elementor-widget elementor-widget-text-editor\" data-id=\"c9ec68b\" data-element_type=\"widget\" data-widget_type=\"text-editor.default\">\n\t\t\t\t<div class=\"elementor-widget-container\">\n\t\t\t\t\t\t\t\t\t<p>Children travel 500 years into the past, to a time when Maribor was surrounded by a mighty, wide, and solid city wall. Through interpretative reading and comic-style illustrations, they experience the story of a brave little shoemaker who saved the city from the Turkish army.\n\nOn a large puzzle of old Maribor, they learn to locate the most important buildings in the city center, discover the surrounding hills, and find the world's oldest vine on Lent. In the castle bastion, they climb the wooden gallery and relive how soldiers and townspeople defended the city. <br \/>Walking through the castle\u2019s arcaded corridor, they realize just how magnificent the city walls once were.<\/p><p>Login: muzejnica@museum-mb.si<\/p><p>If desired, you can subscribe to a package of six museum workshops, choosing from a selection of eight, or opt for individual museumettes. The price for a single workshop is \u20ac3 per child, while the subscription for six workshops costs \u20ac15 per child. For groups smaller than 10 participants, the program has a flat fee of \u20ac30 per group.<\/p><p>For more information and the full range of museum services, please visit\u00a0<a href=\"https:\/\/museum-mb.si\/wp-content\/uploads\/2024\/09\/Muzejnice-2024-2025.pdf\" target=\"_blank\" rel=\"noopener\">HERE<\/a>.\u00a0<\/p><p>Further information can be obtained by calling 02 228 35 58 and 02 228 35 58 (Monday to Friday, 8.00-15.00).<\/p>\t\t\t\t\t\t\t\t<\/div>\n\t\t\t\t<\/div>\n\t\t\t\t<div class=\"elementor-element elementor-element-1dc11a4 elementor-widget elementor-widget-image\" data-id=\"1dc11a4\" data-element_type=\"widget\" data-widget_type=\"image.default\">\n\t\t\t\t<div class=\"elementor-widget-container\">\n\t\t\t\t\t\t\t\t\t\t\t\t\t\t\t<img fetchpriority=\"high\" decoding=\"async\" width=\"768\" height=\"512\" src=\"https:\/\/museum-mb.si\/wp-content\/uploads\/2023\/07\/image00026-768x512.jpeg\" class=\"attachment-medium_large size-medium_large wp-image-75827\" alt=\"\" srcset=\"https:\/\/museum-mb.si\/wp-content\/uploads\/2023\/07\/image00026-768x512.jpeg.webp 768w, https:\/\/museum-mb.si\/wp-content\/uploads\/2023\/07\/image00026-300x200.jpeg.webp 300w, https:\/\/museum-mb.si\/wp-content\/uploads\/2023\/07\/image00026-1024x683.jpeg.webp 1024w, https:\/\/museum-mb.si\/wp-content\/uploads\/2023\/07\/image00026-1536x1024.jpeg.webp 1536w, https:\/\/museum-mb.si\/wp-content\/uploads\/2023\/07\/image00026-2048x1366.jpeg.webp 2048w, https:\/\/museum-mb.si\/wp-content\/uploads\/2023\/07\/image00026-18x12.jpeg.webp 18w\" sizes=\"(max-width: 768px) 100vw, 768px\" \/>\t\t\t\t\t\t\t\t\t\t\t\t\t\t\t<\/div>\n\t\t\t\t<\/div>\n\t\t\t\t\t<\/div>\n\t\t<\/div>\n\t\t\t\t\t<\/div>\n\t\t<\/section>\n\t\t\t\t<\/div>","protected":false},"featured_media":77820,"template":"","vrsta":[16],"class_list":["post-69152","razstave","type-razstave","status-publish","has-post-thumbnail","hentry","vrsta-muzejnice"],"yoast_head":"<!-- This site is optimized with the Yoast SEO plugin v27.5 - https:\/\/yoast.com\/product\/yoast-seo-wordpress\/ -->\n<title>POGUMNI \u010cEVLJAR\u010cEK &#8211; Pokrajinski muzej Maribor<\/title>\n<meta name=\"robots\" content=\"index, follow, max-snippet:-1, max-image-preview:large, max-video-preview:-1\" \/>\n<link rel=\"canonical\" href=\"https:\/\/museum-mb.si\/en\/exhibitions\/brave-tuberculler\/\" \/>\n<meta property=\"og:locale\" content=\"en_GB\" \/>\n<meta property=\"og:type\" content=\"article\" \/>\n<meta property=\"og:title\" content=\"POGUMNI \u010cEVLJAR\u010cEK &#8211; Pokrajinski muzej Maribor\" \/>\n<meta property=\"og:description\" content=\"MUZEJNICA POGUMNI \u010cEVLJAR\u010cEK Vodeni ogled razstave z delavnico Otroci se podajo 500 let v preteklost, v \u010das, ko je Maribor obdajalo mogo\u010dno, \u0161iroko in trdno obzidje. Ob interpretativnem branju in stripovskih podobah do\u017eivijo zgodbo o pogumnem \u010devljar\u010dku, ki je mesto re\u0161il pred tur\u0161ko vojsko. Na veliki sestavljanki starega Maribora se nau\u010dijo locirati najpomembnej\u0161e stavbe v [&hellip;]\" \/>\n<meta property=\"og:url\" content=\"https:\/\/museum-mb.si\/en\/exhibitions\/brave-tuberculler\/\" \/>\n<meta property=\"og:site_name\" content=\"Pokrajinski muzej Maribor\" \/>\n<meta property=\"article:publisher\" content=\"https:\/\/www.facebook.com\/pomum123\" \/>\n<meta property=\"article:modified_time\" content=\"2024-09-11T07:12:03+00:00\" \/>\n<meta property=\"og:image\" content=\"https:\/\/museum-mb.si\/wp-content\/uploads\/2023\/07\/cevljarcek.jpg\" \/>\n\t<meta property=\"og:image:width\" content=\"800\" \/>\n\t<meta property=\"og:image:height\" content=\"800\" \/>\n\t<meta property=\"og:image:type\" content=\"image\/jpeg\" \/>\n<meta name=\"twitter:card\" content=\"summary_large_image\" \/>\n<meta name=\"twitter:label1\" content=\"Estimated reading time\" \/>\n\t<meta name=\"twitter:data1\" content=\"1 minute\" \/>\n<script type=\"application\/ld+json\" class=\"yoast-schema-graph\">{\"@context\":\"https:\\\/\\\/schema.org\",\"@graph\":[{\"@type\":\"WebPage\",\"@id\":\"https:\\\/\\\/museum-mb.si\\\/razstave\\\/pogumni-cevljarcek\\\/\",\"url\":\"https:\\\/\\\/museum-mb.si\\\/razstave\\\/pogumni-cevljarcek\\\/\",\"name\":\"POGUMNI \u010cEVLJAR\u010cEK &#8211; Pokrajinski muzej Maribor\",\"isPartOf\":{\"@id\":\"https:\\\/\\\/museum-mb.si\\\/#website\"},\"primaryImageOfPage\":{\"@id\":\"https:\\\/\\\/museum-mb.si\\\/razstave\\\/pogumni-cevljarcek\\\/#primaryimage\"},\"image\":{\"@id\":\"https:\\\/\\\/museum-mb.si\\\/razstave\\\/pogumni-cevljarcek\\\/#primaryimage\"},\"thumbnailUrl\":\"https:\\\/\\\/museum-mb.si\\\/wp-content\\\/uploads\\\/2023\\\/07\\\/cevljarcek.jpg\",\"datePublished\":\"2023-07-25T06:05:10+00:00\",\"dateModified\":\"2024-09-11T07:12:03+00:00\",\"breadcrumb\":{\"@id\":\"https:\\\/\\\/museum-mb.si\\\/razstave\\\/pogumni-cevljarcek\\\/#breadcrumb\"},\"inLanguage\":\"en-GB\",\"potentialAction\":[{\"@type\":\"ReadAction\",\"target\":[\"https:\\\/\\\/museum-mb.si\\\/razstave\\\/pogumni-cevljarcek\\\/\"]}]},{\"@type\":\"ImageObject\",\"inLanguage\":\"en-GB\",\"@id\":\"https:\\\/\\\/museum-mb.si\\\/razstave\\\/pogumni-cevljarcek\\\/#primaryimage\",\"url\":\"https:\\\/\\\/museum-mb.si\\\/wp-content\\\/uploads\\\/2023\\\/07\\\/cevljarcek.jpg\",\"contentUrl\":\"https:\\\/\\\/museum-mb.si\\\/wp-content\\\/uploads\\\/2023\\\/07\\\/cevljarcek.jpg\",\"width\":800,\"height\":800},{\"@type\":\"BreadcrumbList\",\"@id\":\"https:\\\/\\\/museum-mb.si\\\/razstave\\\/pogumni-cevljarcek\\\/#breadcrumb\",\"itemListElement\":[{\"@type\":\"ListItem\",\"position\":1,\"name\":\"Domov\",\"item\":\"https:\\\/\\\/museum-mb.si\\\/\"},{\"@type\":\"ListItem\",\"position\":2,\"name\":\"Razstave\",\"item\":\"https:\\\/\\\/museum-mb.si\\\/razstave\\\/\"},{\"@type\":\"ListItem\",\"position\":3,\"name\":\"POGUMNI \u010cEVLJAR\u010cEK\"}]},{\"@type\":\"WebSite\",\"@id\":\"https:\\\/\\\/museum-mb.si\\\/#website\",\"url\":\"https:\\\/\\\/museum-mb.si\\\/\",\"name\":\"Pokrajinski muzej Maribor\",\"description\":\"\",\"publisher\":{\"@id\":\"https:\\\/\\\/museum-mb.si\\\/#organization\"},\"potentialAction\":[{\"@type\":\"SearchAction\",\"target\":{\"@type\":\"EntryPoint\",\"urlTemplate\":\"https:\\\/\\\/museum-mb.si\\\/?s={search_term_string}\"},\"query-input\":{\"@type\":\"PropertyValueSpecification\",\"valueRequired\":true,\"valueName\":\"search_term_string\"}}],\"inLanguage\":\"en-GB\"},{\"@type\":\"Organization\",\"@id\":\"https:\\\/\\\/museum-mb.si\\\/#organization\",\"name\":\"Pokrajinski muzej Maribor\",\"url\":\"https:\\\/\\\/museum-mb.si\\\/\",\"logo\":{\"@type\":\"ImageObject\",\"inLanguage\":\"en-GB\",\"@id\":\"https:\\\/\\\/museum-mb.si\\\/#\\\/schema\\\/logo\\\/image\\\/\",\"url\":\"https:\\\/\\\/museum-mb.si\\\/wp-content\\\/uploads\\\/2024\\\/12\\\/pmm_logo_barvni_jpeg.jpg\",\"contentUrl\":\"https:\\\/\\\/museum-mb.si\\\/wp-content\\\/uploads\\\/2024\\\/12\\\/pmm_logo_barvni_jpeg.jpg\",\"width\":758,\"height\":754,\"caption\":\"Pokrajinski muzej Maribor\"},\"image\":{\"@id\":\"https:\\\/\\\/museum-mb.si\\\/#\\\/schema\\\/logo\\\/image\\\/\"},\"sameAs\":[\"https:\\\/\\\/www.facebook.com\\\/pomum123\",\"https:\\\/\\\/www.instagram.com\\\/maribor_museum\\\/\",\"https:\\\/\\\/www.youtube.com\\\/channel\\\/UCdshtCrun841Oc-35tYLBGQ\"]}]}<\/script>\n<!-- \/ Yoast SEO plugin. -->","yoast_head_json":{"title":"POGUMNI \u010cEVLJAR\u010cEK &#8211; Pokrajinski muzej Maribor","robots":{"index":"index","follow":"follow","max-snippet":"max-snippet:-1","max-image-preview":"max-image-preview:large","max-video-preview":"max-video-preview:-1"},"canonical":"https:\/\/museum-mb.si\/en\/exhibitions\/brave-tuberculler\/","og_locale":"en_GB","og_type":"article","og_title":"POGUMNI \u010cEVLJAR\u010cEK &#8211; Pokrajinski muzej Maribor","og_description":"MUZEJNICA POGUMNI \u010cEVLJAR\u010cEK Vodeni ogled razstave z delavnico Otroci se podajo 500 let v preteklost, v \u010das, ko je Maribor obdajalo mogo\u010dno, \u0161iroko in trdno obzidje. Ob interpretativnem branju in stripovskih podobah do\u017eivijo zgodbo o pogumnem \u010devljar\u010dku, ki je mesto re\u0161il pred tur\u0161ko vojsko. Na veliki sestavljanki starega Maribora se nau\u010dijo locirati najpomembnej\u0161e stavbe v [&hellip;]","og_url":"https:\/\/museum-mb.si\/en\/exhibitions\/brave-tuberculler\/","og_site_name":"Pokrajinski muzej Maribor","article_publisher":"https:\/\/www.facebook.com\/pomum123","article_modified_time":"2024-09-11T07:12:03+00:00","og_image":[{"width":800,"height":800,"url":"https:\/\/museum-mb.si\/wp-content\/uploads\/2023\/07\/cevljarcek.jpg","type":"image\/jpeg"}],"twitter_card":"summary_large_image","twitter_misc":{"Estimated reading time":"1 minute"},"schema":{"@context":"https:\/\/schema.org","@graph":[{"@type":"WebPage","@id":"https:\/\/museum-mb.si\/razstave\/pogumni-cevljarcek\/","url":"https:\/\/museum-mb.si\/razstave\/pogumni-cevljarcek\/","name":"POGUMNI \u010cEVLJAR\u010cEK &#8211; Pokrajinski muzej Maribor","isPartOf":{"@id":"https:\/\/museum-mb.si\/#website"},"primaryImageOfPage":{"@id":"https:\/\/museum-mb.si\/razstave\/pogumni-cevljarcek\/#primaryimage"},"image":{"@id":"https:\/\/museum-mb.si\/razstave\/pogumni-cevljarcek\/#primaryimage"},"thumbnailUrl":"https:\/\/museum-mb.si\/wp-content\/uploads\/2023\/07\/cevljarcek.jpg","datePublished":"2023-07-25T06:05:10+00:00","dateModified":"2024-09-11T07:12:03+00:00","breadcrumb":{"@id":"https:\/\/museum-mb.si\/razstave\/pogumni-cevljarcek\/#breadcrumb"},"inLanguage":"en-GB","potentialAction":[{"@type":"ReadAction","target":["https:\/\/museum-mb.si\/razstave\/pogumni-cevljarcek\/"]}]},{"@type":"ImageObject","inLanguage":"en-GB","@id":"https:\/\/museum-mb.si\/razstave\/pogumni-cevljarcek\/#primaryimage","url":"https:\/\/museum-mb.si\/wp-content\/uploads\/2023\/07\/cevljarcek.jpg","contentUrl":"https:\/\/museum-mb.si\/wp-content\/uploads\/2023\/07\/cevljarcek.jpg","width":800,"height":800},{"@type":"BreadcrumbList","@id":"https:\/\/museum-mb.si\/razstave\/pogumni-cevljarcek\/#breadcrumb","itemListElement":[{"@type":"ListItem","position":1,"name":"Domov","item":"https:\/\/museum-mb.si\/"},{"@type":"ListItem","position":2,"name":"Razstave","item":"https:\/\/museum-mb.si\/razstave\/"},{"@type":"ListItem","position":3,"name":"POGUMNI \u010cEVLJAR\u010cEK"}]},{"@type":"WebSite","@id":"https:\/\/museum-mb.si\/#website","url":"https:\/\/museum-mb.si\/","name":"Maribor Regional Museum","description":"","publisher":{"@id":"https:\/\/museum-mb.si\/#organization"},"potentialAction":[{"@type":"SearchAction","target":{"@type":"EntryPoint","urlTemplate":"https:\/\/museum-mb.si\/?s={search_term_string}"},"query-input":{"@type":"PropertyValueSpecification","valueRequired":true,"valueName":"search_term_string"}}],"inLanguage":"en-GB"},{"@type":"Organization","@id":"https:\/\/museum-mb.si\/#organization","name":"Maribor Regional Museum","url":"https:\/\/museum-mb.si\/","logo":{"@type":"ImageObject","inLanguage":"en-GB","@id":"https:\/\/museum-mb.si\/#\/schema\/logo\/image\/","url":"https:\/\/museum-mb.si\/wp-content\/uploads\/2024\/12\/pmm_logo_barvni_jpeg.jpg","contentUrl":"https:\/\/museum-mb.si\/wp-content\/uploads\/2024\/12\/pmm_logo_barvni_jpeg.jpg","width":758,"height":754,"caption":"Pokrajinski muzej Maribor"},"image":{"@id":"https:\/\/museum-mb.si\/#\/schema\/logo\/image\/"},"sameAs":["https:\/\/www.facebook.com\/pomum123","https:\/\/www.instagram.com\/maribor_museum\/","https:\/\/www.youtube.com\/channel\/UCdshtCrun841Oc-35tYLBGQ"]}]}},"_links":{"self":[{"href":"https:\/\/museum-mb.si\/en\/wp-json\/wp\/v2\/razstave\/69152","targetHints":{"allow":["GET"]}}],"collection":[{"href":"https:\/\/museum-mb.si\/en\/wp-json\/wp\/v2\/razstave"}],"about":[{"href":"https:\/\/museum-mb.si\/en\/wp-json\/wp\/v2\/types\/razstave"}],"version-history":[{"count":42,"href":"https:\/\/museum-mb.si\/en\/wp-json\/wp\/v2\/razstave\/69152\/revisions"}],"predecessor-version":[{"id":77823,"href":"https:\/\/museum-mb.si\/en\/wp-json\/wp\/v2\/razstave\/69152\/revisions\/77823"}],"wp:featuredmedia":[{"embeddable":true,"href":"https:\/\/museum-mb.si\/en\/wp-json\/wp\/v2\/media\/77820"}],"wp:attachment":[{"href":"https:\/\/museum-mb.si\/en\/wp-json\/wp\/v2\/media?parent=69152"}],"wp:term":[{"taxonomy":"vrsta","embeddable":true,"href":"https:\/\/museum-mb.si\/en\/wp-json\/wp\/v2\/vrsta?post=69152"}],"curies":[{"name":"wp","href":"https:\/\/api.w.org\/{rel}","templated":true}]}}