{"id":69146,"date":"2023-07-25T07:01:55","date_gmt":"2023-07-25T06:01:55","guid":{"rendered":"https:\/\/nova.museum-mb.si\/?post_type=razstave&#038;p=69146"},"modified":"2024-09-11T08:14:51","modified_gmt":"2024-09-11T07:14:51","slug":"dress-does-people","status":"publish","type":"razstave","link":"https:\/\/museum-mb.si\/en\/exhibitions\/dress-does-people\/","title":{"rendered":"A ROMAN FOR A DAY"},"content":{"rendered":"<div data-elementor-type=\"wp-post\" data-elementor-id=\"69146\" class=\"elementor elementor-69146\" data-elementor-post-type=\"razstave\">\n\t\t\t\t\t\t<section class=\"elementor-section elementor-top-section elementor-element elementor-element-1ff0f00 elementor-section-boxed elementor-section-height-default elementor-section-height-default\" data-id=\"1ff0f00\" data-element_type=\"section\" data-settings=\"{&quot;jet_parallax_layout_list&quot;:[]}\">\n\t\t\t\t\t\t<div class=\"elementor-container elementor-column-gap-default\">\n\t\t\t\t\t<div class=\"elementor-column elementor-col-100 elementor-top-column elementor-element elementor-element-d4f672d\" data-id=\"d4f672d\" data-element_type=\"column\">\n\t\t\t<div class=\"elementor-widget-wrap elementor-element-populated\">\n\t\t\t\t\t\t<div class=\"elementor-element elementor-element-2070c7d elementor-widget elementor-widget-heading\" data-id=\"2070c7d\" data-element_type=\"widget\" data-widget_type=\"heading.default\">\n\t\t\t\t<div class=\"elementor-widget-container\">\n\t\t\t\t\t<h2 class=\"elementor-heading-title elementor-size-default\">A ROMAN FOR A DAY\n<\/h2>\t\t\t\t<\/div>\n\t\t\t\t<\/div>\n\t\t\t\t<div class=\"elementor-element elementor-element-054e97e elementor-widget elementor-widget-heading\" data-id=\"054e97e\" data-element_type=\"widget\" data-widget_type=\"heading.default\">\n\t\t\t\t<div class=\"elementor-widget-container\">\n\t\t\t\t\t<h2 class=\"elementor-heading-title elementor-size-default\">Guided tour of the exhibition with an experiential workshop<\/h2>\t\t\t\t<\/div>\n\t\t\t\t<\/div>\n\t\t\t\t<div class=\"elementor-element elementor-element-6730828 elementor-widget elementor-widget-text-editor\" data-id=\"6730828\" data-element_type=\"widget\" data-widget_type=\"text-editor.default\">\n\t\t\t\t<div class=\"elementor-widget-container\">\n\t\t\t\t\t\t\t\t\t<p>On a short guided tour of the exhibition, children will learn about the magnificent Romans through the displayed objects. They will see how the Romans lived, spoke, dressed, what they ate, what they believed, and how they entertained themselves. This will be followed by a hands-on experience in the museums workshop space: the children will have the opportunity to grind grain with a stone hand mill, assemble a mosaic, dress in a toga, play the Roman game rota, and write on waxed tablets.<\/p><p>Login: muzejnica@museum-mb.si<\/p><p>If desired, you can subscribe to a package of six museum workshops, choosing from a selection of eight, or opt for individual museumettes. The price for a single workshop is \u20ac3 per child, while the subscription for six workshops costs \u20ac15 per child. For groups smaller than 10 participants, the program has a flat fee of \u20ac30 per group.<\/p><p>For more information and the full range of museum services, please visit\u00a0<a href=\"https:\/\/museum-mb.si\/wp-content\/uploads\/2024\/09\/Muzejnice-2024-2025.pdf\" target=\"_blank\" rel=\"noopener\">HERE<\/a>.\u00a0<\/p><p>Further information can be obtained by calling 02 228 35 58 and 02 228 35 58 (Monday to Friday, 8.00-15.00).<\/p>\t\t\t\t\t\t\t\t<\/div>\n\t\t\t\t<\/div>\n\t\t\t\t<div class=\"elementor-element elementor-element-05547cc elementor-widget elementor-widget-image\" data-id=\"05547cc\" data-element_type=\"widget\" data-widget_type=\"image.default\">\n\t\t\t\t<div class=\"elementor-widget-container\">\n\t\t\t\t\t\t\t\t\t\t\t\t\t\t\t<img fetchpriority=\"high\" decoding=\"async\" width=\"768\" height=\"575\" src=\"https:\/\/museum-mb.si\/wp-content\/uploads\/2023\/07\/IMG_9215-768x575.jpg\" class=\"attachment-medium_large size-medium_large wp-image-75830\" alt=\"\" srcset=\"https:\/\/museum-mb.si\/wp-content\/uploads\/2023\/07\/IMG_9215-768x575.jpg.webp 768w, https:\/\/museum-mb.si\/wp-content\/uploads\/2023\/07\/IMG_9215-300x225.jpg.webp 300w, https:\/\/museum-mb.si\/wp-content\/uploads\/2023\/07\/IMG_9215-1024x767.jpg.webp 1024w, https:\/\/museum-mb.si\/wp-content\/uploads\/2023\/07\/IMG_9215-1536x1150.jpg.webp 1536w, https:\/\/museum-mb.si\/wp-content\/uploads\/2023\/07\/IMG_9215-2048x1533.jpg.webp 2048w, https:\/\/museum-mb.si\/wp-content\/uploads\/2023\/07\/IMG_9215-16x12.jpg.webp 16w\" sizes=\"(max-width: 768px) 100vw, 768px\" \/>\t\t\t\t\t\t\t\t\t\t\t\t\t\t\t<\/div>\n\t\t\t\t<\/div>\n\t\t\t\t\t<\/div>\n\t\t<\/div>\n\t\t\t\t\t<\/div>\n\t\t<\/section>\n\t\t\t\t<\/div>","protected":false},"featured_media":77832,"template":"","vrsta":[16],"class_list":["post-69146","razstave","type-razstave","status-publish","has-post-thumbnail","hentry","vrsta-muzejnice"],"yoast_head":"<!-- This site is optimized with the Yoast SEO plugin v27.5 - https:\/\/yoast.com\/product\/yoast-seo-wordpress\/ -->\n<title>RIMLJAN ZA EN DAN &#8211; Pokrajinski muzej Maribor<\/title>\n<meta name=\"robots\" content=\"index, follow, max-snippet:-1, max-image-preview:large, max-video-preview:-1\" \/>\n<link rel=\"canonical\" href=\"https:\/\/museum-mb.si\/en\/exhibitions\/dress-does-people\/\" \/>\n<meta property=\"og:locale\" content=\"en_GB\" \/>\n<meta property=\"og:type\" content=\"article\" \/>\n<meta property=\"og:title\" content=\"RIMLJAN ZA EN DAN &#8211; Pokrajinski muzej Maribor\" \/>\n<meta property=\"og:description\" content=\"MUZEJNICA RIMLJAN ZA EN DAN Vodeni ogled razstave z izkustveno delavnico Na kratkem vodstvu po razstavi otroci ob razstavljenih predmetih spoznajo veli\u010dastne Rimljane. Ogledali si bomo, kako so \u017eiveli, govorili, se obla\u010dili, jedli, verovali in se zabavali. Sledil bo izkustveni del v pedago\u0161kem prostoru: otroci bodo lahko poizkusili mleti \u017eito s kamnitim ro\u010dnim mlinom, sestaviti [&hellip;]\" \/>\n<meta property=\"og:url\" content=\"https:\/\/museum-mb.si\/en\/exhibitions\/dress-does-people\/\" \/>\n<meta property=\"og:site_name\" content=\"Pokrajinski muzej Maribor\" \/>\n<meta property=\"article:publisher\" content=\"https:\/\/www.facebook.com\/pomum123\" \/>\n<meta property=\"article:modified_time\" content=\"2024-09-11T07:14:51+00:00\" \/>\n<meta property=\"og:image\" content=\"https:\/\/museum-mb.si\/wp-content\/uploads\/2023\/07\/rimljani.jpg\" \/>\n\t<meta property=\"og:image:width\" content=\"800\" \/>\n\t<meta property=\"og:image:height\" content=\"800\" \/>\n\t<meta property=\"og:image:type\" content=\"image\/jpeg\" \/>\n<meta name=\"twitter:card\" content=\"summary_large_image\" \/>\n<meta name=\"twitter:label1\" content=\"Estimated reading time\" \/>\n\t<meta name=\"twitter:data1\" content=\"1 minute\" \/>\n<script type=\"application\/ld+json\" class=\"yoast-schema-graph\">{\"@context\":\"https:\\\/\\\/schema.org\",\"@graph\":[{\"@type\":\"WebPage\",\"@id\":\"https:\\\/\\\/museum-mb.si\\\/razstave\\\/obleka-naredi-cloveka\\\/\",\"url\":\"https:\\\/\\\/museum-mb.si\\\/razstave\\\/obleka-naredi-cloveka\\\/\",\"name\":\"RIMLJAN ZA EN DAN &#8211; Pokrajinski muzej Maribor\",\"isPartOf\":{\"@id\":\"https:\\\/\\\/museum-mb.si\\\/#website\"},\"primaryImageOfPage\":{\"@id\":\"https:\\\/\\\/museum-mb.si\\\/razstave\\\/obleka-naredi-cloveka\\\/#primaryimage\"},\"image\":{\"@id\":\"https:\\\/\\\/museum-mb.si\\\/razstave\\\/obleka-naredi-cloveka\\\/#primaryimage\"},\"thumbnailUrl\":\"https:\\\/\\\/museum-mb.si\\\/wp-content\\\/uploads\\\/2023\\\/07\\\/rimljani.jpg\",\"datePublished\":\"2023-07-25T06:01:55+00:00\",\"dateModified\":\"2024-09-11T07:14:51+00:00\",\"breadcrumb\":{\"@id\":\"https:\\\/\\\/museum-mb.si\\\/razstave\\\/obleka-naredi-cloveka\\\/#breadcrumb\"},\"inLanguage\":\"en-GB\",\"potentialAction\":[{\"@type\":\"ReadAction\",\"target\":[\"https:\\\/\\\/museum-mb.si\\\/razstave\\\/obleka-naredi-cloveka\\\/\"]}]},{\"@type\":\"ImageObject\",\"inLanguage\":\"en-GB\",\"@id\":\"https:\\\/\\\/museum-mb.si\\\/razstave\\\/obleka-naredi-cloveka\\\/#primaryimage\",\"url\":\"https:\\\/\\\/museum-mb.si\\\/wp-content\\\/uploads\\\/2023\\\/07\\\/rimljani.jpg\",\"contentUrl\":\"https:\\\/\\\/museum-mb.si\\\/wp-content\\\/uploads\\\/2023\\\/07\\\/rimljani.jpg\",\"width\":800,\"height\":800},{\"@type\":\"BreadcrumbList\",\"@id\":\"https:\\\/\\\/museum-mb.si\\\/razstave\\\/obleka-naredi-cloveka\\\/#breadcrumb\",\"itemListElement\":[{\"@type\":\"ListItem\",\"position\":1,\"name\":\"Domov\",\"item\":\"https:\\\/\\\/museum-mb.si\\\/\"},{\"@type\":\"ListItem\",\"position\":2,\"name\":\"Razstave\",\"item\":\"https:\\\/\\\/museum-mb.si\\\/razstave\\\/\"},{\"@type\":\"ListItem\",\"position\":3,\"name\":\"RIMLJAN ZA EN DAN\"}]},{\"@type\":\"WebSite\",\"@id\":\"https:\\\/\\\/museum-mb.si\\\/#website\",\"url\":\"https:\\\/\\\/museum-mb.si\\\/\",\"name\":\"Pokrajinski muzej Maribor\",\"description\":\"\",\"publisher\":{\"@id\":\"https:\\\/\\\/museum-mb.si\\\/#organization\"},\"potentialAction\":[{\"@type\":\"SearchAction\",\"target\":{\"@type\":\"EntryPoint\",\"urlTemplate\":\"https:\\\/\\\/museum-mb.si\\\/?s={search_term_string}\"},\"query-input\":{\"@type\":\"PropertyValueSpecification\",\"valueRequired\":true,\"valueName\":\"search_term_string\"}}],\"inLanguage\":\"en-GB\"},{\"@type\":\"Organization\",\"@id\":\"https:\\\/\\\/museum-mb.si\\\/#organization\",\"name\":\"Pokrajinski muzej Maribor\",\"url\":\"https:\\\/\\\/museum-mb.si\\\/\",\"logo\":{\"@type\":\"ImageObject\",\"inLanguage\":\"en-GB\",\"@id\":\"https:\\\/\\\/museum-mb.si\\\/#\\\/schema\\\/logo\\\/image\\\/\",\"url\":\"https:\\\/\\\/museum-mb.si\\\/wp-content\\\/uploads\\\/2024\\\/12\\\/pmm_logo_barvni_jpeg.jpg\",\"contentUrl\":\"https:\\\/\\\/museum-mb.si\\\/wp-content\\\/uploads\\\/2024\\\/12\\\/pmm_logo_barvni_jpeg.jpg\",\"width\":758,\"height\":754,\"caption\":\"Pokrajinski muzej Maribor\"},\"image\":{\"@id\":\"https:\\\/\\\/museum-mb.si\\\/#\\\/schema\\\/logo\\\/image\\\/\"},\"sameAs\":[\"https:\\\/\\\/www.facebook.com\\\/pomum123\",\"https:\\\/\\\/www.instagram.com\\\/maribor_museum\\\/\",\"https:\\\/\\\/www.youtube.com\\\/channel\\\/UCdshtCrun841Oc-35tYLBGQ\"]}]}<\/script>\n<!-- \/ Yoast SEO plugin. -->","yoast_head_json":{"title":"RIMLJAN ZA EN DAN &#8211; Pokrajinski muzej Maribor","robots":{"index":"index","follow":"follow","max-snippet":"max-snippet:-1","max-image-preview":"max-image-preview:large","max-video-preview":"max-video-preview:-1"},"canonical":"https:\/\/museum-mb.si\/en\/exhibitions\/dress-does-people\/","og_locale":"en_GB","og_type":"article","og_title":"RIMLJAN ZA EN DAN &#8211; Pokrajinski muzej Maribor","og_description":"MUZEJNICA RIMLJAN ZA EN DAN Vodeni ogled razstave z izkustveno delavnico Na kratkem vodstvu po razstavi otroci ob razstavljenih predmetih spoznajo veli\u010dastne Rimljane. Ogledali si bomo, kako so \u017eiveli, govorili, se obla\u010dili, jedli, verovali in se zabavali. Sledil bo izkustveni del v pedago\u0161kem prostoru: otroci bodo lahko poizkusili mleti \u017eito s kamnitim ro\u010dnim mlinom, sestaviti [&hellip;]","og_url":"https:\/\/museum-mb.si\/en\/exhibitions\/dress-does-people\/","og_site_name":"Pokrajinski muzej Maribor","article_publisher":"https:\/\/www.facebook.com\/pomum123","article_modified_time":"2024-09-11T07:14:51+00:00","og_image":[{"width":800,"height":800,"url":"https:\/\/museum-mb.si\/wp-content\/uploads\/2023\/07\/rimljani.jpg","type":"image\/jpeg"}],"twitter_card":"summary_large_image","twitter_misc":{"Estimated reading time":"1 minute"},"schema":{"@context":"https:\/\/schema.org","@graph":[{"@type":"WebPage","@id":"https:\/\/museum-mb.si\/razstave\/obleka-naredi-cloveka\/","url":"https:\/\/museum-mb.si\/razstave\/obleka-naredi-cloveka\/","name":"RIMLJAN ZA EN DAN &#8211; Pokrajinski muzej Maribor","isPartOf":{"@id":"https:\/\/museum-mb.si\/#website"},"primaryImageOfPage":{"@id":"https:\/\/museum-mb.si\/razstave\/obleka-naredi-cloveka\/#primaryimage"},"image":{"@id":"https:\/\/museum-mb.si\/razstave\/obleka-naredi-cloveka\/#primaryimage"},"thumbnailUrl":"https:\/\/museum-mb.si\/wp-content\/uploads\/2023\/07\/rimljani.jpg","datePublished":"2023-07-25T06:01:55+00:00","dateModified":"2024-09-11T07:14:51+00:00","breadcrumb":{"@id":"https:\/\/museum-mb.si\/razstave\/obleka-naredi-cloveka\/#breadcrumb"},"inLanguage":"en-GB","potentialAction":[{"@type":"ReadAction","target":["https:\/\/museum-mb.si\/razstave\/obleka-naredi-cloveka\/"]}]},{"@type":"ImageObject","inLanguage":"en-GB","@id":"https:\/\/museum-mb.si\/razstave\/obleka-naredi-cloveka\/#primaryimage","url":"https:\/\/museum-mb.si\/wp-content\/uploads\/2023\/07\/rimljani.jpg","contentUrl":"https:\/\/museum-mb.si\/wp-content\/uploads\/2023\/07\/rimljani.jpg","width":800,"height":800},{"@type":"BreadcrumbList","@id":"https:\/\/museum-mb.si\/razstave\/obleka-naredi-cloveka\/#breadcrumb","itemListElement":[{"@type":"ListItem","position":1,"name":"Domov","item":"https:\/\/museum-mb.si\/"},{"@type":"ListItem","position":2,"name":"Razstave","item":"https:\/\/museum-mb.si\/razstave\/"},{"@type":"ListItem","position":3,"name":"RIMLJAN ZA EN DAN"}]},{"@type":"WebSite","@id":"https:\/\/museum-mb.si\/#website","url":"https:\/\/museum-mb.si\/","name":"Maribor Regional Museum","description":"","publisher":{"@id":"https:\/\/museum-mb.si\/#organization"},"potentialAction":[{"@type":"SearchAction","target":{"@type":"EntryPoint","urlTemplate":"https:\/\/museum-mb.si\/?s={search_term_string}"},"query-input":{"@type":"PropertyValueSpecification","valueRequired":true,"valueName":"search_term_string"}}],"inLanguage":"en-GB"},{"@type":"Organization","@id":"https:\/\/museum-mb.si\/#organization","name":"Maribor Regional Museum","url":"https:\/\/museum-mb.si\/","logo":{"@type":"ImageObject","inLanguage":"en-GB","@id":"https:\/\/museum-mb.si\/#\/schema\/logo\/image\/","url":"https:\/\/museum-mb.si\/wp-content\/uploads\/2024\/12\/pmm_logo_barvni_jpeg.jpg","contentUrl":"https:\/\/museum-mb.si\/wp-content\/uploads\/2024\/12\/pmm_logo_barvni_jpeg.jpg","width":758,"height":754,"caption":"Pokrajinski muzej Maribor"},"image":{"@id":"https:\/\/museum-mb.si\/#\/schema\/logo\/image\/"},"sameAs":["https:\/\/www.facebook.com\/pomum123","https:\/\/www.instagram.com\/maribor_museum\/","https:\/\/www.youtube.com\/channel\/UCdshtCrun841Oc-35tYLBGQ"]}]}},"_links":{"self":[{"href":"https:\/\/museum-mb.si\/en\/wp-json\/wp\/v2\/razstave\/69146","targetHints":{"allow":["GET"]}}],"collection":[{"href":"https:\/\/museum-mb.si\/en\/wp-json\/wp\/v2\/razstave"}],"about":[{"href":"https:\/\/museum-mb.si\/en\/wp-json\/wp\/v2\/types\/razstave"}],"version-history":[{"count":51,"href":"https:\/\/museum-mb.si\/en\/wp-json\/wp\/v2\/razstave\/69146\/revisions"}],"predecessor-version":[{"id":77835,"href":"https:\/\/museum-mb.si\/en\/wp-json\/wp\/v2\/razstave\/69146\/revisions\/77835"}],"wp:featuredmedia":[{"embeddable":true,"href":"https:\/\/museum-mb.si\/en\/wp-json\/wp\/v2\/media\/77832"}],"wp:attachment":[{"href":"https:\/\/museum-mb.si\/en\/wp-json\/wp\/v2\/media?parent=69146"}],"wp:term":[{"taxonomy":"vrsta","embeddable":true,"href":"https:\/\/museum-mb.si\/en\/wp-json\/wp\/v2\/vrsta?post=69146"}],"curies":[{"name":"wp","href":"https:\/\/api.w.org\/{rel}","templated":true}]}}