{"id":67449,"date":"2022-08-22T12:03:36","date_gmt":"2022-08-22T12:03:36","guid":{"rendered":"https:\/\/nova.museum-mb.si\/?page_id=67449"},"modified":"2022-09-30T14:07:13","modified_gmt":"2022-09-30T13:07:13","slug":"virtual-view-permanent-exhibitions-between-the-flashes-and-the-middle-ages","status":"publish","type":"page","link":"https:\/\/museum-mb.si\/en\/virtual-view-permanent-exhibitions-between-the-flashes-and-the-middle-ages\/","title":{"rendered":"A VIRTUAL TOUR OF THE PERMANENT EXHIBITION BETWEEN THE GLAMOUR AND MISERY OF THE MIDDLE AGES"},"content":{"rendered":"<div data-elementor-type=\"wp-page\" data-elementor-id=\"67449\" class=\"elementor elementor-67449\" data-elementor-post-type=\"page\">\n\t\t\t\t\t\t<section class=\"elementor-section elementor-top-section elementor-element elementor-element-898827a elementor-section-height-min-height elementor-section-boxed elementor-section-height-default elementor-section-items-middle\" data-id=\"898827a\" data-element_type=\"section\" data-settings=\"{&quot;background_background&quot;:&quot;classic&quot;,&quot;jet_parallax_layout_list&quot;:[]}\">\n\t\t\t\t\t\t\t<div class=\"elementor-background-overlay\"><\/div>\n\t\t\t\t\t\t\t<div class=\"elementor-container elementor-column-gap-default\">\n\t\t\t\t\t<div class=\"elementor-column elementor-col-50 elementor-top-column elementor-element elementor-element-1b4f454\" data-id=\"1b4f454\" data-element_type=\"column\">\n\t\t\t<div class=\"elementor-widget-wrap elementor-element-populated\">\n\t\t\t\t\t\t<div class=\"elementor-element elementor-element-3ac9fb5 elementor-widget elementor-widget-heading\" data-id=\"3ac9fb5\" data-element_type=\"widget\" data-widget_type=\"heading.default\">\n\t\t\t\t<div class=\"elementor-widget-container\">\n\t\t\t\t\t<h2 class=\"elementor-heading-title elementor-size-default\">EXPLORE<\/h2>\t\t\t\t<\/div>\n\t\t\t\t<\/div>\n\t\t\t\t<div class=\"elementor-element elementor-element-f1744ba elementor-widget elementor-widget-heading\" data-id=\"f1744ba\" data-element_type=\"widget\" data-widget_type=\"heading.default\">\n\t\t\t\t<div class=\"elementor-widget-container\">\n\t\t\t\t\t<h2 class=\"elementor-heading-title elementor-size-default\">VIRTUAL TOUR-PERMANENT EXHIBITION BETWEEN THE GLAMOUR AND MISERY OF THE MIDDLE AGES\n<\/h2>\t\t\t\t<\/div>\n\t\t\t\t<\/div>\n\t\t\t\t\t<\/div>\n\t\t<\/div>\n\t\t\t\t<div class=\"elementor-column elementor-col-50 elementor-top-column elementor-element elementor-element-45e82d1\" data-id=\"45e82d1\" data-element_type=\"column\">\n\t\t\t<div class=\"elementor-widget-wrap elementor-element-populated\">\n\t\t\t\t\t\t<div class=\"elementor-element elementor-element-efdc9cb elementor-widget elementor-widget-text-editor\" data-id=\"efdc9cb\" data-element_type=\"widget\" data-widget_type=\"text-editor.default\">\n\t\t\t\t<div class=\"elementor-widget-container\">\n\t\t\t\t\t\t\t\t\t<p>The exhibition traces individual structures and phenomena from the Middle Ages to the early 18th century in Maribor and its surroundings (trade, defence, religion, plague, fires, city government, crafts).  The stories are explained by objects, scale models, a replica of a knight's armour that visitors can try on, there is a reconstruction of an alpine smoke house and a medieval tavern. The exhibition is on the ground floor of the renaissance fortification, the city's defence tower from the mid-16th century, built under the direction of the architect Domenico dell'Allia. It shows the anti-Turkish defensive fortifications in Styria and Slavonia under the direction of the architect. Older weapons from the museum's collection are also on display there.<u><\/u><u><\/u><\/p><p>\u00a0<\/p>\t\t\t\t\t\t\t\t<\/div>\n\t\t\t\t<\/div>\n\t\t\t\t\t<\/div>\n\t\t<\/div>\n\t\t\t\t\t<\/div>\n\t\t<\/section>\n\t\t\t\t<section class=\"elementor-section elementor-top-section elementor-element elementor-element-9b62867 elementor-hidden-mobile elementor-section-boxed elementor-section-height-default elementor-section-height-default\" data-id=\"9b62867\" data-element_type=\"section\" data-settings=\"{&quot;jet_parallax_layout_list&quot;:[]}\">\n\t\t\t\t\t\t<div class=\"elementor-container elementor-column-gap-default\">\n\t\t\t\t\t<div class=\"make-column-clickable-elementor elementor-column elementor-col-100 elementor-top-column elementor-element elementor-element-ae293aa\" style=\"cursor: pointer;\" data-column-clickable=\"#Zbirke\" data-column-clickable-blank=\"_self\" data-id=\"ae293aa\" data-element_type=\"column\" data-settings=\"{&quot;background_background&quot;:&quot;classic&quot;}\">\n\t\t\t<div class=\"elementor-widget-wrap elementor-element-populated\">\n\t\t\t\t\t\t<div class=\"elementor-element elementor-element-fd6dbd9 elementor-widget__width-auto elementor-widget elementor-widget-jet-inline-svg\" data-id=\"fd6dbd9\" data-element_type=\"widget\" data-widget_type=\"jet-inline-svg.default\">\n\t\t\t\t<div class=\"elementor-widget-container\">\n\t\t\t\t\t<div class=\"elementor-jet-inline-svg jet-elements\"><div class=\"jet-inline-svg__wrapper\"><a class=\"jet-inline-svg jet-inline-svg--custom-width jet-inline-svg--custom-color\" href=\"#Virtualnevsebine\" aria-label=\"SVG link\"><div class=\"jet-inline-svg__inner\"><?xml version=\"1.0\" encoding=\"UTF-8\" standalone=\"no\"?>\n<svg xmlns=\"http:\/\/www.w3.org\/2000\/svg\" version=\"1.0\" width=\"512.000000pt\" height=\"512.000000pt\" viewbox=\"0 0 512.000000 512.000000\" preserveaspectratio=\"xMidYMid meet\">\n  <g transform=\"translate(0.000000,512.000000) scale(0.100000,-0.100000)\" fill=\"currentColor\" stroke=\"none\">\n    <path d=\"M277 4009 c-103 -24 -197 -103 -244 -204 -23 -51 -28 -73 -27 -145 0 -160 -96 -52 1192 -1342 777 -778 1160 -1155 1191 -1172 73 -39 158 -53 234 -37 34 7 83 24 108 37 31 17 414 394 1191 1172 1288 1290 1192 1182 1192 1342 0 72 -4 94 -28 147 -84 184 -308 262 -491 171 -26 -13 -388 -368 -1037 -1016 l-998 -997 -998 997 c-652 651 -1011 1003 -1037 1016 -76 37 -170 49 -248 31z\"><\/path>\n  <\/g>\n<\/svg>\n<\/div><\/a><\/div><\/div>\t\t\t\t<\/div>\n\t\t\t\t<\/div>\n\t\t\t\t\t<\/div>\n\t\t<\/div>\n\t\t\t\t\t<\/div>\n\t\t<\/section>\n\t\t\t\t<section class=\"elementor-section elementor-top-section elementor-element elementor-element-6957dbe elementor-section-boxed elementor-section-height-default elementor-section-height-default\" data-id=\"6957dbe\" data-element_type=\"section\" data-settings=\"{&quot;jet_parallax_layout_list&quot;:[]}\">\n\t\t\t\t\t\t<div class=\"elementor-container elementor-column-gap-default\">\n\t\t\t\t\t<div class=\"elementor-column elementor-col-100 elementor-top-column elementor-element elementor-element-57e1a8b\" data-id=\"57e1a8b\" data-element_type=\"column\">\n\t\t\t<div class=\"elementor-widget-wrap elementor-element-populated\">\n\t\t\t\t\t\t<div class=\"elementor-element elementor-element-5deb80c elementor-widget elementor-widget-menu-anchor\" data-id=\"5deb80c\" data-element_type=\"widget\" data-widget_type=\"menu-anchor.default\">\n\t\t\t\t<div class=\"elementor-widget-container\">\n\t\t\t\t\t\t\t<div class=\"elementor-menu-anchor\" id=\"Virtualnevsebine\"><\/div>\n\t\t\t\t\t\t<\/div>\n\t\t\t\t<\/div>\n\t\t\t\t\t<\/div>\n\t\t<\/div>\n\t\t\t\t\t<\/div>\n\t\t<\/section>\n\t\t\t\t<section class=\"elementor-section elementor-top-section elementor-element elementor-element-268ed57 elementor-section-boxed elementor-section-height-default elementor-section-height-default\" data-id=\"268ed57\" data-element_type=\"section\" data-settings=\"{&quot;jet_parallax_layout_list&quot;:[],&quot;background_background&quot;:&quot;classic&quot;}\">\n\t\t\t\t\t\t<div class=\"elementor-container elementor-column-gap-default\">\n\t\t\t\t\t<div class=\"elementor-column elementor-col-100 elementor-top-column elementor-element elementor-element-4559d24\" data-id=\"4559d24\" data-element_type=\"column\">\n\t\t\t<div class=\"elementor-widget-wrap elementor-element-populated\">\n\t\t\t\t\t\t<div class=\"elementor-element elementor-element-be98afb elementor-widget elementor-widget-image\" data-id=\"be98afb\" data-element_type=\"widget\" data-widget_type=\"image.default\">\n\t\t\t\t<div class=\"elementor-widget-container\">\n\t\t\t\t\t\t\t\t\t\t\t\t\t\t\t\t<a href=\"https:\/\/www.burger.si\/MuzejiInGalerije\/PokrajinskiMuzejMaribor\/2012\/uvod.html#medblisceminbedosrednjegaveka\" target=\"_blank\">\n\t\t\t\t\t\t\t<img fetchpriority=\"high\" decoding=\"async\" width=\"2048\" height=\"1365\" src=\"https:\/\/museum-mb.si\/wp-content\/uploads\/2022\/08\/Med-bliscem-in-bedo-srednjega-veka-1-1.jpg\" class=\"attachment-full size-full wp-image-67396\" alt=\"\" srcset=\"https:\/\/museum-mb.si\/wp-content\/uploads\/2022\/08\/Med-bliscem-in-bedo-srednjega-veka-1-1.jpg 2048w, https:\/\/museum-mb.si\/wp-content\/uploads\/2022\/08\/Med-bliscem-in-bedo-srednjega-veka-1-1-300x200.jpg 300w, https:\/\/museum-mb.si\/wp-content\/uploads\/2022\/08\/Med-bliscem-in-bedo-srednjega-veka-1-1-1024x683.jpg 1024w, https:\/\/museum-mb.si\/wp-content\/uploads\/2022\/08\/Med-bliscem-in-bedo-srednjega-veka-1-1-768x512.jpg 768w, https:\/\/museum-mb.si\/wp-content\/uploads\/2022\/08\/Med-bliscem-in-bedo-srednjega-veka-1-1-1536x1024.jpg 1536w\" sizes=\"(max-width: 2048px) 100vw, 2048px\" \/>\t\t\t\t\t\t\t\t<\/a>\n\t\t\t\t\t\t\t\t\t\t\t\t\t\t\t<\/div>\n\t\t\t\t<\/div>\n\t\t\t\t<div class=\"elementor-element elementor-element-f5c9a61 elementor-view-stacked elementor-shape-circle elementor-widget elementor-widget-icon\" data-id=\"f5c9a61\" data-element_type=\"widget\" data-widget_type=\"icon.default\">\n\t\t\t\t<div class=\"elementor-widget-container\">\n\t\t\t\t\t\t\t<div class=\"elementor-icon-wrapper\">\n\t\t\t<a class=\"elementor-icon\" href=\"https:\/\/www.burger.si\/MuzejiInGalerije\/PokrajinskiMuzejMaribor\/2012\/uvod.html#medblisceminbedosrednjegaveka\" target=\"_blank\">\n\t\t\t<i aria-hidden=\"true\" class=\"fas fa-play-circle\"><\/i>\t\t\t<\/a>\n\t\t<\/div>\n\t\t\t\t\t\t<\/div>\n\t\t\t\t<\/div>\n\t\t\t\t\t<\/div>\n\t\t<\/div>\n\t\t\t\t\t<\/div>\n\t\t<\/section>\n\t\t\t\t<\/div>","protected":false},"excerpt":{"rendered":"<p>VIRTUAL VIEWING OF THE PERMANENT EXHIBITION BETWEEN THE CLOSE AND THE WORD OF THE MIDDLE AGES The exhibition traces individual structures and phenomena from the Middle Ages to the beginning of the 18th century. Apart from the museums, they are explained by models, the ambience of the chimney and the inn is reconstructed, visitors can put on a knight's armour... [...]<\/p>","protected":false},"author":9,"featured_media":0,"parent":0,"menu_order":0,"comment_status":"closed","ping_status":"closed","template":"","meta":{"inline_featured_image":false,"footnotes":""},"class_list":["post-67449","page","type-page","status-publish","hentry"],"yoast_head":"<!-- This site is optimized with the Yoast SEO plugin v27.5 - https:\/\/yoast.com\/product\/yoast-seo-wordpress\/ -->\n<title>VIRTUALNI OGLED STALNE RAZSTAVE MED BLI\u0160\u010cEM IN BEDO SREDNJEGA VEKA &#8211; Pokrajinski muzej Maribor<\/title>\n<meta name=\"robots\" content=\"index, follow, max-snippet:-1, max-image-preview:large, max-video-preview:-1\" \/>\n<link rel=\"canonical\" href=\"https:\/\/museum-mb.si\/en\/virtual-view-permanent-exhibitions-between-the-flashes-and-the-middle-ages\/\" \/>\n<meta property=\"og:locale\" content=\"en_GB\" \/>\n<meta property=\"og:type\" content=\"article\" \/>\n<meta property=\"og:title\" content=\"VIRTUALNI OGLED STALNE RAZSTAVE MED BLI\u0160\u010cEM IN BEDO SREDNJEGA VEKA &#8211; Pokrajinski muzej Maribor\" \/>\n<meta property=\"og:description\" content=\"RAZISKUJ VIRTUALNI OGLED STALNE RAZSTAVE MED BLI\u0160\u010cEM IN BEDO SREDNJEGA VEKA Razstava niza posamezne strukture in pojave iz obdobja od srednjega veka do za\u010detka 18. stoletja v Mariboru in okolici (trgovanje, obrambo, vero, kugo, po\u017eare, mestno oblast, obrti). Razen muzealij jih pojasnjujejo makete, rekonstruirana sta ambienta dimnice in gostilne, obiskovalci lahko oble\u010dejo vite\u0161ki oklep\u2026 Razstava [&hellip;]\" \/>\n<meta property=\"og:url\" content=\"https:\/\/museum-mb.si\/en\/virtual-view-permanent-exhibitions-between-the-flashes-and-the-middle-ages\/\" \/>\n<meta property=\"og:site_name\" content=\"Pokrajinski muzej Maribor\" \/>\n<meta property=\"article:publisher\" content=\"https:\/\/www.facebook.com\/pomum123\" \/>\n<meta property=\"article:modified_time\" content=\"2022-09-30T13:07:13+00:00\" \/>\n<meta property=\"og:image\" content=\"https:\/\/museum-mb.si\/wp-content\/uploads\/2022\/08\/Med-bliscem-in-bedo-srednjega-veka-1-1.jpg\" \/>\n\t<meta property=\"og:image:width\" content=\"2048\" \/>\n\t<meta property=\"og:image:height\" content=\"1365\" \/>\n\t<meta property=\"og:image:type\" content=\"image\/jpeg\" \/>\n<meta name=\"twitter:card\" content=\"summary_large_image\" \/>\n<meta name=\"twitter:label1\" content=\"Estimated reading time\" \/>\n\t<meta name=\"twitter:data1\" content=\"1 minute\" \/>\n<script type=\"application\/ld+json\" class=\"yoast-schema-graph\">{\"@context\":\"https:\\\/\\\/schema.org\",\"@graph\":[{\"@type\":\"WebPage\",\"@id\":\"https:\\\/\\\/museum-mb.si\\\/virtualni-ogled-stalne-razstave-med-bliscem-in-bedo-srednjega-veka\\\/\",\"url\":\"https:\\\/\\\/museum-mb.si\\\/virtualni-ogled-stalne-razstave-med-bliscem-in-bedo-srednjega-veka\\\/\",\"name\":\"VIRTUALNI OGLED STALNE RAZSTAVE MED BLI\u0160\u010cEM IN BEDO SREDNJEGA VEKA &#8211; Pokrajinski muzej Maribor\",\"isPartOf\":{\"@id\":\"https:\\\/\\\/museum-mb.si\\\/#website\"},\"primaryImageOfPage\":{\"@id\":\"https:\\\/\\\/museum-mb.si\\\/virtualni-ogled-stalne-razstave-med-bliscem-in-bedo-srednjega-veka\\\/#primaryimage\"},\"image\":{\"@id\":\"https:\\\/\\\/museum-mb.si\\\/virtualni-ogled-stalne-razstave-med-bliscem-in-bedo-srednjega-veka\\\/#primaryimage\"},\"thumbnailUrl\":\"https:\\\/\\\/museum-mb.si\\\/wp-content\\\/uploads\\\/2022\\\/08\\\/Med-bliscem-in-bedo-srednjega-veka-1-1.jpg\",\"datePublished\":\"2022-08-22T12:03:36+00:00\",\"dateModified\":\"2022-09-30T13:07:13+00:00\",\"breadcrumb\":{\"@id\":\"https:\\\/\\\/museum-mb.si\\\/virtualni-ogled-stalne-razstave-med-bliscem-in-bedo-srednjega-veka\\\/#breadcrumb\"},\"inLanguage\":\"en-GB\",\"potentialAction\":[{\"@type\":\"ReadAction\",\"target\":[\"https:\\\/\\\/museum-mb.si\\\/virtualni-ogled-stalne-razstave-med-bliscem-in-bedo-srednjega-veka\\\/\"]}]},{\"@type\":\"ImageObject\",\"inLanguage\":\"en-GB\",\"@id\":\"https:\\\/\\\/museum-mb.si\\\/virtualni-ogled-stalne-razstave-med-bliscem-in-bedo-srednjega-veka\\\/#primaryimage\",\"url\":\"https:\\\/\\\/museum-mb.si\\\/wp-content\\\/uploads\\\/2022\\\/08\\\/Med-bliscem-in-bedo-srednjega-veka-1-1.jpg\",\"contentUrl\":\"https:\\\/\\\/museum-mb.si\\\/wp-content\\\/uploads\\\/2022\\\/08\\\/Med-bliscem-in-bedo-srednjega-veka-1-1.jpg\"},{\"@type\":\"BreadcrumbList\",\"@id\":\"https:\\\/\\\/museum-mb.si\\\/virtualni-ogled-stalne-razstave-med-bliscem-in-bedo-srednjega-veka\\\/#breadcrumb\",\"itemListElement\":[{\"@type\":\"ListItem\",\"position\":1,\"name\":\"Domov\",\"item\":\"https:\\\/\\\/museum-mb.si\\\/\"},{\"@type\":\"ListItem\",\"position\":2,\"name\":\"VIRTUALNI OGLED STALNE RAZSTAVE MED BLI\u0160\u010cEM IN BEDO SREDNJEGA VEKA\"}]},{\"@type\":\"WebSite\",\"@id\":\"https:\\\/\\\/museum-mb.si\\\/#website\",\"url\":\"https:\\\/\\\/museum-mb.si\\\/\",\"name\":\"Pokrajinski muzej Maribor\",\"description\":\"\",\"publisher\":{\"@id\":\"https:\\\/\\\/museum-mb.si\\\/#organization\"},\"potentialAction\":[{\"@type\":\"SearchAction\",\"target\":{\"@type\":\"EntryPoint\",\"urlTemplate\":\"https:\\\/\\\/museum-mb.si\\\/?s={search_term_string}\"},\"query-input\":{\"@type\":\"PropertyValueSpecification\",\"valueRequired\":true,\"valueName\":\"search_term_string\"}}],\"inLanguage\":\"en-GB\"},{\"@type\":\"Organization\",\"@id\":\"https:\\\/\\\/museum-mb.si\\\/#organization\",\"name\":\"Pokrajinski muzej Maribor\",\"url\":\"https:\\\/\\\/museum-mb.si\\\/\",\"logo\":{\"@type\":\"ImageObject\",\"inLanguage\":\"en-GB\",\"@id\":\"https:\\\/\\\/museum-mb.si\\\/#\\\/schema\\\/logo\\\/image\\\/\",\"url\":\"https:\\\/\\\/museum-mb.si\\\/wp-content\\\/uploads\\\/2024\\\/12\\\/pmm_logo_barvni_jpeg.jpg\",\"contentUrl\":\"https:\\\/\\\/museum-mb.si\\\/wp-content\\\/uploads\\\/2024\\\/12\\\/pmm_logo_barvni_jpeg.jpg\",\"width\":758,\"height\":754,\"caption\":\"Pokrajinski muzej Maribor\"},\"image\":{\"@id\":\"https:\\\/\\\/museum-mb.si\\\/#\\\/schema\\\/logo\\\/image\\\/\"},\"sameAs\":[\"https:\\\/\\\/www.facebook.com\\\/pomum123\",\"https:\\\/\\\/www.instagram.com\\\/maribor_museum\\\/\",\"https:\\\/\\\/www.youtube.com\\\/channel\\\/UCdshtCrun841Oc-35tYLBGQ\"]}]}<\/script>\n<!-- \/ Yoast SEO plugin. -->","yoast_head_json":{"title":"VIRTUALNI OGLED STALNE RAZSTAVE MED BLI\u0160\u010cEM IN BEDO SREDNJEGA VEKA &#8211; Pokrajinski muzej Maribor","robots":{"index":"index","follow":"follow","max-snippet":"max-snippet:-1","max-image-preview":"max-image-preview:large","max-video-preview":"max-video-preview:-1"},"canonical":"https:\/\/museum-mb.si\/en\/virtual-view-permanent-exhibitions-between-the-flashes-and-the-middle-ages\/","og_locale":"en_GB","og_type":"article","og_title":"VIRTUALNI OGLED STALNE RAZSTAVE MED BLI\u0160\u010cEM IN BEDO SREDNJEGA VEKA &#8211; Pokrajinski muzej Maribor","og_description":"RAZISKUJ VIRTUALNI OGLED STALNE RAZSTAVE MED BLI\u0160\u010cEM IN BEDO SREDNJEGA VEKA Razstava niza posamezne strukture in pojave iz obdobja od srednjega veka do za\u010detka 18. stoletja v Mariboru in okolici (trgovanje, obrambo, vero, kugo, po\u017eare, mestno oblast, obrti). Razen muzealij jih pojasnjujejo makete, rekonstruirana sta ambienta dimnice in gostilne, obiskovalci lahko oble\u010dejo vite\u0161ki oklep\u2026 Razstava [&hellip;]","og_url":"https:\/\/museum-mb.si\/en\/virtual-view-permanent-exhibitions-between-the-flashes-and-the-middle-ages\/","og_site_name":"Pokrajinski muzej Maribor","article_publisher":"https:\/\/www.facebook.com\/pomum123","article_modified_time":"2022-09-30T13:07:13+00:00","og_image":[{"width":2048,"height":1365,"url":"https:\/\/museum-mb.si\/wp-content\/uploads\/2022\/08\/Med-bliscem-in-bedo-srednjega-veka-1-1.jpg","type":"image\/jpeg"}],"twitter_card":"summary_large_image","twitter_misc":{"Estimated reading time":"1 minute"},"schema":{"@context":"https:\/\/schema.org","@graph":[{"@type":"WebPage","@id":"https:\/\/museum-mb.si\/virtualni-ogled-stalne-razstave-med-bliscem-in-bedo-srednjega-veka\/","url":"https:\/\/museum-mb.si\/virtualni-ogled-stalne-razstave-med-bliscem-in-bedo-srednjega-veka\/","name":"VIRTUALNI OGLED STALNE RAZSTAVE MED BLI\u0160\u010cEM IN BEDO SREDNJEGA VEKA &#8211; Pokrajinski muzej Maribor","isPartOf":{"@id":"https:\/\/museum-mb.si\/#website"},"primaryImageOfPage":{"@id":"https:\/\/museum-mb.si\/virtualni-ogled-stalne-razstave-med-bliscem-in-bedo-srednjega-veka\/#primaryimage"},"image":{"@id":"https:\/\/museum-mb.si\/virtualni-ogled-stalne-razstave-med-bliscem-in-bedo-srednjega-veka\/#primaryimage"},"thumbnailUrl":"https:\/\/museum-mb.si\/wp-content\/uploads\/2022\/08\/Med-bliscem-in-bedo-srednjega-veka-1-1.jpg","datePublished":"2022-08-22T12:03:36+00:00","dateModified":"2022-09-30T13:07:13+00:00","breadcrumb":{"@id":"https:\/\/museum-mb.si\/virtualni-ogled-stalne-razstave-med-bliscem-in-bedo-srednjega-veka\/#breadcrumb"},"inLanguage":"en-GB","potentialAction":[{"@type":"ReadAction","target":["https:\/\/museum-mb.si\/virtualni-ogled-stalne-razstave-med-bliscem-in-bedo-srednjega-veka\/"]}]},{"@type":"ImageObject","inLanguage":"en-GB","@id":"https:\/\/museum-mb.si\/virtualni-ogled-stalne-razstave-med-bliscem-in-bedo-srednjega-veka\/#primaryimage","url":"https:\/\/museum-mb.si\/wp-content\/uploads\/2022\/08\/Med-bliscem-in-bedo-srednjega-veka-1-1.jpg","contentUrl":"https:\/\/museum-mb.si\/wp-content\/uploads\/2022\/08\/Med-bliscem-in-bedo-srednjega-veka-1-1.jpg"},{"@type":"BreadcrumbList","@id":"https:\/\/museum-mb.si\/virtualni-ogled-stalne-razstave-med-bliscem-in-bedo-srednjega-veka\/#breadcrumb","itemListElement":[{"@type":"ListItem","position":1,"name":"Domov","item":"https:\/\/museum-mb.si\/"},{"@type":"ListItem","position":2,"name":"VIRTUALNI OGLED STALNE RAZSTAVE MED BLI\u0160\u010cEM IN BEDO SREDNJEGA VEKA"}]},{"@type":"WebSite","@id":"https:\/\/museum-mb.si\/#website","url":"https:\/\/museum-mb.si\/","name":"Maribor Regional Museum","description":"","publisher":{"@id":"https:\/\/museum-mb.si\/#organization"},"potentialAction":[{"@type":"SearchAction","target":{"@type":"EntryPoint","urlTemplate":"https:\/\/museum-mb.si\/?s={search_term_string}"},"query-input":{"@type":"PropertyValueSpecification","valueRequired":true,"valueName":"search_term_string"}}],"inLanguage":"en-GB"},{"@type":"Organization","@id":"https:\/\/museum-mb.si\/#organization","name":"Maribor Regional Museum","url":"https:\/\/museum-mb.si\/","logo":{"@type":"ImageObject","inLanguage":"en-GB","@id":"https:\/\/museum-mb.si\/#\/schema\/logo\/image\/","url":"https:\/\/museum-mb.si\/wp-content\/uploads\/2024\/12\/pmm_logo_barvni_jpeg.jpg","contentUrl":"https:\/\/museum-mb.si\/wp-content\/uploads\/2024\/12\/pmm_logo_barvni_jpeg.jpg","width":758,"height":754,"caption":"Pokrajinski muzej Maribor"},"image":{"@id":"https:\/\/museum-mb.si\/#\/schema\/logo\/image\/"},"sameAs":["https:\/\/www.facebook.com\/pomum123","https:\/\/www.instagram.com\/maribor_museum\/","https:\/\/www.youtube.com\/channel\/UCdshtCrun841Oc-35tYLBGQ"]}]}},"_links":{"self":[{"href":"https:\/\/museum-mb.si\/en\/wp-json\/wp\/v2\/pages\/67449","targetHints":{"allow":["GET"]}}],"collection":[{"href":"https:\/\/museum-mb.si\/en\/wp-json\/wp\/v2\/pages"}],"about":[{"href":"https:\/\/museum-mb.si\/en\/wp-json\/wp\/v2\/types\/page"}],"author":[{"embeddable":true,"href":"https:\/\/museum-mb.si\/en\/wp-json\/wp\/v2\/users\/9"}],"replies":[{"embeddable":true,"href":"https:\/\/museum-mb.si\/en\/wp-json\/wp\/v2\/comments?post=67449"}],"version-history":[{"count":37,"href":"https:\/\/museum-mb.si\/en\/wp-json\/wp\/v2\/pages\/67449\/revisions"}],"predecessor-version":[{"id":74197,"href":"https:\/\/museum-mb.si\/en\/wp-json\/wp\/v2\/pages\/67449\/revisions\/74197"}],"wp:attachment":[{"href":"https:\/\/museum-mb.si\/en\/wp-json\/wp\/v2\/media?parent=67449"}],"curies":[{"name":"wp","href":"https:\/\/api.w.org\/{rel}","templated":true}]}}