{"id":81401,"date":"2026-03-26T10:12:15","date_gmt":"2026-03-26T09:12:15","guid":{"rendered":"https:\/\/museum-mb.si\/?post_type=dogodki&#038;p=81401"},"modified":"2026-03-26T10:12:15","modified_gmt":"2026-03-26T09:12:15","slug":"primoz-repar-77-doncica-donation-time-osrecencia","status":"publish","type":"dogodki","link":"https:\/\/museum-mb.si\/en\/events\/primoz-repar-77-doncica-donation-time-osrecencia\/","title":{"rendered":"PRIMO\u017d REPAR - 77: HAPPINESS IN THE TIME OF LUKA DON\u010cI\u0106"},"content":{"rendered":"<p style=\"text-align: center;\"><strong>Wednesday, 8 April at 18.00<\/strong><\/p>\n<p style=\"text-align: center;\"><strong>PRIMO\u017d REPAR - 77: HAPPINESS IN THE TIME OF LUKA DON\u010cI\u0106<\/strong><\/p>\n<p style=\"text-align: center;\">Philosophy between books with the Maribor Library<\/p>\n<p style=\"text-align: center;\">Philosopher Dr Primo\u017e Repar will present his remarkable philosophical essay, in which he uses the example of Luka Don\u010di\u0107 to reflect on authenticity, vulnerability and hope in the age of spectacle, and to explore questions of identity, meaning and the inner strength of the human being. He will be interviewed by mag. Igor \u010cerne.<\/p>\n<p style=\"text-align: center;\">(Castle Caf\u00e9, entrance from Freedom Square)<\/p>","protected":false},"featured_media":81399,"template":"","vrsta-dogodka":[39],"class_list":["post-81401","dogodki","type-dogodki","status-publish","has-post-thumbnail","hentry","vrsta-dogodka-prihajajoci-dogodki"],"yoast_head":"<!-- This site is optimized with the Yoast SEO plugin v27.5 - https:\/\/yoast.com\/product\/yoast-seo-wordpress\/ -->\n<title>PRIMO\u017d REPAR \u2013 77: OSRE\u010cENOST V \u010cASU LUKE DON\u010cI\u0106A &#8211; Pokrajinski muzej Maribor<\/title>\n<meta name=\"robots\" content=\"index, follow, max-snippet:-1, max-image-preview:large, max-video-preview:-1\" \/>\n<link rel=\"canonical\" href=\"https:\/\/museum-mb.si\/en\/events\/primoz-repar-77-doncica-donation-time-osrecencia\/\" \/>\n<meta property=\"og:locale\" content=\"en_GB\" \/>\n<meta property=\"og:type\" content=\"article\" \/>\n<meta property=\"og:title\" content=\"PRIMO\u017d REPAR \u2013 77: OSRE\u010cENOST V \u010cASU LUKE DON\u010cI\u0106A &#8211; Pokrajinski muzej Maribor\" \/>\n<meta property=\"og:description\" content=\"sreda, 8. april, ob 18.00 PRIMO\u017d REPAR \u2013 \u00a077: OSRE\u010cENOST V \u010cASU LUKE DON\u010cI\u0106A Filozofija med knjigami z Mariborsko knji\u017enico Filozof dr. Primo\u017e Repar bo predstavil svoj izjemen filozofski esej, v katerem na primeru Luke Don\u010di\u0107a razmi\u0161lja o pristnosti, ranljivosti in upanju v \u010dasu spektakla, razpira vpra\u0161anja identitete, smisla in notranje mo\u010di \u010dloveka. Z njim [&hellip;]\" \/>\n<meta property=\"og:url\" content=\"https:\/\/museum-mb.si\/en\/events\/primoz-repar-77-doncica-donation-time-osrecencia\/\" \/>\n<meta property=\"og:site_name\" content=\"Pokrajinski muzej Maribor\" \/>\n<meta property=\"article:publisher\" content=\"https:\/\/www.facebook.com\/pomum123\" \/>\n<meta property=\"og:image\" content=\"https:\/\/museum-mb.si\/wp-content\/uploads\/2026\/03\/dogodki-slider-april-2026-9.jpg\" \/>\n\t<meta property=\"og:image:width\" content=\"1900\" \/>\n\t<meta property=\"og:image:height\" content=\"900\" \/>\n\t<meta property=\"og:image:type\" content=\"image\/jpeg\" \/>\n<meta name=\"twitter:card\" content=\"summary_large_image\" \/>\n<meta name=\"twitter:label1\" content=\"Estimated reading time\" \/>\n\t<meta name=\"twitter:data1\" content=\"1 minute\" \/>\n<script type=\"application\/ld+json\" class=\"yoast-schema-graph\">{\"@context\":\"https:\\\/\\\/schema.org\",\"@graph\":[{\"@type\":\"WebPage\",\"@id\":\"https:\\\/\\\/museum-mb.si\\\/dogodki\\\/primoz-repar-77-osrecenost-v-casu-luke-doncica\\\/\",\"url\":\"https:\\\/\\\/museum-mb.si\\\/dogodki\\\/primoz-repar-77-osrecenost-v-casu-luke-doncica\\\/\",\"name\":\"PRIMO\u017d REPAR \u2013 77: OSRE\u010cENOST V \u010cASU LUKE DON\u010cI\u0106A &#8211; Pokrajinski muzej Maribor\",\"isPartOf\":{\"@id\":\"https:\\\/\\\/museum-mb.si\\\/#website\"},\"primaryImageOfPage\":{\"@id\":\"https:\\\/\\\/museum-mb.si\\\/dogodki\\\/primoz-repar-77-osrecenost-v-casu-luke-doncica\\\/#primaryimage\"},\"image\":{\"@id\":\"https:\\\/\\\/museum-mb.si\\\/dogodki\\\/primoz-repar-77-osrecenost-v-casu-luke-doncica\\\/#primaryimage\"},\"thumbnailUrl\":\"https:\\\/\\\/museum-mb.si\\\/wp-content\\\/uploads\\\/2026\\\/03\\\/dogodki-slider-april-2026-9.jpg\",\"datePublished\":\"2026-03-26T09:12:15+00:00\",\"breadcrumb\":{\"@id\":\"https:\\\/\\\/museum-mb.si\\\/dogodki\\\/primoz-repar-77-osrecenost-v-casu-luke-doncica\\\/#breadcrumb\"},\"inLanguage\":\"en-GB\",\"potentialAction\":[{\"@type\":\"ReadAction\",\"target\":[\"https:\\\/\\\/museum-mb.si\\\/dogodki\\\/primoz-repar-77-osrecenost-v-casu-luke-doncica\\\/\"]}]},{\"@type\":\"ImageObject\",\"inLanguage\":\"en-GB\",\"@id\":\"https:\\\/\\\/museum-mb.si\\\/dogodki\\\/primoz-repar-77-osrecenost-v-casu-luke-doncica\\\/#primaryimage\",\"url\":\"https:\\\/\\\/museum-mb.si\\\/wp-content\\\/uploads\\\/2026\\\/03\\\/dogodki-slider-april-2026-9.jpg\",\"contentUrl\":\"https:\\\/\\\/museum-mb.si\\\/wp-content\\\/uploads\\\/2026\\\/03\\\/dogodki-slider-april-2026-9.jpg\",\"width\":1900,\"height\":900},{\"@type\":\"BreadcrumbList\",\"@id\":\"https:\\\/\\\/museum-mb.si\\\/dogodki\\\/primoz-repar-77-osrecenost-v-casu-luke-doncica\\\/#breadcrumb\",\"itemListElement\":[{\"@type\":\"ListItem\",\"position\":1,\"name\":\"Domov\",\"item\":\"https:\\\/\\\/museum-mb.si\\\/\"},{\"@type\":\"ListItem\",\"position\":2,\"name\":\"Dogodki\",\"item\":\"https:\\\/\\\/museum-mb.si\\\/dogodki\\\/\"},{\"@type\":\"ListItem\",\"position\":3,\"name\":\"PRIMO\u017d REPAR \u2013 77: OSRE\u010cENOST V \u010cASU LUKE DON\u010cI\u0106A\"}]},{\"@type\":\"WebSite\",\"@id\":\"https:\\\/\\\/museum-mb.si\\\/#website\",\"url\":\"https:\\\/\\\/museum-mb.si\\\/\",\"name\":\"Pokrajinski muzej Maribor\",\"description\":\"\",\"publisher\":{\"@id\":\"https:\\\/\\\/museum-mb.si\\\/#organization\"},\"potentialAction\":[{\"@type\":\"SearchAction\",\"target\":{\"@type\":\"EntryPoint\",\"urlTemplate\":\"https:\\\/\\\/museum-mb.si\\\/?s={search_term_string}\"},\"query-input\":{\"@type\":\"PropertyValueSpecification\",\"valueRequired\":true,\"valueName\":\"search_term_string\"}}],\"inLanguage\":\"en-GB\"},{\"@type\":\"Organization\",\"@id\":\"https:\\\/\\\/museum-mb.si\\\/#organization\",\"name\":\"Pokrajinski muzej Maribor\",\"url\":\"https:\\\/\\\/museum-mb.si\\\/\",\"logo\":{\"@type\":\"ImageObject\",\"inLanguage\":\"en-GB\",\"@id\":\"https:\\\/\\\/museum-mb.si\\\/#\\\/schema\\\/logo\\\/image\\\/\",\"url\":\"https:\\\/\\\/museum-mb.si\\\/wp-content\\\/uploads\\\/2024\\\/12\\\/pmm_logo_barvni_jpeg.jpg\",\"contentUrl\":\"https:\\\/\\\/museum-mb.si\\\/wp-content\\\/uploads\\\/2024\\\/12\\\/pmm_logo_barvni_jpeg.jpg\",\"width\":758,\"height\":754,\"caption\":\"Pokrajinski muzej Maribor\"},\"image\":{\"@id\":\"https:\\\/\\\/museum-mb.si\\\/#\\\/schema\\\/logo\\\/image\\\/\"},\"sameAs\":[\"https:\\\/\\\/www.facebook.com\\\/pomum123\",\"https:\\\/\\\/www.instagram.com\\\/maribor_museum\\\/\",\"https:\\\/\\\/www.youtube.com\\\/channel\\\/UCdshtCrun841Oc-35tYLBGQ\"]}]}<\/script>\n<!-- \/ Yoast SEO plugin. -->","yoast_head_json":{"title":"PRIMO\u017d REPAR \u2013 77: OSRE\u010cENOST V \u010cASU LUKE DON\u010cI\u0106A &#8211; Pokrajinski muzej Maribor","robots":{"index":"index","follow":"follow","max-snippet":"max-snippet:-1","max-image-preview":"max-image-preview:large","max-video-preview":"max-video-preview:-1"},"canonical":"https:\/\/museum-mb.si\/en\/events\/primoz-repar-77-doncica-donation-time-osrecencia\/","og_locale":"en_GB","og_type":"article","og_title":"PRIMO\u017d REPAR \u2013 77: OSRE\u010cENOST V \u010cASU LUKE DON\u010cI\u0106A &#8211; Pokrajinski muzej Maribor","og_description":"sreda, 8. april, ob 18.00 PRIMO\u017d REPAR \u2013 \u00a077: OSRE\u010cENOST V \u010cASU LUKE DON\u010cI\u0106A Filozofija med knjigami z Mariborsko knji\u017enico Filozof dr. Primo\u017e Repar bo predstavil svoj izjemen filozofski esej, v katerem na primeru Luke Don\u010di\u0107a razmi\u0161lja o pristnosti, ranljivosti in upanju v \u010dasu spektakla, razpira vpra\u0161anja identitete, smisla in notranje mo\u010di \u010dloveka. Z njim [&hellip;]","og_url":"https:\/\/museum-mb.si\/en\/events\/primoz-repar-77-doncica-donation-time-osrecencia\/","og_site_name":"Pokrajinski muzej Maribor","article_publisher":"https:\/\/www.facebook.com\/pomum123","og_image":[{"width":1900,"height":900,"url":"https:\/\/museum-mb.si\/wp-content\/uploads\/2026\/03\/dogodki-slider-april-2026-9.jpg","type":"image\/jpeg"}],"twitter_card":"summary_large_image","twitter_misc":{"Estimated reading time":"1 minute"},"schema":{"@context":"https:\/\/schema.org","@graph":[{"@type":"WebPage","@id":"https:\/\/museum-mb.si\/dogodki\/primoz-repar-77-osrecenost-v-casu-luke-doncica\/","url":"https:\/\/museum-mb.si\/dogodki\/primoz-repar-77-osrecenost-v-casu-luke-doncica\/","name":"PRIMO\u017d REPAR \u2013 77: OSRE\u010cENOST V \u010cASU LUKE DON\u010cI\u0106A &#8211; Pokrajinski muzej Maribor","isPartOf":{"@id":"https:\/\/museum-mb.si\/#website"},"primaryImageOfPage":{"@id":"https:\/\/museum-mb.si\/dogodki\/primoz-repar-77-osrecenost-v-casu-luke-doncica\/#primaryimage"},"image":{"@id":"https:\/\/museum-mb.si\/dogodki\/primoz-repar-77-osrecenost-v-casu-luke-doncica\/#primaryimage"},"thumbnailUrl":"https:\/\/museum-mb.si\/wp-content\/uploads\/2026\/03\/dogodki-slider-april-2026-9.jpg","datePublished":"2026-03-26T09:12:15+00:00","breadcrumb":{"@id":"https:\/\/museum-mb.si\/dogodki\/primoz-repar-77-osrecenost-v-casu-luke-doncica\/#breadcrumb"},"inLanguage":"en-GB","potentialAction":[{"@type":"ReadAction","target":["https:\/\/museum-mb.si\/dogodki\/primoz-repar-77-osrecenost-v-casu-luke-doncica\/"]}]},{"@type":"ImageObject","inLanguage":"en-GB","@id":"https:\/\/museum-mb.si\/dogodki\/primoz-repar-77-osrecenost-v-casu-luke-doncica\/#primaryimage","url":"https:\/\/museum-mb.si\/wp-content\/uploads\/2026\/03\/dogodki-slider-april-2026-9.jpg","contentUrl":"https:\/\/museum-mb.si\/wp-content\/uploads\/2026\/03\/dogodki-slider-april-2026-9.jpg","width":1900,"height":900},{"@type":"BreadcrumbList","@id":"https:\/\/museum-mb.si\/dogodki\/primoz-repar-77-osrecenost-v-casu-luke-doncica\/#breadcrumb","itemListElement":[{"@type":"ListItem","position":1,"name":"Domov","item":"https:\/\/museum-mb.si\/"},{"@type":"ListItem","position":2,"name":"Dogodki","item":"https:\/\/museum-mb.si\/dogodki\/"},{"@type":"ListItem","position":3,"name":"PRIMO\u017d REPAR \u2013 77: OSRE\u010cENOST V \u010cASU LUKE DON\u010cI\u0106A"}]},{"@type":"WebSite","@id":"https:\/\/museum-mb.si\/#website","url":"https:\/\/museum-mb.si\/","name":"Maribor Regional Museum","description":"","publisher":{"@id":"https:\/\/museum-mb.si\/#organization"},"potentialAction":[{"@type":"SearchAction","target":{"@type":"EntryPoint","urlTemplate":"https:\/\/museum-mb.si\/?s={search_term_string}"},"query-input":{"@type":"PropertyValueSpecification","valueRequired":true,"valueName":"search_term_string"}}],"inLanguage":"en-GB"},{"@type":"Organization","@id":"https:\/\/museum-mb.si\/#organization","name":"Maribor Regional Museum","url":"https:\/\/museum-mb.si\/","logo":{"@type":"ImageObject","inLanguage":"en-GB","@id":"https:\/\/museum-mb.si\/#\/schema\/logo\/image\/","url":"https:\/\/museum-mb.si\/wp-content\/uploads\/2024\/12\/pmm_logo_barvni_jpeg.jpg","contentUrl":"https:\/\/museum-mb.si\/wp-content\/uploads\/2024\/12\/pmm_logo_barvni_jpeg.jpg","width":758,"height":754,"caption":"Pokrajinski muzej Maribor"},"image":{"@id":"https:\/\/museum-mb.si\/#\/schema\/logo\/image\/"},"sameAs":["https:\/\/www.facebook.com\/pomum123","https:\/\/www.instagram.com\/maribor_museum\/","https:\/\/www.youtube.com\/channel\/UCdshtCrun841Oc-35tYLBGQ"]}]}},"_links":{"self":[{"href":"https:\/\/museum-mb.si\/en\/wp-json\/wp\/v2\/dogodki\/81401","targetHints":{"allow":["GET"]}}],"collection":[{"href":"https:\/\/museum-mb.si\/en\/wp-json\/wp\/v2\/dogodki"}],"about":[{"href":"https:\/\/museum-mb.si\/en\/wp-json\/wp\/v2\/types\/dogodki"}],"version-history":[{"count":1,"href":"https:\/\/museum-mb.si\/en\/wp-json\/wp\/v2\/dogodki\/81401\/revisions"}],"predecessor-version":[{"id":81402,"href":"https:\/\/museum-mb.si\/en\/wp-json\/wp\/v2\/dogodki\/81401\/revisions\/81402"}],"wp:featuredmedia":[{"embeddable":true,"href":"https:\/\/museum-mb.si\/en\/wp-json\/wp\/v2\/media\/81399"}],"wp:attachment":[{"href":"https:\/\/museum-mb.si\/en\/wp-json\/wp\/v2\/media?parent=81401"}],"wp:term":[{"taxonomy":"vrsta-dogodka","embeddable":true,"href":"https:\/\/museum-mb.si\/en\/wp-json\/wp\/v2\/vrsta-dogodka?post=81401"}],"curies":[{"name":"wp","href":"https:\/\/api.w.org\/{rel}","templated":true}]}}