{"id":67213,"date":"2022-08-20T18:39:42","date_gmt":"2022-08-20T18:39:42","guid":{"rendered":"https:\/\/nova.museum-mb.si\/?post_type=zbirke&#038;p=67213"},"modified":"2022-08-22T13:55:37","modified_gmt":"2022-08-22T13:55:37","slug":"sammel-fotos","status":"publish","type":"zbirke","link":"https:\/\/museum-mb.si\/de\/sammlungen\/sammel-fotos\/","title":{"rendered":"FOTOSAMMLUNG"},"content":{"rendered":"<div data-elementor-type=\"wp-post\" data-elementor-id=\"67213\" class=\"elementor elementor-67213\" data-elementor-post-type=\"zbirke\">\n\t\t\t\t\t\t<section class=\"elementor-section elementor-top-section elementor-element elementor-element-6d5c47d5 elementor-section-boxed elementor-section-height-default elementor-section-height-default\" data-id=\"6d5c47d5\" data-element_type=\"section\" data-settings=\"{&quot;jet_parallax_layout_list&quot;:[]}\">\n\t\t\t\t\t\t<div class=\"elementor-container elementor-column-gap-default\">\n\t\t\t\t\t<div class=\"elementor-column elementor-col-100 elementor-top-column elementor-element elementor-element-42a53952\" data-id=\"42a53952\" data-element_type=\"column\">\n\t\t\t<div class=\"elementor-widget-wrap elementor-element-populated\">\n\t\t\t\t\t\t<div class=\"elementor-element elementor-element-3c6bc3a7 elementor-widget elementor-widget-jet-carousel\" data-id=\"3c6bc3a7\" data-element_type=\"widget\" data-settings=\"{&quot;slides_to_show&quot;:&quot;1&quot;,&quot;slides_to_show_mobile&quot;:&quot;1&quot;,&quot;slides_to_scroll_mobile&quot;:&quot;1&quot;,&quot;slides_to_scroll&quot;:&quot;1&quot;}\" data-widget_type=\"jet-carousel.default\">\n\t\t\t\t<div class=\"elementor-widget-container\">\n\t\t\t\t\t<div class=\"elementor-jet-carousel jet-elements\"><div class=\"jet-carousel-wrap\">\n\t<div class=\"jet-carousel\" data-slider_options=\"{&quot;autoplaySpeed&quot;:5000,&quot;autoplay&quot;:true,&quot;infinite&quot;:true,&quot;centerMode&quot;:false,&quot;centerPadding&quot;:&quot;50px&quot;,&quot;pauseOnHover&quot;:false,&quot;speed&quot;:500,&quot;arrows&quot;:true,&quot;dots&quot;:false,&quot;variableWidth&quot;:false,&quot;prevArrow&quot;:&quot;.jet-carousel__prev-arrow-3c6bc3a7&quot;,&quot;nextArrow&quot;:&quot;.jet-carousel__next-arrow-3c6bc3a7&quot;,&quot;rtl&quot;:false,&quot;fractionNav&quot;:false,&quot;fade&quot;:false}\" dir=\"ltr\">\n\t<div class=\"elementor-slick-slider\">\n\n<div class=\"jet-carousel__item\">\n\t<div class=\"jet-carousel__item-inner\"><div class=\"jet-carousel__content\">\t\t<div data-elementor-type=\"section\" data-elementor-id=\"67737\" class=\"elementor elementor-67737\" data-elementor-post-type=\"elementor_library\">\n\t\t\t\t\t<section class=\"elementor-section elementor-top-section elementor-element elementor-element-4400917a elementor-section-boxed elementor-section-height-default elementor-section-height-default\" data-id=\"4400917a\" data-element_type=\"section\" data-settings=\"{&quot;jet_parallax_layout_list&quot;:[]}\">\n\t\t\t\t\t\t<div class=\"elementor-container elementor-column-gap-default\">\n\t\t\t\t\t<div class=\"elementor-column elementor-col-50 elementor-top-column elementor-element elementor-element-8d3cf23\" data-id=\"8d3cf23\" data-element_type=\"column\">\n\t\t\t<div class=\"elementor-widget-wrap elementor-element-populated\">\n\t\t\t\t\t\t<div class=\"elementor-element elementor-element-3d787052 elementor-widget elementor-widget-image\" data-id=\"3d787052\" data-element_type=\"widget\" data-widget_type=\"image.default\">\n\t\t\t\t<div class=\"elementor-widget-container\">\n\t\t\t\t\t\t\t\t\t\t\t\t\t\t\t<img fetchpriority=\"high\" decoding=\"async\" width=\"800\" height=\"800\" src=\"https:\/\/museum-mb.si\/wp-content\/uploads\/2022\/08\/800x800_zbirke_0035_Layer-62-1.jpg\" class=\"attachment-large size-large wp-image-67736\" alt=\"\" srcset=\"https:\/\/museum-mb.si\/wp-content\/uploads\/2022\/08\/800x800_zbirke_0035_Layer-62-1.jpg.webp 800w, https:\/\/museum-mb.si\/wp-content\/uploads\/2022\/08\/800x800_zbirke_0035_Layer-62-1-300x300.jpg.webp 300w, https:\/\/museum-mb.si\/wp-content\/uploads\/2022\/08\/800x800_zbirke_0035_Layer-62-1-150x150.jpg 150w, https:\/\/museum-mb.si\/wp-content\/uploads\/2022\/08\/800x800_zbirke_0035_Layer-62-1-768x768.jpg.webp 768w\" sizes=\"(max-width: 800px) 100vw, 800px\" \/>\t\t\t\t\t\t\t\t\t\t\t\t\t\t\t<\/div>\n\t\t\t\t<\/div>\n\t\t\t\t\t<\/div>\n\t\t<\/div>\n\t\t\t\t<div class=\"elementor-column elementor-col-50 elementor-top-column elementor-element elementor-element-79b302cb\" data-id=\"79b302cb\" data-element_type=\"column\">\n\t\t\t<div class=\"elementor-widget-wrap elementor-element-populated\">\n\t\t\t\t\t\t<div class=\"elementor-element elementor-element-16e45c90 elementor-widget elementor-widget-heading\" data-id=\"16e45c90\" data-element_type=\"widget\" data-widget_type=\"heading.default\">\n\t\t\t\t<div class=\"elementor-widget-container\">\n\t\t\t\t\t<h2 class=\"elementor-heading-title elementor-size-default\">Topolanski: Maribor<\/h2>\t\t\t\t<\/div>\n\t\t\t\t<\/div>\n\t\t\t\t<div class=\"elementor-element elementor-element-1eed302f elementor-icon-list--layout-traditional elementor-list-item-link-full_width elementor-widget elementor-widget-icon-list\" data-id=\"1eed302f\" data-element_type=\"widget\" data-widget_type=\"icon-list.default\">\n\t\t\t\t<div class=\"elementor-widget-container\">\n\t\t\t\t\t\t\t<ul class=\"elementor-icon-list-items\">\n\t\t\t\t\t\t\t<li class=\"elementor-icon-list-item\">\n\t\t\t\t\t\t\t\t\t\t\t<span class=\"elementor-icon-list-icon\">\n\t\t\t\t\t\t\t<i aria-hidden=\"true\" class=\"far fa-calendar-alt\"><\/i>\t\t\t\t\t\t<\/span>\n\t\t\t\t\t\t\t\t\t\t<span class=\"elementor-icon-list-text\">1848 - 1849<\/span>\n\t\t\t\t\t\t\t\t\t<\/li>\n\t\t\t\t\t\t<\/ul>\n\t\t\t\t\t\t<\/div>\n\t\t\t\t<\/div>\n\t\t\t\t<div class=\"elementor-element elementor-element-788e4052 elementor-widget elementor-widget-text-editor\" data-id=\"788e4052\" data-element_type=\"widget\" data-widget_type=\"text-editor.default\">\n\t\t\t\t<div class=\"elementor-widget-container\">\n\t\t\t\t\t\t\t\t\t<p>Das erste Foto von Maribor zeigt den Hauptplatz mit dem Pestzeichen und den Heiligenstatuen sowie den Brunnen mit zwei Wasserpumpen im Vordergrund.<\/p>\t\t\t\t\t\t\t\t<\/div>\n\t\t\t\t<\/div>\n\t\t\t\t\t<\/div>\n\t\t<\/div>\n\t\t\t\t\t<\/div>\n\t\t<\/section>\n\t\t\t\t<\/div>\n\t\t<\/div><\/div>\n<\/div>\n\n<div class=\"jet-carousel__item\">\n\t<div class=\"jet-carousel__item-inner\"><div class=\"jet-carousel__content\">\t\t<div data-elementor-type=\"section\" data-elementor-id=\"67742\" class=\"elementor elementor-67742\" data-elementor-post-type=\"elementor_library\">\n\t\t\t\t\t<section class=\"elementor-section elementor-top-section elementor-element elementor-element-16dc37f elementor-section-boxed elementor-section-height-default elementor-section-height-default\" data-id=\"16dc37f\" data-element_type=\"section\" data-settings=\"{&quot;jet_parallax_layout_list&quot;:[]}\">\n\t\t\t\t\t\t<div class=\"elementor-container elementor-column-gap-default\">\n\t\t\t\t\t<div class=\"elementor-column elementor-col-50 elementor-top-column elementor-element elementor-element-23741102\" data-id=\"23741102\" data-element_type=\"column\">\n\t\t\t<div class=\"elementor-widget-wrap elementor-element-populated\">\n\t\t\t\t\t\t<div class=\"elementor-element elementor-element-5aaf4dc elementor-widget elementor-widget-image\" data-id=\"5aaf4dc\" data-element_type=\"widget\" data-widget_type=\"image.default\">\n\t\t\t\t<div class=\"elementor-widget-container\">\n\t\t\t\t\t\t\t\t\t\t\t\t\t\t\t<img decoding=\"async\" width=\"800\" height=\"800\" src=\"https:\/\/museum-mb.si\/wp-content\/uploads\/2022\/08\/ZF-360i.jpg\" class=\"attachment-large size-large wp-image-67741\" alt=\"\" srcset=\"https:\/\/museum-mb.si\/wp-content\/uploads\/2022\/08\/ZF-360i.jpg.webp 800w, https:\/\/museum-mb.si\/wp-content\/uploads\/2022\/08\/ZF-360i-300x300.jpg.webp 300w, https:\/\/museum-mb.si\/wp-content\/uploads\/2022\/08\/ZF-360i-150x150.jpg.webp 150w, https:\/\/museum-mb.si\/wp-content\/uploads\/2022\/08\/ZF-360i-768x768.jpg.webp 768w\" sizes=\"(max-width: 800px) 100vw, 800px\" \/>\t\t\t\t\t\t\t\t\t\t\t\t\t\t\t<\/div>\n\t\t\t\t<\/div>\n\t\t\t\t\t<\/div>\n\t\t<\/div>\n\t\t\t\t<div class=\"elementor-column elementor-col-50 elementor-top-column elementor-element elementor-element-5b6b1e29\" data-id=\"5b6b1e29\" data-element_type=\"column\">\n\t\t\t<div class=\"elementor-widget-wrap elementor-element-populated\">\n\t\t\t\t\t\t<div class=\"elementor-element elementor-element-11bfcf7b elementor-widget elementor-widget-heading\" data-id=\"11bfcf7b\" data-element_type=\"widget\" data-widget_type=\"heading.default\">\n\t\t\t\t<div class=\"elementor-widget-container\">\n\t\t\t\t\t<h2 class=\"elementor-heading-title elementor-size-default\">J. Kieser: Maribor<\/h2>\t\t\t\t<\/div>\n\t\t\t\t<\/div>\n\t\t\t\t<div class=\"elementor-element elementor-element-3cc272d0 elementor-icon-list--layout-traditional elementor-list-item-link-full_width elementor-widget elementor-widget-icon-list\" data-id=\"3cc272d0\" data-element_type=\"widget\" data-widget_type=\"icon-list.default\">\n\t\t\t\t<div class=\"elementor-widget-container\">\n\t\t\t\t\t\t\t<ul class=\"elementor-icon-list-items\">\n\t\t\t\t\t\t\t<li class=\"elementor-icon-list-item\">\n\t\t\t\t\t\t\t\t\t\t\t<span class=\"elementor-icon-list-icon\">\n\t\t\t\t\t\t\t<i aria-hidden=\"true\" class=\"far fa-calendar-alt\"><\/i>\t\t\t\t\t\t<\/span>\n\t\t\t\t\t\t\t\t\t\t<span class=\"elementor-icon-list-text\">1896<\/span>\n\t\t\t\t\t\t\t\t\t<\/li>\n\t\t\t\t\t\t<\/ul>\n\t\t\t\t\t\t<\/div>\n\t\t\t\t<\/div>\n\t\t\t\t<div class=\"elementor-element elementor-element-6425de67 elementor-widget elementor-widget-text-editor\" data-id=\"6425de67\" data-element_type=\"widget\" data-widget_type=\"text-editor.default\">\n\t\t\t\t<div class=\"elementor-widget-container\">\n\t\t\t\t\t\t\t\t\t<p>Fotografie einer Dame, die ein typisches Jugendstilkleid in dunklen Farben mit extrem schmaler Taille und Korsett tr\u00e4gt. Ihre Bluse ist bis zum Hals zugekn\u00f6pft und mit einem breiten Band verziert. Sie ist mit parallelen Falten auf der Brust und an den \u00c4rmeln verziert. Sie tr\u00e4gt einen Ohrring am rechten Ohr, Armb\u00e4nder an beiden Armen und Ringe an beiden Ringen.<\/p><p>Das Foto wurde von dem Mariborer Fotografen L. J. Kieser aufgenommen, der 1891 mit seinem Partner Damasko ein Atelier in Maribor er\u00f6ffnete und es ab 1893 selbst betrieb. Sein Atelier befand sich in der Gregor\u010di\u010deva-Stra\u00dfe.<\/p>\t\t\t\t\t\t\t\t<\/div>\n\t\t\t\t<\/div>\n\t\t\t\t\t<\/div>\n\t\t<\/div>\n\t\t\t\t\t<\/div>\n\t\t<\/section>\n\t\t\t\t<\/div>\n\t\t<\/div><\/div>\n<\/div>\n\n<div class=\"jet-carousel__item\">\n\t<div class=\"jet-carousel__item-inner\"><div class=\"jet-carousel__content\">\t\t<div data-elementor-type=\"section\" data-elementor-id=\"67749\" class=\"elementor elementor-67749\" data-elementor-post-type=\"elementor_library\">\n\t\t\t\t\t<section class=\"elementor-section elementor-top-section elementor-element elementor-element-405a79f6 elementor-section-boxed elementor-section-height-default elementor-section-height-default\" data-id=\"405a79f6\" data-element_type=\"section\" data-settings=\"{&quot;jet_parallax_layout_list&quot;:[]}\">\n\t\t\t\t\t\t<div class=\"elementor-container elementor-column-gap-default\">\n\t\t\t\t\t<div class=\"elementor-column elementor-col-50 elementor-top-column elementor-element elementor-element-5ed1379\" data-id=\"5ed1379\" data-element_type=\"column\">\n\t\t\t<div class=\"elementor-widget-wrap elementor-element-populated\">\n\t\t\t\t\t\t<div class=\"elementor-element elementor-element-5cb0691c elementor-widget elementor-widget-image\" data-id=\"5cb0691c\" data-element_type=\"widget\" data-widget_type=\"image.default\">\n\t\t\t\t<div class=\"elementor-widget-container\">\n\t\t\t\t\t\t\t\t\t\t\t\t\t\t\t<img decoding=\"async\" width=\"800\" height=\"800\" src=\"https:\/\/museum-mb.si\/wp-content\/uploads\/2022\/08\/ZF-350i.jpg\" class=\"attachment-large size-large wp-image-67748\" alt=\"\" srcset=\"https:\/\/museum-mb.si\/wp-content\/uploads\/2022\/08\/ZF-350i.jpg.webp 800w, https:\/\/museum-mb.si\/wp-content\/uploads\/2022\/08\/ZF-350i-300x300.jpg.webp 300w, https:\/\/museum-mb.si\/wp-content\/uploads\/2022\/08\/ZF-350i-150x150.jpg.webp 150w, https:\/\/museum-mb.si\/wp-content\/uploads\/2022\/08\/ZF-350i-768x768.jpg.webp 768w\" sizes=\"(max-width: 800px) 100vw, 800px\" \/>\t\t\t\t\t\t\t\t\t\t\t\t\t\t\t<\/div>\n\t\t\t\t<\/div>\n\t\t\t\t\t<\/div>\n\t\t<\/div>\n\t\t\t\t<div class=\"elementor-column elementor-col-50 elementor-top-column elementor-element elementor-element-6641aa0e\" data-id=\"6641aa0e\" data-element_type=\"column\">\n\t\t\t<div class=\"elementor-widget-wrap elementor-element-populated\">\n\t\t\t\t\t\t<div class=\"elementor-element elementor-element-26f03490 elementor-widget elementor-widget-heading\" data-id=\"26f03490\" data-element_type=\"widget\" data-widget_type=\"heading.default\">\n\t\t\t\t<div class=\"elementor-widget-container\">\n\t\t\t\t\t<h2 class=\"elementor-heading-title elementor-size-default\">Makart: Janko und Vlado Sernec<\/h2>\t\t\t\t<\/div>\n\t\t\t\t<\/div>\n\t\t\t\t<div class=\"elementor-element elementor-element-121296ac elementor-icon-list--layout-traditional elementor-list-item-link-full_width elementor-widget elementor-widget-icon-list\" data-id=\"121296ac\" data-element_type=\"widget\" data-widget_type=\"icon-list.default\">\n\t\t\t\t<div class=\"elementor-widget-container\">\n\t\t\t\t\t\t\t<ul class=\"elementor-icon-list-items\">\n\t\t\t\t\t\t\t<li class=\"elementor-icon-list-item\">\n\t\t\t\t\t\t\t\t\t\t\t<span class=\"elementor-icon-list-icon\">\n\t\t\t\t\t\t\t<i aria-hidden=\"true\" class=\"far fa-calendar-alt\"><\/i>\t\t\t\t\t\t<\/span>\n\t\t\t\t\t\t\t\t\t\t<span class=\"elementor-icon-list-text\">1919<\/span>\n\t\t\t\t\t\t\t\t\t<\/li>\n\t\t\t\t\t\t<\/ul>\n\t\t\t\t\t\t<\/div>\n\t\t\t\t<\/div>\n\t\t\t\t<div class=\"elementor-element elementor-element-27ab8a91 elementor-widget elementor-widget-text-editor\" data-id=\"27ab8a91\" data-element_type=\"widget\" data-widget_type=\"text-editor.default\">\n\t\t\t\t<div class=\"elementor-widget-container\">\n\t\t\t\t\t\t\t\t\t<p>Das Foto zeigt Janko und Vlad Sernec in ihren Matrosenanz\u00fcgen. Sie sind die S\u00f6hne von Vladimir Sernec (1879 - 1923), einem der Gr\u00fcnder des Sokols und langj\u00e4hrigen Pr\u00e4sidenten des Mariborer Lesesaals. Sein j\u00fcngerer Sohn, Janko (1915 - 1942), studierte Wirtschaftswissenschaften in Paris und London und schloss sich w\u00e4hrend des Zweiten Weltkriegs dem nationalen Befreiungskampf an. Im Jahr 1942 wurde er von den Deutschen in Banjica erschossen.<\/p>\n<p>Das Foto wurde im Fotostudio Makart aufgenommen. Olga und Ladislav Biesik, die Besitzer des Makart-Studios, kamen aus Wien nach Maribor. Sie hatten ein Atelier in der Gosposka-Stra\u00dfe in Maribor. Das Foto wurde am 14. November 1919 aufgenommen.<\/p>\t\t\t\t\t\t\t\t<\/div>\n\t\t\t\t<\/div>\n\t\t\t\t\t<\/div>\n\t\t<\/div>\n\t\t\t\t\t<\/div>\n\t\t<\/section>\n\t\t\t\t<\/div>\n\t\t<\/div><\/div>\n<\/div>\n\n<div class=\"jet-carousel__item\">\n\t<div class=\"jet-carousel__item-inner\"><div class=\"jet-carousel__content\">\t\t<div data-elementor-type=\"section\" data-elementor-id=\"67754\" class=\"elementor elementor-67754\" data-elementor-post-type=\"elementor_library\">\n\t\t\t\t\t<section class=\"elementor-section elementor-top-section elementor-element elementor-element-131e99c5 elementor-section-boxed elementor-section-height-default elementor-section-height-default\" data-id=\"131e99c5\" data-element_type=\"section\" data-settings=\"{&quot;jet_parallax_layout_list&quot;:[]}\">\n\t\t\t\t\t\t<div class=\"elementor-container elementor-column-gap-default\">\n\t\t\t\t\t<div class=\"elementor-column elementor-col-50 elementor-top-column elementor-element elementor-element-3abdd63e\" data-id=\"3abdd63e\" data-element_type=\"column\">\n\t\t\t<div class=\"elementor-widget-wrap elementor-element-populated\">\n\t\t\t\t\t\t<div class=\"elementor-element elementor-element-4e8b8dc9 elementor-widget elementor-widget-image\" data-id=\"4e8b8dc9\" data-element_type=\"widget\" data-widget_type=\"image.default\">\n\t\t\t\t<div class=\"elementor-widget-container\">\n\t\t\t\t\t\t\t\t\t\t\t\t\t\t\t<img loading=\"lazy\" decoding=\"async\" width=\"800\" height=\"800\" src=\"https:\/\/museum-mb.si\/wp-content\/uploads\/2022\/08\/ZF-364i.jpg\" class=\"attachment-large size-large wp-image-67752\" alt=\"\" srcset=\"https:\/\/museum-mb.si\/wp-content\/uploads\/2022\/08\/ZF-364i.jpg.webp 800w, https:\/\/museum-mb.si\/wp-content\/uploads\/2022\/08\/ZF-364i-300x300.jpg.webp 300w, https:\/\/museum-mb.si\/wp-content\/uploads\/2022\/08\/ZF-364i-150x150.jpg.webp 150w, https:\/\/museum-mb.si\/wp-content\/uploads\/2022\/08\/ZF-364i-768x768.jpg.webp 768w\" sizes=\"(max-width: 800px) 100vw, 800px\" \/>\t\t\t\t\t\t\t\t\t\t\t\t\t\t\t<\/div>\n\t\t\t\t<\/div>\n\t\t\t\t\t<\/div>\n\t\t<\/div>\n\t\t\t\t<div class=\"elementor-column elementor-col-50 elementor-top-column elementor-element elementor-element-1cf82247\" data-id=\"1cf82247\" data-element_type=\"column\">\n\t\t\t<div class=\"elementor-widget-wrap elementor-element-populated\">\n\t\t\t\t\t\t<div class=\"elementor-element elementor-element-14a099d3 elementor-widget elementor-widget-heading\" data-id=\"14a099d3\" data-element_type=\"widget\" data-widget_type=\"heading.default\">\n\t\t\t\t<div class=\"elementor-widget-container\">\n\t\t\t\t\t<h2 class=\"elementor-heading-title elementor-size-default\">Heinrich Krapek: Vid Murko auf einem Fahrrad<\/h2>\t\t\t\t<\/div>\n\t\t\t\t<\/div>\n\t\t\t\t<div class=\"elementor-element elementor-element-c41182d elementor-icon-list--layout-traditional elementor-list-item-link-full_width elementor-widget elementor-widget-icon-list\" data-id=\"c41182d\" data-element_type=\"widget\" data-widget_type=\"icon-list.default\">\n\t\t\t\t<div class=\"elementor-widget-container\">\n\t\t\t\t\t\t\t<ul class=\"elementor-icon-list-items\">\n\t\t\t\t\t\t\t<li class=\"elementor-icon-list-item\">\n\t\t\t\t\t\t\t\t\t\t\t<span class=\"elementor-icon-list-icon\">\n\t\t\t\t\t\t\t<i aria-hidden=\"true\" class=\"far fa-calendar-alt\"><\/i>\t\t\t\t\t\t<\/span>\n\t\t\t\t\t\t\t\t\t\t<span class=\"elementor-icon-list-text\">1890<\/span>\n\t\t\t\t\t\t\t\t\t<\/li>\n\t\t\t\t\t\t<\/ul>\n\t\t\t\t\t\t<\/div>\n\t\t\t\t<\/div>\n\t\t\t\t<div class=\"elementor-element elementor-element-10ea0836 elementor-widget elementor-widget-text-editor\" data-id=\"10ea0836\" data-element_type=\"widget\" data-widget_type=\"text-editor.default\">\n\t\t\t\t<div class=\"elementor-widget-container\">\n\t\t\t\t\t\t\t\t\t<p>Das Foto zeigt Vid Murko in Radfahrerkleidung: Pumps, lange Socken, niedrige Lederschuhe, eine bis zum Hals zugekn\u00f6pfte Jacke und einen Schutzhelm mit einem \"Schild\" auf dem Kopf. Der Radsport in Maribor kam in den 1880er Jahren in Schwung, als mehrere Radfahrvereine gegr\u00fcndet wurden. Im Jahr 1887 erlie\u00df der Stadtrat die ersten Vorschriften f\u00fcr das Radfahren auf den Stra\u00dfen der Stadt. Das Foto wurde von dem Mariborer Fotografen Heinrich Krapek aufgenommen, der in Maribor und Karlovac Fotostudios besa\u00df.<\/p>\t\t\t\t\t\t\t\t<\/div>\n\t\t\t\t<\/div>\n\t\t\t\t\t<\/div>\n\t\t<\/div>\n\t\t\t\t\t<\/div>\n\t\t<\/section>\n\t\t\t\t<\/div>\n\t\t<\/div><\/div>\n<\/div>\n\n<div class=\"jet-carousel__item\">\n\t<div class=\"jet-carousel__item-inner\"><div class=\"jet-carousel__content\">\t\t<div data-elementor-type=\"section\" data-elementor-id=\"67758\" class=\"elementor elementor-67758\" data-elementor-post-type=\"elementor_library\">\n\t\t\t\t\t<section class=\"elementor-section elementor-top-section elementor-element elementor-element-46e6dab5 elementor-section-boxed elementor-section-height-default elementor-section-height-default\" data-id=\"46e6dab5\" data-element_type=\"section\" data-settings=\"{&quot;jet_parallax_layout_list&quot;:[]}\">\n\t\t\t\t\t\t<div class=\"elementor-container elementor-column-gap-default\">\n\t\t\t\t\t<div class=\"elementor-column elementor-col-50 elementor-top-column elementor-element elementor-element-6ff18b36\" data-id=\"6ff18b36\" data-element_type=\"column\">\n\t\t\t<div class=\"elementor-widget-wrap elementor-element-populated\">\n\t\t\t\t\t\t<div class=\"elementor-element elementor-element-690d90f5 elementor-widget elementor-widget-image\" data-id=\"690d90f5\" data-element_type=\"widget\" data-widget_type=\"image.default\">\n\t\t\t\t<div class=\"elementor-widget-container\">\n\t\t\t\t\t\t\t\t\t\t\t\t\t\t\t<img loading=\"lazy\" decoding=\"async\" width=\"800\" height=\"800\" src=\"https:\/\/museum-mb.si\/wp-content\/uploads\/2022\/08\/ZF-656i.jpg\" class=\"attachment-large size-large wp-image-67757\" alt=\"\" srcset=\"https:\/\/museum-mb.si\/wp-content\/uploads\/2022\/08\/ZF-656i.jpg.webp 800w, https:\/\/museum-mb.si\/wp-content\/uploads\/2022\/08\/ZF-656i-300x300.jpg.webp 300w, https:\/\/museum-mb.si\/wp-content\/uploads\/2022\/08\/ZF-656i-150x150.jpg.webp 150w, https:\/\/museum-mb.si\/wp-content\/uploads\/2022\/08\/ZF-656i-768x768.jpg.webp 768w\" sizes=\"(max-width: 800px) 100vw, 800px\" \/>\t\t\t\t\t\t\t\t\t\t\t\t\t\t\t<\/div>\n\t\t\t\t<\/div>\n\t\t\t\t\t<\/div>\n\t\t<\/div>\n\t\t\t\t<div class=\"elementor-column elementor-col-50 elementor-top-column elementor-element elementor-element-55279714\" data-id=\"55279714\" data-element_type=\"column\">\n\t\t\t<div class=\"elementor-widget-wrap elementor-element-populated\">\n\t\t\t\t\t\t<div class=\"elementor-element elementor-element-3b83b78d elementor-widget elementor-widget-heading\" data-id=\"3b83b78d\" data-element_type=\"widget\" data-widget_type=\"heading.default\">\n\t\t\t\t<div class=\"elementor-widget-container\">\n\t\t\t\t\t<h2 class=\"elementor-heading-title elementor-size-default\">Unbekannter Autor: Das gesch\u00e4ftige Treiben einer Marktstadt<\/h2>\t\t\t\t<\/div>\n\t\t\t\t<\/div>\n\t\t\t\t<div class=\"elementor-element elementor-element-394dbc1a elementor-icon-list--layout-traditional elementor-list-item-link-full_width elementor-widget elementor-widget-icon-list\" data-id=\"394dbc1a\" data-element_type=\"widget\" data-widget_type=\"icon-list.default\">\n\t\t\t\t<div class=\"elementor-widget-container\">\n\t\t\t\t\t\t\t<ul class=\"elementor-icon-list-items\">\n\t\t\t\t\t\t\t<li class=\"elementor-icon-list-item\">\n\t\t\t\t\t\t\t\t\t\t\t<span class=\"elementor-icon-list-icon\">\n\t\t\t\t\t\t\t<i aria-hidden=\"true\" class=\"far fa-calendar-alt\"><\/i>\t\t\t\t\t\t<\/span>\n\t\t\t\t\t\t\t\t\t\t<span class=\"elementor-icon-list-text\">1933<\/span>\n\t\t\t\t\t\t\t\t\t<\/li>\n\t\t\t\t\t\t<\/ul>\n\t\t\t\t\t\t<\/div>\n\t\t\t\t<\/div>\n\t\t\t\t<div class=\"elementor-element elementor-element-10288c02 elementor-widget elementor-widget-text-editor\" data-id=\"10288c02\" data-element_type=\"widget\" data-widget_type=\"text-editor.default\">\n\t\t\t\t<div class=\"elementor-widget-container\">\n\t\t\t\t\t\t\t\t\t<p>Ein Foto eines unbekannten Fotografen zeigt das rege Treiben auf der<br \/>den zentralen Markt der Stadt auf dem Hauptplatz zwischen den beiden Kriegen.<\/p>\t\t\t\t\t\t\t\t<\/div>\n\t\t\t\t<\/div>\n\t\t\t\t\t<\/div>\n\t\t<\/div>\n\t\t\t\t\t<\/div>\n\t\t<\/section>\n\t\t\t\t<\/div>\n\t\t<\/div><\/div>\n<\/div>\n<\/div><div class=\"jet-carousel__prev-arrow-3c6bc3a7 jet-arrow prev-arrow\"><i aria-hidden=\"true\" class=\"fas fa-angle-left\"><\/i><\/div><div class=\"jet-carousel__next-arrow-3c6bc3a7 jet-arrow next-arrow\"><i aria-hidden=\"true\" class=\"fas fa-angle-right\"><\/i><\/div><\/div>\n<\/div>\n<\/div>\t\t\t\t<\/div>\n\t\t\t\t<\/div>\n\t\t\t\t\t<\/div>\n\t\t<\/div>\n\t\t\t\t\t<\/div>\n\t\t<\/section>\n\t\t\t\t<\/div>","protected":false},"featured_media":67214,"template":"","class_list":["post-67213","zbirke","type-zbirke","status-publish","has-post-thumbnail","hentry"],"yoast_head":"<!-- This site is optimized with the Yoast SEO plugin v27.5 - https:\/\/yoast.com\/product\/yoast-seo-wordpress\/ -->\n<title>ZBIRKA FOTOGRAFIJ &#8211; Pokrajinski muzej Maribor<\/title>\n<meta name=\"robots\" content=\"index, follow, max-snippet:-1, max-image-preview:large, max-video-preview:-1\" \/>\n<link rel=\"canonical\" href=\"https:\/\/museum-mb.si\/de\/sammlungen\/sammel-fotos\/\" \/>\n<meta property=\"og:locale\" content=\"de_DE\" \/>\n<meta property=\"og:type\" content=\"article\" \/>\n<meta property=\"og:title\" content=\"ZBIRKA FOTOGRAFIJ &#8211; Pokrajinski muzej Maribor\" \/>\n<meta property=\"og:description\" content=\"Topolanski: Maribor 1848(1849) Prva fotografija Maribora prikazuje Glavni trg s ku\u017enim znamenjem insvetni\u0161kimi kipi ter vodnjakom z dvema vodnima \u010drpalkama v ospredju. J. Kieser: Maribor\u010danka 1896 Fotografija dame, oble\u010dene v tipi\u010dno secesijsko obleko temne barvez izjemno ozkim pasom s steznikom.Bluzo ima do vratu zapeto in okra\u0161eno s \u0161irokim trakom.Okra\u0161ena je z vzporednimi gubami na prsih [&hellip;]\" \/>\n<meta property=\"og:url\" content=\"https:\/\/museum-mb.si\/de\/sammlungen\/sammel-fotos\/\" \/>\n<meta property=\"og:site_name\" content=\"Pokrajinski muzej Maribor\" \/>\n<meta property=\"article:publisher\" content=\"https:\/\/www.facebook.com\/pomum123\" \/>\n<meta property=\"article:modified_time\" content=\"2022-08-22T13:55:37+00:00\" \/>\n<meta property=\"og:image\" content=\"https:\/\/museum-mb.si\/wp-content\/uploads\/2022\/08\/800x800_zbirke_0035_Layer-62.jpg\" \/>\n\t<meta property=\"og:image:width\" content=\"800\" \/>\n\t<meta property=\"og:image:height\" content=\"800\" \/>\n\t<meta property=\"og:image:type\" content=\"image\/jpeg\" \/>\n<meta name=\"twitter:card\" content=\"summary_large_image\" \/>\n<meta name=\"twitter:label1\" content=\"Gesch\u00e4tzte Lesezeit\" \/>\n\t<meta name=\"twitter:data1\" content=\"2\u00a0Minuten\" \/>\n<script type=\"application\/ld+json\" class=\"yoast-schema-graph\">{\"@context\":\"https:\\\/\\\/schema.org\",\"@graph\":[{\"@type\":\"WebPage\",\"@id\":\"https:\\\/\\\/museum-mb.si\\\/zbirke\\\/zbirka-fotografij\\\/\",\"url\":\"https:\\\/\\\/museum-mb.si\\\/zbirke\\\/zbirka-fotografij\\\/\",\"name\":\"ZBIRKA FOTOGRAFIJ &#8211; Pokrajinski muzej Maribor\",\"isPartOf\":{\"@id\":\"https:\\\/\\\/museum-mb.si\\\/#website\"},\"primaryImageOfPage\":{\"@id\":\"https:\\\/\\\/museum-mb.si\\\/zbirke\\\/zbirka-fotografij\\\/#primaryimage\"},\"image\":{\"@id\":\"https:\\\/\\\/museum-mb.si\\\/zbirke\\\/zbirka-fotografij\\\/#primaryimage\"},\"thumbnailUrl\":\"https:\\\/\\\/museum-mb.si\\\/wp-content\\\/uploads\\\/2022\\\/08\\\/800x800_zbirke_0035_Layer-62.jpg\",\"datePublished\":\"2022-08-20T18:39:42+00:00\",\"dateModified\":\"2022-08-22T13:55:37+00:00\",\"breadcrumb\":{\"@id\":\"https:\\\/\\\/museum-mb.si\\\/zbirke\\\/zbirka-fotografij\\\/#breadcrumb\"},\"inLanguage\":\"de\",\"potentialAction\":[{\"@type\":\"ReadAction\",\"target\":[\"https:\\\/\\\/museum-mb.si\\\/zbirke\\\/zbirka-fotografij\\\/\"]}]},{\"@type\":\"ImageObject\",\"inLanguage\":\"de\",\"@id\":\"https:\\\/\\\/museum-mb.si\\\/zbirke\\\/zbirka-fotografij\\\/#primaryimage\",\"url\":\"https:\\\/\\\/museum-mb.si\\\/wp-content\\\/uploads\\\/2022\\\/08\\\/800x800_zbirke_0035_Layer-62.jpg\",\"contentUrl\":\"https:\\\/\\\/museum-mb.si\\\/wp-content\\\/uploads\\\/2022\\\/08\\\/800x800_zbirke_0035_Layer-62.jpg\",\"width\":800,\"height\":800},{\"@type\":\"BreadcrumbList\",\"@id\":\"https:\\\/\\\/museum-mb.si\\\/zbirke\\\/zbirka-fotografij\\\/#breadcrumb\",\"itemListElement\":[{\"@type\":\"ListItem\",\"position\":1,\"name\":\"Domov\",\"item\":\"https:\\\/\\\/museum-mb.si\\\/\"},{\"@type\":\"ListItem\",\"position\":2,\"name\":\"Zbirke\",\"item\":\"https:\\\/\\\/museum-mb.si\\\/zbirke\\\/\"},{\"@type\":\"ListItem\",\"position\":3,\"name\":\"ZBIRKA FOTOGRAFIJ\"}]},{\"@type\":\"WebSite\",\"@id\":\"https:\\\/\\\/museum-mb.si\\\/#website\",\"url\":\"https:\\\/\\\/museum-mb.si\\\/\",\"name\":\"Pokrajinski muzej Maribor\",\"description\":\"\",\"publisher\":{\"@id\":\"https:\\\/\\\/museum-mb.si\\\/#organization\"},\"potentialAction\":[{\"@type\":\"SearchAction\",\"target\":{\"@type\":\"EntryPoint\",\"urlTemplate\":\"https:\\\/\\\/museum-mb.si\\\/?s={search_term_string}\"},\"query-input\":{\"@type\":\"PropertyValueSpecification\",\"valueRequired\":true,\"valueName\":\"search_term_string\"}}],\"inLanguage\":\"de\"},{\"@type\":\"Organization\",\"@id\":\"https:\\\/\\\/museum-mb.si\\\/#organization\",\"name\":\"Pokrajinski muzej Maribor\",\"url\":\"https:\\\/\\\/museum-mb.si\\\/\",\"logo\":{\"@type\":\"ImageObject\",\"inLanguage\":\"de\",\"@id\":\"https:\\\/\\\/museum-mb.si\\\/#\\\/schema\\\/logo\\\/image\\\/\",\"url\":\"https:\\\/\\\/museum-mb.si\\\/wp-content\\\/uploads\\\/2024\\\/12\\\/pmm_logo_barvni_jpeg.jpg\",\"contentUrl\":\"https:\\\/\\\/museum-mb.si\\\/wp-content\\\/uploads\\\/2024\\\/12\\\/pmm_logo_barvni_jpeg.jpg\",\"width\":758,\"height\":754,\"caption\":\"Pokrajinski muzej Maribor\"},\"image\":{\"@id\":\"https:\\\/\\\/museum-mb.si\\\/#\\\/schema\\\/logo\\\/image\\\/\"},\"sameAs\":[\"https:\\\/\\\/www.facebook.com\\\/pomum123\",\"https:\\\/\\\/www.instagram.com\\\/maribor_museum\\\/\",\"https:\\\/\\\/www.youtube.com\\\/channel\\\/UCdshtCrun841Oc-35tYLBGQ\"]}]}<\/script>\n<!-- \/ Yoast SEO plugin. -->","yoast_head_json":{"title":"ZBIRKA FOTOGRAFIJ &#8211; Pokrajinski muzej Maribor","robots":{"index":"index","follow":"follow","max-snippet":"max-snippet:-1","max-image-preview":"max-image-preview:large","max-video-preview":"max-video-preview:-1"},"canonical":"https:\/\/museum-mb.si\/de\/sammlungen\/sammel-fotos\/","og_locale":"de_DE","og_type":"article","og_title":"ZBIRKA FOTOGRAFIJ &#8211; Pokrajinski muzej Maribor","og_description":"Topolanski: Maribor 1848(1849) Prva fotografija Maribora prikazuje Glavni trg s ku\u017enim znamenjem insvetni\u0161kimi kipi ter vodnjakom z dvema vodnima \u010drpalkama v ospredju. J. Kieser: Maribor\u010danka 1896 Fotografija dame, oble\u010dene v tipi\u010dno secesijsko obleko temne barvez izjemno ozkim pasom s steznikom.Bluzo ima do vratu zapeto in okra\u0161eno s \u0161irokim trakom.Okra\u0161ena je z vzporednimi gubami na prsih [&hellip;]","og_url":"https:\/\/museum-mb.si\/de\/sammlungen\/sammel-fotos\/","og_site_name":"Pokrajinski muzej Maribor","article_publisher":"https:\/\/www.facebook.com\/pomum123","article_modified_time":"2022-08-22T13:55:37+00:00","og_image":[{"width":800,"height":800,"url":"https:\/\/museum-mb.si\/wp-content\/uploads\/2022\/08\/800x800_zbirke_0035_Layer-62.jpg","type":"image\/jpeg"}],"twitter_card":"summary_large_image","twitter_misc":{"Gesch\u00e4tzte Lesezeit":"2\u00a0Minuten"},"schema":{"@context":"https:\/\/schema.org","@graph":[{"@type":"WebPage","@id":"https:\/\/museum-mb.si\/zbirke\/zbirka-fotografij\/","url":"https:\/\/museum-mb.si\/zbirke\/zbirka-fotografij\/","name":"ZBIRKA FOTOGRAFIJ &#8211; Pokrajinski muzej Maribor","isPartOf":{"@id":"https:\/\/museum-mb.si\/#website"},"primaryImageOfPage":{"@id":"https:\/\/museum-mb.si\/zbirke\/zbirka-fotografij\/#primaryimage"},"image":{"@id":"https:\/\/museum-mb.si\/zbirke\/zbirka-fotografij\/#primaryimage"},"thumbnailUrl":"https:\/\/museum-mb.si\/wp-content\/uploads\/2022\/08\/800x800_zbirke_0035_Layer-62.jpg","datePublished":"2022-08-20T18:39:42+00:00","dateModified":"2022-08-22T13:55:37+00:00","breadcrumb":{"@id":"https:\/\/museum-mb.si\/zbirke\/zbirka-fotografij\/#breadcrumb"},"inLanguage":"de","potentialAction":[{"@type":"ReadAction","target":["https:\/\/museum-mb.si\/zbirke\/zbirka-fotografij\/"]}]},{"@type":"ImageObject","inLanguage":"de","@id":"https:\/\/museum-mb.si\/zbirke\/zbirka-fotografij\/#primaryimage","url":"https:\/\/museum-mb.si\/wp-content\/uploads\/2022\/08\/800x800_zbirke_0035_Layer-62.jpg","contentUrl":"https:\/\/museum-mb.si\/wp-content\/uploads\/2022\/08\/800x800_zbirke_0035_Layer-62.jpg","width":800,"height":800},{"@type":"BreadcrumbList","@id":"https:\/\/museum-mb.si\/zbirke\/zbirka-fotografij\/#breadcrumb","itemListElement":[{"@type":"ListItem","position":1,"name":"Domov","item":"https:\/\/museum-mb.si\/"},{"@type":"ListItem","position":2,"name":"Zbirke","item":"https:\/\/museum-mb.si\/zbirke\/"},{"@type":"ListItem","position":3,"name":"ZBIRKA FOTOGRAFIJ"}]},{"@type":"WebSite","@id":"https:\/\/museum-mb.si\/#website","url":"https:\/\/museum-mb.si\/","name":"Regionalmuseum Maribor","description":"","publisher":{"@id":"https:\/\/museum-mb.si\/#organization"},"potentialAction":[{"@type":"SearchAction","target":{"@type":"EntryPoint","urlTemplate":"https:\/\/museum-mb.si\/?s={search_term_string}"},"query-input":{"@type":"PropertyValueSpecification","valueRequired":true,"valueName":"search_term_string"}}],"inLanguage":"de"},{"@type":"Organization","@id":"https:\/\/museum-mb.si\/#organization","name":"Regionalmuseum Maribor","url":"https:\/\/museum-mb.si\/","logo":{"@type":"ImageObject","inLanguage":"de","@id":"https:\/\/museum-mb.si\/#\/schema\/logo\/image\/","url":"https:\/\/museum-mb.si\/wp-content\/uploads\/2024\/12\/pmm_logo_barvni_jpeg.jpg","contentUrl":"https:\/\/museum-mb.si\/wp-content\/uploads\/2024\/12\/pmm_logo_barvni_jpeg.jpg","width":758,"height":754,"caption":"Pokrajinski muzej Maribor"},"image":{"@id":"https:\/\/museum-mb.si\/#\/schema\/logo\/image\/"},"sameAs":["https:\/\/www.facebook.com\/pomum123","https:\/\/www.instagram.com\/maribor_museum\/","https:\/\/www.youtube.com\/channel\/UCdshtCrun841Oc-35tYLBGQ"]}]}},"_links":{"self":[{"href":"https:\/\/museum-mb.si\/de\/wp-json\/wp\/v2\/zbirke\/67213","targetHints":{"allow":["GET"]}}],"collection":[{"href":"https:\/\/museum-mb.si\/de\/wp-json\/wp\/v2\/zbirke"}],"about":[{"href":"https:\/\/museum-mb.si\/de\/wp-json\/wp\/v2\/types\/zbirke"}],"version-history":[{"count":4,"href":"https:\/\/museum-mb.si\/de\/wp-json\/wp\/v2\/zbirke\/67213\/revisions"}],"predecessor-version":[{"id":67763,"href":"https:\/\/museum-mb.si\/de\/wp-json\/wp\/v2\/zbirke\/67213\/revisions\/67763"}],"wp:featuredmedia":[{"embeddable":true,"href":"https:\/\/museum-mb.si\/de\/wp-json\/wp\/v2\/media\/67214"}],"wp:attachment":[{"href":"https:\/\/museum-mb.si\/de\/wp-json\/wp\/v2\/media?parent=67213"}],"curies":[{"name":"wp","href":"https:\/\/api.w.org\/{rel}","templated":true}]}}