{"id":80517,"date":"2025-09-05T09:22:49","date_gmt":"2025-09-05T08:22:49","guid":{"rendered":"https:\/\/museum-mb.si\/?post_type=razstave&#038;p=80517"},"modified":"2026-01-19T13:31:01","modified_gmt":"2026-01-19T12:31:01","slug":"ein-zalatai-orgon-tortenstuck","status":"publish","type":"razstave","link":"https:\/\/museum-mb.si\/de\/ausstellungen\/ein-zalatai-orgon-tortenstuck\/","title":{"rendered":"UND ZAL\u00c1TAI ORGONA T\u00d6RT\u00c9NETE"},"content":{"rendered":"<div data-elementor-type=\"wp-post\" data-elementor-id=\"80517\" class=\"elementor elementor-80517\" data-elementor-post-type=\"razstave\">\n\t\t\t\t\t\t<section class=\"elementor-section elementor-top-section elementor-element elementor-element-634eec4 elementor-section-height-min-height elementor-section-stretched elementor-section-boxed elementor-section-height-default elementor-section-items-middle\" data-id=\"634eec4\" data-element_type=\"section\" data-settings=\"{&quot;stretch_section&quot;:&quot;section-stretched&quot;,&quot;jet_parallax_layout_list&quot;:[],&quot;background_background&quot;:&quot;classic&quot;}\">\n\t\t\t\t\t\t\t<div class=\"elementor-background-overlay\"><\/div>\n\t\t\t\t\t\t\t<div class=\"elementor-container elementor-column-gap-default\">\n\t\t\t\t\t<div class=\"elementor-column elementor-col-100 elementor-top-column elementor-element elementor-element-37b28f4\" data-id=\"37b28f4\" data-element_type=\"column\">\n\t\t\t<div class=\"elementor-widget-wrap elementor-element-populated\">\n\t\t\t\t\t\t<div class=\"elementor-element elementor-element-6ee3f67 elementor-widget elementor-widget-text-editor\" data-id=\"6ee3f67\" data-element_type=\"widget\" data-widget_type=\"text-editor.default\">\n\t\t\t\t<div class=\"elementor-widget-container\">\n\t\t\t\t\t\t\t\t\t<p>ANZEIGE<\/p>\t\t\t\t\t\t\t\t<\/div>\n\t\t\t\t<\/div>\n\t\t\t\t<div class=\"elementor-element elementor-element-3851aec elementor-widget__width-initial elementor-widget elementor-widget-heading\" data-id=\"3851aec\" data-element_type=\"widget\" data-widget_type=\"heading.default\">\n\t\t\t\t<div class=\"elementor-widget-container\">\n\t\t\t\t\t<h2 class=\"elementor-heading-title elementor-size-default\">REFORM\u00c1CI\u00d3 A D\u00c9L-DUN\u00c1NT\u00daLON <\/h2>\t\t\t\t<\/div>\n\t\t\t\t<\/div>\n\t\t\t\t<div class=\"elementor-element elementor-element-4ce1ba3 elementor-widget__width-initial elementor-widget elementor-widget-text-editor\" data-id=\"4ce1ba3\" data-element_type=\"widget\" data-widget_type=\"text-editor.default\">\n\t\t\t\t<div class=\"elementor-widget-container\">\n\t\t\t\t\t\t\t\t\t<p><strong>HISZEK, TEH\u00c1T VAGYOK<\/strong><\/p><p>Der Vorschlag der Kommission f\u00fcr eine Richtlinie \u00fcber den Schutz der Interessen der B\u00fcrgerinnen und B\u00fcrger der Europ\u00e4ischen Union ist nicht nur ein Vorschlag f\u00fcr eine Richtlinie \u00fcber den Schutz der Interessen der B\u00fcrgerinnen und B\u00fcrger der Europ\u00e4ischen Union, sondern auch ein Vorschlag f\u00fcr eine Richtlinie \u00fcber den Schutz der Interessen der B\u00fcrgerinnen und B\u00fcrger der Europ\u00e4ischen Union, der ein Vorschlag f\u00fcr eine Richtlinie \u00fcber den Schutz der Interessen der B\u00fcrgerinnen und B\u00fcrger der Europ\u00e4ischen Union ist.<\/p>\t\t\t\t\t\t\t\t<\/div>\n\t\t\t\t<\/div>\n\t\t\t\t\t<\/div>\n\t\t<\/div>\n\t\t\t\t\t<\/div>\n\t\t<\/section>\n\t\t\t\t<section class=\"elementor-section elementor-top-section elementor-element elementor-element-7395be5 elementor-section-boxed elementor-section-height-default elementor-section-height-default\" data-id=\"7395be5\" data-element_type=\"section\" data-settings=\"{&quot;jet_parallax_layout_list&quot;:[]}\">\n\t\t\t\t\t\t<div class=\"elementor-container elementor-column-gap-default\">\n\t\t\t\t\t<div class=\"elementor-column elementor-col-100 elementor-top-column elementor-element elementor-element-aeea2a4\" data-id=\"aeea2a4\" data-element_type=\"column\">\n\t\t\t<div class=\"elementor-widget-wrap elementor-element-populated\">\n\t\t\t\t\t\t<div class=\"elementor-element elementor-element-bf9c5c4 elementor-widget__width-initial elementor-widget elementor-widget-spacer\" data-id=\"bf9c5c4\" data-element_type=\"widget\" data-widget_type=\"spacer.default\">\n\t\t\t\t<div class=\"elementor-widget-container\">\n\t\t\t\t\t\t\t<div class=\"elementor-spacer\">\n\t\t\t<div class=\"elementor-spacer-inner\"><\/div>\n\t\t<\/div>\n\t\t\t\t\t\t<\/div>\n\t\t\t\t<\/div>\n\t\t<div class=\"elementor-element elementor-element-d522e50 e-flex e-con-boxed e-con e-parent\" data-id=\"d522e50\" data-element_type=\"container\" data-settings=\"{&quot;jet_parallax_layout_list&quot;:[]}\">\n\t\t\t\t\t<div class=\"e-con-inner\">\n\t\t\t\t<div class=\"elementor-element elementor-element-110cbcd elementor-widget elementor-widget-heading\" data-id=\"110cbcd\" data-element_type=\"widget\" data-widget_type=\"heading.default\">\n\t\t\t\t<div class=\"elementor-widget-container\">\n\t\t\t\t\t<h2 class=\"elementor-heading-title elementor-size-default\">UND ZAL\u00c1TAI ORGONA T\u00d6RT\u00c9NETE<\/h2>\t\t\t\t<\/div>\n\t\t\t\t<\/div>\n\t\t\t\t\t<\/div>\n\t\t\t\t<\/div>\n\t\t\t\t\t<\/div>\n\t\t<\/div>\n\t\t\t\t\t<\/div>\n\t\t<\/section>\n\t\t<div class=\"elementor-element elementor-element-306c03f e-flex e-con-boxed e-con e-parent\" data-id=\"306c03f\" data-element_type=\"container\" data-settings=\"{&quot;jet_parallax_layout_list&quot;:[]}\">\n\t\t\t\t\t<div class=\"e-con-inner\">\n\t\t\t\t<div class=\"elementor-element elementor-element-06ea72b elementor-widget elementor-widget-jet-carousel\" data-id=\"06ea72b\" data-element_type=\"widget\" data-settings=\"{&quot;slides_to_show&quot;:&quot;1&quot;,&quot;slides_to_scroll&quot;:&quot;1&quot;}\" data-widget_type=\"jet-carousel.default\">\n\t\t\t\t<div class=\"elementor-widget-container\">\n\t\t\t\t\t<div class=\"elementor-jet-carousel jet-elements\"><div class=\"jet-carousel-wrap\">\n\t<div class=\"jet-carousel\" data-slider_options=\"{&quot;autoplaySpeed&quot;:5000,&quot;autoplay&quot;:true,&quot;infinite&quot;:true,&quot;centerMode&quot;:false,&quot;centerPadding&quot;:&quot;50px&quot;,&quot;pauseOnHover&quot;:false,&quot;speed&quot;:500,&quot;arrows&quot;:true,&quot;dots&quot;:false,&quot;variableWidth&quot;:false,&quot;prevArrow&quot;:&quot;.jet-carousel__prev-arrow-06ea72b&quot;,&quot;nextArrow&quot;:&quot;.jet-carousel__next-arrow-06ea72b&quot;,&quot;rtl&quot;:false,&quot;fractionNav&quot;:false,&quot;fade&quot;:false}\" dir=\"ltr\">\n\t<div class=\"elementor-slick-slider\">\n\n<div class=\"jet-carousel__item\">\n\t<div class=\"jet-carousel__item-inner\"><div class=\"jet-carousel__content\">\t\t<div data-elementor-type=\"section\" data-elementor-id=\"80471\" class=\"elementor elementor-80471\" data-elementor-post-type=\"elementor_library\">\n\t\t\t\t\t<section class=\"elementor-section elementor-top-section elementor-element elementor-element-50d3edd9 elementor-section-boxed elementor-section-height-default elementor-section-height-default\" data-id=\"50d3edd9\" data-element_type=\"section\" data-settings=\"{&quot;jet_parallax_layout_list&quot;:[]}\">\n\t\t\t\t\t\t<div class=\"elementor-container elementor-column-gap-default\">\n\t\t\t\t\t<div class=\"elementor-column elementor-col-50 elementor-top-column elementor-element elementor-element-44c26e07\" data-id=\"44c26e07\" data-element_type=\"column\">\n\t\t\t<div class=\"elementor-widget-wrap elementor-element-populated\">\n\t\t\t\t\t\t<div class=\"elementor-element elementor-element-4938b0ff elementor-widget elementor-widget-image\" data-id=\"4938b0ff\" data-element_type=\"widget\" data-widget_type=\"image.default\">\n\t\t\t\t<div class=\"elementor-widget-container\">\n\t\t\t\t\t\t\t\t\t\t\t\t\t\t\t<img fetchpriority=\"high\" decoding=\"async\" width=\"800\" height=\"533\" src=\"https:\/\/museum-mb.si\/wp-content\/uploads\/2025\/09\/7-min-1024x682.jpg\" class=\"attachment-large size-large wp-image-80552\" alt=\"\" srcset=\"https:\/\/museum-mb.si\/wp-content\/uploads\/2025\/09\/7-min-1024x682.jpg 1024w, https:\/\/museum-mb.si\/wp-content\/uploads\/2025\/09\/7-min-300x200.jpg 300w, https:\/\/museum-mb.si\/wp-content\/uploads\/2025\/09\/7-min-768x512.jpg 768w, https:\/\/museum-mb.si\/wp-content\/uploads\/2025\/09\/7-min-1536x1023.jpg 1536w, https:\/\/museum-mb.si\/wp-content\/uploads\/2025\/09\/7-min-2048x1364.jpg 2048w, https:\/\/museum-mb.si\/wp-content\/uploads\/2025\/09\/7-min-18x12.jpg 18w\" sizes=\"(max-width: 800px) 100vw, 800px\" \/>\t\t\t\t\t\t\t\t\t\t\t\t\t\t\t<\/div>\n\t\t\t\t<\/div>\n\t\t\t\t\t<\/div>\n\t\t<\/div>\n\t\t\t\t<div class=\"elementor-column elementor-col-50 elementor-top-column elementor-element elementor-element-43e11d77\" data-id=\"43e11d77\" data-element_type=\"column\">\n\t\t\t<div class=\"elementor-widget-wrap elementor-element-populated\">\n\t\t\t\t\t\t<div class=\"elementor-element elementor-element-563ee5af elementor-widget__width-initial elementor-widget-tablet__width-inherit elementor-widget elementor-widget-text-editor\" data-id=\"563ee5af\" data-element_type=\"widget\" data-widget_type=\"text-editor.default\">\n\t\t\t\t<div class=\"elementor-widget-container\">\n\t\t\t\t\t\t\t\t\t<p>Az apr\u00f3 magyarorsz\u00e1gi k\u00f6zs\u00e9g, Zal\u00e1ta orgon\u00e1j\u00e1nak t\u00f6rt\u00e9nete sz\u00e9p p\u00e9ld\u00e1ja annak, hogy egy k\u00f6z\u00f6ss\u00e9g t\u00f6bb\u00e9vnyi er\u0151fesz\u00edt\u00e9s \u00e9s er\u0151s hit \u00fatj\u00e1n orgon\u00e1hoz jutott.<\/p><p>Im Jahr 1929 ker\u00fclt der lelkip\u00e1sztor a faluba, aki feles\u00e9g\u00e9vel k\u00f6z\u00f6sen elhat\u00e1rozta, hogy orgonaalapot l\u00e9tes\u00edt, \u00e9s addig gy\u0171jtenek, am\u00edg egy orgona \u00e1ra \u00f6sszej\u00f6n. A nemes c\u00e9lt m\u00e9lt\u00e1nyolt\u00e1k \u00e9s sz\u00edvvel-l\u00e9lekkel t\u00e1mogatt\u00e1k a helyiek is, a lelk\u00e9szasszony 16 m\u0171kedvel\u0151i el\u0151ad\u00e1st \u00e9s m\u0171soros estet szervezett, versk\u00f6tetet adtak ki, mely nyomtat\u00e1si k\u00f6lts\u00e9g\u00e9t a lelkip\u00e1sztor egy p\u00e1r egy\u00e9ves neh\u00e9z csik\u00f3j\u00e1nak elad\u00e1s\u00e1b\u00f3l fedezte.<\/p><p>H\u00e9t esztendeig im\u00e1dkoztak \u00e9s dolgoztak \u00e9rte, \u00e1m a h\u0151sies igyekezet is csak egy haszn\u00e1lt orgon\u00e1ra volt el\u00e9g. Das 1891 von Az Angster J\u00f3zsef \u00e9s Fia Orgona- \u00e9s Harm\u00f3niumgy\u00e1r ins Leben gerufene Hangszere, das zum ersten Mal in der Geschichte des Fronleichnamsfestes in den H\u00e4nden des Papstes lag, war in den H\u00e4nden von Zal\u00e1t\u00e1n. A gy\u00e1r munkat\u00e1rsai helyezt\u00e9k \u00e1t \u00e9s hangolt\u00e1k be az orgon\u00e1t a templom k\u00f3rus\u00e1ba.<\/p>\t\t\t\t\t\t\t\t<\/div>\n\t\t\t\t<\/div>\n\t\t\t\t<div class=\"elementor-element elementor-element-426fd045 elementor-widget__width-initial elementor-widget-tablet__width-inherit elementor-widget elementor-widget-text-editor\" data-id=\"426fd045\" data-element_type=\"widget\" data-widget_type=\"text-editor.default\">\n\t\t\t\t<div class=\"elementor-widget-container\">\n\t\t\t\t\t\t\t\t\t<p>Zal\u00e1ta telep\u00fcl\u00e9s \u00e9s temploma (fot\u00f3: Br\u00e9m Zsolt, 2020).<\/p>\t\t\t\t\t\t\t\t<\/div>\n\t\t\t\t<\/div>\n\t\t\t\t\t<\/div>\n\t\t<\/div>\n\t\t\t\t\t<\/div>\n\t\t<\/section>\n\t\t\t\t<\/div>\n\t\t<\/div><\/div>\n<\/div>\n\n<div class=\"jet-carousel__item\">\n\t<div class=\"jet-carousel__item-inner\"><div class=\"jet-carousel__content\">\t\t<div data-elementor-type=\"section\" data-elementor-id=\"80474\" class=\"elementor elementor-80474\" data-elementor-post-type=\"elementor_library\">\n\t\t\t\t\t<section class=\"elementor-section elementor-top-section elementor-element elementor-element-302d8178 elementor-section-boxed elementor-section-height-default elementor-section-height-default\" data-id=\"302d8178\" data-element_type=\"section\" data-settings=\"{&quot;jet_parallax_layout_list&quot;:[]}\">\n\t\t\t\t\t\t<div class=\"elementor-container elementor-column-gap-default\">\n\t\t\t\t\t<div class=\"elementor-column elementor-col-50 elementor-top-column elementor-element elementor-element-7c6c340c\" data-id=\"7c6c340c\" data-element_type=\"column\">\n\t\t\t<div class=\"elementor-widget-wrap elementor-element-populated\">\n\t\t\t\t\t\t<div class=\"elementor-element elementor-element-36063d54 elementor-widget elementor-widget-image\" data-id=\"36063d54\" data-element_type=\"widget\" data-widget_type=\"image.default\">\n\t\t\t\t<div class=\"elementor-widget-container\">\n\t\t\t\t\t\t\t\t\t\t\t\t\t\t\t<img decoding=\"async\" width=\"628\" height=\"911\" src=\"https:\/\/museum-mb.si\/wp-content\/uploads\/2026\/01\/924f700b97e9bdb64466fedd2310ead8-1.jpg\" class=\"attachment-large size-large wp-image-81191\" alt=\"\" srcset=\"https:\/\/museum-mb.si\/wp-content\/uploads\/2026\/01\/924f700b97e9bdb64466fedd2310ead8-1.jpg 628w, https:\/\/museum-mb.si\/wp-content\/uploads\/2026\/01\/924f700b97e9bdb64466fedd2310ead8-1-207x300.jpg 207w, https:\/\/museum-mb.si\/wp-content\/uploads\/2026\/01\/924f700b97e9bdb64466fedd2310ead8-1-8x12.jpg 8w\" sizes=\"(max-width: 628px) 100vw, 628px\" \/>\t\t\t\t\t\t\t\t\t\t\t\t\t\t\t<\/div>\n\t\t\t\t<\/div>\n\t\t\t\t\t<\/div>\n\t\t<\/div>\n\t\t\t\t<div class=\"elementor-column elementor-col-50 elementor-top-column elementor-element elementor-element-32abf3d9\" data-id=\"32abf3d9\" data-element_type=\"column\">\n\t\t\t<div class=\"elementor-widget-wrap elementor-element-populated\">\n\t\t\t\t\t\t<div class=\"elementor-element elementor-element-50cda2e elementor-widget__width-initial elementor-widget-tablet__width-inherit elementor-widget elementor-widget-text-editor\" data-id=\"50cda2e\" data-element_type=\"widget\" data-widget_type=\"text-editor.default\">\n\t\t\t\t<div class=\"elementor-widget-container\">\n\t\t\t\t\t\t\t\t\t<p>Az orgona v\u00e9g\u00fcl 1937. j\u00fanius 9-\u00e9n vonattal \u00e9rkezett meg Zal\u00e1t\u00e1ra, 18 l\u00e1d\u00e1ba csomagolva. Nagy S\u00e1ndor gondnok \u00e9s t\u00edz t\u00e1rsa 11 lovas kocsival sz\u00e1ll\u00edtotta el az \u00e1llom\u00e1sr\u00f3l. Amikor be\u00e9rtek a faluba, megsz\u00f3laltak a templom harangjai. A gy\u00fclekezet a templom el\u0151tt v\u00e1rakozott, zsolt\u00e1rokat \u00e9nekelt, \u00e9s lelkip\u00e1sztoruk vezet\u00e9s\u00e9vel im\u00e1dkozott, m\u00edg az orgon\u00e1t bevitt\u00e9k a templomba.<\/p>\t\t\t\t\t\t\t\t<\/div>\n\t\t\t\t<\/div>\n\t\t\t\t<div class=\"elementor-element elementor-element-19078db3 elementor-widget__width-initial elementor-widget-tablet__width-inherit elementor-widget elementor-widget-text-editor\" data-id=\"19078db3\" data-element_type=\"widget\" data-widget_type=\"text-editor.default\">\n\t\t\t\t<div class=\"elementor-widget-container\">\n\t\t\t\t\t\t\t\t\t<p>A zal\u00e1tai templom, 1968 (JPM NO 17971).<\/p>\t\t\t\t\t\t\t\t<\/div>\n\t\t\t\t<\/div>\n\t\t\t\t\t<\/div>\n\t\t<\/div>\n\t\t\t\t\t<\/div>\n\t\t<\/section>\n\t\t\t\t<\/div>\n\t\t<\/div><\/div>\n<\/div>\n\n<div class=\"jet-carousel__item\">\n\t<div class=\"jet-carousel__item-inner\"><div class=\"jet-carousel__content\">\t\t<div data-elementor-type=\"section\" data-elementor-id=\"80477\" class=\"elementor elementor-80477\" data-elementor-post-type=\"elementor_library\">\n\t\t\t\t\t<section class=\"elementor-section elementor-top-section elementor-element elementor-element-4df41194 elementor-section-boxed elementor-section-height-default elementor-section-height-default\" data-id=\"4df41194\" data-element_type=\"section\" data-settings=\"{&quot;jet_parallax_layout_list&quot;:[]}\">\n\t\t\t\t\t\t<div class=\"elementor-container elementor-column-gap-default\">\n\t\t\t\t\t<div class=\"elementor-column elementor-col-50 elementor-top-column elementor-element elementor-element-52a76058\" data-id=\"52a76058\" data-element_type=\"column\">\n\t\t\t<div class=\"elementor-widget-wrap elementor-element-populated\">\n\t\t\t\t\t\t<div class=\"elementor-element elementor-element-5c401011 elementor-widget elementor-widget-image\" data-id=\"5c401011\" data-element_type=\"widget\" data-widget_type=\"image.default\">\n\t\t\t\t<div class=\"elementor-widget-container\">\n\t\t\t\t\t\t\t\t\t\t\t\t\t\t\t<img decoding=\"async\" width=\"755\" height=\"1024\" src=\"https:\/\/museum-mb.si\/wp-content\/uploads\/2025\/09\/9-min-755x1024.jpg\" class=\"attachment-large size-large wp-image-80393\" alt=\"\" srcset=\"https:\/\/museum-mb.si\/wp-content\/uploads\/2025\/09\/9-min-755x1024.jpg 755w, https:\/\/museum-mb.si\/wp-content\/uploads\/2025\/09\/9-min-221x300.jpg 221w, https:\/\/museum-mb.si\/wp-content\/uploads\/2025\/09\/9-min-768x1041.jpg 768w, https:\/\/museum-mb.si\/wp-content\/uploads\/2025\/09\/9-min-1133x1536.jpg 1133w, https:\/\/museum-mb.si\/wp-content\/uploads\/2025\/09\/9-min-9x12.jpg 9w, https:\/\/museum-mb.si\/wp-content\/uploads\/2025\/09\/9-min.jpg 1463w\" sizes=\"(max-width: 755px) 100vw, 755px\" \/>\t\t\t\t\t\t\t\t\t\t\t\t\t\t\t<\/div>\n\t\t\t\t<\/div>\n\t\t\t\t\t<\/div>\n\t\t<\/div>\n\t\t\t\t<div class=\"elementor-column elementor-col-50 elementor-top-column elementor-element elementor-element-158a19c5\" data-id=\"158a19c5\" data-element_type=\"column\">\n\t\t\t<div class=\"elementor-widget-wrap elementor-element-populated\">\n\t\t\t\t\t\t<div class=\"elementor-element elementor-element-3f804f7 elementor-widget__width-initial elementor-widget-tablet__width-inherit elementor-widget elementor-widget-text-editor\" data-id=\"3f804f7\" data-element_type=\"widget\" data-widget_type=\"text-editor.default\">\n\t\t\t\t<div class=\"elementor-widget-container\">\n\t\t\t\t\t\t\t\t\t<p>A m\u00e1sodik vil\u00e1gh\u00e1bor\u00fa neh\u00e9z id\u0151ket hozott. The False N\u00e9met, the Soviet, the Yugoslav, the Bulgarian, the Bulgarian, the Bulgarian, the Bulgarian, the Bulgarian, the Bulgarian, the Bulgarian, the Bulgarian, the Bulgarian, the Bulgarian, the Bulgarian, the Bulgarian, the Bulgarian, the Bulgarian, the Bulgarian, the Bulgarian, the Bulgarian, the Bulgarian, the Bulgarian, the Bulgarian, the Bulgarian, the Bulgarian, the Bulgarian, the Bulgarian, the Bulgarian, the Bulgarian, the Bulgarian, the Bulgarian, the Bulgarian, the Bulgarian, the Bulgarian, the Bulgarian, the Bulgarian, the Bulgarian, the Bulgarian, the Bulgarian, the Bulgarian.<\/p>\t\t\t\t\t\t\t\t<\/div>\n\t\t\t\t<\/div>\n\t\t\t\t<div class=\"elementor-element elementor-element-61e8c774 elementor-widget__width-initial elementor-widget-tablet__width-inherit elementor-widget elementor-widget-text-editor\" data-id=\"61e8c774\" data-element_type=\"widget\" data-widget_type=\"text-editor.default\">\n\t\t\t\t<div class=\"elementor-widget-container\">\n\t\t\t\t\t\t\t\t\t<p>Az orgona fel\u00faj\u00edt\u00e1s el\u0151tt (fot\u00f3: Hajd\u00f3k Judit, 2013).<\/p>\t\t\t\t\t\t\t\t<\/div>\n\t\t\t\t<\/div>\n\t\t\t\t\t<\/div>\n\t\t<\/div>\n\t\t\t\t\t<\/div>\n\t\t<\/section>\n\t\t\t\t<\/div>\n\t\t<\/div><\/div>\n<\/div>\n\n<div class=\"jet-carousel__item\">\n\t<div class=\"jet-carousel__item-inner\"><div class=\"jet-carousel__content\">\t\t<div data-elementor-type=\"section\" data-elementor-id=\"80480\" class=\"elementor elementor-80480\" data-elementor-post-type=\"elementor_library\">\n\t\t\t\t\t<section class=\"elementor-section elementor-top-section elementor-element elementor-element-30574550 elementor-section-boxed elementor-section-height-default elementor-section-height-default\" data-id=\"30574550\" data-element_type=\"section\" data-settings=\"{&quot;jet_parallax_layout_list&quot;:[]}\">\n\t\t\t\t\t\t<div class=\"elementor-container elementor-column-gap-default\">\n\t\t\t\t\t<div class=\"elementor-column elementor-col-50 elementor-top-column elementor-element elementor-element-185626b7\" data-id=\"185626b7\" data-element_type=\"column\">\n\t\t\t<div class=\"elementor-widget-wrap elementor-element-populated\">\n\t\t\t\t\t\t<div class=\"elementor-element elementor-element-7b1fe379 elementor-widget elementor-widget-image\" data-id=\"7b1fe379\" data-element_type=\"widget\" data-widget_type=\"image.default\">\n\t\t\t\t<div class=\"elementor-widget-container\">\n\t\t\t\t\t\t\t\t\t\t\t\t\t\t\t<img loading=\"lazy\" decoding=\"async\" width=\"800\" height=\"509\" src=\"https:\/\/museum-mb.si\/wp-content\/uploads\/2025\/09\/10-min-1024x651.jpg\" class=\"attachment-large size-large wp-image-80394\" alt=\"\" srcset=\"https:\/\/museum-mb.si\/wp-content\/uploads\/2025\/09\/10-min-1024x651.jpg 1024w, https:\/\/museum-mb.si\/wp-content\/uploads\/2025\/09\/10-min-300x191.jpg 300w, https:\/\/museum-mb.si\/wp-content\/uploads\/2025\/09\/10-min-768x488.jpg 768w, https:\/\/museum-mb.si\/wp-content\/uploads\/2025\/09\/10-min-1536x977.jpg 1536w, https:\/\/museum-mb.si\/wp-content\/uploads\/2025\/09\/10-min-18x12.jpg 18w, https:\/\/museum-mb.si\/wp-content\/uploads\/2025\/09\/10-min.jpg 2048w\" sizes=\"(max-width: 800px) 100vw, 800px\" \/>\t\t\t\t\t\t\t\t\t\t\t\t\t\t\t<\/div>\n\t\t\t\t<\/div>\n\t\t\t\t\t<\/div>\n\t\t<\/div>\n\t\t\t\t<div class=\"elementor-column elementor-col-50 elementor-top-column elementor-element elementor-element-522f9848\" data-id=\"522f9848\" data-element_type=\"column\">\n\t\t\t<div class=\"elementor-widget-wrap elementor-element-populated\">\n\t\t\t\t\t\t<div class=\"elementor-element elementor-element-1e19f055 elementor-widget__width-initial elementor-widget-tablet__width-inherit elementor-widget elementor-widget-text-editor\" data-id=\"1e19f055\" data-element_type=\"widget\" data-widget_type=\"text-editor.default\">\n\t\t\t\t<div class=\"elementor-widget-container\">\n\t\t\t\t\t\t\t\t\t<p>A katon\u00e1k j\u00e1rm\u0171veikhez er\u0151s\u00edtve vontatt\u00e1k az orgona s\u00edpjait, amelyek hangokat adtak, ahogy a menetsz\u00e9l \u00e1tf\u00fajt rajtuk.<\/p>\t\t\t\t\t\t\t\t<\/div>\n\t\t\t\t<\/div>\n\t\t\t\t<div class=\"elementor-element elementor-element-daab489 elementor-widget__width-initial elementor-widget-tablet__width-inherit elementor-widget elementor-widget-text-editor\" data-id=\"daab489\" data-element_type=\"widget\" data-widget_type=\"text-editor.default\">\n\t\t\t\t<div class=\"elementor-widget-container\">\n\t\t\t\t\t\t\t\t\t<p>Az orgona fel\u00faj\u00edt\u00e1s el\u0151tt (fot\u00f3: Hajd\u00f3k Judit, 2013).<\/p>\t\t\t\t\t\t\t\t<\/div>\n\t\t\t\t<\/div>\n\t\t\t\t\t<\/div>\n\t\t<\/div>\n\t\t\t\t\t<\/div>\n\t\t<\/section>\n\t\t\t\t<\/div>\n\t\t<\/div><\/div>\n<\/div>\n\n<div class=\"jet-carousel__item\">\n\t<div class=\"jet-carousel__item-inner\"><div class=\"jet-carousel__content\">\t\t<div data-elementor-type=\"section\" data-elementor-id=\"80483\" class=\"elementor elementor-80483\" data-elementor-post-type=\"elementor_library\">\n\t\t\t\t\t<section class=\"elementor-section elementor-top-section elementor-element elementor-element-66ccbc93 elementor-section-boxed elementor-section-height-default elementor-section-height-default\" data-id=\"66ccbc93\" data-element_type=\"section\" data-settings=\"{&quot;jet_parallax_layout_list&quot;:[]}\">\n\t\t\t\t\t\t<div class=\"elementor-container elementor-column-gap-default\">\n\t\t\t\t\t<div class=\"elementor-column elementor-col-50 elementor-top-column elementor-element elementor-element-398e1cc9\" data-id=\"398e1cc9\" data-element_type=\"column\">\n\t\t\t<div class=\"elementor-widget-wrap elementor-element-populated\">\n\t\t\t\t\t\t<div class=\"elementor-element elementor-element-406f6c9a elementor-widget elementor-widget-image\" data-id=\"406f6c9a\" data-element_type=\"widget\" data-widget_type=\"image.default\">\n\t\t\t\t<div class=\"elementor-widget-container\">\n\t\t\t\t\t\t\t\t\t\t\t\t\t\t\t<img loading=\"lazy\" decoding=\"async\" width=\"800\" height=\"896\" src=\"https:\/\/museum-mb.si\/wp-content\/uploads\/2025\/09\/11-min-914x1024.jpg\" class=\"attachment-large size-large wp-image-80396\" alt=\"\" srcset=\"https:\/\/museum-mb.si\/wp-content\/uploads\/2025\/09\/11-min-914x1024.jpg 914w, https:\/\/museum-mb.si\/wp-content\/uploads\/2025\/09\/11-min-268x300.jpg 268w, https:\/\/museum-mb.si\/wp-content\/uploads\/2025\/09\/11-min-768x860.jpg 768w, https:\/\/museum-mb.si\/wp-content\/uploads\/2025\/09\/11-min-1371x1536.jpg 1371w, https:\/\/museum-mb.si\/wp-content\/uploads\/2025\/09\/11-min-1828x2048.jpg 1828w, https:\/\/museum-mb.si\/wp-content\/uploads\/2025\/09\/11-min-11x12.jpg 11w\" sizes=\"(max-width: 800px) 100vw, 800px\" \/>\t\t\t\t\t\t\t\t\t\t\t\t\t\t\t<\/div>\n\t\t\t\t<\/div>\n\t\t\t\t\t<\/div>\n\t\t<\/div>\n\t\t\t\t<div class=\"elementor-column elementor-col-50 elementor-top-column elementor-element elementor-element-736d2558\" data-id=\"736d2558\" data-element_type=\"column\">\n\t\t\t<div class=\"elementor-widget-wrap elementor-element-populated\">\n\t\t\t\t\t\t<div class=\"elementor-element elementor-element-7390df48 elementor-widget__width-initial elementor-widget-tablet__width-inherit elementor-widget elementor-widget-text-editor\" data-id=\"7390df48\" data-element_type=\"widget\" data-widget_type=\"text-editor.default\">\n\t\t\t\t<div class=\"elementor-widget-container\">\n\t\t\t\t\t\t\t\t\t<p>De a t\u00f6rt\u00e9net itt nem \u00e9rt v\u00e9get. 2017-ben az orgon\u00e1t teljes eg\u00e9sz\u00e9ben restaur\u00e1lt\u00e1k, egy, az Orm\u00e1ns\u00e1gban tal\u00e1lhat\u00f3 fakazett\u00e1s templomok fel\u00faj\u00edt\u00e1s\u00e1ra ir\u00e1nyul\u00f3 projekt keret\u00e9ben. Helyre\u00e1ll\u00edt\u00e1s\u00e1t az orgon\u00e1t egykor k\u00e9sz\u00edt\u0151 c\u00e9g szellemi ut\u00f3dint\u00e9zm\u00e9nye, a P\u00e9csi Orgona\u00e9p\u00edt\u0151 Manufakt\u00fara Kft. v\u00e9gezte el.<\/p><p>T\u00f6bb mint 70 \u00e9v ut\u00e1n a zal\u00e1tai gy\u00fclekezet ism\u00e9t harangsz\u00f3val v\u00e1rta a templom el\u0151tt a P\u00e9csr\u0151l visszat\u00e9r\u0151 orgon\u00e1t, ami ez\u00fattal nem lovas kocsikon, hanem teheraut\u00f3n \u00e9rkezett. Ism\u00e9t \u00f6r\u00f6mmel, hittel \u00e9s m\u00e9ly h\u00e1l\u00e1val fogadt\u00e1k a hangszert, amely\u00e9rt el\u0151deik \u00e9s \u0151k is oly sokat tettek, \u00e9s amelyben hittek.<\/p>\t\t\t\t\t\t\t\t<\/div>\n\t\t\t\t<\/div>\n\t\t\t\t<div class=\"elementor-element elementor-element-57a7df25 elementor-widget__width-initial elementor-widget-tablet__width-inherit elementor-widget elementor-widget-text-editor\" data-id=\"57a7df25\" data-element_type=\"widget\" data-widget_type=\"text-editor.default\">\n\t\t\t\t<div class=\"elementor-widget-container\">\n\t\t\t\t\t\t\t\t\t<p>A fel\u00faj\u00edtott orgona (Foto: Hajd\u00f3k Judit, 2017).<\/p>\t\t\t\t\t\t\t\t<\/div>\n\t\t\t\t<\/div>\n\t\t\t\t\t<\/div>\n\t\t<\/div>\n\t\t\t\t\t<\/div>\n\t\t<\/section>\n\t\t\t\t<\/div>\n\t\t<\/div><\/div>\n<\/div>\n<\/div><div class=\"jet-carousel__prev-arrow-06ea72b jet-arrow prev-arrow\"><i aria-hidden=\"true\" class=\"fas fa-angle-left\"><\/i><\/div><div class=\"jet-carousel__next-arrow-06ea72b jet-arrow next-arrow\"><i aria-hidden=\"true\" class=\"fas fa-angle-right\"><\/i><\/div><\/div>\n<\/div>\n<\/div>\t\t\t\t<\/div>\n\t\t\t\t<\/div>\n\t\t\t\t\t<\/div>\n\t\t\t\t<\/div>\n\t\t\t\t<\/div>","protected":false},"featured_media":81191,"template":"","vrsta":[55],"class_list":["post-80517","razstave","type-razstave","status-publish","has-post-thumbnail","hentry","vrsta-reformation"],"yoast_head":"<!-- This site is optimized with the Yoast SEO plugin v27.5 - https:\/\/yoast.com\/product\/yoast-seo-wordpress\/ -->\n<title>A ZAL\u00c1TAI ORGONA T\u00d6RT\u00c9NETE &#8211; Pokrajinski muzej Maribor<\/title>\n<meta name=\"robots\" content=\"index, follow, max-snippet:-1, max-image-preview:large, max-video-preview:-1\" \/>\n<link rel=\"canonical\" href=\"https:\/\/museum-mb.si\/de\/ausstellungen\/ein-zalatai-orgon-tortenstuck\/\" \/>\n<meta property=\"og:locale\" content=\"de_DE\" \/>\n<meta property=\"og:type\" content=\"article\" \/>\n<meta property=\"og:title\" content=\"A ZAL\u00c1TAI ORGONA T\u00d6RT\u00c9NETE &#8211; Pokrajinski muzej Maribor\" \/>\n<meta property=\"og:description\" content=\"RAZISKUJ REFORM\u00c1CI\u00d3 A D\u00c9L-DUN\u00c1NT\u00daLON HISZEK, TEH\u00c1T VAGYOK Ez a ki\u00e1ll\u00edt\u00e1s olyan emberek \u00e9s gy\u00fclekezetek t\u00f6rt\u00e9neteit mutatja be, akik hittek k\u00f6z\u00f6ss\u00e9g\u00fck \u00e9rt\u00e9keiben, \u00e9s er\u0151s volt az Istenbe vetett hit\u00fck. Az apr\u00f3 magyarorsz\u00e1gi k\u00f6zs\u00e9g, Zal\u00e1ta orgon\u00e1j\u00e1nak t\u00f6rt\u00e9nete sz\u00e9p p\u00e9ld\u00e1ja annak, hogy egy k\u00f6z\u00f6ss\u00e9g t\u00f6bb\u00e9vnyi er\u0151fesz\u00edt\u00e9s \u00e9s er\u0151s hit \u00fatj\u00e1n orgon\u00e1hoz jutott. 1929-ben \u00faj lelkip\u00e1sztor ker\u00fclt a faluba, [&hellip;]\" \/>\n<meta property=\"og:url\" content=\"https:\/\/museum-mb.si\/de\/ausstellungen\/ein-zalatai-orgon-tortenstuck\/\" \/>\n<meta property=\"og:site_name\" content=\"Pokrajinski muzej Maribor\" \/>\n<meta property=\"article:publisher\" content=\"https:\/\/www.facebook.com\/pomum123\" \/>\n<meta property=\"article:modified_time\" content=\"2026-01-19T12:31:01+00:00\" \/>\n<meta property=\"og:image\" content=\"https:\/\/museum-mb.si\/wp-content\/uploads\/2026\/01\/924f700b97e9bdb64466fedd2310ead8-1.jpg\" \/>\n\t<meta property=\"og:image:width\" content=\"628\" \/>\n\t<meta property=\"og:image:height\" content=\"911\" \/>\n\t<meta property=\"og:image:type\" content=\"image\/jpeg\" \/>\n<meta name=\"twitter:card\" content=\"summary_large_image\" \/>\n<meta name=\"twitter:label1\" content=\"Gesch\u00e4tzte Lesezeit\" \/>\n\t<meta name=\"twitter:data1\" content=\"4\u00a0Minuten\" \/>\n<script type=\"application\/ld+json\" class=\"yoast-schema-graph\">{\"@context\":\"https:\\\/\\\/schema.org\",\"@graph\":[{\"@type\":\"WebPage\",\"@id\":\"https:\\\/\\\/museum-mb.si\\\/razstave\\\/a-zalatai-orgona-tortenete\\\/\",\"url\":\"https:\\\/\\\/museum-mb.si\\\/razstave\\\/a-zalatai-orgona-tortenete\\\/\",\"name\":\"A ZAL\u00c1TAI ORGONA T\u00d6RT\u00c9NETE &#8211; Pokrajinski muzej Maribor\",\"isPartOf\":{\"@id\":\"https:\\\/\\\/museum-mb.si\\\/#website\"},\"primaryImageOfPage\":{\"@id\":\"https:\\\/\\\/museum-mb.si\\\/razstave\\\/a-zalatai-orgona-tortenete\\\/#primaryimage\"},\"image\":{\"@id\":\"https:\\\/\\\/museum-mb.si\\\/razstave\\\/a-zalatai-orgona-tortenete\\\/#primaryimage\"},\"thumbnailUrl\":\"https:\\\/\\\/museum-mb.si\\\/wp-content\\\/uploads\\\/2026\\\/01\\\/924f700b97e9bdb64466fedd2310ead8-1.jpg\",\"datePublished\":\"2025-09-05T08:22:49+00:00\",\"dateModified\":\"2026-01-19T12:31:01+00:00\",\"breadcrumb\":{\"@id\":\"https:\\\/\\\/museum-mb.si\\\/razstave\\\/a-zalatai-orgona-tortenete\\\/#breadcrumb\"},\"inLanguage\":\"de\",\"potentialAction\":[{\"@type\":\"ReadAction\",\"target\":[\"https:\\\/\\\/museum-mb.si\\\/razstave\\\/a-zalatai-orgona-tortenete\\\/\"]}]},{\"@type\":\"ImageObject\",\"inLanguage\":\"de\",\"@id\":\"https:\\\/\\\/museum-mb.si\\\/razstave\\\/a-zalatai-orgona-tortenete\\\/#primaryimage\",\"url\":\"https:\\\/\\\/museum-mb.si\\\/wp-content\\\/uploads\\\/2026\\\/01\\\/924f700b97e9bdb64466fedd2310ead8-1.jpg\",\"contentUrl\":\"https:\\\/\\\/museum-mb.si\\\/wp-content\\\/uploads\\\/2026\\\/01\\\/924f700b97e9bdb64466fedd2310ead8-1.jpg\",\"width\":628,\"height\":911},{\"@type\":\"BreadcrumbList\",\"@id\":\"https:\\\/\\\/museum-mb.si\\\/razstave\\\/a-zalatai-orgona-tortenete\\\/#breadcrumb\",\"itemListElement\":[{\"@type\":\"ListItem\",\"position\":1,\"name\":\"Domov\",\"item\":\"https:\\\/\\\/museum-mb.si\\\/\"},{\"@type\":\"ListItem\",\"position\":2,\"name\":\"Razstave\",\"item\":\"https:\\\/\\\/museum-mb.si\\\/razstave\\\/\"},{\"@type\":\"ListItem\",\"position\":3,\"name\":\"A ZAL\u00c1TAI ORGONA T\u00d6RT\u00c9NETE\"}]},{\"@type\":\"WebSite\",\"@id\":\"https:\\\/\\\/museum-mb.si\\\/#website\",\"url\":\"https:\\\/\\\/museum-mb.si\\\/\",\"name\":\"Pokrajinski muzej Maribor\",\"description\":\"\",\"publisher\":{\"@id\":\"https:\\\/\\\/museum-mb.si\\\/#organization\"},\"potentialAction\":[{\"@type\":\"SearchAction\",\"target\":{\"@type\":\"EntryPoint\",\"urlTemplate\":\"https:\\\/\\\/museum-mb.si\\\/?s={search_term_string}\"},\"query-input\":{\"@type\":\"PropertyValueSpecification\",\"valueRequired\":true,\"valueName\":\"search_term_string\"}}],\"inLanguage\":\"de\"},{\"@type\":\"Organization\",\"@id\":\"https:\\\/\\\/museum-mb.si\\\/#organization\",\"name\":\"Pokrajinski muzej Maribor\",\"url\":\"https:\\\/\\\/museum-mb.si\\\/\",\"logo\":{\"@type\":\"ImageObject\",\"inLanguage\":\"de\",\"@id\":\"https:\\\/\\\/museum-mb.si\\\/#\\\/schema\\\/logo\\\/image\\\/\",\"url\":\"https:\\\/\\\/museum-mb.si\\\/wp-content\\\/uploads\\\/2024\\\/12\\\/pmm_logo_barvni_jpeg.jpg\",\"contentUrl\":\"https:\\\/\\\/museum-mb.si\\\/wp-content\\\/uploads\\\/2024\\\/12\\\/pmm_logo_barvni_jpeg.jpg\",\"width\":758,\"height\":754,\"caption\":\"Pokrajinski muzej Maribor\"},\"image\":{\"@id\":\"https:\\\/\\\/museum-mb.si\\\/#\\\/schema\\\/logo\\\/image\\\/\"},\"sameAs\":[\"https:\\\/\\\/www.facebook.com\\\/pomum123\",\"https:\\\/\\\/www.instagram.com\\\/maribor_museum\\\/\",\"https:\\\/\\\/www.youtube.com\\\/channel\\\/UCdshtCrun841Oc-35tYLBGQ\"]}]}<\/script>\n<!-- \/ Yoast SEO plugin. -->","yoast_head_json":{"title":"A ZAL\u00c1TAI ORGONA T\u00d6RT\u00c9NETE &#8211; Pokrajinski muzej Maribor","robots":{"index":"index","follow":"follow","max-snippet":"max-snippet:-1","max-image-preview":"max-image-preview:large","max-video-preview":"max-video-preview:-1"},"canonical":"https:\/\/museum-mb.si\/de\/ausstellungen\/ein-zalatai-orgon-tortenstuck\/","og_locale":"de_DE","og_type":"article","og_title":"A ZAL\u00c1TAI ORGONA T\u00d6RT\u00c9NETE &#8211; Pokrajinski muzej Maribor","og_description":"RAZISKUJ REFORM\u00c1CI\u00d3 A D\u00c9L-DUN\u00c1NT\u00daLON HISZEK, TEH\u00c1T VAGYOK Ez a ki\u00e1ll\u00edt\u00e1s olyan emberek \u00e9s gy\u00fclekezetek t\u00f6rt\u00e9neteit mutatja be, akik hittek k\u00f6z\u00f6ss\u00e9g\u00fck \u00e9rt\u00e9keiben, \u00e9s er\u0151s volt az Istenbe vetett hit\u00fck. Az apr\u00f3 magyarorsz\u00e1gi k\u00f6zs\u00e9g, Zal\u00e1ta orgon\u00e1j\u00e1nak t\u00f6rt\u00e9nete sz\u00e9p p\u00e9ld\u00e1ja annak, hogy egy k\u00f6z\u00f6ss\u00e9g t\u00f6bb\u00e9vnyi er\u0151fesz\u00edt\u00e9s \u00e9s er\u0151s hit \u00fatj\u00e1n orgon\u00e1hoz jutott. 1929-ben \u00faj lelkip\u00e1sztor ker\u00fclt a faluba, [&hellip;]","og_url":"https:\/\/museum-mb.si\/de\/ausstellungen\/ein-zalatai-orgon-tortenstuck\/","og_site_name":"Pokrajinski muzej Maribor","article_publisher":"https:\/\/www.facebook.com\/pomum123","article_modified_time":"2026-01-19T12:31:01+00:00","og_image":[{"width":628,"height":911,"url":"https:\/\/museum-mb.si\/wp-content\/uploads\/2026\/01\/924f700b97e9bdb64466fedd2310ead8-1.jpg","type":"image\/jpeg"}],"twitter_card":"summary_large_image","twitter_misc":{"Gesch\u00e4tzte Lesezeit":"4\u00a0Minuten"},"schema":{"@context":"https:\/\/schema.org","@graph":[{"@type":"WebPage","@id":"https:\/\/museum-mb.si\/razstave\/a-zalatai-orgona-tortenete\/","url":"https:\/\/museum-mb.si\/razstave\/a-zalatai-orgona-tortenete\/","name":"A ZAL\u00c1TAI ORGONA T\u00d6RT\u00c9NETE &#8211; Pokrajinski muzej Maribor","isPartOf":{"@id":"https:\/\/museum-mb.si\/#website"},"primaryImageOfPage":{"@id":"https:\/\/museum-mb.si\/razstave\/a-zalatai-orgona-tortenete\/#primaryimage"},"image":{"@id":"https:\/\/museum-mb.si\/razstave\/a-zalatai-orgona-tortenete\/#primaryimage"},"thumbnailUrl":"https:\/\/museum-mb.si\/wp-content\/uploads\/2026\/01\/924f700b97e9bdb64466fedd2310ead8-1.jpg","datePublished":"2025-09-05T08:22:49+00:00","dateModified":"2026-01-19T12:31:01+00:00","breadcrumb":{"@id":"https:\/\/museum-mb.si\/razstave\/a-zalatai-orgona-tortenete\/#breadcrumb"},"inLanguage":"de","potentialAction":[{"@type":"ReadAction","target":["https:\/\/museum-mb.si\/razstave\/a-zalatai-orgona-tortenete\/"]}]},{"@type":"ImageObject","inLanguage":"de","@id":"https:\/\/museum-mb.si\/razstave\/a-zalatai-orgona-tortenete\/#primaryimage","url":"https:\/\/museum-mb.si\/wp-content\/uploads\/2026\/01\/924f700b97e9bdb64466fedd2310ead8-1.jpg","contentUrl":"https:\/\/museum-mb.si\/wp-content\/uploads\/2026\/01\/924f700b97e9bdb64466fedd2310ead8-1.jpg","width":628,"height":911},{"@type":"BreadcrumbList","@id":"https:\/\/museum-mb.si\/razstave\/a-zalatai-orgona-tortenete\/#breadcrumb","itemListElement":[{"@type":"ListItem","position":1,"name":"Domov","item":"https:\/\/museum-mb.si\/"},{"@type":"ListItem","position":2,"name":"Razstave","item":"https:\/\/museum-mb.si\/razstave\/"},{"@type":"ListItem","position":3,"name":"A ZAL\u00c1TAI ORGONA T\u00d6RT\u00c9NETE"}]},{"@type":"WebSite","@id":"https:\/\/museum-mb.si\/#website","url":"https:\/\/museum-mb.si\/","name":"Regionalmuseum Maribor","description":"","publisher":{"@id":"https:\/\/museum-mb.si\/#organization"},"potentialAction":[{"@type":"SearchAction","target":{"@type":"EntryPoint","urlTemplate":"https:\/\/museum-mb.si\/?s={search_term_string}"},"query-input":{"@type":"PropertyValueSpecification","valueRequired":true,"valueName":"search_term_string"}}],"inLanguage":"de"},{"@type":"Organization","@id":"https:\/\/museum-mb.si\/#organization","name":"Regionalmuseum Maribor","url":"https:\/\/museum-mb.si\/","logo":{"@type":"ImageObject","inLanguage":"de","@id":"https:\/\/museum-mb.si\/#\/schema\/logo\/image\/","url":"https:\/\/museum-mb.si\/wp-content\/uploads\/2024\/12\/pmm_logo_barvni_jpeg.jpg","contentUrl":"https:\/\/museum-mb.si\/wp-content\/uploads\/2024\/12\/pmm_logo_barvni_jpeg.jpg","width":758,"height":754,"caption":"Pokrajinski muzej Maribor"},"image":{"@id":"https:\/\/museum-mb.si\/#\/schema\/logo\/image\/"},"sameAs":["https:\/\/www.facebook.com\/pomum123","https:\/\/www.instagram.com\/maribor_museum\/","https:\/\/www.youtube.com\/channel\/UCdshtCrun841Oc-35tYLBGQ"]}]}},"_links":{"self":[{"href":"https:\/\/museum-mb.si\/de\/wp-json\/wp\/v2\/razstave\/80517","targetHints":{"allow":["GET"]}}],"collection":[{"href":"https:\/\/museum-mb.si\/de\/wp-json\/wp\/v2\/razstave"}],"about":[{"href":"https:\/\/museum-mb.si\/de\/wp-json\/wp\/v2\/types\/razstave"}],"version-history":[{"count":18,"href":"https:\/\/museum-mb.si\/de\/wp-json\/wp\/v2\/razstave\/80517\/revisions"}],"predecessor-version":[{"id":81194,"href":"https:\/\/museum-mb.si\/de\/wp-json\/wp\/v2\/razstave\/80517\/revisions\/81194"}],"wp:featuredmedia":[{"embeddable":true,"href":"https:\/\/museum-mb.si\/de\/wp-json\/wp\/v2\/media\/81191"}],"wp:attachment":[{"href":"https:\/\/museum-mb.si\/de\/wp-json\/wp\/v2\/media?parent=80517"}],"wp:term":[{"taxonomy":"vrsta","embeddable":true,"href":"https:\/\/museum-mb.si\/de\/wp-json\/wp\/v2\/vrsta?post=80517"}],"curies":[{"name":"wp","href":"https:\/\/api.w.org\/{rel}","templated":true}]}}