{"id":80424,"date":"2025-09-04T12:21:44","date_gmt":"2025-09-04T11:21:44","guid":{"rendered":"https:\/\/museum-mb.si\/?post_type=razstave&#038;p=80424"},"modified":"2025-09-05T11:41:57","modified_gmt":"2025-09-05T10:41:57","slug":"szigethi-andras-reformatus-lelkipasztor-tortenete","status":"publish","type":"razstave","link":"https:\/\/museum-mb.si\/de\/ausstellungen\/szigethi-andras-reformatus-lelkipasztor-tortenete\/","title":{"rendered":"SZIGETHI ANDR\u00c1S REFORM\u00c1TUS LELKIP\u00c1SZTOR T\u00d6RT\u00c9NETE"},"content":{"rendered":"<div data-elementor-type=\"wp-post\" data-elementor-id=\"80424\" class=\"elementor elementor-80424\" data-elementor-post-type=\"razstave\">\n\t\t\t\t\t\t<section class=\"elementor-section elementor-top-section elementor-element elementor-element-f41c081 elementor-section-height-min-height elementor-section-stretched elementor-section-boxed elementor-section-height-default elementor-section-items-middle\" data-id=\"f41c081\" data-element_type=\"section\" data-settings=\"{&quot;stretch_section&quot;:&quot;section-stretched&quot;,&quot;jet_parallax_layout_list&quot;:[],&quot;background_background&quot;:&quot;classic&quot;}\">\n\t\t\t\t\t\t\t<div class=\"elementor-background-overlay\"><\/div>\n\t\t\t\t\t\t\t<div class=\"elementor-container elementor-column-gap-default\">\n\t\t\t\t\t<div class=\"elementor-column elementor-col-100 elementor-top-column elementor-element elementor-element-1aa37c3\" data-id=\"1aa37c3\" data-element_type=\"column\">\n\t\t\t<div class=\"elementor-widget-wrap elementor-element-populated\">\n\t\t\t\t\t\t<div class=\"elementor-element elementor-element-1d2f03e elementor-widget elementor-widget-text-editor\" data-id=\"1d2f03e\" data-element_type=\"widget\" data-widget_type=\"text-editor.default\">\n\t\t\t\t<div class=\"elementor-widget-container\">\n\t\t\t\t\t\t\t\t\t<p>ANZEIGE<\/p>\t\t\t\t\t\t\t\t<\/div>\n\t\t\t\t<\/div>\n\t\t\t\t<div class=\"elementor-element elementor-element-68741ad elementor-widget__width-initial elementor-widget elementor-widget-heading\" data-id=\"68741ad\" data-element_type=\"widget\" data-widget_type=\"heading.default\">\n\t\t\t\t<div class=\"elementor-widget-container\">\n\t\t\t\t\t<h2 class=\"elementor-heading-title elementor-size-default\">REFORM\u00c1CI\u00d3 A D\u00c9L-DUN\u00c1NT\u00daLON <\/h2>\t\t\t\t<\/div>\n\t\t\t\t<\/div>\n\t\t\t\t<div class=\"elementor-element elementor-element-dfcb255 elementor-widget__width-initial elementor-widget elementor-widget-text-editor\" data-id=\"dfcb255\" data-element_type=\"widget\" data-widget_type=\"text-editor.default\">\n\t\t\t\t<div class=\"elementor-widget-container\">\n\t\t\t\t\t\t\t\t\t<p><strong>HISZEK, TEH\u00c1T VAGYOK<\/strong><\/p><p>Der Vorschlag der Kommission f\u00fcr eine Richtlinie \u00fcber den Schutz der Interessen der B\u00fcrgerinnen und B\u00fcrger der Europ\u00e4ischen Union ist nicht nur ein Vorschlag f\u00fcr eine Richtlinie \u00fcber den Schutz der Interessen der B\u00fcrgerinnen und B\u00fcrger der Europ\u00e4ischen Union, sondern auch ein Vorschlag f\u00fcr eine Richtlinie \u00fcber den Schutz der Interessen der B\u00fcrgerinnen und B\u00fcrger der Europ\u00e4ischen Union, der ein Vorschlag f\u00fcr eine Richtlinie \u00fcber den Schutz der Interessen der B\u00fcrgerinnen und B\u00fcrger der Europ\u00e4ischen Union ist.<\/p>\t\t\t\t\t\t\t\t<\/div>\n\t\t\t\t<\/div>\n\t\t\t\t\t<\/div>\n\t\t<\/div>\n\t\t\t\t\t<\/div>\n\t\t<\/section>\n\t\t\t\t<section class=\"elementor-section elementor-top-section elementor-element elementor-element-19e7229 elementor-section-boxed elementor-section-height-default elementor-section-height-default\" data-id=\"19e7229\" data-element_type=\"section\" data-settings=\"{&quot;jet_parallax_layout_list&quot;:[]}\">\n\t\t\t\t\t\t<div class=\"elementor-container elementor-column-gap-default\">\n\t\t\t\t\t<div class=\"elementor-column elementor-col-100 elementor-top-column elementor-element elementor-element-0f9c613\" data-id=\"0f9c613\" data-element_type=\"column\">\n\t\t\t<div class=\"elementor-widget-wrap elementor-element-populated\">\n\t\t\t\t\t\t<div class=\"elementor-element elementor-element-3c7a045 elementor-widget__width-initial elementor-widget elementor-widget-spacer\" data-id=\"3c7a045\" data-element_type=\"widget\" data-widget_type=\"spacer.default\">\n\t\t\t\t<div class=\"elementor-widget-container\">\n\t\t\t\t\t\t\t<div class=\"elementor-spacer\">\n\t\t\t<div class=\"elementor-spacer-inner\"><\/div>\n\t\t<\/div>\n\t\t\t\t\t\t<\/div>\n\t\t\t\t<\/div>\n\t\t\t\t\t<\/div>\n\t\t<\/div>\n\t\t\t\t\t<\/div>\n\t\t<\/section>\n\t\t\t\t<section class=\"elementor-section elementor-top-section elementor-element elementor-element-f4b3286 elementor-section-boxed elementor-section-height-default elementor-section-height-default\" data-id=\"f4b3286\" data-element_type=\"section\" data-settings=\"{&quot;jet_parallax_layout_list&quot;:[]}\">\n\t\t\t\t\t\t<div class=\"elementor-container elementor-column-gap-default\">\n\t\t\t\t\t<div class=\"elementor-column elementor-col-100 elementor-top-column elementor-element elementor-element-f89791f\" data-id=\"f89791f\" data-element_type=\"column\">\n\t\t\t<div class=\"elementor-widget-wrap elementor-element-populated\">\n\t\t\t\t<div class=\"elementor-element elementor-element-3bb9329 e-flex e-con-boxed e-con e-parent\" data-id=\"3bb9329\" data-element_type=\"container\" data-settings=\"{&quot;jet_parallax_layout_list&quot;:[]}\">\n\t\t\t\t\t<div class=\"e-con-inner\">\n\t\t\t\t<div class=\"elementor-element elementor-element-779ded6 elementor-widget elementor-widget-heading\" data-id=\"779ded6\" data-element_type=\"widget\" data-widget_type=\"heading.default\">\n\t\t\t\t<div class=\"elementor-widget-container\">\n\t\t\t\t\t<h2 class=\"elementor-heading-title elementor-size-default\">SZIGETHI ANDR\u00c1S REFORM\u00c1TUS LELKIP\u00c1SZTOR T\u00d6RT\u00c9NETE<\/h2>\t\t\t\t<\/div>\n\t\t\t\t<\/div>\n\t\t\t\t\t<\/div>\n\t\t\t\t<\/div>\n\t\t\t\t\t<\/div>\n\t\t<\/div>\n\t\t\t\t\t<\/div>\n\t\t<\/section>\n\t\t<div class=\"elementor-element elementor-element-fd4b85c e-flex e-con-boxed e-con e-parent\" data-id=\"fd4b85c\" data-element_type=\"container\" data-settings=\"{&quot;jet_parallax_layout_list&quot;:[]}\">\n\t\t\t\t\t<div class=\"e-con-inner\">\n\t\t\t\t<div class=\"elementor-element elementor-element-a5b7aa2 elementor-widget__width-inherit elementor-widget elementor-widget-jet-carousel\" data-id=\"a5b7aa2\" data-element_type=\"widget\" data-settings=\"{&quot;slides_to_show&quot;:&quot;1&quot;,&quot;slides_to_scroll&quot;:&quot;1&quot;}\" data-widget_type=\"jet-carousel.default\">\n\t\t\t\t<div class=\"elementor-widget-container\">\n\t\t\t\t\t<div class=\"elementor-jet-carousel jet-elements\"><div class=\"jet-carousel-wrap\">\n\t<div class=\"jet-carousel\" data-slider_options=\"{&quot;autoplaySpeed&quot;:5000,&quot;autoplay&quot;:true,&quot;infinite&quot;:true,&quot;centerMode&quot;:false,&quot;centerPadding&quot;:&quot;50px&quot;,&quot;pauseOnHover&quot;:false,&quot;speed&quot;:500,&quot;arrows&quot;:true,&quot;dots&quot;:false,&quot;variableWidth&quot;:false,&quot;prevArrow&quot;:&quot;.jet-carousel__prev-arrow-a5b7aa2&quot;,&quot;nextArrow&quot;:&quot;.jet-carousel__next-arrow-a5b7aa2&quot;,&quot;rtl&quot;:false,&quot;fractionNav&quot;:false,&quot;fade&quot;:false}\" dir=\"ltr\">\n\t<div class=\"elementor-slick-slider\">\n\n<div class=\"jet-carousel__item\">\n\t<div class=\"jet-carousel__item-inner\"><div class=\"jet-carousel__content\">\t\t<div data-elementor-type=\"section\" data-elementor-id=\"80454\" class=\"elementor elementor-80454\" data-elementor-post-type=\"elementor_library\">\n\t\t\t\t\t<section class=\"elementor-section elementor-top-section elementor-element elementor-element-69524157 elementor-section-boxed elementor-section-height-default elementor-section-height-default\" data-id=\"69524157\" data-element_type=\"section\" data-settings=\"{&quot;jet_parallax_layout_list&quot;:[]}\">\n\t\t\t\t\t\t<div class=\"elementor-container elementor-column-gap-default\">\n\t\t\t\t\t<div class=\"elementor-column elementor-col-50 elementor-top-column elementor-element elementor-element-247acb46\" data-id=\"247acb46\" data-element_type=\"column\">\n\t\t\t<div class=\"elementor-widget-wrap elementor-element-populated\">\n\t\t\t\t\t\t<div class=\"elementor-element elementor-element-5bdf801c elementor-widget elementor-widget-image\" data-id=\"5bdf801c\" data-element_type=\"widget\" data-widget_type=\"image.default\">\n\t\t\t\t<div class=\"elementor-widget-container\">\n\t\t\t\t\t\t\t\t\t\t\t\t\t\t\t<img fetchpriority=\"high\" decoding=\"async\" width=\"725\" height=\"1024\" src=\"https:\/\/museum-mb.si\/wp-content\/uploads\/2025\/09\/2-min-725x1024.jpg\" class=\"attachment-large size-large wp-image-80402\" alt=\"\" srcset=\"https:\/\/museum-mb.si\/wp-content\/uploads\/2025\/09\/2-min-725x1024.jpg.webp 725w, https:\/\/museum-mb.si\/wp-content\/uploads\/2025\/09\/2-min-212x300.jpg.webp 212w, https:\/\/museum-mb.si\/wp-content\/uploads\/2025\/09\/2-min-768x1085.jpg.webp 768w, https:\/\/museum-mb.si\/wp-content\/uploads\/2025\/09\/2-min-1088x1536.jpg.webp 1088w, https:\/\/museum-mb.si\/wp-content\/uploads\/2025\/09\/2-min-1450x2048.jpg.webp 1450w, https:\/\/museum-mb.si\/wp-content\/uploads\/2025\/09\/2-min-8x12.jpg.webp 8w, https:\/\/museum-mb.si\/wp-content\/uploads\/2025\/09\/2-min-scaled.jpg.webp 1813w\" sizes=\"(max-width: 725px) 100vw, 725px\" \/>\t\t\t\t\t\t\t\t\t\t\t\t\t\t\t<\/div>\n\t\t\t\t<\/div>\n\t\t\t\t\t<\/div>\n\t\t<\/div>\n\t\t\t\t<div class=\"elementor-column elementor-col-50 elementor-top-column elementor-element elementor-element-d9b453a\" data-id=\"d9b453a\" data-element_type=\"column\">\n\t\t\t<div class=\"elementor-widget-wrap elementor-element-populated\">\n\t\t\t\t\t\t<div class=\"elementor-element elementor-element-2e83ad47 elementor-widget__width-initial elementor-widget-tablet__width-inherit elementor-widget elementor-widget-text-editor\" data-id=\"2e83ad47\" data-element_type=\"widget\" data-widget_type=\"text-editor.default\">\n\t\t\t\t<div class=\"elementor-widget-container\">\n\t\t\t\t\t\t\t\t\t<p>Szigethi Andr\u00e1s reform\u00e1tus lelkip\u00e1sztor \u00e9s feles\u00e9ge, Gy\u00f6rk\u0151 Magdolna a kommunista dictatorship \u00e9veiben oszt\u00e1lyidegennek sz\u00e1m\u00edt\u00f3 csal\u00e1dokb\u00f3l sz\u00e1rmaztak, amit tov\u00e1bb s\u00falyosb\u00edtott, hogy lakhely\u00fck a tit\u00f3i Jugoszl\u00e1vi\u00e1hoz k\u00f6zeli z\u00e1rt hat\u00e1rs\u00e1vba esett. \u00c9let\u00fck n\u00e9lk\u00fcl\u00f6z\u00e9ssel \u00e9s az \u00e1llami rend\u0151rs\u00e9g v\u00e9get nem \u00e9r\u0151 zaklat\u00e1s\u00e1val telt.<\/p>\t\t\t\t\t\t\t\t<\/div>\n\t\t\t\t<\/div>\n\t\t\t\t<div class=\"elementor-element elementor-element-69d3ef4 elementor-widget__width-initial elementor-widget-tablet__width-inherit elementor-widget elementor-widget-text-editor\" data-id=\"69d3ef4\" data-element_type=\"widget\" data-widget_type=\"text-editor.default\">\n\t\t\t\t<div class=\"elementor-widget-container\">\n\t\t\t\t\t\t\t\t\t<p><em>Szigethi Andr\u00e1s v\u00e9gz\u0151s teol\u00f3gus hallgat\u00f3k\u00e9nt, Budapest, 1954 (a Szigethi csal\u00e1d arch\u00edvum\u00e1b\u00f3l).<\/em><\/p>\t\t\t\t\t\t\t\t<\/div>\n\t\t\t\t<\/div>\n\t\t\t\t\t<\/div>\n\t\t<\/div>\n\t\t\t\t\t<\/div>\n\t\t<\/section>\n\t\t\t\t<\/div>\n\t\t<\/div><\/div>\n<\/div>\n\n<div class=\"jet-carousel__item\">\n\t<div class=\"jet-carousel__item-inner\"><div class=\"jet-carousel__content\">\t\t<div data-elementor-type=\"section\" data-elementor-id=\"80457\" class=\"elementor elementor-80457\" data-elementor-post-type=\"elementor_library\">\n\t\t\t\t\t<section class=\"elementor-section elementor-top-section elementor-element elementor-element-74926f94 elementor-section-boxed elementor-section-height-default elementor-section-height-default\" data-id=\"74926f94\" data-element_type=\"section\" data-settings=\"{&quot;jet_parallax_layout_list&quot;:[]}\">\n\t\t\t\t\t\t<div class=\"elementor-container elementor-column-gap-default\">\n\t\t\t\t\t<div class=\"elementor-column elementor-col-50 elementor-top-column elementor-element elementor-element-57647279\" data-id=\"57647279\" data-element_type=\"column\">\n\t\t\t<div class=\"elementor-widget-wrap elementor-element-populated\">\n\t\t\t\t\t\t<div class=\"elementor-element elementor-element-116897d2 elementor-widget elementor-widget-image\" data-id=\"116897d2\" data-element_type=\"widget\" data-widget_type=\"image.default\">\n\t\t\t\t<div class=\"elementor-widget-container\">\n\t\t\t\t\t\t\t\t\t\t\t\t\t\t\t<img decoding=\"async\" width=\"658\" height=\"1024\" src=\"https:\/\/museum-mb.si\/wp-content\/uploads\/2025\/09\/3-min-658x1024.jpg\" class=\"attachment-large size-large wp-image-80403\" alt=\"\" srcset=\"https:\/\/museum-mb.si\/wp-content\/uploads\/2025\/09\/3-min-658x1024.jpg.webp 658w, https:\/\/museum-mb.si\/wp-content\/uploads\/2025\/09\/3-min-193x300.jpg.webp 193w, https:\/\/museum-mb.si\/wp-content\/uploads\/2025\/09\/3-min-768x1195.jpg.webp 768w, https:\/\/museum-mb.si\/wp-content\/uploads\/2025\/09\/3-min-987x1536.jpg.webp 987w, https:\/\/museum-mb.si\/wp-content\/uploads\/2025\/09\/3-min-scaled.jpg.webp 1645w\" sizes=\"(max-width: 658px) 100vw, 658px\" \/>\t\t\t\t\t\t\t\t\t\t\t\t\t\t\t<\/div>\n\t\t\t\t<\/div>\n\t\t\t\t\t<\/div>\n\t\t<\/div>\n\t\t\t\t<div class=\"elementor-column elementor-col-50 elementor-top-column elementor-element elementor-element-46133628\" data-id=\"46133628\" data-element_type=\"column\">\n\t\t\t<div class=\"elementor-widget-wrap elementor-element-populated\">\n\t\t\t\t\t\t<div class=\"elementor-element elementor-element-4e840903 elementor-widget__width-initial elementor-widget-tablet__width-inherit elementor-widget elementor-widget-text-editor\" data-id=\"4e840903\" data-element_type=\"widget\" data-widget_type=\"text-editor.default\">\n\t\t\t\t<div class=\"elementor-widget-container\">\n\t\t\t\t\t\t\t\t\t<p>Ich m\u00f6chte dem Berichterstatter f\u00fcr seine Stellungnahme zum par\u00f3ki\u00e1n egyh\u00e1zm\u0171v\u00e9szeti ki\u00e1ll\u00edt\u00e1st \u00e9s n\u00e9prajzi gy\u0171jtem\u00e9nyt hoztak l\u00e9tre, merttek azok \u00e9rt\u00e9k\u00e9ben danken. Hittek egy, az \u00e1llamhatalom \u00e1ltal \u00e9ppen megk\u00e9rd\u0151jelezett vil\u00e1g \u00e9rt\u00e9keiben. \u00c9lett\u00f6rt\u00e9net\u00fck egy \u00e9rt\u00e9krend melletti ki\u00e1ll\u00e1s t\u00f6rt\u00e9nete is egyben.<\/p>\t\t\t\t\t\t\t\t<\/div>\n\t\t\t\t<\/div>\n\t\t\t\t<div class=\"elementor-element elementor-element-555afb8e elementor-widget__width-initial elementor-widget-tablet__width-inherit elementor-widget elementor-widget-text-editor\" data-id=\"555afb8e\" data-element_type=\"widget\" data-widget_type=\"text-editor.default\">\n\t\t\t\t<div class=\"elementor-widget-container\">\n\t\t\t\t\t\t\t\t\t<p><em>Az egyh\u00e1zm\u0171v\u00e9szeti gy\u0171jtem\u00e9ny r\u00e9szlet\u00e9nek fot\u00f3ja (a Szigethi csal\u00e1d arch\u00edvum\u00e1b\u00f3l).<\/em><\/p>\t\t\t\t\t\t\t\t<\/div>\n\t\t\t\t<\/div>\n\t\t\t\t\t<\/div>\n\t\t<\/div>\n\t\t\t\t\t<\/div>\n\t\t<\/section>\n\t\t\t\t<\/div>\n\t\t<\/div><\/div>\n<\/div>\n\n<div class=\"jet-carousel__item\">\n\t<div class=\"jet-carousel__item-inner\"><div class=\"jet-carousel__content\">\t\t<div data-elementor-type=\"section\" data-elementor-id=\"80460\" class=\"elementor elementor-80460\" data-elementor-post-type=\"elementor_library\">\n\t\t\t\t\t<section class=\"elementor-section elementor-top-section elementor-element elementor-element-445c169e elementor-section-boxed elementor-section-height-default elementor-section-height-default\" data-id=\"445c169e\" data-element_type=\"section\" data-settings=\"{&quot;jet_parallax_layout_list&quot;:[]}\">\n\t\t\t\t\t\t<div class=\"elementor-container elementor-column-gap-default\">\n\t\t\t\t\t<div class=\"elementor-column elementor-col-50 elementor-top-column elementor-element elementor-element-5eec9ef8\" data-id=\"5eec9ef8\" data-element_type=\"column\">\n\t\t\t<div class=\"elementor-widget-wrap elementor-element-populated\">\n\t\t\t\t\t\t<div class=\"elementor-element elementor-element-6e0d96c7 elementor-widget elementor-widget-image\" data-id=\"6e0d96c7\" data-element_type=\"widget\" data-widget_type=\"image.default\">\n\t\t\t\t<div class=\"elementor-widget-container\">\n\t\t\t\t\t\t\t\t\t\t\t\t\t\t\t<img decoding=\"async\" width=\"1\" height=\"1\" src=\"https:\/\/museum-mb.si\/wp-content\/uploads\/2025\/09\/4-min.jpg\" class=\"attachment-large size-large wp-image-80404\" alt=\"\" \/>\t\t\t\t\t\t\t\t\t\t\t\t\t\t\t<\/div>\n\t\t\t\t<\/div>\n\t\t\t\t\t<\/div>\n\t\t<\/div>\n\t\t\t\t<div class=\"elementor-column elementor-col-50 elementor-top-column elementor-element elementor-element-612ca774\" data-id=\"612ca774\" data-element_type=\"column\">\n\t\t\t<div class=\"elementor-widget-wrap elementor-element-populated\">\n\t\t\t\t\t\t<div class=\"elementor-element elementor-element-5981cc4e elementor-widget__width-initial elementor-widget-tablet__width-inherit elementor-widget elementor-widget-text-editor\" data-id=\"5981cc4e\" data-element_type=\"widget\" data-widget_type=\"text-editor.default\">\n\t\t\t\t<div class=\"elementor-widget-container\">\n\t\t\t\t\t\t\t\t\t<p>Eredeti funkci\u00f3j\u00e1t elvesztve a festett kazett\u00e1z\u00e1st faanyagk\u00e9nt hasznos\u00edtott\u00e1k.<\/p>\t\t\t\t\t\t\t\t<\/div>\n\t\t\t\t<\/div>\n\t\t\t\t<div class=\"elementor-element elementor-element-6d159ac7 elementor-widget__width-initial elementor-widget-tablet__width-inherit elementor-widget elementor-widget-text-editor\" data-id=\"6d159ac7\" data-element_type=\"widget\" data-widget_type=\"text-editor.default\">\n\t\t\t\t<div class=\"elementor-widget-container\">\n\t\t\t\t\t\t\t\t\t<p>Reform\u00e1tus templomi festett fakazetta Szigethi Andr\u00e1s hagyat\u00e9k\u00e1b\u00f3l, 19. sz\u00e1zad els\u0151 fele.<\/p>\t\t\t\t\t\t\t\t<\/div>\n\t\t\t\t<\/div>\n\t\t\t\t\t<\/div>\n\t\t<\/div>\n\t\t\t\t\t<\/div>\n\t\t<\/section>\n\t\t\t\t<\/div>\n\t\t<\/div><\/div>\n<\/div>\n\n<div class=\"jet-carousel__item\">\n\t<div class=\"jet-carousel__item-inner\"><div class=\"jet-carousel__content\">\t\t<div data-elementor-type=\"section\" data-elementor-id=\"80465\" class=\"elementor elementor-80465\" data-elementor-post-type=\"elementor_library\">\n\t\t\t\t\t<section class=\"elementor-section elementor-top-section elementor-element elementor-element-11470666 elementor-section-boxed elementor-section-height-default elementor-section-height-default\" data-id=\"11470666\" data-element_type=\"section\" data-settings=\"{&quot;jet_parallax_layout_list&quot;:[]}\">\n\t\t\t\t\t\t<div class=\"elementor-container elementor-column-gap-default\">\n\t\t\t\t\t<div class=\"elementor-column elementor-col-50 elementor-top-column elementor-element elementor-element-4bb0fa70\" data-id=\"4bb0fa70\" data-element_type=\"column\">\n\t\t\t<div class=\"elementor-widget-wrap elementor-element-populated\">\n\t\t\t\t\t\t<div class=\"elementor-element elementor-element-29ec1f87 elementor-widget elementor-widget-image\" data-id=\"29ec1f87\" data-element_type=\"widget\" data-widget_type=\"image.default\">\n\t\t\t\t<div class=\"elementor-widget-container\">\n\t\t\t\t\t\t\t\t\t\t\t\t\t\t\t<img loading=\"lazy\" decoding=\"async\" width=\"800\" height=\"563\" src=\"https:\/\/museum-mb.si\/wp-content\/uploads\/2025\/09\/5-min-1024x721.jpg\" class=\"attachment-large size-large wp-image-80463\" alt=\"\" srcset=\"https:\/\/museum-mb.si\/wp-content\/uploads\/2025\/09\/5-min-1024x721.jpg.webp 1024w, https:\/\/museum-mb.si\/wp-content\/uploads\/2025\/09\/5-min-300x211.jpg.webp 300w, https:\/\/museum-mb.si\/wp-content\/uploads\/2025\/09\/5-min-768x541.jpg.webp 768w, https:\/\/museum-mb.si\/wp-content\/uploads\/2025\/09\/5-min-1536x1082.jpg.webp 1536w, https:\/\/museum-mb.si\/wp-content\/uploads\/2025\/09\/5-min-2048x1443.jpg.webp 2048w, https:\/\/museum-mb.si\/wp-content\/uploads\/2025\/09\/5-min-18x12.jpg.webp 18w\" sizes=\"(max-width: 800px) 100vw, 800px\" \/>\t\t\t\t\t\t\t\t\t\t\t\t\t\t\t<\/div>\n\t\t\t\t<\/div>\n\t\t\t\t\t<\/div>\n\t\t<\/div>\n\t\t\t\t<div class=\"elementor-column elementor-col-50 elementor-top-column elementor-element elementor-element-348c618c\" data-id=\"348c618c\" data-element_type=\"column\">\n\t\t\t<div class=\"elementor-widget-wrap elementor-element-populated\">\n\t\t\t\t\t\t<div class=\"elementor-element elementor-element-26ae5779 elementor-widget__width-initial elementor-widget-tablet__width-inherit elementor-widget elementor-widget-text-editor\" data-id=\"26ae5779\" data-element_type=\"widget\" data-widget_type=\"text-editor.default\">\n\t\t\t\t<div class=\"elementor-widget-container\">\n\t\t\t\t\t\t\t\t\t<p>Szigethi Andr\u00e1s er\u0151s hittel \u00e9s nagy al\u00e1zattal szolg\u00e1lta a kov\u00e1cshidai (Baranya megye, Magyarorsz\u00e1g) reform\u00e1tus gy\u00fclekezetet 1953-t\u00f3l 1993-ban bek\u00f6vetkezett hal\u00e1l\u00e1ig. Hamvait szolg\u00e1lata helysz\u00edn\u00e9n, a m\u0171eml\u00e9k karzattal b\u00edr\u00f3, gyakran k\u00e9t kez\u00e9vel gondozott \u00e9s tatarozott kov\u00e1cshidai templom fal\u00e1ban helyezt\u00e9k \u00f6r\u00f6k nyugalomra.<\/p>\t\t\t\t\t\t\t\t<\/div>\n\t\t\t\t<\/div>\n\t\t\t\t<div class=\"elementor-element elementor-element-6a56573a elementor-widget__width-initial elementor-widget-tablet__width-inherit elementor-widget elementor-widget-text-editor\" data-id=\"6a56573a\" data-element_type=\"widget\" data-widget_type=\"text-editor.default\">\n\t\t\t\t<div class=\"elementor-widget-container\">\n\t\t\t\t\t\t\t\t\t<p>Szigethi Andr\u00e1s szolg\u00e1lati hely\u00e9n, Kov\u00e1cshid\u00e1n pr\u00e9dik\u00e1l (a Szigethi csal\u00e1d arch\u00edvum\u00e1b\u00f3l).<\/p>\t\t\t\t\t\t\t\t<\/div>\n\t\t\t\t<\/div>\n\t\t\t\t\t<\/div>\n\t\t<\/div>\n\t\t\t\t\t<\/div>\n\t\t<\/section>\n\t\t\t\t<\/div>\n\t\t<\/div><\/div>\n<\/div>\n\n<div class=\"jet-carousel__item\">\n\t<div class=\"jet-carousel__item-inner\"><div class=\"jet-carousel__content\">\t\t<div data-elementor-type=\"section\" data-elementor-id=\"80468\" class=\"elementor elementor-80468\" data-elementor-post-type=\"elementor_library\">\n\t\t\t\t\t<section class=\"elementor-section elementor-top-section elementor-element elementor-element-32ee6d3a elementor-section-boxed elementor-section-height-default elementor-section-height-default\" data-id=\"32ee6d3a\" data-element_type=\"section\" data-settings=\"{&quot;jet_parallax_layout_list&quot;:[]}\">\n\t\t\t\t\t\t<div class=\"elementor-container elementor-column-gap-default\">\n\t\t\t\t\t<div class=\"elementor-column elementor-col-50 elementor-top-column elementor-element elementor-element-744e71e7\" data-id=\"744e71e7\" data-element_type=\"column\">\n\t\t\t<div class=\"elementor-widget-wrap elementor-element-populated\">\n\t\t\t\t\t\t<div class=\"elementor-element elementor-element-26532159 elementor-widget elementor-widget-image\" data-id=\"26532159\" data-element_type=\"widget\" data-widget_type=\"image.default\">\n\t\t\t\t<div class=\"elementor-widget-container\">\n\t\t\t\t\t\t\t\t\t\t\t\t\t\t\t<img loading=\"lazy\" decoding=\"async\" width=\"800\" height=\"530\" src=\"https:\/\/museum-mb.si\/wp-content\/uploads\/2025\/09\/6-min-1024x679.jpg\" class=\"attachment-large size-large wp-image-80464\" alt=\"\" srcset=\"https:\/\/museum-mb.si\/wp-content\/uploads\/2025\/09\/6-min-1024x679.jpg.webp 1024w, https:\/\/museum-mb.si\/wp-content\/uploads\/2025\/09\/6-min-300x199.jpg.webp 300w, https:\/\/museum-mb.si\/wp-content\/uploads\/2025\/09\/6-min-768x509.jpg.webp 768w, https:\/\/museum-mb.si\/wp-content\/uploads\/2025\/09\/6-min-1536x1019.jpg.webp 1536w, https:\/\/museum-mb.si\/wp-content\/uploads\/2025\/09\/6-min-2048x1359.jpg.webp 2048w, https:\/\/museum-mb.si\/wp-content\/uploads\/2025\/09\/6-min-18x12.jpg.webp 18w\" sizes=\"(max-width: 800px) 100vw, 800px\" \/>\t\t\t\t\t\t\t\t\t\t\t\t\t\t\t<\/div>\n\t\t\t\t<\/div>\n\t\t\t\t\t<\/div>\n\t\t<\/div>\n\t\t\t\t<div class=\"elementor-column elementor-col-50 elementor-top-column elementor-element elementor-element-60ce146e\" data-id=\"60ce146e\" data-element_type=\"column\">\n\t\t\t<div class=\"elementor-widget-wrap elementor-element-populated\">\n\t\t\t\t\t\t<div class=\"elementor-element elementor-element-263f3de4 elementor-widget__width-initial elementor-widget-tablet__width-inherit elementor-widget elementor-widget-text-editor\" data-id=\"263f3de4\" data-element_type=\"widget\" data-widget_type=\"text-editor.default\">\n\t\t\t\t<div class=\"elementor-widget-container\">\n\t\t\t\t\t\t\t\t\t<p>A kov\u00e1cshidai templom karzata (a Szigethi csal\u00e1d arch\u00edvum\u00e1b\u00f3l).<\/p>\t\t\t\t\t\t\t\t<\/div>\n\t\t\t\t<\/div>\n\t\t\t\t\t<\/div>\n\t\t<\/div>\n\t\t\t\t\t<\/div>\n\t\t<\/section>\n\t\t\t\t<\/div>\n\t\t<\/div><\/div>\n<\/div>\n<\/div><div class=\"jet-carousel__prev-arrow-a5b7aa2 jet-arrow prev-arrow\"><i aria-hidden=\"true\" class=\"fas fa-angle-left\"><\/i><\/div><div class=\"jet-carousel__next-arrow-a5b7aa2 jet-arrow next-arrow\"><i aria-hidden=\"true\" class=\"fas fa-angle-right\"><\/i><\/div><\/div>\n<\/div>\n<\/div>\t\t\t\t<\/div>\n\t\t\t\t<\/div>\n\t\t\t\t\t<\/div>\n\t\t\t\t<\/div>\n\t\t\t\t<\/div>","protected":false},"featured_media":80402,"template":"","vrsta":[55],"class_list":["post-80424","razstave","type-razstave","status-publish","has-post-thumbnail","hentry","vrsta-reformation"],"yoast_head":"<!-- This site is optimized with the Yoast SEO plugin v27.5 - https:\/\/yoast.com\/product\/yoast-seo-wordpress\/ -->\n<title>SZIGETHI ANDR\u00c1S REFORM\u00c1TUS LELKIP\u00c1SZTOR T\u00d6RT\u00c9NETE &#8211; Pokrajinski muzej Maribor<\/title>\n<meta name=\"robots\" content=\"index, follow, max-snippet:-1, max-image-preview:large, max-video-preview:-1\" \/>\n<link rel=\"canonical\" href=\"https:\/\/museum-mb.si\/de\/ausstellungen\/szigethi-andras-reformatus-lelkipasztor-tortenete\/\" \/>\n<meta property=\"og:locale\" content=\"de_DE\" \/>\n<meta property=\"og:type\" content=\"article\" \/>\n<meta property=\"og:title\" content=\"SZIGETHI ANDR\u00c1S REFORM\u00c1TUS LELKIP\u00c1SZTOR T\u00d6RT\u00c9NETE &#8211; Pokrajinski muzej Maribor\" \/>\n<meta property=\"og:description\" content=\"RAZISKUJ REFORM\u00c1CI\u00d3 A D\u00c9L-DUN\u00c1NT\u00daLON HISZEK, TEH\u00c1T VAGYOK Ez a ki\u00e1ll\u00edt\u00e1s olyan emberek \u00e9s gy\u00fclekezetek t\u00f6rt\u00e9neteit mutatja be, akik hittek k\u00f6z\u00f6ss\u00e9g\u00fck \u00e9rt\u00e9keiben, \u00e9s er\u0151s volt az Istenbe vetett hit\u00fck. Szigethi Andr\u00e1s reform\u00e1tus lelkip\u00e1sztor \u00e9s feles\u00e9ge, Gy\u00f6rk\u0151 Magdolna a kommunista diktat\u00fara \u00e9veiben oszt\u00e1lyidegennek sz\u00e1m\u00edt\u00f3 csal\u00e1dokb\u00f3l sz\u00e1rmaztak, amit tov\u00e1bb s\u00falyosb\u00edtott, hogy lakhely\u00fck a tit\u00f3i Jugoszl\u00e1vi\u00e1hoz k\u00f6zeli z\u00e1rt hat\u00e1rs\u00e1vba [&hellip;]\" \/>\n<meta property=\"og:url\" content=\"https:\/\/museum-mb.si\/de\/ausstellungen\/szigethi-andras-reformatus-lelkipasztor-tortenete\/\" \/>\n<meta property=\"og:site_name\" content=\"Pokrajinski muzej Maribor\" \/>\n<meta property=\"article:publisher\" content=\"https:\/\/www.facebook.com\/pomum123\" \/>\n<meta property=\"article:modified_time\" content=\"2025-09-05T10:41:57+00:00\" \/>\n<meta property=\"og:image\" content=\"https:\/\/museum-mb.si\/wp-content\/uploads\/2025\/09\/2-min-scaled.jpg\" \/>\n\t<meta property=\"og:image:width\" content=\"1813\" \/>\n\t<meta property=\"og:image:height\" content=\"2560\" \/>\n\t<meta property=\"og:image:type\" content=\"image\/jpeg\" \/>\n<meta name=\"twitter:card\" content=\"summary_large_image\" \/>\n<meta name=\"twitter:label1\" content=\"Gesch\u00e4tzte Lesezeit\" \/>\n\t<meta name=\"twitter:data1\" content=\"2\u00a0Minuten\" \/>\n<script type=\"application\/ld+json\" class=\"yoast-schema-graph\">{\"@context\":\"https:\\\/\\\/schema.org\",\"@graph\":[{\"@type\":\"WebPage\",\"@id\":\"https:\\\/\\\/museum-mb.si\\\/razstave\\\/szigethi-andras-reformatus-lelkipasztor-tortenete\\\/\",\"url\":\"https:\\\/\\\/museum-mb.si\\\/razstave\\\/szigethi-andras-reformatus-lelkipasztor-tortenete\\\/\",\"name\":\"SZIGETHI ANDR\u00c1S REFORM\u00c1TUS LELKIP\u00c1SZTOR T\u00d6RT\u00c9NETE &#8211; Pokrajinski muzej Maribor\",\"isPartOf\":{\"@id\":\"https:\\\/\\\/museum-mb.si\\\/#website\"},\"primaryImageOfPage\":{\"@id\":\"https:\\\/\\\/museum-mb.si\\\/razstave\\\/szigethi-andras-reformatus-lelkipasztor-tortenete\\\/#primaryimage\"},\"image\":{\"@id\":\"https:\\\/\\\/museum-mb.si\\\/razstave\\\/szigethi-andras-reformatus-lelkipasztor-tortenete\\\/#primaryimage\"},\"thumbnailUrl\":\"https:\\\/\\\/museum-mb.si\\\/wp-content\\\/uploads\\\/2025\\\/09\\\/2-min-scaled.jpg\",\"datePublished\":\"2025-09-04T11:21:44+00:00\",\"dateModified\":\"2025-09-05T10:41:57+00:00\",\"breadcrumb\":{\"@id\":\"https:\\\/\\\/museum-mb.si\\\/razstave\\\/szigethi-andras-reformatus-lelkipasztor-tortenete\\\/#breadcrumb\"},\"inLanguage\":\"de\",\"potentialAction\":[{\"@type\":\"ReadAction\",\"target\":[\"https:\\\/\\\/museum-mb.si\\\/razstave\\\/szigethi-andras-reformatus-lelkipasztor-tortenete\\\/\"]}]},{\"@type\":\"ImageObject\",\"inLanguage\":\"de\",\"@id\":\"https:\\\/\\\/museum-mb.si\\\/razstave\\\/szigethi-andras-reformatus-lelkipasztor-tortenete\\\/#primaryimage\",\"url\":\"https:\\\/\\\/museum-mb.si\\\/wp-content\\\/uploads\\\/2025\\\/09\\\/2-min-scaled.jpg\",\"contentUrl\":\"https:\\\/\\\/museum-mb.si\\\/wp-content\\\/uploads\\\/2025\\\/09\\\/2-min-scaled.jpg\",\"width\":1813,\"height\":2560,\"caption\":\"Szigethi Andr\u00e1s v\u00e9gz\u0151s teol\u00f3gus hallgat\u00f3k\u00e9nt, Budapest, 1954 (a Szigethi csal\u00e1d arch\u00edvum\u00e1b\u00f3l)\"},{\"@type\":\"BreadcrumbList\",\"@id\":\"https:\\\/\\\/museum-mb.si\\\/razstave\\\/szigethi-andras-reformatus-lelkipasztor-tortenete\\\/#breadcrumb\",\"itemListElement\":[{\"@type\":\"ListItem\",\"position\":1,\"name\":\"Domov\",\"item\":\"https:\\\/\\\/museum-mb.si\\\/\"},{\"@type\":\"ListItem\",\"position\":2,\"name\":\"Razstave\",\"item\":\"https:\\\/\\\/museum-mb.si\\\/razstave\\\/\"},{\"@type\":\"ListItem\",\"position\":3,\"name\":\"SZIGETHI ANDR\u00c1S REFORM\u00c1TUS LELKIP\u00c1SZTOR T\u00d6RT\u00c9NETE\"}]},{\"@type\":\"WebSite\",\"@id\":\"https:\\\/\\\/museum-mb.si\\\/#website\",\"url\":\"https:\\\/\\\/museum-mb.si\\\/\",\"name\":\"Pokrajinski muzej Maribor\",\"description\":\"\",\"publisher\":{\"@id\":\"https:\\\/\\\/museum-mb.si\\\/#organization\"},\"potentialAction\":[{\"@type\":\"SearchAction\",\"target\":{\"@type\":\"EntryPoint\",\"urlTemplate\":\"https:\\\/\\\/museum-mb.si\\\/?s={search_term_string}\"},\"query-input\":{\"@type\":\"PropertyValueSpecification\",\"valueRequired\":true,\"valueName\":\"search_term_string\"}}],\"inLanguage\":\"de\"},{\"@type\":\"Organization\",\"@id\":\"https:\\\/\\\/museum-mb.si\\\/#organization\",\"name\":\"Pokrajinski muzej Maribor\",\"url\":\"https:\\\/\\\/museum-mb.si\\\/\",\"logo\":{\"@type\":\"ImageObject\",\"inLanguage\":\"de\",\"@id\":\"https:\\\/\\\/museum-mb.si\\\/#\\\/schema\\\/logo\\\/image\\\/\",\"url\":\"https:\\\/\\\/museum-mb.si\\\/wp-content\\\/uploads\\\/2024\\\/12\\\/pmm_logo_barvni_jpeg.jpg\",\"contentUrl\":\"https:\\\/\\\/museum-mb.si\\\/wp-content\\\/uploads\\\/2024\\\/12\\\/pmm_logo_barvni_jpeg.jpg\",\"width\":758,\"height\":754,\"caption\":\"Pokrajinski muzej Maribor\"},\"image\":{\"@id\":\"https:\\\/\\\/museum-mb.si\\\/#\\\/schema\\\/logo\\\/image\\\/\"},\"sameAs\":[\"https:\\\/\\\/www.facebook.com\\\/pomum123\",\"https:\\\/\\\/www.instagram.com\\\/maribor_museum\\\/\",\"https:\\\/\\\/www.youtube.com\\\/channel\\\/UCdshtCrun841Oc-35tYLBGQ\"]}]}<\/script>\n<!-- \/ Yoast SEO plugin. -->","yoast_head_json":{"title":"SZIGETHI ANDR\u00c1S REFORM\u00c1TUS LELKIP\u00c1SZTOR T\u00d6RT\u00c9NETE &#8211; Pokrajinski muzej Maribor","robots":{"index":"index","follow":"follow","max-snippet":"max-snippet:-1","max-image-preview":"max-image-preview:large","max-video-preview":"max-video-preview:-1"},"canonical":"https:\/\/museum-mb.si\/de\/ausstellungen\/szigethi-andras-reformatus-lelkipasztor-tortenete\/","og_locale":"de_DE","og_type":"article","og_title":"SZIGETHI ANDR\u00c1S REFORM\u00c1TUS LELKIP\u00c1SZTOR T\u00d6RT\u00c9NETE &#8211; Pokrajinski muzej Maribor","og_description":"RAZISKUJ REFORM\u00c1CI\u00d3 A D\u00c9L-DUN\u00c1NT\u00daLON HISZEK, TEH\u00c1T VAGYOK Ez a ki\u00e1ll\u00edt\u00e1s olyan emberek \u00e9s gy\u00fclekezetek t\u00f6rt\u00e9neteit mutatja be, akik hittek k\u00f6z\u00f6ss\u00e9g\u00fck \u00e9rt\u00e9keiben, \u00e9s er\u0151s volt az Istenbe vetett hit\u00fck. Szigethi Andr\u00e1s reform\u00e1tus lelkip\u00e1sztor \u00e9s feles\u00e9ge, Gy\u00f6rk\u0151 Magdolna a kommunista diktat\u00fara \u00e9veiben oszt\u00e1lyidegennek sz\u00e1m\u00edt\u00f3 csal\u00e1dokb\u00f3l sz\u00e1rmaztak, amit tov\u00e1bb s\u00falyosb\u00edtott, hogy lakhely\u00fck a tit\u00f3i Jugoszl\u00e1vi\u00e1hoz k\u00f6zeli z\u00e1rt hat\u00e1rs\u00e1vba [&hellip;]","og_url":"https:\/\/museum-mb.si\/de\/ausstellungen\/szigethi-andras-reformatus-lelkipasztor-tortenete\/","og_site_name":"Pokrajinski muzej Maribor","article_publisher":"https:\/\/www.facebook.com\/pomum123","article_modified_time":"2025-09-05T10:41:57+00:00","og_image":[{"width":1813,"height":2560,"url":"https:\/\/museum-mb.si\/wp-content\/uploads\/2025\/09\/2-min-scaled.jpg","type":"image\/jpeg"}],"twitter_card":"summary_large_image","twitter_misc":{"Gesch\u00e4tzte Lesezeit":"2\u00a0Minuten"},"schema":{"@context":"https:\/\/schema.org","@graph":[{"@type":"WebPage","@id":"https:\/\/museum-mb.si\/razstave\/szigethi-andras-reformatus-lelkipasztor-tortenete\/","url":"https:\/\/museum-mb.si\/razstave\/szigethi-andras-reformatus-lelkipasztor-tortenete\/","name":"SZIGETHI ANDR\u00c1S REFORM\u00c1TUS LELKIP\u00c1SZTOR T\u00d6RT\u00c9NETE &#8211; Pokrajinski muzej Maribor","isPartOf":{"@id":"https:\/\/museum-mb.si\/#website"},"primaryImageOfPage":{"@id":"https:\/\/museum-mb.si\/razstave\/szigethi-andras-reformatus-lelkipasztor-tortenete\/#primaryimage"},"image":{"@id":"https:\/\/museum-mb.si\/razstave\/szigethi-andras-reformatus-lelkipasztor-tortenete\/#primaryimage"},"thumbnailUrl":"https:\/\/museum-mb.si\/wp-content\/uploads\/2025\/09\/2-min-scaled.jpg","datePublished":"2025-09-04T11:21:44+00:00","dateModified":"2025-09-05T10:41:57+00:00","breadcrumb":{"@id":"https:\/\/museum-mb.si\/razstave\/szigethi-andras-reformatus-lelkipasztor-tortenete\/#breadcrumb"},"inLanguage":"de","potentialAction":[{"@type":"ReadAction","target":["https:\/\/museum-mb.si\/razstave\/szigethi-andras-reformatus-lelkipasztor-tortenete\/"]}]},{"@type":"ImageObject","inLanguage":"de","@id":"https:\/\/museum-mb.si\/razstave\/szigethi-andras-reformatus-lelkipasztor-tortenete\/#primaryimage","url":"https:\/\/museum-mb.si\/wp-content\/uploads\/2025\/09\/2-min-scaled.jpg","contentUrl":"https:\/\/museum-mb.si\/wp-content\/uploads\/2025\/09\/2-min-scaled.jpg","width":1813,"height":2560,"caption":"Szigethi Andr\u00e1s v\u00e9gz\u0151s teol\u00f3gus hallgat\u00f3k\u00e9nt, Budapest, 1954 (a Szigethi csal\u00e1d arch\u00edvum\u00e1b\u00f3l)"},{"@type":"BreadcrumbList","@id":"https:\/\/museum-mb.si\/razstave\/szigethi-andras-reformatus-lelkipasztor-tortenete\/#breadcrumb","itemListElement":[{"@type":"ListItem","position":1,"name":"Domov","item":"https:\/\/museum-mb.si\/"},{"@type":"ListItem","position":2,"name":"Razstave","item":"https:\/\/museum-mb.si\/razstave\/"},{"@type":"ListItem","position":3,"name":"SZIGETHI ANDR\u00c1S REFORM\u00c1TUS LELKIP\u00c1SZTOR T\u00d6RT\u00c9NETE"}]},{"@type":"WebSite","@id":"https:\/\/museum-mb.si\/#website","url":"https:\/\/museum-mb.si\/","name":"Regionalmuseum Maribor","description":"","publisher":{"@id":"https:\/\/museum-mb.si\/#organization"},"potentialAction":[{"@type":"SearchAction","target":{"@type":"EntryPoint","urlTemplate":"https:\/\/museum-mb.si\/?s={search_term_string}"},"query-input":{"@type":"PropertyValueSpecification","valueRequired":true,"valueName":"search_term_string"}}],"inLanguage":"de"},{"@type":"Organization","@id":"https:\/\/museum-mb.si\/#organization","name":"Regionalmuseum Maribor","url":"https:\/\/museum-mb.si\/","logo":{"@type":"ImageObject","inLanguage":"de","@id":"https:\/\/museum-mb.si\/#\/schema\/logo\/image\/","url":"https:\/\/museum-mb.si\/wp-content\/uploads\/2024\/12\/pmm_logo_barvni_jpeg.jpg","contentUrl":"https:\/\/museum-mb.si\/wp-content\/uploads\/2024\/12\/pmm_logo_barvni_jpeg.jpg","width":758,"height":754,"caption":"Pokrajinski muzej Maribor"},"image":{"@id":"https:\/\/museum-mb.si\/#\/schema\/logo\/image\/"},"sameAs":["https:\/\/www.facebook.com\/pomum123","https:\/\/www.instagram.com\/maribor_museum\/","https:\/\/www.youtube.com\/channel\/UCdshtCrun841Oc-35tYLBGQ"]}]}},"_links":{"self":[{"href":"https:\/\/museum-mb.si\/de\/wp-json\/wp\/v2\/razstave\/80424","targetHints":{"allow":["GET"]}}],"collection":[{"href":"https:\/\/museum-mb.si\/de\/wp-json\/wp\/v2\/razstave"}],"about":[{"href":"https:\/\/museum-mb.si\/de\/wp-json\/wp\/v2\/types\/razstave"}],"version-history":[{"count":38,"href":"https:\/\/museum-mb.si\/de\/wp-json\/wp\/v2\/razstave\/80424\/revisions"}],"predecessor-version":[{"id":80615,"href":"https:\/\/museum-mb.si\/de\/wp-json\/wp\/v2\/razstave\/80424\/revisions\/80615"}],"wp:featuredmedia":[{"embeddable":true,"href":"https:\/\/museum-mb.si\/de\/wp-json\/wp\/v2\/media\/80402"}],"wp:attachment":[{"href":"https:\/\/museum-mb.si\/de\/wp-json\/wp\/v2\/media?parent=80424"}],"wp:term":[{"taxonomy":"vrsta","embeddable":true,"href":"https:\/\/museum-mb.si\/de\/wp-json\/wp\/v2\/vrsta?post=80424"}],"curies":[{"name":"wp","href":"https:\/\/api.w.org\/{rel}","templated":true}]}}