{"id":80378,"date":"2025-09-03T14:51:45","date_gmt":"2025-09-03T13:51:45","guid":{"rendered":"https:\/\/museum-mb.si\/?post_type=razstave&#038;p=80378"},"modified":"2025-09-03T15:01:26","modified_gmt":"2025-09-03T14:01:26","slug":"kreuzkraut","status":"publish","type":"razstave","link":"https:\/\/museum-mb.si\/de\/ausstellungen\/kreuzkraut\/","title":{"rendered":"RAGLJA"},"content":{"rendered":"<div data-elementor-type=\"wp-post\" data-elementor-id=\"80378\" class=\"elementor elementor-80378\" data-elementor-post-type=\"razstave\">\n\t\t\t\t\t\t<section class=\"elementor-section elementor-top-section elementor-element elementor-element-99e18fd elementor-section-boxed elementor-section-height-default elementor-section-height-default\" data-id=\"99e18fd\" data-element_type=\"section\" data-settings=\"{&quot;jet_parallax_layout_list&quot;:[]}\">\n\t\t\t\t\t\t<div class=\"elementor-container elementor-column-gap-default\">\n\t\t\t\t\t<div class=\"elementor-column elementor-col-100 elementor-top-column elementor-element elementor-element-813eaec\" data-id=\"813eaec\" data-element_type=\"column\">\n\t\t\t<div class=\"elementor-widget-wrap elementor-element-populated\">\n\t\t\t\t\t\t<div class=\"elementor-element elementor-element-5139f89 elementor-widget elementor-widget-heading\" data-id=\"5139f89\" data-element_type=\"widget\" data-widget_type=\"heading.default\">\n\t\t\t\t<div class=\"elementor-widget-container\">\n\t\t\t\t\t<h2 class=\"elementor-heading-title elementor-size-default\">RAGLE-MUSEUM\n<\/h2>\t\t\t\t<\/div>\n\t\t\t\t<\/div>\n\t\t\t\t<div class=\"elementor-element elementor-element-53aabd0 elementor-widget elementor-widget-heading\" data-id=\"53aabd0\" data-element_type=\"widget\" data-widget_type=\"heading.default\">\n\t\t\t\t<div class=\"elementor-widget-container\">\n\t\t\t\t\t<h2 class=\"elementor-heading-title elementor-size-default\">Besuch der Ausstellung mit einem Phantasie-Workshop im Museum der \u00e4ltesten Rebe<\/h2>\t\t\t\t<\/div>\n\t\t\t\t<\/div>\n\t\t\t\t<div class=\"elementor-element elementor-element-cbbb779 elementor-widget elementor-widget-text-editor\" data-id=\"cbbb779\" data-element_type=\"widget\" data-widget_type=\"text-editor.default\">\n\t\t\t\t<div class=\"elementor-widget-container\">\n\t\t\t\t\t\t\t\t\t<p>SEPTEMBER - OKTOBER, APRIL - JUNI 2026<\/p><p><strong>Gef\u00fchrter Rundgang durch die Ausstellung mit Workshop<\/strong><\/p><p><strong>Dauer 45-50 min<\/strong><\/p><p><strong>Geeignetes Alter 5-10 Jahre<\/strong><\/p><p>Im Museum lernen die Kinder das nat\u00fcrliche und kulturelle Erbe von Maribor als Teil der Weinbauregion kennen. Wir beginnen mit einem Animationsfilm und einer Ausstellung von ausgew\u00e4hltem Material. Danach folgt ein Vortrag \u00fcber Reben und Trauben. Die Kinder erfahren, wo in Maribor Weinreben wachsen, wann die Trauben reifen, wie sie geerntet werden und was man aus ihnen herstellen kann. Sie erfahren von der Klapperschlange, die mit ihrem \u00bbGesang\u00ab V\u00f6gel erschreckt und verscheucht, und weisen auch darauf hin, dass die Trauben bereits reif sind.<\/p><p>Der Museumsrundgang endet mit dem Bau einer Klangvogelscheuche und einem Spaziergang zum \u00e4ltesten Weinstock.<\/p>\t\t\t\t\t\t\t\t<\/div>\n\t\t\t\t<\/div>\n\t\t\t\t\t<\/div>\n\t\t<\/div>\n\t\t\t\t\t<\/div>\n\t\t<\/section>\n\t\t<div class=\"elementor-element elementor-element-72a70dc e-flex e-con-boxed e-con e-parent\" data-id=\"72a70dc\" data-element_type=\"container\" data-settings=\"{&quot;jet_parallax_layout_list&quot;:[]}\">\n\t\t\t\t\t<div class=\"e-con-inner\">\n\t\t\t\t<div class=\"elementor-element elementor-element-5eb3eae elementor-widget elementor-widget-image\" data-id=\"5eb3eae\" data-element_type=\"widget\" data-widget_type=\"image.default\">\n\t\t\t\t<div class=\"elementor-widget-container\">\n\t\t\t\t\t\t\t\t\t\t\t\t\t\t\t<img fetchpriority=\"high\" decoding=\"async\" width=\"800\" height=\"534\" src=\"https:\/\/museum-mb.si\/wp-content\/uploads\/2025\/09\/muzejnice-1-min-1-1024x683.jpg\" class=\"attachment-large size-large wp-image-80380\" alt=\"\" srcset=\"https:\/\/museum-mb.si\/wp-content\/uploads\/2025\/09\/muzejnice-1-min-1-1024x683.jpg.webp 1024w, https:\/\/museum-mb.si\/wp-content\/uploads\/2025\/09\/muzejnice-1-min-1-300x200.jpg.webp 300w, https:\/\/museum-mb.si\/wp-content\/uploads\/2025\/09\/muzejnice-1-min-1-768x512.jpg.webp 768w, https:\/\/museum-mb.si\/wp-content\/uploads\/2025\/09\/muzejnice-1-min-1-1536x1024.jpg.webp 1536w, https:\/\/museum-mb.si\/wp-content\/uploads\/2025\/09\/muzejnice-1-min-1-18x12.jpg.webp 18w, https:\/\/museum-mb.si\/wp-content\/uploads\/2025\/09\/muzejnice-1-min-1.jpg.webp 2048w\" sizes=\"(max-width: 800px) 100vw, 800px\" \/>\t\t\t\t\t\t\t\t\t\t\t\t\t\t\t<\/div>\n\t\t\t\t<\/div>\n\t\t\t\t\t<\/div>\n\t\t\t\t<\/div>\n\t\t\t\t<\/div>","protected":false},"featured_media":80354,"template":"","vrsta":[16],"class_list":["post-80378","razstave","type-razstave","status-publish","has-post-thumbnail","hentry","vrsta-muzejnice"],"yoast_head":"<!-- This site is optimized with the Yoast SEO plugin v27.5 - https:\/\/yoast.com\/product\/yoast-seo-wordpress\/ -->\n<title>RAGLJA &#8211; Pokrajinski muzej Maribor<\/title>\n<meta name=\"robots\" content=\"index, follow, max-snippet:-1, max-image-preview:large, max-video-preview:-1\" \/>\n<link rel=\"canonical\" href=\"https:\/\/museum-mb.si\/de\/ausstellungen\/kreuzkraut\/\" \/>\n<meta property=\"og:locale\" content=\"de_DE\" \/>\n<meta property=\"og:type\" content=\"article\" \/>\n<meta property=\"og:title\" content=\"RAGLJA &#8211; Pokrajinski muzej Maribor\" \/>\n<meta property=\"og:description\" content=\"MUZEJNICA RAGLJA Ogled razstave z domi\u0161ljijsko delavnico v Muzeju najstarej\u0161e trte SEPTEMBER \u2013 OKTOBER, APRIL &#8211; JUNIJ 2026 Vodeni ogled razstave z delavnico Trajanje 45\u201350 min Primerna starost 5\u201310 let Na muzejnici otroci spoznajo naravno in kulturno dedi\u0161\u010dino Maribora kot dela vinorodne pokrajine. Za\u010dnemo z ogledom animiranega filma in razstave izbranega gradiva. Sledi pogovor o [&hellip;]\" \/>\n<meta property=\"og:url\" content=\"https:\/\/museum-mb.si\/de\/ausstellungen\/kreuzkraut\/\" \/>\n<meta property=\"og:site_name\" content=\"Pokrajinski muzej Maribor\" \/>\n<meta property=\"article:publisher\" content=\"https:\/\/www.facebook.com\/pomum123\" \/>\n<meta property=\"article:modified_time\" content=\"2025-09-03T14:01:26+00:00\" \/>\n<meta property=\"og:image\" content=\"https:\/\/museum-mb.si\/wp-content\/uploads\/2025\/09\/tigi-z-ragljo-min.png\" \/>\n\t<meta property=\"og:image:width\" content=\"2004\" \/>\n\t<meta property=\"og:image:height\" content=\"2353\" \/>\n\t<meta property=\"og:image:type\" content=\"image\/png\" \/>\n<meta name=\"twitter:card\" content=\"summary_large_image\" \/>\n<meta name=\"twitter:label1\" content=\"Gesch\u00e4tzte Lesezeit\" \/>\n\t<meta name=\"twitter:data1\" content=\"1\u00a0Minute\" \/>\n<script type=\"application\/ld+json\" class=\"yoast-schema-graph\">{\"@context\":\"https:\\\/\\\/schema.org\",\"@graph\":[{\"@type\":\"WebPage\",\"@id\":\"https:\\\/\\\/museum-mb.si\\\/razstave\\\/raglja\\\/\",\"url\":\"https:\\\/\\\/museum-mb.si\\\/razstave\\\/raglja\\\/\",\"name\":\"RAGLJA &#8211; Pokrajinski muzej Maribor\",\"isPartOf\":{\"@id\":\"https:\\\/\\\/museum-mb.si\\\/#website\"},\"primaryImageOfPage\":{\"@id\":\"https:\\\/\\\/museum-mb.si\\\/razstave\\\/raglja\\\/#primaryimage\"},\"image\":{\"@id\":\"https:\\\/\\\/museum-mb.si\\\/razstave\\\/raglja\\\/#primaryimage\"},\"thumbnailUrl\":\"https:\\\/\\\/museum-mb.si\\\/wp-content\\\/uploads\\\/2025\\\/09\\\/tigi-z-ragljo-min.png\",\"datePublished\":\"2025-09-03T13:51:45+00:00\",\"dateModified\":\"2025-09-03T14:01:26+00:00\",\"breadcrumb\":{\"@id\":\"https:\\\/\\\/museum-mb.si\\\/razstave\\\/raglja\\\/#breadcrumb\"},\"inLanguage\":\"de\",\"potentialAction\":[{\"@type\":\"ReadAction\",\"target\":[\"https:\\\/\\\/museum-mb.si\\\/razstave\\\/raglja\\\/\"]}]},{\"@type\":\"ImageObject\",\"inLanguage\":\"de\",\"@id\":\"https:\\\/\\\/museum-mb.si\\\/razstave\\\/raglja\\\/#primaryimage\",\"url\":\"https:\\\/\\\/museum-mb.si\\\/wp-content\\\/uploads\\\/2025\\\/09\\\/tigi-z-ragljo-min.png\",\"contentUrl\":\"https:\\\/\\\/museum-mb.si\\\/wp-content\\\/uploads\\\/2025\\\/09\\\/tigi-z-ragljo-min.png\",\"width\":2004,\"height\":2353},{\"@type\":\"BreadcrumbList\",\"@id\":\"https:\\\/\\\/museum-mb.si\\\/razstave\\\/raglja\\\/#breadcrumb\",\"itemListElement\":[{\"@type\":\"ListItem\",\"position\":1,\"name\":\"Domov\",\"item\":\"https:\\\/\\\/museum-mb.si\\\/\"},{\"@type\":\"ListItem\",\"position\":2,\"name\":\"Razstave\",\"item\":\"https:\\\/\\\/museum-mb.si\\\/razstave\\\/\"},{\"@type\":\"ListItem\",\"position\":3,\"name\":\"RAGLJA\"}]},{\"@type\":\"WebSite\",\"@id\":\"https:\\\/\\\/museum-mb.si\\\/#website\",\"url\":\"https:\\\/\\\/museum-mb.si\\\/\",\"name\":\"Pokrajinski muzej Maribor\",\"description\":\"\",\"publisher\":{\"@id\":\"https:\\\/\\\/museum-mb.si\\\/#organization\"},\"potentialAction\":[{\"@type\":\"SearchAction\",\"target\":{\"@type\":\"EntryPoint\",\"urlTemplate\":\"https:\\\/\\\/museum-mb.si\\\/?s={search_term_string}\"},\"query-input\":{\"@type\":\"PropertyValueSpecification\",\"valueRequired\":true,\"valueName\":\"search_term_string\"}}],\"inLanguage\":\"de\"},{\"@type\":\"Organization\",\"@id\":\"https:\\\/\\\/museum-mb.si\\\/#organization\",\"name\":\"Pokrajinski muzej Maribor\",\"url\":\"https:\\\/\\\/museum-mb.si\\\/\",\"logo\":{\"@type\":\"ImageObject\",\"inLanguage\":\"de\",\"@id\":\"https:\\\/\\\/museum-mb.si\\\/#\\\/schema\\\/logo\\\/image\\\/\",\"url\":\"https:\\\/\\\/museum-mb.si\\\/wp-content\\\/uploads\\\/2024\\\/12\\\/pmm_logo_barvni_jpeg.jpg\",\"contentUrl\":\"https:\\\/\\\/museum-mb.si\\\/wp-content\\\/uploads\\\/2024\\\/12\\\/pmm_logo_barvni_jpeg.jpg\",\"width\":758,\"height\":754,\"caption\":\"Pokrajinski muzej Maribor\"},\"image\":{\"@id\":\"https:\\\/\\\/museum-mb.si\\\/#\\\/schema\\\/logo\\\/image\\\/\"},\"sameAs\":[\"https:\\\/\\\/www.facebook.com\\\/pomum123\",\"https:\\\/\\\/www.instagram.com\\\/maribor_museum\\\/\",\"https:\\\/\\\/www.youtube.com\\\/channel\\\/UCdshtCrun841Oc-35tYLBGQ\"]}]}<\/script>\n<!-- \/ Yoast SEO plugin. -->","yoast_head_json":{"title":"RAGLJA &#8211; Pokrajinski muzej Maribor","robots":{"index":"index","follow":"follow","max-snippet":"max-snippet:-1","max-image-preview":"max-image-preview:large","max-video-preview":"max-video-preview:-1"},"canonical":"https:\/\/museum-mb.si\/de\/ausstellungen\/kreuzkraut\/","og_locale":"de_DE","og_type":"article","og_title":"RAGLJA &#8211; Pokrajinski muzej Maribor","og_description":"MUZEJNICA RAGLJA Ogled razstave z domi\u0161ljijsko delavnico v Muzeju najstarej\u0161e trte SEPTEMBER \u2013 OKTOBER, APRIL &#8211; JUNIJ 2026 Vodeni ogled razstave z delavnico Trajanje 45\u201350 min Primerna starost 5\u201310 let Na muzejnici otroci spoznajo naravno in kulturno dedi\u0161\u010dino Maribora kot dela vinorodne pokrajine. Za\u010dnemo z ogledom animiranega filma in razstave izbranega gradiva. Sledi pogovor o [&hellip;]","og_url":"https:\/\/museum-mb.si\/de\/ausstellungen\/kreuzkraut\/","og_site_name":"Pokrajinski muzej Maribor","article_publisher":"https:\/\/www.facebook.com\/pomum123","article_modified_time":"2025-09-03T14:01:26+00:00","og_image":[{"width":2004,"height":2353,"url":"https:\/\/museum-mb.si\/wp-content\/uploads\/2025\/09\/tigi-z-ragljo-min.png","type":"image\/png"}],"twitter_card":"summary_large_image","twitter_misc":{"Gesch\u00e4tzte Lesezeit":"1\u00a0Minute"},"schema":{"@context":"https:\/\/schema.org","@graph":[{"@type":"WebPage","@id":"https:\/\/museum-mb.si\/razstave\/raglja\/","url":"https:\/\/museum-mb.si\/razstave\/raglja\/","name":"RAGLJA &#8211; Pokrajinski muzej Maribor","isPartOf":{"@id":"https:\/\/museum-mb.si\/#website"},"primaryImageOfPage":{"@id":"https:\/\/museum-mb.si\/razstave\/raglja\/#primaryimage"},"image":{"@id":"https:\/\/museum-mb.si\/razstave\/raglja\/#primaryimage"},"thumbnailUrl":"https:\/\/museum-mb.si\/wp-content\/uploads\/2025\/09\/tigi-z-ragljo-min.png","datePublished":"2025-09-03T13:51:45+00:00","dateModified":"2025-09-03T14:01:26+00:00","breadcrumb":{"@id":"https:\/\/museum-mb.si\/razstave\/raglja\/#breadcrumb"},"inLanguage":"de","potentialAction":[{"@type":"ReadAction","target":["https:\/\/museum-mb.si\/razstave\/raglja\/"]}]},{"@type":"ImageObject","inLanguage":"de","@id":"https:\/\/museum-mb.si\/razstave\/raglja\/#primaryimage","url":"https:\/\/museum-mb.si\/wp-content\/uploads\/2025\/09\/tigi-z-ragljo-min.png","contentUrl":"https:\/\/museum-mb.si\/wp-content\/uploads\/2025\/09\/tigi-z-ragljo-min.png","width":2004,"height":2353},{"@type":"BreadcrumbList","@id":"https:\/\/museum-mb.si\/razstave\/raglja\/#breadcrumb","itemListElement":[{"@type":"ListItem","position":1,"name":"Domov","item":"https:\/\/museum-mb.si\/"},{"@type":"ListItem","position":2,"name":"Razstave","item":"https:\/\/museum-mb.si\/razstave\/"},{"@type":"ListItem","position":3,"name":"RAGLJA"}]},{"@type":"WebSite","@id":"https:\/\/museum-mb.si\/#website","url":"https:\/\/museum-mb.si\/","name":"Regionalmuseum Maribor","description":"","publisher":{"@id":"https:\/\/museum-mb.si\/#organization"},"potentialAction":[{"@type":"SearchAction","target":{"@type":"EntryPoint","urlTemplate":"https:\/\/museum-mb.si\/?s={search_term_string}"},"query-input":{"@type":"PropertyValueSpecification","valueRequired":true,"valueName":"search_term_string"}}],"inLanguage":"de"},{"@type":"Organization","@id":"https:\/\/museum-mb.si\/#organization","name":"Regionalmuseum Maribor","url":"https:\/\/museum-mb.si\/","logo":{"@type":"ImageObject","inLanguage":"de","@id":"https:\/\/museum-mb.si\/#\/schema\/logo\/image\/","url":"https:\/\/museum-mb.si\/wp-content\/uploads\/2024\/12\/pmm_logo_barvni_jpeg.jpg","contentUrl":"https:\/\/museum-mb.si\/wp-content\/uploads\/2024\/12\/pmm_logo_barvni_jpeg.jpg","width":758,"height":754,"caption":"Pokrajinski muzej Maribor"},"image":{"@id":"https:\/\/museum-mb.si\/#\/schema\/logo\/image\/"},"sameAs":["https:\/\/www.facebook.com\/pomum123","https:\/\/www.instagram.com\/maribor_museum\/","https:\/\/www.youtube.com\/channel\/UCdshtCrun841Oc-35tYLBGQ"]}]}},"_links":{"self":[{"href":"https:\/\/museum-mb.si\/de\/wp-json\/wp\/v2\/razstave\/80378","targetHints":{"allow":["GET"]}}],"collection":[{"href":"https:\/\/museum-mb.si\/de\/wp-json\/wp\/v2\/razstave"}],"about":[{"href":"https:\/\/museum-mb.si\/de\/wp-json\/wp\/v2\/types\/razstave"}],"version-history":[{"count":4,"href":"https:\/\/museum-mb.si\/de\/wp-json\/wp\/v2\/razstave\/80378\/revisions"}],"predecessor-version":[{"id":80390,"href":"https:\/\/museum-mb.si\/de\/wp-json\/wp\/v2\/razstave\/80378\/revisions\/80390"}],"wp:featuredmedia":[{"embeddable":true,"href":"https:\/\/museum-mb.si\/de\/wp-json\/wp\/v2\/media\/80354"}],"wp:attachment":[{"href":"https:\/\/museum-mb.si\/de\/wp-json\/wp\/v2\/media?parent=80378"}],"wp:term":[{"taxonomy":"vrsta","embeddable":true,"href":"https:\/\/museum-mb.si\/de\/wp-json\/wp\/v2\/vrsta?post=80378"}],"curies":[{"name":"wp","href":"https:\/\/api.w.org\/{rel}","templated":true}]}}