{"id":80350,"date":"2025-09-03T13:55:26","date_gmt":"2025-09-03T12:55:26","guid":{"rendered":"https:\/\/museum-mb.si\/?post_type=razstave&#038;p=80350"},"modified":"2025-09-03T15:01:53","modified_gmt":"2025-09-03T14:01:53","slug":"wenn-bilder-zum-leben-erwachen","status":"publish","type":"razstave","link":"https:\/\/museum-mb.si\/de\/ausstellungen\/wenn-bilder-zum-leben-erwachen\/","title":{"rendered":"WENN DIE BILDER ZUM LEBEN ERWACHEN"},"content":{"rendered":"<div data-elementor-type=\"wp-post\" data-elementor-id=\"80350\" class=\"elementor elementor-80350\" data-elementor-post-type=\"razstave\">\n\t\t\t\t\t\t<section class=\"elementor-section elementor-top-section elementor-element elementor-element-7c8c5f9 elementor-section-boxed elementor-section-height-default elementor-section-height-default\" data-id=\"7c8c5f9\" data-element_type=\"section\" data-settings=\"{&quot;jet_parallax_layout_list&quot;:[]}\">\n\t\t\t\t\t\t<div class=\"elementor-container elementor-column-gap-default\">\n\t\t\t\t\t<div class=\"elementor-column elementor-col-100 elementor-top-column elementor-element elementor-element-616e7ba\" data-id=\"616e7ba\" data-element_type=\"column\">\n\t\t\t<div class=\"elementor-widget-wrap elementor-element-populated\">\n\t\t\t\t\t\t<div class=\"elementor-element elementor-element-962a691 elementor-widget elementor-widget-heading\" data-id=\"962a691\" data-element_type=\"widget\" data-widget_type=\"heading.default\">\n\t\t\t\t<div class=\"elementor-widget-container\">\n\t\t\t\t\t<h2 class=\"elementor-heading-title elementor-size-default\">MUSEUMSRAUM, WENN GEM\u00c4LDE ZUM LEBEN ERWACHEN\n<\/h2>\t\t\t\t<\/div>\n\t\t\t\t<\/div>\n\t\t\t\t<div class=\"elementor-element elementor-element-ec5c543 elementor-widget elementor-widget-heading\" data-id=\"ec5c543\" data-element_type=\"widget\" data-widget_type=\"heading.default\">\n\t\t\t\t<div class=\"elementor-widget-container\">\n\t\t\t\t\t<h2 class=\"elementor-heading-title elementor-size-default\">Besuchen Sie die Ausstellung mit einem Phantasie-Workshop <\/h2>\t\t\t\t<\/div>\n\t\t\t\t<\/div>\n\t\t\t\t<div class=\"elementor-element elementor-element-7fab3c0 elementor-widget elementor-widget-text-editor\" data-id=\"7fab3c0\" data-element_type=\"widget\" data-widget_type=\"text-editor.default\">\n\t\t\t\t<div class=\"elementor-widget-container\">\n\t\t\t\t\t\t\t\t\t<p>M\u00c4RZ 2026 \u00a0<\/p><p><strong>Dauer 45-50 min<\/strong><\/p><p><strong>Geeignetes Alter 5-9 Jahre<\/strong><\/p><p>Wer sind die Personen auf den Gem\u00e4lden, die an den W\u00e4nden des Mariborer Schlosses h\u00e4ngen? W\u00fcrdest du sie erkennen, wenn sie aus den Gem\u00e4lden heraustreten w\u00fcrden? Was ist ihre Geschichte? Was wollen sie uns sagen?<\/p><p>Mit Hilfe von Papierpuppen lernen wir in einem imagin\u00e4ren Spiel die Personen auf den Gem\u00e4lden kennen, die an den W\u00e4nden des Museums h\u00e4ngen. Die Figuren, die aus den Gem\u00e4lden \u00bbhervortreten\u00ab, stellen sich vor und die Kinder m\u00fcssen herausfinden, zu welchem Gem\u00e4lde sie geh\u00f6ren. Dabei wird auch dar\u00fcber gesprochen, wie sie gekleidet sind, wie ihre K\u00f6rperhaltung ist, wie ihr Gesichtsausdruck ist, ob sie jung oder alt sind, usw.<\/p><p>Zum Schluss basteln die Kinder eine Puppe der Person, die ihnen am besten gefallen hat.<\/p>\t\t\t\t\t\t\t\t<\/div>\n\t\t\t\t<\/div>\n\t\t\t\t\t<\/div>\n\t\t<\/div>\n\t\t\t\t\t<\/div>\n\t\t<\/section>\n\t\t<div class=\"elementor-element elementor-element-86ed396 e-flex e-con-boxed e-con e-parent\" data-id=\"86ed396\" data-element_type=\"container\" data-settings=\"{&quot;jet_parallax_layout_list&quot;:[]}\">\n\t\t\t\t\t<div class=\"e-con-inner\">\n\t\t\t\t<div class=\"elementor-element elementor-element-481642c elementor-widget elementor-widget-image\" data-id=\"481642c\" data-element_type=\"widget\" data-widget_type=\"image.default\">\n\t\t\t\t<div class=\"elementor-widget-container\">\n\t\t\t\t\t\t\t\t\t\t\t\t\t\t\t<img fetchpriority=\"high\" decoding=\"async\" width=\"800\" height=\"534\" src=\"https:\/\/museum-mb.si\/wp-content\/uploads\/2025\/09\/muzejnice-6-min-1024x683.jpg\" class=\"attachment-large size-large wp-image-80367\" alt=\"\" srcset=\"https:\/\/museum-mb.si\/wp-content\/uploads\/2025\/09\/muzejnice-6-min-1024x683.jpg.webp 1024w, https:\/\/museum-mb.si\/wp-content\/uploads\/2025\/09\/muzejnice-6-min-300x200.jpg.webp 300w, https:\/\/museum-mb.si\/wp-content\/uploads\/2025\/09\/muzejnice-6-min-768x512.jpg.webp 768w, https:\/\/museum-mb.si\/wp-content\/uploads\/2025\/09\/muzejnice-6-min-1536x1024.jpg.webp 1536w, https:\/\/museum-mb.si\/wp-content\/uploads\/2025\/09\/muzejnice-6-min-18x12.jpg.webp 18w, https:\/\/museum-mb.si\/wp-content\/uploads\/2025\/09\/muzejnice-6-min.jpg.webp 2048w\" sizes=\"(max-width: 800px) 100vw, 800px\" \/>\t\t\t\t\t\t\t\t\t\t\t\t\t\t\t<\/div>\n\t\t\t\t<\/div>\n\t\t\t\t\t<\/div>\n\t\t\t\t<\/div>\n\t\t\t\t<\/div>","protected":false},"featured_media":80353,"template":"","vrsta":[16],"class_list":["post-80350","razstave","type-razstave","status-publish","has-post-thumbnail","hentry","vrsta-muzejnice"],"yoast_head":"<!-- This site is optimized with the Yoast SEO plugin v27.5 - https:\/\/yoast.com\/product\/yoast-seo-wordpress\/ -->\n<title>KO SLIKE O\u017dIVIJO &#8211; Pokrajinski muzej Maribor<\/title>\n<meta name=\"robots\" content=\"index, follow, max-snippet:-1, max-image-preview:large, max-video-preview:-1\" \/>\n<link rel=\"canonical\" href=\"https:\/\/museum-mb.si\/de\/ausstellungen\/wenn-bilder-zum-leben-erwachen\/\" \/>\n<meta property=\"og:locale\" content=\"de_DE\" \/>\n<meta property=\"og:type\" content=\"article\" \/>\n<meta property=\"og:title\" content=\"KO SLIKE O\u017dIVIJO &#8211; Pokrajinski muzej Maribor\" \/>\n<meta property=\"og:description\" content=\"MUZEJNICA KO SLIKE O\u017dIVIJO Ogled razstave z domi\u0161ljijsko delavnico MAREC 2026 Trajanje 45\u201350 min Primerna starost 5\u20139 let Kdo so osebe na slikah, ki visijo na stenah mariborskega gradu? Bi jih prepoznali, \u010de bi stopile s slik? Kak\u0161na je njihova zgodba? Kaj nam \u017eelijo povedati? S pomo\u010djo papirnatih lutk bomo pri domi\u0161ljijski igri spoznali osebe [&hellip;]\" \/>\n<meta property=\"og:url\" content=\"https:\/\/museum-mb.si\/de\/ausstellungen\/wenn-bilder-zum-leben-erwachen\/\" \/>\n<meta property=\"og:site_name\" content=\"Pokrajinski muzej Maribor\" \/>\n<meta property=\"article:publisher\" content=\"https:\/\/www.facebook.com\/pomum123\" \/>\n<meta property=\"article:modified_time\" content=\"2025-09-03T14:01:53+00:00\" \/>\n<meta property=\"og:image\" content=\"https:\/\/museum-mb.si\/wp-content\/uploads\/2025\/09\/ko-slike-ozivijo-min-scaled.png\" \/>\n\t<meta property=\"og:image:width\" content=\"2560\" \/>\n\t<meta property=\"og:image:height\" content=\"2331\" \/>\n\t<meta property=\"og:image:type\" content=\"image\/png\" \/>\n<meta name=\"twitter:card\" content=\"summary_large_image\" \/>\n<meta name=\"twitter:label1\" content=\"Gesch\u00e4tzte Lesezeit\" \/>\n\t<meta name=\"twitter:data1\" content=\"1\u00a0Minute\" \/>\n<script type=\"application\/ld+json\" class=\"yoast-schema-graph\">{\"@context\":\"https:\\\/\\\/schema.org\",\"@graph\":[{\"@type\":\"WebPage\",\"@id\":\"https:\\\/\\\/museum-mb.si\\\/razstave\\\/ko-slike-ozivijo\\\/\",\"url\":\"https:\\\/\\\/museum-mb.si\\\/razstave\\\/ko-slike-ozivijo\\\/\",\"name\":\"KO SLIKE O\u017dIVIJO &#8211; Pokrajinski muzej Maribor\",\"isPartOf\":{\"@id\":\"https:\\\/\\\/museum-mb.si\\\/#website\"},\"primaryImageOfPage\":{\"@id\":\"https:\\\/\\\/museum-mb.si\\\/razstave\\\/ko-slike-ozivijo\\\/#primaryimage\"},\"image\":{\"@id\":\"https:\\\/\\\/museum-mb.si\\\/razstave\\\/ko-slike-ozivijo\\\/#primaryimage\"},\"thumbnailUrl\":\"https:\\\/\\\/museum-mb.si\\\/wp-content\\\/uploads\\\/2025\\\/09\\\/ko-slike-ozivijo-min-scaled.png\",\"datePublished\":\"2025-09-03T12:55:26+00:00\",\"dateModified\":\"2025-09-03T14:01:53+00:00\",\"breadcrumb\":{\"@id\":\"https:\\\/\\\/museum-mb.si\\\/razstave\\\/ko-slike-ozivijo\\\/#breadcrumb\"},\"inLanguage\":\"de\",\"potentialAction\":[{\"@type\":\"ReadAction\",\"target\":[\"https:\\\/\\\/museum-mb.si\\\/razstave\\\/ko-slike-ozivijo\\\/\"]}]},{\"@type\":\"ImageObject\",\"inLanguage\":\"de\",\"@id\":\"https:\\\/\\\/museum-mb.si\\\/razstave\\\/ko-slike-ozivijo\\\/#primaryimage\",\"url\":\"https:\\\/\\\/museum-mb.si\\\/wp-content\\\/uploads\\\/2025\\\/09\\\/ko-slike-ozivijo-min-scaled.png\",\"contentUrl\":\"https:\\\/\\\/museum-mb.si\\\/wp-content\\\/uploads\\\/2025\\\/09\\\/ko-slike-ozivijo-min-scaled.png\",\"width\":2560,\"height\":2331},{\"@type\":\"BreadcrumbList\",\"@id\":\"https:\\\/\\\/museum-mb.si\\\/razstave\\\/ko-slike-ozivijo\\\/#breadcrumb\",\"itemListElement\":[{\"@type\":\"ListItem\",\"position\":1,\"name\":\"Domov\",\"item\":\"https:\\\/\\\/museum-mb.si\\\/\"},{\"@type\":\"ListItem\",\"position\":2,\"name\":\"Razstave\",\"item\":\"https:\\\/\\\/museum-mb.si\\\/razstave\\\/\"},{\"@type\":\"ListItem\",\"position\":3,\"name\":\"KO SLIKE O\u017dIVIJO\"}]},{\"@type\":\"WebSite\",\"@id\":\"https:\\\/\\\/museum-mb.si\\\/#website\",\"url\":\"https:\\\/\\\/museum-mb.si\\\/\",\"name\":\"Pokrajinski muzej Maribor\",\"description\":\"\",\"publisher\":{\"@id\":\"https:\\\/\\\/museum-mb.si\\\/#organization\"},\"potentialAction\":[{\"@type\":\"SearchAction\",\"target\":{\"@type\":\"EntryPoint\",\"urlTemplate\":\"https:\\\/\\\/museum-mb.si\\\/?s={search_term_string}\"},\"query-input\":{\"@type\":\"PropertyValueSpecification\",\"valueRequired\":true,\"valueName\":\"search_term_string\"}}],\"inLanguage\":\"de\"},{\"@type\":\"Organization\",\"@id\":\"https:\\\/\\\/museum-mb.si\\\/#organization\",\"name\":\"Pokrajinski muzej Maribor\",\"url\":\"https:\\\/\\\/museum-mb.si\\\/\",\"logo\":{\"@type\":\"ImageObject\",\"inLanguage\":\"de\",\"@id\":\"https:\\\/\\\/museum-mb.si\\\/#\\\/schema\\\/logo\\\/image\\\/\",\"url\":\"https:\\\/\\\/museum-mb.si\\\/wp-content\\\/uploads\\\/2024\\\/12\\\/pmm_logo_barvni_jpeg.jpg\",\"contentUrl\":\"https:\\\/\\\/museum-mb.si\\\/wp-content\\\/uploads\\\/2024\\\/12\\\/pmm_logo_barvni_jpeg.jpg\",\"width\":758,\"height\":754,\"caption\":\"Pokrajinski muzej Maribor\"},\"image\":{\"@id\":\"https:\\\/\\\/museum-mb.si\\\/#\\\/schema\\\/logo\\\/image\\\/\"},\"sameAs\":[\"https:\\\/\\\/www.facebook.com\\\/pomum123\",\"https:\\\/\\\/www.instagram.com\\\/maribor_museum\\\/\",\"https:\\\/\\\/www.youtube.com\\\/channel\\\/UCdshtCrun841Oc-35tYLBGQ\"]}]}<\/script>\n<!-- \/ Yoast SEO plugin. -->","yoast_head_json":{"title":"KO SLIKE O\u017dIVIJO &#8211; Pokrajinski muzej Maribor","robots":{"index":"index","follow":"follow","max-snippet":"max-snippet:-1","max-image-preview":"max-image-preview:large","max-video-preview":"max-video-preview:-1"},"canonical":"https:\/\/museum-mb.si\/de\/ausstellungen\/wenn-bilder-zum-leben-erwachen\/","og_locale":"de_DE","og_type":"article","og_title":"KO SLIKE O\u017dIVIJO &#8211; Pokrajinski muzej Maribor","og_description":"MUZEJNICA KO SLIKE O\u017dIVIJO Ogled razstave z domi\u0161ljijsko delavnico MAREC 2026 Trajanje 45\u201350 min Primerna starost 5\u20139 let Kdo so osebe na slikah, ki visijo na stenah mariborskega gradu? Bi jih prepoznali, \u010de bi stopile s slik? Kak\u0161na je njihova zgodba? Kaj nam \u017eelijo povedati? S pomo\u010djo papirnatih lutk bomo pri domi\u0161ljijski igri spoznali osebe [&hellip;]","og_url":"https:\/\/museum-mb.si\/de\/ausstellungen\/wenn-bilder-zum-leben-erwachen\/","og_site_name":"Pokrajinski muzej Maribor","article_publisher":"https:\/\/www.facebook.com\/pomum123","article_modified_time":"2025-09-03T14:01:53+00:00","og_image":[{"width":2560,"height":2331,"url":"https:\/\/museum-mb.si\/wp-content\/uploads\/2025\/09\/ko-slike-ozivijo-min-scaled.png","type":"image\/png"}],"twitter_card":"summary_large_image","twitter_misc":{"Gesch\u00e4tzte Lesezeit":"1\u00a0Minute"},"schema":{"@context":"https:\/\/schema.org","@graph":[{"@type":"WebPage","@id":"https:\/\/museum-mb.si\/razstave\/ko-slike-ozivijo\/","url":"https:\/\/museum-mb.si\/razstave\/ko-slike-ozivijo\/","name":"KO SLIKE O\u017dIVIJO &#8211; Pokrajinski muzej Maribor","isPartOf":{"@id":"https:\/\/museum-mb.si\/#website"},"primaryImageOfPage":{"@id":"https:\/\/museum-mb.si\/razstave\/ko-slike-ozivijo\/#primaryimage"},"image":{"@id":"https:\/\/museum-mb.si\/razstave\/ko-slike-ozivijo\/#primaryimage"},"thumbnailUrl":"https:\/\/museum-mb.si\/wp-content\/uploads\/2025\/09\/ko-slike-ozivijo-min-scaled.png","datePublished":"2025-09-03T12:55:26+00:00","dateModified":"2025-09-03T14:01:53+00:00","breadcrumb":{"@id":"https:\/\/museum-mb.si\/razstave\/ko-slike-ozivijo\/#breadcrumb"},"inLanguage":"de","potentialAction":[{"@type":"ReadAction","target":["https:\/\/museum-mb.si\/razstave\/ko-slike-ozivijo\/"]}]},{"@type":"ImageObject","inLanguage":"de","@id":"https:\/\/museum-mb.si\/razstave\/ko-slike-ozivijo\/#primaryimage","url":"https:\/\/museum-mb.si\/wp-content\/uploads\/2025\/09\/ko-slike-ozivijo-min-scaled.png","contentUrl":"https:\/\/museum-mb.si\/wp-content\/uploads\/2025\/09\/ko-slike-ozivijo-min-scaled.png","width":2560,"height":2331},{"@type":"BreadcrumbList","@id":"https:\/\/museum-mb.si\/razstave\/ko-slike-ozivijo\/#breadcrumb","itemListElement":[{"@type":"ListItem","position":1,"name":"Domov","item":"https:\/\/museum-mb.si\/"},{"@type":"ListItem","position":2,"name":"Razstave","item":"https:\/\/museum-mb.si\/razstave\/"},{"@type":"ListItem","position":3,"name":"KO SLIKE O\u017dIVIJO"}]},{"@type":"WebSite","@id":"https:\/\/museum-mb.si\/#website","url":"https:\/\/museum-mb.si\/","name":"Regionalmuseum Maribor","description":"","publisher":{"@id":"https:\/\/museum-mb.si\/#organization"},"potentialAction":[{"@type":"SearchAction","target":{"@type":"EntryPoint","urlTemplate":"https:\/\/museum-mb.si\/?s={search_term_string}"},"query-input":{"@type":"PropertyValueSpecification","valueRequired":true,"valueName":"search_term_string"}}],"inLanguage":"de"},{"@type":"Organization","@id":"https:\/\/museum-mb.si\/#organization","name":"Regionalmuseum Maribor","url":"https:\/\/museum-mb.si\/","logo":{"@type":"ImageObject","inLanguage":"de","@id":"https:\/\/museum-mb.si\/#\/schema\/logo\/image\/","url":"https:\/\/museum-mb.si\/wp-content\/uploads\/2024\/12\/pmm_logo_barvni_jpeg.jpg","contentUrl":"https:\/\/museum-mb.si\/wp-content\/uploads\/2024\/12\/pmm_logo_barvni_jpeg.jpg","width":758,"height":754,"caption":"Pokrajinski muzej Maribor"},"image":{"@id":"https:\/\/museum-mb.si\/#\/schema\/logo\/image\/"},"sameAs":["https:\/\/www.facebook.com\/pomum123","https:\/\/www.instagram.com\/maribor_museum\/","https:\/\/www.youtube.com\/channel\/UCdshtCrun841Oc-35tYLBGQ"]}]}},"_links":{"self":[{"href":"https:\/\/museum-mb.si\/de\/wp-json\/wp\/v2\/razstave\/80350","targetHints":{"allow":["GET"]}}],"collection":[{"href":"https:\/\/museum-mb.si\/de\/wp-json\/wp\/v2\/razstave"}],"about":[{"href":"https:\/\/museum-mb.si\/de\/wp-json\/wp\/v2\/types\/razstave"}],"version-history":[{"count":10,"href":"https:\/\/museum-mb.si\/de\/wp-json\/wp\/v2\/razstave\/80350\/revisions"}],"predecessor-version":[{"id":80391,"href":"https:\/\/museum-mb.si\/de\/wp-json\/wp\/v2\/razstave\/80350\/revisions\/80391"}],"wp:featuredmedia":[{"embeddable":true,"href":"https:\/\/museum-mb.si\/de\/wp-json\/wp\/v2\/media\/80353"}],"wp:attachment":[{"href":"https:\/\/museum-mb.si\/de\/wp-json\/wp\/v2\/media?parent=80350"}],"wp:term":[{"taxonomy":"vrsta","embeddable":true,"href":"https:\/\/museum-mb.si\/de\/wp-json\/wp\/v2\/vrsta?post=80350"}],"curies":[{"name":"wp","href":"https:\/\/api.w.org\/{rel}","templated":true}]}}