{"id":76817,"date":"2023-11-15T19:15:21","date_gmt":"2023-11-15T18:15:21","guid":{"rendered":"https:\/\/museum-mb.si\/?post_type=razstave&#038;p=76817"},"modified":"2023-11-15T20:05:48","modified_gmt":"2023-11-15T19:05:48","slug":"keine-fiktion-kein-gedachtnis","status":"publish","type":"razstave","link":"https:\/\/museum-mb.si\/de\/ausstellungen\/keine-fiktion-kein-gedachtnis\/","title":{"rendered":"KEINE ERINNERUNG OHNE FIKTION"},"content":{"rendered":"<div data-elementor-type=\"wp-post\" data-elementor-id=\"76817\" class=\"elementor elementor-76817\" data-elementor-post-type=\"razstave\">\n\t\t\t\t\t\t<section class=\"elementor-section elementor-top-section elementor-element elementor-element-6dae9d0 elementor-section-height-min-height elementor-section-boxed elementor-section-height-default elementor-section-items-middle\" data-id=\"6dae9d0\" data-element_type=\"section\" data-settings=\"{&quot;background_background&quot;:&quot;classic&quot;,&quot;jet_parallax_layout_list&quot;:[]}\">\n\t\t\t\t\t\t\t<div class=\"elementor-background-overlay\"><\/div>\n\t\t\t\t\t\t\t<div class=\"elementor-container elementor-column-gap-no\">\n\t\t\t\t\t<div class=\"elementor-column elementor-col-50 elementor-top-column elementor-element elementor-element-b40ef28\" data-id=\"b40ef28\" data-element_type=\"column\">\n\t\t\t<div class=\"elementor-widget-wrap elementor-element-populated\">\n\t\t\t\t\t\t<div class=\"elementor-element elementor-element-203c01f elementor-widget elementor-widget-heading\" data-id=\"203c01f\" data-element_type=\"widget\" data-widget_type=\"heading.default\">\n\t\t\t\t<div class=\"elementor-widget-container\">\n\t\t\t\t\t<h2 class=\"elementor-heading-title elementor-size-default\">IDEA MOVER<\/h2>\t\t\t\t<\/div>\n\t\t\t\t<\/div>\n\t\t\t\t<div class=\"elementor-element elementor-element-b35a0a4 elementor-widget elementor-widget-heading\" data-id=\"b35a0a4\" data-element_type=\"widget\" data-widget_type=\"heading.default\">\n\t\t\t\t<div class=\"elementor-widget-container\">\n\t\t\t\t\t<h2 class=\"elementor-heading-title elementor-size-default\">KEINE ERINNERUNG OHNE FIKTION<\/h2>\t\t\t\t<\/div>\n\t\t\t\t<\/div>\n\t\t\t\t\t<\/div>\n\t\t<\/div>\n\t\t\t\t<div class=\"elementor-column elementor-col-50 elementor-top-column elementor-element elementor-element-b1cfba4\" data-id=\"b1cfba4\" data-element_type=\"column\">\n\t\t\t<div class=\"elementor-widget-wrap elementor-element-populated\">\n\t\t\t\t\t\t<div class=\"elementor-element elementor-element-122e162 elementor-widget elementor-widget-text-editor\" data-id=\"122e162\" data-element_type=\"widget\" data-widget_type=\"text-editor.default\">\n\t\t\t\t<div class=\"elementor-widget-container\">\n\t\t\t\t\t\t\t\t\t<p><em>2022<\/em><\/p>\t\t\t\t\t\t\t\t<\/div>\n\t\t\t\t<\/div>\n\t\t\t\t\t<\/div>\n\t\t<\/div>\n\t\t\t\t\t<\/div>\n\t\t<\/section>\n\t\t\t\t<section class=\"elementor-section elementor-top-section elementor-element elementor-element-39cee57 elementor-hidden-mobile elementor-section-boxed elementor-section-height-default elementor-section-height-default\" data-id=\"39cee57\" data-element_type=\"section\" data-settings=\"{&quot;jet_parallax_layout_list&quot;:[]}\">\n\t\t\t\t\t\t<div class=\"elementor-container elementor-column-gap-default\">\n\t\t\t\t\t<div class=\"make-column-clickable-elementor elementor-column elementor-col-100 elementor-top-column elementor-element elementor-element-418895d\" style=\"cursor: pointer;\" data-column-clickable=\"#Zbirke\" data-column-clickable-blank=\"_self\" data-id=\"418895d\" data-element_type=\"column\" data-settings=\"{&quot;background_background&quot;:&quot;classic&quot;}\">\n\t\t\t<div class=\"elementor-widget-wrap elementor-element-populated\">\n\t\t\t\t\t\t<div class=\"elementor-element elementor-element-fdf66d0 elementor-widget__width-auto elementor-widget elementor-widget-jet-inline-svg\" data-id=\"fdf66d0\" data-element_type=\"widget\" data-widget_type=\"jet-inline-svg.default\">\n\t\t\t\t<div class=\"elementor-widget-container\">\n\t\t\t\t\t<div class=\"elementor-jet-inline-svg jet-elements\"><div class=\"jet-inline-svg__wrapper\"><a class=\"jet-inline-svg jet-inline-svg--custom-width jet-inline-svg--custom-color\" href=\"#Virtualnevsebine\" aria-label=\"SVG-Link\"><img decoding=\"async\" src=\"https:\/\/museum-mb.si\/wp-content\/uploads\/2022\/08\/arrow-down-sign-to-navigate.svg\" alt=\"\" class=\"jet-inline-svg__inner\"><\/a><\/div><\/div>\t\t\t\t<\/div>\n\t\t\t\t<\/div>\n\t\t\t\t\t<\/div>\n\t\t<\/div>\n\t\t\t\t\t<\/div>\n\t\t<\/section>\n\t\t\t\t<section class=\"elementor-section elementor-top-section elementor-element elementor-element-debc250 elementor-section-boxed elementor-section-height-default elementor-section-height-default\" data-id=\"debc250\" data-element_type=\"section\" data-settings=\"{&quot;jet_parallax_layout_list&quot;:[]}\">\n\t\t\t\t\t\t<div class=\"elementor-container elementor-column-gap-default\">\n\t\t\t\t\t<div class=\"elementor-column elementor-col-100 elementor-top-column elementor-element elementor-element-f576151\" data-id=\"f576151\" data-element_type=\"column\">\n\t\t\t<div class=\"elementor-widget-wrap elementor-element-populated\">\n\t\t\t\t\t\t<div class=\"elementor-element elementor-element-66c9fc9 elementor-widget elementor-widget-menu-anchor\" data-id=\"66c9fc9\" data-element_type=\"widget\" data-widget_type=\"menu-anchor.default\">\n\t\t\t\t<div class=\"elementor-widget-container\">\n\t\t\t\t\t\t\t<div class=\"elementor-menu-anchor\" id=\"Virtualnevsebine\"><\/div>\n\t\t\t\t\t\t<\/div>\n\t\t\t\t<\/div>\n\t\t\t\t\t<\/div>\n\t\t<\/div>\n\t\t\t\t\t<\/div>\n\t\t<\/section>\n\t\t\t\t<section class=\"elementor-section elementor-top-section elementor-element elementor-element-389302a elementor-section-boxed elementor-section-height-default elementor-section-height-default\" data-id=\"389302a\" data-element_type=\"section\" data-settings=\"{&quot;jet_parallax_layout_list&quot;:[]}\">\n\t\t\t\t\t\t<div class=\"elementor-container elementor-column-gap-default\">\n\t\t\t\t\t<div class=\"elementor-column elementor-col-50 elementor-top-column elementor-element elementor-element-d3b729c\" data-id=\"d3b729c\" data-element_type=\"column\">\n\t\t\t<div class=\"elementor-widget-wrap elementor-element-populated\">\n\t\t\t\t\t\t<div class=\"elementor-element elementor-element-a867f28 elementor-widget elementor-widget-image\" data-id=\"a867f28\" data-element_type=\"widget\" data-widget_type=\"image.default\">\n\t\t\t\t<div class=\"elementor-widget-container\">\n\t\t\t\t\t\t\t\t\t\t\t\t\t\t\t<img fetchpriority=\"high\" decoding=\"async\" width=\"800\" height=\"450\" src=\"https:\/\/museum-mb.si\/wp-content\/uploads\/2023\/11\/2022_NASLOVNA-1024x576.jpg\" class=\"attachment-large size-large wp-image-76787\" alt=\"\" srcset=\"https:\/\/museum-mb.si\/wp-content\/uploads\/2023\/11\/2022_NASLOVNA-1024x576.jpg 1024w, https:\/\/museum-mb.si\/wp-content\/uploads\/2023\/11\/2022_NASLOVNA-300x169.jpg 300w, https:\/\/museum-mb.si\/wp-content\/uploads\/2023\/11\/2022_NASLOVNA-768x432.jpg 768w, https:\/\/museum-mb.si\/wp-content\/uploads\/2023\/11\/2022_NASLOVNA-1536x864.jpg 1536w, https:\/\/museum-mb.si\/wp-content\/uploads\/2023\/11\/2022_NASLOVNA-2048x1152.jpg 2048w, https:\/\/museum-mb.si\/wp-content\/uploads\/2023\/11\/2022_NASLOVNA-18x10.jpg 18w\" sizes=\"(max-width: 800px) 100vw, 800px\" \/>\t\t\t\t\t\t\t\t\t\t\t\t\t\t\t<\/div>\n\t\t\t\t<\/div>\n\t\t\t\t\t<\/div>\n\t\t<\/div>\n\t\t\t\t<div class=\"elementor-column elementor-col-50 elementor-top-column elementor-element elementor-element-6e13a02\" data-id=\"6e13a02\" data-element_type=\"column\">\n\t\t\t<div class=\"elementor-widget-wrap elementor-element-populated\">\n\t\t\t\t\t\t<div class=\"elementor-element elementor-element-e0a20c4 elementor-widget__width-initial elementor-widget elementor-widget-text-editor\" data-id=\"e0a20c4\" data-element_type=\"widget\" data-widget_type=\"text-editor.default\">\n\t\t\t\t<div class=\"elementor-widget-container\">\n\t\t\t\t\t\t\t\t\t14. 06.-13. 08. 2022 <br>\nGelegentliche Ausstellung<br>\nM\u00f6beldepot, Partizan-Kino<br><br>\t\t\t\t\t\t\t\t<\/div>\n\t\t\t\t<\/div>\n\t\t\t\t<div class=\"elementor-element elementor-element-a3b5105 elementor-widget__width-initial elementor-widget elementor-widget-text-editor\" data-id=\"a3b5105\" data-element_type=\"widget\" data-widget_type=\"text-editor.default\">\n\t\t\t\t<div class=\"elementor-widget-container\">\n\t\t\t\t\t\t\t\t\tKEINE ERINNERUNG OHNE FIKTION\t\t\t\t\t\t\t\t<\/div>\n\t\t\t\t<\/div>\n\t\t\t\t<div class=\"elementor-element elementor-element-48f9341 elementor-widget__width-initial elementor-widget elementor-widget-text-editor\" data-id=\"48f9341\" data-element_type=\"widget\" data-widget_type=\"text-editor.default\">\n\t\t\t\t<div class=\"elementor-widget-container\">\n\t\t\t\t\t\t\t\t\tIn einer Zwei-Kanal-Videoinstallation erforschen die K\u00fcnstler die Rolle von Museen, Tradition und Erbe in der Alltagserfahrung des Einzelnen. Das M\u00f6beldepot des Regionalmuseums Maribor dient ihnen als Ausl\u00f6ser, um ihre eigenen Erfahrungen mit der Vergangenheit zu hinterfragen, nach visuellen Metaphern zu suchen und mit der narrativen Struktur eines Kunstvideos zu experimentieren.\n<br><br>\nDer hier vorgestellte poetische Essay f\u00fchrt den Betrachter in eine filmische Erfahrung einer Flusslandschaft, die metaphorisch f\u00fcr das Vergehen von Zeit und historischen Ereignissen steht, und ist eine Antwort auf die Darstellung der Vergangenheit in Museen und Sammlungen, wie z. B. der M\u00f6belsammlung im M\u00f6beldepot.\t\t\t\t\t\t\t\t<\/div>\n\t\t\t\t<\/div>\n\t\t\t\t\t<\/div>\n\t\t<\/div>\n\t\t\t\t\t<\/div>\n\t\t<\/section>\n\t\t\t\t<section class=\"elementor-section elementor-top-section elementor-element elementor-element-9248e7a elementor-section-boxed elementor-section-height-default elementor-section-height-default\" data-id=\"9248e7a\" data-element_type=\"section\" data-settings=\"{&quot;jet_parallax_layout_list&quot;:[]}\">\n\t\t\t\t\t\t<div class=\"elementor-container elementor-column-gap-default\">\n\t\t\t\t\t<div class=\"elementor-column elementor-col-100 elementor-top-column elementor-element elementor-element-e60cebe\" data-id=\"e60cebe\" data-element_type=\"column\">\n\t\t\t<div class=\"elementor-widget-wrap elementor-element-populated\">\n\t\t\t\t\t\t<div class=\"elementor-element elementor-element-6ee92a3 elementor-widget elementor-widget-text-editor\" data-id=\"6ee92a3\" data-element_type=\"widget\" data-widget_type=\"text-editor.default\">\n\t\t\t\t<div class=\"elementor-widget-container\">\n\t\t\t\t\t\t\t\t\tDas zentrale Dilemma, auf das die K\u00fcnstler in dem Video hinweisen, ist der Zwiespalt zwischen einer romantisch-harmonischen Sicht der Vergangenheit und der inh\u00e4renten Unm\u00f6glichkeit einer solchen Erfahrung in einer allt\u00e4glichen Welt voller gewaltsamer Chaosausbr\u00fcche und unvorhersehbarer Katastrophen. Die Ursache-Wirkungs-Beziehungen zwischen der Vergangenheit und der Gegenwart werden aufgrund der spezifischen Art und Weise, in der die Vergangenheit als Modell f\u00fcr die Gegenwart dargestellt wird, oft absichtlich verwischt. Ihre chaotische Erfahrung der Gegenwart kann ein komplexer Ideengenerator sein, den sie nutzen, um Darstellungen der Vergangenheit au\u00dferhalb des Mainstreams der Museologie und Geschichte zu schaffen. Dabei st\u00fctzen sie sich auf die Ideen von drei gro\u00dfen Philosophen und einem gro\u00dfen Geophysiker. Es handelt sich um Karl Marx, Walter Benjamin, Henri Bergson und Wladimir Iwanowitsch Wernadskij.\n\n<br><br>\nF\u00fcr das Video haben die Autoren Landschaften besucht, die durch das Erbe der Fl\u00f6\u00dferei gepr\u00e4gt sind. Die Fl\u00f6\u00dferei war ein wichtiger Wirtschaftszweig f\u00fcr den Holztransport auf Fl\u00fcssen, f\u00fcr den die Fl\u00f6\u00dfer ges\u00e4gtes und gehauenes Holz in Fl\u00f6\u00dfe banden und die Fl\u00fcsse in Slowenien bis nach Belgrad an der Save hinuntertrieben. Auch Maribor und andere Orte entlang der Drau sind stark vom Erbe der Fl\u00f6\u00dferei gepr\u00e4gt, und f\u00fcr diese Arbeit haben die Autoren die Orte im oberen Savinja-Tal besucht und dokumentiert, an denen ihre Vorfahren als Fl\u00f6\u00dfer gearbeitet haben.\n\n<br><br>\nIn dem Video konfrontieren sie sich selbst mit ihrer Unf\u00e4higkeit, die Vergangenheit und ihre angestammten Wurzeln so zu genie\u00dfen, wie es die offizielle Geschichte, das Erbe und die Tradition darstellen. Der Fluss und seine Umgebung werden zu einer Metapher f\u00fcr die Zeit, die durch menschliche Eingriffe st\u00e4ndig ver\u00e4ndert wird, und der Fluss antwortet mit seiner wilden, unberechenbaren Natur.\t\t\t\t\t\t\t\t<\/div>\n\t\t\t\t<\/div>\n\t\t\t\t\t<\/div>\n\t\t<\/div>\n\t\t\t\t\t<\/div>\n\t\t<\/section>\n\t\t\t\t<\/div>","protected":false},"featured_media":76787,"template":"","vrsta":[47],"class_list":["post-76817","razstave","type-razstave","status-publish","has-post-thumbnail","hentry","vrsta-brez-funkcije-spomina"],"yoast_head":"<!-- This site is optimized with the Yoast SEO plugin v27.5 - https:\/\/yoast.com\/product\/yoast-seo-wordpress\/ -->\n<title>BREZ FIKCIJE NI SPOMINA &#8211; Pokrajinski muzej Maribor<\/title>\n<meta name=\"robots\" content=\"index, follow, max-snippet:-1, max-image-preview:large, max-video-preview:-1\" \/>\n<link rel=\"canonical\" href=\"https:\/\/museum-mb.si\/de\/ausstellungen\/keine-fiktion-kein-gedachtnis\/\" \/>\n<meta property=\"og:locale\" content=\"de_DE\" \/>\n<meta property=\"og:type\" content=\"article\" \/>\n<meta property=\"og:title\" content=\"BREZ FIKCIJE NI SPOMINA &#8211; Pokrajinski muzej Maribor\" \/>\n<meta property=\"og:description\" content=\"GUGALNIK IDEJ BREZ FIKCIJE NI SPOMINA 2022 14. 06.\u201313. 08. 2022 Ob\u010dasna razstava Ogledni depo pohi\u0161tva, Kino Partizan BREZ FIKCIJE NI SPOMINAV dvokanalni video instalaciji se avtorja ukvarjata z vlogo muzejev, izro\u010dila in dedi\u0161\u010dine v vsakdanjih izku\u0161njah posameznika. Depo pohi\u0161tva Pokrajinskega muzeja Maribor jima slu\u017ei kot povod za preizpra\u0161evanje lastne izku\u0161nje preteklosti in iskanje vizualnih [&hellip;]\" \/>\n<meta property=\"og:url\" content=\"https:\/\/museum-mb.si\/de\/ausstellungen\/keine-fiktion-kein-gedachtnis\/\" \/>\n<meta property=\"og:site_name\" content=\"Pokrajinski muzej Maribor\" \/>\n<meta property=\"article:publisher\" content=\"https:\/\/www.facebook.com\/pomum123\" \/>\n<meta property=\"article:modified_time\" content=\"2023-11-15T19:05:48+00:00\" \/>\n<meta property=\"og:image\" content=\"https:\/\/museum-mb.si\/wp-content\/uploads\/2023\/11\/2022_NASLOVNA-scaled.jpg\" \/>\n\t<meta property=\"og:image:width\" content=\"2560\" \/>\n\t<meta property=\"og:image:height\" content=\"1440\" \/>\n\t<meta property=\"og:image:type\" content=\"image\/jpeg\" \/>\n<meta name=\"twitter:card\" content=\"summary_large_image\" \/>\n<meta name=\"twitter:label1\" content=\"Gesch\u00e4tzte Lesezeit\" \/>\n\t<meta name=\"twitter:data1\" content=\"2\u00a0Minuten\" \/>\n<script type=\"application\/ld+json\" class=\"yoast-schema-graph\">{\"@context\":\"https:\\\/\\\/schema.org\",\"@graph\":[{\"@type\":\"WebPage\",\"@id\":\"https:\\\/\\\/museum-mb.si\\\/razstave\\\/brez-fikcije-ni-spomina\\\/\",\"url\":\"https:\\\/\\\/museum-mb.si\\\/razstave\\\/brez-fikcije-ni-spomina\\\/\",\"name\":\"BREZ FIKCIJE NI SPOMINA &#8211; Pokrajinski muzej Maribor\",\"isPartOf\":{\"@id\":\"https:\\\/\\\/museum-mb.si\\\/#website\"},\"primaryImageOfPage\":{\"@id\":\"https:\\\/\\\/museum-mb.si\\\/razstave\\\/brez-fikcije-ni-spomina\\\/#primaryimage\"},\"image\":{\"@id\":\"https:\\\/\\\/museum-mb.si\\\/razstave\\\/brez-fikcije-ni-spomina\\\/#primaryimage\"},\"thumbnailUrl\":\"https:\\\/\\\/museum-mb.si\\\/wp-content\\\/uploads\\\/2023\\\/11\\\/2022_NASLOVNA-scaled.jpg\",\"datePublished\":\"2023-11-15T18:15:21+00:00\",\"dateModified\":\"2023-11-15T19:05:48+00:00\",\"breadcrumb\":{\"@id\":\"https:\\\/\\\/museum-mb.si\\\/razstave\\\/brez-fikcije-ni-spomina\\\/#breadcrumb\"},\"inLanguage\":\"de\",\"potentialAction\":[{\"@type\":\"ReadAction\",\"target\":[\"https:\\\/\\\/museum-mb.si\\\/razstave\\\/brez-fikcije-ni-spomina\\\/\"]}]},{\"@type\":\"ImageObject\",\"inLanguage\":\"de\",\"@id\":\"https:\\\/\\\/museum-mb.si\\\/razstave\\\/brez-fikcije-ni-spomina\\\/#primaryimage\",\"url\":\"https:\\\/\\\/museum-mb.si\\\/wp-content\\\/uploads\\\/2023\\\/11\\\/2022_NASLOVNA-scaled.jpg\",\"contentUrl\":\"https:\\\/\\\/museum-mb.si\\\/wp-content\\\/uploads\\\/2023\\\/11\\\/2022_NASLOVNA-scaled.jpg\",\"width\":2560,\"height\":1440},{\"@type\":\"BreadcrumbList\",\"@id\":\"https:\\\/\\\/museum-mb.si\\\/razstave\\\/brez-fikcije-ni-spomina\\\/#breadcrumb\",\"itemListElement\":[{\"@type\":\"ListItem\",\"position\":1,\"name\":\"Domov\",\"item\":\"https:\\\/\\\/museum-mb.si\\\/\"},{\"@type\":\"ListItem\",\"position\":2,\"name\":\"Razstave\",\"item\":\"https:\\\/\\\/museum-mb.si\\\/razstave\\\/\"},{\"@type\":\"ListItem\",\"position\":3,\"name\":\"BREZ FIKCIJE NI SPOMINA\"}]},{\"@type\":\"WebSite\",\"@id\":\"https:\\\/\\\/museum-mb.si\\\/#website\",\"url\":\"https:\\\/\\\/museum-mb.si\\\/\",\"name\":\"Pokrajinski muzej Maribor\",\"description\":\"\",\"publisher\":{\"@id\":\"https:\\\/\\\/museum-mb.si\\\/#organization\"},\"potentialAction\":[{\"@type\":\"SearchAction\",\"target\":{\"@type\":\"EntryPoint\",\"urlTemplate\":\"https:\\\/\\\/museum-mb.si\\\/?s={search_term_string}\"},\"query-input\":{\"@type\":\"PropertyValueSpecification\",\"valueRequired\":true,\"valueName\":\"search_term_string\"}}],\"inLanguage\":\"de\"},{\"@type\":\"Organization\",\"@id\":\"https:\\\/\\\/museum-mb.si\\\/#organization\",\"name\":\"Pokrajinski muzej Maribor\",\"url\":\"https:\\\/\\\/museum-mb.si\\\/\",\"logo\":{\"@type\":\"ImageObject\",\"inLanguage\":\"de\",\"@id\":\"https:\\\/\\\/museum-mb.si\\\/#\\\/schema\\\/logo\\\/image\\\/\",\"url\":\"https:\\\/\\\/museum-mb.si\\\/wp-content\\\/uploads\\\/2024\\\/12\\\/pmm_logo_barvni_jpeg.jpg\",\"contentUrl\":\"https:\\\/\\\/museum-mb.si\\\/wp-content\\\/uploads\\\/2024\\\/12\\\/pmm_logo_barvni_jpeg.jpg\",\"width\":758,\"height\":754,\"caption\":\"Pokrajinski muzej Maribor\"},\"image\":{\"@id\":\"https:\\\/\\\/museum-mb.si\\\/#\\\/schema\\\/logo\\\/image\\\/\"},\"sameAs\":[\"https:\\\/\\\/www.facebook.com\\\/pomum123\",\"https:\\\/\\\/www.instagram.com\\\/maribor_museum\\\/\",\"https:\\\/\\\/www.youtube.com\\\/channel\\\/UCdshtCrun841Oc-35tYLBGQ\"]}]}<\/script>\n<!-- \/ Yoast SEO plugin. -->","yoast_head_json":{"title":"BREZ FIKCIJE NI SPOMINA &#8211; Pokrajinski muzej Maribor","robots":{"index":"index","follow":"follow","max-snippet":"max-snippet:-1","max-image-preview":"max-image-preview:large","max-video-preview":"max-video-preview:-1"},"canonical":"https:\/\/museum-mb.si\/de\/ausstellungen\/keine-fiktion-kein-gedachtnis\/","og_locale":"de_DE","og_type":"article","og_title":"BREZ FIKCIJE NI SPOMINA &#8211; Pokrajinski muzej Maribor","og_description":"GUGALNIK IDEJ BREZ FIKCIJE NI SPOMINA 2022 14. 06.\u201313. 08. 2022 Ob\u010dasna razstava Ogledni depo pohi\u0161tva, Kino Partizan BREZ FIKCIJE NI SPOMINAV dvokanalni video instalaciji se avtorja ukvarjata z vlogo muzejev, izro\u010dila in dedi\u0161\u010dine v vsakdanjih izku\u0161njah posameznika. Depo pohi\u0161tva Pokrajinskega muzeja Maribor jima slu\u017ei kot povod za preizpra\u0161evanje lastne izku\u0161nje preteklosti in iskanje vizualnih [&hellip;]","og_url":"https:\/\/museum-mb.si\/de\/ausstellungen\/keine-fiktion-kein-gedachtnis\/","og_site_name":"Pokrajinski muzej Maribor","article_publisher":"https:\/\/www.facebook.com\/pomum123","article_modified_time":"2023-11-15T19:05:48+00:00","og_image":[{"width":2560,"height":1440,"url":"https:\/\/museum-mb.si\/wp-content\/uploads\/2023\/11\/2022_NASLOVNA-scaled.jpg","type":"image\/jpeg"}],"twitter_card":"summary_large_image","twitter_misc":{"Gesch\u00e4tzte Lesezeit":"2\u00a0Minuten"},"schema":{"@context":"https:\/\/schema.org","@graph":[{"@type":"WebPage","@id":"https:\/\/museum-mb.si\/razstave\/brez-fikcije-ni-spomina\/","url":"https:\/\/museum-mb.si\/razstave\/brez-fikcije-ni-spomina\/","name":"BREZ FIKCIJE NI SPOMINA &#8211; Pokrajinski muzej Maribor","isPartOf":{"@id":"https:\/\/museum-mb.si\/#website"},"primaryImageOfPage":{"@id":"https:\/\/museum-mb.si\/razstave\/brez-fikcije-ni-spomina\/#primaryimage"},"image":{"@id":"https:\/\/museum-mb.si\/razstave\/brez-fikcije-ni-spomina\/#primaryimage"},"thumbnailUrl":"https:\/\/museum-mb.si\/wp-content\/uploads\/2023\/11\/2022_NASLOVNA-scaled.jpg","datePublished":"2023-11-15T18:15:21+00:00","dateModified":"2023-11-15T19:05:48+00:00","breadcrumb":{"@id":"https:\/\/museum-mb.si\/razstave\/brez-fikcije-ni-spomina\/#breadcrumb"},"inLanguage":"de","potentialAction":[{"@type":"ReadAction","target":["https:\/\/museum-mb.si\/razstave\/brez-fikcije-ni-spomina\/"]}]},{"@type":"ImageObject","inLanguage":"de","@id":"https:\/\/museum-mb.si\/razstave\/brez-fikcije-ni-spomina\/#primaryimage","url":"https:\/\/museum-mb.si\/wp-content\/uploads\/2023\/11\/2022_NASLOVNA-scaled.jpg","contentUrl":"https:\/\/museum-mb.si\/wp-content\/uploads\/2023\/11\/2022_NASLOVNA-scaled.jpg","width":2560,"height":1440},{"@type":"BreadcrumbList","@id":"https:\/\/museum-mb.si\/razstave\/brez-fikcije-ni-spomina\/#breadcrumb","itemListElement":[{"@type":"ListItem","position":1,"name":"Domov","item":"https:\/\/museum-mb.si\/"},{"@type":"ListItem","position":2,"name":"Razstave","item":"https:\/\/museum-mb.si\/razstave\/"},{"@type":"ListItem","position":3,"name":"BREZ FIKCIJE NI SPOMINA"}]},{"@type":"WebSite","@id":"https:\/\/museum-mb.si\/#website","url":"https:\/\/museum-mb.si\/","name":"Regionalmuseum Maribor","description":"","publisher":{"@id":"https:\/\/museum-mb.si\/#organization"},"potentialAction":[{"@type":"SearchAction","target":{"@type":"EntryPoint","urlTemplate":"https:\/\/museum-mb.si\/?s={search_term_string}"},"query-input":{"@type":"PropertyValueSpecification","valueRequired":true,"valueName":"search_term_string"}}],"inLanguage":"de"},{"@type":"Organization","@id":"https:\/\/museum-mb.si\/#organization","name":"Regionalmuseum Maribor","url":"https:\/\/museum-mb.si\/","logo":{"@type":"ImageObject","inLanguage":"de","@id":"https:\/\/museum-mb.si\/#\/schema\/logo\/image\/","url":"https:\/\/museum-mb.si\/wp-content\/uploads\/2024\/12\/pmm_logo_barvni_jpeg.jpg","contentUrl":"https:\/\/museum-mb.si\/wp-content\/uploads\/2024\/12\/pmm_logo_barvni_jpeg.jpg","width":758,"height":754,"caption":"Pokrajinski muzej Maribor"},"image":{"@id":"https:\/\/museum-mb.si\/#\/schema\/logo\/image\/"},"sameAs":["https:\/\/www.facebook.com\/pomum123","https:\/\/www.instagram.com\/maribor_museum\/","https:\/\/www.youtube.com\/channel\/UCdshtCrun841Oc-35tYLBGQ"]}]}},"_links":{"self":[{"href":"https:\/\/museum-mb.si\/de\/wp-json\/wp\/v2\/razstave\/76817","targetHints":{"allow":["GET"]}}],"collection":[{"href":"https:\/\/museum-mb.si\/de\/wp-json\/wp\/v2\/razstave"}],"about":[{"href":"https:\/\/museum-mb.si\/de\/wp-json\/wp\/v2\/types\/razstave"}],"version-history":[{"count":14,"href":"https:\/\/museum-mb.si\/de\/wp-json\/wp\/v2\/razstave\/76817\/revisions"}],"predecessor-version":[{"id":81143,"href":"https:\/\/museum-mb.si\/de\/wp-json\/wp\/v2\/razstave\/76817\/revisions\/81143"}],"wp:featuredmedia":[{"embeddable":true,"href":"https:\/\/museum-mb.si\/de\/wp-json\/wp\/v2\/media\/76787"}],"wp:attachment":[{"href":"https:\/\/museum-mb.si\/de\/wp-json\/wp\/v2\/media?parent=76817"}],"wp:term":[{"taxonomy":"vrsta","embeddable":true,"href":"https:\/\/museum-mb.si\/de\/wp-json\/wp\/v2\/vrsta?post=76817"}],"curies":[{"name":"wp","href":"https:\/\/api.w.org\/{rel}","templated":true}]}}