{"id":76532,"date":"2023-11-14T20:49:23","date_gmt":"2023-11-14T19:49:23","guid":{"rendered":"https:\/\/museum-mb.si\/?post_type=razstave&#038;p=76532"},"modified":"2023-11-14T22:26:11","modified_gmt":"2023-11-14T21:26:11","slug":"andere-gewachste-figuren","status":"publish","type":"razstave","link":"https:\/\/museum-mb.si\/de\/ausstellungen\/andere-gewachste-figuren\/","title":{"rendered":"ANDERE WACHSFIGUREN"},"content":{"rendered":"<div data-elementor-type=\"wp-post\" data-elementor-id=\"76532\" class=\"elementor elementor-76532\" data-elementor-post-type=\"razstave\">\n\t\t\t\t\t\t<section class=\"elementor-section elementor-top-section elementor-element elementor-element-879064d elementor-section-height-min-height elementor-section-stretched elementor-section-boxed elementor-section-height-default elementor-section-items-middle\" data-id=\"879064d\" data-element_type=\"section\" data-settings=\"{&quot;stretch_section&quot;:&quot;section-stretched&quot;,&quot;jet_parallax_layout_list&quot;:[],&quot;background_background&quot;:&quot;classic&quot;}\">\n\t\t\t\t\t\t\t<div class=\"elementor-background-overlay\"><\/div>\n\t\t\t\t\t\t\t<div class=\"elementor-container elementor-column-gap-default\">\n\t\t\t\t\t<div class=\"elementor-column elementor-col-100 elementor-top-column elementor-element elementor-element-96f9783\" data-id=\"96f9783\" data-element_type=\"column\">\n\t\t\t<div class=\"elementor-widget-wrap elementor-element-populated\">\n\t\t\t\t\t\t<div class=\"elementor-element elementor-element-7b884e6 elementor-widget elementor-widget-text-editor\" data-id=\"7b884e6\" data-element_type=\"widget\" data-widget_type=\"text-editor.default\">\n\t\t\t\t<div class=\"elementor-widget-container\">\n\t\t\t\t\t\t\t\t\t<p>ANZEIGE<\/p>\t\t\t\t\t\t\t\t<\/div>\n\t\t\t\t<\/div>\n\t\t\t\t<div class=\"elementor-element elementor-element-cac2215 elementor-widget__width-initial elementor-widget elementor-widget-heading\" data-id=\"cac2215\" data-element_type=\"widget\" data-widget_type=\"heading.default\">\n\t\t\t\t<div class=\"elementor-widget-container\">\n\t\t\t\t\t<h2 class=\"elementor-heading-title elementor-size-default\">JESULUS PRAGENSIS: <br>DER KLEINE JESUS VON PRAG UND ANDERE WACHSFIGUREN AUS DEM CHRISTLICHEN MUSEUM IN SLOWENIEN <\/h2>\t\t\t\t<\/div>\n\t\t\t\t<\/div>\n\t\t\t\t<div class=\"elementor-element elementor-element-7e70480 elementor-widget__width-initial elementor-widget elementor-widget-text-editor\" data-id=\"7e70480\" data-element_type=\"widget\" data-widget_type=\"text-editor.default\">\n\t\t\t\t<div class=\"elementor-widget-container\">\n\t\t\t\t\t\t\t\t\t<b>Jesus um seinen Segen bitten<\/b><br>\n\"O lieber, gn\u00e4diger Jesus, der du die ganze Welt in deiner linken Hand h\u00e4ltst und sie mit deiner rechten segnest, segne auch mich, segne alles, und besonders dies..., worum ich dich besonders bitte. Ich danke dir daf\u00fcr und verspreche dir meine Treue bis zu meinem letzten Atemzug. Amen\".\n<br><b>\nVer\u00f6ffentlicht in:<\/b> P. Herman Koneberg, Das gn\u00e4dige Jesuskind in der Kirche Unserer Lieben Frau vom Siege in Prag und seine Anbetung, Nachruf von P. Hyacint \u0160ega, Ljubljana: Franziskanerkloster, 1898, S. 125.\t\t\t\t\t\t\t\t<\/div>\n\t\t\t\t<\/div>\n\t\t\t\t\t<\/div>\n\t\t<\/div>\n\t\t\t\t\t<\/div>\n\t\t<\/section>\n\t\t\t\t<section class=\"elementor-section elementor-top-section elementor-element elementor-element-8792a8b elementor-section-boxed elementor-section-height-default elementor-section-height-default\" data-id=\"8792a8b\" data-element_type=\"section\" data-settings=\"{&quot;jet_parallax_layout_list&quot;:[]}\">\n\t\t\t\t\t\t<div class=\"elementor-container elementor-column-gap-default\">\n\t\t\t\t\t<div class=\"elementor-column elementor-col-100 elementor-top-column elementor-element elementor-element-3f162ef\" data-id=\"3f162ef\" data-element_type=\"column\">\n\t\t\t<div class=\"elementor-widget-wrap elementor-element-populated\">\n\t\t\t\t\t\t<div class=\"elementor-element elementor-element-c8298df elementor-widget__width-initial elementor-widget elementor-widget-spacer\" data-id=\"c8298df\" data-element_type=\"widget\" data-widget_type=\"spacer.default\">\n\t\t\t\t<div class=\"elementor-widget-container\">\n\t\t\t\t\t\t\t<div class=\"elementor-spacer\">\n\t\t\t<div class=\"elementor-spacer-inner\"><\/div>\n\t\t<\/div>\n\t\t\t\t\t\t<\/div>\n\t\t\t\t<\/div>\n\t\t\t\t\t<\/div>\n\t\t<\/div>\n\t\t\t\t\t<\/div>\n\t\t<\/section>\n\t\t\t\t<section class=\"elementor-section elementor-top-section elementor-element elementor-element-3a3443c elementor-section-boxed elementor-section-height-default elementor-section-height-default\" data-id=\"3a3443c\" data-element_type=\"section\" data-settings=\"{&quot;jet_parallax_layout_list&quot;:[]}\">\n\t\t\t\t\t\t<div class=\"elementor-container elementor-column-gap-default\">\n\t\t\t\t\t<div class=\"elementor-column elementor-col-100 elementor-top-column elementor-element elementor-element-8c24359\" data-id=\"8c24359\" data-element_type=\"column\">\n\t\t\t<div class=\"elementor-widget-wrap elementor-element-populated\">\n\t\t\t\t\t\t<div class=\"elementor-element elementor-element-a136283 elementor-widget elementor-widget-heading\" data-id=\"a136283\" data-element_type=\"widget\" data-widget_type=\"heading.default\">\n\t\t\t\t<div class=\"elementor-widget-container\">\n\t\t\t\t\t<h2 class=\"elementor-heading-title elementor-size-default\">Andere Wachsfiguren<\/h2>\t\t\t\t<\/div>\n\t\t\t\t<\/div>\n\t\t\t\t\t<\/div>\n\t\t<\/div>\n\t\t\t\t\t<\/div>\n\t\t<\/section>\n\t\t\t\t<section class=\"elementor-section elementor-top-section elementor-element elementor-element-09470a5 elementor-section-boxed elementor-section-height-default elementor-section-height-default\" data-id=\"09470a5\" data-element_type=\"section\" data-settings=\"{&quot;jet_parallax_layout_list&quot;:[]}\">\n\t\t\t\t\t\t<div class=\"elementor-container elementor-column-gap-default\">\n\t\t\t\t\t<div class=\"elementor-column elementor-col-100 elementor-top-column elementor-element elementor-element-a19b1f8\" data-id=\"a19b1f8\" data-element_type=\"column\">\n\t\t\t<div class=\"elementor-widget-wrap elementor-element-populated\">\n\t\t\t\t\t\t<div class=\"elementor-element elementor-element-478ff36 elementor-widget elementor-widget-jet-carousel\" data-id=\"478ff36\" data-element_type=\"widget\" data-settings=\"{&quot;slides_to_show&quot;:&quot;1&quot;,&quot;slides_to_show_mobile&quot;:&quot;1&quot;,&quot;slides_to_scroll_mobile&quot;:&quot;1&quot;,&quot;slides_to_scroll&quot;:&quot;1&quot;}\" data-widget_type=\"jet-carousel.default\">\n\t\t\t\t<div class=\"elementor-widget-container\">\n\t\t\t\t\t<div class=\"elementor-jet-carousel jet-elements\"><div class=\"jet-carousel-wrap\">\n\t<div class=\"jet-carousel\" data-slider_options=\"{&quot;autoplaySpeed&quot;:5000,&quot;autoplay&quot;:false,&quot;infinite&quot;:true,&quot;centerMode&quot;:false,&quot;centerPadding&quot;:&quot;50px&quot;,&quot;pauseOnHover&quot;:false,&quot;speed&quot;:500,&quot;arrows&quot;:true,&quot;dots&quot;:false,&quot;variableWidth&quot;:false,&quot;prevArrow&quot;:&quot;.jet-carousel__prev-arrow-478ff36&quot;,&quot;nextArrow&quot;:&quot;.jet-carousel__next-arrow-478ff36&quot;,&quot;rtl&quot;:false,&quot;fractionNav&quot;:false,&quot;fade&quot;:false}\" dir=\"ltr\">\n\t<div class=\"elementor-slick-slider\">\n\n<div class=\"jet-carousel__item\">\n\t<div class=\"jet-carousel__item-inner\"><div class=\"jet-carousel__content\">\t\t<div data-elementor-type=\"section\" data-elementor-id=\"76665\" class=\"elementor elementor-76665\" data-elementor-post-type=\"elementor_library\">\n\t\t\t\t\t<section class=\"elementor-section elementor-top-section elementor-element elementor-element-8a39511 elementor-section-boxed elementor-section-height-default elementor-section-height-default\" data-id=\"8a39511\" data-element_type=\"section\" data-settings=\"{&quot;jet_parallax_layout_list&quot;:[]}\">\n\t\t\t\t\t\t<div class=\"elementor-container elementor-column-gap-default\">\n\t\t\t\t\t<div class=\"elementor-column elementor-col-50 elementor-top-column elementor-element elementor-element-154c9c35\" data-id=\"154c9c35\" data-element_type=\"column\">\n\t\t\t<div class=\"elementor-widget-wrap elementor-element-populated\">\n\t\t\t\t\t\t<div class=\"elementor-element elementor-element-e49d3ba elementor-widget elementor-widget-image\" data-id=\"e49d3ba\" data-element_type=\"widget\" data-widget_type=\"image.default\">\n\t\t\t\t<div class=\"elementor-widget-container\">\n\t\t\t\t\t\t\t\t\t\t\t\t\t\t\t<img fetchpriority=\"high\" decoding=\"async\" width=\"800\" height=\"531\" src=\"https:\/\/museum-mb.si\/wp-content\/uploads\/2023\/11\/4.-sklop-foto-1-1024x680.jpg\" class=\"attachment-large size-large wp-image-76494\" alt=\"\" srcset=\"https:\/\/museum-mb.si\/wp-content\/uploads\/2023\/11\/4.-sklop-foto-1-1024x680.jpg 1024w, https:\/\/museum-mb.si\/wp-content\/uploads\/2023\/11\/4.-sklop-foto-1-300x199.jpg 300w, https:\/\/museum-mb.si\/wp-content\/uploads\/2023\/11\/4.-sklop-foto-1-768x510.jpg 768w, https:\/\/museum-mb.si\/wp-content\/uploads\/2023\/11\/4.-sklop-foto-1-1536x1020.jpg 1536w, https:\/\/museum-mb.si\/wp-content\/uploads\/2023\/11\/4.-sklop-foto-1-2048x1360.jpg 2048w, https:\/\/museum-mb.si\/wp-content\/uploads\/2023\/11\/4.-sklop-foto-1-18x12.jpg 18w\" sizes=\"(max-width: 800px) 100vw, 800px\" \/>\t\t\t\t\t\t\t\t\t\t\t\t\t\t\t<\/div>\n\t\t\t\t<\/div>\n\t\t\t\t<div class=\"elementor-element elementor-element-32cfae15 elementor-widget__width-initial elementor-widget elementor-widget-text-editor\" data-id=\"32cfae15\" data-element_type=\"widget\" data-widget_type=\"text-editor.default\">\n\t\t\t\t<div class=\"elementor-widget-container\">\n\t\t\t\t\t\t\t\t\tEngelskopf, 18. Jahrhundert, Wachs, H\u00f6he 15 cm, Inv. Nr. SVM 3071.<br>Provenienz: Ursulinenkloster in \u0160kofja Loka.\t\t\t\t\t\t\t\t<\/div>\n\t\t\t\t<\/div>\n\t\t\t\t\t<\/div>\n\t\t<\/div>\n\t\t\t\t<div class=\"elementor-column elementor-col-50 elementor-top-column elementor-element elementor-element-2d13630c\" data-id=\"2d13630c\" data-element_type=\"column\">\n\t\t\t<div class=\"elementor-widget-wrap elementor-element-populated\">\n\t\t\t\t\t\t<div class=\"elementor-element elementor-element-26d4688 elementor-widget__width-initial elementor-widget elementor-widget-text-editor\" data-id=\"26d4688\" data-element_type=\"widget\" data-widget_type=\"text-editor.default\">\n\t\t\t\t<div class=\"elementor-widget-container\">\n\t\t\t\t\t\t\t\t\t<p>Zu den \u00e4lteren Exemplaren geh\u00f6ren interessante Engelsk\u00f6pfe. Sie wurden h\u00f6chstwahrscheinlich schon zur Zeit der Klarissinnen von \u0160kofjelo hergestellt, zumindest im 18. Jahrhundert, wenn nicht sogar ein Jahrhundert fr\u00fcher. Der reliefierte Engelskopf mit Fl\u00fcgeln ist vollst\u00e4ndig aus Wachs gefertigt. Die Augen sind aus Glas. Die Haare, Augenbrauen, Lippen und Fl\u00fcgel, die urspr\u00fcnglich vergoldet waren, sind gemalt.<\/p>\t\t\t\t\t\t\t\t<\/div>\n\t\t\t\t<\/div>\n\t\t\t\t\t<\/div>\n\t\t<\/div>\n\t\t\t\t\t<\/div>\n\t\t<\/section>\n\t\t\t\t<\/div>\n\t\t<\/div><\/div>\n<\/div>\n\n<div class=\"jet-carousel__item\">\n\t<div class=\"jet-carousel__item-inner\"><div class=\"jet-carousel__content\">\t\t<div data-elementor-type=\"section\" data-elementor-id=\"76668\" class=\"elementor elementor-76668\" data-elementor-post-type=\"elementor_library\">\n\t\t\t\t\t<section class=\"elementor-section elementor-top-section elementor-element elementor-element-1865e19e elementor-section-boxed elementor-section-height-default elementor-section-height-default\" data-id=\"1865e19e\" data-element_type=\"section\" data-settings=\"{&quot;jet_parallax_layout_list&quot;:[]}\">\n\t\t\t\t\t\t<div class=\"elementor-container elementor-column-gap-default\">\n\t\t\t\t\t<div class=\"elementor-column elementor-col-50 elementor-top-column elementor-element elementor-element-4d34d19e\" data-id=\"4d34d19e\" data-element_type=\"column\">\n\t\t\t<div class=\"elementor-widget-wrap elementor-element-populated\">\n\t\t\t\t\t\t<div class=\"elementor-element elementor-element-277ce17e elementor-widget elementor-widget-image\" data-id=\"277ce17e\" data-element_type=\"widget\" data-widget_type=\"image.default\">\n\t\t\t\t<div class=\"elementor-widget-container\">\n\t\t\t\t\t\t\t\t\t\t\t\t\t\t\t<img decoding=\"async\" width=\"800\" height=\"587\" src=\"https:\/\/museum-mb.si\/wp-content\/uploads\/2023\/11\/4.-sklop-foto-2-1024x751.jpg\" class=\"attachment-large size-large wp-image-76495\" alt=\"\" srcset=\"https:\/\/museum-mb.si\/wp-content\/uploads\/2023\/11\/4.-sklop-foto-2-1024x751.jpg 1024w, https:\/\/museum-mb.si\/wp-content\/uploads\/2023\/11\/4.-sklop-foto-2-300x220.jpg 300w, https:\/\/museum-mb.si\/wp-content\/uploads\/2023\/11\/4.-sklop-foto-2-768x563.jpg 768w, https:\/\/museum-mb.si\/wp-content\/uploads\/2023\/11\/4.-sklop-foto-2-1536x1126.jpg 1536w, https:\/\/museum-mb.si\/wp-content\/uploads\/2023\/11\/4.-sklop-foto-2-2048x1501.jpg 2048w, https:\/\/museum-mb.si\/wp-content\/uploads\/2023\/11\/4.-sklop-foto-2-16x12.jpg 16w\" sizes=\"(max-width: 800px) 100vw, 800px\" \/>\t\t\t\t\t\t\t\t\t\t\t\t\t\t\t<\/div>\n\t\t\t\t<\/div>\n\t\t\t\t<div class=\"elementor-element elementor-element-27081042 elementor-widget__width-initial elementor-widget elementor-widget-text-editor\" data-id=\"27081042\" data-element_type=\"widget\" data-widget_type=\"text-editor.default\">\n\t\t\t\t<div class=\"elementor-widget-container\">\n\t\t\t\t\t\t\t\t\tToter Jesus Christus, 18. Jh., Wachs, Stoff, Holz, Glas, Kabinettgr\u00f6\u00dfe 21 x 23 x 10 cm, Inv. Nr. SVM 196.<br>Provenienz: unbekannt.\t\t\t\t\t\t\t\t<\/div>\n\t\t\t\t<\/div>\n\t\t\t\t\t<\/div>\n\t\t<\/div>\n\t\t\t\t<div class=\"elementor-column elementor-col-50 elementor-top-column elementor-element elementor-element-37f2f400\" data-id=\"37f2f400\" data-element_type=\"column\">\n\t\t\t<div class=\"elementor-widget-wrap elementor-element-populated\">\n\t\t\t\t\t\t<div class=\"elementor-element elementor-element-535a91f1 elementor-widget__width-initial elementor-widget elementor-widget-text-editor\" data-id=\"535a91f1\" data-element_type=\"widget\" data-widget_type=\"text-editor.default\">\n\t\t\t\t<div class=\"elementor-widget-container\">\n\t\t\t\t\t\t\t\t\t<p>Der tote Jesus Christus liegt in einem kleinen schwarzen Glaskasten auf einem roten Samtkissen, das mit wei\u00dfer Seide \u00fcberzogen ist. Die Figur ist aus Wachs gefertigt und eine sehr sch\u00f6ne Arbeit. Unter dem Kopf von Jesus Christus, der auf einem kleinen roten Samtkissen liegt, sind goldene Papierstrahlen zu sehen. An der R\u00fcckwand des Kabinetts befinden sich in der Mitte ein Medaillon mit dem \"Agnus Dei\" aus der Zeit von Papst Innozenz XII. (1691-1700) und Reliquien der M\u00e4rtyrerinnen St. Dorothea und St. Christina.<\/p>\t\t\t\t\t\t\t\t<\/div>\n\t\t\t\t<\/div>\n\t\t\t\t\t<\/div>\n\t\t<\/div>\n\t\t\t\t\t<\/div>\n\t\t<\/section>\n\t\t\t\t<\/div>\n\t\t<\/div><\/div>\n<\/div>\n\n<div class=\"jet-carousel__item\">\n\t<div class=\"jet-carousel__item-inner\"><div class=\"jet-carousel__content\">\t\t<div data-elementor-type=\"section\" data-elementor-id=\"76671\" class=\"elementor elementor-76671\" data-elementor-post-type=\"elementor_library\">\n\t\t\t\t\t<section class=\"elementor-section elementor-top-section elementor-element elementor-element-179c94f elementor-section-boxed elementor-section-height-default elementor-section-height-default\" data-id=\"179c94f\" data-element_type=\"section\" data-settings=\"{&quot;jet_parallax_layout_list&quot;:[]}\">\n\t\t\t\t\t\t<div class=\"elementor-container elementor-column-gap-default\">\n\t\t\t\t\t<div class=\"elementor-column elementor-col-50 elementor-top-column elementor-element elementor-element-22a06713\" data-id=\"22a06713\" data-element_type=\"column\">\n\t\t\t<div class=\"elementor-widget-wrap elementor-element-populated\">\n\t\t\t\t\t\t<div class=\"elementor-element elementor-element-9806929 elementor-widget elementor-widget-image\" data-id=\"9806929\" data-element_type=\"widget\" data-widget_type=\"image.default\">\n\t\t\t\t<div class=\"elementor-widget-container\">\n\t\t\t\t\t\t\t\t\t\t\t\t\t\t\t<img decoding=\"async\" width=\"800\" height=\"958\" src=\"https:\/\/museum-mb.si\/wp-content\/uploads\/2023\/11\/4.-sklop-foto-3-855x1024.jpg\" class=\"attachment-large size-large wp-image-76496\" alt=\"\" srcset=\"https:\/\/museum-mb.si\/wp-content\/uploads\/2023\/11\/4.-sklop-foto-3-855x1024.jpg 855w, https:\/\/museum-mb.si\/wp-content\/uploads\/2023\/11\/4.-sklop-foto-3-250x300.jpg 250w, https:\/\/museum-mb.si\/wp-content\/uploads\/2023\/11\/4.-sklop-foto-3-768x920.jpg 768w, https:\/\/museum-mb.si\/wp-content\/uploads\/2023\/11\/4.-sklop-foto-3-1282x1536.jpg 1282w, https:\/\/museum-mb.si\/wp-content\/uploads\/2023\/11\/4.-sklop-foto-3-10x12.jpg 10w, https:\/\/museum-mb.si\/wp-content\/uploads\/2023\/11\/4.-sklop-foto-3.jpg 1488w\" sizes=\"(max-width: 800px) 100vw, 800px\" \/>\t\t\t\t\t\t\t\t\t\t\t\t\t\t\t<\/div>\n\t\t\t\t<\/div>\n\t\t\t\t<div class=\"elementor-element elementor-element-7e092fa7 elementor-widget__width-initial elementor-widget elementor-widget-text-editor\" data-id=\"7e092fa7\" data-element_type=\"widget\" data-widget_type=\"text-editor.default\">\n\t\t\t\t<div class=\"elementor-widget-container\">\n\t\t\t\t\t\t\t\t\tJohannes der T\u00e4ufer, 18.-19. Jahrhundert, Wachs, Stoff, Holz, Glas, H\u00f6he der Figur 13 cm, Inventarnummer E-991\/2010.<br>Provenienz: Sammlung Kozlev\u010dar im Museum f\u00fcr das Christentum in Slowenien.\t\t\t\t\t\t\t\t<\/div>\n\t\t\t\t<\/div>\n\t\t\t\t\t<\/div>\n\t\t<\/div>\n\t\t\t\t<div class=\"elementor-column elementor-col-50 elementor-top-column elementor-element elementor-element-26c810d\" data-id=\"26c810d\" data-element_type=\"column\">\n\t\t\t<div class=\"elementor-widget-wrap elementor-element-populated\">\n\t\t\t\t\t\t<div class=\"elementor-element elementor-element-1ae217d2 elementor-widget__width-initial elementor-widget elementor-widget-text-editor\" data-id=\"1ae217d2\" data-element_type=\"widget\" data-widget_type=\"text-editor.default\">\n\t\t\t\t<div class=\"elementor-widget-container\">\n\t\t\t\t\t\t\t\t\t<p>Die Figur von Johannes dem T\u00e4ufer ist vollst\u00e4ndig aus Wachs gefertigt. Sie befindet sich in einem schwarzen, halbrunden Holzgeh\u00e4use zwischen dekorativen Papier- und Stoffblumen. Der Heilige ist in ein \"Schafsfell\" geh\u00fcllt. In der rechten Hand h\u00e4lt er einen Stab mit einem Kreuz, um das ein Band mit der Aufschrift \"Ecce Agnus Dei\" (Siehe, das Lamm Gottes) gewickelt ist. Sein linker Arm ist am Ellbogen angewinkelt, als ob er predigen w\u00fcrde. Das winzige Gesicht ist sehr detailliert ausgearbeitet. Die Augen, die Augenbrauen und der Mund sind gemalt. Die aus feinen Locken bestehende Frisur ist wahrscheinlich aus Wolle gefertigt. Neben Johannes dem T\u00e4ufer steht ein Schaf.<\/p>\t\t\t\t\t\t\t\t<\/div>\n\t\t\t\t<\/div>\n\t\t\t\t\t<\/div>\n\t\t<\/div>\n\t\t\t\t\t<\/div>\n\t\t<\/section>\n\t\t\t\t<\/div>\n\t\t<\/div><\/div>\n<\/div>\n\n<div class=\"jet-carousel__item\">\n\t<div class=\"jet-carousel__item-inner\"><div class=\"jet-carousel__content\">\t\t<div data-elementor-type=\"section\" data-elementor-id=\"76678\" class=\"elementor elementor-76678\" data-elementor-post-type=\"elementor_library\">\n\t\t\t\t\t<section class=\"elementor-section elementor-top-section elementor-element elementor-element-656ac179 elementor-section-boxed elementor-section-height-default elementor-section-height-default\" data-id=\"656ac179\" data-element_type=\"section\" data-settings=\"{&quot;jet_parallax_layout_list&quot;:[]}\">\n\t\t\t\t\t\t<div class=\"elementor-container elementor-column-gap-default\">\n\t\t\t\t\t<div class=\"elementor-column elementor-col-50 elementor-top-column elementor-element elementor-element-6d1f4332\" data-id=\"6d1f4332\" data-element_type=\"column\">\n\t\t\t<div class=\"elementor-widget-wrap elementor-element-populated\">\n\t\t\t\t\t\t<div class=\"elementor-element elementor-element-7e421122 elementor-widget elementor-widget-image\" data-id=\"7e421122\" data-element_type=\"widget\" data-widget_type=\"image.default\">\n\t\t\t\t<div class=\"elementor-widget-container\">\n\t\t\t\t\t\t\t\t\t\t\t\t\t\t\t<img loading=\"lazy\" decoding=\"async\" width=\"800\" height=\"531\" src=\"https:\/\/museum-mb.si\/wp-content\/uploads\/2023\/11\/4.-sklop-foto-4-1024x680.jpg\" class=\"attachment-large size-large wp-image-76497\" alt=\"\" srcset=\"https:\/\/museum-mb.si\/wp-content\/uploads\/2023\/11\/4.-sklop-foto-4-1024x680.jpg 1024w, https:\/\/museum-mb.si\/wp-content\/uploads\/2023\/11\/4.-sklop-foto-4-300x199.jpg 300w, https:\/\/museum-mb.si\/wp-content\/uploads\/2023\/11\/4.-sklop-foto-4-768x510.jpg 768w, https:\/\/museum-mb.si\/wp-content\/uploads\/2023\/11\/4.-sklop-foto-4-1536x1020.jpg 1536w, https:\/\/museum-mb.si\/wp-content\/uploads\/2023\/11\/4.-sklop-foto-4-2048x1360.jpg 2048w, https:\/\/museum-mb.si\/wp-content\/uploads\/2023\/11\/4.-sklop-foto-4-18x12.jpg 18w\" sizes=\"(max-width: 800px) 100vw, 800px\" \/>\t\t\t\t\t\t\t\t\t\t\t\t\t\t\t<\/div>\n\t\t\t\t<\/div>\n\t\t\t\t<div class=\"elementor-element elementor-element-d54f300 elementor-widget__width-initial elementor-widget elementor-widget-text-editor\" data-id=\"d54f300\" data-element_type=\"widget\" data-widget_type=\"text-editor.default\">\n\t\t\t\t<div class=\"elementor-widget-container\">\n\t\t\t\t\t\t\t\t\tGruppe von elf kleinen Engeln, erste H\u00e4lfte des 20. Jahrhunderts, Wachs, Stoff, Papier, H\u00f6he der Figuren 7-9 cm, geschaffen von Schwester \u0160tefana Bernik, acc. no. 2009-14-6. <br>Provenienz: Ursulinenkloster in \u0160kofja Loka.\t\t\t\t\t\t\t\t<\/div>\n\t\t\t\t<\/div>\n\t\t\t\t\t<\/div>\n\t\t<\/div>\n\t\t\t\t<div class=\"elementor-column elementor-col-50 elementor-top-column elementor-element elementor-element-1ab15805\" data-id=\"1ab15805\" data-element_type=\"column\">\n\t\t\t<div class=\"elementor-widget-wrap elementor-element-populated\">\n\t\t\t\t\t\t<div class=\"elementor-element elementor-element-1bcc2048 elementor-widget__width-initial elementor-widget elementor-widget-text-editor\" data-id=\"1bcc2048\" data-element_type=\"widget\" data-widget_type=\"text-editor.default\">\n\t\t\t\t<div class=\"elementor-widget-container\">\n\t\t\t\t\t\t\t\t\t<p>Von der Fantasie der Nonnen zeugen auch die zw\u00f6lf kleinen Engel, die die Ursuline Sr. \u0160tefana Bernik (1893-1965) als Christbaumschmuck angefertigt hat. Bei den Figuren, die um die Lenden mit farbigen Stoffst\u00fccken umwickelt sind und auf dem R\u00fccken Papierfl\u00fcgel haben, handelt es sich in Wirklichkeit um kleine liegende Jesuiten. Sie wurden in denselben Tonformen gegossen wie die Jesuiten.<span class=\"Apple-converted-space\">\u00a0<\/span><\/p>\t\t\t\t\t\t\t\t<\/div>\n\t\t\t\t<\/div>\n\t\t\t\t\t<\/div>\n\t\t<\/div>\n\t\t\t\t\t<\/div>\n\t\t<\/section>\n\t\t\t\t<\/div>\n\t\t<\/div><\/div>\n<\/div>\n<\/div><div class=\"jet-carousel__prev-arrow-478ff36 jet-arrow prev-arrow\"><i aria-hidden=\"true\" class=\"fas fa-angle-left\"><\/i><\/div><div class=\"jet-carousel__next-arrow-478ff36 jet-arrow next-arrow\"><i aria-hidden=\"true\" class=\"fas fa-angle-right\"><\/i><\/div><\/div>\n<\/div>\n<\/div>\t\t\t\t<\/div>\n\t\t\t\t<\/div>\n\t\t\t\t\t<\/div>\n\t\t<\/div>\n\t\t\t\t\t<\/div>\n\t\t<\/section>\n\t\t\t\t<\/div>","protected":false},"featured_media":76494,"template":"","vrsta":[45],"class_list":["post-76532","razstave","type-razstave","status-publish","has-post-thumbnail","hentry","vrsta-jesulus"],"yoast_head":"<!-- This site is optimized with the Yoast SEO plugin v27.5 - https:\/\/yoast.com\/product\/yoast-seo-wordpress\/ -->\n<title>DRUGE VO\u0160\u010cENE FIGURICE &#8211; Pokrajinski muzej Maribor<\/title>\n<meta name=\"robots\" content=\"index, follow, max-snippet:-1, max-image-preview:large, max-video-preview:-1\" \/>\n<link rel=\"canonical\" href=\"https:\/\/museum-mb.si\/de\/ausstellungen\/andere-gewachste-figuren\/\" \/>\n<meta property=\"og:locale\" content=\"de_DE\" \/>\n<meta property=\"og:type\" content=\"article\" \/>\n<meta property=\"og:title\" content=\"DRUGE VO\u0160\u010cENE FIGURICE &#8211; Pokrajinski muzej Maribor\" \/>\n<meta property=\"og:description\" content=\"RAZISKUJ JESULUS PRAGENSIS: PRA\u0160KI JEZU\u0160\u010cEK IN DRUGE VO\u0160\u010cENE FIGURE IZ MUZEJA KR\u0160\u010cANSTVA NA SLOVENSKEM Pro\u0161nja za Jezu\u0161\u010dkov blagoslov \u00bbO, ljubi, milostni Jezu\u0161\u010dek, ki v levici dr\u017ei\u0161 celi svet, z desnico pa blagoslavlja\u0161, blagoslovi tudi mene, blagoslovi vse, zlasti pa to \u2026, za kar te posebno prosim. Hvale\u017een ti bom za to in ti obljubim zvestobo [&hellip;]\" \/>\n<meta property=\"og:url\" content=\"https:\/\/museum-mb.si\/de\/ausstellungen\/andere-gewachste-figuren\/\" \/>\n<meta property=\"og:site_name\" content=\"Pokrajinski muzej Maribor\" \/>\n<meta property=\"article:publisher\" content=\"https:\/\/www.facebook.com\/pomum123\" \/>\n<meta property=\"article:modified_time\" content=\"2023-11-14T21:26:11+00:00\" \/>\n<meta property=\"og:image\" content=\"https:\/\/museum-mb.si\/wp-content\/uploads\/2023\/11\/4.-sklop-foto-1.jpg\" \/>\n\t<meta property=\"og:image:width\" content=\"2240\" \/>\n\t<meta property=\"og:image:height\" content=\"1488\" \/>\n\t<meta property=\"og:image:type\" content=\"image\/jpeg\" \/>\n<meta name=\"twitter:card\" content=\"summary_large_image\" \/>\n<meta name=\"twitter:label1\" content=\"Gesch\u00e4tzte Lesezeit\" \/>\n\t<meta name=\"twitter:data1\" content=\"2\u00a0Minuten\" \/>\n<script type=\"application\/ld+json\" class=\"yoast-schema-graph\">{\"@context\":\"https:\\\/\\\/schema.org\",\"@graph\":[{\"@type\":\"WebPage\",\"@id\":\"https:\\\/\\\/museum-mb.si\\\/razstave\\\/druge-voscene-figurice\\\/\",\"url\":\"https:\\\/\\\/museum-mb.si\\\/razstave\\\/druge-voscene-figurice\\\/\",\"name\":\"DRUGE VO\u0160\u010cENE FIGURICE &#8211; Pokrajinski muzej Maribor\",\"isPartOf\":{\"@id\":\"https:\\\/\\\/museum-mb.si\\\/#website\"},\"primaryImageOfPage\":{\"@id\":\"https:\\\/\\\/museum-mb.si\\\/razstave\\\/druge-voscene-figurice\\\/#primaryimage\"},\"image\":{\"@id\":\"https:\\\/\\\/museum-mb.si\\\/razstave\\\/druge-voscene-figurice\\\/#primaryimage\"},\"thumbnailUrl\":\"https:\\\/\\\/museum-mb.si\\\/wp-content\\\/uploads\\\/2023\\\/11\\\/4.-sklop-foto-1.jpg\",\"datePublished\":\"2023-11-14T19:49:23+00:00\",\"dateModified\":\"2023-11-14T21:26:11+00:00\",\"breadcrumb\":{\"@id\":\"https:\\\/\\\/museum-mb.si\\\/razstave\\\/druge-voscene-figurice\\\/#breadcrumb\"},\"inLanguage\":\"de\",\"potentialAction\":[{\"@type\":\"ReadAction\",\"target\":[\"https:\\\/\\\/museum-mb.si\\\/razstave\\\/druge-voscene-figurice\\\/\"]}]},{\"@type\":\"ImageObject\",\"inLanguage\":\"de\",\"@id\":\"https:\\\/\\\/museum-mb.si\\\/razstave\\\/druge-voscene-figurice\\\/#primaryimage\",\"url\":\"https:\\\/\\\/museum-mb.si\\\/wp-content\\\/uploads\\\/2023\\\/11\\\/4.-sklop-foto-1.jpg\",\"contentUrl\":\"https:\\\/\\\/museum-mb.si\\\/wp-content\\\/uploads\\\/2023\\\/11\\\/4.-sklop-foto-1.jpg\",\"width\":2240,\"height\":1488},{\"@type\":\"BreadcrumbList\",\"@id\":\"https:\\\/\\\/museum-mb.si\\\/razstave\\\/druge-voscene-figurice\\\/#breadcrumb\",\"itemListElement\":[{\"@type\":\"ListItem\",\"position\":1,\"name\":\"Domov\",\"item\":\"https:\\\/\\\/museum-mb.si\\\/\"},{\"@type\":\"ListItem\",\"position\":2,\"name\":\"Razstave\",\"item\":\"https:\\\/\\\/museum-mb.si\\\/razstave\\\/\"},{\"@type\":\"ListItem\",\"position\":3,\"name\":\"DRUGE VO\u0160\u010cENE FIGURICE\"}]},{\"@type\":\"WebSite\",\"@id\":\"https:\\\/\\\/museum-mb.si\\\/#website\",\"url\":\"https:\\\/\\\/museum-mb.si\\\/\",\"name\":\"Pokrajinski muzej Maribor\",\"description\":\"\",\"publisher\":{\"@id\":\"https:\\\/\\\/museum-mb.si\\\/#organization\"},\"potentialAction\":[{\"@type\":\"SearchAction\",\"target\":{\"@type\":\"EntryPoint\",\"urlTemplate\":\"https:\\\/\\\/museum-mb.si\\\/?s={search_term_string}\"},\"query-input\":{\"@type\":\"PropertyValueSpecification\",\"valueRequired\":true,\"valueName\":\"search_term_string\"}}],\"inLanguage\":\"de\"},{\"@type\":\"Organization\",\"@id\":\"https:\\\/\\\/museum-mb.si\\\/#organization\",\"name\":\"Pokrajinski muzej Maribor\",\"url\":\"https:\\\/\\\/museum-mb.si\\\/\",\"logo\":{\"@type\":\"ImageObject\",\"inLanguage\":\"de\",\"@id\":\"https:\\\/\\\/museum-mb.si\\\/#\\\/schema\\\/logo\\\/image\\\/\",\"url\":\"https:\\\/\\\/museum-mb.si\\\/wp-content\\\/uploads\\\/2024\\\/12\\\/pmm_logo_barvni_jpeg.jpg\",\"contentUrl\":\"https:\\\/\\\/museum-mb.si\\\/wp-content\\\/uploads\\\/2024\\\/12\\\/pmm_logo_barvni_jpeg.jpg\",\"width\":758,\"height\":754,\"caption\":\"Pokrajinski muzej Maribor\"},\"image\":{\"@id\":\"https:\\\/\\\/museum-mb.si\\\/#\\\/schema\\\/logo\\\/image\\\/\"},\"sameAs\":[\"https:\\\/\\\/www.facebook.com\\\/pomum123\",\"https:\\\/\\\/www.instagram.com\\\/maribor_museum\\\/\",\"https:\\\/\\\/www.youtube.com\\\/channel\\\/UCdshtCrun841Oc-35tYLBGQ\"]}]}<\/script>\n<!-- \/ Yoast SEO plugin. -->","yoast_head_json":{"title":"DRUGE VO\u0160\u010cENE FIGURICE &#8211; Pokrajinski muzej Maribor","robots":{"index":"index","follow":"follow","max-snippet":"max-snippet:-1","max-image-preview":"max-image-preview:large","max-video-preview":"max-video-preview:-1"},"canonical":"https:\/\/museum-mb.si\/de\/ausstellungen\/andere-gewachste-figuren\/","og_locale":"de_DE","og_type":"article","og_title":"DRUGE VO\u0160\u010cENE FIGURICE &#8211; Pokrajinski muzej Maribor","og_description":"RAZISKUJ JESULUS PRAGENSIS: PRA\u0160KI JEZU\u0160\u010cEK IN DRUGE VO\u0160\u010cENE FIGURE IZ MUZEJA KR\u0160\u010cANSTVA NA SLOVENSKEM Pro\u0161nja za Jezu\u0161\u010dkov blagoslov \u00bbO, ljubi, milostni Jezu\u0161\u010dek, ki v levici dr\u017ei\u0161 celi svet, z desnico pa blagoslavlja\u0161, blagoslovi tudi mene, blagoslovi vse, zlasti pa to \u2026, za kar te posebno prosim. Hvale\u017een ti bom za to in ti obljubim zvestobo [&hellip;]","og_url":"https:\/\/museum-mb.si\/de\/ausstellungen\/andere-gewachste-figuren\/","og_site_name":"Pokrajinski muzej Maribor","article_publisher":"https:\/\/www.facebook.com\/pomum123","article_modified_time":"2023-11-14T21:26:11+00:00","og_image":[{"width":2240,"height":1488,"url":"https:\/\/museum-mb.si\/wp-content\/uploads\/2023\/11\/4.-sklop-foto-1.jpg","type":"image\/jpeg"}],"twitter_card":"summary_large_image","twitter_misc":{"Gesch\u00e4tzte Lesezeit":"2\u00a0Minuten"},"schema":{"@context":"https:\/\/schema.org","@graph":[{"@type":"WebPage","@id":"https:\/\/museum-mb.si\/razstave\/druge-voscene-figurice\/","url":"https:\/\/museum-mb.si\/razstave\/druge-voscene-figurice\/","name":"DRUGE VO\u0160\u010cENE FIGURICE &#8211; Pokrajinski muzej Maribor","isPartOf":{"@id":"https:\/\/museum-mb.si\/#website"},"primaryImageOfPage":{"@id":"https:\/\/museum-mb.si\/razstave\/druge-voscene-figurice\/#primaryimage"},"image":{"@id":"https:\/\/museum-mb.si\/razstave\/druge-voscene-figurice\/#primaryimage"},"thumbnailUrl":"https:\/\/museum-mb.si\/wp-content\/uploads\/2023\/11\/4.-sklop-foto-1.jpg","datePublished":"2023-11-14T19:49:23+00:00","dateModified":"2023-11-14T21:26:11+00:00","breadcrumb":{"@id":"https:\/\/museum-mb.si\/razstave\/druge-voscene-figurice\/#breadcrumb"},"inLanguage":"de","potentialAction":[{"@type":"ReadAction","target":["https:\/\/museum-mb.si\/razstave\/druge-voscene-figurice\/"]}]},{"@type":"ImageObject","inLanguage":"de","@id":"https:\/\/museum-mb.si\/razstave\/druge-voscene-figurice\/#primaryimage","url":"https:\/\/museum-mb.si\/wp-content\/uploads\/2023\/11\/4.-sklop-foto-1.jpg","contentUrl":"https:\/\/museum-mb.si\/wp-content\/uploads\/2023\/11\/4.-sklop-foto-1.jpg","width":2240,"height":1488},{"@type":"BreadcrumbList","@id":"https:\/\/museum-mb.si\/razstave\/druge-voscene-figurice\/#breadcrumb","itemListElement":[{"@type":"ListItem","position":1,"name":"Domov","item":"https:\/\/museum-mb.si\/"},{"@type":"ListItem","position":2,"name":"Razstave","item":"https:\/\/museum-mb.si\/razstave\/"},{"@type":"ListItem","position":3,"name":"DRUGE VO\u0160\u010cENE FIGURICE"}]},{"@type":"WebSite","@id":"https:\/\/museum-mb.si\/#website","url":"https:\/\/museum-mb.si\/","name":"Regionalmuseum Maribor","description":"","publisher":{"@id":"https:\/\/museum-mb.si\/#organization"},"potentialAction":[{"@type":"SearchAction","target":{"@type":"EntryPoint","urlTemplate":"https:\/\/museum-mb.si\/?s={search_term_string}"},"query-input":{"@type":"PropertyValueSpecification","valueRequired":true,"valueName":"search_term_string"}}],"inLanguage":"de"},{"@type":"Organization","@id":"https:\/\/museum-mb.si\/#organization","name":"Regionalmuseum Maribor","url":"https:\/\/museum-mb.si\/","logo":{"@type":"ImageObject","inLanguage":"de","@id":"https:\/\/museum-mb.si\/#\/schema\/logo\/image\/","url":"https:\/\/museum-mb.si\/wp-content\/uploads\/2024\/12\/pmm_logo_barvni_jpeg.jpg","contentUrl":"https:\/\/museum-mb.si\/wp-content\/uploads\/2024\/12\/pmm_logo_barvni_jpeg.jpg","width":758,"height":754,"caption":"Pokrajinski muzej Maribor"},"image":{"@id":"https:\/\/museum-mb.si\/#\/schema\/logo\/image\/"},"sameAs":["https:\/\/www.facebook.com\/pomum123","https:\/\/www.instagram.com\/maribor_museum\/","https:\/\/www.youtube.com\/channel\/UCdshtCrun841Oc-35tYLBGQ"]}]}},"_links":{"self":[{"href":"https:\/\/museum-mb.si\/de\/wp-json\/wp\/v2\/razstave\/76532","targetHints":{"allow":["GET"]}}],"collection":[{"href":"https:\/\/museum-mb.si\/de\/wp-json\/wp\/v2\/razstave"}],"about":[{"href":"https:\/\/museum-mb.si\/de\/wp-json\/wp\/v2\/types\/razstave"}],"version-history":[{"count":5,"href":"https:\/\/museum-mb.si\/de\/wp-json\/wp\/v2\/razstave\/76532\/revisions"}],"predecessor-version":[{"id":76688,"href":"https:\/\/museum-mb.si\/de\/wp-json\/wp\/v2\/razstave\/76532\/revisions\/76688"}],"wp:featuredmedia":[{"embeddable":true,"href":"https:\/\/museum-mb.si\/de\/wp-json\/wp\/v2\/media\/76494"}],"wp:attachment":[{"href":"https:\/\/museum-mb.si\/de\/wp-json\/wp\/v2\/media?parent=76532"}],"wp:term":[{"taxonomy":"vrsta","embeddable":true,"href":"https:\/\/museum-mb.si\/de\/wp-json\/wp\/v2\/vrsta?post=76532"}],"curies":[{"name":"wp","href":"https:\/\/api.w.org\/{rel}","templated":true}]}}