{"id":76527,"date":"2023-11-14T20:48:24","date_gmt":"2023-11-14T19:48:24","guid":{"rendered":"https:\/\/museum-mb.si\/?post_type=razstave&#038;p=76527"},"modified":"2023-11-14T22:35:21","modified_gmt":"2023-11-14T21:35:21","slug":"das-wunderbare-jesuzsucek-praski-vom-ehemaligen-ursulinen-kloster-in-skofja-loki","status":"publish","type":"razstave","link":"https:\/\/museum-mb.si\/de\/ausstellungen\/das-wunderbare-jesuzsucek-praski-vom-ehemaligen-ursulinen-kloster-in-skofja-loki\/","title":{"rendered":"DER KLEINE WUNDERT\u00c4TIGE PRAG-JESUIT AUS DEM EHEMALIGEN URSULINENKLOSTER IN \u0160KOFJA LOKA"},"content":{"rendered":"<div data-elementor-type=\"wp-post\" data-elementor-id=\"76527\" class=\"elementor elementor-76527\" data-elementor-post-type=\"razstave\">\n\t\t\t\t\t\t<section class=\"elementor-section elementor-top-section elementor-element elementor-element-517458ee elementor-section-height-min-height elementor-section-stretched elementor-section-boxed elementor-section-height-default elementor-section-items-middle\" data-id=\"517458ee\" data-element_type=\"section\" data-settings=\"{&quot;stretch_section&quot;:&quot;section-stretched&quot;,&quot;jet_parallax_layout_list&quot;:[],&quot;background_background&quot;:&quot;classic&quot;}\">\n\t\t\t\t\t\t\t<div class=\"elementor-background-overlay\"><\/div>\n\t\t\t\t\t\t\t<div class=\"elementor-container elementor-column-gap-default\">\n\t\t\t\t\t<div class=\"elementor-column elementor-col-100 elementor-top-column elementor-element elementor-element-430a99ca\" data-id=\"430a99ca\" data-element_type=\"column\">\n\t\t\t<div class=\"elementor-widget-wrap elementor-element-populated\">\n\t\t\t\t\t\t<div class=\"elementor-element elementor-element-3db448f0 elementor-widget elementor-widget-text-editor\" data-id=\"3db448f0\" data-element_type=\"widget\" data-widget_type=\"text-editor.default\">\n\t\t\t\t<div class=\"elementor-widget-container\">\n\t\t\t\t\t\t\t\t\t<p>ANZEIGE<\/p>\t\t\t\t\t\t\t\t<\/div>\n\t\t\t\t<\/div>\n\t\t\t\t<div class=\"elementor-element elementor-element-529ceeca elementor-widget__width-initial elementor-widget elementor-widget-heading\" data-id=\"529ceeca\" data-element_type=\"widget\" data-widget_type=\"heading.default\">\n\t\t\t\t<div class=\"elementor-widget-container\">\n\t\t\t\t\t<h2 class=\"elementor-heading-title elementor-size-default\">JESULUS PRAGENSIS: <br>DER KLEINE JESUS VON PRAG UND ANDERE WACHSFIGUREN AUS DEM CHRISTLICHEN MUSEUM IN SLOWENIEN <\/h2>\t\t\t\t<\/div>\n\t\t\t\t<\/div>\n\t\t\t\t<div class=\"elementor-element elementor-element-65ccc9bc elementor-widget__width-initial elementor-widget elementor-widget-text-editor\" data-id=\"65ccc9bc\" data-element_type=\"widget\" data-widget_type=\"text-editor.default\">\n\t\t\t\t<div class=\"elementor-widget-container\">\n\t\t\t\t\t\t\t\t\t<b>Jesus um seinen Segen bitten<\/b><br>\n\"O lieber, gn\u00e4diger Jesus, der du die ganze Welt in deiner linken Hand h\u00e4ltst und sie mit deiner rechten segnest, segne auch mich, segne alles, und besonders dies..., worum ich dich besonders bitte. Ich danke dir daf\u00fcr und verspreche dir meine Treue bis zu meinem letzten Atemzug. Amen\".\n<br><b>\nVer\u00f6ffentlicht in:<\/b> P. Herman Koneberg, Das gn\u00e4dige Jesuskind in der Kirche Unserer Lieben Frau vom Siege in Prag und seine Anbetung, Nachruf von P. Hyacint \u0160ega, Ljubljana: Franziskanerkloster, 1898, S. 125.\t\t\t\t\t\t\t\t<\/div>\n\t\t\t\t<\/div>\n\t\t\t\t\t<\/div>\n\t\t<\/div>\n\t\t\t\t\t<\/div>\n\t\t<\/section>\n\t\t\t\t<section class=\"elementor-section elementor-top-section elementor-element elementor-element-26397d6a elementor-section-boxed elementor-section-height-default elementor-section-height-default\" data-id=\"26397d6a\" data-element_type=\"section\" data-settings=\"{&quot;jet_parallax_layout_list&quot;:[]}\">\n\t\t\t\t\t\t<div class=\"elementor-container elementor-column-gap-default\">\n\t\t\t\t\t<div class=\"elementor-column elementor-col-100 elementor-top-column elementor-element elementor-element-66c19814\" data-id=\"66c19814\" data-element_type=\"column\">\n\t\t\t<div class=\"elementor-widget-wrap elementor-element-populated\">\n\t\t\t\t\t\t<div class=\"elementor-element elementor-element-45ddcd9b elementor-widget__width-initial elementor-widget elementor-widget-spacer\" data-id=\"45ddcd9b\" data-element_type=\"widget\" data-widget_type=\"spacer.default\">\n\t\t\t\t<div class=\"elementor-widget-container\">\n\t\t\t\t\t\t\t<div class=\"elementor-spacer\">\n\t\t\t<div class=\"elementor-spacer-inner\"><\/div>\n\t\t<\/div>\n\t\t\t\t\t\t<\/div>\n\t\t\t\t<\/div>\n\t\t\t\t\t<\/div>\n\t\t<\/div>\n\t\t\t\t\t<\/div>\n\t\t<\/section>\n\t\t\t\t<section class=\"elementor-section elementor-top-section elementor-element elementor-element-3752b273 elementor-section-boxed elementor-section-height-default elementor-section-height-default\" data-id=\"3752b273\" data-element_type=\"section\" data-settings=\"{&quot;jet_parallax_layout_list&quot;:[]}\">\n\t\t\t\t\t\t<div class=\"elementor-container elementor-column-gap-default\">\n\t\t\t\t\t<div class=\"elementor-column elementor-col-100 elementor-top-column elementor-element elementor-element-1823478f\" data-id=\"1823478f\" data-element_type=\"column\">\n\t\t\t<div class=\"elementor-widget-wrap elementor-element-populated\">\n\t\t\t\t\t\t<div class=\"elementor-element elementor-element-2f19cc8e elementor-widget elementor-widget-heading\" data-id=\"2f19cc8e\" data-element_type=\"widget\" data-widget_type=\"heading.default\">\n\t\t\t\t<div class=\"elementor-widget-container\">\n\t\t\t\t\t<h2 class=\"elementor-heading-title elementor-size-default\">\nDas wundert\u00e4tige Prager Jesuskind aus dem ehemaligen Ursulinenkloster in \u0160kofja Loka\n\n<\/h2>\t\t\t\t<\/div>\n\t\t\t\t<\/div>\n\t\t\t\t\t<\/div>\n\t\t<\/div>\n\t\t\t\t\t<\/div>\n\t\t<\/section>\n\t\t\t\t<section class=\"elementor-section elementor-top-section elementor-element elementor-element-ed7f452 elementor-section-boxed elementor-section-height-default elementor-section-height-default\" data-id=\"ed7f452\" data-element_type=\"section\" data-settings=\"{&quot;jet_parallax_layout_list&quot;:[]}\">\n\t\t\t\t\t\t<div class=\"elementor-container elementor-column-gap-default\">\n\t\t\t\t\t<div class=\"elementor-column elementor-col-100 elementor-top-column elementor-element elementor-element-467b7260\" data-id=\"467b7260\" data-element_type=\"column\">\n\t\t\t<div class=\"elementor-widget-wrap elementor-element-populated\">\n\t\t\t\t\t\t<div class=\"elementor-element elementor-element-2f51bbaf elementor-widget elementor-widget-jet-carousel\" data-id=\"2f51bbaf\" data-element_type=\"widget\" data-settings=\"{&quot;slides_to_show&quot;:&quot;1&quot;,&quot;slides_to_show_mobile&quot;:&quot;1&quot;,&quot;slides_to_scroll_mobile&quot;:&quot;1&quot;,&quot;slides_to_scroll&quot;:&quot;1&quot;}\" data-widget_type=\"jet-carousel.default\">\n\t\t\t\t<div class=\"elementor-widget-container\">\n\t\t\t\t\t<div class=\"elementor-jet-carousel jet-elements\"><div class=\"jet-carousel-wrap jet-equal-cols\">\n\t<div class=\"jet-carousel\" data-slider_options=\"{&quot;autoplaySpeed&quot;:5000,&quot;autoplay&quot;:false,&quot;infinite&quot;:true,&quot;centerMode&quot;:false,&quot;centerPadding&quot;:&quot;50px&quot;,&quot;pauseOnHover&quot;:false,&quot;speed&quot;:500,&quot;arrows&quot;:true,&quot;dots&quot;:false,&quot;variableWidth&quot;:false,&quot;prevArrow&quot;:&quot;.jet-carousel__prev-arrow-2f51bbaf&quot;,&quot;nextArrow&quot;:&quot;.jet-carousel__next-arrow-2f51bbaf&quot;,&quot;rtl&quot;:false,&quot;fractionNav&quot;:false,&quot;fade&quot;:false}\" dir=\"ltr\">\n\t<div class=\"elementor-slick-slider\">\n\n<div class=\"jet-carousel__item\">\n\t<div class=\"jet-carousel__item-inner\"><div class=\"jet-carousel__content\">\t\t<div data-elementor-type=\"section\" data-elementor-id=\"76638\" class=\"elementor elementor-76638\" data-elementor-post-type=\"elementor_library\">\n\t\t\t\t\t<section class=\"elementor-section elementor-top-section elementor-element elementor-element-2e05214 elementor-section-boxed elementor-section-height-default elementor-section-height-default\" data-id=\"2e05214\" data-element_type=\"section\" data-settings=\"{&quot;jet_parallax_layout_list&quot;:[]}\">\n\t\t\t\t\t\t<div class=\"elementor-container elementor-column-gap-default\">\n\t\t\t\t\t<div class=\"elementor-column elementor-col-50 elementor-top-column elementor-element elementor-element-70c122d\" data-id=\"70c122d\" data-element_type=\"column\">\n\t\t\t<div class=\"elementor-widget-wrap elementor-element-populated\">\n\t\t\t\t\t\t<div class=\"elementor-element elementor-element-43b6df9b elementor-widget elementor-widget-image\" data-id=\"43b6df9b\" data-element_type=\"widget\" data-widget_type=\"image.default\">\n\t\t\t\t<div class=\"elementor-widget-container\">\n\t\t\t\t\t\t\t\t\t\t\t\t\t\t\t<img fetchpriority=\"high\" decoding=\"async\" width=\"680\" height=\"1024\" src=\"https:\/\/museum-mb.si\/wp-content\/uploads\/2023\/11\/2.-sklop-foto-1-680x1024.jpg\" class=\"attachment-large size-large wp-image-76484\" alt=\"\" srcset=\"https:\/\/museum-mb.si\/wp-content\/uploads\/2023\/11\/2.-sklop-foto-1-680x1024.jpg 680w, https:\/\/museum-mb.si\/wp-content\/uploads\/2023\/11\/2.-sklop-foto-1-199x300.jpg 199w, https:\/\/museum-mb.si\/wp-content\/uploads\/2023\/11\/2.-sklop-foto-1-768x1156.jpg 768w, https:\/\/museum-mb.si\/wp-content\/uploads\/2023\/11\/2.-sklop-foto-1-1020x1536.jpg 1020w, https:\/\/museum-mb.si\/wp-content\/uploads\/2023\/11\/2.-sklop-foto-1-1360x2048.jpg 1360w, https:\/\/museum-mb.si\/wp-content\/uploads\/2023\/11\/2.-sklop-foto-1-8x12.jpg 8w, https:\/\/museum-mb.si\/wp-content\/uploads\/2023\/11\/2.-sklop-foto-1.jpg 1488w\" sizes=\"(max-width: 680px) 100vw, 680px\" \/>\t\t\t\t\t\t\t\t\t\t\t\t\t\t\t<\/div>\n\t\t\t\t<\/div>\n\t\t\t\t<div class=\"elementor-element elementor-element-11714d27 elementor-widget__width-initial elementor-widget elementor-widget-text-editor\" data-id=\"11714d27\" data-element_type=\"widget\" data-widget_type=\"text-editor.default\">\n\t\t\t\t<div class=\"elementor-widget-container\">\n\t\t\t\t\t\t\t\t\t<p class=\"p1\">Wundert\u00e4tiges Prager Christkind, Prag (?) oder Graz (?), 18. Jahrhundert, Wachs, Holz, Stoff, Glas, Metall, Haare, H\u00f6he der Figur 39 cm, Inventarnummer E-2080\/2010, Provenienz: Ursulinenkloster in \u0160kofja Loka.<\/p>\t\t\t\t\t\t\t\t<\/div>\n\t\t\t\t<\/div>\n\t\t\t\t\t<\/div>\n\t\t<\/div>\n\t\t\t\t<div class=\"elementor-column elementor-col-50 elementor-top-column elementor-element elementor-element-4b947ce0\" data-id=\"4b947ce0\" data-element_type=\"column\">\n\t\t\t<div class=\"elementor-widget-wrap elementor-element-populated\">\n\t\t\t\t\t\t<div class=\"elementor-element elementor-element-39ec8e5 elementor-widget__width-initial elementor-widget elementor-widget-text-editor\" data-id=\"39ec8e5\" data-element_type=\"widget\" data-widget_type=\"text-editor.default\">\n\t\t\t\t<div class=\"elementor-widget-container\">\n\t\t\t\t\t\t\t\t\t<p class=\"p1\">Der Jesuit von Prag (Jesulus Pragensis) ist eine 45 cm gro\u00dfe Wachsfigur. In der linken Hand h\u00e4lt er eine Weltkugel, mit der rechten Hand segnet er. Er ist in ein pr\u00e4chtiges Gewand gekleidet und tr\u00e4gt eine Krone auf dem Kopf. Der Prager Jesuit aus dem Ursulinenkloster des Bischofs von \u0160kofjelo ist dem originalen Prager Jesuiten der Gnade am \u00e4hnlichsten.<span class=\"Apple-converted-space\">\u00a0<\/span><\/p>\t\t\t\t\t\t\t\t<\/div>\n\t\t\t\t<\/div>\n\t\t\t\t\t<\/div>\n\t\t<\/div>\n\t\t\t\t\t<\/div>\n\t\t<\/section>\n\t\t\t\t<\/div>\n\t\t<\/div><\/div>\n<\/div>\n\n<div class=\"jet-carousel__item\">\n\t<div class=\"jet-carousel__item-inner\"><div class=\"jet-carousel__content\">\t\t<div data-elementor-type=\"section\" data-elementor-id=\"76689\" class=\"elementor elementor-76689\" data-elementor-post-type=\"elementor_library\">\n\t\t\t\t\t<section class=\"elementor-section elementor-top-section elementor-element elementor-element-7077bc4c elementor-section-boxed elementor-section-height-default elementor-section-height-default\" data-id=\"7077bc4c\" data-element_type=\"section\" data-settings=\"{&quot;jet_parallax_layout_list&quot;:[]}\">\n\t\t\t\t\t\t<div class=\"elementor-container elementor-column-gap-default\">\n\t\t\t\t\t<div class=\"elementor-column elementor-col-50 elementor-top-column elementor-element elementor-element-272762e3\" data-id=\"272762e3\" data-element_type=\"column\">\n\t\t\t<div class=\"elementor-widget-wrap elementor-element-populated\">\n\t\t\t\t\t\t<div class=\"elementor-element elementor-element-1c22b420 elementor-widget elementor-widget-image\" data-id=\"1c22b420\" data-element_type=\"widget\" data-widget_type=\"image.default\">\n\t\t\t\t<div class=\"elementor-widget-container\">\n\t\t\t\t\t\t\t\t\t\t\t\t\t\t\t<img decoding=\"async\" width=\"681\" height=\"1024\" src=\"https:\/\/museum-mb.si\/wp-content\/uploads\/2023\/11\/2.-sklop-foto-2-681x1024.jpg\" class=\"attachment-large size-large wp-image-76485\" alt=\"\" srcset=\"https:\/\/museum-mb.si\/wp-content\/uploads\/2023\/11\/2.-sklop-foto-2-681x1024.jpg 681w, https:\/\/museum-mb.si\/wp-content\/uploads\/2023\/11\/2.-sklop-foto-2-200x300.jpg 200w, https:\/\/museum-mb.si\/wp-content\/uploads\/2023\/11\/2.-sklop-foto-2-768x1155.jpg 768w, https:\/\/museum-mb.si\/wp-content\/uploads\/2023\/11\/2.-sklop-foto-2-8x12.jpg 8w, https:\/\/museum-mb.si\/wp-content\/uploads\/2023\/11\/2.-sklop-foto-2.jpg 800w\" sizes=\"(max-width: 681px) 100vw, 681px\" \/>\t\t\t\t\t\t\t\t\t\t\t\t\t\t\t<\/div>\n\t\t\t\t<\/div>\n\t\t\t\t<div class=\"elementor-element elementor-element-757eca5f elementor-widget__width-initial elementor-widget elementor-widget-text-editor\" data-id=\"757eca5f\" data-element_type=\"widget\" data-widget_type=\"text-editor.default\">\n\t\t\t\t<div class=\"elementor-widget-container\">\n\t\t\t\t\t\t\t\t\t<p class=\"p1\">Wundert\u00e4tiges Jesuskind, Prag (?) oder Graz (?), 18. Jahrhundert, Wachs, Holz, Stoff, Glas, Metall, Haare, H\u00f6he der Figur 39 cm, Inventarnummer E-2080\/2010.\u00a0<span style=\"letter-spacing: 0px;\"><br>Herkunft: das Ursulinenkloster in \u0160kofja Loka<\/span><\/p>\t\t\t\t\t\t\t\t<\/div>\n\t\t\t\t<\/div>\n\t\t\t\t\t<\/div>\n\t\t<\/div>\n\t\t\t\t<div class=\"elementor-column elementor-col-50 elementor-top-column elementor-element elementor-element-7fb937af\" data-id=\"7fb937af\" data-element_type=\"column\">\n\t\t\t<div class=\"elementor-widget-wrap elementor-element-populated\">\n\t\t\t\t\t\t<div class=\"elementor-element elementor-element-103f1b1d elementor-widget__width-initial elementor-widget elementor-widget-text-editor\" data-id=\"103f1b1d\" data-element_type=\"widget\" data-widget_type=\"text-editor.default\">\n\t\t\t\t<div class=\"elementor-widget-container\">\n\t\t\t\t\t\t\t\t\t<p class=\"p1\">Sie ist vollst\u00e4ndig aus einem \u00e4hnlichen gelblichen Wachs gefertigt und weist gemeinsame Merkmale an K\u00f6rper, Kopf und Gesicht auf. Eine flache Vertiefung an der Vorderseite des linken Fu\u00dfes mit den Resten eines nicht erhaltenen roten Wachssiegels weist darauf hin, dass die Echtheit dieser Statuette durch das Siegel best\u00e4tigt wurde.<\/p>\t\t\t\t\t\t\t\t<\/div>\n\t\t\t\t<\/div>\n\t\t\t\t\t<\/div>\n\t\t<\/div>\n\t\t\t\t\t<\/div>\n\t\t<\/section>\n\t\t\t\t<\/div>\n\t\t<\/div><\/div>\n<\/div>\n\n<div class=\"jet-carousel__item\">\n\t<div class=\"jet-carousel__item-inner\"><div class=\"jet-carousel__content\">\t\t<div data-elementor-type=\"section\" data-elementor-id=\"76705\" class=\"elementor elementor-76705\" data-elementor-post-type=\"elementor_library\">\n\t\t\t\t\t<section class=\"elementor-section elementor-top-section elementor-element elementor-element-1330f6c5 elementor-section-boxed elementor-section-height-default elementor-section-height-default\" data-id=\"1330f6c5\" data-element_type=\"section\" data-settings=\"{&quot;jet_parallax_layout_list&quot;:[]}\">\n\t\t\t\t\t\t<div class=\"elementor-container elementor-column-gap-default\">\n\t\t\t\t\t<div class=\"elementor-column elementor-col-50 elementor-top-column elementor-element elementor-element-5c006e30\" data-id=\"5c006e30\" data-element_type=\"column\">\n\t\t\t<div class=\"elementor-widget-wrap elementor-element-populated\">\n\t\t\t\t\t\t<div class=\"elementor-element elementor-element-4e8f2f5d elementor-widget elementor-widget-image\" data-id=\"4e8f2f5d\" data-element_type=\"widget\" data-widget_type=\"image.default\">\n\t\t\t\t<div class=\"elementor-widget-container\">\n\t\t\t\t\t\t\t\t\t\t\t\t\t\t\t<img decoding=\"async\" width=\"681\" height=\"1024\" src=\"https:\/\/museum-mb.si\/wp-content\/uploads\/2023\/11\/2.-sklop-foto-3-681x1024.jpg\" class=\"attachment-large size-large wp-image-76486\" alt=\"\" srcset=\"https:\/\/museum-mb.si\/wp-content\/uploads\/2023\/11\/2.-sklop-foto-3-681x1024.jpg 681w, https:\/\/museum-mb.si\/wp-content\/uploads\/2023\/11\/2.-sklop-foto-3-200x300.jpg 200w, https:\/\/museum-mb.si\/wp-content\/uploads\/2023\/11\/2.-sklop-foto-3-768x1155.jpg 768w, https:\/\/museum-mb.si\/wp-content\/uploads\/2023\/11\/2.-sklop-foto-3-8x12.jpg 8w, https:\/\/museum-mb.si\/wp-content\/uploads\/2023\/11\/2.-sklop-foto-3.jpg 800w\" sizes=\"(max-width: 681px) 100vw, 681px\" \/>\t\t\t\t\t\t\t\t\t\t\t\t\t\t\t<\/div>\n\t\t\t\t<\/div>\n\t\t\t\t<div class=\"elementor-element elementor-element-255a7994 elementor-widget__width-initial elementor-widget elementor-widget-text-editor\" data-id=\"255a7994\" data-element_type=\"widget\" data-widget_type=\"text-editor.default\">\n\t\t\t\t<div class=\"elementor-widget-container\">\n\t\t\t\t\t\t\t\t\t<p class=\"p1\">Der kleine Prager Jesus aus dem Ursulinenkloster in \u0160kofja Loka tr\u00e4gt mehrere Gew\u00e4nder. Das untere wei\u00dfe Kleid wurde bei der Restaurierung entdeckt.<\/p>\t\t\t\t\t\t\t\t<\/div>\n\t\t\t\t<\/div>\n\t\t\t\t\t<\/div>\n\t\t<\/div>\n\t\t\t\t<div class=\"elementor-column elementor-col-50 elementor-top-column elementor-element elementor-element-61a55afa\" data-id=\"61a55afa\" data-element_type=\"column\">\n\t\t\t<div class=\"elementor-widget-wrap elementor-element-populated\">\n\t\t\t\t\t\t<div class=\"elementor-element elementor-element-52e96259 elementor-widget__width-initial elementor-widget elementor-widget-text-editor\" data-id=\"52e96259\" data-element_type=\"widget\" data-widget_type=\"text-editor.default\">\n\t\t\t\t<div class=\"elementor-widget-container\">\n\t\t\t\t\t\t\t\t\t<p class=\"p1\">In der Chronik des Ursulinenklosters in \u0160kofja Loka hei\u00dft es:<i> \"Die Kirche beherbergt eine sch\u00f6ne Statue des Prager Jesuskindes aus der Zeit der Clarissa. Es wird erz\u00e4hlt, dass die Mutter Oberin in einer Zeit gro\u00dfer Not die kleine Statue in der Provianttruhe im \"Velbo\", wo die Schule untergebracht ist, versteckte und um Hilfe bat. Die Hilfe wurde ihr sofort gew\u00e4hrt, denn ein Herr in Ljubljana erfuhr von ihrer Not und schickte ihnen einen ganzen Einkaufswagen mit Lebensmitteln. Als die Leute davon erfuhren, begannen sie, Jesus inbr\u00fcnstig zu verehren und ihm verschiedene Gaben zu bringen, wie zum Beispiel: Kerzen, Eier, Butter.... Die verschiedenen Kleider des Jesuskindes, die die Klarissen f\u00fcr ihn anfertigten, sind noch immer erhalten, und die Statue des Jesuskindes ist noch immer nach der Kirchenzeit gekleidet: in Wei\u00df, Rot, Gr\u00fcn, Violett, Blau\".<\/i><span class=\"Apple-converted-space\">\u00a0<\/span><\/p>\t\t\t\t\t\t\t\t<\/div>\n\t\t\t\t<\/div>\n\t\t\t\t\t<\/div>\n\t\t<\/div>\n\t\t\t\t\t<\/div>\n\t\t<\/section>\n\t\t\t\t<\/div>\n\t\t<\/div><\/div>\n<\/div>\n\n<div class=\"jet-carousel__item\">\n\t<div class=\"jet-carousel__item-inner\"><div class=\"jet-carousel__content\">\t\t<div data-elementor-type=\"section\" data-elementor-id=\"76708\" class=\"elementor elementor-76708\" data-elementor-post-type=\"elementor_library\">\n\t\t\t\t\t<section class=\"elementor-section elementor-top-section elementor-element elementor-element-7d15416f elementor-section-boxed elementor-section-height-default elementor-section-height-default\" data-id=\"7d15416f\" data-element_type=\"section\" data-settings=\"{&quot;jet_parallax_layout_list&quot;:[]}\">\n\t\t\t\t\t\t<div class=\"elementor-container elementor-column-gap-default\">\n\t\t\t\t\t<div class=\"elementor-column elementor-col-50 elementor-top-column elementor-element elementor-element-3a8c5a53\" data-id=\"3a8c5a53\" data-element_type=\"column\">\n\t\t\t<div class=\"elementor-widget-wrap elementor-element-populated\">\n\t\t\t\t\t\t<div class=\"elementor-element elementor-element-fb0f40a elementor-widget elementor-widget-image\" data-id=\"fb0f40a\" data-element_type=\"widget\" data-widget_type=\"image.default\">\n\t\t\t\t<div class=\"elementor-widget-container\">\n\t\t\t\t\t\t\t\t\t\t\t\t\t\t\t<img loading=\"lazy\" decoding=\"async\" width=\"632\" height=\"1024\" src=\"https:\/\/museum-mb.si\/wp-content\/uploads\/2023\/11\/2.-sklop-foto-4-632x1024.jpg\" class=\"attachment-large size-large wp-image-76487\" alt=\"\" srcset=\"https:\/\/museum-mb.si\/wp-content\/uploads\/2023\/11\/2.-sklop-foto-4-632x1024.jpg 632w, https:\/\/museum-mb.si\/wp-content\/uploads\/2023\/11\/2.-sklop-foto-4-185x300.jpg 185w, https:\/\/museum-mb.si\/wp-content\/uploads\/2023\/11\/2.-sklop-foto-4-768x1245.jpg 768w, https:\/\/museum-mb.si\/wp-content\/uploads\/2023\/11\/2.-sklop-foto-4-948x1536.jpg 948w, https:\/\/museum-mb.si\/wp-content\/uploads\/2023\/11\/2.-sklop-foto-4-7x12.jpg 7w, https:\/\/museum-mb.si\/wp-content\/uploads\/2023\/11\/2.-sklop-foto-4.jpg 1231w\" sizes=\"(max-width: 632px) 100vw, 632px\" \/>\t\t\t\t\t\t\t\t\t\t\t\t\t\t\t<\/div>\n\t\t\t\t<\/div>\n\t\t\t\t<div class=\"elementor-element elementor-element-147a2d86 elementor-widget__width-initial elementor-widget elementor-widget-text-editor\" data-id=\"147a2d86\" data-element_type=\"widget\" data-widget_type=\"text-editor.default\">\n\t\t\t\t<div class=\"elementor-widget-container\">\n\t\t\t\t\t\t\t\t\t<p class=\"p1\">Ein Bild des Augsburger Kupferstechers Franz Karl Heissig aus der zweiten H\u00e4lfte des 18. Jahrhunderts mit einer Inschrift, die besagt, dass das wundert\u00e4tige Jesuskind, gewidmet dem<span class=\"Apple-converted-space\">\u00a0 <\/span>und vom Prager Original ber\u00fchrt, wird wahrscheinlich seit 1769 in der Kirche der Schwestern der heiligen Klara in \u0160kofja Loka verehrt: das Bildnis befindet sich im Nationalmuseum Sloweniens, Inv.-Nr. G-4200.<span class=\"Apple-converted-space\">\u00a0<\/span><\/p>\t\t\t\t\t\t\t\t<\/div>\n\t\t\t\t<\/div>\n\t\t\t\t\t<\/div>\n\t\t<\/div>\n\t\t\t\t<div class=\"elementor-column elementor-col-50 elementor-top-column elementor-element elementor-element-152f094a\" data-id=\"152f094a\" data-element_type=\"column\">\n\t\t\t<div class=\"elementor-widget-wrap elementor-element-populated\">\n\t\t\t\t\t\t<div class=\"elementor-element elementor-element-36e8e5fe elementor-widget__width-initial elementor-widget elementor-widget-text-editor\" data-id=\"36e8e5fe\" data-element_type=\"widget\" data-widget_type=\"text-editor.default\">\n\t\t\t\t<div class=\"elementor-widget-container\">\n\t\t\t\t\t\t\t\t\t<p class=\"p1\"><i>\"Dieses der Wollehrw\u00fcrdigen St. Clare Ordens<\/i> <i>Frauen Wunderth\u00e4tiges Iesu Kindlein im Prag<\/i> <i>Geweicht und am Original anger\u00fchrt wirdet in der Conventual Kirche der hochgemeldeten Frauen von 1769 Jahr eiffrigist verehrt in Crain Landt zu Bischoff Lagk. Auch dahier geweicht und anger\u00fchrt.\"<\/i><\/p><p class=\"p1\">Die Inschrift lautet in der \u00dcbersetzung:<span class=\"Apple-converted-space\">\u00a0<\/span><\/p><p class=\"p1\"><i>\"Dieses Wunderkind Jesus von den Hochw\u00fcrdigen Schwestern vom Orden der Heiligen Klara,<\/i><\/p><p class=\"p1\"><i>das in Prag geweiht wurde und das Original ber\u00fchrte, befindet sich im Kloster der<\/i><\/p><p class=\"p1\"><i>die Kirche der oben genannten Schwestern in \u0160kofja Loka in der Region Krain (Carniola)<span class=\"Apple-converted-space\">\u00a0<\/span><\/i><\/p><p class=\"p1\"><i>die h\u00f6chste Auszeichnung seit 1769.<\/i><\/p><p class=\"p1\"><i>An diesem Ort, geheiligt und ber\u00fchrt\".<\/i><\/p>\t\t\t\t\t\t\t\t<\/div>\n\t\t\t\t<\/div>\n\t\t\t\t\t<\/div>\n\t\t<\/div>\n\t\t\t\t\t<\/div>\n\t\t<\/section>\n\t\t\t\t<\/div>\n\t\t<\/div><\/div>\n<\/div>\n\n<div class=\"jet-carousel__item\">\n\t<div class=\"jet-carousel__item-inner\"><div class=\"jet-carousel__content\">\t\t<div data-elementor-type=\"section\" data-elementor-id=\"76713\" class=\"elementor elementor-76713\" data-elementor-post-type=\"elementor_library\">\n\t\t\t\t\t<section class=\"elementor-section elementor-top-section elementor-element elementor-element-793a4b42 elementor-section-boxed elementor-section-height-default elementor-section-height-default\" data-id=\"793a4b42\" data-element_type=\"section\" data-settings=\"{&quot;jet_parallax_layout_list&quot;:[]}\">\n\t\t\t\t\t\t<div class=\"elementor-container elementor-column-gap-default\">\n\t\t\t\t\t<div class=\"elementor-column elementor-col-50 elementor-top-column elementor-element elementor-element-7289554b\" data-id=\"7289554b\" data-element_type=\"column\">\n\t\t\t<div class=\"elementor-widget-wrap elementor-element-populated\">\n\t\t\t\t\t\t<div class=\"elementor-element elementor-element-3fbf764d elementor-widget elementor-widget-image\" data-id=\"3fbf764d\" data-element_type=\"widget\" data-widget_type=\"image.default\">\n\t\t\t\t<div class=\"elementor-widget-container\">\n\t\t\t\t\t\t\t\t\t\t\t\t\t\t\t<img loading=\"lazy\" decoding=\"async\" width=\"800\" height=\"532\" src=\"https:\/\/museum-mb.si\/wp-content\/uploads\/2023\/11\/2.-sklop-foto-5-1024x681.jpg\" class=\"attachment-large size-large wp-image-76488\" alt=\"\" srcset=\"https:\/\/museum-mb.si\/wp-content\/uploads\/2023\/11\/2.-sklop-foto-5-1024x681.jpg 1024w, https:\/\/museum-mb.si\/wp-content\/uploads\/2023\/11\/2.-sklop-foto-5-300x199.jpg 300w, https:\/\/museum-mb.si\/wp-content\/uploads\/2023\/11\/2.-sklop-foto-5-768x511.jpg 768w, https:\/\/museum-mb.si\/wp-content\/uploads\/2023\/11\/2.-sklop-foto-5-1536x1021.jpg 1536w, https:\/\/museum-mb.si\/wp-content\/uploads\/2023\/11\/2.-sklop-foto-5-2048x1362.jpg 2048w, https:\/\/museum-mb.si\/wp-content\/uploads\/2023\/11\/2.-sklop-foto-5-18x12.jpg 18w\" sizes=\"(max-width: 800px) 100vw, 800px\" \/>\t\t\t\t\t\t\t\t\t\t\t\t\t\t\t<\/div>\n\t\t\t\t<\/div>\n\t\t\t\t<div class=\"elementor-element elementor-element-46eedf9a elementor-widget__width-initial elementor-widget elementor-widget-text-editor\" data-id=\"46eedf9a\" data-element_type=\"widget\" data-widget_type=\"text-editor.default\">\n\t\t\t\t<div class=\"elementor-widget-container\">\n\t\t\t\t\t\t\t\t\t<p class=\"p1\">Detail eines reich bestickten Kleides f\u00fcr das Jesuskind aus Wachs, gestickt auf wei\u00dfer Seide mit Metall- und Seidenfaden von einer der Nonnen an der Wende vom 18. zum 19.<span class=\"Apple-converted-space\">\u00a0<\/span><\/p>\t\t\t\t\t\t\t\t<\/div>\n\t\t\t\t<\/div>\n\t\t\t\t\t<\/div>\n\t\t<\/div>\n\t\t\t\t<div class=\"elementor-column elementor-col-50 elementor-top-column elementor-element elementor-element-4a29fabb\" data-id=\"4a29fabb\" data-element_type=\"column\">\n\t\t\t<div class=\"elementor-widget-wrap elementor-element-populated\">\n\t\t\t\t\t\t<div class=\"elementor-element elementor-element-3ed2b783 elementor-widget__width-initial elementor-widget elementor-widget-text-editor\" data-id=\"3ed2b783\" data-element_type=\"widget\" data-widget_type=\"text-editor.default\">\n\t\t\t\t<div class=\"elementor-widget-container\">\n\t\t\t\t\t\t\t\t\t<p class=\"p1\">Die F\u00e4higkeit, solche Wachsfiguren herzustellen und Fr\u00f6mmigkeit zu verbreiten, wurde von Kloster zu Kloster weitergegeben. Dies war auch in Slowenien der Fall, wo wir wissen, dass die Klarissen, die Karmeliten und sp\u00e4ter die Ursulinen eine besondere Verehrung des Jesuskindes pflegten. Letztere hatten gro\u00dfes Vertrauen in das Prager Jesuskind, das sie in ihren Gebeten f\u00fcr die Gesundheit ihrer Sch\u00fcler in den Schulen empfahlen und um Priesterberufungen baten. Auch die Marienschwestern (Gesellschaft der Schwestern der wundert\u00e4tigen Jungfrau Maria) beteten zum Prager Jesulein und f\u00fcgten noch in den 1960er Jahren ihrem Gebet nach dem Mittagessen den Ausruf hinzu: \"Gn\u00e4diges Prager Jesulein, erbarme dich unser\"! Vielerorts ist das auch heute noch so.<\/p>\t\t\t\t\t\t\t\t<\/div>\n\t\t\t\t<\/div>\n\t\t\t\t\t<\/div>\n\t\t<\/div>\n\t\t\t\t\t<\/div>\n\t\t<\/section>\n\t\t\t\t<\/div>\n\t\t<\/div><\/div>\n<\/div>\n<\/div><div class=\"jet-carousel__prev-arrow-2f51bbaf jet-arrow prev-arrow\"><i aria-hidden=\"true\" class=\"fas fa-angle-left\"><\/i><\/div><div class=\"jet-carousel__next-arrow-2f51bbaf jet-arrow next-arrow\"><i aria-hidden=\"true\" class=\"fas fa-angle-right\"><\/i><\/div><\/div>\n<\/div>\n<\/div>\t\t\t\t<\/div>\n\t\t\t\t<\/div>\n\t\t\t\t\t<\/div>\n\t\t<\/div>\n\t\t\t\t\t<\/div>\n\t\t<\/section>\n\t\t\t\t<\/div>","protected":false},"featured_media":76484,"template":"","vrsta":[45],"class_list":["post-76527","razstave","type-razstave","status-publish","has-post-thumbnail","hentry","vrsta-jesulus"],"yoast_head":"<!-- This site is optimized with the Yoast SEO plugin v27.5 - https:\/\/yoast.com\/product\/yoast-seo-wordpress\/ -->\n<title>\u010cUDODELNI PRA\u0160KI JEZU\u0160\u010cEK IZ NEKDANJEGA UR\u0160ULINSKEGA SAMOSTANA V \u0160KOFJI LOKI &#8211; Pokrajinski muzej Maribor<\/title>\n<meta name=\"robots\" content=\"index, follow, max-snippet:-1, max-image-preview:large, max-video-preview:-1\" \/>\n<link rel=\"canonical\" href=\"https:\/\/museum-mb.si\/de\/ausstellungen\/das-wunderbare-jesuzsucek-praski-vom-ehemaligen-ursulinen-kloster-in-skofja-loki\/\" \/>\n<meta property=\"og:locale\" content=\"de_DE\" \/>\n<meta property=\"og:type\" content=\"article\" \/>\n<meta property=\"og:title\" content=\"\u010cUDODELNI PRA\u0160KI JEZU\u0160\u010cEK IZ NEKDANJEGA UR\u0160ULINSKEGA SAMOSTANA V \u0160KOFJI LOKI &#8211; Pokrajinski muzej Maribor\" \/>\n<meta property=\"og:description\" content=\"RAZISKUJ JESULUS PRAGENSIS: PRA\u0160KI JEZU\u0160\u010cEK IN DRUGE VO\u0160\u010cENE FIGURE IZ MUZEJA KR\u0160\u010cANSTVA NA SLOVENSKEM Pro\u0161nja za Jezu\u0161\u010dkov blagoslov \u00bbO, ljubi, milostni Jezu\u0161\u010dek, ki v levici dr\u017ei\u0161 celi svet, z desnico pa blagoslavlja\u0161, blagoslovi tudi mene, blagoslovi vse, zlasti pa to \u2026, za kar te posebno prosim. Hvale\u017een ti bom za to in ti obljubim zvestobo [&hellip;]\" \/>\n<meta property=\"og:url\" content=\"https:\/\/museum-mb.si\/de\/ausstellungen\/das-wunderbare-jesuzsucek-praski-vom-ehemaligen-ursulinen-kloster-in-skofja-loki\/\" \/>\n<meta property=\"og:site_name\" content=\"Pokrajinski muzej Maribor\" \/>\n<meta property=\"article:publisher\" content=\"https:\/\/www.facebook.com\/pomum123\" \/>\n<meta property=\"article:modified_time\" content=\"2023-11-14T21:35:21+00:00\" \/>\n<meta property=\"og:image\" content=\"https:\/\/museum-mb.si\/wp-content\/uploads\/2023\/11\/2.-sklop-foto-1.jpg\" \/>\n\t<meta property=\"og:image:width\" content=\"1488\" \/>\n\t<meta property=\"og:image:height\" content=\"2240\" \/>\n\t<meta property=\"og:image:type\" content=\"image\/jpeg\" \/>\n<meta name=\"twitter:card\" content=\"summary_large_image\" \/>\n<meta name=\"twitter:label1\" content=\"Gesch\u00e4tzte Lesezeit\" \/>\n\t<meta name=\"twitter:data1\" content=\"4\u00a0Minuten\" \/>\n<script type=\"application\/ld+json\" class=\"yoast-schema-graph\">{\"@context\":\"https:\\\/\\\/schema.org\",\"@graph\":[{\"@type\":\"WebPage\",\"@id\":\"https:\\\/\\\/museum-mb.si\\\/razstave\\\/cudodelni-praski-jezuscek-iz-nekdanjega-ursulinskega-samostana-v-skofji-loki\\\/\",\"url\":\"https:\\\/\\\/museum-mb.si\\\/razstave\\\/cudodelni-praski-jezuscek-iz-nekdanjega-ursulinskega-samostana-v-skofji-loki\\\/\",\"name\":\"\u010cUDODELNI PRA\u0160KI JEZU\u0160\u010cEK IZ NEKDANJEGA UR\u0160ULINSKEGA SAMOSTANA V \u0160KOFJI LOKI &#8211; Pokrajinski muzej Maribor\",\"isPartOf\":{\"@id\":\"https:\\\/\\\/museum-mb.si\\\/#website\"},\"primaryImageOfPage\":{\"@id\":\"https:\\\/\\\/museum-mb.si\\\/razstave\\\/cudodelni-praski-jezuscek-iz-nekdanjega-ursulinskega-samostana-v-skofji-loki\\\/#primaryimage\"},\"image\":{\"@id\":\"https:\\\/\\\/museum-mb.si\\\/razstave\\\/cudodelni-praski-jezuscek-iz-nekdanjega-ursulinskega-samostana-v-skofji-loki\\\/#primaryimage\"},\"thumbnailUrl\":\"https:\\\/\\\/museum-mb.si\\\/wp-content\\\/uploads\\\/2023\\\/11\\\/2.-sklop-foto-1.jpg\",\"datePublished\":\"2023-11-14T19:48:24+00:00\",\"dateModified\":\"2023-11-14T21:35:21+00:00\",\"breadcrumb\":{\"@id\":\"https:\\\/\\\/museum-mb.si\\\/razstave\\\/cudodelni-praski-jezuscek-iz-nekdanjega-ursulinskega-samostana-v-skofji-loki\\\/#breadcrumb\"},\"inLanguage\":\"de\",\"potentialAction\":[{\"@type\":\"ReadAction\",\"target\":[\"https:\\\/\\\/museum-mb.si\\\/razstave\\\/cudodelni-praski-jezuscek-iz-nekdanjega-ursulinskega-samostana-v-skofji-loki\\\/\"]}]},{\"@type\":\"ImageObject\",\"inLanguage\":\"de\",\"@id\":\"https:\\\/\\\/museum-mb.si\\\/razstave\\\/cudodelni-praski-jezuscek-iz-nekdanjega-ursulinskega-samostana-v-skofji-loki\\\/#primaryimage\",\"url\":\"https:\\\/\\\/museum-mb.si\\\/wp-content\\\/uploads\\\/2023\\\/11\\\/2.-sklop-foto-1.jpg\",\"contentUrl\":\"https:\\\/\\\/museum-mb.si\\\/wp-content\\\/uploads\\\/2023\\\/11\\\/2.-sklop-foto-1.jpg\",\"width\":1488,\"height\":2240},{\"@type\":\"BreadcrumbList\",\"@id\":\"https:\\\/\\\/museum-mb.si\\\/razstave\\\/cudodelni-praski-jezuscek-iz-nekdanjega-ursulinskega-samostana-v-skofji-loki\\\/#breadcrumb\",\"itemListElement\":[{\"@type\":\"ListItem\",\"position\":1,\"name\":\"Domov\",\"item\":\"https:\\\/\\\/museum-mb.si\\\/\"},{\"@type\":\"ListItem\",\"position\":2,\"name\":\"Razstave\",\"item\":\"https:\\\/\\\/museum-mb.si\\\/razstave\\\/\"},{\"@type\":\"ListItem\",\"position\":3,\"name\":\"\u010cUDODELNI PRA\u0160KI JEZU\u0160\u010cEK IZ NEKDANJEGA UR\u0160ULINSKEGA SAMOSTANA V \u0160KOFJI LOKI\"}]},{\"@type\":\"WebSite\",\"@id\":\"https:\\\/\\\/museum-mb.si\\\/#website\",\"url\":\"https:\\\/\\\/museum-mb.si\\\/\",\"name\":\"Pokrajinski muzej Maribor\",\"description\":\"\",\"publisher\":{\"@id\":\"https:\\\/\\\/museum-mb.si\\\/#organization\"},\"potentialAction\":[{\"@type\":\"SearchAction\",\"target\":{\"@type\":\"EntryPoint\",\"urlTemplate\":\"https:\\\/\\\/museum-mb.si\\\/?s={search_term_string}\"},\"query-input\":{\"@type\":\"PropertyValueSpecification\",\"valueRequired\":true,\"valueName\":\"search_term_string\"}}],\"inLanguage\":\"de\"},{\"@type\":\"Organization\",\"@id\":\"https:\\\/\\\/museum-mb.si\\\/#organization\",\"name\":\"Pokrajinski muzej Maribor\",\"url\":\"https:\\\/\\\/museum-mb.si\\\/\",\"logo\":{\"@type\":\"ImageObject\",\"inLanguage\":\"de\",\"@id\":\"https:\\\/\\\/museum-mb.si\\\/#\\\/schema\\\/logo\\\/image\\\/\",\"url\":\"https:\\\/\\\/museum-mb.si\\\/wp-content\\\/uploads\\\/2024\\\/12\\\/pmm_logo_barvni_jpeg.jpg\",\"contentUrl\":\"https:\\\/\\\/museum-mb.si\\\/wp-content\\\/uploads\\\/2024\\\/12\\\/pmm_logo_barvni_jpeg.jpg\",\"width\":758,\"height\":754,\"caption\":\"Pokrajinski muzej Maribor\"},\"image\":{\"@id\":\"https:\\\/\\\/museum-mb.si\\\/#\\\/schema\\\/logo\\\/image\\\/\"},\"sameAs\":[\"https:\\\/\\\/www.facebook.com\\\/pomum123\",\"https:\\\/\\\/www.instagram.com\\\/maribor_museum\\\/\",\"https:\\\/\\\/www.youtube.com\\\/channel\\\/UCdshtCrun841Oc-35tYLBGQ\"]}]}<\/script>\n<!-- \/ Yoast SEO plugin. -->","yoast_head_json":{"title":"EIN WUNDERBARES VOGELSCHMUCKST\u00dcCK AUS DEM EHEMALIGEN UR\u0160ULIN-MONSTERIUM IN \u0160KOFJA LOKI - Regionalmuseum Maribor","robots":{"index":"index","follow":"follow","max-snippet":"max-snippet:-1","max-image-preview":"max-image-preview:large","max-video-preview":"max-video-preview:-1"},"canonical":"https:\/\/museum-mb.si\/de\/ausstellungen\/das-wunderbare-jesuzsucek-praski-vom-ehemaligen-ursulinen-kloster-in-skofja-loki\/","og_locale":"de_DE","og_type":"article","og_title":"\u010cUDODELNI PRA\u0160KI JEZU\u0160\u010cEK IZ NEKDANJEGA UR\u0160ULINSKEGA SAMOSTANA V \u0160KOFJI LOKI &#8211; Pokrajinski muzej Maribor","og_description":"RAZISKUJ JESULUS PRAGENSIS: PRA\u0160KI JEZU\u0160\u010cEK IN DRUGE VO\u0160\u010cENE FIGURE IZ MUZEJA KR\u0160\u010cANSTVA NA SLOVENSKEM Pro\u0161nja za Jezu\u0161\u010dkov blagoslov \u00bbO, ljubi, milostni Jezu\u0161\u010dek, ki v levici dr\u017ei\u0161 celi svet, z desnico pa blagoslavlja\u0161, blagoslovi tudi mene, blagoslovi vse, zlasti pa to \u2026, za kar te posebno prosim. Hvale\u017een ti bom za to in ti obljubim zvestobo [&hellip;]","og_url":"https:\/\/museum-mb.si\/de\/ausstellungen\/das-wunderbare-jesuzsucek-praski-vom-ehemaligen-ursulinen-kloster-in-skofja-loki\/","og_site_name":"Pokrajinski muzej Maribor","article_publisher":"https:\/\/www.facebook.com\/pomum123","article_modified_time":"2023-11-14T21:35:21+00:00","og_image":[{"width":1488,"height":2240,"url":"https:\/\/museum-mb.si\/wp-content\/uploads\/2023\/11\/2.-sklop-foto-1.jpg","type":"image\/jpeg"}],"twitter_card":"summary_large_image","twitter_misc":{"Gesch\u00e4tzte Lesezeit":"4\u00a0Minuten"},"schema":{"@context":"https:\/\/schema.org","@graph":[{"@type":"WebPage","@id":"https:\/\/museum-mb.si\/razstave\/cudodelni-praski-jezuscek-iz-nekdanjega-ursulinskega-samostana-v-skofji-loki\/","url":"https:\/\/museum-mb.si\/razstave\/cudodelni-praski-jezuscek-iz-nekdanjega-ursulinskega-samostana-v-skofji-loki\/","name":"EIN WUNDERBARES VOGELSCHMUCKST\u00dcCK AUS DEM EHEMALIGEN UR\u0160ULIN-MONSTERIUM IN \u0160KOFJA LOKI - Regionalmuseum Maribor","isPartOf":{"@id":"https:\/\/museum-mb.si\/#website"},"primaryImageOfPage":{"@id":"https:\/\/museum-mb.si\/razstave\/cudodelni-praski-jezuscek-iz-nekdanjega-ursulinskega-samostana-v-skofji-loki\/#primaryimage"},"image":{"@id":"https:\/\/museum-mb.si\/razstave\/cudodelni-praski-jezuscek-iz-nekdanjega-ursulinskega-samostana-v-skofji-loki\/#primaryimage"},"thumbnailUrl":"https:\/\/museum-mb.si\/wp-content\/uploads\/2023\/11\/2.-sklop-foto-1.jpg","datePublished":"2023-11-14T19:48:24+00:00","dateModified":"2023-11-14T21:35:21+00:00","breadcrumb":{"@id":"https:\/\/museum-mb.si\/razstave\/cudodelni-praski-jezuscek-iz-nekdanjega-ursulinskega-samostana-v-skofji-loki\/#breadcrumb"},"inLanguage":"de","potentialAction":[{"@type":"ReadAction","target":["https:\/\/museum-mb.si\/razstave\/cudodelni-praski-jezuscek-iz-nekdanjega-ursulinskega-samostana-v-skofji-loki\/"]}]},{"@type":"ImageObject","inLanguage":"de","@id":"https:\/\/museum-mb.si\/razstave\/cudodelni-praski-jezuscek-iz-nekdanjega-ursulinskega-samostana-v-skofji-loki\/#primaryimage","url":"https:\/\/museum-mb.si\/wp-content\/uploads\/2023\/11\/2.-sklop-foto-1.jpg","contentUrl":"https:\/\/museum-mb.si\/wp-content\/uploads\/2023\/11\/2.-sklop-foto-1.jpg","width":1488,"height":2240},{"@type":"BreadcrumbList","@id":"https:\/\/museum-mb.si\/razstave\/cudodelni-praski-jezuscek-iz-nekdanjega-ursulinskega-samostana-v-skofji-loki\/#breadcrumb","itemListElement":[{"@type":"ListItem","position":1,"name":"Domov","item":"https:\/\/museum-mb.si\/"},{"@type":"ListItem","position":2,"name":"Razstave","item":"https:\/\/museum-mb.si\/razstave\/"},{"@type":"ListItem","position":3,"name":"\u010cUDODELNI PRA\u0160KI JEZU\u0160\u010cEK IZ NEKDANJEGA UR\u0160ULINSKEGA SAMOSTANA V \u0160KOFJI LOKI"}]},{"@type":"WebSite","@id":"https:\/\/museum-mb.si\/#website","url":"https:\/\/museum-mb.si\/","name":"Regionalmuseum Maribor","description":"","publisher":{"@id":"https:\/\/museum-mb.si\/#organization"},"potentialAction":[{"@type":"SearchAction","target":{"@type":"EntryPoint","urlTemplate":"https:\/\/museum-mb.si\/?s={search_term_string}"},"query-input":{"@type":"PropertyValueSpecification","valueRequired":true,"valueName":"search_term_string"}}],"inLanguage":"de"},{"@type":"Organization","@id":"https:\/\/museum-mb.si\/#organization","name":"Regionalmuseum Maribor","url":"https:\/\/museum-mb.si\/","logo":{"@type":"ImageObject","inLanguage":"de","@id":"https:\/\/museum-mb.si\/#\/schema\/logo\/image\/","url":"https:\/\/museum-mb.si\/wp-content\/uploads\/2024\/12\/pmm_logo_barvni_jpeg.jpg","contentUrl":"https:\/\/museum-mb.si\/wp-content\/uploads\/2024\/12\/pmm_logo_barvni_jpeg.jpg","width":758,"height":754,"caption":"Pokrajinski muzej Maribor"},"image":{"@id":"https:\/\/museum-mb.si\/#\/schema\/logo\/image\/"},"sameAs":["https:\/\/www.facebook.com\/pomum123","https:\/\/www.instagram.com\/maribor_museum\/","https:\/\/www.youtube.com\/channel\/UCdshtCrun841Oc-35tYLBGQ"]}]}},"_links":{"self":[{"href":"https:\/\/museum-mb.si\/de\/wp-json\/wp\/v2\/razstave\/76527","targetHints":{"allow":["GET"]}}],"collection":[{"href":"https:\/\/museum-mb.si\/de\/wp-json\/wp\/v2\/razstave"}],"about":[{"href":"https:\/\/museum-mb.si\/de\/wp-json\/wp\/v2\/types\/razstave"}],"version-history":[{"count":4,"href":"https:\/\/museum-mb.si\/de\/wp-json\/wp\/v2\/razstave\/76527\/revisions"}],"predecessor-version":[{"id":76718,"href":"https:\/\/museum-mb.si\/de\/wp-json\/wp\/v2\/razstave\/76527\/revisions\/76718"}],"wp:featuredmedia":[{"embeddable":true,"href":"https:\/\/museum-mb.si\/de\/wp-json\/wp\/v2\/media\/76484"}],"wp:attachment":[{"href":"https:\/\/museum-mb.si\/de\/wp-json\/wp\/v2\/media?parent=76527"}],"wp:term":[{"taxonomy":"vrsta","embeddable":true,"href":"https:\/\/museum-mb.si\/de\/wp-json\/wp\/v2\/vrsta?post=76527"}],"curies":[{"name":"wp","href":"https:\/\/api.w.org\/{rel}","templated":true}]}}