{"id":76519,"date":"2023-11-14T20:42:46","date_gmt":"2023-11-14T19:42:46","guid":{"rendered":"https:\/\/museum-mb.si\/?post_type=razstave&#038;p=76519"},"modified":"2023-11-14T21:44:42","modified_gmt":"2023-11-14T20:44:42","slug":"der-boden-von-jesus-daddy-jesus","status":"publish","type":"razstave","link":"https:\/\/museum-mb.si\/de\/ausstellungen\/der-boden-von-jesus-daddy-jesus\/","title":{"rendered":"ALLGEMEINES \u00dcBER DIE ANBETUNG DES JESUSKINDES"},"content":{"rendered":"<div data-elementor-type=\"wp-post\" data-elementor-id=\"76519\" class=\"elementor elementor-76519\" data-elementor-post-type=\"razstave\">\n\t\t\t\t\t\t<section class=\"elementor-section elementor-top-section elementor-element elementor-element-b440a5d elementor-section-height-min-height elementor-section-stretched elementor-section-boxed elementor-section-height-default elementor-section-items-middle\" data-id=\"b440a5d\" data-element_type=\"section\" data-settings=\"{&quot;stretch_section&quot;:&quot;section-stretched&quot;,&quot;jet_parallax_layout_list&quot;:[],&quot;background_background&quot;:&quot;classic&quot;}\">\n\t\t\t\t\t\t\t<div class=\"elementor-background-overlay\"><\/div>\n\t\t\t\t\t\t\t<div class=\"elementor-container elementor-column-gap-default\">\n\t\t\t\t\t<div class=\"elementor-column elementor-col-100 elementor-top-column elementor-element elementor-element-fc074a0\" data-id=\"fc074a0\" data-element_type=\"column\">\n\t\t\t<div class=\"elementor-widget-wrap elementor-element-populated\">\n\t\t\t\t\t\t<div class=\"elementor-element elementor-element-754ec86 elementor-widget elementor-widget-text-editor\" data-id=\"754ec86\" data-element_type=\"widget\" data-widget_type=\"text-editor.default\">\n\t\t\t\t<div class=\"elementor-widget-container\">\n\t\t\t\t\t\t\t\t\t<p>ANZEIGE<\/p>\t\t\t\t\t\t\t\t<\/div>\n\t\t\t\t<\/div>\n\t\t\t\t<div class=\"elementor-element elementor-element-9e28ec0 elementor-widget__width-initial elementor-widget elementor-widget-heading\" data-id=\"9e28ec0\" data-element_type=\"widget\" data-widget_type=\"heading.default\">\n\t\t\t\t<div class=\"elementor-widget-container\">\n\t\t\t\t\t<h2 class=\"elementor-heading-title elementor-size-default\">JESULUS PRAGENSIS: <br>DER KLEINE JESUS VON PRAG UND ANDERE WACHSFIGUREN AUS DEM CHRISTLICHEN MUSEUM IN SLOWENIEN <\/h2>\t\t\t\t<\/div>\n\t\t\t\t<\/div>\n\t\t\t\t<div class=\"elementor-element elementor-element-3cb03e7 elementor-widget__width-initial elementor-widget elementor-widget-text-editor\" data-id=\"3cb03e7\" data-element_type=\"widget\" data-widget_type=\"text-editor.default\">\n\t\t\t\t<div class=\"elementor-widget-container\">\n\t\t\t\t\t\t\t\t\t<b>Jesus um seinen Segen bitten<\/b><br>\n\"O lieber, gn\u00e4diger Jesus, der du die ganze Welt in deiner linken Hand h\u00e4ltst und sie mit deiner rechten segnest, segne auch mich, segne alles, und besonders dies..., worum ich dich besonders bitte. Ich danke dir daf\u00fcr und verspreche dir meine Treue bis zu meinem letzten Atemzug. Amen\".\n<br><b>\nVer\u00f6ffentlicht in:<\/b> P. Herman Koneberg, Das gn\u00e4dige Jesuskind in der Kirche Unserer Lieben Frau vom Siege in Prag und seine Anbetung, Nachruf von P. Hyacint \u0160ega, Ljubljana: Franziskanerkloster, 1898, S. 125.\t\t\t\t\t\t\t\t<\/div>\n\t\t\t\t<\/div>\n\t\t\t\t\t<\/div>\n\t\t<\/div>\n\t\t\t\t\t<\/div>\n\t\t<\/section>\n\t\t\t\t<section class=\"elementor-section elementor-top-section elementor-element elementor-element-396fbc3 elementor-section-boxed elementor-section-height-default elementor-section-height-default\" data-id=\"396fbc3\" data-element_type=\"section\" data-settings=\"{&quot;jet_parallax_layout_list&quot;:[]}\">\n\t\t\t\t\t\t<div class=\"elementor-container elementor-column-gap-default\">\n\t\t\t\t\t<div class=\"elementor-column elementor-col-100 elementor-top-column elementor-element elementor-element-3fab4ef\" data-id=\"3fab4ef\" data-element_type=\"column\">\n\t\t\t<div class=\"elementor-widget-wrap elementor-element-populated\">\n\t\t\t\t\t\t<div class=\"elementor-element elementor-element-b944965 elementor-widget__width-initial elementor-widget elementor-widget-spacer\" data-id=\"b944965\" data-element_type=\"widget\" data-widget_type=\"spacer.default\">\n\t\t\t\t<div class=\"elementor-widget-container\">\n\t\t\t\t\t\t\t<div class=\"elementor-spacer\">\n\t\t\t<div class=\"elementor-spacer-inner\"><\/div>\n\t\t<\/div>\n\t\t\t\t\t\t<\/div>\n\t\t\t\t<\/div>\n\t\t\t\t\t<\/div>\n\t\t<\/div>\n\t\t\t\t\t<\/div>\n\t\t<\/section>\n\t\t\t\t<section class=\"elementor-section elementor-top-section elementor-element elementor-element-f0bbddb elementor-section-boxed elementor-section-height-default elementor-section-height-default\" data-id=\"f0bbddb\" data-element_type=\"section\" data-settings=\"{&quot;jet_parallax_layout_list&quot;:[]}\">\n\t\t\t\t\t\t<div class=\"elementor-container elementor-column-gap-default\">\n\t\t\t\t\t<div class=\"elementor-column elementor-col-100 elementor-top-column elementor-element elementor-element-22a0370\" data-id=\"22a0370\" data-element_type=\"column\">\n\t\t\t<div class=\"elementor-widget-wrap elementor-element-populated\">\n\t\t\t\t\t\t<div class=\"elementor-element elementor-element-10c6e5f elementor-widget elementor-widget-heading\" data-id=\"10c6e5f\" data-element_type=\"widget\" data-widget_type=\"heading.default\">\n\t\t\t\t<div class=\"elementor-widget-container\">\n\t\t\t\t\t<h2 class=\"elementor-heading-title elementor-size-default\">Allgemeines zur Anbetung des Jesuskindes<\/h2>\t\t\t\t<\/div>\n\t\t\t\t<\/div>\n\t\t\t\t\t<\/div>\n\t\t<\/div>\n\t\t\t\t\t<\/div>\n\t\t<\/section>\n\t\t\t\t<section class=\"elementor-section elementor-top-section elementor-element elementor-element-ee0b81e elementor-section-boxed elementor-section-height-default elementor-section-height-default\" data-id=\"ee0b81e\" data-element_type=\"section\" data-settings=\"{&quot;jet_parallax_layout_list&quot;:[]}\">\n\t\t\t\t\t\t<div class=\"elementor-container elementor-column-gap-default\">\n\t\t\t\t\t<div class=\"elementor-column elementor-col-100 elementor-top-column elementor-element elementor-element-12711f0\" data-id=\"12711f0\" data-element_type=\"column\">\n\t\t\t<div class=\"elementor-widget-wrap elementor-element-populated\">\n\t\t\t\t\t\t<div class=\"elementor-element elementor-element-b392c2a elementor-widget elementor-widget-jet-carousel\" data-id=\"b392c2a\" data-element_type=\"widget\" data-settings=\"{&quot;slides_to_show&quot;:&quot;1&quot;,&quot;slides_to_show_mobile&quot;:&quot;1&quot;,&quot;slides_to_scroll_mobile&quot;:&quot;1&quot;,&quot;slides_to_scroll&quot;:&quot;1&quot;}\" data-widget_type=\"jet-carousel.default\">\n\t\t\t\t<div class=\"elementor-widget-container\">\n\t\t\t\t\t<div class=\"elementor-jet-carousel jet-elements\"><div class=\"jet-carousel-wrap jet-equal-cols\">\n\t<div class=\"jet-carousel\" data-slider_options=\"{&quot;autoplaySpeed&quot;:5000,&quot;autoplay&quot;:false,&quot;infinite&quot;:true,&quot;centerMode&quot;:false,&quot;centerPadding&quot;:&quot;50px&quot;,&quot;pauseOnHover&quot;:false,&quot;speed&quot;:500,&quot;arrows&quot;:true,&quot;dots&quot;:false,&quot;variableWidth&quot;:false,&quot;prevArrow&quot;:&quot;.jet-carousel__prev-arrow-b392c2a&quot;,&quot;nextArrow&quot;:&quot;.jet-carousel__next-arrow-b392c2a&quot;,&quot;rtl&quot;:false,&quot;fractionNav&quot;:false,&quot;fade&quot;:false}\" dir=\"ltr\">\n\t<div class=\"elementor-slick-slider\">\n\n<div class=\"jet-carousel__item\">\n\t<div class=\"jet-carousel__item-inner\"><div class=\"jet-carousel__content\">\t\t<div data-elementor-type=\"section\" data-elementor-id=\"76561\" class=\"elementor elementor-76561\" data-elementor-post-type=\"elementor_library\">\n\t\t\t\t\t<section class=\"elementor-section elementor-top-section elementor-element elementor-element-310766b6 elementor-section-boxed elementor-section-height-default elementor-section-height-default\" data-id=\"310766b6\" data-element_type=\"section\" data-settings=\"{&quot;jet_parallax_layout_list&quot;:[]}\">\n\t\t\t\t\t\t<div class=\"elementor-container elementor-column-gap-default\">\n\t\t\t\t\t<div class=\"elementor-column elementor-col-50 elementor-top-column elementor-element elementor-element-3fb3e38c\" data-id=\"3fb3e38c\" data-element_type=\"column\">\n\t\t\t<div class=\"elementor-widget-wrap elementor-element-populated\">\n\t\t\t\t\t\t<div class=\"elementor-element elementor-element-29ac359e elementor-widget elementor-widget-image\" data-id=\"29ac359e\" data-element_type=\"widget\" data-widget_type=\"image.default\">\n\t\t\t\t<div class=\"elementor-widget-container\">\n\t\t\t\t\t\t\t\t\t\t\t\t\t\t\t<img fetchpriority=\"high\" decoding=\"async\" width=\"780\" height=\"1024\" src=\"https:\/\/museum-mb.si\/wp-content\/uploads\/2023\/11\/jezuscek-ret-780x1024.jpg\" class=\"attachment-large size-large wp-image-76467\" alt=\"\" srcset=\"https:\/\/museum-mb.si\/wp-content\/uploads\/2023\/11\/jezuscek-ret-780x1024.jpg 780w, https:\/\/museum-mb.si\/wp-content\/uploads\/2023\/11\/jezuscek-ret-229x300.jpg 229w, https:\/\/museum-mb.si\/wp-content\/uploads\/2023\/11\/jezuscek-ret-768x1008.jpg 768w, https:\/\/museum-mb.si\/wp-content\/uploads\/2023\/11\/jezuscek-ret-1170x1536.jpg 1170w, https:\/\/museum-mb.si\/wp-content\/uploads\/2023\/11\/jezuscek-ret-1560x2048.jpg 1560w, https:\/\/museum-mb.si\/wp-content\/uploads\/2023\/11\/jezuscek-ret-9x12.jpg 9w, https:\/\/museum-mb.si\/wp-content\/uploads\/2023\/11\/jezuscek-ret.jpg 1571w\" sizes=\"(max-width: 780px) 100vw, 780px\" \/>\t\t\t\t\t\t\t\t\t\t\t\t\t\t\t<\/div>\n\t\t\t\t<\/div>\n\t\t\t\t\t<\/div>\n\t\t<\/div>\n\t\t\t\t<div class=\"elementor-column elementor-col-50 elementor-top-column elementor-element elementor-element-5e1f5fde\" data-id=\"5e1f5fde\" data-element_type=\"column\">\n\t\t\t<div class=\"elementor-widget-wrap elementor-element-populated\">\n\t\t\t\t\t\t<div class=\"elementor-element elementor-element-6bc9de17 elementor-widget__width-initial elementor-widget elementor-widget-text-editor\" data-id=\"6bc9de17\" data-element_type=\"widget\" data-widget_type=\"text-editor.default\">\n\t\t\t\t<div class=\"elementor-widget-container\">\n\t\t\t\t\t\t\t\t\t<p class=\"p1\">Die Verehrung des als stehende oder liegende Ganzfigur dargestellten Jesuskindes war bereits im Sp\u00e4tmittelalter bekannt und hat ihre geistigen Wurzeln vor allem in kontemplativen Frauenorden in S\u00fcddeutschland, \u00d6sterreich und der Schweiz. Im deutschsprachigen Raum spielten Dominikanerinnen und Zisterzienserinnen die Rolle von Propagatorinnen und unerm\u00fcdlichen F\u00f6rderinnen der Anbetung des Jesuskindes. Einige Nonnen mit besonderen Neigungen hatten sogar mystische Visionen.<span class=\"Apple-converted-space\">\u00a0<\/span><\/p><p>\u00a0<\/p>\t\t\t\t\t\t\t\t<\/div>\n\t\t\t\t<\/div>\n\t\t\t\t\t<\/div>\n\t\t<\/div>\n\t\t\t\t\t<\/div>\n\t\t<\/section>\n\t\t\t\t<\/div>\n\t\t<\/div><\/div>\n<\/div>\n\n<div class=\"jet-carousel__item\">\n\t<div class=\"jet-carousel__item-inner\"><div class=\"jet-carousel__content\">\t\t<div data-elementor-type=\"section\" data-elementor-id=\"76574\" class=\"elementor elementor-76574\" data-elementor-post-type=\"elementor_library\">\n\t\t\t\t\t<section class=\"elementor-section elementor-top-section elementor-element elementor-element-63c85415 elementor-section-boxed elementor-section-height-default elementor-section-height-default\" data-id=\"63c85415\" data-element_type=\"section\" data-settings=\"{&quot;jet_parallax_layout_list&quot;:[]}\">\n\t\t\t\t\t\t<div class=\"elementor-container elementor-column-gap-default\">\n\t\t\t\t\t<div class=\"elementor-column elementor-col-50 elementor-top-column elementor-element elementor-element-5f7b8cd0\" data-id=\"5f7b8cd0\" data-element_type=\"column\">\n\t\t\t<div class=\"elementor-widget-wrap elementor-element-populated\">\n\t\t\t\t\t\t<div class=\"elementor-element elementor-element-2bf043af elementor-widget elementor-widget-image\" data-id=\"2bf043af\" data-element_type=\"widget\" data-widget_type=\"image.default\">\n\t\t\t\t<div class=\"elementor-widget-container\">\n\t\t\t\t\t\t\t\t\t\t\t\t\t\t\t<img decoding=\"async\" width=\"800\" height=\"519\" src=\"https:\/\/museum-mb.si\/wp-content\/uploads\/2023\/11\/1.-sklop-foto-2-1024x664.jpg\" class=\"attachment-large size-large wp-image-76469\" alt=\"\" srcset=\"https:\/\/museum-mb.si\/wp-content\/uploads\/2023\/11\/1.-sklop-foto-2-1024x664.jpg 1024w, https:\/\/museum-mb.si\/wp-content\/uploads\/2023\/11\/1.-sklop-foto-2-300x195.jpg 300w, https:\/\/museum-mb.si\/wp-content\/uploads\/2023\/11\/1.-sklop-foto-2-768x498.jpg 768w, https:\/\/museum-mb.si\/wp-content\/uploads\/2023\/11\/1.-sklop-foto-2-1536x996.jpg 1536w, https:\/\/museum-mb.si\/wp-content\/uploads\/2023\/11\/1.-sklop-foto-2-2048x1328.jpg 2048w, https:\/\/museum-mb.si\/wp-content\/uploads\/2023\/11\/1.-sklop-foto-2-18x12.jpg 18w\" sizes=\"(max-width: 800px) 100vw, 800px\" \/>\t\t\t\t\t\t\t\t\t\t\t\t\t\t\t<\/div>\n\t\t\t\t<\/div>\n\t\t\t\t<div class=\"elementor-element elementor-element-11f6a15c elementor-widget__width-initial elementor-widget elementor-widget-text-editor\" data-id=\"11f6a15c\" data-element_type=\"widget\" data-widget_type=\"text-editor.default\">\n\t\t\t\t<div class=\"elementor-widget-container\">\n\t\t\t\t\t\t\t\t\t<p>Liegendes Jesuskind (Fatschenkind, Typus Bambino di Aracoeli), fr\u00fches 19. Jahrhundert, Wachs, Stoff, Haare, Metall, Holz, Glas, L\u00e4nge 40 cm, Inv.-Nr. SVM 3066.<\/p>\t\t\t\t\t\t\t\t<\/div>\n\t\t\t\t<\/div>\n\t\t\t\t\t<\/div>\n\t\t<\/div>\n\t\t\t\t<div class=\"elementor-column elementor-col-50 elementor-top-column elementor-element elementor-element-6c23f97f\" data-id=\"6c23f97f\" data-element_type=\"column\">\n\t\t\t<div class=\"elementor-widget-wrap elementor-element-populated\">\n\t\t\t\t\t\t<div class=\"elementor-element elementor-element-801a858 elementor-widget__width-initial elementor-widget elementor-widget-text-editor\" data-id=\"801a858\" data-element_type=\"widget\" data-widget_type=\"text-editor.default\">\n\t\t\t\t<div class=\"elementor-widget-container\">\n\t\t\t\t\t\t\t\t\t<p class=\"p1\">Um den Gl\u00e4ubigen die Anbetung des Jesuskindes n\u00e4her zu bringen, wurden immer mehr Skulpturen des Kindes auf den Alt\u00e4ren aufgestellt - zum Beispiel das Jesuskind in liegender Position zu Weihnachten in Klosterkirchen. Mit der Bl\u00fctezeit der Renaissance wuchs die Zahl der Jesuskind-Statuen: Sie wurden nicht nur aus Holz gefertigt und bemalt, sondern sp\u00e4ter auch in Bronze, Wachs, aus Elfenbein, Porzellan, Pappmach\u00e9 oder aus eng gewickeltem Stoff geformt. Das Zentrum der Figurenherstellung verlagerte sich von den Niederlanden nach Italien, Spanien und Portugal, wo die meisten kleineren und gr\u00f6\u00dferen Figuren noch heute ihren Ursprung haben.<span class=\"Apple-converted-space\">\u00a0<\/span><\/p><p class=\"p1\">In Italien ist die ber\u00fchmteste Statue das \"Bambino di Aracoeli\", das in der gleichnamigen Kirche in Rom verehrt wird und das Jesuskind als gewickeltes Baby darstellt, das nicht liegt, sondern aufrecht steht. Sie ist aus Holz gefertigt.<span class=\"Apple-converted-space\">\u00a0<\/span><\/p>\t\t\t\t\t\t\t\t<\/div>\n\t\t\t\t<\/div>\n\t\t\t\t\t<\/div>\n\t\t<\/div>\n\t\t\t\t\t<\/div>\n\t\t<\/section>\n\t\t\t\t<\/div>\n\t\t<\/div><\/div>\n<\/div>\n\n<div class=\"jet-carousel__item\">\n\t<div class=\"jet-carousel__item-inner\"><div class=\"jet-carousel__content\">\t\t<div data-elementor-type=\"section\" data-elementor-id=\"76590\" class=\"elementor elementor-76590\" data-elementor-post-type=\"elementor_library\">\n\t\t\t\t\t<section class=\"elementor-section elementor-top-section elementor-element elementor-element-4b4fe34c elementor-section-boxed elementor-section-height-default elementor-section-height-default\" data-id=\"4b4fe34c\" data-element_type=\"section\" data-settings=\"{&quot;jet_parallax_layout_list&quot;:[]}\">\n\t\t\t\t\t\t<div class=\"elementor-container elementor-column-gap-default\">\n\t\t\t\t\t<div class=\"elementor-column elementor-col-50 elementor-top-column elementor-element elementor-element-3aa1430c\" data-id=\"3aa1430c\" data-element_type=\"column\">\n\t\t\t<div class=\"elementor-widget-wrap elementor-element-populated\">\n\t\t\t\t\t\t<div class=\"elementor-element elementor-element-4b8fb8c9 elementor-widget elementor-widget-image\" data-id=\"4b8fb8c9\" data-element_type=\"widget\" data-widget_type=\"image.default\">\n\t\t\t\t<div class=\"elementor-widget-container\">\n\t\t\t\t\t\t\t\t\t\t\t\t\t\t\t<img decoding=\"async\" width=\"768\" height=\"1024\" src=\"https:\/\/museum-mb.si\/wp-content\/uploads\/2023\/11\/1.-sklop-foto-3-768x1024.jpg\" class=\"attachment-large size-large wp-image-76470\" alt=\"\" srcset=\"https:\/\/museum-mb.si\/wp-content\/uploads\/2023\/11\/1.-sklop-foto-3-768x1024.jpg 768w, https:\/\/museum-mb.si\/wp-content\/uploads\/2023\/11\/1.-sklop-foto-3-225x300.jpg 225w, https:\/\/museum-mb.si\/wp-content\/uploads\/2023\/11\/1.-sklop-foto-3-1152x1536.jpg 1152w, https:\/\/museum-mb.si\/wp-content\/uploads\/2023\/11\/1.-sklop-foto-3-1536x2048.jpg 1536w, https:\/\/museum-mb.si\/wp-content\/uploads\/2023\/11\/1.-sklop-foto-3-9x12.jpg 9w, https:\/\/museum-mb.si\/wp-content\/uploads\/2023\/11\/1.-sklop-foto-3.jpg 1704w\" sizes=\"(max-width: 768px) 100vw, 768px\" \/>\t\t\t\t\t\t\t\t\t\t\t\t\t\t\t<\/div>\n\t\t\t\t<\/div>\n\t\t\t\t<div class=\"elementor-element elementor-element-1eae40e6 elementor-widget__width-initial elementor-widget elementor-widget-text-editor\" data-id=\"1eae40e6\" data-element_type=\"widget\" data-widget_type=\"text-editor.default\">\n\t\t\t\t<div class=\"elementor-widget-container\">\n\t\t\t\t\t\t\t\t\t<p class=\"p1\">Der Kleine Jesus von Prag auf dem Altar in der Karmeliterkirche in Prag, Foto: Marko Frelih<\/p>\t\t\t\t\t\t\t\t<\/div>\n\t\t\t\t<\/div>\n\t\t\t\t\t<\/div>\n\t\t<\/div>\n\t\t\t\t<div class=\"elementor-column elementor-col-50 elementor-top-column elementor-element elementor-element-3d797734\" data-id=\"3d797734\" data-element_type=\"column\">\n\t\t\t<div class=\"elementor-widget-wrap elementor-element-populated\">\n\t\t\t\t\t\t<div class=\"elementor-element elementor-element-35a15da5 elementor-widget__width-initial elementor-widget elementor-widget-text-editor\" data-id=\"35a15da5\" data-element_type=\"widget\" data-widget_type=\"text-editor.default\">\n\t\t\t\t<div class=\"elementor-widget-container\">\n\t\t\t\t\t\t\t\t\t<p class=\"p1\">Im 17. und 18. Jahrhundert war die Verehrung des Jesuskindes in fast allen mitteleurop\u00e4ischen L\u00e4ndern weit verbreitet, auch au\u00dferhalb der Kl\u00f6ster. In vielen Wallfahrtsorten wandten sich viele Gl\u00e4ubige an verschiedene Darstellungen des Kindes, um Hilfe zu erbitten, und selbst europ\u00e4ische Herrscher legten ihre Hoffnungen und Geschenke vor den kleinen Jesus der Gnade, den die Karmeliten in Prag seit dem 17.<span class=\"Apple-converted-space\">\u00a0<\/span><\/p>\t\t\t\t\t\t\t\t<\/div>\n\t\t\t\t<\/div>\n\t\t\t\t\t<\/div>\n\t\t<\/div>\n\t\t\t\t\t<\/div>\n\t\t<\/section>\n\t\t\t\t<\/div>\n\t\t<\/div><\/div>\n<\/div>\n\n<div class=\"jet-carousel__item\">\n\t<div class=\"jet-carousel__item-inner\"><div class=\"jet-carousel__content\">\t\t<div data-elementor-type=\"section\" data-elementor-id=\"76603\" class=\"elementor elementor-76603\" data-elementor-post-type=\"elementor_library\">\n\t\t\t\t\t<section class=\"elementor-section elementor-top-section elementor-element elementor-element-1ede730f elementor-section-boxed elementor-section-height-default elementor-section-height-default\" data-id=\"1ede730f\" data-element_type=\"section\" data-settings=\"{&quot;jet_parallax_layout_list&quot;:[]}\">\n\t\t\t\t\t\t<div class=\"elementor-container elementor-column-gap-default\">\n\t\t\t\t\t<div class=\"elementor-column elementor-col-100 elementor-top-column elementor-element elementor-element-3de45ef3\" data-id=\"3de45ef3\" data-element_type=\"column\">\n\t\t\t<div class=\"elementor-widget-wrap elementor-element-populated\">\n\t\t\t\t\t\t<div class=\"elementor-element elementor-element-24408ae elementor-widget elementor-widget-image\" data-id=\"24408ae\" data-element_type=\"widget\" data-widget_type=\"image.default\">\n\t\t\t\t<div class=\"elementor-widget-container\">\n\t\t\t\t\t\t\t\t\t\t\t\t\t\t\t<img loading=\"lazy\" decoding=\"async\" width=\"768\" height=\"1024\" src=\"https:\/\/museum-mb.si\/wp-content\/uploads\/2023\/11\/1.-sklop-foto-4-768x1024.jpg\" class=\"attachment-large size-large wp-image-76471\" alt=\"\" srcset=\"https:\/\/museum-mb.si\/wp-content\/uploads\/2023\/11\/1.-sklop-foto-4-768x1024.jpg 768w, https:\/\/museum-mb.si\/wp-content\/uploads\/2023\/11\/1.-sklop-foto-4-225x300.jpg 225w, https:\/\/museum-mb.si\/wp-content\/uploads\/2023\/11\/1.-sklop-foto-4-1152x1536.jpg 1152w, https:\/\/museum-mb.si\/wp-content\/uploads\/2023\/11\/1.-sklop-foto-4-1536x2048.jpg 1536w, https:\/\/museum-mb.si\/wp-content\/uploads\/2023\/11\/1.-sklop-foto-4-9x12.jpg 9w, https:\/\/museum-mb.si\/wp-content\/uploads\/2023\/11\/1.-sklop-foto-4.jpg 1704w\" sizes=\"(max-width: 768px) 100vw, 768px\" \/>\t\t\t\t\t\t\t\t\t\t\t\t\t\t\t<\/div>\n\t\t\t\t<\/div>\n\t\t\t\t<div class=\"elementor-element elementor-element-2f8cf638 elementor-widget__width-initial elementor-widget elementor-widget-text-editor\" data-id=\"2f8cf638\" data-element_type=\"widget\" data-widget_type=\"text-editor.default\">\n\t\t\t\t<div class=\"elementor-widget-container\">\n\t\t\t\t\t\t\t\t\t<p class=\"p1\">Der Kleine Jesus von Prag auf dem Altar in der Karmeliterkirche in Prag, Detail, Foto Marko Frelih<\/p>\t\t\t\t\t\t\t\t<\/div>\n\t\t\t\t<\/div>\n\t\t\t\t\t<\/div>\n\t\t<\/div>\n\t\t\t\t\t<\/div>\n\t\t<\/section>\n\t\t\t\t<\/div>\n\t\t<\/div><\/div>\n<\/div>\n<\/div><div class=\"jet-carousel__prev-arrow-b392c2a jet-arrow prev-arrow\"><i aria-hidden=\"true\" class=\"fas fa-angle-left\"><\/i><\/div><div class=\"jet-carousel__next-arrow-b392c2a jet-arrow next-arrow\"><i aria-hidden=\"true\" class=\"fas fa-angle-right\"><\/i><\/div><\/div>\n<\/div>\n<\/div>\t\t\t\t<\/div>\n\t\t\t\t<\/div>\n\t\t\t\t\t<\/div>\n\t\t<\/div>\n\t\t\t\t\t<\/div>\n\t\t<\/section>\n\t\t\t\t<\/div>","protected":false},"featured_media":76467,"template":"","vrsta":[45],"class_list":["post-76519","razstave","type-razstave","status-publish","has-post-thumbnail","hentry","vrsta-jesulus"],"yoast_head":"<!-- This site is optimized with the Yoast SEO plugin v27.5 - https:\/\/yoast.com\/product\/yoast-seo-wordpress\/ -->\n<title>SPLO\u0160NO O \u010cE\u0160\u010cENJU DETETA JEZUSA &#8211; Pokrajinski muzej Maribor<\/title>\n<meta name=\"robots\" content=\"index, follow, max-snippet:-1, max-image-preview:large, max-video-preview:-1\" \/>\n<link rel=\"canonical\" href=\"https:\/\/museum-mb.si\/de\/ausstellungen\/der-boden-von-jesus-daddy-jesus\/\" \/>\n<meta property=\"og:locale\" content=\"de_DE\" \/>\n<meta property=\"og:type\" content=\"article\" \/>\n<meta property=\"og:title\" content=\"SPLO\u0160NO O \u010cE\u0160\u010cENJU DETETA JEZUSA &#8211; Pokrajinski muzej Maribor\" \/>\n<meta property=\"og:description\" content=\"RAZISKUJ JESULUS PRAGENSIS: PRA\u0160KI JEZU\u0160\u010cEK IN DRUGE VO\u0160\u010cENE FIGURE IZ MUZEJA KR\u0160\u010cANSTVA NA SLOVENSKEM Pro\u0161nja za Jezu\u0161\u010dkov blagoslov \u00bbO, ljubi, milostni Jezu\u0161\u010dek, ki v levici dr\u017ei\u0161 celi svet, z desnico pa blagoslavlja\u0161, blagoslovi tudi mene, blagoslovi vse, zlasti pa to \u2026, za kar te posebno prosim. Hvale\u017een ti bom za to in ti obljubim zvestobo [&hellip;]\" \/>\n<meta property=\"og:url\" content=\"https:\/\/museum-mb.si\/de\/ausstellungen\/der-boden-von-jesus-daddy-jesus\/\" \/>\n<meta property=\"og:site_name\" content=\"Pokrajinski muzej Maribor\" \/>\n<meta property=\"article:publisher\" content=\"https:\/\/www.facebook.com\/pomum123\" \/>\n<meta property=\"article:modified_time\" content=\"2023-11-14T20:44:42+00:00\" \/>\n<meta property=\"og:image\" content=\"https:\/\/museum-mb.si\/wp-content\/uploads\/2023\/11\/jezuscek-ret.jpg\" \/>\n\t<meta property=\"og:image:width\" content=\"1571\" \/>\n\t<meta property=\"og:image:height\" content=\"2062\" \/>\n\t<meta property=\"og:image:type\" content=\"image\/jpeg\" \/>\n<meta name=\"twitter:card\" content=\"summary_large_image\" \/>\n<meta name=\"twitter:label1\" content=\"Gesch\u00e4tzte Lesezeit\" \/>\n\t<meta name=\"twitter:data1\" content=\"2\u00a0Minuten\" \/>\n<script type=\"application\/ld+json\" class=\"yoast-schema-graph\">{\"@context\":\"https:\\\/\\\/schema.org\",\"@graph\":[{\"@type\":\"WebPage\",\"@id\":\"https:\\\/\\\/museum-mb.si\\\/razstave\\\/splosno-o-cescenju-deteta-jezusa\\\/\",\"url\":\"https:\\\/\\\/museum-mb.si\\\/razstave\\\/splosno-o-cescenju-deteta-jezusa\\\/\",\"name\":\"SPLO\u0160NO O \u010cE\u0160\u010cENJU DETETA JEZUSA &#8211; Pokrajinski muzej Maribor\",\"isPartOf\":{\"@id\":\"https:\\\/\\\/museum-mb.si\\\/#website\"},\"primaryImageOfPage\":{\"@id\":\"https:\\\/\\\/museum-mb.si\\\/razstave\\\/splosno-o-cescenju-deteta-jezusa\\\/#primaryimage\"},\"image\":{\"@id\":\"https:\\\/\\\/museum-mb.si\\\/razstave\\\/splosno-o-cescenju-deteta-jezusa\\\/#primaryimage\"},\"thumbnailUrl\":\"https:\\\/\\\/museum-mb.si\\\/wp-content\\\/uploads\\\/2023\\\/11\\\/jezuscek-ret.jpg\",\"datePublished\":\"2023-11-14T19:42:46+00:00\",\"dateModified\":\"2023-11-14T20:44:42+00:00\",\"breadcrumb\":{\"@id\":\"https:\\\/\\\/museum-mb.si\\\/razstave\\\/splosno-o-cescenju-deteta-jezusa\\\/#breadcrumb\"},\"inLanguage\":\"de\",\"potentialAction\":[{\"@type\":\"ReadAction\",\"target\":[\"https:\\\/\\\/museum-mb.si\\\/razstave\\\/splosno-o-cescenju-deteta-jezusa\\\/\"]}]},{\"@type\":\"ImageObject\",\"inLanguage\":\"de\",\"@id\":\"https:\\\/\\\/museum-mb.si\\\/razstave\\\/splosno-o-cescenju-deteta-jezusa\\\/#primaryimage\",\"url\":\"https:\\\/\\\/museum-mb.si\\\/wp-content\\\/uploads\\\/2023\\\/11\\\/jezuscek-ret.jpg\",\"contentUrl\":\"https:\\\/\\\/museum-mb.si\\\/wp-content\\\/uploads\\\/2023\\\/11\\\/jezuscek-ret.jpg\",\"width\":1571,\"height\":2062},{\"@type\":\"BreadcrumbList\",\"@id\":\"https:\\\/\\\/museum-mb.si\\\/razstave\\\/splosno-o-cescenju-deteta-jezusa\\\/#breadcrumb\",\"itemListElement\":[{\"@type\":\"ListItem\",\"position\":1,\"name\":\"Domov\",\"item\":\"https:\\\/\\\/museum-mb.si\\\/\"},{\"@type\":\"ListItem\",\"position\":2,\"name\":\"Razstave\",\"item\":\"https:\\\/\\\/museum-mb.si\\\/razstave\\\/\"},{\"@type\":\"ListItem\",\"position\":3,\"name\":\"SPLO\u0160NO O \u010cE\u0160\u010cENJU DETETA JEZUSA\"}]},{\"@type\":\"WebSite\",\"@id\":\"https:\\\/\\\/museum-mb.si\\\/#website\",\"url\":\"https:\\\/\\\/museum-mb.si\\\/\",\"name\":\"Pokrajinski muzej Maribor\",\"description\":\"\",\"publisher\":{\"@id\":\"https:\\\/\\\/museum-mb.si\\\/#organization\"},\"potentialAction\":[{\"@type\":\"SearchAction\",\"target\":{\"@type\":\"EntryPoint\",\"urlTemplate\":\"https:\\\/\\\/museum-mb.si\\\/?s={search_term_string}\"},\"query-input\":{\"@type\":\"PropertyValueSpecification\",\"valueRequired\":true,\"valueName\":\"search_term_string\"}}],\"inLanguage\":\"de\"},{\"@type\":\"Organization\",\"@id\":\"https:\\\/\\\/museum-mb.si\\\/#organization\",\"name\":\"Pokrajinski muzej Maribor\",\"url\":\"https:\\\/\\\/museum-mb.si\\\/\",\"logo\":{\"@type\":\"ImageObject\",\"inLanguage\":\"de\",\"@id\":\"https:\\\/\\\/museum-mb.si\\\/#\\\/schema\\\/logo\\\/image\\\/\",\"url\":\"https:\\\/\\\/museum-mb.si\\\/wp-content\\\/uploads\\\/2024\\\/12\\\/pmm_logo_barvni_jpeg.jpg\",\"contentUrl\":\"https:\\\/\\\/museum-mb.si\\\/wp-content\\\/uploads\\\/2024\\\/12\\\/pmm_logo_barvni_jpeg.jpg\",\"width\":758,\"height\":754,\"caption\":\"Pokrajinski muzej Maribor\"},\"image\":{\"@id\":\"https:\\\/\\\/museum-mb.si\\\/#\\\/schema\\\/logo\\\/image\\\/\"},\"sameAs\":[\"https:\\\/\\\/www.facebook.com\\\/pomum123\",\"https:\\\/\\\/www.instagram.com\\\/maribor_museum\\\/\",\"https:\\\/\\\/www.youtube.com\\\/channel\\\/UCdshtCrun841Oc-35tYLBGQ\"]}]}<\/script>\n<!-- \/ Yoast SEO plugin. -->","yoast_head_json":{"title":"SPLO\u0160NO O \u010cE\u0160\u010cENJU DETETA JEZUSA &#8211; Pokrajinski muzej Maribor","robots":{"index":"index","follow":"follow","max-snippet":"max-snippet:-1","max-image-preview":"max-image-preview:large","max-video-preview":"max-video-preview:-1"},"canonical":"https:\/\/museum-mb.si\/de\/ausstellungen\/der-boden-von-jesus-daddy-jesus\/","og_locale":"de_DE","og_type":"article","og_title":"SPLO\u0160NO O \u010cE\u0160\u010cENJU DETETA JEZUSA &#8211; Pokrajinski muzej Maribor","og_description":"RAZISKUJ JESULUS PRAGENSIS: PRA\u0160KI JEZU\u0160\u010cEK IN DRUGE VO\u0160\u010cENE FIGURE IZ MUZEJA KR\u0160\u010cANSTVA NA SLOVENSKEM Pro\u0161nja za Jezu\u0161\u010dkov blagoslov \u00bbO, ljubi, milostni Jezu\u0161\u010dek, ki v levici dr\u017ei\u0161 celi svet, z desnico pa blagoslavlja\u0161, blagoslovi tudi mene, blagoslovi vse, zlasti pa to \u2026, za kar te posebno prosim. Hvale\u017een ti bom za to in ti obljubim zvestobo [&hellip;]","og_url":"https:\/\/museum-mb.si\/de\/ausstellungen\/der-boden-von-jesus-daddy-jesus\/","og_site_name":"Pokrajinski muzej Maribor","article_publisher":"https:\/\/www.facebook.com\/pomum123","article_modified_time":"2023-11-14T20:44:42+00:00","og_image":[{"width":1571,"height":2062,"url":"https:\/\/museum-mb.si\/wp-content\/uploads\/2023\/11\/jezuscek-ret.jpg","type":"image\/jpeg"}],"twitter_card":"summary_large_image","twitter_misc":{"Gesch\u00e4tzte Lesezeit":"2\u00a0Minuten"},"schema":{"@context":"https:\/\/schema.org","@graph":[{"@type":"WebPage","@id":"https:\/\/museum-mb.si\/razstave\/splosno-o-cescenju-deteta-jezusa\/","url":"https:\/\/museum-mb.si\/razstave\/splosno-o-cescenju-deteta-jezusa\/","name":"SPLO\u0160NO O \u010cE\u0160\u010cENJU DETETA JEZUSA &#8211; Pokrajinski muzej Maribor","isPartOf":{"@id":"https:\/\/museum-mb.si\/#website"},"primaryImageOfPage":{"@id":"https:\/\/museum-mb.si\/razstave\/splosno-o-cescenju-deteta-jezusa\/#primaryimage"},"image":{"@id":"https:\/\/museum-mb.si\/razstave\/splosno-o-cescenju-deteta-jezusa\/#primaryimage"},"thumbnailUrl":"https:\/\/museum-mb.si\/wp-content\/uploads\/2023\/11\/jezuscek-ret.jpg","datePublished":"2023-11-14T19:42:46+00:00","dateModified":"2023-11-14T20:44:42+00:00","breadcrumb":{"@id":"https:\/\/museum-mb.si\/razstave\/splosno-o-cescenju-deteta-jezusa\/#breadcrumb"},"inLanguage":"de","potentialAction":[{"@type":"ReadAction","target":["https:\/\/museum-mb.si\/razstave\/splosno-o-cescenju-deteta-jezusa\/"]}]},{"@type":"ImageObject","inLanguage":"de","@id":"https:\/\/museum-mb.si\/razstave\/splosno-o-cescenju-deteta-jezusa\/#primaryimage","url":"https:\/\/museum-mb.si\/wp-content\/uploads\/2023\/11\/jezuscek-ret.jpg","contentUrl":"https:\/\/museum-mb.si\/wp-content\/uploads\/2023\/11\/jezuscek-ret.jpg","width":1571,"height":2062},{"@type":"BreadcrumbList","@id":"https:\/\/museum-mb.si\/razstave\/splosno-o-cescenju-deteta-jezusa\/#breadcrumb","itemListElement":[{"@type":"ListItem","position":1,"name":"Domov","item":"https:\/\/museum-mb.si\/"},{"@type":"ListItem","position":2,"name":"Razstave","item":"https:\/\/museum-mb.si\/razstave\/"},{"@type":"ListItem","position":3,"name":"SPLO\u0160NO O \u010cE\u0160\u010cENJU DETETA JEZUSA"}]},{"@type":"WebSite","@id":"https:\/\/museum-mb.si\/#website","url":"https:\/\/museum-mb.si\/","name":"Regionalmuseum Maribor","description":"","publisher":{"@id":"https:\/\/museum-mb.si\/#organization"},"potentialAction":[{"@type":"SearchAction","target":{"@type":"EntryPoint","urlTemplate":"https:\/\/museum-mb.si\/?s={search_term_string}"},"query-input":{"@type":"PropertyValueSpecification","valueRequired":true,"valueName":"search_term_string"}}],"inLanguage":"de"},{"@type":"Organization","@id":"https:\/\/museum-mb.si\/#organization","name":"Regionalmuseum Maribor","url":"https:\/\/museum-mb.si\/","logo":{"@type":"ImageObject","inLanguage":"de","@id":"https:\/\/museum-mb.si\/#\/schema\/logo\/image\/","url":"https:\/\/museum-mb.si\/wp-content\/uploads\/2024\/12\/pmm_logo_barvni_jpeg.jpg","contentUrl":"https:\/\/museum-mb.si\/wp-content\/uploads\/2024\/12\/pmm_logo_barvni_jpeg.jpg","width":758,"height":754,"caption":"Pokrajinski muzej Maribor"},"image":{"@id":"https:\/\/museum-mb.si\/#\/schema\/logo\/image\/"},"sameAs":["https:\/\/www.facebook.com\/pomum123","https:\/\/www.instagram.com\/maribor_museum\/","https:\/\/www.youtube.com\/channel\/UCdshtCrun841Oc-35tYLBGQ"]}]}},"_links":{"self":[{"href":"https:\/\/museum-mb.si\/de\/wp-json\/wp\/v2\/razstave\/76519","targetHints":{"allow":["GET"]}}],"collection":[{"href":"https:\/\/museum-mb.si\/de\/wp-json\/wp\/v2\/razstave"}],"about":[{"href":"https:\/\/museum-mb.si\/de\/wp-json\/wp\/v2\/types\/razstave"}],"version-history":[{"count":17,"href":"https:\/\/museum-mb.si\/de\/wp-json\/wp\/v2\/razstave\/76519\/revisions"}],"predecessor-version":[{"id":76758,"href":"https:\/\/museum-mb.si\/de\/wp-json\/wp\/v2\/razstave\/76519\/revisions\/76758"}],"wp:featuredmedia":[{"embeddable":true,"href":"https:\/\/museum-mb.si\/de\/wp-json\/wp\/v2\/media\/76467"}],"wp:attachment":[{"href":"https:\/\/museum-mb.si\/de\/wp-json\/wp\/v2\/media?parent=76519"}],"wp:term":[{"taxonomy":"vrsta","embeddable":true,"href":"https:\/\/museum-mb.si\/de\/wp-json\/wp\/v2\/vrsta?post=76519"}],"curies":[{"name":"wp","href":"https:\/\/api.w.org\/{rel}","templated":true}]}}