{"id":76191,"date":"2023-09-12T11:38:49","date_gmt":"2023-09-12T10:38:49","guid":{"rendered":"https:\/\/museum-mb.si\/?post_type=razstave&#038;p=76191"},"modified":"2023-09-14T08:05:38","modified_gmt":"2023-09-14T07:05:38","slug":"zentrum-judischer-kultur-gesprache-sinagoga-maribor","status":"publish","type":"razstave","link":"https:\/\/museum-mb.si\/de\/ausstellungen\/zentrum-judischer-kultur-gesprache-sinagoga-maribor\/","title":{"rendered":"ZENTRUM DES J\u00dcDISCHEN KULTURERBES MARIBOR SYNAGOGE"},"content":{"rendered":"<div data-elementor-type=\"wp-post\" data-elementor-id=\"76191\" class=\"elementor elementor-76191\" data-elementor-post-type=\"razstave\">\n\t\t\t\t\t\t<section class=\"elementor-section elementor-top-section elementor-element elementor-element-2b482c2 elementor-section-height-min-height elementor-section-stretched elementor-section-boxed elementor-section-height-default elementor-section-items-middle\" data-id=\"2b482c2\" data-element_type=\"section\" data-settings=\"{&quot;stretch_section&quot;:&quot;section-stretched&quot;,&quot;jet_parallax_layout_list&quot;:[],&quot;background_background&quot;:&quot;classic&quot;}\">\n\t\t\t\t\t\t\t<div class=\"elementor-background-overlay\"><\/div>\n\t\t\t\t\t\t\t<div class=\"elementor-container elementor-column-gap-default\">\n\t\t\t\t\t<div class=\"elementor-column elementor-col-100 elementor-top-column elementor-element elementor-element-8692306\" data-id=\"8692306\" data-element_type=\"column\">\n\t\t\t<div class=\"elementor-widget-wrap elementor-element-populated\">\n\t\t\t\t\t\t<div class=\"elementor-element elementor-element-86e5ae5 elementor-widget elementor-widget-text-editor\" data-id=\"86e5ae5\" data-element_type=\"widget\" data-widget_type=\"text-editor.default\">\n\t\t\t\t<div class=\"elementor-widget-container\">\n\t\t\t\t\t\t\t\t\t<p>ANZEIGE<\/p>\t\t\t\t\t\t\t\t<\/div>\n\t\t\t\t<\/div>\n\t\t\t\t<div class=\"elementor-element elementor-element-8be66d1 elementor-widget elementor-widget-heading\" data-id=\"8be66d1\" data-element_type=\"widget\" data-widget_type=\"heading.default\">\n\t\t\t\t<div class=\"elementor-widget-container\">\n\t\t\t\t\t<h2 class=\"elementor-heading-title elementor-size-default\">WIR SIND AUF UNS ALLEIN GESTELLT<\/h2>\t\t\t\t<\/div>\n\t\t\t\t<\/div>\n\t\t\t\t<div class=\"elementor-element elementor-element-964ea73 elementor-widget__width-initial elementor-widget elementor-widget-text-editor\" data-id=\"964ea73\" data-element_type=\"widget\" data-widget_type=\"text-editor.default\">\n\t\t\t\t<div class=\"elementor-widget-container\">\n\t\t\t\t\t\t\t\t\t<p>Mit einer virtuellen Ausstellung <strong>Wir sind auf uns allein gestellt <\/strong>stellt sieben unabh\u00e4ngige Kultureinrichtungen in Maribor vor, die ihre Wurzeln in gemeinsamen Anf\u00e4ngen haben und heute das R\u00fcckgrat des institutionellen Kulturlebens in Maribor bilden. Neben dem Regionalmuseum Maribor werden auch die Universit\u00e4tsbibliothek Maribor, das Regionalarchiv Maribor, die Kunstgalerie Maribor, das Museum der nationalen Befreiung Maribor, die Synagoge Maribor und das Institut f\u00fcr den Schutz des kulturellen Erbes, Regionalabteilung Maribor, vorgestellt.<\/p>\n<p>Die Ausstellung We Go on Our Own wurde anl\u00e4sslich des 120-j\u00e4hrigen Bestehens des Regionalmuseums Maribor im Rahmen des gleichnamigen Projekts erstellt.<\/p>\n<gwmw style=\"display:none;\"><\/gwmw>\t\t\t\t\t\t\t\t<\/div>\n\t\t\t\t<\/div>\n\t\t\t\t\t<\/div>\n\t\t<\/div>\n\t\t\t\t\t<\/div>\n\t\t<\/section>\n\t\t\t\t<section class=\"elementor-section elementor-top-section elementor-element elementor-element-680db00 elementor-section-boxed elementor-section-height-default elementor-section-height-default\" data-id=\"680db00\" data-element_type=\"section\" data-settings=\"{&quot;jet_parallax_layout_list&quot;:[]}\">\n\t\t\t\t\t\t<div class=\"elementor-container elementor-column-gap-default\">\n\t\t\t\t\t<div class=\"elementor-column elementor-col-100 elementor-top-column elementor-element elementor-element-be96a85\" data-id=\"be96a85\" data-element_type=\"column\">\n\t\t\t<div class=\"elementor-widget-wrap elementor-element-populated\">\n\t\t\t\t\t\t<div class=\"elementor-element elementor-element-88045ab elementor-widget__width-initial elementor-widget elementor-widget-spacer\" data-id=\"88045ab\" data-element_type=\"widget\" data-widget_type=\"spacer.default\">\n\t\t\t\t<div class=\"elementor-widget-container\">\n\t\t\t\t\t\t\t<div class=\"elementor-spacer\">\n\t\t\t<div class=\"elementor-spacer-inner\"><\/div>\n\t\t<\/div>\n\t\t\t\t\t\t<\/div>\n\t\t\t\t<\/div>\n\t\t\t\t\t<\/div>\n\t\t<\/div>\n\t\t\t\t\t<\/div>\n\t\t<\/section>\n\t\t\t\t<section class=\"elementor-section elementor-top-section elementor-element elementor-element-2782733 elementor-section-boxed elementor-section-height-default elementor-section-height-default\" data-id=\"2782733\" data-element_type=\"section\" data-settings=\"{&quot;jet_parallax_layout_list&quot;:[]}\">\n\t\t\t\t\t\t<div class=\"elementor-container elementor-column-gap-default\">\n\t\t\t\t\t<div class=\"elementor-column elementor-col-100 elementor-top-column elementor-element elementor-element-d8c07b9\" data-id=\"d8c07b9\" data-element_type=\"column\">\n\t\t\t<div class=\"elementor-widget-wrap elementor-element-populated\">\n\t\t\t\t\t\t<div class=\"elementor-element elementor-element-7c29830 elementor-widget elementor-widget-heading\" data-id=\"7c29830\" data-element_type=\"widget\" data-widget_type=\"heading.default\">\n\t\t\t\t<div class=\"elementor-widget-container\">\n\t\t\t\t\t<h2 class=\"elementor-heading-title elementor-size-default\">Synagoge Maribor Zentrum des j\u00fcdischen Kulturerbes<\/h2>\t\t\t\t<\/div>\n\t\t\t\t<\/div>\n\t\t\t\t\t<\/div>\n\t\t<\/div>\n\t\t\t\t\t<\/div>\n\t\t<\/section>\n\t\t\t\t<section class=\"elementor-section elementor-top-section elementor-element elementor-element-50df3c3 elementor-section-boxed elementor-section-height-default elementor-section-height-default\" data-id=\"50df3c3\" data-element_type=\"section\" data-settings=\"{&quot;jet_parallax_layout_list&quot;:[]}\">\n\t\t\t\t\t\t<div class=\"elementor-container elementor-column-gap-default\">\n\t\t\t\t\t<div class=\"elementor-column elementor-col-100 elementor-top-column elementor-element elementor-element-67bc860\" data-id=\"67bc860\" data-element_type=\"column\">\n\t\t\t<div class=\"elementor-widget-wrap elementor-element-populated\">\n\t\t\t\t\t\t<div class=\"elementor-element elementor-element-c9cb45f elementor-widget elementor-widget-jet-carousel\" data-id=\"c9cb45f\" data-element_type=\"widget\" data-settings=\"{&quot;slides_to_show&quot;:&quot;1&quot;,&quot;slides_to_show_mobile&quot;:&quot;1&quot;,&quot;slides_to_scroll_mobile&quot;:&quot;1&quot;,&quot;slides_to_scroll&quot;:&quot;1&quot;}\" data-widget_type=\"jet-carousel.default\">\n\t\t\t\t<div class=\"elementor-widget-container\">\n\t\t\t\t\t<div class=\"elementor-jet-carousel jet-elements\"><div class=\"jet-carousel-wrap\">\n\t<div class=\"jet-carousel\" data-slider_options=\"{&quot;autoplaySpeed&quot;:5000,&quot;autoplay&quot;:false,&quot;infinite&quot;:true,&quot;centerMode&quot;:false,&quot;centerPadding&quot;:&quot;50px&quot;,&quot;pauseOnHover&quot;:false,&quot;speed&quot;:500,&quot;arrows&quot;:true,&quot;dots&quot;:false,&quot;variableWidth&quot;:false,&quot;prevArrow&quot;:&quot;.jet-carousel__prev-arrow-c9cb45f&quot;,&quot;nextArrow&quot;:&quot;.jet-carousel__next-arrow-c9cb45f&quot;,&quot;rtl&quot;:false,&quot;fractionNav&quot;:false,&quot;fade&quot;:false}\" dir=\"ltr\">\n\t<div class=\"elementor-slick-slider\">\n\n<div class=\"jet-carousel__item\">\n\t<div class=\"jet-carousel__item-inner\"><div class=\"jet-carousel__content\">\t\t<div data-elementor-type=\"section\" data-elementor-id=\"76279\" class=\"elementor elementor-76279\" data-elementor-post-type=\"elementor_library\">\n\t\t\t\t\t<section class=\"elementor-section elementor-top-section elementor-element elementor-element-1c26cbb2 elementor-section-boxed elementor-section-height-default elementor-section-height-default\" data-id=\"1c26cbb2\" data-element_type=\"section\" data-settings=\"{&quot;jet_parallax_layout_list&quot;:[]}\">\n\t\t\t\t\t\t<div class=\"elementor-container elementor-column-gap-default\">\n\t\t\t\t\t<div class=\"elementor-column elementor-col-50 elementor-top-column elementor-element elementor-element-617758a0\" data-id=\"617758a0\" data-element_type=\"column\">\n\t\t\t<div class=\"elementor-widget-wrap elementor-element-populated\">\n\t\t\t\t\t\t<div class=\"elementor-element elementor-element-1c290c7f elementor-widget elementor-widget-image\" data-id=\"1c290c7f\" data-element_type=\"widget\" data-widget_type=\"image.default\">\n\t\t\t\t<div class=\"elementor-widget-container\">\n\t\t\t\t\t\t\t\t\t\t\t\t\t\t\t<img fetchpriority=\"high\" decoding=\"async\" width=\"800\" height=\"450\" src=\"https:\/\/museum-mb.si\/wp-content\/uploads\/2023\/09\/Sklop-7-foto-1-1024x576.jpg\" class=\"attachment-large size-large wp-image-76192\" alt=\"\" srcset=\"https:\/\/museum-mb.si\/wp-content\/uploads\/2023\/09\/Sklop-7-foto-1-1024x576.jpg.webp 1024w, https:\/\/museum-mb.si\/wp-content\/uploads\/2023\/09\/Sklop-7-foto-1-300x169.jpg.webp 300w, https:\/\/museum-mb.si\/wp-content\/uploads\/2023\/09\/Sklop-7-foto-1-768x432.jpg.webp 768w, https:\/\/museum-mb.si\/wp-content\/uploads\/2023\/09\/Sklop-7-foto-1-1536x864.jpg.webp 1536w, https:\/\/museum-mb.si\/wp-content\/uploads\/2023\/09\/Sklop-7-foto-1-2048x1152.jpg.webp 2048w, https:\/\/museum-mb.si\/wp-content\/uploads\/2023\/09\/Sklop-7-foto-1-18x10.jpg.webp 18w\" sizes=\"(max-width: 800px) 100vw, 800px\" \/>\t\t\t\t\t\t\t\t\t\t\t\t\t\t\t<\/div>\n\t\t\t\t<\/div>\n\t\t\t\t<div class=\"elementor-element elementor-element-78f8733a elementor-widget__width-initial elementor-widget elementor-widget-text-editor\" data-id=\"78f8733a\" data-element_type=\"widget\" data-widget_type=\"text-editor.default\">\n\t\t\t\t<div class=\"elementor-widget-container\">\n\t\t\t\t\t\t\t\t\tMariborer Synagoge von der Ostseite, 2022, Foto von Domen Kodri\u010d, <br>\u00a9 Zentrum f\u00fcr j\u00fcdisches Kulturerbe Synagoge Maribor\t\t\t\t\t\t\t\t<\/div>\n\t\t\t\t<\/div>\n\t\t\t\t\t<\/div>\n\t\t<\/div>\n\t\t\t\t<div class=\"elementor-column elementor-col-50 elementor-top-column elementor-element elementor-element-75af15c2\" data-id=\"75af15c2\" data-element_type=\"column\">\n\t\t\t<div class=\"elementor-widget-wrap elementor-element-populated\">\n\t\t\t\t\t\t<div class=\"elementor-element elementor-element-77a50f52 elementor-widget__width-initial elementor-widget elementor-widget-text-editor\" data-id=\"77a50f52\" data-element_type=\"widget\" data-widget_type=\"text-editor.default\">\n\t\t\t\t<div class=\"elementor-widget-container\">\n\t\t\t\t\t\t\t\t\t<p>Die ehemalige Synagoge in Maribor ist ein einzigartiges Denkmal des j\u00fcdischen Kulturerbes in Slowenien. Sie ist heute die einzige erhaltene mittelalterliche Synagoge in Slowenien, aber auch ein wichtiges Zeugnis der starken und einflussreichen j\u00fcdischen Gemeinde, die Maribor Ende des 15. Jahrhunderts verlassen musste. <\/p>\n<gwmw style=\"display:none;\"><\/gwmw>\t\t\t\t\t\t\t\t<\/div>\n\t\t\t\t<\/div>\n\t\t\t\t\t<\/div>\n\t\t<\/div>\n\t\t\t\t\t<\/div>\n\t\t<\/section>\n\t\t\t\t<\/div>\n\t\t<\/div><\/div>\n<\/div>\n\n<div class=\"jet-carousel__item\">\n\t<div class=\"jet-carousel__item-inner\"><div class=\"jet-carousel__content\">\t\t<div data-elementor-type=\"section\" data-elementor-id=\"76283\" class=\"elementor elementor-76283\" data-elementor-post-type=\"elementor_library\">\n\t\t\t\t\t<section class=\"elementor-section elementor-top-section elementor-element elementor-element-29d74bb6 elementor-section-boxed elementor-section-height-default elementor-section-height-default\" data-id=\"29d74bb6\" data-element_type=\"section\" data-settings=\"{&quot;jet_parallax_layout_list&quot;:[]}\">\n\t\t\t\t\t\t<div class=\"elementor-container elementor-column-gap-default\">\n\t\t\t\t\t<div class=\"elementor-column elementor-col-50 elementor-top-column elementor-element elementor-element-1c9f47ba\" data-id=\"1c9f47ba\" data-element_type=\"column\">\n\t\t\t<div class=\"elementor-widget-wrap elementor-element-populated\">\n\t\t\t\t\t\t<div class=\"elementor-element elementor-element-5f479733 elementor-widget elementor-widget-image\" data-id=\"5f479733\" data-element_type=\"widget\" data-widget_type=\"image.default\">\n\t\t\t\t<div class=\"elementor-widget-container\">\n\t\t\t\t\t\t\t\t\t\t\t\t\t\t\t<img decoding=\"async\" width=\"800\" height=\"369\" src=\"https:\/\/museum-mb.si\/wp-content\/uploads\/2023\/09\/Sklop-7-foto-2-1024x472.jpg\" class=\"attachment-large size-large wp-image-76193\" alt=\"\" srcset=\"https:\/\/museum-mb.si\/wp-content\/uploads\/2023\/09\/Sklop-7-foto-2-1024x472.jpg.webp 1024w, https:\/\/museum-mb.si\/wp-content\/uploads\/2023\/09\/Sklop-7-foto-2-300x138.jpg.webp 300w, https:\/\/museum-mb.si\/wp-content\/uploads\/2023\/09\/Sklop-7-foto-2-768x354.jpg.webp 768w, https:\/\/museum-mb.si\/wp-content\/uploads\/2023\/09\/Sklop-7-foto-2-1536x708.jpg.webp 1536w, https:\/\/museum-mb.si\/wp-content\/uploads\/2023\/09\/Sklop-7-foto-2-2048x944.jpg.webp 2048w, https:\/\/museum-mb.si\/wp-content\/uploads\/2023\/09\/Sklop-7-foto-2-18x8.jpg.webp 18w\" sizes=\"(max-width: 800px) 100vw, 800px\" \/>\t\t\t\t\t\t\t\t\t\t\t\t\t\t\t<\/div>\n\t\t\t\t<\/div>\n\t\t\t\t<div class=\"elementor-element elementor-element-7c3c94df elementor-widget__width-initial elementor-widget elementor-widget-text-editor\" data-id=\"7c3c94df\" data-element_type=\"widget\" data-widget_type=\"text-editor.default\">\n\t\t\t\t<div class=\"elementor-widget-container\">\n\t\t\t\t\t\t\t\t\tBlick auf die ehemalige Synagoge, den erhaltenen Teil der mittelalterlichen Stadtmauer und den j\u00fcdischen Turm, 2022, Foto: Domen Kodri\u010d, <br>\u00a9 Zentrum f\u00fcr j\u00fcdisches Kulturerbe Synagoge Maribor\t\t\t\t\t\t\t\t<\/div>\n\t\t\t\t<\/div>\n\t\t\t\t\t<\/div>\n\t\t<\/div>\n\t\t\t\t<div class=\"elementor-column elementor-col-50 elementor-top-column elementor-element elementor-element-102211d7\" data-id=\"102211d7\" data-element_type=\"column\">\n\t\t\t<div class=\"elementor-widget-wrap elementor-element-populated\">\n\t\t\t\t\t\t<div class=\"elementor-element elementor-element-5952864a elementor-widget__width-initial elementor-widget elementor-widget-text-editor\" data-id=\"5952864a\" data-element_type=\"widget\" data-widget_type=\"text-editor.default\">\n\t\t\t\t<div class=\"elementor-widget-container\">\n\t\t\t\t\t\t\t\t\t<p>Die Juden von Maribor waren vor allem Kaufleute, aber sie waren auch im Kreditgesch\u00e4ft sehr aktiv. Sie verf\u00fcgten \u00fcber eine gut organisierte Gemeinde, die im weiteren mitteleurop\u00e4ischen Raum einflussreich war. Die Juden lebten in einer Ansammlung im so genannten Judenviertel im s\u00fcd\u00f6stlichen Teil des mittelalterlichen Maribor, und die Synagoge, die erstmals 1354 in historischen Quellen erw\u00e4hnt wird, war ihr religi\u00f6ses und soziales Zentrum. <\/p>\n\t\t\t\t\t\t\t\t<\/div>\n\t\t\t\t<\/div>\n\t\t\t\t\t<\/div>\n\t\t<\/div>\n\t\t\t\t\t<\/div>\n\t\t<\/section>\n\t\t\t\t<\/div>\n\t\t<\/div><\/div>\n<\/div>\n\n<div class=\"jet-carousel__item\">\n\t<div class=\"jet-carousel__item-inner\"><div class=\"jet-carousel__content\">\t\t<div data-elementor-type=\"section\" data-elementor-id=\"76286\" class=\"elementor elementor-76286\" data-elementor-post-type=\"elementor_library\">\n\t\t\t\t\t<section class=\"elementor-section elementor-top-section elementor-element elementor-element-246d12fb elementor-section-boxed elementor-section-height-default elementor-section-height-default\" data-id=\"246d12fb\" data-element_type=\"section\" data-settings=\"{&quot;jet_parallax_layout_list&quot;:[]}\">\n\t\t\t\t\t\t<div class=\"elementor-container elementor-column-gap-default\">\n\t\t\t\t\t<div class=\"elementor-column elementor-col-50 elementor-top-column elementor-element elementor-element-4ded751f\" data-id=\"4ded751f\" data-element_type=\"column\">\n\t\t\t<div class=\"elementor-widget-wrap elementor-element-populated\">\n\t\t\t\t\t\t<div class=\"elementor-element elementor-element-4f2ef0ff elementor-widget elementor-widget-image\" data-id=\"4f2ef0ff\" data-element_type=\"widget\" data-widget_type=\"image.default\">\n\t\t\t\t<div class=\"elementor-widget-container\">\n\t\t\t\t\t\t\t\t\t\t\t\t\t\t\t<img decoding=\"async\" width=\"800\" height=\"534\" src=\"https:\/\/museum-mb.si\/wp-content\/uploads\/2023\/09\/Sklop-7-foto-3-min-1024x683.jpg\" class=\"attachment-large size-large wp-image-76194\" alt=\"\" srcset=\"https:\/\/museum-mb.si\/wp-content\/uploads\/2023\/09\/Sklop-7-foto-3-min-1024x683.jpg.webp 1024w, https:\/\/museum-mb.si\/wp-content\/uploads\/2023\/09\/Sklop-7-foto-3-min-300x200.jpg.webp 300w, https:\/\/museum-mb.si\/wp-content\/uploads\/2023\/09\/Sklop-7-foto-3-min-768x512.jpg.webp 768w, https:\/\/museum-mb.si\/wp-content\/uploads\/2023\/09\/Sklop-7-foto-3-min-1536x1024.jpg.webp 1536w, https:\/\/museum-mb.si\/wp-content\/uploads\/2023\/09\/Sklop-7-foto-3-min-2048x1365.jpg.webp 2048w, https:\/\/museum-mb.si\/wp-content\/uploads\/2023\/09\/Sklop-7-foto-3-min-18x12.jpg.webp 18w\" sizes=\"(max-width: 800px) 100vw, 800px\" \/>\t\t\t\t\t\t\t\t\t\t\t\t\t\t\t<\/div>\n\t\t\t\t<\/div>\n\t\t\t\t<div class=\"elementor-element elementor-element-2a07b2ed elementor-widget__width-initial elementor-widget elementor-widget-text-editor\" data-id=\"2a07b2ed\" data-element_type=\"widget\" data-widget_type=\"text-editor.default\">\n\t\t\t\t<div class=\"elementor-widget-container\">\n\t\t\t\t\t\t\t\t\tBlick auf das ehemalige j\u00fcdische Viertel mit der erhaltenen Synagoge und dem J\u00fcdischen Turm, 2009, Foto Branimir Ritonja, <br>\u00a9 Zentrum f\u00fcr j\u00fcdisches Kulturerbe Synagoge Maribor\t\t\t\t\t\t\t\t<\/div>\n\t\t\t\t<\/div>\n\t\t\t\t\t<\/div>\n\t\t<\/div>\n\t\t\t\t<div class=\"elementor-column elementor-col-50 elementor-top-column elementor-element elementor-element-686ceb6b\" data-id=\"686ceb6b\" data-element_type=\"column\">\n\t\t\t<div class=\"elementor-widget-wrap elementor-element-populated\">\n\t\t\t\t\t\t<div class=\"elementor-element elementor-element-45e014b4 elementor-widget__width-initial elementor-widget elementor-widget-text-editor\" data-id=\"45e014b4\" data-element_type=\"widget\" data-widget_type=\"text-editor.default\">\n\t\t\t\t<div class=\"elementor-widget-container\">\n\t\t\t\t\t\t\t\t\tNachdem die Juden die Stadt verlassen hatten, wurde es in die katholische Allerheiligenkirche umgewandelt. Ende des 18. Jahrhunderts wurde es in ein Lagerhaus umgewandelt und ab der zweiten H\u00e4lfte des 19. Jahrhunderts wurde es sogar als Wohnung genutzt. \t\t\t\t\t\t\t\t<\/div>\n\t\t\t\t<\/div>\n\t\t\t\t\t<\/div>\n\t\t<\/div>\n\t\t\t\t\t<\/div>\n\t\t<\/section>\n\t\t\t\t<\/div>\n\t\t<\/div><\/div>\n<\/div>\n\n<div class=\"jet-carousel__item\">\n\t<div class=\"jet-carousel__item-inner\"><div class=\"jet-carousel__content\">\t\t<div data-elementor-type=\"section\" data-elementor-id=\"76289\" class=\"elementor elementor-76289\" data-elementor-post-type=\"elementor_library\">\n\t\t\t\t\t<section class=\"elementor-section elementor-top-section elementor-element elementor-element-5216e062 elementor-section-boxed elementor-section-height-default elementor-section-height-default\" data-id=\"5216e062\" data-element_type=\"section\" data-settings=\"{&quot;jet_parallax_layout_list&quot;:[]}\">\n\t\t\t\t\t\t<div class=\"elementor-container elementor-column-gap-default\">\n\t\t\t\t\t<div class=\"elementor-column elementor-col-50 elementor-top-column elementor-element elementor-element-43e2dbd0\" data-id=\"43e2dbd0\" data-element_type=\"column\">\n\t\t\t<div class=\"elementor-widget-wrap elementor-element-populated\">\n\t\t\t\t\t\t<div class=\"elementor-element elementor-element-7db1fcb3 elementor-widget elementor-widget-image\" data-id=\"7db1fcb3\" data-element_type=\"widget\" data-widget_type=\"image.default\">\n\t\t\t\t<div class=\"elementor-widget-container\">\n\t\t\t\t\t\t\t\t\t\t\t\t\t\t\t<img loading=\"lazy\" decoding=\"async\" width=\"800\" height=\"563\" src=\"https:\/\/museum-mb.si\/wp-content\/uploads\/2023\/09\/Sklop-7-foto-4-1024x721.jpg\" class=\"attachment-large size-large wp-image-76195\" alt=\"\" srcset=\"https:\/\/museum-mb.si\/wp-content\/uploads\/2023\/09\/Sklop-7-foto-4-1024x721.jpg.webp 1024w, https:\/\/museum-mb.si\/wp-content\/uploads\/2023\/09\/Sklop-7-foto-4-300x211.jpg.webp 300w, https:\/\/museum-mb.si\/wp-content\/uploads\/2023\/09\/Sklop-7-foto-4-768x541.jpg.webp 768w, https:\/\/museum-mb.si\/wp-content\/uploads\/2023\/09\/Sklop-7-foto-4-1536x1082.jpg.webp 1536w, https:\/\/museum-mb.si\/wp-content\/uploads\/2023\/09\/Sklop-7-foto-4-2048x1443.jpg.webp 2048w, https:\/\/museum-mb.si\/wp-content\/uploads\/2023\/09\/Sklop-7-foto-4-18x12.jpg.webp 18w\" sizes=\"(max-width: 800px) 100vw, 800px\" \/>\t\t\t\t\t\t\t\t\t\t\t\t\t\t\t<\/div>\n\t\t\t\t<\/div>\n\t\t\t\t<div class=\"elementor-element elementor-element-2f632bc8 elementor-widget__width-initial elementor-widget elementor-widget-text-editor\" data-id=\"2f632bc8\" data-element_type=\"widget\" data-widget_type=\"text-editor.default\">\n\t\t\t\t<div class=\"elementor-widget-container\">\n\t\t\t\t\t\t\t\t\tRestaurierung der ehemaligen Synagoge, 1992-1999, <br>\u00a9 ZVKDS, OE Maribor\t\t\t\t\t\t\t\t<\/div>\n\t\t\t\t<\/div>\n\t\t\t\t\t<\/div>\n\t\t<\/div>\n\t\t\t\t<div class=\"elementor-column elementor-col-50 elementor-top-column elementor-element elementor-element-3813bb6d\" data-id=\"3813bb6d\" data-element_type=\"column\">\n\t\t\t<div class=\"elementor-widget-wrap elementor-element-populated\">\n\t\t\t\t\t\t<div class=\"elementor-element elementor-element-21954e6 elementor-widget__width-initial elementor-widget elementor-widget-text-editor\" data-id=\"21954e6\" data-element_type=\"widget\" data-widget_type=\"text-editor.default\">\n\t\t\t\t<div class=\"elementor-widget-container\">\n\t\t\t\t\t\t\t\t\t<p>Zahlreiche Umbauten hatten den urspr\u00fcnglichen Charakter der Mariborer Synagoge erheblich ver\u00e4ndert, so dass sie in den 1990er Jahren mit umfangreichen Konservierungs- und Restaurierungsarbeiten sorgf\u00e4ltig renoviert und ein neuer Kultur- und Veranstaltungsraum in der Stadt geschaffen wurde. Das Kulturzentrum Synagoge wurde am 1. April 2001 offiziell als Zweigstelle des Regionalmuseums Maribor er\u00f6ffnet, und nach zehn Jahren Betrieb wurde das Zentrum in die unabh\u00e4ngige \u00f6ffentliche Einrichtung Synagogenzentrum des j\u00fcdischen Kulturerbes Maribor umgewandelt.<\/p>\n<gwmw style=\"display:none;\"><\/gwmw>\t\t\t\t\t\t\t\t<\/div>\n\t\t\t\t<\/div>\n\t\t\t\t\t<\/div>\n\t\t<\/div>\n\t\t\t\t\t<\/div>\n\t\t<\/section>\n\t\t\t\t<\/div>\n\t\t<\/div><\/div>\n<\/div>\n<\/div><div class=\"jet-carousel__prev-arrow-c9cb45f jet-arrow prev-arrow\"><i aria-hidden=\"true\" class=\"fas fa-angle-left\"><\/i><\/div><div class=\"jet-carousel__next-arrow-c9cb45f jet-arrow next-arrow\"><i aria-hidden=\"true\" class=\"fas fa-angle-right\"><\/i><\/div><\/div>\n<\/div>\n<\/div>\t\t\t\t<\/div>\n\t\t\t\t<\/div>\n\t\t\t\t\t<\/div>\n\t\t<\/div>\n\t\t\t\t\t<\/div>\n\t\t<\/section>\n\t\t\t\t<\/div>","protected":false},"featured_media":76192,"template":"","vrsta":[44],"class_list":["post-76191","razstave","type-razstave","status-publish","has-post-thumbnail","hentry","vrsta-gremo-mi-na-svoje"],"yoast_head":"<!-- This site is optimized with the Yoast SEO plugin v27.5 - https:\/\/yoast.com\/product\/yoast-seo-wordpress\/ -->\n<title>CENTER JUDOVSKE KULTURNE DEDI\u0160\u010cINE SINAGOGA MARIBOR &#8211; Pokrajinski muzej Maribor<\/title>\n<meta name=\"robots\" content=\"index, follow, max-snippet:-1, max-image-preview:large, max-video-preview:-1\" \/>\n<link rel=\"canonical\" href=\"https:\/\/museum-mb.si\/de\/ausstellungen\/zentrum-judischer-kultur-gesprache-sinagoga-maribor\/\" \/>\n<meta property=\"og:locale\" content=\"de_DE\" \/>\n<meta property=\"og:type\" content=\"article\" \/>\n<meta property=\"og:title\" content=\"CENTER JUDOVSKE KULTURNE DEDI\u0160\u010cINE SINAGOGA MARIBOR &#8211; Pokrajinski muzej Maribor\" \/>\n<meta property=\"og:description\" content=\"RAZISKUJ GREMO MI NA SVOJE Z virtualno razstavo Gremo mi na svoje se predstavlja sedem samostojnih kulturnih ustanov Maribora, ki izhajajo iz skupnih za\u010detkov, danes pa tvorijo hrbtenico mariborskega institucionalnega kulturnega delovanja. Na razstavi se poleg Pokrajinskega muzeja Maribor predstavljajo \u0161e Univerzitetna knji\u017enica Maribor, Pokrajinski arhiv Maribor, Umetnostna galerija Maribor, Muzej narodne osvoboditve Maribor, Sinagoga [&hellip;]\" \/>\n<meta property=\"og:url\" content=\"https:\/\/museum-mb.si\/de\/ausstellungen\/zentrum-judischer-kultur-gesprache-sinagoga-maribor\/\" \/>\n<meta property=\"og:site_name\" content=\"Pokrajinski muzej Maribor\" \/>\n<meta property=\"article:publisher\" content=\"https:\/\/www.facebook.com\/pomum123\" \/>\n<meta property=\"article:modified_time\" content=\"2023-09-14T07:05:38+00:00\" \/>\n<meta property=\"og:image\" content=\"https:\/\/museum-mb.si\/wp-content\/uploads\/2023\/09\/Sklop-7-foto-1-scaled.jpg\" \/>\n\t<meta property=\"og:image:width\" content=\"2560\" \/>\n\t<meta property=\"og:image:height\" content=\"1440\" \/>\n\t<meta property=\"og:image:type\" content=\"image\/jpeg\" \/>\n<meta name=\"twitter:card\" content=\"summary_large_image\" \/>\n<meta name=\"twitter:label1\" content=\"Gesch\u00e4tzte Lesezeit\" \/>\n\t<meta name=\"twitter:data1\" content=\"2\u00a0Minuten\" \/>\n<script type=\"application\/ld+json\" class=\"yoast-schema-graph\">{\"@context\":\"https:\\\/\\\/schema.org\",\"@graph\":[{\"@type\":\"WebPage\",\"@id\":\"https:\\\/\\\/museum-mb.si\\\/razstave\\\/center-judovske-kulturne-dediscine-sinagoga-maribor\\\/\",\"url\":\"https:\\\/\\\/museum-mb.si\\\/razstave\\\/center-judovske-kulturne-dediscine-sinagoga-maribor\\\/\",\"name\":\"CENTER JUDOVSKE KULTURNE DEDI\u0160\u010cINE SINAGOGA MARIBOR &#8211; Pokrajinski muzej Maribor\",\"isPartOf\":{\"@id\":\"https:\\\/\\\/museum-mb.si\\\/#website\"},\"primaryImageOfPage\":{\"@id\":\"https:\\\/\\\/museum-mb.si\\\/razstave\\\/center-judovske-kulturne-dediscine-sinagoga-maribor\\\/#primaryimage\"},\"image\":{\"@id\":\"https:\\\/\\\/museum-mb.si\\\/razstave\\\/center-judovske-kulturne-dediscine-sinagoga-maribor\\\/#primaryimage\"},\"thumbnailUrl\":\"https:\\\/\\\/museum-mb.si\\\/wp-content\\\/uploads\\\/2023\\\/09\\\/Sklop-7-foto-1-scaled.jpg\",\"datePublished\":\"2023-09-12T10:38:49+00:00\",\"dateModified\":\"2023-09-14T07:05:38+00:00\",\"breadcrumb\":{\"@id\":\"https:\\\/\\\/museum-mb.si\\\/razstave\\\/center-judovske-kulturne-dediscine-sinagoga-maribor\\\/#breadcrumb\"},\"inLanguage\":\"de\",\"potentialAction\":[{\"@type\":\"ReadAction\",\"target\":[\"https:\\\/\\\/museum-mb.si\\\/razstave\\\/center-judovske-kulturne-dediscine-sinagoga-maribor\\\/\"]}]},{\"@type\":\"ImageObject\",\"inLanguage\":\"de\",\"@id\":\"https:\\\/\\\/museum-mb.si\\\/razstave\\\/center-judovske-kulturne-dediscine-sinagoga-maribor\\\/#primaryimage\",\"url\":\"https:\\\/\\\/museum-mb.si\\\/wp-content\\\/uploads\\\/2023\\\/09\\\/Sklop-7-foto-1-scaled.jpg\",\"contentUrl\":\"https:\\\/\\\/museum-mb.si\\\/wp-content\\\/uploads\\\/2023\\\/09\\\/Sklop-7-foto-1-scaled.jpg\",\"width\":2560,\"height\":1440},{\"@type\":\"BreadcrumbList\",\"@id\":\"https:\\\/\\\/museum-mb.si\\\/razstave\\\/center-judovske-kulturne-dediscine-sinagoga-maribor\\\/#breadcrumb\",\"itemListElement\":[{\"@type\":\"ListItem\",\"position\":1,\"name\":\"Domov\",\"item\":\"https:\\\/\\\/museum-mb.si\\\/\"},{\"@type\":\"ListItem\",\"position\":2,\"name\":\"Razstave\",\"item\":\"https:\\\/\\\/museum-mb.si\\\/razstave\\\/\"},{\"@type\":\"ListItem\",\"position\":3,\"name\":\"CENTER JUDOVSKE KULTURNE DEDI\u0160\u010cINE SINAGOGA MARIBOR\"}]},{\"@type\":\"WebSite\",\"@id\":\"https:\\\/\\\/museum-mb.si\\\/#website\",\"url\":\"https:\\\/\\\/museum-mb.si\\\/\",\"name\":\"Pokrajinski muzej Maribor\",\"description\":\"\",\"publisher\":{\"@id\":\"https:\\\/\\\/museum-mb.si\\\/#organization\"},\"potentialAction\":[{\"@type\":\"SearchAction\",\"target\":{\"@type\":\"EntryPoint\",\"urlTemplate\":\"https:\\\/\\\/museum-mb.si\\\/?s={search_term_string}\"},\"query-input\":{\"@type\":\"PropertyValueSpecification\",\"valueRequired\":true,\"valueName\":\"search_term_string\"}}],\"inLanguage\":\"de\"},{\"@type\":\"Organization\",\"@id\":\"https:\\\/\\\/museum-mb.si\\\/#organization\",\"name\":\"Pokrajinski muzej Maribor\",\"url\":\"https:\\\/\\\/museum-mb.si\\\/\",\"logo\":{\"@type\":\"ImageObject\",\"inLanguage\":\"de\",\"@id\":\"https:\\\/\\\/museum-mb.si\\\/#\\\/schema\\\/logo\\\/image\\\/\",\"url\":\"https:\\\/\\\/museum-mb.si\\\/wp-content\\\/uploads\\\/2024\\\/12\\\/pmm_logo_barvni_jpeg.jpg\",\"contentUrl\":\"https:\\\/\\\/museum-mb.si\\\/wp-content\\\/uploads\\\/2024\\\/12\\\/pmm_logo_barvni_jpeg.jpg\",\"width\":758,\"height\":754,\"caption\":\"Pokrajinski muzej Maribor\"},\"image\":{\"@id\":\"https:\\\/\\\/museum-mb.si\\\/#\\\/schema\\\/logo\\\/image\\\/\"},\"sameAs\":[\"https:\\\/\\\/www.facebook.com\\\/pomum123\",\"https:\\\/\\\/www.instagram.com\\\/maribor_museum\\\/\",\"https:\\\/\\\/www.youtube.com\\\/channel\\\/UCdshtCrun841Oc-35tYLBGQ\"]}]}<\/script>\n<!-- \/ Yoast SEO plugin. -->","yoast_head_json":{"title":"ZENTRUM DES JUDISCHEN KULTURERBES SINAGOGA MARIBOR - Regionalmuseum Maribor","robots":{"index":"index","follow":"follow","max-snippet":"max-snippet:-1","max-image-preview":"max-image-preview:large","max-video-preview":"max-video-preview:-1"},"canonical":"https:\/\/museum-mb.si\/de\/ausstellungen\/zentrum-judischer-kultur-gesprache-sinagoga-maribor\/","og_locale":"de_DE","og_type":"article","og_title":"CENTER JUDOVSKE KULTURNE DEDI\u0160\u010cINE SINAGOGA MARIBOR &#8211; Pokrajinski muzej Maribor","og_description":"RAZISKUJ GREMO MI NA SVOJE Z virtualno razstavo Gremo mi na svoje se predstavlja sedem samostojnih kulturnih ustanov Maribora, ki izhajajo iz skupnih za\u010detkov, danes pa tvorijo hrbtenico mariborskega institucionalnega kulturnega delovanja. Na razstavi se poleg Pokrajinskega muzeja Maribor predstavljajo \u0161e Univerzitetna knji\u017enica Maribor, Pokrajinski arhiv Maribor, Umetnostna galerija Maribor, Muzej narodne osvoboditve Maribor, Sinagoga [&hellip;]","og_url":"https:\/\/museum-mb.si\/de\/ausstellungen\/zentrum-judischer-kultur-gesprache-sinagoga-maribor\/","og_site_name":"Pokrajinski muzej Maribor","article_publisher":"https:\/\/www.facebook.com\/pomum123","article_modified_time":"2023-09-14T07:05:38+00:00","og_image":[{"width":2560,"height":1440,"url":"https:\/\/museum-mb.si\/wp-content\/uploads\/2023\/09\/Sklop-7-foto-1-scaled.jpg","type":"image\/jpeg"}],"twitter_card":"summary_large_image","twitter_misc":{"Gesch\u00e4tzte Lesezeit":"2\u00a0Minuten"},"schema":{"@context":"https:\/\/schema.org","@graph":[{"@type":"WebPage","@id":"https:\/\/museum-mb.si\/razstave\/center-judovske-kulturne-dediscine-sinagoga-maribor\/","url":"https:\/\/museum-mb.si\/razstave\/center-judovske-kulturne-dediscine-sinagoga-maribor\/","name":"ZENTRUM DES JUDISCHEN KULTURERBES SINAGOGA MARIBOR - Regionalmuseum Maribor","isPartOf":{"@id":"https:\/\/museum-mb.si\/#website"},"primaryImageOfPage":{"@id":"https:\/\/museum-mb.si\/razstave\/center-judovske-kulturne-dediscine-sinagoga-maribor\/#primaryimage"},"image":{"@id":"https:\/\/museum-mb.si\/razstave\/center-judovske-kulturne-dediscine-sinagoga-maribor\/#primaryimage"},"thumbnailUrl":"https:\/\/museum-mb.si\/wp-content\/uploads\/2023\/09\/Sklop-7-foto-1-scaled.jpg","datePublished":"2023-09-12T10:38:49+00:00","dateModified":"2023-09-14T07:05:38+00:00","breadcrumb":{"@id":"https:\/\/museum-mb.si\/razstave\/center-judovske-kulturne-dediscine-sinagoga-maribor\/#breadcrumb"},"inLanguage":"de","potentialAction":[{"@type":"ReadAction","target":["https:\/\/museum-mb.si\/razstave\/center-judovske-kulturne-dediscine-sinagoga-maribor\/"]}]},{"@type":"ImageObject","inLanguage":"de","@id":"https:\/\/museum-mb.si\/razstave\/center-judovske-kulturne-dediscine-sinagoga-maribor\/#primaryimage","url":"https:\/\/museum-mb.si\/wp-content\/uploads\/2023\/09\/Sklop-7-foto-1-scaled.jpg","contentUrl":"https:\/\/museum-mb.si\/wp-content\/uploads\/2023\/09\/Sklop-7-foto-1-scaled.jpg","width":2560,"height":1440},{"@type":"BreadcrumbList","@id":"https:\/\/museum-mb.si\/razstave\/center-judovske-kulturne-dediscine-sinagoga-maribor\/#breadcrumb","itemListElement":[{"@type":"ListItem","position":1,"name":"Domov","item":"https:\/\/museum-mb.si\/"},{"@type":"ListItem","position":2,"name":"Razstave","item":"https:\/\/museum-mb.si\/razstave\/"},{"@type":"ListItem","position":3,"name":"CENTER JUDOVSKE KULTURNE DEDI\u0160\u010cINE SINAGOGA MARIBOR"}]},{"@type":"WebSite","@id":"https:\/\/museum-mb.si\/#website","url":"https:\/\/museum-mb.si\/","name":"Regionalmuseum Maribor","description":"","publisher":{"@id":"https:\/\/museum-mb.si\/#organization"},"potentialAction":[{"@type":"SearchAction","target":{"@type":"EntryPoint","urlTemplate":"https:\/\/museum-mb.si\/?s={search_term_string}"},"query-input":{"@type":"PropertyValueSpecification","valueRequired":true,"valueName":"search_term_string"}}],"inLanguage":"de"},{"@type":"Organization","@id":"https:\/\/museum-mb.si\/#organization","name":"Regionalmuseum Maribor","url":"https:\/\/museum-mb.si\/","logo":{"@type":"ImageObject","inLanguage":"de","@id":"https:\/\/museum-mb.si\/#\/schema\/logo\/image\/","url":"https:\/\/museum-mb.si\/wp-content\/uploads\/2024\/12\/pmm_logo_barvni_jpeg.jpg","contentUrl":"https:\/\/museum-mb.si\/wp-content\/uploads\/2024\/12\/pmm_logo_barvni_jpeg.jpg","width":758,"height":754,"caption":"Pokrajinski muzej Maribor"},"image":{"@id":"https:\/\/museum-mb.si\/#\/schema\/logo\/image\/"},"sameAs":["https:\/\/www.facebook.com\/pomum123","https:\/\/www.instagram.com\/maribor_museum\/","https:\/\/www.youtube.com\/channel\/UCdshtCrun841Oc-35tYLBGQ"]}]}},"_links":{"self":[{"href":"https:\/\/museum-mb.si\/de\/wp-json\/wp\/v2\/razstave\/76191","targetHints":{"allow":["GET"]}}],"collection":[{"href":"https:\/\/museum-mb.si\/de\/wp-json\/wp\/v2\/razstave"}],"about":[{"href":"https:\/\/museum-mb.si\/de\/wp-json\/wp\/v2\/types\/razstave"}],"version-history":[{"count":7,"href":"https:\/\/museum-mb.si\/de\/wp-json\/wp\/v2\/razstave\/76191\/revisions"}],"predecessor-version":[{"id":76335,"href":"https:\/\/museum-mb.si\/de\/wp-json\/wp\/v2\/razstave\/76191\/revisions\/76335"}],"wp:featuredmedia":[{"embeddable":true,"href":"https:\/\/museum-mb.si\/de\/wp-json\/wp\/v2\/media\/76192"}],"wp:attachment":[{"href":"https:\/\/museum-mb.si\/de\/wp-json\/wp\/v2\/media?parent=76191"}],"wp:term":[{"taxonomy":"vrsta","embeddable":true,"href":"https:\/\/museum-mb.si\/de\/wp-json\/wp\/v2\/vrsta?post=76191"}],"curies":[{"name":"wp","href":"https:\/\/api.w.org\/{rel}","templated":true}]}}