{"id":76184,"date":"2023-09-12T11:35:31","date_gmt":"2023-09-12T10:35:31","guid":{"rendered":"https:\/\/museum-mb.si\/?post_type=razstave&#038;p=76184"},"modified":"2023-09-14T08:04:00","modified_gmt":"2023-09-14T07:04:00","slug":"museum-der-nationalen-befreiung-maribor","status":"publish","type":"razstave","link":"https:\/\/museum-mb.si\/de\/ausstellungen\/museum-der-nationalen-befreiung-maribor\/","title":{"rendered":"MUSEUM DER NATIONALEN BEFREIUNG MARIBOR"},"content":{"rendered":"<div data-elementor-type=\"wp-post\" data-elementor-id=\"76184\" class=\"elementor elementor-76184\" data-elementor-post-type=\"razstave\">\n\t\t\t\t\t\t<section class=\"elementor-section elementor-top-section elementor-element elementor-element-77314bd elementor-section-height-min-height elementor-section-stretched elementor-section-boxed elementor-section-height-default elementor-section-items-middle\" data-id=\"77314bd\" data-element_type=\"section\" data-settings=\"{&quot;stretch_section&quot;:&quot;section-stretched&quot;,&quot;jet_parallax_layout_list&quot;:[],&quot;background_background&quot;:&quot;classic&quot;}\">\n\t\t\t\t\t\t\t<div class=\"elementor-background-overlay\"><\/div>\n\t\t\t\t\t\t\t<div class=\"elementor-container elementor-column-gap-default\">\n\t\t\t\t\t<div class=\"elementor-column elementor-col-100 elementor-top-column elementor-element elementor-element-6ea918c\" data-id=\"6ea918c\" data-element_type=\"column\">\n\t\t\t<div class=\"elementor-widget-wrap elementor-element-populated\">\n\t\t\t\t\t\t<div class=\"elementor-element elementor-element-6a8728e elementor-widget elementor-widget-text-editor\" data-id=\"6a8728e\" data-element_type=\"widget\" data-widget_type=\"text-editor.default\">\n\t\t\t\t<div class=\"elementor-widget-container\">\n\t\t\t\t\t\t\t\t\t<p>ANZEIGE<\/p>\t\t\t\t\t\t\t\t<\/div>\n\t\t\t\t<\/div>\n\t\t\t\t<div class=\"elementor-element elementor-element-043ae00 elementor-widget elementor-widget-heading\" data-id=\"043ae00\" data-element_type=\"widget\" data-widget_type=\"heading.default\">\n\t\t\t\t<div class=\"elementor-widget-container\">\n\t\t\t\t\t<h2 class=\"elementor-heading-title elementor-size-default\">WIR SIND AUF UNS ALLEIN GESTELLT<\/h2>\t\t\t\t<\/div>\n\t\t\t\t<\/div>\n\t\t\t\t<div class=\"elementor-element elementor-element-0b5da8c elementor-widget__width-initial elementor-widget elementor-widget-text-editor\" data-id=\"0b5da8c\" data-element_type=\"widget\" data-widget_type=\"text-editor.default\">\n\t\t\t\t<div class=\"elementor-widget-container\">\n\t\t\t\t\t\t\t\t\t<p>Mit einer virtuellen Ausstellung <strong>Wir sind auf uns allein gestellt <\/strong>stellt sieben unabh\u00e4ngige Kultureinrichtungen in Maribor vor, die ihre Wurzeln in gemeinsamen Anf\u00e4ngen haben und heute das R\u00fcckgrat des institutionellen Kulturlebens in Maribor bilden. Neben dem Regionalmuseum Maribor werden auch die Universit\u00e4tsbibliothek Maribor, das Regionalarchiv Maribor, die Kunstgalerie Maribor, das Museum der nationalen Befreiung Maribor, die Synagoge Maribor und das Institut f\u00fcr den Schutz des kulturellen Erbes, Regionalabteilung Maribor, vorgestellt.<\/p>\n<p>Die Ausstellung We Go on Our Own wurde anl\u00e4sslich des 120-j\u00e4hrigen Bestehens des Regionalmuseums Maribor im Rahmen des gleichnamigen Projekts erstellt.<\/p>\n<gwmw style=\"display:none;\"><\/gwmw>\t\t\t\t\t\t\t\t<\/div>\n\t\t\t\t<\/div>\n\t\t\t\t\t<\/div>\n\t\t<\/div>\n\t\t\t\t\t<\/div>\n\t\t<\/section>\n\t\t\t\t<section class=\"elementor-section elementor-top-section elementor-element elementor-element-262c0fd elementor-section-boxed elementor-section-height-default elementor-section-height-default\" data-id=\"262c0fd\" data-element_type=\"section\" data-settings=\"{&quot;jet_parallax_layout_list&quot;:[]}\">\n\t\t\t\t\t\t<div class=\"elementor-container elementor-column-gap-default\">\n\t\t\t\t\t<div class=\"elementor-column elementor-col-100 elementor-top-column elementor-element elementor-element-2dc50b9\" data-id=\"2dc50b9\" data-element_type=\"column\">\n\t\t\t<div class=\"elementor-widget-wrap elementor-element-populated\">\n\t\t\t\t\t\t<div class=\"elementor-element elementor-element-db2bb9a elementor-widget__width-initial elementor-widget elementor-widget-spacer\" data-id=\"db2bb9a\" data-element_type=\"widget\" data-widget_type=\"spacer.default\">\n\t\t\t\t<div class=\"elementor-widget-container\">\n\t\t\t\t\t\t\t<div class=\"elementor-spacer\">\n\t\t\t<div class=\"elementor-spacer-inner\"><\/div>\n\t\t<\/div>\n\t\t\t\t\t\t<\/div>\n\t\t\t\t<\/div>\n\t\t\t\t\t<\/div>\n\t\t<\/div>\n\t\t\t\t\t<\/div>\n\t\t<\/section>\n\t\t\t\t<section class=\"elementor-section elementor-top-section elementor-element elementor-element-a155e87 elementor-section-boxed elementor-section-height-default elementor-section-height-default\" data-id=\"a155e87\" data-element_type=\"section\" data-settings=\"{&quot;jet_parallax_layout_list&quot;:[]}\">\n\t\t\t\t\t\t<div class=\"elementor-container elementor-column-gap-default\">\n\t\t\t\t\t<div class=\"elementor-column elementor-col-100 elementor-top-column elementor-element elementor-element-0de4add\" data-id=\"0de4add\" data-element_type=\"column\">\n\t\t\t<div class=\"elementor-widget-wrap elementor-element-populated\">\n\t\t\t\t\t\t<div class=\"elementor-element elementor-element-ffb652a elementor-widget elementor-widget-heading\" data-id=\"ffb652a\" data-element_type=\"widget\" data-widget_type=\"heading.default\">\n\t\t\t\t<div class=\"elementor-widget-container\">\n\t\t\t\t\t<h2 class=\"elementor-heading-title elementor-size-default\">Museum der nationalen Befreiung Maribor<\/h2>\t\t\t\t<\/div>\n\t\t\t\t<\/div>\n\t\t\t\t\t<\/div>\n\t\t<\/div>\n\t\t\t\t\t<\/div>\n\t\t<\/section>\n\t\t\t\t<section class=\"elementor-section elementor-top-section elementor-element elementor-element-dc5a8cf elementor-section-boxed elementor-section-height-default elementor-section-height-default\" data-id=\"dc5a8cf\" data-element_type=\"section\" data-settings=\"{&quot;jet_parallax_layout_list&quot;:[]}\">\n\t\t\t\t\t\t<div class=\"elementor-container elementor-column-gap-default\">\n\t\t\t\t\t<div class=\"elementor-column elementor-col-100 elementor-top-column elementor-element elementor-element-35fced6\" data-id=\"35fced6\" data-element_type=\"column\">\n\t\t\t<div class=\"elementor-widget-wrap elementor-element-populated\">\n\t\t\t\t\t\t<div class=\"elementor-element elementor-element-ca24f44 elementor-widget elementor-widget-jet-carousel\" data-id=\"ca24f44\" data-element_type=\"widget\" data-settings=\"{&quot;slides_to_show&quot;:&quot;1&quot;,&quot;slides_to_show_mobile&quot;:&quot;1&quot;,&quot;slides_to_scroll_mobile&quot;:&quot;1&quot;,&quot;slides_to_scroll&quot;:&quot;1&quot;}\" data-widget_type=\"jet-carousel.default\">\n\t\t\t\t<div class=\"elementor-widget-container\">\n\t\t\t\t\t<div class=\"elementor-jet-carousel jet-elements\"><div class=\"jet-carousel-wrap\">\n\t<div class=\"jet-carousel\" data-slider_options=\"{&quot;autoplaySpeed&quot;:5000,&quot;autoplay&quot;:false,&quot;infinite&quot;:true,&quot;centerMode&quot;:false,&quot;centerPadding&quot;:&quot;50px&quot;,&quot;pauseOnHover&quot;:false,&quot;speed&quot;:500,&quot;arrows&quot;:true,&quot;dots&quot;:false,&quot;variableWidth&quot;:false,&quot;prevArrow&quot;:&quot;.jet-carousel__prev-arrow-ca24f44&quot;,&quot;nextArrow&quot;:&quot;.jet-carousel__next-arrow-ca24f44&quot;,&quot;rtl&quot;:false,&quot;fractionNav&quot;:false,&quot;fade&quot;:false}\" dir=\"ltr\">\n\t<div class=\"elementor-slick-slider\">\n\n<div class=\"jet-carousel__item\">\n\t<div class=\"jet-carousel__item-inner\"><div class=\"jet-carousel__content\">\t\t<div data-elementor-type=\"section\" data-elementor-id=\"76247\" class=\"elementor elementor-76247\" data-elementor-post-type=\"elementor_library\">\n\t\t\t\t\t<section class=\"elementor-section elementor-top-section elementor-element elementor-element-7143387b elementor-section-boxed elementor-section-height-default elementor-section-height-default\" data-id=\"7143387b\" data-element_type=\"section\" data-settings=\"{&quot;jet_parallax_layout_list&quot;:[]}\">\n\t\t\t\t\t\t<div class=\"elementor-container elementor-column-gap-default\">\n\t\t\t\t\t<div class=\"elementor-column elementor-col-50 elementor-top-column elementor-element elementor-element-231cd187\" data-id=\"231cd187\" data-element_type=\"column\">\n\t\t\t<div class=\"elementor-widget-wrap elementor-element-populated\">\n\t\t\t\t\t\t<div class=\"elementor-element elementor-element-4e5e12b7 elementor-widget elementor-widget-image\" data-id=\"4e5e12b7\" data-element_type=\"widget\" data-widget_type=\"image.default\">\n\t\t\t\t<div class=\"elementor-widget-container\">\n\t\t\t\t\t\t\t\t\t\t\t\t\t\t\t<img fetchpriority=\"high\" decoding=\"async\" width=\"640\" height=\"480\" src=\"https:\/\/museum-mb.si\/wp-content\/uploads\/2023\/09\/Sklop-5-foto-1.jpg\" class=\"attachment-large size-large wp-image-76181\" alt=\"\" srcset=\"https:\/\/museum-mb.si\/wp-content\/uploads\/2023\/09\/Sklop-5-foto-1.jpg.webp 640w, https:\/\/museum-mb.si\/wp-content\/uploads\/2023\/09\/Sklop-5-foto-1-300x225.jpg.webp 300w, https:\/\/museum-mb.si\/wp-content\/uploads\/2023\/09\/Sklop-5-foto-1-16x12.jpg.webp 16w\" sizes=\"(max-width: 640px) 100vw, 640px\" \/>\t\t\t\t\t\t\t\t\t\t\t\t\t\t\t<\/div>\n\t\t\t\t<\/div>\n\t\t\t\t<div class=\"elementor-element elementor-element-1a3d53f elementor-widget__width-initial elementor-widget elementor-widget-text-editor\" data-id=\"1a3d53f\" data-element_type=\"widget\" data-widget_type=\"text-editor.default\">\n\t\t\t\t<div class=\"elementor-widget-container\">\n\t\t\t\t\t\t\t\t\tMuseum der nationalen Befreiung Maribor\t\t\t\t\t\t\t\t<\/div>\n\t\t\t\t<\/div>\n\t\t\t\t\t<\/div>\n\t\t<\/div>\n\t\t\t\t<div class=\"elementor-column elementor-col-50 elementor-top-column elementor-element elementor-element-41275206\" data-id=\"41275206\" data-element_type=\"column\">\n\t\t\t<div class=\"elementor-widget-wrap elementor-element-populated\">\n\t\t\t\t\t\t<div class=\"elementor-element elementor-element-49929d40 elementor-widget__width-initial elementor-widget elementor-widget-text-editor\" data-id=\"49929d40\" data-element_type=\"widget\" data-widget_type=\"text-editor.default\">\n\t\t\t\t<div class=\"elementor-widget-container\">\n\t\t\t\t\t\t\t\t\tDie Anf\u00e4nge des Museums der nationalen Befreiung in Maribor gehen auf das Jahr 1947 zur\u00fcck, als im Regionalmuseum in Maribor eine Sammlung \u00fcber den nationalen Befreiungskampf er\u00f6ffnet wurde. Dies war die erste Sammlung dieser Art in einem slowenischen Museumskomplex. Im Jahr 1955 zog die Abteilung f\u00fcr die Volksrevolution mit Hilfe des Verbandes der NOV-K\u00e4mpfer in ihr eigenes Geb\u00e4ude in der Heroja Tom\u0161i\u010d-Stra\u00dfe 5 um und wurde 1958 zu einer eigenst\u00e4ndigen Institution. In dem umgebauten Geb\u00e4ude richtete die Abteilung eine Dauerausstellung ein, die am 12. Januar 1958 er\u00f6ffnet wurde. \t\t\t\t\t\t\t\t<\/div>\n\t\t\t\t<\/div>\n\t\t\t\t\t<\/div>\n\t\t<\/div>\n\t\t\t\t\t<\/div>\n\t\t<\/section>\n\t\t\t\t<\/div>\n\t\t<\/div><\/div>\n<\/div>\n\n<div class=\"jet-carousel__item\">\n\t<div class=\"jet-carousel__item-inner\"><div class=\"jet-carousel__content\">\t\t<div data-elementor-type=\"section\" data-elementor-id=\"76251\" class=\"elementor elementor-76251\" data-elementor-post-type=\"elementor_library\">\n\t\t\t\t\t<section class=\"elementor-section elementor-top-section elementor-element elementor-element-7cb00209 elementor-section-boxed elementor-section-height-default elementor-section-height-default\" data-id=\"7cb00209\" data-element_type=\"section\" data-settings=\"{&quot;jet_parallax_layout_list&quot;:[]}\">\n\t\t\t\t\t\t<div class=\"elementor-container elementor-column-gap-default\">\n\t\t\t\t\t<div class=\"elementor-column elementor-col-50 elementor-top-column elementor-element elementor-element-af0ddfa\" data-id=\"af0ddfa\" data-element_type=\"column\">\n\t\t\t<div class=\"elementor-widget-wrap elementor-element-populated\">\n\t\t\t\t\t\t<div class=\"elementor-element elementor-element-f6c660a elementor-widget elementor-widget-image\" data-id=\"f6c660a\" data-element_type=\"widget\" data-widget_type=\"image.default\">\n\t\t\t\t<div class=\"elementor-widget-container\">\n\t\t\t\t\t\t\t\t\t\t\t\t\t\t\t<img decoding=\"async\" width=\"640\" height=\"480\" src=\"https:\/\/museum-mb.si\/wp-content\/uploads\/2023\/09\/Sklop-5-foto-2.jpg\" class=\"attachment-large size-large wp-image-76182\" alt=\"\" srcset=\"https:\/\/museum-mb.si\/wp-content\/uploads\/2023\/09\/Sklop-5-foto-2.jpg.webp 640w, https:\/\/museum-mb.si\/wp-content\/uploads\/2023\/09\/Sklop-5-foto-2-300x225.jpg.webp 300w, https:\/\/museum-mb.si\/wp-content\/uploads\/2023\/09\/Sklop-5-foto-2-16x12.jpg.webp 16w\" sizes=\"(max-width: 640px) 100vw, 640px\" \/>\t\t\t\t\t\t\t\t\t\t\t\t\t\t\t<\/div>\n\t\t\t\t<\/div>\n\t\t\t\t<div class=\"elementor-element elementor-element-10f30b1c elementor-widget__width-initial elementor-widget elementor-widget-text-editor\" data-id=\"10f30b1c\" data-element_type=\"widget\" data-widget_type=\"text-editor.default\">\n\t\t\t\t<div class=\"elementor-widget-container\">\n\t\t\t\t\t\t\t\t\tMuseum der Nationalen Befreiung Maribor in seinem eigenen Geb\u00e4ude in der Heroja Tom\u0161i\u010da Stra\u00dfe 5\t\t\t\t\t\t\t\t<\/div>\n\t\t\t\t<\/div>\n\t\t\t\t\t<\/div>\n\t\t<\/div>\n\t\t\t\t<div class=\"elementor-column elementor-col-50 elementor-top-column elementor-element elementor-element-740e6269\" data-id=\"740e6269\" data-element_type=\"column\">\n\t\t\t<div class=\"elementor-widget-wrap elementor-element-populated\">\n\t\t\t\t\t\t<div class=\"elementor-element elementor-element-b00d541 elementor-widget__width-initial elementor-widget elementor-widget-text-editor\" data-id=\"b00d541\" data-element_type=\"widget\" data-widget_type=\"text-editor.default\">\n\t\t\t\t<div class=\"elementor-widget-container\">\n\t\t\t\t\t\t\t\t\tDas Museum sammelte Museums- und Archivmaterial vor allem vor Ort und \u00fcbernahm einen Teil des Museums- und Archivmaterials von anderen Institutionen, vor allem vom Regionalmuseum Maribor, aus dem es somit hervorging.\t\t\t\t\t\t\t\t<\/div>\n\t\t\t\t<\/div>\n\t\t\t\t\t<\/div>\n\t\t<\/div>\n\t\t\t\t\t<\/div>\n\t\t<\/section>\n\t\t\t\t<\/div>\n\t\t<\/div><\/div>\n<\/div>\n\n<div class=\"jet-carousel__item\">\n\t<div class=\"jet-carousel__item-inner\"><div class=\"jet-carousel__content\">\t\t<div data-elementor-type=\"section\" data-elementor-id=\"76254\" class=\"elementor elementor-76254\" data-elementor-post-type=\"elementor_library\">\n\t\t\t\t\t<section class=\"elementor-section elementor-top-section elementor-element elementor-element-52c84ed elementor-section-boxed elementor-section-height-default elementor-section-height-default\" data-id=\"52c84ed\" data-element_type=\"section\" data-settings=\"{&quot;jet_parallax_layout_list&quot;:[]}\">\n\t\t\t\t\t\t<div class=\"elementor-container elementor-column-gap-default\">\n\t\t\t\t\t<div class=\"elementor-column elementor-col-50 elementor-top-column elementor-element elementor-element-1aaea499\" data-id=\"1aaea499\" data-element_type=\"column\">\n\t\t\t<div class=\"elementor-widget-wrap elementor-element-populated\">\n\t\t\t\t\t\t<div class=\"elementor-element elementor-element-24eee2e3 elementor-widget elementor-widget-image\" data-id=\"24eee2e3\" data-element_type=\"widget\" data-widget_type=\"image.default\">\n\t\t\t\t<div class=\"elementor-widget-container\">\n\t\t\t\t\t\t\t\t\t\t\t\t\t\t\t<img decoding=\"async\" width=\"800\" height=\"511\" src=\"https:\/\/museum-mb.si\/wp-content\/uploads\/2023\/09\/Sklop-5-foto-3-1024x654.jpg\" class=\"attachment-large size-large wp-image-76183\" alt=\"\" srcset=\"https:\/\/museum-mb.si\/wp-content\/uploads\/2023\/09\/Sklop-5-foto-3-1024x654.jpg.webp 1024w, https:\/\/museum-mb.si\/wp-content\/uploads\/2023\/09\/Sklop-5-foto-3-300x192.jpg.webp 300w, https:\/\/museum-mb.si\/wp-content\/uploads\/2023\/09\/Sklop-5-foto-3-768x490.jpg.webp 768w, https:\/\/museum-mb.si\/wp-content\/uploads\/2023\/09\/Sklop-5-foto-3-18x12.jpg.webp 18w, https:\/\/museum-mb.si\/wp-content\/uploads\/2023\/09\/Sklop-5-foto-3.jpg.webp 1510w\" sizes=\"(max-width: 800px) 100vw, 800px\" \/>\t\t\t\t\t\t\t\t\t\t\t\t\t\t\t<\/div>\n\t\t\t\t<\/div>\n\t\t\t\t<div class=\"elementor-element elementor-element-72f9c97c elementor-widget__width-initial elementor-widget elementor-widget-text-editor\" data-id=\"72f9c97c\" data-element_type=\"widget\" data-widget_type=\"text-editor.default\">\n\t\t\t\t<div class=\"elementor-widget-container\">\n\t\t\t\t\t\t\t\t\tPartisanen\u00e4rzte der 4. operativen Zone.\n<br> Erster von links Dr. Ivan Kopa\u010d - Pau\u010dek, zweiter Dr. Herman Slokan - Zmago, f\u00fcnfter Dr. Herbert Zaver\u0161nik - Hari\t\t\t\t\t\t\t\t<\/div>\n\t\t\t\t<\/div>\n\t\t\t\t\t<\/div>\n\t\t<\/div>\n\t\t\t\t<div class=\"elementor-column elementor-col-50 elementor-top-column elementor-element elementor-element-7a391c01\" data-id=\"7a391c01\" data-element_type=\"column\">\n\t\t\t<div class=\"elementor-widget-wrap elementor-element-populated\">\n\t\t\t\t\t\t<div class=\"elementor-element elementor-element-4c28422c elementor-widget__width-initial elementor-widget elementor-widget-text-editor\" data-id=\"4c28422c\" data-element_type=\"widget\" data-widget_type=\"text-editor.default\">\n\t\t\t\t<div class=\"elementor-widget-container\">\n\t\t\t\t\t\t\t\t\tDer gr\u00f6\u00dfte Teil des aus dem Landesmuseum in das neue Museum \u00fcbertragenen Materials ist die Sammlung der Sanit\u00e9. Dazu geh\u00f6ren zwei Operationstische, von denen einer aus dem Partisanenkrankenhaus Jesen stammt und vom Herbst 1944 bis zum Kriegsende im Einsatz war. Dr. Herman Slokan - Zmago operierte auf ihm. Der gr\u00f6\u00dfte Teil der Sammlung der Sanit\u00e9 besteht aus Originalobjekten von Dr. Herman Slokan - Zmago, die w\u00e4hrend des Zweiten Weltkriegs im Partisanenkrankenhaus Ko\u0161uta pod Pohorje verwendet wurden und die er selbst 1955 dem Museum schenkte. Zu den Objekten geh\u00f6ren chirurgische Werkzeuge (chirurgische Zangen, Zangen, Rasiermesser, Scheren, chirurgische Nadeln, Klammern, An\u00e4sthesiemaske, Strumpfb\u00e4nder, medizinische Tasche).\t\t\t\t\t\t\t\t<\/div>\n\t\t\t\t<\/div>\n\t\t\t\t\t<\/div>\n\t\t<\/div>\n\t\t\t\t\t<\/div>\n\t\t<\/section>\n\t\t\t\t<\/div>\n\t\t<\/div><\/div>\n<\/div>\n<\/div><div class=\"jet-carousel__prev-arrow-ca24f44 jet-arrow prev-arrow\"><i aria-hidden=\"true\" class=\"fas fa-angle-left\"><\/i><\/div><div class=\"jet-carousel__next-arrow-ca24f44 jet-arrow next-arrow\"><i aria-hidden=\"true\" class=\"fas fa-angle-right\"><\/i><\/div><\/div>\n<\/div>\n<\/div>\t\t\t\t<\/div>\n\t\t\t\t<\/div>\n\t\t\t\t\t<\/div>\n\t\t<\/div>\n\t\t\t\t\t<\/div>\n\t\t<\/section>\n\t\t\t\t<\/div>","protected":false},"featured_media":76181,"template":"","vrsta":[44],"class_list":["post-76184","razstave","type-razstave","status-publish","has-post-thumbnail","hentry","vrsta-gremo-mi-na-svoje"],"yoast_head":"<!-- This site is optimized with the Yoast SEO plugin v27.5 - https:\/\/yoast.com\/product\/yoast-seo-wordpress\/ -->\n<title>MUZEJ NARODNE OSVOBODITVE MARIBOR &#8211; Pokrajinski muzej Maribor<\/title>\n<meta name=\"robots\" content=\"index, follow, max-snippet:-1, max-image-preview:large, max-video-preview:-1\" \/>\n<link rel=\"canonical\" href=\"https:\/\/museum-mb.si\/de\/ausstellungen\/museum-der-nationalen-befreiung-maribor\/\" \/>\n<meta property=\"og:locale\" content=\"de_DE\" \/>\n<meta property=\"og:type\" content=\"article\" \/>\n<meta property=\"og:title\" content=\"MUZEJ NARODNE OSVOBODITVE MARIBOR &#8211; Pokrajinski muzej Maribor\" \/>\n<meta property=\"og:description\" content=\"RAZISKUJ GREMO MI NA SVOJE Z virtualno razstavo Gremo mi na svoje se predstavlja sedem samostojnih kulturnih ustanov Maribora, ki izhajajo iz skupnih za\u010detkov, danes pa tvorijo hrbtenico mariborskega institucionalnega kulturnega delovanja. Na razstavi se poleg Pokrajinskega muzeja Maribor predstavljajo \u0161e Univerzitetna knji\u017enica Maribor, Pokrajinski arhiv Maribor, Umetnostna galerija Maribor, Muzej narodne osvoboditve Maribor, Sinagoga [&hellip;]\" \/>\n<meta property=\"og:url\" content=\"https:\/\/museum-mb.si\/de\/ausstellungen\/museum-der-nationalen-befreiung-maribor\/\" \/>\n<meta property=\"og:site_name\" content=\"Pokrajinski muzej Maribor\" \/>\n<meta property=\"article:publisher\" content=\"https:\/\/www.facebook.com\/pomum123\" \/>\n<meta property=\"article:modified_time\" content=\"2023-09-14T07:04:00+00:00\" \/>\n<meta property=\"og:image\" content=\"https:\/\/museum-mb.si\/wp-content\/uploads\/2023\/09\/Sklop-5-foto-1.jpg\" \/>\n\t<meta property=\"og:image:width\" content=\"640\" \/>\n\t<meta property=\"og:image:height\" content=\"480\" \/>\n\t<meta property=\"og:image:type\" content=\"image\/jpeg\" \/>\n<meta name=\"twitter:card\" content=\"summary_large_image\" \/>\n<meta name=\"twitter:label1\" content=\"Gesch\u00e4tzte Lesezeit\" \/>\n\t<meta name=\"twitter:data1\" content=\"2\u00a0Minuten\" \/>\n<script type=\"application\/ld+json\" class=\"yoast-schema-graph\">{\"@context\":\"https:\\\/\\\/schema.org\",\"@graph\":[{\"@type\":\"WebPage\",\"@id\":\"https:\\\/\\\/museum-mb.si\\\/razstave\\\/muzej-narodne-osvoboditve-maribor\\\/\",\"url\":\"https:\\\/\\\/museum-mb.si\\\/razstave\\\/muzej-narodne-osvoboditve-maribor\\\/\",\"name\":\"MUZEJ NARODNE OSVOBODITVE MARIBOR &#8211; Pokrajinski muzej Maribor\",\"isPartOf\":{\"@id\":\"https:\\\/\\\/museum-mb.si\\\/#website\"},\"primaryImageOfPage\":{\"@id\":\"https:\\\/\\\/museum-mb.si\\\/razstave\\\/muzej-narodne-osvoboditve-maribor\\\/#primaryimage\"},\"image\":{\"@id\":\"https:\\\/\\\/museum-mb.si\\\/razstave\\\/muzej-narodne-osvoboditve-maribor\\\/#primaryimage\"},\"thumbnailUrl\":\"https:\\\/\\\/museum-mb.si\\\/wp-content\\\/uploads\\\/2023\\\/09\\\/Sklop-5-foto-1.jpg\",\"datePublished\":\"2023-09-12T10:35:31+00:00\",\"dateModified\":\"2023-09-14T07:04:00+00:00\",\"breadcrumb\":{\"@id\":\"https:\\\/\\\/museum-mb.si\\\/razstave\\\/muzej-narodne-osvoboditve-maribor\\\/#breadcrumb\"},\"inLanguage\":\"de\",\"potentialAction\":[{\"@type\":\"ReadAction\",\"target\":[\"https:\\\/\\\/museum-mb.si\\\/razstave\\\/muzej-narodne-osvoboditve-maribor\\\/\"]}]},{\"@type\":\"ImageObject\",\"inLanguage\":\"de\",\"@id\":\"https:\\\/\\\/museum-mb.si\\\/razstave\\\/muzej-narodne-osvoboditve-maribor\\\/#primaryimage\",\"url\":\"https:\\\/\\\/museum-mb.si\\\/wp-content\\\/uploads\\\/2023\\\/09\\\/Sklop-5-foto-1.jpg\",\"contentUrl\":\"https:\\\/\\\/museum-mb.si\\\/wp-content\\\/uploads\\\/2023\\\/09\\\/Sklop-5-foto-1.jpg\",\"width\":640,\"height\":480},{\"@type\":\"BreadcrumbList\",\"@id\":\"https:\\\/\\\/museum-mb.si\\\/razstave\\\/muzej-narodne-osvoboditve-maribor\\\/#breadcrumb\",\"itemListElement\":[{\"@type\":\"ListItem\",\"position\":1,\"name\":\"Domov\",\"item\":\"https:\\\/\\\/museum-mb.si\\\/\"},{\"@type\":\"ListItem\",\"position\":2,\"name\":\"Razstave\",\"item\":\"https:\\\/\\\/museum-mb.si\\\/razstave\\\/\"},{\"@type\":\"ListItem\",\"position\":3,\"name\":\"MUZEJ NARODNE OSVOBODITVE MARIBOR\"}]},{\"@type\":\"WebSite\",\"@id\":\"https:\\\/\\\/museum-mb.si\\\/#website\",\"url\":\"https:\\\/\\\/museum-mb.si\\\/\",\"name\":\"Pokrajinski muzej Maribor\",\"description\":\"\",\"publisher\":{\"@id\":\"https:\\\/\\\/museum-mb.si\\\/#organization\"},\"potentialAction\":[{\"@type\":\"SearchAction\",\"target\":{\"@type\":\"EntryPoint\",\"urlTemplate\":\"https:\\\/\\\/museum-mb.si\\\/?s={search_term_string}\"},\"query-input\":{\"@type\":\"PropertyValueSpecification\",\"valueRequired\":true,\"valueName\":\"search_term_string\"}}],\"inLanguage\":\"de\"},{\"@type\":\"Organization\",\"@id\":\"https:\\\/\\\/museum-mb.si\\\/#organization\",\"name\":\"Pokrajinski muzej Maribor\",\"url\":\"https:\\\/\\\/museum-mb.si\\\/\",\"logo\":{\"@type\":\"ImageObject\",\"inLanguage\":\"de\",\"@id\":\"https:\\\/\\\/museum-mb.si\\\/#\\\/schema\\\/logo\\\/image\\\/\",\"url\":\"https:\\\/\\\/museum-mb.si\\\/wp-content\\\/uploads\\\/2024\\\/12\\\/pmm_logo_barvni_jpeg.jpg\",\"contentUrl\":\"https:\\\/\\\/museum-mb.si\\\/wp-content\\\/uploads\\\/2024\\\/12\\\/pmm_logo_barvni_jpeg.jpg\",\"width\":758,\"height\":754,\"caption\":\"Pokrajinski muzej Maribor\"},\"image\":{\"@id\":\"https:\\\/\\\/museum-mb.si\\\/#\\\/schema\\\/logo\\\/image\\\/\"},\"sameAs\":[\"https:\\\/\\\/www.facebook.com\\\/pomum123\",\"https:\\\/\\\/www.instagram.com\\\/maribor_museum\\\/\",\"https:\\\/\\\/www.youtube.com\\\/channel\\\/UCdshtCrun841Oc-35tYLBGQ\"]}]}<\/script>\n<!-- \/ Yoast SEO plugin. -->","yoast_head_json":{"title":"MUSEUM DER NATIONALEN BEFREIUNG MARIBOR - Regionalmuseum Maribor","robots":{"index":"index","follow":"follow","max-snippet":"max-snippet:-1","max-image-preview":"max-image-preview:large","max-video-preview":"max-video-preview:-1"},"canonical":"https:\/\/museum-mb.si\/de\/ausstellungen\/museum-der-nationalen-befreiung-maribor\/","og_locale":"de_DE","og_type":"article","og_title":"MUZEJ NARODNE OSVOBODITVE MARIBOR &#8211; Pokrajinski muzej Maribor","og_description":"RAZISKUJ GREMO MI NA SVOJE Z virtualno razstavo Gremo mi na svoje se predstavlja sedem samostojnih kulturnih ustanov Maribora, ki izhajajo iz skupnih za\u010detkov, danes pa tvorijo hrbtenico mariborskega institucionalnega kulturnega delovanja. Na razstavi se poleg Pokrajinskega muzeja Maribor predstavljajo \u0161e Univerzitetna knji\u017enica Maribor, Pokrajinski arhiv Maribor, Umetnostna galerija Maribor, Muzej narodne osvoboditve Maribor, Sinagoga [&hellip;]","og_url":"https:\/\/museum-mb.si\/de\/ausstellungen\/museum-der-nationalen-befreiung-maribor\/","og_site_name":"Pokrajinski muzej Maribor","article_publisher":"https:\/\/www.facebook.com\/pomum123","article_modified_time":"2023-09-14T07:04:00+00:00","og_image":[{"width":640,"height":480,"url":"https:\/\/museum-mb.si\/wp-content\/uploads\/2023\/09\/Sklop-5-foto-1.jpg","type":"image\/jpeg"}],"twitter_card":"summary_large_image","twitter_misc":{"Gesch\u00e4tzte Lesezeit":"2\u00a0Minuten"},"schema":{"@context":"https:\/\/schema.org","@graph":[{"@type":"WebPage","@id":"https:\/\/museum-mb.si\/razstave\/muzej-narodne-osvoboditve-maribor\/","url":"https:\/\/museum-mb.si\/razstave\/muzej-narodne-osvoboditve-maribor\/","name":"MUSEUM DER NATIONALEN BEFREIUNG MARIBOR - Regionalmuseum Maribor","isPartOf":{"@id":"https:\/\/museum-mb.si\/#website"},"primaryImageOfPage":{"@id":"https:\/\/museum-mb.si\/razstave\/muzej-narodne-osvoboditve-maribor\/#primaryimage"},"image":{"@id":"https:\/\/museum-mb.si\/razstave\/muzej-narodne-osvoboditve-maribor\/#primaryimage"},"thumbnailUrl":"https:\/\/museum-mb.si\/wp-content\/uploads\/2023\/09\/Sklop-5-foto-1.jpg","datePublished":"2023-09-12T10:35:31+00:00","dateModified":"2023-09-14T07:04:00+00:00","breadcrumb":{"@id":"https:\/\/museum-mb.si\/razstave\/muzej-narodne-osvoboditve-maribor\/#breadcrumb"},"inLanguage":"de","potentialAction":[{"@type":"ReadAction","target":["https:\/\/museum-mb.si\/razstave\/muzej-narodne-osvoboditve-maribor\/"]}]},{"@type":"ImageObject","inLanguage":"de","@id":"https:\/\/museum-mb.si\/razstave\/muzej-narodne-osvoboditve-maribor\/#primaryimage","url":"https:\/\/museum-mb.si\/wp-content\/uploads\/2023\/09\/Sklop-5-foto-1.jpg","contentUrl":"https:\/\/museum-mb.si\/wp-content\/uploads\/2023\/09\/Sklop-5-foto-1.jpg","width":640,"height":480},{"@type":"BreadcrumbList","@id":"https:\/\/museum-mb.si\/razstave\/muzej-narodne-osvoboditve-maribor\/#breadcrumb","itemListElement":[{"@type":"ListItem","position":1,"name":"Domov","item":"https:\/\/museum-mb.si\/"},{"@type":"ListItem","position":2,"name":"Razstave","item":"https:\/\/museum-mb.si\/razstave\/"},{"@type":"ListItem","position":3,"name":"MUZEJ NARODNE OSVOBODITVE MARIBOR"}]},{"@type":"WebSite","@id":"https:\/\/museum-mb.si\/#website","url":"https:\/\/museum-mb.si\/","name":"Regionalmuseum Maribor","description":"","publisher":{"@id":"https:\/\/museum-mb.si\/#organization"},"potentialAction":[{"@type":"SearchAction","target":{"@type":"EntryPoint","urlTemplate":"https:\/\/museum-mb.si\/?s={search_term_string}"},"query-input":{"@type":"PropertyValueSpecification","valueRequired":true,"valueName":"search_term_string"}}],"inLanguage":"de"},{"@type":"Organization","@id":"https:\/\/museum-mb.si\/#organization","name":"Regionalmuseum Maribor","url":"https:\/\/museum-mb.si\/","logo":{"@type":"ImageObject","inLanguage":"de","@id":"https:\/\/museum-mb.si\/#\/schema\/logo\/image\/","url":"https:\/\/museum-mb.si\/wp-content\/uploads\/2024\/12\/pmm_logo_barvni_jpeg.jpg","contentUrl":"https:\/\/museum-mb.si\/wp-content\/uploads\/2024\/12\/pmm_logo_barvni_jpeg.jpg","width":758,"height":754,"caption":"Pokrajinski muzej Maribor"},"image":{"@id":"https:\/\/museum-mb.si\/#\/schema\/logo\/image\/"},"sameAs":["https:\/\/www.facebook.com\/pomum123","https:\/\/www.instagram.com\/maribor_museum\/","https:\/\/www.youtube.com\/channel\/UCdshtCrun841Oc-35tYLBGQ"]}]}},"_links":{"self":[{"href":"https:\/\/museum-mb.si\/de\/wp-json\/wp\/v2\/razstave\/76184","targetHints":{"allow":["GET"]}}],"collection":[{"href":"https:\/\/museum-mb.si\/de\/wp-json\/wp\/v2\/razstave"}],"about":[{"href":"https:\/\/museum-mb.si\/de\/wp-json\/wp\/v2\/types\/razstave"}],"version-history":[{"count":7,"href":"https:\/\/museum-mb.si\/de\/wp-json\/wp\/v2\/razstave\/76184\/revisions"}],"predecessor-version":[{"id":76329,"href":"https:\/\/museum-mb.si\/de\/wp-json\/wp\/v2\/razstave\/76184\/revisions\/76329"}],"wp:featuredmedia":[{"embeddable":true,"href":"https:\/\/museum-mb.si\/de\/wp-json\/wp\/v2\/media\/76181"}],"wp:attachment":[{"href":"https:\/\/museum-mb.si\/de\/wp-json\/wp\/v2\/media?parent=76184"}],"wp:term":[{"taxonomy":"vrsta","embeddable":true,"href":"https:\/\/museum-mb.si\/de\/wp-json\/wp\/v2\/vrsta?post=76184"}],"curies":[{"name":"wp","href":"https:\/\/api.w.org\/{rel}","templated":true}]}}