{"id":76171,"date":"2023-09-12T11:31:58","date_gmt":"2023-09-12T10:31:58","guid":{"rendered":"https:\/\/museum-mb.si\/?post_type=razstave&#038;p=76171"},"modified":"2023-09-14T08:03:05","modified_gmt":"2023-09-14T07:03:05","slug":"provinziale-archive-maribor","status":"publish","type":"razstave","link":"https:\/\/museum-mb.si\/de\/ausstellungen\/provinziale-archive-maribor\/","title":{"rendered":"REGIONALES ARCHIV MARIBOR"},"content":{"rendered":"<div data-elementor-type=\"wp-post\" data-elementor-id=\"76171\" class=\"elementor elementor-76171\" data-elementor-post-type=\"razstave\">\n\t\t\t\t\t\t<section class=\"elementor-section elementor-top-section elementor-element elementor-element-1debfff elementor-section-height-min-height elementor-section-stretched elementor-section-boxed elementor-section-height-default elementor-section-items-middle\" data-id=\"1debfff\" data-element_type=\"section\" data-settings=\"{&quot;stretch_section&quot;:&quot;section-stretched&quot;,&quot;jet_parallax_layout_list&quot;:[],&quot;background_background&quot;:&quot;classic&quot;}\">\n\t\t\t\t\t\t\t<div class=\"elementor-background-overlay\"><\/div>\n\t\t\t\t\t\t\t<div class=\"elementor-container elementor-column-gap-default\">\n\t\t\t\t\t<div class=\"elementor-column elementor-col-100 elementor-top-column elementor-element elementor-element-52c7e2a\" data-id=\"52c7e2a\" data-element_type=\"column\">\n\t\t\t<div class=\"elementor-widget-wrap elementor-element-populated\">\n\t\t\t\t\t\t<div class=\"elementor-element elementor-element-7a5ed66 elementor-widget elementor-widget-text-editor\" data-id=\"7a5ed66\" data-element_type=\"widget\" data-widget_type=\"text-editor.default\">\n\t\t\t\t<div class=\"elementor-widget-container\">\n\t\t\t\t\t\t\t\t\t<p>ANZEIGE<\/p>\t\t\t\t\t\t\t\t<\/div>\n\t\t\t\t<\/div>\n\t\t\t\t<div class=\"elementor-element elementor-element-5fe198e elementor-widget elementor-widget-heading\" data-id=\"5fe198e\" data-element_type=\"widget\" data-widget_type=\"heading.default\">\n\t\t\t\t<div class=\"elementor-widget-container\">\n\t\t\t\t\t<h2 class=\"elementor-heading-title elementor-size-default\">WIR SIND AUF UNS ALLEIN GESTELLT<\/h2>\t\t\t\t<\/div>\n\t\t\t\t<\/div>\n\t\t\t\t<div class=\"elementor-element elementor-element-6476288 elementor-widget__width-initial elementor-widget elementor-widget-text-editor\" data-id=\"6476288\" data-element_type=\"widget\" data-widget_type=\"text-editor.default\">\n\t\t\t\t<div class=\"elementor-widget-container\">\n\t\t\t\t\t\t\t\t\t<p>Mit einer virtuellen Ausstellung <strong>Wir sind auf uns allein gestellt <\/strong>stellt sieben unabh\u00e4ngige Kultureinrichtungen in Maribor vor, die ihre Wurzeln in gemeinsamen Anf\u00e4ngen haben und heute das R\u00fcckgrat des institutionellen Kulturlebens in Maribor bilden. Neben dem Regionalmuseum Maribor werden auch die Universit\u00e4tsbibliothek Maribor, das Regionalarchiv Maribor, die Kunstgalerie Maribor, das Museum der nationalen Befreiung Maribor, die Synagoge Maribor und das Institut f\u00fcr den Schutz des kulturellen Erbes, Regionalabteilung Maribor, vorgestellt.<\/p>\n<p>Die Ausstellung We Go on Our Own wurde anl\u00e4sslich des 120-j\u00e4hrigen Bestehens des Regionalmuseums Maribor im Rahmen des gleichnamigen Projekts erstellt.<\/p>\n<gwmw style=\"display:none;\"><\/gwmw>\t\t\t\t\t\t\t\t<\/div>\n\t\t\t\t<\/div>\n\t\t\t\t\t<\/div>\n\t\t<\/div>\n\t\t\t\t\t<\/div>\n\t\t<\/section>\n\t\t\t\t<section class=\"elementor-section elementor-top-section elementor-element elementor-element-240be70 elementor-section-boxed elementor-section-height-default elementor-section-height-default\" data-id=\"240be70\" data-element_type=\"section\" data-settings=\"{&quot;jet_parallax_layout_list&quot;:[]}\">\n\t\t\t\t\t\t<div class=\"elementor-container elementor-column-gap-default\">\n\t\t\t\t\t<div class=\"elementor-column elementor-col-100 elementor-top-column elementor-element elementor-element-a942069\" data-id=\"a942069\" data-element_type=\"column\">\n\t\t\t<div class=\"elementor-widget-wrap elementor-element-populated\">\n\t\t\t\t\t\t<div class=\"elementor-element elementor-element-fdde2ce elementor-widget__width-initial elementor-widget elementor-widget-spacer\" data-id=\"fdde2ce\" data-element_type=\"widget\" data-widget_type=\"spacer.default\">\n\t\t\t\t<div class=\"elementor-widget-container\">\n\t\t\t\t\t\t\t<div class=\"elementor-spacer\">\n\t\t\t<div class=\"elementor-spacer-inner\"><\/div>\n\t\t<\/div>\n\t\t\t\t\t\t<\/div>\n\t\t\t\t<\/div>\n\t\t\t\t\t<\/div>\n\t\t<\/div>\n\t\t\t\t\t<\/div>\n\t\t<\/section>\n\t\t\t\t<section class=\"elementor-section elementor-top-section elementor-element elementor-element-55040d4 elementor-section-boxed elementor-section-height-default elementor-section-height-default\" data-id=\"55040d4\" data-element_type=\"section\" data-settings=\"{&quot;jet_parallax_layout_list&quot;:[]}\">\n\t\t\t\t\t\t<div class=\"elementor-container elementor-column-gap-default\">\n\t\t\t\t\t<div class=\"elementor-column elementor-col-100 elementor-top-column elementor-element elementor-element-f2fa615\" data-id=\"f2fa615\" data-element_type=\"column\">\n\t\t\t<div class=\"elementor-widget-wrap elementor-element-populated\">\n\t\t\t\t\t\t<div class=\"elementor-element elementor-element-07309d4 elementor-widget elementor-widget-heading\" data-id=\"07309d4\" data-element_type=\"widget\" data-widget_type=\"heading.default\">\n\t\t\t\t<div class=\"elementor-widget-container\">\n\t\t\t\t\t<h2 class=\"elementor-heading-title elementor-size-default\">Regionalarchiv Maribor<\/h2>\t\t\t\t<\/div>\n\t\t\t\t<\/div>\n\t\t\t\t\t<\/div>\n\t\t<\/div>\n\t\t\t\t\t<\/div>\n\t\t<\/section>\n\t\t\t\t<section class=\"elementor-section elementor-top-section elementor-element elementor-element-dc842b1 elementor-section-boxed elementor-section-height-default elementor-section-height-default\" data-id=\"dc842b1\" data-element_type=\"section\" data-settings=\"{&quot;jet_parallax_layout_list&quot;:[]}\">\n\t\t\t\t\t\t<div class=\"elementor-container elementor-column-gap-default\">\n\t\t\t\t\t<div class=\"elementor-column elementor-col-100 elementor-top-column elementor-element elementor-element-59218da\" data-id=\"59218da\" data-element_type=\"column\">\n\t\t\t<div class=\"elementor-widget-wrap elementor-element-populated\">\n\t\t\t\t\t\t<div class=\"elementor-element elementor-element-fed936f elementor-widget elementor-widget-jet-carousel\" data-id=\"fed936f\" data-element_type=\"widget\" data-settings=\"{&quot;slides_to_show&quot;:&quot;1&quot;,&quot;slides_to_show_mobile&quot;:&quot;1&quot;,&quot;slides_to_scroll_mobile&quot;:&quot;1&quot;,&quot;slides_to_scroll&quot;:&quot;1&quot;}\" data-widget_type=\"jet-carousel.default\">\n\t\t\t\t<div class=\"elementor-widget-container\">\n\t\t\t\t\t<div class=\"elementor-jet-carousel jet-elements\"><div class=\"jet-carousel-wrap\">\n\t<div class=\"jet-carousel\" data-slider_options=\"{&quot;autoplaySpeed&quot;:5000,&quot;autoplay&quot;:false,&quot;infinite&quot;:true,&quot;centerMode&quot;:false,&quot;centerPadding&quot;:&quot;50px&quot;,&quot;pauseOnHover&quot;:false,&quot;speed&quot;:500,&quot;arrows&quot;:true,&quot;dots&quot;:false,&quot;variableWidth&quot;:false,&quot;prevArrow&quot;:&quot;.jet-carousel__prev-arrow-fed936f&quot;,&quot;nextArrow&quot;:&quot;.jet-carousel__next-arrow-fed936f&quot;,&quot;rtl&quot;:false,&quot;fractionNav&quot;:false,&quot;fade&quot;:false}\" dir=\"ltr\">\n\t<div class=\"elementor-slick-slider\">\n\n<div class=\"jet-carousel__item\">\n\t<div class=\"jet-carousel__item-inner\"><div class=\"jet-carousel__content\">\t\t<div data-elementor-type=\"section\" data-elementor-id=\"76215\" class=\"elementor elementor-76215\" data-elementor-post-type=\"elementor_library\">\n\t\t\t\t\t<section class=\"elementor-section elementor-top-section elementor-element elementor-element-1ba2b4a6 elementor-section-boxed elementor-section-height-default elementor-section-height-default\" data-id=\"1ba2b4a6\" data-element_type=\"section\" data-settings=\"{&quot;jet_parallax_layout_list&quot;:[]}\">\n\t\t\t\t\t\t<div class=\"elementor-container elementor-column-gap-default\">\n\t\t\t\t\t<div class=\"elementor-column elementor-col-50 elementor-top-column elementor-element elementor-element-47fec490\" data-id=\"47fec490\" data-element_type=\"column\">\n\t\t\t<div class=\"elementor-widget-wrap elementor-element-populated\">\n\t\t\t\t\t\t<div class=\"elementor-element elementor-element-3da39162 elementor-widget elementor-widget-image\" data-id=\"3da39162\" data-element_type=\"widget\" data-widget_type=\"image.default\">\n\t\t\t\t<div class=\"elementor-widget-container\">\n\t\t\t\t\t\t\t\t\t\t\t\t\t\t\t<img fetchpriority=\"high\" decoding=\"async\" width=\"800\" height=\"534\" src=\"https:\/\/museum-mb.si\/wp-content\/uploads\/2023\/09\/Sklop-3-foto-1-min-1024x684.jpg\" class=\"attachment-large size-large wp-image-76173\" alt=\"\" srcset=\"https:\/\/museum-mb.si\/wp-content\/uploads\/2023\/09\/Sklop-3-foto-1-min-1024x684.jpg.webp 1024w, https:\/\/museum-mb.si\/wp-content\/uploads\/2023\/09\/Sklop-3-foto-1-min-300x200.jpg.webp 300w, https:\/\/museum-mb.si\/wp-content\/uploads\/2023\/09\/Sklop-3-foto-1-min-768x513.jpg.webp 768w, https:\/\/museum-mb.si\/wp-content\/uploads\/2023\/09\/Sklop-3-foto-1-min-1536x1025.jpg.webp 1536w, https:\/\/museum-mb.si\/wp-content\/uploads\/2023\/09\/Sklop-3-foto-1-min-2048x1367.jpg.webp 2048w, https:\/\/museum-mb.si\/wp-content\/uploads\/2023\/09\/Sklop-3-foto-1-min-18x12.jpg.webp 18w\" sizes=\"(max-width: 800px) 100vw, 800px\" \/>\t\t\t\t\t\t\t\t\t\t\t\t\t\t\t<\/div>\n\t\t\t\t<\/div>\n\t\t\t\t<div class=\"elementor-element elementor-element-7efbace0 elementor-widget__width-initial elementor-widget elementor-widget-text-editor\" data-id=\"7efbace0\" data-element_type=\"widget\" data-widget_type=\"text-editor.default\">\n\t\t\t\t<div class=\"elementor-widget-container\">\n\t\t\t\t\t\t\t\t\tAu\u00dfenansicht des Regionalarchivs Maribor, Foto Jana Petrak Zajc, \n<br>\u00a9 Regionalarchiv Maribor\t\t\t\t\t\t\t\t<\/div>\n\t\t\t\t<\/div>\n\t\t\t\t\t<\/div>\n\t\t<\/div>\n\t\t\t\t<div class=\"elementor-column elementor-col-50 elementor-top-column elementor-element elementor-element-28552190\" data-id=\"28552190\" data-element_type=\"column\">\n\t\t\t<div class=\"elementor-widget-wrap elementor-element-populated\">\n\t\t\t\t\t\t<div class=\"elementor-element elementor-element-7a4307ac elementor-widget__width-initial elementor-widget elementor-widget-text-editor\" data-id=\"7a4307ac\" data-element_type=\"widget\" data-widget_type=\"text-editor.default\">\n\t\t\t\t<div class=\"elementor-widget-container\">\n\t\t\t\t\t\t\t\t\tMit der Gr\u00fcndung des Historischen Vereins f\u00fcr die slowenische Steiermark im Jahr 1903 wurde der Grundstein f\u00fcr die Sammlung und Bewahrung des slowenischen Kulturerbes und des Archivguts slowenischer Provenienz in Maribor gelegt. Die erste Archivsammlung, gestiftet vom ersten Pr\u00e4sidenten des Historischen Vereins, Matija Slekovec, durchbrach damit entscheidend die bisherige Praxis des Abflusses von Archivalien an das Steierm\u00e4rkische Landesarchiv in Graz.\t\t\t\t\t\t\t\t<\/div>\n\t\t\t\t<\/div>\n\t\t\t\t\t<\/div>\n\t\t<\/div>\n\t\t\t\t\t<\/div>\n\t\t<\/section>\n\t\t\t\t<\/div>\n\t\t<\/div><\/div>\n<\/div>\n\n<div class=\"jet-carousel__item\">\n\t<div class=\"jet-carousel__item-inner\"><div class=\"jet-carousel__content\">\t\t<div data-elementor-type=\"section\" data-elementor-id=\"76218\" class=\"elementor elementor-76218\" data-elementor-post-type=\"elementor_library\">\n\t\t\t\t\t<section class=\"elementor-section elementor-top-section elementor-element elementor-element-31bd1c1 elementor-section-boxed elementor-section-height-default elementor-section-height-default\" data-id=\"31bd1c1\" data-element_type=\"section\" data-settings=\"{&quot;jet_parallax_layout_list&quot;:[]}\">\n\t\t\t\t\t\t<div class=\"elementor-container elementor-column-gap-default\">\n\t\t\t\t\t<div class=\"elementor-column elementor-col-50 elementor-top-column elementor-element elementor-element-7bdc508b\" data-id=\"7bdc508b\" data-element_type=\"column\">\n\t\t\t<div class=\"elementor-widget-wrap elementor-element-populated\">\n\t\t\t\t\t\t<div class=\"elementor-element elementor-element-400eaa81 elementor-widget elementor-widget-image\" data-id=\"400eaa81\" data-element_type=\"widget\" data-widget_type=\"image.default\">\n\t\t\t\t<div class=\"elementor-widget-container\">\n\t\t\t\t\t\t\t\t\t\t\t\t\t\t\t<img decoding=\"async\" width=\"800\" height=\"534\" src=\"https:\/\/museum-mb.si\/wp-content\/uploads\/2023\/09\/Sklop-3-foto-2-min-1024x684.jpg\" class=\"attachment-large size-large wp-image-76174\" alt=\"\" srcset=\"https:\/\/museum-mb.si\/wp-content\/uploads\/2023\/09\/Sklop-3-foto-2-min-1024x684.jpg.webp 1024w, https:\/\/museum-mb.si\/wp-content\/uploads\/2023\/09\/Sklop-3-foto-2-min-300x200.jpg.webp 300w, https:\/\/museum-mb.si\/wp-content\/uploads\/2023\/09\/Sklop-3-foto-2-min-768x513.jpg.webp 768w, https:\/\/museum-mb.si\/wp-content\/uploads\/2023\/09\/Sklop-3-foto-2-min-1536x1025.jpg.webp 1536w, https:\/\/museum-mb.si\/wp-content\/uploads\/2023\/09\/Sklop-3-foto-2-min-2048x1367.jpg.webp 2048w, https:\/\/museum-mb.si\/wp-content\/uploads\/2023\/09\/Sklop-3-foto-2-min-18x12.jpg.webp 18w\" sizes=\"(max-width: 800px) 100vw, 800px\" \/>\t\t\t\t\t\t\t\t\t\t\t\t\t\t\t<\/div>\n\t\t\t\t<\/div>\n\t\t\t\t<div class=\"elementor-element elementor-element-7bd47a26 elementor-widget__width-initial elementor-widget elementor-widget-text-editor\" data-id=\"7bd47a26\" data-element_type=\"widget\" data-widget_type=\"text-editor.default\">\n\t\t\t\t<div class=\"elementor-widget-container\">\n\t\t\t\t\t\t\t\t\tArchivmaterial aus dem Regionalarchiv Maribor, Foto von Jana Petrak Zajc, <br>\u00a9 Regionalarchiv Maribor\t\t\t\t\t\t\t\t<\/div>\n\t\t\t\t<\/div>\n\t\t\t\t\t<\/div>\n\t\t<\/div>\n\t\t\t\t<div class=\"elementor-column elementor-col-50 elementor-top-column elementor-element elementor-element-5c8f62b9\" data-id=\"5c8f62b9\" data-element_type=\"column\">\n\t\t\t<div class=\"elementor-widget-wrap elementor-element-populated\">\n\t\t\t\t\t\t<div class=\"elementor-element elementor-element-628c0112 elementor-widget__width-initial elementor-widget elementor-widget-text-editor\" data-id=\"628c0112\" data-element_type=\"widget\" data-widget_type=\"text-editor.default\">\n\t\t\t\t<div class=\"elementor-widget-container\">\n\t\t\t\t\t\t\t\t\t<p>Die Bem\u00fchungen des Historischen Vereins um die formelle Gr\u00fcndung des Archivs und die Ernennung von Franjo Ba\u0161a zum Archivar der Banovina trugen 1933 Fr\u00fcchte, als das Archiv in Maribor das erste regionale Archiv und gleichzeitig das erste unabh\u00e4ngige Archiv in Slowenien wurde.<br \/>Im Jahr 1941, als das Archiv aufh\u00f6rte, als eigenst\u00e4ndige Institution zu existieren, wurde es als Abteilung dem Museum Maribor angegliedert. Seine professionellen Aktivit\u00e4ten wurden fast eingestellt.<\/p>\t\t\t\t\t\t\t\t<\/div>\n\t\t\t\t<\/div>\n\t\t\t\t\t<\/div>\n\t\t<\/div>\n\t\t\t\t\t<\/div>\n\t\t<\/section>\n\t\t\t\t<\/div>\n\t\t<\/div><\/div>\n<\/div>\n\n<div class=\"jet-carousel__item\">\n\t<div class=\"jet-carousel__item-inner\"><div class=\"jet-carousel__content\">\t\t<div data-elementor-type=\"section\" data-elementor-id=\"76223\" class=\"elementor elementor-76223\" data-elementor-post-type=\"elementor_library\">\n\t\t\t\t\t<section class=\"elementor-section elementor-top-section elementor-element elementor-element-6eb96980 elementor-section-boxed elementor-section-height-default elementor-section-height-default\" data-id=\"6eb96980\" data-element_type=\"section\" data-settings=\"{&quot;jet_parallax_layout_list&quot;:[]}\">\n\t\t\t\t\t\t<div class=\"elementor-container elementor-column-gap-default\">\n\t\t\t\t\t<div class=\"elementor-column elementor-col-50 elementor-top-column elementor-element elementor-element-227e5732\" data-id=\"227e5732\" data-element_type=\"column\">\n\t\t\t<div class=\"elementor-widget-wrap elementor-element-populated\">\n\t\t\t\t\t\t<div class=\"elementor-element elementor-element-77b72d8b elementor-widget elementor-widget-image\" data-id=\"77b72d8b\" data-element_type=\"widget\" data-widget_type=\"image.default\">\n\t\t\t\t<div class=\"elementor-widget-container\">\n\t\t\t\t\t\t\t\t\t\t\t\t\t\t\t<img decoding=\"async\" width=\"800\" height=\"534\" src=\"https:\/\/museum-mb.si\/wp-content\/uploads\/2023\/09\/Sklop-3-foto-3-min-1024x684.jpg\" class=\"attachment-large size-large wp-image-76175\" alt=\"\" srcset=\"https:\/\/museum-mb.si\/wp-content\/uploads\/2023\/09\/Sklop-3-foto-3-min-1024x684.jpg.webp 1024w, https:\/\/museum-mb.si\/wp-content\/uploads\/2023\/09\/Sklop-3-foto-3-min-300x200.jpg.webp 300w, https:\/\/museum-mb.si\/wp-content\/uploads\/2023\/09\/Sklop-3-foto-3-min-768x513.jpg.webp 768w, https:\/\/museum-mb.si\/wp-content\/uploads\/2023\/09\/Sklop-3-foto-3-min-1536x1025.jpg.webp 1536w, https:\/\/museum-mb.si\/wp-content\/uploads\/2023\/09\/Sklop-3-foto-3-min-2048x1367.jpg.webp 2048w, https:\/\/museum-mb.si\/wp-content\/uploads\/2023\/09\/Sklop-3-foto-3-min-18x12.jpg.webp 18w\" sizes=\"(max-width: 800px) 100vw, 800px\" \/>\t\t\t\t\t\t\t\t\t\t\t\t\t\t\t<\/div>\n\t\t\t\t<\/div>\n\t\t\t\t<div class=\"elementor-element elementor-element-72b66d63 elementor-widget__width-initial elementor-widget elementor-widget-text-editor\" data-id=\"72b66d63\" data-element_type=\"widget\" data-widget_type=\"text-editor.default\">\n\t\t\t\t<div class=\"elementor-widget-container\">\n\t\t\t\t\t\t\t\t\tLagerr\u00e4ume des Regionalarchivs Maribor, Foto: Jana Petrak Zajc,<br> \u00a9 Regionalarchiv Maribor\t\t\t\t\t\t\t\t<\/div>\n\t\t\t\t<\/div>\n\t\t\t\t\t<\/div>\n\t\t<\/div>\n\t\t\t\t<div class=\"elementor-column elementor-col-50 elementor-top-column elementor-element elementor-element-4a8bd553\" data-id=\"4a8bd553\" data-element_type=\"column\">\n\t\t\t<div class=\"elementor-widget-wrap elementor-element-populated\">\n\t\t\t\t\t\t<div class=\"elementor-element elementor-element-7be5a418 elementor-widget__width-initial elementor-widget elementor-widget-text-editor\" data-id=\"7be5a418\" data-element_type=\"widget\" data-widget_type=\"text-editor.default\">\n\t\t\t\t<div class=\"elementor-widget-container\">\n\t\t\t\t\t\t\t\t\tAls eigenst\u00e4ndige archivarische Kultureinrichtung wurde das Archiv Anfang 1952 unter dem Namen Staatsarchiv der Volksrepublik Slowenien - Zweigstelle Maribor wiedergegr\u00fcndet. Im Jahr 1963 erhielt das Archiv in Maribor per Gesetz seinen heutigen Namen (Regionalarchiv Maribor) und seinen Zust\u00e4ndigkeitsbereich.\t\t\t\t\t\t\t\t<\/div>\n\t\t\t\t<\/div>\n\t\t\t\t\t<\/div>\n\t\t<\/div>\n\t\t\t\t\t<\/div>\n\t\t<\/section>\n\t\t\t\t<\/div>\n\t\t<\/div><\/div>\n<\/div>\n<\/div><div class=\"jet-carousel__prev-arrow-fed936f jet-arrow prev-arrow\"><i aria-hidden=\"true\" class=\"fas fa-angle-left\"><\/i><\/div><div class=\"jet-carousel__next-arrow-fed936f jet-arrow next-arrow\"><i aria-hidden=\"true\" class=\"fas fa-angle-right\"><\/i><\/div><\/div>\n<\/div>\n<\/div>\t\t\t\t<\/div>\n\t\t\t\t<\/div>\n\t\t\t\t\t<\/div>\n\t\t<\/div>\n\t\t\t\t\t<\/div>\n\t\t<\/section>\n\t\t\t\t<\/div>","protected":false},"featured_media":76173,"template":"","vrsta":[44],"class_list":["post-76171","razstave","type-razstave","status-publish","has-post-thumbnail","hentry","vrsta-gremo-mi-na-svoje"],"yoast_head":"<!-- This site is optimized with the Yoast SEO plugin v27.5 - https:\/\/yoast.com\/product\/yoast-seo-wordpress\/ -->\n<title>POKRAJINSKI ARHIV MARIBOR &#8211; Pokrajinski muzej Maribor<\/title>\n<meta name=\"robots\" content=\"index, follow, max-snippet:-1, max-image-preview:large, max-video-preview:-1\" \/>\n<link rel=\"canonical\" href=\"https:\/\/museum-mb.si\/de\/ausstellungen\/provinziale-archive-maribor\/\" \/>\n<meta property=\"og:locale\" content=\"de_DE\" \/>\n<meta property=\"og:type\" content=\"article\" \/>\n<meta property=\"og:title\" content=\"POKRAJINSKI ARHIV MARIBOR &#8211; Pokrajinski muzej Maribor\" \/>\n<meta property=\"og:description\" content=\"RAZISKUJ GREMO MI NA SVOJE Z virtualno razstavo Gremo mi na svoje se predstavlja sedem samostojnih kulturnih ustanov Maribora, ki izhajajo iz skupnih za\u010detkov, danes pa tvorijo hrbtenico mariborskega institucionalnega kulturnega delovanja. Na razstavi se poleg Pokrajinskega muzeja Maribor predstavljajo \u0161e Univerzitetna knji\u017enica Maribor, Pokrajinski arhiv Maribor, Umetnostna galerija Maribor, Muzej narodne osvoboditve Maribor, Sinagoga [&hellip;]\" \/>\n<meta property=\"og:url\" content=\"https:\/\/museum-mb.si\/de\/ausstellungen\/provinziale-archive-maribor\/\" \/>\n<meta property=\"og:site_name\" content=\"Pokrajinski muzej Maribor\" \/>\n<meta property=\"article:publisher\" content=\"https:\/\/www.facebook.com\/pomum123\" \/>\n<meta property=\"article:modified_time\" content=\"2023-09-14T07:03:05+00:00\" \/>\n<meta property=\"og:image\" content=\"https:\/\/museum-mb.si\/wp-content\/uploads\/2023\/09\/Sklop-3-foto-1-min-scaled.jpg\" \/>\n\t<meta property=\"og:image:width\" content=\"2560\" \/>\n\t<meta property=\"og:image:height\" content=\"1709\" \/>\n\t<meta property=\"og:image:type\" content=\"image\/jpeg\" \/>\n<meta name=\"twitter:card\" content=\"summary_large_image\" \/>\n<meta name=\"twitter:label1\" content=\"Gesch\u00e4tzte Lesezeit\" \/>\n\t<meta name=\"twitter:data1\" content=\"1\u00a0Minute\" \/>\n<script type=\"application\/ld+json\" class=\"yoast-schema-graph\">{\"@context\":\"https:\\\/\\\/schema.org\",\"@graph\":[{\"@type\":\"WebPage\",\"@id\":\"https:\\\/\\\/museum-mb.si\\\/razstave\\\/pokrajinski-arhiv-maribor\\\/\",\"url\":\"https:\\\/\\\/museum-mb.si\\\/razstave\\\/pokrajinski-arhiv-maribor\\\/\",\"name\":\"POKRAJINSKI ARHIV MARIBOR &#8211; Pokrajinski muzej Maribor\",\"isPartOf\":{\"@id\":\"https:\\\/\\\/museum-mb.si\\\/#website\"},\"primaryImageOfPage\":{\"@id\":\"https:\\\/\\\/museum-mb.si\\\/razstave\\\/pokrajinski-arhiv-maribor\\\/#primaryimage\"},\"image\":{\"@id\":\"https:\\\/\\\/museum-mb.si\\\/razstave\\\/pokrajinski-arhiv-maribor\\\/#primaryimage\"},\"thumbnailUrl\":\"https:\\\/\\\/museum-mb.si\\\/wp-content\\\/uploads\\\/2023\\\/09\\\/Sklop-3-foto-1-min-scaled.jpg\",\"datePublished\":\"2023-09-12T10:31:58+00:00\",\"dateModified\":\"2023-09-14T07:03:05+00:00\",\"breadcrumb\":{\"@id\":\"https:\\\/\\\/museum-mb.si\\\/razstave\\\/pokrajinski-arhiv-maribor\\\/#breadcrumb\"},\"inLanguage\":\"de\",\"potentialAction\":[{\"@type\":\"ReadAction\",\"target\":[\"https:\\\/\\\/museum-mb.si\\\/razstave\\\/pokrajinski-arhiv-maribor\\\/\"]}]},{\"@type\":\"ImageObject\",\"inLanguage\":\"de\",\"@id\":\"https:\\\/\\\/museum-mb.si\\\/razstave\\\/pokrajinski-arhiv-maribor\\\/#primaryimage\",\"url\":\"https:\\\/\\\/museum-mb.si\\\/wp-content\\\/uploads\\\/2023\\\/09\\\/Sklop-3-foto-1-min-scaled.jpg\",\"contentUrl\":\"https:\\\/\\\/museum-mb.si\\\/wp-content\\\/uploads\\\/2023\\\/09\\\/Sklop-3-foto-1-min-scaled.jpg\",\"width\":2560,\"height\":1709},{\"@type\":\"BreadcrumbList\",\"@id\":\"https:\\\/\\\/museum-mb.si\\\/razstave\\\/pokrajinski-arhiv-maribor\\\/#breadcrumb\",\"itemListElement\":[{\"@type\":\"ListItem\",\"position\":1,\"name\":\"Domov\",\"item\":\"https:\\\/\\\/museum-mb.si\\\/\"},{\"@type\":\"ListItem\",\"position\":2,\"name\":\"Razstave\",\"item\":\"https:\\\/\\\/museum-mb.si\\\/razstave\\\/\"},{\"@type\":\"ListItem\",\"position\":3,\"name\":\"POKRAJINSKI ARHIV MARIBOR\"}]},{\"@type\":\"WebSite\",\"@id\":\"https:\\\/\\\/museum-mb.si\\\/#website\",\"url\":\"https:\\\/\\\/museum-mb.si\\\/\",\"name\":\"Pokrajinski muzej Maribor\",\"description\":\"\",\"publisher\":{\"@id\":\"https:\\\/\\\/museum-mb.si\\\/#organization\"},\"potentialAction\":[{\"@type\":\"SearchAction\",\"target\":{\"@type\":\"EntryPoint\",\"urlTemplate\":\"https:\\\/\\\/museum-mb.si\\\/?s={search_term_string}\"},\"query-input\":{\"@type\":\"PropertyValueSpecification\",\"valueRequired\":true,\"valueName\":\"search_term_string\"}}],\"inLanguage\":\"de\"},{\"@type\":\"Organization\",\"@id\":\"https:\\\/\\\/museum-mb.si\\\/#organization\",\"name\":\"Pokrajinski muzej Maribor\",\"url\":\"https:\\\/\\\/museum-mb.si\\\/\",\"logo\":{\"@type\":\"ImageObject\",\"inLanguage\":\"de\",\"@id\":\"https:\\\/\\\/museum-mb.si\\\/#\\\/schema\\\/logo\\\/image\\\/\",\"url\":\"https:\\\/\\\/museum-mb.si\\\/wp-content\\\/uploads\\\/2024\\\/12\\\/pmm_logo_barvni_jpeg.jpg\",\"contentUrl\":\"https:\\\/\\\/museum-mb.si\\\/wp-content\\\/uploads\\\/2024\\\/12\\\/pmm_logo_barvni_jpeg.jpg\",\"width\":758,\"height\":754,\"caption\":\"Pokrajinski muzej Maribor\"},\"image\":{\"@id\":\"https:\\\/\\\/museum-mb.si\\\/#\\\/schema\\\/logo\\\/image\\\/\"},\"sameAs\":[\"https:\\\/\\\/www.facebook.com\\\/pomum123\",\"https:\\\/\\\/www.instagram.com\\\/maribor_museum\\\/\",\"https:\\\/\\\/www.youtube.com\\\/channel\\\/UCdshtCrun841Oc-35tYLBGQ\"]}]}<\/script>\n<!-- \/ Yoast SEO plugin. -->","yoast_head_json":{"title":"POKRAJINSKI ARHIV MARIBOR &#8211; Pokrajinski muzej Maribor","robots":{"index":"index","follow":"follow","max-snippet":"max-snippet:-1","max-image-preview":"max-image-preview:large","max-video-preview":"max-video-preview:-1"},"canonical":"https:\/\/museum-mb.si\/de\/ausstellungen\/provinziale-archive-maribor\/","og_locale":"de_DE","og_type":"article","og_title":"POKRAJINSKI ARHIV MARIBOR &#8211; Pokrajinski muzej Maribor","og_description":"RAZISKUJ GREMO MI NA SVOJE Z virtualno razstavo Gremo mi na svoje se predstavlja sedem samostojnih kulturnih ustanov Maribora, ki izhajajo iz skupnih za\u010detkov, danes pa tvorijo hrbtenico mariborskega institucionalnega kulturnega delovanja. Na razstavi se poleg Pokrajinskega muzeja Maribor predstavljajo \u0161e Univerzitetna knji\u017enica Maribor, Pokrajinski arhiv Maribor, Umetnostna galerija Maribor, Muzej narodne osvoboditve Maribor, Sinagoga [&hellip;]","og_url":"https:\/\/museum-mb.si\/de\/ausstellungen\/provinziale-archive-maribor\/","og_site_name":"Pokrajinski muzej Maribor","article_publisher":"https:\/\/www.facebook.com\/pomum123","article_modified_time":"2023-09-14T07:03:05+00:00","og_image":[{"width":2560,"height":1709,"url":"https:\/\/museum-mb.si\/wp-content\/uploads\/2023\/09\/Sklop-3-foto-1-min-scaled.jpg","type":"image\/jpeg"}],"twitter_card":"summary_large_image","twitter_misc":{"Gesch\u00e4tzte Lesezeit":"1\u00a0Minute"},"schema":{"@context":"https:\/\/schema.org","@graph":[{"@type":"WebPage","@id":"https:\/\/museum-mb.si\/razstave\/pokrajinski-arhiv-maribor\/","url":"https:\/\/museum-mb.si\/razstave\/pokrajinski-arhiv-maribor\/","name":"POKRAJINSKI ARHIV MARIBOR &#8211; Pokrajinski muzej Maribor","isPartOf":{"@id":"https:\/\/museum-mb.si\/#website"},"primaryImageOfPage":{"@id":"https:\/\/museum-mb.si\/razstave\/pokrajinski-arhiv-maribor\/#primaryimage"},"image":{"@id":"https:\/\/museum-mb.si\/razstave\/pokrajinski-arhiv-maribor\/#primaryimage"},"thumbnailUrl":"https:\/\/museum-mb.si\/wp-content\/uploads\/2023\/09\/Sklop-3-foto-1-min-scaled.jpg","datePublished":"2023-09-12T10:31:58+00:00","dateModified":"2023-09-14T07:03:05+00:00","breadcrumb":{"@id":"https:\/\/museum-mb.si\/razstave\/pokrajinski-arhiv-maribor\/#breadcrumb"},"inLanguage":"de","potentialAction":[{"@type":"ReadAction","target":["https:\/\/museum-mb.si\/razstave\/pokrajinski-arhiv-maribor\/"]}]},{"@type":"ImageObject","inLanguage":"de","@id":"https:\/\/museum-mb.si\/razstave\/pokrajinski-arhiv-maribor\/#primaryimage","url":"https:\/\/museum-mb.si\/wp-content\/uploads\/2023\/09\/Sklop-3-foto-1-min-scaled.jpg","contentUrl":"https:\/\/museum-mb.si\/wp-content\/uploads\/2023\/09\/Sklop-3-foto-1-min-scaled.jpg","width":2560,"height":1709},{"@type":"BreadcrumbList","@id":"https:\/\/museum-mb.si\/razstave\/pokrajinski-arhiv-maribor\/#breadcrumb","itemListElement":[{"@type":"ListItem","position":1,"name":"Domov","item":"https:\/\/museum-mb.si\/"},{"@type":"ListItem","position":2,"name":"Razstave","item":"https:\/\/museum-mb.si\/razstave\/"},{"@type":"ListItem","position":3,"name":"POKRAJINSKI ARHIV MARIBOR"}]},{"@type":"WebSite","@id":"https:\/\/museum-mb.si\/#website","url":"https:\/\/museum-mb.si\/","name":"Regionalmuseum Maribor","description":"","publisher":{"@id":"https:\/\/museum-mb.si\/#organization"},"potentialAction":[{"@type":"SearchAction","target":{"@type":"EntryPoint","urlTemplate":"https:\/\/museum-mb.si\/?s={search_term_string}"},"query-input":{"@type":"PropertyValueSpecification","valueRequired":true,"valueName":"search_term_string"}}],"inLanguage":"de"},{"@type":"Organization","@id":"https:\/\/museum-mb.si\/#organization","name":"Regionalmuseum Maribor","url":"https:\/\/museum-mb.si\/","logo":{"@type":"ImageObject","inLanguage":"de","@id":"https:\/\/museum-mb.si\/#\/schema\/logo\/image\/","url":"https:\/\/museum-mb.si\/wp-content\/uploads\/2024\/12\/pmm_logo_barvni_jpeg.jpg","contentUrl":"https:\/\/museum-mb.si\/wp-content\/uploads\/2024\/12\/pmm_logo_barvni_jpeg.jpg","width":758,"height":754,"caption":"Pokrajinski muzej Maribor"},"image":{"@id":"https:\/\/museum-mb.si\/#\/schema\/logo\/image\/"},"sameAs":["https:\/\/www.facebook.com\/pomum123","https:\/\/www.instagram.com\/maribor_museum\/","https:\/\/www.youtube.com\/channel\/UCdshtCrun841Oc-35tYLBGQ"]}]}},"_links":{"self":[{"href":"https:\/\/museum-mb.si\/de\/wp-json\/wp\/v2\/razstave\/76171","targetHints":{"allow":["GET"]}}],"collection":[{"href":"https:\/\/museum-mb.si\/de\/wp-json\/wp\/v2\/razstave"}],"about":[{"href":"https:\/\/museum-mb.si\/de\/wp-json\/wp\/v2\/types\/razstave"}],"version-history":[{"count":7,"href":"https:\/\/museum-mb.si\/de\/wp-json\/wp\/v2\/razstave\/76171\/revisions"}],"predecessor-version":[{"id":76323,"href":"https:\/\/museum-mb.si\/de\/wp-json\/wp\/v2\/razstave\/76171\/revisions\/76323"}],"wp:featuredmedia":[{"embeddable":true,"href":"https:\/\/museum-mb.si\/de\/wp-json\/wp\/v2\/media\/76173"}],"wp:attachment":[{"href":"https:\/\/museum-mb.si\/de\/wp-json\/wp\/v2\/media?parent=76171"}],"wp:term":[{"taxonomy":"vrsta","embeddable":true,"href":"https:\/\/museum-mb.si\/de\/wp-json\/wp\/v2\/vrsta?post=76171"}],"curies":[{"name":"wp","href":"https:\/\/api.w.org\/{rel}","templated":true}]}}