{"id":75851,"date":"2023-07-25T07:00:39","date_gmt":"2023-07-25T06:00:39","guid":{"rendered":"https:\/\/museum-mb.si\/?post_type=razstave&#038;p=75851"},"modified":"2024-09-11T08:13:13","modified_gmt":"2024-09-11T07:13:13","slug":"apotheker","status":"publish","type":"razstave","link":"https:\/\/museum-mb.si\/de\/ausstellungen\/apotheker\/","title":{"rendered":"PHYSIKER"},"content":{"rendered":"<div data-elementor-type=\"wp-post\" data-elementor-id=\"75851\" class=\"elementor elementor-75851\" data-elementor-post-type=\"razstave\">\n\t\t\t\t\t\t<section class=\"elementor-section elementor-top-section elementor-element elementor-element-8514f9d elementor-section-boxed elementor-section-height-default elementor-section-height-default\" data-id=\"8514f9d\" data-element_type=\"section\" data-settings=\"{&quot;jet_parallax_layout_list&quot;:[]}\">\n\t\t\t\t\t\t<div class=\"elementor-container elementor-column-gap-default\">\n\t\t\t\t\t<div class=\"elementor-column elementor-col-100 elementor-top-column elementor-element elementor-element-3400939\" data-id=\"3400939\" data-element_type=\"column\">\n\t\t\t<div class=\"elementor-widget-wrap elementor-element-populated\">\n\t\t\t\t\t\t<div class=\"elementor-element elementor-element-f601348 elementor-widget elementor-widget-heading\" data-id=\"f601348\" data-element_type=\"widget\" data-widget_type=\"heading.default\">\n\t\t\t\t<div class=\"elementor-widget-container\">\n\t\t\t\t\t<h2 class=\"elementor-heading-title elementor-size-default\">MUSEUMSAPOTHEKERIN\n<\/h2>\t\t\t\t<\/div>\n\t\t\t\t<\/div>\n\t\t\t\t<div class=\"elementor-element elementor-element-4740330 elementor-widget elementor-widget-heading\" data-id=\"4740330\" data-element_type=\"widget\" data-widget_type=\"heading.default\">\n\t\t\t\t<div class=\"elementor-widget-container\">\n\t\t\t\t\t<h2 class=\"elementor-heading-title elementor-size-default\">Gef\u00fchrter Rundgang durch die Ausstellung mit Workshop<\/h2>\t\t\t\t<\/div>\n\t\t\t\t<\/div>\n\t\t\t\t<div class=\"elementor-element elementor-element-a0d43d2 elementor-widget elementor-widget-text-editor\" data-id=\"a0d43d2\" data-element_type=\"widget\" data-widget_type=\"text-editor.default\">\n\t\t\t\t<div class=\"elementor-widget-container\">\n\t\t\t\t\t\t\t\t\t<p>Die Kinder sehen die Rekonstruktion einer historischen Apotheke aus dem sp\u00e4ten 19. Jahrhundert mit einem Apothekenverkaufsraum mit originalen Arzneischr\u00e4nken, Verkaufsst\u00e4nden und einem Rezepttisch, einem Apothekenlabor mit Ger\u00e4ten zur Herstellung von Medikamenten und einem Lager f\u00fcr Rohstoffe. Sie lernen den Beruf des Apothekers kennen, der Medikamente nach den Vorschriften und unter Aufsicht eines Arztes zubereiten musste. In seiner Apotheke verkaufte er auch S\u00fc\u00dfwaren. Zum Schluss mischt jedes Kind sein eigenes P\u00e4ckchen mit Heiltee und versiegelt es mit einem echten Apothekersiegel.<\/p><p>Anmeldung: muzejnica@museum-mb.si<\/p><p>Wenn Sie m\u00f6chten, k\u00f6nnen Sie an einem Abonnement f\u00fcr sechs Museumsgalerien teilnehmen, die Sie aus den acht angebotenen ausw\u00e4hlen k\u00f6nnen, oder Sie k\u00f6nnen sich f\u00fcr den Besuch eines einzelnen Museums entscheiden. Der Preis f\u00fcr einen einzelnen Museumsbesuch betr\u00e4gt 3 \u20ac pro Kind und der Preis f\u00fcr eine Dauerkarte f\u00fcr sechs Museumsbesuche betr\u00e4gt 15 \u20ac pro Kind. F\u00fcr Gruppen mit weniger als 10 Personen ist der Preis f\u00fcr das Programm einheitlich und betr\u00e4gt 30 \u20ac f\u00fcr die gesamte Gruppe.<\/p><p>Weitere Informationen und die gesamte Palette der Museumsdienste finden Sie unter\u00a0<a href=\"https:\/\/museum-mb.si\/wp-content\/uploads\/2024\/09\/Muzejnice-2024-2025.pdf\" target=\"_blank\" rel=\"noopener\">HIER<\/a>.\u00a0<\/p><p>Weitere Informationen erhalten Sie unter den Telefonnummern 02 228 35 58 und 02 228 35 58 (Montag bis Freitag, 8.00-15.00 Uhr).<\/p>\t\t\t\t\t\t\t\t<\/div>\n\t\t\t\t<\/div>\n\t\t\t\t<div class=\"elementor-element elementor-element-6af3ae7 elementor-widget elementor-widget-image\" data-id=\"6af3ae7\" data-element_type=\"widget\" data-widget_type=\"image.default\">\n\t\t\t\t<div class=\"elementor-widget-container\">\n\t\t\t\t\t\t\t\t\t\t\t\t\t\t\t<img fetchpriority=\"high\" decoding=\"async\" width=\"768\" height=\"512\" src=\"https:\/\/museum-mb.si\/wp-content\/uploads\/2023\/07\/Pokrajinski-muzej-MB-julij-2021-49-768x512.jpg\" class=\"attachment-medium_large size-medium_large wp-image-75831\" alt=\"\" srcset=\"https:\/\/museum-mb.si\/wp-content\/uploads\/2023\/07\/Pokrajinski-muzej-MB-julij-2021-49-768x512.jpg 768w, https:\/\/museum-mb.si\/wp-content\/uploads\/2023\/07\/Pokrajinski-muzej-MB-julij-2021-49-300x200.jpg 300w, https:\/\/museum-mb.si\/wp-content\/uploads\/2023\/07\/Pokrajinski-muzej-MB-julij-2021-49-1024x683.jpg 1024w, https:\/\/museum-mb.si\/wp-content\/uploads\/2023\/07\/Pokrajinski-muzej-MB-julij-2021-49-1536x1024.jpg 1536w, https:\/\/museum-mb.si\/wp-content\/uploads\/2023\/07\/Pokrajinski-muzej-MB-julij-2021-49-2048x1365.jpg 2048w, https:\/\/museum-mb.si\/wp-content\/uploads\/2023\/07\/Pokrajinski-muzej-MB-julij-2021-49-18x12.jpg 18w\" sizes=\"(max-width: 768px) 100vw, 768px\" \/>\t\t\t\t\t\t\t\t\t\t\t\t\t\t\t<\/div>\n\t\t\t\t<\/div>\n\t\t\t\t\t<\/div>\n\t\t<\/div>\n\t\t\t\t\t<\/div>\n\t\t<\/section>\n\t\t\t\t<\/div>","protected":false},"featured_media":77824,"template":"","vrsta":[16],"class_list":["post-75851","razstave","type-razstave","status-publish","has-post-thumbnail","hentry","vrsta-muzejnice"],"yoast_head":"<!-- This site is optimized with the Yoast SEO plugin v27.5 - https:\/\/yoast.com\/product\/yoast-seo-wordpress\/ -->\n<title>LEKARNAR &#8211; Pokrajinski muzej Maribor<\/title>\n<meta name=\"robots\" content=\"index, follow, max-snippet:-1, max-image-preview:large, max-video-preview:-1\" \/>\n<link rel=\"canonical\" href=\"https:\/\/museum-mb.si\/de\/ausstellungen\/apotheker\/\" \/>\n<meta property=\"og:locale\" content=\"de_DE\" \/>\n<meta property=\"og:type\" content=\"article\" \/>\n<meta property=\"og:title\" content=\"LEKARNAR &#8211; Pokrajinski muzej Maribor\" \/>\n<meta property=\"og:description\" content=\"MUZEJNICA LEKARNAR Vodeni ogled razstave z delavnico Otroci si ogledajo rekonstrukcijo histori\u010dne lekarne s konca 19. stoletja, v kateri so predstavljeni prodajni prostor lekarne z originalnimi lekarni\u0161kimi omarami, stojnicami in recepturno mizo, lekarni\u0161ki laboratorij z opremo za izdelavo zdravil in skladi\u0161\u010de za surovine. Spoznajo poklic lekarnarja, ki je moral pripravljati zdravila po predpisih in pod [&hellip;]\" \/>\n<meta property=\"og:url\" content=\"https:\/\/museum-mb.si\/de\/ausstellungen\/apotheker\/\" \/>\n<meta property=\"og:site_name\" content=\"Pokrajinski muzej Maribor\" \/>\n<meta property=\"article:publisher\" content=\"https:\/\/www.facebook.com\/pomum123\" \/>\n<meta property=\"article:modified_time\" content=\"2024-09-11T07:13:13+00:00\" \/>\n<meta property=\"og:image\" content=\"https:\/\/museum-mb.si\/wp-content\/uploads\/2023\/07\/lekarnar-1.jpg\" \/>\n\t<meta property=\"og:image:width\" content=\"800\" \/>\n\t<meta property=\"og:image:height\" content=\"800\" \/>\n\t<meta property=\"og:image:type\" content=\"image\/jpeg\" \/>\n<meta name=\"twitter:card\" content=\"summary_large_image\" \/>\n<meta name=\"twitter:label1\" content=\"Gesch\u00e4tzte Lesezeit\" \/>\n\t<meta name=\"twitter:data1\" content=\"1\u00a0Minute\" \/>\n<script type=\"application\/ld+json\" class=\"yoast-schema-graph\">{\"@context\":\"https:\\\/\\\/schema.org\",\"@graph\":[{\"@type\":\"WebPage\",\"@id\":\"https:\\\/\\\/museum-mb.si\\\/razstave\\\/lekarnar\\\/\",\"url\":\"https:\\\/\\\/museum-mb.si\\\/razstave\\\/lekarnar\\\/\",\"name\":\"LEKARNAR &#8211; Pokrajinski muzej Maribor\",\"isPartOf\":{\"@id\":\"https:\\\/\\\/museum-mb.si\\\/#website\"},\"primaryImageOfPage\":{\"@id\":\"https:\\\/\\\/museum-mb.si\\\/razstave\\\/lekarnar\\\/#primaryimage\"},\"image\":{\"@id\":\"https:\\\/\\\/museum-mb.si\\\/razstave\\\/lekarnar\\\/#primaryimage\"},\"thumbnailUrl\":\"https:\\\/\\\/museum-mb.si\\\/wp-content\\\/uploads\\\/2023\\\/07\\\/lekarnar-1.jpg\",\"datePublished\":\"2023-07-25T06:00:39+00:00\",\"dateModified\":\"2024-09-11T07:13:13+00:00\",\"breadcrumb\":{\"@id\":\"https:\\\/\\\/museum-mb.si\\\/razstave\\\/lekarnar\\\/#breadcrumb\"},\"inLanguage\":\"de\",\"potentialAction\":[{\"@type\":\"ReadAction\",\"target\":[\"https:\\\/\\\/museum-mb.si\\\/razstave\\\/lekarnar\\\/\"]}]},{\"@type\":\"ImageObject\",\"inLanguage\":\"de\",\"@id\":\"https:\\\/\\\/museum-mb.si\\\/razstave\\\/lekarnar\\\/#primaryimage\",\"url\":\"https:\\\/\\\/museum-mb.si\\\/wp-content\\\/uploads\\\/2023\\\/07\\\/lekarnar-1.jpg\",\"contentUrl\":\"https:\\\/\\\/museum-mb.si\\\/wp-content\\\/uploads\\\/2023\\\/07\\\/lekarnar-1.jpg\",\"width\":800,\"height\":800},{\"@type\":\"BreadcrumbList\",\"@id\":\"https:\\\/\\\/museum-mb.si\\\/razstave\\\/lekarnar\\\/#breadcrumb\",\"itemListElement\":[{\"@type\":\"ListItem\",\"position\":1,\"name\":\"Domov\",\"item\":\"https:\\\/\\\/museum-mb.si\\\/\"},{\"@type\":\"ListItem\",\"position\":2,\"name\":\"Razstave\",\"item\":\"https:\\\/\\\/museum-mb.si\\\/razstave\\\/\"},{\"@type\":\"ListItem\",\"position\":3,\"name\":\"LEKARNAR\"}]},{\"@type\":\"WebSite\",\"@id\":\"https:\\\/\\\/museum-mb.si\\\/#website\",\"url\":\"https:\\\/\\\/museum-mb.si\\\/\",\"name\":\"Pokrajinski muzej Maribor\",\"description\":\"\",\"publisher\":{\"@id\":\"https:\\\/\\\/museum-mb.si\\\/#organization\"},\"potentialAction\":[{\"@type\":\"SearchAction\",\"target\":{\"@type\":\"EntryPoint\",\"urlTemplate\":\"https:\\\/\\\/museum-mb.si\\\/?s={search_term_string}\"},\"query-input\":{\"@type\":\"PropertyValueSpecification\",\"valueRequired\":true,\"valueName\":\"search_term_string\"}}],\"inLanguage\":\"de\"},{\"@type\":\"Organization\",\"@id\":\"https:\\\/\\\/museum-mb.si\\\/#organization\",\"name\":\"Pokrajinski muzej Maribor\",\"url\":\"https:\\\/\\\/museum-mb.si\\\/\",\"logo\":{\"@type\":\"ImageObject\",\"inLanguage\":\"de\",\"@id\":\"https:\\\/\\\/museum-mb.si\\\/#\\\/schema\\\/logo\\\/image\\\/\",\"url\":\"https:\\\/\\\/museum-mb.si\\\/wp-content\\\/uploads\\\/2024\\\/12\\\/pmm_logo_barvni_jpeg.jpg\",\"contentUrl\":\"https:\\\/\\\/museum-mb.si\\\/wp-content\\\/uploads\\\/2024\\\/12\\\/pmm_logo_barvni_jpeg.jpg\",\"width\":758,\"height\":754,\"caption\":\"Pokrajinski muzej Maribor\"},\"image\":{\"@id\":\"https:\\\/\\\/museum-mb.si\\\/#\\\/schema\\\/logo\\\/image\\\/\"},\"sameAs\":[\"https:\\\/\\\/www.facebook.com\\\/pomum123\",\"https:\\\/\\\/www.instagram.com\\\/maribor_museum\\\/\",\"https:\\\/\\\/www.youtube.com\\\/channel\\\/UCdshtCrun841Oc-35tYLBGQ\"]}]}<\/script>\n<!-- \/ Yoast SEO plugin. -->","yoast_head_json":{"title":"LEKARNAR &#8211; Pokrajinski muzej Maribor","robots":{"index":"index","follow":"follow","max-snippet":"max-snippet:-1","max-image-preview":"max-image-preview:large","max-video-preview":"max-video-preview:-1"},"canonical":"https:\/\/museum-mb.si\/de\/ausstellungen\/apotheker\/","og_locale":"de_DE","og_type":"article","og_title":"LEKARNAR &#8211; Pokrajinski muzej Maribor","og_description":"MUZEJNICA LEKARNAR Vodeni ogled razstave z delavnico Otroci si ogledajo rekonstrukcijo histori\u010dne lekarne s konca 19. stoletja, v kateri so predstavljeni prodajni prostor lekarne z originalnimi lekarni\u0161kimi omarami, stojnicami in recepturno mizo, lekarni\u0161ki laboratorij z opremo za izdelavo zdravil in skladi\u0161\u010de za surovine. Spoznajo poklic lekarnarja, ki je moral pripravljati zdravila po predpisih in pod [&hellip;]","og_url":"https:\/\/museum-mb.si\/de\/ausstellungen\/apotheker\/","og_site_name":"Pokrajinski muzej Maribor","article_publisher":"https:\/\/www.facebook.com\/pomum123","article_modified_time":"2024-09-11T07:13:13+00:00","og_image":[{"width":800,"height":800,"url":"https:\/\/museum-mb.si\/wp-content\/uploads\/2023\/07\/lekarnar-1.jpg","type":"image\/jpeg"}],"twitter_card":"summary_large_image","twitter_misc":{"Gesch\u00e4tzte Lesezeit":"1\u00a0Minute"},"schema":{"@context":"https:\/\/schema.org","@graph":[{"@type":"WebPage","@id":"https:\/\/museum-mb.si\/razstave\/lekarnar\/","url":"https:\/\/museum-mb.si\/razstave\/lekarnar\/","name":"LEKARNAR &#8211; Pokrajinski muzej Maribor","isPartOf":{"@id":"https:\/\/museum-mb.si\/#website"},"primaryImageOfPage":{"@id":"https:\/\/museum-mb.si\/razstave\/lekarnar\/#primaryimage"},"image":{"@id":"https:\/\/museum-mb.si\/razstave\/lekarnar\/#primaryimage"},"thumbnailUrl":"https:\/\/museum-mb.si\/wp-content\/uploads\/2023\/07\/lekarnar-1.jpg","datePublished":"2023-07-25T06:00:39+00:00","dateModified":"2024-09-11T07:13:13+00:00","breadcrumb":{"@id":"https:\/\/museum-mb.si\/razstave\/lekarnar\/#breadcrumb"},"inLanguage":"de","potentialAction":[{"@type":"ReadAction","target":["https:\/\/museum-mb.si\/razstave\/lekarnar\/"]}]},{"@type":"ImageObject","inLanguage":"de","@id":"https:\/\/museum-mb.si\/razstave\/lekarnar\/#primaryimage","url":"https:\/\/museum-mb.si\/wp-content\/uploads\/2023\/07\/lekarnar-1.jpg","contentUrl":"https:\/\/museum-mb.si\/wp-content\/uploads\/2023\/07\/lekarnar-1.jpg","width":800,"height":800},{"@type":"BreadcrumbList","@id":"https:\/\/museum-mb.si\/razstave\/lekarnar\/#breadcrumb","itemListElement":[{"@type":"ListItem","position":1,"name":"Domov","item":"https:\/\/museum-mb.si\/"},{"@type":"ListItem","position":2,"name":"Razstave","item":"https:\/\/museum-mb.si\/razstave\/"},{"@type":"ListItem","position":3,"name":"LEKARNAR"}]},{"@type":"WebSite","@id":"https:\/\/museum-mb.si\/#website","url":"https:\/\/museum-mb.si\/","name":"Regionalmuseum Maribor","description":"","publisher":{"@id":"https:\/\/museum-mb.si\/#organization"},"potentialAction":[{"@type":"SearchAction","target":{"@type":"EntryPoint","urlTemplate":"https:\/\/museum-mb.si\/?s={search_term_string}"},"query-input":{"@type":"PropertyValueSpecification","valueRequired":true,"valueName":"search_term_string"}}],"inLanguage":"de"},{"@type":"Organization","@id":"https:\/\/museum-mb.si\/#organization","name":"Regionalmuseum Maribor","url":"https:\/\/museum-mb.si\/","logo":{"@type":"ImageObject","inLanguage":"de","@id":"https:\/\/museum-mb.si\/#\/schema\/logo\/image\/","url":"https:\/\/museum-mb.si\/wp-content\/uploads\/2024\/12\/pmm_logo_barvni_jpeg.jpg","contentUrl":"https:\/\/museum-mb.si\/wp-content\/uploads\/2024\/12\/pmm_logo_barvni_jpeg.jpg","width":758,"height":754,"caption":"Pokrajinski muzej Maribor"},"image":{"@id":"https:\/\/museum-mb.si\/#\/schema\/logo\/image\/"},"sameAs":["https:\/\/www.facebook.com\/pomum123","https:\/\/www.instagram.com\/maribor_museum\/","https:\/\/www.youtube.com\/channel\/UCdshtCrun841Oc-35tYLBGQ"]}]}},"_links":{"self":[{"href":"https:\/\/museum-mb.si\/de\/wp-json\/wp\/v2\/razstave\/75851","targetHints":{"allow":["GET"]}}],"collection":[{"href":"https:\/\/museum-mb.si\/de\/wp-json\/wp\/v2\/razstave"}],"about":[{"href":"https:\/\/museum-mb.si\/de\/wp-json\/wp\/v2\/types\/razstave"}],"version-history":[{"count":22,"href":"https:\/\/museum-mb.si\/de\/wp-json\/wp\/v2\/razstave\/75851\/revisions"}],"predecessor-version":[{"id":77827,"href":"https:\/\/museum-mb.si\/de\/wp-json\/wp\/v2\/razstave\/75851\/revisions\/77827"}],"wp:featuredmedia":[{"embeddable":true,"href":"https:\/\/museum-mb.si\/de\/wp-json\/wp\/v2\/media\/77824"}],"wp:attachment":[{"href":"https:\/\/museum-mb.si\/de\/wp-json\/wp\/v2\/media?parent=75851"}],"wp:term":[{"taxonomy":"vrsta","embeddable":true,"href":"https:\/\/museum-mb.si\/de\/wp-json\/wp\/v2\/vrsta?post=75851"}],"curies":[{"name":"wp","href":"https:\/\/api.w.org\/{rel}","templated":true}]}}