{"id":75823,"date":"2023-07-25T07:07:59","date_gmt":"2023-07-25T06:07:59","guid":{"rendered":"https:\/\/museum-mb.si\/?post_type=razstave&#038;p=75823"},"modified":"2024-09-11T08:07:58","modified_gmt":"2024-09-11T07:07:58","slug":"erstmals-im-museum","status":"publish","type":"razstave","link":"https:\/\/museum-mb.si\/de\/ausstellungen\/erstmals-im-museum\/","title":{"rendered":"DAS ERSTE MAL IM MUSEUM"},"content":{"rendered":"<div data-elementor-type=\"wp-post\" data-elementor-id=\"75823\" class=\"elementor elementor-75823\" data-elementor-post-type=\"razstave\">\n\t\t\t\t\t\t<section class=\"elementor-section elementor-top-section elementor-element elementor-element-b56cfde elementor-section-boxed elementor-section-height-default elementor-section-height-default\" data-id=\"b56cfde\" data-element_type=\"section\" data-settings=\"{&quot;jet_parallax_layout_list&quot;:[]}\">\n\t\t\t\t\t\t<div class=\"elementor-container elementor-column-gap-default\">\n\t\t\t\t\t<div class=\"elementor-column elementor-col-100 elementor-top-column elementor-element elementor-element-2c7ab7e\" data-id=\"2c7ab7e\" data-element_type=\"column\">\n\t\t\t<div class=\"elementor-widget-wrap elementor-element-populated\">\n\t\t\t\t\t\t<div class=\"elementor-element elementor-element-4c12ffa elementor-widget elementor-widget-heading\" data-id=\"4c12ffa\" data-element_type=\"widget\" data-widget_type=\"heading.default\">\n\t\t\t\t<div class=\"elementor-widget-container\">\n\t\t\t\t\t<h2 class=\"elementor-heading-title elementor-size-default\">DAS ERSTE MAL, DASS DIE MUSEUMSFRAU IN EINEM MUSEUM IST\n<\/h2>\t\t\t\t<\/div>\n\t\t\t\t<\/div>\n\t\t\t\t<div class=\"elementor-element elementor-element-7408a9b elementor-widget elementor-widget-heading\" data-id=\"7408a9b\" data-element_type=\"widget\" data-widget_type=\"heading.default\">\n\t\t\t\t<div class=\"elementor-widget-container\">\n\t\t\t\t\t<h2 class=\"elementor-heading-title elementor-size-default\">Interaktiver Rundgang durch die Dauerausstellungen<\/h2>\t\t\t\t<\/div>\n\t\t\t\t<\/div>\n\t\t\t\t<div class=\"elementor-element elementor-element-7604e91 elementor-widget elementor-widget-text-editor\" data-id=\"7604e91\" data-element_type=\"widget\" data-widget_type=\"text-editor.default\">\n\t\t\t\t<div class=\"elementor-widget-container\">\n\t\t\t\t\t\t\t\t\t<p>Bei einer F\u00fchrung lernen die Kinder die Mariborer Burg und die Dauerausstellungen des Regionalmuseums Maribor kennen. Nachdem sie die Grundlagen der Museumsetikette gelernt haben, machen sie sich auf den Weg, die Vergangenheit unserer Stadt zu erkunden. Anhand der ausgestellten Exponate erfahren sie, wie sich die Region Maribor von der Vorgeschichte bis zum 19. Jahrhundert entwickelt und ver\u00e4ndert hat. Die F\u00fchrung wird durch interaktive Stationen aufgelockert, bei denen Ber\u00fchrungen nicht nur erlaubt, sondern erw\u00fcnscht sind.<\/p><p>Anmeldung: muzejnica@museum-mb.si<\/p><p>Wenn Sie m\u00f6chten, k\u00f6nnen Sie an einem Abonnement f\u00fcr sechs Museumsgalerien teilnehmen, die Sie aus den acht angebotenen ausw\u00e4hlen k\u00f6nnen, oder Sie k\u00f6nnen sich f\u00fcr den Besuch eines einzelnen Museums entscheiden. Der Preis f\u00fcr einen einzelnen Museumsbesuch betr\u00e4gt 3 \u20ac pro Kind und der Preis f\u00fcr eine Dauerkarte f\u00fcr sechs Museumsbesuche betr\u00e4gt 15 \u20ac pro Kind. F\u00fcr Gruppen mit weniger als 10 Personen ist der Preis f\u00fcr das Programm einheitlich und betr\u00e4gt 30 \u20ac f\u00fcr die gesamte Gruppe.<\/p><p>Weitere Informationen und die gesamte Palette der Museumsdienste finden Sie unter\u00a0<a href=\"https:\/\/museum-mb.si\/wp-content\/uploads\/2024\/09\/Muzejnice-2024-2025.pdf\" target=\"_blank\" rel=\"noopener\">HIER<\/a>.\u00a0<\/p><p>Weitere Informationen erhalten Sie unter den Telefonnummern 02 228 35 58 und 02 228 35 58 (Montag bis Freitag, 8.00-15.00 Uhr).<\/p>\t\t\t\t\t\t\t\t<\/div>\n\t\t\t\t<\/div>\n\t\t\t\t<div class=\"elementor-element elementor-element-a379f5b elementor-widget elementor-widget-image\" data-id=\"a379f5b\" data-element_type=\"widget\" data-widget_type=\"image.default\">\n\t\t\t\t<div class=\"elementor-widget-container\">\n\t\t\t\t\t\t\t\t\t\t\t\t\t\t\t<img fetchpriority=\"high\" decoding=\"async\" width=\"768\" height=\"1024\" src=\"https:\/\/museum-mb.si\/wp-content\/uploads\/2023\/07\/IMG_0083-768x1024.jpg\" class=\"attachment-medium_large size-medium_large wp-image-75833\" alt=\"\" srcset=\"https:\/\/museum-mb.si\/wp-content\/uploads\/2023\/07\/IMG_0083-768x1024.jpg.webp 768w, https:\/\/museum-mb.si\/wp-content\/uploads\/2023\/07\/IMG_0083-225x300.jpg.webp 225w, https:\/\/museum-mb.si\/wp-content\/uploads\/2023\/07\/IMG_0083-1152x1536.jpg.webp 1152w, https:\/\/museum-mb.si\/wp-content\/uploads\/2023\/07\/IMG_0083-1536x2048.jpg.webp 1536w, https:\/\/museum-mb.si\/wp-content\/uploads\/2023\/07\/IMG_0083-9x12.jpg.webp 9w, https:\/\/museum-mb.si\/wp-content\/uploads\/2023\/07\/IMG_0083-scaled.jpg.webp 1920w\" sizes=\"(max-width: 768px) 100vw, 768px\" \/>\t\t\t\t\t\t\t\t\t\t\t\t\t\t\t<\/div>\n\t\t\t\t<\/div>\n\t\t\t\t\t<\/div>\n\t\t<\/div>\n\t\t\t\t\t<\/div>\n\t\t<\/section>\n\t\t\t\t<\/div>","protected":false},"featured_media":77803,"template":"","vrsta":[16],"class_list":["post-75823","razstave","type-razstave","status-publish","has-post-thumbnail","hentry","vrsta-muzejnice"],"yoast_head":"<!-- This site is optimized with the Yoast SEO plugin v27.5 - https:\/\/yoast.com\/product\/yoast-seo-wordpress\/ -->\n<title>PRVI\u010c V MUZEJU &#8211; Pokrajinski muzej Maribor<\/title>\n<meta name=\"robots\" content=\"index, follow, max-snippet:-1, max-image-preview:large, max-video-preview:-1\" \/>\n<link rel=\"canonical\" href=\"https:\/\/museum-mb.si\/de\/ausstellungen\/erstmals-im-museum\/\" \/>\n<meta property=\"og:locale\" content=\"de_DE\" \/>\n<meta property=\"og:type\" content=\"article\" \/>\n<meta property=\"og:title\" content=\"PRVI\u010c V MUZEJU &#8211; Pokrajinski muzej Maribor\" \/>\n<meta property=\"og:description\" content=\"MUZEJNICA PRVI\u010c V MUZEJU Interaktivni ogled stalnih razstav Otroci pri vodenem ogledu\u00a0 spoznajo mariborski mestni grad in stalne razstave Pokrajinskega muzeja Maribor. Potem ko se seznanijo z osnovami muzejskega bontona, se podajo na raziskovanje preteklosti na\u0161ega mesta. Ob razstavljenih predmetih spoznavajo, kako se je razvijalo in spreminjalo obmo\u010dje Maribora od prazgodovine do 19. stoletja. Vodstvo [&hellip;]\" \/>\n<meta property=\"og:url\" content=\"https:\/\/museum-mb.si\/de\/ausstellungen\/erstmals-im-museum\/\" \/>\n<meta property=\"og:site_name\" content=\"Pokrajinski muzej Maribor\" \/>\n<meta property=\"article:publisher\" content=\"https:\/\/www.facebook.com\/pomum123\" \/>\n<meta property=\"article:modified_time\" content=\"2024-09-11T07:07:58+00:00\" \/>\n<meta property=\"og:image\" content=\"https:\/\/museum-mb.si\/wp-content\/uploads\/2023\/07\/vitez.jpg\" \/>\n\t<meta property=\"og:image:width\" content=\"800\" \/>\n\t<meta property=\"og:image:height\" content=\"800\" \/>\n\t<meta property=\"og:image:type\" content=\"image\/jpeg\" \/>\n<meta name=\"twitter:card\" content=\"summary_large_image\" \/>\n<meta name=\"twitter:label1\" content=\"Gesch\u00e4tzte Lesezeit\" \/>\n\t<meta name=\"twitter:data1\" content=\"1\u00a0Minute\" \/>\n<script type=\"application\/ld+json\" class=\"yoast-schema-graph\">{\"@context\":\"https:\\\/\\\/schema.org\",\"@graph\":[{\"@type\":\"WebPage\",\"@id\":\"https:\\\/\\\/museum-mb.si\\\/razstave\\\/prvic-v-muzeju\\\/\",\"url\":\"https:\\\/\\\/museum-mb.si\\\/razstave\\\/prvic-v-muzeju\\\/\",\"name\":\"PRVI\u010c V MUZEJU &#8211; Pokrajinski muzej Maribor\",\"isPartOf\":{\"@id\":\"https:\\\/\\\/museum-mb.si\\\/#website\"},\"primaryImageOfPage\":{\"@id\":\"https:\\\/\\\/museum-mb.si\\\/razstave\\\/prvic-v-muzeju\\\/#primaryimage\"},\"image\":{\"@id\":\"https:\\\/\\\/museum-mb.si\\\/razstave\\\/prvic-v-muzeju\\\/#primaryimage\"},\"thumbnailUrl\":\"https:\\\/\\\/museum-mb.si\\\/wp-content\\\/uploads\\\/2023\\\/07\\\/vitez.jpg\",\"datePublished\":\"2023-07-25T06:07:59+00:00\",\"dateModified\":\"2024-09-11T07:07:58+00:00\",\"breadcrumb\":{\"@id\":\"https:\\\/\\\/museum-mb.si\\\/razstave\\\/prvic-v-muzeju\\\/#breadcrumb\"},\"inLanguage\":\"de\",\"potentialAction\":[{\"@type\":\"ReadAction\",\"target\":[\"https:\\\/\\\/museum-mb.si\\\/razstave\\\/prvic-v-muzeju\\\/\"]}]},{\"@type\":\"ImageObject\",\"inLanguage\":\"de\",\"@id\":\"https:\\\/\\\/museum-mb.si\\\/razstave\\\/prvic-v-muzeju\\\/#primaryimage\",\"url\":\"https:\\\/\\\/museum-mb.si\\\/wp-content\\\/uploads\\\/2023\\\/07\\\/vitez.jpg\",\"contentUrl\":\"https:\\\/\\\/museum-mb.si\\\/wp-content\\\/uploads\\\/2023\\\/07\\\/vitez.jpg\",\"width\":800,\"height\":800},{\"@type\":\"BreadcrumbList\",\"@id\":\"https:\\\/\\\/museum-mb.si\\\/razstave\\\/prvic-v-muzeju\\\/#breadcrumb\",\"itemListElement\":[{\"@type\":\"ListItem\",\"position\":1,\"name\":\"Domov\",\"item\":\"https:\\\/\\\/museum-mb.si\\\/\"},{\"@type\":\"ListItem\",\"position\":2,\"name\":\"Razstave\",\"item\":\"https:\\\/\\\/museum-mb.si\\\/razstave\\\/\"},{\"@type\":\"ListItem\",\"position\":3,\"name\":\"PRVI\u010c V MUZEJU\"}]},{\"@type\":\"WebSite\",\"@id\":\"https:\\\/\\\/museum-mb.si\\\/#website\",\"url\":\"https:\\\/\\\/museum-mb.si\\\/\",\"name\":\"Pokrajinski muzej Maribor\",\"description\":\"\",\"publisher\":{\"@id\":\"https:\\\/\\\/museum-mb.si\\\/#organization\"},\"potentialAction\":[{\"@type\":\"SearchAction\",\"target\":{\"@type\":\"EntryPoint\",\"urlTemplate\":\"https:\\\/\\\/museum-mb.si\\\/?s={search_term_string}\"},\"query-input\":{\"@type\":\"PropertyValueSpecification\",\"valueRequired\":true,\"valueName\":\"search_term_string\"}}],\"inLanguage\":\"de\"},{\"@type\":\"Organization\",\"@id\":\"https:\\\/\\\/museum-mb.si\\\/#organization\",\"name\":\"Pokrajinski muzej Maribor\",\"url\":\"https:\\\/\\\/museum-mb.si\\\/\",\"logo\":{\"@type\":\"ImageObject\",\"inLanguage\":\"de\",\"@id\":\"https:\\\/\\\/museum-mb.si\\\/#\\\/schema\\\/logo\\\/image\\\/\",\"url\":\"https:\\\/\\\/museum-mb.si\\\/wp-content\\\/uploads\\\/2024\\\/12\\\/pmm_logo_barvni_jpeg.jpg\",\"contentUrl\":\"https:\\\/\\\/museum-mb.si\\\/wp-content\\\/uploads\\\/2024\\\/12\\\/pmm_logo_barvni_jpeg.jpg\",\"width\":758,\"height\":754,\"caption\":\"Pokrajinski muzej Maribor\"},\"image\":{\"@id\":\"https:\\\/\\\/museum-mb.si\\\/#\\\/schema\\\/logo\\\/image\\\/\"},\"sameAs\":[\"https:\\\/\\\/www.facebook.com\\\/pomum123\",\"https:\\\/\\\/www.instagram.com\\\/maribor_museum\\\/\",\"https:\\\/\\\/www.youtube.com\\\/channel\\\/UCdshtCrun841Oc-35tYLBGQ\"]}]}<\/script>\n<!-- \/ Yoast SEO plugin. -->","yoast_head_json":{"title":"PRVI\u010c V MUZEJU &#8211; Pokrajinski muzej Maribor","robots":{"index":"index","follow":"follow","max-snippet":"max-snippet:-1","max-image-preview":"max-image-preview:large","max-video-preview":"max-video-preview:-1"},"canonical":"https:\/\/museum-mb.si\/de\/ausstellungen\/erstmals-im-museum\/","og_locale":"de_DE","og_type":"article","og_title":"PRVI\u010c V MUZEJU &#8211; Pokrajinski muzej Maribor","og_description":"MUZEJNICA PRVI\u010c V MUZEJU Interaktivni ogled stalnih razstav Otroci pri vodenem ogledu\u00a0 spoznajo mariborski mestni grad in stalne razstave Pokrajinskega muzeja Maribor. Potem ko se seznanijo z osnovami muzejskega bontona, se podajo na raziskovanje preteklosti na\u0161ega mesta. Ob razstavljenih predmetih spoznavajo, kako se je razvijalo in spreminjalo obmo\u010dje Maribora od prazgodovine do 19. stoletja. Vodstvo [&hellip;]","og_url":"https:\/\/museum-mb.si\/de\/ausstellungen\/erstmals-im-museum\/","og_site_name":"Pokrajinski muzej Maribor","article_publisher":"https:\/\/www.facebook.com\/pomum123","article_modified_time":"2024-09-11T07:07:58+00:00","og_image":[{"width":800,"height":800,"url":"https:\/\/museum-mb.si\/wp-content\/uploads\/2023\/07\/vitez.jpg","type":"image\/jpeg"}],"twitter_card":"summary_large_image","twitter_misc":{"Gesch\u00e4tzte Lesezeit":"1\u00a0Minute"},"schema":{"@context":"https:\/\/schema.org","@graph":[{"@type":"WebPage","@id":"https:\/\/museum-mb.si\/razstave\/prvic-v-muzeju\/","url":"https:\/\/museum-mb.si\/razstave\/prvic-v-muzeju\/","name":"PRVI\u010c V MUZEJU &#8211; Pokrajinski muzej Maribor","isPartOf":{"@id":"https:\/\/museum-mb.si\/#website"},"primaryImageOfPage":{"@id":"https:\/\/museum-mb.si\/razstave\/prvic-v-muzeju\/#primaryimage"},"image":{"@id":"https:\/\/museum-mb.si\/razstave\/prvic-v-muzeju\/#primaryimage"},"thumbnailUrl":"https:\/\/museum-mb.si\/wp-content\/uploads\/2023\/07\/vitez.jpg","datePublished":"2023-07-25T06:07:59+00:00","dateModified":"2024-09-11T07:07:58+00:00","breadcrumb":{"@id":"https:\/\/museum-mb.si\/razstave\/prvic-v-muzeju\/#breadcrumb"},"inLanguage":"de","potentialAction":[{"@type":"ReadAction","target":["https:\/\/museum-mb.si\/razstave\/prvic-v-muzeju\/"]}]},{"@type":"ImageObject","inLanguage":"de","@id":"https:\/\/museum-mb.si\/razstave\/prvic-v-muzeju\/#primaryimage","url":"https:\/\/museum-mb.si\/wp-content\/uploads\/2023\/07\/vitez.jpg","contentUrl":"https:\/\/museum-mb.si\/wp-content\/uploads\/2023\/07\/vitez.jpg","width":800,"height":800},{"@type":"BreadcrumbList","@id":"https:\/\/museum-mb.si\/razstave\/prvic-v-muzeju\/#breadcrumb","itemListElement":[{"@type":"ListItem","position":1,"name":"Domov","item":"https:\/\/museum-mb.si\/"},{"@type":"ListItem","position":2,"name":"Razstave","item":"https:\/\/museum-mb.si\/razstave\/"},{"@type":"ListItem","position":3,"name":"PRVI\u010c V MUZEJU"}]},{"@type":"WebSite","@id":"https:\/\/museum-mb.si\/#website","url":"https:\/\/museum-mb.si\/","name":"Regionalmuseum Maribor","description":"","publisher":{"@id":"https:\/\/museum-mb.si\/#organization"},"potentialAction":[{"@type":"SearchAction","target":{"@type":"EntryPoint","urlTemplate":"https:\/\/museum-mb.si\/?s={search_term_string}"},"query-input":{"@type":"PropertyValueSpecification","valueRequired":true,"valueName":"search_term_string"}}],"inLanguage":"de"},{"@type":"Organization","@id":"https:\/\/museum-mb.si\/#organization","name":"Regionalmuseum Maribor","url":"https:\/\/museum-mb.si\/","logo":{"@type":"ImageObject","inLanguage":"de","@id":"https:\/\/museum-mb.si\/#\/schema\/logo\/image\/","url":"https:\/\/museum-mb.si\/wp-content\/uploads\/2024\/12\/pmm_logo_barvni_jpeg.jpg","contentUrl":"https:\/\/museum-mb.si\/wp-content\/uploads\/2024\/12\/pmm_logo_barvni_jpeg.jpg","width":758,"height":754,"caption":"Pokrajinski muzej Maribor"},"image":{"@id":"https:\/\/museum-mb.si\/#\/schema\/logo\/image\/"},"sameAs":["https:\/\/www.facebook.com\/pomum123","https:\/\/www.instagram.com\/maribor_museum\/","https:\/\/www.youtube.com\/channel\/UCdshtCrun841Oc-35tYLBGQ"]}]}},"_links":{"self":[{"href":"https:\/\/museum-mb.si\/de\/wp-json\/wp\/v2\/razstave\/75823","targetHints":{"allow":["GET"]}}],"collection":[{"href":"https:\/\/museum-mb.si\/de\/wp-json\/wp\/v2\/razstave"}],"about":[{"href":"https:\/\/museum-mb.si\/de\/wp-json\/wp\/v2\/types\/razstave"}],"version-history":[{"count":40,"href":"https:\/\/museum-mb.si\/de\/wp-json\/wp\/v2\/razstave\/75823\/revisions"}],"predecessor-version":[{"id":77810,"href":"https:\/\/museum-mb.si\/de\/wp-json\/wp\/v2\/razstave\/75823\/revisions\/77810"}],"wp:featuredmedia":[{"embeddable":true,"href":"https:\/\/museum-mb.si\/de\/wp-json\/wp\/v2\/media\/77803"}],"wp:attachment":[{"href":"https:\/\/museum-mb.si\/de\/wp-json\/wp\/v2\/media?parent=75823"}],"wp:term":[{"taxonomy":"vrsta","embeddable":true,"href":"https:\/\/museum-mb.si\/de\/wp-json\/wp\/v2\/vrsta?post=75823"}],"curies":[{"name":"wp","href":"https:\/\/api.w.org\/{rel}","templated":true}]}}