{"id":74791,"date":"2022-11-25T14:08:30","date_gmt":"2022-11-25T13:08:30","guid":{"rendered":"https:\/\/museum-mb.si\/?post_type=razstave&#038;p=74791"},"modified":"2022-11-25T14:46:49","modified_gmt":"2022-11-25T13:46:49","slug":"krippen-heute","status":"publish","type":"razstave","link":"https:\/\/museum-mb.si\/de\/ausstellungen\/krippen-heute\/","title":{"rendered":"Krippen heute"},"content":{"rendered":"<div data-elementor-type=\"wp-post\" data-elementor-id=\"74791\" class=\"elementor elementor-74791\" data-elementor-post-type=\"razstave\">\n\t\t\t\t\t\t<section class=\"elementor-section elementor-top-section elementor-element elementor-element-7d29fd75 elementor-section-height-min-height elementor-section-stretched elementor-section-boxed elementor-section-height-default elementor-section-items-middle\" data-id=\"7d29fd75\" data-element_type=\"section\" data-settings=\"{&quot;stretch_section&quot;:&quot;section-stretched&quot;,&quot;jet_parallax_layout_list&quot;:[],&quot;background_background&quot;:&quot;classic&quot;}\">\n\t\t\t\t\t\t\t<div class=\"elementor-background-overlay\"><\/div>\n\t\t\t\t\t\t\t<div class=\"elementor-container elementor-column-gap-default\">\n\t\t\t\t\t<div class=\"elementor-column elementor-col-100 elementor-top-column elementor-element elementor-element-506ce08c\" data-id=\"506ce08c\" data-element_type=\"column\">\n\t\t\t<div class=\"elementor-widget-wrap elementor-element-populated\">\n\t\t\t\t\t\t<div class=\"elementor-element elementor-element-1ef6ce95 elementor-widget elementor-widget-text-editor\" data-id=\"1ef6ce95\" data-element_type=\"widget\" data-widget_type=\"text-editor.default\">\n\t\t\t\t<div class=\"elementor-widget-container\">\n\t\t\t\t\t\t\t\t\tICH GLAUBE. ALSO BIN ICH.\t\t\t\t\t\t\t\t<\/div>\n\t\t\t\t<\/div>\n\t\t\t\t<div class=\"elementor-element elementor-element-5248245a elementor-widget elementor-widget-heading\" data-id=\"5248245a\" data-element_type=\"widget\" data-widget_type=\"heading.default\">\n\t\t\t\t<div class=\"elementor-widget-container\">\n\t\t\t\t\t<h2 class=\"elementor-heading-title elementor-size-default\">\u00dcBER KRIPPEN AUS DEM FUNDUS DES ETHNOGRAPHISCHEN MUSEUMS IN ZAGREB<\/h2>\t\t\t\t<\/div>\n\t\t\t\t<\/div>\n\t\t\t\t\t<\/div>\n\t\t<\/div>\n\t\t\t\t\t<\/div>\n\t\t<\/section>\n\t\t\t\t<section class=\"elementor-section elementor-top-section elementor-element elementor-element-7437d0cf elementor-hidden-mobile elementor-section-boxed elementor-section-height-default elementor-section-height-default\" data-id=\"7437d0cf\" data-element_type=\"section\" data-settings=\"{&quot;jet_parallax_layout_list&quot;:[]}\">\n\t\t\t\t\t\t<div class=\"elementor-container elementor-column-gap-default\">\n\t\t\t\t\t<div class=\"make-column-clickable-elementor elementor-column elementor-col-100 elementor-top-column elementor-element elementor-element-7e1d4fb4\" style=\"cursor: pointer;\" data-column-clickable=\"#Zbirke\" data-column-clickable-blank=\"_self\" data-id=\"7e1d4fb4\" data-element_type=\"column\" data-settings=\"{&quot;background_background&quot;:&quot;classic&quot;}\">\n\t\t\t<div class=\"elementor-widget-wrap elementor-element-populated\">\n\t\t\t\t\t\t<div class=\"elementor-element elementor-element-7b3f61a0 elementor-widget__width-auto elementor-widget elementor-widget-jet-inline-svg\" data-id=\"7b3f61a0\" data-element_type=\"widget\" data-widget_type=\"jet-inline-svg.default\">\n\t\t\t\t<div class=\"elementor-widget-container\">\n\t\t\t\t\t<div class=\"elementor-jet-inline-svg jet-elements\"><div class=\"jet-inline-svg__wrapper\"><a class=\"jet-inline-svg jet-inline-svg--custom-width jet-inline-svg--custom-color\" href=\"#Virtualnevsebine\" aria-label=\"SVG-Link\"><div class=\"jet-inline-svg__inner\"><?xml version=\"1.0\" encoding=\"UTF-8\" standalone=\"no\"?>\n<svg xmlns=\"http:\/\/www.w3.org\/2000\/svg\" version=\"1.0\" width=\"512.000000pt\" height=\"512.000000pt\" viewbox=\"0 0 512.000000 512.000000\" preserveaspectratio=\"xMidYMid meet\">\n  <g transform=\"translate(0.000000,512.000000) scale(0.100000,-0.100000)\" fill=\"currentColor\" stroke=\"none\">\n    <path d=\"M277 4009 c-103 -24 -197 -103 -244 -204 -23 -51 -28 -73 -27 -145 0 -160 -96 -52 1192 -1342 777 -778 1160 -1155 1191 -1172 73 -39 158 -53 234 -37 34 7 83 24 108 37 31 17 414 394 1191 1172 1288 1290 1192 1182 1192 1342 0 72 -4 94 -28 147 -84 184 -308 262 -491 171 -26 -13 -388 -368 -1037 -1016 l-998 -997 -998 997 c-652 651 -1011 1003 -1037 1016 -76 37 -170 49 -248 31z\"><\/path>\n  <\/g>\n<\/svg>\n<\/div><\/a><\/div><\/div>\t\t\t\t<\/div>\n\t\t\t\t<\/div>\n\t\t\t\t\t<\/div>\n\t\t<\/div>\n\t\t\t\t\t<\/div>\n\t\t<\/section>\n\t\t\t\t<section class=\"elementor-section elementor-top-section elementor-element elementor-element-5ad677c9 elementor-section-boxed elementor-section-height-default elementor-section-height-default\" data-id=\"5ad677c9\" data-element_type=\"section\" data-settings=\"{&quot;jet_parallax_layout_list&quot;:[]}\">\n\t\t\t\t\t\t<div class=\"elementor-container elementor-column-gap-default\">\n\t\t\t\t\t<div class=\"elementor-column elementor-col-100 elementor-top-column elementor-element elementor-element-342c2692\" data-id=\"342c2692\" data-element_type=\"column\">\n\t\t\t<div class=\"elementor-widget-wrap elementor-element-populated\">\n\t\t\t\t\t\t<div class=\"elementor-element elementor-element-18b01cd7 elementor-widget elementor-widget-menu-anchor\" data-id=\"18b01cd7\" data-element_type=\"widget\" data-widget_type=\"menu-anchor.default\">\n\t\t\t\t<div class=\"elementor-widget-container\">\n\t\t\t\t\t\t\t<div class=\"elementor-menu-anchor\" id=\"Virtualnevsebine\"><\/div>\n\t\t\t\t\t\t<\/div>\n\t\t\t\t<\/div>\n\t\t\t\t\t<\/div>\n\t\t<\/div>\n\t\t\t\t\t<\/div>\n\t\t<\/section>\n\t\t\t\t<section class=\"elementor-section elementor-top-section elementor-element elementor-element-61eb769c elementor-section-boxed elementor-section-height-default elementor-section-height-default\" data-id=\"61eb769c\" data-element_type=\"section\" data-settings=\"{&quot;jet_parallax_layout_list&quot;:[]}\">\n\t\t\t\t\t\t<div class=\"elementor-container elementor-column-gap-default\">\n\t\t\t\t\t<div class=\"elementor-column elementor-col-100 elementor-top-column elementor-element elementor-element-59c93005\" data-id=\"59c93005\" data-element_type=\"column\">\n\t\t\t<div class=\"elementor-widget-wrap elementor-element-populated\">\n\t\t\t\t\t\t<div class=\"elementor-element elementor-element-65fcedda elementor-widget elementor-widget-jet-carousel\" data-id=\"65fcedda\" data-element_type=\"widget\" data-settings=\"{&quot;slides_to_show&quot;:&quot;1&quot;,&quot;slides_to_show_mobile&quot;:&quot;1&quot;,&quot;slides_to_scroll_mobile&quot;:&quot;1&quot;,&quot;slides_to_scroll&quot;:&quot;1&quot;}\" data-widget_type=\"jet-carousel.default\">\n\t\t\t\t<div class=\"elementor-widget-container\">\n\t\t\t\t\t<div class=\"elementor-jet-carousel jet-elements\"><div class=\"jet-carousel-wrap\">\n\t<div class=\"jet-carousel\" data-slider_options=\"{&quot;autoplaySpeed&quot;:5000,&quot;autoplay&quot;:false,&quot;infinite&quot;:true,&quot;centerMode&quot;:false,&quot;centerPadding&quot;:&quot;50px&quot;,&quot;pauseOnHover&quot;:false,&quot;speed&quot;:500,&quot;arrows&quot;:true,&quot;dots&quot;:true,&quot;variableWidth&quot;:false,&quot;prevArrow&quot;:&quot;.jet-carousel__prev-arrow-65fcedda&quot;,&quot;nextArrow&quot;:&quot;.jet-carousel__next-arrow-65fcedda&quot;,&quot;rtl&quot;:false,&quot;fractionNav&quot;:false,&quot;fade&quot;:false}\" dir=\"ltr\">\n\t<div class=\"elementor-slick-slider\">\n\n<div class=\"jet-carousel__item\">\n\t<div class=\"jet-carousel__item-inner\"><div class=\"jet-carousel__content\">\t\t<div data-elementor-type=\"section\" data-elementor-id=\"74879\" class=\"elementor elementor-74879\" data-elementor-post-type=\"elementor_library\">\n\t\t\t\t\t<section class=\"elementor-section elementor-top-section elementor-element elementor-element-15c1dd6e elementor-section-boxed elementor-section-height-default elementor-section-height-default\" data-id=\"15c1dd6e\" data-element_type=\"section\" data-settings=\"{&quot;jet_parallax_layout_list&quot;:[]}\">\n\t\t\t\t\t\t<div class=\"elementor-container elementor-column-gap-default\">\n\t\t\t\t\t<div class=\"elementor-column elementor-col-50 elementor-top-column elementor-element elementor-element-418d3743\" data-id=\"418d3743\" data-element_type=\"column\">\n\t\t\t<div class=\"elementor-widget-wrap elementor-element-populated\">\n\t\t\t\t\t\t<div class=\"elementor-element elementor-element-18c05b9c elementor-widget elementor-widget-image\" data-id=\"18c05b9c\" data-element_type=\"widget\" data-widget_type=\"image.default\">\n\t\t\t\t<div class=\"elementor-widget-container\">\n\t\t\t\t\t\t\t\t\t\t\t\t\t\t\t<img fetchpriority=\"high\" decoding=\"async\" width=\"800\" height=\"534\" src=\"https:\/\/museum-mb.si\/wp-content\/uploads\/2022\/11\/1.-48737-1024x683.jpg\" class=\"attachment-large size-large wp-image-74790\" alt=\"\" srcset=\"https:\/\/museum-mb.si\/wp-content\/uploads\/2022\/11\/1.-48737-1024x683.jpg 1024w, https:\/\/museum-mb.si\/wp-content\/uploads\/2022\/11\/1.-48737-300x200.jpg 300w, https:\/\/museum-mb.si\/wp-content\/uploads\/2022\/11\/1.-48737-768x513.jpg 768w, https:\/\/museum-mb.si\/wp-content\/uploads\/2022\/11\/1.-48737-1536x1025.jpg 1536w, https:\/\/museum-mb.si\/wp-content\/uploads\/2022\/11\/1.-48737-2048x1367.jpg 2048w, https:\/\/museum-mb.si\/wp-content\/uploads\/2022\/11\/1.-48737-18x12.jpg 18w\" sizes=\"(max-width: 800px) 100vw, 800px\" \/>\t\t\t\t\t\t\t\t\t\t\t\t\t\t\t<\/div>\n\t\t\t\t<\/div>\n\t\t\t\t\t<\/div>\n\t\t<\/div>\n\t\t\t\t<div class=\"elementor-column elementor-col-50 elementor-top-column elementor-element elementor-element-66c062c5\" data-id=\"66c062c5\" data-element_type=\"column\">\n\t\t\t<div class=\"elementor-widget-wrap elementor-element-populated\">\n\t\t\t\t\t\t<div class=\"elementor-element elementor-element-72ca4acf elementor-widget__width-initial elementor-widget elementor-widget-text-editor\" data-id=\"72ca4acf\" data-element_type=\"widget\" data-widget_type=\"text-editor.default\">\n\t\t\t\t<div class=\"elementor-widget-container\">\n\t\t\t\t\t\t\t\t\t<p>Die Krippen, die wir heute in Kroatien kennen, stammen urspr\u00fcnglich aus Mitteleuropa, wo ihre Aufstellung in Kirchen im 17. und 18. Jahrhundert in Mode war, aber auch in privaten R\u00e4umen. Ihr Auftauchen und ihre sp\u00e4tere Verbreitung werden dem Wirken der kirchlichen Orden, insbesondere des Isusovac und des Franjevac, zugeschrieben. Seit dem Ende des Ersten Weltkriegs und seit den 1990er Jahren erleben sie vor dem Hintergrund neuer sozialer und politischer Gegebenheiten eine erneute Wiederbelebung. Als Teil der ku\u0107nih \u0431\u043e\u017ei\u0107nih ukrasa im Gebiet von Zentral- und Nordwestkroatien traten sie eher im 19. Jahrhundert auf, an anderen Orten viel sp\u00e4ter.<\/p>\n<p>Bozic-Krippe, Prag, 1910-e, Serienproduktion, EMZ 48737<\/p>\n<p><\/p>\n<gwmw style=\"display:none;\"><\/gwmw>\t\t\t\t\t\t\t\t<\/div>\n\t\t\t\t<\/div>\n\t\t\t\t\t<\/div>\n\t\t<\/div>\n\t\t\t\t\t<\/div>\n\t\t<\/section>\n\t\t\t\t<\/div>\n\t\t<\/div><\/div>\n<\/div>\n\n<div class=\"jet-carousel__item\">\n\t<div class=\"jet-carousel__item-inner\"><div class=\"jet-carousel__content\">\t\t<div data-elementor-type=\"section\" data-elementor-id=\"74882\" class=\"elementor elementor-74882\" data-elementor-post-type=\"elementor_library\">\n\t\t\t\t\t<section class=\"elementor-section elementor-top-section elementor-element elementor-element-4178afdb elementor-section-boxed elementor-section-height-default elementor-section-height-default\" data-id=\"4178afdb\" data-element_type=\"section\" data-settings=\"{&quot;jet_parallax_layout_list&quot;:[]}\">\n\t\t\t\t\t\t<div class=\"elementor-container elementor-column-gap-default\">\n\t\t\t\t\t<div class=\"elementor-column elementor-col-50 elementor-top-column elementor-element elementor-element-c947ecc\" data-id=\"c947ecc\" data-element_type=\"column\">\n\t\t\t<div class=\"elementor-widget-wrap elementor-element-populated\">\n\t\t\t\t\t\t<div class=\"elementor-element elementor-element-2360757 elementor-widget elementor-widget-image\" data-id=\"2360757\" data-element_type=\"widget\" data-widget_type=\"image.default\">\n\t\t\t\t<div class=\"elementor-widget-container\">\n\t\t\t\t\t\t\t\t\t\t\t\t\t\t\t<img decoding=\"async\" width=\"800\" height=\"534\" src=\"https:\/\/museum-mb.si\/wp-content\/uploads\/2022\/11\/2.-59446-1024x683.jpg\" class=\"attachment-large size-large wp-image-74792\" alt=\"\" srcset=\"https:\/\/museum-mb.si\/wp-content\/uploads\/2022\/11\/2.-59446-1024x683.jpg 1024w, https:\/\/museum-mb.si\/wp-content\/uploads\/2022\/11\/2.-59446-300x200.jpg 300w, https:\/\/museum-mb.si\/wp-content\/uploads\/2022\/11\/2.-59446-768x513.jpg 768w, https:\/\/museum-mb.si\/wp-content\/uploads\/2022\/11\/2.-59446-1536x1025.jpg 1536w, https:\/\/museum-mb.si\/wp-content\/uploads\/2022\/11\/2.-59446-2048x1367.jpg 2048w, https:\/\/museum-mb.si\/wp-content\/uploads\/2022\/11\/2.-59446-18x12.jpg 18w\" sizes=\"(max-width: 800px) 100vw, 800px\" \/>\t\t\t\t\t\t\t\t\t\t\t\t\t\t\t<\/div>\n\t\t\t\t<\/div>\n\t\t\t\t\t<\/div>\n\t\t<\/div>\n\t\t\t\t<div class=\"elementor-column elementor-col-50 elementor-top-column elementor-element elementor-element-174f2bb4\" data-id=\"174f2bb4\" data-element_type=\"column\">\n\t\t\t<div class=\"elementor-widget-wrap elementor-element-populated\">\n\t\t\t\t\t\t<div class=\"elementor-element elementor-element-5d41905d elementor-widget__width-initial elementor-widget elementor-widget-text-editor\" data-id=\"5d41905d\" data-element_type=\"widget\" data-widget_type=\"text-editor.default\">\n\t\t\t\t<div class=\"elementor-widget-container\">\n\t\t\t\t\t\t\t\t\t<p>Iako su prisutne ve\u0107 u 19. stolje\u0107u, u prvoj polovini 20. stolje\u0107a uz jaslice ku\u0107ne izrade po\u010dinju se proliferati i kupove jaslice seriije proizvodnje, me\u0111u su objedito substitute papirnate jaslice tiskane u boj na ve\u0107im listovima papira. An der Wende zum 20. Jahrhundert kamen auch die so genannten \"folklorni stil\" in Mode - Krippen mit Figuren aus einem erkennbaren traditionellen Umfeld eines bestimmten Ortes und nicht zuletzt mit einem bekannten lokalen Thema.<\/p>\n<p>Papierkrippe - \"Jugoslawische Krippe\", Ljubljana, 1920er Jahre, Nachdruck aus einem Vorabdruck von Maxim Gaspari, EMZ 59446<\/p>\n<p><\/p>\n<gwmw style=\"display:none;\"><\/gwmw>\t\t\t\t\t\t\t\t<\/div>\n\t\t\t\t<\/div>\n\t\t\t\t\t<\/div>\n\t\t<\/div>\n\t\t\t\t\t<\/div>\n\t\t<\/section>\n\t\t\t\t<\/div>\n\t\t<\/div><\/div>\n<\/div>\n\n<div class=\"jet-carousel__item\">\n\t<div class=\"jet-carousel__item-inner\"><div class=\"jet-carousel__content\">\t\t<div data-elementor-type=\"section\" data-elementor-id=\"74885\" class=\"elementor elementor-74885\" data-elementor-post-type=\"elementor_library\">\n\t\t\t\t\t<section class=\"elementor-section elementor-top-section elementor-element elementor-element-6758fabf elementor-section-boxed elementor-section-height-default elementor-section-height-default\" data-id=\"6758fabf\" data-element_type=\"section\" data-settings=\"{&quot;jet_parallax_layout_list&quot;:[]}\">\n\t\t\t\t\t\t<div class=\"elementor-container elementor-column-gap-default\">\n\t\t\t\t\t<div class=\"elementor-column elementor-col-50 elementor-top-column elementor-element elementor-element-1ad0ab3b\" data-id=\"1ad0ab3b\" data-element_type=\"column\">\n\t\t\t<div class=\"elementor-widget-wrap elementor-element-populated\">\n\t\t\t\t\t\t<div class=\"elementor-element elementor-element-f8b0d4 elementor-widget elementor-widget-image\" data-id=\"f8b0d4\" data-element_type=\"widget\" data-widget_type=\"image.default\">\n\t\t\t\t<div class=\"elementor-widget-container\">\n\t\t\t\t\t\t\t\t\t\t\t\t\t\t\t<img decoding=\"async\" width=\"800\" height=\"534\" src=\"https:\/\/museum-mb.si\/wp-content\/uploads\/2022\/11\/3.-51829-1024x683.jpg\" class=\"attachment-large size-large wp-image-74795\" alt=\"\" srcset=\"https:\/\/museum-mb.si\/wp-content\/uploads\/2022\/11\/3.-51829-1024x683.jpg 1024w, https:\/\/museum-mb.si\/wp-content\/uploads\/2022\/11\/3.-51829-300x200.jpg 300w, https:\/\/museum-mb.si\/wp-content\/uploads\/2022\/11\/3.-51829-768x513.jpg 768w, https:\/\/museum-mb.si\/wp-content\/uploads\/2022\/11\/3.-51829-1536x1025.jpg 1536w, https:\/\/museum-mb.si\/wp-content\/uploads\/2022\/11\/3.-51829-2048x1367.jpg 2048w, https:\/\/museum-mb.si\/wp-content\/uploads\/2022\/11\/3.-51829-18x12.jpg 18w\" sizes=\"(max-width: 800px) 100vw, 800px\" \/>\t\t\t\t\t\t\t\t\t\t\t\t\t\t\t<\/div>\n\t\t\t\t<\/div>\n\t\t\t\t\t<\/div>\n\t\t<\/div>\n\t\t\t\t<div class=\"elementor-column elementor-col-50 elementor-top-column elementor-element elementor-element-31f353d5\" data-id=\"31f353d5\" data-element_type=\"column\">\n\t\t\t<div class=\"elementor-widget-wrap elementor-element-populated\">\n\t\t\t\t\t\t<div class=\"elementor-element elementor-element-1680bab4 elementor-widget__width-initial elementor-widget elementor-widget-text-editor\" data-id=\"1680bab4\" data-element_type=\"widget\" data-widget_type=\"text-editor.default\">\n\t\t\t\t<div class=\"elementor-widget-container\">\n\t\t\t\t\t\t\t\t\t<p>Auch wenn die Krippen nicht nur gekauft werden, sondern auch heute noch in Form von Figuren dargestellt werden - die Figuren werden gekauft, w\u00e4hrend das B\u00fchnenbild entsteht, und umgekehrt -, sind sie ein hervorragendes Beispiel f\u00fcr nationale und weltliche Kunst und den k\u00fcnstlerischen Ausdruck verschiedener Ausdrucksformen, Orte und Epochen.\u00a0<\/p><p>Papierkrippe in einem Boot, Zagreb, um 1942, von Parac, EMZ 51829<\/p><p>\u00a0<\/p>\t\t\t\t\t\t\t\t<\/div>\n\t\t\t\t<\/div>\n\t\t\t\t\t<\/div>\n\t\t<\/div>\n\t\t\t\t\t<\/div>\n\t\t<\/section>\n\t\t\t\t<\/div>\n\t\t<\/div><\/div>\n<\/div>\n\n<div class=\"jet-carousel__item\">\n\t<div class=\"jet-carousel__item-inner\"><div class=\"jet-carousel__content\">\t\t<div data-elementor-type=\"section\" data-elementor-id=\"74888\" class=\"elementor elementor-74888\" data-elementor-post-type=\"elementor_library\">\n\t\t\t\t\t<section class=\"elementor-section elementor-top-section elementor-element elementor-element-1f9ba3d1 elementor-section-boxed elementor-section-height-default elementor-section-height-default\" data-id=\"1f9ba3d1\" data-element_type=\"section\" data-settings=\"{&quot;jet_parallax_layout_list&quot;:[]}\">\n\t\t\t\t\t\t<div class=\"elementor-container elementor-column-gap-default\">\n\t\t\t\t\t<div class=\"elementor-column elementor-col-50 elementor-top-column elementor-element elementor-element-50796b0c\" data-id=\"50796b0c\" data-element_type=\"column\">\n\t\t\t<div class=\"elementor-widget-wrap elementor-element-populated\">\n\t\t\t\t\t\t<div class=\"elementor-element elementor-element-1906c7c8 elementor-widget elementor-widget-image\" data-id=\"1906c7c8\" data-element_type=\"widget\" data-widget_type=\"image.default\">\n\t\t\t\t<div class=\"elementor-widget-container\">\n\t\t\t\t\t\t\t\t\t\t\t\t\t\t\t<img loading=\"lazy\" decoding=\"async\" width=\"800\" height=\"534\" src=\"https:\/\/museum-mb.si\/wp-content\/uploads\/2022\/11\/4.-28374-1024x683.jpg\" class=\"attachment-large size-large wp-image-74797\" alt=\"\" srcset=\"https:\/\/museum-mb.si\/wp-content\/uploads\/2022\/11\/4.-28374-1024x683.jpg 1024w, https:\/\/museum-mb.si\/wp-content\/uploads\/2022\/11\/4.-28374-300x200.jpg 300w, https:\/\/museum-mb.si\/wp-content\/uploads\/2022\/11\/4.-28374-768x513.jpg 768w, https:\/\/museum-mb.si\/wp-content\/uploads\/2022\/11\/4.-28374-1536x1025.jpg 1536w, https:\/\/museum-mb.si\/wp-content\/uploads\/2022\/11\/4.-28374-2048x1367.jpg 2048w, https:\/\/museum-mb.si\/wp-content\/uploads\/2022\/11\/4.-28374-18x12.jpg 18w\" sizes=\"(max-width: 800px) 100vw, 800px\" \/>\t\t\t\t\t\t\t\t\t\t\t\t\t\t\t<\/div>\n\t\t\t\t<\/div>\n\t\t\t\t\t<\/div>\n\t\t<\/div>\n\t\t\t\t<div class=\"elementor-column elementor-col-50 elementor-top-column elementor-element elementor-element-4492935f\" data-id=\"4492935f\" data-element_type=\"column\">\n\t\t\t<div class=\"elementor-widget-wrap elementor-element-populated\">\n\t\t\t\t\t\t<div class=\"elementor-element elementor-element-43527ee0 elementor-widget__width-initial elementor-widget elementor-widget-text-editor\" data-id=\"43527ee0\" data-element_type=\"widget\" data-widget_type=\"text-editor.default\">\n\t\t\t\t<div class=\"elementor-widget-container\">\n\t\t\t\t\t\t\t\t\t<p>F\u00fcr den Bau der Krippen werden die Materialien verwendet, die den Benutzern in ihrer Umgebung zur Verf\u00fcgung stehen. Nekada su to uglavnom bili prirodni materijali, poput drva, mhovine i sli\u010dno, dok pojaom industrijski proizvedeni materijala po\u010dinje i ich upotreba unutar doma\u0107instava. Die derzeitige Auswahl an Materialien, die f\u00fcr den Bau des Hauses verwendet werden, ist gro\u00df, aber die wichtigsten sind verschiedene Arten von Folien und Regenbogenpapier, Kunststoff, Styropor und so weiter.&nbsp;<\/p>\n<p>Bozic-Krippe, Donja Kup\u010dina, 1992, Zoran Petr\u010di\u0107, EMZ 28374<\/p>\n<p><\/p>\n<gwmw style=\"display:none;\"><\/gwmw>\t\t\t\t\t\t\t\t<\/div>\n\t\t\t\t<\/div>\n\t\t\t\t\t<\/div>\n\t\t<\/div>\n\t\t\t\t\t<\/div>\n\t\t<\/section>\n\t\t\t\t<\/div>\n\t\t<\/div><\/div>\n<\/div>\n\n<div class=\"jet-carousel__item\">\n\t<div class=\"jet-carousel__item-inner\"><div class=\"jet-carousel__content\">\t\t<div data-elementor-type=\"section\" data-elementor-id=\"74891\" class=\"elementor elementor-74891\" data-elementor-post-type=\"elementor_library\">\n\t\t\t\t\t<section class=\"elementor-section elementor-top-section elementor-element elementor-element-55e2de2c elementor-section-boxed elementor-section-height-default elementor-section-height-default\" data-id=\"55e2de2c\" data-element_type=\"section\" data-settings=\"{&quot;jet_parallax_layout_list&quot;:[]}\">\n\t\t\t\t\t\t<div class=\"elementor-container elementor-column-gap-default\">\n\t\t\t\t\t<div class=\"elementor-column elementor-col-50 elementor-top-column elementor-element elementor-element-61e078c2\" data-id=\"61e078c2\" data-element_type=\"column\">\n\t\t\t<div class=\"elementor-widget-wrap elementor-element-populated\">\n\t\t\t\t\t\t<div class=\"elementor-element elementor-element-551578f6 elementor-widget elementor-widget-image\" data-id=\"551578f6\" data-element_type=\"widget\" data-widget_type=\"image.default\">\n\t\t\t\t<div class=\"elementor-widget-container\">\n\t\t\t\t\t\t\t\t\t\t\t\t\t\t\t<img loading=\"lazy\" decoding=\"async\" width=\"800\" height=\"534\" src=\"https:\/\/museum-mb.si\/wp-content\/uploads\/2022\/11\/5.-49796-1024x683.jpg\" class=\"attachment-large size-large wp-image-74800\" alt=\"\" srcset=\"https:\/\/museum-mb.si\/wp-content\/uploads\/2022\/11\/5.-49796-1024x683.jpg 1024w, https:\/\/museum-mb.si\/wp-content\/uploads\/2022\/11\/5.-49796-300x200.jpg 300w, https:\/\/museum-mb.si\/wp-content\/uploads\/2022\/11\/5.-49796-768x513.jpg 768w, https:\/\/museum-mb.si\/wp-content\/uploads\/2022\/11\/5.-49796-1536x1025.jpg 1536w, https:\/\/museum-mb.si\/wp-content\/uploads\/2022\/11\/5.-49796-2048x1367.jpg 2048w, https:\/\/museum-mb.si\/wp-content\/uploads\/2022\/11\/5.-49796-18x12.jpg 18w\" sizes=\"(max-width: 800px) 100vw, 800px\" \/>\t\t\t\t\t\t\t\t\t\t\t\t\t\t\t<\/div>\n\t\t\t\t<\/div>\n\t\t\t\t\t<\/div>\n\t\t<\/div>\n\t\t\t\t<div class=\"elementor-column elementor-col-50 elementor-top-column elementor-element elementor-element-6618f338\" data-id=\"6618f338\" data-element_type=\"column\">\n\t\t\t<div class=\"elementor-widget-wrap elementor-element-populated\">\n\t\t\t\t\t\t<div class=\"elementor-element elementor-element-302a1613 elementor-widget__width-initial elementor-widget elementor-widget-text-editor\" data-id=\"302a1613\" data-element_type=\"widget\" data-widget_type=\"text-editor.default\">\n\t\t\t\t<div class=\"elementor-widget-container\">\n\t\t\t\t\t\t\t\t\t<p>Neben der ku\u0107ama werden die Krippen auch in der crkvama \"abgestuft\". Die Kirchenkrippen sind gr\u00f6\u00dfer, aber die Tradition, sie aufzustellen, ist \u00e4lter als die der Kirchenkrippen. Ihr urspr\u00fcnglicher Zweck war theologischer und p\u00e4dagogischer Natur. Die Verbindung zwischen Kirchenkrippen und Kirchenkrippen zeigt sich in der Art und Weise, wie sie im k\u00fcnstlerischen Ausdruck verwendet werden. Kirchenkrippen werden haupts\u00e4chlich von ausgebildeten Meistern oder K\u00fcnstlern geschaffen, oder es sind Beispiele bekannt, die von nationalen K\u00fcnstlern geschaffen wurden, die ihren k\u00fcnstlerischen Ausdruck oft auf der Grundlage von prethodno vi\u0111eni kirchlichen Kunsthandwerkskrippen mit den Merkmalen einer anderen Kunstepoche aufbauen.<\/p><p>Kirchenkrippe, Dekanovec, 1920er Jahre, Florijan Andra\u0161ec, EMZ 49796<\/p><p>\u00a0<\/p>\t\t\t\t\t\t\t\t<\/div>\n\t\t\t\t<\/div>\n\t\t\t\t\t<\/div>\n\t\t<\/div>\n\t\t\t\t\t<\/div>\n\t\t<\/section>\n\t\t\t\t<\/div>\n\t\t<\/div><\/div>\n<\/div>\n\n<div class=\"jet-carousel__item\">\n\t<div class=\"jet-carousel__item-inner\"><div class=\"jet-carousel__content\">\t\t<div data-elementor-type=\"section\" data-elementor-id=\"74894\" class=\"elementor elementor-74894\" data-elementor-post-type=\"elementor_library\">\n\t\t\t\t\t<section class=\"elementor-section elementor-top-section elementor-element elementor-element-3492ac69 elementor-section-boxed elementor-section-height-default elementor-section-height-default\" data-id=\"3492ac69\" data-element_type=\"section\" data-settings=\"{&quot;jet_parallax_layout_list&quot;:[]}\">\n\t\t\t\t\t\t<div class=\"elementor-container elementor-column-gap-default\">\n\t\t\t\t\t<div class=\"elementor-column elementor-col-50 elementor-top-column elementor-element elementor-element-1eb9dec\" data-id=\"1eb9dec\" data-element_type=\"column\">\n\t\t\t<div class=\"elementor-widget-wrap elementor-element-populated\">\n\t\t\t\t\t\t<div class=\"elementor-element elementor-element-5d95bb42 elementor-widget elementor-widget-image\" data-id=\"5d95bb42\" data-element_type=\"widget\" data-widget_type=\"image.default\">\n\t\t\t\t<div class=\"elementor-widget-container\">\n\t\t\t\t\t\t\t\t\t\t\t\t\t\t\t<img loading=\"lazy\" decoding=\"async\" width=\"1\" height=\"1\" src=\"https:\/\/museum-mb.si\/wp-content\/uploads\/2022\/11\/6_mozaik_jaslicari_2.-varijanta.jpg\" class=\"attachment-large size-large wp-image-74805\" alt=\"\" \/>\t\t\t\t\t\t\t\t\t\t\t\t\t\t\t<\/div>\n\t\t\t\t<\/div>\n\t\t\t\t\t<\/div>\n\t\t<\/div>\n\t\t\t\t<div class=\"elementor-column elementor-col-50 elementor-top-column elementor-element elementor-element-355bfc7\" data-id=\"355bfc7\" data-element_type=\"column\">\n\t\t\t<div class=\"elementor-widget-wrap elementor-element-populated\">\n\t\t\t\t\t\t<div class=\"elementor-element elementor-element-1297baa elementor-widget__width-initial elementor-widget elementor-widget-text-editor\" data-id=\"1297baa\" data-element_type=\"widget\" data-widget_type=\"text-editor.default\">\n\t\t\t\t<div class=\"elementor-widget-container\">\n\t\t\t\t\t\t\t\t\t<p>Nach den Krippen in den H\u00e4usern und Kirchen tauchen in Kroatien seit Anfang des 20. Jahrhunderts in der Adventszeit auch in anderen \u00f6ffentlichen R\u00e4umen und in vielen Schaufenstern wieder Krippen auf. Istovremeno se javljaju i udruge jasli\u010dara, koje okupljaju uglavnom amaterske izra\u0111iva\u010de kroz organizaciju izlo\u017ebi te gostovanja radova. Stoga se, osim crkvenih, ve\u0159ejih, \"\u017eivih\" i ku\u0107nih jaslica, kao sub typu mogu navesti i \"autorske\"\/\"umjetni\u010dke jaslica\".&nbsp;<\/p>\n<p>Weihnachtskrippen, Zagreb, Anfang des 21. Jahrhunderts, Radovi \u010dlanova Udruga prijatelja hrvatskih bo\u017ei\u0107nih jaslica<\/p>\n<p><\/p>\n<gwmw style=\"display:none;\"><\/gwmw>\t\t\t\t\t\t\t\t<\/div>\n\t\t\t\t<\/div>\n\t\t\t\t\t<\/div>\n\t\t<\/div>\n\t\t\t\t\t<\/div>\n\t\t<\/section>\n\t\t\t\t<\/div>\n\t\t<\/div><\/div>\n<\/div>\n<\/div><div class=\"jet-carousel__prev-arrow-65fcedda jet-arrow prev-arrow\"><i aria-hidden=\"true\" class=\"fas fa-angle-left\"><\/i><\/div><div class=\"jet-carousel__next-arrow-65fcedda jet-arrow next-arrow\"><i aria-hidden=\"true\" class=\"fas fa-angle-right\"><\/i><\/div><\/div>\n<\/div>\n<\/div>\t\t\t\t<\/div>\n\t\t\t\t<\/div>\n\t\t\t\t\t<\/div>\n\t\t<\/div>\n\t\t\t\t\t<\/div>\n\t\t<\/section>\n\t\t\t\t<\/div>","protected":false},"featured_media":74790,"template":"","vrsta":[40],"class_list":["post-74791","razstave","type-razstave","status-publish","has-post-thumbnail","hentry","vrsta-jaslice"],"yoast_head":"<!-- This site is optimized with the Yoast SEO plugin v27.5 - https:\/\/yoast.com\/product\/yoast-seo-wordpress\/ -->\n<title>Jaslice danes &#8211; Pokrajinski muzej Maribor<\/title>\n<meta name=\"robots\" content=\"index, follow, max-snippet:-1, max-image-preview:large, max-video-preview:-1\" \/>\n<link rel=\"canonical\" href=\"https:\/\/museum-mb.si\/de\/ausstellungen\/krippen-heute\/\" \/>\n<meta property=\"og:locale\" content=\"de_DE\" \/>\n<meta property=\"og:type\" content=\"article\" \/>\n<meta property=\"og:title\" content=\"Jaslice danes &#8211; Pokrajinski muzej Maribor\" \/>\n<meta property=\"og:description\" content=\"VERJAMEM. TOREJ SEM. O JASLICAMA KROZ FUNDUS ZAGREBA\u010cKOG ETNOGRAFSKOG MUZEJA Jaslice kakve danas poznajemo u Hrvatsku se \u0161ire s podru\u010dja srednje Europe, gdje je tijekom 17. i 18. stolje\u0107a u modi njihovo postavljanje u crkvama, a odakle prelaze i u privatne prostore. Njihova pojava te kasnije \u0161irenje pripisuju se djelovanju crkvenih redova, naro\u010dito isusovaca i [&hellip;]\" \/>\n<meta property=\"og:url\" content=\"https:\/\/museum-mb.si\/de\/ausstellungen\/krippen-heute\/\" \/>\n<meta property=\"og:site_name\" content=\"Pokrajinski muzej Maribor\" \/>\n<meta property=\"article:publisher\" content=\"https:\/\/www.facebook.com\/pomum123\" \/>\n<meta property=\"article:modified_time\" content=\"2022-11-25T13:46:49+00:00\" \/>\n<meta property=\"og:image\" content=\"https:\/\/museum-mb.si\/wp-content\/uploads\/2022\/11\/1.-48737-scaled.jpg\" \/>\n\t<meta property=\"og:image:width\" content=\"2560\" \/>\n\t<meta property=\"og:image:height\" content=\"1709\" \/>\n\t<meta property=\"og:image:type\" content=\"image\/jpeg\" \/>\n<meta name=\"twitter:card\" content=\"summary_large_image\" \/>\n<meta name=\"twitter:label1\" content=\"Gesch\u00e4tzte Lesezeit\" \/>\n\t<meta name=\"twitter:data1\" content=\"3\u00a0Minuten\" \/>\n<script type=\"application\/ld+json\" class=\"yoast-schema-graph\">{\"@context\":\"https:\\\/\\\/schema.org\",\"@graph\":[{\"@type\":\"WebPage\",\"@id\":\"https:\\\/\\\/museum-mb.si\\\/razstave\\\/jaslice-danes\\\/\",\"url\":\"https:\\\/\\\/museum-mb.si\\\/razstave\\\/jaslice-danes\\\/\",\"name\":\"Jaslice danes &#8211; Pokrajinski muzej Maribor\",\"isPartOf\":{\"@id\":\"https:\\\/\\\/museum-mb.si\\\/#website\"},\"primaryImageOfPage\":{\"@id\":\"https:\\\/\\\/museum-mb.si\\\/razstave\\\/jaslice-danes\\\/#primaryimage\"},\"image\":{\"@id\":\"https:\\\/\\\/museum-mb.si\\\/razstave\\\/jaslice-danes\\\/#primaryimage\"},\"thumbnailUrl\":\"https:\\\/\\\/museum-mb.si\\\/wp-content\\\/uploads\\\/2022\\\/11\\\/1.-48737-scaled.jpg\",\"datePublished\":\"2022-11-25T13:08:30+00:00\",\"dateModified\":\"2022-11-25T13:46:49+00:00\",\"breadcrumb\":{\"@id\":\"https:\\\/\\\/museum-mb.si\\\/razstave\\\/jaslice-danes\\\/#breadcrumb\"},\"inLanguage\":\"de\",\"potentialAction\":[{\"@type\":\"ReadAction\",\"target\":[\"https:\\\/\\\/museum-mb.si\\\/razstave\\\/jaslice-danes\\\/\"]}]},{\"@type\":\"ImageObject\",\"inLanguage\":\"de\",\"@id\":\"https:\\\/\\\/museum-mb.si\\\/razstave\\\/jaslice-danes\\\/#primaryimage\",\"url\":\"https:\\\/\\\/museum-mb.si\\\/wp-content\\\/uploads\\\/2022\\\/11\\\/1.-48737-scaled.jpg\",\"contentUrl\":\"https:\\\/\\\/museum-mb.si\\\/wp-content\\\/uploads\\\/2022\\\/11\\\/1.-48737-scaled.jpg\",\"width\":2560,\"height\":1709},{\"@type\":\"BreadcrumbList\",\"@id\":\"https:\\\/\\\/museum-mb.si\\\/razstave\\\/jaslice-danes\\\/#breadcrumb\",\"itemListElement\":[{\"@type\":\"ListItem\",\"position\":1,\"name\":\"Domov\",\"item\":\"https:\\\/\\\/museum-mb.si\\\/\"},{\"@type\":\"ListItem\",\"position\":2,\"name\":\"Razstave\",\"item\":\"https:\\\/\\\/museum-mb.si\\\/razstave\\\/\"},{\"@type\":\"ListItem\",\"position\":3,\"name\":\"Jaslice danes\"}]},{\"@type\":\"WebSite\",\"@id\":\"https:\\\/\\\/museum-mb.si\\\/#website\",\"url\":\"https:\\\/\\\/museum-mb.si\\\/\",\"name\":\"Pokrajinski muzej Maribor\",\"description\":\"\",\"publisher\":{\"@id\":\"https:\\\/\\\/museum-mb.si\\\/#organization\"},\"potentialAction\":[{\"@type\":\"SearchAction\",\"target\":{\"@type\":\"EntryPoint\",\"urlTemplate\":\"https:\\\/\\\/museum-mb.si\\\/?s={search_term_string}\"},\"query-input\":{\"@type\":\"PropertyValueSpecification\",\"valueRequired\":true,\"valueName\":\"search_term_string\"}}],\"inLanguage\":\"de\"},{\"@type\":\"Organization\",\"@id\":\"https:\\\/\\\/museum-mb.si\\\/#organization\",\"name\":\"Pokrajinski muzej Maribor\",\"url\":\"https:\\\/\\\/museum-mb.si\\\/\",\"logo\":{\"@type\":\"ImageObject\",\"inLanguage\":\"de\",\"@id\":\"https:\\\/\\\/museum-mb.si\\\/#\\\/schema\\\/logo\\\/image\\\/\",\"url\":\"https:\\\/\\\/museum-mb.si\\\/wp-content\\\/uploads\\\/2024\\\/12\\\/pmm_logo_barvni_jpeg.jpg\",\"contentUrl\":\"https:\\\/\\\/museum-mb.si\\\/wp-content\\\/uploads\\\/2024\\\/12\\\/pmm_logo_barvni_jpeg.jpg\",\"width\":758,\"height\":754,\"caption\":\"Pokrajinski muzej Maribor\"},\"image\":{\"@id\":\"https:\\\/\\\/museum-mb.si\\\/#\\\/schema\\\/logo\\\/image\\\/\"},\"sameAs\":[\"https:\\\/\\\/www.facebook.com\\\/pomum123\",\"https:\\\/\\\/www.instagram.com\\\/maribor_museum\\\/\",\"https:\\\/\\\/www.youtube.com\\\/channel\\\/UCdshtCrun841Oc-35tYLBGQ\"]}]}<\/script>\n<!-- \/ Yoast SEO plugin. -->","yoast_head_json":{"title":"Jaslice danes &#8211; Pokrajinski muzej Maribor","robots":{"index":"index","follow":"follow","max-snippet":"max-snippet:-1","max-image-preview":"max-image-preview:large","max-video-preview":"max-video-preview:-1"},"canonical":"https:\/\/museum-mb.si\/de\/ausstellungen\/krippen-heute\/","og_locale":"de_DE","og_type":"article","og_title":"Jaslice danes &#8211; Pokrajinski muzej Maribor","og_description":"VERJAMEM. TOREJ SEM. O JASLICAMA KROZ FUNDUS ZAGREBA\u010cKOG ETNOGRAFSKOG MUZEJA Jaslice kakve danas poznajemo u Hrvatsku se \u0161ire s podru\u010dja srednje Europe, gdje je tijekom 17. i 18. stolje\u0107a u modi njihovo postavljanje u crkvama, a odakle prelaze i u privatne prostore. Njihova pojava te kasnije \u0161irenje pripisuju se djelovanju crkvenih redova, naro\u010dito isusovaca i [&hellip;]","og_url":"https:\/\/museum-mb.si\/de\/ausstellungen\/krippen-heute\/","og_site_name":"Pokrajinski muzej Maribor","article_publisher":"https:\/\/www.facebook.com\/pomum123","article_modified_time":"2022-11-25T13:46:49+00:00","og_image":[{"width":2560,"height":1709,"url":"https:\/\/museum-mb.si\/wp-content\/uploads\/2022\/11\/1.-48737-scaled.jpg","type":"image\/jpeg"}],"twitter_card":"summary_large_image","twitter_misc":{"Gesch\u00e4tzte Lesezeit":"3\u00a0Minuten"},"schema":{"@context":"https:\/\/schema.org","@graph":[{"@type":"WebPage","@id":"https:\/\/museum-mb.si\/razstave\/jaslice-danes\/","url":"https:\/\/museum-mb.si\/razstave\/jaslice-danes\/","name":"Jaslice danes &#8211; Pokrajinski muzej Maribor","isPartOf":{"@id":"https:\/\/museum-mb.si\/#website"},"primaryImageOfPage":{"@id":"https:\/\/museum-mb.si\/razstave\/jaslice-danes\/#primaryimage"},"image":{"@id":"https:\/\/museum-mb.si\/razstave\/jaslice-danes\/#primaryimage"},"thumbnailUrl":"https:\/\/museum-mb.si\/wp-content\/uploads\/2022\/11\/1.-48737-scaled.jpg","datePublished":"2022-11-25T13:08:30+00:00","dateModified":"2022-11-25T13:46:49+00:00","breadcrumb":{"@id":"https:\/\/museum-mb.si\/razstave\/jaslice-danes\/#breadcrumb"},"inLanguage":"de","potentialAction":[{"@type":"ReadAction","target":["https:\/\/museum-mb.si\/razstave\/jaslice-danes\/"]}]},{"@type":"ImageObject","inLanguage":"de","@id":"https:\/\/museum-mb.si\/razstave\/jaslice-danes\/#primaryimage","url":"https:\/\/museum-mb.si\/wp-content\/uploads\/2022\/11\/1.-48737-scaled.jpg","contentUrl":"https:\/\/museum-mb.si\/wp-content\/uploads\/2022\/11\/1.-48737-scaled.jpg","width":2560,"height":1709},{"@type":"BreadcrumbList","@id":"https:\/\/museum-mb.si\/razstave\/jaslice-danes\/#breadcrumb","itemListElement":[{"@type":"ListItem","position":1,"name":"Domov","item":"https:\/\/museum-mb.si\/"},{"@type":"ListItem","position":2,"name":"Razstave","item":"https:\/\/museum-mb.si\/razstave\/"},{"@type":"ListItem","position":3,"name":"Jaslice danes"}]},{"@type":"WebSite","@id":"https:\/\/museum-mb.si\/#website","url":"https:\/\/museum-mb.si\/","name":"Regionalmuseum Maribor","description":"","publisher":{"@id":"https:\/\/museum-mb.si\/#organization"},"potentialAction":[{"@type":"SearchAction","target":{"@type":"EntryPoint","urlTemplate":"https:\/\/museum-mb.si\/?s={search_term_string}"},"query-input":{"@type":"PropertyValueSpecification","valueRequired":true,"valueName":"search_term_string"}}],"inLanguage":"de"},{"@type":"Organization","@id":"https:\/\/museum-mb.si\/#organization","name":"Regionalmuseum Maribor","url":"https:\/\/museum-mb.si\/","logo":{"@type":"ImageObject","inLanguage":"de","@id":"https:\/\/museum-mb.si\/#\/schema\/logo\/image\/","url":"https:\/\/museum-mb.si\/wp-content\/uploads\/2024\/12\/pmm_logo_barvni_jpeg.jpg","contentUrl":"https:\/\/museum-mb.si\/wp-content\/uploads\/2024\/12\/pmm_logo_barvni_jpeg.jpg","width":758,"height":754,"caption":"Pokrajinski muzej Maribor"},"image":{"@id":"https:\/\/museum-mb.si\/#\/schema\/logo\/image\/"},"sameAs":["https:\/\/www.facebook.com\/pomum123","https:\/\/www.instagram.com\/maribor_museum\/","https:\/\/www.youtube.com\/channel\/UCdshtCrun841Oc-35tYLBGQ"]}]}},"_links":{"self":[{"href":"https:\/\/museum-mb.si\/de\/wp-json\/wp\/v2\/razstave\/74791","targetHints":{"allow":["GET"]}}],"collection":[{"href":"https:\/\/museum-mb.si\/de\/wp-json\/wp\/v2\/razstave"}],"about":[{"href":"https:\/\/museum-mb.si\/de\/wp-json\/wp\/v2\/types\/razstave"}],"version-history":[{"count":10,"href":"https:\/\/museum-mb.si\/de\/wp-json\/wp\/v2\/razstave\/74791\/revisions"}],"predecessor-version":[{"id":74902,"href":"https:\/\/museum-mb.si\/de\/wp-json\/wp\/v2\/razstave\/74791\/revisions\/74902"}],"wp:featuredmedia":[{"embeddable":true,"href":"https:\/\/museum-mb.si\/de\/wp-json\/wp\/v2\/media\/74790"}],"wp:attachment":[{"href":"https:\/\/museum-mb.si\/de\/wp-json\/wp\/v2\/media?parent=74791"}],"wp:term":[{"taxonomy":"vrsta","embeddable":true,"href":"https:\/\/museum-mb.si\/de\/wp-json\/wp\/v2\/vrsta?post=74791"}],"curies":[{"name":"wp","href":"https:\/\/api.w.org\/{rel}","templated":true}]}}