{"id":70017,"date":"2022-09-06T14:00:43","date_gmt":"2022-09-06T14:00:43","guid":{"rendered":"https:\/\/nova.museum-mb.si\/?post_type=razstave&#038;p=70017"},"modified":"2022-09-15T15:34:25","modified_gmt":"2022-09-15T15:34:25","slug":"gemalde-in-der-lavantine-sophia-museums-sammlung","status":"publish","type":"razstave","link":"https:\/\/museum-mb.si\/de\/ausstellungen\/gemalde-in-der-lavantine-sophia-museums-sammlung\/","title":{"rendered":"GEM\u00c4LDE IN DER SAMMLUNG DES LAVANTINER DI\u00d6ZESANMUSEUMS"},"content":{"rendered":"<div data-elementor-type=\"wp-post\" data-elementor-id=\"70017\" class=\"elementor elementor-70017\" data-elementor-post-type=\"razstave\">\n\t\t\t\t\t\t<section class=\"elementor-section elementor-top-section elementor-element elementor-element-442fc87 elementor-section-height-min-height elementor-section-stretched elementor-section-boxed elementor-section-height-default elementor-section-items-middle\" data-id=\"442fc87\" data-element_type=\"section\" data-settings=\"{&quot;stretch_section&quot;:&quot;section-stretched&quot;,&quot;jet_parallax_layout_list&quot;:[],&quot;background_background&quot;:&quot;classic&quot;}\">\n\t\t\t\t\t\t\t<div class=\"elementor-background-overlay\"><\/div>\n\t\t\t\t\t\t\t<div class=\"elementor-container elementor-column-gap-default\">\n\t\t\t\t\t<div class=\"elementor-column elementor-col-100 elementor-top-column elementor-element elementor-element-5698f91a\" data-id=\"5698f91a\" data-element_type=\"column\">\n\t\t\t<div class=\"elementor-widget-wrap elementor-element-populated\">\n\t\t\t\t\t\t<div class=\"elementor-element elementor-element-65ddba57 elementor-widget elementor-widget-text-editor\" data-id=\"65ddba57\" data-element_type=\"widget\" data-widget_type=\"text-editor.default\">\n\t\t\t\t<div class=\"elementor-widget-container\">\n\t\t\t\t\t\t\t\t\t<p>ANZEIGE<\/p>\n<p><gwmw style=\"display:none;\"><\/gwmw><\/p>\n<gwmw style=\"display:none;\"><\/gwmw>\t\t\t\t\t\t\t\t<\/div>\n\t\t\t\t<\/div>\n\t\t\t\t<div class=\"elementor-element elementor-element-4d284458 elementor-widget elementor-widget-heading\" data-id=\"4d284458\" data-element_type=\"widget\" data-widget_type=\"heading.default\">\n\t\t\t\t<div class=\"elementor-widget-container\">\n\t\t\t\t\t<h2 class=\"elementor-heading-title elementor-size-default\">INVENTARNUMMER 1<\/h2>\t\t\t\t<\/div>\n\t\t\t\t<\/div>\n\t\t\t\t<div class=\"elementor-element elementor-element-67093b90 elementor-widget__width-initial elementor-widget elementor-widget-text-editor\" data-id=\"67093b90\" data-element_type=\"widget\" data-widget_type=\"text-editor.default\">\n\t\t\t\t<div class=\"elementor-widget-container\">\n\t\t\t\t\t\t\t\t\t<p><i>Bilder haben Macht, sie k\u00f6nnen Worte ersetzen und einen Blick in v\u00f6llig unbekannte Welten er\u00f6ffnen.<\/i><\/p>\n<p>In einem gemeinsamen Projekt mit<b> Kunstgalerie Maribor <\/b>Im Jahr 2020 werden wir eine Reihe von Aktivit\u00e4ten starten, die der Erforschung der Entstehung der ersten Gem\u00e4ldesammlungen und dem hundertj\u00e4hrigen Jubil\u00e4um der organisierten k\u00fcnstlerischen T\u00e4tigkeit in Maribor gewidmet sind.<\/p>\n<p>Ausstellung des Regionalmuseums Maribor mit dem Titel <b>INVENTARNUMMER 1<\/b>  pr\u00e4sentiert Gem\u00e4lde, die durch die Sammlungen der Vorg\u00e4nger des heutigen Museums - des Museumsvereins in Maribor, des Historischen Vereins f\u00fcr die slowenische Steiermark und des Di\u00f6zesanmuseums Lavant - in die Museumssammlung gelangt sind.<\/p>\n<p>Ging es in den vergangenen Jahrzehnten vor allem um das Objekt als Kunstwerk und Dokument eines bestimmten k\u00fcnstlerischen Stils, einer bestimmten Umgebung und Zeit, so sind wir im Rahmen des Projekts<b> INVENTARNUMMER 1<\/b> der Spender oder Sammler, der das Objekt aus irgendeinem Grund f\u00fcr seine eigene Sammlung oder die des Museums gestiftet oder erworben hat, ist ebenfalls interessiert. Das Material ist eng mit Maribor und seinen Bewohnern sowie mit dem Geist der Reflexion und der nationalen Zugeh\u00f6rigkeit an der Wende zum 20.<\/p>\n<p>Wir sind sicher, dass sie auch f\u00fcr den heutigen Museumsbesucher interessant ist.<\/p>\n<p>Besuchen Sie die virtuelle Ausstellung.<\/p>\n<p><\/p>\n<gwmw style=\"display:none;\"><\/gwmw>\t\t\t\t\t\t\t\t<\/div>\n\t\t\t\t<\/div>\n\t\t\t\t\t<\/div>\n\t\t<\/div>\n\t\t\t\t\t<\/div>\n\t\t<\/section>\n\t\t\t\t<section class=\"elementor-section elementor-top-section elementor-element elementor-element-638b55c1 elementor-section-boxed elementor-section-height-default elementor-section-height-default\" data-id=\"638b55c1\" data-element_type=\"section\" data-settings=\"{&quot;jet_parallax_layout_list&quot;:[]}\">\n\t\t\t\t\t\t<div class=\"elementor-container elementor-column-gap-default\">\n\t\t\t\t\t<div class=\"elementor-column elementor-col-100 elementor-top-column elementor-element elementor-element-4d2c411b\" data-id=\"4d2c411b\" data-element_type=\"column\">\n\t\t\t<div class=\"elementor-widget-wrap elementor-element-populated\">\n\t\t\t\t\t\t<div class=\"elementor-element elementor-element-5f8b178e elementor-widget__width-initial elementor-widget elementor-widget-spacer\" data-id=\"5f8b178e\" data-element_type=\"widget\" data-widget_type=\"spacer.default\">\n\t\t\t\t<div class=\"elementor-widget-container\">\n\t\t\t\t\t\t\t<div class=\"elementor-spacer\">\n\t\t\t<div class=\"elementor-spacer-inner\"><\/div>\n\t\t<\/div>\n\t\t\t\t\t\t<\/div>\n\t\t\t\t<\/div>\n\t\t\t\t\t<\/div>\n\t\t<\/div>\n\t\t\t\t\t<\/div>\n\t\t<\/section>\n\t\t\t\t<section class=\"elementor-section elementor-top-section elementor-element elementor-element-86d7910 elementor-section-boxed elementor-section-height-default elementor-section-height-default\" data-id=\"86d7910\" data-element_type=\"section\" data-settings=\"{&quot;jet_parallax_layout_list&quot;:[]}\">\n\t\t\t\t\t\t<div class=\"elementor-container elementor-column-gap-default\">\n\t\t\t\t\t<div class=\"elementor-column elementor-col-100 elementor-top-column elementor-element elementor-element-261571e\" data-id=\"261571e\" data-element_type=\"column\">\n\t\t\t<div class=\"elementor-widget-wrap elementor-element-populated\">\n\t\t\t\t\t\t<div class=\"elementor-element elementor-element-e07c088 elementor-widget elementor-widget-heading\" data-id=\"e07c088\" data-element_type=\"widget\" data-widget_type=\"heading.default\">\n\t\t\t\t<div class=\"elementor-widget-container\">\n\t\t\t\t\t<h2 class=\"elementor-heading-title elementor-size-default\">GEM\u00c4LDE IN DER SAMMLUNG DES LAVANTINER DI\u00d6ZESANMUSEUMS<\/h2>\t\t\t\t<\/div>\n\t\t\t\t<\/div>\n\t\t\t\t\t<\/div>\n\t\t<\/div>\n\t\t\t\t\t<\/div>\n\t\t<\/section>\n\t\t\t\t<section class=\"elementor-section elementor-top-section elementor-element elementor-element-2ec6d3e5 elementor-section-boxed elementor-section-height-default elementor-section-height-default\" data-id=\"2ec6d3e5\" data-element_type=\"section\" data-settings=\"{&quot;jet_parallax_layout_list&quot;:[]}\">\n\t\t\t\t\t\t<div class=\"elementor-container elementor-column-gap-default\">\n\t\t\t\t\t<div class=\"elementor-column elementor-col-100 elementor-top-column elementor-element elementor-element-47fb1fae\" data-id=\"47fb1fae\" data-element_type=\"column\">\n\t\t\t<div class=\"elementor-widget-wrap elementor-element-populated\">\n\t\t\t\t\t\t<div class=\"elementor-element elementor-element-12808a5e elementor-widget elementor-widget-jet-carousel\" data-id=\"12808a5e\" data-element_type=\"widget\" data-settings=\"{&quot;slides_to_show&quot;:&quot;1&quot;,&quot;slides_to_show_mobile&quot;:&quot;1&quot;,&quot;slides_to_scroll_mobile&quot;:&quot;1&quot;,&quot;slides_to_scroll&quot;:&quot;1&quot;}\" data-widget_type=\"jet-carousel.default\">\n\t\t\t\t<div class=\"elementor-widget-container\">\n\t\t\t\t\t<div class=\"elementor-jet-carousel jet-elements\"><div class=\"jet-carousel-wrap\">\n\t<div class=\"jet-carousel\" data-slider_options=\"{&quot;autoplaySpeed&quot;:5000,&quot;autoplay&quot;:false,&quot;infinite&quot;:true,&quot;centerMode&quot;:false,&quot;centerPadding&quot;:&quot;50px&quot;,&quot;pauseOnHover&quot;:false,&quot;speed&quot;:500,&quot;arrows&quot;:true,&quot;dots&quot;:true,&quot;variableWidth&quot;:false,&quot;prevArrow&quot;:&quot;.jet-carousel__prev-arrow-12808a5e&quot;,&quot;nextArrow&quot;:&quot;.jet-carousel__next-arrow-12808a5e&quot;,&quot;rtl&quot;:false,&quot;fractionNav&quot;:false,&quot;fade&quot;:false}\" dir=\"ltr\">\n\t<div class=\"elementor-slick-slider\">\n\n<div class=\"jet-carousel__item\">\n\t<div class=\"jet-carousel__item-inner\"><div class=\"jet-carousel__content\">\t\t<div data-elementor-type=\"section\" data-elementor-id=\"71108\" class=\"elementor elementor-71108\" data-elementor-post-type=\"elementor_library\">\n\t\t\t\t\t<section class=\"elementor-section elementor-top-section elementor-element elementor-element-557cdaa8 elementor-section-boxed elementor-section-height-default elementor-section-height-default\" data-id=\"557cdaa8\" data-element_type=\"section\" data-settings=\"{&quot;jet_parallax_layout_list&quot;:[]}\">\n\t\t\t\t\t\t<div class=\"elementor-container elementor-column-gap-default\">\n\t\t\t\t\t<div class=\"elementor-column elementor-col-50 elementor-top-column elementor-element elementor-element-26b5ebfa\" data-id=\"26b5ebfa\" data-element_type=\"column\">\n\t\t\t<div class=\"elementor-widget-wrap elementor-element-populated\">\n\t\t\t\t\t\t<div class=\"elementor-element elementor-element-30744fa9 elementor-widget elementor-widget-image\" data-id=\"30744fa9\" data-element_type=\"widget\" data-widget_type=\"image.default\">\n\t\t\t\t<div class=\"elementor-widget-container\">\n\t\t\t\t\t\t\t\t\t\t\t\t\t\t\t<img fetchpriority=\"high\" decoding=\"async\" width=\"723\" height=\"1024\" src=\"https:\/\/museum-mb.si\/wp-content\/uploads\/2022\/09\/02_01-min-e1592563267940-uai-1032x1461-1-723x1024.png\" class=\"attachment-large size-large wp-image-71107\" alt=\"\" srcset=\"https:\/\/museum-mb.si\/wp-content\/uploads\/2022\/09\/02_01-min-e1592563267940-uai-1032x1461-1-723x1024.png 723w, https:\/\/museum-mb.si\/wp-content\/uploads\/2022\/09\/02_01-min-e1592563267940-uai-1032x1461-1-212x300.png 212w, https:\/\/museum-mb.si\/wp-content\/uploads\/2022\/09\/02_01-min-e1592563267940-uai-1032x1461-1-768x1087.png 768w, https:\/\/museum-mb.si\/wp-content\/uploads\/2022\/09\/02_01-min-e1592563267940-uai-1032x1461-1-8x12.png 8w, https:\/\/museum-mb.si\/wp-content\/uploads\/2022\/09\/02_01-min-e1592563267940-uai-1032x1461-1.png 1032w\" sizes=\"(max-width: 723px) 100vw, 723px\" \/>\t\t\t\t\t\t\t\t\t\t\t\t\t\t\t<\/div>\n\t\t\t\t<\/div>\n\t\t\t\t<div class=\"elementor-element elementor-element-6e602fc9 elementor-widget__width-initial elementor-widget elementor-widget-text-editor\" data-id=\"6e602fc9\" data-element_type=\"widget\" data-widget_type=\"text-editor.default\">\n\t\t\t\t<div class=\"elementor-widget-container\">\n\t\t\t\t\t\t\t\t\t<p>Hans Adam Weissenkircher, Maria mit dem heiligen Nikolaus, aus der Kathedrale von Maribor, Ende des 17. Jahrhunderts.<\/p>\n<gwmw style=\"display:none;\"><\/gwmw>\t\t\t\t\t\t\t\t<\/div>\n\t\t\t\t<\/div>\n\t\t\t\t\t<\/div>\n\t\t<\/div>\n\t\t\t\t<div class=\"elementor-column elementor-col-50 elementor-top-column elementor-element elementor-element-63cee3b6\" data-id=\"63cee3b6\" data-element_type=\"column\">\n\t\t\t<div class=\"elementor-widget-wrap elementor-element-populated\">\n\t\t\t\t\t\t<div class=\"elementor-element elementor-element-434ed7c5 elementor-widget__width-initial elementor-widget elementor-widget-text-editor\" data-id=\"434ed7c5\" data-element_type=\"widget\" data-widget_type=\"text-editor.default\">\n\t\t\t\t<div class=\"elementor-widget-container\">\n\t\t\t\t\t\t\t\t\t<p>Das Lavantiner Di\u00f6zesanmuseum wurde 1896 in Maribor gegr\u00fcndet, um Skulpturen und Gem\u00e4lde zu sch\u00fctzen, die aus den Kirchen entfernt worden waren. Die Sammlung des Lavantiner Di\u00f6zesanmuseums war nie f\u00fcr die \u00d6ffentlichkeit zug\u00e4nglich. Sie wurde in einem Raum im Erdgeschoss der alten Turnhalle in der heutigen Mladinska-Stra\u00dfe aufbewahrt. Im Jahr 1914 berichtete Augustin Stegen\u0161ek in der Zeitschrift Liebhaber der christlichen Kunst, dass die ersten Objekte bereits kurz nach der Gr\u00fcndung des Museums eintrafen. Bis zum Ersten Weltkrieg hatte sich eine gro\u00dfe Anzahl von Skulpturen, Gem\u00e4lden, Stoffen, Manuskripten, Dokumenten, alten B\u00fcchern, Romanen und anderen Gegenst\u00e4nden angesammelt.<\/p><p>Das Museum besa\u00df kein Inventarbuch. Bis 1914 waren 186 Objekte gesammelt worden. Stegen\u0161eks Inventar der wichtigsten Objekte, das in dem oben erw\u00e4hnten Artikel erw\u00e4hnt wird, ist wertvoll. Die wichtigsten Gem\u00e4lde, die in der Sammlung identifiziert werden k\u00f6nnen, sind jene von Hans Adam Weissenkircher (1615-1695), der als einer der bedeutendsten steirischen Maler seiner Zeit gilt.<\/p><p>Im aktuellen Inventarbuch ist ein Teil der Gem\u00e4lde als aus dem Lavantiner Di\u00f6zesanmuseum in die Museumssammlung gelangt vermerkt, sie sind jedoch nicht in der Stegen\u0161ek-Liste enthalten. Die interessanteren Werke sind jene, die eine nachgewiesene Provenienz haben, aber ansonsten sind sie von geringerer Qualit\u00e4t und stammen haupts\u00e4chlich aus dem 18.<\/p>\t\t\t\t\t\t\t\t<\/div>\n\t\t\t\t<\/div>\n\t\t\t\t\t<\/div>\n\t\t<\/div>\n\t\t\t\t\t<\/div>\n\t\t<\/section>\n\t\t\t\t<\/div>\n\t\t<\/div><\/div>\n<\/div>\n\n<div class=\"jet-carousel__item\">\n\t<div class=\"jet-carousel__item-inner\"><div class=\"jet-carousel__content\">\t\t<div data-elementor-type=\"section\" data-elementor-id=\"71111\" class=\"elementor elementor-71111\" data-elementor-post-type=\"elementor_library\">\n\t\t\t\t\t<section class=\"elementor-section elementor-top-section elementor-element elementor-element-26050ed0 elementor-section-boxed elementor-section-height-default elementor-section-height-default\" data-id=\"26050ed0\" data-element_type=\"section\" data-settings=\"{&quot;jet_parallax_layout_list&quot;:[]}\">\n\t\t\t\t\t\t<div class=\"elementor-container elementor-column-gap-default\">\n\t\t\t\t\t<div class=\"elementor-column elementor-col-100 elementor-top-column elementor-element elementor-element-7c98eca8\" data-id=\"7c98eca8\" data-element_type=\"column\">\n\t\t\t<div class=\"elementor-widget-wrap elementor-element-populated\">\n\t\t\t\t\t\t<div class=\"elementor-element elementor-element-407bfc65 elementor-widget elementor-widget-image\" data-id=\"407bfc65\" data-element_type=\"widget\" data-widget_type=\"image.default\">\n\t\t\t\t<div class=\"elementor-widget-container\">\n\t\t\t\t\t\t\t\t\t\t\t\t\t\t\t<img decoding=\"async\" width=\"582\" height=\"911\" src=\"https:\/\/museum-mb.si\/wp-content\/uploads\/2022\/09\/06_022-e1592563397451.png\" class=\"attachment-large size-large wp-image-71106\" alt=\"\" srcset=\"https:\/\/museum-mb.si\/wp-content\/uploads\/2022\/09\/06_022-e1592563397451.png 582w, https:\/\/museum-mb.si\/wp-content\/uploads\/2022\/09\/06_022-e1592563397451-192x300.png 192w, https:\/\/museum-mb.si\/wp-content\/uploads\/2022\/09\/06_022-e1592563397451-8x12.png 8w\" sizes=\"(max-width: 582px) 100vw, 582px\" \/>\t\t\t\t\t\t\t\t\t\t\t\t\t\t\t<\/div>\n\t\t\t\t<\/div>\n\t\t\t\t<div class=\"elementor-element elementor-element-1ac0673d elementor-widget__width-initial elementor-widget elementor-widget-text-editor\" data-id=\"1ac0673d\" data-element_type=\"widget\" data-widget_type=\"text-editor.default\">\n\t\t\t\t<div class=\"elementor-widget-container\">\n\t\t\t\t\t\t\t\t\tHans Adam Weissenkircher, Der heilige Michael im Kampf mit Luzifer, aus der Kathedrale von Maribor, Ende des 17. Jahrhunderts.\t\t\t\t\t\t\t\t<\/div>\n\t\t\t\t<\/div>\n\t\t\t\t\t<\/div>\n\t\t<\/div>\n\t\t\t\t\t<\/div>\n\t\t<\/section>\n\t\t\t\t<\/div>\n\t\t<\/div><\/div>\n<\/div>\n\n<div class=\"jet-carousel__item\">\n\t<div class=\"jet-carousel__item-inner\"><div class=\"jet-carousel__content\">\t\t<div data-elementor-type=\"section\" data-elementor-id=\"71114\" class=\"elementor elementor-71114\" data-elementor-post-type=\"elementor_library\">\n\t\t\t\t\t<section class=\"elementor-section elementor-top-section elementor-element elementor-element-2259e809 elementor-section-boxed elementor-section-height-default elementor-section-height-default\" data-id=\"2259e809\" data-element_type=\"section\" data-settings=\"{&quot;jet_parallax_layout_list&quot;:[]}\">\n\t\t\t\t\t\t<div class=\"elementor-container elementor-column-gap-default\">\n\t\t\t\t\t<div class=\"elementor-column elementor-col-100 elementor-top-column elementor-element elementor-element-8c0eeb\" data-id=\"8c0eeb\" data-element_type=\"column\">\n\t\t\t<div class=\"elementor-widget-wrap elementor-element-populated\">\n\t\t\t\t\t\t<div class=\"elementor-element elementor-element-571d0937 elementor-widget elementor-widget-image\" data-id=\"571d0937\" data-element_type=\"widget\" data-widget_type=\"image.default\">\n\t\t\t\t<div class=\"elementor-widget-container\">\n\t\t\t\t\t\t\t\t\t\t\t\t\t\t\t<img decoding=\"async\" width=\"659\" height=\"1024\" src=\"https:\/\/museum-mb.si\/wp-content\/uploads\/2022\/09\/06_03-e1592563351128-uai-720x1119-1-659x1024.png\" class=\"attachment-large size-large wp-image-71105\" alt=\"\" srcset=\"https:\/\/museum-mb.si\/wp-content\/uploads\/2022\/09\/06_03-e1592563351128-uai-720x1119-1-659x1024.png 659w, https:\/\/museum-mb.si\/wp-content\/uploads\/2022\/09\/06_03-e1592563351128-uai-720x1119-1-193x300.png 193w, https:\/\/museum-mb.si\/wp-content\/uploads\/2022\/09\/06_03-e1592563351128-uai-720x1119-1-8x12.png 8w, https:\/\/museum-mb.si\/wp-content\/uploads\/2022\/09\/06_03-e1592563351128-uai-720x1119-1.png 720w\" sizes=\"(max-width: 659px) 100vw, 659px\" \/>\t\t\t\t\t\t\t\t\t\t\t\t\t\t\t<\/div>\n\t\t\t\t<\/div>\n\t\t\t\t<div class=\"elementor-element elementor-element-33d5ffd6 elementor-widget__width-initial elementor-widget elementor-widget-text-editor\" data-id=\"33d5ffd6\" data-element_type=\"widget\" data-widget_type=\"text-editor.default\">\n\t\t\t\t<div class=\"elementor-widget-container\">\n\t\t\t\t\t\t\t\t\tUnbekannter Maler, Die Geburt Christi, aus Slovenske Konjice, 1676\t\t\t\t\t\t\t\t<\/div>\n\t\t\t\t<\/div>\n\t\t\t\t\t<\/div>\n\t\t<\/div>\n\t\t\t\t\t<\/div>\n\t\t<\/section>\n\t\t\t\t<\/div>\n\t\t<\/div><\/div>\n<\/div>\n\n<div class=\"jet-carousel__item\">\n\t<div class=\"jet-carousel__item-inner\"><div class=\"jet-carousel__content\">\t\t<div data-elementor-type=\"section\" data-elementor-id=\"71117\" class=\"elementor elementor-71117\" data-elementor-post-type=\"elementor_library\">\n\t\t\t\t\t<section class=\"elementor-section elementor-top-section elementor-element elementor-element-412c9b60 elementor-section-boxed elementor-section-height-default elementor-section-height-default\" data-id=\"412c9b60\" data-element_type=\"section\" data-settings=\"{&quot;jet_parallax_layout_list&quot;:[]}\">\n\t\t\t\t\t\t<div class=\"elementor-container elementor-column-gap-default\">\n\t\t\t\t\t<div class=\"elementor-column elementor-col-100 elementor-top-column elementor-element elementor-element-796e6306\" data-id=\"796e6306\" data-element_type=\"column\">\n\t\t\t<div class=\"elementor-widget-wrap elementor-element-populated\">\n\t\t\t\t\t\t<div class=\"elementor-element elementor-element-1c3a6373 elementor-widget elementor-widget-image\" data-id=\"1c3a6373\" data-element_type=\"widget\" data-widget_type=\"image.default\">\n\t\t\t\t<div class=\"elementor-widget-container\">\n\t\t\t\t\t\t\t\t\t\t\t\t\t\t\t<img loading=\"lazy\" decoding=\"async\" width=\"699\" height=\"1024\" src=\"https:\/\/museum-mb.si\/wp-content\/uploads\/2022\/09\/06_04-uai-720x1055-1-699x1024.jpg\" class=\"attachment-large size-large wp-image-71104\" alt=\"\" srcset=\"https:\/\/museum-mb.si\/wp-content\/uploads\/2022\/09\/06_04-uai-720x1055-1-699x1024.jpg 699w, https:\/\/museum-mb.si\/wp-content\/uploads\/2022\/09\/06_04-uai-720x1055-1-205x300.jpg 205w, https:\/\/museum-mb.si\/wp-content\/uploads\/2022\/09\/06_04-uai-720x1055-1-8x12.jpg 8w, https:\/\/museum-mb.si\/wp-content\/uploads\/2022\/09\/06_04-uai-720x1055-1.jpg 720w\" sizes=\"(max-width: 699px) 100vw, 699px\" \/>\t\t\t\t\t\t\t\t\t\t\t\t\t\t\t<\/div>\n\t\t\t\t<\/div>\n\t\t\t\t<div class=\"elementor-element elementor-element-7366d4ba elementor-widget__width-initial elementor-widget elementor-widget-text-editor\" data-id=\"7366d4ba\" data-element_type=\"widget\" data-widget_type=\"text-editor.default\">\n\t\t\t\t<div class=\"elementor-widget-container\">\n\t\t\t\t\t\t\t\t\tUnbekannter Maler, Kr\u00f6nung der Jungfrau Maria, 18. Jahrhundert.\t\t\t\t\t\t\t\t<\/div>\n\t\t\t\t<\/div>\n\t\t\t\t\t<\/div>\n\t\t<\/div>\n\t\t\t\t\t<\/div>\n\t\t<\/section>\n\t\t\t\t<\/div>\n\t\t<\/div><\/div>\n<\/div>\n\n<div class=\"jet-carousel__item\">\n\t<div class=\"jet-carousel__item-inner\"><div class=\"jet-carousel__content\">\t\t<div data-elementor-type=\"section\" data-elementor-id=\"71120\" class=\"elementor elementor-71120\" data-elementor-post-type=\"elementor_library\">\n\t\t\t\t\t<section class=\"elementor-section elementor-top-section elementor-element elementor-element-47583fa2 elementor-section-boxed elementor-section-height-default elementor-section-height-default\" data-id=\"47583fa2\" data-element_type=\"section\" data-settings=\"{&quot;jet_parallax_layout_list&quot;:[]}\">\n\t\t\t\t\t\t<div class=\"elementor-container elementor-column-gap-default\">\n\t\t\t\t\t<div class=\"elementor-column elementor-col-100 elementor-top-column elementor-element elementor-element-6f2a1c85\" data-id=\"6f2a1c85\" data-element_type=\"column\">\n\t\t\t<div class=\"elementor-widget-wrap elementor-element-populated\">\n\t\t\t\t\t\t<div class=\"elementor-element elementor-element-71e0a359 elementor-widget elementor-widget-image\" data-id=\"71e0a359\" data-element_type=\"widget\" data-widget_type=\"image.default\">\n\t\t\t\t<div class=\"elementor-widget-container\">\n\t\t\t\t\t\t\t\t\t\t\t\t\t\t\t<img loading=\"lazy\" decoding=\"async\" width=\"720\" height=\"854\" src=\"https:\/\/museum-mb.si\/wp-content\/uploads\/2022\/09\/06_05-uai-720x854-1.jpg\" class=\"attachment-large size-large wp-image-71103\" alt=\"\" srcset=\"https:\/\/museum-mb.si\/wp-content\/uploads\/2022\/09\/06_05-uai-720x854-1.jpg 720w, https:\/\/museum-mb.si\/wp-content\/uploads\/2022\/09\/06_05-uai-720x854-1-253x300.jpg 253w, https:\/\/museum-mb.si\/wp-content\/uploads\/2022\/09\/06_05-uai-720x854-1-10x12.jpg 10w\" sizes=\"(max-width: 720px) 100vw, 720px\" \/>\t\t\t\t\t\t\t\t\t\t\t\t\t\t\t<\/div>\n\t\t\t\t<\/div>\n\t\t\t\t<div class=\"elementor-element elementor-element-48bed32d elementor-widget__width-initial elementor-widget elementor-widget-text-editor\" data-id=\"48bed32d\" data-element_type=\"widget\" data-widget_type=\"text-editor.default\">\n\t\t\t\t<div class=\"elementor-widget-container\">\n\t\t\t\t\t\t\t\t\tUnbekannter Maler, Maria Magdalena, aus Sve\u010dina, 19.\t\t\t\t\t\t\t\t<\/div>\n\t\t\t\t<\/div>\n\t\t\t\t\t<\/div>\n\t\t<\/div>\n\t\t\t\t\t<\/div>\n\t\t<\/section>\n\t\t\t\t<\/div>\n\t\t<\/div><\/div>\n<\/div>\n\n<div class=\"jet-carousel__item\">\n\t<div class=\"jet-carousel__item-inner\"><div class=\"jet-carousel__content\">\t\t<div data-elementor-type=\"section\" data-elementor-id=\"71123\" class=\"elementor elementor-71123\" data-elementor-post-type=\"elementor_library\">\n\t\t\t\t\t<section class=\"elementor-section elementor-top-section elementor-element elementor-element-552473d8 elementor-section-boxed elementor-section-height-default elementor-section-height-default\" data-id=\"552473d8\" data-element_type=\"section\" data-settings=\"{&quot;jet_parallax_layout_list&quot;:[]}\">\n\t\t\t\t\t\t<div class=\"elementor-container elementor-column-gap-default\">\n\t\t\t\t\t<div class=\"elementor-column elementor-col-100 elementor-top-column elementor-element elementor-element-66c8a917\" data-id=\"66c8a917\" data-element_type=\"column\">\n\t\t\t<div class=\"elementor-widget-wrap elementor-element-populated\">\n\t\t\t\t\t\t<div class=\"elementor-element elementor-element-12eae162 elementor-widget elementor-widget-image\" data-id=\"12eae162\" data-element_type=\"widget\" data-widget_type=\"image.default\">\n\t\t\t\t<div class=\"elementor-widget-container\">\n\t\t\t\t\t\t\t\t\t\t\t\t\t\t\t<img loading=\"lazy\" decoding=\"async\" width=\"720\" height=\"1023\" src=\"https:\/\/museum-mb.si\/wp-content\/uploads\/2022\/09\/06_07-uai-720x1023-1.png\" class=\"attachment-large size-large wp-image-71102\" alt=\"\" srcset=\"https:\/\/museum-mb.si\/wp-content\/uploads\/2022\/09\/06_07-uai-720x1023-1.png 720w, https:\/\/museum-mb.si\/wp-content\/uploads\/2022\/09\/06_07-uai-720x1023-1-211x300.png 211w, https:\/\/museum-mb.si\/wp-content\/uploads\/2022\/09\/06_07-uai-720x1023-1-8x12.png 8w\" sizes=\"(max-width: 720px) 100vw, 720px\" \/>\t\t\t\t\t\t\t\t\t\t\t\t\t\t\t<\/div>\n\t\t\t\t<\/div>\n\t\t\t\t<div class=\"elementor-element elementor-element-b7ae4e7 elementor-widget__width-initial elementor-widget elementor-widget-text-editor\" data-id=\"b7ae4e7\" data-element_type=\"widget\" data-widget_type=\"text-editor.default\">\n\t\t\t\t<div class=\"elementor-widget-container\">\n\t\t\t\t\t\t\t\t\tUnbekannter Maler, Der heilige Joseph im Himmel, 18. Jahrhundert.\t\t\t\t\t\t\t\t<\/div>\n\t\t\t\t<\/div>\n\t\t\t\t\t<\/div>\n\t\t<\/div>\n\t\t\t\t\t<\/div>\n\t\t<\/section>\n\t\t\t\t<\/div>\n\t\t<\/div><\/div>\n<\/div>\n<\/div><div class=\"jet-carousel__prev-arrow-12808a5e jet-arrow prev-arrow\"><i aria-hidden=\"true\" class=\"fas fa-angle-left\"><\/i><\/div><div class=\"jet-carousel__next-arrow-12808a5e jet-arrow next-arrow\"><i aria-hidden=\"true\" class=\"fas fa-angle-right\"><\/i><\/div><\/div>\n<\/div>\n<\/div>\t\t\t\t<\/div>\n\t\t\t\t<\/div>\n\t\t\t\t\t<\/div>\n\t\t<\/div>\n\t\t\t\t\t<\/div>\n\t\t<\/section>\n\t\t\t\t<\/div>","protected":false},"featured_media":70018,"template":"","vrsta":[15],"class_list":["post-70017","razstave","type-razstave","status-publish","has-post-thumbnail","hentry","vrsta-inventarna-stevilka-1"],"yoast_head":"<!-- This site is optimized with the Yoast SEO plugin v27.5 - https:\/\/yoast.com\/product\/yoast-seo-wordpress\/ -->\n<title>SLIKARSKA DELA V ZBIRKI LAVANTINSKEGA \u0160KOFIJSKEGA MUZEJA &#8211; Pokrajinski muzej Maribor<\/title>\n<meta name=\"robots\" content=\"index, follow, max-snippet:-1, max-image-preview:large, max-video-preview:-1\" \/>\n<link rel=\"canonical\" href=\"https:\/\/museum-mb.si\/de\/ausstellungen\/gemalde-in-der-lavantine-sophia-museums-sammlung\/\" \/>\n<meta property=\"og:locale\" content=\"de_DE\" \/>\n<meta property=\"og:type\" content=\"article\" \/>\n<meta property=\"og:title\" content=\"SLIKARSKA DELA V ZBIRKI LAVANTINSKEGA \u0160KOFIJSKEGA MUZEJA &#8211; Pokrajinski muzej Maribor\" \/>\n<meta property=\"og:description\" content=\"RAZISKUJ INVENTARNA \u0160TEVILKA 1 Slike imajo mo\u010d, nadomestijo lahko besede in odprejo pogled v popolnoma neznane svetove. V skupnem projektu z Umetnostno galerijo Maribor v letu 2020 za\u010denjamo niz aktivnosti, posve\u010denih prou\u010devanju nastanka prvih slikarskih zbirk in stoti obletnici organizirane likovne dejavnosti v Mariboru. Razstava Pokrajinskega muzeja Maribor z naslovom INVENTARNA \u0160TEVILKA 1 predstavlja slikarska [&hellip;]\" \/>\n<meta property=\"og:url\" content=\"https:\/\/museum-mb.si\/de\/ausstellungen\/gemalde-in-der-lavantine-sophia-museums-sammlung\/\" \/>\n<meta property=\"og:site_name\" content=\"Pokrajinski muzej Maribor\" \/>\n<meta property=\"article:publisher\" content=\"https:\/\/www.facebook.com\/pomum123\" \/>\n<meta property=\"article:modified_time\" content=\"2022-09-15T15:34:25+00:00\" \/>\n<meta property=\"og:image\" content=\"https:\/\/museum-mb.si\/wp-content\/uploads\/2022\/09\/06_01-Cropped-1.jpg\" \/>\n\t<meta property=\"og:image:width\" content=\"535\" \/>\n\t<meta property=\"og:image:height\" content=\"535\" \/>\n\t<meta property=\"og:image:type\" content=\"image\/jpeg\" \/>\n<meta name=\"twitter:card\" content=\"summary_large_image\" \/>\n<meta name=\"twitter:label1\" content=\"Gesch\u00e4tzte Lesezeit\" \/>\n\t<meta name=\"twitter:data1\" content=\"2\u00a0Minuten\" \/>\n<script type=\"application\/ld+json\" class=\"yoast-schema-graph\">{\"@context\":\"https:\\\/\\\/schema.org\",\"@graph\":[{\"@type\":\"WebPage\",\"@id\":\"https:\\\/\\\/museum-mb.si\\\/razstave\\\/slikarska-dela-v-zbirki-lavantinskega-skofijskega-muzeja\\\/\",\"url\":\"https:\\\/\\\/museum-mb.si\\\/razstave\\\/slikarska-dela-v-zbirki-lavantinskega-skofijskega-muzeja\\\/\",\"name\":\"SLIKARSKA DELA V ZBIRKI LAVANTINSKEGA \u0160KOFIJSKEGA MUZEJA &#8211; Pokrajinski muzej Maribor\",\"isPartOf\":{\"@id\":\"https:\\\/\\\/museum-mb.si\\\/#website\"},\"primaryImageOfPage\":{\"@id\":\"https:\\\/\\\/museum-mb.si\\\/razstave\\\/slikarska-dela-v-zbirki-lavantinskega-skofijskega-muzeja\\\/#primaryimage\"},\"image\":{\"@id\":\"https:\\\/\\\/museum-mb.si\\\/razstave\\\/slikarska-dela-v-zbirki-lavantinskega-skofijskega-muzeja\\\/#primaryimage\"},\"thumbnailUrl\":\"https:\\\/\\\/museum-mb.si\\\/wp-content\\\/uploads\\\/2022\\\/09\\\/06_01-Cropped-1.jpg\",\"datePublished\":\"2022-09-06T14:00:43+00:00\",\"dateModified\":\"2022-09-15T15:34:25+00:00\",\"breadcrumb\":{\"@id\":\"https:\\\/\\\/museum-mb.si\\\/razstave\\\/slikarska-dela-v-zbirki-lavantinskega-skofijskega-muzeja\\\/#breadcrumb\"},\"inLanguage\":\"de\",\"potentialAction\":[{\"@type\":\"ReadAction\",\"target\":[\"https:\\\/\\\/museum-mb.si\\\/razstave\\\/slikarska-dela-v-zbirki-lavantinskega-skofijskega-muzeja\\\/\"]}]},{\"@type\":\"ImageObject\",\"inLanguage\":\"de\",\"@id\":\"https:\\\/\\\/museum-mb.si\\\/razstave\\\/slikarska-dela-v-zbirki-lavantinskega-skofijskega-muzeja\\\/#primaryimage\",\"url\":\"https:\\\/\\\/museum-mb.si\\\/wp-content\\\/uploads\\\/2022\\\/09\\\/06_01-Cropped-1.jpg\",\"contentUrl\":\"https:\\\/\\\/museum-mb.si\\\/wp-content\\\/uploads\\\/2022\\\/09\\\/06_01-Cropped-1.jpg\",\"width\":535,\"height\":535},{\"@type\":\"BreadcrumbList\",\"@id\":\"https:\\\/\\\/museum-mb.si\\\/razstave\\\/slikarska-dela-v-zbirki-lavantinskega-skofijskega-muzeja\\\/#breadcrumb\",\"itemListElement\":[{\"@type\":\"ListItem\",\"position\":1,\"name\":\"Domov\",\"item\":\"https:\\\/\\\/museum-mb.si\\\/\"},{\"@type\":\"ListItem\",\"position\":2,\"name\":\"Razstave\",\"item\":\"https:\\\/\\\/museum-mb.si\\\/razstave\\\/\"},{\"@type\":\"ListItem\",\"position\":3,\"name\":\"SLIKARSKA DELA V ZBIRKI LAVANTINSKEGA \u0160KOFIJSKEGA MUZEJA\"}]},{\"@type\":\"WebSite\",\"@id\":\"https:\\\/\\\/museum-mb.si\\\/#website\",\"url\":\"https:\\\/\\\/museum-mb.si\\\/\",\"name\":\"Pokrajinski muzej Maribor\",\"description\":\"\",\"publisher\":{\"@id\":\"https:\\\/\\\/museum-mb.si\\\/#organization\"},\"potentialAction\":[{\"@type\":\"SearchAction\",\"target\":{\"@type\":\"EntryPoint\",\"urlTemplate\":\"https:\\\/\\\/museum-mb.si\\\/?s={search_term_string}\"},\"query-input\":{\"@type\":\"PropertyValueSpecification\",\"valueRequired\":true,\"valueName\":\"search_term_string\"}}],\"inLanguage\":\"de\"},{\"@type\":\"Organization\",\"@id\":\"https:\\\/\\\/museum-mb.si\\\/#organization\",\"name\":\"Pokrajinski muzej Maribor\",\"url\":\"https:\\\/\\\/museum-mb.si\\\/\",\"logo\":{\"@type\":\"ImageObject\",\"inLanguage\":\"de\",\"@id\":\"https:\\\/\\\/museum-mb.si\\\/#\\\/schema\\\/logo\\\/image\\\/\",\"url\":\"https:\\\/\\\/museum-mb.si\\\/wp-content\\\/uploads\\\/2024\\\/12\\\/pmm_logo_barvni_jpeg.jpg\",\"contentUrl\":\"https:\\\/\\\/museum-mb.si\\\/wp-content\\\/uploads\\\/2024\\\/12\\\/pmm_logo_barvni_jpeg.jpg\",\"width\":758,\"height\":754,\"caption\":\"Pokrajinski muzej Maribor\"},\"image\":{\"@id\":\"https:\\\/\\\/museum-mb.si\\\/#\\\/schema\\\/logo\\\/image\\\/\"},\"sameAs\":[\"https:\\\/\\\/www.facebook.com\\\/pomum123\",\"https:\\\/\\\/www.instagram.com\\\/maribor_museum\\\/\",\"https:\\\/\\\/www.youtube.com\\\/channel\\\/UCdshtCrun841Oc-35tYLBGQ\"]}]}<\/script>\n<!-- \/ Yoast SEO plugin. -->","yoast_head_json":{"title":"SLIKARSKA DELA V ZBIRKI LAVANTINSKEGA \u0160KOFIJSKEGA MUZEJA &#8211; Pokrajinski muzej Maribor","robots":{"index":"index","follow":"follow","max-snippet":"max-snippet:-1","max-image-preview":"max-image-preview:large","max-video-preview":"max-video-preview:-1"},"canonical":"https:\/\/museum-mb.si\/de\/ausstellungen\/gemalde-in-der-lavantine-sophia-museums-sammlung\/","og_locale":"de_DE","og_type":"article","og_title":"SLIKARSKA DELA V ZBIRKI LAVANTINSKEGA \u0160KOFIJSKEGA MUZEJA &#8211; Pokrajinski muzej Maribor","og_description":"RAZISKUJ INVENTARNA \u0160TEVILKA 1 Slike imajo mo\u010d, nadomestijo lahko besede in odprejo pogled v popolnoma neznane svetove. V skupnem projektu z Umetnostno galerijo Maribor v letu 2020 za\u010denjamo niz aktivnosti, posve\u010denih prou\u010devanju nastanka prvih slikarskih zbirk in stoti obletnici organizirane likovne dejavnosti v Mariboru. Razstava Pokrajinskega muzeja Maribor z naslovom INVENTARNA \u0160TEVILKA 1 predstavlja slikarska [&hellip;]","og_url":"https:\/\/museum-mb.si\/de\/ausstellungen\/gemalde-in-der-lavantine-sophia-museums-sammlung\/","og_site_name":"Pokrajinski muzej Maribor","article_publisher":"https:\/\/www.facebook.com\/pomum123","article_modified_time":"2022-09-15T15:34:25+00:00","og_image":[{"width":535,"height":535,"url":"https:\/\/museum-mb.si\/wp-content\/uploads\/2022\/09\/06_01-Cropped-1.jpg","type":"image\/jpeg"}],"twitter_card":"summary_large_image","twitter_misc":{"Gesch\u00e4tzte Lesezeit":"2\u00a0Minuten"},"schema":{"@context":"https:\/\/schema.org","@graph":[{"@type":"WebPage","@id":"https:\/\/museum-mb.si\/razstave\/slikarska-dela-v-zbirki-lavantinskega-skofijskega-muzeja\/","url":"https:\/\/museum-mb.si\/razstave\/slikarska-dela-v-zbirki-lavantinskega-skofijskega-muzeja\/","name":"SLIKARSKA DELA V ZBIRKI LAVANTINSKEGA \u0160KOFIJSKEGA MUZEJA &#8211; Pokrajinski muzej Maribor","isPartOf":{"@id":"https:\/\/museum-mb.si\/#website"},"primaryImageOfPage":{"@id":"https:\/\/museum-mb.si\/razstave\/slikarska-dela-v-zbirki-lavantinskega-skofijskega-muzeja\/#primaryimage"},"image":{"@id":"https:\/\/museum-mb.si\/razstave\/slikarska-dela-v-zbirki-lavantinskega-skofijskega-muzeja\/#primaryimage"},"thumbnailUrl":"https:\/\/museum-mb.si\/wp-content\/uploads\/2022\/09\/06_01-Cropped-1.jpg","datePublished":"2022-09-06T14:00:43+00:00","dateModified":"2022-09-15T15:34:25+00:00","breadcrumb":{"@id":"https:\/\/museum-mb.si\/razstave\/slikarska-dela-v-zbirki-lavantinskega-skofijskega-muzeja\/#breadcrumb"},"inLanguage":"de","potentialAction":[{"@type":"ReadAction","target":["https:\/\/museum-mb.si\/razstave\/slikarska-dela-v-zbirki-lavantinskega-skofijskega-muzeja\/"]}]},{"@type":"ImageObject","inLanguage":"de","@id":"https:\/\/museum-mb.si\/razstave\/slikarska-dela-v-zbirki-lavantinskega-skofijskega-muzeja\/#primaryimage","url":"https:\/\/museum-mb.si\/wp-content\/uploads\/2022\/09\/06_01-Cropped-1.jpg","contentUrl":"https:\/\/museum-mb.si\/wp-content\/uploads\/2022\/09\/06_01-Cropped-1.jpg","width":535,"height":535},{"@type":"BreadcrumbList","@id":"https:\/\/museum-mb.si\/razstave\/slikarska-dela-v-zbirki-lavantinskega-skofijskega-muzeja\/#breadcrumb","itemListElement":[{"@type":"ListItem","position":1,"name":"Domov","item":"https:\/\/museum-mb.si\/"},{"@type":"ListItem","position":2,"name":"Razstave","item":"https:\/\/museum-mb.si\/razstave\/"},{"@type":"ListItem","position":3,"name":"SLIKARSKA DELA V ZBIRKI LAVANTINSKEGA \u0160KOFIJSKEGA MUZEJA"}]},{"@type":"WebSite","@id":"https:\/\/museum-mb.si\/#website","url":"https:\/\/museum-mb.si\/","name":"Regionalmuseum Maribor","description":"","publisher":{"@id":"https:\/\/museum-mb.si\/#organization"},"potentialAction":[{"@type":"SearchAction","target":{"@type":"EntryPoint","urlTemplate":"https:\/\/museum-mb.si\/?s={search_term_string}"},"query-input":{"@type":"PropertyValueSpecification","valueRequired":true,"valueName":"search_term_string"}}],"inLanguage":"de"},{"@type":"Organization","@id":"https:\/\/museum-mb.si\/#organization","name":"Regionalmuseum Maribor","url":"https:\/\/museum-mb.si\/","logo":{"@type":"ImageObject","inLanguage":"de","@id":"https:\/\/museum-mb.si\/#\/schema\/logo\/image\/","url":"https:\/\/museum-mb.si\/wp-content\/uploads\/2024\/12\/pmm_logo_barvni_jpeg.jpg","contentUrl":"https:\/\/museum-mb.si\/wp-content\/uploads\/2024\/12\/pmm_logo_barvni_jpeg.jpg","width":758,"height":754,"caption":"Pokrajinski muzej Maribor"},"image":{"@id":"https:\/\/museum-mb.si\/#\/schema\/logo\/image\/"},"sameAs":["https:\/\/www.facebook.com\/pomum123","https:\/\/www.instagram.com\/maribor_museum\/","https:\/\/www.youtube.com\/channel\/UCdshtCrun841Oc-35tYLBGQ"]}]}},"_links":{"self":[{"href":"https:\/\/museum-mb.si\/de\/wp-json\/wp\/v2\/razstave\/70017","targetHints":{"allow":["GET"]}}],"collection":[{"href":"https:\/\/museum-mb.si\/de\/wp-json\/wp\/v2\/razstave"}],"about":[{"href":"https:\/\/museum-mb.si\/de\/wp-json\/wp\/v2\/types\/razstave"}],"version-history":[{"count":5,"href":"https:\/\/museum-mb.si\/de\/wp-json\/wp\/v2\/razstave\/70017\/revisions"}],"predecessor-version":[{"id":74641,"href":"https:\/\/museum-mb.si\/de\/wp-json\/wp\/v2\/razstave\/70017\/revisions\/74641"}],"wp:featuredmedia":[{"embeddable":true,"href":"https:\/\/museum-mb.si\/de\/wp-json\/wp\/v2\/media\/70018"}],"wp:attachment":[{"href":"https:\/\/museum-mb.si\/de\/wp-json\/wp\/v2\/media?parent=70017"}],"wp:term":[{"taxonomy":"vrsta","embeddable":true,"href":"https:\/\/museum-mb.si\/de\/wp-json\/wp\/v2\/vrsta?post=70017"}],"curies":[{"name":"wp","href":"https:\/\/api.w.org\/{rel}","templated":true}]}}