{"id":69630,"date":"2022-09-01T17:53:56","date_gmt":"2022-09-01T17:53:56","guid":{"rendered":"https:\/\/nova.museum-mb.si\/?post_type=razstave&#038;p=69630"},"modified":"2022-09-26T13:12:22","modified_gmt":"2022-09-26T12:12:22","slug":"natalija-zitnik-sommer","status":"publish","type":"razstave","link":"https:\/\/museum-mb.si\/de\/ausstellungen\/natalija-zitnik-sommer\/","title":{"rendered":"NATALIJA \u017dITNIK METAJ"},"content":{"rendered":"<div data-elementor-type=\"wp-post\" data-elementor-id=\"69630\" class=\"elementor elementor-69630\" data-elementor-post-type=\"razstave\">\n\t\t\t\t\t\t<section class=\"elementor-section elementor-top-section elementor-element elementor-element-75547fb0 elementor-section-height-min-height elementor-section-stretched elementor-section-boxed elementor-section-height-default elementor-section-items-middle\" data-id=\"75547fb0\" data-element_type=\"section\" data-settings=\"{&quot;stretch_section&quot;:&quot;section-stretched&quot;,&quot;jet_parallax_layout_list&quot;:[],&quot;background_background&quot;:&quot;classic&quot;}\">\n\t\t\t\t\t\t<div class=\"elementor-container elementor-column-gap-default\">\n\t\t\t\t\t<div class=\"elementor-column elementor-col-100 elementor-top-column elementor-element elementor-element-4a7388cf\" data-id=\"4a7388cf\" data-element_type=\"column\">\n\t\t\t<div class=\"elementor-widget-wrap elementor-element-populated\">\n\t\t\t\t\t\t<div class=\"elementor-element elementor-element-5a597157 elementor-widget elementor-widget-text-editor\" data-id=\"5a597157\" data-element_type=\"widget\" data-widget_type=\"text-editor.default\">\n\t\t\t\t<div class=\"elementor-widget-container\">\n\t\t\t\t\t\t\t\t\t<p>ANZEIGE<\/p>\t\t\t\t\t\t\t\t<\/div>\n\t\t\t\t<\/div>\n\t\t\t\t<div class=\"elementor-element elementor-element-39bc9ffe elementor-widget elementor-widget-heading\" data-id=\"39bc9ffe\" data-element_type=\"widget\" data-widget_type=\"heading.default\">\n\t\t\t\t<div class=\"elementor-widget-container\">\n\t\t\t\t\t<h2 class=\"elementor-heading-title elementor-size-default\">JENSEITS DES LICHTS<\/h2>\t\t\t\t<\/div>\n\t\t\t\t<\/div>\n\t\t\t\t<div class=\"elementor-element elementor-element-695fa498 elementor-widget__width-initial elementor-widget elementor-widget-text-editor\" data-id=\"695fa498\" data-element_type=\"widget\" data-widget_type=\"text-editor.default\">\n\t\t\t\t<div class=\"elementor-widget-container\">\n\t\t\t\t\t\t\t\t\t<p>Die einzige Dunkelheit, die es gibt, ist die Unwissenheit (W. Shakespeare).<\/p>\n<p><\/p>\t\t\t\t\t\t\t\t<\/div>\n\t\t\t\t<\/div>\n\t\t\t\t\t<\/div>\n\t\t<\/div>\n\t\t\t\t\t<\/div>\n\t\t<\/section>\n\t\t\t\t<section class=\"elementor-section elementor-top-section elementor-element elementor-element-132f5103 elementor-section-boxed elementor-section-height-default elementor-section-height-default\" data-id=\"132f5103\" data-element_type=\"section\" data-settings=\"{&quot;jet_parallax_layout_list&quot;:[]}\">\n\t\t\t\t\t\t<div class=\"elementor-container elementor-column-gap-default\">\n\t\t\t\t\t<div class=\"elementor-column elementor-col-100 elementor-top-column elementor-element elementor-element-49a9d779\" data-id=\"49a9d779\" data-element_type=\"column\">\n\t\t\t<div class=\"elementor-widget-wrap elementor-element-populated\">\n\t\t\t\t\t\t<div class=\"elementor-element elementor-element-1f9d9b9b elementor-widget__width-initial elementor-widget elementor-widget-spacer\" data-id=\"1f9d9b9b\" data-element_type=\"widget\" data-widget_type=\"spacer.default\">\n\t\t\t\t<div class=\"elementor-widget-container\">\n\t\t\t\t\t\t\t<div class=\"elementor-spacer\">\n\t\t\t<div class=\"elementor-spacer-inner\"><\/div>\n\t\t<\/div>\n\t\t\t\t\t\t<\/div>\n\t\t\t\t<\/div>\n\t\t\t\t\t<\/div>\n\t\t<\/div>\n\t\t\t\t\t<\/div>\n\t\t<\/section>\n\t\t\t\t<section class=\"elementor-section elementor-top-section elementor-element elementor-element-890b5cf elementor-section-boxed elementor-section-height-default elementor-section-height-default\" data-id=\"890b5cf\" data-element_type=\"section\" data-settings=\"{&quot;jet_parallax_layout_list&quot;:[]}\">\n\t\t\t\t\t\t<div class=\"elementor-container elementor-column-gap-default\">\n\t\t\t\t\t<div class=\"elementor-column elementor-col-100 elementor-top-column elementor-element elementor-element-df294f7\" data-id=\"df294f7\" data-element_type=\"column\">\n\t\t\t<div class=\"elementor-widget-wrap elementor-element-populated\">\n\t\t\t\t\t\t<div class=\"elementor-element elementor-element-c4be31e elementor-widget elementor-widget-heading\" data-id=\"c4be31e\" data-element_type=\"widget\" data-widget_type=\"heading.default\">\n\t\t\t\t<div class=\"elementor-widget-container\">\n\t\t\t\t\t<h2 class=\"elementor-heading-title elementor-size-default\">Natalija \u017ditnik Metaj<\/h2>\t\t\t\t<\/div>\n\t\t\t\t<\/div>\n\t\t\t\t\t<\/div>\n\t\t<\/div>\n\t\t\t\t\t<\/div>\n\t\t<\/section>\n\t\t\t\t<section class=\"elementor-section elementor-top-section elementor-element elementor-element-311bf556 elementor-section-boxed elementor-section-height-default elementor-section-height-default\" data-id=\"311bf556\" data-element_type=\"section\" data-settings=\"{&quot;jet_parallax_layout_list&quot;:[]}\">\n\t\t\t\t\t\t<div class=\"elementor-container elementor-column-gap-default\">\n\t\t\t\t\t<div class=\"elementor-column elementor-col-50 elementor-top-column elementor-element elementor-element-544e42a1\" data-id=\"544e42a1\" data-element_type=\"column\">\n\t\t\t<div class=\"elementor-widget-wrap elementor-element-populated\">\n\t\t\t\t\t\t<div class=\"elementor-element elementor-element-1c6e7086 elementor-widget elementor-widget-image\" data-id=\"1c6e7086\" data-element_type=\"widget\" data-widget_type=\"image.default\">\n\t\t\t\t<div class=\"elementor-widget-container\">\n\t\t\t\t\t\t\t\t\t\t\t\t\t\t\t<img fetchpriority=\"high\" decoding=\"async\" width=\"720\" height=\"868\" src=\"https:\/\/museum-mb.si\/wp-content\/uploads\/2022\/09\/Natalija-Zitnik-Metaj-uai-720x868-1.jpg\" class=\"attachment-large size-large wp-image-69943\" alt=\"\" srcset=\"https:\/\/museum-mb.si\/wp-content\/uploads\/2022\/09\/Natalija-Zitnik-Metaj-uai-720x868-1.jpg.webp 720w, https:\/\/museum-mb.si\/wp-content\/uploads\/2022\/09\/Natalija-Zitnik-Metaj-uai-720x868-1-249x300.jpg.webp 249w\" sizes=\"(max-width: 720px) 100vw, 720px\" \/>\t\t\t\t\t\t\t\t\t\t\t\t\t\t\t<\/div>\n\t\t\t\t<\/div>\n\t\t\t\t<div class=\"elementor-element elementor-element-4ea770f6 elementor-widget__width-initial elementor-widget elementor-widget-text-editor\" data-id=\"4ea770f6\" data-element_type=\"widget\" data-widget_type=\"text-editor.default\">\n\t\t\t\t<div class=\"elementor-widget-container\">\n\t\t\t\t\t\t\t\t\t<p>Natalija \u017ditnik Metaj, Wind in den Fl\u00fcgeln, 2010<\/p>\n<gwmw style=\"display:none;\"><\/gwmw>\t\t\t\t\t\t\t\t<\/div>\n\t\t\t\t<\/div>\n\t\t\t\t\t<\/div>\n\t\t<\/div>\n\t\t\t\t<div class=\"elementor-column elementor-col-50 elementor-top-column elementor-element elementor-element-17dc43a5\" data-id=\"17dc43a5\" data-element_type=\"column\">\n\t\t\t<div class=\"elementor-widget-wrap elementor-element-populated\">\n\t\t\t\t\t\t<div class=\"elementor-element elementor-element-50a31445 elementor-widget__width-initial elementor-widget elementor-widget-text-editor\" data-id=\"50a31445\" data-element_type=\"widget\" data-widget_type=\"text-editor.default\">\n\t\t\t\t<div class=\"elementor-widget-container\">\n\t\t\t\t\t\t\t\t\t<p>In der Grundschule nahm ich an der kleinen Malkolonie von Grohar teil. Wegen meiner Sehbehinderung habe ich aufgeh\u00f6rt zu malen. Im Jahr 2008 habe ich in der damals gegr\u00fcndeten Gruppe von Malern mit Sehbehinderung am MDSS Kranj wieder angefangen. Die ersten Mentoren waren Ivan Stojan Rutar und Marjeta \u017dohar. Ich nehme immer noch an den Kolonien (Izola und Okroglo) teil.<\/p><p>Ich habe an f\u00fcnf internationalen Art@senses-Ausstellungen in Italien und Estland teilgenommen. Anl\u00e4sslich der World Expo 2015 Milano stelle ich in Mailand aus. Ich habe \u00fcber 90 Bilder gemalt und an 36 Gruppenausstellungen und einer Einzelausstellung teilgenommen. Ich arbeite in Acryl.<\/p><p>Technik: Acryl auf Leinwand<br \/>Gr\u00f6\u00dfe: 60 x 50 cm<br \/>Ort und Jahr der Erstellung: 2010<br \/>Beschreibung. Die Meereswellen im Hintergrund in blau-grau. Ein Sturm braut sich zusammen. Ein kleines M\u00e4dchen l\u00e4uft am Strand entlang. Sie blickt auf das Meer. Der Wind weht ihr hellblau-wei\u00dfes Sommerkleid. Ihr Rock flattert im Wind und reicht ihr bis zu den Knien. Auf dem Kopf tr\u00e4gt sie einen Strohhut mit einer blauen Schleife. Die B\u00e4nder flattern in der Luft. Das M\u00e4dchen h\u00e4lt den Strohhut mit der linken Hand fest, um zu verhindern, dass der Wind ihn aufs Meer hinausbl\u00e4st.<\/p><p>\u00a0<\/p>\t\t\t\t\t\t\t\t<\/div>\n\t\t\t\t<\/div>\n\t\t\t\t\t<\/div>\n\t\t<\/div>\n\t\t\t\t\t<\/div>\n\t\t<\/section>\n\t\t\t\t<\/div>","protected":false},"featured_media":69943,"template":"","vrsta":[14],"class_list":["post-69630","razstave","type-razstave","status-publish","has-post-thumbnail","hentry","vrsta-onstran-svetlobe"],"yoast_head":"<!-- This site is optimized with the Yoast SEO plugin v27.5 - https:\/\/yoast.com\/product\/yoast-seo-wordpress\/ -->\n<title>NATALIJA \u017dITNIK METAJ &#8211; Pokrajinski muzej Maribor<\/title>\n<meta name=\"robots\" content=\"index, follow, max-snippet:-1, max-image-preview:large, max-video-preview:-1\" \/>\n<link rel=\"canonical\" href=\"https:\/\/museum-mb.si\/de\/ausstellungen\/natalija-zitnik-sommer\/\" \/>\n<meta property=\"og:locale\" content=\"de_DE\" \/>\n<meta property=\"og:type\" content=\"article\" \/>\n<meta property=\"og:title\" content=\"NATALIJA \u017dITNIK METAJ &#8211; Pokrajinski muzej Maribor\" \/>\n<meta property=\"og:description\" content=\"RAZISKUJ ONSTRAN SVETLOBE Edina tema, ki obstaja, je neznanje. (W. Shakespeare) Natalija \u017ditnik Metaj Natalija \u017ditnik Metaj, Veter v krilu, 2010 V Osnovni \u0161oli sem se udele\u017eila Male Groharjeve slikarske kolonije. Slikanje sem prekinila zaradi slabovidnosti. Ponovni za\u010detek pa sodi v leto 2008 v tedaj nastali skupini slikarjev z okvaro vida na MDSS Kranj. Prva [&hellip;]\" \/>\n<meta property=\"og:url\" content=\"https:\/\/museum-mb.si\/de\/ausstellungen\/natalija-zitnik-sommer\/\" \/>\n<meta property=\"og:site_name\" content=\"Pokrajinski muzej Maribor\" \/>\n<meta property=\"article:publisher\" content=\"https:\/\/www.facebook.com\/pomum123\" \/>\n<meta property=\"article:modified_time\" content=\"2022-09-26T12:12:22+00:00\" \/>\n<meta property=\"og:image\" content=\"https:\/\/museum-mb.si\/wp-content\/uploads\/2022\/09\/Natalija-Zitnik-Metaj-uai-720x868-1.jpg\" \/>\n\t<meta property=\"og:image:width\" content=\"720\" \/>\n\t<meta property=\"og:image:height\" content=\"868\" \/>\n\t<meta property=\"og:image:type\" content=\"image\/jpeg\" \/>\n<meta name=\"twitter:card\" content=\"summary_large_image\" \/>\n<meta name=\"twitter:label1\" content=\"Gesch\u00e4tzte Lesezeit\" \/>\n\t<meta name=\"twitter:data1\" content=\"1\u00a0Minute\" \/>\n<script type=\"application\/ld+json\" class=\"yoast-schema-graph\">{\"@context\":\"https:\\\/\\\/schema.org\",\"@graph\":[{\"@type\":\"WebPage\",\"@id\":\"https:\\\/\\\/museum-mb.si\\\/razstave\\\/natalija-zitnik-metaj\\\/\",\"url\":\"https:\\\/\\\/museum-mb.si\\\/razstave\\\/natalija-zitnik-metaj\\\/\",\"name\":\"NATALIJA \u017dITNIK METAJ &#8211; Pokrajinski muzej Maribor\",\"isPartOf\":{\"@id\":\"https:\\\/\\\/museum-mb.si\\\/#website\"},\"primaryImageOfPage\":{\"@id\":\"https:\\\/\\\/museum-mb.si\\\/razstave\\\/natalija-zitnik-metaj\\\/#primaryimage\"},\"image\":{\"@id\":\"https:\\\/\\\/museum-mb.si\\\/razstave\\\/natalija-zitnik-metaj\\\/#primaryimage\"},\"thumbnailUrl\":\"https:\\\/\\\/museum-mb.si\\\/wp-content\\\/uploads\\\/2022\\\/09\\\/Natalija-Zitnik-Metaj-uai-720x868-1.jpg\",\"datePublished\":\"2022-09-01T17:53:56+00:00\",\"dateModified\":\"2022-09-26T12:12:22+00:00\",\"breadcrumb\":{\"@id\":\"https:\\\/\\\/museum-mb.si\\\/razstave\\\/natalija-zitnik-metaj\\\/#breadcrumb\"},\"inLanguage\":\"de\",\"potentialAction\":[{\"@type\":\"ReadAction\",\"target\":[\"https:\\\/\\\/museum-mb.si\\\/razstave\\\/natalija-zitnik-metaj\\\/\"]}]},{\"@type\":\"ImageObject\",\"inLanguage\":\"de\",\"@id\":\"https:\\\/\\\/museum-mb.si\\\/razstave\\\/natalija-zitnik-metaj\\\/#primaryimage\",\"url\":\"https:\\\/\\\/museum-mb.si\\\/wp-content\\\/uploads\\\/2022\\\/09\\\/Natalija-Zitnik-Metaj-uai-720x868-1.jpg\",\"contentUrl\":\"https:\\\/\\\/museum-mb.si\\\/wp-content\\\/uploads\\\/2022\\\/09\\\/Natalija-Zitnik-Metaj-uai-720x868-1.jpg\",\"width\":720,\"height\":868},{\"@type\":\"BreadcrumbList\",\"@id\":\"https:\\\/\\\/museum-mb.si\\\/razstave\\\/natalija-zitnik-metaj\\\/#breadcrumb\",\"itemListElement\":[{\"@type\":\"ListItem\",\"position\":1,\"name\":\"Domov\",\"item\":\"https:\\\/\\\/museum-mb.si\\\/\"},{\"@type\":\"ListItem\",\"position\":2,\"name\":\"Razstave\",\"item\":\"https:\\\/\\\/museum-mb.si\\\/razstave\\\/\"},{\"@type\":\"ListItem\",\"position\":3,\"name\":\"NATALIJA \u017dITNIK METAJ\"}]},{\"@type\":\"WebSite\",\"@id\":\"https:\\\/\\\/museum-mb.si\\\/#website\",\"url\":\"https:\\\/\\\/museum-mb.si\\\/\",\"name\":\"Pokrajinski muzej Maribor\",\"description\":\"\",\"publisher\":{\"@id\":\"https:\\\/\\\/museum-mb.si\\\/#organization\"},\"potentialAction\":[{\"@type\":\"SearchAction\",\"target\":{\"@type\":\"EntryPoint\",\"urlTemplate\":\"https:\\\/\\\/museum-mb.si\\\/?s={search_term_string}\"},\"query-input\":{\"@type\":\"PropertyValueSpecification\",\"valueRequired\":true,\"valueName\":\"search_term_string\"}}],\"inLanguage\":\"de\"},{\"@type\":\"Organization\",\"@id\":\"https:\\\/\\\/museum-mb.si\\\/#organization\",\"name\":\"Pokrajinski muzej Maribor\",\"url\":\"https:\\\/\\\/museum-mb.si\\\/\",\"logo\":{\"@type\":\"ImageObject\",\"inLanguage\":\"de\",\"@id\":\"https:\\\/\\\/museum-mb.si\\\/#\\\/schema\\\/logo\\\/image\\\/\",\"url\":\"https:\\\/\\\/museum-mb.si\\\/wp-content\\\/uploads\\\/2024\\\/12\\\/pmm_logo_barvni_jpeg.jpg\",\"contentUrl\":\"https:\\\/\\\/museum-mb.si\\\/wp-content\\\/uploads\\\/2024\\\/12\\\/pmm_logo_barvni_jpeg.jpg\",\"width\":758,\"height\":754,\"caption\":\"Pokrajinski muzej Maribor\"},\"image\":{\"@id\":\"https:\\\/\\\/museum-mb.si\\\/#\\\/schema\\\/logo\\\/image\\\/\"},\"sameAs\":[\"https:\\\/\\\/www.facebook.com\\\/pomum123\",\"https:\\\/\\\/www.instagram.com\\\/maribor_museum\\\/\",\"https:\\\/\\\/www.youtube.com\\\/channel\\\/UCdshtCrun841Oc-35tYLBGQ\"]}]}<\/script>\n<!-- \/ Yoast SEO plugin. -->","yoast_head_json":{"title":"NATALIJA \u017dITNIK METAJ &#8211; Pokrajinski muzej Maribor","robots":{"index":"index","follow":"follow","max-snippet":"max-snippet:-1","max-image-preview":"max-image-preview:large","max-video-preview":"max-video-preview:-1"},"canonical":"https:\/\/museum-mb.si\/de\/ausstellungen\/natalija-zitnik-sommer\/","og_locale":"de_DE","og_type":"article","og_title":"NATALIJA \u017dITNIK METAJ &#8211; Pokrajinski muzej Maribor","og_description":"RAZISKUJ ONSTRAN SVETLOBE Edina tema, ki obstaja, je neznanje. (W. Shakespeare) Natalija \u017ditnik Metaj Natalija \u017ditnik Metaj, Veter v krilu, 2010 V Osnovni \u0161oli sem se udele\u017eila Male Groharjeve slikarske kolonije. Slikanje sem prekinila zaradi slabovidnosti. Ponovni za\u010detek pa sodi v leto 2008 v tedaj nastali skupini slikarjev z okvaro vida na MDSS Kranj. Prva [&hellip;]","og_url":"https:\/\/museum-mb.si\/de\/ausstellungen\/natalija-zitnik-sommer\/","og_site_name":"Pokrajinski muzej Maribor","article_publisher":"https:\/\/www.facebook.com\/pomum123","article_modified_time":"2022-09-26T12:12:22+00:00","og_image":[{"width":720,"height":868,"url":"https:\/\/museum-mb.si\/wp-content\/uploads\/2022\/09\/Natalija-Zitnik-Metaj-uai-720x868-1.jpg","type":"image\/jpeg"}],"twitter_card":"summary_large_image","twitter_misc":{"Gesch\u00e4tzte Lesezeit":"1\u00a0Minute"},"schema":{"@context":"https:\/\/schema.org","@graph":[{"@type":"WebPage","@id":"https:\/\/museum-mb.si\/razstave\/natalija-zitnik-metaj\/","url":"https:\/\/museum-mb.si\/razstave\/natalija-zitnik-metaj\/","name":"NATALIJA \u017dITNIK METAJ &#8211; Pokrajinski muzej Maribor","isPartOf":{"@id":"https:\/\/museum-mb.si\/#website"},"primaryImageOfPage":{"@id":"https:\/\/museum-mb.si\/razstave\/natalija-zitnik-metaj\/#primaryimage"},"image":{"@id":"https:\/\/museum-mb.si\/razstave\/natalija-zitnik-metaj\/#primaryimage"},"thumbnailUrl":"https:\/\/museum-mb.si\/wp-content\/uploads\/2022\/09\/Natalija-Zitnik-Metaj-uai-720x868-1.jpg","datePublished":"2022-09-01T17:53:56+00:00","dateModified":"2022-09-26T12:12:22+00:00","breadcrumb":{"@id":"https:\/\/museum-mb.si\/razstave\/natalija-zitnik-metaj\/#breadcrumb"},"inLanguage":"de","potentialAction":[{"@type":"ReadAction","target":["https:\/\/museum-mb.si\/razstave\/natalija-zitnik-metaj\/"]}]},{"@type":"ImageObject","inLanguage":"de","@id":"https:\/\/museum-mb.si\/razstave\/natalija-zitnik-metaj\/#primaryimage","url":"https:\/\/museum-mb.si\/wp-content\/uploads\/2022\/09\/Natalija-Zitnik-Metaj-uai-720x868-1.jpg","contentUrl":"https:\/\/museum-mb.si\/wp-content\/uploads\/2022\/09\/Natalija-Zitnik-Metaj-uai-720x868-1.jpg","width":720,"height":868},{"@type":"BreadcrumbList","@id":"https:\/\/museum-mb.si\/razstave\/natalija-zitnik-metaj\/#breadcrumb","itemListElement":[{"@type":"ListItem","position":1,"name":"Domov","item":"https:\/\/museum-mb.si\/"},{"@type":"ListItem","position":2,"name":"Razstave","item":"https:\/\/museum-mb.si\/razstave\/"},{"@type":"ListItem","position":3,"name":"NATALIJA \u017dITNIK METAJ"}]},{"@type":"WebSite","@id":"https:\/\/museum-mb.si\/#website","url":"https:\/\/museum-mb.si\/","name":"Regionalmuseum Maribor","description":"","publisher":{"@id":"https:\/\/museum-mb.si\/#organization"},"potentialAction":[{"@type":"SearchAction","target":{"@type":"EntryPoint","urlTemplate":"https:\/\/museum-mb.si\/?s={search_term_string}"},"query-input":{"@type":"PropertyValueSpecification","valueRequired":true,"valueName":"search_term_string"}}],"inLanguage":"de"},{"@type":"Organization","@id":"https:\/\/museum-mb.si\/#organization","name":"Regionalmuseum Maribor","url":"https:\/\/museum-mb.si\/","logo":{"@type":"ImageObject","inLanguage":"de","@id":"https:\/\/museum-mb.si\/#\/schema\/logo\/image\/","url":"https:\/\/museum-mb.si\/wp-content\/uploads\/2024\/12\/pmm_logo_barvni_jpeg.jpg","contentUrl":"https:\/\/museum-mb.si\/wp-content\/uploads\/2024\/12\/pmm_logo_barvni_jpeg.jpg","width":758,"height":754,"caption":"Pokrajinski muzej Maribor"},"image":{"@id":"https:\/\/museum-mb.si\/#\/schema\/logo\/image\/"},"sameAs":["https:\/\/www.facebook.com\/pomum123","https:\/\/www.instagram.com\/maribor_museum\/","https:\/\/www.youtube.com\/channel\/UCdshtCrun841Oc-35tYLBGQ"]}]}},"_links":{"self":[{"href":"https:\/\/museum-mb.si\/de\/wp-json\/wp\/v2\/razstave\/69630","targetHints":{"allow":["GET"]}}],"collection":[{"href":"https:\/\/museum-mb.si\/de\/wp-json\/wp\/v2\/razstave"}],"about":[{"href":"https:\/\/museum-mb.si\/de\/wp-json\/wp\/v2\/types\/razstave"}],"version-history":[{"count":14,"href":"https:\/\/museum-mb.si\/de\/wp-json\/wp\/v2\/razstave\/69630\/revisions"}],"predecessor-version":[{"id":73902,"href":"https:\/\/museum-mb.si\/de\/wp-json\/wp\/v2\/razstave\/69630\/revisions\/73902"}],"wp:featuredmedia":[{"embeddable":true,"href":"https:\/\/museum-mb.si\/de\/wp-json\/wp\/v2\/media\/69943"}],"wp:attachment":[{"href":"https:\/\/museum-mb.si\/de\/wp-json\/wp\/v2\/media?parent=69630"}],"wp:term":[{"taxonomy":"vrsta","embeddable":true,"href":"https:\/\/museum-mb.si\/de\/wp-json\/wp\/v2\/vrsta?post=69630"}],"curies":[{"name":"wp","href":"https:\/\/api.w.org\/{rel}","templated":true}]}}