{"id":69624,"date":"2022-09-01T17:53:23","date_gmt":"2022-09-01T17:53:23","guid":{"rendered":"https:\/\/nova.museum-mb.si\/?post_type=razstave&#038;p=69624"},"modified":"2022-09-26T12:49:03","modified_gmt":"2022-09-26T11:49:03","slug":"ana-ster","status":"publish","type":"razstave","link":"https:\/\/museum-mb.si\/de\/ausstellungen\/ana-ster\/","title":{"rendered":"ANA \u0160TER"},"content":{"rendered":"<div data-elementor-type=\"wp-post\" data-elementor-id=\"69624\" class=\"elementor elementor-69624\" data-elementor-post-type=\"razstave\">\n\t\t\t\t\t\t<section class=\"elementor-section elementor-top-section elementor-element elementor-element-770f5759 elementor-section-height-min-height elementor-section-stretched elementor-section-boxed elementor-section-height-default elementor-section-items-middle\" data-id=\"770f5759\" data-element_type=\"section\" data-settings=\"{&quot;stretch_section&quot;:&quot;section-stretched&quot;,&quot;jet_parallax_layout_list&quot;:[],&quot;background_background&quot;:&quot;classic&quot;}\">\n\t\t\t\t\t\t<div class=\"elementor-container elementor-column-gap-default\">\n\t\t\t\t\t<div class=\"elementor-column elementor-col-100 elementor-top-column elementor-element elementor-element-3acce11\" data-id=\"3acce11\" data-element_type=\"column\">\n\t\t\t<div class=\"elementor-widget-wrap elementor-element-populated\">\n\t\t\t\t\t\t<div class=\"elementor-element elementor-element-2c6317a5 elementor-widget elementor-widget-text-editor\" data-id=\"2c6317a5\" data-element_type=\"widget\" data-widget_type=\"text-editor.default\">\n\t\t\t\t<div class=\"elementor-widget-container\">\n\t\t\t\t\t\t\t\t\t<p>ANZEIGE<\/p>\t\t\t\t\t\t\t\t<\/div>\n\t\t\t\t<\/div>\n\t\t\t\t<div class=\"elementor-element elementor-element-65e1ff8c elementor-widget elementor-widget-heading\" data-id=\"65e1ff8c\" data-element_type=\"widget\" data-widget_type=\"heading.default\">\n\t\t\t\t<div class=\"elementor-widget-container\">\n\t\t\t\t\t<h2 class=\"elementor-heading-title elementor-size-default\">JENSEITS DES LICHTS<\/h2>\t\t\t\t<\/div>\n\t\t\t\t<\/div>\n\t\t\t\t<div class=\"elementor-element elementor-element-7d5aff7f elementor-widget__width-initial elementor-widget elementor-widget-text-editor\" data-id=\"7d5aff7f\" data-element_type=\"widget\" data-widget_type=\"text-editor.default\">\n\t\t\t\t<div class=\"elementor-widget-container\">\n\t\t\t\t\t\t\t\t\t<p>Die einzige Dunkelheit, die es gibt, ist die Unwissenheit (W. Shakespeare).<\/p>\n<p><\/p>\t\t\t\t\t\t\t\t<\/div>\n\t\t\t\t<\/div>\n\t\t\t\t\t<\/div>\n\t\t<\/div>\n\t\t\t\t\t<\/div>\n\t\t<\/section>\n\t\t\t\t<section class=\"elementor-section elementor-top-section elementor-element elementor-element-23b6dc45 elementor-section-boxed elementor-section-height-default elementor-section-height-default\" data-id=\"23b6dc45\" data-element_type=\"section\" data-settings=\"{&quot;jet_parallax_layout_list&quot;:[]}\">\n\t\t\t\t\t\t<div class=\"elementor-container elementor-column-gap-default\">\n\t\t\t\t\t<div class=\"elementor-column elementor-col-100 elementor-top-column elementor-element elementor-element-6c321333\" data-id=\"6c321333\" data-element_type=\"column\">\n\t\t\t<div class=\"elementor-widget-wrap elementor-element-populated\">\n\t\t\t\t\t\t<div class=\"elementor-element elementor-element-386b35f7 elementor-widget__width-initial elementor-widget elementor-widget-spacer\" data-id=\"386b35f7\" data-element_type=\"widget\" data-widget_type=\"spacer.default\">\n\t\t\t\t<div class=\"elementor-widget-container\">\n\t\t\t\t\t\t\t<div class=\"elementor-spacer\">\n\t\t\t<div class=\"elementor-spacer-inner\"><\/div>\n\t\t<\/div>\n\t\t\t\t\t\t<\/div>\n\t\t\t\t<\/div>\n\t\t\t\t\t<\/div>\n\t\t<\/div>\n\t\t\t\t\t<\/div>\n\t\t<\/section>\n\t\t\t\t<section class=\"elementor-section elementor-top-section elementor-element elementor-element-071c5c4 elementor-section-boxed elementor-section-height-default elementor-section-height-default\" data-id=\"071c5c4\" data-element_type=\"section\" data-settings=\"{&quot;jet_parallax_layout_list&quot;:[]}\">\n\t\t\t\t\t\t<div class=\"elementor-container elementor-column-gap-default\">\n\t\t\t\t\t<div class=\"elementor-column elementor-col-100 elementor-top-column elementor-element elementor-element-95a68f7\" data-id=\"95a68f7\" data-element_type=\"column\">\n\t\t\t<div class=\"elementor-widget-wrap elementor-element-populated\">\n\t\t\t\t\t\t<div class=\"elementor-element elementor-element-31f2154 elementor-widget elementor-widget-heading\" data-id=\"31f2154\" data-element_type=\"widget\" data-widget_type=\"heading.default\">\n\t\t\t\t<div class=\"elementor-widget-container\">\n\t\t\t\t\t<h2 class=\"elementor-heading-title elementor-size-default\">Ana \u0160ter<\/h2>\t\t\t\t<\/div>\n\t\t\t\t<\/div>\n\t\t\t\t\t<\/div>\n\t\t<\/div>\n\t\t\t\t\t<\/div>\n\t\t<\/section>\n\t\t\t\t<section class=\"elementor-section elementor-top-section elementor-element elementor-element-897b171 elementor-section-boxed elementor-section-height-default elementor-section-height-default\" data-id=\"897b171\" data-element_type=\"section\" data-settings=\"{&quot;jet_parallax_layout_list&quot;:[]}\">\n\t\t\t\t\t\t<div class=\"elementor-container elementor-column-gap-default\">\n\t\t\t\t\t<div class=\"elementor-column elementor-col-50 elementor-top-column elementor-element elementor-element-787c2631\" data-id=\"787c2631\" data-element_type=\"column\">\n\t\t\t<div class=\"elementor-widget-wrap elementor-element-populated\">\n\t\t\t\t\t\t<div class=\"elementor-element elementor-element-baaa0b5 elementor-widget elementor-widget-image\" data-id=\"baaa0b5\" data-element_type=\"widget\" data-widget_type=\"image.default\">\n\t\t\t\t<div class=\"elementor-widget-container\">\n\t\t\t\t\t\t\t\t\t\t\t\t\t\t\t<img fetchpriority=\"high\" decoding=\"async\" width=\"720\" height=\"515\" src=\"https:\/\/museum-mb.si\/wp-content\/uploads\/2022\/09\/Ana-Ster-uai-720x515-1.jpg\" class=\"attachment-large size-large wp-image-69911\" alt=\"\" srcset=\"https:\/\/museum-mb.si\/wp-content\/uploads\/2022\/09\/Ana-Ster-uai-720x515-1.jpg 720w, https:\/\/museum-mb.si\/wp-content\/uploads\/2022\/09\/Ana-Ster-uai-720x515-1-300x215.jpg.webp 300w\" sizes=\"(max-width: 720px) 100vw, 720px\" \/>\t\t\t\t\t\t\t\t\t\t\t\t\t\t\t<\/div>\n\t\t\t\t<\/div>\n\t\t\t\t<div class=\"elementor-element elementor-element-5bbb43c6 elementor-widget__width-initial elementor-widget elementor-widget-text-editor\" data-id=\"5bbb43c6\" data-element_type=\"widget\" data-widget_type=\"text-editor.default\">\n\t\t\t\t<div class=\"elementor-widget-container\">\n\t\t\t\t\t\t\t\t\t<p>Ana \u0160ter, Ansicht, Acryl<\/p>\n<gwmw style=\"display:none;\"><\/gwmw>\t\t\t\t\t\t\t\t<\/div>\n\t\t\t\t<\/div>\n\t\t\t\t\t<\/div>\n\t\t<\/div>\n\t\t\t\t<div class=\"elementor-column elementor-col-50 elementor-top-column elementor-element elementor-element-39d9d37c\" data-id=\"39d9d37c\" data-element_type=\"column\">\n\t\t\t<div class=\"elementor-widget-wrap elementor-element-populated\">\n\t\t\t\t\t\t<div class=\"elementor-element elementor-element-42769dc6 elementor-widget__width-initial elementor-widget elementor-widget-text-editor\" data-id=\"42769dc6\" data-element_type=\"widget\" data-widget_type=\"text-editor.default\">\n\t\t\t\t<div class=\"elementor-widget-container\">\n\t\t\t\t\t\t\t\t\t<p>Sie wurde 1957 in Kranj geboren und lebt in Le\u0161e bei Tr\u017ei\u010d. Seit ihrem siebten Lebensjahr k\u00e4mpft sie mit Diabetes und dem daraus resultierenden Verlust ihres Sehverm\u00f6gens. Sie hat noch 5% an Sehkraft. Nachdem sie in ein neues Haus in Le\u0161e gezogen war und sich zur Ruhe gesetzt hatte, begann sie zusammen mit ihrem Mann zu malen. Ihre sch\u00f6nsten Motive sind Blumen und Stillleben in Acryl und Pastell, aber sie versucht sich auch an der Abstraktion.<\/p><p>Sie wurde im Blinden- und Sehbehindertenverband Kranj ausgebildet, wo Marjeta \u017dohar, Ivan Stojan Rutar, Izidor Jalovec, Bolislav \u010ceru und Vinko Hleb\u0161 als Mentoren t\u00e4tig waren, sowie im Paraplegikerverband Sloweniens, wo Jo\u017ee Potokar, Rasso Causevig und andere Mentoren t\u00e4tig sind.<\/p><p>Das Ergebnis dieser Ausbildung sind Gem\u00e4lde, die von Kunsthistorikern sehr positiv bewertet wurden, und Ana wurde ermutigt, sie auszustellen. Bislang hatte sie 25 Gruppenausstellungen und eine gemeinsam mit ihrem Mann Boris \u0160ter.<\/p><p>Technik: Acryl auf Leinwand<br \/>Gr\u00f6\u00dfe: 50 x 70 cm<br \/>Ort und Jahr der Erstellung: 2019<br \/>Beschreibung: Mit diesem Bild wollte ich zeigen, dass jedes Ding oder jede Handlung von jedem Menschen anders gesehen wird. Deshalb hat der untere Teil der Leinwand k\u00fchle T\u00f6ne, w\u00e4hrend der obere Teil warme T\u00f6ne hat. Es gibt eine partielle Kluft zwischen ihnen, die durch ein symbolisches Auge verbunden ist, das \u00fcber das Licht oder die Dunkelheit hinausschaut.<\/p><p>\u00a0<\/p><p>\u00a0<\/p><p>\u00a0<\/p><p>\u00a0<\/p><p>\u00a0<\/p>\t\t\t\t\t\t\t\t<\/div>\n\t\t\t\t<\/div>\n\t\t\t\t\t<\/div>\n\t\t<\/div>\n\t\t\t\t\t<\/div>\n\t\t<\/section>\n\t\t\t\t<\/div>","protected":false},"featured_media":69911,"template":"","vrsta":[14],"class_list":["post-69624","razstave","type-razstave","status-publish","has-post-thumbnail","hentry","vrsta-onstran-svetlobe"],"yoast_head":"<!-- This site is optimized with the Yoast SEO plugin v27.5 - https:\/\/yoast.com\/product\/yoast-seo-wordpress\/ -->\n<title>ANA \u0160TER &#8211; Pokrajinski muzej Maribor<\/title>\n<meta name=\"robots\" content=\"index, follow, max-snippet:-1, max-image-preview:large, max-video-preview:-1\" \/>\n<link rel=\"canonical\" href=\"https:\/\/museum-mb.si\/de\/ausstellungen\/ana-ster\/\" \/>\n<meta property=\"og:locale\" content=\"de_DE\" \/>\n<meta property=\"og:type\" content=\"article\" \/>\n<meta property=\"og:title\" content=\"ANA \u0160TER &#8211; Pokrajinski muzej Maribor\" \/>\n<meta property=\"og:description\" content=\"RAZISKUJ ONSTRAN SVETLOBE Edina tema, ki obstaja, je neznanje. (W. Shakespeare) Ana \u0160ter Ana \u0160ter, Pogled, akril Rojena je 1957 v Kranju in \u017eivi v Le\u0161ah pri Tr\u017ei\u010du. Od sedmega leta se spopada s sladkorno boleznijo in posledi\u010dno izgubo vida. Ostalo ji je 5% vida. Po preselitvi v nov dom v Le\u0161e in po upokojitvi [&hellip;]\" \/>\n<meta property=\"og:url\" content=\"https:\/\/museum-mb.si\/de\/ausstellungen\/ana-ster\/\" \/>\n<meta property=\"og:site_name\" content=\"Pokrajinski muzej Maribor\" \/>\n<meta property=\"article:publisher\" content=\"https:\/\/www.facebook.com\/pomum123\" \/>\n<meta property=\"article:modified_time\" content=\"2022-09-26T11:49:03+00:00\" \/>\n<meta property=\"og:image\" content=\"https:\/\/museum-mb.si\/wp-content\/uploads\/2022\/09\/Ana-Ster-uai-720x515-1.jpg\" \/>\n\t<meta property=\"og:image:width\" content=\"720\" \/>\n\t<meta property=\"og:image:height\" content=\"515\" \/>\n\t<meta property=\"og:image:type\" content=\"image\/jpeg\" \/>\n<meta name=\"twitter:card\" content=\"summary_large_image\" \/>\n<meta name=\"twitter:label1\" content=\"Gesch\u00e4tzte Lesezeit\" \/>\n\t<meta name=\"twitter:data1\" content=\"1\u00a0Minute\" \/>\n<script type=\"application\/ld+json\" class=\"yoast-schema-graph\">{\"@context\":\"https:\\\/\\\/schema.org\",\"@graph\":[{\"@type\":\"WebPage\",\"@id\":\"https:\\\/\\\/museum-mb.si\\\/razstave\\\/ana-ster\\\/\",\"url\":\"https:\\\/\\\/museum-mb.si\\\/razstave\\\/ana-ster\\\/\",\"name\":\"ANA \u0160TER &#8211; Pokrajinski muzej Maribor\",\"isPartOf\":{\"@id\":\"https:\\\/\\\/museum-mb.si\\\/#website\"},\"primaryImageOfPage\":{\"@id\":\"https:\\\/\\\/museum-mb.si\\\/razstave\\\/ana-ster\\\/#primaryimage\"},\"image\":{\"@id\":\"https:\\\/\\\/museum-mb.si\\\/razstave\\\/ana-ster\\\/#primaryimage\"},\"thumbnailUrl\":\"https:\\\/\\\/museum-mb.si\\\/wp-content\\\/uploads\\\/2022\\\/09\\\/Ana-Ster-uai-720x515-1.jpg\",\"datePublished\":\"2022-09-01T17:53:23+00:00\",\"dateModified\":\"2022-09-26T11:49:03+00:00\",\"breadcrumb\":{\"@id\":\"https:\\\/\\\/museum-mb.si\\\/razstave\\\/ana-ster\\\/#breadcrumb\"},\"inLanguage\":\"de\",\"potentialAction\":[{\"@type\":\"ReadAction\",\"target\":[\"https:\\\/\\\/museum-mb.si\\\/razstave\\\/ana-ster\\\/\"]}]},{\"@type\":\"ImageObject\",\"inLanguage\":\"de\",\"@id\":\"https:\\\/\\\/museum-mb.si\\\/razstave\\\/ana-ster\\\/#primaryimage\",\"url\":\"https:\\\/\\\/museum-mb.si\\\/wp-content\\\/uploads\\\/2022\\\/09\\\/Ana-Ster-uai-720x515-1.jpg\",\"contentUrl\":\"https:\\\/\\\/museum-mb.si\\\/wp-content\\\/uploads\\\/2022\\\/09\\\/Ana-Ster-uai-720x515-1.jpg\",\"width\":720,\"height\":515},{\"@type\":\"BreadcrumbList\",\"@id\":\"https:\\\/\\\/museum-mb.si\\\/razstave\\\/ana-ster\\\/#breadcrumb\",\"itemListElement\":[{\"@type\":\"ListItem\",\"position\":1,\"name\":\"Domov\",\"item\":\"https:\\\/\\\/museum-mb.si\\\/\"},{\"@type\":\"ListItem\",\"position\":2,\"name\":\"Razstave\",\"item\":\"https:\\\/\\\/museum-mb.si\\\/razstave\\\/\"},{\"@type\":\"ListItem\",\"position\":3,\"name\":\"ANA \u0160TER\"}]},{\"@type\":\"WebSite\",\"@id\":\"https:\\\/\\\/museum-mb.si\\\/#website\",\"url\":\"https:\\\/\\\/museum-mb.si\\\/\",\"name\":\"Pokrajinski muzej Maribor\",\"description\":\"\",\"publisher\":{\"@id\":\"https:\\\/\\\/museum-mb.si\\\/#organization\"},\"potentialAction\":[{\"@type\":\"SearchAction\",\"target\":{\"@type\":\"EntryPoint\",\"urlTemplate\":\"https:\\\/\\\/museum-mb.si\\\/?s={search_term_string}\"},\"query-input\":{\"@type\":\"PropertyValueSpecification\",\"valueRequired\":true,\"valueName\":\"search_term_string\"}}],\"inLanguage\":\"de\"},{\"@type\":\"Organization\",\"@id\":\"https:\\\/\\\/museum-mb.si\\\/#organization\",\"name\":\"Pokrajinski muzej Maribor\",\"url\":\"https:\\\/\\\/museum-mb.si\\\/\",\"logo\":{\"@type\":\"ImageObject\",\"inLanguage\":\"de\",\"@id\":\"https:\\\/\\\/museum-mb.si\\\/#\\\/schema\\\/logo\\\/image\\\/\",\"url\":\"https:\\\/\\\/museum-mb.si\\\/wp-content\\\/uploads\\\/2024\\\/12\\\/pmm_logo_barvni_jpeg.jpg\",\"contentUrl\":\"https:\\\/\\\/museum-mb.si\\\/wp-content\\\/uploads\\\/2024\\\/12\\\/pmm_logo_barvni_jpeg.jpg\",\"width\":758,\"height\":754,\"caption\":\"Pokrajinski muzej Maribor\"},\"image\":{\"@id\":\"https:\\\/\\\/museum-mb.si\\\/#\\\/schema\\\/logo\\\/image\\\/\"},\"sameAs\":[\"https:\\\/\\\/www.facebook.com\\\/pomum123\",\"https:\\\/\\\/www.instagram.com\\\/maribor_museum\\\/\",\"https:\\\/\\\/www.youtube.com\\\/channel\\\/UCdshtCrun841Oc-35tYLBGQ\"]}]}<\/script>\n<!-- \/ Yoast SEO plugin. -->","yoast_head_json":{"title":"ANA \u0160TER &#8211; Pokrajinski muzej Maribor","robots":{"index":"index","follow":"follow","max-snippet":"max-snippet:-1","max-image-preview":"max-image-preview:large","max-video-preview":"max-video-preview:-1"},"canonical":"https:\/\/museum-mb.si\/de\/ausstellungen\/ana-ster\/","og_locale":"de_DE","og_type":"article","og_title":"ANA \u0160TER &#8211; Pokrajinski muzej Maribor","og_description":"RAZISKUJ ONSTRAN SVETLOBE Edina tema, ki obstaja, je neznanje. (W. Shakespeare) Ana \u0160ter Ana \u0160ter, Pogled, akril Rojena je 1957 v Kranju in \u017eivi v Le\u0161ah pri Tr\u017ei\u010du. Od sedmega leta se spopada s sladkorno boleznijo in posledi\u010dno izgubo vida. Ostalo ji je 5% vida. Po preselitvi v nov dom v Le\u0161e in po upokojitvi [&hellip;]","og_url":"https:\/\/museum-mb.si\/de\/ausstellungen\/ana-ster\/","og_site_name":"Pokrajinski muzej Maribor","article_publisher":"https:\/\/www.facebook.com\/pomum123","article_modified_time":"2022-09-26T11:49:03+00:00","og_image":[{"width":720,"height":515,"url":"https:\/\/museum-mb.si\/wp-content\/uploads\/2022\/09\/Ana-Ster-uai-720x515-1.jpg","type":"image\/jpeg"}],"twitter_card":"summary_large_image","twitter_misc":{"Gesch\u00e4tzte Lesezeit":"1\u00a0Minute"},"schema":{"@context":"https:\/\/schema.org","@graph":[{"@type":"WebPage","@id":"https:\/\/museum-mb.si\/razstave\/ana-ster\/","url":"https:\/\/museum-mb.si\/razstave\/ana-ster\/","name":"ANA \u0160TER &#8211; Pokrajinski muzej Maribor","isPartOf":{"@id":"https:\/\/museum-mb.si\/#website"},"primaryImageOfPage":{"@id":"https:\/\/museum-mb.si\/razstave\/ana-ster\/#primaryimage"},"image":{"@id":"https:\/\/museum-mb.si\/razstave\/ana-ster\/#primaryimage"},"thumbnailUrl":"https:\/\/museum-mb.si\/wp-content\/uploads\/2022\/09\/Ana-Ster-uai-720x515-1.jpg","datePublished":"2022-09-01T17:53:23+00:00","dateModified":"2022-09-26T11:49:03+00:00","breadcrumb":{"@id":"https:\/\/museum-mb.si\/razstave\/ana-ster\/#breadcrumb"},"inLanguage":"de","potentialAction":[{"@type":"ReadAction","target":["https:\/\/museum-mb.si\/razstave\/ana-ster\/"]}]},{"@type":"ImageObject","inLanguage":"de","@id":"https:\/\/museum-mb.si\/razstave\/ana-ster\/#primaryimage","url":"https:\/\/museum-mb.si\/wp-content\/uploads\/2022\/09\/Ana-Ster-uai-720x515-1.jpg","contentUrl":"https:\/\/museum-mb.si\/wp-content\/uploads\/2022\/09\/Ana-Ster-uai-720x515-1.jpg","width":720,"height":515},{"@type":"BreadcrumbList","@id":"https:\/\/museum-mb.si\/razstave\/ana-ster\/#breadcrumb","itemListElement":[{"@type":"ListItem","position":1,"name":"Domov","item":"https:\/\/museum-mb.si\/"},{"@type":"ListItem","position":2,"name":"Razstave","item":"https:\/\/museum-mb.si\/razstave\/"},{"@type":"ListItem","position":3,"name":"ANA \u0160TER"}]},{"@type":"WebSite","@id":"https:\/\/museum-mb.si\/#website","url":"https:\/\/museum-mb.si\/","name":"Regionalmuseum Maribor","description":"","publisher":{"@id":"https:\/\/museum-mb.si\/#organization"},"potentialAction":[{"@type":"SearchAction","target":{"@type":"EntryPoint","urlTemplate":"https:\/\/museum-mb.si\/?s={search_term_string}"},"query-input":{"@type":"PropertyValueSpecification","valueRequired":true,"valueName":"search_term_string"}}],"inLanguage":"de"},{"@type":"Organization","@id":"https:\/\/museum-mb.si\/#organization","name":"Regionalmuseum Maribor","url":"https:\/\/museum-mb.si\/","logo":{"@type":"ImageObject","inLanguage":"de","@id":"https:\/\/museum-mb.si\/#\/schema\/logo\/image\/","url":"https:\/\/museum-mb.si\/wp-content\/uploads\/2024\/12\/pmm_logo_barvni_jpeg.jpg","contentUrl":"https:\/\/museum-mb.si\/wp-content\/uploads\/2024\/12\/pmm_logo_barvni_jpeg.jpg","width":758,"height":754,"caption":"Pokrajinski muzej Maribor"},"image":{"@id":"https:\/\/museum-mb.si\/#\/schema\/logo\/image\/"},"sameAs":["https:\/\/www.facebook.com\/pomum123","https:\/\/www.instagram.com\/maribor_museum\/","https:\/\/www.youtube.com\/channel\/UCdshtCrun841Oc-35tYLBGQ"]}]}},"_links":{"self":[{"href":"https:\/\/museum-mb.si\/de\/wp-json\/wp\/v2\/razstave\/69624","targetHints":{"allow":["GET"]}}],"collection":[{"href":"https:\/\/museum-mb.si\/de\/wp-json\/wp\/v2\/razstave"}],"about":[{"href":"https:\/\/museum-mb.si\/de\/wp-json\/wp\/v2\/types\/razstave"}],"version-history":[{"count":23,"href":"https:\/\/museum-mb.si\/de\/wp-json\/wp\/v2\/razstave\/69624\/revisions"}],"predecessor-version":[{"id":73890,"href":"https:\/\/museum-mb.si\/de\/wp-json\/wp\/v2\/razstave\/69624\/revisions\/73890"}],"wp:featuredmedia":[{"embeddable":true,"href":"https:\/\/museum-mb.si\/de\/wp-json\/wp\/v2\/media\/69911"}],"wp:attachment":[{"href":"https:\/\/museum-mb.si\/de\/wp-json\/wp\/v2\/media?parent=69624"}],"wp:term":[{"taxonomy":"vrsta","embeddable":true,"href":"https:\/\/museum-mb.si\/de\/wp-json\/wp\/v2\/vrsta?post=69624"}],"curies":[{"name":"wp","href":"https:\/\/api.w.org\/{rel}","templated":true}]}}