{"id":69152,"date":"2023-07-25T07:05:10","date_gmt":"2023-07-25T06:05:10","guid":{"rendered":"https:\/\/nova.museum-mb.si\/?post_type=razstave&#038;p=69152"},"modified":"2024-09-11T08:12:03","modified_gmt":"2024-09-11T07:12:03","slug":"tapferer-tuberkuller","status":"publish","type":"razstave","link":"https:\/\/museum-mb.si\/de\/ausstellungen\/tapferer-tuberkuller\/","title":{"rendered":"TAPFERER KLEINER SCHUH"},"content":{"rendered":"<div data-elementor-type=\"wp-post\" data-elementor-id=\"69152\" class=\"elementor elementor-69152\" data-elementor-post-type=\"razstave\">\n\t\t\t\t\t\t<section class=\"elementor-section elementor-top-section elementor-element elementor-element-d3d9b68 elementor-section-boxed elementor-section-height-default elementor-section-height-default\" data-id=\"d3d9b68\" data-element_type=\"section\" data-settings=\"{&quot;jet_parallax_layout_list&quot;:[]}\">\n\t\t\t\t\t\t<div class=\"elementor-container elementor-column-gap-default\">\n\t\t\t\t\t<div class=\"elementor-column elementor-col-100 elementor-top-column elementor-element elementor-element-f3e8723\" data-id=\"f3e8723\" data-element_type=\"column\">\n\t\t\t<div class=\"elementor-widget-wrap elementor-element-populated\">\n\t\t\t\t\t\t<div class=\"elementor-element elementor-element-61949a8 elementor-widget elementor-widget-heading\" data-id=\"61949a8\" data-element_type=\"widget\" data-widget_type=\"heading.default\">\n\t\t\t\t<div class=\"elementor-widget-container\">\n\t\t\t\t\t<h2 class=\"elementor-heading-title elementor-size-default\">DAS TAPFERE KLEINE SCHUHMUSEUM\n<\/h2>\t\t\t\t<\/div>\n\t\t\t\t<\/div>\n\t\t\t\t<div class=\"elementor-element elementor-element-f0c50cc elementor-widget elementor-widget-heading\" data-id=\"f0c50cc\" data-element_type=\"widget\" data-widget_type=\"heading.default\">\n\t\t\t\t<div class=\"elementor-widget-container\">\n\t\t\t\t\t<h2 class=\"elementor-heading-title elementor-size-default\">Gef\u00fchrter Rundgang durch die Ausstellung mit Workshop<\/h2>\t\t\t\t<\/div>\n\t\t\t\t<\/div>\n\t\t\t\t<div class=\"elementor-element elementor-element-c9ec68b elementor-widget elementor-widget-text-editor\" data-id=\"c9ec68b\" data-element_type=\"widget\" data-widget_type=\"text-editor.default\">\n\t\t\t\t<div class=\"elementor-widget-container\">\n\t\t\t\t\t\t\t\t\t<p>Die Kinder reisen 500 Jahre in die Vergangenheit, in eine Zeit, als Maribor von m\u00e4chtigen, breiten und starken Mauern umgeben war. Durch interpretierende Lesungen und komische Bilder erleben sie die Geschichte des tapferen Schuhmachers, der die Stadt vor der t\u00fcrkischen Armee rettete. Sie lernen, die wichtigsten Geb\u00e4ude im Stadtzentrum zu finden, erkunden die nahe gelegenen H\u00fcgel und entdecken auf einem gro\u00dfen Puzzle des alten Maribor die \u00e4lteste Rebe der Fastenzeit. In der Burgbastion erklimmen sie eine Holzbr\u00fccke und erleben, wie Soldaten und B\u00fcrger die Stadt verteidigten. <br \/>unsere Stadt. Sie spazieren durch den Arkadengang des Schlosses und entdecken, dass die Mauern einst wirklich pr\u00e4chtig waren.<\/p><p>Anmeldung: muzejnica@museum-mb.si<\/p><p>Wenn Sie m\u00f6chten, k\u00f6nnen Sie an einem Abonnement f\u00fcr sechs Museumsgalerien teilnehmen, die Sie aus den acht angebotenen ausw\u00e4hlen k\u00f6nnen, oder Sie k\u00f6nnen sich f\u00fcr den Besuch eines einzelnen Museums entscheiden. Der Preis f\u00fcr einen einzelnen Museumsbesuch betr\u00e4gt 3 \u20ac pro Kind und der Preis f\u00fcr eine Dauerkarte f\u00fcr sechs Museumsbesuche betr\u00e4gt 15 \u20ac pro Kind. F\u00fcr Gruppen mit weniger als 10 Personen ist der Preis f\u00fcr das Programm einheitlich und betr\u00e4gt 30 \u20ac f\u00fcr die gesamte Gruppe.<\/p><p>Weitere Informationen und die gesamte Palette der Museumsdienste finden Sie unter\u00a0<a href=\"https:\/\/museum-mb.si\/wp-content\/uploads\/2024\/09\/Muzejnice-2024-2025.pdf\" target=\"_blank\" rel=\"noopener\">HIER<\/a>.\u00a0<\/p><p>Weitere Informationen erhalten Sie unter den Telefonnummern 02 228 35 58 und 02 228 35 58 (Montag bis Freitag, 8.00-15.00 Uhr).<\/p>\t\t\t\t\t\t\t\t<\/div>\n\t\t\t\t<\/div>\n\t\t\t\t<div class=\"elementor-element elementor-element-1dc11a4 elementor-widget elementor-widget-image\" data-id=\"1dc11a4\" data-element_type=\"widget\" data-widget_type=\"image.default\">\n\t\t\t\t<div class=\"elementor-widget-container\">\n\t\t\t\t\t\t\t\t\t\t\t\t\t\t\t<img fetchpriority=\"high\" decoding=\"async\" width=\"768\" height=\"512\" src=\"https:\/\/museum-mb.si\/wp-content\/uploads\/2023\/07\/image00026-768x512.jpeg\" class=\"attachment-medium_large size-medium_large wp-image-75827\" alt=\"\" srcset=\"https:\/\/museum-mb.si\/wp-content\/uploads\/2023\/07\/image00026-768x512.jpeg.webp 768w, https:\/\/museum-mb.si\/wp-content\/uploads\/2023\/07\/image00026-300x200.jpeg.webp 300w, https:\/\/museum-mb.si\/wp-content\/uploads\/2023\/07\/image00026-1024x683.jpeg.webp 1024w, https:\/\/museum-mb.si\/wp-content\/uploads\/2023\/07\/image00026-1536x1024.jpeg.webp 1536w, https:\/\/museum-mb.si\/wp-content\/uploads\/2023\/07\/image00026-2048x1366.jpeg.webp 2048w, https:\/\/museum-mb.si\/wp-content\/uploads\/2023\/07\/image00026-18x12.jpeg.webp 18w\" sizes=\"(max-width: 768px) 100vw, 768px\" \/>\t\t\t\t\t\t\t\t\t\t\t\t\t\t\t<\/div>\n\t\t\t\t<\/div>\n\t\t\t\t\t<\/div>\n\t\t<\/div>\n\t\t\t\t\t<\/div>\n\t\t<\/section>\n\t\t\t\t<\/div>","protected":false},"featured_media":77820,"template":"","vrsta":[16],"class_list":["post-69152","razstave","type-razstave","status-publish","has-post-thumbnail","hentry","vrsta-muzejnice"],"yoast_head":"<!-- This site is optimized with the Yoast SEO plugin v27.5 - https:\/\/yoast.com\/product\/yoast-seo-wordpress\/ -->\n<title>POGUMNI \u010cEVLJAR\u010cEK &#8211; Pokrajinski muzej Maribor<\/title>\n<meta name=\"robots\" content=\"index, follow, max-snippet:-1, max-image-preview:large, max-video-preview:-1\" \/>\n<link rel=\"canonical\" href=\"https:\/\/museum-mb.si\/de\/ausstellungen\/tapferer-tuberkuller\/\" \/>\n<meta property=\"og:locale\" content=\"de_DE\" \/>\n<meta property=\"og:type\" content=\"article\" \/>\n<meta property=\"og:title\" content=\"POGUMNI \u010cEVLJAR\u010cEK &#8211; Pokrajinski muzej Maribor\" \/>\n<meta property=\"og:description\" content=\"MUZEJNICA POGUMNI \u010cEVLJAR\u010cEK Vodeni ogled razstave z delavnico Otroci se podajo 500 let v preteklost, v \u010das, ko je Maribor obdajalo mogo\u010dno, \u0161iroko in trdno obzidje. Ob interpretativnem branju in stripovskih podobah do\u017eivijo zgodbo o pogumnem \u010devljar\u010dku, ki je mesto re\u0161il pred tur\u0161ko vojsko. Na veliki sestavljanki starega Maribora se nau\u010dijo locirati najpomembnej\u0161e stavbe v [&hellip;]\" \/>\n<meta property=\"og:url\" content=\"https:\/\/museum-mb.si\/de\/ausstellungen\/tapferer-tuberkuller\/\" \/>\n<meta property=\"og:site_name\" content=\"Pokrajinski muzej Maribor\" \/>\n<meta property=\"article:publisher\" content=\"https:\/\/www.facebook.com\/pomum123\" \/>\n<meta property=\"article:modified_time\" content=\"2024-09-11T07:12:03+00:00\" \/>\n<meta property=\"og:image\" content=\"https:\/\/museum-mb.si\/wp-content\/uploads\/2023\/07\/cevljarcek.jpg\" \/>\n\t<meta property=\"og:image:width\" content=\"800\" \/>\n\t<meta property=\"og:image:height\" content=\"800\" \/>\n\t<meta property=\"og:image:type\" content=\"image\/jpeg\" \/>\n<meta name=\"twitter:card\" content=\"summary_large_image\" \/>\n<meta name=\"twitter:label1\" content=\"Gesch\u00e4tzte Lesezeit\" \/>\n\t<meta name=\"twitter:data1\" content=\"1\u00a0Minute\" \/>\n<script type=\"application\/ld+json\" class=\"yoast-schema-graph\">{\"@context\":\"https:\\\/\\\/schema.org\",\"@graph\":[{\"@type\":\"WebPage\",\"@id\":\"https:\\\/\\\/museum-mb.si\\\/razstave\\\/pogumni-cevljarcek\\\/\",\"url\":\"https:\\\/\\\/museum-mb.si\\\/razstave\\\/pogumni-cevljarcek\\\/\",\"name\":\"POGUMNI \u010cEVLJAR\u010cEK &#8211; Pokrajinski muzej Maribor\",\"isPartOf\":{\"@id\":\"https:\\\/\\\/museum-mb.si\\\/#website\"},\"primaryImageOfPage\":{\"@id\":\"https:\\\/\\\/museum-mb.si\\\/razstave\\\/pogumni-cevljarcek\\\/#primaryimage\"},\"image\":{\"@id\":\"https:\\\/\\\/museum-mb.si\\\/razstave\\\/pogumni-cevljarcek\\\/#primaryimage\"},\"thumbnailUrl\":\"https:\\\/\\\/museum-mb.si\\\/wp-content\\\/uploads\\\/2023\\\/07\\\/cevljarcek.jpg\",\"datePublished\":\"2023-07-25T06:05:10+00:00\",\"dateModified\":\"2024-09-11T07:12:03+00:00\",\"breadcrumb\":{\"@id\":\"https:\\\/\\\/museum-mb.si\\\/razstave\\\/pogumni-cevljarcek\\\/#breadcrumb\"},\"inLanguage\":\"de\",\"potentialAction\":[{\"@type\":\"ReadAction\",\"target\":[\"https:\\\/\\\/museum-mb.si\\\/razstave\\\/pogumni-cevljarcek\\\/\"]}]},{\"@type\":\"ImageObject\",\"inLanguage\":\"de\",\"@id\":\"https:\\\/\\\/museum-mb.si\\\/razstave\\\/pogumni-cevljarcek\\\/#primaryimage\",\"url\":\"https:\\\/\\\/museum-mb.si\\\/wp-content\\\/uploads\\\/2023\\\/07\\\/cevljarcek.jpg\",\"contentUrl\":\"https:\\\/\\\/museum-mb.si\\\/wp-content\\\/uploads\\\/2023\\\/07\\\/cevljarcek.jpg\",\"width\":800,\"height\":800},{\"@type\":\"BreadcrumbList\",\"@id\":\"https:\\\/\\\/museum-mb.si\\\/razstave\\\/pogumni-cevljarcek\\\/#breadcrumb\",\"itemListElement\":[{\"@type\":\"ListItem\",\"position\":1,\"name\":\"Domov\",\"item\":\"https:\\\/\\\/museum-mb.si\\\/\"},{\"@type\":\"ListItem\",\"position\":2,\"name\":\"Razstave\",\"item\":\"https:\\\/\\\/museum-mb.si\\\/razstave\\\/\"},{\"@type\":\"ListItem\",\"position\":3,\"name\":\"POGUMNI \u010cEVLJAR\u010cEK\"}]},{\"@type\":\"WebSite\",\"@id\":\"https:\\\/\\\/museum-mb.si\\\/#website\",\"url\":\"https:\\\/\\\/museum-mb.si\\\/\",\"name\":\"Pokrajinski muzej Maribor\",\"description\":\"\",\"publisher\":{\"@id\":\"https:\\\/\\\/museum-mb.si\\\/#organization\"},\"potentialAction\":[{\"@type\":\"SearchAction\",\"target\":{\"@type\":\"EntryPoint\",\"urlTemplate\":\"https:\\\/\\\/museum-mb.si\\\/?s={search_term_string}\"},\"query-input\":{\"@type\":\"PropertyValueSpecification\",\"valueRequired\":true,\"valueName\":\"search_term_string\"}}],\"inLanguage\":\"de\"},{\"@type\":\"Organization\",\"@id\":\"https:\\\/\\\/museum-mb.si\\\/#organization\",\"name\":\"Pokrajinski muzej Maribor\",\"url\":\"https:\\\/\\\/museum-mb.si\\\/\",\"logo\":{\"@type\":\"ImageObject\",\"inLanguage\":\"de\",\"@id\":\"https:\\\/\\\/museum-mb.si\\\/#\\\/schema\\\/logo\\\/image\\\/\",\"url\":\"https:\\\/\\\/museum-mb.si\\\/wp-content\\\/uploads\\\/2024\\\/12\\\/pmm_logo_barvni_jpeg.jpg\",\"contentUrl\":\"https:\\\/\\\/museum-mb.si\\\/wp-content\\\/uploads\\\/2024\\\/12\\\/pmm_logo_barvni_jpeg.jpg\",\"width\":758,\"height\":754,\"caption\":\"Pokrajinski muzej Maribor\"},\"image\":{\"@id\":\"https:\\\/\\\/museum-mb.si\\\/#\\\/schema\\\/logo\\\/image\\\/\"},\"sameAs\":[\"https:\\\/\\\/www.facebook.com\\\/pomum123\",\"https:\\\/\\\/www.instagram.com\\\/maribor_museum\\\/\",\"https:\\\/\\\/www.youtube.com\\\/channel\\\/UCdshtCrun841Oc-35tYLBGQ\"]}]}<\/script>\n<!-- \/ Yoast SEO plugin. -->","yoast_head_json":{"title":"POGUMNI \u010cEVLJAR\u010cEK &#8211; Pokrajinski muzej Maribor","robots":{"index":"index","follow":"follow","max-snippet":"max-snippet:-1","max-image-preview":"max-image-preview:large","max-video-preview":"max-video-preview:-1"},"canonical":"https:\/\/museum-mb.si\/de\/ausstellungen\/tapferer-tuberkuller\/","og_locale":"de_DE","og_type":"article","og_title":"POGUMNI \u010cEVLJAR\u010cEK &#8211; Pokrajinski muzej Maribor","og_description":"MUZEJNICA POGUMNI \u010cEVLJAR\u010cEK Vodeni ogled razstave z delavnico Otroci se podajo 500 let v preteklost, v \u010das, ko je Maribor obdajalo mogo\u010dno, \u0161iroko in trdno obzidje. Ob interpretativnem branju in stripovskih podobah do\u017eivijo zgodbo o pogumnem \u010devljar\u010dku, ki je mesto re\u0161il pred tur\u0161ko vojsko. Na veliki sestavljanki starega Maribora se nau\u010dijo locirati najpomembnej\u0161e stavbe v [&hellip;]","og_url":"https:\/\/museum-mb.si\/de\/ausstellungen\/tapferer-tuberkuller\/","og_site_name":"Pokrajinski muzej Maribor","article_publisher":"https:\/\/www.facebook.com\/pomum123","article_modified_time":"2024-09-11T07:12:03+00:00","og_image":[{"width":800,"height":800,"url":"https:\/\/museum-mb.si\/wp-content\/uploads\/2023\/07\/cevljarcek.jpg","type":"image\/jpeg"}],"twitter_card":"summary_large_image","twitter_misc":{"Gesch\u00e4tzte Lesezeit":"1\u00a0Minute"},"schema":{"@context":"https:\/\/schema.org","@graph":[{"@type":"WebPage","@id":"https:\/\/museum-mb.si\/razstave\/pogumni-cevljarcek\/","url":"https:\/\/museum-mb.si\/razstave\/pogumni-cevljarcek\/","name":"POGUMNI \u010cEVLJAR\u010cEK &#8211; Pokrajinski muzej Maribor","isPartOf":{"@id":"https:\/\/museum-mb.si\/#website"},"primaryImageOfPage":{"@id":"https:\/\/museum-mb.si\/razstave\/pogumni-cevljarcek\/#primaryimage"},"image":{"@id":"https:\/\/museum-mb.si\/razstave\/pogumni-cevljarcek\/#primaryimage"},"thumbnailUrl":"https:\/\/museum-mb.si\/wp-content\/uploads\/2023\/07\/cevljarcek.jpg","datePublished":"2023-07-25T06:05:10+00:00","dateModified":"2024-09-11T07:12:03+00:00","breadcrumb":{"@id":"https:\/\/museum-mb.si\/razstave\/pogumni-cevljarcek\/#breadcrumb"},"inLanguage":"de","potentialAction":[{"@type":"ReadAction","target":["https:\/\/museum-mb.si\/razstave\/pogumni-cevljarcek\/"]}]},{"@type":"ImageObject","inLanguage":"de","@id":"https:\/\/museum-mb.si\/razstave\/pogumni-cevljarcek\/#primaryimage","url":"https:\/\/museum-mb.si\/wp-content\/uploads\/2023\/07\/cevljarcek.jpg","contentUrl":"https:\/\/museum-mb.si\/wp-content\/uploads\/2023\/07\/cevljarcek.jpg","width":800,"height":800},{"@type":"BreadcrumbList","@id":"https:\/\/museum-mb.si\/razstave\/pogumni-cevljarcek\/#breadcrumb","itemListElement":[{"@type":"ListItem","position":1,"name":"Domov","item":"https:\/\/museum-mb.si\/"},{"@type":"ListItem","position":2,"name":"Razstave","item":"https:\/\/museum-mb.si\/razstave\/"},{"@type":"ListItem","position":3,"name":"POGUMNI \u010cEVLJAR\u010cEK"}]},{"@type":"WebSite","@id":"https:\/\/museum-mb.si\/#website","url":"https:\/\/museum-mb.si\/","name":"Regionalmuseum Maribor","description":"","publisher":{"@id":"https:\/\/museum-mb.si\/#organization"},"potentialAction":[{"@type":"SearchAction","target":{"@type":"EntryPoint","urlTemplate":"https:\/\/museum-mb.si\/?s={search_term_string}"},"query-input":{"@type":"PropertyValueSpecification","valueRequired":true,"valueName":"search_term_string"}}],"inLanguage":"de"},{"@type":"Organization","@id":"https:\/\/museum-mb.si\/#organization","name":"Regionalmuseum Maribor","url":"https:\/\/museum-mb.si\/","logo":{"@type":"ImageObject","inLanguage":"de","@id":"https:\/\/museum-mb.si\/#\/schema\/logo\/image\/","url":"https:\/\/museum-mb.si\/wp-content\/uploads\/2024\/12\/pmm_logo_barvni_jpeg.jpg","contentUrl":"https:\/\/museum-mb.si\/wp-content\/uploads\/2024\/12\/pmm_logo_barvni_jpeg.jpg","width":758,"height":754,"caption":"Pokrajinski muzej Maribor"},"image":{"@id":"https:\/\/museum-mb.si\/#\/schema\/logo\/image\/"},"sameAs":["https:\/\/www.facebook.com\/pomum123","https:\/\/www.instagram.com\/maribor_museum\/","https:\/\/www.youtube.com\/channel\/UCdshtCrun841Oc-35tYLBGQ"]}]}},"_links":{"self":[{"href":"https:\/\/museum-mb.si\/de\/wp-json\/wp\/v2\/razstave\/69152","targetHints":{"allow":["GET"]}}],"collection":[{"href":"https:\/\/museum-mb.si\/de\/wp-json\/wp\/v2\/razstave"}],"about":[{"href":"https:\/\/museum-mb.si\/de\/wp-json\/wp\/v2\/types\/razstave"}],"version-history":[{"count":42,"href":"https:\/\/museum-mb.si\/de\/wp-json\/wp\/v2\/razstave\/69152\/revisions"}],"predecessor-version":[{"id":77823,"href":"https:\/\/museum-mb.si\/de\/wp-json\/wp\/v2\/razstave\/69152\/revisions\/77823"}],"wp:featuredmedia":[{"embeddable":true,"href":"https:\/\/museum-mb.si\/de\/wp-json\/wp\/v2\/media\/77820"}],"wp:attachment":[{"href":"https:\/\/museum-mb.si\/de\/wp-json\/wp\/v2\/media?parent=69152"}],"wp:term":[{"taxonomy":"vrsta","embeddable":true,"href":"https:\/\/museum-mb.si\/de\/wp-json\/wp\/v2\/vrsta?post=69152"}],"curies":[{"name":"wp","href":"https:\/\/api.w.org\/{rel}","templated":true}]}}