{"id":69146,"date":"2023-07-25T07:01:55","date_gmt":"2023-07-25T06:01:55","guid":{"rendered":"https:\/\/nova.museum-mb.si\/?post_type=razstave&#038;p=69146"},"modified":"2024-09-11T08:14:51","modified_gmt":"2024-09-11T07:14:51","slug":"kleidet-die-menschen","status":"publish","type":"razstave","link":"https:\/\/museum-mb.si\/de\/ausstellungen\/kleidet-die-menschen\/","title":{"rendered":"EIN R\u00d6MER F\u00dcR EINEN TAG"},"content":{"rendered":"<div data-elementor-type=\"wp-post\" data-elementor-id=\"69146\" class=\"elementor elementor-69146\" data-elementor-post-type=\"razstave\">\n\t\t\t\t\t\t<section class=\"elementor-section elementor-top-section elementor-element elementor-element-1ff0f00 elementor-section-boxed elementor-section-height-default elementor-section-height-default\" data-id=\"1ff0f00\" data-element_type=\"section\" data-settings=\"{&quot;jet_parallax_layout_list&quot;:[]}\">\n\t\t\t\t\t\t<div class=\"elementor-container elementor-column-gap-default\">\n\t\t\t\t\t<div class=\"elementor-column elementor-col-100 elementor-top-column elementor-element elementor-element-d4f672d\" data-id=\"d4f672d\" data-element_type=\"column\">\n\t\t\t<div class=\"elementor-widget-wrap elementor-element-populated\">\n\t\t\t\t\t\t<div class=\"elementor-element elementor-element-2070c7d elementor-widget elementor-widget-heading\" data-id=\"2070c7d\" data-element_type=\"widget\" data-widget_type=\"heading.default\">\n\t\t\t\t<div class=\"elementor-widget-container\">\n\t\t\t\t\t<h2 class=\"elementor-heading-title elementor-size-default\">DAS R\u00d6MISCHE MUSEUM F\u00dcR EINEN TAG\n<\/h2>\t\t\t\t<\/div>\n\t\t\t\t<\/div>\n\t\t\t\t<div class=\"elementor-element elementor-element-054e97e elementor-widget elementor-widget-heading\" data-id=\"054e97e\" data-element_type=\"widget\" data-widget_type=\"heading.default\">\n\t\t\t\t<div class=\"elementor-widget-container\">\n\t\t\t\t\t<h2 class=\"elementor-heading-title elementor-size-default\">Gef\u00fchrter Rundgang durch die Ausstellung mit Erlebnisworkshop<\/h2>\t\t\t\t<\/div>\n\t\t\t\t<\/div>\n\t\t\t\t<div class=\"elementor-element elementor-element-6730828 elementor-widget elementor-widget-text-editor\" data-id=\"6730828\" data-element_type=\"widget\" data-widget_type=\"text-editor.default\">\n\t\t\t\t<div class=\"elementor-widget-container\">\n\t\t\t\t\t\t\t\t\t<p>Bei einer kurzen F\u00fchrung durch die Ausstellung lernen die Kinder anhand der ausgestellten Objekte die gro\u00dfen R\u00f6mer kennen. Wir werden sehen, wie sie lebten, sprachen, sich kleideten, a\u00dfen, glaubten und Spa\u00df hatten. Danach folgt ein experimenteller Teil im Unterrichtsbereich: Die Kinder k\u00f6nnen versuchen, mit einer steinernen Handm\u00fchle Weizen zu mahlen, ein Mosaik herzustellen, eine Toga anzuziehen, das r\u00f6mische Spiel Roto zu spielen und auf Wachstafeln zu schreiben.<\/p><p>Anmeldung: muzejnica@museum-mb.si<\/p><p>Wenn Sie m\u00f6chten, k\u00f6nnen Sie an einem Abonnement f\u00fcr sechs Museumsgalerien teilnehmen, die Sie aus den acht angebotenen ausw\u00e4hlen k\u00f6nnen, oder Sie k\u00f6nnen sich f\u00fcr den Besuch eines einzelnen Museums entscheiden. Der Preis f\u00fcr einen einzelnen Museumsbesuch betr\u00e4gt 3 \u20ac pro Kind und der Preis f\u00fcr eine Dauerkarte f\u00fcr sechs Museumsbesuche betr\u00e4gt 15 \u20ac pro Kind. F\u00fcr Gruppen mit weniger als 10 Personen ist der Preis f\u00fcr das Programm einheitlich und betr\u00e4gt 30 \u20ac f\u00fcr die gesamte Gruppe.<\/p><p>Weitere Informationen und die gesamte Palette der Museumsdienste finden Sie unter\u00a0<a href=\"https:\/\/museum-mb.si\/wp-content\/uploads\/2024\/09\/Muzejnice-2024-2025.pdf\" target=\"_blank\" rel=\"noopener\">HIER<\/a>.\u00a0<\/p><p>Weitere Informationen erhalten Sie unter den Telefonnummern 02 228 35 58 und 02 228 35 58 (Montag bis Freitag, 8.00-15.00 Uhr).<\/p>\t\t\t\t\t\t\t\t<\/div>\n\t\t\t\t<\/div>\n\t\t\t\t<div class=\"elementor-element elementor-element-05547cc elementor-widget elementor-widget-image\" data-id=\"05547cc\" data-element_type=\"widget\" data-widget_type=\"image.default\">\n\t\t\t\t<div class=\"elementor-widget-container\">\n\t\t\t\t\t\t\t\t\t\t\t\t\t\t\t<img fetchpriority=\"high\" decoding=\"async\" width=\"768\" height=\"575\" src=\"https:\/\/museum-mb.si\/wp-content\/uploads\/2023\/07\/IMG_9215-768x575.jpg\" class=\"attachment-medium_large size-medium_large wp-image-75830\" alt=\"\" srcset=\"https:\/\/museum-mb.si\/wp-content\/uploads\/2023\/07\/IMG_9215-768x575.jpg.webp 768w, https:\/\/museum-mb.si\/wp-content\/uploads\/2023\/07\/IMG_9215-300x225.jpg.webp 300w, https:\/\/museum-mb.si\/wp-content\/uploads\/2023\/07\/IMG_9215-1024x767.jpg.webp 1024w, https:\/\/museum-mb.si\/wp-content\/uploads\/2023\/07\/IMG_9215-1536x1150.jpg.webp 1536w, https:\/\/museum-mb.si\/wp-content\/uploads\/2023\/07\/IMG_9215-2048x1533.jpg.webp 2048w, https:\/\/museum-mb.si\/wp-content\/uploads\/2023\/07\/IMG_9215-16x12.jpg.webp 16w\" sizes=\"(max-width: 768px) 100vw, 768px\" \/>\t\t\t\t\t\t\t\t\t\t\t\t\t\t\t<\/div>\n\t\t\t\t<\/div>\n\t\t\t\t\t<\/div>\n\t\t<\/div>\n\t\t\t\t\t<\/div>\n\t\t<\/section>\n\t\t\t\t<\/div>","protected":false},"featured_media":77832,"template":"","vrsta":[16],"class_list":["post-69146","razstave","type-razstave","status-publish","has-post-thumbnail","hentry","vrsta-muzejnice"],"yoast_head":"<!-- This site is optimized with the Yoast SEO plugin v27.5 - https:\/\/yoast.com\/product\/yoast-seo-wordpress\/ -->\n<title>RIMLJAN ZA EN DAN &#8211; Pokrajinski muzej Maribor<\/title>\n<meta name=\"robots\" content=\"index, follow, max-snippet:-1, max-image-preview:large, max-video-preview:-1\" \/>\n<link rel=\"canonical\" href=\"https:\/\/museum-mb.si\/de\/ausstellungen\/kleidet-die-menschen\/\" \/>\n<meta property=\"og:locale\" content=\"de_DE\" \/>\n<meta property=\"og:type\" content=\"article\" \/>\n<meta property=\"og:title\" content=\"RIMLJAN ZA EN DAN &#8211; Pokrajinski muzej Maribor\" \/>\n<meta property=\"og:description\" content=\"MUZEJNICA RIMLJAN ZA EN DAN Vodeni ogled razstave z izkustveno delavnico Na kratkem vodstvu po razstavi otroci ob razstavljenih predmetih spoznajo veli\u010dastne Rimljane. Ogledali si bomo, kako so \u017eiveli, govorili, se obla\u010dili, jedli, verovali in se zabavali. Sledil bo izkustveni del v pedago\u0161kem prostoru: otroci bodo lahko poizkusili mleti \u017eito s kamnitim ro\u010dnim mlinom, sestaviti [&hellip;]\" \/>\n<meta property=\"og:url\" content=\"https:\/\/museum-mb.si\/de\/ausstellungen\/kleidet-die-menschen\/\" \/>\n<meta property=\"og:site_name\" content=\"Pokrajinski muzej Maribor\" \/>\n<meta property=\"article:publisher\" content=\"https:\/\/www.facebook.com\/pomum123\" \/>\n<meta property=\"article:modified_time\" content=\"2024-09-11T07:14:51+00:00\" \/>\n<meta property=\"og:image\" content=\"https:\/\/museum-mb.si\/wp-content\/uploads\/2023\/07\/rimljani.jpg\" \/>\n\t<meta property=\"og:image:width\" content=\"800\" \/>\n\t<meta property=\"og:image:height\" content=\"800\" \/>\n\t<meta property=\"og:image:type\" content=\"image\/jpeg\" \/>\n<meta name=\"twitter:card\" content=\"summary_large_image\" \/>\n<meta name=\"twitter:label1\" content=\"Gesch\u00e4tzte Lesezeit\" \/>\n\t<meta name=\"twitter:data1\" content=\"1\u00a0Minute\" \/>\n<script type=\"application\/ld+json\" class=\"yoast-schema-graph\">{\"@context\":\"https:\\\/\\\/schema.org\",\"@graph\":[{\"@type\":\"WebPage\",\"@id\":\"https:\\\/\\\/museum-mb.si\\\/razstave\\\/obleka-naredi-cloveka\\\/\",\"url\":\"https:\\\/\\\/museum-mb.si\\\/razstave\\\/obleka-naredi-cloveka\\\/\",\"name\":\"RIMLJAN ZA EN DAN &#8211; Pokrajinski muzej Maribor\",\"isPartOf\":{\"@id\":\"https:\\\/\\\/museum-mb.si\\\/#website\"},\"primaryImageOfPage\":{\"@id\":\"https:\\\/\\\/museum-mb.si\\\/razstave\\\/obleka-naredi-cloveka\\\/#primaryimage\"},\"image\":{\"@id\":\"https:\\\/\\\/museum-mb.si\\\/razstave\\\/obleka-naredi-cloveka\\\/#primaryimage\"},\"thumbnailUrl\":\"https:\\\/\\\/museum-mb.si\\\/wp-content\\\/uploads\\\/2023\\\/07\\\/rimljani.jpg\",\"datePublished\":\"2023-07-25T06:01:55+00:00\",\"dateModified\":\"2024-09-11T07:14:51+00:00\",\"breadcrumb\":{\"@id\":\"https:\\\/\\\/museum-mb.si\\\/razstave\\\/obleka-naredi-cloveka\\\/#breadcrumb\"},\"inLanguage\":\"de\",\"potentialAction\":[{\"@type\":\"ReadAction\",\"target\":[\"https:\\\/\\\/museum-mb.si\\\/razstave\\\/obleka-naredi-cloveka\\\/\"]}]},{\"@type\":\"ImageObject\",\"inLanguage\":\"de\",\"@id\":\"https:\\\/\\\/museum-mb.si\\\/razstave\\\/obleka-naredi-cloveka\\\/#primaryimage\",\"url\":\"https:\\\/\\\/museum-mb.si\\\/wp-content\\\/uploads\\\/2023\\\/07\\\/rimljani.jpg\",\"contentUrl\":\"https:\\\/\\\/museum-mb.si\\\/wp-content\\\/uploads\\\/2023\\\/07\\\/rimljani.jpg\",\"width\":800,\"height\":800},{\"@type\":\"BreadcrumbList\",\"@id\":\"https:\\\/\\\/museum-mb.si\\\/razstave\\\/obleka-naredi-cloveka\\\/#breadcrumb\",\"itemListElement\":[{\"@type\":\"ListItem\",\"position\":1,\"name\":\"Domov\",\"item\":\"https:\\\/\\\/museum-mb.si\\\/\"},{\"@type\":\"ListItem\",\"position\":2,\"name\":\"Razstave\",\"item\":\"https:\\\/\\\/museum-mb.si\\\/razstave\\\/\"},{\"@type\":\"ListItem\",\"position\":3,\"name\":\"RIMLJAN ZA EN DAN\"}]},{\"@type\":\"WebSite\",\"@id\":\"https:\\\/\\\/museum-mb.si\\\/#website\",\"url\":\"https:\\\/\\\/museum-mb.si\\\/\",\"name\":\"Pokrajinski muzej Maribor\",\"description\":\"\",\"publisher\":{\"@id\":\"https:\\\/\\\/museum-mb.si\\\/#organization\"},\"potentialAction\":[{\"@type\":\"SearchAction\",\"target\":{\"@type\":\"EntryPoint\",\"urlTemplate\":\"https:\\\/\\\/museum-mb.si\\\/?s={search_term_string}\"},\"query-input\":{\"@type\":\"PropertyValueSpecification\",\"valueRequired\":true,\"valueName\":\"search_term_string\"}}],\"inLanguage\":\"de\"},{\"@type\":\"Organization\",\"@id\":\"https:\\\/\\\/museum-mb.si\\\/#organization\",\"name\":\"Pokrajinski muzej Maribor\",\"url\":\"https:\\\/\\\/museum-mb.si\\\/\",\"logo\":{\"@type\":\"ImageObject\",\"inLanguage\":\"de\",\"@id\":\"https:\\\/\\\/museum-mb.si\\\/#\\\/schema\\\/logo\\\/image\\\/\",\"url\":\"https:\\\/\\\/museum-mb.si\\\/wp-content\\\/uploads\\\/2024\\\/12\\\/pmm_logo_barvni_jpeg.jpg\",\"contentUrl\":\"https:\\\/\\\/museum-mb.si\\\/wp-content\\\/uploads\\\/2024\\\/12\\\/pmm_logo_barvni_jpeg.jpg\",\"width\":758,\"height\":754,\"caption\":\"Pokrajinski muzej Maribor\"},\"image\":{\"@id\":\"https:\\\/\\\/museum-mb.si\\\/#\\\/schema\\\/logo\\\/image\\\/\"},\"sameAs\":[\"https:\\\/\\\/www.facebook.com\\\/pomum123\",\"https:\\\/\\\/www.instagram.com\\\/maribor_museum\\\/\",\"https:\\\/\\\/www.youtube.com\\\/channel\\\/UCdshtCrun841Oc-35tYLBGQ\"]}]}<\/script>\n<!-- \/ Yoast SEO plugin. -->","yoast_head_json":{"title":"RIMLJAN ZA EN DAN &#8211; Pokrajinski muzej Maribor","robots":{"index":"index","follow":"follow","max-snippet":"max-snippet:-1","max-image-preview":"max-image-preview:large","max-video-preview":"max-video-preview:-1"},"canonical":"https:\/\/museum-mb.si\/de\/ausstellungen\/kleidet-die-menschen\/","og_locale":"de_DE","og_type":"article","og_title":"RIMLJAN ZA EN DAN &#8211; Pokrajinski muzej Maribor","og_description":"MUZEJNICA RIMLJAN ZA EN DAN Vodeni ogled razstave z izkustveno delavnico Na kratkem vodstvu po razstavi otroci ob razstavljenih predmetih spoznajo veli\u010dastne Rimljane. Ogledali si bomo, kako so \u017eiveli, govorili, se obla\u010dili, jedli, verovali in se zabavali. Sledil bo izkustveni del v pedago\u0161kem prostoru: otroci bodo lahko poizkusili mleti \u017eito s kamnitim ro\u010dnim mlinom, sestaviti [&hellip;]","og_url":"https:\/\/museum-mb.si\/de\/ausstellungen\/kleidet-die-menschen\/","og_site_name":"Pokrajinski muzej Maribor","article_publisher":"https:\/\/www.facebook.com\/pomum123","article_modified_time":"2024-09-11T07:14:51+00:00","og_image":[{"width":800,"height":800,"url":"https:\/\/museum-mb.si\/wp-content\/uploads\/2023\/07\/rimljani.jpg","type":"image\/jpeg"}],"twitter_card":"summary_large_image","twitter_misc":{"Gesch\u00e4tzte Lesezeit":"1\u00a0Minute"},"schema":{"@context":"https:\/\/schema.org","@graph":[{"@type":"WebPage","@id":"https:\/\/museum-mb.si\/razstave\/obleka-naredi-cloveka\/","url":"https:\/\/museum-mb.si\/razstave\/obleka-naredi-cloveka\/","name":"RIMLJAN ZA EN DAN &#8211; Pokrajinski muzej Maribor","isPartOf":{"@id":"https:\/\/museum-mb.si\/#website"},"primaryImageOfPage":{"@id":"https:\/\/museum-mb.si\/razstave\/obleka-naredi-cloveka\/#primaryimage"},"image":{"@id":"https:\/\/museum-mb.si\/razstave\/obleka-naredi-cloveka\/#primaryimage"},"thumbnailUrl":"https:\/\/museum-mb.si\/wp-content\/uploads\/2023\/07\/rimljani.jpg","datePublished":"2023-07-25T06:01:55+00:00","dateModified":"2024-09-11T07:14:51+00:00","breadcrumb":{"@id":"https:\/\/museum-mb.si\/razstave\/obleka-naredi-cloveka\/#breadcrumb"},"inLanguage":"de","potentialAction":[{"@type":"ReadAction","target":["https:\/\/museum-mb.si\/razstave\/obleka-naredi-cloveka\/"]}]},{"@type":"ImageObject","inLanguage":"de","@id":"https:\/\/museum-mb.si\/razstave\/obleka-naredi-cloveka\/#primaryimage","url":"https:\/\/museum-mb.si\/wp-content\/uploads\/2023\/07\/rimljani.jpg","contentUrl":"https:\/\/museum-mb.si\/wp-content\/uploads\/2023\/07\/rimljani.jpg","width":800,"height":800},{"@type":"BreadcrumbList","@id":"https:\/\/museum-mb.si\/razstave\/obleka-naredi-cloveka\/#breadcrumb","itemListElement":[{"@type":"ListItem","position":1,"name":"Domov","item":"https:\/\/museum-mb.si\/"},{"@type":"ListItem","position":2,"name":"Razstave","item":"https:\/\/museum-mb.si\/razstave\/"},{"@type":"ListItem","position":3,"name":"RIMLJAN ZA EN DAN"}]},{"@type":"WebSite","@id":"https:\/\/museum-mb.si\/#website","url":"https:\/\/museum-mb.si\/","name":"Regionalmuseum Maribor","description":"","publisher":{"@id":"https:\/\/museum-mb.si\/#organization"},"potentialAction":[{"@type":"SearchAction","target":{"@type":"EntryPoint","urlTemplate":"https:\/\/museum-mb.si\/?s={search_term_string}"},"query-input":{"@type":"PropertyValueSpecification","valueRequired":true,"valueName":"search_term_string"}}],"inLanguage":"de"},{"@type":"Organization","@id":"https:\/\/museum-mb.si\/#organization","name":"Regionalmuseum Maribor","url":"https:\/\/museum-mb.si\/","logo":{"@type":"ImageObject","inLanguage":"de","@id":"https:\/\/museum-mb.si\/#\/schema\/logo\/image\/","url":"https:\/\/museum-mb.si\/wp-content\/uploads\/2024\/12\/pmm_logo_barvni_jpeg.jpg","contentUrl":"https:\/\/museum-mb.si\/wp-content\/uploads\/2024\/12\/pmm_logo_barvni_jpeg.jpg","width":758,"height":754,"caption":"Pokrajinski muzej Maribor"},"image":{"@id":"https:\/\/museum-mb.si\/#\/schema\/logo\/image\/"},"sameAs":["https:\/\/www.facebook.com\/pomum123","https:\/\/www.instagram.com\/maribor_museum\/","https:\/\/www.youtube.com\/channel\/UCdshtCrun841Oc-35tYLBGQ"]}]}},"_links":{"self":[{"href":"https:\/\/museum-mb.si\/de\/wp-json\/wp\/v2\/razstave\/69146","targetHints":{"allow":["GET"]}}],"collection":[{"href":"https:\/\/museum-mb.si\/de\/wp-json\/wp\/v2\/razstave"}],"about":[{"href":"https:\/\/museum-mb.si\/de\/wp-json\/wp\/v2\/types\/razstave"}],"version-history":[{"count":51,"href":"https:\/\/museum-mb.si\/de\/wp-json\/wp\/v2\/razstave\/69146\/revisions"}],"predecessor-version":[{"id":77835,"href":"https:\/\/museum-mb.si\/de\/wp-json\/wp\/v2\/razstave\/69146\/revisions\/77835"}],"wp:featuredmedia":[{"embeddable":true,"href":"https:\/\/museum-mb.si\/de\/wp-json\/wp\/v2\/media\/77832"}],"wp:attachment":[{"href":"https:\/\/museum-mb.si\/de\/wp-json\/wp\/v2\/media?parent=69146"}],"wp:term":[{"taxonomy":"vrsta","embeddable":true,"href":"https:\/\/museum-mb.si\/de\/wp-json\/wp\/v2\/vrsta?post=69146"}],"curies":[{"name":"wp","href":"https:\/\/api.w.org\/{rel}","templated":true}]}}