{"id":68331,"date":"2022-08-25T15:19:09","date_gmt":"2022-08-25T15:19:09","guid":{"rendered":"https:\/\/nova.museum-mb.si\/?post_type=razstave&#038;p=68331"},"modified":"2022-09-10T16:38:27","modified_gmt":"2022-09-10T16:38:27","slug":"franc-kovacic-1867-1939","status":"publish","type":"razstave","link":"https:\/\/museum-mb.si\/de\/ausstellungen\/franc-kovacic-1867-1939\/","title":{"rendered":"Franc Kova\u010di\u010d (1867-1939)"},"content":{"rendered":"<div data-elementor-type=\"wp-post\" data-elementor-id=\"68331\" class=\"elementor elementor-68331\" data-elementor-post-type=\"razstave\">\n\t\t\t\t\t\t<section class=\"elementor-section elementor-top-section elementor-element elementor-element-387199f7 elementor-section-height-min-height elementor-section-stretched elementor-section-boxed elementor-section-height-default elementor-section-items-middle\" data-id=\"387199f7\" data-element_type=\"section\" data-settings=\"{&quot;stretch_section&quot;:&quot;section-stretched&quot;,&quot;jet_parallax_layout_list&quot;:[],&quot;background_background&quot;:&quot;classic&quot;}\">\n\t\t\t\t\t\t\t<div class=\"elementor-background-overlay\"><\/div>\n\t\t\t\t\t\t\t<div class=\"elementor-container elementor-column-gap-default\">\n\t\t\t\t\t<div class=\"elementor-column elementor-col-100 elementor-top-column elementor-element elementor-element-3e240aae\" data-id=\"3e240aae\" data-element_type=\"column\">\n\t\t\t<div class=\"elementor-widget-wrap elementor-element-populated\">\n\t\t\t\t\t\t<div class=\"elementor-element elementor-element-31a87951 elementor-widget elementor-widget-text-editor\" data-id=\"31a87951\" data-element_type=\"widget\" data-widget_type=\"text-editor.default\">\n\t\t\t\t<div class=\"elementor-widget-container\">\n\t\t\t\t\t\t\t\t\t<p>ANZEIGE<\/p>\t\t\t\t\t\t\t\t<\/div>\n\t\t\t\t<\/div>\n\t\t\t\t<div class=\"elementor-element elementor-element-2010ea5b elementor-widget elementor-widget-heading\" data-id=\"2010ea5b\" data-element_type=\"widget\" data-widget_type=\"heading.default\">\n\t\t\t\t<div class=\"elementor-widget-container\">\n\t\t\t\t\t<h2 class=\"elementor-heading-title elementor-size-default\">H\u00dcTER DES ERBES<\/h2>\t\t\t\t<\/div>\n\t\t\t\t<\/div>\n\t\t\t\t<div class=\"elementor-element elementor-element-2585c89c elementor-widget__width-initial elementor-widget elementor-widget-text-editor\" data-id=\"2585c89c\" data-element_type=\"widget\" data-widget_type=\"text-editor.default\">\n\t\t\t\t<div class=\"elementor-widget-container\">\n\t\t\t\t\t\t\t\t\t<p>Museen sind wie Musen, die uns in Geheimnisse f\u00fchren<br>\nErbe, so sind es die H\u00fcter, die sich um dessen Erhalt k\u00fcmmern<br>\ndie Zukunft.<\/p>\n<gwmw style=\"display:none;\"><\/gwmw>\t\t\t\t\t\t\t\t<\/div>\n\t\t\t\t<\/div>\n\t\t\t\t\t<\/div>\n\t\t<\/div>\n\t\t\t\t\t<\/div>\n\t\t<\/section>\n\t\t\t\t<section class=\"elementor-section elementor-top-section elementor-element elementor-element-ed25989 elementor-section-boxed elementor-section-height-default elementor-section-height-default\" data-id=\"ed25989\" data-element_type=\"section\" data-settings=\"{&quot;jet_parallax_layout_list&quot;:[]}\">\n\t\t\t\t\t\t<div class=\"elementor-container elementor-column-gap-default\">\n\t\t\t\t\t<div class=\"elementor-column elementor-col-100 elementor-top-column elementor-element elementor-element-47b848e5\" data-id=\"47b848e5\" data-element_type=\"column\">\n\t\t\t<div class=\"elementor-widget-wrap elementor-element-populated\">\n\t\t\t\t\t\t<div class=\"elementor-element elementor-element-181db6a9 elementor-widget__width-initial elementor-widget elementor-widget-spacer\" data-id=\"181db6a9\" data-element_type=\"widget\" data-widget_type=\"spacer.default\">\n\t\t\t\t<div class=\"elementor-widget-container\">\n\t\t\t\t\t\t\t<div class=\"elementor-spacer\">\n\t\t\t<div class=\"elementor-spacer-inner\"><\/div>\n\t\t<\/div>\n\t\t\t\t\t\t<\/div>\n\t\t\t\t<\/div>\n\t\t\t\t\t<\/div>\n\t\t<\/div>\n\t\t\t\t\t<\/div>\n\t\t<\/section>\n\t\t\t\t<section class=\"elementor-section elementor-top-section elementor-element elementor-element-db0bbde elementor-section-boxed elementor-section-height-default elementor-section-height-default\" data-id=\"db0bbde\" data-element_type=\"section\" data-settings=\"{&quot;jet_parallax_layout_list&quot;:[]}\">\n\t\t\t\t\t\t<div class=\"elementor-container elementor-column-gap-default\">\n\t\t\t\t\t<div class=\"elementor-column elementor-col-100 elementor-top-column elementor-element elementor-element-edefcfc\" data-id=\"edefcfc\" data-element_type=\"column\">\n\t\t\t<div class=\"elementor-widget-wrap elementor-element-populated\">\n\t\t\t\t\t\t<div class=\"elementor-element elementor-element-fed9db9 elementor-widget elementor-widget-heading\" data-id=\"fed9db9\" data-element_type=\"widget\" data-widget_type=\"heading.default\">\n\t\t\t\t<div class=\"elementor-widget-container\">\n\t\t\t\t\t<h2 class=\"elementor-heading-title elementor-size-default\">Franc Kova\u010di\u010d (1867-1939)<\/h2>\t\t\t\t<\/div>\n\t\t\t\t<\/div>\n\t\t\t\t\t<\/div>\n\t\t<\/div>\n\t\t\t\t\t<\/div>\n\t\t<\/section>\n\t\t\t\t<section class=\"elementor-section elementor-top-section elementor-element elementor-element-345667d3 elementor-section-boxed elementor-section-height-default elementor-section-height-default\" data-id=\"345667d3\" data-element_type=\"section\" data-settings=\"{&quot;jet_parallax_layout_list&quot;:[]}\">\n\t\t\t\t\t\t<div class=\"elementor-container elementor-column-gap-default\">\n\t\t\t\t\t<div class=\"elementor-column elementor-col-100 elementor-top-column elementor-element elementor-element-6c95ca38\" data-id=\"6c95ca38\" data-element_type=\"column\">\n\t\t\t<div class=\"elementor-widget-wrap elementor-element-populated\">\n\t\t\t\t\t\t<div class=\"elementor-element elementor-element-231b686f elementor-widget elementor-widget-jet-carousel\" data-id=\"231b686f\" data-element_type=\"widget\" data-settings=\"{&quot;slides_to_show&quot;:&quot;1&quot;,&quot;slides_to_show_mobile&quot;:&quot;1&quot;,&quot;slides_to_scroll_mobile&quot;:&quot;1&quot;,&quot;slides_to_scroll&quot;:&quot;1&quot;}\" data-widget_type=\"jet-carousel.default\">\n\t\t\t\t<div class=\"elementor-widget-container\">\n\t\t\t\t\t<div class=\"elementor-jet-carousel jet-elements\"><div class=\"jet-carousel-wrap\">\n\t<div class=\"jet-carousel\" data-slider_options=\"{&quot;autoplaySpeed&quot;:5000,&quot;autoplay&quot;:true,&quot;infinite&quot;:true,&quot;centerMode&quot;:false,&quot;centerPadding&quot;:&quot;50px&quot;,&quot;pauseOnHover&quot;:false,&quot;speed&quot;:500,&quot;arrows&quot;:true,&quot;dots&quot;:false,&quot;variableWidth&quot;:false,&quot;prevArrow&quot;:&quot;.jet-carousel__prev-arrow-231b686f&quot;,&quot;nextArrow&quot;:&quot;.jet-carousel__next-arrow-231b686f&quot;,&quot;rtl&quot;:false,&quot;fractionNav&quot;:false,&quot;fade&quot;:false}\" dir=\"ltr\">\n\t<div class=\"elementor-slick-slider\">\n\n<div class=\"jet-carousel__item\">\n\t<div class=\"jet-carousel__item-inner\"><div class=\"jet-carousel__content\">\t\t<div data-elementor-type=\"section\" data-elementor-id=\"69067\" class=\"elementor elementor-69067\" data-elementor-post-type=\"elementor_library\">\n\t\t\t\t\t<section class=\"elementor-section elementor-top-section elementor-element elementor-element-283ba861 elementor-section-boxed elementor-section-height-default elementor-section-height-default\" data-id=\"283ba861\" data-element_type=\"section\" data-settings=\"{&quot;jet_parallax_layout_list&quot;:[]}\">\n\t\t\t\t\t\t<div class=\"elementor-container elementor-column-gap-default\">\n\t\t\t\t\t<div class=\"elementor-column elementor-col-50 elementor-top-column elementor-element elementor-element-2c57c01f\" data-id=\"2c57c01f\" data-element_type=\"column\">\n\t\t\t<div class=\"elementor-widget-wrap elementor-element-populated\">\n\t\t\t\t\t\t<div class=\"elementor-element elementor-element-5897884b elementor-widget elementor-widget-image\" data-id=\"5897884b\" data-element_type=\"widget\" data-widget_type=\"image.default\">\n\t\t\t\t<div class=\"elementor-widget-container\">\n\t\t\t\t\t\t\t\t\t\t\t\t\t\t\t<img fetchpriority=\"high\" decoding=\"async\" width=\"692\" height=\"1024\" src=\"https:\/\/museum-mb.si\/wp-content\/uploads\/2022\/08\/5-2-e1612524094603-1-692x1024.jpg\" class=\"attachment-large size-large wp-image-69047\" alt=\"\" srcset=\"https:\/\/museum-mb.si\/wp-content\/uploads\/2022\/08\/5-2-e1612524094603-1-692x1024.jpg 692w, https:\/\/museum-mb.si\/wp-content\/uploads\/2022\/08\/5-2-e1612524094603-1-203x300.jpg 203w, https:\/\/museum-mb.si\/wp-content\/uploads\/2022\/08\/5-2-e1612524094603-1-768x1137.jpg 768w, https:\/\/museum-mb.si\/wp-content\/uploads\/2022\/08\/5-2-e1612524094603-1-1038x1536.jpg 1038w, https:\/\/museum-mb.si\/wp-content\/uploads\/2022\/08\/5-2-e1612524094603-1.jpg 1248w\" sizes=\"(max-width: 692px) 100vw, 692px\" \/>\t\t\t\t\t\t\t\t\t\t\t\t\t\t\t<\/div>\n\t\t\t\t<\/div>\n\t\t\t\t<div class=\"elementor-element elementor-element-4c4674c5 elementor-widget__width-initial elementor-widget elementor-widget-text-editor\" data-id=\"4c4674c5\" data-element_type=\"widget\" data-widget_type=\"text-editor.default\">\n\t\t\t\t<div class=\"elementor-widget-container\">\n\t\t\t\t\t\t\t\t\t<p>A. Sku\u0161ek, Franc Kova\u010di\u010d, Anfang des 20. Jahrhunderts. Regionalmuseum Maribor.<\/p>\t\t\t\t\t\t\t\t<\/div>\n\t\t\t\t<\/div>\n\t\t\t\t\t<\/div>\n\t\t<\/div>\n\t\t\t\t<div class=\"elementor-column elementor-col-50 elementor-top-column elementor-element elementor-element-3ab79446\" data-id=\"3ab79446\" data-element_type=\"column\">\n\t\t\t<div class=\"elementor-widget-wrap elementor-element-populated\">\n\t\t\t\t\t\t<div class=\"elementor-element elementor-element-6ca86f97 elementor-widget__width-initial elementor-widget elementor-widget-text-editor\" data-id=\"6ca86f97\" data-element_type=\"widget\" data-widget_type=\"text-editor.default\">\n\t\t\t\t<div class=\"elementor-widget-container\">\n\t\t\t\t\t\t\t\t\t<p>Franc Kova\u010di\u010d wurde am 25. M\u00e4rz 1867 in Ver\u017ee geboren. Er studierte Theologie und Philosophie, die er 1897 in Rom abschloss. In seinen theologischen, philosophischen und historischen Schriften befasste er sich mit theologischen, philosophischen und historischen Themen. Auf seine Initiative hin wurde 1903 der Historische Verein f\u00fcr die slowenische Steiermark gegr\u00fcndet, dessen Sekret\u00e4r er wurde. Im darauffolgenden Jahr begann die Gesellschaft mit der Herausgabe der noch heute erscheinenden Zeitschrift f\u00fcr Geschichte und V\u00f6lkerkunde und er\u00f6ffnete 1909 ein eigenes Museum in den R\u00e4umlichkeiten des Landeshauses.<br \/><br \/>Nach dem Ersten Weltkrieg setzte er sich f\u00fcr die Zusammenlegung der drei Mariborer Museumssammlungen ein, n\u00e4mlich der Sammlungen des Bisch\u00f6flichen Museums, des Deutschen Museumsvereins und der Sammlungen des Historischen Vereins und des Slowenischen Museumsvereins. Im Jahr 1938 fanden alle drei Sammlungen in den R\u00e4umlichkeiten des Mariborer Schlosses ihren festen Platz.<br \/><br \/>W\u00e4hrend der Friedensverhandlungen in Paris im Jahr 1919 war Franc Kova\u010di\u010d als Experte f\u00fcr die Steiermark Mitglied der diplomatischen Delegation des SHS. Er starb am 19. M\u00e4rz 1939 in Maribor.<\/p>\t\t\t\t\t\t\t\t<\/div>\n\t\t\t\t<\/div>\n\t\t\t\t\t<\/div>\n\t\t<\/div>\n\t\t\t\t\t<\/div>\n\t\t<\/section>\n\t\t\t\t<\/div>\n\t\t<\/div><\/div>\n<\/div>\n\n<div class=\"jet-carousel__item\">\n\t<div class=\"jet-carousel__item-inner\"><div class=\"jet-carousel__content\">\t\t<div data-elementor-type=\"section\" data-elementor-id=\"69078\" class=\"elementor elementor-69078\" data-elementor-post-type=\"elementor_library\">\n\t\t\t\t\t<section class=\"elementor-section elementor-top-section elementor-element elementor-element-33fb8ba7 elementor-section-boxed elementor-section-height-default elementor-section-height-default\" data-id=\"33fb8ba7\" data-element_type=\"section\" data-settings=\"{&quot;jet_parallax_layout_list&quot;:[]}\">\n\t\t\t\t\t\t<div class=\"elementor-container elementor-column-gap-default\">\n\t\t\t\t\t<div class=\"elementor-column elementor-col-100 elementor-top-column elementor-element elementor-element-7e061223\" data-id=\"7e061223\" data-element_type=\"column\">\n\t\t\t<div class=\"elementor-widget-wrap elementor-element-populated\">\n\t\t\t\t\t\t<div class=\"elementor-element elementor-element-5936115d elementor-widget elementor-widget-image\" data-id=\"5936115d\" data-element_type=\"widget\" data-widget_type=\"image.default\">\n\t\t\t\t<div class=\"elementor-widget-container\">\n\t\t\t\t\t\t\t\t\t\t\t\t\t\t\t<img decoding=\"async\" width=\"800\" height=\"496\" src=\"https:\/\/museum-mb.si\/wp-content\/uploads\/2022\/08\/2-4-uai-1440x893-1-1024x635.jpg\" class=\"attachment-large size-large wp-image-69070\" alt=\"\" srcset=\"https:\/\/museum-mb.si\/wp-content\/uploads\/2022\/08\/2-4-uai-1440x893-1-1024x635.jpg 1024w, https:\/\/museum-mb.si\/wp-content\/uploads\/2022\/08\/2-4-uai-1440x893-1-300x186.jpg 300w, https:\/\/museum-mb.si\/wp-content\/uploads\/2022\/08\/2-4-uai-1440x893-1-768x476.jpg 768w, https:\/\/museum-mb.si\/wp-content\/uploads\/2022\/08\/2-4-uai-1440x893-1.jpg 1440w\" sizes=\"(max-width: 800px) 100vw, 800px\" \/>\t\t\t\t\t\t\t\t\t\t\t\t\t\t\t<\/div>\n\t\t\t\t<\/div>\n\t\t\t\t<div class=\"elementor-element elementor-element-2d9f0120 elementor-widget__width-initial elementor-widget elementor-widget-text-editor\" data-id=\"2d9f0120\" data-element_type=\"widget\" data-widget_type=\"text-editor.default\">\n\t\t\t\t<div class=\"elementor-widget-container\">\n\t\t\t\t\t\t\t\t\tMirko Japelj, Foto des Geschichts- und Museumsvereins in Maribor im Jahr 1937, anl\u00e4sslich des 70-j\u00e4hrigen Jubil\u00e4ums von Dr. Franco Kova\u010di\u010d. Regionalmuseum Maribor.\t\t\t\t\t\t\t\t<\/div>\n\t\t\t\t<\/div>\n\t\t\t\t\t<\/div>\n\t\t<\/div>\n\t\t\t\t\t<\/div>\n\t\t<\/section>\n\t\t\t\t<\/div>\n\t\t<\/div><\/div>\n<\/div>\n\n<div class=\"jet-carousel__item\">\n\t<div class=\"jet-carousel__item-inner\"><div class=\"jet-carousel__content\">\t\t<div data-elementor-type=\"section\" data-elementor-id=\"69087\" class=\"elementor elementor-69087\" data-elementor-post-type=\"elementor_library\">\n\t\t\t\t\t<section class=\"elementor-section elementor-top-section elementor-element elementor-element-4d680a6 elementor-section-boxed elementor-section-height-default elementor-section-height-default\" data-id=\"4d680a6\" data-element_type=\"section\" data-settings=\"{&quot;jet_parallax_layout_list&quot;:[]}\">\n\t\t\t\t\t\t<div class=\"elementor-container elementor-column-gap-default\">\n\t\t\t\t\t<div class=\"elementor-column elementor-col-100 elementor-top-column elementor-element elementor-element-63f57b48\" data-id=\"63f57b48\" data-element_type=\"column\">\n\t\t\t<div class=\"elementor-widget-wrap elementor-element-populated\">\n\t\t\t\t\t\t<div class=\"elementor-element elementor-element-202a138c elementor-widget elementor-widget-image\" data-id=\"202a138c\" data-element_type=\"widget\" data-widget_type=\"image.default\">\n\t\t\t\t<div class=\"elementor-widget-container\">\n\t\t\t\t\t\t\t\t\t\t\t\t\t\t\t<img decoding=\"async\" width=\"800\" height=\"588\" src=\"https:\/\/museum-mb.si\/wp-content\/uploads\/2022\/08\/3-3-uai-1440x1058-1-1024x752.jpg\" class=\"attachment-large size-large wp-image-69082\" alt=\"\" srcset=\"https:\/\/museum-mb.si\/wp-content\/uploads\/2022\/08\/3-3-uai-1440x1058-1-1024x752.jpg 1024w, https:\/\/museum-mb.si\/wp-content\/uploads\/2022\/08\/3-3-uai-1440x1058-1-300x220.jpg 300w, https:\/\/museum-mb.si\/wp-content\/uploads\/2022\/08\/3-3-uai-1440x1058-1-768x564.jpg 768w, https:\/\/museum-mb.si\/wp-content\/uploads\/2022\/08\/3-3-uai-1440x1058-1.jpg 1440w\" sizes=\"(max-width: 800px) 100vw, 800px\" \/>\t\t\t\t\t\t\t\t\t\t\t\t\t\t\t<\/div>\n\t\t\t\t<\/div>\n\t\t\t\t<div class=\"elementor-element elementor-element-bbdfa57 elementor-widget__width-initial elementor-widget elementor-widget-text-editor\" data-id=\"bbdfa57\" data-element_type=\"widget\" data-widget_type=\"text-editor.default\">\n\t\t\t\t<div class=\"elementor-widget-container\">\n\t\t\t\t\t\t\t\t\t<p>Dauerausstellung in der Mariborer Burg, um 1940. Regionalmuseum Maribor.<\/p>\n<gwmw style=\"display:none;\"><\/gwmw>\t\t\t\t\t\t\t\t<\/div>\n\t\t\t\t<\/div>\n\t\t\t\t\t<\/div>\n\t\t<\/div>\n\t\t\t\t\t<\/div>\n\t\t<\/section>\n\t\t\t\t<\/div>\n\t\t<\/div><\/div>\n<\/div>\n<\/div><div class=\"jet-carousel__prev-arrow-231b686f jet-arrow prev-arrow\"><i aria-hidden=\"true\" class=\"fas fa-angle-left\"><\/i><\/div><div class=\"jet-carousel__next-arrow-231b686f jet-arrow next-arrow\"><i aria-hidden=\"true\" class=\"fas fa-angle-right\"><\/i><\/div><\/div>\n<\/div>\n<\/div>\t\t\t\t<\/div>\n\t\t\t\t<\/div>\n\t\t\t\t\t<\/div>\n\t\t<\/div>\n\t\t\t\t\t<\/div>\n\t\t<\/section>\n\t\t\t\t<\/div>","protected":false},"featured_media":68320,"template":"","vrsta":[13],"class_list":["post-68331","razstave","type-razstave","status-publish","has-post-thumbnail","hentry","vrsta-varuhi-dediscine"],"yoast_head":"<!-- This site is optimized with the Yoast SEO plugin v27.5 - https:\/\/yoast.com\/product\/yoast-seo-wordpress\/ -->\n<title>Franc Kova\u010di\u010d (1867\u20131939) &#8211; Pokrajinski muzej Maribor<\/title>\n<meta name=\"robots\" content=\"index, follow, max-snippet:-1, max-image-preview:large, max-video-preview:-1\" \/>\n<link rel=\"canonical\" href=\"https:\/\/museum-mb.si\/de\/ausstellungen\/franc-kovacic-1867-1939\/\" \/>\n<meta property=\"og:locale\" content=\"de_DE\" \/>\n<meta property=\"og:type\" content=\"article\" \/>\n<meta property=\"og:title\" content=\"Franc Kova\u010di\u010d (1867\u20131939) &#8211; Pokrajinski muzej Maribor\" \/>\n<meta property=\"og:description\" content=\"RAZISKUJ VARUHI DEDI\u0160\u010cINE Muzealije so kot muze, ki nas vodijo v skrivnosti dedi\u0161\u010dine, varuhi so tisti, ki poskrbijo za njeno prihodnost. Franc Kova\u010di\u010d (1867\u20131939) A. Sku\u0161ek, Franc Kova\u010di\u010d, za\u010detek 20. stoletja. Pokrajinski muzej Maribor. Franc Kova\u010di\u010d se je rodil 25. marca 1867 v Ver\u017eeju. \u0160tudiral je teologijo in filozofijo, iz katere je promoviral leta 1897 [&hellip;]\" \/>\n<meta property=\"og:url\" content=\"https:\/\/museum-mb.si\/de\/ausstellungen\/franc-kovacic-1867-1939\/\" \/>\n<meta property=\"og:site_name\" content=\"Pokrajinski muzej Maribor\" \/>\n<meta property=\"article:publisher\" content=\"https:\/\/www.facebook.com\/pomum123\" \/>\n<meta property=\"article:modified_time\" content=\"2022-09-10T16:38:27+00:00\" \/>\n<meta property=\"og:image\" content=\"https:\/\/museum-mb.si\/wp-content\/uploads\/2022\/08\/5-2-e1612524094603.jpg\" \/>\n\t<meta property=\"og:image:width\" content=\"1248\" \/>\n\t<meta property=\"og:image:height\" content=\"1847\" \/>\n\t<meta property=\"og:image:type\" content=\"image\/jpeg\" \/>\n<meta name=\"twitter:card\" content=\"summary_large_image\" \/>\n<meta name=\"twitter:label1\" content=\"Gesch\u00e4tzte Lesezeit\" \/>\n\t<meta name=\"twitter:data1\" content=\"1\u00a0Minute\" \/>\n<script type=\"application\/ld+json\" class=\"yoast-schema-graph\">{\"@context\":\"https:\\\/\\\/schema.org\",\"@graph\":[{\"@type\":\"WebPage\",\"@id\":\"https:\\\/\\\/museum-mb.si\\\/razstave\\\/franc-kovacic-1867-1939\\\/\",\"url\":\"https:\\\/\\\/museum-mb.si\\\/razstave\\\/franc-kovacic-1867-1939\\\/\",\"name\":\"Franc Kova\u010di\u010d (1867\u20131939) &#8211; Pokrajinski muzej Maribor\",\"isPartOf\":{\"@id\":\"https:\\\/\\\/museum-mb.si\\\/#website\"},\"primaryImageOfPage\":{\"@id\":\"https:\\\/\\\/museum-mb.si\\\/razstave\\\/franc-kovacic-1867-1939\\\/#primaryimage\"},\"image\":{\"@id\":\"https:\\\/\\\/museum-mb.si\\\/razstave\\\/franc-kovacic-1867-1939\\\/#primaryimage\"},\"thumbnailUrl\":\"https:\\\/\\\/museum-mb.si\\\/wp-content\\\/uploads\\\/2022\\\/08\\\/5-2-e1612524094603.jpg\",\"datePublished\":\"2022-08-25T15:19:09+00:00\",\"dateModified\":\"2022-09-10T16:38:27+00:00\",\"breadcrumb\":{\"@id\":\"https:\\\/\\\/museum-mb.si\\\/razstave\\\/franc-kovacic-1867-1939\\\/#breadcrumb\"},\"inLanguage\":\"de\",\"potentialAction\":[{\"@type\":\"ReadAction\",\"target\":[\"https:\\\/\\\/museum-mb.si\\\/razstave\\\/franc-kovacic-1867-1939\\\/\"]}]},{\"@type\":\"ImageObject\",\"inLanguage\":\"de\",\"@id\":\"https:\\\/\\\/museum-mb.si\\\/razstave\\\/franc-kovacic-1867-1939\\\/#primaryimage\",\"url\":\"https:\\\/\\\/museum-mb.si\\\/wp-content\\\/uploads\\\/2022\\\/08\\\/5-2-e1612524094603.jpg\",\"contentUrl\":\"https:\\\/\\\/museum-mb.si\\\/wp-content\\\/uploads\\\/2022\\\/08\\\/5-2-e1612524094603.jpg\",\"width\":1248,\"height\":1847},{\"@type\":\"BreadcrumbList\",\"@id\":\"https:\\\/\\\/museum-mb.si\\\/razstave\\\/franc-kovacic-1867-1939\\\/#breadcrumb\",\"itemListElement\":[{\"@type\":\"ListItem\",\"position\":1,\"name\":\"Domov\",\"item\":\"https:\\\/\\\/museum-mb.si\\\/\"},{\"@type\":\"ListItem\",\"position\":2,\"name\":\"Razstave\",\"item\":\"https:\\\/\\\/museum-mb.si\\\/razstave\\\/\"},{\"@type\":\"ListItem\",\"position\":3,\"name\":\"Franc Kova\u010di\u010d (1867\u20131939)\"}]},{\"@type\":\"WebSite\",\"@id\":\"https:\\\/\\\/museum-mb.si\\\/#website\",\"url\":\"https:\\\/\\\/museum-mb.si\\\/\",\"name\":\"Pokrajinski muzej Maribor\",\"description\":\"\",\"publisher\":{\"@id\":\"https:\\\/\\\/museum-mb.si\\\/#organization\"},\"potentialAction\":[{\"@type\":\"SearchAction\",\"target\":{\"@type\":\"EntryPoint\",\"urlTemplate\":\"https:\\\/\\\/museum-mb.si\\\/?s={search_term_string}\"},\"query-input\":{\"@type\":\"PropertyValueSpecification\",\"valueRequired\":true,\"valueName\":\"search_term_string\"}}],\"inLanguage\":\"de\"},{\"@type\":\"Organization\",\"@id\":\"https:\\\/\\\/museum-mb.si\\\/#organization\",\"name\":\"Pokrajinski muzej Maribor\",\"url\":\"https:\\\/\\\/museum-mb.si\\\/\",\"logo\":{\"@type\":\"ImageObject\",\"inLanguage\":\"de\",\"@id\":\"https:\\\/\\\/museum-mb.si\\\/#\\\/schema\\\/logo\\\/image\\\/\",\"url\":\"https:\\\/\\\/museum-mb.si\\\/wp-content\\\/uploads\\\/2024\\\/12\\\/pmm_logo_barvni_jpeg.jpg\",\"contentUrl\":\"https:\\\/\\\/museum-mb.si\\\/wp-content\\\/uploads\\\/2024\\\/12\\\/pmm_logo_barvni_jpeg.jpg\",\"width\":758,\"height\":754,\"caption\":\"Pokrajinski muzej Maribor\"},\"image\":{\"@id\":\"https:\\\/\\\/museum-mb.si\\\/#\\\/schema\\\/logo\\\/image\\\/\"},\"sameAs\":[\"https:\\\/\\\/www.facebook.com\\\/pomum123\",\"https:\\\/\\\/www.instagram.com\\\/maribor_museum\\\/\",\"https:\\\/\\\/www.youtube.com\\\/channel\\\/UCdshtCrun841Oc-35tYLBGQ\"]}]}<\/script>\n<!-- \/ Yoast SEO plugin. -->","yoast_head_json":{"title":"Franc Kova\u010di\u010d (1867-1939) - Regionalmuseum Maribor","robots":{"index":"index","follow":"follow","max-snippet":"max-snippet:-1","max-image-preview":"max-image-preview:large","max-video-preview":"max-video-preview:-1"},"canonical":"https:\/\/museum-mb.si\/de\/ausstellungen\/franc-kovacic-1867-1939\/","og_locale":"de_DE","og_type":"article","og_title":"Franc Kova\u010di\u010d (1867\u20131939) &#8211; Pokrajinski muzej Maribor","og_description":"RAZISKUJ VARUHI DEDI\u0160\u010cINE Muzealije so kot muze, ki nas vodijo v skrivnosti dedi\u0161\u010dine, varuhi so tisti, ki poskrbijo za njeno prihodnost. Franc Kova\u010di\u010d (1867\u20131939) A. Sku\u0161ek, Franc Kova\u010di\u010d, za\u010detek 20. stoletja. Pokrajinski muzej Maribor. Franc Kova\u010di\u010d se je rodil 25. marca 1867 v Ver\u017eeju. \u0160tudiral je teologijo in filozofijo, iz katere je promoviral leta 1897 [&hellip;]","og_url":"https:\/\/museum-mb.si\/de\/ausstellungen\/franc-kovacic-1867-1939\/","og_site_name":"Pokrajinski muzej Maribor","article_publisher":"https:\/\/www.facebook.com\/pomum123","article_modified_time":"2022-09-10T16:38:27+00:00","og_image":[{"width":1248,"height":1847,"url":"https:\/\/museum-mb.si\/wp-content\/uploads\/2022\/08\/5-2-e1612524094603.jpg","type":"image\/jpeg"}],"twitter_card":"summary_large_image","twitter_misc":{"Gesch\u00e4tzte Lesezeit":"1\u00a0Minute"},"schema":{"@context":"https:\/\/schema.org","@graph":[{"@type":"WebPage","@id":"https:\/\/museum-mb.si\/razstave\/franc-kovacic-1867-1939\/","url":"https:\/\/museum-mb.si\/razstave\/franc-kovacic-1867-1939\/","name":"Franc Kova\u010di\u010d (1867-1939) - Regionalmuseum Maribor","isPartOf":{"@id":"https:\/\/museum-mb.si\/#website"},"primaryImageOfPage":{"@id":"https:\/\/museum-mb.si\/razstave\/franc-kovacic-1867-1939\/#primaryimage"},"image":{"@id":"https:\/\/museum-mb.si\/razstave\/franc-kovacic-1867-1939\/#primaryimage"},"thumbnailUrl":"https:\/\/museum-mb.si\/wp-content\/uploads\/2022\/08\/5-2-e1612524094603.jpg","datePublished":"2022-08-25T15:19:09+00:00","dateModified":"2022-09-10T16:38:27+00:00","breadcrumb":{"@id":"https:\/\/museum-mb.si\/razstave\/franc-kovacic-1867-1939\/#breadcrumb"},"inLanguage":"de","potentialAction":[{"@type":"ReadAction","target":["https:\/\/museum-mb.si\/razstave\/franc-kovacic-1867-1939\/"]}]},{"@type":"ImageObject","inLanguage":"de","@id":"https:\/\/museum-mb.si\/razstave\/franc-kovacic-1867-1939\/#primaryimage","url":"https:\/\/museum-mb.si\/wp-content\/uploads\/2022\/08\/5-2-e1612524094603.jpg","contentUrl":"https:\/\/museum-mb.si\/wp-content\/uploads\/2022\/08\/5-2-e1612524094603.jpg","width":1248,"height":1847},{"@type":"BreadcrumbList","@id":"https:\/\/museum-mb.si\/razstave\/franc-kovacic-1867-1939\/#breadcrumb","itemListElement":[{"@type":"ListItem","position":1,"name":"Domov","item":"https:\/\/museum-mb.si\/"},{"@type":"ListItem","position":2,"name":"Razstave","item":"https:\/\/museum-mb.si\/razstave\/"},{"@type":"ListItem","position":3,"name":"Franc Kova\u010di\u010d (1867\u20131939)"}]},{"@type":"WebSite","@id":"https:\/\/museum-mb.si\/#website","url":"https:\/\/museum-mb.si\/","name":"Regionalmuseum Maribor","description":"","publisher":{"@id":"https:\/\/museum-mb.si\/#organization"},"potentialAction":[{"@type":"SearchAction","target":{"@type":"EntryPoint","urlTemplate":"https:\/\/museum-mb.si\/?s={search_term_string}"},"query-input":{"@type":"PropertyValueSpecification","valueRequired":true,"valueName":"search_term_string"}}],"inLanguage":"de"},{"@type":"Organization","@id":"https:\/\/museum-mb.si\/#organization","name":"Regionalmuseum Maribor","url":"https:\/\/museum-mb.si\/","logo":{"@type":"ImageObject","inLanguage":"de","@id":"https:\/\/museum-mb.si\/#\/schema\/logo\/image\/","url":"https:\/\/museum-mb.si\/wp-content\/uploads\/2024\/12\/pmm_logo_barvni_jpeg.jpg","contentUrl":"https:\/\/museum-mb.si\/wp-content\/uploads\/2024\/12\/pmm_logo_barvni_jpeg.jpg","width":758,"height":754,"caption":"Pokrajinski muzej Maribor"},"image":{"@id":"https:\/\/museum-mb.si\/#\/schema\/logo\/image\/"},"sameAs":["https:\/\/www.facebook.com\/pomum123","https:\/\/www.instagram.com\/maribor_museum\/","https:\/\/www.youtube.com\/channel\/UCdshtCrun841Oc-35tYLBGQ"]}]}},"_links":{"self":[{"href":"https:\/\/museum-mb.si\/de\/wp-json\/wp\/v2\/razstave\/68331","targetHints":{"allow":["GET"]}}],"collection":[{"href":"https:\/\/museum-mb.si\/de\/wp-json\/wp\/v2\/razstave"}],"about":[{"href":"https:\/\/museum-mb.si\/de\/wp-json\/wp\/v2\/types\/razstave"}],"version-history":[{"count":17,"href":"https:\/\/museum-mb.si\/de\/wp-json\/wp\/v2\/razstave\/68331\/revisions"}],"predecessor-version":[{"id":70271,"href":"https:\/\/museum-mb.si\/de\/wp-json\/wp\/v2\/razstave\/68331\/revisions\/70271"}],"wp:featuredmedia":[{"embeddable":true,"href":"https:\/\/museum-mb.si\/de\/wp-json\/wp\/v2\/media\/68320"}],"wp:attachment":[{"href":"https:\/\/museum-mb.si\/de\/wp-json\/wp\/v2\/media?parent=68331"}],"wp:term":[{"taxonomy":"vrsta","embeddable":true,"href":"https:\/\/museum-mb.si\/de\/wp-json\/wp\/v2\/vrsta?post=68331"}],"curies":[{"name":"wp","href":"https:\/\/api.w.org\/{rel}","templated":true}]}}