{"id":68317,"date":"2022-08-25T15:25:16","date_gmt":"2022-08-25T15:25:16","guid":{"rendered":"https:\/\/nova.museum-mb.si\/?post_type=razstave&#038;p=68317"},"modified":"2022-09-10T16:39:46","modified_gmt":"2022-09-10T16:39:46","slug":"rudolf-gustav-puff-1808-1865","status":"publish","type":"razstave","link":"https:\/\/museum-mb.si\/de\/ausstellungen\/rudolf-gustav-puff-1808-1865\/","title":{"rendered":"Rudolf Gustav Puff (1808-1865)"},"content":{"rendered":"<div data-elementor-type=\"wp-post\" data-elementor-id=\"68317\" class=\"elementor elementor-68317\" data-elementor-post-type=\"razstave\">\n\t\t\t\t\t\t<section class=\"elementor-section elementor-top-section elementor-element elementor-element-336aed21 elementor-section-height-min-height elementor-section-stretched elementor-section-boxed elementor-section-height-default elementor-section-items-middle\" data-id=\"336aed21\" data-element_type=\"section\" data-settings=\"{&quot;stretch_section&quot;:&quot;section-stretched&quot;,&quot;jet_parallax_layout_list&quot;:[],&quot;background_background&quot;:&quot;classic&quot;}\">\n\t\t\t\t\t\t\t<div class=\"elementor-background-overlay\"><\/div>\n\t\t\t\t\t\t\t<div class=\"elementor-container elementor-column-gap-default\">\n\t\t\t\t\t<div class=\"elementor-column elementor-col-100 elementor-top-column elementor-element elementor-element-43417be6\" data-id=\"43417be6\" data-element_type=\"column\">\n\t\t\t<div class=\"elementor-widget-wrap elementor-element-populated\">\n\t\t\t\t\t\t<div class=\"elementor-element elementor-element-a4e4094 elementor-widget elementor-widget-text-editor\" data-id=\"a4e4094\" data-element_type=\"widget\" data-widget_type=\"text-editor.default\">\n\t\t\t\t<div class=\"elementor-widget-container\">\n\t\t\t\t\t\t\t\t\t<p>ANZEIGE<\/p>\t\t\t\t\t\t\t\t<\/div>\n\t\t\t\t<\/div>\n\t\t\t\t<div class=\"elementor-element elementor-element-3af77358 elementor-widget elementor-widget-heading\" data-id=\"3af77358\" data-element_type=\"widget\" data-widget_type=\"heading.default\">\n\t\t\t\t<div class=\"elementor-widget-container\">\n\t\t\t\t\t<h2 class=\"elementor-heading-title elementor-size-default\">H\u00dcTER DES ERBES<\/h2>\t\t\t\t<\/div>\n\t\t\t\t<\/div>\n\t\t\t\t<div class=\"elementor-element elementor-element-a666b24 elementor-widget__width-initial elementor-widget elementor-widget-text-editor\" data-id=\"a666b24\" data-element_type=\"widget\" data-widget_type=\"text-editor.default\">\n\t\t\t\t<div class=\"elementor-widget-container\">\n\t\t\t\t\t\t\t\t\t<p>Museen sind wie Musen, die uns in Geheimnisse f\u00fchren<br>\nErbe, so sind es die H\u00fcter, die sich um dessen Erhalt k\u00fcmmern<br>\ndie Zukunft.<\/p>\n<gwmw style=\"display:none;\"><\/gwmw>\t\t\t\t\t\t\t\t<\/div>\n\t\t\t\t<\/div>\n\t\t\t\t\t<\/div>\n\t\t<\/div>\n\t\t\t\t\t<\/div>\n\t\t<\/section>\n\t\t\t\t<section class=\"elementor-section elementor-top-section elementor-element elementor-element-8a53e8a elementor-section-boxed elementor-section-height-default elementor-section-height-default\" data-id=\"8a53e8a\" data-element_type=\"section\" data-settings=\"{&quot;jet_parallax_layout_list&quot;:[]}\">\n\t\t\t\t\t\t<div class=\"elementor-container elementor-column-gap-default\">\n\t\t\t\t\t<div class=\"elementor-column elementor-col-100 elementor-top-column elementor-element elementor-element-712a1f63\" data-id=\"712a1f63\" data-element_type=\"column\">\n\t\t\t<div class=\"elementor-widget-wrap elementor-element-populated\">\n\t\t\t\t\t\t<div class=\"elementor-element elementor-element-9220933 elementor-widget__width-initial elementor-widget elementor-widget-spacer\" data-id=\"9220933\" data-element_type=\"widget\" data-widget_type=\"spacer.default\">\n\t\t\t\t<div class=\"elementor-widget-container\">\n\t\t\t\t\t\t\t<div class=\"elementor-spacer\">\n\t\t\t<div class=\"elementor-spacer-inner\"><\/div>\n\t\t<\/div>\n\t\t\t\t\t\t<\/div>\n\t\t\t\t<\/div>\n\t\t\t\t\t<\/div>\n\t\t<\/div>\n\t\t\t\t\t<\/div>\n\t\t<\/section>\n\t\t\t\t<section class=\"elementor-section elementor-top-section elementor-element elementor-element-588f3ed elementor-section-boxed elementor-section-height-default elementor-section-height-default\" data-id=\"588f3ed\" data-element_type=\"section\" data-settings=\"{&quot;jet_parallax_layout_list&quot;:[]}\">\n\t\t\t\t\t\t<div class=\"elementor-container elementor-column-gap-default\">\n\t\t\t\t\t<div class=\"elementor-column elementor-col-100 elementor-top-column elementor-element elementor-element-7f43c9d\" data-id=\"7f43c9d\" data-element_type=\"column\">\n\t\t\t<div class=\"elementor-widget-wrap elementor-element-populated\">\n\t\t\t\t\t\t<div class=\"elementor-element elementor-element-c2b703f elementor-widget elementor-widget-heading\" data-id=\"c2b703f\" data-element_type=\"widget\" data-widget_type=\"heading.default\">\n\t\t\t\t<div class=\"elementor-widget-container\">\n\t\t\t\t\t<h2 class=\"elementor-heading-title elementor-size-default\">Rudolf Gustav Puff (1808-1865)<\/h2>\t\t\t\t<\/div>\n\t\t\t\t<\/div>\n\t\t\t\t\t<\/div>\n\t\t<\/div>\n\t\t\t\t\t<\/div>\n\t\t<\/section>\n\t\t\t\t<section class=\"elementor-section elementor-top-section elementor-element elementor-element-3e4810ec elementor-section-boxed elementor-section-height-default elementor-section-height-default\" data-id=\"3e4810ec\" data-element_type=\"section\" data-settings=\"{&quot;jet_parallax_layout_list&quot;:[]}\">\n\t\t\t\t\t\t<div class=\"elementor-container elementor-column-gap-default\">\n\t\t\t\t\t<div class=\"elementor-column elementor-col-100 elementor-top-column elementor-element elementor-element-9944a01\" data-id=\"9944a01\" data-element_type=\"column\">\n\t\t\t<div class=\"elementor-widget-wrap elementor-element-populated\">\n\t\t\t\t\t\t<div class=\"elementor-element elementor-element-66ddb5c9 elementor-widget elementor-widget-jet-carousel\" data-id=\"66ddb5c9\" data-element_type=\"widget\" data-settings=\"{&quot;slides_to_show&quot;:&quot;1&quot;,&quot;slides_to_show_mobile&quot;:&quot;1&quot;,&quot;slides_to_scroll_mobile&quot;:&quot;1&quot;,&quot;slides_to_scroll&quot;:&quot;1&quot;}\" data-widget_type=\"jet-carousel.default\">\n\t\t\t\t<div class=\"elementor-widget-container\">\n\t\t\t\t\t<div class=\"elementor-jet-carousel jet-elements\"><div class=\"jet-carousel-wrap\">\n\t<div class=\"jet-carousel\" data-slider_options=\"{&quot;autoplaySpeed&quot;:5000,&quot;autoplay&quot;:true,&quot;infinite&quot;:true,&quot;centerMode&quot;:false,&quot;centerPadding&quot;:&quot;50px&quot;,&quot;pauseOnHover&quot;:false,&quot;speed&quot;:500,&quot;arrows&quot;:true,&quot;dots&quot;:false,&quot;variableWidth&quot;:false,&quot;prevArrow&quot;:&quot;.jet-carousel__prev-arrow-66ddb5c9&quot;,&quot;nextArrow&quot;:&quot;.jet-carousel__next-arrow-66ddb5c9&quot;,&quot;rtl&quot;:false,&quot;fractionNav&quot;:false,&quot;fade&quot;:false}\" dir=\"ltr\">\n\t<div class=\"elementor-slick-slider\">\n\n<div class=\"jet-carousel__item\">\n\t<div class=\"jet-carousel__item-inner\"><div class=\"jet-carousel__content\">\t\t<div data-elementor-type=\"section\" data-elementor-id=\"68458\" class=\"elementor elementor-68458\" data-elementor-post-type=\"elementor_library\">\n\t\t\t\t\t<section class=\"elementor-section elementor-top-section elementor-element elementor-element-27d16781 elementor-section-boxed elementor-section-height-default elementor-section-height-default\" data-id=\"27d16781\" data-element_type=\"section\" data-settings=\"{&quot;jet_parallax_layout_list&quot;:[]}\">\n\t\t\t\t\t\t<div class=\"elementor-container elementor-column-gap-default\">\n\t\t\t\t\t<div class=\"elementor-column elementor-col-50 elementor-top-column elementor-element elementor-element-e912bbf\" data-id=\"e912bbf\" data-element_type=\"column\">\n\t\t\t<div class=\"elementor-widget-wrap elementor-element-populated\">\n\t\t\t\t\t\t<div class=\"elementor-element elementor-element-3cf4021 elementor-widget elementor-widget-image\" data-id=\"3cf4021\" data-element_type=\"widget\" data-widget_type=\"image.default\">\n\t\t\t\t<div class=\"elementor-widget-container\">\n\t\t\t\t\t\t\t\t\t\t\t\t\t\t\t<img fetchpriority=\"high\" decoding=\"async\" width=\"785\" height=\"1024\" src=\"https:\/\/museum-mb.si\/wp-content\/uploads\/2022\/08\/1-uai-1440x1879-1-785x1024.jpg\" class=\"attachment-large size-large wp-image-68457\" alt=\"\" srcset=\"https:\/\/museum-mb.si\/wp-content\/uploads\/2022\/08\/1-uai-1440x1879-1-785x1024.jpg 785w, https:\/\/museum-mb.si\/wp-content\/uploads\/2022\/08\/1-uai-1440x1879-1-230x300.jpg 230w, https:\/\/museum-mb.si\/wp-content\/uploads\/2022\/08\/1-uai-1440x1879-1-768x1002.jpg 768w, https:\/\/museum-mb.si\/wp-content\/uploads\/2022\/08\/1-uai-1440x1879-1-1177x1536.jpg 1177w, https:\/\/museum-mb.si\/wp-content\/uploads\/2022\/08\/1-uai-1440x1879-1.jpg 1440w\" sizes=\"(max-width: 785px) 100vw, 785px\" \/>\t\t\t\t\t\t\t\t\t\t\t\t\t\t\t<\/div>\n\t\t\t\t<\/div>\n\t\t\t\t<div class=\"elementor-element elementor-element-4fe72b8f elementor-widget__width-initial elementor-widget elementor-widget-text-editor\" data-id=\"4fe72b8f\" data-element_type=\"widget\" data-widget_type=\"text-editor.default\">\n\t\t\t\t<div class=\"elementor-widget-container\">\n\t\t\t\t\t\t\t\t\t<p>Wagner, Rudolf Gustav Puff, um 1860. Regionalmuseum Maribor.<\/p>\n<p><gwmw style=\"display:none;\"><\/gwmw><\/p>\n<gwmw style=\"display:none;\"><\/gwmw>\t\t\t\t\t\t\t\t<\/div>\n\t\t\t\t<\/div>\n\t\t\t\t\t<\/div>\n\t\t<\/div>\n\t\t\t\t<div class=\"elementor-column elementor-col-50 elementor-top-column elementor-element elementor-element-19aa71b5\" data-id=\"19aa71b5\" data-element_type=\"column\">\n\t\t\t<div class=\"elementor-widget-wrap elementor-element-populated\">\n\t\t\t\t\t\t<div class=\"elementor-element elementor-element-1cd0c518 elementor-widget__width-initial elementor-widget elementor-widget-text-editor\" data-id=\"1cd0c518\" data-element_type=\"widget\" data-widget_type=\"text-editor.default\">\n\t\t\t\t<div class=\"elementor-widget-container\">\n\t\t\t\t\t\t\t\t\t<p>Er wurde am 10. Juli 1808 in Holzbaueregg bei Gro\u00dfflorian, etwa 60 km nordwestlich von Maribor, geboren. Seine Grund- und Mittelschulausbildung absolvierte er in Graz, wo er auch Jura studierte und in Philosophie promovierte.<\/p><p>1832 zog er schlie\u00dflich nach Maribor. Er unterrichtete Deutsch, Geschichte und Geografie am Klassischen Gymnasium. Au\u00dferdem lernte er von Davorin Trstenjak Slowenisch und ermutigte die Sch\u00fcler, ethnografische Studien zu betreiben und in ihrer Muttersprache zu sprechen und zu schreiben. Er pflegte Kontakte zu Stank Vraz, Davorin Trstenjak, Anton Zupan\u010di\u010d, Anton Krempl und anderen.<\/p><p>W\u00e4hrend seiner Lehrt\u00e4tigkeit am damaligen Klassischen Gymnasium in Maribor widmete er sich vor allem der Erforschung und Sammlung des kulturellen Erbes der Untersteiermark. Im Jahr 1845 grub er das ber\u00fchmte Mithraeum von Ru\u0161e in Ru\u0161e aus, erstellte das erste Feldinventar und eine Skizze der Postele und bewahrte als Sammler etwa 10 Keramiklampen aus der Antike, 4 Relieftafeln aus dem Mithraeum von Ru\u0161e, Glaswaren, Bronze- und Kupfernovellen aus der Zeit des R\u00f6mischen Reiches in seinem Besitz.<\/p><p>Nach seinem Tod gingen die Objekte an das 1811 gegr\u00fcndete Landesmuseum Joanneum in Graz.<\/p><p>\u00a0<\/p>\t\t\t\t\t\t\t\t<\/div>\n\t\t\t\t<\/div>\n\t\t\t\t\t<\/div>\n\t\t<\/div>\n\t\t\t\t\t<\/div>\n\t\t<\/section>\n\t\t\t\t<\/div>\n\t\t<\/div><\/div>\n<\/div>\n\n<div class=\"jet-carousel__item\">\n\t<div class=\"jet-carousel__item-inner\"><div class=\"jet-carousel__content\">\t\t<div data-elementor-type=\"section\" data-elementor-id=\"68464\" class=\"elementor elementor-68464\" data-elementor-post-type=\"elementor_library\">\n\t\t\t\t\t<section class=\"elementor-section elementor-top-section elementor-element elementor-element-981f88 elementor-section-boxed elementor-section-height-default elementor-section-height-default\" data-id=\"981f88\" data-element_type=\"section\" data-settings=\"{&quot;jet_parallax_layout_list&quot;:[]}\">\n\t\t\t\t\t\t<div class=\"elementor-container elementor-column-gap-default\">\n\t\t\t\t\t<div class=\"elementor-column elementor-col-100 elementor-top-column elementor-element elementor-element-49477284\" data-id=\"49477284\" data-element_type=\"column\">\n\t\t\t<div class=\"elementor-widget-wrap elementor-element-populated\">\n\t\t\t\t\t\t<div class=\"elementor-element elementor-element-5d75080a elementor-widget elementor-widget-image\" data-id=\"5d75080a\" data-element_type=\"widget\" data-widget_type=\"image.default\">\n\t\t\t\t<div class=\"elementor-widget-container\">\n\t\t\t\t\t\t\t\t\t\t\t\t\t\t\t<img decoding=\"async\" width=\"800\" height=\"608\" src=\"https:\/\/museum-mb.si\/wp-content\/uploads\/2022\/08\/2-uai-1440x1094-1-1024x778.jpg\" class=\"attachment-large size-large wp-image-68463\" alt=\"\" srcset=\"https:\/\/museum-mb.si\/wp-content\/uploads\/2022\/08\/2-uai-1440x1094-1-1024x778.jpg 1024w, https:\/\/museum-mb.si\/wp-content\/uploads\/2022\/08\/2-uai-1440x1094-1-300x228.jpg 300w, https:\/\/museum-mb.si\/wp-content\/uploads\/2022\/08\/2-uai-1440x1094-1-768x583.jpg 768w, https:\/\/museum-mb.si\/wp-content\/uploads\/2022\/08\/2-uai-1440x1094-1.jpg 1440w\" sizes=\"(max-width: 800px) 100vw, 800px\" \/>\t\t\t\t\t\t\t\t\t\t\t\t\t\t\t<\/div>\n\t\t\t\t<\/div>\n\t\t\t\t<div class=\"elementor-element elementor-element-39250be9 elementor-widget__width-initial elementor-widget elementor-widget-text-editor\" data-id=\"39250be9\" data-element_type=\"widget\" data-widget_type=\"text-editor.default\">\n\t\t\t\t<div class=\"elementor-widget-container\">\n\t\t\t\t\t\t\t\t\t<p>Ein Foto des Mariborer Stadtrats anl\u00e4sslich der Proklamation der Autonomie der Stadt im Jahr 1865. Zweiter von links ist der Ehrenb\u00fcrger der Stadt Maribor, Dr. Rudolf Gustav Puff.<\/p><p><br \/>Regionalmuseum Maribor.<\/p>\t\t\t\t\t\t\t\t<\/div>\n\t\t\t\t<\/div>\n\t\t\t\t\t<\/div>\n\t\t<\/div>\n\t\t\t\t\t<\/div>\n\t\t<\/section>\n\t\t\t\t<\/div>\n\t\t<\/div><\/div>\n<\/div>\n\n<div class=\"jet-carousel__item\">\n\t<div class=\"jet-carousel__item-inner\"><div class=\"jet-carousel__content\">\t\t<div data-elementor-type=\"section\" data-elementor-id=\"68468\" class=\"elementor elementor-68468\" data-elementor-post-type=\"elementor_library\">\n\t\t\t\t\t<section class=\"elementor-section elementor-top-section elementor-element elementor-element-7522ca58 elementor-section-boxed elementor-section-height-default elementor-section-height-default\" data-id=\"7522ca58\" data-element_type=\"section\" data-settings=\"{&quot;jet_parallax_layout_list&quot;:[]}\">\n\t\t\t\t\t\t<div class=\"elementor-container elementor-column-gap-wider\">\n\t\t\t\t\t<div class=\"elementor-column elementor-col-100 elementor-top-column elementor-element elementor-element-38b9171\" data-id=\"38b9171\" data-element_type=\"column\">\n\t\t\t<div class=\"elementor-widget-wrap elementor-element-populated\">\n\t\t\t\t\t\t<div class=\"elementor-element elementor-element-70670e1e elementor-widget elementor-widget-image\" data-id=\"70670e1e\" data-element_type=\"widget\" data-widget_type=\"image.default\">\n\t\t\t\t<div class=\"elementor-widget-container\">\n\t\t\t\t\t\t\t\t\t\t\t\t\t\t\t<img decoding=\"async\" width=\"800\" height=\"534\" src=\"https:\/\/museum-mb.si\/wp-content\/uploads\/2022\/08\/3-uai-1440x960-1-1024x683.jpg\" class=\"attachment-large size-large wp-image-68467\" alt=\"\" srcset=\"https:\/\/museum-mb.si\/wp-content\/uploads\/2022\/08\/3-uai-1440x960-1-1024x683.jpg 1024w, https:\/\/museum-mb.si\/wp-content\/uploads\/2022\/08\/3-uai-1440x960-1-300x200.jpg 300w, https:\/\/museum-mb.si\/wp-content\/uploads\/2022\/08\/3-uai-1440x960-1-768x512.jpg 768w, https:\/\/museum-mb.si\/wp-content\/uploads\/2022\/08\/3-uai-1440x960-1.jpg 1440w\" sizes=\"(max-width: 800px) 100vw, 800px\" \/>\t\t\t\t\t\t\t\t\t\t\t\t\t\t\t<\/div>\n\t\t\t\t<\/div>\n\t\t\t\t<div class=\"elementor-element elementor-element-6e6382fe elementor-widget__width-initial elementor-widget elementor-widget-text-editor\" data-id=\"6e6382fe\" data-element_type=\"widget\" data-widget_type=\"text-editor.default\">\n\t\t\t\t<div class=\"elementor-widget-container\">\n\t\t\t\t\t\t\t\t\t<p style=\"text-align: center;\">Reliefplatte, dem Gott Mithras gewidmet, 2.-3. Jahrhundert. Ru\u0161e, Regionalmuseum Maribor.<\/p>\n<p><gwmw style=\"display:none;\"><\/gwmw><\/p>\n<gwmw style=\"display:none;\"><\/gwmw>\t\t\t\t\t\t\t\t<\/div>\n\t\t\t\t<\/div>\n\t\t\t\t\t<\/div>\n\t\t<\/div>\n\t\t\t\t\t<\/div>\n\t\t<\/section>\n\t\t\t\t<\/div>\n\t\t<\/div><\/div>\n<\/div>\n<\/div><div class=\"jet-carousel__prev-arrow-66ddb5c9 jet-arrow prev-arrow\"><i aria-hidden=\"true\" class=\"fas fa-angle-left\"><\/i><\/div><div class=\"jet-carousel__next-arrow-66ddb5c9 jet-arrow next-arrow\"><i aria-hidden=\"true\" class=\"fas fa-angle-right\"><\/i><\/div><\/div>\n<\/div>\n<\/div>\t\t\t\t<\/div>\n\t\t\t\t<\/div>\n\t\t\t\t\t<\/div>\n\t\t<\/div>\n\t\t\t\t\t<\/div>\n\t\t<\/section>\n\t\t\t\t<\/div>","protected":false},"featured_media":68318,"template":"","vrsta":[13],"class_list":["post-68317","razstave","type-razstave","status-publish","has-post-thumbnail","hentry","vrsta-varuhi-dediscine"],"yoast_head":"<!-- This site is optimized with the Yoast SEO plugin v27.5 - https:\/\/yoast.com\/product\/yoast-seo-wordpress\/ -->\n<title>Rudolf Gustav Puff (1808\u20131865) &#8211; Pokrajinski muzej Maribor<\/title>\n<meta name=\"robots\" content=\"index, follow, max-snippet:-1, max-image-preview:large, max-video-preview:-1\" \/>\n<link rel=\"canonical\" href=\"https:\/\/museum-mb.si\/de\/ausstellungen\/rudolf-gustav-puff-1808-1865\/\" \/>\n<meta property=\"og:locale\" content=\"de_DE\" \/>\n<meta property=\"og:type\" content=\"article\" \/>\n<meta property=\"og:title\" content=\"Rudolf Gustav Puff (1808\u20131865) &#8211; Pokrajinski muzej Maribor\" \/>\n<meta property=\"og:description\" content=\"RAZISKUJ VARUHI DEDI\u0160\u010cINE Muzealije so kot muze, ki nas vodijo v skrivnosti dedi\u0161\u010dine, varuhi so tisti, ki poskrbijo za njeno prihodnost. Rudolf Gustav Puff (1808\u20131865) Wagner, Rudolf Gustav Puff, ok. 1860. Pokrajinski muzej Maribor. Rodil se je 10. julija 1808 v Holzbauereggu pri Grossflorianu, okoli 60 km severozahodno od Maribora. Osnovno \u0161olo in gimnazijo je [&hellip;]\" \/>\n<meta property=\"og:url\" content=\"https:\/\/museum-mb.si\/de\/ausstellungen\/rudolf-gustav-puff-1808-1865\/\" \/>\n<meta property=\"og:site_name\" content=\"Pokrajinski muzej Maribor\" \/>\n<meta property=\"article:publisher\" content=\"https:\/\/www.facebook.com\/pomum123\" \/>\n<meta property=\"article:modified_time\" content=\"2022-09-10T16:39:46+00:00\" \/>\n<meta property=\"og:image\" content=\"https:\/\/museum-mb.si\/wp-content\/uploads\/2022\/08\/1.jpg\" \/>\n\t<meta property=\"og:image:width\" content=\"1501\" \/>\n\t<meta property=\"og:image:height\" content=\"1959\" \/>\n\t<meta property=\"og:image:type\" content=\"image\/jpeg\" \/>\n<meta name=\"twitter:card\" content=\"summary_large_image\" \/>\n<meta name=\"twitter:label1\" content=\"Gesch\u00e4tzte Lesezeit\" \/>\n\t<meta name=\"twitter:data1\" content=\"1\u00a0Minute\" \/>\n<script type=\"application\/ld+json\" class=\"yoast-schema-graph\">{\"@context\":\"https:\\\/\\\/schema.org\",\"@graph\":[{\"@type\":\"WebPage\",\"@id\":\"https:\\\/\\\/museum-mb.si\\\/razstave\\\/rudolf-gustav-puff-1808-1865\\\/\",\"url\":\"https:\\\/\\\/museum-mb.si\\\/razstave\\\/rudolf-gustav-puff-1808-1865\\\/\",\"name\":\"Rudolf Gustav Puff (1808\u20131865) &#8211; Pokrajinski muzej Maribor\",\"isPartOf\":{\"@id\":\"https:\\\/\\\/museum-mb.si\\\/#website\"},\"primaryImageOfPage\":{\"@id\":\"https:\\\/\\\/museum-mb.si\\\/razstave\\\/rudolf-gustav-puff-1808-1865\\\/#primaryimage\"},\"image\":{\"@id\":\"https:\\\/\\\/museum-mb.si\\\/razstave\\\/rudolf-gustav-puff-1808-1865\\\/#primaryimage\"},\"thumbnailUrl\":\"https:\\\/\\\/museum-mb.si\\\/wp-content\\\/uploads\\\/2022\\\/08\\\/1.jpg\",\"datePublished\":\"2022-08-25T15:25:16+00:00\",\"dateModified\":\"2022-09-10T16:39:46+00:00\",\"breadcrumb\":{\"@id\":\"https:\\\/\\\/museum-mb.si\\\/razstave\\\/rudolf-gustav-puff-1808-1865\\\/#breadcrumb\"},\"inLanguage\":\"de\",\"potentialAction\":[{\"@type\":\"ReadAction\",\"target\":[\"https:\\\/\\\/museum-mb.si\\\/razstave\\\/rudolf-gustav-puff-1808-1865\\\/\"]}]},{\"@type\":\"ImageObject\",\"inLanguage\":\"de\",\"@id\":\"https:\\\/\\\/museum-mb.si\\\/razstave\\\/rudolf-gustav-puff-1808-1865\\\/#primaryimage\",\"url\":\"https:\\\/\\\/museum-mb.si\\\/wp-content\\\/uploads\\\/2022\\\/08\\\/1.jpg\",\"contentUrl\":\"https:\\\/\\\/museum-mb.si\\\/wp-content\\\/uploads\\\/2022\\\/08\\\/1.jpg\",\"width\":1501,\"height\":1959},{\"@type\":\"BreadcrumbList\",\"@id\":\"https:\\\/\\\/museum-mb.si\\\/razstave\\\/rudolf-gustav-puff-1808-1865\\\/#breadcrumb\",\"itemListElement\":[{\"@type\":\"ListItem\",\"position\":1,\"name\":\"Domov\",\"item\":\"https:\\\/\\\/museum-mb.si\\\/\"},{\"@type\":\"ListItem\",\"position\":2,\"name\":\"Razstave\",\"item\":\"https:\\\/\\\/museum-mb.si\\\/razstave\\\/\"},{\"@type\":\"ListItem\",\"position\":3,\"name\":\"Rudolf Gustav Puff (1808\u20131865)\"}]},{\"@type\":\"WebSite\",\"@id\":\"https:\\\/\\\/museum-mb.si\\\/#website\",\"url\":\"https:\\\/\\\/museum-mb.si\\\/\",\"name\":\"Pokrajinski muzej Maribor\",\"description\":\"\",\"publisher\":{\"@id\":\"https:\\\/\\\/museum-mb.si\\\/#organization\"},\"potentialAction\":[{\"@type\":\"SearchAction\",\"target\":{\"@type\":\"EntryPoint\",\"urlTemplate\":\"https:\\\/\\\/museum-mb.si\\\/?s={search_term_string}\"},\"query-input\":{\"@type\":\"PropertyValueSpecification\",\"valueRequired\":true,\"valueName\":\"search_term_string\"}}],\"inLanguage\":\"de\"},{\"@type\":\"Organization\",\"@id\":\"https:\\\/\\\/museum-mb.si\\\/#organization\",\"name\":\"Pokrajinski muzej Maribor\",\"url\":\"https:\\\/\\\/museum-mb.si\\\/\",\"logo\":{\"@type\":\"ImageObject\",\"inLanguage\":\"de\",\"@id\":\"https:\\\/\\\/museum-mb.si\\\/#\\\/schema\\\/logo\\\/image\\\/\",\"url\":\"https:\\\/\\\/museum-mb.si\\\/wp-content\\\/uploads\\\/2024\\\/12\\\/pmm_logo_barvni_jpeg.jpg\",\"contentUrl\":\"https:\\\/\\\/museum-mb.si\\\/wp-content\\\/uploads\\\/2024\\\/12\\\/pmm_logo_barvni_jpeg.jpg\",\"width\":758,\"height\":754,\"caption\":\"Pokrajinski muzej Maribor\"},\"image\":{\"@id\":\"https:\\\/\\\/museum-mb.si\\\/#\\\/schema\\\/logo\\\/image\\\/\"},\"sameAs\":[\"https:\\\/\\\/www.facebook.com\\\/pomum123\",\"https:\\\/\\\/www.instagram.com\\\/maribor_museum\\\/\",\"https:\\\/\\\/www.youtube.com\\\/channel\\\/UCdshtCrun841Oc-35tYLBGQ\"]}]}<\/script>\n<!-- \/ Yoast SEO plugin. -->","yoast_head_json":{"title":"Rudolf Gustav Puff (1808-1865) - Regionalmuseum Maribor","robots":{"index":"index","follow":"follow","max-snippet":"max-snippet:-1","max-image-preview":"max-image-preview:large","max-video-preview":"max-video-preview:-1"},"canonical":"https:\/\/museum-mb.si\/de\/ausstellungen\/rudolf-gustav-puff-1808-1865\/","og_locale":"de_DE","og_type":"article","og_title":"Rudolf Gustav Puff (1808\u20131865) &#8211; Pokrajinski muzej Maribor","og_description":"RAZISKUJ VARUHI DEDI\u0160\u010cINE Muzealije so kot muze, ki nas vodijo v skrivnosti dedi\u0161\u010dine, varuhi so tisti, ki poskrbijo za njeno prihodnost. Rudolf Gustav Puff (1808\u20131865) Wagner, Rudolf Gustav Puff, ok. 1860. Pokrajinski muzej Maribor. Rodil se je 10. julija 1808 v Holzbauereggu pri Grossflorianu, okoli 60 km severozahodno od Maribora. Osnovno \u0161olo in gimnazijo je [&hellip;]","og_url":"https:\/\/museum-mb.si\/de\/ausstellungen\/rudolf-gustav-puff-1808-1865\/","og_site_name":"Pokrajinski muzej Maribor","article_publisher":"https:\/\/www.facebook.com\/pomum123","article_modified_time":"2022-09-10T16:39:46+00:00","og_image":[{"width":1501,"height":1959,"url":"https:\/\/museum-mb.si\/wp-content\/uploads\/2022\/08\/1.jpg","type":"image\/jpeg"}],"twitter_card":"summary_large_image","twitter_misc":{"Gesch\u00e4tzte Lesezeit":"1\u00a0Minute"},"schema":{"@context":"https:\/\/schema.org","@graph":[{"@type":"WebPage","@id":"https:\/\/museum-mb.si\/razstave\/rudolf-gustav-puff-1808-1865\/","url":"https:\/\/museum-mb.si\/razstave\/rudolf-gustav-puff-1808-1865\/","name":"Rudolf Gustav Puff (1808-1865) - Regionalmuseum Maribor","isPartOf":{"@id":"https:\/\/museum-mb.si\/#website"},"primaryImageOfPage":{"@id":"https:\/\/museum-mb.si\/razstave\/rudolf-gustav-puff-1808-1865\/#primaryimage"},"image":{"@id":"https:\/\/museum-mb.si\/razstave\/rudolf-gustav-puff-1808-1865\/#primaryimage"},"thumbnailUrl":"https:\/\/museum-mb.si\/wp-content\/uploads\/2022\/08\/1.jpg","datePublished":"2022-08-25T15:25:16+00:00","dateModified":"2022-09-10T16:39:46+00:00","breadcrumb":{"@id":"https:\/\/museum-mb.si\/razstave\/rudolf-gustav-puff-1808-1865\/#breadcrumb"},"inLanguage":"de","potentialAction":[{"@type":"ReadAction","target":["https:\/\/museum-mb.si\/razstave\/rudolf-gustav-puff-1808-1865\/"]}]},{"@type":"ImageObject","inLanguage":"de","@id":"https:\/\/museum-mb.si\/razstave\/rudolf-gustav-puff-1808-1865\/#primaryimage","url":"https:\/\/museum-mb.si\/wp-content\/uploads\/2022\/08\/1.jpg","contentUrl":"https:\/\/museum-mb.si\/wp-content\/uploads\/2022\/08\/1.jpg","width":1501,"height":1959},{"@type":"BreadcrumbList","@id":"https:\/\/museum-mb.si\/razstave\/rudolf-gustav-puff-1808-1865\/#breadcrumb","itemListElement":[{"@type":"ListItem","position":1,"name":"Domov","item":"https:\/\/museum-mb.si\/"},{"@type":"ListItem","position":2,"name":"Razstave","item":"https:\/\/museum-mb.si\/razstave\/"},{"@type":"ListItem","position":3,"name":"Rudolf Gustav Puff (1808\u20131865)"}]},{"@type":"WebSite","@id":"https:\/\/museum-mb.si\/#website","url":"https:\/\/museum-mb.si\/","name":"Regionalmuseum Maribor","description":"","publisher":{"@id":"https:\/\/museum-mb.si\/#organization"},"potentialAction":[{"@type":"SearchAction","target":{"@type":"EntryPoint","urlTemplate":"https:\/\/museum-mb.si\/?s={search_term_string}"},"query-input":{"@type":"PropertyValueSpecification","valueRequired":true,"valueName":"search_term_string"}}],"inLanguage":"de"},{"@type":"Organization","@id":"https:\/\/museum-mb.si\/#organization","name":"Regionalmuseum Maribor","url":"https:\/\/museum-mb.si\/","logo":{"@type":"ImageObject","inLanguage":"de","@id":"https:\/\/museum-mb.si\/#\/schema\/logo\/image\/","url":"https:\/\/museum-mb.si\/wp-content\/uploads\/2024\/12\/pmm_logo_barvni_jpeg.jpg","contentUrl":"https:\/\/museum-mb.si\/wp-content\/uploads\/2024\/12\/pmm_logo_barvni_jpeg.jpg","width":758,"height":754,"caption":"Pokrajinski muzej Maribor"},"image":{"@id":"https:\/\/museum-mb.si\/#\/schema\/logo\/image\/"},"sameAs":["https:\/\/www.facebook.com\/pomum123","https:\/\/www.instagram.com\/maribor_museum\/","https:\/\/www.youtube.com\/channel\/UCdshtCrun841Oc-35tYLBGQ"]}]}},"_links":{"self":[{"href":"https:\/\/museum-mb.si\/de\/wp-json\/wp\/v2\/razstave\/68317","targetHints":{"allow":["GET"]}}],"collection":[{"href":"https:\/\/museum-mb.si\/de\/wp-json\/wp\/v2\/razstave"}],"about":[{"href":"https:\/\/museum-mb.si\/de\/wp-json\/wp\/v2\/types\/razstave"}],"version-history":[{"count":19,"href":"https:\/\/museum-mb.si\/de\/wp-json\/wp\/v2\/razstave\/68317\/revisions"}],"predecessor-version":[{"id":70283,"href":"https:\/\/museum-mb.si\/de\/wp-json\/wp\/v2\/razstave\/68317\/revisions\/70283"}],"wp:featuredmedia":[{"embeddable":true,"href":"https:\/\/museum-mb.si\/de\/wp-json\/wp\/v2\/media\/68318"}],"wp:attachment":[{"href":"https:\/\/museum-mb.si\/de\/wp-json\/wp\/v2\/media?parent=68317"}],"wp:term":[{"taxonomy":"vrsta","embeddable":true,"href":"https:\/\/museum-mb.si\/de\/wp-json\/wp\/v2\/vrsta?post=68317"}],"curies":[{"name":"wp","href":"https:\/\/api.w.org\/{rel}","templated":true}]}}