{"id":68101,"date":"2022-08-25T15:23:00","date_gmt":"2022-08-25T15:23:00","guid":{"rendered":"https:\/\/nova.museum-mb.si\/?post_type=razstave&#038;p=68101"},"modified":"2022-09-10T16:39:27","modified_gmt":"2022-09-10T16:39:27","slug":"mihael-napotnik-1850-1922","status":"publish","type":"razstave","link":"https:\/\/museum-mb.si\/de\/ausstellungen\/mihael-napotnik-1850-1922\/","title":{"rendered":"Mihael Napotnik (1850-1922)"},"content":{"rendered":"<div data-elementor-type=\"wp-post\" data-elementor-id=\"68101\" class=\"elementor elementor-68101\" data-elementor-post-type=\"razstave\">\n\t\t\t\t\t\t<section class=\"elementor-section elementor-top-section elementor-element elementor-element-6059cee elementor-section-height-min-height elementor-section-stretched elementor-section-boxed elementor-section-height-default elementor-section-items-middle\" data-id=\"6059cee\" data-element_type=\"section\" data-settings=\"{&quot;stretch_section&quot;:&quot;section-stretched&quot;,&quot;jet_parallax_layout_list&quot;:[],&quot;background_background&quot;:&quot;classic&quot;}\">\n\t\t\t\t\t\t\t<div class=\"elementor-background-overlay\"><\/div>\n\t\t\t\t\t\t\t<div class=\"elementor-container elementor-column-gap-default\">\n\t\t\t\t\t<div class=\"elementor-column elementor-col-100 elementor-top-column elementor-element elementor-element-22eabb94\" data-id=\"22eabb94\" data-element_type=\"column\">\n\t\t\t<div class=\"elementor-widget-wrap elementor-element-populated\">\n\t\t\t\t\t\t<div class=\"elementor-element elementor-element-6c474590 elementor-widget elementor-widget-text-editor\" data-id=\"6c474590\" data-element_type=\"widget\" data-widget_type=\"text-editor.default\">\n\t\t\t\t<div class=\"elementor-widget-container\">\n\t\t\t\t\t\t\t\t\t<p>ANZEIGE<\/p>\t\t\t\t\t\t\t\t<\/div>\n\t\t\t\t<\/div>\n\t\t\t\t<div class=\"elementor-element elementor-element-43b63078 elementor-widget elementor-widget-heading\" data-id=\"43b63078\" data-element_type=\"widget\" data-widget_type=\"heading.default\">\n\t\t\t\t<div class=\"elementor-widget-container\">\n\t\t\t\t\t<h2 class=\"elementor-heading-title elementor-size-default\">H\u00dcTER DES ERBES<\/h2>\t\t\t\t<\/div>\n\t\t\t\t<\/div>\n\t\t\t\t<div class=\"elementor-element elementor-element-40e303b9 elementor-widget__width-initial elementor-widget elementor-widget-text-editor\" data-id=\"40e303b9\" data-element_type=\"widget\" data-widget_type=\"text-editor.default\">\n\t\t\t\t<div class=\"elementor-widget-container\">\n\t\t\t\t\t\t\t\t\t<p>Museen sind wie Musen, die uns in Geheimnisse f\u00fchren<br>\nErbe, so sind es die H\u00fcter, die sich um dessen Erhalt k\u00fcmmern<br>\ndie Zukunft.<\/p>\n<gwmw style=\"display:none;\"><\/gwmw>\t\t\t\t\t\t\t\t<\/div>\n\t\t\t\t<\/div>\n\t\t\t\t\t<\/div>\n\t\t<\/div>\n\t\t\t\t\t<\/div>\n\t\t<\/section>\n\t\t\t\t<section class=\"elementor-section elementor-top-section elementor-element elementor-element-641beebb elementor-section-boxed elementor-section-height-default elementor-section-height-default\" data-id=\"641beebb\" data-element_type=\"section\" data-settings=\"{&quot;jet_parallax_layout_list&quot;:[]}\">\n\t\t\t\t\t\t<div class=\"elementor-container elementor-column-gap-default\">\n\t\t\t\t\t<div class=\"elementor-column elementor-col-100 elementor-top-column elementor-element elementor-element-53ff962c\" data-id=\"53ff962c\" data-element_type=\"column\">\n\t\t\t<div class=\"elementor-widget-wrap elementor-element-populated\">\n\t\t\t\t\t\t<div class=\"elementor-element elementor-element-489b1a9f elementor-widget__width-initial elementor-widget elementor-widget-spacer\" data-id=\"489b1a9f\" data-element_type=\"widget\" data-widget_type=\"spacer.default\">\n\t\t\t\t<div class=\"elementor-widget-container\">\n\t\t\t\t\t\t\t<div class=\"elementor-spacer\">\n\t\t\t<div class=\"elementor-spacer-inner\"><\/div>\n\t\t<\/div>\n\t\t\t\t\t\t<\/div>\n\t\t\t\t<\/div>\n\t\t\t\t\t<\/div>\n\t\t<\/div>\n\t\t\t\t\t<\/div>\n\t\t<\/section>\n\t\t\t\t<section class=\"elementor-section elementor-top-section elementor-element elementor-element-c2d1a4c elementor-section-boxed elementor-section-height-default elementor-section-height-default\" data-id=\"c2d1a4c\" data-element_type=\"section\" data-settings=\"{&quot;jet_parallax_layout_list&quot;:[]}\">\n\t\t\t\t\t\t<div class=\"elementor-container elementor-column-gap-default\">\n\t\t\t\t\t<div class=\"elementor-column elementor-col-100 elementor-top-column elementor-element elementor-element-49bab45\" data-id=\"49bab45\" data-element_type=\"column\">\n\t\t\t<div class=\"elementor-widget-wrap elementor-element-populated\">\n\t\t\t\t\t\t<div class=\"elementor-element elementor-element-d29fe40 elementor-widget elementor-widget-heading\" data-id=\"d29fe40\" data-element_type=\"widget\" data-widget_type=\"heading.default\">\n\t\t\t\t<div class=\"elementor-widget-container\">\n\t\t\t\t\t<h2 class=\"elementor-heading-title elementor-size-default\">Mihael Napotnik (1850-1922)<\/h2>\t\t\t\t<\/div>\n\t\t\t\t<\/div>\n\t\t\t\t\t<\/div>\n\t\t<\/div>\n\t\t\t\t\t<\/div>\n\t\t<\/section>\n\t\t\t\t<section class=\"elementor-section elementor-top-section elementor-element elementor-element-13db1330 elementor-section-boxed elementor-section-height-default elementor-section-height-default\" data-id=\"13db1330\" data-element_type=\"section\" data-settings=\"{&quot;jet_parallax_layout_list&quot;:[]}\">\n\t\t\t\t\t\t<div class=\"elementor-container elementor-column-gap-default\">\n\t\t\t\t\t<div class=\"elementor-column elementor-col-100 elementor-top-column elementor-element elementor-element-64ab869\" data-id=\"64ab869\" data-element_type=\"column\">\n\t\t\t<div class=\"elementor-widget-wrap elementor-element-populated\">\n\t\t\t\t\t\t<div class=\"elementor-element elementor-element-5a72956c elementor-widget elementor-widget-jet-carousel\" data-id=\"5a72956c\" data-element_type=\"widget\" data-settings=\"{&quot;slides_to_show&quot;:&quot;1&quot;,&quot;slides_to_show_mobile&quot;:&quot;1&quot;,&quot;slides_to_scroll_mobile&quot;:&quot;1&quot;,&quot;slides_to_scroll&quot;:&quot;1&quot;}\" data-widget_type=\"jet-carousel.default\">\n\t\t\t\t<div class=\"elementor-widget-container\">\n\t\t\t\t\t<div class=\"elementor-jet-carousel jet-elements\"><div class=\"jet-carousel-wrap\">\n\t<div class=\"jet-carousel\" data-slider_options=\"{&quot;autoplaySpeed&quot;:5000,&quot;autoplay&quot;:true,&quot;infinite&quot;:true,&quot;centerMode&quot;:false,&quot;centerPadding&quot;:&quot;50px&quot;,&quot;pauseOnHover&quot;:false,&quot;speed&quot;:500,&quot;arrows&quot;:true,&quot;dots&quot;:false,&quot;variableWidth&quot;:false,&quot;prevArrow&quot;:&quot;.jet-carousel__prev-arrow-5a72956c&quot;,&quot;nextArrow&quot;:&quot;.jet-carousel__next-arrow-5a72956c&quot;,&quot;rtl&quot;:false,&quot;fractionNav&quot;:false,&quot;fade&quot;:false}\" dir=\"ltr\">\n\t<div class=\"elementor-slick-slider\">\n\n<div class=\"jet-carousel__item\">\n\t<div class=\"jet-carousel__item-inner\"><div class=\"jet-carousel__content\">\t\t<div data-elementor-type=\"section\" data-elementor-id=\"68516\" class=\"elementor elementor-68516\" data-elementor-post-type=\"elementor_library\">\n\t\t\t\t\t<section class=\"elementor-section elementor-top-section elementor-element elementor-element-e42cac elementor-section-boxed elementor-section-height-default elementor-section-height-default\" data-id=\"e42cac\" data-element_type=\"section\" data-settings=\"{&quot;jet_parallax_layout_list&quot;:[]}\">\n\t\t\t\t\t\t<div class=\"elementor-container elementor-column-gap-default\">\n\t\t\t\t\t<div class=\"elementor-column elementor-col-50 elementor-top-column elementor-element elementor-element-6804c4f0\" data-id=\"6804c4f0\" data-element_type=\"column\">\n\t\t\t<div class=\"elementor-widget-wrap elementor-element-populated\">\n\t\t\t\t\t\t<div class=\"elementor-element elementor-element-7cbfbac4 elementor-widget elementor-widget-image\" data-id=\"7cbfbac4\" data-element_type=\"widget\" data-widget_type=\"image.default\">\n\t\t\t\t<div class=\"elementor-widget-container\">\n\t\t\t\t\t\t\t\t\t\t\t\t\t\t\t<img fetchpriority=\"high\" decoding=\"async\" width=\"717\" height=\"1024\" src=\"https:\/\/museum-mb.si\/wp-content\/uploads\/2022\/08\/1-1-1-717x1024.jpg\" class=\"attachment-large size-large wp-image-68515\" alt=\"\" srcset=\"https:\/\/museum-mb.si\/wp-content\/uploads\/2022\/08\/1-1-1-717x1024.jpg 717w, https:\/\/museum-mb.si\/wp-content\/uploads\/2022\/08\/1-1-1-210x300.jpg 210w, https:\/\/museum-mb.si\/wp-content\/uploads\/2022\/08\/1-1-1-768x1097.jpg 768w, https:\/\/museum-mb.si\/wp-content\/uploads\/2022\/08\/1-1-1-1076x1536.jpg 1076w, https:\/\/museum-mb.si\/wp-content\/uploads\/2022\/08\/1-1-1.jpg 1204w\" sizes=\"(max-width: 717px) 100vw, 717px\" \/>\t\t\t\t\t\t\t\t\t\t\t\t\t\t\t<\/div>\n\t\t\t\t<\/div>\n\t\t\t\t<div class=\"elementor-element elementor-element-30e85102 elementor-widget__width-initial elementor-widget elementor-widget-text-editor\" data-id=\"30e85102\" data-element_type=\"widget\" data-widget_type=\"text-editor.default\">\n\t\t\t\t<div class=\"elementor-widget-container\">\n\t\t\t\t\t\t\t\t\t<p>Hans Prader, Mihael Napotnik, Ende 19.\/Anfang 20. Jahrhundert, Regionalmuseum Maribor.<\/p>\n<p><gwmw style=\"display:none;\"><\/gwmw><\/p>\n<gwmw style=\"display:none;\"><\/gwmw>\t\t\t\t\t\t\t\t<\/div>\n\t\t\t\t<\/div>\n\t\t\t\t\t<\/div>\n\t\t<\/div>\n\t\t\t\t<div class=\"elementor-column elementor-col-50 elementor-top-column elementor-element elementor-element-16785d98\" data-id=\"16785d98\" data-element_type=\"column\">\n\t\t\t<div class=\"elementor-widget-wrap elementor-element-populated\">\n\t\t\t\t\t\t<div class=\"elementor-element elementor-element-691e6004 elementor-widget__width-initial elementor-widget elementor-widget-text-editor\" data-id=\"691e6004\" data-element_type=\"widget\" data-widget_type=\"text-editor.default\">\n\t\t\t\t<div class=\"elementor-widget-container\">\n\t\t\t\t\t\t\t\t\t<p>Mihael Napotnik wurde am 20. September 1850 in Tepanjski Vrho geboren. Seine Grund- und Mittelschulausbildung absolvierte er in Konjice und Celje, sein Theologiestudium in Maribor. Im Jahr 1880 wurde er zum Doktor der Theologie promoviert und 1889 zum Bischof der Di\u00f6zese Lavantine ernannt.<\/p><p>Der Primas bezeichnete die Pflege des sakralen Erbes als eine der Hauptaufgaben seines Episkopats. Er setzte eine Kommission f\u00fcr die Bewertung neuer kirchlicher Kunstwerke und eine Kommission f\u00fcr die Bewahrung von Altert\u00fcmern ein. Im Jahr 1896 gr\u00fcndete er auch offiziell das Knezo\u0161kofi\u0161kijas-Museum im ehemaligen Jesuitenkolleg in der heutigen Koro\u0161ka-Stra\u00dfe in Maribor.<\/p><p>Er ernannte Dr. Natko zum ersten Kurator der Sammlung, der detaillierte Anweisungen f\u00fcr den Schutz des Erbes aufstellte. Jeder Einlieferer musste die Herkunft des Objekts, den Namen der Pfarrei, den Zweck des Objekts und eine damit verbundene Volkstradition angeben. Ziel des Museums war es, die sakrale Kunst in der Di\u00f6zese zu sammeln und zu bewahren und sowohl den Klerus als auch die Gl\u00e4ubigen dar\u00fcber zu unterrichten. Nicht zuletzt war das bewahrte Erbe auch ein Ansporn und eine Anleitung f\u00fcr K\u00fcnstler, weiterhin sakrale Kunst zu schaffen.<\/p><p>\u00a0<\/p>\t\t\t\t\t\t\t\t<\/div>\n\t\t\t\t<\/div>\n\t\t\t\t\t<\/div>\n\t\t<\/div>\n\t\t\t\t\t<\/div>\n\t\t<\/section>\n\t\t\t\t<\/div>\n\t\t<\/div><\/div>\n<\/div>\n\n<div class=\"jet-carousel__item\">\n\t<div class=\"jet-carousel__item-inner\"><div class=\"jet-carousel__content\">\t\t<div data-elementor-type=\"section\" data-elementor-id=\"68512\" class=\"elementor elementor-68512\" data-elementor-post-type=\"elementor_library\">\n\t\t\t\t\t<section class=\"elementor-section elementor-top-section elementor-element elementor-element-47eb0028 elementor-section-boxed elementor-section-height-default elementor-section-height-default\" data-id=\"47eb0028\" data-element_type=\"section\" data-settings=\"{&quot;jet_parallax_layout_list&quot;:[]}\">\n\t\t\t\t\t\t<div class=\"elementor-container elementor-column-gap-default\">\n\t\t\t\t\t<div class=\"elementor-column elementor-col-100 elementor-top-column elementor-element elementor-element-4c8a42be\" data-id=\"4c8a42be\" data-element_type=\"column\">\n\t\t\t<div class=\"elementor-widget-wrap elementor-element-populated\">\n\t\t\t\t\t\t<div class=\"elementor-element elementor-element-74a57874 elementor-widget elementor-widget-image\" data-id=\"74a57874\" data-element_type=\"widget\" data-widget_type=\"image.default\">\n\t\t\t\t<div class=\"elementor-widget-container\">\n\t\t\t\t\t\t\t\t\t\t\t\t\t\t\t<img decoding=\"async\" width=\"800\" height=\"862\" src=\"https:\/\/museum-mb.si\/wp-content\/uploads\/2022\/08\/2-1-uai-1440x1552-1-950x1024.jpg\" class=\"attachment-large size-large wp-image-68511\" alt=\"\" srcset=\"https:\/\/museum-mb.si\/wp-content\/uploads\/2022\/08\/2-1-uai-1440x1552-1-950x1024.jpg 950w, https:\/\/museum-mb.si\/wp-content\/uploads\/2022\/08\/2-1-uai-1440x1552-1-278x300.jpg 278w, https:\/\/museum-mb.si\/wp-content\/uploads\/2022\/08\/2-1-uai-1440x1552-1-768x828.jpg 768w, https:\/\/museum-mb.si\/wp-content\/uploads\/2022\/08\/2-1-uai-1440x1552-1-1425x1536.jpg 1425w, https:\/\/museum-mb.si\/wp-content\/uploads\/2022\/08\/2-1-uai-1440x1552-1.jpg 1440w\" sizes=\"(max-width: 800px) 100vw, 800px\" \/>\t\t\t\t\t\t\t\t\t\t\t\t\t\t\t<\/div>\n\t\t\t\t<\/div>\n\t\t\t\t<div class=\"elementor-element elementor-element-1aabcad3 elementor-widget__width-initial elementor-widget elementor-widget-text-editor\" data-id=\"1aabcad3\" data-element_type=\"widget\" data-widget_type=\"text-editor.default\">\n\t\t\t\t<div class=\"elementor-widget-container\">\n\t\t\t\t\t\t\t\t\t<p style=\"text-align: center;\">Leonhard Kern, Die Kr\u00f6nung der Jungfrau Maria, 1612-1613, aus dem Friedhof der Heiligen Mohor und Fortunatus in Gornji Grad, Regionalmuseum Maribor.<\/p>\t\t\t\t\t\t\t\t<\/div>\n\t\t\t\t<\/div>\n\t\t\t\t\t<\/div>\n\t\t<\/div>\n\t\t\t\t\t<\/div>\n\t\t<\/section>\n\t\t\t\t<\/div>\n\t\t<\/div><\/div>\n<\/div>\n\n<div class=\"jet-carousel__item\">\n\t<div class=\"jet-carousel__item-inner\"><div class=\"jet-carousel__content\">\t\t<div data-elementor-type=\"section\" data-elementor-id=\"68505\" class=\"elementor elementor-68505\" data-elementor-post-type=\"elementor_library\">\n\t\t\t\t\t<section class=\"elementor-section elementor-top-section elementor-element elementor-element-2988acd6 elementor-section-boxed elementor-section-height-default elementor-section-height-default\" data-id=\"2988acd6\" data-element_type=\"section\" data-settings=\"{&quot;jet_parallax_layout_list&quot;:[]}\">\n\t\t\t\t\t\t<div class=\"elementor-container elementor-column-gap-default\">\n\t\t\t\t\t<div class=\"elementor-column elementor-col-100 elementor-top-column elementor-element elementor-element-1edc96f1\" data-id=\"1edc96f1\" data-element_type=\"column\">\n\t\t\t<div class=\"elementor-widget-wrap elementor-element-populated\">\n\t\t\t\t\t\t<div class=\"elementor-element elementor-element-412b3cb6 elementor-widget elementor-widget-image\" data-id=\"412b3cb6\" data-element_type=\"widget\" data-widget_type=\"image.default\">\n\t\t\t\t<div class=\"elementor-widget-container\">\n\t\t\t\t\t\t\t\t\t\t\t\t\t\t\t<img decoding=\"async\" width=\"640\" height=\"1024\" src=\"https:\/\/museum-mb.si\/wp-content\/uploads\/2022\/08\/3-1-uai-1440x2305-1-640x1024.jpg\" class=\"attachment-large size-large wp-image-68504\" alt=\"\" srcset=\"https:\/\/museum-mb.si\/wp-content\/uploads\/2022\/08\/3-1-uai-1440x2305-1-640x1024.jpg 640w, https:\/\/museum-mb.si\/wp-content\/uploads\/2022\/08\/3-1-uai-1440x2305-1-187x300.jpg 187w, https:\/\/museum-mb.si\/wp-content\/uploads\/2022\/08\/3-1-uai-1440x2305-1-768x1229.jpg 768w, https:\/\/museum-mb.si\/wp-content\/uploads\/2022\/08\/3-1-uai-1440x2305-1-960x1536.jpg 960w, https:\/\/museum-mb.si\/wp-content\/uploads\/2022\/08\/3-1-uai-1440x2305-1-1279x2048.jpg 1279w, https:\/\/museum-mb.si\/wp-content\/uploads\/2022\/08\/3-1-uai-1440x2305-1.jpg 1440w\" sizes=\"(max-width: 640px) 100vw, 640px\" \/>\t\t\t\t\t\t\t\t\t\t\t\t\t\t\t<\/div>\n\t\t\t\t<\/div>\n\t\t\t\t<div class=\"elementor-element elementor-element-579891ec elementor-widget__width-initial elementor-widget elementor-widget-text-editor\" data-id=\"579891ec\" data-element_type=\"widget\" data-widget_type=\"text-editor.default\">\n\t\t\t\t<div class=\"elementor-widget-container\">\n\t\t\t\t\t\t\t\t\t<p style=\"text-align: center;\">Leonhard Kern, Huldigung der Heiligen Drei K\u00f6nige, 1612-1613, aus dem Friedhof der Heiligen Mohor und Fortunatus in Gornji Grad, Regionalmuseum Maribor.<\/p>\n<gwmw style=\"display:none;\"><\/gwmw>\t\t\t\t\t\t\t\t<\/div>\n\t\t\t\t<\/div>\n\t\t\t\t\t<\/div>\n\t\t<\/div>\n\t\t\t\t\t<\/div>\n\t\t<\/section>\n\t\t\t\t<\/div>\n\t\t<\/div><\/div>\n<\/div>\n\n<div class=\"jet-carousel__item\">\n\t<div class=\"jet-carousel__item-inner\"><div class=\"jet-carousel__content\">\t\t<div data-elementor-type=\"section\" data-elementor-id=\"68501\" class=\"elementor elementor-68501\" data-elementor-post-type=\"elementor_library\">\n\t\t\t\t\t<section class=\"elementor-section elementor-top-section elementor-element elementor-element-5053283e elementor-section-boxed elementor-section-height-default elementor-section-height-default\" data-id=\"5053283e\" data-element_type=\"section\" data-settings=\"{&quot;jet_parallax_layout_list&quot;:[]}\">\n\t\t\t\t\t\t<div class=\"elementor-container elementor-column-gap-default\">\n\t\t\t\t\t<div class=\"elementor-column elementor-col-100 elementor-top-column elementor-element elementor-element-48beb25a\" data-id=\"48beb25a\" data-element_type=\"column\">\n\t\t\t<div class=\"elementor-widget-wrap elementor-element-populated\">\n\t\t\t\t\t\t<div class=\"elementor-element elementor-element-55aed59e elementor-widget elementor-widget-image\" data-id=\"55aed59e\" data-element_type=\"widget\" data-widget_type=\"image.default\">\n\t\t\t\t<div class=\"elementor-widget-container\">\n\t\t\t\t\t\t\t\t\t\t\t\t\t\t\t<img loading=\"lazy\" decoding=\"async\" width=\"754\" height=\"1024\" src=\"https:\/\/museum-mb.si\/wp-content\/uploads\/2022\/08\/4-754x1024.jpg\" class=\"attachment-large size-large wp-image-68500\" alt=\"\" srcset=\"https:\/\/museum-mb.si\/wp-content\/uploads\/2022\/08\/4-754x1024.jpg 754w, https:\/\/museum-mb.si\/wp-content\/uploads\/2022\/08\/4-221x300.jpg 221w, https:\/\/museum-mb.si\/wp-content\/uploads\/2022\/08\/4-768x1044.jpg 768w, https:\/\/museum-mb.si\/wp-content\/uploads\/2022\/08\/4-1130x1536.jpg 1130w, https:\/\/museum-mb.si\/wp-content\/uploads\/2022\/08\/4.jpg 1363w\" sizes=\"(max-width: 754px) 100vw, 754px\" \/>\t\t\t\t\t\t\t\t\t\t\t\t\t\t\t<\/div>\n\t\t\t\t<\/div>\n\t\t\t\t<div class=\"elementor-element elementor-element-1bf0fd5a elementor-widget__width-initial elementor-widget elementor-widget-text-editor\" data-id=\"1bf0fd5a\" data-element_type=\"widget\" data-widget_type=\"text-editor.default\">\n\t\t\t\t<div class=\"elementor-widget-container\">\n\t\t\t\t\t\t\t\t\t<p style=\"text-align: center;\">Die Huldigung der Heiligen Drei K\u00f6nige und die Kr\u00f6nung Mariens auf der Ausstellung in der Cankarjeva Stra\u00dfe zwischen 1924 und 1938. Regionalmuseum Maribor.<\/p>\n<p><gwmw style=\"display:none;\"><\/gwmw><\/p>\n<p><gwmw style=\"display:none;\"><\/gwmw><\/p>\n<p><gwmw style=\"display:none;\"><\/gwmw><\/p>\n<gwmw style=\"display:none;\"><\/gwmw>\t\t\t\t\t\t\t\t<\/div>\n\t\t\t\t<\/div>\n\t\t\t\t\t<\/div>\n\t\t<\/div>\n\t\t\t\t\t<\/div>\n\t\t<\/section>\n\t\t\t\t<\/div>\n\t\t<\/div><\/div>\n<\/div>\n<\/div><div class=\"jet-carousel__prev-arrow-5a72956c jet-arrow prev-arrow\"><i aria-hidden=\"true\" class=\"fas fa-angle-left\"><\/i><\/div><div class=\"jet-carousel__next-arrow-5a72956c jet-arrow next-arrow\"><i aria-hidden=\"true\" class=\"fas fa-angle-right\"><\/i><\/div><\/div>\n<\/div>\n<\/div>\t\t\t\t<\/div>\n\t\t\t\t<\/div>\n\t\t\t\t\t<\/div>\n\t\t<\/div>\n\t\t\t\t\t<\/div>\n\t\t<\/section>\n\t\t\t\t<\/div>","protected":false},"featured_media":68102,"template":"","vrsta":[13],"class_list":["post-68101","razstave","type-razstave","status-publish","has-post-thumbnail","hentry","vrsta-varuhi-dediscine"],"yoast_head":"<!-- This site is optimized with the Yoast SEO plugin v27.5 - https:\/\/yoast.com\/product\/yoast-seo-wordpress\/ -->\n<title>Mihael Napotnik (1850\u20131922) &#8211; Pokrajinski muzej Maribor<\/title>\n<meta name=\"robots\" content=\"index, follow, max-snippet:-1, max-image-preview:large, max-video-preview:-1\" \/>\n<link rel=\"canonical\" href=\"https:\/\/museum-mb.si\/de\/ausstellungen\/mihael-napotnik-1850-1922\/\" \/>\n<meta property=\"og:locale\" content=\"de_DE\" \/>\n<meta property=\"og:type\" content=\"article\" \/>\n<meta property=\"og:title\" content=\"Mihael Napotnik (1850\u20131922) &#8211; Pokrajinski muzej Maribor\" \/>\n<meta property=\"og:description\" content=\"RAZISKUJ VARUHI DEDI\u0160\u010cINE Muzealije so kot muze, ki nas vodijo v skrivnosti dedi\u0161\u010dine, varuhi so tisti, ki poskrbijo za njeno prihodnost. Mihael Napotnik (1850\u20131922) Hans Prader, Mihael Napotnik, konec 19.\/za\u010detek 20. stoletja, Pokrajinski muzej Maribor. Mihael Napotnik se je rodil 20. septembra 1850 na Tepanjskem Vrhu. Osnovno in srednjo \u0161olo je dokon\u010dal v Konjicah in [&hellip;]\" \/>\n<meta property=\"og:url\" content=\"https:\/\/museum-mb.si\/de\/ausstellungen\/mihael-napotnik-1850-1922\/\" \/>\n<meta property=\"og:site_name\" content=\"Pokrajinski muzej Maribor\" \/>\n<meta property=\"article:publisher\" content=\"https:\/\/www.facebook.com\/pomum123\" \/>\n<meta property=\"article:modified_time\" content=\"2022-09-10T16:39:27+00:00\" \/>\n<meta property=\"og:image\" content=\"https:\/\/museum-mb.si\/wp-content\/uploads\/2022\/08\/1-1.jpg\" \/>\n\t<meta property=\"og:image:width\" content=\"1204\" \/>\n\t<meta property=\"og:image:height\" content=\"1719\" \/>\n\t<meta property=\"og:image:type\" content=\"image\/jpeg\" \/>\n<meta name=\"twitter:card\" content=\"summary_large_image\" \/>\n<meta name=\"twitter:label1\" content=\"Gesch\u00e4tzte Lesezeit\" \/>\n\t<meta name=\"twitter:data1\" content=\"1\u00a0Minute\" \/>\n<script type=\"application\/ld+json\" class=\"yoast-schema-graph\">{\"@context\":\"https:\\\/\\\/schema.org\",\"@graph\":[{\"@type\":\"WebPage\",\"@id\":\"https:\\\/\\\/museum-mb.si\\\/razstave\\\/mihael-napotnik-1850-1922\\\/\",\"url\":\"https:\\\/\\\/museum-mb.si\\\/razstave\\\/mihael-napotnik-1850-1922\\\/\",\"name\":\"Mihael Napotnik (1850\u20131922) &#8211; Pokrajinski muzej Maribor\",\"isPartOf\":{\"@id\":\"https:\\\/\\\/museum-mb.si\\\/#website\"},\"primaryImageOfPage\":{\"@id\":\"https:\\\/\\\/museum-mb.si\\\/razstave\\\/mihael-napotnik-1850-1922\\\/#primaryimage\"},\"image\":{\"@id\":\"https:\\\/\\\/museum-mb.si\\\/razstave\\\/mihael-napotnik-1850-1922\\\/#primaryimage\"},\"thumbnailUrl\":\"https:\\\/\\\/museum-mb.si\\\/wp-content\\\/uploads\\\/2022\\\/08\\\/1-1.jpg\",\"datePublished\":\"2022-08-25T15:23:00+00:00\",\"dateModified\":\"2022-09-10T16:39:27+00:00\",\"breadcrumb\":{\"@id\":\"https:\\\/\\\/museum-mb.si\\\/razstave\\\/mihael-napotnik-1850-1922\\\/#breadcrumb\"},\"inLanguage\":\"de\",\"potentialAction\":[{\"@type\":\"ReadAction\",\"target\":[\"https:\\\/\\\/museum-mb.si\\\/razstave\\\/mihael-napotnik-1850-1922\\\/\"]}]},{\"@type\":\"ImageObject\",\"inLanguage\":\"de\",\"@id\":\"https:\\\/\\\/museum-mb.si\\\/razstave\\\/mihael-napotnik-1850-1922\\\/#primaryimage\",\"url\":\"https:\\\/\\\/museum-mb.si\\\/wp-content\\\/uploads\\\/2022\\\/08\\\/1-1.jpg\",\"contentUrl\":\"https:\\\/\\\/museum-mb.si\\\/wp-content\\\/uploads\\\/2022\\\/08\\\/1-1.jpg\",\"width\":1204,\"height\":1719},{\"@type\":\"BreadcrumbList\",\"@id\":\"https:\\\/\\\/museum-mb.si\\\/razstave\\\/mihael-napotnik-1850-1922\\\/#breadcrumb\",\"itemListElement\":[{\"@type\":\"ListItem\",\"position\":1,\"name\":\"Domov\",\"item\":\"https:\\\/\\\/museum-mb.si\\\/\"},{\"@type\":\"ListItem\",\"position\":2,\"name\":\"Razstave\",\"item\":\"https:\\\/\\\/museum-mb.si\\\/razstave\\\/\"},{\"@type\":\"ListItem\",\"position\":3,\"name\":\"Mihael Napotnik (1850\u20131922)\"}]},{\"@type\":\"WebSite\",\"@id\":\"https:\\\/\\\/museum-mb.si\\\/#website\",\"url\":\"https:\\\/\\\/museum-mb.si\\\/\",\"name\":\"Pokrajinski muzej Maribor\",\"description\":\"\",\"publisher\":{\"@id\":\"https:\\\/\\\/museum-mb.si\\\/#organization\"},\"potentialAction\":[{\"@type\":\"SearchAction\",\"target\":{\"@type\":\"EntryPoint\",\"urlTemplate\":\"https:\\\/\\\/museum-mb.si\\\/?s={search_term_string}\"},\"query-input\":{\"@type\":\"PropertyValueSpecification\",\"valueRequired\":true,\"valueName\":\"search_term_string\"}}],\"inLanguage\":\"de\"},{\"@type\":\"Organization\",\"@id\":\"https:\\\/\\\/museum-mb.si\\\/#organization\",\"name\":\"Pokrajinski muzej Maribor\",\"url\":\"https:\\\/\\\/museum-mb.si\\\/\",\"logo\":{\"@type\":\"ImageObject\",\"inLanguage\":\"de\",\"@id\":\"https:\\\/\\\/museum-mb.si\\\/#\\\/schema\\\/logo\\\/image\\\/\",\"url\":\"https:\\\/\\\/museum-mb.si\\\/wp-content\\\/uploads\\\/2024\\\/12\\\/pmm_logo_barvni_jpeg.jpg\",\"contentUrl\":\"https:\\\/\\\/museum-mb.si\\\/wp-content\\\/uploads\\\/2024\\\/12\\\/pmm_logo_barvni_jpeg.jpg\",\"width\":758,\"height\":754,\"caption\":\"Pokrajinski muzej Maribor\"},\"image\":{\"@id\":\"https:\\\/\\\/museum-mb.si\\\/#\\\/schema\\\/logo\\\/image\\\/\"},\"sameAs\":[\"https:\\\/\\\/www.facebook.com\\\/pomum123\",\"https:\\\/\\\/www.instagram.com\\\/maribor_museum\\\/\",\"https:\\\/\\\/www.youtube.com\\\/channel\\\/UCdshtCrun841Oc-35tYLBGQ\"]}]}<\/script>\n<!-- \/ Yoast SEO plugin. -->","yoast_head_json":{"title":"Mihael Napotnik (1850-1922) - Regionalmuseum Maribor","robots":{"index":"index","follow":"follow","max-snippet":"max-snippet:-1","max-image-preview":"max-image-preview:large","max-video-preview":"max-video-preview:-1"},"canonical":"https:\/\/museum-mb.si\/de\/ausstellungen\/mihael-napotnik-1850-1922\/","og_locale":"de_DE","og_type":"article","og_title":"Mihael Napotnik (1850\u20131922) &#8211; Pokrajinski muzej Maribor","og_description":"RAZISKUJ VARUHI DEDI\u0160\u010cINE Muzealije so kot muze, ki nas vodijo v skrivnosti dedi\u0161\u010dine, varuhi so tisti, ki poskrbijo za njeno prihodnost. Mihael Napotnik (1850\u20131922) Hans Prader, Mihael Napotnik, konec 19.\/za\u010detek 20. stoletja, Pokrajinski muzej Maribor. Mihael Napotnik se je rodil 20. septembra 1850 na Tepanjskem Vrhu. Osnovno in srednjo \u0161olo je dokon\u010dal v Konjicah in [&hellip;]","og_url":"https:\/\/museum-mb.si\/de\/ausstellungen\/mihael-napotnik-1850-1922\/","og_site_name":"Pokrajinski muzej Maribor","article_publisher":"https:\/\/www.facebook.com\/pomum123","article_modified_time":"2022-09-10T16:39:27+00:00","og_image":[{"width":1204,"height":1719,"url":"https:\/\/museum-mb.si\/wp-content\/uploads\/2022\/08\/1-1.jpg","type":"image\/jpeg"}],"twitter_card":"summary_large_image","twitter_misc":{"Gesch\u00e4tzte Lesezeit":"1\u00a0Minute"},"schema":{"@context":"https:\/\/schema.org","@graph":[{"@type":"WebPage","@id":"https:\/\/museum-mb.si\/razstave\/mihael-napotnik-1850-1922\/","url":"https:\/\/museum-mb.si\/razstave\/mihael-napotnik-1850-1922\/","name":"Mihael Napotnik (1850-1922) - Regionalmuseum Maribor","isPartOf":{"@id":"https:\/\/museum-mb.si\/#website"},"primaryImageOfPage":{"@id":"https:\/\/museum-mb.si\/razstave\/mihael-napotnik-1850-1922\/#primaryimage"},"image":{"@id":"https:\/\/museum-mb.si\/razstave\/mihael-napotnik-1850-1922\/#primaryimage"},"thumbnailUrl":"https:\/\/museum-mb.si\/wp-content\/uploads\/2022\/08\/1-1.jpg","datePublished":"2022-08-25T15:23:00+00:00","dateModified":"2022-09-10T16:39:27+00:00","breadcrumb":{"@id":"https:\/\/museum-mb.si\/razstave\/mihael-napotnik-1850-1922\/#breadcrumb"},"inLanguage":"de","potentialAction":[{"@type":"ReadAction","target":["https:\/\/museum-mb.si\/razstave\/mihael-napotnik-1850-1922\/"]}]},{"@type":"ImageObject","inLanguage":"de","@id":"https:\/\/museum-mb.si\/razstave\/mihael-napotnik-1850-1922\/#primaryimage","url":"https:\/\/museum-mb.si\/wp-content\/uploads\/2022\/08\/1-1.jpg","contentUrl":"https:\/\/museum-mb.si\/wp-content\/uploads\/2022\/08\/1-1.jpg","width":1204,"height":1719},{"@type":"BreadcrumbList","@id":"https:\/\/museum-mb.si\/razstave\/mihael-napotnik-1850-1922\/#breadcrumb","itemListElement":[{"@type":"ListItem","position":1,"name":"Domov","item":"https:\/\/museum-mb.si\/"},{"@type":"ListItem","position":2,"name":"Razstave","item":"https:\/\/museum-mb.si\/razstave\/"},{"@type":"ListItem","position":3,"name":"Mihael Napotnik (1850\u20131922)"}]},{"@type":"WebSite","@id":"https:\/\/museum-mb.si\/#website","url":"https:\/\/museum-mb.si\/","name":"Regionalmuseum Maribor","description":"","publisher":{"@id":"https:\/\/museum-mb.si\/#organization"},"potentialAction":[{"@type":"SearchAction","target":{"@type":"EntryPoint","urlTemplate":"https:\/\/museum-mb.si\/?s={search_term_string}"},"query-input":{"@type":"PropertyValueSpecification","valueRequired":true,"valueName":"search_term_string"}}],"inLanguage":"de"},{"@type":"Organization","@id":"https:\/\/museum-mb.si\/#organization","name":"Regionalmuseum Maribor","url":"https:\/\/museum-mb.si\/","logo":{"@type":"ImageObject","inLanguage":"de","@id":"https:\/\/museum-mb.si\/#\/schema\/logo\/image\/","url":"https:\/\/museum-mb.si\/wp-content\/uploads\/2024\/12\/pmm_logo_barvni_jpeg.jpg","contentUrl":"https:\/\/museum-mb.si\/wp-content\/uploads\/2024\/12\/pmm_logo_barvni_jpeg.jpg","width":758,"height":754,"caption":"Pokrajinski muzej Maribor"},"image":{"@id":"https:\/\/museum-mb.si\/#\/schema\/logo\/image\/"},"sameAs":["https:\/\/www.facebook.com\/pomum123","https:\/\/www.instagram.com\/maribor_museum\/","https:\/\/www.youtube.com\/channel\/UCdshtCrun841Oc-35tYLBGQ"]}]}},"_links":{"self":[{"href":"https:\/\/museum-mb.si\/de\/wp-json\/wp\/v2\/razstave\/68101","targetHints":{"allow":["GET"]}}],"collection":[{"href":"https:\/\/museum-mb.si\/de\/wp-json\/wp\/v2\/razstave"}],"about":[{"href":"https:\/\/museum-mb.si\/de\/wp-json\/wp\/v2\/types\/razstave"}],"version-history":[{"count":22,"href":"https:\/\/museum-mb.si\/de\/wp-json\/wp\/v2\/razstave\/68101\/revisions"}],"predecessor-version":[{"id":70280,"href":"https:\/\/museum-mb.si\/de\/wp-json\/wp\/v2\/razstave\/68101\/revisions\/70280"}],"wp:featuredmedia":[{"embeddable":true,"href":"https:\/\/museum-mb.si\/de\/wp-json\/wp\/v2\/media\/68102"}],"wp:attachment":[{"href":"https:\/\/museum-mb.si\/de\/wp-json\/wp\/v2\/media?parent=68101"}],"wp:term":[{"taxonomy":"vrsta","embeddable":true,"href":"https:\/\/museum-mb.si\/de\/wp-json\/wp\/v2\/vrsta?post=68101"}],"curies":[{"name":"wp","href":"https:\/\/api.w.org\/{rel}","templated":true}]}}