{"id":67713,"date":"2022-08-22T13:44:24","date_gmt":"2022-08-22T13:44:24","guid":{"rendered":"https:\/\/nova.museum-mb.si\/?page_id=67713"},"modified":"2025-09-05T09:13:41","modified_gmt":"2025-09-05T08:13:41","slug":"ich-glaube-das-ist-mir","status":"publish","type":"page","link":"https:\/\/museum-mb.si\/de\/ich-glaube-das-ist-mir\/","title":{"rendered":"Ich glaube, ich bin also"},"content":{"rendered":"<div data-elementor-type=\"wp-page\" data-elementor-id=\"67713\" class=\"elementor elementor-67713\" data-elementor-post-type=\"page\">\n\t\t\t\t\t\t<section class=\"elementor-section elementor-top-section elementor-element elementor-element-a680a37 elementor-section-height-min-height elementor-section-boxed elementor-section-height-default elementor-section-items-middle\" data-id=\"a680a37\" data-element_type=\"section\" data-settings=\"{&quot;background_background&quot;:&quot;classic&quot;,&quot;jet_parallax_layout_list&quot;:[]}\">\n\t\t\t\t\t\t\t<div class=\"elementor-background-overlay\"><\/div>\n\t\t\t\t\t\t\t<div class=\"elementor-container elementor-column-gap-default\">\n\t\t\t\t\t<div class=\"elementor-column elementor-col-50 elementor-top-column elementor-element elementor-element-372d6ea\" data-id=\"372d6ea\" data-element_type=\"column\">\n\t\t\t<div class=\"elementor-widget-wrap elementor-element-populated\">\n\t\t\t\t\t\t<div class=\"elementor-element elementor-element-e6c472e elementor-widget elementor-widget-heading\" data-id=\"e6c472e\" data-element_type=\"widget\" data-widget_type=\"heading.default\">\n\t\t\t\t<div class=\"elementor-widget-container\">\n\t\t\t\t\t<h2 class=\"elementor-heading-title elementor-size-default\">ANZEIGE<\/h2>\t\t\t\t<\/div>\n\t\t\t\t<\/div>\n\t\t\t\t<div class=\"elementor-element elementor-element-5126370 elementor-widget elementor-widget-heading\" data-id=\"5126370\" data-element_type=\"widget\" data-widget_type=\"heading.default\">\n\t\t\t\t<div class=\"elementor-widget-container\">\n\t\t\t\t\t<h2 class=\"elementor-heading-title elementor-size-default\">ICH GLAUBE.<br>\nDORT BIN ICH.\n<\/h2>\t\t\t\t<\/div>\n\t\t\t\t<\/div>\n\t\t\t\t\t<\/div>\n\t\t<\/div>\n\t\t\t\t<div class=\"elementor-column elementor-col-50 elementor-top-column elementor-element elementor-element-b07a2e0\" data-id=\"b07a2e0\" data-element_type=\"column\">\n\t\t\t<div class=\"elementor-widget-wrap elementor-element-populated\">\n\t\t\t\t\t\t<div class=\"elementor-element elementor-element-97f33ce elementor-widget elementor-widget-text-editor\" data-id=\"97f33ce\" data-element_type=\"widget\" data-widget_type=\"text-editor.default\">\n\t\t\t\t<div class=\"elementor-widget-container\">\n\t\t\t\t\t\t\t\t\t<h6><em><strong>An das Unglaubliche zu glauben. Der inneren Stimme folgen. Das Unfassbare suchen. Trost im Unsichtbaren suchen. Rituale befolgen. Gott beim Namen nennen.<\/strong><\/em><\/h6><h6><em><strong>Beten. Meditieren. Verg\u00f6ttern. Anbeten. Tr\u00e4umen. In andere Welten gehen. Um das Sein selbst zu transzendieren.<\/strong><\/em><\/h6><p>Ich glaube. Das bin ich auch. Es ist ein internationales, interinstitutionelles, inter-\/\u00fcberideologisches, st\u00e4ndig wachsendes Projekt, das im Internet, einer der Parallelwelten des modernen Menschen, seinen Platz gefunden hat. Jeder von uns tr\u00e4gt ein K\u00f6rnchen Glauben in sich - an Gott, an gute Feen und Engel, an D\u00e4monen, an die Natur, an himmlische Ph\u00e4nomene, an das Nichts. Weil wir glauben, sind wir.<\/p>\t\t\t\t\t\t\t\t<\/div>\n\t\t\t\t<\/div>\n\t\t\t\t\t<\/div>\n\t\t<\/div>\n\t\t\t\t\t<\/div>\n\t\t<\/section>\n\t\t\t\t<section class=\"make-column-clickable-elementor elementor-section elementor-top-section elementor-element elementor-element-e43eb71 elementor-section-items-stretch elementor-reverse-tablet elementor-reverse-mobile elementor-section-height-min-height elementor-section-boxed elementor-section-height-default\" style=\"cursor: pointer;\" data-column-clickable=\"https:\/\/museum-mb.si\/reformacio-a-del-dunantulon\/\" data-column-clickable-blank=\"_self\" data-id=\"e43eb71\" data-element_type=\"section\" data-settings=\"{&quot;jet_parallax_layout_list&quot;:[]}\">\n\t\t\t\t\t\t<div class=\"elementor-container elementor-column-gap-no\">\n\t\t\t\t\t<div class=\"make-column-clickable-elementor elementor-column elementor-col-50 elementor-top-column elementor-element elementor-element-fd41ed7\" style=\"cursor: pointer;\" data-column-clickable=\"https:\/\/museum-mb.si\/reformacio-a-del-dunantulon\/\" data-column-clickable-blank=\"_self\" data-id=\"fd41ed7\" data-element_type=\"column\" data-settings=\"{&quot;background_background&quot;:&quot;classic&quot;}\">\n\t\t\t<div class=\"elementor-widget-wrap elementor-element-populated\">\n\t\t\t\t\t\t<div class=\"elementor-element elementor-element-7e428ec elementor-widget elementor-widget-spacer\" data-id=\"7e428ec\" data-element_type=\"widget\" data-widget_type=\"spacer.default\">\n\t\t\t\t<div class=\"elementor-widget-container\">\n\t\t\t\t\t\t\t<div class=\"elementor-spacer\">\n\t\t\t<div class=\"elementor-spacer-inner\"><\/div>\n\t\t<\/div>\n\t\t\t\t\t\t<\/div>\n\t\t\t\t<\/div>\n\t\t\t\t\t<\/div>\n\t\t<\/div>\n\t\t\t\t<div class=\"elementor-column elementor-col-50 elementor-top-column elementor-element elementor-element-594fbdb\" data-id=\"594fbdb\" data-element_type=\"column\" data-settings=\"{&quot;background_background&quot;:&quot;classic&quot;}\">\n\t\t\t<div class=\"elementor-widget-wrap elementor-element-populated\">\n\t\t\t\t\t\t<div class=\"elementor-element elementor-element-140d6a6 e-transform elementor-widget elementor-widget-heading\" data-id=\"140d6a6\" data-element_type=\"widget\" data-settings=\"{&quot;_transform_scale_effect_hover&quot;:{&quot;unit&quot;:&quot;px&quot;,&quot;size&quot;:1.05,&quot;sizes&quot;:[]},&quot;_transform_scale_effect_hover_tablet&quot;:{&quot;unit&quot;:&quot;px&quot;,&quot;size&quot;:&quot;&quot;,&quot;sizes&quot;:[]},&quot;_transform_scale_effect_hover_mobile&quot;:{&quot;unit&quot;:&quot;px&quot;,&quot;size&quot;:&quot;&quot;,&quot;sizes&quot;:[]}}\" data-widget_type=\"heading.default\">\n\t\t\t\t<div class=\"elementor-widget-container\">\n\t\t\t\t\t<h2 class=\"elementor-heading-title elementor-size-default\"><a href=\"https:\/\/museum-mb.si\/de\/reformacio-a-del-dunantulon\/\">REFORM\u00c1CI\u00d3 A <br>D\u00c9L-DUN\u00c1NT\u00daLON <\/a><\/h2>\t\t\t\t<\/div>\n\t\t\t\t<\/div>\n\t\t\t\t\t<\/div>\n\t\t<\/div>\n\t\t\t\t\t<\/div>\n\t\t<\/section>\n\t\t\t\t<section class=\"elementor-section elementor-top-section elementor-element elementor-element-1d77efc elementor-section-boxed elementor-section-height-default elementor-section-height-default\" data-id=\"1d77efc\" data-element_type=\"section\" data-settings=\"{&quot;jet_parallax_layout_list&quot;:[]}\">\n\t\t\t\t\t\t<div class=\"elementor-container elementor-column-gap-no\">\n\t\t\t\t\t<div class=\"elementor-column elementor-col-50 elementor-top-column elementor-element elementor-element-056fa50\" data-id=\"056fa50\" data-element_type=\"column\" data-settings=\"{&quot;background_background&quot;:&quot;classic&quot;}\">\n\t\t\t<div class=\"elementor-widget-wrap elementor-element-populated\">\n\t\t\t\t\t\t<div class=\"elementor-element elementor-element-2cb94a6 e-transform elementor-widget elementor-widget-heading\" data-id=\"2cb94a6\" data-element_type=\"widget\" data-settings=\"{&quot;_transform_scale_effect_hover&quot;:{&quot;unit&quot;:&quot;px&quot;,&quot;size&quot;:1.05,&quot;sizes&quot;:[]},&quot;_transform_scale_effect_hover_tablet&quot;:{&quot;unit&quot;:&quot;px&quot;,&quot;size&quot;:&quot;&quot;,&quot;sizes&quot;:[]},&quot;_transform_scale_effect_hover_mobile&quot;:{&quot;unit&quot;:&quot;px&quot;,&quot;size&quot;:&quot;&quot;,&quot;sizes&quot;:[]}}\" data-widget_type=\"heading.default\">\n\t\t\t\t<div class=\"elementor-widget-container\">\n\t\t\t\t\t<h2 class=\"elementor-heading-title elementor-size-default\"><a href=\"https:\/\/museum-mb.si\/de\/an-alle-gotter-und-gottinnen\/\">AN ALLE G\u00d6TTER UND G\u00d6TTINNEN<\/a><\/h2>\t\t\t\t<\/div>\n\t\t\t\t<\/div>\n\t\t\t\t\t<\/div>\n\t\t<\/div>\n\t\t\t\t<div class=\"elementor-column elementor-col-50 elementor-top-column elementor-element elementor-element-1bc4306\" data-id=\"1bc4306\" data-element_type=\"column\">\n\t\t\t<div class=\"elementor-widget-wrap elementor-element-populated\">\n\t\t\t\t\t\t<div class=\"elementor-element elementor-element-e8b5cdb elementor-widget elementor-widget-image\" data-id=\"e8b5cdb\" data-element_type=\"widget\" data-widget_type=\"image.default\">\n\t\t\t\t<div class=\"elementor-widget-container\">\n\t\t\t\t\t\t\t\t\t\t\t\t\t\t\t\t<a href=\"https:\/\/museum-mb.si\/de\/an-alle-gotter-und-gottinnen\/\">\n\t\t\t\t\t\t\t<img fetchpriority=\"high\" decoding=\"async\" width=\"800\" height=\"606\" src=\"https:\/\/museum-mb.si\/wp-content\/uploads\/2024\/12\/VSEM-BOGINJAM-BOGOVOM-BANNER.jpg\" class=\"attachment-full size-full wp-image-78723\" alt=\"\" srcset=\"https:\/\/museum-mb.si\/wp-content\/uploads\/2024\/12\/VSEM-BOGINJAM-BOGOVOM-BANNER.jpg.webp 800w, https:\/\/museum-mb.si\/wp-content\/uploads\/2024\/12\/VSEM-BOGINJAM-BOGOVOM-BANNER-300x227.jpg.webp 300w, https:\/\/museum-mb.si\/wp-content\/uploads\/2024\/12\/VSEM-BOGINJAM-BOGOVOM-BANNER-768x582.jpg.webp 768w, https:\/\/museum-mb.si\/wp-content\/uploads\/2024\/12\/VSEM-BOGINJAM-BOGOVOM-BANNER-16x12.jpg.webp 16w\" sizes=\"(max-width: 800px) 100vw, 800px\" \/>\t\t\t\t\t\t\t\t<\/a>\n\t\t\t\t\t\t\t\t\t\t\t\t\t\t\t<\/div>\n\t\t\t\t<\/div>\n\t\t\t\t\t<\/div>\n\t\t<\/div>\n\t\t\t\t\t<\/div>\n\t\t<\/section>\n\t\t\t\t<section class=\"elementor-section elementor-top-section elementor-element elementor-element-a0da38d elementor-section-items-stretch elementor-reverse-tablet elementor-reverse-mobile elementor-section-height-min-height elementor-section-boxed elementor-section-height-default\" data-id=\"a0da38d\" data-element_type=\"section\" data-settings=\"{&quot;jet_parallax_layout_list&quot;:[]}\">\n\t\t\t\t\t\t<div class=\"elementor-container elementor-column-gap-no\">\n\t\t\t\t\t<div class=\"make-column-clickable-elementor elementor-column elementor-col-50 elementor-top-column elementor-element elementor-element-52c6c5d\" style=\"cursor: pointer;\" data-column-clickable=\"https:\/\/museum-mb.si\/jesulus-pragensis\" data-column-clickable-blank=\"_self\" data-id=\"52c6c5d\" data-element_type=\"column\" data-settings=\"{&quot;background_background&quot;:&quot;classic&quot;}\">\n\t\t\t<div class=\"elementor-widget-wrap elementor-element-populated\">\n\t\t\t\t\t\t<div class=\"elementor-element elementor-element-f97c701 elementor-widget elementor-widget-spacer\" data-id=\"f97c701\" data-element_type=\"widget\" data-widget_type=\"spacer.default\">\n\t\t\t\t<div class=\"elementor-widget-container\">\n\t\t\t\t\t\t\t<div class=\"elementor-spacer\">\n\t\t\t<div class=\"elementor-spacer-inner\"><\/div>\n\t\t<\/div>\n\t\t\t\t\t\t<\/div>\n\t\t\t\t<\/div>\n\t\t\t\t\t<\/div>\n\t\t<\/div>\n\t\t\t\t<div class=\"elementor-column elementor-col-50 elementor-top-column elementor-element elementor-element-64b47d9\" data-id=\"64b47d9\" data-element_type=\"column\" data-settings=\"{&quot;background_background&quot;:&quot;classic&quot;}\">\n\t\t\t<div class=\"elementor-widget-wrap elementor-element-populated\">\n\t\t\t\t\t\t<div class=\"elementor-element elementor-element-9f9e780 e-transform elementor-widget elementor-widget-heading\" data-id=\"9f9e780\" data-element_type=\"widget\" data-settings=\"{&quot;_transform_scale_effect_hover&quot;:{&quot;unit&quot;:&quot;px&quot;,&quot;size&quot;:1.05,&quot;sizes&quot;:[]},&quot;_transform_scale_effect_hover_tablet&quot;:{&quot;unit&quot;:&quot;px&quot;,&quot;size&quot;:&quot;&quot;,&quot;sizes&quot;:[]},&quot;_transform_scale_effect_hover_mobile&quot;:{&quot;unit&quot;:&quot;px&quot;,&quot;size&quot;:&quot;&quot;,&quot;sizes&quot;:[]}}\" data-widget_type=\"heading.default\">\n\t\t\t\t<div class=\"elementor-widget-container\">\n\t\t\t\t\t<h2 class=\"elementor-heading-title elementor-size-default\"><a href=\"https:\/\/museum-mb.si\/de\/jesulus-pragensis\/\">Jesulus <br> pragensis <\/a><\/h2>\t\t\t\t<\/div>\n\t\t\t\t<\/div>\n\t\t\t\t\t<\/div>\n\t\t<\/div>\n\t\t\t\t\t<\/div>\n\t\t<\/section>\n\t\t\t\t<section class=\"elementor-section elementor-top-section elementor-element elementor-element-c4e1d3e elementor-section-boxed elementor-section-height-default elementor-section-height-default\" data-id=\"c4e1d3e\" data-element_type=\"section\" data-settings=\"{&quot;jet_parallax_layout_list&quot;:[]}\">\n\t\t\t\t\t\t<div class=\"elementor-container elementor-column-gap-no\">\n\t\t\t\t\t<div class=\"elementor-column elementor-col-50 elementor-top-column elementor-element elementor-element-612cc98\" data-id=\"612cc98\" data-element_type=\"column\" data-settings=\"{&quot;background_background&quot;:&quot;classic&quot;}\">\n\t\t\t<div class=\"elementor-widget-wrap elementor-element-populated\">\n\t\t\t\t\t\t<div class=\"elementor-element elementor-element-6e0b359 e-transform elementor-widget elementor-widget-heading\" data-id=\"6e0b359\" data-element_type=\"widget\" data-settings=\"{&quot;_transform_scale_effect_hover&quot;:{&quot;unit&quot;:&quot;px&quot;,&quot;size&quot;:1.05,&quot;sizes&quot;:[]},&quot;_transform_scale_effect_hover_tablet&quot;:{&quot;unit&quot;:&quot;px&quot;,&quot;size&quot;:&quot;&quot;,&quot;sizes&quot;:[]},&quot;_transform_scale_effect_hover_mobile&quot;:{&quot;unit&quot;:&quot;px&quot;,&quot;size&quot;:&quot;&quot;,&quot;sizes&quot;:[]}}\" data-widget_type=\"heading.default\">\n\t\t\t\t<div class=\"elementor-widget-container\">\n\t\t\t\t\t<h2 class=\"elementor-heading-title elementor-size-default\"><a href=\"https:\/\/museum-mb.si\/de\/uber-jaslicama-aus-der-finanzierung-des-agrebackog-ethnographischen-museums\/\">\u00dcBER KRIPPEN AUS DEM FUNDUS DES ETHNOGRAPHISCHEN MUSEUMS IN ZAGREB<\/a><\/h2>\t\t\t\t<\/div>\n\t\t\t\t<\/div>\n\t\t\t\t\t<\/div>\n\t\t<\/div>\n\t\t\t\t<div class=\"elementor-column elementor-col-50 elementor-top-column elementor-element elementor-element-9a11912\" data-id=\"9a11912\" data-element_type=\"column\">\n\t\t\t<div class=\"elementor-widget-wrap elementor-element-populated\">\n\t\t\t\t\t\t<div class=\"elementor-element elementor-element-b7f21e8 elementor-widget elementor-widget-image\" data-id=\"b7f21e8\" data-element_type=\"widget\" data-widget_type=\"image.default\">\n\t\t\t\t<div class=\"elementor-widget-container\">\n\t\t\t\t\t\t\t\t\t\t\t\t\t\t\t\t<a href=\"https:\/\/museum-mb.si\/de\/uber-jaslicama-aus-der-finanzierung-des-agrebackog-ethnographischen-museums\/\">\n\t\t\t\t\t\t\t<img decoding=\"async\" width=\"2560\" height=\"1709\" src=\"https:\/\/museum-mb.si\/wp-content\/uploads\/2022\/11\/naslovna_2.-varijanta-scaled.jpg\" class=\"attachment-full size-full wp-image-74770\" alt=\"\" srcset=\"https:\/\/museum-mb.si\/wp-content\/uploads\/2022\/11\/naslovna_2.-varijanta-scaled.jpg.webp 2560w, https:\/\/museum-mb.si\/wp-content\/uploads\/2022\/11\/naslovna_2.-varijanta-300x200.jpg.webp 300w, https:\/\/museum-mb.si\/wp-content\/uploads\/2022\/11\/naslovna_2.-varijanta-1024x683.jpg.webp 1024w, https:\/\/museum-mb.si\/wp-content\/uploads\/2022\/11\/naslovna_2.-varijanta-768x513.jpg.webp 768w, https:\/\/museum-mb.si\/wp-content\/uploads\/2022\/11\/naslovna_2.-varijanta-1536x1025.jpg.webp 1536w, https:\/\/museum-mb.si\/wp-content\/uploads\/2022\/11\/naslovna_2.-varijanta-2048x1367.jpg.webp 2048w, https:\/\/museum-mb.si\/wp-content\/uploads\/2022\/11\/naslovna_2.-varijanta-18x12.jpg.webp 18w\" sizes=\"(max-width: 2560px) 100vw, 2560px\" \/>\t\t\t\t\t\t\t\t<\/a>\n\t\t\t\t\t\t\t\t\t\t\t\t\t\t\t<\/div>\n\t\t\t\t<\/div>\n\t\t\t\t\t<\/div>\n\t\t<\/div>\n\t\t\t\t\t<\/div>\n\t\t<\/section>\n\t\t\t\t<section class=\"elementor-section elementor-top-section elementor-element elementor-element-07bda8f elementor-reverse-tablet elementor-reverse-mobile elementor-section-boxed elementor-section-height-default elementor-section-height-default\" data-id=\"07bda8f\" data-element_type=\"section\" data-settings=\"{&quot;jet_parallax_layout_list&quot;:[]}\">\n\t\t\t\t\t\t<div class=\"elementor-container elementor-column-gap-no\">\n\t\t\t\t\t<div class=\"elementor-column elementor-col-50 elementor-top-column elementor-element elementor-element-405f074\" data-id=\"405f074\" data-element_type=\"column\">\n\t\t\t<div class=\"elementor-widget-wrap elementor-element-populated\">\n\t\t\t\t\t\t<div class=\"elementor-element elementor-element-028cd28 elementor-widget elementor-widget-image\" data-id=\"028cd28\" data-element_type=\"widget\" data-widget_type=\"image.default\">\n\t\t\t\t<div class=\"elementor-widget-container\">\n\t\t\t\t\t\t\t\t\t\t\t\t\t\t\t\t<a href=\"https:\/\/museum-mb.si\/de\/stazama-ericha-von-brandisa\/\">\n\t\t\t\t\t\t\t<img decoding=\"async\" width=\"670\" height=\"336\" src=\"https:\/\/museum-mb.si\/wp-content\/uploads\/2022\/08\/naslovna.jpg\" class=\"attachment-full size-full wp-image-67779\" alt=\"\" srcset=\"https:\/\/museum-mb.si\/wp-content\/uploads\/2022\/08\/naslovna.jpg.webp 670w, https:\/\/museum-mb.si\/wp-content\/uploads\/2022\/08\/naslovna-300x150.jpg.webp 300w\" sizes=\"(max-width: 670px) 100vw, 670px\" \/>\t\t\t\t\t\t\t\t<\/a>\n\t\t\t\t\t\t\t\t\t\t\t\t\t\t\t<\/div>\n\t\t\t\t<\/div>\n\t\t\t\t\t<\/div>\n\t\t<\/div>\n\t\t\t\t<div class=\"elementor-column elementor-col-50 elementor-top-column elementor-element elementor-element-8f0f799\" data-id=\"8f0f799\" data-element_type=\"column\" data-settings=\"{&quot;background_background&quot;:&quot;classic&quot;}\">\n\t\t\t<div class=\"elementor-widget-wrap elementor-element-populated\">\n\t\t\t\t\t\t<div class=\"elementor-element elementor-element-74266df e-transform elementor-widget elementor-widget-heading\" data-id=\"74266df\" data-element_type=\"widget\" data-settings=\"{&quot;_transform_scale_effect_hover&quot;:{&quot;unit&quot;:&quot;px&quot;,&quot;size&quot;:1.05,&quot;sizes&quot;:[]},&quot;_transform_scale_effect_hover_tablet&quot;:{&quot;unit&quot;:&quot;px&quot;,&quot;size&quot;:&quot;&quot;,&quot;sizes&quot;:[]},&quot;_transform_scale_effect_hover_mobile&quot;:{&quot;unit&quot;:&quot;px&quot;,&quot;size&quot;:&quot;&quot;,&quot;sizes&quot;:[]}}\" data-widget_type=\"heading.default\">\n\t\t\t\t<div class=\"elementor-widget-container\">\n\t\t\t\t\t<h2 class=\"elementor-heading-title elementor-size-default\"><a href=\"https:\/\/museum-mb.si\/de\/stazama-ericha-von-brandisa\/\">STAZAMA ERICHA<br>\nVON BRANDISA<\/a><\/h2>\t\t\t\t<\/div>\n\t\t\t\t<\/div>\n\t\t\t\t\t<\/div>\n\t\t<\/div>\n\t\t\t\t\t<\/div>\n\t\t<\/section>\n\t\t\t\t<section class=\"elementor-section elementor-top-section elementor-element elementor-element-4fa79de elementor-section-boxed elementor-section-height-default elementor-section-height-default\" data-id=\"4fa79de\" data-element_type=\"section\" data-settings=\"{&quot;jet_parallax_layout_list&quot;:[]}\">\n\t\t\t\t\t\t<div class=\"elementor-container elementor-column-gap-no\">\n\t\t\t\t\t<div class=\"elementor-column elementor-col-50 elementor-top-column elementor-element elementor-element-6d610ec\" data-id=\"6d610ec\" data-element_type=\"column\" data-settings=\"{&quot;background_background&quot;:&quot;classic&quot;}\">\n\t\t\t<div class=\"elementor-widget-wrap elementor-element-populated\">\n\t\t\t\t\t\t<div class=\"elementor-element elementor-element-9dbcf57 e-transform elementor-widget elementor-widget-heading\" data-id=\"9dbcf57\" data-element_type=\"widget\" data-settings=\"{&quot;_transform_scale_effect_hover&quot;:{&quot;unit&quot;:&quot;px&quot;,&quot;size&quot;:1.05,&quot;sizes&quot;:[]},&quot;_transform_scale_effect_hover_tablet&quot;:{&quot;unit&quot;:&quot;px&quot;,&quot;size&quot;:&quot;&quot;,&quot;sizes&quot;:[]},&quot;_transform_scale_effect_hover_mobile&quot;:{&quot;unit&quot;:&quot;px&quot;,&quot;size&quot;:&quot;&quot;,&quot;sizes&quot;:[]}}\" data-widget_type=\"heading.default\">\n\t\t\t\t<div class=\"elementor-widget-container\">\n\t\t\t\t\t<h2 class=\"elementor-heading-title elementor-size-default\"><a href=\"https:\/\/museum-mb.si\/de\/befehlsglaube-2\/\">VOTING<br>\nZUR UKAZ<\/a><\/h2>\t\t\t\t<\/div>\n\t\t\t\t<\/div>\n\t\t\t\t\t<\/div>\n\t\t<\/div>\n\t\t\t\t<div class=\"elementor-column elementor-col-50 elementor-top-column elementor-element elementor-element-e4fbae2\" data-id=\"e4fbae2\" data-element_type=\"column\">\n\t\t\t<div class=\"elementor-widget-wrap elementor-element-populated\">\n\t\t\t\t\t\t<div class=\"elementor-element elementor-element-835bbbf elementor-widget elementor-widget-image\" data-id=\"835bbbf\" data-element_type=\"widget\" data-widget_type=\"image.default\">\n\t\t\t\t<div class=\"elementor-widget-container\">\n\t\t\t\t\t\t\t\t\t\t\t\t\t\t\t\t<a href=\"https:\/\/museum-mb.si\/de\/befehlsglaube-2\/\">\n\t\t\t\t\t\t\t<img loading=\"lazy\" decoding=\"async\" width=\"2009\" height=\"814\" src=\"https:\/\/museum-mb.si\/wp-content\/uploads\/2022\/08\/SLIKAVEROVANJE.jpg\" class=\"attachment-full size-full wp-image-67780\" alt=\"\" srcset=\"https:\/\/museum-mb.si\/wp-content\/uploads\/2022\/08\/SLIKAVEROVANJE.jpg.webp 2009w, https:\/\/museum-mb.si\/wp-content\/uploads\/2022\/08\/SLIKAVEROVANJE-300x122.jpg.webp 300w, https:\/\/museum-mb.si\/wp-content\/uploads\/2022\/08\/SLIKAVEROVANJE-1024x415.jpg.webp 1024w, https:\/\/museum-mb.si\/wp-content\/uploads\/2022\/08\/SLIKAVEROVANJE-768x311.jpg.webp 768w, https:\/\/museum-mb.si\/wp-content\/uploads\/2022\/08\/SLIKAVEROVANJE-1536x622.jpg.webp 1536w\" sizes=\"(max-width: 2009px) 100vw, 2009px\" \/>\t\t\t\t\t\t\t\t<\/a>\n\t\t\t\t\t\t\t\t\t\t\t\t\t\t\t<\/div>\n\t\t\t\t<\/div>\n\t\t\t\t\t<\/div>\n\t\t<\/div>\n\t\t\t\t\t<\/div>\n\t\t<\/section>\n\t\t\t\t<section class=\"elementor-section elementor-top-section elementor-element elementor-element-7c3df5b elementor-reverse-tablet elementor-reverse-mobile elementor-section-boxed elementor-section-height-default elementor-section-height-default\" data-id=\"7c3df5b\" data-element_type=\"section\" data-settings=\"{&quot;jet_parallax_layout_list&quot;:[]}\">\n\t\t\t\t\t\t<div class=\"elementor-container elementor-column-gap-no\">\n\t\t\t\t\t<div class=\"elementor-column elementor-col-50 elementor-top-column elementor-element elementor-element-919b96b\" data-id=\"919b96b\" data-element_type=\"column\">\n\t\t\t<div class=\"elementor-widget-wrap elementor-element-populated\">\n\t\t\t\t\t\t<div class=\"elementor-element elementor-element-b42208b elementor-widget elementor-widget-image\" data-id=\"b42208b\" data-element_type=\"widget\" data-widget_type=\"image.default\">\n\t\t\t\t<div class=\"elementor-widget-container\">\n\t\t\t\t\t\t\t\t\t\t\t\t\t\t\t\t<a href=\"https:\/\/museum-mb.si\/de\/votivbilder-von-lobpreisungen\/\">\n\t\t\t\t\t\t\t<img loading=\"lazy\" decoding=\"async\" width=\"2560\" height=\"1360\" src=\"https:\/\/museum-mb.si\/wp-content\/uploads\/2022\/08\/kovina-naslovka-scaled.jpg\" class=\"attachment-full size-full wp-image-67778\" alt=\"\" srcset=\"https:\/\/museum-mb.si\/wp-content\/uploads\/2022\/08\/kovina-naslovka-scaled.jpg.webp 2560w, https:\/\/museum-mb.si\/wp-content\/uploads\/2022\/08\/kovina-naslovka-300x159.jpg.webp 300w, https:\/\/museum-mb.si\/wp-content\/uploads\/2022\/08\/kovina-naslovka-1024x544.jpg.webp 1024w, https:\/\/museum-mb.si\/wp-content\/uploads\/2022\/08\/kovina-naslovka-768x408.jpg.webp 768w, https:\/\/museum-mb.si\/wp-content\/uploads\/2022\/08\/kovina-naslovka-1536x816.jpg.webp 1536w, https:\/\/museum-mb.si\/wp-content\/uploads\/2022\/08\/kovina-naslovka-2048x1088.jpg.webp 2048w\" sizes=\"(max-width: 2560px) 100vw, 2560px\" \/>\t\t\t\t\t\t\t\t<\/a>\n\t\t\t\t\t\t\t\t\t\t\t\t\t\t\t<\/div>\n\t\t\t\t<\/div>\n\t\t\t\t\t<\/div>\n\t\t<\/div>\n\t\t\t\t<div class=\"elementor-column elementor-col-50 elementor-top-column elementor-element elementor-element-f43fcba\" data-id=\"f43fcba\" data-element_type=\"column\" data-settings=\"{&quot;background_background&quot;:&quot;classic&quot;}\">\n\t\t\t<div class=\"elementor-widget-wrap elementor-element-populated\">\n\t\t\t\t\t\t<div class=\"elementor-element elementor-element-1d4688b e-transform elementor-widget elementor-widget-heading\" data-id=\"1d4688b\" data-element_type=\"widget\" data-settings=\"{&quot;_transform_scale_effect_hover&quot;:{&quot;unit&quot;:&quot;px&quot;,&quot;size&quot;:1.05,&quot;sizes&quot;:[]},&quot;_transform_scale_effect_hover_tablet&quot;:{&quot;unit&quot;:&quot;px&quot;,&quot;size&quot;:&quot;&quot;,&quot;sizes&quot;:[]},&quot;_transform_scale_effect_hover_mobile&quot;:{&quot;unit&quot;:&quot;px&quot;,&quot;size&quot;:&quot;&quot;,&quot;sizes&quot;:[]}}\" data-widget_type=\"heading.default\">\n\t\t\t\t<div class=\"elementor-widget-container\">\n\t\t\t\t\t<h2 class=\"elementor-heading-title elementor-size-default\"><a href=\"https:\/\/museum-mb.si\/de\/votivbilder-von-lobpreisungen\/\">ABSTIMMUNGSBILDER\nEINREICHUNG<br>\nUND WILLKOMMEN<\/a><\/h2>\t\t\t\t<\/div>\n\t\t\t\t<\/div>\n\t\t\t\t\t<\/div>\n\t\t<\/div>\n\t\t\t\t\t<\/div>\n\t\t<\/section>\n\t\t\t\t<section class=\"elementor-section elementor-top-section elementor-element elementor-element-d2b8e13 elementor-section-boxed elementor-section-height-default elementor-section-height-default\" data-id=\"d2b8e13\" data-element_type=\"section\" data-settings=\"{&quot;jet_parallax_layout_list&quot;:[]}\">\n\t\t\t\t\t\t<div class=\"elementor-container elementor-column-gap-no\">\n\t\t\t\t\t<div class=\"elementor-column elementor-col-50 elementor-top-column elementor-element elementor-element-62e59ac\" data-id=\"62e59ac\" data-element_type=\"column\" data-settings=\"{&quot;background_background&quot;:&quot;classic&quot;}\">\n\t\t\t<div class=\"elementor-widget-wrap elementor-element-populated\">\n\t\t\t\t\t\t<div class=\"elementor-element elementor-element-8afafc7 e-transform elementor-widget elementor-widget-heading\" data-id=\"8afafc7\" data-element_type=\"widget\" data-settings=\"{&quot;_transform_scale_effect_hover&quot;:{&quot;unit&quot;:&quot;px&quot;,&quot;size&quot;:1.05,&quot;sizes&quot;:[]},&quot;_transform_scale_effect_hover_tablet&quot;:{&quot;unit&quot;:&quot;px&quot;,&quot;size&quot;:&quot;&quot;,&quot;sizes&quot;:[]},&quot;_transform_scale_effect_hover_mobile&quot;:{&quot;unit&quot;:&quot;px&quot;,&quot;size&quot;:&quot;&quot;,&quot;sizes&quot;:[]}}\" data-widget_type=\"heading.default\">\n\t\t\t\t<div class=\"elementor-widget-container\">\n\t\t\t\t\t<h2 class=\"elementor-heading-title elementor-size-default\"><a href=\"https:\/\/museum-mb.si\/de\/duh-zita\/\">DUH <br>LIVE<\/a><\/h2>\t\t\t\t<\/div>\n\t\t\t\t<\/div>\n\t\t\t\t\t<\/div>\n\t\t<\/div>\n\t\t\t\t<div class=\"elementor-column elementor-col-50 elementor-top-column elementor-element elementor-element-928b42f\" data-id=\"928b42f\" data-element_type=\"column\">\n\t\t\t<div class=\"elementor-widget-wrap elementor-element-populated\">\n\t\t\t\t\t\t<div class=\"elementor-element elementor-element-1770321 elementor-widget elementor-widget-image\" data-id=\"1770321\" data-element_type=\"widget\" data-widget_type=\"image.default\">\n\t\t\t\t<div class=\"elementor-widget-container\">\n\t\t\t\t\t\t\t\t\t\t\t\t\t\t\t\t<a href=\"https:\/\/museum-mb.si\/de\/duh-zita\/\">\n\t\t\t\t\t\t\t<img loading=\"lazy\" decoding=\"async\" width=\"2560\" height=\"861\" src=\"https:\/\/museum-mb.si\/wp-content\/uploads\/2022\/08\/kolaz-duh-zuta-01-scaled.jpg\" class=\"attachment-full size-full wp-image-67784\" alt=\"\" srcset=\"https:\/\/museum-mb.si\/wp-content\/uploads\/2022\/08\/kolaz-duh-zuta-01-scaled.jpg 2560w, https:\/\/museum-mb.si\/wp-content\/uploads\/2022\/08\/kolaz-duh-zuta-01-300x101.jpg 300w, https:\/\/museum-mb.si\/wp-content\/uploads\/2022\/08\/kolaz-duh-zuta-01-1024x345.jpg 1024w, https:\/\/museum-mb.si\/wp-content\/uploads\/2022\/08\/kolaz-duh-zuta-01-768x258.jpg 768w, https:\/\/museum-mb.si\/wp-content\/uploads\/2022\/08\/kolaz-duh-zuta-01-1536x517.jpg 1536w, https:\/\/museum-mb.si\/wp-content\/uploads\/2022\/08\/kolaz-duh-zuta-01-2048x689.jpg 2048w\" sizes=\"(max-width: 2560px) 100vw, 2560px\" \/>\t\t\t\t\t\t\t\t<\/a>\n\t\t\t\t\t\t\t\t\t\t\t\t\t\t\t<\/div>\n\t\t\t\t<\/div>\n\t\t\t\t\t<\/div>\n\t\t<\/div>\n\t\t\t\t\t<\/div>\n\t\t<\/section>\n\t\t\t\t<section class=\"elementor-section elementor-top-section elementor-element elementor-element-ec6c324 elementor-reverse-tablet elementor-reverse-mobile elementor-section-boxed elementor-section-height-default elementor-section-height-default\" data-id=\"ec6c324\" data-element_type=\"section\" data-settings=\"{&quot;jet_parallax_layout_list&quot;:[]}\">\n\t\t\t\t\t\t<div class=\"elementor-container elementor-column-gap-no\">\n\t\t\t\t\t<div class=\"elementor-column elementor-col-50 elementor-top-column elementor-element elementor-element-b96f6fc\" data-id=\"b96f6fc\" data-element_type=\"column\">\n\t\t\t<div class=\"elementor-widget-wrap elementor-element-populated\">\n\t\t\t\t\t\t<div class=\"elementor-element elementor-element-1589f68 elementor-widget elementor-widget-image\" data-id=\"1589f68\" data-element_type=\"widget\" data-widget_type=\"image.default\">\n\t\t\t\t<div class=\"elementor-widget-container\">\n\t\t\t\t\t\t\t\t\t\t\t\t\t\t\t\t<a href=\"https:\/\/museum-mb.si\/de\/i-nakon-death-i-wish-i-were-here\/\">\n\t\t\t\t\t\t\t<img loading=\"lazy\" decoding=\"async\" width=\"2560\" height=\"1148\" src=\"https:\/\/museum-mb.si\/wp-content\/uploads\/2022\/08\/5.-Radim-dakle-jesam-scaled.jpg\" class=\"attachment-full size-full wp-image-67773\" alt=\"\" srcset=\"https:\/\/museum-mb.si\/wp-content\/uploads\/2022\/08\/5.-Radim-dakle-jesam-scaled.jpg.webp 2560w, https:\/\/museum-mb.si\/wp-content\/uploads\/2022\/08\/5.-Radim-dakle-jesam-300x135.jpg.webp 300w, https:\/\/museum-mb.si\/wp-content\/uploads\/2022\/08\/5.-Radim-dakle-jesam-1024x459.jpg.webp 1024w, https:\/\/museum-mb.si\/wp-content\/uploads\/2022\/08\/5.-Radim-dakle-jesam-768x345.jpg.webp 768w, https:\/\/museum-mb.si\/wp-content\/uploads\/2022\/08\/5.-Radim-dakle-jesam-1536x689.jpg.webp 1536w, https:\/\/museum-mb.si\/wp-content\/uploads\/2022\/08\/5.-Radim-dakle-jesam-2048x919.jpg.webp 2048w\" sizes=\"(max-width: 2560px) 100vw, 2560px\" \/>\t\t\t\t\t\t\t\t<\/a>\n\t\t\t\t\t\t\t\t\t\t\t\t\t\t\t<\/div>\n\t\t\t\t<\/div>\n\t\t\t\t\t<\/div>\n\t\t<\/div>\n\t\t\t\t<div class=\"elementor-column elementor-col-50 elementor-top-column elementor-element elementor-element-695d938\" data-id=\"695d938\" data-element_type=\"column\" data-settings=\"{&quot;background_background&quot;:&quot;classic&quot;}\">\n\t\t\t<div class=\"elementor-widget-wrap elementor-element-populated\">\n\t\t\t\t\t\t<div class=\"elementor-element elementor-element-33902a9 e-transform elementor-widget elementor-widget-heading\" data-id=\"33902a9\" data-element_type=\"widget\" data-settings=\"{&quot;_transform_scale_effect_hover&quot;:{&quot;unit&quot;:&quot;px&quot;,&quot;size&quot;:1.05,&quot;sizes&quot;:[]},&quot;_transform_scale_effect_hover_tablet&quot;:{&quot;unit&quot;:&quot;px&quot;,&quot;size&quot;:&quot;&quot;,&quot;sizes&quot;:[]},&quot;_transform_scale_effect_hover_mobile&quot;:{&quot;unit&quot;:&quot;px&quot;,&quot;size&quot;:&quot;&quot;,&quot;sizes&quot;:[]}}\" data-widget_type=\"heading.default\">\n\t\t\t\t<div class=\"elementor-widget-container\">\n\t\t\t\t\t<h2 class=\"elementor-heading-title elementor-size-default\"><a href=\"https:\/\/museum-mb.si\/de\/i-nakon-death-i-wish-i-were-here\/\">I NAKON DES TODES<br>\nICH GLAUBE AN<br>\nLIFE<\/a><\/h2>\t\t\t\t<\/div>\n\t\t\t\t<\/div>\n\t\t\t\t\t<\/div>\n\t\t<\/div>\n\t\t\t\t\t<\/div>\n\t\t<\/section>\n\t\t\t\t<section class=\"elementor-section elementor-top-section elementor-element elementor-element-80360d9 elementor-section-boxed elementor-section-height-default elementor-section-height-default\" data-id=\"80360d9\" data-element_type=\"section\" data-settings=\"{&quot;jet_parallax_layout_list&quot;:[]}\">\n\t\t\t\t\t\t<div class=\"elementor-container elementor-column-gap-no\">\n\t\t\t\t\t<div class=\"elementor-column elementor-col-50 elementor-top-column elementor-element elementor-element-d997c2f\" data-id=\"d997c2f\" data-element_type=\"column\" data-settings=\"{&quot;background_background&quot;:&quot;classic&quot;}\">\n\t\t\t<div class=\"elementor-widget-wrap elementor-element-populated\">\n\t\t\t\t\t\t<div class=\"elementor-element elementor-element-ceabff2 e-transform elementor-widget elementor-widget-heading\" data-id=\"ceabff2\" data-element_type=\"widget\" data-settings=\"{&quot;_transform_scale_effect_hover&quot;:{&quot;unit&quot;:&quot;px&quot;,&quot;size&quot;:1.05,&quot;sizes&quot;:[]},&quot;_transform_scale_effect_hover_tablet&quot;:{&quot;unit&quot;:&quot;px&quot;,&quot;size&quot;:&quot;&quot;,&quot;sizes&quot;:[]},&quot;_transform_scale_effect_hover_mobile&quot;:{&quot;unit&quot;:&quot;px&quot;,&quot;size&quot;:&quot;&quot;,&quot;sizes&quot;:[]}}\" data-widget_type=\"heading.default\">\n\t\t\t\t<div class=\"elementor-widget-container\">\n\t\t\t\t\t<h2 class=\"elementor-heading-title elementor-size-default\"><a href=\"https:\/\/museum-mb.si\/de\/votivbilder-von-martyrern-in-schiffsschaum\/\">EX VOTO<br>\nABSTIMMUNGSBILDER\nVON HELFERN UND\nSCHIFFSTOFFE<\/a><\/h2>\t\t\t\t<\/div>\n\t\t\t\t<\/div>\n\t\t\t\t\t<\/div>\n\t\t<\/div>\n\t\t\t\t<div class=\"elementor-column elementor-col-50 elementor-top-column elementor-element elementor-element-4c02b6b\" data-id=\"4c02b6b\" data-element_type=\"column\">\n\t\t\t<div class=\"elementor-widget-wrap elementor-element-populated\">\n\t\t\t\t\t\t<div class=\"elementor-element elementor-element-4ce5759 elementor-widget elementor-widget-image\" data-id=\"4ce5759\" data-element_type=\"widget\" data-widget_type=\"image.default\">\n\t\t\t\t<div class=\"elementor-widget-container\">\n\t\t\t\t\t\t\t\t\t\t\t\t\t\t\t\t<a href=\"https:\/\/museum-mb.si\/de\/votivbilder-von-martyrern-in-schiffsschaum\/\">\n\t\t\t\t\t\t\t<img loading=\"lazy\" decoding=\"async\" width=\"736\" height=\"568\" src=\"https:\/\/museum-mb.si\/wp-content\/uploads\/2022\/08\/ex-voto-1.jpg\" class=\"attachment-full size-full wp-image-67777\" alt=\"\" srcset=\"https:\/\/museum-mb.si\/wp-content\/uploads\/2022\/08\/ex-voto-1.jpg.webp 736w, https:\/\/museum-mb.si\/wp-content\/uploads\/2022\/08\/ex-voto-1-300x232.jpg.webp 300w\" sizes=\"(max-width: 736px) 100vw, 736px\" \/>\t\t\t\t\t\t\t\t<\/a>\n\t\t\t\t\t\t\t\t\t\t\t\t\t\t\t<\/div>\n\t\t\t\t<\/div>\n\t\t\t\t\t<\/div>\n\t\t<\/div>\n\t\t\t\t\t<\/div>\n\t\t<\/section>\n\t\t\t\t<section class=\"elementor-section elementor-top-section elementor-element elementor-element-507bfe1 elementor-reverse-tablet elementor-reverse-mobile elementor-section-boxed elementor-section-height-default elementor-section-height-default\" data-id=\"507bfe1\" data-element_type=\"section\" data-settings=\"{&quot;jet_parallax_layout_list&quot;:[]}\">\n\t\t\t\t\t\t<div class=\"elementor-container elementor-column-gap-no\">\n\t\t\t\t\t<div class=\"elementor-column elementor-col-50 elementor-top-column elementor-element elementor-element-dc788aa\" data-id=\"dc788aa\" data-element_type=\"column\">\n\t\t\t<div class=\"elementor-widget-wrap elementor-element-populated\">\n\t\t\t\t\t\t<div class=\"elementor-element elementor-element-ebbd36c elementor-widget elementor-widget-image\" data-id=\"ebbd36c\" data-element_type=\"widget\" data-widget_type=\"image.default\">\n\t\t\t\t<div class=\"elementor-widget-container\">\n\t\t\t\t\t\t\t\t\t\t\t\t\t\t\t\t<a href=\"https:\/\/museum-mb.si\/de\/die-welt-drei-achsen\/\">\n\t\t\t\t\t\t\t<img loading=\"lazy\" decoding=\"async\" width=\"899\" height=\"686\" src=\"https:\/\/museum-mb.si\/wp-content\/uploads\/2022\/08\/SV-TROJ-1-2.jpg\" class=\"attachment-full size-full wp-image-67782\" alt=\"\" srcset=\"https:\/\/museum-mb.si\/wp-content\/uploads\/2022\/08\/SV-TROJ-1-2.jpg.webp 899w, https:\/\/museum-mb.si\/wp-content\/uploads\/2022\/08\/SV-TROJ-1-2-300x229.jpg.webp 300w, https:\/\/museum-mb.si\/wp-content\/uploads\/2022\/08\/SV-TROJ-1-2-768x586.jpg.webp 768w\" sizes=\"(max-width: 899px) 100vw, 899px\" \/>\t\t\t\t\t\t\t\t<\/a>\n\t\t\t\t\t\t\t\t\t\t\t\t\t\t\t<\/div>\n\t\t\t\t<\/div>\n\t\t\t\t\t<\/div>\n\t\t<\/div>\n\t\t\t\t<div class=\"elementor-column elementor-col-50 elementor-top-column elementor-element elementor-element-b87b671\" data-id=\"b87b671\" data-element_type=\"column\" data-settings=\"{&quot;background_background&quot;:&quot;classic&quot;}\">\n\t\t\t<div class=\"elementor-widget-wrap elementor-element-populated\">\n\t\t\t\t\t\t<div class=\"elementor-element elementor-element-fb5d575 e-transform elementor-widget elementor-widget-heading\" data-id=\"fb5d575\" data-element_type=\"widget\" data-settings=\"{&quot;_transform_scale_effect_hover&quot;:{&quot;unit&quot;:&quot;px&quot;,&quot;size&quot;:1.05,&quot;sizes&quot;:[]},&quot;_transform_scale_effect_hover_tablet&quot;:{&quot;unit&quot;:&quot;px&quot;,&quot;size&quot;:&quot;&quot;,&quot;sizes&quot;:[]},&quot;_transform_scale_effect_hover_mobile&quot;:{&quot;unit&quot;:&quot;px&quot;,&quot;size&quot;:&quot;&quot;,&quot;sizes&quot;:[]}}\" data-widget_type=\"heading.default\">\n\t\t\t\t<div class=\"elementor-widget-container\">\n\t\t\t\t\t<h2 class=\"elementor-heading-title elementor-size-default\"><a href=\"https:\/\/museum-mb.si\/de\/die-welt-drei-achsen\/\">DIE HEILIGE DREIFALTIGKEIT\nOSIJEK<\/a><\/h2>\t\t\t\t<\/div>\n\t\t\t\t<\/div>\n\t\t\t\t\t<\/div>\n\t\t<\/div>\n\t\t\t\t\t<\/div>\n\t\t<\/section>\n\t\t\t\t<section class=\"elementor-section elementor-top-section elementor-element elementor-element-66523b0 elementor-section-boxed elementor-section-height-default elementor-section-height-default\" data-id=\"66523b0\" data-element_type=\"section\" data-settings=\"{&quot;jet_parallax_layout_list&quot;:[]}\">\n\t\t\t\t\t\t<div class=\"elementor-container elementor-column-gap-no\">\n\t\t\t\t\t<div class=\"elementor-column elementor-col-50 elementor-top-column elementor-element elementor-element-f7e7620\" data-id=\"f7e7620\" data-element_type=\"column\" data-settings=\"{&quot;background_background&quot;:&quot;classic&quot;}\">\n\t\t\t<div class=\"elementor-widget-wrap elementor-element-populated\">\n\t\t\t\t\t\t<div class=\"elementor-element elementor-element-781ff1d e-transform elementor-widget elementor-widget-heading\" data-id=\"781ff1d\" data-element_type=\"widget\" data-settings=\"{&quot;_transform_scale_effect_hover&quot;:{&quot;unit&quot;:&quot;px&quot;,&quot;size&quot;:1.05,&quot;sizes&quot;:[]},&quot;_transform_scale_effect_hover_tablet&quot;:{&quot;unit&quot;:&quot;px&quot;,&quot;size&quot;:&quot;&quot;,&quot;sizes&quot;:[]},&quot;_transform_scale_effect_hover_mobile&quot;:{&quot;unit&quot;:&quot;px&quot;,&quot;size&quot;:&quot;&quot;,&quot;sizes&quot;:[]}}\" data-widget_type=\"heading.default\">\n\t\t\t\t<div class=\"elementor-widget-container\">\n\t\t\t\t\t<h2 class=\"elementor-heading-title elementor-size-default\"><a href=\"https:\/\/museum-mb.si\/de\/beograd-and-world-five-2\/\">PREPUBLIC<br>\nMATI<br>\nPETKO<\/a><\/h2>\t\t\t\t<\/div>\n\t\t\t\t<\/div>\n\t\t\t\t\t<\/div>\n\t\t<\/div>\n\t\t\t\t<div class=\"elementor-column elementor-col-50 elementor-top-column elementor-element elementor-element-e472e8d\" data-id=\"e472e8d\" data-element_type=\"column\">\n\t\t\t<div class=\"elementor-widget-wrap elementor-element-populated\">\n\t\t\t\t\t\t<div class=\"elementor-element elementor-element-805bd43 elementor-widget elementor-widget-image\" data-id=\"805bd43\" data-element_type=\"widget\" data-widget_type=\"image.default\">\n\t\t\t\t<div class=\"elementor-widget-container\">\n\t\t\t\t\t\t\t\t\t\t\t\t\t\t\t\t<a href=\"https:\/\/museum-mb.si\/de\/beograd-and-world-five-2\/\">\n\t\t\t\t\t\t\t<img loading=\"lazy\" decoding=\"async\" width=\"2560\" height=\"1461\" src=\"https:\/\/museum-mb.si\/wp-content\/uploads\/2022\/08\/SVETA-PETKA-COVER-scaled.jpg\" class=\"attachment-full size-full wp-image-67781\" alt=\"\" srcset=\"https:\/\/museum-mb.si\/wp-content\/uploads\/2022\/08\/SVETA-PETKA-COVER-scaled.jpg.webp 2560w, https:\/\/museum-mb.si\/wp-content\/uploads\/2022\/08\/SVETA-PETKA-COVER-300x171.jpg.webp 300w, https:\/\/museum-mb.si\/wp-content\/uploads\/2022\/08\/SVETA-PETKA-COVER-1024x585.jpg.webp 1024w, https:\/\/museum-mb.si\/wp-content\/uploads\/2022\/08\/SVETA-PETKA-COVER-768x438.jpg.webp 768w, https:\/\/museum-mb.si\/wp-content\/uploads\/2022\/08\/SVETA-PETKA-COVER-1536x877.jpg.webp 1536w, https:\/\/museum-mb.si\/wp-content\/uploads\/2022\/08\/SVETA-PETKA-COVER-2048x1169.jpg.webp 2048w\" sizes=\"(max-width: 2560px) 100vw, 2560px\" \/>\t\t\t\t\t\t\t\t<\/a>\n\t\t\t\t\t\t\t\t\t\t\t\t\t\t\t<\/div>\n\t\t\t\t<\/div>\n\t\t\t\t\t<\/div>\n\t\t<\/div>\n\t\t\t\t\t<\/div>\n\t\t<\/section>\n\t\t\t\t<section class=\"elementor-section elementor-top-section elementor-element elementor-element-6bfa9fc elementor-reverse-tablet elementor-reverse-mobile elementor-section-boxed elementor-section-height-default elementor-section-height-default\" data-id=\"6bfa9fc\" data-element_type=\"section\" data-settings=\"{&quot;jet_parallax_layout_list&quot;:[]}\">\n\t\t\t\t\t\t<div class=\"elementor-container elementor-column-gap-no\">\n\t\t\t\t\t<div class=\"elementor-column elementor-col-50 elementor-top-column elementor-element elementor-element-86e7b85\" data-id=\"86e7b85\" data-element_type=\"column\">\n\t\t\t<div class=\"elementor-widget-wrap elementor-element-populated\">\n\t\t\t\t\t\t<div class=\"elementor-element elementor-element-13678bf elementor-widget elementor-widget-image\" data-id=\"13678bf\" data-element_type=\"widget\" data-widget_type=\"image.default\">\n\t\t\t\t<div class=\"elementor-widget-container\">\n\t\t\t\t\t\t\t\t\t\t\t\t\t\t\t\t<a href=\"https:\/\/museum-mb.si\/de\/fernster-tag-nahe-nacht\/\">\n\t\t\t\t\t\t\t<img loading=\"lazy\" decoding=\"async\" width=\"1920\" height=\"646\" src=\"https:\/\/museum-mb.si\/wp-content\/uploads\/2022\/08\/header-1.jpg\" class=\"attachment-full size-full wp-image-67252\" alt=\"\" srcset=\"https:\/\/museum-mb.si\/wp-content\/uploads\/2022\/08\/header-1.jpg.webp 1920w, https:\/\/museum-mb.si\/wp-content\/uploads\/2022\/08\/header-1-300x101.jpg.webp 300w, https:\/\/museum-mb.si\/wp-content\/uploads\/2022\/08\/header-1-1024x345.jpg.webp 1024w, https:\/\/museum-mb.si\/wp-content\/uploads\/2022\/08\/header-1-768x258.jpg.webp 768w, https:\/\/museum-mb.si\/wp-content\/uploads\/2022\/08\/header-1-1536x517.jpg.webp 1536w\" sizes=\"(max-width: 1920px) 100vw, 1920px\" \/>\t\t\t\t\t\t\t\t<\/a>\n\t\t\t\t\t\t\t\t\t\t\t\t\t\t\t<\/div>\n\t\t\t\t<\/div>\n\t\t\t\t\t<\/div>\n\t\t<\/div>\n\t\t\t\t<div class=\"elementor-column elementor-col-50 elementor-top-column elementor-element elementor-element-c5d48aa\" data-id=\"c5d48aa\" data-element_type=\"column\" data-settings=\"{&quot;background_background&quot;:&quot;classic&quot;}\">\n\t\t\t<div class=\"elementor-widget-wrap elementor-element-populated\">\n\t\t\t\t\t\t<div class=\"elementor-element elementor-element-72465f4 e-transform elementor-widget elementor-widget-heading\" data-id=\"72465f4\" data-element_type=\"widget\" data-settings=\"{&quot;_transform_scale_effect_hover&quot;:{&quot;unit&quot;:&quot;px&quot;,&quot;size&quot;:1.05,&quot;sizes&quot;:[]},&quot;_transform_scale_effect_hover_tablet&quot;:{&quot;unit&quot;:&quot;px&quot;,&quot;size&quot;:&quot;&quot;,&quot;sizes&quot;:[]},&quot;_transform_scale_effect_hover_mobile&quot;:{&quot;unit&quot;:&quot;px&quot;,&quot;size&quot;:&quot;&quot;,&quot;sizes&quot;:[]}}\" data-widget_type=\"heading.default\">\n\t\t\t\t<div class=\"elementor-widget-container\">\n\t\t\t\t\t<h2 class=\"elementor-heading-title elementor-size-default\"><a href=\"https:\/\/museum-mb.si\/de\/fernster-tag-nahe-nacht\/\">FURTHEST DAY,<br>\nDIE BESTE NACHT<\/a><\/h2>\t\t\t\t<\/div>\n\t\t\t\t<\/div>\n\t\t\t\t\t<\/div>\n\t\t<\/div>\n\t\t\t\t\t<\/div>\n\t\t<\/section>\n\t\t\t\t<\/div>","protected":false},"excerpt":{"rendered":"<p>DISCLAIM I BELIEVE. THERE I AM. An das Unglaubliche glauben. Der inneren Stimme folgen. Das Unfassbare zu suchen. Den Trost im Unsichtbaren suchen. Die Rituale befolgen. Gott beim Namen nennen. Zu beten. Meditieren. Verg\u00f6ttern. Anbeten. Tr\u00e4umen. Um in andere Welten zu gelangen. Um das Alleinsein zu \u00fcberwinden. Ich glaube. Also bin ich. Es ist ein internationales, interinstitutionelles, inter-\/ supra-ideologisches, st\u00e4ndig wachsendes Projekt, das seine [...]<\/p>","protected":false},"author":9,"featured_media":0,"parent":0,"menu_order":0,"comment_status":"closed","ping_status":"closed","template":"","meta":{"inline_featured_image":false,"footnotes":""},"class_list":["post-67713","page","type-page","status-publish","hentry"],"yoast_head":"<!-- This site is optimized with the Yoast SEO plugin v27.5 - https:\/\/yoast.com\/product\/yoast-seo-wordpress\/ -->\n<title>Verjamem torej sem &#8211; Pokrajinski muzej Maribor<\/title>\n<meta name=\"robots\" content=\"index, follow, max-snippet:-1, max-image-preview:large, max-video-preview:-1\" \/>\n<link rel=\"canonical\" href=\"https:\/\/museum-mb.si\/de\/ich-glaube-das-ist-mir\/\" \/>\n<meta property=\"og:locale\" content=\"de_DE\" \/>\n<meta property=\"og:type\" content=\"article\" \/>\n<meta property=\"og:title\" content=\"Verjamem torej sem &#8211; Pokrajinski muzej Maribor\" \/>\n<meta property=\"og:description\" content=\"RAZISKUJ VERJAMEM. TOREJ SEM. Verjeti v neverjetno. Slediti notranjemu glasu. Iskati neotipljivo. Se zatekati po tola\u017ebo k nevidnemu. Slediti obredom. Klicati boga po imenu. Moliti. Meditirati. Malikovati. \u010castiti. Sanjati. Prehajati v druge svetove. Prese\u010di bivanje samo. Verjamem. Torej sem. Je mednarodni, medinstitucionalni, med-\/nadideolo\u0161ki, nenehno rasto\u010di projekt, ki je \u017eivljenjski prostor na\u0161el na medmre\u017eju, enem od [&hellip;]\" \/>\n<meta property=\"og:url\" content=\"https:\/\/museum-mb.si\/de\/ich-glaube-das-ist-mir\/\" \/>\n<meta property=\"og:site_name\" content=\"Pokrajinski muzej Maribor\" \/>\n<meta property=\"article:publisher\" content=\"https:\/\/www.facebook.com\/pomum123\" \/>\n<meta property=\"article:modified_time\" content=\"2025-09-05T08:13:41+00:00\" \/>\n<meta property=\"og:image\" content=\"https:\/\/museum-mb.si\/wp-content\/uploads\/2024\/12\/VSEM-BOGINJAM-BOGOVOM-BANNER.jpg\" \/>\n\t<meta property=\"og:image:width\" content=\"800\" \/>\n\t<meta property=\"og:image:height\" content=\"606\" \/>\n\t<meta property=\"og:image:type\" content=\"image\/jpeg\" \/>\n<meta name=\"twitter:card\" content=\"summary_large_image\" \/>\n<meta name=\"twitter:label1\" content=\"Gesch\u00e4tzte Lesezeit\" \/>\n\t<meta name=\"twitter:data1\" content=\"1\u00a0Minute\" \/>\n<script type=\"application\/ld+json\" class=\"yoast-schema-graph\">{\"@context\":\"https:\\\/\\\/schema.org\",\"@graph\":[{\"@type\":\"WebPage\",\"@id\":\"https:\\\/\\\/museum-mb.si\\\/verjamem-torej-sem\\\/\",\"url\":\"https:\\\/\\\/museum-mb.si\\\/verjamem-torej-sem\\\/\",\"name\":\"Verjamem torej sem &#8211; Pokrajinski muzej Maribor\",\"isPartOf\":{\"@id\":\"https:\\\/\\\/museum-mb.si\\\/#website\"},\"primaryImageOfPage\":{\"@id\":\"https:\\\/\\\/museum-mb.si\\\/verjamem-torej-sem\\\/#primaryimage\"},\"image\":{\"@id\":\"https:\\\/\\\/museum-mb.si\\\/verjamem-torej-sem\\\/#primaryimage\"},\"thumbnailUrl\":\"https:\\\/\\\/museum-mb.si\\\/wp-content\\\/uploads\\\/2024\\\/12\\\/VSEM-BOGINJAM-BOGOVOM-BANNER.jpg\",\"datePublished\":\"2022-08-22T13:44:24+00:00\",\"dateModified\":\"2025-09-05T08:13:41+00:00\",\"breadcrumb\":{\"@id\":\"https:\\\/\\\/museum-mb.si\\\/verjamem-torej-sem\\\/#breadcrumb\"},\"inLanguage\":\"de\",\"potentialAction\":[{\"@type\":\"ReadAction\",\"target\":[\"https:\\\/\\\/museum-mb.si\\\/verjamem-torej-sem\\\/\"]}]},{\"@type\":\"ImageObject\",\"inLanguage\":\"de\",\"@id\":\"https:\\\/\\\/museum-mb.si\\\/verjamem-torej-sem\\\/#primaryimage\",\"url\":\"https:\\\/\\\/museum-mb.si\\\/wp-content\\\/uploads\\\/2024\\\/12\\\/VSEM-BOGINJAM-BOGOVOM-BANNER.jpg\",\"contentUrl\":\"https:\\\/\\\/museum-mb.si\\\/wp-content\\\/uploads\\\/2024\\\/12\\\/VSEM-BOGINJAM-BOGOVOM-BANNER.jpg\"},{\"@type\":\"BreadcrumbList\",\"@id\":\"https:\\\/\\\/museum-mb.si\\\/verjamem-torej-sem\\\/#breadcrumb\",\"itemListElement\":[{\"@type\":\"ListItem\",\"position\":1,\"name\":\"Domov\",\"item\":\"https:\\\/\\\/museum-mb.si\\\/\"},{\"@type\":\"ListItem\",\"position\":2,\"name\":\"Verjamem torej sem\"}]},{\"@type\":\"WebSite\",\"@id\":\"https:\\\/\\\/museum-mb.si\\\/#website\",\"url\":\"https:\\\/\\\/museum-mb.si\\\/\",\"name\":\"Pokrajinski muzej Maribor\",\"description\":\"\",\"publisher\":{\"@id\":\"https:\\\/\\\/museum-mb.si\\\/#organization\"},\"potentialAction\":[{\"@type\":\"SearchAction\",\"target\":{\"@type\":\"EntryPoint\",\"urlTemplate\":\"https:\\\/\\\/museum-mb.si\\\/?s={search_term_string}\"},\"query-input\":{\"@type\":\"PropertyValueSpecification\",\"valueRequired\":true,\"valueName\":\"search_term_string\"}}],\"inLanguage\":\"de\"},{\"@type\":\"Organization\",\"@id\":\"https:\\\/\\\/museum-mb.si\\\/#organization\",\"name\":\"Pokrajinski muzej Maribor\",\"url\":\"https:\\\/\\\/museum-mb.si\\\/\",\"logo\":{\"@type\":\"ImageObject\",\"inLanguage\":\"de\",\"@id\":\"https:\\\/\\\/museum-mb.si\\\/#\\\/schema\\\/logo\\\/image\\\/\",\"url\":\"https:\\\/\\\/museum-mb.si\\\/wp-content\\\/uploads\\\/2024\\\/12\\\/pmm_logo_barvni_jpeg.jpg\",\"contentUrl\":\"https:\\\/\\\/museum-mb.si\\\/wp-content\\\/uploads\\\/2024\\\/12\\\/pmm_logo_barvni_jpeg.jpg\",\"width\":758,\"height\":754,\"caption\":\"Pokrajinski muzej Maribor\"},\"image\":{\"@id\":\"https:\\\/\\\/museum-mb.si\\\/#\\\/schema\\\/logo\\\/image\\\/\"},\"sameAs\":[\"https:\\\/\\\/www.facebook.com\\\/pomum123\",\"https:\\\/\\\/www.instagram.com\\\/maribor_museum\\\/\",\"https:\\\/\\\/www.youtube.com\\\/channel\\\/UCdshtCrun841Oc-35tYLBGQ\"]}]}<\/script>\n<!-- \/ Yoast SEO plugin. -->","yoast_head_json":{"title":"Ich glaube, also bin ich - Regionalmuseum Maribor","robots":{"index":"index","follow":"follow","max-snippet":"max-snippet:-1","max-image-preview":"max-image-preview:large","max-video-preview":"max-video-preview:-1"},"canonical":"https:\/\/museum-mb.si\/de\/ich-glaube-das-ist-mir\/","og_locale":"de_DE","og_type":"article","og_title":"Verjamem torej sem &#8211; Pokrajinski muzej Maribor","og_description":"RAZISKUJ VERJAMEM. TOREJ SEM. Verjeti v neverjetno. Slediti notranjemu glasu. Iskati neotipljivo. Se zatekati po tola\u017ebo k nevidnemu. Slediti obredom. Klicati boga po imenu. Moliti. Meditirati. Malikovati. \u010castiti. Sanjati. Prehajati v druge svetove. Prese\u010di bivanje samo. Verjamem. Torej sem. Je mednarodni, medinstitucionalni, med-\/nadideolo\u0161ki, nenehno rasto\u010di projekt, ki je \u017eivljenjski prostor na\u0161el na medmre\u017eju, enem od [&hellip;]","og_url":"https:\/\/museum-mb.si\/de\/ich-glaube-das-ist-mir\/","og_site_name":"Pokrajinski muzej Maribor","article_publisher":"https:\/\/www.facebook.com\/pomum123","article_modified_time":"2025-09-05T08:13:41+00:00","og_image":[{"width":800,"height":606,"url":"https:\/\/museum-mb.si\/wp-content\/uploads\/2024\/12\/VSEM-BOGINJAM-BOGOVOM-BANNER.jpg","type":"image\/jpeg"}],"twitter_card":"summary_large_image","twitter_misc":{"Gesch\u00e4tzte Lesezeit":"1\u00a0Minute"},"schema":{"@context":"https:\/\/schema.org","@graph":[{"@type":"WebPage","@id":"https:\/\/museum-mb.si\/verjamem-torej-sem\/","url":"https:\/\/museum-mb.si\/verjamem-torej-sem\/","name":"Ich glaube, also bin ich - Regionalmuseum Maribor","isPartOf":{"@id":"https:\/\/museum-mb.si\/#website"},"primaryImageOfPage":{"@id":"https:\/\/museum-mb.si\/verjamem-torej-sem\/#primaryimage"},"image":{"@id":"https:\/\/museum-mb.si\/verjamem-torej-sem\/#primaryimage"},"thumbnailUrl":"https:\/\/museum-mb.si\/wp-content\/uploads\/2024\/12\/VSEM-BOGINJAM-BOGOVOM-BANNER.jpg","datePublished":"2022-08-22T13:44:24+00:00","dateModified":"2025-09-05T08:13:41+00:00","breadcrumb":{"@id":"https:\/\/museum-mb.si\/verjamem-torej-sem\/#breadcrumb"},"inLanguage":"de","potentialAction":[{"@type":"ReadAction","target":["https:\/\/museum-mb.si\/verjamem-torej-sem\/"]}]},{"@type":"ImageObject","inLanguage":"de","@id":"https:\/\/museum-mb.si\/verjamem-torej-sem\/#primaryimage","url":"https:\/\/museum-mb.si\/wp-content\/uploads\/2024\/12\/VSEM-BOGINJAM-BOGOVOM-BANNER.jpg","contentUrl":"https:\/\/museum-mb.si\/wp-content\/uploads\/2024\/12\/VSEM-BOGINJAM-BOGOVOM-BANNER.jpg"},{"@type":"BreadcrumbList","@id":"https:\/\/museum-mb.si\/verjamem-torej-sem\/#breadcrumb","itemListElement":[{"@type":"ListItem","position":1,"name":"Domov","item":"https:\/\/museum-mb.si\/"},{"@type":"ListItem","position":2,"name":"Verjamem torej sem"}]},{"@type":"WebSite","@id":"https:\/\/museum-mb.si\/#website","url":"https:\/\/museum-mb.si\/","name":"Regionalmuseum Maribor","description":"","publisher":{"@id":"https:\/\/museum-mb.si\/#organization"},"potentialAction":[{"@type":"SearchAction","target":{"@type":"EntryPoint","urlTemplate":"https:\/\/museum-mb.si\/?s={search_term_string}"},"query-input":{"@type":"PropertyValueSpecification","valueRequired":true,"valueName":"search_term_string"}}],"inLanguage":"de"},{"@type":"Organization","@id":"https:\/\/museum-mb.si\/#organization","name":"Regionalmuseum Maribor","url":"https:\/\/museum-mb.si\/","logo":{"@type":"ImageObject","inLanguage":"de","@id":"https:\/\/museum-mb.si\/#\/schema\/logo\/image\/","url":"https:\/\/museum-mb.si\/wp-content\/uploads\/2024\/12\/pmm_logo_barvni_jpeg.jpg","contentUrl":"https:\/\/museum-mb.si\/wp-content\/uploads\/2024\/12\/pmm_logo_barvni_jpeg.jpg","width":758,"height":754,"caption":"Pokrajinski muzej Maribor"},"image":{"@id":"https:\/\/museum-mb.si\/#\/schema\/logo\/image\/"},"sameAs":["https:\/\/www.facebook.com\/pomum123","https:\/\/www.instagram.com\/maribor_museum\/","https:\/\/www.youtube.com\/channel\/UCdshtCrun841Oc-35tYLBGQ"]}]}},"_links":{"self":[{"href":"https:\/\/museum-mb.si\/de\/wp-json\/wp\/v2\/pages\/67713","targetHints":{"allow":["GET"]}}],"collection":[{"href":"https:\/\/museum-mb.si\/de\/wp-json\/wp\/v2\/pages"}],"about":[{"href":"https:\/\/museum-mb.si\/de\/wp-json\/wp\/v2\/types\/page"}],"author":[{"embeddable":true,"href":"https:\/\/museum-mb.si\/de\/wp-json\/wp\/v2\/users\/9"}],"replies":[{"embeddable":true,"href":"https:\/\/museum-mb.si\/de\/wp-json\/wp\/v2\/comments?post=67713"}],"version-history":[{"count":88,"href":"https:\/\/museum-mb.si\/de\/wp-json\/wp\/v2\/pages\/67713\/revisions"}],"predecessor-version":[{"id":80512,"href":"https:\/\/museum-mb.si\/de\/wp-json\/wp\/v2\/pages\/67713\/revisions\/80512"}],"wp:attachment":[{"href":"https:\/\/museum-mb.si\/de\/wp-json\/wp\/v2\/media?parent=67713"}],"curies":[{"name":"wp","href":"https:\/\/api.w.org\/{rel}","templated":true}]}}