{"id":67563,"date":"2022-08-22T12:44:42","date_gmt":"2022-08-22T12:44:42","guid":{"rendered":"https:\/\/nova.museum-mb.si\/?page_id=67563"},"modified":"2022-10-28T07:23:01","modified_gmt":"2022-10-28T06:23:01","slug":"broadcast-follows-tobi-it-wasnt-a-single-engine","status":"publish","type":"page","link":"https:\/\/museum-mb.si\/de\/broadcast-follows-tobi-it-wasnt-a-single-engine\/","title":{"rendered":"SLEDI: Tobi war nicht nur ein Kocher"},"content":{"rendered":"<div data-elementor-type=\"wp-page\" data-elementor-id=\"67563\" class=\"elementor elementor-67563\" data-elementor-post-type=\"page\">\n\t\t\t\t\t\t<section class=\"elementor-section elementor-top-section elementor-element elementor-element-13e5c82 elementor-section-height-min-height elementor-section-boxed elementor-section-height-default elementor-section-items-middle\" data-id=\"13e5c82\" data-element_type=\"section\" data-settings=\"{&quot;background_background&quot;:&quot;classic&quot;,&quot;jet_parallax_layout_list&quot;:[]}\">\n\t\t\t\t\t\t\t<div class=\"elementor-background-overlay\"><\/div>\n\t\t\t\t\t\t\t<div class=\"elementor-container elementor-column-gap-default\">\n\t\t\t\t\t<div class=\"elementor-column elementor-col-50 elementor-top-column elementor-element elementor-element-6bbd514\" data-id=\"6bbd514\" data-element_type=\"column\">\n\t\t\t<div class=\"elementor-widget-wrap elementor-element-populated\">\n\t\t\t\t\t\t<div class=\"elementor-element elementor-element-dfa1834 elementor-widget elementor-widget-heading\" data-id=\"dfa1834\" data-element_type=\"widget\" data-widget_type=\"heading.default\">\n\t\t\t\t<div class=\"elementor-widget-container\">\n\t\t\t\t\t<h2 class=\"elementor-heading-title elementor-size-default\">ANZEIGE<\/h2>\t\t\t\t<\/div>\n\t\t\t\t<\/div>\n\t\t\t\t<div class=\"elementor-element elementor-element-d5e2e2c elementor-widget elementor-widget-heading\" data-id=\"d5e2e2c\" data-element_type=\"widget\" data-widget_type=\"heading.default\">\n\t\t\t\t<div class=\"elementor-widget-container\">\n\t\t\t\t\t<h2 class=\"elementor-heading-title elementor-size-default\">SLEDI:<br>\nTobi war nicht nur ein Kocher\n<\/h2>\t\t\t\t<\/div>\n\t\t\t\t<\/div>\n\t\t\t\t\t<\/div>\n\t\t<\/div>\n\t\t\t\t<div class=\"elementor-column elementor-col-50 elementor-top-column elementor-element elementor-element-07cf521\" data-id=\"07cf521\" data-element_type=\"column\">\n\t\t\t<div class=\"elementor-widget-wrap elementor-element-populated\">\n\t\t\t\t\t\t<div class=\"elementor-element elementor-element-d4b8dc0 elementor-widget elementor-widget-text-editor\" data-id=\"d4b8dc0\" data-element_type=\"widget\" data-widget_type=\"text-editor.default\">\n\t\t\t\t<div class=\"elementor-widget-container\">\n\t\t\t\t\t\t\t\t\t<div class=\"row-inner\"><div class=\"pos-top pos-center align_left column_parent col-lg-12 boomapps_vccolumn single-internal-gutter\"><div class=\"uncol style-light\"><div class=\"uncoltable\"><div class=\"uncell boomapps_vccolumn no-block-padding\"><div class=\"uncont\"><div class=\"row-internal row-container boomapps_vcrow\"><div class=\"row row-child\"><div class=\"row-inner\"><div class=\"pos-middle pos-center align_left column_child col-lg-6 boomapps_vccolumn single-internal-gutter\"><div class=\"uncol style-dark\"><div class=\"uncoltable\"><div class=\"uncell boomapps_vccolumn no-block-padding\"><div class=\"uncont\"><div class=\"uncode_text_column\"><p>Nach dem Zweiten Weltkrieg. Alles war knapp, aber \u00fcberall wurde gebaut, alles wuchs. Es gab Freude und Hoffnung, Lachen und Begeisterung. Die Firma Tobi aus Bistrica bei Limbus begann mit der Entwicklung der Produktion von Haushaltsger\u00e4ten.<\/p><p>Als Gorenje noch nirgends zu finden war, suchte ein kleines Unternehmen in einer Kleinstadt in der N\u00e4he von Maribor nach innovativen jungen Leuten, stellte technische Absolventen ein und wurde zum ersten Unternehmen des Landes, das die Produktion von Herden und K\u00fchlschr\u00e4nken eroberte.<\/p><p>Obwohl sie im Laufe ihres Lebens viele bekannte Produkte entwickelten, gingen diese sp\u00e4ter in anderen Unternehmen auf, und die Fabrik in Bistrica bei Maribor ging in Konkurs. Was war der Grund daf\u00fcr, dass eine kleine, flinke Fabrik nicht zu einer gro\u00dfen Fabrik heranwuchs?<\/p><\/div><\/div><\/div><\/div><\/div><\/div><\/div><\/div><\/div><\/div><\/div><\/div><\/div><\/div><\/div>\t\t\t\t\t\t\t\t<\/div>\n\t\t\t\t<\/div>\n\t\t\t\t\t<\/div>\n\t\t<\/div>\n\t\t\t\t\t<\/div>\n\t\t<\/section>\n\t\t\t\t<section class=\"elementor-section elementor-top-section elementor-element elementor-element-f07df60 elementor-hidden-mobile elementor-section-boxed elementor-section-height-default elementor-section-height-default\" data-id=\"f07df60\" data-element_type=\"section\" data-settings=\"{&quot;jet_parallax_layout_list&quot;:[]}\">\n\t\t\t\t\t\t<div class=\"elementor-container elementor-column-gap-default\">\n\t\t\t\t\t<div class=\"make-column-clickable-elementor elementor-column elementor-col-100 elementor-top-column elementor-element elementor-element-367ed06\" style=\"cursor: pointer;\" data-column-clickable=\"#Zbirke\" data-column-clickable-blank=\"_self\" data-id=\"367ed06\" data-element_type=\"column\" data-settings=\"{&quot;background_background&quot;:&quot;classic&quot;}\">\n\t\t\t<div class=\"elementor-widget-wrap elementor-element-populated\">\n\t\t\t\t\t\t<div class=\"elementor-element elementor-element-80df3a8 elementor-widget__width-auto elementor-widget elementor-widget-jet-inline-svg\" data-id=\"80df3a8\" data-element_type=\"widget\" data-widget_type=\"jet-inline-svg.default\">\n\t\t\t\t<div class=\"elementor-widget-container\">\n\t\t\t\t\t<div class=\"elementor-jet-inline-svg jet-elements\"><div class=\"jet-inline-svg__wrapper\"><a class=\"jet-inline-svg jet-inline-svg--custom-width jet-inline-svg--custom-color\" href=\"#Virtualnevsebine\" aria-label=\"SVG-Link\"><div class=\"jet-inline-svg__inner\"><?xml version=\"1.0\" encoding=\"UTF-8\" standalone=\"no\"?>\n<svg xmlns=\"http:\/\/www.w3.org\/2000\/svg\" version=\"1.0\" width=\"512.000000pt\" height=\"512.000000pt\" viewbox=\"0 0 512.000000 512.000000\" preserveaspectratio=\"xMidYMid meet\">\n  <g transform=\"translate(0.000000,512.000000) scale(0.100000,-0.100000)\" fill=\"currentColor\" stroke=\"none\">\n    <path d=\"M277 4009 c-103 -24 -197 -103 -244 -204 -23 -51 -28 -73 -27 -145 0 -160 -96 -52 1192 -1342 777 -778 1160 -1155 1191 -1172 73 -39 158 -53 234 -37 34 7 83 24 108 37 31 17 414 394 1191 1172 1288 1290 1192 1182 1192 1342 0 72 -4 94 -28 147 -84 184 -308 262 -491 171 -26 -13 -388 -368 -1037 -1016 l-998 -997 -998 997 c-652 651 -1011 1003 -1037 1016 -76 37 -170 49 -248 31z\"><\/path>\n  <\/g>\n<\/svg>\n<\/div><\/a><\/div><\/div>\t\t\t\t<\/div>\n\t\t\t\t<\/div>\n\t\t\t\t\t<\/div>\n\t\t<\/div>\n\t\t\t\t\t<\/div>\n\t\t<\/section>\n\t\t\t\t<section class=\"elementor-section elementor-top-section elementor-element elementor-element-23b80d5 elementor-section-boxed elementor-section-height-default elementor-section-height-default\" data-id=\"23b80d5\" data-element_type=\"section\" data-settings=\"{&quot;jet_parallax_layout_list&quot;:[]}\">\n\t\t\t\t\t\t<div class=\"elementor-container elementor-column-gap-default\">\n\t\t\t\t\t<div class=\"elementor-column elementor-col-100 elementor-top-column elementor-element elementor-element-e9e6fd8\" data-id=\"e9e6fd8\" data-element_type=\"column\">\n\t\t\t<div class=\"elementor-widget-wrap elementor-element-populated\">\n\t\t\t\t\t\t<div class=\"elementor-element elementor-element-44666d1 elementor-widget elementor-widget-menu-anchor\" data-id=\"44666d1\" data-element_type=\"widget\" data-widget_type=\"menu-anchor.default\">\n\t\t\t\t<div class=\"elementor-widget-container\">\n\t\t\t\t\t\t\t<div class=\"elementor-menu-anchor\" id=\"Virtualnevsebine\"><\/div>\n\t\t\t\t\t\t<\/div>\n\t\t\t\t<\/div>\n\t\t\t\t\t<\/div>\n\t\t<\/div>\n\t\t\t\t\t<\/div>\n\t\t<\/section>\n\t\t\t\t<section class=\"elementor-section elementor-top-section elementor-element elementor-element-60d0b18 elementor-section-boxed elementor-section-height-default elementor-section-height-default\" data-id=\"60d0b18\" data-element_type=\"section\" data-settings=\"{&quot;jet_parallax_layout_list&quot;:[]}\">\n\t\t\t\t\t\t<div class=\"elementor-container elementor-column-gap-default\">\n\t\t\t\t\t<div class=\"elementor-column elementor-col-100 elementor-top-column elementor-element elementor-element-983ed6d\" data-id=\"983ed6d\" data-element_type=\"column\">\n\t\t\t<div class=\"elementor-widget-wrap elementor-element-populated\">\n\t\t\t\t\t\t<div class=\"elementor-element elementor-element-99645b1 elementor-widget elementor-widget-video\" data-id=\"99645b1\" data-element_type=\"widget\" data-settings=\"{&quot;youtube_url&quot;:&quot;https:\\\/\\\/www.youtube.com\\\/watch?v=cWZEP8lIF50&quot;,&quot;video_type&quot;:&quot;youtube&quot;,&quot;controls&quot;:&quot;yes&quot;}\" data-widget_type=\"video.default\">\n\t\t\t\t<div class=\"elementor-widget-container\">\n\t\t\t\t\t\t\t<div class=\"elementor-wrapper elementor-open-inline\">\n\t\t\t<div class=\"elementor-video\"><\/div>\t\t<\/div>\n\t\t\t\t\t\t<\/div>\n\t\t\t\t<\/div>\n\t\t\t\t\t<\/div>\n\t\t<\/div>\n\t\t\t\t\t<\/div>\n\t\t<\/section>\n\t\t\t\t<\/div>","protected":false},"excerpt":{"rendered":"<p>EXPLORE Die Sendung SLEDI: Tobi war nicht nur ein Herd Zeit nach dem Zweiten Weltkrieg. Alles war knapp, aber \u00fcberall wurde gebaut, alles wuchs. Es gab Freude und Hoffnung, Lachen und Enthusiasmus. Die Firma Tobi aus Bistrica bei Limbu\u0161 begann, die Produktion von Haushaltsger\u00e4ten zu entwickeln. Als Gorenje noch nirgends zu finden war, wurde ein kleines Unternehmen in einem kleinen [...]<\/p>","protected":false},"author":9,"featured_media":0,"parent":0,"menu_order":0,"comment_status":"closed","ping_status":"closed","template":"","meta":{"inline_featured_image":false,"footnotes":""},"class_list":["post-67563","page","type-page","status-publish","hentry"],"yoast_head":"<!-- This site is optimized with the Yoast SEO plugin v27.5 - https:\/\/yoast.com\/product\/yoast-seo-wordpress\/ -->\n<title>Oddaja SLEDI: Tobi ni bil samo \u0161tedilnik &#8211; Pokrajinski muzej Maribor<\/title>\n<meta name=\"robots\" content=\"index, follow, max-snippet:-1, max-image-preview:large, max-video-preview:-1\" \/>\n<link rel=\"canonical\" href=\"https:\/\/museum-mb.si\/de\/broadcast-follows-tobi-it-wasnt-a-single-engine\/\" \/>\n<meta property=\"og:locale\" content=\"de_DE\" \/>\n<meta property=\"og:type\" content=\"article\" \/>\n<meta property=\"og:title\" content=\"Oddaja SLEDI: Tobi ni bil samo \u0161tedilnik &#8211; Pokrajinski muzej Maribor\" \/>\n<meta property=\"og:description\" content=\"RAZISKUJ Oddaja SLEDI: Tobi ni bil samo \u0161tedilnik \u010cas po drugi svetovni vojni. Vsega je primanjkovalo, a povsod se je gradilo, vse je rastlo. Bilo je veselje in upanje, smeh in zanos. Podjetje Tobi iz Bistrice pri Limbu\u0161u je za\u010delo razvijati proizvodnjo gospodinjskih aparatov. Ko Gorenja \u0161e ni bilo nikjer, je majhno podjetje v majhnem [&hellip;]\" \/>\n<meta property=\"og:url\" content=\"https:\/\/museum-mb.si\/de\/broadcast-follows-tobi-it-wasnt-a-single-engine\/\" \/>\n<meta property=\"og:site_name\" content=\"Pokrajinski muzej Maribor\" \/>\n<meta property=\"article:publisher\" content=\"https:\/\/www.facebook.com\/pomum123\" \/>\n<meta property=\"article:modified_time\" content=\"2022-10-28T06:23:01+00:00\" \/>\n<meta property=\"og:image\" content=\"https:\/\/museum-mb.si\/wp-content\/uploads\/2024\/12\/pmm_logo_barvni.jpg\" \/>\n\t<meta property=\"og:image:width\" content=\"790\" \/>\n\t<meta property=\"og:image:height\" content=\"790\" \/>\n\t<meta property=\"og:image:type\" content=\"image\/jpeg\" \/>\n<meta name=\"twitter:card\" content=\"summary_large_image\" \/>\n<meta name=\"twitter:label1\" content=\"Gesch\u00e4tzte Lesezeit\" \/>\n\t<meta name=\"twitter:data1\" content=\"1\u00a0Minute\" \/>\n<script type=\"application\/ld+json\" class=\"yoast-schema-graph\">{\"@context\":\"https:\\\/\\\/schema.org\",\"@graph\":[{\"@type\":\"WebPage\",\"@id\":\"https:\\\/\\\/museum-mb.si\\\/oddaja-sledi-tobi-ni-bil-samo-stedilnik\\\/\",\"url\":\"https:\\\/\\\/museum-mb.si\\\/oddaja-sledi-tobi-ni-bil-samo-stedilnik\\\/\",\"name\":\"Oddaja SLEDI: Tobi ni bil samo \u0161tedilnik &#8211; Pokrajinski muzej Maribor\",\"isPartOf\":{\"@id\":\"https:\\\/\\\/museum-mb.si\\\/#website\"},\"datePublished\":\"2022-08-22T12:44:42+00:00\",\"dateModified\":\"2022-10-28T06:23:01+00:00\",\"breadcrumb\":{\"@id\":\"https:\\\/\\\/museum-mb.si\\\/oddaja-sledi-tobi-ni-bil-samo-stedilnik\\\/#breadcrumb\"},\"inLanguage\":\"de\",\"potentialAction\":[{\"@type\":\"ReadAction\",\"target\":[\"https:\\\/\\\/museum-mb.si\\\/oddaja-sledi-tobi-ni-bil-samo-stedilnik\\\/\"]}]},{\"@type\":\"BreadcrumbList\",\"@id\":\"https:\\\/\\\/museum-mb.si\\\/oddaja-sledi-tobi-ni-bil-samo-stedilnik\\\/#breadcrumb\",\"itemListElement\":[{\"@type\":\"ListItem\",\"position\":1,\"name\":\"Domov\",\"item\":\"https:\\\/\\\/museum-mb.si\\\/\"},{\"@type\":\"ListItem\",\"position\":2,\"name\":\"Oddaja SLEDI: Tobi ni bil samo \u0161tedilnik\"}]},{\"@type\":\"WebSite\",\"@id\":\"https:\\\/\\\/museum-mb.si\\\/#website\",\"url\":\"https:\\\/\\\/museum-mb.si\\\/\",\"name\":\"Pokrajinski muzej Maribor\",\"description\":\"\",\"publisher\":{\"@id\":\"https:\\\/\\\/museum-mb.si\\\/#organization\"},\"potentialAction\":[{\"@type\":\"SearchAction\",\"target\":{\"@type\":\"EntryPoint\",\"urlTemplate\":\"https:\\\/\\\/museum-mb.si\\\/?s={search_term_string}\"},\"query-input\":{\"@type\":\"PropertyValueSpecification\",\"valueRequired\":true,\"valueName\":\"search_term_string\"}}],\"inLanguage\":\"de\"},{\"@type\":\"Organization\",\"@id\":\"https:\\\/\\\/museum-mb.si\\\/#organization\",\"name\":\"Pokrajinski muzej Maribor\",\"url\":\"https:\\\/\\\/museum-mb.si\\\/\",\"logo\":{\"@type\":\"ImageObject\",\"inLanguage\":\"de\",\"@id\":\"https:\\\/\\\/museum-mb.si\\\/#\\\/schema\\\/logo\\\/image\\\/\",\"url\":\"https:\\\/\\\/museum-mb.si\\\/wp-content\\\/uploads\\\/2024\\\/12\\\/pmm_logo_barvni_jpeg.jpg\",\"contentUrl\":\"https:\\\/\\\/museum-mb.si\\\/wp-content\\\/uploads\\\/2024\\\/12\\\/pmm_logo_barvni_jpeg.jpg\",\"width\":758,\"height\":754,\"caption\":\"Pokrajinski muzej Maribor\"},\"image\":{\"@id\":\"https:\\\/\\\/museum-mb.si\\\/#\\\/schema\\\/logo\\\/image\\\/\"},\"sameAs\":[\"https:\\\/\\\/www.facebook.com\\\/pomum123\",\"https:\\\/\\\/www.instagram.com\\\/maribor_museum\\\/\",\"https:\\\/\\\/www.youtube.com\\\/channel\\\/UCdshtCrun841Oc-35tYLBGQ\"]}]}<\/script>\n<!-- \/ Yoast SEO plugin. -->","yoast_head_json":{"title":"Oddaja SLEDI: Tobi ni bil samo \u0161tedilnik &#8211; Pokrajinski muzej Maribor","robots":{"index":"index","follow":"follow","max-snippet":"max-snippet:-1","max-image-preview":"max-image-preview:large","max-video-preview":"max-video-preview:-1"},"canonical":"https:\/\/museum-mb.si\/de\/broadcast-follows-tobi-it-wasnt-a-single-engine\/","og_locale":"de_DE","og_type":"article","og_title":"Oddaja SLEDI: Tobi ni bil samo \u0161tedilnik &#8211; Pokrajinski muzej Maribor","og_description":"RAZISKUJ Oddaja SLEDI: Tobi ni bil samo \u0161tedilnik \u010cas po drugi svetovni vojni. Vsega je primanjkovalo, a povsod se je gradilo, vse je rastlo. Bilo je veselje in upanje, smeh in zanos. Podjetje Tobi iz Bistrice pri Limbu\u0161u je za\u010delo razvijati proizvodnjo gospodinjskih aparatov. Ko Gorenja \u0161e ni bilo nikjer, je majhno podjetje v majhnem [&hellip;]","og_url":"https:\/\/museum-mb.si\/de\/broadcast-follows-tobi-it-wasnt-a-single-engine\/","og_site_name":"Pokrajinski muzej Maribor","article_publisher":"https:\/\/www.facebook.com\/pomum123","article_modified_time":"2022-10-28T06:23:01+00:00","og_image":[{"width":790,"height":790,"url":"https:\/\/museum-mb.si\/wp-content\/uploads\/2024\/12\/pmm_logo_barvni.jpg","type":"image\/jpeg"}],"twitter_card":"summary_large_image","twitter_misc":{"Gesch\u00e4tzte Lesezeit":"1\u00a0Minute"},"schema":{"@context":"https:\/\/schema.org","@graph":[{"@type":"WebPage","@id":"https:\/\/museum-mb.si\/oddaja-sledi-tobi-ni-bil-samo-stedilnik\/","url":"https:\/\/museum-mb.si\/oddaja-sledi-tobi-ni-bil-samo-stedilnik\/","name":"Oddaja SLEDI: Tobi ni bil samo \u0161tedilnik &#8211; Pokrajinski muzej Maribor","isPartOf":{"@id":"https:\/\/museum-mb.si\/#website"},"datePublished":"2022-08-22T12:44:42+00:00","dateModified":"2022-10-28T06:23:01+00:00","breadcrumb":{"@id":"https:\/\/museum-mb.si\/oddaja-sledi-tobi-ni-bil-samo-stedilnik\/#breadcrumb"},"inLanguage":"de","potentialAction":[{"@type":"ReadAction","target":["https:\/\/museum-mb.si\/oddaja-sledi-tobi-ni-bil-samo-stedilnik\/"]}]},{"@type":"BreadcrumbList","@id":"https:\/\/museum-mb.si\/oddaja-sledi-tobi-ni-bil-samo-stedilnik\/#breadcrumb","itemListElement":[{"@type":"ListItem","position":1,"name":"Domov","item":"https:\/\/museum-mb.si\/"},{"@type":"ListItem","position":2,"name":"Oddaja SLEDI: Tobi ni bil samo \u0161tedilnik"}]},{"@type":"WebSite","@id":"https:\/\/museum-mb.si\/#website","url":"https:\/\/museum-mb.si\/","name":"Regionalmuseum Maribor","description":"","publisher":{"@id":"https:\/\/museum-mb.si\/#organization"},"potentialAction":[{"@type":"SearchAction","target":{"@type":"EntryPoint","urlTemplate":"https:\/\/museum-mb.si\/?s={search_term_string}"},"query-input":{"@type":"PropertyValueSpecification","valueRequired":true,"valueName":"search_term_string"}}],"inLanguage":"de"},{"@type":"Organization","@id":"https:\/\/museum-mb.si\/#organization","name":"Regionalmuseum Maribor","url":"https:\/\/museum-mb.si\/","logo":{"@type":"ImageObject","inLanguage":"de","@id":"https:\/\/museum-mb.si\/#\/schema\/logo\/image\/","url":"https:\/\/museum-mb.si\/wp-content\/uploads\/2024\/12\/pmm_logo_barvni_jpeg.jpg","contentUrl":"https:\/\/museum-mb.si\/wp-content\/uploads\/2024\/12\/pmm_logo_barvni_jpeg.jpg","width":758,"height":754,"caption":"Pokrajinski muzej Maribor"},"image":{"@id":"https:\/\/museum-mb.si\/#\/schema\/logo\/image\/"},"sameAs":["https:\/\/www.facebook.com\/pomum123","https:\/\/www.instagram.com\/maribor_museum\/","https:\/\/www.youtube.com\/channel\/UCdshtCrun841Oc-35tYLBGQ"]}]}},"_links":{"self":[{"href":"https:\/\/museum-mb.si\/de\/wp-json\/wp\/v2\/pages\/67563","targetHints":{"allow":["GET"]}}],"collection":[{"href":"https:\/\/museum-mb.si\/de\/wp-json\/wp\/v2\/pages"}],"about":[{"href":"https:\/\/museum-mb.si\/de\/wp-json\/wp\/v2\/types\/page"}],"author":[{"embeddable":true,"href":"https:\/\/museum-mb.si\/de\/wp-json\/wp\/v2\/users\/9"}],"replies":[{"embeddable":true,"href":"https:\/\/museum-mb.si\/de\/wp-json\/wp\/v2\/comments?post=67563"}],"version-history":[{"count":24,"href":"https:\/\/museum-mb.si\/de\/wp-json\/wp\/v2\/pages\/67563\/revisions"}],"predecessor-version":[{"id":74606,"href":"https:\/\/museum-mb.si\/de\/wp-json\/wp\/v2\/pages\/67563\/revisions\/74606"}],"wp:attachment":[{"href":"https:\/\/museum-mb.si\/de\/wp-json\/wp\/v2\/media?parent=67563"}],"curies":[{"name":"wp","href":"https:\/\/api.w.org\/{rel}","templated":true}]}}