{"id":81414,"date":"2026-03-26T10:41:17","date_gmt":"2026-03-26T09:41:17","guid":{"rendered":"https:\/\/museum-mb.si\/?post_type=dogodki&#038;p=81414"},"modified":"2026-03-26T10:42:13","modified_gmt":"2026-03-26T09:42:13","slug":"verabredung-mit-dediscino-2","status":"publish","type":"dogodki","link":"https:\/\/museum-mb.si\/de\/veranstaltungen\/verabredung-mit-dediscino-2\/","title":{"rendered":"HERITAGE DATUM"},"content":{"rendered":"<p style=\"text-align: center;\"><strong>Freitag, 17. April, um 18.00 Uhr<\/strong><\/p>\n<p style=\"text-align: center;\"><strong>HERITAGE DATE*<\/strong><\/p>\n<p style=\"text-align: center;\">Wein und Essen erleben<\/p>\n<p style=\"text-align: center;\">Eine intime Begegnung mit dem Kulturerbe im Museum der \u00e4ltesten Rebe der Welt wird einen Einblick in die Geschichte des Weinbaus mit einer gef\u00fchrten Weinprobe von Weinen aus dem slowenischen Weinbaugebiet \u0160tajerska und der lokalen Gastronomie verbinden. Das zweite Treffen findet in Begleitung von Weinen statt <strong>Vina Greif<\/strong> und die feinen kulinarischen K\u00f6stlichkeiten des Restaurants <strong>Fudo<\/strong>.<\/p>\n<p style=\"text-align: center;\">(Museum der \u00e4ltesten Rebe der Welt, Voja\u0161ni\u0161ka-Stra\u00dfe 14)<\/p>\n<p style=\"text-align: center;\"><strong>* Bezahltes Programm<\/strong><strong>Der Preis betr\u00e4gt 35,00 \u20ac pro Teilnehmer, Voranmeldung unter: <\/strong><a href=\"mailto:visit@oldestvinemuseum.si\">visit@oldestvinemuseum.si<\/a><br \/>\n<strong>oder +386 31 445 700, begrenzte Teilnehmerzahl, Anmeldungen bis 16. April 2026 oder bis die Pl\u00e4tze vergeben sind.<\/strong><\/p>","protected":false},"featured_media":81398,"template":"","vrsta-dogodka":[39],"class_list":["post-81414","dogodki","type-dogodki","status-publish","has-post-thumbnail","hentry","vrsta-dogodka-prihajajoci-dogodki"],"yoast_head":"<!-- This site is optimized with the Yoast SEO plugin v27.5 - https:\/\/yoast.com\/product\/yoast-seo-wordpress\/ -->\n<title>ZMENEK Z DEDI\u0160\u010cINO &#8211; Pokrajinski muzej Maribor<\/title>\n<meta name=\"robots\" content=\"index, follow, max-snippet:-1, max-image-preview:large, max-video-preview:-1\" \/>\n<link rel=\"canonical\" href=\"https:\/\/museum-mb.si\/de\/veranstaltungen\/verabredung-mit-dediscino-2\/\" \/>\n<meta property=\"og:locale\" content=\"de_DE\" \/>\n<meta property=\"og:type\" content=\"article\" \/>\n<meta property=\"og:title\" content=\"ZMENEK Z DEDI\u0160\u010cINO &#8211; Pokrajinski muzej Maribor\" \/>\n<meta property=\"og:description\" content=\"petek, 17. april, ob 18.00 ZMENEK Z DEDI\u0160\u010cINO* Vinsko \u2013 kulinari\u010dno do\u017eivetje Na intimnem dru\u017eenju z dedi\u0161\u010dino v Muzeju najstarej\u0161e trte na svetu bo spoznavanje zgodovine vinogradni\u0161tva prepleteno z vodeno degustacijo vin vinorodnega okoli\u0161a \u0160tajerska Slovenija in lokalno gastronomijo. Drugo sre\u010danje bo potekalo v dru\u017ebi vin Vina Greif in drobnimi kulinari\u010dnimi u\u017eitki restavracije Fudo. (Muzej [&hellip;]\" \/>\n<meta property=\"og:url\" content=\"https:\/\/museum-mb.si\/de\/veranstaltungen\/verabredung-mit-dediscino-2\/\" \/>\n<meta property=\"og:site_name\" content=\"Pokrajinski muzej Maribor\" \/>\n<meta property=\"article:publisher\" content=\"https:\/\/www.facebook.com\/pomum123\" \/>\n<meta property=\"article:modified_time\" content=\"2026-03-26T09:42:13+00:00\" \/>\n<meta property=\"og:image\" content=\"https:\/\/museum-mb.si\/wp-content\/uploads\/2026\/03\/dogodki-slider-april-2026-8.jpg\" \/>\n\t<meta property=\"og:image:width\" content=\"1900\" \/>\n\t<meta property=\"og:image:height\" content=\"900\" \/>\n\t<meta property=\"og:image:type\" content=\"image\/jpeg\" \/>\n<meta name=\"twitter:card\" content=\"summary_large_image\" \/>\n<meta name=\"twitter:label1\" content=\"Gesch\u00e4tzte Lesezeit\" \/>\n\t<meta name=\"twitter:data1\" content=\"1\u00a0Minute\" \/>\n<script type=\"application\/ld+json\" class=\"yoast-schema-graph\">{\"@context\":\"https:\\\/\\\/schema.org\",\"@graph\":[{\"@type\":\"WebPage\",\"@id\":\"https:\\\/\\\/museum-mb.si\\\/dogodki\\\/zmenek-z-dediscino-2\\\/\",\"url\":\"https:\\\/\\\/museum-mb.si\\\/dogodki\\\/zmenek-z-dediscino-2\\\/\",\"name\":\"ZMENEK Z DEDI\u0160\u010cINO &#8211; Pokrajinski muzej Maribor\",\"isPartOf\":{\"@id\":\"https:\\\/\\\/museum-mb.si\\\/#website\"},\"primaryImageOfPage\":{\"@id\":\"https:\\\/\\\/museum-mb.si\\\/dogodki\\\/zmenek-z-dediscino-2\\\/#primaryimage\"},\"image\":{\"@id\":\"https:\\\/\\\/museum-mb.si\\\/dogodki\\\/zmenek-z-dediscino-2\\\/#primaryimage\"},\"thumbnailUrl\":\"https:\\\/\\\/museum-mb.si\\\/wp-content\\\/uploads\\\/2026\\\/03\\\/dogodki-slider-april-2026-8.jpg\",\"datePublished\":\"2026-03-26T09:41:17+00:00\",\"dateModified\":\"2026-03-26T09:42:13+00:00\",\"breadcrumb\":{\"@id\":\"https:\\\/\\\/museum-mb.si\\\/dogodki\\\/zmenek-z-dediscino-2\\\/#breadcrumb\"},\"inLanguage\":\"de\",\"potentialAction\":[{\"@type\":\"ReadAction\",\"target\":[\"https:\\\/\\\/museum-mb.si\\\/dogodki\\\/zmenek-z-dediscino-2\\\/\"]}]},{\"@type\":\"ImageObject\",\"inLanguage\":\"de\",\"@id\":\"https:\\\/\\\/museum-mb.si\\\/dogodki\\\/zmenek-z-dediscino-2\\\/#primaryimage\",\"url\":\"https:\\\/\\\/museum-mb.si\\\/wp-content\\\/uploads\\\/2026\\\/03\\\/dogodki-slider-april-2026-8.jpg\",\"contentUrl\":\"https:\\\/\\\/museum-mb.si\\\/wp-content\\\/uploads\\\/2026\\\/03\\\/dogodki-slider-april-2026-8.jpg\",\"width\":1900,\"height\":900},{\"@type\":\"BreadcrumbList\",\"@id\":\"https:\\\/\\\/museum-mb.si\\\/dogodki\\\/zmenek-z-dediscino-2\\\/#breadcrumb\",\"itemListElement\":[{\"@type\":\"ListItem\",\"position\":1,\"name\":\"Domov\",\"item\":\"https:\\\/\\\/museum-mb.si\\\/\"},{\"@type\":\"ListItem\",\"position\":2,\"name\":\"Dogodki\",\"item\":\"https:\\\/\\\/museum-mb.si\\\/dogodki\\\/\"},{\"@type\":\"ListItem\",\"position\":3,\"name\":\"ZMENEK Z DEDI\u0160\u010cINO\"}]},{\"@type\":\"WebSite\",\"@id\":\"https:\\\/\\\/museum-mb.si\\\/#website\",\"url\":\"https:\\\/\\\/museum-mb.si\\\/\",\"name\":\"Pokrajinski muzej Maribor\",\"description\":\"\",\"publisher\":{\"@id\":\"https:\\\/\\\/museum-mb.si\\\/#organization\"},\"potentialAction\":[{\"@type\":\"SearchAction\",\"target\":{\"@type\":\"EntryPoint\",\"urlTemplate\":\"https:\\\/\\\/museum-mb.si\\\/?s={search_term_string}\"},\"query-input\":{\"@type\":\"PropertyValueSpecification\",\"valueRequired\":true,\"valueName\":\"search_term_string\"}}],\"inLanguage\":\"de\"},{\"@type\":\"Organization\",\"@id\":\"https:\\\/\\\/museum-mb.si\\\/#organization\",\"name\":\"Pokrajinski muzej Maribor\",\"url\":\"https:\\\/\\\/museum-mb.si\\\/\",\"logo\":{\"@type\":\"ImageObject\",\"inLanguage\":\"de\",\"@id\":\"https:\\\/\\\/museum-mb.si\\\/#\\\/schema\\\/logo\\\/image\\\/\",\"url\":\"https:\\\/\\\/museum-mb.si\\\/wp-content\\\/uploads\\\/2024\\\/12\\\/pmm_logo_barvni_jpeg.jpg\",\"contentUrl\":\"https:\\\/\\\/museum-mb.si\\\/wp-content\\\/uploads\\\/2024\\\/12\\\/pmm_logo_barvni_jpeg.jpg\",\"width\":758,\"height\":754,\"caption\":\"Pokrajinski muzej Maribor\"},\"image\":{\"@id\":\"https:\\\/\\\/museum-mb.si\\\/#\\\/schema\\\/logo\\\/image\\\/\"},\"sameAs\":[\"https:\\\/\\\/www.facebook.com\\\/pomum123\",\"https:\\\/\\\/www.instagram.com\\\/maribor_museum\\\/\",\"https:\\\/\\\/www.youtube.com\\\/channel\\\/UCdshtCrun841Oc-35tYLBGQ\"]}]}<\/script>\n<!-- \/ Yoast SEO plugin. -->","yoast_head_json":{"title":"ZMENEK Z DEDI\u0160\u010cINO &#8211; Pokrajinski muzej Maribor","robots":{"index":"index","follow":"follow","max-snippet":"max-snippet:-1","max-image-preview":"max-image-preview:large","max-video-preview":"max-video-preview:-1"},"canonical":"https:\/\/museum-mb.si\/de\/veranstaltungen\/verabredung-mit-dediscino-2\/","og_locale":"de_DE","og_type":"article","og_title":"ZMENEK Z DEDI\u0160\u010cINO &#8211; Pokrajinski muzej Maribor","og_description":"petek, 17. april, ob 18.00 ZMENEK Z DEDI\u0160\u010cINO* Vinsko \u2013 kulinari\u010dno do\u017eivetje Na intimnem dru\u017eenju z dedi\u0161\u010dino v Muzeju najstarej\u0161e trte na svetu bo spoznavanje zgodovine vinogradni\u0161tva prepleteno z vodeno degustacijo vin vinorodnega okoli\u0161a \u0160tajerska Slovenija in lokalno gastronomijo. Drugo sre\u010danje bo potekalo v dru\u017ebi vin Vina Greif in drobnimi kulinari\u010dnimi u\u017eitki restavracije Fudo. (Muzej [&hellip;]","og_url":"https:\/\/museum-mb.si\/de\/veranstaltungen\/verabredung-mit-dediscino-2\/","og_site_name":"Pokrajinski muzej Maribor","article_publisher":"https:\/\/www.facebook.com\/pomum123","article_modified_time":"2026-03-26T09:42:13+00:00","og_image":[{"width":1900,"height":900,"url":"https:\/\/museum-mb.si\/wp-content\/uploads\/2026\/03\/dogodki-slider-april-2026-8.jpg","type":"image\/jpeg"}],"twitter_card":"summary_large_image","twitter_misc":{"Gesch\u00e4tzte Lesezeit":"1\u00a0Minute"},"schema":{"@context":"https:\/\/schema.org","@graph":[{"@type":"WebPage","@id":"https:\/\/museum-mb.si\/dogodki\/zmenek-z-dediscino-2\/","url":"https:\/\/museum-mb.si\/dogodki\/zmenek-z-dediscino-2\/","name":"ZMENEK Z DEDI\u0160\u010cINO &#8211; Pokrajinski muzej Maribor","isPartOf":{"@id":"https:\/\/museum-mb.si\/#website"},"primaryImageOfPage":{"@id":"https:\/\/museum-mb.si\/dogodki\/zmenek-z-dediscino-2\/#primaryimage"},"image":{"@id":"https:\/\/museum-mb.si\/dogodki\/zmenek-z-dediscino-2\/#primaryimage"},"thumbnailUrl":"https:\/\/museum-mb.si\/wp-content\/uploads\/2026\/03\/dogodki-slider-april-2026-8.jpg","datePublished":"2026-03-26T09:41:17+00:00","dateModified":"2026-03-26T09:42:13+00:00","breadcrumb":{"@id":"https:\/\/museum-mb.si\/dogodki\/zmenek-z-dediscino-2\/#breadcrumb"},"inLanguage":"de","potentialAction":[{"@type":"ReadAction","target":["https:\/\/museum-mb.si\/dogodki\/zmenek-z-dediscino-2\/"]}]},{"@type":"ImageObject","inLanguage":"de","@id":"https:\/\/museum-mb.si\/dogodki\/zmenek-z-dediscino-2\/#primaryimage","url":"https:\/\/museum-mb.si\/wp-content\/uploads\/2026\/03\/dogodki-slider-april-2026-8.jpg","contentUrl":"https:\/\/museum-mb.si\/wp-content\/uploads\/2026\/03\/dogodki-slider-april-2026-8.jpg","width":1900,"height":900},{"@type":"BreadcrumbList","@id":"https:\/\/museum-mb.si\/dogodki\/zmenek-z-dediscino-2\/#breadcrumb","itemListElement":[{"@type":"ListItem","position":1,"name":"Domov","item":"https:\/\/museum-mb.si\/"},{"@type":"ListItem","position":2,"name":"Dogodki","item":"https:\/\/museum-mb.si\/dogodki\/"},{"@type":"ListItem","position":3,"name":"ZMENEK Z DEDI\u0160\u010cINO"}]},{"@type":"WebSite","@id":"https:\/\/museum-mb.si\/#website","url":"https:\/\/museum-mb.si\/","name":"Regionalmuseum Maribor","description":"","publisher":{"@id":"https:\/\/museum-mb.si\/#organization"},"potentialAction":[{"@type":"SearchAction","target":{"@type":"EntryPoint","urlTemplate":"https:\/\/museum-mb.si\/?s={search_term_string}"},"query-input":{"@type":"PropertyValueSpecification","valueRequired":true,"valueName":"search_term_string"}}],"inLanguage":"de"},{"@type":"Organization","@id":"https:\/\/museum-mb.si\/#organization","name":"Regionalmuseum Maribor","url":"https:\/\/museum-mb.si\/","logo":{"@type":"ImageObject","inLanguage":"de","@id":"https:\/\/museum-mb.si\/#\/schema\/logo\/image\/","url":"https:\/\/museum-mb.si\/wp-content\/uploads\/2024\/12\/pmm_logo_barvni_jpeg.jpg","contentUrl":"https:\/\/museum-mb.si\/wp-content\/uploads\/2024\/12\/pmm_logo_barvni_jpeg.jpg","width":758,"height":754,"caption":"Pokrajinski muzej Maribor"},"image":{"@id":"https:\/\/museum-mb.si\/#\/schema\/logo\/image\/"},"sameAs":["https:\/\/www.facebook.com\/pomum123","https:\/\/www.instagram.com\/maribor_museum\/","https:\/\/www.youtube.com\/channel\/UCdshtCrun841Oc-35tYLBGQ"]}]}},"_links":{"self":[{"href":"https:\/\/museum-mb.si\/de\/wp-json\/wp\/v2\/dogodki\/81414","targetHints":{"allow":["GET"]}}],"collection":[{"href":"https:\/\/museum-mb.si\/de\/wp-json\/wp\/v2\/dogodki"}],"about":[{"href":"https:\/\/museum-mb.si\/de\/wp-json\/wp\/v2\/types\/dogodki"}],"version-history":[{"count":2,"href":"https:\/\/museum-mb.si\/de\/wp-json\/wp\/v2\/dogodki\/81414\/revisions"}],"predecessor-version":[{"id":81416,"href":"https:\/\/museum-mb.si\/de\/wp-json\/wp\/v2\/dogodki\/81414\/revisions\/81416"}],"wp:featuredmedia":[{"embeddable":true,"href":"https:\/\/museum-mb.si\/de\/wp-json\/wp\/v2\/media\/81398"}],"wp:attachment":[{"href":"https:\/\/museum-mb.si\/de\/wp-json\/wp\/v2\/media?parent=81414"}],"wp:term":[{"taxonomy":"vrsta-dogodka","embeddable":true,"href":"https:\/\/museum-mb.si\/de\/wp-json\/wp\/v2\/vrsta-dogodka?post=81414"}],"curies":[{"name":"wp","href":"https:\/\/api.w.org\/{rel}","templated":true}]}}