{"id":80318,"date":"2025-08-29T09:23:44","date_gmt":"2025-08-29T08:23:44","guid":{"rendered":"https:\/\/museum-mb.si\/?post_type=dogodki&#038;p=80318"},"modified":"2025-09-16T11:44:53","modified_gmt":"2025-09-16T10:44:53","slug":"selma-skenderovic-literarische-station","status":"publish","type":"dogodki","link":"https:\/\/museum-mb.si\/de\/veranstaltungen\/selma-skenderovic-literarische-station\/","title":{"rendered":"LITERARISCHE PAUSE: SELMA SKENDEROVI\u0106"},"content":{"rendered":"<p style=\"text-align: center;\"><strong>Mittwoch, 17. September, 18.00 Uhr<\/strong><\/p>\n<p style=\"text-align: center;\"><strong>LITERARISCHE PAUSE: SELMA SKENDEROVI\u0106<\/strong><\/p>\n<p style=\"text-align: center;\">Lesen mit der Bibliothek Maribor<\/p>\n<p style=\"text-align: center;\"><strong>Selma Skenderovic,<\/strong> Schriftstellerin, Lyrikerin und Pr\u00e4sidentin des Jungen PEN Slowenien, besch\u00e4ftigt sich in ihren Werken mit sozialer Ungleichheit, Religion, Heimat und Fremdheit sowie Fragen der Identit\u00e4t. Im Jahr 2021 ver\u00f6ffentlichte sie eine Sammlung von Kurzgeschichten <em>Warum bist du still, Hava?<\/em>, und im Jahr 2024 einen Roman <em>Und wenn jeder vergisst<\/em>. Sie wird mit dem Autor sprechen<strong> Dr. Janja Vollmaier Lubej<\/strong>.<\/p>\n<p style=\"text-align: center;\">Organisiert von <strong>Bibliothek Maribor<\/strong> in Zusammenarbeit mit dem Regionalmuseum Maribor.<\/p>\n<p style=\"text-align: center;\">(Schlosscaf\u00e9, Eingang vom Platz der Freiheit)<\/p>","protected":false},"featured_media":80319,"template":"","vrsta-dogodka":[39],"class_list":["post-80318","dogodki","type-dogodki","status-publish","has-post-thumbnail","hentry","vrsta-dogodka-prihajajoci-dogodki"],"yoast_head":"<!-- This site is optimized with the Yoast SEO plugin v27.5 - https:\/\/yoast.com\/product\/yoast-seo-wordpress\/ -->\n<title>LITERARNA POSTAJA: SELMA SKENDEROVI\u0106 &#8211; Pokrajinski muzej Maribor<\/title>\n<meta name=\"robots\" content=\"index, follow, max-snippet:-1, max-image-preview:large, max-video-preview:-1\" \/>\n<link rel=\"canonical\" href=\"https:\/\/museum-mb.si\/de\/veranstaltungen\/selma-skenderovic-literarische-station\/\" \/>\n<meta property=\"og:locale\" content=\"de_DE\" \/>\n<meta property=\"og:type\" content=\"article\" \/>\n<meta property=\"og:title\" content=\"LITERARNA POSTAJA: SELMA SKENDEROVI\u0106 &#8211; Pokrajinski muzej Maribor\" \/>\n<meta property=\"og:description\" content=\"sreda, 17. september, 18.00 LITERARNA POSTAJA: SELMA SKENDEROVI\u0106 Beremo z Mariborsko knji\u017enico Selma Skenderovi\u0107, pisateljica, pesnica in predsednica Mladega PEN-a Slovenije, se v svojih delih ukvarja z dru\u017ebeno neenakostjo, vero, domom in tujstvom ter vpra\u0161anji identitete. Leta 2021 je izdala zbirko kratkih zgodb Zakaj mol\u010di\u0161, Hava?, leta 2024 pa roman In \u010de vsi pozabijo. Z [&hellip;]\" \/>\n<meta property=\"og:url\" content=\"https:\/\/museum-mb.si\/de\/veranstaltungen\/selma-skenderovic-literarische-station\/\" \/>\n<meta property=\"og:site_name\" content=\"Pokrajinski muzej Maribor\" \/>\n<meta property=\"article:publisher\" content=\"https:\/\/www.facebook.com\/pomum123\" \/>\n<meta property=\"article:modified_time\" content=\"2025-09-16T10:44:53+00:00\" \/>\n<meta property=\"og:image\" content=\"https:\/\/museum-mb.si\/wp-content\/uploads\/2025\/08\/20250917-Selma-Skenderovic-literarna-postaja-min.jpg\" \/>\n\t<meta property=\"og:image:width\" content=\"1900\" \/>\n\t<meta property=\"og:image:height\" content=\"900\" \/>\n\t<meta property=\"og:image:type\" content=\"image\/jpeg\" \/>\n<meta name=\"twitter:card\" content=\"summary_large_image\" \/>\n<script type=\"application\/ld+json\" class=\"yoast-schema-graph\">{\"@context\":\"https:\\\/\\\/schema.org\",\"@graph\":[{\"@type\":\"WebPage\",\"@id\":\"https:\\\/\\\/museum-mb.si\\\/dogodki\\\/literarna-postaja-selma-skenderovic\\\/\",\"url\":\"https:\\\/\\\/museum-mb.si\\\/dogodki\\\/literarna-postaja-selma-skenderovic\\\/\",\"name\":\"LITERARNA POSTAJA: SELMA SKENDEROVI\u0106 &#8211; Pokrajinski muzej Maribor\",\"isPartOf\":{\"@id\":\"https:\\\/\\\/museum-mb.si\\\/#website\"},\"primaryImageOfPage\":{\"@id\":\"https:\\\/\\\/museum-mb.si\\\/dogodki\\\/literarna-postaja-selma-skenderovic\\\/#primaryimage\"},\"image\":{\"@id\":\"https:\\\/\\\/museum-mb.si\\\/dogodki\\\/literarna-postaja-selma-skenderovic\\\/#primaryimage\"},\"thumbnailUrl\":\"https:\\\/\\\/museum-mb.si\\\/wp-content\\\/uploads\\\/2025\\\/08\\\/20250917-Selma-Skenderovic-literarna-postaja-min.jpg\",\"datePublished\":\"2025-08-29T08:23:44+00:00\",\"dateModified\":\"2025-09-16T10:44:53+00:00\",\"breadcrumb\":{\"@id\":\"https:\\\/\\\/museum-mb.si\\\/dogodki\\\/literarna-postaja-selma-skenderovic\\\/#breadcrumb\"},\"inLanguage\":\"de\",\"potentialAction\":[{\"@type\":\"ReadAction\",\"target\":[\"https:\\\/\\\/museum-mb.si\\\/dogodki\\\/literarna-postaja-selma-skenderovic\\\/\"]}]},{\"@type\":\"ImageObject\",\"inLanguage\":\"de\",\"@id\":\"https:\\\/\\\/museum-mb.si\\\/dogodki\\\/literarna-postaja-selma-skenderovic\\\/#primaryimage\",\"url\":\"https:\\\/\\\/museum-mb.si\\\/wp-content\\\/uploads\\\/2025\\\/08\\\/20250917-Selma-Skenderovic-literarna-postaja-min.jpg\",\"contentUrl\":\"https:\\\/\\\/museum-mb.si\\\/wp-content\\\/uploads\\\/2025\\\/08\\\/20250917-Selma-Skenderovic-literarna-postaja-min.jpg\",\"width\":1900,\"height\":900},{\"@type\":\"BreadcrumbList\",\"@id\":\"https:\\\/\\\/museum-mb.si\\\/dogodki\\\/literarna-postaja-selma-skenderovic\\\/#breadcrumb\",\"itemListElement\":[{\"@type\":\"ListItem\",\"position\":1,\"name\":\"Domov\",\"item\":\"https:\\\/\\\/museum-mb.si\\\/\"},{\"@type\":\"ListItem\",\"position\":2,\"name\":\"Dogodki\",\"item\":\"https:\\\/\\\/museum-mb.si\\\/dogodki\\\/\"},{\"@type\":\"ListItem\",\"position\":3,\"name\":\"LITERARNA POSTAJA: SELMA SKENDEROVI\u0106\"}]},{\"@type\":\"WebSite\",\"@id\":\"https:\\\/\\\/museum-mb.si\\\/#website\",\"url\":\"https:\\\/\\\/museum-mb.si\\\/\",\"name\":\"Pokrajinski muzej Maribor\",\"description\":\"\",\"publisher\":{\"@id\":\"https:\\\/\\\/museum-mb.si\\\/#organization\"},\"potentialAction\":[{\"@type\":\"SearchAction\",\"target\":{\"@type\":\"EntryPoint\",\"urlTemplate\":\"https:\\\/\\\/museum-mb.si\\\/?s={search_term_string}\"},\"query-input\":{\"@type\":\"PropertyValueSpecification\",\"valueRequired\":true,\"valueName\":\"search_term_string\"}}],\"inLanguage\":\"de\"},{\"@type\":\"Organization\",\"@id\":\"https:\\\/\\\/museum-mb.si\\\/#organization\",\"name\":\"Pokrajinski muzej Maribor\",\"url\":\"https:\\\/\\\/museum-mb.si\\\/\",\"logo\":{\"@type\":\"ImageObject\",\"inLanguage\":\"de\",\"@id\":\"https:\\\/\\\/museum-mb.si\\\/#\\\/schema\\\/logo\\\/image\\\/\",\"url\":\"https:\\\/\\\/museum-mb.si\\\/wp-content\\\/uploads\\\/2024\\\/12\\\/pmm_logo_barvni_jpeg.jpg\",\"contentUrl\":\"https:\\\/\\\/museum-mb.si\\\/wp-content\\\/uploads\\\/2024\\\/12\\\/pmm_logo_barvni_jpeg.jpg\",\"width\":758,\"height\":754,\"caption\":\"Pokrajinski muzej Maribor\"},\"image\":{\"@id\":\"https:\\\/\\\/museum-mb.si\\\/#\\\/schema\\\/logo\\\/image\\\/\"},\"sameAs\":[\"https:\\\/\\\/www.facebook.com\\\/pomum123\",\"https:\\\/\\\/www.instagram.com\\\/maribor_museum\\\/\",\"https:\\\/\\\/www.youtube.com\\\/channel\\\/UCdshtCrun841Oc-35tYLBGQ\"]}]}<\/script>\n<!-- \/ Yoast SEO plugin. -->","yoast_head_json":{"title":"LITERARNA POSTAJA: SELMA SKENDEROVI\u0106 &#8211; Pokrajinski muzej Maribor","robots":{"index":"index","follow":"follow","max-snippet":"max-snippet:-1","max-image-preview":"max-image-preview:large","max-video-preview":"max-video-preview:-1"},"canonical":"https:\/\/museum-mb.si\/de\/veranstaltungen\/selma-skenderovic-literarische-station\/","og_locale":"de_DE","og_type":"article","og_title":"LITERARNA POSTAJA: SELMA SKENDEROVI\u0106 &#8211; Pokrajinski muzej Maribor","og_description":"sreda, 17. september, 18.00 LITERARNA POSTAJA: SELMA SKENDEROVI\u0106 Beremo z Mariborsko knji\u017enico Selma Skenderovi\u0107, pisateljica, pesnica in predsednica Mladega PEN-a Slovenije, se v svojih delih ukvarja z dru\u017ebeno neenakostjo, vero, domom in tujstvom ter vpra\u0161anji identitete. Leta 2021 je izdala zbirko kratkih zgodb Zakaj mol\u010di\u0161, Hava?, leta 2024 pa roman In \u010de vsi pozabijo. Z [&hellip;]","og_url":"https:\/\/museum-mb.si\/de\/veranstaltungen\/selma-skenderovic-literarische-station\/","og_site_name":"Pokrajinski muzej Maribor","article_publisher":"https:\/\/www.facebook.com\/pomum123","article_modified_time":"2025-09-16T10:44:53+00:00","og_image":[{"width":1900,"height":900,"url":"https:\/\/museum-mb.si\/wp-content\/uploads\/2025\/08\/20250917-Selma-Skenderovic-literarna-postaja-min.jpg","type":"image\/jpeg"}],"twitter_card":"summary_large_image","schema":{"@context":"https:\/\/schema.org","@graph":[{"@type":"WebPage","@id":"https:\/\/museum-mb.si\/dogodki\/literarna-postaja-selma-skenderovic\/","url":"https:\/\/museum-mb.si\/dogodki\/literarna-postaja-selma-skenderovic\/","name":"LITERARNA POSTAJA: SELMA SKENDEROVI\u0106 &#8211; Pokrajinski muzej Maribor","isPartOf":{"@id":"https:\/\/museum-mb.si\/#website"},"primaryImageOfPage":{"@id":"https:\/\/museum-mb.si\/dogodki\/literarna-postaja-selma-skenderovic\/#primaryimage"},"image":{"@id":"https:\/\/museum-mb.si\/dogodki\/literarna-postaja-selma-skenderovic\/#primaryimage"},"thumbnailUrl":"https:\/\/museum-mb.si\/wp-content\/uploads\/2025\/08\/20250917-Selma-Skenderovic-literarna-postaja-min.jpg","datePublished":"2025-08-29T08:23:44+00:00","dateModified":"2025-09-16T10:44:53+00:00","breadcrumb":{"@id":"https:\/\/museum-mb.si\/dogodki\/literarna-postaja-selma-skenderovic\/#breadcrumb"},"inLanguage":"de","potentialAction":[{"@type":"ReadAction","target":["https:\/\/museum-mb.si\/dogodki\/literarna-postaja-selma-skenderovic\/"]}]},{"@type":"ImageObject","inLanguage":"de","@id":"https:\/\/museum-mb.si\/dogodki\/literarna-postaja-selma-skenderovic\/#primaryimage","url":"https:\/\/museum-mb.si\/wp-content\/uploads\/2025\/08\/20250917-Selma-Skenderovic-literarna-postaja-min.jpg","contentUrl":"https:\/\/museum-mb.si\/wp-content\/uploads\/2025\/08\/20250917-Selma-Skenderovic-literarna-postaja-min.jpg","width":1900,"height":900},{"@type":"BreadcrumbList","@id":"https:\/\/museum-mb.si\/dogodki\/literarna-postaja-selma-skenderovic\/#breadcrumb","itemListElement":[{"@type":"ListItem","position":1,"name":"Domov","item":"https:\/\/museum-mb.si\/"},{"@type":"ListItem","position":2,"name":"Dogodki","item":"https:\/\/museum-mb.si\/dogodki\/"},{"@type":"ListItem","position":3,"name":"LITERARNA POSTAJA: SELMA SKENDEROVI\u0106"}]},{"@type":"WebSite","@id":"https:\/\/museum-mb.si\/#website","url":"https:\/\/museum-mb.si\/","name":"Regionalmuseum Maribor","description":"","publisher":{"@id":"https:\/\/museum-mb.si\/#organization"},"potentialAction":[{"@type":"SearchAction","target":{"@type":"EntryPoint","urlTemplate":"https:\/\/museum-mb.si\/?s={search_term_string}"},"query-input":{"@type":"PropertyValueSpecification","valueRequired":true,"valueName":"search_term_string"}}],"inLanguage":"de"},{"@type":"Organization","@id":"https:\/\/museum-mb.si\/#organization","name":"Regionalmuseum Maribor","url":"https:\/\/museum-mb.si\/","logo":{"@type":"ImageObject","inLanguage":"de","@id":"https:\/\/museum-mb.si\/#\/schema\/logo\/image\/","url":"https:\/\/museum-mb.si\/wp-content\/uploads\/2024\/12\/pmm_logo_barvni_jpeg.jpg","contentUrl":"https:\/\/museum-mb.si\/wp-content\/uploads\/2024\/12\/pmm_logo_barvni_jpeg.jpg","width":758,"height":754,"caption":"Pokrajinski muzej Maribor"},"image":{"@id":"https:\/\/museum-mb.si\/#\/schema\/logo\/image\/"},"sameAs":["https:\/\/www.facebook.com\/pomum123","https:\/\/www.instagram.com\/maribor_museum\/","https:\/\/www.youtube.com\/channel\/UCdshtCrun841Oc-35tYLBGQ"]}]}},"_links":{"self":[{"href":"https:\/\/museum-mb.si\/de\/wp-json\/wp\/v2\/dogodki\/80318","targetHints":{"allow":["GET"]}}],"collection":[{"href":"https:\/\/museum-mb.si\/de\/wp-json\/wp\/v2\/dogodki"}],"about":[{"href":"https:\/\/museum-mb.si\/de\/wp-json\/wp\/v2\/types\/dogodki"}],"version-history":[{"count":1,"href":"https:\/\/museum-mb.si\/de\/wp-json\/wp\/v2\/dogodki\/80318\/revisions"}],"predecessor-version":[{"id":80320,"href":"https:\/\/museum-mb.si\/de\/wp-json\/wp\/v2\/dogodki\/80318\/revisions\/80320"}],"wp:featuredmedia":[{"embeddable":true,"href":"https:\/\/museum-mb.si\/de\/wp-json\/wp\/v2\/media\/80319"}],"wp:attachment":[{"href":"https:\/\/museum-mb.si\/de\/wp-json\/wp\/v2\/media?parent=80318"}],"wp:term":[{"taxonomy":"vrsta-dogodka","embeddable":true,"href":"https:\/\/museum-mb.si\/de\/wp-json\/wp\/v2\/vrsta-dogodka?post=80318"}],"curies":[{"name":"wp","href":"https:\/\/api.w.org\/{rel}","templated":true}]}}